{"id":44572,"date":"2025-06-25T15:44:50","date_gmt":"2025-06-25T13:44:50","guid":{"rendered":"https:\/\/www.paysdesecrins.com\/44572-2\/"},"modified":"2025-08-11T14:17:13","modified_gmt":"2025-08-11T12:17:13","slug":"44572-2","status":"publish","type":"page","link":"https:\/\/www.paysdesecrins.com\/it\/il-mio-desiderio-di\/44572-2\/","title":{"rendered":"La mia voglia di Relax"},"content":{"rendered":"    <div class=\"alignfull wp-block-ws-library-ws-header-interne\">\n\t    <div class=\"header-container\">\n\t        <div class=\"group-media has-image\">\n\t            \t                <img loading=\"lazy\" decoding=\"async\" width=\"1920\" height=\"800\" src=\"https:\/\/www.paysdesecrins.com\/wp-content\/uploads\/2025\/08\/07-15-24-yoga-52-1920x800.jpg\" alt=\"\" class=\"image_large_square wp-image-71851\" \/>\n\t            \t        <\/div>\n\t        <div class=\"group-content\">\n\t            <div class=\"title\">\n\t                <h1>\n\t                    La mia voglia di Relax\t                    \t                <\/h1>\n\t            <\/div>\n\t        <\/div>\n\t    <\/div>\n\t    \n<div class=\"yoast-breadcrumbs\"><span><span><a href=\"https:\/\/www.paysdesecrins.com\/it\/il-titolo-della-casa\/\">Accueil<\/a><\/span>  <span><a href=\"https:\/\/www.paysdesecrins.com\/it\/il-mio-desiderio-di\/\">Il mio desiderio di<\/a><\/span>  <span class=\"breadcrumb_last\" aria-current=\"page\">La mia voglia di Relax<\/span><\/span><\/div>\n    <\/div>\n    \n<div class=\"wp-block-ws-library-ws-title aligncenter is-style-simple\"><h2><em>La mia voglia di<\/em> relax<\/h2><\/div>\n\n<p class=\"has-text-align-center\" data-season=\"allseasons\">Qui rallentiamo. Che tu venga per <strong>riposare<\/strong>, <strong>respirare<\/strong>, <strong>concentrarti <\/strong>o semplicemente fare una vera pausa, adorerai il <strong>dolce spirito di montagna<\/strong>. Tranquille passeggiate, yoga di fronte alle vette, bagni caldi sotto le stelle, trattamenti benessere o notti tranquille in mezzo alla natura&#8230; Tutto \u00e8 l\u00ec per farti del bene.  <\/p>\n\n<p class=\"has-text-align-center\" data-season=\"allseasons\">Tra <strong>alloggi avvolgenti<\/strong>, <strong>esperienze rigeneranti <\/strong>e <strong>incontri semplici ma reali<\/strong>, il <strong>Pays des \u00c9crins<\/strong> vi invita a riconnettervi.<\/p>\n\n<div class=\"wp-block-ws-library-ws-video\"><div class=\"wrapper\"><div class=\"group-media\">\n<figure class=\"wp-block-embed is-type-video is-provider-youtube wp-block-embed-youtube\"><div class=\"wp-block-embed__wrapper\">\n<iframe loading=\"lazy\" title=\"Bien-\u00eatre et ressourcement au Pays des \u00c9crins\" width=\"500\" height=\"281\" src=\"https:\/\/www.youtube.com\/embed\/pUXDuNGBgS8?feature=oembed\" frameborder=\"0\" allow=\"accelerometer; autoplay; clipboard-write; encrypted-media; gyroscope; picture-in-picture; web-share\" referrerpolicy=\"strict-origin-when-cross-origin\" allowfullscreen><\/iframe>\n<\/div><\/figure>\n<\/div><\/div><\/div>\n\n<div class=\"wp-block-ws-library-ws-tabs alignfull\"><ul class=\"tabs-titles\"><li class=\"tab-title is-active\" data-tab-index=\"0\">YOGA<\/li><li class=\"tab-title\" data-tab-index=\"1\">MASSAGES<\/li><li class=\"tab-title\" data-tab-index=\"2\">NATUROPATHIE<\/li><li class=\"tab-title\" data-tab-index=\"3\">SYLVOTH\u00c9RAPIE<\/li><li class=\"tab-title\" data-tab-index=\"4\">BAIN GLAC\u00c9<\/li><\/ul><div class=\"tabs-list\">\n<div class=\"wp-block-ws-library-ws-tab\" style=\"display:none\"><p class=\"tab-title\">YOGA<\/p><div class=\"tab-content\">\n<div class=\"wp-block-ws-library-ws-title\"><h2><em>Montagna &amp; yoga negli \u00c9crins: <\/em>la postura del benessere<br><\/h2><\/div>\n\n\n\n<p>Hai bisogno di respirare, allungare o riequilibrare corpo e mente? Qui, la pratica dello yoga in montagna assume tutto il suo significato: aria pulita, natura selvaggia, altitudine&#8230; e moquette posta di fronte alle cime. <br\/><\/p>\n\n\n\n<div class=\"wp-block-ws-library-ws-banner alignfull\"><div class=\"wrapper\"><div class=\"group-media\"><img loading=\"lazy\" decoding=\"async\" width=\"1920\" height=\"480\" src=\"https:\/\/www.paysdesecrins.com\/wp-content\/uploads\/2025\/07\/3bien-etre-yoga01-21-25-yoga-96-1920x480.jpg\" alt=\"\" class=\"single_image wp-image-17941\"><\/div>\n<div class=\"group-content\"><div class=\"wp-block-ws-library-ws-title\"><h3>Dove praticare yoga negli \u00c9crins?<\/h3><\/div><ul class=\"wp-block-list\">\n<li><strong>Plateau de la Pousterle<\/strong> : perfetto per un flusso in quota, tra cielo e larici.<\/li>\n\n\n\n<li><strong>Il prato del Petit Parcher<\/strong> (Vallouise): erba soffice, vista sul Pelvoux, uno scenario da sogno per mettere alla prova il tuo equilibrio a Vinyasa.<\/li>\n\n\n\n<li><strong>L&#8217;altopiano di Bouchier<\/strong> sopra la piccola frazione di Villard Meyer<\/li>\n\n\n\n<li>I grandi campi di <strong>Ailefroide<\/strong> o <strong>il prato di<\/strong> Madame Carle<\/li>\n<\/ul><ul class=\"wp-block-list\">\n<li>Le ampie distese <strong>della valle di Freissini\u00e8res<\/strong><\/li>\n<\/ul><div class=\"wp-block-ws-library-ws-title\"><h3>I benefici dello yoga in montagna<\/h3><\/div><p>Oltre i 1.500 m, il respiro diventa pi\u00f9 consapevole, le posture guadagnano nell&#8217;ancoraggio. Sull&#8217;erba o sulla neve, si stimola la propriocezione, si rafforzano le caviglie e le ginocchia (perfetto per le escursioni successive) e si invita il sistema nervoso a rallentare&#8230; per davvero. <\/p><div class=\"wp-block-ws-library-ws-button has-text-align-center is-style-bevel\"><a href=\"https:\/\/www.paysdesecrins.com\/it\/scelgo\/benessere-e-ringiovanimento\/\" class=\"wp-block-button__link wp-element-button btn\">  Tutti i fornitori di servizi benessere<\/a><\/div><\/div>\n\n\n\n\n\n\n\n\n\n\n\n\n\n\n\n\n\n\n\n\n<\/div><\/div>\n<\/div><\/div>\n\n\n\n<div class=\"wp-block-ws-library-ws-tab\" style=\"display:none\"><p class=\"tab-title\">MASSAGES<\/p><div class=\"tab-content\">\n<div class=\"wp-block-ws-library-ws-title aligncenter\"><h2><em>Benessere in montagna: il<\/em> massaggio in versione \u00c9crins<\/h2><\/div>\n\n\n\n<p class=\"has-text-align-center\">Qui, negli \u00c9crins, il benessere passa a un livello superiore. Sei venuto per camminare? Sali anche tu sul lettino da massaggio. Il vero lusso \u00e8 rallentare. E inizia ora.    <\/p>\n\n\n\n<div class=\"wp-block-ws-library-ws-banner alignfull\"><div class=\"wrapper\"><div class=\"group-media\"><img loading=\"lazy\" decoding=\"async\" width=\"1920\" height=\"480\" src=\"https:\/\/www.paysdesecrins.com\/wp-content\/uploads\/2025\/07\/3bien-etre-massage-img-0759-1920x480.jpg\" alt=\"\" class=\"single_image wp-image-17906\"><\/div>\n<div class=\"group-content\"><div class=\"wp-block-ws-library-ws-title\"><h2>Una breve panoramica dei massaggi offerti<\/h2><\/div><ul class=\"wp-block-list\">\n<li>Abhyanga con olio caldo: rilassamento profondo, digestione al top, cervello in modalit\u00e0 pausa.<\/li>\n\n\n\n<li>Linfodrenaggio manuale: gambe leggere, corpo sgonfio, ideale dopo un&#8217;escursione o una gita.<\/li>\n\n\n\n<li>Riflessologia plantare: premere sotto il piede e tutto il corpo dice grazie.<\/li>\n\n\n\n<li>Massaggio californiano (delicato e avvolgente) o una versione pi\u00f9 tonificante ispirata allo shiatsu.<\/li>\n\n\n\n<li>E per i curiosi: hawaiano, svedese, tuina, ayurvedico Lomi-Lomi&#8230; a volte combinato in un &#8220;massaggio dei 5 continenti&#8221; con oli vegetali e oli essenziali.<\/li>\n<\/ul><div class=\"wp-block-ws-library-ws-title\"><h2>Vuoi andare oltre? Alcuni praticanti offrono anche: <\/h2><\/div><ul class=\"wp-block-list\">\n<li>Magnetismo: per riequilibrare le energie.<\/li>\n\n\n\n<li>Shirotchampi: testa, collo, spalle \u2013 efficace contro l&#8217;emicrania e la tensione nervosa.<\/li>\n\n\n\n<li>Rituale pilastro: scrub al sapone nero + massaggio energizzante. La tua schiena lo adorer\u00e0. <\/li>\n<\/ul><div class=\"wp-block-ws-library-ws-button has-text-align-center is-style-bevel\"><a href=\"https:\/\/www.paysdesecrins.com\/it\/scelgo\/benessere-e-ringiovanimento\/\" class=\"wp-block-button__link wp-element-button btn\">  Tutti i fornitori di servizi benessere<\/a><\/div><\/div>\n\n\n\n\n\n\n\n\n\n\n\n\n\n\n\n\n<\/div><\/div>\n<\/div><\/div>\n\n\n\n<div class=\"wp-block-ws-library-ws-tab\" style=\"display:none\"><p class=\"tab-title\">NATUROPATHIE<\/p><div class=\"tab-content\">\n<div class=\"wp-block-ws-library-ws-title\"><h2><em>Les \u00c9crins:<\/em> respira, sei nel posto giusto<\/h2><\/div>\n\n\n\n<p class=\"has-text-align-center\">Naturopatia? \u00c8 l&#8217;arte di ascoltare il proprio corpo, di coccolarlo con gesti semplici: muoversi, respirare, mangiare sano, dormire bene. Negli \u00c9crins, questo approccio trova un terreno di gioco ideale. Altitudine, sole, piante alpine, silenzio: tutto qui concorre a rimetterti in piedi.   <\/p>\n\n\n\n<div class=\"wp-block-ws-library-ws-banner alignfull\"><div class=\"wrapper\"><div class=\"group-media\"><img loading=\"lazy\" decoding=\"async\" width=\"1920\" height=\"480\" src=\"https:\/\/www.paysdesecrins.com\/wp-content\/uploads\/2025\/07\/31bien-etre-naturopathie-dsc04354-3-1920x480.jpg\" alt=\"\" class=\"single_image wp-image-17861\"><\/div>\n<div class=\"group-content\"><div class=\"wp-block-ws-library-ws-title\"><h2>Perch\u00e9 funziona ancora meglio qui?<\/h2><\/div><p>L&#8217;aria di montagna stimola naturalmente la respirazione e l&#8217;ossigenazione dei tessuti: una vera e propria sferzata di energia e recupero. Il sole (300 giorni all&#8217;anno!) regola l&#8217;umore, il sonno e aumenta la vitamina D. <\/p><p>Per quanto riguarda le piante, le gemme di larice, il genepi o la rodiola locale sono tesori antistress e immunitari. Infine, camminare dolcemente (o a piedi nudi!) sui sentieri \u00e8 il drenaggio linfatico all&#8217;aria aperta. Non si fa nulla di straordinario, ma tutto cambia.  <\/p><div class=\"wp-block-ws-library-ws-title\"><h2>Come organizzare il tuo soggiorno naturopatico?<\/h2><\/div><ul class=\"wp-block-list\">\n<li>Scegli la tua stagione: Estate: escursioni e disintossicazione; Autunno: potenziare le difese; Inverno: apr\u00e8s-ski cocooning &amp; wellness; Primavera: cura della linfa e fegato felice<\/li>\n\n\n\n<li>Partecipa a un workshop: spesso in piccoli gruppi, per prenderti il tempo. Laboratori di piante, respirazione, cucina vivente, yoga&#8230; <\/li>\n\n\n\n<li>Prepara la tua borsa: flacone filtrante, crema solare minerale, tisane fatte in casa, un quaderno di sensazioni.<\/li>\n\n\n\n<li>Prenota un soggiorno benessere con l&#8217;ufficio vendite dell&#8217;Ufficio del Turismo<\/li>\n<\/ul><div class=\"wp-block-ws-library-ws-button has-text-align-center is-style-bevel\"><a href=\"http:\/\/www.paysdesecrins.com\/bien-etre-ressourcement\/\" class=\"wp-block-button__link wp-element-button btn\">  Tutti i fornitori di servizi benessere<\/a><\/div><\/div>\n\n\n\n\n\n\n\n\n\n\n\n\n\n\n\n\n\n\n\n\n<\/div><\/div>\n<\/div><\/div>\n\n\n\n<div class=\"wp-block-ws-library-ws-tab\" style=\"display:none\"><p class=\"tab-title\">SYLVOTH\u00c9RAPIE<\/p><div class=\"tab-content\">\n<div class=\"wp-block-ws-library-ws-title aligncenter\"><h2><em>Basta riconnettersi <\/em><\/h2><\/div>\n\n\n\n<p>Volete respirare, rallentare, sentire il bosco in modo diverso? <strong>La terapia forestale<\/strong> nel Pays des \u00c9crins \u00e8 <strong>un&#8217;esperienza sensoriale<\/strong> guidata da <strong>Lucas Bessy<\/strong>, maestro di sci, musicista e amante della natura locale. <br\/><\/p>\n\n\n\n<div class=\"wp-block-ws-library-ws-banner alignfull\"><div class=\"wrapper\"><div class=\"group-media\"><img loading=\"lazy\" decoding=\"async\" width=\"1920\" height=\"480\" src=\"https:\/\/www.paysdesecrins.com\/wp-content\/uploads\/2025\/07\/3bien-etre-img-6787sylvotherapiemarielachaud-1920x480.jpg\" alt=\"\" class=\"single_image wp-image-17891\"><div class=\"credits\">\u00a9 Marie LACHAUD<\/div><\/div>\n<div class=\"group-content\"><div class=\"wp-block-ws-library-ws-title\"><h2>Che cos&#8217;\u00e8 la terapia forestale?<\/h2><\/div><p>Si tratta di un bagno di foresta, un&#8217;immersione dolce accessibile a tutti. Ascoltiamo, tocchiamo, ci ancoriamo. Lucas offre sessioni guidate in mezzo alla natura, estate e inverno, per riconnettersi con se stessi, gli alberi e la vita.  <\/p><div class=\"wp-block-ws-library-ws-title\"><h2>Le formule offerte:<\/h2><\/div><ul class=\"wp-block-list\">\n<li>In estate: passeggiata dolce fino a una radura. Installazione di un mini concerto con pianoforte o handpan. Ci sdraiamo, chiudiamo gli occhi, il bosco gioca in coppia.  <\/li>\n\n\n\n<li>In inverno: atmosfera cristallina, neve che scricchiola e gong in mezzo alla natura. Suono, freddo, silenzio = pura magia. <\/li>\n\n\n\n<li>Bagni di luna: cerchio sotto il baldacchino stellato, respirazione guidata e osservazione. Un&#8217;esperienza rara, intima, rilassante. <\/li>\n\n\n\n<li>Con i bambini: risveglio sensoriale e giochi nel bosco. Ascoltiamo, tocchiamo, scopriamo la natura con meraviglia. <\/li>\n<\/ul><div class=\"wp-block-ws-library-ws-button has-text-align-center is-style-bevel\"><a href=\"https:\/\/www.paysdesecrins.com\/it\/scelgo\/benessere-e-ringiovanimento\/\" class=\"wp-block-button__link wp-element-button btn\">  Tutti i fornitori di servizi benessere<\/a><\/div><\/div>\n\n\n\n\n\n\n\n\n\n\n\n\n\n\n\n\n<\/div><\/div>\n<\/div><\/div>\n\n\n\n<div class=\"wp-block-ws-library-ws-tab\" style=\"display:none\"><p class=\"tab-title\">BAIN GLAC\u00c9<\/p><div class=\"tab-content\">\n<div class=\"wp-block-ws-library-ws-title\"><h2>&nbsp;<em>Nel Pays des \u00c9crins, prova lo <\/em>shock termico  <br><\/h2><\/div>\n\n\n\n<p>Vuoi uscire dalla tua zona di comfort? Fare il bagno in acque fredde nelle Alpi \u00e8 pi\u00f9 di una sfida: \u00e8 una vera e propria esperienza sensoriale. Nel Pays des \u00c9crins, torrenti glaciali, laghi d&#8217;alta quota e aree benessere vi offrono un parco giochi ghiacciato ma rigenerante.  <br\/><\/p>\n\n\n\n<div class=\"wp-block-ws-library-ws-banner alignfull\"><div class=\"wrapper\"><div class=\"group-media\"><img loading=\"lazy\" decoding=\"async\" width=\"1920\" height=\"480\" src=\"https:\/\/www.paysdesecrins.com\/wp-content\/uploads\/2025\/07\/3bien-etre-03-11-2024-immersion-nordique-67-1920x480.jpg\" alt=\"\" class=\"single_image wp-image-17886\"><\/div>\n<div class=\"group-content\"><div class=\"wp-block-ws-library-ws-title\"><h2>Dove fare il grande passo?<\/h2><\/div><ul class=\"wp-block-list\">\n<li>Torrenti turchesi: la Gyronde, la Durance o l&#8217;Onde trattengono tra i 4 e gli 8 \u00b0C tutto l&#8217;anno. Le guide locali offrono laboratori di &#8220;immersione nordica&#8221; che combinano camminata attiva e immersione veloce, ideali per una prima volta con supervisione. <\/li>\n\n\n\n<li>Zone caldo-freddo: presso l&#8217;alloggio La Blanche (Pelvoux), sauna, jacuzzi e botte dei gelati in stile scandinavo. Contrasto garantito, benessere in gioco. <\/li>\n\n\n\n<li>Laghi d&#8217;alta quota: al lago Eychauda (2.514 m), l&#8217;acqua \u00e8 talvolta vicina a 0\u00b0C.  Ghiaccio galleggiante fino ad agosto&#8230; ma regolamentate per preservare la biodiversit\u00e0. <\/li>\n<\/ul><div class=\"wp-block-ws-library-ws-title\"><h2>Perch\u00e9 provare l&#8217;esperienza?<\/h2><\/div><p>Un bagno freddo stimola la circolazione, aumenta l&#8217;immunit\u00e0, riduce lo stress e migliora il sonno. Endorfine garantite, morale ricaricato. <\/p><p>Suggerimenti per la sicurezza:<\/p><ul class=\"wp-block-list\">\n<li>Prepara il tuo corpo: riscaldati, idratati, evita l&#8217;alcol<\/li>\n\n\n\n<li>Rimane progressivo: da 30 sec a 2 min max in acqua<\/li>\n\n\n\n<li>Mai da soli: individua l&#8217;uscita, porta vestiti e una bevanda calda<\/li>\n<\/ul><p>Controindicazioni: patologie cardiache, asma instabile, allergie al raffreddore, consultare un medico.<\/p><div class=\"wp-block-ws-library-ws-button has-text-align-center is-style-bevel\"><a href=\"https:\/\/www.paysdesecrins.com\/it\/scelgo\/benessere-e-ringiovanimento\/\" class=\"wp-block-button__link wp-element-button btn\">  Tutti i fornitori di servizi benessere<\/a><\/div><\/div>\n\n\n\n\n\n\n\n\n\n\n\n\n\n\n\n\n\n\n\n\n\n\n\n\n\n\n\n\n<\/div><\/div>\n<\/div><\/div>\n<\/div><\/div>\n\n<div class=\"wp-block-ws-library-ws-slider alignwide\"><div class=\"splide\" data-splide=\"{\"type\":\"slide\",\"heightRatio\":\"auto\",\"perPage\":4,\"perMove\":1,\"drag\":true,\"pagination\":0,\"autoplay\":false,\"gap\":\"15px\",\"breakpoints\":{\"450\":{\"perPage\":1},\"768\":{\"perPage\":2},\"992\":{\"perPage\":3},\"1200\":{\"perPage\":4}}}\"><div class=\"splide__track\"><div class=\"splide__list\"><div class=\"splide__slide\"><a href=\"https:\/\/www.paysdesecrins.com\/wp-content\/uploads\/2025\/07\/3bien-etre-yoga01-21-25-yoga-96-scaled.jpg\" data-glightbox=\"true\" class=\"lightbox-trigger\"><img decoding=\"async\" src=\"https:\/\/www.paysdesecrins.com\/wp-content\/uploads\/2025\/07\/3bien-etre-yoga01-21-25-yoga-96-400x400.jpg\" alt=\"\"><\/a><\/div><div class=\"splide__slide\"><a href=\"https:\/\/www.paysdesecrins.com\/wp-content\/uploads\/2025\/07\/3bien-etre-sylvotherapiemarielachaud-10-23-24-ambiance-automne-56-scaled.jpg\" data-glightbox=\"true\" class=\"lightbox-trigger\"><img decoding=\"async\" src=\"https:\/\/www.paysdesecrins.com\/wp-content\/uploads\/2025\/07\/3bien-etre-sylvotherapiemarielachaud-10-23-24-ambiance-automne-56-400x400.jpg\" alt=\"\"><\/a><\/div><div class=\"splide__slide\"><a href=\"https:\/\/www.paysdesecrins.com\/wp-content\/uploads\/2025\/07\/3bien-etre-yoga01-21-25-yoga-90-scaled.jpg\" data-glightbox=\"true\" class=\"lightbox-trigger\"><img decoding=\"async\" src=\"https:\/\/www.paysdesecrins.com\/wp-content\/uploads\/2025\/07\/3bien-etre-yoga01-21-25-yoga-90-400x400.jpg\" alt=\"\"><\/a><\/div><div class=\"splide__slide\"><a href=\"https:\/\/www.paysdesecrins.com\/wp-content\/uploads\/2025\/07\/31bien-etre-naturopathie-dsc04354-3-scaled.jpg\" data-glightbox=\"true\" class=\"lightbox-trigger\"><img decoding=\"async\" src=\"https:\/\/www.paysdesecrins.com\/wp-content\/uploads\/2025\/07\/31bien-etre-naturopathie-dsc04354-3-400x400.jpg\" alt=\"\"><\/a><\/div><div class=\"splide__slide\"><a href=\"https:\/\/www.paysdesecrins.com\/wp-content\/uploads\/2025\/07\/3bien-etre-yoga-07-15-24-yoga-45-scaled.jpg\" data-glightbox=\"true\" class=\"lightbox-trigger\"><img decoding=\"async\" src=\"https:\/\/www.paysdesecrins.com\/wp-content\/uploads\/2025\/07\/3bien-etre-yoga-07-15-24-yoga-45-400x400.jpg\" alt=\"\"><\/a><\/div><div class=\"splide__slide\"><a href=\"https:\/\/www.paysdesecrins.com\/wp-content\/uploads\/2025\/07\/3bien-etre-massage-dsc04496-scaled.jpg\" data-glightbox=\"true\" class=\"lightbox-trigger\"><img decoding=\"async\" src=\"https:\/\/www.paysdesecrins.com\/wp-content\/uploads\/2025\/07\/3bien-etre-massage-dsc04496-400x400.jpg\" alt=\"\"><\/a><\/div><div class=\"splide__slide\"><a href=\"https:\/\/www.paysdesecrins.com\/wp-content\/uploads\/2025\/07\/31bien-etre-03-11-2024-immersion-nordique-37-scaled.jpg\" data-glightbox=\"true\" class=\"lightbox-trigger\"><img decoding=\"async\" src=\"https:\/\/www.paysdesecrins.com\/wp-content\/uploads\/2025\/07\/31bien-etre-03-11-2024-immersion-nordique-37-400x400.jpg\" alt=\"\"><\/a><\/div><\/div><\/div><\/div><\/div>\n\n<div class=\"wp-block-ws-library-ws-title aligncenter\"><h2><em>Alloggio<\/em> Benessere<\/h2><\/div>\n\n<p>Abbiamo raggruppato per voi tutte le <strong>strutture ricettive<\/strong> <strong>orientate al benessere<\/strong> : quelle che offrono <strong>massaggi<\/strong>, <strong>sessioni di yoga<\/strong>, <strong>spa <\/strong>o <strong>aree relax<\/strong> direttamente in loco. Ideale per ricaricare le batterie senza doversi spostare pi\u00f9 del necessario! <\/p>\n<div id=\"listing_9287e\" data-observer-wishlist data-attributes='listing-avance {\"selectedSelectionIds\":[\"191178\"],\"defaultImage\":\"https:\\\/\\\/www.paysdesecrins.com\\\/wp-content\\\/uploads\\\/2025\\\/06\\\/paysdesecrins.png\",\"isPaginated\":true,\"perPage\":4,\"isPortrait\":false,\"isImageContain\":false,\"showCommune\":true,\"selectedFacets\":[],\"showMap\":false,\"sortOrder\":\"random\",\"showType\":false,\"columnsCount\":\"2-3-3\",\"showActiveFacets\":false,\"showGeolocalisation\":false,\"isLimited\":false,\"season\":\"\",\"align\":\"wide\"}' class=\"ws-listing wp-block-ws-apidae-library-listing-avance alignwide\" data-map-id=\"map_9287e\" data-locations-id=\"locations-data_9287e\"><div class=\"facetwp-template\"><div class=\"list-container active\"><div class=\"list-items\"><div class=\"item\" data-season=\"all-seasons\"><div class=\"card card-apidae card-avance\"><div class=\"group-actions\"><ws-wishlist data-type=\"flag\" data-action=\"add\" data-wish-id=\"5665789\" data-wish-type=\"apidae\"><\/ws-wishlist><\/div><div class=\"group-media\"><div class=\"field-image\"><img decoding=\"async\" src=\"https:\/\/images.weserv.nl\/?url=https:\/\/static.apidae-tourisme.com\/filestore\/objets-touristiques\/images\/40\/111\/8744744-diaporama.jpg&#038;w=350&#038;h=350&#038;fit=cover&#038;output=webp&#038;q=45\" alt=\"Joffroy Christelle\"\/><\/div><\/div><div class=\"group-top\"><div class=\"field-book\">Prenotabile online<\/div><div class=\"field-commune\">Puy-Saint-Vincent<\/div><ws-apidae-from-price data-apidae-id=\"5665789\" ><\/ws-apidae-from-price><\/div><div class=\"group-content\"><div class=\"field-title\">Joffroy Christelle<\/div><\/div><div class=\"field-link\" role=\"group\" aria-label=\"Lien vers le contenu\"><a href=\"https:\/\/www.paysdesecrins.com\/it\/fiche\/joffroy-christelle-4\/\" class=\"cardlink\" title=\"Lire plus : Joffroy Christelle\" lang=\"it_IT\">Joffroy Christelle<\/a><\/div><\/div><\/div><div class=\"item\" data-season=\"all-seasons\"><div class=\"card card-apidae card-avance\"><div class=\"group-actions\"><ws-wishlist data-type=\"flag\" data-action=\"add\" data-wish-id=\"6703217\" data-wish-type=\"apidae\"><\/ws-wishlist><\/div><div class=\"group-media\"><div class=\"field-image\"><img decoding=\"async\" src=\"https:\/\/images.weserv.nl\/?url=https:\/\/static.apidae-tourisme.com\/filestore\/objets-touristiques\/images\/45\/51\/36320045-diaporama.jpg&#038;w=350&#038;h=350&#038;fit=cover&#038;output=webp&#038;q=45\" alt=\"Baita Au Fil de l\u2019Onde\"\/><\/div><\/div><div class=\"group-top\"><div class=\"field-book\">Prenotabile online<\/div><div class=\"field-commune\">Vallouise-Pelvoux<\/div><ws-apidae-from-price data-apidae-id=\"6703217\" ><\/ws-apidae-from-price><\/div><div class=\"group-content\"><div class=\"field-title\">Baita Au Fil de l\u2019Onde<\/div><\/div><div class=\"field-link\" role=\"group\" aria-label=\"Lien vers le contenu\"><a href=\"https:\/\/www.paysdesecrins.com\/it\/fiche\/baita-au-fil-de-londe\/\" class=\"cardlink\" title=\"Lire plus : Baita Au Fil de l\u2019Onde\" lang=\"it_IT\">Baita Au Fil de l\u2019Onde<\/a><\/div><\/div><\/div><div class=\"item\" data-season=\"all-seasons\"><div class=\"card card-apidae card-avance\"><div class=\"group-actions\"><ws-wishlist data-type=\"flag\" data-action=\"add\" data-wish-id=\"6726721\" data-wish-type=\"apidae\"><\/ws-wishlist><\/div><div class=\"group-media\"><div class=\"field-image\"><img decoding=\"async\" src=\"https:\/\/images.weserv.nl\/?url=https:\/\/static.apidae-tourisme.com\/filestore\/objets-touristiques\/images\/95\/195\/19841887-diaporama.jpg&#038;w=350&#038;h=350&#038;fit=cover&#038;output=webp&#038;q=45\" alt=\"G\u00eete Mountivity\"\/><\/div><\/div><div class=\"group-top\"><div class=\"field-commune\">Vallouise-Pelvoux<\/div><ws-apidae-from-price data-apidae-id=\"6726721\" ><\/ws-apidae-from-price><\/div><div class=\"group-content\"><div class=\"field-title\">G\u00eete Mountivity<\/div><\/div><div class=\"field-link\" role=\"group\" aria-label=\"Lien vers le contenu\"><a href=\"https:\/\/www.paysdesecrins.com\/it\/fiche\/gite-mountivity-4\/\" class=\"cardlink\" title=\"Lire plus : G\u00eete Mountivity\" lang=\"it_IT\">G\u00eete Mountivity<\/a><\/div><\/div><\/div><div class=\"item\" data-season=\"all-seasons\"><div class=\"card card-apidae card-avance\"><div class=\"group-actions\"><ws-wishlist data-type=\"flag\" data-action=\"add\" data-wish-id=\"226801\" data-wish-type=\"apidae\"><\/ws-wishlist><\/div><div class=\"group-media\"><div class=\"field-image\"><img decoding=\"async\" src=\"https:\/\/images.weserv.nl\/?url=https:\/\/static.apidae-tourisme.com\/filestore\/objets-touristiques\/images\/220\/48\/10367196-diaporama.jpg&#038;w=350&#038;h=350&#038;fit=cover&#038;output=webp&#038;q=45\" alt=\"Auberge Saint Antoine\"\/><\/div><\/div><div class=\"group-top\"><div class=\"field-commune\">Vallouise-Pelvoux<\/div><ws-apidae-from-price data-apidae-id=\"226801\" ><\/ws-apidae-from-price><\/div><div class=\"group-content\"><div class=\"field-title\">Auberge Saint Antoine<\/div><\/div><div class=\"field-link\" role=\"group\" aria-label=\"Lien vers le contenu\"><a href=\"https:\/\/www.paysdesecrins.com\/it\/fiche\/auberge-saint-antoine-5\/\" class=\"cardlink\" title=\"Lire plus : Auberge Saint Antoine\" lang=\"it_IT\">Auberge Saint Antoine<\/a><\/div><\/div><\/div><div class=\"item\" data-season=\"all-seasons\"><div class=\"card card-apidae card-avance\"><div class=\"group-actions\"><ws-wishlist data-type=\"flag\" data-action=\"add\" data-wish-id=\"4995102\" data-wish-type=\"apidae\"><\/ws-wishlist><\/div><div class=\"group-media\"><div class=\"field-image\"><img decoding=\"async\" src=\"https:\/\/images.weserv.nl\/?url=https:\/\/static.apidae-tourisme.com\/filestore\/objets-touristiques\/images\/81\/52\/36320337-diaporama.jpg&#038;w=350&#038;h=350&#038;fit=cover&#038;output=webp&#038;q=45\" alt=\"G\u00eete Au Fil de l&#8217;Onde\"\/><\/div><\/div><div class=\"group-top\"><div class=\"field-commune\">Vallouise-Pelvoux<\/div><ws-apidae-from-price data-apidae-id=\"4995102\" ><\/ws-apidae-from-price><\/div><div class=\"group-content\"><div class=\"field-title\">G\u00eete Au Fil de l&#8217;Onde<\/div><\/div><div class=\"field-link\" role=\"group\" aria-label=\"Lien vers le contenu\"><a href=\"https:\/\/www.paysdesecrins.com\/it\/fiche\/gite-au-fil-de-londe\/\" class=\"cardlink\" title=\"Lire plus : G\u00eete Au Fil de l&#8217;Onde\" lang=\"it_IT\">G\u00eete Au Fil de l&#8217;Onde<\/a><\/div><\/div><\/div><div class=\"item\" data-season=\"all-seasons\"><div class=\"card card-apidae card-avance\"><div class=\"group-actions\"><ws-wishlist data-type=\"flag\" data-action=\"add\" data-wish-id=\"7582918\" data-wish-type=\"apidae\"><\/ws-wishlist><\/div><div class=\"group-media\"><div class=\"field-image\"><img decoding=\"async\" src=\"https:\/\/images.weserv.nl\/?url=https:\/\/static.apidae-tourisme.com\/filestore\/objets-touristiques\/images\/106\/140\/35818602-diaporama.jpg&#038;w=350&#038;h=350&#038;fit=cover&#038;output=webp&#038;q=45\" alt=\"Ecrin des Vignes\"\/><\/div><\/div><div class=\"group-top\"><div class=\"field-commune\">Les Vigneaux<\/div><ws-apidae-from-price data-apidae-id=\"7582918\" ><\/ws-apidae-from-price><\/div><div class=\"group-content\"><div class=\"field-title\">Ecrin des Vignes<\/div><\/div><div class=\"field-link\" role=\"group\" aria-label=\"Lien vers le contenu\"><a href=\"https:\/\/www.paysdesecrins.com\/it\/fiche\/ecrin-des-vignes-4\/\" class=\"cardlink\" title=\"Lire plus : Ecrin des Vignes\" lang=\"it_IT\">Ecrin des Vignes<\/a><\/div><\/div><\/div><div class=\"item\" data-season=\"all-seasons\"><div class=\"card card-apidae card-avance\"><div class=\"group-actions\"><ws-wishlist data-type=\"flag\" data-action=\"add\" data-wish-id=\"647857\" data-wish-type=\"apidae\"><\/ws-wishlist><\/div><div class=\"group-media\"><div class=\"field-image\"><img decoding=\"async\" src=\"https:\/\/images.weserv.nl\/?url=https:\/\/static.apidae-tourisme.com\/filestore\/objets-touristiques\/images\/106\/133\/2262378-diaporama.jpg&#038;w=350&#038;h=350&#038;fit=cover&#038;output=webp&#038;q=45\" alt=\"La Casa Abeil\"\/><\/div><\/div><div class=\"group-top\"><div class=\"field-commune\">L&#039;Argenti\u00e8re-la-Bess\u00e9e<\/div><ws-apidae-from-price data-apidae-id=\"647857\" ><\/ws-apidae-from-price><\/div><div class=\"group-content\"><div class=\"field-title\">La Casa Abeil<\/div><\/div><div class=\"field-link\" role=\"group\" aria-label=\"Lien vers le contenu\"><a href=\"https:\/\/www.paysdesecrins.com\/it\/fiche\/la-casa-abeil\/\" class=\"cardlink\" title=\"Lire plus : La Casa Abeil\" lang=\"it_IT\">La Casa Abeil<\/a><\/div><\/div><\/div><div class=\"item\" data-season=\"all-seasons\"><div class=\"card card-apidae card-avance\"><div class=\"group-actions\"><ws-wishlist data-type=\"flag\" data-action=\"add\" data-wish-id=\"345420\" data-wish-type=\"apidae\"><\/ws-wishlist><\/div><div class=\"group-media\"><div class=\"field-image\"><img decoding=\"async\" src=\"https:\/\/images.weserv.nl\/?url=https:\/\/static.apidae-tourisme.com\/filestore\/objets-touristiques\/images\/229\/2\/1508069-diaporama.jpg&#038;w=350&#038;h=350&#038;fit=cover&#038;output=webp&#038;q=45\" alt=\"Brin de paille (Pagliuzza)\"\/><\/div><\/div><div class=\"group-top\"><div class=\"field-commune\">Saint-Martin-de-Queyri\u00e8res<\/div><ws-apidae-from-price data-apidae-id=\"345420\" ><\/ws-apidae-from-price><\/div><div class=\"group-content\"><div class=\"field-title\">Brin de paille (Pagliuzza)<\/div><\/div><div class=\"field-link\" role=\"group\" aria-label=\"Lien vers le contenu\"><a href=\"https:\/\/www.paysdesecrins.com\/it\/fiche\/brin-de-paille-pagliuzza\/\" class=\"cardlink\" title=\"Lire plus : Brin de paille (Pagliuzza)\" lang=\"it_IT\">Brin de paille (Pagliuzza)<\/a><\/div><\/div><\/div><div class=\"item\" data-season=\"all-seasons\"><div class=\"card card-apidae card-avance\"><div class=\"group-actions\"><ws-wishlist data-type=\"flag\" data-action=\"add\" data-wish-id=\"226859\" data-wish-type=\"apidae\"><\/ws-wishlist><\/div><div class=\"group-media\"><div class=\"field-image\"><img decoding=\"async\" src=\"https:\/\/images.weserv.nl\/?url=https:\/\/static.apidae-tourisme.com\/filestore\/objets-touristiques\/images\/222\/169\/36809182-diaporama.jpg&#038;w=350&#038;h=350&#038;fit=cover&#038;output=webp&#038;q=45\" alt=\"Albergo Saint-Roch\"\/><\/div><\/div><div class=\"group-top\"><div class=\"field-commune\">Puy-Saint-Vincent<\/div><ws-apidae-from-price data-apidae-id=\"226859\" ><\/ws-apidae-from-price><\/div><div class=\"group-content\"><div class=\"field-title\">Albergo Saint-Roch<\/div><\/div><div class=\"field-link\" role=\"group\" aria-label=\"Lien vers le contenu\"><a href=\"https:\/\/www.paysdesecrins.com\/it\/fiche\/albergo-saint-roch\/\" class=\"cardlink\" title=\"Lire plus : Albergo Saint-Roch\" lang=\"it_IT\">Albergo Saint-Roch<\/a><\/div><\/div><\/div><div class=\"item\" data-season=\"all-seasons\"><div class=\"card card-apidae card-avance\"><div class=\"group-actions\"><ws-wishlist data-type=\"flag\" data-action=\"add\" data-wish-id=\"5528448\" data-wish-type=\"apidae\"><\/ws-wishlist><\/div><div class=\"group-media\"><div class=\"field-image\"><img decoding=\"async\" src=\"https:\/\/images.weserv.nl\/?url=https:\/\/static.apidae-tourisme.com\/filestore\/objets-touristiques\/images\/195\/148\/20944067-diaporama.jpg&#038;w=350&#038;h=350&#038;fit=cover&#038;output=webp&#038;q=45\" alt=\"Mountivity\"\/><\/div><\/div><div class=\"group-top\"><div class=\"field-commune\">Vallouise-Pelvoux<\/div><ws-apidae-from-price data-apidae-id=\"5528448\" ><\/ws-apidae-from-price><\/div><div class=\"group-content\"><div class=\"field-title\">Mountivity<\/div><\/div><div class=\"field-link\" role=\"group\" aria-label=\"Lien vers le contenu\"><a href=\"https:\/\/www.paysdesecrins.com\/it\/fiche\/mountivity-4\/\" class=\"cardlink\" title=\"Lire plus : Mountivity\" lang=\"it_IT\">Mountivity<\/a><\/div><\/div><\/div><div class=\"item\" data-season=\"all-seasons\"><div class=\"card card-apidae card-avance\"><div class=\"group-actions\"><ws-wishlist data-type=\"flag\" data-action=\"add\" data-wish-id=\"226998\" data-wish-type=\"apidae\"><\/ws-wishlist><\/div><div class=\"group-media\"><div class=\"field-image\"><img decoding=\"async\" src=\"https:\/\/images.weserv.nl\/?url=https:\/\/static.apidae-tourisme.com\/filestore\/objets-touristiques\/images\/16\/83\/938768-diaporama.jpg&#038;w=350&#038;h=350&#038;fit=cover&#038;output=webp&#038;q=45\" alt=\"Albergo Engilberge\"\/><\/div><\/div><div class=\"group-top\"><div class=\"field-commune\">Vallouise-Pelvoux<\/div><ws-apidae-from-price data-apidae-id=\"226998\" ><\/ws-apidae-from-price><\/div><div class=\"group-content\"><div class=\"field-title\">Albergo Engilberge<\/div><\/div><div class=\"field-link\" role=\"group\" aria-label=\"Lien vers le contenu\"><a href=\"https:\/\/www.paysdesecrins.com\/it\/fiche\/albergo-engilberge\/\" class=\"cardlink\" title=\"Lire plus : Albergo Engilberge\" lang=\"it_IT\">Albergo Engilberge<\/a><\/div><\/div><\/div><div class=\"item\" data-season=\"all-seasons\"><div class=\"card card-apidae card-avance\"><div class=\"group-actions\"><ws-wishlist data-type=\"flag\" data-action=\"add\" data-wish-id=\"226488\" data-wish-type=\"apidae\"><\/ws-wishlist><\/div><div class=\"group-media\"><div class=\"field-image\"><img decoding=\"async\" src=\"https:\/\/images.weserv.nl\/?url=https:\/\/static.apidae-tourisme.com\/filestore\/objets-touristiques\/images\/192\/52\/4011200-diaporama.jpg&#038;w=350&#038;h=350&#038;fit=cover&#038;output=webp&#038;q=45\" alt=\"Camping invernale Iscle de Prelles\"\/><\/div><\/div><div class=\"group-top\"><div class=\"field-commune\">Saint-Martin-de-Queyri\u00e8res<\/div><ws-apidae-from-price data-apidae-id=\"226488\" ><\/ws-apidae-from-price><\/div><div class=\"group-content\"><div class=\"field-title\">Camping invernale Iscle de Prelles<\/div><\/div><div class=\"field-link\" role=\"group\" aria-label=\"Lien vers le contenu\"><a href=\"https:\/\/www.paysdesecrins.com\/it\/fiche\/camping-invernale-iscle-de-prelles\/\" class=\"cardlink\" title=\"Lire plus : Camping invernale Iscle de Prelles\" lang=\"it_IT\">Camping invernale Iscle de Prelles<\/a><\/div><\/div><\/div><div class=\"item\" data-season=\"all-seasons\"><div class=\"card card-apidae card-avance\"><div class=\"group-actions\"><ws-wishlist data-type=\"flag\" data-action=\"add\" data-wish-id=\"226589\" data-wish-type=\"apidae\"><\/ws-wishlist><\/div><div class=\"group-media\"><div class=\"field-image\"><img decoding=\"async\" src=\"https:\/\/images.weserv.nl\/?url=https:\/\/static.apidae-tourisme.com\/filestore\/objets-touristiques\/images\/154\/118\/8812186-diaporama.jpg&#038;w=350&#038;h=350&#038;fit=cover&#038;output=webp&#038;q=45\" alt=\"Alloggio Baita AlpeLune\"\/><\/div><\/div><div class=\"group-top\"><div class=\"field-commune\">Puy-Saint-Vincent<\/div><ws-apidae-from-price data-apidae-id=\"226589\" ><\/ws-apidae-from-price><\/div><div class=\"group-content\"><div class=\"field-title\">Alloggio Baita AlpeLune<\/div><\/div><div class=\"field-link\" role=\"group\" aria-label=\"Lien vers le contenu\"><a href=\"https:\/\/www.paysdesecrins.com\/it\/fiche\/alloggio-baita-alpelune\/\" class=\"cardlink\" title=\"Lire plus : Alloggio Baita AlpeLune\" lang=\"it_IT\">Alloggio Baita AlpeLune<\/a><\/div><\/div><\/div><div class=\"item\" data-season=\"all-seasons\"><div class=\"card card-apidae card-avance\"><div class=\"group-actions\"><ws-wishlist data-type=\"flag\" data-action=\"add\" data-wish-id=\"5126686\" data-wish-type=\"apidae\"><\/ws-wishlist><\/div><div class=\"group-media\"><div class=\"field-image\"><img decoding=\"async\" src=\"https:\/\/images.weserv.nl\/?url=https:\/\/static.apidae-tourisme.com\/filestore\/objets-touristiques\/images\/117\/84\/6902901-diaporama.jpg&#038;w=350&#038;h=350&#038;fit=cover&#038;output=webp&#038;q=45\" alt=\"Chalet l&#8217;Aigli\u00e8re\"\/><\/div><\/div><div class=\"group-top\"><div class=\"field-commune\">Puy-Saint-Vincent<\/div><ws-apidae-from-price data-apidae-id=\"5126686\" ><\/ws-apidae-from-price><\/div><div class=\"group-content\"><div class=\"field-title\">Chalet l&#8217;Aigli\u00e8re<\/div><\/div><div class=\"field-link\" role=\"group\" aria-label=\"Lien vers le contenu\"><a href=\"https:\/\/www.paysdesecrins.com\/it\/fiche\/chalet-laigliere-4\/\" class=\"cardlink\" title=\"Lire plus : Chalet l&#8217;Aigli\u00e8re\" lang=\"it_IT\">Chalet l&#8217;Aigli\u00e8re<\/a><\/div><\/div><\/div><div class=\"item\" data-season=\"all-seasons\"><div class=\"card card-apidae card-avance\"><div class=\"group-actions\"><ws-wishlist data-type=\"flag\" data-action=\"add\" data-wish-id=\"5656889\" data-wish-type=\"apidae\"><\/ws-wishlist><\/div><div class=\"group-media\"><div class=\"field-image\"><img decoding=\"async\" src=\"https:\/\/images.weserv.nl\/?url=https:\/\/static.apidae-tourisme.com\/filestore\/objets-touristiques\/images\/24\/119\/8812312-diaporama.jpg&#038;w=350&#038;h=350&#038;fit=cover&#038;output=webp&#038;q=45\" alt=\"G\u00eete H\u00f4tel Auberge de La Blanche\"\/><\/div><\/div><div class=\"group-top\"><div class=\"field-commune\">Vallouise-Pelvoux<\/div><ws-apidae-from-price data-apidae-id=\"5656889\" ><\/ws-apidae-from-price><\/div><div class=\"group-content\"><div class=\"field-title\">G\u00eete H\u00f4tel Auberge de La Blanche<\/div><\/div><div class=\"field-link\" role=\"group\" aria-label=\"Lien vers le contenu\"><a href=\"https:\/\/www.paysdesecrins.com\/it\/fiche\/gite-hotel-auberge-de-la-blanche-2\/\" class=\"cardlink\" title=\"Lire plus : G\u00eete H\u00f4tel Auberge de La Blanche\" lang=\"it_IT\">G\u00eete H\u00f4tel Auberge de La Blanche<\/a><\/div><\/div><\/div><div class=\"item\" data-season=\"all-seasons\"><div class=\"card card-apidae card-avance\"><div class=\"group-actions\"><ws-wishlist data-type=\"flag\" data-action=\"add\" data-wish-id=\"226941\" data-wish-type=\"apidae\"><\/ws-wishlist><\/div><div class=\"group-media\"><div class=\"field-image\"><img decoding=\"async\" src=\"https:\/\/images.weserv.nl\/?url=https:\/\/static.apidae-tourisme.com\/filestore\/objets-touristiques\/images\/149\/233\/190869-diaporama.png&#038;w=350&#038;h=350&#038;fit=cover&#038;output=webp&#038;q=45\" alt=\"H\u00f4tel Les 5 Saisons\"\/><\/div><\/div><div class=\"group-top\"><div class=\"field-commune\">Freissini\u00e8res<\/div><ws-apidae-from-price data-apidae-id=\"226941\" ><\/ws-apidae-from-price><\/div><div class=\"group-content\"><div class=\"field-title\">H\u00f4tel Les 5 Saisons<\/div><\/div><div class=\"field-link\" role=\"group\" aria-label=\"Lien vers le contenu\"><a href=\"https:\/\/www.paysdesecrins.com\/it\/fiche\/hotel-les-5-saisons-4\/\" class=\"cardlink\" title=\"Lire plus : H\u00f4tel Les 5 Saisons\" lang=\"it_IT\">H\u00f4tel Les 5 Saisons<\/a><\/div><\/div><\/div><div class=\"item\" data-season=\"all-seasons\"><div class=\"card card-apidae card-avance\"><div class=\"group-actions\"><ws-wishlist data-type=\"flag\" data-action=\"add\" data-wish-id=\"226992\" data-wish-type=\"apidae\"><\/ws-wishlist><\/div><div class=\"group-media\"><div class=\"field-image\"><img decoding=\"async\" src=\"https:\/\/images.weserv.nl\/?url=https:\/\/static.apidae-tourisme.com\/filestore\/objets-touristiques\/images\/247\/49\/4010487-diaporama.jpg&#038;w=350&#038;h=350&#038;fit=cover&#038;output=webp&#038;q=45\" alt=\"Albergo L&#8217;Aigli\u00e8re\"\/><\/div><\/div><div class=\"group-top\"><div class=\"field-book\">Prenotabile online<\/div><div class=\"field-commune\">Puy-Saint-Vincent<\/div><ws-apidae-from-price data-apidae-id=\"226992\" ><\/ws-apidae-from-price><\/div><div class=\"group-content\"><div class=\"field-title\">Albergo L&#8217;Aigli\u00e8re<\/div><\/div><div class=\"field-link\" role=\"group\" aria-label=\"Lien vers le contenu\"><a href=\"https:\/\/www.paysdesecrins.com\/it\/fiche\/albergo-laigliere\/\" class=\"cardlink\" title=\"Lire plus : Albergo L&#8217;Aigli\u00e8re\" lang=\"it_IT\">Albergo L&#8217;Aigli\u00e8re<\/a><\/div><\/div><\/div><div id=\"locations-data_9287e\" style=\"display: none;\">{&quot;locations&quot;:[{&quot;lat&quot;:&quot;44.816595&quot;,&quot;lng&quot;:&quot;6.481164&quot;,&quot;title&quot;:&quot;Joffroy Christelle&quot;,&quot;permalink&quot;:&quot;https:\\\/\\\/www.paysdesecrins.com\\\/it\\\/fiche\\\/joffroy-christelle-4\\\/&quot;,&quot;type&quot;:&quot;hebergement_locatif&quot;,&quot;commune&quot;:&quot;Puy-Saint-Vincent&quot;,&quot;type_commerce&quot;:&quot;&quot;,&quot;image&quot;:&quot;https:\\\/\\\/static.apidae-tourisme.com\\\/filestore\\\/objets-touristiques\\\/images\\\/40\\\/111\\\/8744744-diaporama.jpg&quot;,&quot;image_width&quot;:&quot;350&quot;,&quot;image_height&quot;:&quot;350&quot;,&quot;image_fit&quot;:&quot;cover&quot;},{&quot;lat&quot;:&quot;44.838776&quot;,&quot;lng&quot;:&quot;6.488899&quot;,&quot;title&quot;:&quot;Baita Au Fil de l\\u2019Onde&quot;,&quot;permalink&quot;:&quot;https:\\\/\\\/www.paysdesecrins.com\\\/it\\\/fiche\\\/baita-au-fil-de-londe\\\/&quot;,&quot;type&quot;:&quot;hebergement_locatif&quot;,&quot;commune&quot;:&quot;Vallouise-Pelvoux&quot;,&quot;type_commerce&quot;:&quot;&quot;,&quot;image&quot;:&quot;https:\\\/\\\/static.apidae-tourisme.com\\\/filestore\\\/objets-touristiques\\\/images\\\/45\\\/51\\\/36320045-diaporama.jpg&quot;,&quot;image_width&quot;:&quot;350&quot;,&quot;image_height&quot;:&quot;350&quot;,&quot;image_fit&quot;:&quot;cover&quot;},{&quot;lat&quot;:&quot;44.858226&quot;,&quot;lng&quot;:&quot;6.492676&quot;,&quot;title&quot;:&quot;G\\u00eete Mountivity&quot;,&quot;permalink&quot;:&quot;https:\\\/\\\/www.paysdesecrins.com\\\/it\\\/fiche\\\/gite-mountivity-4\\\/&quot;,&quot;type&quot;:&quot;hebergement_collectif&quot;,&quot;commune&quot;:&quot;Vallouise-Pelvoux&quot;,&quot;type_commerce&quot;:&quot;&quot;,&quot;image&quot;:&quot;https:\\\/\\\/static.apidae-tourisme.com\\\/filestore\\\/objets-touristiques\\\/images\\\/95\\\/195\\\/19841887-diaporama.jpg&quot;,&quot;image_width&quot;:&quot;350&quot;,&quot;image_height&quot;:&quot;350&quot;,&quot;image_fit&quot;:&quot;cover&quot;},{&quot;lat&quot;:&quot;44.869175&quot;,&quot;lng&quot;:&quot;6.486766&quot;,&quot;title&quot;:&quot;Auberge Saint Antoine&quot;,&quot;permalink&quot;:&quot;https:\\\/\\\/www.paysdesecrins.com\\\/it\\\/fiche\\\/auberge-saint-antoine-5\\\/&quot;,&quot;type&quot;:&quot;hotellerie&quot;,&quot;commune&quot;:&quot;Vallouise-Pelvoux&quot;,&quot;type_commerce&quot;:&quot;&quot;,&quot;image&quot;:&quot;https:\\\/\\\/static.apidae-tourisme.com\\\/filestore\\\/objets-touristiques\\\/images\\\/220\\\/48\\\/10367196-diaporama.jpg&quot;,&quot;image_width&quot;:&quot;350&quot;,&quot;image_height&quot;:&quot;350&quot;,&quot;image_fit&quot;:&quot;cover&quot;},{&quot;lat&quot;:&quot;44.838776&quot;,&quot;lng&quot;:&quot;6.488899&quot;,&quot;title&quot;:&quot;G\\u00eete Au Fil de l&#8217;Onde&quot;,&quot;permalink&quot;:&quot;https:\\\/\\\/www.paysdesecrins.com\\\/it\\\/fiche\\\/gite-au-fil-de-londe\\\/&quot;,&quot;type&quot;:&quot;hebergement_collectif&quot;,&quot;commune&quot;:&quot;Vallouise-Pelvoux&quot;,&quot;type_commerce&quot;:&quot;&quot;,&quot;image&quot;:&quot;https:\\\/\\\/static.apidae-tourisme.com\\\/filestore\\\/objets-touristiques\\\/images\\\/81\\\/52\\\/36320337-diaporama.jpg&quot;,&quot;image_width&quot;:&quot;350&quot;,&quot;image_height&quot;:&quot;350&quot;,&quot;image_fit&quot;:&quot;cover&quot;},{&quot;lat&quot;:&quot;44.82435&quot;,&quot;lng&quot;:&quot;6.533211&quot;,&quot;title&quot;:&quot;Ecrin des Vignes&quot;,&quot;permalink&quot;:&quot;https:\\\/\\\/www.paysdesecrins.com\\\/it\\\/fiche\\\/ecrin-des-vignes-4\\\/&quot;,&quot;type&quot;:&quot;hebergement_locatif&quot;,&quot;commune&quot;:&quot;Les Vigneaux&quot;,&quot;type_commerce&quot;:&quot;&quot;,&quot;image&quot;:&quot;https:\\\/\\\/static.apidae-tourisme.com\\\/filestore\\\/objets-touristiques\\\/images\\\/106\\\/140\\\/35818602-diaporama.jpg&quot;,&quot;image_width&quot;:&quot;350&quot;,&quot;image_height&quot;:&quot;350&quot;,&quot;image_fit&quot;:&quot;cover&quot;},{&quot;lat&quot;:&quot;44.787179&quot;,&quot;lng&quot;:&quot;6.553425&quot;,&quot;title&quot;:&quot;La Casa Abeil&quot;,&quot;permalink&quot;:&quot;https:\\\/\\\/www.paysdesecrins.com\\\/it\\\/fiche\\\/la-casa-abeil\\\/&quot;,&quot;type&quot;:&quot;hebergement_locatif&quot;,&quot;commune&quot;:&quot;L&#039;Argenti\\u00e8re-la-Bess\\u00e9e&quot;,&quot;type_commerce&quot;:&quot;&quot;,&quot;image&quot;:&quot;https:\\\/\\\/static.apidae-tourisme.com\\\/filestore\\\/objets-touristiques\\\/images\\\/106\\\/133\\\/2262378-diaporama.jpg&quot;,&quot;image_width&quot;:&quot;350&quot;,&quot;image_height&quot;:&quot;350&quot;,&quot;image_fit&quot;:&quot;cover&quot;},{&quot;lat&quot;:&quot;44.854103&quot;,&quot;lng&quot;:&quot;6.580271&quot;,&quot;title&quot;:&quot;Brin de paille (Pagliuzza)&quot;,&quot;permalink&quot;:&quot;https:\\\/\\\/www.paysdesecrins.com\\\/it\\\/fiche\\\/brin-de-paille-pagliuzza\\\/&quot;,&quot;type&quot;:&quot;hebergement_locatif&quot;,&quot;commune&quot;:&quot;Saint-Martin-de-Queyri\\u00e8res&quot;,&quot;type_commerce&quot;:&quot;&quot;,&quot;image&quot;:&quot;https:\\\/\\\/static.apidae-tourisme.com\\\/filestore\\\/objets-touristiques\\\/images\\\/229\\\/2\\\/1508069-diaporama.jpg&quot;,&quot;image_width&quot;:&quot;350&quot;,&quot;image_height&quot;:&quot;350&quot;,&quot;image_fit&quot;:&quot;cover&quot;},{&quot;lat&quot;:&quot;44.826901&quot;,&quot;lng&quot;:&quot;6.497024&quot;,&quot;title&quot;:&quot;Albergo Saint-Roch&quot;,&quot;permalink&quot;:&quot;https:\\\/\\\/www.paysdesecrins.com\\\/it\\\/fiche\\\/albergo-saint-roch\\\/&quot;,&quot;type&quot;:&quot;hotellerie&quot;,&quot;commune&quot;:&quot;Puy-Saint-Vincent&quot;,&quot;type_commerce&quot;:&quot;&quot;,&quot;image&quot;:&quot;https:\\\/\\\/static.apidae-tourisme.com\\\/filestore\\\/objets-touristiques\\\/images\\\/222\\\/169\\\/36809182-diaporama.jpg&quot;,&quot;image_width&quot;:&quot;350&quot;,&quot;image_height&quot;:&quot;350&quot;,&quot;image_fit&quot;:&quot;cover&quot;},{&quot;lat&quot;:&quot;44.858215&quot;,&quot;lng&quot;:&quot;6.492654&quot;,&quot;title&quot;:&quot;Mountivity&quot;,&quot;permalink&quot;:&quot;https:\\\/\\\/www.paysdesecrins.com\\\/it\\\/fiche\\\/mountivity-4\\\/&quot;,&quot;type&quot;:&quot;hebergement_locatif&quot;,&quot;commune&quot;:&quot;Vallouise-Pelvoux&quot;,&quot;type_commerce&quot;:&quot;&quot;,&quot;image&quot;:&quot;https:\\\/\\\/static.apidae-tourisme.com\\\/filestore\\\/objets-touristiques\\\/images\\\/195\\\/148\\\/20944067-diaporama.jpg&quot;,&quot;image_width&quot;:&quot;350&quot;,&quot;image_height&quot;:&quot;350&quot;,&quot;image_fit&quot;:&quot;cover&quot;},{&quot;lat&quot;:&quot;44.888608&quot;,&quot;lng&quot;:&quot;6.44484&quot;,&quot;title&quot;:&quot;Albergo Engilberge&quot;,&quot;permalink&quot;:&quot;https:\\\/\\\/www.paysdesecrins.com\\\/it\\\/fiche\\\/albergo-engilberge\\\/&quot;,&quot;type&quot;:&quot;hotellerie&quot;,&quot;commune&quot;:&quot;Vallouise-Pelvoux&quot;,&quot;type_commerce&quot;:&quot;&quot;,&quot;image&quot;:&quot;https:\\\/\\\/static.apidae-tourisme.com\\\/filestore\\\/objets-touristiques\\\/images\\\/16\\\/83\\\/938768-diaporama.jpg&quot;,&quot;image_width&quot;:&quot;350&quot;,&quot;image_height&quot;:&quot;350&quot;,&quot;image_fit&quot;:&quot;cover&quot;},{&quot;lat&quot;:&quot;44.856659&quot;,&quot;lng&quot;:&quot;6.589436&quot;,&quot;title&quot;:&quot;Camping invernale Iscle de Prelles&quot;,&quot;permalink&quot;:&quot;https:\\\/\\\/www.paysdesecrins.com\\\/it\\\/fiche\\\/camping-invernale-iscle-de-prelles\\\/&quot;,&quot;type&quot;:&quot;hotellerie_plein_air&quot;,&quot;commune&quot;:&quot;Saint-Martin-de-Queyri\\u00e8res&quot;,&quot;type_commerce&quot;:&quot;&quot;,&quot;image&quot;:&quot;https:\\\/\\\/static.apidae-tourisme.com\\\/filestore\\\/objets-touristiques\\\/images\\\/192\\\/52\\\/4011200-diaporama.jpg&quot;,&quot;image_width&quot;:&quot;350&quot;,&quot;image_height&quot;:&quot;350&quot;,&quot;image_fit&quot;:&quot;cover&quot;},{&quot;lat&quot;:&quot;44.821155&quot;,&quot;lng&quot;:&quot;6.500506&quot;,&quot;title&quot;:&quot;Alloggio Baita AlpeLune&quot;,&quot;permalink&quot;:&quot;https:\\\/\\\/www.paysdesecrins.com\\\/it\\\/fiche\\\/alloggio-baita-alpelune\\\/&quot;,&quot;type&quot;:&quot;hebergement_collectif&quot;,&quot;commune&quot;:&quot;Puy-Saint-Vincent&quot;,&quot;type_commerce&quot;:&quot;&quot;,&quot;image&quot;:&quot;https:\\\/\\\/static.apidae-tourisme.com\\\/filestore\\\/objets-touristiques\\\/images\\\/154\\\/118\\\/8812186-diaporama.jpg&quot;,&quot;image_width&quot;:&quot;350&quot;,&quot;image_height&quot;:&quot;350&quot;,&quot;image_fit&quot;:&quot;cover&quot;},{&quot;lat&quot;:&quot;44.834173&quot;,&quot;lng&quot;:&quot;6.482529&quot;,&quot;title&quot;:&quot;Chalet l&#8217;Aigli\\u00e8re&quot;,&quot;permalink&quot;:&quot;https:\\\/\\\/www.paysdesecrins.com\\\/it\\\/fiche\\\/chalet-laigliere-4\\\/&quot;,&quot;type&quot;:&quot;hebergement_locatif&quot;,&quot;commune&quot;:&quot;Puy-Saint-Vincent&quot;,&quot;type_commerce&quot;:&quot;&quot;,&quot;image&quot;:&quot;https:\\\/\\\/static.apidae-tourisme.com\\\/filestore\\\/objets-touristiques\\\/images\\\/117\\\/84\\\/6902901-diaporama.jpg&quot;,&quot;image_width&quot;:&quot;350&quot;,&quot;image_height&quot;:&quot;350&quot;,&quot;image_fit&quot;:&quot;cover&quot;},{&quot;lat&quot;:&quot;44.861517&quot;,&quot;lng&quot;:&quot;6.491002&quot;,&quot;title&quot;:&quot;G\\u00eete H\\u00f4tel Auberge de La Blanche&quot;,&quot;permalink&quot;:&quot;https:\\\/\\\/www.paysdesecrins.com\\\/it\\\/fiche\\\/gite-hotel-auberge-de-la-blanche-2\\\/&quot;,&quot;type&quot;:&quot;hebergement_collectif&quot;,&quot;commune&quot;:&quot;Vallouise-Pelvoux&quot;,&quot;type_commerce&quot;:&quot;&quot;,&quot;image&quot;:&quot;https:\\\/\\\/static.apidae-tourisme.com\\\/filestore\\\/objets-touristiques\\\/images\\\/24\\\/119\\\/8812312-diaporama.jpg&quot;,&quot;image_width&quot;:&quot;350&quot;,&quot;image_height&quot;:&quot;350&quot;,&quot;image_fit&quot;:&quot;cover&quot;},{&quot;lat&quot;:&quot;44.753627&quot;,&quot;lng&quot;:&quot;6.540942&quot;,&quot;title&quot;:&quot;H\\u00f4tel Les 5 Saisons&quot;,&quot;permalink&quot;:&quot;https:\\\/\\\/www.paysdesecrins.com\\\/it\\\/fiche\\\/hotel-les-5-saisons-4\\\/&quot;,&quot;type&quot;:&quot;hotellerie&quot;,&quot;commune&quot;:&quot;Freissini\\u00e8res&quot;,&quot;type_commerce&quot;:&quot;&quot;,&quot;image&quot;:&quot;https:\\\/\\\/static.apidae-tourisme.com\\\/filestore\\\/objets-touristiques\\\/images\\\/149\\\/233\\\/190869-diaporama.png&quot;,&quot;image_width&quot;:&quot;350&quot;,&quot;image_height&quot;:&quot;350&quot;,&quot;image_fit&quot;:&quot;cover&quot;},{&quot;lat&quot;:&quot;44.834173&quot;,&quot;lng&quot;:&quot;6.482529&quot;,&quot;title&quot;:&quot;Albergo L&#8217;Aigli\\u00e8re&quot;,&quot;permalink&quot;:&quot;https:\\\/\\\/www.paysdesecrins.com\\\/it\\\/fiche\\\/albergo-laigliere\\\/&quot;,&quot;type&quot;:&quot;hotellerie&quot;,&quot;commune&quot;:&quot;Puy-Saint-Vincent&quot;,&quot;type_commerce&quot;:&quot;&quot;,&quot;image&quot;:&quot;https:\\\/\\\/static.apidae-tourisme.com\\\/filestore\\\/objets-touristiques\\\/images\\\/247\\\/49\\\/4010487-diaporama.jpg&quot;,&quot;image_width&quot;:&quot;350&quot;,&quot;image_height&quot;:&quot;350&quot;,&quot;image_fit&quot;:&quot;cover&quot;}],&quot;center_lat&quot;:&quot;44.816595&quot;,&quot;center_lng&quot;:&quot;6.481164&quot;}<\/div><\/div><\/div><\/div><\/div>\n<div class=\"wp-block-ws-library-ws-title aligncenter\"><h2><em>Micro-avventura e<\/em> Luoghi per rilassarsi<\/h2><\/div>\n\n<p class=\"has-text-align-center\">Prenditi il tempo per ricaricare le batterie nella natura e scopri questi luoghi perfetti per il tuo prossimo momento di lettura tranquilla. Perfetto per fare una pausa, respirare e prendersi cura di s\u00e9 in mezzo alle montagne. <\/p>\n<div class=\"alignwide wp-block-ws-library-ws-list-childs\"><div class=\"child-pages-list list-items list-2-3-4\"><div class=\"item\" data-season=\"all-seasons\"><div class=\"card card-child\"><div class=\"group-media\"><div class=\"field-image\"><img decoding=\"async\" width=\"400\" height=\"400\" src=\"https:\/\/www.paysdesecrins.com\/wp-content\/uploads\/2025\/07\/1669899632-1734387878-400x400.jpg\" class=\"winter all-seasons wp-post-image\" alt=\"\" loading=\"lazy\" data-season=\"all-seasons\" srcset=\"https:\/\/www.paysdesecrins.com\/wp-content\/uploads\/2025\/07\/1669899632-1734387878-400x400.jpg 400w, https:\/\/www.paysdesecrins.com\/wp-content\/uploads\/2025\/07\/1669899632-1734387878-150x150.jpg 150w, https:\/\/www.paysdesecrins.com\/wp-content\/uploads\/2025\/07\/1669899632-1734387878-600x600.jpg 600w, https:\/\/www.paysdesecrins.com\/wp-content\/uploads\/2025\/07\/1669899632-1734387878-300x300.jpg 300w, https:\/\/www.paysdesecrins.com\/wp-content\/uploads\/2025\/07\/1669899632-1734387878-570x570.jpg 570w\" sizes=\"auto, (max-width: 400px) 100vw, 400px\" \/><\/div><\/div><div class=\"group-content\"><span class=\"field-title\">Benessere e relax a La Roche-de-Rame<\/span><\/div><div class=\"field-link\"><a href=\"https:\/\/www.paysdesecrins.com\/it\/il-mio-desiderio-di\/44572-2\/benessere-e-relax-a-la-roche-de-rame\/\" class=\"cardlink\">Voir plus<\/a><\/div><\/div><\/div><div class=\"item\" data-season=\"all-seasons\"><div class=\"card card-child\"><div class=\"group-media\"><div class=\"field-image\"><img decoding=\"async\" width=\"400\" height=\"400\" src=\"https:\/\/www.paysdesecrins.com\/wp-content\/uploads\/2025\/07\/20180729-rvr01773-1-400x400.jpg\" class=\"winter all-seasons wp-post-image\" alt=\"\" loading=\"lazy\" data-season=\"all-seasons\" srcset=\"https:\/\/www.paysdesecrins.com\/wp-content\/uploads\/2025\/07\/20180729-rvr01773-1-400x400.jpg 400w, https:\/\/www.paysdesecrins.com\/wp-content\/uploads\/2025\/07\/20180729-rvr01773-1-150x150.jpg 150w, https:\/\/www.paysdesecrins.com\/wp-content\/uploads\/2025\/07\/20180729-rvr01773-1-600x600.jpg 600w, https:\/\/www.paysdesecrins.com\/wp-content\/uploads\/2025\/07\/20180729-rvr01773-1-300x300.jpg 300w, https:\/\/www.paysdesecrins.com\/wp-content\/uploads\/2025\/07\/20180729-rvr01773-1-570x570.jpg 570w\" sizes=\"auto, (max-width: 400px) 100vw, 400px\" \/><\/div><\/div><div class=\"group-content\"><span class=\"field-title\">La piscina naturale di Ailefroide<\/span><\/div><div class=\"field-link\"><a href=\"https:\/\/www.paysdesecrins.com\/it\/il-mio-desiderio-di\/44572-2\/la-piscina-naturale-di-ailefroide\/\" class=\"cardlink\">Voir plus<\/a><\/div><\/div><\/div><div class=\"item\" data-season=\"all-seasons\"><div class=\"card card-child\"><div class=\"group-media\"><div class=\"field-image\"><img decoding=\"async\" width=\"400\" height=\"400\" src=\"https:\/\/www.paysdesecrins.com\/wp-content\/uploads\/2025\/07\/le-long-de-l-onde-au-printemps-400x400.jpg\" class=\"winter all-seasons wp-post-image\" alt=\"\" loading=\"lazy\" data-season=\"all-seasons\" srcset=\"https:\/\/www.paysdesecrins.com\/wp-content\/uploads\/2025\/07\/le-long-de-l-onde-au-printemps-400x400.jpg 400w, https:\/\/www.paysdesecrins.com\/wp-content\/uploads\/2025\/07\/le-long-de-l-onde-au-printemps-150x150.jpg 150w, https:\/\/www.paysdesecrins.com\/wp-content\/uploads\/2025\/07\/le-long-de-l-onde-au-printemps-600x600.jpg 600w, https:\/\/www.paysdesecrins.com\/wp-content\/uploads\/2025\/07\/le-long-de-l-onde-au-printemps-300x300.jpg 300w, https:\/\/www.paysdesecrins.com\/wp-content\/uploads\/2025\/07\/le-long-de-l-onde-au-printemps-570x570.jpg 570w\" sizes=\"auto, (max-width: 400px) 100vw, 400px\" \/><\/div><\/div><div class=\"group-content\"><span class=\"field-title\">La valle dell&#8217;Onde e il suo fiume<\/span><\/div><div class=\"field-link\"><a href=\"https:\/\/www.paysdesecrins.com\/it\/il-mio-desiderio-di\/44572-2\/la-valle-dellonde-e-il-suo-fiume\/\" class=\"cardlink\">Voir plus<\/a><\/div><\/div><\/div><div class=\"item\" data-season=\"all-seasons\"><div class=\"card card-child\"><div class=\"group-media\"><div class=\"field-image\"><img decoding=\"async\" width=\"400\" height=\"400\" src=\"https:\/\/www.paysdesecrins.com\/wp-content\/uploads\/2025\/07\/capture-decran-2025-07-25-a-153937-400x400.png\" class=\"winter all-seasons wp-post-image\" alt=\"\" loading=\"lazy\" data-season=\"all-seasons\" srcset=\"https:\/\/www.paysdesecrins.com\/wp-content\/uploads\/2025\/07\/capture-decran-2025-07-25-a-153937-400x400.png 400w, https:\/\/www.paysdesecrins.com\/wp-content\/uploads\/2025\/07\/capture-decran-2025-07-25-a-153937-150x150.png 150w, https:\/\/www.paysdesecrins.com\/wp-content\/uploads\/2025\/07\/capture-decran-2025-07-25-a-153937-600x600.png 600w, https:\/\/www.paysdesecrins.com\/wp-content\/uploads\/2025\/07\/capture-decran-2025-07-25-a-153937-300x300.png 300w, https:\/\/www.paysdesecrins.com\/wp-content\/uploads\/2025\/07\/capture-decran-2025-07-25-a-153937-570x570.png 570w\" sizes=\"auto, (max-width: 400px) 100vw, 400px\" \/><\/div><\/div><div class=\"group-content\"><span class=\"field-title\">La Biaysse a Freissini\u00e8res<\/span><\/div><div class=\"field-link\"><a href=\"https:\/\/www.paysdesecrins.com\/it\/il-mio-desiderio-di\/44572-2\/la-biaysse-a-freissinieres\/\" class=\"cardlink\">Voir plus<\/a><\/div><\/div><\/div><div class=\"item\" data-season=\"all-seasons\"><div class=\"card card-child\"><div class=\"group-media\"><div class=\"field-image\"><img decoding=\"async\" width=\"400\" height=\"400\" src=\"https:\/\/www.paysdesecrins.com\/wp-content\/uploads\/2025\/07\/1608201002-1942498188-400x400.jpg\" class=\"winter wp-post-image\" alt=\"\" loading=\"lazy\" data-season=\"winter\" srcset=\"https:\/\/www.paysdesecrins.com\/wp-content\/uploads\/2025\/07\/1608201002-1942498188-400x400.jpg 400w, https:\/\/www.paysdesecrins.com\/wp-content\/uploads\/2025\/07\/1608201002-1942498188-150x150.jpg 150w, https:\/\/www.paysdesecrins.com\/wp-content\/uploads\/2025\/07\/1608201002-1942498188-600x600.jpg 600w, https:\/\/www.paysdesecrins.com\/wp-content\/uploads\/2025\/07\/1608201002-1942498188-300x300.jpg 300w, https:\/\/www.paysdesecrins.com\/wp-content\/uploads\/2025\/07\/1608201002-1942498188-570x570.jpg 570w\" sizes=\"auto, (max-width: 400px) 100vw, 400px\" \/><img loading=\"lazy\" decoding=\"async\" width=\"400\" height=\"400\" src=\"https:\/\/www.paysdesecrins.com\/wp-content\/uploads\/2025\/07\/dsc08970-400x400.jpg\" class=\"vivaldi-thumb summer\" alt=\"\" data-season=\"summer\" srcset=\"https:\/\/www.paysdesecrins.com\/wp-content\/uploads\/2025\/07\/dsc08970-400x400.jpg 400w, https:\/\/www.paysdesecrins.com\/wp-content\/uploads\/2025\/07\/dsc08970-150x150.jpg 150w, https:\/\/www.paysdesecrins.com\/wp-content\/uploads\/2025\/07\/dsc08970-600x600.jpg 600w, https:\/\/www.paysdesecrins.com\/wp-content\/uploads\/2025\/07\/dsc08970-300x300.jpg 300w, https:\/\/www.paysdesecrins.com\/wp-content\/uploads\/2025\/07\/dsc08970-570x570.jpg 570w, https:\/\/www.paysdesecrins.com\/wp-content\/uploads\/2025\/07\/dsc08970-scaled-480x480.jpg 480w\" sizes=\"auto, (max-width: 400px) 100vw, 400px\" \/><\/div><\/div><div class=\"group-content\"><span class=\"field-title\">Lago di Roche-de-Rame<\/span><\/div><div class=\"field-link\"><a href=\"https:\/\/www.paysdesecrins.com\/it\/il-mio-desiderio-di\/44572-2\/lago-di-roche-de-rame\/\" class=\"cardlink\">Voir plus<\/a><\/div><\/div><\/div><div class=\"item\" data-season=\"all-seasons\"><div class=\"card card-child\"><div class=\"group-media\"><div class=\"field-image\"><img decoding=\"async\" width=\"400\" height=\"400\" src=\"https:\/\/www.paysdesecrins.com\/wp-content\/uploads\/2025\/08\/11613198-400x400.jpg\" class=\"winter all-seasons wp-post-image\" alt=\"\" loading=\"lazy\" data-season=\"all-seasons\" srcset=\"https:\/\/www.paysdesecrins.com\/wp-content\/uploads\/2025\/08\/11613198-400x400.jpg 400w, https:\/\/www.paysdesecrins.com\/wp-content\/uploads\/2025\/08\/11613198-150x150.jpg 150w, https:\/\/www.paysdesecrins.com\/wp-content\/uploads\/2025\/08\/11613198-600x600.jpg 600w, https:\/\/www.paysdesecrins.com\/wp-content\/uploads\/2025\/08\/11613198-300x300.jpg 300w, https:\/\/www.paysdesecrins.com\/wp-content\/uploads\/2025\/08\/11613198-570x570.jpg 570w\" sizes=\"auto, (max-width: 400px) 100vw, 400px\" \/><\/div><\/div><div class=\"group-content\"><span class=\"field-title\">Lago di Argenti\u00e8re-La-Bess\u00e9e<\/span><\/div><div class=\"field-link\"><a href=\"https:\/\/www.paysdesecrins.com\/it\/il-mio-desiderio-di\/44572-2\/lago-di-argentiere-la-bessee\/\" class=\"cardlink\">Voir plus<\/a><\/div><\/div><\/div><div class=\"item\" data-season=\"all-seasons\"><div class=\"card card-child\"><div class=\"group-media\"><div class=\"field-image\"><img decoding=\"async\" width=\"400\" height=\"400\" src=\"https:\/\/www.paysdesecrins.com\/wp-content\/uploads\/2025\/08\/yoga-400x400.jpg\" class=\"winter all-seasons wp-post-image\" alt=\"\" loading=\"lazy\" data-season=\"all-seasons\" srcset=\"https:\/\/www.paysdesecrins.com\/wp-content\/uploads\/2025\/08\/yoga-400x400.jpg 400w, https:\/\/www.paysdesecrins.com\/wp-content\/uploads\/2025\/08\/yoga-150x150.jpg 150w, https:\/\/www.paysdesecrins.com\/wp-content\/uploads\/2025\/08\/yoga-600x600.jpg 600w, https:\/\/www.paysdesecrins.com\/wp-content\/uploads\/2025\/08\/yoga-300x300.jpg 300w, https:\/\/www.paysdesecrins.com\/wp-content\/uploads\/2025\/08\/yoga-570x570.jpg 570w\" sizes=\"auto, (max-width: 400px) 100vw, 400px\" \/><\/div><\/div><div class=\"group-content\"><span class=\"field-title\">Benessere micro-parentesi<\/span><\/div><div class=\"field-link\"><a href=\"https:\/\/www.paysdesecrins.com\/it\/il-mio-desiderio-di\/44572-2\/benessere-micro-parentesi\/\" class=\"cardlink\">Voir plus<\/a><\/div><\/div><\/div><div class=\"item\" data-season=\"all-seasons\"><div class=\"card card-child\"><div class=\"group-media\"><div class=\"field-image\"><img decoding=\"async\" width=\"400\" height=\"400\" src=\"https:\/\/www.paysdesecrins.com\/wp-content\/uploads\/2026\/03\/dsc09231-400x400.jpg\" class=\"winter wp-post-image\" alt=\"\" loading=\"lazy\" data-season=\"winter\" srcset=\"https:\/\/www.paysdesecrins.com\/wp-content\/uploads\/2026\/03\/dsc09231-400x400.jpg 400w, https:\/\/www.paysdesecrins.com\/wp-content\/uploads\/2026\/03\/dsc09231-150x150.jpg 150w, https:\/\/www.paysdesecrins.com\/wp-content\/uploads\/2026\/03\/dsc09231-600x600.jpg 600w, https:\/\/www.paysdesecrins.com\/wp-content\/uploads\/2026\/03\/dsc09231-300x300.jpg 300w, https:\/\/www.paysdesecrins.com\/wp-content\/uploads\/2026\/03\/dsc09231-570x570.jpg 570w, https:\/\/www.paysdesecrins.com\/wp-content\/uploads\/2026\/03\/dsc09231-480x480.jpg 480w\" sizes=\"auto, (max-width: 400px) 100vw, 400px\" \/><img loading=\"lazy\" decoding=\"async\" width=\"400\" height=\"400\" src=\"https:\/\/www.paysdesecrins.com\/wp-content\/uploads\/2025\/07\/3bien-etre-sylvotherapie-maximelopez-refuge-du-sele-22072023-02-400x400.webp\" class=\"vivaldi-thumb summer\" alt=\"\" data-season=\"summer\" srcset=\"https:\/\/www.paysdesecrins.com\/wp-content\/uploads\/2025\/07\/3bien-etre-sylvotherapie-maximelopez-refuge-du-sele-22072023-02-400x400.webp 400w, https:\/\/www.paysdesecrins.com\/wp-content\/uploads\/2025\/07\/3bien-etre-sylvotherapie-maximelopez-refuge-du-sele-22072023-02-150x150.webp 150w, https:\/\/www.paysdesecrins.com\/wp-content\/uploads\/2025\/07\/3bien-etre-sylvotherapie-maximelopez-refuge-du-sele-22072023-02-600x600.webp 600w, https:\/\/www.paysdesecrins.com\/wp-content\/uploads\/2025\/07\/3bien-etre-sylvotherapie-maximelopez-refuge-du-sele-22072023-02-300x300.webp 300w, https:\/\/www.paysdesecrins.com\/wp-content\/uploads\/2025\/07\/3bien-etre-sylvotherapie-maximelopez-refuge-du-sele-22072023-02-570x570.webp 570w, https:\/\/www.paysdesecrins.com\/wp-content\/uploads\/2025\/07\/3bien-etre-sylvotherapie-maximelopez-refuge-du-sele-22072023-02-scaled-480x480.webp 480w\" sizes=\"auto, (max-width: 400px) 100vw, 400px\" \/><\/div><\/div><div class=\"group-content\"><span class=\"field-title\">Avventura, benessere e ringiovanimento<\/span><\/div><div class=\"field-link\"><a href=\"https:\/\/www.paysdesecrins.com\/it\/il-mio-desiderio-di\/44572-2\/avventura-benessere-e-ringiovanimento\/\" class=\"cardlink\">Voir plus<\/a><\/div><\/div><\/div><\/div><\/div>\n<div class=\"wp-block-ws-library-ws-slider alignfull\"><div class=\"splide\" data-splide=\"{\"type\":\"slide\",\"heightRatio\":\"auto\",\"perPage\":4,\"perMove\":1,\"drag\":true,\"pagination\":0,\"autoplay\":false,\"gap\":\"15px\",\"breakpoints\":{\"450\":{\"perPage\":1},\"768\":{\"perPage\":2},\"992\":{\"perPage\":3},\"1200\":{\"perPage\":4}}}\"><div class=\"splide__track\"><div class=\"splide__list\"><div class=\"splide__slide\"><a href=\"https:\/\/www.paysdesecrins.com\/wp-content\/uploads\/2025\/07\/img-6208-scaled.jpg\" data-glightbox=\"true\" class=\"lightbox-trigger\"><img decoding=\"async\" src=\"https:\/\/www.paysdesecrins.com\/wp-content\/uploads\/2025\/07\/img-6208-400x400.jpg\" alt=\"\"><\/a><\/div><div class=\"splide__slide\"><a href=\"https:\/\/www.paysdesecrins.com\/wp-content\/uploads\/2025\/07\/ailefroide-ailechaude-104-1-scaled.jpg\" data-glightbox=\"true\" class=\"lightbox-trigger\"><img decoding=\"async\" src=\"https:\/\/www.paysdesecrins.com\/wp-content\/uploads\/2025\/07\/ailefroide-ailechaude-104-1-400x400.jpg\" alt=\"\"><\/a><\/div><div class=\"splide__slide\"><a href=\"https:\/\/www.paysdesecrins.com\/wp-content\/uploads\/2025\/07\/img-5904-scaled.jpg\" data-glightbox=\"true\" class=\"lightbox-trigger\"><img decoding=\"async\" src=\"https:\/\/www.paysdesecrins.com\/wp-content\/uploads\/2025\/07\/img-5904-400x400.jpg\" alt=\"\"><\/a><\/div><div class=\"splide__slide\"><a href=\"https:\/\/www.paysdesecrins.com\/wp-content\/uploads\/2025\/07\/img-0066-scaled.jpg\" data-glightbox=\"true\" class=\"lightbox-trigger\"><img decoding=\"async\" src=\"https:\/\/www.paysdesecrins.com\/wp-content\/uploads\/2025\/07\/img-0066-400x400.jpg\" alt=\"\"><\/a><\/div><div class=\"splide__slide\"><a href=\"https:\/\/www.paysdesecrins.com\/wp-content\/uploads\/2025\/07\/08-29-24-la-parenthese-en-ecrins-65-scaled.jpg\" data-glightbox=\"true\" class=\"lightbox-trigger\"><img decoding=\"async\" src=\"https:\/\/www.paysdesecrins.com\/wp-content\/uploads\/2025\/07\/08-29-24-la-parenthese-en-ecrins-65-400x400.jpg\" alt=\"\"><\/a><\/div><div class=\"splide__slide\"><a href=\"https:\/\/www.paysdesecrins.com\/wp-content\/uploads\/2025\/07\/img-5939-scaled.jpg\" data-glightbox=\"true\" class=\"lightbox-trigger\"><img decoding=\"async\" src=\"https:\/\/www.paysdesecrins.com\/wp-content\/uploads\/2025\/07\/img-5939-400x400.jpg\" alt=\"\"><\/a><\/div><\/div><\/div><\/div><\/div>\n","protected":false},"excerpt":{"rendered":"<p>Qui rallentiamo. Che tu venga per riposare, respirare, concentrarti o semplicemente fare una vera pausa, adorerai il dolce spirito di [&hellip;]<\/p>\n","protected":false},"author":1,"featured_media":71855,"parent":44580,"menu_order":0,"comment_status":"closed","ping_status":"closed","template":"","meta":{"_thumbnail_id_2":0,"summer_excerpt":"","season":"","station":"","footnotes":""},"class_list":["post-44572","page","type-page","status-publish","has-post-thumbnail","hentry"],"yoast_head":"<!-- This site is optimized with the Yoast SEO plugin v27.3 - https:\/\/yoast.com\/product\/yoast-seo-wordpress\/ -->\n<title>La mia voglia di Relax - Pays des \u00c9crins - Office de Tourisme<\/title>\n<meta name=\"robots\" content=\"index, follow, max-snippet:-1, max-image-preview:large, max-video-preview:-1\" \/>\n<link rel=\"canonical\" href=\"https:\/\/www.paysdesecrins.com\/it\/il-mio-desiderio-di\/44572-2\/\" \/>\n<meta property=\"og:locale\" content=\"it_IT\" \/>\n<meta property=\"og:type\" content=\"article\" \/>\n<meta property=\"og:title\" content=\"La mia voglia di Relax - Pays des \u00c9crins - Office de Tourisme\" \/>\n<meta property=\"og:description\" content=\"Qui rallentiamo. Che tu venga per riposare, respirare, concentrarti o semplicemente fare una vera pausa, adorerai il dolce spirito di [&hellip;]\" \/>\n<meta property=\"og:url\" content=\"https:\/\/www.paysdesecrins.com\/it\/il-mio-desiderio-di\/44572-2\/\" \/>\n<meta property=\"og:site_name\" content=\"Pays des \u00c9crins - Office de Tourisme\" \/>\n<meta property=\"article:modified_time\" content=\"2025-08-11T12:17:13+00:00\" \/>\n<meta property=\"og:image\" content=\"https:\/\/www.paysdesecrins.com\/wp-content\/uploads\/2025\/08\/07-15-24-yoga-52-scaled.jpg\" \/>\n\t<meta property=\"og:image:width\" content=\"2560\" \/>\n\t<meta property=\"og:image:height\" content=\"1707\" \/>\n\t<meta property=\"og:image:type\" content=\"image\/jpeg\" \/>\n<meta name=\"twitter:card\" content=\"summary_large_image\" \/>\n<meta name=\"twitter:label1\" content=\"Tempo di lettura stimato\" \/>\n\t<meta name=\"twitter:data1\" content=\"5 minuti\" \/>\n<script type=\"application\/ld+json\" class=\"yoast-schema-graph\">{\"@context\":\"https:\\\/\\\/schema.org\",\"@graph\":[{\"@type\":\"WebPage\",\"@id\":\"https:\\\/\\\/www.paysdesecrins.com\\\/it\\\/il-mio-desiderio-di\\\/44572-2\\\/\",\"url\":\"https:\\\/\\\/www.paysdesecrins.com\\\/it\\\/il-mio-desiderio-di\\\/44572-2\\\/\",\"name\":\"La mia voglia di Relax - Pays des \u00c9crins - Office de Tourisme\",\"isPartOf\":{\"@id\":\"https:\\\/\\\/www.paysdesecrins.com\\\/it\\\/#website\"},\"primaryImageOfPage\":{\"@id\":\"https:\\\/\\\/www.paysdesecrins.com\\\/it\\\/il-mio-desiderio-di\\\/44572-2\\\/#primaryimage\"},\"image\":{\"@id\":\"https:\\\/\\\/www.paysdesecrins.com\\\/it\\\/il-mio-desiderio-di\\\/44572-2\\\/#primaryimage\"},\"thumbnailUrl\":\"https:\\\/\\\/www.paysdesecrins.com\\\/wp-content\\\/uploads\\\/2025\\\/08\\\/07-15-24-yoga-52-scaled.jpg\",\"datePublished\":\"2025-06-25T13:44:50+00:00\",\"dateModified\":\"2025-08-11T12:17:13+00:00\",\"breadcrumb\":{\"@id\":\"https:\\\/\\\/www.paysdesecrins.com\\\/it\\\/il-mio-desiderio-di\\\/44572-2\\\/#breadcrumb\"},\"inLanguage\":\"it-IT\",\"potentialAction\":[{\"@type\":\"ReadAction\",\"target\":[\"https:\\\/\\\/www.paysdesecrins.com\\\/it\\\/il-mio-desiderio-di\\\/44572-2\\\/\"]}]},{\"@type\":\"ImageObject\",\"inLanguage\":\"it-IT\",\"@id\":\"https:\\\/\\\/www.paysdesecrins.com\\\/it\\\/il-mio-desiderio-di\\\/44572-2\\\/#primaryimage\",\"url\":\"https:\\\/\\\/www.paysdesecrins.com\\\/wp-content\\\/uploads\\\/2025\\\/08\\\/07-15-24-yoga-52-scaled.jpg\",\"contentUrl\":\"https:\\\/\\\/www.paysdesecrins.com\\\/wp-content\\\/uploads\\\/2025\\\/08\\\/07-15-24-yoga-52-scaled.jpg\",\"width\":2560,\"height\":1707},{\"@type\":\"BreadcrumbList\",\"@id\":\"https:\\\/\\\/www.paysdesecrins.com\\\/it\\\/il-mio-desiderio-di\\\/44572-2\\\/#breadcrumb\",\"itemListElement\":[{\"@type\":\"ListItem\",\"position\":1,\"name\":\"Accueil\",\"item\":\"https:\\\/\\\/www.paysdesecrins.com\\\/it\\\/il-titolo-della-casa\\\/\"},{\"@type\":\"ListItem\",\"position\":2,\"name\":\"Il mio desiderio di\",\"item\":\"https:\\\/\\\/www.paysdesecrins.com\\\/it\\\/il-mio-desiderio-di\\\/\"},{\"@type\":\"ListItem\",\"position\":3,\"name\":\"La mia voglia di Relax\"}]},{\"@type\":\"WebSite\",\"@id\":\"https:\\\/\\\/www.paysdesecrins.com\\\/it\\\/#website\",\"url\":\"https:\\\/\\\/www.paysdesecrins.com\\\/it\\\/\",\"name\":\"Pays des \u00c9crins - Office de Tourisme\",\"description\":\"L&#039;esprit montagne\",\"publisher\":{\"@id\":\"https:\\\/\\\/www.paysdesecrins.com\\\/it\\\/#organization\"},\"potentialAction\":[{\"@type\":\"SearchAction\",\"target\":{\"@type\":\"EntryPoint\",\"urlTemplate\":\"https:\\\/\\\/www.paysdesecrins.com\\\/it\\\/?s={search_term_string}\"},\"query-input\":{\"@type\":\"PropertyValueSpecification\",\"valueRequired\":true,\"valueName\":\"search_term_string\"}}],\"inLanguage\":\"it-IT\"},{\"@type\":\"Organization\",\"@id\":\"https:\\\/\\\/www.paysdesecrins.com\\\/it\\\/#organization\",\"name\":\"Pays des \u00c9crins - Office de Tourisme\",\"url\":\"https:\\\/\\\/www.paysdesecrins.com\\\/it\\\/\",\"logo\":{\"@type\":\"ImageObject\",\"inLanguage\":\"it-IT\",\"@id\":\"https:\\\/\\\/www.paysdesecrins.com\\\/it\\\/#\\\/schema\\\/logo\\\/image\\\/\",\"url\":\"https:\\\/\\\/www.paysdesecrins.com\\\/wp-content\\\/uploads\\\/2025\\\/06\\\/devina-svg-1750845694.svg\",\"contentUrl\":\"https:\\\/\\\/www.paysdesecrins.com\\\/wp-content\\\/uploads\\\/2025\\\/06\\\/devina-svg-1750845694.svg\",\"caption\":\"Pays des \u00c9crins - Office de Tourisme\"},\"image\":{\"@id\":\"https:\\\/\\\/www.paysdesecrins.com\\\/it\\\/#\\\/schema\\\/logo\\\/image\\\/\"}}]}<\/script>\n<!-- \/ Yoast SEO plugin. -->","yoast_head_json":{"title":"La mia voglia di Relax - Pays des \u00c9crins - Office de Tourisme","robots":{"index":"index","follow":"follow","max-snippet":"max-snippet:-1","max-image-preview":"max-image-preview:large","max-video-preview":"max-video-preview:-1"},"canonical":"https:\/\/www.paysdesecrins.com\/it\/il-mio-desiderio-di\/44572-2\/","og_locale":"it_IT","og_type":"article","og_title":"La mia voglia di Relax - Pays des \u00c9crins - Office de Tourisme","og_description":"Qui rallentiamo. Che tu venga per riposare, respirare, concentrarti o semplicemente fare una vera pausa, adorerai il dolce spirito di [&hellip;]","og_url":"https:\/\/www.paysdesecrins.com\/it\/il-mio-desiderio-di\/44572-2\/","og_site_name":"Pays des \u00c9crins - Office de Tourisme","article_modified_time":"2025-08-11T12:17:13+00:00","og_image":[{"width":2560,"height":1707,"url":"https:\/\/www.paysdesecrins.com\/wp-content\/uploads\/2025\/08\/07-15-24-yoga-52-scaled.jpg","type":"image\/jpeg"}],"twitter_card":"summary_large_image","twitter_misc":{"Tempo di lettura stimato":"5 minuti"},"schema":{"@context":"https:\/\/schema.org","@graph":[{"@type":"WebPage","@id":"https:\/\/www.paysdesecrins.com\/it\/il-mio-desiderio-di\/44572-2\/","url":"https:\/\/www.paysdesecrins.com\/it\/il-mio-desiderio-di\/44572-2\/","name":"La mia voglia di Relax - Pays des \u00c9crins - Office de Tourisme","isPartOf":{"@id":"https:\/\/www.paysdesecrins.com\/it\/#website"},"primaryImageOfPage":{"@id":"https:\/\/www.paysdesecrins.com\/it\/il-mio-desiderio-di\/44572-2\/#primaryimage"},"image":{"@id":"https:\/\/www.paysdesecrins.com\/it\/il-mio-desiderio-di\/44572-2\/#primaryimage"},"thumbnailUrl":"https:\/\/www.paysdesecrins.com\/wp-content\/uploads\/2025\/08\/07-15-24-yoga-52-scaled.jpg","datePublished":"2025-06-25T13:44:50+00:00","dateModified":"2025-08-11T12:17:13+00:00","breadcrumb":{"@id":"https:\/\/www.paysdesecrins.com\/it\/il-mio-desiderio-di\/44572-2\/#breadcrumb"},"inLanguage":"it-IT","potentialAction":[{"@type":"ReadAction","target":["https:\/\/www.paysdesecrins.com\/it\/il-mio-desiderio-di\/44572-2\/"]}]},{"@type":"ImageObject","inLanguage":"it-IT","@id":"https:\/\/www.paysdesecrins.com\/it\/il-mio-desiderio-di\/44572-2\/#primaryimage","url":"https:\/\/www.paysdesecrins.com\/wp-content\/uploads\/2025\/08\/07-15-24-yoga-52-scaled.jpg","contentUrl":"https:\/\/www.paysdesecrins.com\/wp-content\/uploads\/2025\/08\/07-15-24-yoga-52-scaled.jpg","width":2560,"height":1707},{"@type":"BreadcrumbList","@id":"https:\/\/www.paysdesecrins.com\/it\/il-mio-desiderio-di\/44572-2\/#breadcrumb","itemListElement":[{"@type":"ListItem","position":1,"name":"Accueil","item":"https:\/\/www.paysdesecrins.com\/it\/il-titolo-della-casa\/"},{"@type":"ListItem","position":2,"name":"Il mio desiderio di","item":"https:\/\/www.paysdesecrins.com\/it\/il-mio-desiderio-di\/"},{"@type":"ListItem","position":3,"name":"La mia voglia di Relax"}]},{"@type":"WebSite","@id":"https:\/\/www.paysdesecrins.com\/it\/#website","url":"https:\/\/www.paysdesecrins.com\/it\/","name":"Pays des \u00c9crins - Office de Tourisme","description":"L&#039;esprit montagne","publisher":{"@id":"https:\/\/www.paysdesecrins.com\/it\/#organization"},"potentialAction":[{"@type":"SearchAction","target":{"@type":"EntryPoint","urlTemplate":"https:\/\/www.paysdesecrins.com\/it\/?s={search_term_string}"},"query-input":{"@type":"PropertyValueSpecification","valueRequired":true,"valueName":"search_term_string"}}],"inLanguage":"it-IT"},{"@type":"Organization","@id":"https:\/\/www.paysdesecrins.com\/it\/#organization","name":"Pays des \u00c9crins - Office de Tourisme","url":"https:\/\/www.paysdesecrins.com\/it\/","logo":{"@type":"ImageObject","inLanguage":"it-IT","@id":"https:\/\/www.paysdesecrins.com\/it\/#\/schema\/logo\/image\/","url":"https:\/\/www.paysdesecrins.com\/wp-content\/uploads\/2025\/06\/devina-svg-1750845694.svg","contentUrl":"https:\/\/www.paysdesecrins.com\/wp-content\/uploads\/2025\/06\/devina-svg-1750845694.svg","caption":"Pays des \u00c9crins - Office de Tourisme"},"image":{"@id":"https:\/\/www.paysdesecrins.com\/it\/#\/schema\/logo\/image\/"}}]}},"_links":{"self":[{"href":"https:\/\/www.paysdesecrins.com\/it\/wp-json\/wp\/v2\/pages\/44572","targetHints":{"allow":["GET"]}}],"collection":[{"href":"https:\/\/www.paysdesecrins.com\/it\/wp-json\/wp\/v2\/pages"}],"about":[{"href":"https:\/\/www.paysdesecrins.com\/it\/wp-json\/wp\/v2\/types\/page"}],"author":[{"embeddable":true,"href":"https:\/\/www.paysdesecrins.com\/it\/wp-json\/wp\/v2\/users\/1"}],"replies":[{"embeddable":true,"href":"https:\/\/www.paysdesecrins.com\/it\/wp-json\/wp\/v2\/comments?post=44572"}],"version-history":[{"count":0,"href":"https:\/\/www.paysdesecrins.com\/it\/wp-json\/wp\/v2\/pages\/44572\/revisions"}],"up":[{"embeddable":true,"href":"https:\/\/www.paysdesecrins.com\/it\/wp-json\/wp\/v2\/pages\/44580"}],"wp:featuredmedia":[{"embeddable":true,"href":"https:\/\/www.paysdesecrins.com\/it\/wp-json\/wp\/v2\/media\/71855"}],"wp:attachment":[{"href":"https:\/\/www.paysdesecrins.com\/it\/wp-json\/wp\/v2\/media?parent=44572"}],"curies":[{"name":"wp","href":"https:\/\/api.w.org\/{rel}","templated":true}]}}