{"id":44584,"date":"2025-06-25T11:49:09","date_gmt":"2025-06-25T09:49:09","guid":{"rendered":"https:\/\/www.paysdesecrins.com\/il-titolo-della-casa\/"},"modified":"2026-03-04T14:29:38","modified_gmt":"2026-03-04T13:29:38","slug":"il-titolo-della-casa","status":"publish","type":"page","link":"https:\/\/www.paysdesecrins.com\/it\/","title":{"rendered":"Lo spirito della montagna"},"content":{"rendered":"    <div class=\"alignfull alignfull wp-block-ws-library-ws-header-principal\" data-season=\"summer\">\n\t    <div class=\"header-container\">\n\t        <div class=\"group-media has-image\">\n\t            \t                <img loading=\"lazy\" decoding=\"async\" width=\"1920\" height=\"800\" src=\"https:\/\/www.paysdesecrins.com\/wp-content\/uploads\/2026\/03\/bivouac-et-trail-aux-lacs-escurs-et-lac-de-l-ascension-147-1920x800.jpg\" alt=\"\" class=\"image_large_square wp-image-199634\" \/>\n\t            \t        <\/div>\n\t        <div class=\"group-content\">\n\t            <div class=\"mountains\">\n\t                <div class=\"town-list\">\n\t                    <a class=\"town-link\" href=\"https:\/\/www.paysdesecrins.com\/ma-station-mon-village\/freissinieres-dormillouse\/\">Freissini\u00e8res<\/a>\n\t                    <a class=\"town-link\" href=\"https:\/\/www.paysdesecrins.com\/ma-station-mon-village\/pelvoux-vallouise-ailefroide\/\">Vallouise-Pelvoux<\/a>\n\t                    <a class=\"town-link\" href=\"https:\/\/www.paysdesecrins.com\/ma-station-mon-village\/puy-saint-vincent\/\">Puy-Saint-Vincent<\/a>\n\t                <\/div>\n    \t            <svg xmlns=\"http:\/\/www.w3.org\/2000\/svg\" width=\"933.14\" height=\"140.345\" viewBox=\"0 0 933.14 140.345\">\n                        <g id=\"mountains-home-station\" transform=\"translate(0.34 -8.606)\">\n                            <path id=\"Trac\u00e9_2\" data-name=\"Trac\u00e9 2\" d=\"M932.8,135.34a87.887,87.887,0,0,1-14.54-.74,9.2,9.2,0,0,1-3.23-.75,12.225,12.225,0,0,1-2.42-2.24c-.81-.24-1.6-.53-2.42-.74-1.07-.28-2.18-.42-3.23-.75-1.38-.42-2.69-.99-4.04-1.49l-.53.14c-1.34,1.75-2.11,4.06-4.03,5.26-.92.57-2.39-.08-3.23-.75-1.46-1.19-1.71-3.38-3.23-4.51l-4.03-3c-1.57-4.38.42-.35-3.23-3.75-4.32-4.01,1.68-.52-4.03-5.25a16.838,16.838,0,0,0-7.26-3.75c-2.67-.57-5.38-1-8.06-1.5-5.07-3.54-5.74-2.96-8.06-6.75a22.85,22.85,0,0,1-1.61-3c-.63-1.47-1.61-4.5-1.61-4.5a57.608,57.608,0,0,0-6.45.75c-7.29,1.69.02.73-4.84,3.75-.92.57-2.15.5-3.22.75-1.88-.25-4.04.2-5.65-.75-1.63-.97-2.15-3-3.22-4.5l-1.62-2.26c-1.34.75-2.47,2.06-4.03,2.26a24.686,24.686,0,0,1-8.06-.75c-1.31-.29-4.16-3-4.84-3.76-.62-.69-.93-1.61-1.61-2.25a16.072,16.072,0,0,0-2.42-1.5c-1.08,1-1.8,2.51-3.23,3-1.04.37-2.25-.25-3.22-.75-13.72-6.96,3.35-.17-12.1-9.75a25.8,25.8,0,0,1-2.42-1.5,18.478,18.478,0,0,1-2.42-2.25c-.62-.69-.71-1.93-1.61-2.25-2.81-1-5.92-1-8.87-1.5-1.62-1-3.18-2.07-4.84-3a21.227,21.227,0,0,0-5.65-2.25c-.53,1-.47,2.64-1.61,3s-2.31-.77-3.23-1.5c-1.02-.82-1.46-2.12-2.41-3a28.188,28.188,0,0,0-3.23-2.25c-3.2-8.94-.35-3.45-2.42-.75-.7.91-2.15,1-3.23,1.5-2.37-1.66-3.77-2.42-5.64-4.51-3.36-3.75.4-1-4.03-3.75-.41-1.13-.91-4.06-3.23-3.75-1.33.18-2.06,1.63-3.22,2.25-1.34.71-5.43,1.31-6.46,1.5-.8.75-1.28,2.12-2.41,2.25-1.44.17-2.68-1.02-4.04-1.5-.79-.27-1.61-.5-2.42-.75-.87,1.36-3.4,5.57-4.83,6.76a44.018,44.018,0,0,1-4.84,3,26.3,26.3,0,0,1-2.42,1.5,44.452,44.452,0,0,0-4.84,2.25c-6.04,3.74.91,1.21-4.84,3a25.868,25.868,0,0,1-2.42-2.25c-1.19-1.43-2.06-3.06-3.23-4.5l-2.41-3c-1-2.77-.94-3.17-3.23-6.01-.68-.84-1.76-1.38-2.42-2.25-3.18-4.14.19-2.82-4.84-7.5-3.1-2.89-1.78-1.37-4.03-4.5-1.34.25-2.84.12-4.03.75-.84.45-.88,1.66-1.62,2.25-1.19.95-2.77,1.38-4.03,2.25-.91.64-1.54,1.57-2.42,2.25-.74.58-1.67.93-2.42,1.5a19.141,19.141,0,0,0-2.42,2.25c-.62.7-.85,1.69-1.61,2.25a7.605,7.605,0,0,1-2.42.75c-3.3-4.6-.93-2.88-8.06,3.76l-3.23,3c-.37.85-1.88,5.12-3.22,6-7.64,4.97-4.54.87-9.68,5.25-2.24,1.91-4.3,4-6.45,6-2.2,2.05-5.01,5.06-8.07,6l-4.83,1.5c-.81.75-1.69,1.44-2.42,2.25-.62.7-.97,1.58-1.62,2.25l-8.06,7.51a17.163,17.163,0,0,1-2.42,2.25,25.791,25.791,0,0,0-2.42,1.5c-4.03,3.12-.59,1.68-4.84,3a16.753,16.753,0,0,0-2.42,2.25c-.47.66-.25,1.65-.8,2.25-4.49,4.86-3.8,1.28-8.88,6-7.94,7.39-4.41,4.99-9.67,8.25a13.39,13.39,0,0,1-1.62,2.25c-6.34,5.91,1.77-3.62-4.83,3.76-.62.69-.93,1.61-1.62,2.25s-1.68.91-2.42,1.5c-6.84,5.45-.09,1.05-5.64,4.5a23.607,23.607,0,0,1-1.61,2.25c-2.61,2.83-2.8,2.73-5.65,4.5a20.549,20.549,0,0,1-1.61-2.25c-1.58-2.93-1.33-8.25-1.61-10.5a45.586,45.586,0,0,0-.81-4.5c-.81-3.4-.68-1.27-2.42-4.51-.38-.7-.39-1.56-.81-2.25-.66-1.08-1.67-1.96-2.42-3-4-5.59-.58-2.04-4.83-6-1.73-4.82-.34-1.59-5.65-9a10.114,10.114,0,0,1-1.61-2.25,9.146,9.146,0,0,0-.81-2.25c-1.44-2.11-3.35-3.92-4.84-6.01-3.69-5.15-1.38-3.93-5.64-5.25-2.15,1.5-4.22,3.12-6.45,4.5l-4.84,3.01a14.448,14.448,0,0,0-2.42,1.5c-1.46,1.35-2.88,2.96-4.84,3.75a22.981,22.981,0,0,1-3.23.75c-5.76-8.05,3.22,4.16-4.03-4.5-1.19-1.43-1.49-3.7-3.22-4.51a19.812,19.812,0,0,1-3.23-1.5c-1.22-.84-2.07-2.08-3.23-3a24.55,24.55,0,0,0-2.42-1.5,7.891,7.891,0,0,0-2.41.75c-.76.57-.66,2.14-1.62,2.25-2.42.29-5.32-1.8-7.26-3-.71.51-3.96,3.26-5.64,3-.96-.14-1.61-1-2.42-1.5a23.312,23.312,0,0,0-3.23.75c-.89.36-1.55,1.1-2.41,1.5a18.323,18.323,0,0,1-2.42.75,25.789,25.789,0,0,1-2.42-1.5c-.88-.68-1.29-2.12-2.42-2.25-1.44-.16-2.69,1-4.03,1.5-1.01.94-2.84,3.31-4.84,3-.96-.14-1.62-1-2.42-1.5l-10.49,3.76c-1.35.48-2.68,1-4.03,1.5l-4.03,1.5c-8.3,7.72,3.4-3.64-4.03,5.25-1.17,1.39-2.76,2.43-4.03,3.75-1.16,1.19-2.01,2.62-3.23,3.75-2.91,2.7-2.9,1.62-5.65,3.75-3.45,2.68-1.63,1.94-4.83,5.25-1.53,1.58-4.84,4.5-4.84,4.5-3.76-1.16-1.84.14-3.23-3.75-.46-1.28-1.15-2.47-1.61-3.75a24.165,24.165,0,0,1-.81-3c-.67-3.12-1.09-6.63-1.61-9.75-.25-1.51.35-3.43-.81-4.5s-3.24-.41-4.84-.75c-2.98-.66-5.91-1.5-8.87-2.25-.27-1,.26-2.72-.8-3.01-1.64-.43-3.43.63-4.84,1.51-1.61,1-3.47,1.72-4.84,3a31.607,31.607,0,0,1-3.23,3,31.528,31.528,0,0,1-3.22,1.5c-.84.44-1.61,1-2.42,1.5a9.122,9.122,0,0,1-1.61,2.25c-.67.49-1.64.44-2.42.75-6.98,2.78.03.49-5.65,2.25-1.78-2.48-.96-2.34-4.03-3-2.67-.58-8.06-1.5-8.06-1.5-.81-1-2.22-1.77-2.42-3-.37-2.24.8-4.49.8-6.75a7.366,7.366,0,0,0-.8-2.26,7.4,7.4,0,0,0,.8-2.25c0-2.41-1.37-2.6-3.22-3.75-.27-1.75.2-3.75-.81-5.25-.59-.87-2.52.04-3.23-.75-.87-.98-.37-2.54-.8-3.75a9.08,9.08,0,0,0-1.61-3c-1.44-1.6-2.99-1.51-4.84-2.25-6.98-2.78.03-.49-5.65-2.25-1.24-1.73-1.43-3-4.03-3-3.68,0-9.02,2.04-12.1,3l-2.42.75a12.8,12.8,0,0,1-2.42.75l-14.51,1.5a17.166,17.166,0,0,1-2.42,2.25,5.958,5.958,0,0,1-2.42.75c-3.48.4-6.99.5-10.48.75a45.578,45.578,0,0,0-5.65,1.5c-5.76,3.58,1.18,1.41-5.64,3-5.37,3.33.48.21-10.49,2.25a29.616,29.616,0,0,0-4.03,1.5c-.8.28-1.61.5-2.42.75-.27-1,.25-2.69-.81-3-3.85-1.12-8.07-.39-12.09-.75-11.53-1.02-.25-.19-7.26-1.5-1.86-.35-3.76-.5-5.64-.75-4.84.5-9.9.07-14.52,1.5-2.16.67-2.6,4.09-4.84,4.5-5.12.95-2.7.44-7.26,1.5a26.862,26.862,0,0,1-3.22,3c-.69.46-1.66.4-2.42.75a72.192,72.192,0,0,0-6.45,3.75,13.47,13.47,0,0,1-1.62,2.26c-.68.63-1.9.73-2.42,1.5-.9,1.34-1.07,3-1.61,4.5-.81,2.25-.68,2.56-2.42,4.5a18.478,18.478,0,0,1-2.42,2.25c-.74.58-1.63.98-2.42,1.5-1.09.73-2.2,1.44-3.22,2.25-9.25,7.37,3.43-2.44-4.03,4.5-2.45,2.27-2.88,2.14-5.65,3-.81-1-1.22-2.44-2.42-3-.95-.44-4.43,2-4.84,2.25-.27-1.25-.04-2.69-.8-3.75a3.025,3.025,0,0,0-2.42-.75,70.866,70.866,0,0,0-7.26.75,21.546,21.546,0,0,0-1.61,2.25c-1.56,2.9-1.38,3.41-2.42,6a42.764,42.764,0,0,1-3.23,6.76c-.27-1.25-.05-2.69-.81-3.76a2.49,2.49,0,0,0-2.41-.75c-2.32.59-4.12,2.46-6.46,3.01-7.78,1.8-4.27,1.09-10.48,2.25a12.693,12.693,0,0,0-2.42,2.25c-.85,1.38-1.61,8.95-1.61,9-.54-.75-.81-1.75-1.62-2.25-.92-.57-2.16-.47-3.22-.75-.82-.22-1.61-.5-2.42-.75-.54-1.25-.48-2.91-1.61-3.75-.67-.5-1.6.53-2.42.75-1.07.28-2.15.5-3.23.75-5.22-1.62-1.74-.94-11.29.75l-8.06,1.5c-.63-.3-4.46-2.25-5.65-2.25a15.83,15.83,0,0,0-3.22.75c-1.34.27-2.7.46-4.04.75-2.16.46-4.3,1-6.45,1.5-1.07.25-2.14.55-3.22.75-1.35.25-2.71.44-4.03.75-6.15,1.43,1.89.1-5.65,1.5-1.6.3-3.23.5-4.84.75a16.271,16.271,0,0,1-2.42,1.5c-4.72,1.88-2.05-.34-4.03,1.5\" transform=\"translate(0)\" fill=\"none\" stroke=\"#fff\" stroke-miterlimit=\"10\" stroke-width=\"1\"\/>\n                        <\/g>\n                    <\/svg>\n                <\/div>\n\t            <h1 class=\"title\">\n                    <div class=\"part-1\">\n\t                    L&#039;esprit                    <\/div>\n                                            <div class=\"part-2\">\n\t                        montagne                        <\/div>\n                    \t            <\/h1>\n\t        <\/div>\n\t    <\/div>\n\t        <\/div>\n        <div class=\"alignfull alignfull wp-block-ws-library-ws-header-principal\" data-season=\"winter\">\n\t    <div class=\"header-container\">\n\t        <div class=\"group-media has-image\">\n\t            \t                <img loading=\"lazy\" decoding=\"async\" width=\"1920\" height=\"800\" src=\"https:\/\/www.paysdesecrins.com\/wp-content\/uploads\/2025\/06\/dsc05734-2-scaled-1920x800.jpg\" alt=\"\" class=\"image_large_square wp-image-26\" \/>\n\t            \t        <\/div>\n\t        <div class=\"group-content\">\n\t            <div class=\"mountains\">\n\t                <div class=\"town-list\">\n\t                    <a class=\"town-link\" href=\"https:\/\/www.paysdesecrins.com\/ma-station-mon-village\/freissinieres-dormillouse\/\">Freissini\u00e8res<\/a>\n\t                    <a class=\"town-link\" href=\"https:\/\/www.paysdesecrins.com\/ma-station-mon-village\/pelvoux-vallouise-ailefroide\/\">Vallouise-Pelvoux<\/a>\n\t                    <a class=\"town-link\" href=\"https:\/\/www.paysdesecrins.com\/ma-station-mon-village\/puy-saint-vincent\/\">Puy-Saint-Vincent<\/a>\n\t                <\/div>\n    \t            <svg xmlns=\"http:\/\/www.w3.org\/2000\/svg\" width=\"933.14\" height=\"140.345\" viewBox=\"0 0 933.14 140.345\">\n                        <g id=\"mountains-home-station\" transform=\"translate(0.34 -8.606)\">\n                            <path id=\"Trac\u00e9_2\" data-name=\"Trac\u00e9 2\" d=\"M932.8,135.34a87.887,87.887,0,0,1-14.54-.74,9.2,9.2,0,0,1-3.23-.75,12.225,12.225,0,0,1-2.42-2.24c-.81-.24-1.6-.53-2.42-.74-1.07-.28-2.18-.42-3.23-.75-1.38-.42-2.69-.99-4.04-1.49l-.53.14c-1.34,1.75-2.11,4.06-4.03,5.26-.92.57-2.39-.08-3.23-.75-1.46-1.19-1.71-3.38-3.23-4.51l-4.03-3c-1.57-4.38.42-.35-3.23-3.75-4.32-4.01,1.68-.52-4.03-5.25a16.838,16.838,0,0,0-7.26-3.75c-2.67-.57-5.38-1-8.06-1.5-5.07-3.54-5.74-2.96-8.06-6.75a22.85,22.85,0,0,1-1.61-3c-.63-1.47-1.61-4.5-1.61-4.5a57.608,57.608,0,0,0-6.45.75c-7.29,1.69.02.73-4.84,3.75-.92.57-2.15.5-3.22.75-1.88-.25-4.04.2-5.65-.75-1.63-.97-2.15-3-3.22-4.5l-1.62-2.26c-1.34.75-2.47,2.06-4.03,2.26a24.686,24.686,0,0,1-8.06-.75c-1.31-.29-4.16-3-4.84-3.76-.62-.69-.93-1.61-1.61-2.25a16.072,16.072,0,0,0-2.42-1.5c-1.08,1-1.8,2.51-3.23,3-1.04.37-2.25-.25-3.22-.75-13.72-6.96,3.35-.17-12.1-9.75a25.8,25.8,0,0,1-2.42-1.5,18.478,18.478,0,0,1-2.42-2.25c-.62-.69-.71-1.93-1.61-2.25-2.81-1-5.92-1-8.87-1.5-1.62-1-3.18-2.07-4.84-3a21.227,21.227,0,0,0-5.65-2.25c-.53,1-.47,2.64-1.61,3s-2.31-.77-3.23-1.5c-1.02-.82-1.46-2.12-2.41-3a28.188,28.188,0,0,0-3.23-2.25c-3.2-8.94-.35-3.45-2.42-.75-.7.91-2.15,1-3.23,1.5-2.37-1.66-3.77-2.42-5.64-4.51-3.36-3.75.4-1-4.03-3.75-.41-1.13-.91-4.06-3.23-3.75-1.33.18-2.06,1.63-3.22,2.25-1.34.71-5.43,1.31-6.46,1.5-.8.75-1.28,2.12-2.41,2.25-1.44.17-2.68-1.02-4.04-1.5-.79-.27-1.61-.5-2.42-.75-.87,1.36-3.4,5.57-4.83,6.76a44.018,44.018,0,0,1-4.84,3,26.3,26.3,0,0,1-2.42,1.5,44.452,44.452,0,0,0-4.84,2.25c-6.04,3.74.91,1.21-4.84,3a25.868,25.868,0,0,1-2.42-2.25c-1.19-1.43-2.06-3.06-3.23-4.5l-2.41-3c-1-2.77-.94-3.17-3.23-6.01-.68-.84-1.76-1.38-2.42-2.25-3.18-4.14.19-2.82-4.84-7.5-3.1-2.89-1.78-1.37-4.03-4.5-1.34.25-2.84.12-4.03.75-.84.45-.88,1.66-1.62,2.25-1.19.95-2.77,1.38-4.03,2.25-.91.64-1.54,1.57-2.42,2.25-.74.58-1.67.93-2.42,1.5a19.141,19.141,0,0,0-2.42,2.25c-.62.7-.85,1.69-1.61,2.25a7.605,7.605,0,0,1-2.42.75c-3.3-4.6-.93-2.88-8.06,3.76l-3.23,3c-.37.85-1.88,5.12-3.22,6-7.64,4.97-4.54.87-9.68,5.25-2.24,1.91-4.3,4-6.45,6-2.2,2.05-5.01,5.06-8.07,6l-4.83,1.5c-.81.75-1.69,1.44-2.42,2.25-.62.7-.97,1.58-1.62,2.25l-8.06,7.51a17.163,17.163,0,0,1-2.42,2.25,25.791,25.791,0,0,0-2.42,1.5c-4.03,3.12-.59,1.68-4.84,3a16.753,16.753,0,0,0-2.42,2.25c-.47.66-.25,1.65-.8,2.25-4.49,4.86-3.8,1.28-8.88,6-7.94,7.39-4.41,4.99-9.67,8.25a13.39,13.39,0,0,1-1.62,2.25c-6.34,5.91,1.77-3.62-4.83,3.76-.62.69-.93,1.61-1.62,2.25s-1.68.91-2.42,1.5c-6.84,5.45-.09,1.05-5.64,4.5a23.607,23.607,0,0,1-1.61,2.25c-2.61,2.83-2.8,2.73-5.65,4.5a20.549,20.549,0,0,1-1.61-2.25c-1.58-2.93-1.33-8.25-1.61-10.5a45.586,45.586,0,0,0-.81-4.5c-.81-3.4-.68-1.27-2.42-4.51-.38-.7-.39-1.56-.81-2.25-.66-1.08-1.67-1.96-2.42-3-4-5.59-.58-2.04-4.83-6-1.73-4.82-.34-1.59-5.65-9a10.114,10.114,0,0,1-1.61-2.25,9.146,9.146,0,0,0-.81-2.25c-1.44-2.11-3.35-3.92-4.84-6.01-3.69-5.15-1.38-3.93-5.64-5.25-2.15,1.5-4.22,3.12-6.45,4.5l-4.84,3.01a14.448,14.448,0,0,0-2.42,1.5c-1.46,1.35-2.88,2.96-4.84,3.75a22.981,22.981,0,0,1-3.23.75c-5.76-8.05,3.22,4.16-4.03-4.5-1.19-1.43-1.49-3.7-3.22-4.51a19.812,19.812,0,0,1-3.23-1.5c-1.22-.84-2.07-2.08-3.23-3a24.55,24.55,0,0,0-2.42-1.5,7.891,7.891,0,0,0-2.41.75c-.76.57-.66,2.14-1.62,2.25-2.42.29-5.32-1.8-7.26-3-.71.51-3.96,3.26-5.64,3-.96-.14-1.61-1-2.42-1.5a23.312,23.312,0,0,0-3.23.75c-.89.36-1.55,1.1-2.41,1.5a18.323,18.323,0,0,1-2.42.75,25.789,25.789,0,0,1-2.42-1.5c-.88-.68-1.29-2.12-2.42-2.25-1.44-.16-2.69,1-4.03,1.5-1.01.94-2.84,3.31-4.84,3-.96-.14-1.62-1-2.42-1.5l-10.49,3.76c-1.35.48-2.68,1-4.03,1.5l-4.03,1.5c-8.3,7.72,3.4-3.64-4.03,5.25-1.17,1.39-2.76,2.43-4.03,3.75-1.16,1.19-2.01,2.62-3.23,3.75-2.91,2.7-2.9,1.62-5.65,3.75-3.45,2.68-1.63,1.94-4.83,5.25-1.53,1.58-4.84,4.5-4.84,4.5-3.76-1.16-1.84.14-3.23-3.75-.46-1.28-1.15-2.47-1.61-3.75a24.165,24.165,0,0,1-.81-3c-.67-3.12-1.09-6.63-1.61-9.75-.25-1.51.35-3.43-.81-4.5s-3.24-.41-4.84-.75c-2.98-.66-5.91-1.5-8.87-2.25-.27-1,.26-2.72-.8-3.01-1.64-.43-3.43.63-4.84,1.51-1.61,1-3.47,1.72-4.84,3a31.607,31.607,0,0,1-3.23,3,31.528,31.528,0,0,1-3.22,1.5c-.84.44-1.61,1-2.42,1.5a9.122,9.122,0,0,1-1.61,2.25c-.67.49-1.64.44-2.42.75-6.98,2.78.03.49-5.65,2.25-1.78-2.48-.96-2.34-4.03-3-2.67-.58-8.06-1.5-8.06-1.5-.81-1-2.22-1.77-2.42-3-.37-2.24.8-4.49.8-6.75a7.366,7.366,0,0,0-.8-2.26,7.4,7.4,0,0,0,.8-2.25c0-2.41-1.37-2.6-3.22-3.75-.27-1.75.2-3.75-.81-5.25-.59-.87-2.52.04-3.23-.75-.87-.98-.37-2.54-.8-3.75a9.08,9.08,0,0,0-1.61-3c-1.44-1.6-2.99-1.51-4.84-2.25-6.98-2.78.03-.49-5.65-2.25-1.24-1.73-1.43-3-4.03-3-3.68,0-9.02,2.04-12.1,3l-2.42.75a12.8,12.8,0,0,1-2.42.75l-14.51,1.5a17.166,17.166,0,0,1-2.42,2.25,5.958,5.958,0,0,1-2.42.75c-3.48.4-6.99.5-10.48.75a45.578,45.578,0,0,0-5.65,1.5c-5.76,3.58,1.18,1.41-5.64,3-5.37,3.33.48.21-10.49,2.25a29.616,29.616,0,0,0-4.03,1.5c-.8.28-1.61.5-2.42.75-.27-1,.25-2.69-.81-3-3.85-1.12-8.07-.39-12.09-.75-11.53-1.02-.25-.19-7.26-1.5-1.86-.35-3.76-.5-5.64-.75-4.84.5-9.9.07-14.52,1.5-2.16.67-2.6,4.09-4.84,4.5-5.12.95-2.7.44-7.26,1.5a26.862,26.862,0,0,1-3.22,3c-.69.46-1.66.4-2.42.75a72.192,72.192,0,0,0-6.45,3.75,13.47,13.47,0,0,1-1.62,2.26c-.68.63-1.9.73-2.42,1.5-.9,1.34-1.07,3-1.61,4.5-.81,2.25-.68,2.56-2.42,4.5a18.478,18.478,0,0,1-2.42,2.25c-.74.58-1.63.98-2.42,1.5-1.09.73-2.2,1.44-3.22,2.25-9.25,7.37,3.43-2.44-4.03,4.5-2.45,2.27-2.88,2.14-5.65,3-.81-1-1.22-2.44-2.42-3-.95-.44-4.43,2-4.84,2.25-.27-1.25-.04-2.69-.8-3.75a3.025,3.025,0,0,0-2.42-.75,70.866,70.866,0,0,0-7.26.75,21.546,21.546,0,0,0-1.61,2.25c-1.56,2.9-1.38,3.41-2.42,6a42.764,42.764,0,0,1-3.23,6.76c-.27-1.25-.05-2.69-.81-3.76a2.49,2.49,0,0,0-2.41-.75c-2.32.59-4.12,2.46-6.46,3.01-7.78,1.8-4.27,1.09-10.48,2.25a12.693,12.693,0,0,0-2.42,2.25c-.85,1.38-1.61,8.95-1.61,9-.54-.75-.81-1.75-1.62-2.25-.92-.57-2.16-.47-3.22-.75-.82-.22-1.61-.5-2.42-.75-.54-1.25-.48-2.91-1.61-3.75-.67-.5-1.6.53-2.42.75-1.07.28-2.15.5-3.23.75-5.22-1.62-1.74-.94-11.29.75l-8.06,1.5c-.63-.3-4.46-2.25-5.65-2.25a15.83,15.83,0,0,0-3.22.75c-1.34.27-2.7.46-4.04.75-2.16.46-4.3,1-6.45,1.5-1.07.25-2.14.55-3.22.75-1.35.25-2.71.44-4.03.75-6.15,1.43,1.89.1-5.65,1.5-1.6.3-3.23.5-4.84.75a16.271,16.271,0,0,1-2.42,1.5c-4.72,1.88-2.05-.34-4.03,1.5\" transform=\"translate(0)\" fill=\"none\" stroke=\"#fff\" stroke-miterlimit=\"10\" stroke-width=\"1\"\/>\n                        <\/g>\n                    <\/svg>\n                <\/div>\n\t            <h1 class=\"title\">\n                    <div class=\"part-1\">\n\t                    L&#039;esprit                    <\/div>\n                                            <div class=\"part-2\">\n\t                        montagne                        <\/div>\n                    \t            <\/h1>\n\t        <\/div>\n\t    <\/div>\n\t        <\/div>\n    \n<div class=\"wp-block-ws-library-ws-columns alignfull has-2-columns are-vertically-aligned-center layout-5050 group-home-mapcols\">\n<div class=\"wp-block-ws-library-ws-column\"><div class=\"wrapper\">    \n    <div class=\"dynamic-map wp-block-ws-library-ws-dynamic-map\">\n\t\t<img decoding=\"async\" src=\"\/wp-content\/themes\/vivaldi-child\/assets\/img\/shapes\/map-home.png\" width=\"345\" height=\"366\" loading=\"lazy\" alt=\"Carte du Pays des \u00c9crins\" \/>\n\t\t<a href=\"https:\/\/www.paysdesecrins.com\/je-choisis\/sites-incontournables\/ailefroide-parc-national-des-ecrins\/\" class=\"link-town town-ailefroide\">Ailefroide<\/a>\n\t\t<a href=\"https:\/\/www.paysdesecrins.com\/ma-station-mon-village\/pelvoux-vallouise-ailefroide\/\" class=\"link-town town-vallouise\">Vallouise-Pelvoux<\/a>\n\t\t<a href=\"https:\/\/www.paysdesecrins.com\/ma-station-mon-village\/puy-saint-vincent\/\" class=\"link-town town-psv\">Puy Saint Vincent<\/a>\n\t\t<a href=\"https:\/\/www.paysdesecrins.com\/ma-station-mon-village\/les-vigneaux\/\" class=\"link-town town-vigneaux\">Les Vigneaux<\/a>\n\t\t<a href=\"https:\/\/www.paysdesecrins.com\/ma-station-mon-village\/saint-martin\/\" class=\"link-town town-smq\">Saint-Martin-de-Queyri\u00e8res<\/a>\n\t\t<a href=\"https:\/\/www.paysdesecrins.com\/ma-station-mon-village\/largentiere-la-bessee\/\" class=\"link-town town-argentiere\">L&#8217;Argenti\u00e8re-la-Bess\u00e9e<\/a>\n\t\t<a href=\"https:\/\/www.paysdesecrins.com\/ma-station-mon-village\/la-roche-de-rame\/\" class=\"link-town town-rdr\">La Roche-de-Rame<\/a>\n\t\t<a href=\"https:\/\/www.paysdesecrins.com\/ma-station-mon-village\/freissinieres-dormillouse\/\" class=\"link-town town-freissinieres\">Freissini\u00e8res<\/a>\n\t\t<a href=\"https:\/\/www.paysdesecrins.com\/je-choisis\/sites-incontournables\/dormillouse\/\" class=\"link-town town-dormillouse\">Dormillouse<\/a>\n\t\t<a href=\"https:\/\/www.paysdesecrins.com\/ma-station-mon-village\/champcella\/\" class=\"link-town town-champcella\">Champcella<\/a>\n\t<\/div>\n\t\n    <\/div><\/div>\n\n\n\n<div class=\"wp-block-ws-library-ws-column\"><div class=\"wrapper\">\n<div class=\"wp-block-ws-library-ws-title has-color-2-color\"><h2><em>Lo spirito <\/em><br>da qui<\/h2><\/div>\n\n\n\n<p>Rifugiatevi in <strong>un&#8217;atmosfera autentica<\/strong>, lontana dalle classiche mete turistiche, dove <strong>l&#8217;aria fresca e il sole generoso<\/strong> vi aspettano. Godetevi <strong>un programma ricco di attivit\u00e0 locali<\/strong> e vivete momenti indimenticabili nel cuore dei <strong>nostri vivaci villaggi tutto l&#8217;anno.<\/strong> <\/p>\n\n\n\n<div class=\"wp-block-ws-library-ws-title has-color-1-color\"><h3>Vicinanza alla natura<\/h3><\/div>\n\n\n\n<p><strong>Tocca i ghiacciai con la<\/strong> punta delle dita ed esplora lo spazio selvaggio del <strong>Parco Nazionale degli \u00c9crins<\/strong>.<\/p>\n\n\n\n<div class=\"wp-block-ws-library-ws-title\"><h3>SITI ECCEZIONALI<\/h3><\/div>\n\n\n\n<p>Ammira panorami variegati, dai <strong>maestosi ghiacciai<\/strong> alle <strong>valli mediterranee<\/strong>.  <\/p>\n\n\n\n<div class=\"wp-block-ws-library-ws-title\"><h3>Attivit\u00e0 all&#8217;aperto ++<\/h3><\/div>\n\n\n\n<p>Benvenuti nel paradiso dell&#8217;outdoor, una delle poche zone in cui \u00e8 possibile praticare tutti gli sport di montagna, a qualsiasi livello!<\/p>\n\n\n\n<div class=\"wp-block-ws-library-ws-title\"><h3>Accoglienza personalizzata<\/h3><\/div>\n\n\n\n<p>Approfittate di <strong>un&#8217;accoglienza calorosa<\/strong> e di <strong>servizi su misura<\/strong> adattati ai vostri desideri.<\/p>\n<\/div><\/div>\n<\/div>\n\n<div class=\"wp-block-group alignfull group-espritoutdoor has-global-padding is-layout-constrained wp-block-group-is-layout-constrained\">\n<div class=\"wp-block-group alignwide is-layout-flow wp-block-group-is-layout-flow\">\n<div class=\"wp-block-ws-library-ws-title has-color-2-color\"><h2><em>Lo spirito<\/em><br>all\u2019aperto<\/h2><\/div>\n\n\n\n<p data-season=\"summer\">Nel Pays des \u00c9crins, la natura offre un enorme spazio di libert\u00e0. <strong>Escursionismo, mountain bike, arrampicata, acque bianche, alpinismo, trail running, parapendio&#8230;<\/strong> Qualunque sia la tua passione, la fuga \u00e8 all&#8217;ordine del giorno nel cuore dei <strong>grandiosi paesaggi<\/strong> <strong>del Parco Nazionale degli \u00c9crins<\/strong>. Pronto a provare l&#8217;avventura? <\/p>\n\n\n\n<p data-season=\"winter\">Nel Pays des \u00c9crins, 2 stazioni, 3 valli vi offrono un terreno eccezionale per <strong>lo sci<\/strong>, l&#8217;arrampicata <strong>su ghiaccio, le ciaspolate&#8230;<\/strong> Qualunque sia la vostra passione, l&#8217;evasione \u00e8 all&#8217;ordine del giorno nel cuore di Pelvoux-Vallouise, Puy Saint Vincent e Fressini\u00e8res. Pronto a provare l&#8217;avventura? <\/p>\n\n\n<div class=\"alignwide wp-block-ws-library-ws-list-content\" data-season=\"summer\"><div class=\"list-items splide\" data-splide=\"{&quot;type&quot;:&quot;loop&quot;,&quot;heightRatio&quot;:&quot;auto&quot;,&quot;perPage&quot;:3,&quot;perMove&quot;:1,&quot;drag&quot;:true,&quot;arrows&quot;:true,&quot;pagination&quot;:0,&quot;autoplay&quot;:false,&quot;gap&quot;:&quot;15px&quot;,&quot;breakpoints&quot;:{&quot;1200&quot;:{&quot;perPage&quot;:3},&quot;992&quot;:{&quot;perPage&quot;:2},&quot;768&quot;:{&quot;destroy&quot;:true}}}\"><div class=\"splide__track\"><div class=\"splide__list\"><div class=\"splide__slide\"><div class=\"item\" data-season=\"\"><div class=\"card  card-page\"><div class=\"group-media\"><div class=\"field-image\"><img loading=\"lazy\" decoding=\"async\" width=\"300\" height=\"450\" src=\"https:\/\/www.paysdesecrins.com\/wp-content\/uploads\/2025\/07\/161sitesdexception-barreles-e-crins-glacier-blanc-roche-faurio-125-2-300x450.jpg\" class=\"winter all-seasons wp-post-image\" alt=\"\" data-season=\"all-seasons\" srcset=\"https:\/\/www.paysdesecrins.com\/wp-content\/uploads\/2025\/07\/161sitesdexception-barreles-e-crins-glacier-blanc-roche-faurio-125-2-300x450.jpg 300w, https:\/\/www.paysdesecrins.com\/wp-content\/uploads\/2025\/07\/161sitesdexception-barreles-e-crins-glacier-blanc-roche-faurio-125-2-390x585.jpg 390w\" sizes=\"auto, (max-width: 300px) 100vw, 300px\" \/><\/div><\/div><div class=\"group-content\"><div class=\"field-title\">Arrampicata e alpinismo<\/div><\/div><div class=\"field-link\" role=\"group\" aria-label=\"Lien vers le contenu\"><a href=\"https:\/\/www.paysdesecrins.com\/it\/le-mie-attivita-allaperto\/arrampicata-e-alpinismo\/\" class=\"cardlink\" title=\"Lire plus : Arrampicata e alpinismo\" lang=\"it_IT\">Arrampicata e alpinismo<\/a><\/div><\/div><\/div><\/div><div class=\"splide__slide\"><div class=\"item\" data-season=\"\"><div class=\"card  card-page\"><div class=\"group-media\"><div class=\"field-image\"><img loading=\"lazy\" decoding=\"async\" width=\"300\" height=\"450\" src=\"https:\/\/www.paysdesecrins.com\/wp-content\/uploads\/2025\/07\/bivouac-et-trail-cre-te-de-rougnoux-129-300x450.jpg\" class=\"winter all-seasons wp-post-image\" alt=\"\" data-season=\"all-seasons\" srcset=\"https:\/\/www.paysdesecrins.com\/wp-content\/uploads\/2025\/07\/bivouac-et-trail-cre-te-de-rougnoux-129-300x450.jpg 300w, https:\/\/www.paysdesecrins.com\/wp-content\/uploads\/2025\/07\/bivouac-et-trail-cre-te-de-rougnoux-129-390x585.jpg 390w\" sizes=\"auto, (max-width: 300px) 100vw, 300px\" \/><\/div><\/div><div class=\"group-content\"><div class=\"field-title\">Escursioni e sentieri<\/div><\/div><div class=\"field-link\" role=\"group\" aria-label=\"Lien vers le contenu\"><a href=\"https:\/\/www.paysdesecrins.com\/it\/le-mie-attivita-allaperto\/escursionismo-e-trail-running\/\" class=\"cardlink\" title=\"Lire plus : Escursioni e sentieri\" lang=\"it_IT\">Escursioni e sentieri<\/a><\/div><\/div><\/div><\/div><div class=\"splide__slide\"><div class=\"item\" data-season=\"\"><div class=\"card  card-page\"><div class=\"group-media\"><div class=\"field-image\"><img loading=\"lazy\" decoding=\"async\" width=\"300\" height=\"450\" src=\"https:\/\/www.paysdesecrins.com\/wp-content\/uploads\/2025\/07\/dsc07274-300x450.jpg\" class=\"winter all-seasons wp-post-image\" alt=\"\" data-season=\"all-seasons\" srcset=\"https:\/\/www.paysdesecrins.com\/wp-content\/uploads\/2025\/07\/dsc07274-300x450.jpg 300w, https:\/\/www.paysdesecrins.com\/wp-content\/uploads\/2025\/07\/dsc07274-390x585.jpg 390w\" sizes=\"auto, (max-width: 300px) 100vw, 300px\" \/><\/div><\/div><div class=\"group-content\"><div class=\"field-title\">Acque<\/div><\/div><div class=\"field-link\" role=\"group\" aria-label=\"Lien vers le contenu\"><a href=\"https:\/\/www.paysdesecrins.com\/it\/le-mie-attivita-allaperto\/acque\/\" class=\"cardlink\" title=\"Lire plus : Acque\" lang=\"it_IT\">Acque<\/a><\/div><\/div><\/div><\/div><\/div><\/div><\/div><\/div>\n\n<div class=\"alignwide wp-block-ws-library-ws-list-content\" data-season=\"winter\"><div class=\"list-items splide\" data-splide=\"{&quot;type&quot;:&quot;loop&quot;,&quot;heightRatio&quot;:&quot;auto&quot;,&quot;perPage&quot;:3,&quot;perMove&quot;:1,&quot;drag&quot;:true,&quot;arrows&quot;:true,&quot;pagination&quot;:0,&quot;autoplay&quot;:false,&quot;gap&quot;:&quot;15px&quot;,&quot;breakpoints&quot;:{&quot;1200&quot;:{&quot;perPage&quot;:3},&quot;992&quot;:{&quot;perPage&quot;:2},&quot;768&quot;:{&quot;destroy&quot;:true}}}\"><div class=\"splide__track\"><div class=\"splide__list\"><div class=\"splide__slide\"><div class=\"item\" data-season=\"\"><div class=\"card  card-page\"><div class=\"group-media\"><div class=\"field-image\"><img loading=\"lazy\" decoding=\"async\" width=\"300\" height=\"450\" src=\"https:\/\/www.paysdesecrins.com\/wp-content\/uploads\/2025\/07\/photos-kinaphoto-psv-journe-e-7-2025-hd44-1-300x450.jpg\" class=\"winter all-seasons wp-post-image\" alt=\"\" data-season=\"all-seasons\" srcset=\"https:\/\/www.paysdesecrins.com\/wp-content\/uploads\/2025\/07\/photos-kinaphoto-psv-journe-e-7-2025-hd44-1-300x450.jpg 300w, https:\/\/www.paysdesecrins.com\/wp-content\/uploads\/2025\/07\/photos-kinaphoto-psv-journe-e-7-2025-hd44-1-390x585.jpg 390w\" sizes=\"auto, (max-width: 300px) 100vw, 300px\" \/><\/div><\/div><div class=\"group-content\"><div class=\"field-title\">Sci<\/div><\/div><div class=\"field-link\" role=\"group\" aria-label=\"Lien vers le contenu\"><a href=\"https:\/\/www.paysdesecrins.com\/it\/le-mie-attivita-allaperto\/sci\/\" class=\"cardlink\" title=\"Lire plus : Sci\" lang=\"it_IT\">Sci<\/a><\/div><\/div><\/div><\/div><div class=\"splide__slide\"><div class=\"item\" data-season=\"\"><div class=\"card  card-page\"><div class=\"group-media\"><div class=\"field-image\"><img loading=\"lazy\" decoding=\"async\" width=\"300\" height=\"450\" src=\"https:\/\/www.paysdesecrins.com\/wp-content\/uploads\/2025\/07\/cascade-de-glace-pelvoux-4j-300x450.jpg\" class=\"winter all-seasons wp-post-image\" alt=\"\" data-season=\"all-seasons\" srcset=\"https:\/\/www.paysdesecrins.com\/wp-content\/uploads\/2025\/07\/cascade-de-glace-pelvoux-4j-300x450.jpg 300w, https:\/\/www.paysdesecrins.com\/wp-content\/uploads\/2025\/07\/cascade-de-glace-pelvoux-4j-390x585.jpg 390w\" sizes=\"auto, (max-width: 300px) 100vw, 300px\" \/><\/div><\/div><div class=\"group-content\"><div class=\"field-title\">Arrampicata su ghiaccio<\/div><\/div><div class=\"field-link\" role=\"group\" aria-label=\"Lien vers le contenu\"><a href=\"https:\/\/www.paysdesecrins.com\/it\/le-mie-attivita-allaperto\/arrampicata-su-ghiaccio\/\" class=\"cardlink\" title=\"Lire plus : Arrampicata su ghiaccio\" lang=\"it_IT\">Arrampicata su ghiaccio<\/a><\/div><\/div><\/div><\/div><div class=\"splide__slide\"><div class=\"item\" data-season=\"\"><div class=\"card  card-page\"><div class=\"group-media\"><div class=\"field-image\"><img loading=\"lazy\" decoding=\"async\" width=\"300\" height=\"450\" src=\"https:\/\/www.paysdesecrins.com\/wp-content\/uploads\/2025\/07\/12-29-24-mushing-addict-84-300x450.jpg\" class=\"winter all-seasons wp-post-image\" alt=\"\" data-season=\"all-seasons\" srcset=\"https:\/\/www.paysdesecrins.com\/wp-content\/uploads\/2025\/07\/12-29-24-mushing-addict-84-300x450.jpg 300w, https:\/\/www.paysdesecrins.com\/wp-content\/uploads\/2025\/07\/12-29-24-mushing-addict-84-390x585.jpg 390w\" sizes=\"auto, (max-width: 300px) 100vw, 300px\" \/><\/div><\/div><div class=\"group-content\"><div class=\"field-title\">Sleddog<\/div><\/div><div class=\"field-link\" role=\"group\" aria-label=\"Lien vers le contenu\"><a href=\"https:\/\/www.paysdesecrins.com\/it\/le-mie-attivita-allaperto\/sleddog\/\" class=\"cardlink\" title=\"Lire plus : Sleddog\" lang=\"it_IT\">Sleddog<\/a><\/div><\/div><\/div><\/div><\/div><\/div><\/div><\/div>\n\n\n<div class=\"wp-block-ws-library-ws-button has-text-align-center is-style-outline\"><a href=\"https:\/\/www.paysdesecrins.com\/it\/le-mie-attivita-allaperto\/\" class=\"wp-block-button__link wp-element-button btn color-color-1\">  Tutte le attivit\u00e0 all&#8217;aperto<\/a><\/div>\n<\/div>\n<\/div>\n\n<div class=\"wp-block-group alignfull group-home-festif has-global-padding is-layout-constrained wp-block-group-is-layout-constrained\">\n<div class=\"wp-block-ws-library-ws-title aligncenter is-style-default has-color-2-color\"><h2><em>Lo spirito<\/em><br>festivo<\/h2><\/div>\n\n\n\n<p>Il Pays des \u00c9crins vi invita a vivere <strong>momenti indimenticabili durante tutto l&#8217;anno.<\/strong> Approfitta dei <strong>nostri eventi di punta<\/strong> che danno vita a questo territorio eccezionale.<\/p>\n\n\n<div class=\"alignwide wp-block-ws-apidae-library-ws-apidae-temps-forts\"><div class=\"simple-template\"><div class=\"wrapper\"><div class=\"content-left\"><div class=\"list-items\"><div class=\"item\" data-season=\"all-seasons\"><div class=\"card card-apidae card-temps-forts\"><div class=\"group-actions\"><ws-wishlist data-type=\"flag\" data-action=\"add\" data-wish-id=\"6061083\" data-wish-type=\"apidae\"><\/ws-wishlist><\/div><div class=\"group-media\"><div class=\"field-image\"><img decoding=\"async\" src=\"https:\/\/images.weserv.nl\/?url=https:\/\/static.apidae-tourisme.com\/filestore\/objets-touristiques\/images\/96\/184\/12892256-diaporama.jpg&#038;w=650&#038;h=650&#038;fit=cover&#038;output=webp&#038;q=45\" alt=\"Vente de muguet\"\/><\/div><\/div><div class=\"group-top\"><div class=\"field-commune\">Vallouise-Pelvoux<\/div><ws-apidae-from-price data-apidae-id=\"6061083\" ><\/ws-apidae-from-price><div class=\"group-dates\"><div class=\"field-dates\">1 <span class=\"month\">Maggio<\/span><\/div><\/div><\/div><div class=\"group-content\"><div class=\"field-title\">Vente de muguet<\/div><\/div><div class=\"field-link\" role=\"group\" aria-label=\"Lien vers le contenu\"><a href=\"https:\/\/www.paysdesecrins.com\/it\/fiche\/vente-de-muguet-4\/\" class=\"cardlink\" title=\"Lire plus : Vente de muguet\" lang=\"it_IT\">Vente de muguet<\/a><\/div><\/div><\/div><\/div><\/div><div class=\"content-right\"><div class=\"list-items\"><div class=\"item\" data-season=\"all-seasons\"><div class=\"card card-apidae card-temps-forts\"><div class=\"group-actions\"><ws-wishlist data-type=\"flag\" data-action=\"add\" data-wish-id=\"587878\" data-wish-type=\"apidae\"><\/ws-wishlist><\/div><div class=\"group-media\"><div class=\"field-image\"><img decoding=\"async\" src=\"https:\/\/images.weserv.nl\/?url=https:\/\/static.apidae-tourisme.com\/filestore\/objets-touristiques\/images\/177\/66\/803505-diaporama.jpg&#038;w=650&#038;h=650&#038;fit=cover&#038;output=webp&#038;q=45\" alt=\"March\u00e9 \u00e0 l&#8217;Argenti\u00e8re\"\/><\/div><\/div><div class=\"group-top\"><div class=\"field-commune\">L&#039;Argenti\u00e8re-la-Bess\u00e9e<\/div><ws-apidae-from-price data-apidae-id=\"587878\" ><\/ws-apidae-from-price><div class=\"group-dates\"><div class=\"field-dates\">Du 1 <span class=\"month\">Maggio<\/span> au 14 <span class=\"month\">Aprile<\/span> 2028<\/div><\/div><\/div><div class=\"group-content\"><div class=\"field-title\">March\u00e9 \u00e0 l&#8217;Argenti\u00e8re<\/div><\/div><div class=\"field-link\" role=\"group\" aria-label=\"Lien vers le contenu\"><a href=\"https:\/\/www.paysdesecrins.com\/it\/fiche\/marche-a-largentiere-4\/\" class=\"cardlink\" title=\"Lire plus : March\u00e9 \u00e0 l&#8217;Argenti\u00e8re\" lang=\"it_IT\">March\u00e9 \u00e0 l&#8217;Argenti\u00e8re<\/a><\/div><\/div><\/div><div class=\"item\" data-season=\"all-seasons\"><div class=\"card card-apidae card-temps-forts\"><div class=\"group-actions\"><ws-wishlist data-type=\"flag\" data-action=\"add\" data-wish-id=\"7781907\" data-wish-type=\"apidae\"><\/ws-wishlist><\/div><div class=\"group-media\"><div class=\"field-image\"><img decoding=\"async\" src=\"https:\/\/images.weserv.nl\/?url=https:\/\/static.apidae-tourisme.com\/filestore\/objets-touristiques\/images\/58\/220\/40492090-diaporama.png&#038;w=650&#038;h=650&#038;fit=cover&#038;output=webp&#038;q=45\" alt=\"Exposition &#8220;Les mouvements de la Terre&#8221;\"\/><\/div><\/div><div class=\"group-top\"><div class=\"field-commune\">Vallouise-Pelvoux<\/div><ws-apidae-from-price data-apidae-id=\"7781907\" ><\/ws-apidae-from-price><div class=\"group-dates\"><div class=\"field-dates\">Du 1 au 27 <span class=\"month\">Maggio<\/span><\/div><\/div><\/div><div class=\"group-content\"><div class=\"field-title\">Exposition &#8220;Les mouvements de la Terre&#8221;<\/div><\/div><div class=\"field-link\" role=\"group\" aria-label=\"Lien vers le contenu\"><a href=\"https:\/\/www.paysdesecrins.com\/it\/fiche\/exposition-les-mouvements-de-la-terre-4\/\" class=\"cardlink\" title=\"Lire plus : Exposition &#8220;Les mouvements de la Terre&#8221;\" lang=\"it_IT\">Exposition &#8220;Les mouvements de la Terre&#8221;<\/a><\/div><\/div><\/div><div class=\"item\" data-season=\"all-seasons\"><div class=\"card card-apidae card-temps-forts\"><div class=\"group-actions\"><ws-wishlist data-type=\"flag\" data-action=\"add\" data-wish-id=\"7602920\" data-wish-type=\"apidae\"><\/ws-wishlist><\/div><div class=\"group-media\"><div class=\"field-image\"><img decoding=\"async\" src=\"https:\/\/images.weserv.nl\/?url=https:\/\/static.apidae-tourisme.com\/filestore\/objets-touristiques\/images\/251\/35\/38282235-diaporama.jpg&#038;w=650&#038;h=650&#038;fit=cover&#038;output=webp&#038;q=45\" alt=\"Exposition : &#8220;Lumi\u00e8res en Ecrins&#8221;\"\/><\/div><\/div><div class=\"group-top\"><div class=\"field-commune\">Vallouise-Pelvoux<\/div><ws-apidae-from-price data-apidae-id=\"7602920\" ><\/ws-apidae-from-price><div class=\"group-dates\"><div class=\"field-dates\">Du 1 <span class=\"month\">Maggio<\/span> au 30 <span class=\"month\">Settembre<\/span><\/div><\/div><\/div><div class=\"group-content\"><div class=\"field-title\">Exposition : &#8220;Lumi\u00e8res en Ecrins&#8221;<\/div><\/div><div class=\"field-link\" role=\"group\" aria-label=\"Lien vers le contenu\"><a href=\"https:\/\/www.paysdesecrins.com\/it\/fiche\/exposition-lumieres-en-ecrins-4\/\" class=\"cardlink\" title=\"Lire plus : Exposition : &#8220;Lumi\u00e8res en Ecrins&#8221;\" lang=\"it_IT\">Exposition : &#8220;Lumi\u00e8res en Ecrins&#8221;<\/a><\/div><\/div><\/div><div class=\"item\" data-season=\"all-seasons\"><div class=\"card card-apidae card-temps-forts\"><div class=\"group-actions\"><ws-wishlist data-type=\"flag\" data-action=\"add\" data-wish-id=\"7590492\" data-wish-type=\"apidae\"><\/ws-wishlist><\/div><div class=\"group-media\"><div class=\"field-image\"><img decoding=\"async\" src=\"https:\/\/images.weserv.nl\/?url=https:\/\/static.apidae-tourisme.com\/filestore\/objets-touristiques\/images\/231\/35\/38282215-diaporama.jpg&#038;w=650&#038;h=650&#038;fit=cover&#038;output=webp&#038;q=45\" alt=\"Exposition : Les patrimoines de la Vallouise\"\/><\/div><\/div><div class=\"group-top\"><div class=\"field-commune\">Vallouise-Pelvoux<\/div><ws-apidae-from-price data-apidae-id=\"7590492\" ><\/ws-apidae-from-price><div class=\"group-dates\"><div class=\"field-dates\">Du 1 <span class=\"month\">Maggio<\/span> au 15 <span class=\"month\">Novembre<\/span><\/div><\/div><\/div><div class=\"group-content\"><div class=\"field-title\">Exposition : Les patrimoines de la Vallouise<\/div><\/div><div class=\"field-link\" role=\"group\" aria-label=\"Lien vers le contenu\"><a href=\"https:\/\/www.paysdesecrins.com\/it\/fiche\/exposition-les-patrimoines-de-la-vallouise-4\/\" class=\"cardlink\" title=\"Lire plus : Exposition : Les patrimoines de la Vallouise\" lang=\"it_IT\">Exposition : Les patrimoines de la Vallouise<\/a><\/div><\/div><\/div><\/div><\/div><\/div><\/div><div class=\"group-content\">\n\n<div class=\"wp-block-ws-library-ws-button has-text-align-left\"><a href=\"https:\/\/www.paysdesecrins.com\/it\/grandi-eventi-nel-pays-des-ecrins\/\" class=\"wp-block-button__link wp-element-button btn\">  Eventi principali<\/a><\/div>\n\n\n\n<div class=\"wp-block-ws-library-ws-button has-text-align-left is-style-outline\"><a href=\"https:\/\/www.paysdesecrins.com\/it\/grandi-eventi-nel-pays-des-ecrins\/intrattenimento-ed-eventi\/eventi-nei-paesi-dei-paesi-degli-stati-uniti\/\" class=\"wp-block-button__link wp-element-button btn\">  Tutta l&#8217;agenda<\/a><\/div>\n\n<\/div><\/div><\/div><\/div>\n\n<div style=\"height:100px\" aria-hidden=\"true\" class=\"wp-block-spacer\"><\/div>\n\n<div class=\"wp-block-group alignfull group-home-coups-coeur has-global-padding is-layout-constrained wp-block-group-is-layout-constrained\">\n<div class=\"wp-block-ws-library-ws-title aligncenter is-style-simple has-color-3-color\"><h2><em>Prenota il tuo soggiorno<\/em><br>I nostri preferiti<\/h2><\/div>\n\n\n    <div class=\"msem-target  alignfull\">\n        <div class=\"msem-loader\"><\/div>\n    <\/div>\n\n            <div class=\"wp-block-ws-library-ws-button has-text-align-center is-style-bevel\">\n            <a href=\"https:\/\/www.paysdesecrins.com\/it\/contattateci\/\" class=\"wp-block-button__link wp-element-button btn\" target=\"_blank\">\n                Contattateci            <\/a>\n        <\/div>\n    \n    <script>\n        document.addEventListener('DOMContentLoaded', function () {            \n            const options = { facet: 1, theme: \"https:\/\/www.paysdesecrins.com\/wp-content\/themes\/vivaldi-child\/assets\/css\/style4.css\",\n  resort: 30015,\n  lang: \"it\",\n  channel: \"PDE\",\n  fullWidth: true,\n  cartUrl: \"\/panier\",\n  groundedTo: \".msem-target\",\n};\nconst presets = {\n  categories: [\n    \"36\",\n    \"60\"\n  ],\n hideUnavaibleProduct: true\n};\nwindow.MseM.onLoad(() => {\n  window.MseM.activity(options, presets);\n});        });\n    <\/script>\n    <\/div>\n\n<div class=\"wp-block-group alignwide group-home-socialwall is-content-justification-left is-layout-flex wp-container-core-group-is-layout-bc8e6f51 wp-block-group-is-layout-flex\">\n<div class=\"wp-block-group socialwall-content has-global-padding is-layout-constrained wp-block-group-is-layout-constrained\">\n<div class=\"wp-block-ws-library-ws-title is-style-simple has-color-2-color\"><h2>#pays<br>alcuni<br>Casi<\/h2><\/div>\n\n\n\n<p>Seguiteci per scoprire gli \u00c9crins in un modo diverso: paesaggi, notizie e ispirazioni da condividere!<\/p>\n\n\n\n<hr class=\"wp-block-separator has-alpha-channel-opacity\"\/>\n\n\n\n<ul class=\"wp-block-social-links is-layout-flex wp-block-social-links-is-layout-flex\"><li class=\"wp-social-link wp-social-link-facebook  wp-block-social-link\"><a href=\"https:\/\/www.facebook.com\/paysdesecrins\/\" class=\"wp-block-social-link-anchor\"><svg width=\"24\" height=\"24\" viewBox=\"0 0 24 24\" version=\"1.1\" xmlns=\"http:\/\/www.w3.org\/2000\/svg\" aria-hidden=\"true\" focusable=\"false\"><path d=\"M12 2C6.5 2 2 6.5 2 12c0 5 3.7 9.1 8.4 9.9v-7H7.9V12h2.5V9.8c0-2.5 1.5-3.9 3.8-3.9 1.1 0 2.2.2 2.2.2v2.5h-1.3c-1.2 0-1.6.8-1.6 1.6V12h2.8l-.4 2.9h-2.3v7C18.3 21.1 22 17 22 12c0-5.5-4.5-10-10-10z\"><\/path><\/svg><span class=\"wp-block-social-link-label screen-reader-text\">Facebook<\/span><\/a><\/li>\n\n<li class=\"wp-social-link wp-social-link-instagram  wp-block-social-link\"><a href=\"https:\/\/www.instagram.com\/paysdesecrins\/\" class=\"wp-block-social-link-anchor\"><svg width=\"24\" height=\"24\" viewBox=\"0 0 24 24\" version=\"1.1\" xmlns=\"http:\/\/www.w3.org\/2000\/svg\" aria-hidden=\"true\" focusable=\"false\"><path d=\"M12,4.622c2.403,0,2.688,0.009,3.637,0.052c0.877,0.04,1.354,0.187,1.671,0.31c0.42,0.163,0.72,0.358,1.035,0.673 c0.315,0.315,0.51,0.615,0.673,1.035c0.123,0.317,0.27,0.794,0.31,1.671c0.043,0.949,0.052,1.234,0.052,3.637 s-0.009,2.688-0.052,3.637c-0.04,0.877-0.187,1.354-0.31,1.671c-0.163,0.42-0.358,0.72-0.673,1.035 c-0.315,0.315-0.615,0.51-1.035,0.673c-0.317,0.123-0.794,0.27-1.671,0.31c-0.949,0.043-1.233,0.052-3.637,0.052 s-2.688-0.009-3.637-0.052c-0.877-0.04-1.354-0.187-1.671-0.31c-0.42-0.163-0.72-0.358-1.035-0.673 c-0.315-0.315-0.51-0.615-0.673-1.035c-0.123-0.317-0.27-0.794-0.31-1.671C4.631,14.688,4.622,14.403,4.622,12 s0.009-2.688,0.052-3.637c0.04-0.877,0.187-1.354,0.31-1.671c0.163-0.42,0.358-0.72,0.673-1.035 c0.315-0.315,0.615-0.51,1.035-0.673c0.317-0.123,0.794-0.27,1.671-0.31C9.312,4.631,9.597,4.622,12,4.622 M12,3 C9.556,3,9.249,3.01,8.289,3.054C7.331,3.098,6.677,3.25,6.105,3.472C5.513,3.702,5.011,4.01,4.511,4.511 c-0.5,0.5-0.808,1.002-1.038,1.594C3.25,6.677,3.098,7.331,3.054,8.289C3.01,9.249,3,9.556,3,12c0,2.444,0.01,2.751,0.054,3.711 c0.044,0.958,0.196,1.612,0.418,2.185c0.23,0.592,0.538,1.094,1.038,1.594c0.5,0.5,1.002,0.808,1.594,1.038 c0.572,0.222,1.227,0.375,2.185,0.418C9.249,20.99,9.556,21,12,21s2.751-0.01,3.711-0.054c0.958-0.044,1.612-0.196,2.185-0.418 c0.592-0.23,1.094-0.538,1.594-1.038c0.5-0.5,0.808-1.002,1.038-1.594c0.222-0.572,0.375-1.227,0.418-2.185 C20.99,14.751,21,14.444,21,12s-0.01-2.751-0.054-3.711c-0.044-0.958-0.196-1.612-0.418-2.185c-0.23-0.592-0.538-1.094-1.038-1.594 c-0.5-0.5-1.002-0.808-1.594-1.038c-0.572-0.222-1.227-0.375-2.185-0.418C14.751,3.01,14.444,3,12,3L12,3z M12,7.378 c-2.552,0-4.622,2.069-4.622,4.622S9.448,16.622,12,16.622s4.622-2.069,4.622-4.622S14.552,7.378,12,7.378z M12,15 c-1.657,0-3-1.343-3-3s1.343-3,3-3s3,1.343,3,3S13.657,15,12,15z M16.804,6.116c-0.596,0-1.08,0.484-1.08,1.08 s0.484,1.08,1.08,1.08c0.596,0,1.08-0.484,1.08-1.08S17.401,6.116,16.804,6.116z\"><\/path><\/svg><span class=\"wp-block-social-link-label screen-reader-text\">Instagram<\/span><\/a><\/li>\n\n<li class=\"wp-social-link wp-social-link-linkedin  wp-block-social-link\"><a href=\"https:\/\/fr.linkedin.com\/company\/paysdesecrins\" class=\"wp-block-social-link-anchor\"><svg width=\"24\" height=\"24\" viewBox=\"0 0 24 24\" version=\"1.1\" xmlns=\"http:\/\/www.w3.org\/2000\/svg\" aria-hidden=\"true\" focusable=\"false\"><path d=\"M19.7,3H4.3C3.582,3,3,3.582,3,4.3v15.4C3,20.418,3.582,21,4.3,21h15.4c0.718,0,1.3-0.582,1.3-1.3V4.3 C21,3.582,20.418,3,19.7,3z M8.339,18.338H5.667v-8.59h2.672V18.338z M7.004,8.574c-0.857,0-1.549-0.694-1.549-1.548 c0-0.855,0.691-1.548,1.549-1.548c0.854,0,1.547,0.694,1.547,1.548C8.551,7.881,7.858,8.574,7.004,8.574z M18.339,18.338h-2.669 v-4.177c0-0.996-0.017-2.278-1.387-2.278c-1.389,0-1.601,1.086-1.601,2.206v4.249h-2.667v-8.59h2.559v1.174h0.037 c0.356-0.675,1.227-1.387,2.526-1.387c2.703,0,3.203,1.779,3.203,4.092V18.338z\"><\/path><\/svg><span class=\"wp-block-social-link-label screen-reader-text\">LinkedIn<\/span><\/a><\/li>\n\n<li class=\"wp-social-link wp-social-link-youtube  wp-block-social-link\"><a href=\"https:\/\/www.youtube.com\/user\/paysdesecrins\" class=\"wp-block-social-link-anchor\"><svg width=\"24\" height=\"24\" viewBox=\"0 0 24 24\" version=\"1.1\" xmlns=\"http:\/\/www.w3.org\/2000\/svg\" aria-hidden=\"true\" focusable=\"false\"><path d=\"M21.8,8.001c0,0-0.195-1.378-0.795-1.985c-0.76-0.797-1.613-0.801-2.004-0.847c-2.799-0.202-6.997-0.202-6.997-0.202 h-0.009c0,0-4.198,0-6.997,0.202C4.608,5.216,3.756,5.22,2.995,6.016C2.395,6.623,2.2,8.001,2.2,8.001S2,9.62,2,11.238v1.517 c0,1.618,0.2,3.237,0.2,3.237s0.195,1.378,0.795,1.985c0.761,0.797,1.76,0.771,2.205,0.855c1.6,0.153,6.8,0.201,6.8,0.201 s4.203-0.006,7.001-0.209c0.391-0.047,1.243-0.051,2.004-0.847c0.6-0.607,0.795-1.985,0.795-1.985s0.2-1.618,0.2-3.237v-1.517 C22,9.62,21.8,8.001,21.8,8.001z M9.935,14.594l-0.001-5.62l5.404,2.82L9.935,14.594z\"><\/path><\/svg><span class=\"wp-block-social-link-label screen-reader-text\">YouTube<\/span><\/a><\/li><\/ul>\n<\/div>\n\n\n\n<div class=\"wp-block-ws-library-ws-socialwall\"><div data-selection=\"2097367\" id=\"ws-socialwall\" data-design=\"37\">Caricamento del Social Wall &#8230;<\/div><script src=\"https:\/\/social-wall.websenso.com\/socialwall3.0.js\" defer><\/script><\/div>\n<\/div>\n\n<div class=\"wp-block-group alignfull section-blog block-home-inspire has-global-padding is-layout-constrained wp-block-group-is-layout-constrained\">\n<div class=\"wp-block-group alignwide is-layout-flow wp-block-group-is-layout-flow\">\n<div class=\"wp-block-ws-library-ws-title is-style-simple has-color-2-color\"><h2>Siamo ispirati<\/h2><\/div>\n\n\n<div class=\"alignwide on-sinspire wp-block-ws-library-ws-list-content\"><div class=\"list-items splide\" data-splide=\"{&quot;type&quot;:&quot;loop&quot;,&quot;heightRatio&quot;:&quot;auto&quot;,&quot;perPage&quot;:3,&quot;perMove&quot;:1,&quot;drag&quot;:true,&quot;arrows&quot;:true,&quot;pagination&quot;:0,&quot;autoplay&quot;:false,&quot;gap&quot;:&quot;15px&quot;,&quot;breakpoints&quot;:{&quot;1200&quot;:{&quot;perPage&quot;:3},&quot;992&quot;:{&quot;perPage&quot;:2},&quot;768&quot;:{&quot;destroy&quot;:true}}}\"><div class=\"splide__track\"><div class=\"splide__list\"><div class=\"splide__slide\"><div class=\"item\" data-season=\"\"><div class=\"card  card-post\"><div class=\"group-top\"><div class=\"field-title\">Le 10 escursioni pi\u00f9 belle nei Gioielli<\/div><\/div><div class=\"group-media\"><div class=\"field-image\"><img loading=\"lazy\" decoding=\"async\" width=\"300\" height=\"450\" src=\"https:\/\/www.paysdesecrins.com\/wp-content\/uploads\/2025\/07\/bivouac-et-trail-cre-te-de-rougnoux-133-300x450.jpg\" class=\"winter all-seasons wp-post-image\" alt=\"\" data-season=\"all-seasons\" srcset=\"https:\/\/www.paysdesecrins.com\/wp-content\/uploads\/2025\/07\/bivouac-et-trail-cre-te-de-rougnoux-133-300x450.jpg 300w, https:\/\/www.paysdesecrins.com\/wp-content\/uploads\/2025\/07\/bivouac-et-trail-cre-te-de-rougnoux-133-390x585.jpg 390w\" sizes=\"auto, (max-width: 300px) 100vw, 300px\" \/><\/div><\/div><div class=\"group-content\"><\/div><div class=\"field-link\" role=\"group\" aria-label=\"Lien vers le contenu\"><a href=\"https:\/\/www.paysdesecrins.com\/it\/le-10-escursioni-piu-belle-nei-gioielli\/\" class=\"cardlink\" title=\"Lire plus : Le 10 escursioni pi\u00f9 belle nei Gioielli\" lang=\"it_IT\">Le 10 escursioni pi\u00f9 belle nei Gioielli<\/a><\/div><\/div><\/div><\/div><div class=\"splide__slide\"><div class=\"item\" data-season=\"\"><div class=\"card  card-post\"><div class=\"group-top\"><div class=\"field-title\">Le 10 migliori attivit\u00e0 all&#039;aperto per l&#039;estate\/l&#039;inverno<\/div><\/div><div class=\"group-media\"><div class=\"field-image\"><img loading=\"lazy\" decoding=\"async\" width=\"300\" height=\"200\" src=\"https:\/\/www.paysdesecrins.com\/wp-content\/uploads\/2025\/06\/thibautblais-refuge-du-glacier-blanc-et-des-e-crins-en-ski-54-scaled.jpg\" class=\"winter all-seasons wp-post-image\" alt=\"\" data-season=\"all-seasons\" srcset=\"https:\/\/www.paysdesecrins.com\/wp-content\/uploads\/2025\/06\/thibautblais-refuge-du-glacier-blanc-et-des-e-crins-en-ski-54-scaled.jpg 2560w, https:\/\/www.paysdesecrins.com\/wp-content\/uploads\/2025\/06\/thibautblais-refuge-du-glacier-blanc-et-des-e-crins-en-ski-54-300x200.jpg 300w, https:\/\/www.paysdesecrins.com\/wp-content\/uploads\/2025\/06\/thibautblais-refuge-du-glacier-blanc-et-des-e-crins-en-ski-54-1024x683.jpg 1024w, https:\/\/www.paysdesecrins.com\/wp-content\/uploads\/2025\/06\/thibautblais-refuge-du-glacier-blanc-et-des-e-crins-en-ski-54-768x512.jpg 768w, https:\/\/www.paysdesecrins.com\/wp-content\/uploads\/2025\/06\/thibautblais-refuge-du-glacier-blanc-et-des-e-crins-en-ski-54-1536x1024.jpg 1536w, https:\/\/www.paysdesecrins.com\/wp-content\/uploads\/2025\/06\/thibautblais-refuge-du-glacier-blanc-et-des-e-crins-en-ski-54-2048x1365.jpg 2048w, https:\/\/www.paysdesecrins.com\/wp-content\/uploads\/2025\/06\/thibautblais-refuge-du-glacier-blanc-et-des-e-crins-en-ski-54-960x640.jpg 960w\" sizes=\"auto, (max-width: 300px) 100vw, 300px\" \/><\/div><\/div><div class=\"group-content\"><\/div><div class=\"field-link\" role=\"group\" aria-label=\"Lien vers le contenu\"><a href=\"https:\/\/www.paysdesecrins.com\/it\/le-10-migliori-attivita-allaperto\/\" class=\"cardlink\" title=\"Lire plus : Le 10 migliori attivit\u00e0 all&#039;aperto per l&#039;estate\/l&#039;inverno\" lang=\"it_IT\">Le 10 migliori attivit\u00e0 all&#039;aperto per l&#039;estate\/l&#039;inverno<\/a><\/div><\/div><\/div><\/div><div class=\"splide__slide\"><div class=\"item\" data-season=\"\"><div class=\"card  card-post\"><div class=\"group-top\"><div class=\"field-title\">Come preparare la notte in rifugio e le escursioni in montagna?<\/div><\/div><div class=\"group-media\"><div class=\"field-category\">Nelle notizie<\/div><div class=\"field-image\"><img loading=\"lazy\" decoding=\"async\" width=\"300\" height=\"450\" src=\"https:\/\/www.paysdesecrins.com\/wp-content\/uploads\/2025\/07\/refuge-des-e-crins-glacier-1-2-300x450.jpg\" class=\"winter all-seasons wp-post-image\" alt=\"\" data-season=\"all-seasons\" srcset=\"https:\/\/www.paysdesecrins.com\/wp-content\/uploads\/2025\/07\/refuge-des-e-crins-glacier-1-2-300x450.jpg 300w, https:\/\/www.paysdesecrins.com\/wp-content\/uploads\/2025\/07\/refuge-des-e-crins-glacier-1-2-390x585.jpg 390w\" sizes=\"auto, (max-width: 300px) 100vw, 300px\" \/><\/div><\/div><div class=\"group-content\"><\/div><div class=\"field-link\" role=\"group\" aria-label=\"Lien vers le contenu\"><a href=\"https:\/\/www.paysdesecrins.com\/it\/come-preparare-la-notte-in-rifugio-e-le-escursioni-in-montagna\/\" class=\"cardlink\" title=\"Lire plus : Come preparare la notte in rifugio e le escursioni in montagna?\" lang=\"it_IT\">Come preparare la notte in rifugio e le escursioni in montagna?<\/a><\/div><\/div><\/div><\/div><div class=\"splide__slide\"><div class=\"item\" data-season=\"\"><div class=\"card  card-post\"><div class=\"group-top\"><div class=\"field-title\">Scialpinismo in primavera<\/div><\/div><div class=\"group-media\"><div class=\"field-image\"><img loading=\"lazy\" decoding=\"async\" width=\"300\" height=\"450\" src=\"https:\/\/www.paysdesecrins.com\/wp-content\/uploads\/2025\/07\/pre-de-madame-carle-en-ski-28-300x450.jpg\" class=\"winter all-seasons wp-post-image\" alt=\"\" data-season=\"all-seasons\" srcset=\"https:\/\/www.paysdesecrins.com\/wp-content\/uploads\/2025\/07\/pre-de-madame-carle-en-ski-28-300x450.jpg 300w, https:\/\/www.paysdesecrins.com\/wp-content\/uploads\/2025\/07\/pre-de-madame-carle-en-ski-28-390x585.jpg 390w\" sizes=\"auto, (max-width: 300px) 100vw, 300px\" \/><\/div><\/div><div class=\"group-content\"><\/div><div class=\"field-link\" role=\"group\" aria-label=\"Lien vers le contenu\"><a href=\"https:\/\/www.paysdesecrins.com\/it\/scialpinismo-in-primavera\/\" class=\"cardlink\" title=\"Lire plus : Scialpinismo in primavera\" lang=\"it_IT\">Scialpinismo in primavera<\/a><\/div><\/div><\/div><\/div><div class=\"splide__slide\"><div class=\"item\" data-season=\"\"><div class=\"card  card-post\"><div class=\"group-top\"><div class=\"field-title\">Roaming nelle impostazioni<\/div><\/div><div class=\"group-media\"><div class=\"field-category\">Favorito<\/div><div class=\"field-image\"><img loading=\"lazy\" decoding=\"async\" width=\"300\" height=\"450\" src=\"https:\/\/www.paysdesecrins.com\/wp-content\/uploads\/2025\/07\/1608201002-198134342-300x450.jpg\" class=\"winter all-seasons wp-post-image\" alt=\"\" data-season=\"all-seasons\" srcset=\"https:\/\/www.paysdesecrins.com\/wp-content\/uploads\/2025\/07\/1608201002-198134342-300x450.jpg 300w, https:\/\/www.paysdesecrins.com\/wp-content\/uploads\/2025\/07\/1608201002-198134342-390x585.jpg 390w\" sizes=\"auto, (max-width: 300px) 100vw, 300px\" \/><\/div><\/div><div class=\"group-content\"><\/div><div class=\"field-link\" role=\"group\" aria-label=\"Lien vers le contenu\"><a href=\"https:\/\/www.paysdesecrins.com\/it\/vagando-tra-i-gioielli\/\" class=\"cardlink\" title=\"Lire plus : Roaming nelle impostazioni\" lang=\"it_IT\">Roaming nelle impostazioni<\/a><\/div><\/div><\/div><\/div><div class=\"splide__slide\"><div class=\"item\" data-season=\"\"><div class=\"card  card-post\"><div class=\"group-top\"><div class=\"field-title\">L&#039;autunno nei casi<\/div><\/div><div class=\"group-media\"><div class=\"field-image\"><img loading=\"lazy\" decoding=\"async\" width=\"300\" height=\"450\" src=\"https:\/\/www.paysdesecrins.com\/wp-content\/uploads\/2025\/07\/1608201002-1750653967-300x450.jpg\" class=\"winter all-seasons wp-post-image\" alt=\"\" data-season=\"all-seasons\" srcset=\"https:\/\/www.paysdesecrins.com\/wp-content\/uploads\/2025\/07\/1608201002-1750653967-300x450.jpg 300w, https:\/\/www.paysdesecrins.com\/wp-content\/uploads\/2025\/07\/1608201002-1750653967-390x585.jpg 390w\" sizes=\"auto, (max-width: 300px) 100vw, 300px\" \/><\/div><\/div><div class=\"group-content\"><\/div><div class=\"field-link\" role=\"group\" aria-label=\"Lien vers le contenu\"><a href=\"https:\/\/www.paysdesecrins.com\/it\/lautunno-nei-casi\/\" class=\"cardlink\" title=\"Lire plus : L&#039;autunno nei casi\" lang=\"it_IT\">L&#039;autunno nei casi<\/a><\/div><\/div><\/div><\/div><div class=\"splide__slide\"><div class=\"item\" data-season=\"\"><div class=\"card  card-post\"><div class=\"group-top\"><div class=\"field-title\">I 10 migliori sentieri dell&#039;\u00c9crins<\/div><\/div><div class=\"group-media\"><div class=\"field-category\">Nelle notizie<\/div><div class=\"field-image\"><img loading=\"lazy\" decoding=\"async\" width=\"300\" height=\"450\" src=\"https:\/\/www.paysdesecrins.com\/wp-content\/uploads\/2025\/07\/bivouac-et-trail-cre-te-de-rougnoux-94-300x450.jpg\" class=\"winter all-seasons wp-post-image\" alt=\"\" data-season=\"all-seasons\" srcset=\"https:\/\/www.paysdesecrins.com\/wp-content\/uploads\/2025\/07\/bivouac-et-trail-cre-te-de-rougnoux-94-300x450.jpg 300w, https:\/\/www.paysdesecrins.com\/wp-content\/uploads\/2025\/07\/bivouac-et-trail-cre-te-de-rougnoux-94-390x585.jpg 390w\" sizes=\"auto, (max-width: 300px) 100vw, 300px\" \/><\/div><\/div><div class=\"group-content\"><\/div><div class=\"field-link\" role=\"group\" aria-label=\"Lien vers le contenu\"><a href=\"https:\/\/www.paysdesecrins.com\/it\/i-10-migliori-sentieri-dellecrins\/\" class=\"cardlink\" title=\"Lire plus : I 10 migliori sentieri dell&#039;\u00c9crins\" lang=\"it_IT\">I 10 migliori sentieri dell&#039;\u00c9crins<\/a><\/div><\/div><\/div><\/div><div class=\"splide__slide\"><div class=\"item\" data-season=\"\"><div class=\"card  card-post\"><div class=\"group-top\"><div class=\"field-title\">i 10 migliori fiumi del Pays des Ecrins<\/div><\/div><div class=\"group-media\"><div class=\"field-category\">Nelle notizie<\/div><div class=\"field-image\"><img loading=\"lazy\" decoding=\"async\" width=\"300\" height=\"450\" src=\"https:\/\/www.paysdesecrins.com\/wp-content\/uploads\/2025\/07\/dsc08964-300x450.jpg\" class=\"winter all-seasons wp-post-image\" alt=\"\" data-season=\"all-seasons\" srcset=\"https:\/\/www.paysdesecrins.com\/wp-content\/uploads\/2025\/07\/dsc08964-300x450.jpg 300w, https:\/\/www.paysdesecrins.com\/wp-content\/uploads\/2025\/07\/dsc08964-390x585.jpg 390w\" sizes=\"auto, (max-width: 300px) 100vw, 300px\" \/><\/div><\/div><div class=\"group-content\"><\/div><div class=\"field-link\" role=\"group\" aria-label=\"Lien vers le contenu\"><a href=\"https:\/\/www.paysdesecrins.com\/it\/i-10-migliori-fiumi-del-pays-des-ecrins\/\" class=\"cardlink\" title=\"Lire plus : i 10 migliori fiumi del Pays des Ecrins\" lang=\"it_IT\">i 10 migliori fiumi del Pays des Ecrins<\/a><\/div><\/div><\/div><\/div><div class=\"splide__slide\"><div class=\"item\" data-season=\"\"><div class=\"card  card-post\"><div class=\"group-top\"><div class=\"field-title\">Martin KERN, ambasciatore del Pays des \u00c9crins<\/div><\/div><div class=\"group-media\"><div class=\"field-image\"><img loading=\"lazy\" decoding=\"async\" width=\"300\" height=\"450\" src=\"https:\/\/www.paysdesecrins.com\/wp-content\/uploads\/2025\/07\/martin-kern-ambassadeur-du-pays-des-ecrins-deutsch-1608201002-300x450.png\" class=\"winter all-seasons wp-post-image\" alt=\"\" data-season=\"all-seasons\" \/><\/div><\/div><div class=\"group-content\"><\/div><div class=\"field-link\" role=\"group\" aria-label=\"Lien vers le contenu\"><a href=\"https:\/\/www.paysdesecrins.com\/it\/martin-kern-ambasciatore-del-pays-des-ecrins\/\" class=\"cardlink\" title=\"Lire plus : Martin KERN, ambasciatore del Pays des \u00c9crins\" lang=\"it_IT\">Martin KERN, ambasciatore del Pays des \u00c9crins<\/a><\/div><\/div><\/div><\/div><div class=\"splide__slide\"><div class=\"item\" data-season=\"\"><div class=\"card  card-post\"><div class=\"group-top\"><div class=\"field-title\">La geologia nei casi<\/div><\/div><div class=\"group-media\"><div class=\"field-image\"><img loading=\"lazy\" decoding=\"async\" width=\"300\" height=\"450\" src=\"https:\/\/www.paysdesecrins.com\/wp-content\/uploads\/2025\/07\/h0a7809-300x450.jpg\" class=\"winter all-seasons wp-post-image\" alt=\"\" data-season=\"all-seasons\" srcset=\"https:\/\/www.paysdesecrins.com\/wp-content\/uploads\/2025\/07\/h0a7809-300x450.jpg 300w, https:\/\/www.paysdesecrins.com\/wp-content\/uploads\/2025\/07\/h0a7809-390x585.jpg 390w\" sizes=\"auto, (max-width: 300px) 100vw, 300px\" \/><\/div><\/div><div class=\"group-content\"><\/div><div class=\"field-link\" role=\"group\" aria-label=\"Lien vers le contenu\"><a href=\"https:\/\/www.paysdesecrins.com\/it\/la-geologia-nei-gioielli\/\" class=\"cardlink\" title=\"Lire plus : La geologia nei casi\" lang=\"it_IT\">La geologia nei casi<\/a><\/div><\/div><\/div><\/div><\/div><\/div><\/div><\/div>\n\n\n<div class=\"wp-block-ws-library-ws-button has-text-align-center is-style-outline\"><a href=\"https:\/\/www.paysdesecrins.com\/it\/blog\/\" class=\"wp-block-button__link wp-element-button btn\">  Blog<\/a><\/div>\n<\/div>\n<\/div>\n","protected":false},"excerpt":{"rendered":"<p>Nel Pays des \u00c9crins, la natura offre un enorme spazio di libert\u00e0. Escursionismo, mountain bike, arrampicata, acque bianche, alpinismo, trail [&hellip;]<\/p>\n","protected":false},"author":1,"featured_media":29947,"parent":0,"menu_order":0,"comment_status":"closed","ping_status":"closed","template":"","meta":{"_thumbnail_id_2":0,"summer_excerpt":"","season":"","station":"","footnotes":""},"class_list":["post-44584","page","type-page","status-publish","has-post-thumbnail","hentry"],"yoast_head":"<!-- This site is optimized with the Yoast SEO plugin v27.3 - https:\/\/yoast.com\/product\/yoast-seo-wordpress\/ -->\n<title>Pays des \u00c9crins - Office de Tourisme<\/title>\n<meta name=\"robots\" content=\"index, follow, max-snippet:-1, max-image-preview:large, max-video-preview:-1\" \/>\n<link rel=\"canonical\" href=\"https:\/\/www.paysdesecrins.com\/it\/\" \/>\n<meta property=\"og:locale\" content=\"it_IT\" \/>\n<meta property=\"og:type\" content=\"article\" \/>\n<meta property=\"og:title\" content=\"Pays des \u00c9crins - Office de Tourisme\" \/>\n<meta property=\"og:description\" content=\"Nel Pays des \u00c9crins, la natura offre un enorme spazio di libert\u00e0. Escursionismo, mountain bike, arrampicata, acque bianche, alpinismo, trail [&hellip;]\" \/>\n<meta property=\"og:url\" content=\"https:\/\/www.paysdesecrins.com\/it\/\" \/>\n<meta property=\"og:site_name\" content=\"Pays des \u00c9crins - Office de Tourisme\" \/>\n<meta property=\"article:modified_time\" content=\"2026-03-04T13:29:38+00:00\" \/>\n<meta property=\"og:image\" content=\"https:\/\/www.paysdesecrins.com\/wp-content\/uploads\/2025\/07\/ailefroide-bertrand-bodin-scaled.jpg\" \/>\n\t<meta property=\"og:image:width\" content=\"2560\" \/>\n\t<meta property=\"og:image:height\" content=\"853\" \/>\n\t<meta property=\"og:image:type\" content=\"image\/jpeg\" \/>\n<meta name=\"twitter:card\" content=\"summary_large_image\" \/>\n<meta name=\"twitter:label1\" content=\"Tempo di lettura stimato\" \/>\n\t<meta name=\"twitter:data1\" content=\"2 minuti\" \/>\n<script type=\"application\/ld+json\" class=\"yoast-schema-graph\">{\"@context\":\"https:\\\/\\\/schema.org\",\"@graph\":[{\"@type\":\"WebPage\",\"@id\":\"https:\\\/\\\/www.paysdesecrins.com\\\/it\\\/\",\"url\":\"https:\\\/\\\/www.paysdesecrins.com\\\/it\\\/\",\"name\":\"Pays des \u00c9crins - Office de Tourisme\",\"isPartOf\":{\"@id\":\"https:\\\/\\\/www.paysdesecrins.com\\\/it\\\/#website\"},\"primaryImageOfPage\":{\"@id\":\"https:\\\/\\\/www.paysdesecrins.com\\\/it\\\/#primaryimage\"},\"image\":{\"@id\":\"https:\\\/\\\/www.paysdesecrins.com\\\/it\\\/#primaryimage\"},\"thumbnailUrl\":\"https:\\\/\\\/www.paysdesecrins.com\\\/wp-content\\\/uploads\\\/2025\\\/07\\\/ailefroide-bertrand-bodin-scaled.jpg\",\"datePublished\":\"2025-06-25T09:49:09+00:00\",\"dateModified\":\"2026-03-04T13:29:38+00:00\",\"breadcrumb\":{\"@id\":\"https:\\\/\\\/www.paysdesecrins.com\\\/it\\\/#breadcrumb\"},\"inLanguage\":\"it-IT\",\"potentialAction\":[{\"@type\":\"ReadAction\",\"target\":[\"https:\\\/\\\/www.paysdesecrins.com\\\/it\\\/\"]}]},{\"@type\":\"ImageObject\",\"inLanguage\":\"it-IT\",\"@id\":\"https:\\\/\\\/www.paysdesecrins.com\\\/it\\\/#primaryimage\",\"url\":\"https:\\\/\\\/www.paysdesecrins.com\\\/wp-content\\\/uploads\\\/2025\\\/07\\\/ailefroide-bertrand-bodin-scaled.jpg\",\"contentUrl\":\"https:\\\/\\\/www.paysdesecrins.com\\\/wp-content\\\/uploads\\\/2025\\\/07\\\/ailefroide-bertrand-bodin-scaled.jpg\",\"width\":2560,\"height\":853,\"caption\":\"Bertrand Bodin \\\/ ADDET Villaggio alpinistico\"},{\"@type\":\"BreadcrumbList\",\"@id\":\"https:\\\/\\\/www.paysdesecrins.com\\\/it\\\/#breadcrumb\",\"itemListElement\":[{\"@type\":\"ListItem\",\"position\":1,\"name\":\"Accueil\",\"item\":\"https:\\\/\\\/www.paysdesecrins.com\\\/it\\\/il-titolo-della-casa\\\/\"},{\"@type\":\"ListItem\",\"position\":2,\"name\":\"Lo spirito della montagna\"}]},{\"@type\":\"WebSite\",\"@id\":\"https:\\\/\\\/www.paysdesecrins.com\\\/it\\\/#website\",\"url\":\"https:\\\/\\\/www.paysdesecrins.com\\\/it\\\/\",\"name\":\"Pays des \u00c9crins - Office de Tourisme\",\"description\":\"L&#039;esprit montagne\",\"publisher\":{\"@id\":\"https:\\\/\\\/www.paysdesecrins.com\\\/it\\\/#organization\"},\"potentialAction\":[{\"@type\":\"SearchAction\",\"target\":{\"@type\":\"EntryPoint\",\"urlTemplate\":\"https:\\\/\\\/www.paysdesecrins.com\\\/it\\\/?s={search_term_string}\"},\"query-input\":{\"@type\":\"PropertyValueSpecification\",\"valueRequired\":true,\"valueName\":\"search_term_string\"}}],\"inLanguage\":\"it-IT\"},{\"@type\":\"Organization\",\"@id\":\"https:\\\/\\\/www.paysdesecrins.com\\\/it\\\/#organization\",\"name\":\"Pays des \u00c9crins - Office de Tourisme\",\"url\":\"https:\\\/\\\/www.paysdesecrins.com\\\/it\\\/\",\"logo\":{\"@type\":\"ImageObject\",\"inLanguage\":\"it-IT\",\"@id\":\"https:\\\/\\\/www.paysdesecrins.com\\\/it\\\/#\\\/schema\\\/logo\\\/image\\\/\",\"url\":\"https:\\\/\\\/www.paysdesecrins.com\\\/wp-content\\\/uploads\\\/2025\\\/06\\\/devina-svg-1750845694.svg\",\"contentUrl\":\"https:\\\/\\\/www.paysdesecrins.com\\\/wp-content\\\/uploads\\\/2025\\\/06\\\/devina-svg-1750845694.svg\",\"caption\":\"Pays des \u00c9crins - Office de Tourisme\"},\"image\":{\"@id\":\"https:\\\/\\\/www.paysdesecrins.com\\\/it\\\/#\\\/schema\\\/logo\\\/image\\\/\"}}]}<\/script>\n<!-- \/ Yoast SEO plugin. -->","yoast_head_json":{"title":"Pays des \u00c9crins - Office de Tourisme","robots":{"index":"index","follow":"follow","max-snippet":"max-snippet:-1","max-image-preview":"max-image-preview:large","max-video-preview":"max-video-preview:-1"},"canonical":"https:\/\/www.paysdesecrins.com\/it\/","og_locale":"it_IT","og_type":"article","og_title":"Pays des \u00c9crins - Office de Tourisme","og_description":"Nel Pays des \u00c9crins, la natura offre un enorme spazio di libert\u00e0. Escursionismo, mountain bike, arrampicata, acque bianche, alpinismo, trail [&hellip;]","og_url":"https:\/\/www.paysdesecrins.com\/it\/","og_site_name":"Pays des \u00c9crins - Office de Tourisme","article_modified_time":"2026-03-04T13:29:38+00:00","og_image":[{"width":2560,"height":853,"url":"https:\/\/www.paysdesecrins.com\/wp-content\/uploads\/2025\/07\/ailefroide-bertrand-bodin-scaled.jpg","type":"image\/jpeg"}],"twitter_card":"summary_large_image","twitter_misc":{"Tempo di lettura stimato":"2 minuti"},"schema":{"@context":"https:\/\/schema.org","@graph":[{"@type":"WebPage","@id":"https:\/\/www.paysdesecrins.com\/it\/","url":"https:\/\/www.paysdesecrins.com\/it\/","name":"Pays des \u00c9crins - Office de Tourisme","isPartOf":{"@id":"https:\/\/www.paysdesecrins.com\/it\/#website"},"primaryImageOfPage":{"@id":"https:\/\/www.paysdesecrins.com\/it\/#primaryimage"},"image":{"@id":"https:\/\/www.paysdesecrins.com\/it\/#primaryimage"},"thumbnailUrl":"https:\/\/www.paysdesecrins.com\/wp-content\/uploads\/2025\/07\/ailefroide-bertrand-bodin-scaled.jpg","datePublished":"2025-06-25T09:49:09+00:00","dateModified":"2026-03-04T13:29:38+00:00","breadcrumb":{"@id":"https:\/\/www.paysdesecrins.com\/it\/#breadcrumb"},"inLanguage":"it-IT","potentialAction":[{"@type":"ReadAction","target":["https:\/\/www.paysdesecrins.com\/it\/"]}]},{"@type":"ImageObject","inLanguage":"it-IT","@id":"https:\/\/www.paysdesecrins.com\/it\/#primaryimage","url":"https:\/\/www.paysdesecrins.com\/wp-content\/uploads\/2025\/07\/ailefroide-bertrand-bodin-scaled.jpg","contentUrl":"https:\/\/www.paysdesecrins.com\/wp-content\/uploads\/2025\/07\/ailefroide-bertrand-bodin-scaled.jpg","width":2560,"height":853,"caption":"Bertrand Bodin \/ ADDET Villaggio alpinistico"},{"@type":"BreadcrumbList","@id":"https:\/\/www.paysdesecrins.com\/it\/#breadcrumb","itemListElement":[{"@type":"ListItem","position":1,"name":"Accueil","item":"https:\/\/www.paysdesecrins.com\/it\/il-titolo-della-casa\/"},{"@type":"ListItem","position":2,"name":"Lo spirito della montagna"}]},{"@type":"WebSite","@id":"https:\/\/www.paysdesecrins.com\/it\/#website","url":"https:\/\/www.paysdesecrins.com\/it\/","name":"Pays des \u00c9crins - Office de Tourisme","description":"L&#039;esprit montagne","publisher":{"@id":"https:\/\/www.paysdesecrins.com\/it\/#organization"},"potentialAction":[{"@type":"SearchAction","target":{"@type":"EntryPoint","urlTemplate":"https:\/\/www.paysdesecrins.com\/it\/?s={search_term_string}"},"query-input":{"@type":"PropertyValueSpecification","valueRequired":true,"valueName":"search_term_string"}}],"inLanguage":"it-IT"},{"@type":"Organization","@id":"https:\/\/www.paysdesecrins.com\/it\/#organization","name":"Pays des \u00c9crins - Office de Tourisme","url":"https:\/\/www.paysdesecrins.com\/it\/","logo":{"@type":"ImageObject","inLanguage":"it-IT","@id":"https:\/\/www.paysdesecrins.com\/it\/#\/schema\/logo\/image\/","url":"https:\/\/www.paysdesecrins.com\/wp-content\/uploads\/2025\/06\/devina-svg-1750845694.svg","contentUrl":"https:\/\/www.paysdesecrins.com\/wp-content\/uploads\/2025\/06\/devina-svg-1750845694.svg","caption":"Pays des \u00c9crins - Office de Tourisme"},"image":{"@id":"https:\/\/www.paysdesecrins.com\/it\/#\/schema\/logo\/image\/"}}]}},"_links":{"self":[{"href":"https:\/\/www.paysdesecrins.com\/it\/wp-json\/wp\/v2\/pages\/44584","targetHints":{"allow":["GET"]}}],"collection":[{"href":"https:\/\/www.paysdesecrins.com\/it\/wp-json\/wp\/v2\/pages"}],"about":[{"href":"https:\/\/www.paysdesecrins.com\/it\/wp-json\/wp\/v2\/types\/page"}],"author":[{"embeddable":true,"href":"https:\/\/www.paysdesecrins.com\/it\/wp-json\/wp\/v2\/users\/1"}],"replies":[{"embeddable":true,"href":"https:\/\/www.paysdesecrins.com\/it\/wp-json\/wp\/v2\/comments?post=44584"}],"version-history":[{"count":12,"href":"https:\/\/www.paysdesecrins.com\/it\/wp-json\/wp\/v2\/pages\/44584\/revisions"}],"predecessor-version":[{"id":199675,"href":"https:\/\/www.paysdesecrins.com\/it\/wp-json\/wp\/v2\/pages\/44584\/revisions\/199675"}],"wp:featuredmedia":[{"embeddable":true,"href":"https:\/\/www.paysdesecrins.com\/it\/wp-json\/wp\/v2\/media\/29947"}],"wp:attachment":[{"href":"https:\/\/www.paysdesecrins.com\/it\/wp-json\/wp\/v2\/media?parent=44584"}],"curies":[{"name":"wp","href":"https:\/\/api.w.org\/{rel}","templated":true}]}}