{"id":45046,"date":"2025-06-25T15:44:54","date_gmt":"2025-06-25T13:44:54","guid":{"rendered":"https:\/\/www.paysdesecrins.com\/il-mio-resort-il-mio-villaggio\/largentiere-la-bessee\/"},"modified":"2025-08-13T18:09:54","modified_gmt":"2025-08-13T16:09:54","slug":"largentiere-la-bessee","status":"publish","type":"page","link":"https:\/\/www.paysdesecrins.com\/it\/il-mio-resort-il-mio-villaggio\/largentiere-la-bessee\/","title":{"rendered":"L&#8217;Argenti\u00e8re-la-Bess\u00e9e"},"content":{"rendered":"    <div class=\"alignfull wp-block-ws-library-ws-header-interne\" data-season=\"summer\">\n\t    <div class=\"header-container\">\n\t        <div class=\"group-media has-image\">\n\t            \t                <img loading=\"lazy\" decoding=\"async\" width=\"1920\" height=\"800\" src=\"https:\/\/www.paysdesecrins.com\/wp-content\/uploads\/2025\/07\/191villagesargentiere-la-bessee-46-1-2-1920x800.jpg\" alt=\"\" class=\"image_large_square wp-image-21922\" \/>\n\t            \t        <\/div>\n\t        <div class=\"group-content\">\n\t            <div class=\"title\">\n\t                <h1>\n\t                    L&#039;Argenti\u00e8re-la-Bess\u00e9e\t                    \t                <\/h1>\n\t            <\/div>\n\t        <\/div>\n\t    <\/div>\n\t    \n<div class=\"yoast-breadcrumbs\"><span><span><a href=\"https:\/\/www.paysdesecrins.com\/it\/il-titolo-della-casa\/\">Accueil<\/a><\/span>  <span><a href=\"https:\/\/www.paysdesecrins.com\/it\/ma-station-mon-village\/\">Il mio resort, il mio villaggio<\/a><\/span>  <span class=\"breadcrumb_last\" aria-current=\"page\">L&rsquo;Argenti\u00e8re-la-Bess\u00e9e<\/span><\/span><\/div>\n    <\/div>\n        <div class=\"alignfull wp-block-ws-library-ws-header-interne\" data-season=\"winter\">\n\t    <div class=\"header-container\">\n\t        <div class=\"group-media has-image\">\n\t            \t                <img loading=\"lazy\" decoding=\"async\" width=\"1920\" height=\"800\" src=\"https:\/\/www.paysdesecrins.com\/wp-content\/uploads\/2025\/07\/dsc07470-scaled-1920x800.jpg\" alt=\"\" class=\"image_large_square wp-image-49085\" \/>\n\t            \t        <\/div>\n\t        <div class=\"group-content\">\n\t            <div class=\"title\">\n\t                <h1>\n\t                    L&#039;Argenti\u00e8re-la-Bess\u00e9e\t                    \t                <\/h1>\n\t            <\/div>\n\t        <\/div>\n\t    <\/div>\n\t    \n<div class=\"yoast-breadcrumbs\"><span><span><a href=\"https:\/\/www.paysdesecrins.com\/it\/il-titolo-della-casa\/\">Accueil<\/a><\/span>  <span><a href=\"https:\/\/www.paysdesecrins.com\/it\/ma-station-mon-village\/\">Il mio resort, il mio villaggio<\/a><\/span>  <span class=\"breadcrumb_last\" aria-current=\"page\">L&rsquo;Argenti\u00e8re-la-Bess\u00e9e<\/span><\/span><\/div>\n    <\/div>\n    \n<div class=\"wp-block-ws-library-ws-title aligncenter is-style-simple\"><h2><em>L&#8217;Argenti\u00e8re-la-Bess\u00e9e<\/em> La porta d&#8217;accesso al Pays des \u00c9crins<\/h2><\/div>\n\n<p class=\"has-text-align-center wp-block-paragraph\"><em>Situata a 1.000 m di altitudine, alla confluenza dei fiumi Durance, Vallouise e Fournel, L&#8217;Argenti\u00e8re-La-Bess\u00e9e \u00e8 la porta d&#8217;accesso ideale per esplorare il Pays des \u00c9crins. A poche ore di treno da Marsiglia, la piccola stazione di &#8220;L&#8217;Argenti\u00e8re-Les \u00c9crins&#8221; segna l&#8217;inizio immediato della vostra avventura. Appena metti piede sulla pedana, indossa le scarpe da ginnastica o afferra la pagaia: qui le attivit\u00e0 si susseguono in modo naturale.  <\/em><\/p>\n\n<div class=\"wp-block-ws-library-ws-button has-text-align-center is-style-outline\"><a href=\"https:\/\/www.paysdesecrins.com\/it\/scelgo\/accesso-e-navette\/\" class=\"wp-block-button__link wp-element-button btn\">  Accesso e navette<\/a><\/div>\n\n<div class=\"wp-block-ws-library-ws-title aligncenter\" data-season=\"summer\"><h2><em>Un <\/em>patrimonio ricco e autentico<\/h2><\/div>\n\n<div class=\"wp-block-ws-library-ws-title aligncenter\" data-season=\"winter\"><h2><em>Avventure e heritage <\/em>, le ricchezze del territorio<\/h2><\/div>\n<div class=\"alignwide wp-block-ws-library-ws-list-content\" data-season=\"summer\"><div class=\"list-items splide\" data-splide=\"{&quot;type&quot;:&quot;loop&quot;,&quot;heightRatio&quot;:&quot;auto&quot;,&quot;perPage&quot;:3,&quot;perMove&quot;:1,&quot;drag&quot;:true,&quot;arrows&quot;:true,&quot;pagination&quot;:0,&quot;autoplay&quot;:false,&quot;gap&quot;:&quot;15px&quot;,&quot;breakpoints&quot;:{&quot;1200&quot;:{&quot;perPage&quot;:3},&quot;992&quot;:{&quot;perPage&quot;:2},&quot;768&quot;:{&quot;destroy&quot;:true}}}\"><div class=\"splide__track\"><div class=\"splide__list\"><div class=\"splide__slide\"><div class=\"item\" data-season=\"\"><div class=\"card  card-page\"><div class=\"group-media\"><div class=\"field-image\"><img loading=\"lazy\" decoding=\"async\" width=\"300\" height=\"450\" src=\"https:\/\/www.paysdesecrins.com\/wp-content\/uploads\/2025\/07\/1674825818-1937761558-300x450.jpg\" class=\"winter all-seasons wp-post-image\" alt=\"\" data-season=\"all-seasons\" srcset=\"https:\/\/www.paysdesecrins.com\/wp-content\/uploads\/2025\/07\/1674825818-1937761558-300x450.jpg 300w, https:\/\/www.paysdesecrins.com\/wp-content\/uploads\/2025\/07\/1674825818-1937761558-390x585.jpg 390w\" sizes=\"auto, (max-width: 300px) 100vw, 300px\" \/><\/div><\/div><div class=\"group-content\"><div class=\"field-title\">La miniera d&#039;argento di Fournel <strong>dei Paesi degli \u00c9crins<\/strong><\/div><\/div><div class=\"field-link\" role=\"group\" aria-label=\"Lien vers le contenu\"><a href=\"https:\/\/www.paysdesecrins.com\/it\/il-mio-desiderio-di\/scoperta\/la-miniera-dargento-di-fournel-nel-pays-des-ecrins\/\" class=\"cardlink\" title=\"Lire plus : La miniera d&#039;argento di Fournel dei Paesi degli \u00c9crins\" lang=\"it_IT\">La miniera d&#039;argento di Fournel dei Paesi degli \u00c9crins<\/a><\/div><\/div><\/div><\/div><div class=\"splide__slide\"><div class=\"item\" data-season=\"\"><div class=\"card  card-page\"><div class=\"group-media\"><div class=\"field-image\"><img loading=\"lazy\" decoding=\"async\" width=\"300\" height=\"450\" src=\"https:\/\/www.paysdesecrins.com\/wp-content\/uploads\/2025\/07\/161chardonsbleus-chardon24-12-300x450.jpg\" class=\"winter all-seasons wp-post-image\" alt=\"\" data-season=\"all-seasons\" srcset=\"https:\/\/www.paysdesecrins.com\/wp-content\/uploads\/2025\/07\/161chardonsbleus-chardon24-12-300x450.jpg 300w, https:\/\/www.paysdesecrins.com\/wp-content\/uploads\/2025\/07\/161chardonsbleus-chardon24-12-200x300.jpg 200w, https:\/\/www.paysdesecrins.com\/wp-content\/uploads\/2025\/07\/161chardonsbleus-chardon24-12-683x1024.jpg 683w, https:\/\/www.paysdesecrins.com\/wp-content\/uploads\/2025\/07\/161chardonsbleus-chardon24-12-768x1152.jpg 768w, https:\/\/www.paysdesecrins.com\/wp-content\/uploads\/2025\/07\/161chardonsbleus-chardon24-12-1024x1536.jpg 1024w, https:\/\/www.paysdesecrins.com\/wp-content\/uploads\/2025\/07\/161chardonsbleus-chardon24-12-1365x2048.jpg 1365w, https:\/\/www.paysdesecrins.com\/wp-content\/uploads\/2025\/07\/161chardonsbleus-chardon24-12-427x640.jpg 427w, https:\/\/www.paysdesecrins.com\/wp-content\/uploads\/2025\/07\/161chardonsbleus-chardon24-12-390x585.jpg 390w, https:\/\/www.paysdesecrins.com\/wp-content\/uploads\/2025\/07\/161chardonsbleus-chardon24-12-scaled.jpg 1707w\" sizes=\"auto, (max-width: 300px) 100vw, 300px\" \/><\/div><\/div><div class=\"group-content\"><div class=\"field-title\">Riserva del Cardo Blu<\/div><\/div><div class=\"field-link\" role=\"group\" aria-label=\"Lien vers le contenu\"><a href=\"https:\/\/www.paysdesecrins.com\/it\/scelgo\/siti-da-non-perdere\/riserva-del-cardo-blu\/\" class=\"cardlink\" title=\"Lire plus : Riserva del Cardo Blu\" lang=\"it_IT\">Riserva del Cardo Blu<\/a><\/div><\/div><\/div><\/div><div class=\"splide__slide\"><div class=\"item\" data-season=\"\"><div class=\"card  card-page\"><div class=\"group-media\"><div class=\"field-image\"><img loading=\"lazy\" decoding=\"async\" width=\"300\" height=\"450\" src=\"https:\/\/www.paysdesecrins.com\/wp-content\/uploads\/2025\/08\/argentiere-la-bessee-44-300x450.jpg\" class=\"winter all-seasons wp-post-image\" alt=\"\" data-season=\"all-seasons\" srcset=\"https:\/\/www.paysdesecrins.com\/wp-content\/uploads\/2025\/08\/argentiere-la-bessee-44-300x450.jpg 300w, https:\/\/www.paysdesecrins.com\/wp-content\/uploads\/2025\/08\/argentiere-la-bessee-44-390x585.jpg 390w\" sizes=\"auto, (max-width: 300px) 100vw, 300px\" \/><\/div><\/div><div class=\"group-content\"><div class=\"field-title\">Biblioteche <strong>dei Paesi degli \u00c9crins<\/strong><\/div><\/div><div class=\"field-link\" role=\"group\" aria-label=\"Lien vers le contenu\"><a href=\"https:\/\/www.paysdesecrins.com\/it\/il-mio-desiderio-di\/scoperta\/le-biblioteche-del-pays-des-ecrins\/\" class=\"cardlink\" title=\"Lire plus : Biblioteche dei Paesi degli \u00c9crins\" lang=\"it_IT\">Biblioteche dei Paesi degli \u00c9crins<\/a><\/div><\/div><\/div><\/div><div class=\"splide__slide\"><div class=\"item\" data-season=\"\"><div class=\"card  card-page\"><div class=\"group-media\"><div class=\"field-image\"><img loading=\"lazy\" decoding=\"async\" width=\"300\" height=\"450\" src=\"https:\/\/www.paysdesecrins.com\/wp-content\/uploads\/2025\/07\/21autresactivites-cascade-de-glacecascade-de-glace-pelvoux-9thibautblais-300x450.jpg\" class=\"winter wp-post-image\" alt=\"\" data-season=\"winter\" srcset=\"https:\/\/www.paysdesecrins.com\/wp-content\/uploads\/2025\/07\/21autresactivites-cascade-de-glacecascade-de-glace-pelvoux-9thibautblais-300x450.jpg 300w, https:\/\/www.paysdesecrins.com\/wp-content\/uploads\/2025\/07\/21autresactivites-cascade-de-glacecascade-de-glace-pelvoux-9thibautblais-390x585.jpg 390w\" sizes=\"auto, (max-width: 300px) 100vw, 300px\" \/><img loading=\"lazy\" decoding=\"async\" width=\"300\" height=\"450\" src=\"https:\/\/www.paysdesecrins.com\/wp-content\/uploads\/2025\/07\/16sitesdexception-chardonsbleuschardon24-14-300x450.jpg\" class=\"vivaldi-thumb summer\" alt=\"\" data-season=\"summer\" srcset=\"https:\/\/www.paysdesecrins.com\/wp-content\/uploads\/2025\/07\/16sitesdexception-chardonsbleuschardon24-14-300x450.jpg 300w, https:\/\/www.paysdesecrins.com\/wp-content\/uploads\/2025\/07\/16sitesdexception-chardonsbleuschardon24-14-200x300.jpg 200w, https:\/\/www.paysdesecrins.com\/wp-content\/uploads\/2025\/07\/16sitesdexception-chardonsbleuschardon24-14-683x1024.jpg 683w, https:\/\/www.paysdesecrins.com\/wp-content\/uploads\/2025\/07\/16sitesdexception-chardonsbleuschardon24-14-768x1152.jpg 768w, https:\/\/www.paysdesecrins.com\/wp-content\/uploads\/2025\/07\/16sitesdexception-chardonsbleuschardon24-14-1024x1536.jpg 1024w, https:\/\/www.paysdesecrins.com\/wp-content\/uploads\/2025\/07\/16sitesdexception-chardonsbleuschardon24-14-1365x2048.jpg 1365w, https:\/\/www.paysdesecrins.com\/wp-content\/uploads\/2025\/07\/16sitesdexception-chardonsbleuschardon24-14-427x640.jpg 427w, https:\/\/www.paysdesecrins.com\/wp-content\/uploads\/2025\/07\/16sitesdexception-chardonsbleuschardon24-14-390x585.jpg 390w, https:\/\/www.paysdesecrins.com\/wp-content\/uploads\/2025\/07\/16sitesdexception-chardonsbleuschardon24-14-scaled.jpg 1707w\" sizes=\"auto, (max-width: 300px) 100vw, 300px\" \/><\/div><\/div><div class=\"group-content\"><div class=\"field-title\">Vallon du Fournel<\/div><\/div><div class=\"field-link\" role=\"group\" aria-label=\"Lien vers le contenu\"><a href=\"https:\/\/www.paysdesecrins.com\/it\/scelgo\/siti-da-non-perdere\/vallon-du-fournel\/\" class=\"cardlink\" title=\"Lire plus : Vallon du Fournel\" lang=\"it_IT\">Vallon du Fournel<\/a><\/div><\/div><\/div><\/div><div class=\"splide__slide\"><div class=\"item\" data-season=\"\"><div class=\"card  card-page\"><div class=\"group-media\"><div class=\"field-image\"><img loading=\"lazy\" decoding=\"async\" width=\"300\" height=\"450\" src=\"https:\/\/www.paysdesecrins.com\/wp-content\/uploads\/2025\/07\/19villages-vallouise-h0a4671thibautblais-300x450.jpg\" class=\"winter wp-post-image\" alt=\"\" data-season=\"winter\" srcset=\"https:\/\/www.paysdesecrins.com\/wp-content\/uploads\/2025\/07\/19villages-vallouise-h0a4671thibautblais-300x450.jpg 300w, https:\/\/www.paysdesecrins.com\/wp-content\/uploads\/2025\/07\/19villages-vallouise-h0a4671thibautblais-390x585.jpg 390w\" sizes=\"auto, (max-width: 300px) 100vw, 300px\" \/><img loading=\"lazy\" decoding=\"async\" width=\"300\" height=\"450\" src=\"https:\/\/www.paysdesecrins.com\/wp-content\/uploads\/2025\/08\/argentiere-la-bessee-11-scaled-300x450.jpg\" class=\"vivaldi-thumb summer\" alt=\"\" data-season=\"summer\" srcset=\"https:\/\/www.paysdesecrins.com\/wp-content\/uploads\/2025\/08\/argentiere-la-bessee-11-scaled-300x450.jpg 300w, https:\/\/www.paysdesecrins.com\/wp-content\/uploads\/2025\/08\/argentiere-la-bessee-11-scaled-200x300.jpg 200w, https:\/\/www.paysdesecrins.com\/wp-content\/uploads\/2025\/08\/argentiere-la-bessee-11-scaled-683x1024.jpg 683w, https:\/\/www.paysdesecrins.com\/wp-content\/uploads\/2025\/08\/argentiere-la-bessee-11-scaled-768x1152.jpg 768w, https:\/\/www.paysdesecrins.com\/wp-content\/uploads\/2025\/08\/argentiere-la-bessee-11-scaled-1024x1536.jpg 1024w, https:\/\/www.paysdesecrins.com\/wp-content\/uploads\/2025\/08\/argentiere-la-bessee-11-scaled-1366x2048.jpg 1366w, https:\/\/www.paysdesecrins.com\/wp-content\/uploads\/2025\/08\/argentiere-la-bessee-11-scaled-427x640.jpg 427w, https:\/\/www.paysdesecrins.com\/wp-content\/uploads\/2025\/08\/argentiere-la-bessee-11-scaled-390x585.jpg 390w, https:\/\/www.paysdesecrins.com\/wp-content\/uploads\/2025\/08\/argentiere-la-bessee-11-scaled.jpg 1707w\" sizes=\"auto, (max-width: 300px) 100vw, 300px\" \/><\/div><\/div><div class=\"group-content\"><div class=\"field-title\">Chiese e cappelle<\/div><\/div><div class=\"field-link\" role=\"group\" aria-label=\"Lien vers le contenu\"><a href=\"https:\/\/www.paysdesecrins.com\/it\/il-mio-desiderio-di\/scoperta\/chiese-e-cappelle\/\" class=\"cardlink\" title=\"Lire plus : Chiese e cappelle\" lang=\"it_IT\">Chiese e cappelle<\/a><\/div><\/div><\/div><\/div><div class=\"splide__slide\"><div class=\"item\" data-season=\"\"><div class=\"card  card-page\"><div class=\"group-media\"><div class=\"field-image\"><img loading=\"lazy\" decoding=\"async\" width=\"300\" height=\"450\" src=\"https:\/\/www.paysdesecrins.com\/wp-content\/uploads\/2025\/07\/1615543221-1675546391-300x450.jpg\" class=\"winter all-seasons wp-post-image\" alt=\"\" data-season=\"all-seasons\" srcset=\"https:\/\/www.paysdesecrins.com\/wp-content\/uploads\/2025\/07\/1615543221-1675546391-300x450.jpg 300w, https:\/\/www.paysdesecrins.com\/wp-content\/uploads\/2025\/07\/1615543221-1675546391-390x585.jpg 390w\" sizes=\"auto, (max-width: 300px) 100vw, 300px\" \/><\/div><\/div><div class=\"group-content\"><div class=\"field-title\">Il Laboratorio di Storia<\/div><\/div><div class=\"field-link\" role=\"group\" aria-label=\"Lien vers le contenu\"><a href=\"https:\/\/www.paysdesecrins.com\/it\/il-mio-desiderio-di\/scoperta\/laboratorio-di-storia\/\" class=\"cardlink\" title=\"Lire plus : Il Laboratorio di Storia\" lang=\"it_IT\">Il Laboratorio di Storia<\/a><\/div><\/div><\/div><\/div><\/div><\/div><\/div><\/div><div class=\"alignwide wp-block-ws-library-ws-list-content\" data-season=\"winter\"><div class=\"list-items splide\" data-splide=\"{&quot;type&quot;:&quot;loop&quot;,&quot;heightRatio&quot;:&quot;auto&quot;,&quot;perPage&quot;:3,&quot;perMove&quot;:1,&quot;drag&quot;:true,&quot;arrows&quot;:true,&quot;pagination&quot;:0,&quot;autoplay&quot;:false,&quot;gap&quot;:&quot;15px&quot;,&quot;breakpoints&quot;:{&quot;1200&quot;:{&quot;perPage&quot;:3},&quot;992&quot;:{&quot;perPage&quot;:2},&quot;768&quot;:{&quot;destroy&quot;:true}}}\"><div class=\"splide__track\"><div class=\"splide__list\"><div class=\"splide__slide\"><div class=\"item\" data-season=\"\"><div class=\"card  card-page\"><div class=\"group-media\"><div class=\"field-image\"><img loading=\"lazy\" decoding=\"async\" width=\"300\" height=\"450\" src=\"https:\/\/www.paysdesecrins.com\/wp-content\/uploads\/2025\/07\/cascade-de-glace-pelvoux-4j-300x450.jpg\" class=\"winter all-seasons wp-post-image\" alt=\"\" data-season=\"all-seasons\" srcset=\"https:\/\/www.paysdesecrins.com\/wp-content\/uploads\/2025\/07\/cascade-de-glace-pelvoux-4j-300x450.jpg 300w, https:\/\/www.paysdesecrins.com\/wp-content\/uploads\/2025\/07\/cascade-de-glace-pelvoux-4j-390x585.jpg 390w\" sizes=\"auto, (max-width: 300px) 100vw, 300px\" \/><\/div><\/div><div class=\"group-content\"><div class=\"field-title\">Arrampicata su ghiaccio<\/div><\/div><div class=\"field-link\" role=\"group\" aria-label=\"Lien vers le contenu\"><a href=\"https:\/\/www.paysdesecrins.com\/it\/le-mie-attivita-allaperto\/arrampicata-su-ghiaccio\/\" class=\"cardlink\" title=\"Lire plus : Arrampicata su ghiaccio\" lang=\"it_IT\">Arrampicata su ghiaccio<\/a><\/div><\/div><\/div><\/div><div class=\"splide__slide\"><div class=\"item\" data-season=\"\"><div class=\"card  card-page\"><div class=\"group-media\"><div class=\"field-image\"><img loading=\"lazy\" decoding=\"async\" width=\"300\" height=\"450\" src=\"https:\/\/www.paysdesecrins.com\/wp-content\/uploads\/2025\/07\/1674825818-1937761558-300x450.jpg\" class=\"winter all-seasons wp-post-image\" alt=\"\" data-season=\"all-seasons\" srcset=\"https:\/\/www.paysdesecrins.com\/wp-content\/uploads\/2025\/07\/1674825818-1937761558-300x450.jpg 300w, https:\/\/www.paysdesecrins.com\/wp-content\/uploads\/2025\/07\/1674825818-1937761558-390x585.jpg 390w\" sizes=\"auto, (max-width: 300px) 100vw, 300px\" \/><\/div><\/div><div class=\"group-content\"><div class=\"field-title\">La miniera d&#039;argento di Fournel <strong>dei Paesi degli \u00c9crins<\/strong><\/div><\/div><div class=\"field-link\" role=\"group\" aria-label=\"Lien vers le contenu\"><a href=\"https:\/\/www.paysdesecrins.com\/it\/il-mio-desiderio-di\/scoperta\/la-miniera-dargento-di-fournel-nel-pays-des-ecrins\/\" class=\"cardlink\" title=\"Lire plus : La miniera d&#039;argento di Fournel dei Paesi degli \u00c9crins\" lang=\"it_IT\">La miniera d&#039;argento di Fournel dei Paesi degli \u00c9crins<\/a><\/div><\/div><\/div><\/div><div class=\"splide__slide\"><div class=\"item\" data-season=\"\"><div class=\"card  card-page\"><div class=\"group-media\"><div class=\"field-image\"><img loading=\"lazy\" decoding=\"async\" width=\"300\" height=\"450\" src=\"https:\/\/www.paysdesecrins.com\/wp-content\/uploads\/2025\/07\/21autresactivites-cascade-de-glacecascade-de-glace-pelvoux-9thibautblais-300x450.jpg\" class=\"winter wp-post-image\" alt=\"\" data-season=\"winter\" srcset=\"https:\/\/www.paysdesecrins.com\/wp-content\/uploads\/2025\/07\/21autresactivites-cascade-de-glacecascade-de-glace-pelvoux-9thibautblais-300x450.jpg 300w, https:\/\/www.paysdesecrins.com\/wp-content\/uploads\/2025\/07\/21autresactivites-cascade-de-glacecascade-de-glace-pelvoux-9thibautblais-390x585.jpg 390w\" sizes=\"auto, (max-width: 300px) 100vw, 300px\" \/><img loading=\"lazy\" decoding=\"async\" width=\"300\" height=\"450\" src=\"https:\/\/www.paysdesecrins.com\/wp-content\/uploads\/2025\/07\/16sitesdexception-chardonsbleuschardon24-14-300x450.jpg\" class=\"vivaldi-thumb summer\" alt=\"\" data-season=\"summer\" srcset=\"https:\/\/www.paysdesecrins.com\/wp-content\/uploads\/2025\/07\/16sitesdexception-chardonsbleuschardon24-14-300x450.jpg 300w, https:\/\/www.paysdesecrins.com\/wp-content\/uploads\/2025\/07\/16sitesdexception-chardonsbleuschardon24-14-200x300.jpg 200w, https:\/\/www.paysdesecrins.com\/wp-content\/uploads\/2025\/07\/16sitesdexception-chardonsbleuschardon24-14-683x1024.jpg 683w, https:\/\/www.paysdesecrins.com\/wp-content\/uploads\/2025\/07\/16sitesdexception-chardonsbleuschardon24-14-768x1152.jpg 768w, https:\/\/www.paysdesecrins.com\/wp-content\/uploads\/2025\/07\/16sitesdexception-chardonsbleuschardon24-14-1024x1536.jpg 1024w, https:\/\/www.paysdesecrins.com\/wp-content\/uploads\/2025\/07\/16sitesdexception-chardonsbleuschardon24-14-1365x2048.jpg 1365w, https:\/\/www.paysdesecrins.com\/wp-content\/uploads\/2025\/07\/16sitesdexception-chardonsbleuschardon24-14-427x640.jpg 427w, https:\/\/www.paysdesecrins.com\/wp-content\/uploads\/2025\/07\/16sitesdexception-chardonsbleuschardon24-14-390x585.jpg 390w, https:\/\/www.paysdesecrins.com\/wp-content\/uploads\/2025\/07\/16sitesdexception-chardonsbleuschardon24-14-scaled.jpg 1707w\" sizes=\"auto, (max-width: 300px) 100vw, 300px\" \/><\/div><\/div><div class=\"group-content\"><div class=\"field-title\">Vallon du Fournel<\/div><\/div><div class=\"field-link\" role=\"group\" aria-label=\"Lien vers le contenu\"><a href=\"https:\/\/www.paysdesecrins.com\/it\/scelgo\/siti-da-non-perdere\/vallon-du-fournel\/\" class=\"cardlink\" title=\"Lire plus : Vallon du Fournel\" lang=\"it_IT\">Vallon du Fournel<\/a><\/div><\/div><\/div><\/div><div class=\"splide__slide\"><div class=\"item\" data-season=\"\"><div class=\"card  card-page\"><div class=\"group-media\"><div class=\"field-image\"><img loading=\"lazy\" decoding=\"async\" width=\"300\" height=\"450\" src=\"https:\/\/www.paysdesecrins.com\/wp-content\/uploads\/2025\/07\/bivouac-a-la-cabane-de-faravel-106-300x450.jpg\" class=\"winter all-seasons wp-post-image\" alt=\"\" data-season=\"all-seasons\" srcset=\"https:\/\/www.paysdesecrins.com\/wp-content\/uploads\/2025\/07\/bivouac-a-la-cabane-de-faravel-106-300x450.jpg 300w, https:\/\/www.paysdesecrins.com\/wp-content\/uploads\/2025\/07\/bivouac-a-la-cabane-de-faravel-106-390x585.jpg 390w\" sizes=\"auto, (max-width: 300px) 100vw, 300px\" \/><\/div><\/div><div class=\"group-content\"><div class=\"field-title\">Una notte senza tempo con gli amici<\/div><\/div><div class=\"field-link\" role=\"group\" aria-label=\"Lien vers le contenu\"><a href=\"https:\/\/www.paysdesecrins.com\/it\/il-mio-desiderio-di\/montagna\/una-notte-fuori-dal-tempo\/\" class=\"cardlink\" title=\"Lire plus : Una notte senza tempo con gli amici\" lang=\"it_IT\">Una notte senza tempo con gli amici<\/a><\/div><\/div><\/div><\/div><div class=\"splide__slide\"><div class=\"item\" data-season=\"\"><div class=\"card  card-page\"><div class=\"group-media\"><div class=\"field-image\"><img loading=\"lazy\" decoding=\"async\" width=\"300\" height=\"450\" src=\"https:\/\/www.paysdesecrins.com\/wp-content\/uploads\/2025\/07\/171ski-rando-bivouac-a-la-cabane-de-faravel-61-300x450.jpg\" class=\"winter all-seasons wp-post-image\" alt=\"\" data-season=\"all-seasons\" srcset=\"https:\/\/www.paysdesecrins.com\/wp-content\/uploads\/2025\/07\/171ski-rando-bivouac-a-la-cabane-de-faravel-61-300x450.jpg 300w, https:\/\/www.paysdesecrins.com\/wp-content\/uploads\/2025\/07\/171ski-rando-bivouac-a-la-cabane-de-faravel-61-390x585.jpg 390w\" sizes=\"auto, (max-width: 300px) 100vw, 300px\" \/><\/div><\/div><div class=\"group-content\"><div class=\"field-title\">Una notte sotto le stelle di Dormillouse<\/div><\/div><div class=\"field-link\" role=\"group\" aria-label=\"Lien vers le contenu\"><a href=\"https:\/\/www.paysdesecrins.com\/it\/una-notte-sotto-le-stelle-di-dormillouse\/\" class=\"cardlink\" title=\"Lire plus : Una notte sotto le stelle di Dormillouse\" lang=\"it_IT\">Una notte sotto le stelle di Dormillouse<\/a><\/div><\/div><\/div><\/div><div class=\"splide__slide\"><div class=\"item\" data-season=\"\"><div class=\"card  card-page\"><div class=\"group-media\"><div class=\"field-image\"><img loading=\"lazy\" decoding=\"async\" width=\"300\" height=\"450\" src=\"https:\/\/www.paysdesecrins.com\/wp-content\/uploads\/2025\/07\/19villages-vallouise-h0a4671thibautblais-300x450.jpg\" class=\"winter wp-post-image\" alt=\"\" data-season=\"winter\" srcset=\"https:\/\/www.paysdesecrins.com\/wp-content\/uploads\/2025\/07\/19villages-vallouise-h0a4671thibautblais-300x450.jpg 300w, https:\/\/www.paysdesecrins.com\/wp-content\/uploads\/2025\/07\/19villages-vallouise-h0a4671thibautblais-390x585.jpg 390w\" sizes=\"auto, (max-width: 300px) 100vw, 300px\" \/><img loading=\"lazy\" decoding=\"async\" width=\"300\" height=\"450\" src=\"https:\/\/www.paysdesecrins.com\/wp-content\/uploads\/2025\/08\/argentiere-la-bessee-11-scaled-300x450.jpg\" class=\"vivaldi-thumb summer\" alt=\"\" data-season=\"summer\" srcset=\"https:\/\/www.paysdesecrins.com\/wp-content\/uploads\/2025\/08\/argentiere-la-bessee-11-scaled-300x450.jpg 300w, https:\/\/www.paysdesecrins.com\/wp-content\/uploads\/2025\/08\/argentiere-la-bessee-11-scaled-200x300.jpg 200w, https:\/\/www.paysdesecrins.com\/wp-content\/uploads\/2025\/08\/argentiere-la-bessee-11-scaled-683x1024.jpg 683w, https:\/\/www.paysdesecrins.com\/wp-content\/uploads\/2025\/08\/argentiere-la-bessee-11-scaled-768x1152.jpg 768w, https:\/\/www.paysdesecrins.com\/wp-content\/uploads\/2025\/08\/argentiere-la-bessee-11-scaled-1024x1536.jpg 1024w, https:\/\/www.paysdesecrins.com\/wp-content\/uploads\/2025\/08\/argentiere-la-bessee-11-scaled-1366x2048.jpg 1366w, https:\/\/www.paysdesecrins.com\/wp-content\/uploads\/2025\/08\/argentiere-la-bessee-11-scaled-427x640.jpg 427w, https:\/\/www.paysdesecrins.com\/wp-content\/uploads\/2025\/08\/argentiere-la-bessee-11-scaled-390x585.jpg 390w, https:\/\/www.paysdesecrins.com\/wp-content\/uploads\/2025\/08\/argentiere-la-bessee-11-scaled.jpg 1707w\" sizes=\"auto, (max-width: 300px) 100vw, 300px\" \/><\/div><\/div><div class=\"group-content\"><div class=\"field-title\">Chiese e cappelle<\/div><\/div><div class=\"field-link\" role=\"group\" aria-label=\"Lien vers le contenu\"><a href=\"https:\/\/www.paysdesecrins.com\/it\/il-mio-desiderio-di\/scoperta\/chiese-e-cappelle\/\" class=\"cardlink\" title=\"Lire plus : Chiese e cappelle\" lang=\"it_IT\">Chiese e cappelle<\/a><\/div><\/div><\/div><\/div><\/div><\/div><\/div><\/div>\n<div class=\"wp-block-ws-library-ws-button has-text-align-center\"><a href=\"https:\/\/www.paysdesecrins.com\/it\/63849-2\/\" class=\"wp-block-button__link wp-element-button btn\">  Tutte le esperienze<\/a><\/div>\n\n<div style=\"height:60px\" aria-hidden=\"true\" class=\"wp-block-spacer\"><\/div>\n\n<div class=\"wp-block-ws-library-ws-columns alignfull has-2-columns are-vertically-aligned-center layout-5050 is-style-background\" data-season=\"summer\">\n<div class=\"wp-block-ws-library-ws-column\"><div class=\"wrapper\">\n<div class=\"wp-block-ws-library-ws-image\"><div class=\"wrapper\"><div class=\"group-media\"><img decoding=\"async\" src=\"https:\/\/www.paysdesecrins.com\/wp-content\/uploads\/2025\/07\/argentiere-la-bessee-27-1-960x640.jpg\" alt=\"\" class=\"single_image ws-image-51863\"><div class=\"credits\"><\/div><\/div><p class=\"caption\"><\/p><\/div><\/div>\n<\/div><\/div>\n\n\n\n<div class=\"wp-block-ws-library-ws-column\"><div class=\"wrapper\">\n<div class=\"wp-block-ws-library-ws-title\"><h2>Dalle acque bianche alle miniere d&#8217;argento<\/h2><\/div>\n\n\n\n<p class=\"wp-block-paragraph\">A L&#8217;Argenti\u00e8re-la-Bess\u00e9e, l&#8217;acqua \u00e8 la protagonista imperdibile. Lo stadio delle acque bianche, famoso in tutto il mondo, attira dilettanti ed esperti per imparare a fare rafting o in kayak lungo uno slalom memorabile. Sensazioni garantite, freschezza inclusa!  <\/p>\n\n\n\n<p class=\"wp-block-paragraph\">Cerchi panorami? Percorri i sentieri che portano alla valle di Fournel, dove si nasconde la pi\u00f9 grande riserva di cardo blu della Francia, oppure opta per una via ferrata aerea con viste mozzafiato. Per quanto riguarda l&#8217;adrenalina, provate i divertenti canyon per un&#8217;immersione rinfrescante nel cuore dei torrenti.  <\/p>\n\n\n\n<p class=\"wp-block-paragraph\">Per un insolito viaggio sotterraneo, dirigiti verso la storica miniera d&#8217;argento, dove ti immergi letteralmente nel passato minerario della regione. Infine, sali in sella alla tua mountain bike e scopri una variegata rete di anelli segnalati che partono direttamente dal villaggio. <\/p>\n\n\n\n<p class=\"wp-block-paragraph\">Quando arriva l&#8217;inverno, lo scenario cambia: le cascate ghiacciate dal freddo offrono uno spettacolare parco giochi per gli arrampicatori di tutto il mondo, soprattutto in occasione dell&#8217;Ice Climbing \u00c9crins, uno dei principali eventi di arrampicata<em> <\/em>su ghiaccio in Europa.<\/p>\n\n\n\n<p class=\"wp-block-paragraph\">In pochi chilometri quadrati, L&#8217;Argenti\u00e8re-La-Bess\u00e9e condensa l&#8217;essenziale dell&#8217;avventura, dello sport e della natura. Che siate alla ricerca di emozioni forti o semplicemente di una fuga, questo angolo degli \u00c9crins vi promette ricordi a grandezza naturale. <\/p>\n<\/div><\/div>\n<\/div>\n\n<div class=\"wp-block-ws-library-ws-columns alignfull has-2-columns are-vertically-aligned-center layout-5050 is-style-background\" data-season=\"winter\">\n<div class=\"wp-block-ws-library-ws-column\"><div class=\"wrapper\">\n<div class=\"wp-block-ws-library-ws-image\"><div class=\"wrapper\"><div class=\"group-media\"><img decoding=\"async\" src=\"https:\/\/www.paysdesecrins.com\/wp-content\/uploads\/2025\/07\/21autresactivites-cascade-de-glacecascade-de-glace-pelvoux-9thibautblais-scaled.jpg\" alt=\"\" class=\"single_image ws-image-20072\"><div class=\"credits\">Thibaut BLAIS<\/div><\/div><p class=\"caption\"><\/p><\/div><\/div>\n<\/div><\/div>\n\n\n\n<div class=\"wp-block-ws-library-ws-column\"><div class=\"wrapper\">\n<div class=\"wp-block-ws-library-ws-title\"><h2>Dall&#8217;arrampicata su ghiaccio ai sentieri innevati<\/h2><\/div>\n\n\n\n<p class=\"wp-block-paragraph\">A L&#8217;Argenti\u00e8re-la-Bess\u00e9e, l&#8217;inverno cambia il paesaggio: le cascate diventano pareti di ghiaccio e rendono la valle un luogo riconosciuto per l&#8217;arrampicata su ghiaccio. <strong>L&#8217;Ice Climbing \u00c9crins<\/strong>, evento annuale imperdibile della disciplina, riunisce principianti ed esperti per iniziazioni e corsi tecnici. I percorsi si evolvono con le condizioni; La supervisione di una guida \u00e8 fortemente consigliata per evolvere in sicurezza.  <\/p>\n\n\n\n<p class=\"wp-block-paragraph\">Per chi preferisce camminare, i sentieri innevati per la valle di Fournel possono essere esplorati con le ciaspole o a piedi. Queste passeggiate offrono un rapido accesso alla natura, in un&#8217;atmosfera tranquilla e chiusa. Si consiglia di verificare le condizioni meteorologiche e di portare con s\u00e9 l&#8217;attrezzatura adeguata.  <\/p>\n<\/div><\/div>\n<\/div>\n\n<div style=\"height:60px\" aria-hidden=\"true\" class=\"wp-block-spacer\"><\/div>\n\n<div class=\"wp-block-ws-library-ws-title\"><h2><em>Animazioni ed eventi<\/em> che scandiscono le tue stagioni<\/h2><\/div>\n\n<div class=\"wp-block-ws-library-ws-banner alignwide\"><div class=\"wrapper\"><div class=\"group-media\"><img loading=\"lazy\" decoding=\"async\" width=\"2560\" height=\"1706\" src=\"https:\/\/www.paysdesecrins.com\/wp-content\/uploads\/2025\/07\/img-2008-scaled.jpg\" alt=\"\" class=\"single_image wp-image-44927\" srcset=\"https:\/\/www.paysdesecrins.com\/wp-content\/uploads\/2025\/07\/img-2008-scaled.jpg 2560w, https:\/\/www.paysdesecrins.com\/wp-content\/uploads\/2025\/07\/img-2008-scaled-300x200.jpg 300w, https:\/\/www.paysdesecrins.com\/wp-content\/uploads\/2025\/07\/img-2008-scaled-1024x682.jpg 1024w, https:\/\/www.paysdesecrins.com\/wp-content\/uploads\/2025\/07\/img-2008-scaled-768x512.jpg 768w, https:\/\/www.paysdesecrins.com\/wp-content\/uploads\/2025\/07\/img-2008-scaled-1536x1024.jpg 1536w, https:\/\/www.paysdesecrins.com\/wp-content\/uploads\/2025\/07\/img-2008-scaled-2048x1365.jpg 2048w, https:\/\/www.paysdesecrins.com\/wp-content\/uploads\/2025\/07\/img-2008-scaled-960x640.jpg 960w\" sizes=\"auto, (max-width: 2560px) 100vw, 2560px\" \/><\/div>\n<div class=\"group-content\"><p class=\"has-text-align-center wp-block-paragraph\">Il calendario delle attivit\u00e0 e degli eventi cambia con le stagioni, controllali regolarmente per gli aggiornamenti.<\/p><\/div>\n<\/div><\/div>\n\n<div class=\"wp-block-ws-library-ws-tabs alignfull\"><ul class=\"tabs-titles\"><li class=\"tab-title is-active\" data-tab-index=\"0\">ANIMATION<\/li><li class=\"tab-title\" data-tab-index=\"1\">\u00c9V\u00c9NEMENTS<\/li><li class=\"tab-title\" data-tab-index=\"2\">ACTIVIT\u00c9S<\/li><li class=\"tab-title\" data-tab-index=\"3\">CULTURE ET PATRIMOINE<\/li><\/ul><div class=\"tabs-list\">\n<div class=\"wp-block-ws-library-ws-tab\" style=\"display:none\"><p class=\"tab-title\">ANIMATION<\/p><div class=\"tab-content\"><div id=\"listing_a5f09\" data-observer-wishlist data-attributes='listing-agenda {\"selectedSelectionIds\":[\"189048\"],\"isLimited\":true,\"perPage\":3,\"isPortrait\":false,\"isImageContain\":false,\"showCommune\":true,\"showDescription\":false,\"showImage\":true,\"defaultImage\":\"https:\\\/\\\/www.paysdesecrins.com\\\/wp-content\\\/uploads\\\/2025\\\/06\\\/cropped-paysdesecrins.png\",\"selectedFacets\":[],\"showType\":false,\"columnsCount\":\"2-3-3\",\"showActiveFacets\":false,\"isPaginated\":false,\"showDateSearch\":false,\"showMap\":false,\"showGeolocalisation\":false,\"durationFilterEnabled\":false,\"durationFilterMode\":\"all\",\"durationThreshold\":30,\"season\":\"\",\"align\":\"wide\"}' class=\"ws-listing wp-block-ws-apidae-library-listing-agenda alignwide\" data-map-id=\"map_a5f09\" data-locations-id=\"locations-data_a5f09\"><div class=\"facetwp-template\"><div class=\"list-container active\"><div class=\"list-items\"><div class=\"item\" data-season=\"all-seasons\"><div class=\"card card-apidae card-agenda\"><div class=\"group-actions\"><ws-wishlist data-type=\"flag\" data-action=\"add\" data-wish-id=\"6202530\" data-wish-type=\"apidae\"><\/ws-wishlist><\/div><div class=\"group-media\"><div class=\"field-image\"><img decoding=\"async\" src=\"https:\/\/images.weserv.nl\/?url=https:\/\/static.apidae-tourisme.com\/filestore\/objets-touristiques\/images\/221\/195\/13616093-diaporama.jpg&#038;w=350&#038;h=350&#038;fit=cover&#038;output=webp&#038;q=45\" alt=\"Parcours en r\u00e9alit\u00e9 augment\u00e9e :  Tomber de &#8220;eau&#8221;, championnat du monde de descente de conduites forc\u00e9es\"\/><\/div><\/div><div class=\"group-top\"><div class=\"field-commune\">L&#039;Argenti\u00e8re-la-Bess\u00e9e<\/div><ws-apidae-from-price data-apidae-id=\"6202530\" ><\/ws-apidae-from-price><div class=\"group-dates\" role=\"group\" aria-label=\"Date dell&#039;evento\"><div class=\"field-dates ws-apidae-date-coming\" role=\"group\" aria-label=\"Data di apertura\"><time datetime=\"2026-09-05\" lang=\"it\">Il <span class=\"day\">05<\/span><span class=\"month\"> set.<\/span><\/time><\/div><div class=\"field-moredates ws-apidae-moredates\" role=\"group\" aria-label=\"Prossime date\"><div class=\"moredates\"><div class=\"inner-wrapper\"><span class=\"moredates-label\">Prossime date :<\/span><ul class=\"moredates-list\"><li><time datetime=\"2026-09-06\" lang=\"it\">Il <span class=\"day\">06<\/span><span class=\"month\"> settembre<\/span><\/time><\/li><li><time datetime=\"2026-09-07\" lang=\"it\">Il <span class=\"day\">07<\/span><span class=\"month\"> settembre<\/span><\/time><\/li><li><time datetime=\"2026-09-08\" lang=\"it\">Il <span class=\"day\">08<\/span><span class=\"month\"> settembre<\/span><\/time><\/li><li><time datetime=\"2026-09-09\" lang=\"it\">Il <span class=\"day\">09<\/span><span class=\"month\"> settembre<\/span><\/time><\/li><li class=\"moredates-more\">e altre date ancora\u2026<\/li><\/ul><\/div><\/div><\/div><\/div><\/div><div class=\"group-content\"><div class=\"field-title\">Parcours en r\u00e9alit\u00e9 augment\u00e9e :  Tomber de &#8220;eau&#8221;, championnat du monde de descente de conduites forc\u00e9es<\/div><\/div><div class=\"field-link\" role=\"group\" aria-label=\"Lien vers le contenu\"><a href=\"https:\/\/www.paysdesecrins.com\/it\/fiche\/parcours-en-realite-augmentee-tomber-de-eau-championnat-du-monde-de-descente-de-conduites-forcees-4\/\" class=\"cardlink\" title=\"Lire plus : Parcours en r\u00e9alit\u00e9 augment\u00e9e :  Tomber de &#8220;eau&#8221;, championnat du monde de descente de conduites forc\u00e9es\" lang=\"it_IT\">Parcours en r\u00e9alit\u00e9 augment\u00e9e :  Tomber de &#8220;eau&#8221;, championnat du monde de descente de conduites forc\u00e9es<\/a><\/div><\/div><\/div><div class=\"item\" data-season=\"all-seasons\"><div class=\"card card-apidae card-agenda\"><div class=\"group-actions\"><ws-wishlist data-type=\"flag\" data-action=\"add\" data-wish-id=\"6503049\" data-wish-type=\"apidae\"><\/ws-wishlist><\/div><div class=\"group-media\"><div class=\"field-image\"><img decoding=\"async\" src=\"https:\/\/images.weserv.nl\/?url=https:\/\/static.apidae-tourisme.com\/filestore\/objets-touristiques\/images\/54\/101\/17982774-diaporama.jpg&#038;w=350&#038;h=350&#038;fit=cover&#038;output=webp&#038;q=45\" alt=\"Ouverture de la route des Espagnols r\u00e9serv\u00e9e aux mobilit\u00e9s douces\"\/><\/div><\/div><div class=\"group-top\"><div class=\"field-commune\">L&#039;Argenti\u00e8re-la-Bess\u00e9e<\/div><ws-apidae-from-price data-apidae-id=\"6503049\" ><\/ws-apidae-from-price><div class=\"group-dates\" role=\"group\" aria-label=\"Date dell&#039;evento\"><div class=\"field-dates ws-apidae-date-coming\" role=\"group\" aria-label=\"Data di apertura\"><time datetime=\"2026-09-06\" lang=\"it\">Il <span class=\"day\">06<\/span><span class=\"month\"> set.<\/span> dalle <span class=\"hour\">9h<\/span> alle <span class=\"hour\">12h<\/span><\/time><\/div><div class=\"field-moredates ws-apidae-moredates\" role=\"group\" aria-label=\"Prossime date\"><div class=\"moredates\"><div class=\"inner-wrapper\"><span class=\"moredates-label\">Prossime date :<\/span><ul class=\"moredates-list\"><li><time datetime=\"2026-09-13\" lang=\"it\">Il <span class=\"day\">13<\/span><span class=\"month\"> settembre<\/span> dalle <span class=\"hour\">9h<\/span> alle <span class=\"hour\">12h<\/span><\/time><\/li><\/ul><\/div><\/div><\/div><\/div><\/div><div class=\"group-content\"><div class=\"field-title\">Ouverture de la route des Espagnols r\u00e9serv\u00e9e aux mobilit\u00e9s douces<\/div><\/div><div class=\"field-link\" role=\"group\" aria-label=\"Lien vers le contenu\"><a href=\"https:\/\/www.paysdesecrins.com\/it\/fiche\/ouverture-de-la-route-des-espagnols-reservee-aux-mobilites-douces-4\/\" class=\"cardlink\" title=\"Lire plus : Ouverture de la route des Espagnols r\u00e9serv\u00e9e aux mobilit\u00e9s douces\" lang=\"it_IT\">Ouverture de la route des Espagnols r\u00e9serv\u00e9e aux mobilit\u00e9s douces<\/a><\/div><\/div><\/div><div class=\"item\" data-season=\"all-seasons\"><div class=\"card card-apidae card-agenda\"><div class=\"group-actions\"><ws-wishlist data-type=\"flag\" data-action=\"add\" data-wish-id=\"7917192\" data-wish-type=\"apidae\"><\/ws-wishlist><\/div><div class=\"group-media\"><div class=\"field-image\"><img decoding=\"async\" src=\"https:\/\/images.weserv.nl\/?url=https:\/\/static.apidae-tourisme.com\/filestore\/objets-touristiques\/images\/195\/189\/42319299-diaporama.jpg&#038;w=350&#038;h=350&#038;fit=cover&#038;output=webp&#038;q=45\" alt=\"La Rose des Vents, Festival de Voyages 2026\"\/><\/div><\/div><div class=\"group-top\"><div class=\"field-commune\">L&#039;Argenti\u00e8re-la-Bess\u00e9e<\/div><ws-apidae-from-price data-apidae-id=\"7917192\" ><\/ws-apidae-from-price><div class=\"group-dates\"><div class=\"field-dates\">Dal <span class=\"day\">11<\/span><span class=\"month\"> set.<\/span> dalle <span class=\"hour\">10h<\/span> al <span class=\"day\">13<\/span><span class=\"month\"> set.<\/span> alle <span class=\"hour\">22h<\/span><\/div><\/div><\/div><div class=\"group-content\"><div class=\"field-title\">La Rose des Vents, Festival de Voyages 2026<\/div><\/div><div class=\"field-link\" role=\"group\" aria-label=\"Lien vers le contenu\"><a href=\"https:\/\/www.paysdesecrins.com\/it\/fiche\/la-rose-des-vents-festival-de-voyages-2026-3\/\" class=\"cardlink\" title=\"Lire plus : La Rose des Vents, Festival de Voyages 2026\" lang=\"it_IT\">La Rose des Vents, Festival de Voyages 2026<\/a><\/div><\/div><\/div><div id=\"locations-data_a5f09\" style=\"display: none;\">{&quot;locations&quot;:[{&quot;lat&quot;:&quot;44.770483&quot;,&quot;lng&quot;:&quot;6.558395&quot;,&quot;title&quot;:&quot;Ouverture de la route des Espagnols r\\u00e9serv\\u00e9e aux mobilit\\u00e9s douces&quot;,&quot;excerpt&quot;:&quot;&quot;,&quot;permalink&quot;:&quot;https:\\\/\\\/www.paysdesecrins.com\\\/it\\\/fiche\\\/ouverture-de-la-route-des-espagnols-reservee-aux-mobilites-douces-4\\\/&quot;,&quot;type&quot;:&quot;fete_et_manifestation&quot;,&quot;commune&quot;:&quot;L&#039;Argenti\\u00e8re-la-Bess\\u00e9e&quot;,&quot;type_commerce&quot;:&quot;&quot;,&quot;image&quot;:&quot;https:\\\/\\\/static.apidae-tourisme.com\\\/filestore\\\/objets-touristiques\\\/images\\\/54\\\/101\\\/17982774-diaporama.jpg&quot;,&quot;image_width&quot;:&quot;350&quot;,&quot;image_height&quot;:&quot;350&quot;,&quot;image_fit&quot;:&quot;cover&quot;},{&quot;lat&quot;:&quot;44.785447&quot;,&quot;lng&quot;:&quot;6.553664&quot;,&quot;title&quot;:&quot;La Rose des Vents, Festival de Voyages 2026&quot;,&quot;excerpt&quot;:&quot;&quot;,&quot;permalink&quot;:&quot;https:\\\/\\\/www.paysdesecrins.com\\\/it\\\/fiche\\\/la-rose-des-vents-festival-de-voyages-2026-3\\\/&quot;,&quot;type&quot;:&quot;fete_et_manifestation&quot;,&quot;commune&quot;:&quot;L&#039;Argenti\\u00e8re-la-Bess\\u00e9e&quot;,&quot;type_commerce&quot;:&quot;&quot;,&quot;image&quot;:&quot;https:\\\/\\\/static.apidae-tourisme.com\\\/filestore\\\/objets-touristiques\\\/images\\\/195\\\/189\\\/42319299-diaporama.jpg&quot;,&quot;image_width&quot;:&quot;350&quot;,&quot;image_height&quot;:&quot;350&quot;,&quot;image_fit&quot;:&quot;cover&quot;}],&quot;center_lat&quot;:&quot;44.770483&quot;,&quot;center_lng&quot;:&quot;6.558395&quot;}<\/div><\/div><\/div><\/div><\/div>\n\n\n<div class=\"wp-block-ws-library-ws-button has-text-align-center  is-style-outline\"><a href=\"https:\/\/www.paysdesecrins.com\/grands-evenements-du-pays-des-ecrins\/animations-et-evenements\/\" class=\"wp-block-button__link wp-element-button btn\"> Toutes les animations<\/a><\/div>\n<\/div><\/div>\n\n\n\n<div class=\"wp-block-ws-library-ws-tab\" style=\"display:none\"><p class=\"tab-title\">\u00c9V\u00c9NEMENTS<\/p><div class=\"tab-content\"><div id=\"listing_340e0\" data-observer-wishlist data-attributes='listing-agenda {\"selectedSelectionIds\":[\"189049\"],\"isLimited\":true,\"perPage\":3,\"isPortrait\":false,\"isImageContain\":false,\"showCommune\":true,\"showDescription\":false,\"showImage\":true,\"defaultImage\":\"https:\\\/\\\/www.paysdesecrins.com\\\/wp-content\\\/uploads\\\/2025\\\/06\\\/cropped-paysdesecrins.png\",\"selectedFacets\":[],\"showType\":false,\"columnsCount\":\"2-3-3\",\"showActiveFacets\":false,\"isPaginated\":false,\"showDateSearch\":false,\"showMap\":false,\"showGeolocalisation\":false,\"durationFilterEnabled\":false,\"durationFilterMode\":\"all\",\"durationThreshold\":30,\"season\":\"\",\"align\":\"wide\"}' class=\"ws-listing wp-block-ws-apidae-library-listing-agenda alignwide\" data-map-id=\"map_340e0\" data-locations-id=\"locations-data_340e0\"><div class=\"facetwp-template\"><div class=\"list-container active\"><div class=\"list-items\"><div class=\"item\" data-season=\"all-seasons\"><div class=\"card card-apidae card-agenda\"><div class=\"group-actions\"><ws-wishlist data-type=\"flag\" data-action=\"add\" data-wish-id=\"787985\" data-wish-type=\"apidae\"><\/ws-wishlist><\/div><div class=\"group-media\"><div class=\"field-image\"><img decoding=\"async\" src=\"https:\/\/images.weserv.nl\/?url=https:\/\/static.apidae-tourisme.com\/filestore\/objets-touristiques\/images\/248\/199\/4507640-diaporama.jpg&#038;w=350&#038;h=350&#038;fit=cover&#038;output=webp&#038;q=45\" alt=\"BFK\"\/><\/div><\/div><div class=\"group-top\"><div class=\"field-commune\">L&#039;Argenti\u00e8re-la-Bess\u00e9e<\/div><ws-apidae-from-price data-apidae-id=\"787985\" ><\/ws-apidae-from-price><div class=\"group-dates\" role=\"group\" aria-label=\"Date dell&#039;evento\"><div class=\"field-dates ws-apidae-date-coming\" role=\"group\" aria-label=\"Data di apertura\"><time datetime=\"2027-05-14\" lang=\"it\">Il <span class=\"day\">14<\/span><span class=\"month\"> mag.<\/span><\/time><\/div><div class=\"field-moredates ws-apidae-moredates\" role=\"group\" aria-label=\"Prossime date\"><div class=\"moredates\"><div class=\"inner-wrapper\"><span class=\"moredates-label\">Prossime date :<\/span><ul class=\"moredates-list\"><li><time datetime=\"2027-05-15\" lang=\"it\">Il <span class=\"day\">15<\/span><span class=\"month\"> maggio<\/span><\/time><\/li><li><time datetime=\"2027-05-16\" lang=\"it\">Il <span class=\"day\">16<\/span><span class=\"month\"> maggio<\/span><\/time><\/li><\/ul><\/div><\/div><\/div><\/div><\/div><div class=\"group-content\"><div class=\"field-title\">BFK<\/div><\/div><div class=\"field-link\" role=\"group\" aria-label=\"Lien vers le contenu\"><a href=\"https:\/\/www.paysdesecrins.com\/it\/fiche\/bfk-4\/\" class=\"cardlink\" title=\"Lire plus : BFK\" lang=\"it_IT\">BFK<\/a><\/div><\/div><\/div><div id=\"locations-data_340e0\" style=\"display: none;\">{&quot;locations&quot;:[{&quot;lat&quot;:&quot;44.781167&quot;,&quot;lng&quot;:&quot;6.559737&quot;,&quot;title&quot;:&quot;BFK&quot;,&quot;excerpt&quot;:&quot;&quot;,&quot;permalink&quot;:&quot;https:\\\/\\\/www.paysdesecrins.com\\\/it\\\/fiche\\\/bfk-4\\\/&quot;,&quot;type&quot;:&quot;fete_et_manifestation&quot;,&quot;commune&quot;:&quot;L&#039;Argenti\\u00e8re-la-Bess\\u00e9e&quot;,&quot;type_commerce&quot;:&quot;&quot;,&quot;image&quot;:&quot;https:\\\/\\\/static.apidae-tourisme.com\\\/filestore\\\/objets-touristiques\\\/images\\\/248\\\/199\\\/4507640-diaporama.jpg&quot;,&quot;image_width&quot;:&quot;350&quot;,&quot;image_height&quot;:&quot;350&quot;,&quot;image_fit&quot;:&quot;cover&quot;}],&quot;center_lat&quot;:&quot;44.781167&quot;,&quot;center_lng&quot;:&quot;6.559737&quot;}<\/div><\/div><\/div><\/div><\/div>\n\n\n<div class=\"wp-block-ws-library-ws-button has-text-align-center  is-style-outline\"><a href=\"https:\/\/www.paysdesecrins.com\/grands-evenements-du-pays-des-ecrins\/animations-et-evenements\/les-temps-forts\/\" class=\"wp-block-button__link wp-element-button btn\"> Tous les \u00e9v\u00e9nements<\/a><\/div>\n<\/div><\/div>\n\n\n\n<div class=\"wp-block-ws-library-ws-tab\" style=\"display:none\"><p class=\"tab-title\">ACTIVIT\u00c9S<\/p><div class=\"tab-content\"><div id=\"listing_c8845\" data-observer-wishlist data-attributes='listing-avance {\"selectedSelectionIds\":[\"189045\"],\"defaultImage\":\"https:\\\/\\\/www.paysdesecrins.com\\\/wp-content\\\/uploads\\\/2025\\\/06\\\/paysdesecrins.png\",\"isLimited\":true,\"perPage\":3,\"isPortrait\":false,\"isImageContain\":false,\"showCommune\":true,\"showDescription\":false,\"showImage\":true,\"selectedFacets\":[],\"showMap\":false,\"sortOrder\":\"random\",\"showType\":false,\"columnsCount\":\"2-3-3\",\"showActiveFacets\":false,\"showGeolocalisation\":false,\"isPaginated\":false,\"season\":\"\",\"align\":\"wide\"}' class=\"ws-listing wp-block-ws-apidae-library-listing-avance alignwide\" data-map-id=\"map_c8845\" data-locations-id=\"locations-data_c8845\"><div class=\"facetwp-template\"><div class=\"list-container active\"><div class=\"list-items\"><div class=\"item\" data-season=\"all-seasons\"><div class=\"card card-apidae card-avance\"><div class=\"group-actions\"><ws-wishlist data-type=\"flag\" data-action=\"add\" data-wish-id=\"5047226\" data-wish-type=\"apidae\"><\/ws-wishlist><\/div><div class=\"group-media\"><div class=\"field-image\"><img decoding=\"async\" src=\"https:\/\/images.weserv.nl\/?url=https:\/\/static.apidae-tourisme.com\/filestore\/objets-touristiques\/images\/134\/7\/30082950-diaporama.jpg&#038;w=350&#038;h=350&#038;fit=cover&#038;output=webp&#038;q=45\" alt=\"Mathieu Gaillard Guide de Haute Montagne\"\/><\/div><\/div><div class=\"group-top\"><div class=\"field-commune\">L&#039;Argenti\u00e8re-la-Bess\u00e9e<\/div><ws-apidae-from-price data-apidae-id=\"5047226\" ><\/ws-apidae-from-price><\/div><div class=\"group-content\"><div class=\"field-title\">Mathieu Gaillard Guide de Haute Montagne<\/div><\/div><div class=\"field-link\" role=\"group\" aria-label=\"Lien vers le contenu\"><a href=\"https:\/\/www.paysdesecrins.com\/it\/fiche\/mathieu-gaillard-guide-de-haute-montagne-4\/\" class=\"cardlink\" title=\"Lire plus : Mathieu Gaillard Guide de Haute Montagne\" lang=\"it_IT\">Mathieu Gaillard Guide de Haute Montagne<\/a><\/div><\/div><\/div><div class=\"item\" data-season=\"all-seasons\"><div class=\"card card-apidae card-avance\"><div class=\"group-actions\"><ws-wishlist data-type=\"flag\" data-action=\"add\" data-wish-id=\"633800\" data-wish-type=\"apidae\"><\/ws-wishlist><\/div><div class=\"group-media\"><div class=\"field-image\"><img decoding=\"async\" src=\"https:\/\/images.weserv.nl\/?url=https:\/\/static.apidae-tourisme.com\/filestore\/objets-touristiques\/images\/60\/52\/36058172-diaporama.jpg&#038;w=350&#038;h=350&#038;fit=cover&#038;output=webp&#038;q=45\" alt=\"Roc Aventure Via ferrata et Tyrolienne\"\/><\/div><\/div><div class=\"group-top\"><div class=\"field-commune\">L&#039;Argenti\u00e8re-la-Bess\u00e9e<\/div><ws-apidae-from-price data-apidae-id=\"633800\" ><\/ws-apidae-from-price><\/div><div class=\"group-content\"><div class=\"field-title\">Roc Aventure Via ferrata et Tyrolienne<\/div><\/div><div class=\"field-link\" role=\"group\" aria-label=\"Lien vers le contenu\"><a href=\"https:\/\/www.paysdesecrins.com\/it\/fiche\/roc-aventure-via-ferrata-et-tyrolienne-3\/\" class=\"cardlink\" title=\"Lire plus : Roc Aventure Via ferrata et Tyrolienne\" lang=\"it_IT\">Roc Aventure Via ferrata et Tyrolienne<\/a><\/div><\/div><\/div><div class=\"item\" data-season=\"all-seasons\"><div class=\"card card-apidae card-avance\"><div class=\"group-actions\"><ws-wishlist data-type=\"flag\" data-action=\"add\" data-wish-id=\"5138785\" data-wish-type=\"apidae\"><\/ws-wishlist><\/div><div class=\"group-media\"><div class=\"field-image\"><img decoding=\"async\" src=\"https:\/\/images.weserv.nl\/?url=https:\/\/static.apidae-tourisme.com\/filestore\/objets-touristiques\/images\/221\/54\/22755037-diaporama.jpg&#038;w=350&#038;h=350&#038;fit=cover&#038;output=webp&#038;q=45\" alt=\"Marche nordique avec \u00c9lodie Larive\"\/><\/div><\/div><div class=\"group-top\"><div class=\"field-book\">Prenotabile online<\/div><div class=\"field-commune\">L&#039;Argenti\u00e8re-la-Bess\u00e9e<\/div><ws-apidae-from-price data-apidae-id=\"5138785\" ><\/ws-apidae-from-price><\/div><div class=\"group-content\"><div class=\"field-title\">Marche nordique avec \u00c9lodie Larive<\/div><\/div><div class=\"field-link\" role=\"group\" aria-label=\"Lien vers le contenu\"><a href=\"https:\/\/www.paysdesecrins.com\/it\/fiche\/marche-nordique-avec-elodie-larive-3\/\" class=\"cardlink\" title=\"Lire plus : Marche nordique avec \u00c9lodie Larive\" lang=\"it_IT\">Marche nordique avec \u00c9lodie Larive<\/a><\/div><\/div><\/div><div id=\"locations-data_c8845\" style=\"display: none;\">{&quot;locations&quot;:[{&quot;lat&quot;:&quot;44.793386&quot;,&quot;lng&quot;:&quot;6.559281&quot;,&quot;title&quot;:&quot;Mathieu Gaillard Guide de Haute Montagne&quot;,&quot;excerpt&quot;:&quot;&quot;,&quot;permalink&quot;:&quot;https:\\\/\\\/www.paysdesecrins.com\\\/it\\\/fiche\\\/mathieu-gaillard-guide-de-haute-montagne-4\\\/&quot;,&quot;type&quot;:&quot;commerce_et_service&quot;,&quot;commune&quot;:&quot;L&#039;Argenti\\u00e8re-la-Bess\\u00e9e&quot;,&quot;type_commerce&quot;:&quot;&quot;,&quot;image&quot;:&quot;https:\\\/\\\/static.apidae-tourisme.com\\\/filestore\\\/objets-touristiques\\\/images\\\/134\\\/7\\\/30082950-diaporama.jpg&quot;,&quot;image_width&quot;:&quot;350&quot;,&quot;image_height&quot;:&quot;350&quot;,&quot;image_fit&quot;:&quot;cover&quot;},{&quot;lat&quot;:&quot;44.805531&quot;,&quot;lng&quot;:&quot;6.562183&quot;,&quot;title&quot;:&quot;Roc Aventure Via ferrata et Tyrolienne&quot;,&quot;excerpt&quot;:&quot;&quot;,&quot;permalink&quot;:&quot;https:\\\/\\\/www.paysdesecrins.com\\\/it\\\/fiche\\\/roc-aventure-via-ferrata-et-tyrolienne-3\\\/&quot;,&quot;type&quot;:&quot;commerce_et_service&quot;,&quot;commune&quot;:&quot;L&#039;Argenti\\u00e8re-la-Bess\\u00e9e&quot;,&quot;type_commerce&quot;:&quot;&quot;,&quot;image&quot;:&quot;https:\\\/\\\/static.apidae-tourisme.com\\\/filestore\\\/objets-touristiques\\\/images\\\/60\\\/52\\\/36058172-diaporama.jpg&quot;,&quot;image_width&quot;:&quot;350&quot;,&quot;image_height&quot;:&quot;350&quot;,&quot;image_fit&quot;:&quot;cover&quot;},{&quot;lat&quot;:&quot;44.818439&quot;,&quot;lng&quot;:&quot;6.487274&quot;,&quot;title&quot;:&quot;Marche nordique avec \\u00c9lodie Larive&quot;,&quot;excerpt&quot;:&quot;&quot;,&quot;permalink&quot;:&quot;https:\\\/\\\/www.paysdesecrins.com\\\/it\\\/fiche\\\/marche-nordique-avec-elodie-larive-3\\\/&quot;,&quot;type&quot;:&quot;commerce_et_service&quot;,&quot;commune&quot;:&quot;L&#039;Argenti\\u00e8re-la-Bess\\u00e9e&quot;,&quot;type_commerce&quot;:&quot;&quot;,&quot;image&quot;:&quot;https:\\\/\\\/static.apidae-tourisme.com\\\/filestore\\\/objets-touristiques\\\/images\\\/221\\\/54\\\/22755037-diaporama.jpg&quot;,&quot;image_width&quot;:&quot;350&quot;,&quot;image_height&quot;:&quot;350&quot;,&quot;image_fit&quot;:&quot;cover&quot;}],&quot;center_lat&quot;:&quot;44.793386&quot;,&quot;center_lng&quot;:&quot;6.559281&quot;}<\/div><\/div><\/div><\/div><\/div>\n\n\n<div class=\"wp-block-ws-library-ws-button has-text-align-center  is-style-outline\"><a href=\"https:\/\/www.paysdesecrins.com\/je-choisis\/activites-et-materiel\/activites-2\/\" class=\"wp-block-button__link wp-element-button btn\"> tous les prestataires d&#8217;activit\u00e9s<\/a><\/div>\n<\/div><\/div>\n\n\n\n<div class=\"wp-block-ws-library-ws-tab\" style=\"display:none\"><p class=\"tab-title\">CULTURE ET PATRIMOINE<\/p><div class=\"tab-content\"><div id=\"listing_7a5f4\" data-observer-wishlist data-attributes='listing-avance {\"selectedSelectionIds\":[\"189046\"],\"defaultImage\":\"https:\\\/\\\/www.paysdesecrins.com\\\/wp-content\\\/uploads\\\/2025\\\/06\\\/paysdesecrins.png\",\"isLimited\":true,\"perPage\":3,\"isPortrait\":false,\"isImageContain\":false,\"showCommune\":true,\"showDescription\":false,\"showImage\":true,\"selectedFacets\":[],\"showMap\":false,\"sortOrder\":\"random\",\"showType\":false,\"columnsCount\":\"2-3-3\",\"showActiveFacets\":false,\"showGeolocalisation\":false,\"isPaginated\":false,\"season\":\"\",\"align\":\"wide\"}' class=\"ws-listing wp-block-ws-apidae-library-listing-avance alignwide\" data-map-id=\"map_7a5f4\" data-locations-id=\"locations-data_7a5f4\"><div class=\"facetwp-template\"><div class=\"list-container active\"><div class=\"list-items\"><div class=\"item\" data-season=\"all-seasons\"><div class=\"card card-apidae card-avance\"><div class=\"group-actions\"><ws-wishlist data-type=\"flag\" data-action=\"add\" data-wish-id=\"584484\" data-wish-type=\"apidae\"><\/ws-wishlist><\/div><div class=\"group-media\"><div class=\"field-image\"><img decoding=\"async\" src=\"https:\/\/images.weserv.nl\/?url=https:\/\/static.apidae-tourisme.com\/filestore\/objets-touristiques\/images\/21\/125\/10124565-diaporama.jpg&#038;w=350&#038;h=350&#038;fit=cover&#038;output=webp&#038;q=45\" alt=\"Eglise Saint-Apollinaire\"\/><\/div><\/div><div class=\"group-top\"><div class=\"field-commune\">L&#039;Argenti\u00e8re-la-Bess\u00e9e<\/div><ws-apidae-from-price data-apidae-id=\"584484\" ><\/ws-apidae-from-price><\/div><div class=\"group-content\"><div class=\"field-title\">Eglise Saint-Apollinaire<\/div><\/div><div class=\"field-link\" role=\"group\" aria-label=\"Lien vers le contenu\"><a href=\"https:\/\/www.paysdesecrins.com\/it\/fiche\/eglise-saint-apollinaire-4\/\" class=\"cardlink\" title=\"Lire plus : Eglise Saint-Apollinaire\" lang=\"it_IT\">Eglise Saint-Apollinaire<\/a><\/div><\/div><\/div><div class=\"item\" data-season=\"all-seasons\"><div class=\"card card-apidae card-avance\"><div class=\"group-actions\"><ws-wishlist data-type=\"flag\" data-action=\"add\" data-wish-id=\"816425\" data-wish-type=\"apidae\"><\/ws-wishlist><\/div><div class=\"group-media\"><div class=\"field-image\"><img decoding=\"async\" src=\"https:\/\/images.weserv.nl\/?url=https:\/\/www.paysdesecrins.com\/wp-content\/uploads\/2025\/06\/paysdesecrins.png&#038;w=350&#038;h=350&#038;fit=cover&#038;output=webp&#038;q=45\" alt=\"Sentier th\u00e9matique du Pays des Ecrins\"\/><\/div><\/div><div class=\"group-top\"><div class=\"field-commune\">L&#039;Argenti\u00e8re-la-Bess\u00e9e<\/div><ws-apidae-from-price data-apidae-id=\"816425\" ><\/ws-apidae-from-price><\/div><div class=\"group-content\"><div class=\"field-title\">Sentier th\u00e9matique du Pays des Ecrins<\/div><\/div><div class=\"field-link\" role=\"group\" aria-label=\"Lien vers le contenu\"><a href=\"https:\/\/www.paysdesecrins.com\/it\/fiche\/sentier-thematique-du-pays-des-ecrins-4\/\" class=\"cardlink\" title=\"Lire plus : Sentier th\u00e9matique du Pays des Ecrins\" lang=\"it_IT\">Sentier th\u00e9matique du Pays des Ecrins<\/a><\/div><\/div><\/div><div class=\"item\" data-season=\"all-seasons\"><div class=\"card card-apidae card-avance\"><div class=\"group-actions\"><ws-wishlist data-type=\"flag\" data-action=\"add\" data-wish-id=\"584307\" data-wish-type=\"apidae\"><\/ws-wishlist><\/div><div class=\"group-media\"><div class=\"field-image\"><img decoding=\"async\" src=\"https:\/\/images.weserv.nl\/?url=https:\/\/static.apidae-tourisme.com\/filestore\/objets-touristiques\/images\/174\/147\/693166-diaporama.jpg&#038;w=350&#038;h=350&#038;fit=cover&#038;output=webp&#038;q=45\" alt=\"Chapelle Saint-Jean\"\/><\/div><\/div><div class=\"group-top\"><div class=\"field-commune\">L&#039;Argenti\u00e8re-la-Bess\u00e9e<\/div><ws-apidae-from-price data-apidae-id=\"584307\" ><\/ws-apidae-from-price><\/div><div class=\"group-content\"><div class=\"field-title\">Chapelle Saint-Jean<\/div><\/div><div class=\"field-link\" role=\"group\" aria-label=\"Lien vers le contenu\"><a href=\"https:\/\/www.paysdesecrins.com\/it\/fiche\/chapelle-saint-jean-4\/\" class=\"cardlink\" title=\"Lire plus : Chapelle Saint-Jean\" lang=\"it_IT\">Chapelle Saint-Jean<\/a><\/div><\/div><\/div><div id=\"locations-data_7a5f4\" style=\"display: none;\">{&quot;locations&quot;:[{&quot;lat&quot;:&quot;44.786089&quot;,&quot;lng&quot;:&quot;6.549952&quot;,&quot;title&quot;:&quot;Eglise Saint-Apollinaire&quot;,&quot;excerpt&quot;:&quot;&quot;,&quot;permalink&quot;:&quot;https:\\\/\\\/www.paysdesecrins.com\\\/it\\\/fiche\\\/eglise-saint-apollinaire-4\\\/&quot;,&quot;type&quot;:&quot;patrimoine_culturel&quot;,&quot;commune&quot;:&quot;L&#039;Argenti\\u00e8re-la-Bess\\u00e9e&quot;,&quot;type_commerce&quot;:&quot;&quot;,&quot;image&quot;:&quot;https:\\\/\\\/static.apidae-tourisme.com\\\/filestore\\\/objets-touristiques\\\/images\\\/21\\\/125\\\/10124565-diaporama.jpg&quot;,&quot;image_width&quot;:&quot;350&quot;,&quot;image_height&quot;:&quot;350&quot;,&quot;image_fit&quot;:&quot;cover&quot;},{&quot;lat&quot;:&quot;44.794881&quot;,&quot;lng&quot;:&quot;6.560187&quot;,&quot;title&quot;:&quot;Sentier th\\u00e9matique du Pays des Ecrins&quot;,&quot;excerpt&quot;:&quot;&quot;,&quot;permalink&quot;:&quot;https:\\\/\\\/www.paysdesecrins.com\\\/it\\\/fiche\\\/sentier-thematique-du-pays-des-ecrins-4\\\/&quot;,&quot;type&quot;:&quot;patrimoine_culturel&quot;,&quot;commune&quot;:&quot;L&#039;Argenti\\u00e8re-la-Bess\\u00e9e&quot;,&quot;type_commerce&quot;:&quot;&quot;,&quot;image&quot;:&quot;https:\\\/\\\/www.paysdesecrins.com\\\/wp-content\\\/uploads\\\/2025\\\/06\\\/paysdesecrins.png&quot;,&quot;image_width&quot;:&quot;350&quot;,&quot;image_height&quot;:&quot;350&quot;,&quot;image_fit&quot;:&quot;cover&quot;},{&quot;lat&quot;:&quot;44.786058&quot;,&quot;lng&quot;:&quot;6.554758&quot;,&quot;title&quot;:&quot;Chapelle Saint-Jean&quot;,&quot;excerpt&quot;:&quot;&quot;,&quot;permalink&quot;:&quot;https:\\\/\\\/www.paysdesecrins.com\\\/it\\\/fiche\\\/chapelle-saint-jean-4\\\/&quot;,&quot;type&quot;:&quot;patrimoine_culturel&quot;,&quot;commune&quot;:&quot;L&#039;Argenti\\u00e8re-la-Bess\\u00e9e&quot;,&quot;type_commerce&quot;:&quot;&quot;,&quot;image&quot;:&quot;https:\\\/\\\/static.apidae-tourisme.com\\\/filestore\\\/objets-touristiques\\\/images\\\/174\\\/147\\\/693166-diaporama.jpg&quot;,&quot;image_width&quot;:&quot;350&quot;,&quot;image_height&quot;:&quot;350&quot;,&quot;image_fit&quot;:&quot;cover&quot;}],&quot;center_lat&quot;:&quot;44.786089&quot;,&quot;center_lng&quot;:&quot;6.549952&quot;}<\/div><\/div><\/div><\/div><\/div>\n\n\n<div class=\"wp-block-ws-library-ws-button has-text-align-center  is-style-outline\"><a href=\"https:\/\/www.paysdesecrins.com\/je-choisis\/activites-culturelles-et-patrimoine\/\" class=\"wp-block-button__link wp-element-button btn\"> toutes les activit\u00c9s culturelles et patrimoine <\/a><\/div>\n<\/div><\/div>\n<\/div><\/div>\n\n<div style=\"height:60px\" aria-hidden=\"true\" class=\"wp-block-spacer\"><\/div>\n\n<div class=\"wp-block-ws-library-ws-title\"><h2><em>Tutto ci\u00f2 di cui hai bisogno <\/em>DURANTE IL SOGGIORNO<\/h2><\/div>\n\n<div class=\"wp-block-ws-library-ws-tabs alignfull\"><ul class=\"tabs-titles\"><li class=\"tab-title is-active\" data-tab-index=\"0\">COMMERCES<\/li><li class=\"tab-title\" data-tab-index=\"1\">SERVICES<\/li><li class=\"tab-title\" data-tab-index=\"2\">RESTAURANTS<\/li><li class=\"tab-title\" data-tab-index=\"3\">H\u00c9BERGEMENTS<\/li><\/ul><div class=\"tabs-list\">\n<div class=\"wp-block-ws-library-ws-tab\" style=\"display:none\"><p class=\"tab-title\">COMMERCES<\/p><div class=\"tab-content\"><div id=\"listing_d17d1\" data-observer-wishlist data-attributes='listing-avance {\"selectedSelectionIds\":[\"189051\"],\"defaultImage\":\"https:\\\/\\\/www.paysdesecrins.com\\\/wp-content\\\/uploads\\\/2025\\\/06\\\/paysdesecrins.png\",\"isLimited\":true,\"perPage\":3,\"isPortrait\":false,\"isImageContain\":false,\"showCommune\":true,\"showDescription\":false,\"showImage\":true,\"selectedFacets\":[],\"showMap\":false,\"sortOrder\":\"random\",\"showType\":false,\"columnsCount\":\"2-3-3\",\"showActiveFacets\":false,\"showGeolocalisation\":false,\"isPaginated\":false,\"season\":\"\",\"align\":\"wide\"}' class=\"ws-listing wp-block-ws-apidae-library-listing-avance alignwide\" data-map-id=\"map_d17d1\" data-locations-id=\"locations-data_d17d1\"><div class=\"facetwp-template\"><div class=\"list-container active\"><div class=\"list-items\"><div class=\"item\" data-season=\"all-seasons\"><div class=\"card card-apidae card-avance\"><div class=\"group-actions\"><ws-wishlist data-type=\"flag\" data-action=\"add\" data-wish-id=\"660513\" data-wish-type=\"apidae\"><\/ws-wishlist><\/div><div class=\"group-media\"><div class=\"field-image\"><img decoding=\"async\" src=\"https:\/\/images.weserv.nl\/?url=https:\/\/www.paysdesecrins.com\/wp-content\/uploads\/2025\/06\/paysdesecrins.png&#038;w=350&#038;h=350&#038;fit=cover&#038;output=webp&#038;q=45\" alt=\"Les Briconautes Jardinautes\"\/><\/div><\/div><div class=\"group-top\"><div class=\"field-commune\">L&#039;Argenti\u00e8re-la-Bess\u00e9e<\/div><ws-apidae-from-price data-apidae-id=\"660513\" ><\/ws-apidae-from-price><\/div><div class=\"group-content\"><div class=\"field-title\">Les Briconautes Jardinautes<\/div><\/div><div class=\"field-link\" role=\"group\" aria-label=\"Lien vers le contenu\"><a href=\"https:\/\/www.paysdesecrins.com\/it\/fiche\/les-briconautes-jardinautes-4\/\" class=\"cardlink\" title=\"Lire plus : Les Briconautes Jardinautes\" lang=\"it_IT\">Les Briconautes Jardinautes<\/a><\/div><\/div><\/div><div class=\"item\" data-season=\"all-seasons\"><div class=\"card card-apidae card-avance\"><div class=\"group-actions\"><ws-wishlist data-type=\"flag\" data-action=\"add\" data-wish-id=\"628283\" data-wish-type=\"apidae\"><\/ws-wishlist><\/div><div class=\"group-media\"><div class=\"field-image\"><img decoding=\"async\" src=\"https:\/\/images.weserv.nl\/?url=https:\/\/static.apidae-tourisme.com\/filestore\/objets-touristiques\/images\/225\/96\/680161-diaporama.jpg&#038;w=350&#038;h=350&#038;fit=cover&#038;output=webp&#038;q=45\" alt=\"Bar de La Mairie\"\/><\/div><\/div><div class=\"group-top\"><div class=\"field-commune\">L&#039;Argenti\u00e8re-la-Bess\u00e9e<\/div><ws-apidae-from-price data-apidae-id=\"628283\" ><\/ws-apidae-from-price><\/div><div class=\"group-content\"><div class=\"field-title\">Bar de La Mairie<\/div><\/div><div class=\"field-link\" role=\"group\" aria-label=\"Lien vers le contenu\"><a href=\"https:\/\/www.paysdesecrins.com\/it\/fiche\/bar-de-la-mairie-4\/\" class=\"cardlink\" title=\"Lire plus : Bar de La Mairie\" lang=\"it_IT\">Bar de La Mairie<\/a><\/div><\/div><\/div><div class=\"item\" data-season=\"all-seasons\"><div class=\"card card-apidae card-avance\"><div class=\"group-actions\"><ws-wishlist data-type=\"flag\" data-action=\"add\" data-wish-id=\"5732274\" data-wish-type=\"apidae\"><\/ws-wishlist><\/div><div class=\"group-media\"><div class=\"field-image\"><img decoding=\"async\" src=\"https:\/\/images.weserv.nl\/?url=https:\/\/static.apidae-tourisme.com\/filestore\/objets-touristiques\/images\/128\/177\/20885888-diaporama.jpg&#038;w=350&#038;h=350&#038;fit=cover&#038;output=webp&#038;q=45\" alt=\"L&#8217;Opticien des Ecrins\"\/><\/div><\/div><div class=\"group-top\"><div class=\"field-commune\">L&#039;Argenti\u00e8re-la-Bess\u00e9e<\/div><ws-apidae-from-price data-apidae-id=\"5732274\" ><\/ws-apidae-from-price><\/div><div class=\"group-content\"><div class=\"field-title\">L&#8217;Opticien des Ecrins<\/div><\/div><div class=\"field-link\" role=\"group\" aria-label=\"Lien vers le contenu\"><a href=\"https:\/\/www.paysdesecrins.com\/it\/fiche\/lopticien-des-ecrins-4\/\" class=\"cardlink\" title=\"Lire plus : L&#8217;Opticien des Ecrins\" lang=\"it_IT\">L&#8217;Opticien des Ecrins<\/a><\/div><\/div><\/div><div id=\"locations-data_d17d1\" style=\"display: none;\">{&quot;locations&quot;:[{&quot;lat&quot;:&quot;44.792057&quot;,&quot;lng&quot;:&quot;6.560087&quot;,&quot;title&quot;:&quot;Les Briconautes Jardinautes&quot;,&quot;excerpt&quot;:&quot;&quot;,&quot;permalink&quot;:&quot;https:\\\/\\\/www.paysdesecrins.com\\\/it\\\/fiche\\\/les-briconautes-jardinautes-4\\\/&quot;,&quot;type&quot;:&quot;commerce_et_service&quot;,&quot;commune&quot;:&quot;L&#039;Argenti\\u00e8re-la-Bess\\u00e9e&quot;,&quot;type_commerce&quot;:&quot;&quot;,&quot;image&quot;:&quot;https:\\\/\\\/www.paysdesecrins.com\\\/wp-content\\\/uploads\\\/2025\\\/06\\\/paysdesecrins.png&quot;,&quot;image_width&quot;:&quot;350&quot;,&quot;image_height&quot;:&quot;350&quot;,&quot;image_fit&quot;:&quot;cover&quot;},{&quot;lat&quot;:&quot;44.792385&quot;,&quot;lng&quot;:&quot;6.558438&quot;,&quot;title&quot;:&quot;Bar de La Mairie&quot;,&quot;excerpt&quot;:&quot;&quot;,&quot;permalink&quot;:&quot;https:\\\/\\\/www.paysdesecrins.com\\\/it\\\/fiche\\\/bar-de-la-mairie-4\\\/&quot;,&quot;type&quot;:&quot;commerce_et_service&quot;,&quot;commune&quot;:&quot;L&#039;Argenti\\u00e8re-la-Bess\\u00e9e&quot;,&quot;type_commerce&quot;:&quot;&quot;,&quot;image&quot;:&quot;https:\\\/\\\/static.apidae-tourisme.com\\\/filestore\\\/objets-touristiques\\\/images\\\/225\\\/96\\\/680161-diaporama.jpg&quot;,&quot;image_width&quot;:&quot;350&quot;,&quot;image_height&quot;:&quot;350&quot;,&quot;image_fit&quot;:&quot;cover&quot;},{&quot;lat&quot;:&quot;44.794997&quot;,&quot;lng&quot;:&quot;6.559532&quot;,&quot;title&quot;:&quot;L&#8217;Opticien des Ecrins&quot;,&quot;excerpt&quot;:&quot;&quot;,&quot;permalink&quot;:&quot;https:\\\/\\\/www.paysdesecrins.com\\\/it\\\/fiche\\\/lopticien-des-ecrins-4\\\/&quot;,&quot;type&quot;:&quot;commerce_et_service&quot;,&quot;commune&quot;:&quot;L&#039;Argenti\\u00e8re-la-Bess\\u00e9e&quot;,&quot;type_commerce&quot;:&quot;&quot;,&quot;image&quot;:&quot;https:\\\/\\\/static.apidae-tourisme.com\\\/filestore\\\/objets-touristiques\\\/images\\\/128\\\/177\\\/20885888-diaporama.jpg&quot;,&quot;image_width&quot;:&quot;350&quot;,&quot;image_height&quot;:&quot;350&quot;,&quot;image_fit&quot;:&quot;cover&quot;}],&quot;center_lat&quot;:&quot;44.792057&quot;,&quot;center_lng&quot;:&quot;6.560087&quot;}<\/div><\/div><\/div><\/div><\/div>\n\n\n<div class=\"wp-block-ws-library-ws-button has-text-align-center is-style-outline\"><a href=\"https:\/\/www.paysdesecrins.com\/commerces-et-services\/commerces\/\" class=\"wp-block-button__link wp-element-button btn\">  TUTTI I NEGOZI  <\/a><\/div>\n<\/div><\/div>\n\n\n\n<div class=\"wp-block-ws-library-ws-tab\" style=\"display:none\"><p class=\"tab-title\">SERVICES<\/p><div class=\"tab-content\"><div id=\"listing_091d8\" data-observer-wishlist data-attributes='listing-avance {\"selectedSelectionIds\":[\"189053\"],\"defaultImage\":\"https:\\\/\\\/www.paysdesecrins.com\\\/wp-content\\\/uploads\\\/2025\\\/06\\\/paysdesecrins.png\",\"isLimited\":true,\"perPage\":3,\"isPortrait\":false,\"isImageContain\":false,\"showCommune\":true,\"showDescription\":false,\"showImage\":true,\"selectedFacets\":[],\"showMap\":false,\"sortOrder\":\"random\",\"showType\":false,\"columnsCount\":\"2-3-3\",\"showActiveFacets\":false,\"showGeolocalisation\":false,\"isPaginated\":false,\"season\":\"\",\"align\":\"wide\"}' class=\"ws-listing wp-block-ws-apidae-library-listing-avance alignwide\" data-map-id=\"map_091d8\" data-locations-id=\"locations-data_091d8\"><div class=\"facetwp-template\"><div class=\"list-container active\"><div class=\"list-items\"><div class=\"item\" data-season=\"all-seasons\"><div class=\"card card-apidae card-avance\"><div class=\"group-actions\"><ws-wishlist data-type=\"flag\" data-action=\"add\" data-wish-id=\"7136908\" data-wish-type=\"apidae\"><\/ws-wishlist><\/div><div class=\"group-media\"><div class=\"field-image\"><img decoding=\"async\" src=\"https:\/\/images.weserv.nl\/?url=https:\/\/static.apidae-tourisme.com\/filestore\/objets-touristiques\/images\/151\/195\/28427159-diaporama.png&#038;w=350&#038;h=350&#038;fit=cover&#038;output=webp&#038;q=45\" alt=\"Docteures Justine Wyts et Chlo\u00e9 LECARPENTIER, m\u00e9decins g\u00e9n\u00e9ralistes\"\/><\/div><\/div><div class=\"group-top\"><div class=\"field-commune\">L&#039;Argenti\u00e8re-la-Bess\u00e9e<\/div><ws-apidae-from-price data-apidae-id=\"7136908\" ><\/ws-apidae-from-price><\/div><div class=\"group-content\"><div class=\"field-title\">Docteures Justine Wyts et Chlo\u00e9 LECARPENTIER, m\u00e9decins g\u00e9n\u00e9ralistes<\/div><\/div><div class=\"field-link\" role=\"group\" aria-label=\"Lien vers le contenu\"><a href=\"https:\/\/www.paysdesecrins.com\/it\/fiche\/docteures-justine-wyts-et-chloe-lecarpentier-medecins-generalistes-4\/\" class=\"cardlink\" title=\"Lire plus : Docteures Justine Wyts et Chlo\u00e9 LECARPENTIER, m\u00e9decins g\u00e9n\u00e9ralistes\" lang=\"it_IT\">Docteures Justine Wyts et Chlo\u00e9 LECARPENTIER, m\u00e9decins g\u00e9n\u00e9ralistes<\/a><\/div><\/div><\/div><div class=\"item\" data-season=\"all-seasons\"><div class=\"card card-apidae card-avance\"><div class=\"group-actions\"><ws-wishlist data-type=\"flag\" data-action=\"add\" data-wish-id=\"4855062\" data-wish-type=\"apidae\"><\/ws-wishlist><\/div><div class=\"group-media\"><div class=\"field-image\"><img decoding=\"async\" src=\"https:\/\/images.weserv.nl\/?url=https:\/\/static.apidae-tourisme.com\/filestore\/objets-touristiques\/images\/16\/118\/42235408-diaporama.jpg&#038;w=350&#038;h=350&#038;fit=cover&#038;output=webp&#038;q=45\" alt=\"Centre socioculturel\"\/><\/div><\/div><div class=\"group-top\"><div class=\"field-commune\">L&#039;Argenti\u00e8re-la-Bess\u00e9e<\/div><ws-apidae-from-price data-apidae-id=\"4855062\" ><\/ws-apidae-from-price><\/div><div class=\"group-content\"><div class=\"field-title\">Centre socioculturel<\/div><\/div><div class=\"field-link\" role=\"group\" aria-label=\"Lien vers le contenu\"><a href=\"https:\/\/www.paysdesecrins.com\/it\/fiche\/centre-socioculturel-4\/\" class=\"cardlink\" title=\"Lire plus : Centre socioculturel\" lang=\"it_IT\">Centre socioculturel<\/a><\/div><\/div><\/div><div class=\"item\" data-season=\"all-seasons\"><div class=\"card card-apidae card-avance\"><div class=\"group-actions\"><ws-wishlist data-type=\"flag\" data-action=\"add\" data-wish-id=\"6809644\" data-wish-type=\"apidae\"><\/ws-wishlist><\/div><div class=\"group-media\"><div class=\"field-image\"><img decoding=\"async\" src=\"https:\/\/images.weserv.nl\/?url=https:\/\/static.apidae-tourisme.com\/filestore\/objets-touristiques\/images\/182\/202\/28428982-diaporama.png&#038;w=350&#038;h=350&#038;fit=cover&#038;output=webp&#038;q=45\" alt=\"Cabinet param\u00e9dical &#8220;Les \u00c9crins&#8221;\"\/><\/div><\/div><div class=\"group-top\"><div class=\"field-commune\">L&#039;Argenti\u00e8re-la-Bess\u00e9e<\/div><ws-apidae-from-price data-apidae-id=\"6809644\" ><\/ws-apidae-from-price><\/div><div class=\"group-content\"><div class=\"field-title\">Cabinet param\u00e9dical &#8220;Les \u00c9crins&#8221;<\/div><\/div><div class=\"field-link\" role=\"group\" aria-label=\"Lien vers le contenu\"><a href=\"https:\/\/www.paysdesecrins.com\/it\/fiche\/cabinet-paramedical-les-ecrins-4\/\" class=\"cardlink\" title=\"Lire plus : Cabinet param\u00e9dical &#8220;Les \u00c9crins&#8221;\" lang=\"it_IT\">Cabinet param\u00e9dical &#8220;Les \u00c9crins&#8221;<\/a><\/div><\/div><\/div><div id=\"locations-data_091d8\" style=\"display: none;\">{&quot;locations&quot;:[{&quot;lat&quot;:&quot;44.797757&quot;,&quot;lng&quot;:&quot;6.557767&quot;,&quot;title&quot;:&quot;Docteures Justine Wyts et Chlo\\u00e9 LECARPENTIER, m\\u00e9decins g\\u00e9n\\u00e9ralistes&quot;,&quot;excerpt&quot;:&quot;&quot;,&quot;permalink&quot;:&quot;https:\\\/\\\/www.paysdesecrins.com\\\/it\\\/fiche\\\/docteures-justine-wyts-et-chloe-lecarpentier-medecins-generalistes-4\\\/&quot;,&quot;type&quot;:&quot;commerce_et_service&quot;,&quot;commune&quot;:&quot;L&#039;Argenti\\u00e8re-la-Bess\\u00e9e&quot;,&quot;type_commerce&quot;:&quot;&quot;,&quot;image&quot;:&quot;https:\\\/\\\/static.apidae-tourisme.com\\\/filestore\\\/objets-touristiques\\\/images\\\/151\\\/195\\\/28427159-diaporama.png&quot;,&quot;image_width&quot;:&quot;350&quot;,&quot;image_height&quot;:&quot;350&quot;,&quot;image_fit&quot;:&quot;cover&quot;},{&quot;lat&quot;:&quot;44.84377&quot;,&quot;lng&quot;:&quot;6.581183&quot;,&quot;title&quot;:&quot;Centre socioculturel&quot;,&quot;excerpt&quot;:&quot;&quot;,&quot;permalink&quot;:&quot;https:\\\/\\\/www.paysdesecrins.com\\\/it\\\/fiche\\\/centre-socioculturel-4\\\/&quot;,&quot;type&quot;:&quot;commerce_et_service&quot;,&quot;commune&quot;:&quot;L&#039;Argenti\\u00e8re-la-Bess\\u00e9e&quot;,&quot;type_commerce&quot;:&quot;&quot;,&quot;image&quot;:&quot;https:\\\/\\\/static.apidae-tourisme.com\\\/filestore\\\/objets-touristiques\\\/images\\\/16\\\/118\\\/42235408-diaporama.jpg&quot;,&quot;image_width&quot;:&quot;350&quot;,&quot;image_height&quot;:&quot;350&quot;,&quot;image_fit&quot;:&quot;cover&quot;},{&quot;lat&quot;:&quot;44.797774&quot;,&quot;lng&quot;:&quot;6.557765&quot;,&quot;title&quot;:&quot;Cabinet param\\u00e9dical &#8220;Les \\u00c9crins&#8221;&quot;,&quot;excerpt&quot;:&quot;&quot;,&quot;permalink&quot;:&quot;https:\\\/\\\/www.paysdesecrins.com\\\/it\\\/fiche\\\/cabinet-paramedical-les-ecrins-4\\\/&quot;,&quot;type&quot;:&quot;commerce_et_service&quot;,&quot;commune&quot;:&quot;L&#039;Argenti\\u00e8re-la-Bess\\u00e9e&quot;,&quot;type_commerce&quot;:&quot;&quot;,&quot;image&quot;:&quot;https:\\\/\\\/static.apidae-tourisme.com\\\/filestore\\\/objets-touristiques\\\/images\\\/182\\\/202\\\/28428982-diaporama.png&quot;,&quot;image_width&quot;:&quot;350&quot;,&quot;image_height&quot;:&quot;350&quot;,&quot;image_fit&quot;:&quot;cover&quot;}],&quot;center_lat&quot;:&quot;44.797757&quot;,&quot;center_lng&quot;:&quot;6.557767&quot;}<\/div><\/div><\/div><\/div><\/div>\n\n\n<div class=\"wp-block-ws-library-ws-button has-text-align-center is-style-outline\"><a href=\"https:\/\/www.paysdesecrins.com\/commerces-et-services\/services\/\" class=\"wp-block-button__link wp-element-button btn\">  TUTTI I SERVIZI<\/a><\/div>\n<\/div><\/div>\n\n\n\n<div class=\"wp-block-ws-library-ws-tab\" style=\"display:none\"><p class=\"tab-title\">RESTAURANTS<\/p><div class=\"tab-content\"><div id=\"listing_f87c9\" data-observer-wishlist data-attributes='listing-avance {\"selectedSelectionIds\":[\"189043\"],\"defaultImage\":\"https:\\\/\\\/www.paysdesecrins.com\\\/wp-content\\\/uploads\\\/2025\\\/06\\\/paysdesecrins.png\",\"isLimited\":true,\"perPage\":3,\"isPortrait\":false,\"isImageContain\":false,\"showCommune\":true,\"showDescription\":false,\"showImage\":true,\"selectedFacets\":[],\"showMap\":false,\"sortOrder\":\"random\",\"showType\":false,\"columnsCount\":\"2-3-3\",\"showActiveFacets\":false,\"showGeolocalisation\":false,\"isPaginated\":false,\"season\":\"\",\"align\":\"wide\"}' class=\"ws-listing wp-block-ws-apidae-library-listing-avance alignwide\" data-map-id=\"map_f87c9\" data-locations-id=\"locations-data_f87c9\"><div class=\"facetwp-template\"><div class=\"list-container active\"><div class=\"list-items\"><div class=\"item\" data-season=\"all-seasons\"><div class=\"card card-apidae card-avance\"><div class=\"group-actions\"><ws-wishlist data-type=\"flag\" data-action=\"add\" data-wish-id=\"4647511\" data-wish-type=\"apidae\"><\/ws-wishlist><\/div><div class=\"group-media\"><div class=\"field-image\"><img decoding=\"async\" src=\"https:\/\/images.weserv.nl\/?url=https:\/\/static.apidae-tourisme.com\/filestore\/objets-touristiques\/images\/4\/197\/2082052-diaporama.jpg&#038;w=350&#038;h=350&#038;fit=cover&#038;output=webp&#038;q=45\" alt=\"Casa Antica Pizzeria\"\/><\/div><\/div><div class=\"group-top\"><div class=\"field-commune\">L&#039;Argenti\u00e8re-la-Bess\u00e9e<\/div><ws-apidae-from-price data-apidae-id=\"4647511\" ><\/ws-apidae-from-price><\/div><div class=\"group-content\"><div class=\"field-title\">Casa Antica Pizzeria<\/div><\/div><div class=\"field-link\" role=\"group\" aria-label=\"Lien vers le contenu\"><a href=\"https:\/\/www.paysdesecrins.com\/it\/fiche\/casa-antica-pizzeria-4\/\" class=\"cardlink\" title=\"Lire plus : Casa Antica Pizzeria\" lang=\"it_IT\">Casa Antica Pizzeria<\/a><\/div><\/div><\/div><div class=\"item\" data-season=\"all-seasons\"><div class=\"card card-apidae card-avance\"><div class=\"group-actions\"><ws-wishlist data-type=\"flag\" data-action=\"add\" data-wish-id=\"7643468\" data-wish-type=\"apidae\"><\/ws-wishlist><\/div><div class=\"group-media\"><div class=\"field-image\"><img decoding=\"async\" src=\"https:\/\/images.weserv.nl\/?url=https:\/\/static.apidae-tourisme.com\/filestore\/objets-touristiques\/images\/113\/71\/37177201-diaporama.jpg&#038;w=350&#038;h=350&#038;fit=cover&#038;output=webp&#038;q=45\" alt=\"Ice Rock,  Restaurant br\u00e9silien\"\/><\/div><\/div><div class=\"group-top\"><div class=\"field-commune\">L&#039;Argenti\u00e8re-la-Bess\u00e9e<\/div><ws-apidae-from-price data-apidae-id=\"7643468\" ><\/ws-apidae-from-price><\/div><div class=\"group-content\"><div class=\"field-title\">Ice Rock,  Restaurant br\u00e9silien<\/div><\/div><div class=\"field-link\" role=\"group\" aria-label=\"Lien vers le contenu\"><a href=\"https:\/\/www.paysdesecrins.com\/it\/fiche\/ice-rock-restaurant-bresilien-3\/\" class=\"cardlink\" title=\"Lire plus : Ice Rock,  Restaurant br\u00e9silien\" lang=\"it_IT\">Ice Rock,  Restaurant br\u00e9silien<\/a><\/div><\/div><\/div><div class=\"item\" data-season=\"all-seasons\"><div class=\"card card-apidae card-avance\"><div class=\"group-actions\"><ws-wishlist data-type=\"flag\" data-action=\"add\" data-wish-id=\"627496\" data-wish-type=\"apidae\"><\/ws-wishlist><\/div><div class=\"group-media\"><div class=\"field-image\"><img decoding=\"async\" src=\"https:\/\/images.weserv.nl\/?url=https:\/\/static.apidae-tourisme.com\/filestore\/objets-touristiques\/images\/21\/242\/3338773-diaporama.jpg&#038;w=350&#038;h=350&#038;fit=cover&#038;output=webp&#038;q=45\" alt=\"Pizza Sonny \/ Lecadieu Sonny\"\/><\/div><\/div><div class=\"group-top\"><div class=\"field-commune\">L&#039;Argenti\u00e8re-la-Bess\u00e9e<\/div><ws-apidae-from-price data-apidae-id=\"627496\" ><\/ws-apidae-from-price><\/div><div class=\"group-content\"><div class=\"field-title\">Pizza Sonny \/ Lecadieu Sonny<\/div><\/div><div class=\"field-link\" role=\"group\" aria-label=\"Lien vers le contenu\"><a href=\"https:\/\/www.paysdesecrins.com\/it\/fiche\/pizza-sonny-lecadieu-sonny-4\/\" class=\"cardlink\" title=\"Lire plus : Pizza Sonny \/ Lecadieu Sonny\" lang=\"it_IT\">Pizza Sonny \/ Lecadieu Sonny<\/a><\/div><\/div><\/div><div id=\"locations-data_f87c9\" style=\"display: none;\">{&quot;locations&quot;:[{&quot;lat&quot;:&quot;44.790244&quot;,&quot;lng&quot;:&quot;6.558068&quot;,&quot;title&quot;:&quot;Casa Antica Pizzeria&quot;,&quot;excerpt&quot;:&quot;&quot;,&quot;permalink&quot;:&quot;https:\\\/\\\/www.paysdesecrins.com\\\/it\\\/fiche\\\/casa-antica-pizzeria-4\\\/&quot;,&quot;type&quot;:&quot;restauration&quot;,&quot;commune&quot;:&quot;L&#039;Argenti\\u00e8re-la-Bess\\u00e9e&quot;,&quot;type_commerce&quot;:&quot;&quot;,&quot;image&quot;:&quot;https:\\\/\\\/static.apidae-tourisme.com\\\/filestore\\\/objets-touristiques\\\/images\\\/4\\\/197\\\/2082052-diaporama.jpg&quot;,&quot;image_width&quot;:&quot;350&quot;,&quot;image_height&quot;:&quot;350&quot;,&quot;image_fit&quot;:&quot;cover&quot;},{&quot;lat&quot;:&quot;44.795978&quot;,&quot;lng&quot;:&quot;6.559147&quot;,&quot;title&quot;:&quot;Ice Rock,  Restaurant br\\u00e9silien&quot;,&quot;excerpt&quot;:&quot;&quot;,&quot;permalink&quot;:&quot;https:\\\/\\\/www.paysdesecrins.com\\\/it\\\/fiche\\\/ice-rock-restaurant-bresilien-3\\\/&quot;,&quot;type&quot;:&quot;restauration&quot;,&quot;commune&quot;:&quot;L&#039;Argenti\\u00e8re-la-Bess\\u00e9e&quot;,&quot;type_commerce&quot;:&quot;&quot;,&quot;image&quot;:&quot;https:\\\/\\\/static.apidae-tourisme.com\\\/filestore\\\/objets-touristiques\\\/images\\\/113\\\/71\\\/37177201-diaporama.jpg&quot;,&quot;image_width&quot;:&quot;350&quot;,&quot;image_height&quot;:&quot;350&quot;,&quot;image_fit&quot;:&quot;cover&quot;},{&quot;lat&quot;:&quot;44.796304&quot;,&quot;lng&quot;:&quot;6.558664&quot;,&quot;title&quot;:&quot;Pizza Sonny \\\/ Lecadieu Sonny&quot;,&quot;excerpt&quot;:&quot;&quot;,&quot;permalink&quot;:&quot;https:\\\/\\\/www.paysdesecrins.com\\\/it\\\/fiche\\\/pizza-sonny-lecadieu-sonny-4\\\/&quot;,&quot;type&quot;:&quot;restauration&quot;,&quot;commune&quot;:&quot;L&#039;Argenti\\u00e8re-la-Bess\\u00e9e&quot;,&quot;type_commerce&quot;:&quot;&quot;,&quot;image&quot;:&quot;https:\\\/\\\/static.apidae-tourisme.com\\\/filestore\\\/objets-touristiques\\\/images\\\/21\\\/242\\\/3338773-diaporama.jpg&quot;,&quot;image_width&quot;:&quot;350&quot;,&quot;image_height&quot;:&quot;350&quot;,&quot;image_fit&quot;:&quot;cover&quot;}],&quot;center_lat&quot;:&quot;44.790244&quot;,&quot;center_lng&quot;:&quot;6.558068&quot;}<\/div><\/div><\/div><\/div><\/div>\n\n\n<div class=\"wp-block-ws-library-ws-button has-text-align-center is-style-outline\"><a href=\"https:\/\/www.paysdesecrins.com\/it\/scelgo\/alloggi-e-ristoranti\/ristoranti\/\" class=\"wp-block-button__link wp-element-button btn\">  TUTTI I RISTORANTI<\/a><\/div>\n<\/div><\/div>\n\n\n\n<div class=\"wp-block-ws-library-ws-tab\" style=\"display:none\"><p class=\"tab-title\">H\u00c9BERGEMENTS<\/p><div class=\"tab-content\"><div id=\"listing_866e2\" data-observer-wishlist data-attributes='listing-avance {\"selectedSelectionIds\":[\"188882\"],\"defaultImage\":\"https:\\\/\\\/www.paysdesecrins.com\\\/wp-content\\\/uploads\\\/2025\\\/06\\\/paysdesecrins.png\",\"isLimited\":true,\"perPage\":3,\"isPortrait\":false,\"isImageContain\":false,\"showCommune\":true,\"showDescription\":false,\"showImage\":true,\"selectedFacets\":[],\"showMap\":false,\"sortOrder\":\"random\",\"showType\":false,\"columnsCount\":\"2-3-3\",\"showActiveFacets\":false,\"showGeolocalisation\":false,\"isPaginated\":false,\"season\":\"\",\"align\":\"wide\"}' class=\"ws-listing wp-block-ws-apidae-library-listing-avance alignwide\" data-map-id=\"map_866e2\" data-locations-id=\"locations-data_866e2\"><div class=\"facetwp-template\"><div class=\"list-container active\"><div class=\"list-items\"><div class=\"item\" data-season=\"all-seasons\"><div class=\"card card-apidae card-avance\"><div class=\"group-actions\"><ws-wishlist data-type=\"flag\" data-action=\"add\" data-wish-id=\"4972079\" data-wish-type=\"apidae\"><\/ws-wishlist><\/div><div class=\"group-media\"><div class=\"field-image\"><img decoding=\"async\" src=\"https:\/\/images.weserv.nl\/?url=https:\/\/static.apidae-tourisme.com\/filestore\/objets-touristiques\/images\/59\/72\/37177403-diaporama.jpg&#038;w=350&#038;h=350&#038;fit=cover&#038;output=webp&#038;q=45\" alt=\"Ice Rock Hotel\"\/><\/div><\/div><div class=\"group-top\"><div class=\"field-commune\">L&#039;Argenti\u00e8re-la-Bess\u00e9e<\/div><ws-apidae-from-price data-apidae-id=\"4972079\" ><\/ws-apidae-from-price><\/div><div class=\"group-content\"><div class=\"field-title\">Ice Rock Hotel<\/div><\/div><div class=\"field-link\" role=\"group\" aria-label=\"Lien vers le contenu\"><a href=\"https:\/\/www.paysdesecrins.com\/it\/fiche\/ice-rock-hotel-4\/\" class=\"cardlink\" title=\"Lire plus : Ice Rock Hotel\" lang=\"it_IT\">Ice Rock Hotel<\/a><\/div><\/div><\/div><div class=\"item\" data-season=\"all-seasons\"><div class=\"card card-apidae card-avance\"><div class=\"group-actions\"><ws-wishlist data-type=\"flag\" data-action=\"add\" data-wish-id=\"382303\" data-wish-type=\"apidae\"><\/ws-wishlist><\/div><div class=\"group-media\"><div class=\"field-image\"><img decoding=\"async\" src=\"https:\/\/images.weserv.nl\/?url=https:\/\/www.paysdesecrins.com\/wp-content\/uploads\/2025\/06\/paysdesecrins.png&#038;w=350&#038;h=350&#038;fit=cover&#038;output=webp&#038;q=45\" alt=\"Mr RIPPERT Justin\"\/><\/div><\/div><div class=\"group-top\"><div class=\"field-commune\">L&#039;Argenti\u00e8re-la-Bess\u00e9e<\/div><ws-apidae-from-price data-apidae-id=\"382303\" ><\/ws-apidae-from-price><\/div><div class=\"group-content\"><div class=\"field-title\">Mr RIPPERT Justin<\/div><\/div><div class=\"field-link\" role=\"group\" aria-label=\"Lien vers le contenu\"><a href=\"https:\/\/www.paysdesecrins.com\/it\/fiche\/mr-rippert-justin-4\/\" class=\"cardlink\" title=\"Lire plus : Mr RIPPERT Justin\" lang=\"it_IT\">Mr RIPPERT Justin<\/a><\/div><\/div><\/div><div class=\"item\" data-season=\"all-seasons\"><div class=\"card card-apidae card-avance\"><div class=\"group-actions\"><ws-wishlist data-type=\"flag\" data-action=\"add\" data-wish-id=\"226517\" data-wish-type=\"apidae\"><\/ws-wishlist><\/div><div class=\"group-media\"><div class=\"field-image\"><img decoding=\"async\" src=\"https:\/\/images.weserv.nl\/?url=https:\/\/static.apidae-tourisme.com\/filestore\/objets-touristiques\/images\/210\/28\/4988114-diaporama.jpg&#038;w=350&#038;h=350&#038;fit=cover&#038;output=webp&#038;q=45\" alt=\"Camping Les \u00c9crins\"\/><\/div><\/div><div class=\"group-top\"><div class=\"field-commune\">L&#039;Argenti\u00e8re-la-Bess\u00e9e<\/div><ws-apidae-from-price data-apidae-id=\"226517\" ><\/ws-apidae-from-price><\/div><div class=\"group-content\"><div class=\"field-title\">Camping Les \u00c9crins<\/div><\/div><div class=\"field-link\" role=\"group\" aria-label=\"Lien vers le contenu\"><a href=\"https:\/\/www.paysdesecrins.com\/it\/fiche\/camping-les-ecrins-2\/\" class=\"cardlink\" title=\"Lire plus : Camping Les \u00c9crins\" lang=\"it_IT\">Camping Les \u00c9crins<\/a><\/div><\/div><\/div><div id=\"locations-data_866e2\" style=\"display: none;\">{&quot;locations&quot;:[{&quot;lat&quot;:&quot;44.795962&quot;,&quot;lng&quot;:&quot;6.559124&quot;,&quot;title&quot;:&quot;Ice Rock Hotel&quot;,&quot;excerpt&quot;:&quot;&quot;,&quot;permalink&quot;:&quot;https:\\\/\\\/www.paysdesecrins.com\\\/it\\\/fiche\\\/ice-rock-hotel-4\\\/&quot;,&quot;type&quot;:&quot;hotellerie&quot;,&quot;commune&quot;:&quot;L&#039;Argenti\\u00e8re-la-Bess\\u00e9e&quot;,&quot;type_commerce&quot;:&quot;&quot;,&quot;image&quot;:&quot;https:\\\/\\\/static.apidae-tourisme.com\\\/filestore\\\/objets-touristiques\\\/images\\\/59\\\/72\\\/37177403-diaporama.jpg&quot;,&quot;image_width&quot;:&quot;350&quot;,&quot;image_height&quot;:&quot;350&quot;,&quot;image_fit&quot;:&quot;cover&quot;},{&quot;lat&quot;:&quot;44.785157&quot;,&quot;lng&quot;:&quot;6.548278&quot;,&quot;title&quot;:&quot;Mr RIPPERT Justin&quot;,&quot;excerpt&quot;:&quot;&quot;,&quot;permalink&quot;:&quot;https:\\\/\\\/www.paysdesecrins.com\\\/it\\\/fiche\\\/mr-rippert-justin-4\\\/&quot;,&quot;type&quot;:&quot;hebergement_locatif&quot;,&quot;commune&quot;:&quot;L&#039;Argenti\\u00e8re-la-Bess\\u00e9e&quot;,&quot;type_commerce&quot;:&quot;&quot;,&quot;image&quot;:&quot;https:\\\/\\\/www.paysdesecrins.com\\\/wp-content\\\/uploads\\\/2025\\\/06\\\/paysdesecrins.png&quot;,&quot;image_width&quot;:&quot;350&quot;,&quot;image_height&quot;:&quot;350&quot;,&quot;image_fit&quot;:&quot;cover&quot;},{&quot;lat&quot;:&quot;44.7774&quot;,&quot;lng&quot;:&quot;6.5588&quot;,&quot;title&quot;:&quot;Camping Les \\u00c9crins&quot;,&quot;excerpt&quot;:&quot;&quot;,&quot;permalink&quot;:&quot;https:\\\/\\\/www.paysdesecrins.com\\\/it\\\/fiche\\\/camping-les-ecrins-2\\\/&quot;,&quot;type&quot;:&quot;hotellerie_plein_air&quot;,&quot;commune&quot;:&quot;L&#039;Argenti\\u00e8re-la-Bess\\u00e9e&quot;,&quot;type_commerce&quot;:&quot;&quot;,&quot;image&quot;:&quot;https:\\\/\\\/static.apidae-tourisme.com\\\/filestore\\\/objets-touristiques\\\/images\\\/210\\\/28\\\/4988114-diaporama.jpg&quot;,&quot;image_width&quot;:&quot;350&quot;,&quot;image_height&quot;:&quot;350&quot;,&quot;image_fit&quot;:&quot;cover&quot;}],&quot;center_lat&quot;:&quot;44.795962&quot;,&quot;center_lng&quot;:&quot;6.559124&quot;}<\/div><\/div><\/div><\/div><\/div>\n\n\n<div class=\"wp-block-ws-library-ws-button has-text-align-center is-style-outline\"><a href=\"https:\/\/www.paysdesecrins.com\/it\/scelgo\/alloggi-e-ristoranti\/alloggio\/\" class=\"wp-block-button__link wp-element-button btn\">  TUTTI GLI ALLOGGI<\/a><\/div>\n<\/div><\/div>\n<\/div><\/div>\n\n<div style=\"height:60px\" aria-hidden=\"true\" class=\"wp-block-spacer\"><\/div>\n\n<div class=\"wp-block-ws-library-ws-title aligncenter\"><h2><em>Terra di sport all&#8217;aria aperta<\/em> , la prova in immagini<\/h2><\/div>\n\n<div class=\"wp-block-ws-library-ws-slider alignfull\"><div class=\"splide\" data-splide=\"{\"type\":\"slide\",\"heightRatio\":\"auto\",\"perPage\":4,\"perMove\":1,\"drag\":true,\"pagination\":0,\"autoplay\":false,\"gap\":\"15px\",\"breakpoints\":{\"450\":{\"perPage\":1},\"768\":{\"perPage\":2},\"992\":{\"perPage\":3},\"1200\":{\"perPage\":4}}}\"><div class=\"splide__track\"><div class=\"splide__list\"><div class=\"splide__slide\"><a href=\"https:\/\/www.paysdesecrins.com\/wp-content\/uploads\/2025\/07\/5eauxvives-kayak-dsc06626rogiervanrijn-scaled.jpg\" data-glightbox=\"true\" class=\"lightbox-trigger\"><img decoding=\"async\" src=\"https:\/\/www.paysdesecrins.com\/wp-content\/uploads\/2025\/07\/5eauxvives-kayak-dsc06626rogiervanrijn-400x400.jpg\" alt=\"\"><\/a><\/div><div class=\"splide__slide\"><a href=\"https:\/\/www.paysdesecrins.com\/wp-content\/uploads\/2025\/07\/51eauxvives-rafting-championnat-de-france-de-r-2-scaled.jpg\" data-glightbox=\"true\" class=\"lightbox-trigger\"><img decoding=\"async\" src=\"https:\/\/www.paysdesecrins.com\/wp-content\/uploads\/2025\/07\/51eauxvives-rafting-championnat-de-france-de-r-2-400x400.jpg\" alt=\"\"><\/a><\/div><div class=\"splide__slide\"><a href=\"https:\/\/www.paysdesecrins.com\/wp-content\/uploads\/2025\/07\/18veloderoute-dsc00234-400x400.jpg\" data-glightbox=\"true\" class=\"lightbox-trigger\"><img decoding=\"async\" src=\"https:\/\/www.paysdesecrins.com\/wp-content\/uploads\/2025\/07\/18veloderoute-dsc00234-400x400.jpg\" alt=\"\"><\/a><\/div><div class=\"splide__slide\"><a href=\"https:\/\/www.paysdesecrins.com\/wp-content\/uploads\/2025\/07\/81tab-dsc07650-enhanced-nr-2-scaled.jpg\" data-glightbox=\"true\" class=\"lightbox-trigger\"><img decoding=\"async\" src=\"https:\/\/www.paysdesecrins.com\/wp-content\/uploads\/2025\/07\/81tab-dsc07650-enhanced-nr-2-400x400.jpg\" alt=\"\"><\/a><\/div><div class=\"splide__slide\"><a href=\"https:\/\/www.paysdesecrins.com\/wp-content\/uploads\/2025\/07\/81tout-a-blocqdsc05486rogiervanrijn-scaled.jpg\" data-glightbox=\"true\" class=\"lightbox-trigger\"><img decoding=\"async\" src=\"https:\/\/www.paysdesecrins.com\/wp-content\/uploads\/2025\/07\/81tout-a-blocqdsc05486rogiervanrijn-400x400.jpg\" alt=\"\"><\/a><\/div><div class=\"splide__slide\"><a href=\"https:\/\/www.paysdesecrins.com\/wp-content\/uploads\/2025\/07\/8escalade-alpinisme-via-ferrata-l-argentie-re-le-scaled.jpg\" data-glightbox=\"true\" class=\"lightbox-trigger\"><img decoding=\"async\" src=\"https:\/\/www.paysdesecrins.com\/wp-content\/uploads\/2025\/07\/8escalade-alpinisme-via-ferrata-l-argentie-re-le-400x400.jpg\" alt=\"\"><\/a><\/div><\/div><\/div><\/div><\/div>\n\n<div class=\"wp-block-ws-library-ws-title aligncenter\"><h2><em>Noi ci occupiamo di tutto,<\/em> tu ti diverti<\/h2><\/div>\n\n<p class=\"has-text-align-center wp-block-paragraph\">Scopri i nostri soggiorni all-inclusive e lascia che organizziamo la tua immersione in montagna: alloggio, attivit\u00e0 guidate ed esperienze locali sono raccolte per te. Scegli la tua formula, da un weekend rigenerante a una settimana di avventure, e approfitta appieno dei paesaggi, del know-how e della convivialit\u00e0 senza preoccuparti di nulla. <\/p>\n<div class=\"alignwide wp-block-ws-library-ws-list-content\"><div class=\"list-items\"><div class=\"item\" data-season=\"all-seasons\"><div class=\"card  card-page\"><div class=\"group-media\"><div class=\"field-image\"><img loading=\"lazy\" decoding=\"async\" width=\"300\" height=\"450\" src=\"https:\/\/www.paysdesecrins.com\/wp-content\/uploads\/2026\/06\/260212-pelvoux-hd-jannovakphotography-05332-300x450.jpg\" class=\"winter wp-post-image\" alt=\"\" data-season=\"winter\" srcset=\"https:\/\/www.paysdesecrins.com\/wp-content\/uploads\/2026\/06\/260212-pelvoux-hd-jannovakphotography-05332-300x450.jpg 300w, https:\/\/www.paysdesecrins.com\/wp-content\/uploads\/2026\/06\/260212-pelvoux-hd-jannovakphotography-05332-390x585.jpg 390w\" sizes=\"auto, (max-width: 300px) 100vw, 300px\" \/><img loading=\"lazy\" decoding=\"async\" width=\"300\" height=\"450\" src=\"https:\/\/www.paysdesecrins.com\/wp-content\/uploads\/2025\/07\/dsc01515-300x450.jpg\" class=\"vivaldi-thumb summer\" alt=\"\" data-season=\"summer\" srcset=\"https:\/\/www.paysdesecrins.com\/wp-content\/uploads\/2025\/07\/dsc01515-300x450.jpg 300w, https:\/\/www.paysdesecrins.com\/wp-content\/uploads\/2025\/07\/dsc01515-390x585.jpg 390w\" sizes=\"auto, (max-width: 300px) 100vw, 300px\" \/><\/div><\/div><div class=\"group-content\"><div class=\"field-title\">Tutti i nostri soggiorni<\/div><\/div><div class=\"field-link\" role=\"group\" aria-label=\"Lien vers le contenu\"><a href=\"https:\/\/www.paysdesecrins.com\/it\/rimane\/\" class=\"cardlink\" title=\"Lire plus : Tutti i nostri soggiorni\" lang=\"it_IT\">Tutti i nostri soggiorni<\/a><\/div><\/div><\/div><\/div><\/div>\n<div style=\"height:60px\" aria-hidden=\"true\" class=\"wp-block-spacer\"><\/div>\n\n<div class=\"wp-block-ws-library-ws-share\"><span class=\"share-subtitle\">Ti \u00e8 piaciuta questa pagina?<\/span><span class=\"share-title\">Condividilo!<\/span><button class=\"ws-share-button wp-element-button\">Condividi questa pagina<\/button><\/div>\n","protected":false},"excerpt":{"rendered":"<p>Situata a 1.000 m di altitudine, alla confluenza dei fiumi Durance, Vallouise e Fournel, L&#8217;Argenti\u00e8re-La-Bess\u00e9e \u00e8 la porta d&#8217;accesso ideale [&hellip;]<\/p>\n","protected":false},"author":1,"featured_media":65525,"parent":44507,"menu_order":0,"comment_status":"closed","ping_status":"closed","template":"","meta":{"_thumbnail_id_2":0,"summer_excerpt":"","season":"","station":"","footnotes":""},"class_list":["post-45046","page","type-page","status-publish","has-post-thumbnail","hentry"],"yoast_head":"<!-- This site is optimized with the Yoast SEO plugin v28.3 - https:\/\/yoast.com\/product\/yoast-seo-wordpress\/ -->\n<title>L&#039;Argenti\u00e8re-la-Bess\u00e9e - Pays des \u00c9crins - Office de Tourisme<\/title>\n<meta name=\"robots\" content=\"index, follow, max-snippet:-1, max-image-preview:large, max-video-preview:-1\" \/>\n<link rel=\"canonical\" href=\"https:\/\/www.paysdesecrins.com\/it\/il-mio-resort-il-mio-villaggio\/largentiere-la-bessee\/\" \/>\n<meta property=\"og:locale\" content=\"it_IT\" \/>\n<meta property=\"og:type\" content=\"article\" \/>\n<meta property=\"og:title\" content=\"L&#039;Argenti\u00e8re-la-Bess\u00e9e - Pays des \u00c9crins - Office de Tourisme\" \/>\n<meta property=\"og:description\" content=\"Situata a 1.000 m di altitudine, alla confluenza dei fiumi Durance, Vallouise e Fournel, L&#8217;Argenti\u00e8re-La-Bess\u00e9e \u00e8 la porta d&#8217;accesso ideale [&hellip;]\" \/>\n<meta property=\"og:url\" content=\"https:\/\/www.paysdesecrins.com\/it\/il-mio-resort-il-mio-villaggio\/largentiere-la-bessee\/\" \/>\n<meta property=\"og:site_name\" content=\"Pays des \u00c9crins - Office de Tourisme\" \/>\n<meta property=\"article:modified_time\" content=\"2025-08-13T16:09:54+00:00\" \/>\n<meta property=\"og:image\" content=\"https:\/\/www.paysdesecrins.com\/wp-content\/uploads\/2025\/08\/argentiere-la-bessee-29-scaled.jpg\" \/>\n\t<meta property=\"og:image:width\" content=\"2560\" \/>\n\t<meta property=\"og:image:height\" content=\"1706\" \/>\n\t<meta property=\"og:image:type\" content=\"image\/jpeg\" \/>\n<meta name=\"twitter:card\" content=\"summary_large_image\" \/>\n<meta name=\"twitter:label1\" content=\"Tempo di lettura stimato\" \/>\n\t<meta name=\"twitter:data1\" content=\"3 minuti\" \/>\n<script type=\"application\/ld+json\" class=\"yoast-schema-graph\">{\"@context\":\"https:\\\/\\\/schema.org\",\"@graph\":[{\"@type\":\"WebPage\",\"@id\":\"https:\\\/\\\/www.paysdesecrins.com\\\/it\\\/il-mio-resort-il-mio-villaggio\\\/largentiere-la-bessee\\\/\",\"url\":\"https:\\\/\\\/www.paysdesecrins.com\\\/it\\\/il-mio-resort-il-mio-villaggio\\\/largentiere-la-bessee\\\/\",\"name\":\"L'Argenti\u00e8re-la-Bess\u00e9e - Pays des \u00c9crins - Office de Tourisme\",\"isPartOf\":{\"@id\":\"https:\\\/\\\/www.paysdesecrins.com\\\/it\\\/#website\"},\"primaryImageOfPage\":{\"@id\":\"https:\\\/\\\/www.paysdesecrins.com\\\/it\\\/il-mio-resort-il-mio-villaggio\\\/largentiere-la-bessee\\\/#primaryimage\"},\"image\":{\"@id\":\"https:\\\/\\\/www.paysdesecrins.com\\\/it\\\/il-mio-resort-il-mio-villaggio\\\/largentiere-la-bessee\\\/#primaryimage\"},\"thumbnailUrl\":\"https:\\\/\\\/www.paysdesecrins.com\\\/wp-content\\\/uploads\\\/2025\\\/08\\\/argentiere-la-bessee-29-scaled.jpg\",\"datePublished\":\"2025-06-25T13:44:54+00:00\",\"dateModified\":\"2025-08-13T16:09:54+00:00\",\"breadcrumb\":{\"@id\":\"https:\\\/\\\/www.paysdesecrins.com\\\/it\\\/il-mio-resort-il-mio-villaggio\\\/largentiere-la-bessee\\\/#breadcrumb\"},\"inLanguage\":\"it-IT\",\"potentialAction\":[{\"@type\":\"ReadAction\",\"target\":[\"https:\\\/\\\/www.paysdesecrins.com\\\/it\\\/il-mio-resort-il-mio-villaggio\\\/largentiere-la-bessee\\\/\"]}]},{\"@type\":\"ImageObject\",\"inLanguage\":\"it-IT\",\"@id\":\"https:\\\/\\\/www.paysdesecrins.com\\\/it\\\/il-mio-resort-il-mio-villaggio\\\/largentiere-la-bessee\\\/#primaryimage\",\"url\":\"https:\\\/\\\/www.paysdesecrins.com\\\/wp-content\\\/uploads\\\/2025\\\/08\\\/argentiere-la-bessee-29-scaled.jpg\",\"contentUrl\":\"https:\\\/\\\/www.paysdesecrins.com\\\/wp-content\\\/uploads\\\/2025\\\/08\\\/argentiere-la-bessee-29-scaled.jpg\",\"width\":2560,\"height\":1706},{\"@type\":\"BreadcrumbList\",\"@id\":\"https:\\\/\\\/www.paysdesecrins.com\\\/it\\\/il-mio-resort-il-mio-villaggio\\\/largentiere-la-bessee\\\/#breadcrumb\",\"itemListElement\":[{\"@type\":\"ListItem\",\"position\":1,\"name\":\"Accueil\",\"item\":\"https:\\\/\\\/www.paysdesecrins.com\\\/it\\\/il-titolo-della-casa\\\/\"},{\"@type\":\"ListItem\",\"position\":2,\"name\":\"Il mio resort, il mio villaggio\",\"item\":\"https:\\\/\\\/www.paysdesecrins.com\\\/it\\\/ma-station-mon-village\\\/\"},{\"@type\":\"ListItem\",\"position\":3,\"name\":\"L&rsquo;Argenti\u00e8re-la-Bess\u00e9e\"}]},{\"@type\":\"WebSite\",\"@id\":\"https:\\\/\\\/www.paysdesecrins.com\\\/it\\\/#website\",\"url\":\"https:\\\/\\\/www.paysdesecrins.com\\\/it\\\/\",\"name\":\"Pays des \u00c9crins - Office de Tourisme\",\"description\":\"L&#039;esprit montagne\",\"publisher\":{\"@id\":\"https:\\\/\\\/www.paysdesecrins.com\\\/it\\\/#organization\"},\"potentialAction\":[{\"@type\":\"SearchAction\",\"target\":{\"@type\":\"EntryPoint\",\"urlTemplate\":\"https:\\\/\\\/www.paysdesecrins.com\\\/it\\\/?s={search_term_string}\"},\"query-input\":{\"@type\":\"PropertyValueSpecification\",\"valueRequired\":true,\"valueName\":\"search_term_string\"}}],\"inLanguage\":\"it-IT\"},{\"@type\":\"Organization\",\"@id\":\"https:\\\/\\\/www.paysdesecrins.com\\\/it\\\/#organization\",\"name\":\"Pays des \u00c9crins - Office de Tourisme\",\"url\":\"https:\\\/\\\/www.paysdesecrins.com\\\/it\\\/\",\"logo\":{\"@type\":\"ImageObject\",\"inLanguage\":\"it-IT\",\"@id\":\"https:\\\/\\\/www.paysdesecrins.com\\\/it\\\/#\\\/schema\\\/logo\\\/image\\\/\",\"url\":\"https:\\\/\\\/www.paysdesecrins.com\\\/wp-content\\\/uploads\\\/2025\\\/06\\\/devina-svg-1750845694.svg\",\"contentUrl\":\"https:\\\/\\\/www.paysdesecrins.com\\\/wp-content\\\/uploads\\\/2025\\\/06\\\/devina-svg-1750845694.svg\",\"caption\":\"Pays des \u00c9crins - Office de Tourisme\"},\"image\":{\"@id\":\"https:\\\/\\\/www.paysdesecrins.com\\\/it\\\/#\\\/schema\\\/logo\\\/image\\\/\"}}]}<\/script>\n<!-- \/ Yoast SEO plugin. -->","yoast_head_json":{"title":"L'Argenti\u00e8re-la-Bess\u00e9e - Pays des \u00c9crins - Office de Tourisme","robots":{"index":"index","follow":"follow","max-snippet":"max-snippet:-1","max-image-preview":"max-image-preview:large","max-video-preview":"max-video-preview:-1"},"canonical":"https:\/\/www.paysdesecrins.com\/it\/il-mio-resort-il-mio-villaggio\/largentiere-la-bessee\/","og_locale":"it_IT","og_type":"article","og_title":"L'Argenti\u00e8re-la-Bess\u00e9e - Pays des \u00c9crins - Office de Tourisme","og_description":"Situata a 1.000 m di altitudine, alla confluenza dei fiumi Durance, Vallouise e Fournel, L&#8217;Argenti\u00e8re-La-Bess\u00e9e \u00e8 la porta d&#8217;accesso ideale [&hellip;]","og_url":"https:\/\/www.paysdesecrins.com\/it\/il-mio-resort-il-mio-villaggio\/largentiere-la-bessee\/","og_site_name":"Pays des \u00c9crins - Office de Tourisme","article_modified_time":"2025-08-13T16:09:54+00:00","og_image":[{"width":2560,"height":1706,"url":"https:\/\/www.paysdesecrins.com\/wp-content\/uploads\/2025\/08\/argentiere-la-bessee-29-scaled.jpg","type":"image\/jpeg"}],"twitter_card":"summary_large_image","twitter_misc":{"Tempo di lettura stimato":"3 minuti"},"schema":{"@context":"https:\/\/schema.org","@graph":[{"@type":"WebPage","@id":"https:\/\/www.paysdesecrins.com\/it\/il-mio-resort-il-mio-villaggio\/largentiere-la-bessee\/","url":"https:\/\/www.paysdesecrins.com\/it\/il-mio-resort-il-mio-villaggio\/largentiere-la-bessee\/","name":"L'Argenti\u00e8re-la-Bess\u00e9e - Pays des \u00c9crins - Office de Tourisme","isPartOf":{"@id":"https:\/\/www.paysdesecrins.com\/it\/#website"},"primaryImageOfPage":{"@id":"https:\/\/www.paysdesecrins.com\/it\/il-mio-resort-il-mio-villaggio\/largentiere-la-bessee\/#primaryimage"},"image":{"@id":"https:\/\/www.paysdesecrins.com\/it\/il-mio-resort-il-mio-villaggio\/largentiere-la-bessee\/#primaryimage"},"thumbnailUrl":"https:\/\/www.paysdesecrins.com\/wp-content\/uploads\/2025\/08\/argentiere-la-bessee-29-scaled.jpg","datePublished":"2025-06-25T13:44:54+00:00","dateModified":"2025-08-13T16:09:54+00:00","breadcrumb":{"@id":"https:\/\/www.paysdesecrins.com\/it\/il-mio-resort-il-mio-villaggio\/largentiere-la-bessee\/#breadcrumb"},"inLanguage":"it-IT","potentialAction":[{"@type":"ReadAction","target":["https:\/\/www.paysdesecrins.com\/it\/il-mio-resort-il-mio-villaggio\/largentiere-la-bessee\/"]}]},{"@type":"ImageObject","inLanguage":"it-IT","@id":"https:\/\/www.paysdesecrins.com\/it\/il-mio-resort-il-mio-villaggio\/largentiere-la-bessee\/#primaryimage","url":"https:\/\/www.paysdesecrins.com\/wp-content\/uploads\/2025\/08\/argentiere-la-bessee-29-scaled.jpg","contentUrl":"https:\/\/www.paysdesecrins.com\/wp-content\/uploads\/2025\/08\/argentiere-la-bessee-29-scaled.jpg","width":2560,"height":1706},{"@type":"BreadcrumbList","@id":"https:\/\/www.paysdesecrins.com\/it\/il-mio-resort-il-mio-villaggio\/largentiere-la-bessee\/#breadcrumb","itemListElement":[{"@type":"ListItem","position":1,"name":"Accueil","item":"https:\/\/www.paysdesecrins.com\/it\/il-titolo-della-casa\/"},{"@type":"ListItem","position":2,"name":"Il mio resort, il mio villaggio","item":"https:\/\/www.paysdesecrins.com\/it\/ma-station-mon-village\/"},{"@type":"ListItem","position":3,"name":"L&rsquo;Argenti\u00e8re-la-Bess\u00e9e"}]},{"@type":"WebSite","@id":"https:\/\/www.paysdesecrins.com\/it\/#website","url":"https:\/\/www.paysdesecrins.com\/it\/","name":"Pays des \u00c9crins - Office de Tourisme","description":"L&#039;esprit montagne","publisher":{"@id":"https:\/\/www.paysdesecrins.com\/it\/#organization"},"potentialAction":[{"@type":"SearchAction","target":{"@type":"EntryPoint","urlTemplate":"https:\/\/www.paysdesecrins.com\/it\/?s={search_term_string}"},"query-input":{"@type":"PropertyValueSpecification","valueRequired":true,"valueName":"search_term_string"}}],"inLanguage":"it-IT"},{"@type":"Organization","@id":"https:\/\/www.paysdesecrins.com\/it\/#organization","name":"Pays des \u00c9crins - Office de Tourisme","url":"https:\/\/www.paysdesecrins.com\/it\/","logo":{"@type":"ImageObject","inLanguage":"it-IT","@id":"https:\/\/www.paysdesecrins.com\/it\/#\/schema\/logo\/image\/","url":"https:\/\/www.paysdesecrins.com\/wp-content\/uploads\/2025\/06\/devina-svg-1750845694.svg","contentUrl":"https:\/\/www.paysdesecrins.com\/wp-content\/uploads\/2025\/06\/devina-svg-1750845694.svg","caption":"Pays des \u00c9crins - Office de Tourisme"},"image":{"@id":"https:\/\/www.paysdesecrins.com\/it\/#\/schema\/logo\/image\/"}}]}},"_links":{"self":[{"href":"https:\/\/www.paysdesecrins.com\/it\/wp-json\/wp\/v2\/pages\/45046","targetHints":{"allow":["GET"]}}],"collection":[{"href":"https:\/\/www.paysdesecrins.com\/it\/wp-json\/wp\/v2\/pages"}],"about":[{"href":"https:\/\/www.paysdesecrins.com\/it\/wp-json\/wp\/v2\/types\/page"}],"author":[{"embeddable":true,"href":"https:\/\/www.paysdesecrins.com\/it\/wp-json\/wp\/v2\/users\/1"}],"replies":[{"embeddable":true,"href":"https:\/\/www.paysdesecrins.com\/it\/wp-json\/wp\/v2\/comments?post=45046"}],"version-history":[{"count":6,"href":"https:\/\/www.paysdesecrins.com\/it\/wp-json\/wp\/v2\/pages\/45046\/revisions"}],"predecessor-version":[{"id":95402,"href":"https:\/\/www.paysdesecrins.com\/it\/wp-json\/wp\/v2\/pages\/45046\/revisions\/95402"}],"up":[{"embeddable":true,"href":"https:\/\/www.paysdesecrins.com\/it\/wp-json\/wp\/v2\/pages\/44507"}],"wp:featuredmedia":[{"embeddable":true,"href":"https:\/\/www.paysdesecrins.com\/it\/wp-json\/wp\/v2\/media\/65525"}],"wp:attachment":[{"href":"https:\/\/www.paysdesecrins.com\/it\/wp-json\/wp\/v2\/media?parent=45046"}],"curies":[{"name":"wp","href":"https:\/\/api.w.org\/{rel}","templated":true}]}}