{"id":45186,"date":"2025-06-25T15:44:52","date_gmt":"2025-06-25T13:44:52","guid":{"rendered":"https:\/\/www.paysdesecrins.com\/il-mio-resort-il-mio-villaggio\/pelvoux-vallouise-ailefroide\/"},"modified":"2025-08-13T15:12:45","modified_gmt":"2025-08-13T13:12:45","slug":"pelvoux-vallouise-ailefroide","status":"publish","type":"page","link":"https:\/\/www.paysdesecrins.com\/it\/il-mio-resort-il-mio-villaggio\/pelvoux-vallouise-ailefroide\/","title":{"rendered":"Vallouise-Pelvoux"},"content":{"rendered":"    <div class=\"alignfull wp-block-ws-library-ws-header-interne\" data-season=\"summer\">\n\t    <div class=\"header-container\">\n\t        <div class=\"group-media has-image\">\n\t            \t                <img loading=\"lazy\" decoding=\"async\" width=\"1920\" height=\"800\" src=\"https:\/\/www.paysdesecrins.com\/wp-content\/uploads\/2025\/07\/lever-de-soleil-sur-la-cre-te-du-bel-serre-entre-la-blanche-et-la-rouya-14-1920x800.jpg\" alt=\"\" class=\"image_large_square wp-image-45004\" \/>\n\t            \t        <\/div>\n\t        <div class=\"group-content\">\n\t            <div class=\"title\">\n\t                <h1>\n\t                    Vallouise-Pelvoux\t                    \t                <\/h1>\n\t            <\/div>\n\t        <\/div>\n\t    <\/div>\n\t    \n<div class=\"yoast-breadcrumbs\"><span><span><a href=\"https:\/\/www.paysdesecrins.com\/it\/il-titolo-della-casa\/\">Accueil<\/a><\/span>  <span><a href=\"https:\/\/www.paysdesecrins.com\/it\/ma-station-mon-village\/\">Il mio resort, il mio villaggio<\/a><\/span>  <span class=\"breadcrumb_last\" aria-current=\"page\">Vallouise-Pelvoux<\/span><\/span><\/div>\n    <\/div>\n        <div class=\"alignfull wp-block-ws-library-ws-header-interne\" data-season=\"winter\">\n\t    <div class=\"header-container\">\n\t        <div class=\"group-media has-image\">\n\t            \t                <img loading=\"lazy\" decoding=\"async\" width=\"1920\" height=\"800\" src=\"https:\/\/www.paysdesecrins.com\/wp-content\/uploads\/2025\/07\/bivouac-a-su-sommet-de-la-blanche-5-1920x800.jpg\" alt=\"\" class=\"image_large_square wp-image-44994\" \/>\n\t            \t        <\/div>\n\t        <div class=\"group-content\">\n\t            <div class=\"title\">\n\t                <h1>\n\t                    Vallouise-pelvoux\t                    \t                <\/h1>\n\t            <\/div>\n\t        <\/div>\n\t    <\/div>\n\t    \n<div class=\"yoast-breadcrumbs\"><span><span><a href=\"https:\/\/www.paysdesecrins.com\/it\/il-titolo-della-casa\/\">Accueil<\/a><\/span>  <span><a href=\"https:\/\/www.paysdesecrins.com\/it\/ma-station-mon-village\/\">Il mio resort, il mio villaggio<\/a><\/span>  <span class=\"breadcrumb_last\" aria-current=\"page\">Vallouise-Pelvoux<\/span><\/span><\/div>\n    <\/div>\n    \n<div class=\"wp-block-ws-library-ws-list-pictos\" data-season=\"summer\">\n<div class=\"wp-block-ws-library-ws-text-icon ws-text-icon\"><div class=\"group-media\"><div class=\"field-image\"><img decoding=\"async\" src=\"https:\/\/www.paysdesecrins.com\/wp-content\/uploads\/2025\/07\/webcam.svg\" alt=\"\" class=\"wp-image-26804 size-90x90\"><\/div><\/div><div class=\"group-content\"><p class=\"field-description\">Webcam<\/p><\/div><a href=\"https:\/\/www.paysdesecrins.com\/it\/60789-2\/\" class=\"cardlink\">Mostra altro<\/a><\/div>\n\n\n\n<div class=\"wp-block-ws-library-ws-text-icon ws-text-icon\"><div class=\"group-media\"><div class=\"field-image\"><img decoding=\"async\" src=\"https:\/\/www.paysdesecrins.com\/wp-content\/uploads\/2025\/07\/meteo.svg\" alt=\"\" class=\"wp-image-26817 size-90x90\"><\/div><\/div><div class=\"group-content\"><p class=\"field-description\">Previsioni meteo<\/p><\/div><a href=\"https:\/\/www.paysdesecrins.com\/it\/meteo-vallouise-pelvoux\/\" class=\"cardlink\">Mostra altro<\/a><\/div>\n\n\n\n<div class=\"wp-block-ws-library-ws-text-icon ws-text-icon\"><div class=\"group-media\"><div class=\"field-image\"><img decoding=\"async\" src=\"https:\/\/www.paysdesecrins.com\/wp-content\/uploads\/2025\/07\/ski.svg\" alt=\"\" class=\"wp-image-26794 size-90x90\"><\/div><\/div><div class=\"group-content\"><p class=\"field-description\">Skipass<br>Meccanico<\/p><\/div><a href=\"https:\/\/ski-pelvoux.axess.shop\/fr\/Products\/Tickets\/\" class=\"cardlink\" target=\"_blank\">Mostra altro<\/a><\/div>\n\n\n\n<div class=\"wp-block-ws-library-ws-text-icon ws-text-icon\"><div class=\"group-media\"><div class=\"field-image\"><img decoding=\"async\" src=\"https:\/\/www.paysdesecrins.com\/wp-content\/uploads\/2025\/07\/map.svg\" alt=\"\" class=\"wp-image-26809 size-90x90\"><\/div><\/div><div class=\"group-content\"><p class=\"field-description\">Mappa delle ESCURSIONI<br>E attivit\u00e0<\/p><\/div><a href=\"https:\/\/app-v4.avizi.fr\/fichiers\/preview\/687f5d3568cfa\/39473-3839\" class=\"cardlink\" target=\"_blank\">Mostra altro<\/a><\/div>\n<\/div>\n\n<div class=\"wp-block-ws-library-ws-list-pictos\" data-season=\"winter\">\n<div class=\"wp-block-ws-library-ws-text-icon ws-text-icon\"><div class=\"group-media\"><div class=\"field-image\"><img decoding=\"async\" src=\"https:\/\/www.paysdesecrins.com\/wp-content\/uploads\/2025\/07\/webcam.svg\" alt=\"\" class=\"wp-image-26804 size-90x90\"><\/div><\/div><div class=\"group-content\"><p class=\"field-description\">Webcam<\/p><\/div><a href=\"https:\/\/www.paysdesecrins.com\/it\/60789-2\/\" class=\"cardlink\">Mostra altro<\/a><\/div>\n\n\n\n<div class=\"wp-block-ws-library-ws-text-icon ws-text-icon\"><div class=\"group-media\"><div class=\"field-image\"><img decoding=\"async\" src=\"https:\/\/www.paysdesecrins.com\/wp-content\/uploads\/2025\/07\/meteo.svg\" alt=\"\" class=\"wp-image-26817 size-90x90\"><\/div><\/div><div class=\"group-content\"><p class=\"field-description\">Previsioni meteo<\/p><\/div><a href=\"https:\/\/www.paysdesecrins.com\/it\/meteo-vallouise-pelvoux\/\" class=\"cardlink\">Mostra altro<\/a><\/div>\n\n\n\n<div class=\"wp-block-ws-library-ws-text-icon ws-text-icon\"><div class=\"group-media\"><div class=\"field-image\"><img decoding=\"async\" src=\"https:\/\/www.paysdesecrins.com\/wp-content\/uploads\/2025\/07\/ski.svg\" alt=\"\" class=\"wp-image-26794 size-90x90\"><\/div><\/div><div class=\"group-content\"><p class=\"field-description\">Skipass<br>Meccanico<\/p><\/div><a href=\"https:\/\/ski-pelvoux.axess.shop\/fr\/Products\/Tickets\/\" class=\"cardlink\" target=\"_blank\">Mostra altro<\/a><\/div>\n\n\n\n<div class=\"wp-block-ws-library-ws-text-icon ws-text-icon\"><div class=\"group-media\"><div class=\"field-image\"><img decoding=\"async\" src=\"https:\/\/www.paysdesecrins.com\/wp-content\/uploads\/2025\/07\/map.svg\" alt=\"\" class=\"wp-image-26809 size-90x90\"><\/div><\/div><div class=\"group-content\"><p class=\"field-description\">MAPPA DEI SENTIERI<\/p><\/div><a href=\"https:\/\/www.ski-pelvoux.com\/wp-content\/uploads\/2024\/12\/pelvoux-vallouise-2024-plan-pistes-a4-web-compresse.pdf\" class=\"cardlink\" target=\"_blank\">Mostra altro<\/a><\/div>\n<\/div>\n\n<div class=\"wp-block-ws-library-ws-title aligncenter is-style-simple\" data-season=\"summer\"><h2><em>Il parco giochi di <\/em>Appassionati di montagna  <\/h2><\/div>\n\n<div class=\"wp-block-ws-library-ws-title aligncenter is-style-simple\" data-season=\"winter\"><h2><em>Il parco giochi di <\/em>Appassionati di montagna  <\/h2><\/div>\n\n<p class=\"has-text-align-center\" data-season=\"summer\">Situata a 1.250 m di altitudine, la localit\u00e0 di Pelvoux-Vallouise comprende le frazioni di Pelvoux, Vallouise e Ailefroide, etichettate come &#8220;Villaggio degli alpinisti&#8221; nel cuore del Parco Nazionale degli \u00c9crins. In estate, gli sportivi e le famiglie troveranno quello che cercano tra passeggiate panoramiche al Ghiacciaio Bianco, vie ferrate, gite in mountain bike, voli in parapendio o rafting. Gli appassionati di alpinismo possono partire da Ailefroide sulle classiche vie glaciali e rocciose, accompagnati dalle guide degli \u00c9crins. Ai piedi di cime e ghiacciai millenari, l&#8217;atmosfera \u00e8 calda e autentica e invita a scoprire il patrimonio locale e a ricaricare le batterie in mezzo alla natura.   <\/p>\n\n<p class=\"has-text-align-center\" data-season=\"winter\">Situata tra i 1.250 e i 2.300 m sul livello del mare, Vallouise-Pelvoux offre 25 km di piste segnalate servite da sette impianti di risalita, adatti a sciatori di tutti i livelli. Gli appassionati di sci alpinismo possono prendere la seggiovia Pr\u00e9ron per raggiungere il percorso per La Blanche (2.953 m), con i suoi 1.138 m di dislivello in discesa. In inverno, il sito di decollo Vallouise-Pelvoux rimane accessibile con la seggiovia, offrendo ai parapendisti un volo diretto sulla Vallouise con un panorama unico sulle cime degli \u00c9crins. Tra le vette degli \u00c9crins e l&#8217;atmosfera amichevole del villaggio, Vallouise-pelvoux si distingue per il suo spirito semplice e autentico.   <\/p>\n\n<div class=\"wp-block-group is-content-justification-center is-nowrap is-layout-flex wp-container-core-group-is-layout-23441af8 wp-block-group-is-layout-flex\">\n<div class=\"wp-block-ws-library-ws-button has-text-align-center\"><a href=\"https:\/\/www.ski-pelvoux.com\" class=\"wp-block-button__link wp-element-button btn\">  Sito web del resort<\/a><\/div>\n\n\n\n<div class=\"wp-block-ws-library-ws-button has-text-align-center is-style-outline\"><a href=\"https:\/\/www.paysdesecrins.com\/it\/scelgo\/accesso-e-navette\/\" class=\"wp-block-button__link wp-element-button btn\">  Accesso e navette<\/a><\/div>\n<\/div>\n\n<div style=\"height:20px\" aria-hidden=\"true\" class=\"wp-block-spacer\"><\/div>\n\n<div class=\"wp-block-ws-library-ws-title aligncenter is-style-simple\"><h3><em>Vorrei<\/em> Scoprire<\/h3><\/div>\n<div class=\"alignwide wp-block-ws-library-ws-list-childs\" data-season=\"allseasons\"><div class=\"child-pages-list list-items list-2-3-4\"><div class=\"item\" data-season=\"all-seasons\"><div class=\"card card-child\"><div class=\"group-media\"><div class=\"field-image\"><img decoding=\"async\" width=\"400\" height=\"400\" src=\"https:\/\/www.paysdesecrins.com\/wp-content\/uploads\/2025\/07\/dsc00189-400x400.jpg\" class=\"winter wp-post-image\" alt=\"\" loading=\"lazy\" data-season=\"winter\" srcset=\"https:\/\/www.paysdesecrins.com\/wp-content\/uploads\/2025\/07\/dsc00189-400x400.jpg 400w, https:\/\/www.paysdesecrins.com\/wp-content\/uploads\/2025\/07\/dsc00189-150x150.jpg 150w, https:\/\/www.paysdesecrins.com\/wp-content\/uploads\/2025\/07\/dsc00189-600x600.jpg 600w, https:\/\/www.paysdesecrins.com\/wp-content\/uploads\/2025\/07\/dsc00189-300x300.jpg 300w, https:\/\/www.paysdesecrins.com\/wp-content\/uploads\/2025\/07\/dsc00189-570x570.jpg 570w\" sizes=\"auto, (max-width: 400px) 100vw, 400px\" \/><img loading=\"lazy\" decoding=\"async\" width=\"400\" height=\"400\" src=\"https:\/\/www.paysdesecrins.com\/wp-content\/uploads\/2025\/07\/51rafting-eauxvives-rafting-dsc09298-scaled-400x400.jpg\" class=\"vivaldi-thumb summer\" alt=\"\" data-season=\"summer\" srcset=\"https:\/\/www.paysdesecrins.com\/wp-content\/uploads\/2025\/07\/51rafting-eauxvives-rafting-dsc09298-scaled-400x400.jpg 400w, https:\/\/www.paysdesecrins.com\/wp-content\/uploads\/2025\/07\/51rafting-eauxvives-rafting-dsc09298-scaled-150x150.jpg 150w, https:\/\/www.paysdesecrins.com\/wp-content\/uploads\/2025\/07\/51rafting-eauxvives-rafting-dsc09298-scaled-600x600.jpg 600w, https:\/\/www.paysdesecrins.com\/wp-content\/uploads\/2025\/07\/51rafting-eauxvives-rafting-dsc09298-scaled-300x300.jpg 300w, https:\/\/www.paysdesecrins.com\/wp-content\/uploads\/2025\/07\/51rafting-eauxvives-rafting-dsc09298-scaled-570x570.jpg 570w, https:\/\/www.paysdesecrins.com\/wp-content\/uploads\/2025\/07\/51rafting-eauxvives-rafting-dsc09298-scaled-480x480.jpg 480w\" sizes=\"auto, (max-width: 400px) 100vw, 400px\" \/><\/div><\/div><div class=\"group-content\"><span class=\"field-title\">Attivit\u00e0 a Vallouise-Pelvoux<\/span><\/div><div class=\"field-link\"><a href=\"https:\/\/www.paysdesecrins.com\/it\/il-mio-resort-il-mio-villaggio\/pelvoux-vallouise-ailefroide\/attivita-2\/\" class=\"cardlink\">Voir plus<\/a><\/div><\/div><\/div><div class=\"item\" data-season=\"all-seasons\"><div class=\"card card-child\"><div class=\"group-media\"><div class=\"field-image\"><img decoding=\"async\" width=\"400\" height=\"400\" src=\"https:\/\/www.paysdesecrins.com\/wp-content\/uploads\/2025\/11\/dsc06314-400x400.jpg\" class=\"winter all-seasons wp-post-image\" alt=\"\" loading=\"lazy\" data-season=\"all-seasons\" srcset=\"https:\/\/www.paysdesecrins.com\/wp-content\/uploads\/2025\/11\/dsc06314-400x400.jpg 400w, https:\/\/www.paysdesecrins.com\/wp-content\/uploads\/2025\/11\/dsc06314-150x150.jpg 150w, https:\/\/www.paysdesecrins.com\/wp-content\/uploads\/2025\/11\/dsc06314-600x600.jpg 600w, https:\/\/www.paysdesecrins.com\/wp-content\/uploads\/2025\/11\/dsc06314-300x300.jpg 300w, https:\/\/www.paysdesecrins.com\/wp-content\/uploads\/2025\/11\/dsc06314-570x570.jpg 570w, https:\/\/www.paysdesecrins.com\/wp-content\/uploads\/2025\/11\/dsc06314-480x480.jpg 480w\" sizes=\"auto, (max-width: 400px) 100vw, 400px\" \/><\/div><\/div><div class=\"group-content\"><span class=\"field-title\">Vallouise Area nordica<\/span><\/div><div class=\"field-link\"><a href=\"https:\/\/www.paysdesecrins.com\/it\/il-mio-resort-il-mio-villaggio\/pelvoux-vallouise-ailefroide\/vallouise-area-nordica\/\" class=\"cardlink\">Voir plus<\/a><\/div><\/div><\/div><div class=\"item\" data-season=\"all-seasons\"><div class=\"card card-child\"><div class=\"group-media\"><div class=\"field-image\"><img decoding=\"async\" width=\"400\" height=\"400\" src=\"https:\/\/www.paysdesecrins.com\/wp-content\/uploads\/2025\/07\/cdm-ski-alpi-1-1-400x400.jpg\" class=\"winter wp-post-image\" alt=\"\" loading=\"lazy\" data-season=\"winter\" srcset=\"https:\/\/www.paysdesecrins.com\/wp-content\/uploads\/2025\/07\/cdm-ski-alpi-1-1-400x400.jpg 400w, https:\/\/www.paysdesecrins.com\/wp-content\/uploads\/2025\/07\/cdm-ski-alpi-1-1-150x150.jpg 150w, https:\/\/www.paysdesecrins.com\/wp-content\/uploads\/2025\/07\/cdm-ski-alpi-1-1-600x600.jpg 600w, https:\/\/www.paysdesecrins.com\/wp-content\/uploads\/2025\/07\/cdm-ski-alpi-1-1-300x300.jpg 300w, https:\/\/www.paysdesecrins.com\/wp-content\/uploads\/2025\/07\/cdm-ski-alpi-1-1-570x570.jpg 570w\" sizes=\"auto, (max-width: 400px) 100vw, 400px\" \/><img loading=\"lazy\" decoding=\"async\" width=\"400\" height=\"400\" src=\"https:\/\/www.paysdesecrins.com\/wp-content\/uploads\/2025\/07\/img-6208-2-400x400.jpg\" class=\"vivaldi-thumb summer\" alt=\"\" data-season=\"summer\" srcset=\"https:\/\/www.paysdesecrins.com\/wp-content\/uploads\/2025\/07\/img-6208-2-400x400.jpg 400w, https:\/\/www.paysdesecrins.com\/wp-content\/uploads\/2025\/07\/img-6208-2-150x150.jpg 150w, https:\/\/www.paysdesecrins.com\/wp-content\/uploads\/2025\/07\/img-6208-2-600x600.jpg 600w, https:\/\/www.paysdesecrins.com\/wp-content\/uploads\/2025\/07\/img-6208-2-300x300.jpg 300w, https:\/\/www.paysdesecrins.com\/wp-content\/uploads\/2025\/07\/img-6208-2-570x570.jpg 570w, https:\/\/www.paysdesecrins.com\/wp-content\/uploads\/2025\/07\/img-6208-2-scaled-480x480.jpg 480w\" sizes=\"auto, (max-width: 400px) 100vw, 400px\" \/><\/div><\/div><div class=\"group-content\"><span class=\"field-title\">Tutte le strutture a Vallouise-Pelvoux<\/span><\/div><div class=\"field-link\"><a href=\"https:\/\/www.paysdesecrins.com\/it\/il-mio-resort-il-mio-villaggio\/pelvoux-vallouise-ailefroide\/tutti-gli-alloggi-2\/\" class=\"cardlink\">Voir plus<\/a><\/div><\/div><\/div><div class=\"item\" data-season=\"all-seasons\"><div class=\"card card-child\"><div class=\"group-media\"><div class=\"field-image\"><img decoding=\"async\" width=\"400\" height=\"400\" src=\"https:\/\/www.paysdesecrins.com\/wp-content\/uploads\/2025\/08\/paysages-et-ski-autour-de-dormillouse-7-400x400.jpg\" class=\"winter wp-post-image\" alt=\"\" loading=\"lazy\" data-season=\"winter\" srcset=\"https:\/\/www.paysdesecrins.com\/wp-content\/uploads\/2025\/08\/paysages-et-ski-autour-de-dormillouse-7-400x400.jpg 400w, https:\/\/www.paysdesecrins.com\/wp-content\/uploads\/2025\/08\/paysages-et-ski-autour-de-dormillouse-7-150x150.jpg 150w, https:\/\/www.paysdesecrins.com\/wp-content\/uploads\/2025\/08\/paysages-et-ski-autour-de-dormillouse-7-600x600.jpg 600w, https:\/\/www.paysdesecrins.com\/wp-content\/uploads\/2025\/08\/paysages-et-ski-autour-de-dormillouse-7-300x300.jpg 300w, https:\/\/www.paysdesecrins.com\/wp-content\/uploads\/2025\/08\/paysages-et-ski-autour-de-dormillouse-7-570x570.jpg 570w\" sizes=\"auto, (max-width: 400px) 100vw, 400px\" \/><img loading=\"lazy\" decoding=\"async\" width=\"400\" height=\"400\" src=\"https:\/\/www.paysdesecrins.com\/wp-content\/uploads\/2025\/07\/h0a1330-400x400.jpg\" class=\"vivaldi-thumb summer\" alt=\"\" data-season=\"summer\" srcset=\"https:\/\/www.paysdesecrins.com\/wp-content\/uploads\/2025\/07\/h0a1330-400x400.jpg 400w, https:\/\/www.paysdesecrins.com\/wp-content\/uploads\/2025\/07\/h0a1330-150x150.jpg 150w, https:\/\/www.paysdesecrins.com\/wp-content\/uploads\/2025\/07\/h0a1330-600x600.jpg 600w, https:\/\/www.paysdesecrins.com\/wp-content\/uploads\/2025\/07\/h0a1330-300x300.jpg 300w, https:\/\/www.paysdesecrins.com\/wp-content\/uploads\/2025\/07\/h0a1330-570x570.jpg 570w, https:\/\/www.paysdesecrins.com\/wp-content\/uploads\/2025\/07\/h0a1330-scaled-480x480.jpg 480w\" sizes=\"auto, (max-width: 400px) 100vw, 400px\" \/><\/div><\/div><div class=\"group-content\"><span class=\"field-title\">Servizi a Vallouise-Pelvoux<\/span><\/div><div class=\"field-link\"><a href=\"https:\/\/www.paysdesecrins.com\/it\/il-mio-resort-il-mio-villaggio\/pelvoux-vallouise-ailefroide\/servizi-uffici-postali-medici-asili-nido-ecc\/\" class=\"cardlink\">Voir plus<\/a><\/div><\/div><\/div><div class=\"item\" data-season=\"all-seasons\"><div class=\"card card-child\"><div class=\"group-media\"><div class=\"field-image\"><img decoding=\"async\" width=\"400\" height=\"400\" src=\"https:\/\/www.paysdesecrins.com\/wp-content\/uploads\/2025\/07\/img-2982-400x400.jpg\" class=\"winter wp-post-image\" alt=\"\" loading=\"lazy\" data-season=\"winter\" srcset=\"https:\/\/www.paysdesecrins.com\/wp-content\/uploads\/2025\/07\/img-2982-400x400.jpg 400w, https:\/\/www.paysdesecrins.com\/wp-content\/uploads\/2025\/07\/img-2982-150x150.jpg 150w, https:\/\/www.paysdesecrins.com\/wp-content\/uploads\/2025\/07\/img-2982-600x600.jpg 600w, https:\/\/www.paysdesecrins.com\/wp-content\/uploads\/2025\/07\/img-2982-300x300.jpg 300w, https:\/\/www.paysdesecrins.com\/wp-content\/uploads\/2025\/07\/img-2982-570x570.jpg 570w\" sizes=\"auto, (max-width: 400px) 100vw, 400px\" \/><img loading=\"lazy\" decoding=\"async\" width=\"400\" height=\"400\" src=\"https:\/\/www.paysdesecrins.com\/wp-content\/uploads\/2025\/07\/07-08-24-thats-my-girls-36-400x400.jpg\" class=\"vivaldi-thumb summer\" alt=\"\" data-season=\"summer\" srcset=\"https:\/\/www.paysdesecrins.com\/wp-content\/uploads\/2025\/07\/07-08-24-thats-my-girls-36-400x400.jpg 400w, https:\/\/www.paysdesecrins.com\/wp-content\/uploads\/2025\/07\/07-08-24-thats-my-girls-36-150x150.jpg 150w, https:\/\/www.paysdesecrins.com\/wp-content\/uploads\/2025\/07\/07-08-24-thats-my-girls-36-600x600.jpg 600w, https:\/\/www.paysdesecrins.com\/wp-content\/uploads\/2025\/07\/07-08-24-thats-my-girls-36-300x300.jpg 300w, https:\/\/www.paysdesecrins.com\/wp-content\/uploads\/2025\/07\/07-08-24-thats-my-girls-36-570x570.jpg 570w, https:\/\/www.paysdesecrins.com\/wp-content\/uploads\/2025\/07\/07-08-24-thats-my-girls-36-scaled-480x480.jpg 480w\" sizes=\"auto, (max-width: 400px) 100vw, 400px\" \/><\/div><\/div><div class=\"group-content\"><span class=\"field-title\">Attivit\u00e0 a Vallouise-Pelvoux<\/span><\/div><div class=\"field-link\"><a href=\"https:\/\/www.paysdesecrins.com\/it\/il-mio-resort-il-mio-villaggio\/pelvoux-vallouise-ailefroide\/animazione\/\" class=\"cardlink\">Voir plus<\/a><\/div><\/div><\/div><div class=\"item\" data-season=\"all-seasons\"><div class=\"card card-child\"><div class=\"group-media\"><div class=\"field-image\"><img decoding=\"async\" width=\"400\" height=\"400\" src=\"https:\/\/www.paysdesecrins.com\/wp-content\/uploads\/2025\/08\/freeride-puy-st-vincent-13-400x400.jpg\" class=\"winter wp-post-image\" alt=\"\" loading=\"lazy\" data-season=\"winter\" srcset=\"https:\/\/www.paysdesecrins.com\/wp-content\/uploads\/2025\/08\/freeride-puy-st-vincent-13-400x400.jpg 400w, https:\/\/www.paysdesecrins.com\/wp-content\/uploads\/2025\/08\/freeride-puy-st-vincent-13-150x150.jpg 150w, https:\/\/www.paysdesecrins.com\/wp-content\/uploads\/2025\/08\/freeride-puy-st-vincent-13-600x600.jpg 600w, https:\/\/www.paysdesecrins.com\/wp-content\/uploads\/2025\/08\/freeride-puy-st-vincent-13-300x300.jpg 300w, https:\/\/www.paysdesecrins.com\/wp-content\/uploads\/2025\/08\/freeride-puy-st-vincent-13-570x570.jpg 570w\" sizes=\"auto, (max-width: 400px) 100vw, 400px\" \/><img loading=\"lazy\" decoding=\"async\" width=\"400\" height=\"400\" src=\"https:\/\/www.paysdesecrins.com\/wp-content\/uploads\/2025\/07\/1712931269-1464380290-400x400.jpg\" class=\"vivaldi-thumb summer\" alt=\"\" data-season=\"summer\" srcset=\"https:\/\/www.paysdesecrins.com\/wp-content\/uploads\/2025\/07\/1712931269-1464380290-400x400.jpg 400w, https:\/\/www.paysdesecrins.com\/wp-content\/uploads\/2025\/07\/1712931269-1464380290-150x150.jpg 150w, https:\/\/www.paysdesecrins.com\/wp-content\/uploads\/2025\/07\/1712931269-1464380290-600x600.jpg 600w, https:\/\/www.paysdesecrins.com\/wp-content\/uploads\/2025\/07\/1712931269-1464380290-300x300.jpg 300w, https:\/\/www.paysdesecrins.com\/wp-content\/uploads\/2025\/07\/1712931269-1464380290-570x570.jpg 570w, https:\/\/www.paysdesecrins.com\/wp-content\/uploads\/2025\/07\/1712931269-1464380290-480x480.jpg 480w\" sizes=\"auto, (max-width: 400px) 100vw, 400px\" \/><\/div><\/div><div class=\"group-content\"><span class=\"field-title\">Attrezzatura e noleggio a Vallouise-Pelvoux<\/span><\/div><div class=\"field-link\"><a href=\"https:\/\/www.paysdesecrins.com\/it\/il-mio-resort-il-mio-villaggio\/pelvoux-vallouise-ailefroide\/attrezzature-negozi-negozi-negozi\/\" class=\"cardlink\">Voir plus<\/a><\/div><\/div><\/div><div class=\"item\" data-season=\"all-seasons\"><div class=\"card card-child\"><div class=\"group-media\"><div class=\"field-image\"><img decoding=\"async\" width=\"400\" height=\"400\" src=\"https:\/\/www.paysdesecrins.com\/wp-content\/uploads\/2025\/07\/dsc03991-1-400x400.jpg\" class=\"winter wp-post-image\" alt=\"\" loading=\"lazy\" data-season=\"winter\" srcset=\"https:\/\/www.paysdesecrins.com\/wp-content\/uploads\/2025\/07\/dsc03991-1-400x400.jpg 400w, https:\/\/www.paysdesecrins.com\/wp-content\/uploads\/2025\/07\/dsc03991-1-150x150.jpg 150w, https:\/\/www.paysdesecrins.com\/wp-content\/uploads\/2025\/07\/dsc03991-1-600x600.jpg 600w, https:\/\/www.paysdesecrins.com\/wp-content\/uploads\/2025\/07\/dsc03991-1-300x300.jpg 300w, https:\/\/www.paysdesecrins.com\/wp-content\/uploads\/2025\/07\/dsc03991-1-570x570.jpg 570w\" sizes=\"auto, (max-width: 400px) 100vw, 400px\" \/><img loading=\"lazy\" decoding=\"async\" width=\"400\" height=\"400\" src=\"https:\/\/www.paysdesecrins.com\/wp-content\/uploads\/2025\/07\/07-29-24-musique-en-ecrins-47-400x400.jpg\" class=\"vivaldi-thumb summer\" alt=\"\" data-season=\"summer\" srcset=\"https:\/\/www.paysdesecrins.com\/wp-content\/uploads\/2025\/07\/07-29-24-musique-en-ecrins-47-400x400.jpg 400w, https:\/\/www.paysdesecrins.com\/wp-content\/uploads\/2025\/07\/07-29-24-musique-en-ecrins-47-150x150.jpg 150w, https:\/\/www.paysdesecrins.com\/wp-content\/uploads\/2025\/07\/07-29-24-musique-en-ecrins-47-600x600.jpg 600w, https:\/\/www.paysdesecrins.com\/wp-content\/uploads\/2025\/07\/07-29-24-musique-en-ecrins-47-300x300.jpg 300w, https:\/\/www.paysdesecrins.com\/wp-content\/uploads\/2025\/07\/07-29-24-musique-en-ecrins-47-570x570.jpg 570w, https:\/\/www.paysdesecrins.com\/wp-content\/uploads\/2025\/07\/07-29-24-musique-en-ecrins-47-scaled-480x480.jpg 480w\" sizes=\"auto, (max-width: 400px) 100vw, 400px\" \/><\/div><\/div><div class=\"group-content\"><span class=\"field-title\">Eventi a Vallouise-Pelvoux<\/span><\/div><div class=\"field-link\"><a href=\"https:\/\/www.paysdesecrins.com\/it\/il-mio-resort-il-mio-villaggio\/pelvoux-vallouise-ailefroide\/evento\/\" class=\"cardlink\">Voir plus<\/a><\/div><\/div><\/div><div class=\"item\" data-season=\"all-seasons\"><div class=\"card card-child\"><div class=\"group-media\"><div class=\"field-image\"><img decoding=\"async\" width=\"400\" height=\"400\" src=\"https:\/\/www.paysdesecrins.com\/wp-content\/uploads\/2025\/07\/191hiver-villages-vallouise-sous-la-neige-6-400x400.jpg\" class=\"winter wp-post-image\" alt=\"\" loading=\"lazy\" data-season=\"winter\" srcset=\"https:\/\/www.paysdesecrins.com\/wp-content\/uploads\/2025\/07\/191hiver-villages-vallouise-sous-la-neige-6-400x400.jpg 400w, https:\/\/www.paysdesecrins.com\/wp-content\/uploads\/2025\/07\/191hiver-villages-vallouise-sous-la-neige-6-150x150.jpg 150w, https:\/\/www.paysdesecrins.com\/wp-content\/uploads\/2025\/07\/191hiver-villages-vallouise-sous-la-neige-6-600x600.jpg 600w, https:\/\/www.paysdesecrins.com\/wp-content\/uploads\/2025\/07\/191hiver-villages-vallouise-sous-la-neige-6-300x300.jpg 300w, https:\/\/www.paysdesecrins.com\/wp-content\/uploads\/2025\/07\/191hiver-villages-vallouise-sous-la-neige-6-570x570.jpg 570w\" sizes=\"auto, (max-width: 400px) 100vw, 400px\" \/><img loading=\"lazy\" decoding=\"async\" width=\"400\" height=\"400\" src=\"https:\/\/www.paysdesecrins.com\/wp-content\/uploads\/2025\/07\/vallouise-alpesphotographiescom-100-400x400.jpg\" class=\"vivaldi-thumb summer\" alt=\"\" data-season=\"summer\" srcset=\"https:\/\/www.paysdesecrins.com\/wp-content\/uploads\/2025\/07\/vallouise-alpesphotographiescom-100-400x400.jpg 400w, https:\/\/www.paysdesecrins.com\/wp-content\/uploads\/2025\/07\/vallouise-alpesphotographiescom-100-150x150.jpg 150w, https:\/\/www.paysdesecrins.com\/wp-content\/uploads\/2025\/07\/vallouise-alpesphotographiescom-100-600x600.jpg 600w, https:\/\/www.paysdesecrins.com\/wp-content\/uploads\/2025\/07\/vallouise-alpesphotographiescom-100-300x300.jpg 300w, https:\/\/www.paysdesecrins.com\/wp-content\/uploads\/2025\/07\/vallouise-alpesphotographiescom-100-570x570.jpg 570w, https:\/\/www.paysdesecrins.com\/wp-content\/uploads\/2025\/07\/vallouise-alpesphotographiescom-100-scaled-480x480.jpg 480w\" sizes=\"auto, (max-width: 400px) 100vw, 400px\" \/><\/div><\/div><div class=\"group-content\"><span class=\"field-title\">Attivit\u00e0 culturali e patrimonio a Vallouise-Pelvoux<\/span><\/div><div class=\"field-link\"><a href=\"https:\/\/www.paysdesecrins.com\/it\/il-mio-resort-il-mio-villaggio\/pelvoux-vallouise-ailefroide\/attivita-culturali-e-patrimonio\/\" class=\"cardlink\">Voir plus<\/a><\/div><\/div><\/div><div class=\"item\" data-season=\"all-seasons\"><div class=\"card card-child\"><div class=\"group-media\"><div class=\"field-image\"><img decoding=\"async\" width=\"400\" height=\"400\" src=\"https:\/\/www.paysdesecrins.com\/wp-content\/uploads\/2025\/07\/03-08-25-ailechaude-76-400x400.jpg\" class=\"winter all-seasons wp-post-image\" alt=\"\" loading=\"lazy\" data-season=\"all-seasons\" srcset=\"https:\/\/www.paysdesecrins.com\/wp-content\/uploads\/2025\/07\/03-08-25-ailechaude-76-400x400.jpg 400w, https:\/\/www.paysdesecrins.com\/wp-content\/uploads\/2025\/07\/03-08-25-ailechaude-76-150x150.jpg 150w, https:\/\/www.paysdesecrins.com\/wp-content\/uploads\/2025\/07\/03-08-25-ailechaude-76-600x600.jpg 600w, https:\/\/www.paysdesecrins.com\/wp-content\/uploads\/2025\/07\/03-08-25-ailechaude-76-300x300.jpg 300w, https:\/\/www.paysdesecrins.com\/wp-content\/uploads\/2025\/07\/03-08-25-ailechaude-76-570x570.jpg 570w\" sizes=\"auto, (max-width: 400px) 100vw, 400px\" \/><\/div><\/div><div class=\"group-content\"><span class=\"field-title\">Tutti i ristoranti a Vallouise-Pelvoux e Ailefroide<\/span><\/div><div class=\"field-link\"><a href=\"https:\/\/www.paysdesecrins.com\/it\/il-mio-resort-il-mio-villaggio\/pelvoux-vallouise-ailefroide\/ristoranti\/\" class=\"cardlink\">Voir plus<\/a><\/div><\/div><\/div><\/div><\/div>\n<div style=\"height:60px\" aria-hidden=\"true\" class=\"wp-block-spacer\"><\/div>\n\n<div class=\"wp-block-ws-library-ws-title aligncenter is-style-default has-color-3-color\" data-season=\"winter\"><h3><em>La stazione di <\/em>cantone di Pelvoux-Vallouise<\/h3><\/div>\n\n<div class=\"wp-block-ws-library-ws-title aligncenter is-style-default has-color-3-color\" data-season=\"summer\"><h3><em>L&#8217;intervallo di altitudine di<\/em>cantone di Pelvoux-Vallouise<\/h3><\/div>\n\n<p class=\"has-text-align-center\" data-season=\"summer\">Situata ai margini <strong>del Parco Nazionale degli \u00c9crins<\/strong>, l&#8217;area d&#8217;alta quota di Pelvoux-Vallouise si eleva fino a 2.300 m e offre pi\u00f9 <strong>di 30 km di sentieri segnalati<\/strong>, dalle passeggiate per famiglie ai percorsi pi\u00f9 sportivi, fino ai laghi glaciali e ai punti panoramici. Nella parte superiore del resort, <strong>un&#8217;area di decollo<\/strong> accoglie parapendii autonomi o parapendio biposto per sorvolare la Vallouise e le mitiche vette degli \u00c9crins. Per quanto riguarda l&#8217;accesso, i pacchetti trekking consentono l&#8217;accesso ai percorsi escursionistici e altri<strong> pacchetti dedicati al parapendio<\/strong> consentono diverse risalite al giorno. Infine, una piscina ai piedi delle piste invita a rilassarsi dopo la fatica, in un accogliente ambiente di villaggio.   <\/p>\n\n<p class=\"has-text-align-center\" data-season=\"winter\">Pelvoux-Vallouise \u00e8 una localit\u00e0 a misura d&#8217;uomo e <strong>adatta alle famiglie<\/strong>, dove lo sci e altre attivit\u00e0 di montagna si affiancano alle stesse piste.<strong> Situato nel<strong> Parco Nazionale degli \u00c9crins<\/strong>, vi offre uno scenario insolito che sale fino a <strong>2.300 m sul livello del mare<\/strong>, con 7 impianti di risalita (1 sciovia, 4 skilift, 2 seggiovie a 4 posti) e 18 piste (2 verdi, 9 blu, 5 rosse, 2 nere) per <strong>25 km di sci<\/strong>. Che tu sia un principiante o uno sciatore esperto, troverai piste al tuo livello. Gli appassionati di <strong>sci alpinismo<\/strong> possono optare per uno skipass dedicato e unirsi al percorso segnalato fino a La Blanche, mentre <strong>35 km di piste nordiche<\/strong> attendono gli appassionati di sci di fondo nella valle. Per variare i piaceri, optate per lo <strong>sleddog<\/strong> o lo <strong>Snooc<\/strong>. Una volta alla settimana, la pista illuminata consente di prolungare la giornata con<strong> sessioni notturne<\/strong>. Infine, un <strong>ristorante di montagna <\/strong>e <strong>un&#8217;area pic-nic panoramica<\/strong> offrono una gradita pausa in questa tenuta dove autenticit\u00e0 e natura rimangono le parole chiave.<\/strong>      <\/p>\n\n<div class=\"wp-block-ws-library-ws-button has-text-align-center\"><a href=\"https:\/\/www.ski-pelvoux.com\" class=\"wp-block-button__link wp-element-button btn\">  Prenota il mio pacchetto<\/a><\/div>\n\n<div class=\"wp-block-ws-library-ws-banner alignwide\" data-season=\"winter\"><div class=\"wrapper\"><div class=\"group-media\"><img loading=\"lazy\" decoding=\"async\" width=\"1920\" height=\"480\" src=\"https:\/\/www.paysdesecrins.com\/wp-content\/uploads\/2025\/07\/171ski-alpin-psv-photos-kinaphoto-psv-journee-2-2025-hd49-1920x480.jpg\" alt=\"\" class=\"single_image wp-image-21561\"><\/div>\n<div class=\"group-content\"><div class=\"wp-block-ws-library-ws-title\"><h2>Periodo di apertura<\/h2><\/div><p>Quest&#8217;inverno il resort sar\u00e0 aperto da <strong>domenica 21 dicembre 2025<\/strong>.<\/p><\/div>\n\n\n\n\n<\/div><\/div>\n\n<div class=\"wp-block-ws-library-ws-banner alignwide\" data-season=\"summer\"><div class=\"wrapper\"><div class=\"group-media\"><img loading=\"lazy\" decoding=\"async\" width=\"2560\" height=\"1707\" src=\"https:\/\/www.paysdesecrins.com\/wp-content\/uploads\/2025\/07\/du-lac-de-puy-aillaud-au-be-lvede-re-des-trois-refuges-13-scaled.jpg\" alt=\"\" class=\"single_image wp-image-45038\" srcset=\"https:\/\/www.paysdesecrins.com\/wp-content\/uploads\/2025\/07\/du-lac-de-puy-aillaud-au-be-lvede-re-des-trois-refuges-13-scaled.jpg 2560w, https:\/\/www.paysdesecrins.com\/wp-content\/uploads\/2025\/07\/du-lac-de-puy-aillaud-au-be-lvede-re-des-trois-refuges-13-scaled-300x200.jpg 300w, https:\/\/www.paysdesecrins.com\/wp-content\/uploads\/2025\/07\/du-lac-de-puy-aillaud-au-be-lvede-re-des-trois-refuges-13-scaled-1024x683.jpg 1024w, https:\/\/www.paysdesecrins.com\/wp-content\/uploads\/2025\/07\/du-lac-de-puy-aillaud-au-be-lvede-re-des-trois-refuges-13-scaled-768x512.jpg 768w, https:\/\/www.paysdesecrins.com\/wp-content\/uploads\/2025\/07\/du-lac-de-puy-aillaud-au-be-lvede-re-des-trois-refuges-13-scaled-1536x1024.jpg 1536w, https:\/\/www.paysdesecrins.com\/wp-content\/uploads\/2025\/07\/du-lac-de-puy-aillaud-au-be-lvede-re-des-trois-refuges-13-scaled-2048x1366.jpg 2048w, https:\/\/www.paysdesecrins.com\/wp-content\/uploads\/2025\/07\/du-lac-de-puy-aillaud-au-be-lvede-re-des-trois-refuges-13-scaled-960x640.jpg 960w\" sizes=\"auto, (max-width: 2560px) 100vw, 2560px\" \/><\/div>\n<div class=\"group-content\"><div class=\"wp-block-ws-library-ws-title\"><h2>Periodo di apertura<\/h2><\/div><p class=\"has-text-align-left\">Quest&#8217;estate l&#8217;area d&#8217;alta quota sar\u00e0 aperta da <strong>sabato 8 luglio a domenica 29 agosto 2025<\/strong>.<\/p><\/div>\n\n\n\n\n<\/div><\/div>\n\n<div class=\"wp-block-group alignfull group-espritoutdoor has-global-padding is-layout-constrained wp-block-group-is-layout-constrained\">\n<div class=\"wp-block-group alignwide has-global-padding is-layout-constrained wp-block-group-is-layout-constrained\">\n<div class=\"wp-block-ws-library-ws-title\"><h3><em>Esperienze<\/em> <br>per tutti gli stili<\/h3><\/div>\n\n\n\n<p class=\"has-text-align-left\" data-season=\"summer\">A Pelvoux-Vallouise, date libero sfogo ai vostri desideri: fate un&#8217;escursione in famiglia ai laghi d&#8217;alta quota, prendete quota sui percorsi emblematici degli \u00c9crins o decollate in parapendio per sorvolare i ghiacciai. I curiosi della natura possono avventurarsi nella zona di Entre-les-Aygues e osservare la fauna selvatica, mentre gli amanti del brivido possono cimentarsi nelle vie ferrate o nell&#8217;arrampicata sulle scogliere e sui massi di Ailefroide. Ognuno trover\u00e0 l&#8217;esperienza che fa per godersi appieno l&#8217;estate in montagna!  <\/p>\n\n\n\n<p data-season=\"winter\">A Pelvoux-Vallouise, date libero sfogo ai vostri desideri: godetevi le piste da sci, indossate le pelli di foca e fate scialpinismo o provate altri tipi di sci come lo Snooc. Gli amanti del brivido possono esplorare la valle con la slitta trainata da cani o godersi un nuovo punto di vista con il parapendio. Tra fatica, scoperta e convivialit\u00e0, ognuno trover\u00e0 la sua avventura per godersi appieno l&#8217;inverno in montagna!  <\/p>\n\n\n<div class=\"alignwide wp-block-ws-library-ws-list-content\" data-season=\"summer\"><div class=\"list-items splide\" data-splide=\"{&quot;type&quot;:&quot;loop&quot;,&quot;heightRatio&quot;:&quot;auto&quot;,&quot;perPage&quot;:3,&quot;perMove&quot;:1,&quot;drag&quot;:true,&quot;arrows&quot;:true,&quot;pagination&quot;:0,&quot;autoplay&quot;:false,&quot;gap&quot;:&quot;15px&quot;,&quot;breakpoints&quot;:{&quot;1200&quot;:{&quot;perPage&quot;:3},&quot;992&quot;:{&quot;perPage&quot;:2},&quot;768&quot;:{&quot;destroy&quot;:true}}}\"><div class=\"splide__track\"><div class=\"splide__list\"><div class=\"splide__slide\"><div class=\"item\" data-season=\"\"><div class=\"card  card-page\"><div class=\"group-media\"><div class=\"field-image\"><img loading=\"lazy\" decoding=\"async\" width=\"300\" height=\"450\" src=\"https:\/\/www.paysdesecrins.com\/wp-content\/uploads\/2025\/07\/171ski-rando-pre-de-madame-carle-en-ski-23-300x450.jpg\" class=\"winter all-seasons wp-post-image\" alt=\"\" data-season=\"all-seasons\" srcset=\"https:\/\/www.paysdesecrins.com\/wp-content\/uploads\/2025\/07\/171ski-rando-pre-de-madame-carle-en-ski-23-300x450.jpg 300w, https:\/\/www.paysdesecrins.com\/wp-content\/uploads\/2025\/07\/171ski-rando-pre-de-madame-carle-en-ski-23-390x585.jpg 390w\" sizes=\"auto, (max-width: 300px) 100vw, 300px\" \/><\/div><\/div><div class=\"group-content\"><div class=\"field-title\">A maggio, fai come ti pare!<\/div><\/div><div class=\"field-link\" role=\"group\" aria-label=\"Lien vers le contenu\"><a href=\"https:\/\/www.paysdesecrins.com\/it\/il-mio-desiderio-di\/montagna\/a-maggio-fai-come-ti-pare\/\" class=\"cardlink\" title=\"Lire plus : A maggio, fai come ti pare!\" lang=\"it_IT\">A maggio, fai come ti pare!<\/a><\/div><\/div><\/div><\/div><div class=\"splide__slide\"><div class=\"item\" data-season=\"\"><div class=\"card  card-page\"><div class=\"group-media\"><div class=\"field-image\"><img loading=\"lazy\" decoding=\"async\" width=\"300\" height=\"450\" src=\"https:\/\/www.paysdesecrins.com\/wp-content\/uploads\/2025\/07\/ailefroide-ailechaude-80-300x450.jpg\" class=\"winter wp-post-image\" alt=\"\" data-season=\"winter\" srcset=\"https:\/\/www.paysdesecrins.com\/wp-content\/uploads\/2025\/07\/ailefroide-ailechaude-80-300x450.jpg 300w, https:\/\/www.paysdesecrins.com\/wp-content\/uploads\/2025\/07\/ailefroide-ailechaude-80-200x300.jpg 200w, https:\/\/www.paysdesecrins.com\/wp-content\/uploads\/2025\/07\/ailefroide-ailechaude-80-683x1024.jpg 683w, https:\/\/www.paysdesecrins.com\/wp-content\/uploads\/2025\/07\/ailefroide-ailechaude-80-768x1151.jpg 768w, https:\/\/www.paysdesecrins.com\/wp-content\/uploads\/2025\/07\/ailefroide-ailechaude-80-1025x1536.jpg 1025w, https:\/\/www.paysdesecrins.com\/wp-content\/uploads\/2025\/07\/ailefroide-ailechaude-80-1366x2048.jpg 1366w, https:\/\/www.paysdesecrins.com\/wp-content\/uploads\/2025\/07\/ailefroide-ailechaude-80-427x640.jpg 427w, https:\/\/www.paysdesecrins.com\/wp-content\/uploads\/2025\/07\/ailefroide-ailechaude-80-390x585.jpg 390w, https:\/\/www.paysdesecrins.com\/wp-content\/uploads\/2025\/07\/ailefroide-ailechaude-80-scaled.jpg 1708w\" sizes=\"auto, (max-width: 300px) 100vw, 300px\" \/><img loading=\"lazy\" decoding=\"async\" width=\"300\" height=\"450\" src=\"https:\/\/www.paysdesecrins.com\/wp-content\/uploads\/2025\/07\/ailefroide-300x450.jpg\" class=\"vivaldi-thumb summer\" alt=\"\" data-season=\"summer\" srcset=\"https:\/\/www.paysdesecrins.com\/wp-content\/uploads\/2025\/07\/ailefroide-300x450.jpg 300w, https:\/\/www.paysdesecrins.com\/wp-content\/uploads\/2025\/07\/ailefroide-390x585.jpg 390w\" sizes=\"auto, (max-width: 300px) 100vw, 300px\" \/><\/div><\/div><div class=\"group-content\"><div class=\"field-title\">Aglio freddo <strong>\u2013 Parco nazionale degli Ecrins<\/strong><\/div><\/div><div class=\"field-link\" role=\"group\" aria-label=\"Lien vers le contenu\"><a href=\"https:\/\/www.paysdesecrins.com\/it\/scelgo\/siti-da-non-perdere\/aglio-freddo-parco-nazionale-degli-ecrins\/\" class=\"cardlink\" title=\"Lire plus : Aglio freddo - Parco nazionale degli Ecrins\" lang=\"it_IT\">Aglio freddo \u2013 Parco nazionale degli Ecrins<\/a><\/div><\/div><\/div><\/div><div class=\"splide__slide\"><div class=\"item\" data-season=\"\"><div class=\"card  card-page\"><div class=\"group-media\"><div class=\"field-image\"><img loading=\"lazy\" decoding=\"async\" width=\"300\" height=\"450\" src=\"https:\/\/www.paysdesecrins.com\/wp-content\/uploads\/2025\/07\/bivouac-pic-du-glacier-d-a-5-300x450.jpg\" class=\"winter all-seasons wp-post-image\" alt=\"\" data-season=\"all-seasons\" srcset=\"https:\/\/www.paysdesecrins.com\/wp-content\/uploads\/2025\/07\/bivouac-pic-du-glacier-d-a-5-300x450.jpg 300w, https:\/\/www.paysdesecrins.com\/wp-content\/uploads\/2025\/07\/bivouac-pic-du-glacier-d-a-5-390x585.jpg 390w\" sizes=\"auto, (max-width: 300px) 100vw, 300px\" \/><\/div><\/div><div class=\"group-content\"><div class=\"field-title\">3 ragazze in ascesa a Roche Faurio!<\/div><\/div><div class=\"field-link\" role=\"group\" aria-label=\"Lien vers le contenu\"><a href=\"https:\/\/www.paysdesecrins.com\/it\/il-mio-desiderio-di\/montagna\/3-ragazze-in-ascesa-a-roche-faurio\/\" class=\"cardlink\" title=\"Lire plus : 3 ragazze in ascesa a Roche Faurio!\" lang=\"it_IT\">3 ragazze in ascesa a Roche Faurio!<\/a><\/div><\/div><\/div><\/div><div class=\"splide__slide\"><div class=\"item\" data-season=\"\"><div class=\"card  card-page\"><div class=\"group-media\"><div class=\"field-image\"><img loading=\"lazy\" decoding=\"async\" width=\"300\" height=\"450\" src=\"https:\/\/www.paysdesecrins.com\/wp-content\/uploads\/2025\/07\/161sitesdexception-glacierblanc-bivouac-pic-du-glacier-d-a-2-300x450.jpg\" class=\"winter all-seasons wp-post-image\" alt=\"\" data-season=\"all-seasons\" srcset=\"https:\/\/www.paysdesecrins.com\/wp-content\/uploads\/2025\/07\/161sitesdexception-glacierblanc-bivouac-pic-du-glacier-d-a-2-300x450.jpg 300w, https:\/\/www.paysdesecrins.com\/wp-content\/uploads\/2025\/07\/161sitesdexception-glacierblanc-bivouac-pic-du-glacier-d-a-2-390x585.jpg 390w\" sizes=\"auto, (max-width: 300px) 100vw, 300px\" \/><\/div><\/div><div class=\"group-content\"><div class=\"field-title\">Ghiacciaio Bianco<\/div><\/div><div class=\"field-link\" role=\"group\" aria-label=\"Lien vers le contenu\"><a href=\"https:\/\/www.paysdesecrins.com\/it\/scelgo\/siti-da-non-perdere\/ghiacciaio-bianco\/\" class=\"cardlink\" title=\"Lire plus : Ghiacciaio Bianco\" lang=\"it_IT\">Ghiacciaio Bianco<\/a><\/div><\/div><\/div><\/div><div class=\"splide__slide\"><div class=\"item\" data-season=\"\"><div class=\"card  card-page\"><div class=\"group-media\"><div class=\"field-image\"><img loading=\"lazy\" decoding=\"async\" width=\"300\" height=\"450\" src=\"https:\/\/www.paysdesecrins.com\/wp-content\/uploads\/2025\/07\/1674817584-1084275632-1-300x450.jpg\" class=\"winter all-seasons wp-post-image\" alt=\"\" data-season=\"all-seasons\" srcset=\"https:\/\/www.paysdesecrins.com\/wp-content\/uploads\/2025\/07\/1674817584-1084275632-1-300x450.jpg 300w, https:\/\/www.paysdesecrins.com\/wp-content\/uploads\/2025\/07\/1674817584-1084275632-1-390x585.jpg 390w\" sizes=\"auto, (max-width: 300px) 100vw, 300px\" \/><\/div><\/div><div class=\"group-content\"><div class=\"field-title\">Scoperta di una notte in rifugio<\/div><\/div><div class=\"field-link\" role=\"group\" aria-label=\"Lien vers le contenu\"><a href=\"https:\/\/www.paysdesecrins.com\/it\/il-mio-desiderio-di\/montagna\/scoperta-di-una-notte-in-rifugio\/\" class=\"cardlink\" title=\"Lire plus : Scoperta di una notte in rifugio\" lang=\"it_IT\">Scoperta di una notte in rifugio<\/a><\/div><\/div><\/div><\/div><div class=\"splide__slide\"><div class=\"item\" data-season=\"\"><div class=\"card  card-page\"><div class=\"group-media\"><div class=\"field-image\"><img loading=\"lazy\" decoding=\"async\" width=\"300\" height=\"450\" src=\"https:\/\/www.paysdesecrins.com\/wp-content\/uploads\/2025\/07\/dsc05066-300x450.webp\" class=\"winter all-seasons wp-post-image\" alt=\"\" data-season=\"all-seasons\" srcset=\"https:\/\/www.paysdesecrins.com\/wp-content\/uploads\/2025\/07\/dsc05066-300x450.webp 300w, https:\/\/www.paysdesecrins.com\/wp-content\/uploads\/2025\/07\/dsc05066-390x585.webp 390w\" sizes=\"auto, (max-width: 300px) 100vw, 300px\" \/><\/div><\/div><div class=\"group-content\"><div class=\"field-title\">Avventura in famiglia negli \u00c9crins<\/div><\/div><div class=\"field-link\" role=\"group\" aria-label=\"Lien vers le contenu\"><a href=\"https:\/\/www.paysdesecrins.com\/it\/il-mio-desiderio-di\/scoperta\/avventura-in-famiglia-nei-gioielli\/\" class=\"cardlink\" title=\"Lire plus : Avventura in famiglia negli \u00c9crins\" lang=\"it_IT\">Avventura in famiglia negli \u00c9crins<\/a><\/div><\/div><\/div><\/div><div class=\"splide__slide\"><div class=\"item\" data-season=\"\"><div class=\"card  card-page\"><div class=\"group-media\"><div class=\"field-image\"><img loading=\"lazy\" decoding=\"async\" width=\"300\" height=\"450\" src=\"https:\/\/www.paysdesecrins.com\/wp-content\/uploads\/2025\/07\/18vtt-vttvae-itine-rance-bouchier-geo-300x450.jpg\" class=\"winter all-seasons wp-post-image\" alt=\"\" data-season=\"all-seasons\" srcset=\"https:\/\/www.paysdesecrins.com\/wp-content\/uploads\/2025\/07\/18vtt-vttvae-itine-rance-bouchier-geo-300x450.jpg 300w, https:\/\/www.paysdesecrins.com\/wp-content\/uploads\/2025\/07\/18vtt-vttvae-itine-rance-bouchier-geo-390x585.jpg 390w\" sizes=\"auto, (max-width: 300px) 100vw, 300px\" \/><\/div><\/div><div class=\"group-content\"><div class=\"field-title\">Una settimana senza auto<\/div><\/div><div class=\"field-link\" role=\"group\" aria-label=\"Lien vers le contenu\"><a href=\"https:\/\/www.paysdesecrins.com\/it\/il-mio-desiderio-di\/montagna\/una-settimana-senza-auto\/\" class=\"cardlink\" title=\"Lire plus : Una settimana senza auto\" lang=\"it_IT\">Una settimana senza auto<\/a><\/div><\/div><\/div><\/div><div class=\"splide__slide\"><div class=\"item\" data-season=\"\"><div class=\"card  card-page\"><div class=\"group-media\"><div class=\"field-image\"><img loading=\"lazy\" decoding=\"async\" width=\"300\" height=\"450\" src=\"https:\/\/www.paysdesecrins.com\/wp-content\/uploads\/2025\/08\/01-29-25-balade-dans-la-neige-33-300x450.jpg\" class=\"winter wp-post-image\" alt=\"\" data-season=\"winter\" srcset=\"https:\/\/www.paysdesecrins.com\/wp-content\/uploads\/2025\/08\/01-29-25-balade-dans-la-neige-33-300x450.jpg 300w, https:\/\/www.paysdesecrins.com\/wp-content\/uploads\/2025\/08\/01-29-25-balade-dans-la-neige-33-390x585.jpg 390w\" sizes=\"auto, (max-width: 300px) 100vw, 300px\" \/><img loading=\"lazy\" decoding=\"async\" width=\"300\" height=\"450\" src=\"https:\/\/www.paysdesecrins.com\/wp-content\/uploads\/2025\/08\/dsc08691-300x450.jpg\" class=\"vivaldi-thumb summer\" alt=\"\" data-season=\"summer\" srcset=\"https:\/\/www.paysdesecrins.com\/wp-content\/uploads\/2025\/08\/dsc08691-300x450.jpg 300w, https:\/\/www.paysdesecrins.com\/wp-content\/uploads\/2025\/08\/dsc08691-200x300.jpg 200w, https:\/\/www.paysdesecrins.com\/wp-content\/uploads\/2025\/08\/dsc08691-683x1024.jpg 683w, https:\/\/www.paysdesecrins.com\/wp-content\/uploads\/2025\/08\/dsc08691-768x1152.jpg 768w, https:\/\/www.paysdesecrins.com\/wp-content\/uploads\/2025\/08\/dsc08691-1024x1536.jpg 1024w, https:\/\/www.paysdesecrins.com\/wp-content\/uploads\/2025\/08\/dsc08691-1365x2048.jpg 1365w, https:\/\/www.paysdesecrins.com\/wp-content\/uploads\/2025\/08\/dsc08691-427x640.jpg 427w, https:\/\/www.paysdesecrins.com\/wp-content\/uploads\/2025\/08\/dsc08691-390x585.jpg 390w, https:\/\/www.paysdesecrins.com\/wp-content\/uploads\/2025\/08\/dsc08691-scaled.jpg 1707w\" sizes=\"auto, (max-width: 300px) 100vw, 300px\" \/><\/div><\/div><div class=\"group-content\"><div class=\"field-title\">Il Pays des \u00c9crins con la famiglia<\/div><\/div><div class=\"field-link\" role=\"group\" aria-label=\"Lien vers le contenu\"><a href=\"https:\/\/www.paysdesecrins.com\/it\/attivita-nordiche-per-i-piu-piccoli\/\" class=\"cardlink\" title=\"Lire plus : Il Pays des \u00c9crins con la famiglia\" lang=\"it_IT\">Il Pays des \u00c9crins con la famiglia<\/a><\/div><\/div><\/div><\/div><\/div><\/div><\/div><\/div>\n\n<div class=\"alignwide wp-block-ws-library-ws-list-content\" data-season=\"winter\"><div class=\"list-items\"><div class=\"item\" data-season=\"all-seasons\"><div class=\"card  card-page\"><div class=\"group-media\"><div class=\"field-image\"><img loading=\"lazy\" decoding=\"async\" width=\"300\" height=\"450\" src=\"https:\/\/www.paysdesecrins.com\/wp-content\/uploads\/2025\/07\/vallouise-alpesphotographiescom-72-300x450.jpg\" class=\"winter all-seasons wp-post-image\" alt=\"\" data-season=\"all-seasons\" srcset=\"https:\/\/www.paysdesecrins.com\/wp-content\/uploads\/2025\/07\/vallouise-alpesphotographiescom-72-300x450.jpg 300w, https:\/\/www.paysdesecrins.com\/wp-content\/uploads\/2025\/07\/vallouise-alpesphotographiescom-72-390x585.jpg 390w\" sizes=\"auto, (max-width: 300px) 100vw, 300px\" \/><\/div><\/div><div class=\"group-content\"><div class=\"field-title\">Villaggi alpinisti<\/div><\/div><div class=\"field-link\" role=\"group\" aria-label=\"Lien vers le contenu\"><a href=\"https:\/\/www.paysdesecrins.com\/it\/villaggi-alpinisti\/\" class=\"cardlink\" title=\"Lire plus : Villaggi alpinisti\" lang=\"it_IT\">Villaggi alpinisti<\/a><\/div><\/div><\/div><div class=\"item\" data-season=\"all-seasons\"><div class=\"card  card-page\"><div class=\"group-media\"><div class=\"field-image\"><img loading=\"lazy\" decoding=\"async\" width=\"300\" height=\"450\" src=\"https:\/\/www.paysdesecrins.com\/wp-content\/uploads\/2025\/07\/12-29-24-mushing-addict-84-300x450.jpg\" class=\"winter all-seasons wp-post-image\" alt=\"\" data-season=\"all-seasons\" srcset=\"https:\/\/www.paysdesecrins.com\/wp-content\/uploads\/2025\/07\/12-29-24-mushing-addict-84-300x450.jpg 300w, https:\/\/www.paysdesecrins.com\/wp-content\/uploads\/2025\/07\/12-29-24-mushing-addict-84-390x585.jpg 390w\" sizes=\"auto, (max-width: 300px) 100vw, 300px\" \/><\/div><\/div><div class=\"group-content\"><div class=\"field-title\">Sleddog<\/div><\/div><div class=\"field-link\" role=\"group\" aria-label=\"Lien vers le contenu\"><a href=\"https:\/\/www.paysdesecrins.com\/it\/le-mie-attivita-allaperto\/sleddog\/\" class=\"cardlink\" title=\"Lire plus : Sleddog\" lang=\"it_IT\">Sleddog<\/a><\/div><\/div><\/div><\/div><\/div>\n\n\n<div class=\"wp-block-ws-library-ws-button has-text-align-center\"><a href=\"https:\/\/www.paysdesecrins.com\/it\/63849-2\/\" class=\"wp-block-button__link wp-element-button btn\">  Tutte le esperienze<\/a><\/div>\n<\/div>\n\n\n\n<div style=\"height:40px\" aria-hidden=\"true\" class=\"wp-block-spacer\"><\/div>\n\n\n\n<div class=\"wp-block-ws-library-ws-title aligncenter\"><h2><em>Ailefroide, terra di<\/em>arrampicata e alpinismo<\/h2><\/div>\n\n\n\n<p class=\"has-text-align-center\">Ailefroide \u00e8 un borgo emblematico ai piedi del Mont Pelvoux, l&#8217;ultimo villaggio della valle della Vallouise e porta d&#8217;accesso alle principali gare alpinistiche del massiccio degli \u00c9crins. Il suo nome, &#8220;Alpe froide&#8221;, ci ricorda che il sole \u00e8 pi\u00f9 discreto d&#8217;inverno, ma \u00e8 soprattutto d&#8217;estate che il sito vibra: mecca dell&#8217;arrampicata (vie storiche di pi\u00f9 tiri e sentieri di montagna) e dell&#8217;alpinismo, ospita l&#8217;ufficio delle guide creato nel 1957 e funge da punto di partenza per i rifugi Pelvoux,  du S\u00e9l\u00e9 o il Pr\u00e9 de Madame Carle. Ci sono anche anelli escursionistici accessibili, che offrono panorami tra larici e pareti granitiche, rendendola una base essenziale per chi vuole esplorare le vette e i ghiacciai circostanti.    <\/p>\n\n\n\n<div class=\"wp-block-ws-library-ws-button has-text-align-center is-style-outline\"><a href=\"https:\/\/www.paysdesecrins.com\/sites-incontournables\/ailefroide-parc-national-des-ecrins\/\" class=\"wp-block-button__link wp-element-button btn\">  Leggi di pi\u00f9 +<\/a><\/div>\n<\/div>\n\n<div class=\"wp-block-ws-library-ws-columns alignfull has-2-columns are-vertically-aligned-center layout-5050 is-style-background\" data-season=\"winter\">\n<div class=\"wp-block-ws-library-ws-column\"><div class=\"wrapper\">\n<div class=\"wp-block-ws-library-ws-title\"><h2>Vallouise Area nordica<\/h2><\/div>\n\n\n\n<p>Situato tra i 1.085 m e i 1.300 m sul livello del mare, il comprensorio sciistico Nordic en <strong>Vallouise<\/strong> offre <strong>35 km di piste battute al giorno<\/strong> per lo sci di fondo classico e il pattinaggio, distribuite su quattro settori (La Vallouise, L&#8217;Onde, Pelvoux e Les Vigneaux) che offrono lunghi percorsi regolari nel cuore della valle dell&#8217;Onde e di fronte alle cime del Pelvoux. Accessibile dalla Maison du Parc National des \u00c9crins, questo sito comprende anche percorsi per le ciaspole, un&#8217;area di biathlon e un circuito ludico per bambini, il tutto in un ambiente naturale eccezionale. <\/p>\n\n\n\n<div class=\"wp-block-ws-library-ws-button has-text-align-left\"><a href=\"https:\/\/www.paysdesecrins.com\/it\/il-mio-resort-il-mio-villaggio\/pelvoux-vallouise-ailefroide\/vallouise-area-nordica\/\" class=\"wp-block-button__link wp-element-button btn\">  Leggi di pi\u00f9 +<\/a><\/div>\n<\/div><\/div>\n\n\n\n<div class=\"wp-block-ws-library-ws-column\"><div class=\"wrapper\">\n<div class=\"wp-block-ws-library-ws-image\"><div class=\"wrapper\"><div class=\"group-media\"><img decoding=\"async\" src=\"https:\/\/www.paysdesecrins.com\/wp-content\/uploads\/2025\/07\/dsc01950-960x640.jpg\" alt=\"\" class=\"single_image ws-image-45172\"><div class=\"credits\"><\/div><\/div><p class=\"caption\"><\/p><\/div><\/div>\n<\/div><\/div>\n<\/div>\n\n<div class=\"wp-block-ws-library-ws-columns alignwide has-2-columns are-vertically-aligned-center layout-5050 is-style-default\" data-season=\"winter\">\n<div class=\"wp-block-ws-library-ws-column\"><div class=\"wrapper\">\n<div class=\"wp-block-ws-library-ws-image\"><div class=\"wrapper\"><div class=\"group-media\"><img decoding=\"async\" src=\"https:\/\/www.paysdesecrins.com\/wp-content\/uploads\/2025\/07\/bivouac-a-su-sommet-de-la-blanche-5-960x640.jpg\" alt=\"\" class=\"single_image ws-image-44994\"><div class=\"credits\"><\/div><\/div><p class=\"caption\"><\/p><\/div><\/div>\n<\/div><\/div>\n\n\n\n<div class=\"wp-block-ws-library-ws-column\"><div class=\"wrapper\">\n<div class=\"wp-block-ws-library-ws-title\"><h3>Il + di Vallouise-pelvoux<\/h3><\/div>\n\n\n\n<ul class=\"wp-block-list\">\n<li>Area a misura d&#8217;uomo con 7 impianti di risalita e 18 piste per 25 km di sci<\/li>\n\n\n\n<li>Panorama eccezionale sulla Vallouise da 2.300 m<\/li>\n\n\n\n<li>Pass dedicato allo sci alpinismo con accesso a La Blanche<\/li>\n\n\n\n<li>Ristorante di montagna e area picnic panoramica<\/li>\n\n\n\n<li>Rete nordica di 35 km di piste da sci di fondo accessibili dal resort<\/li>\n\n\n\n<li>Sleddog e Snooc per scoprire la neve in modo diverso<\/li>\n\n\n\n<li>Pista notturna illuminata per prolungare le discese dopo il tramonto<\/li>\n<\/ul>\n<\/div><\/div>\n<\/div>\n\n<div class=\"wp-block-ws-library-ws-columns alignwide has-2-columns are-vertically-aligned-center layout-5050 is-style-background\" data-season=\"summer\">\n<div class=\"wp-block-ws-library-ws-column\"><div class=\"wrapper\">\n<div class=\"wp-block-ws-library-ws-image\"><div class=\"wrapper\"><div class=\"group-media\"><img decoding=\"async\" src=\"https:\/\/www.paysdesecrins.com\/wp-content\/uploads\/2025\/07\/du-lac-de-puy-aillaud-au-be-lvede-re-des-trois-refuges-13-scaled.jpg\" alt=\"\" class=\"single_image ws-image-45038\"><div class=\"credits\"><\/div><\/div><p class=\"caption\"><\/p><\/div><\/div>\n<\/div><\/div>\n\n\n\n<div class=\"wp-block-ws-library-ws-column\"><div class=\"wrapper\">\n<div class=\"wp-block-ws-library-ws-title\"><h3>Il + di Vallouise-pelvoux<\/h3><\/div>\n\n\n\n<ul class=\"wp-block-list\">\n<li>Sentieri segnalati su oltre 30 km di percorsi, dalle passeggiate per famiglie ai circuiti fino ai laghi d&#8217;alta quota<\/li>\n\n\n\n<li>Punto di decollo per il parapendio in cima alla seggiovia Cr\u00eate con pass dedicati per pi\u00f9 voli al giorno<\/li>\n\n\n\n<li>Piscina comunale ai piedi delle piste per una pausa rinfrescante<\/li>\n\n\n\n<li>Accesso rapido ad Ailefroide per una variet\u00e0 di sensazioni<\/li>\n\n\n\n<li>Rafting e kayak ai piedi del resort per gli appassionati di acque bianche<\/li>\n\n\n\n<li>Parchi giochi e animazione estiva per famiglie<\/li>\n<\/ul>\n<\/div><\/div>\n<\/div>\n\n<div style=\"height:100px\" aria-hidden=\"true\" class=\"wp-block-spacer\"><\/div>\n\n<div class=\"wp-block-group alignfull group-home-festif has-global-padding is-layout-constrained wp-block-group-is-layout-constrained\">\n<div class=\"wp-block-ws-library-ws-title aligncenter has-color-3-color\"><h3><em>Lo spirito festoso dell&#8217;intrattenimento e degli <\/em>eventi<\/h3><\/div>\n\n\n<div class=\"alignwide wp-block-ws-apidae-library-ws-apidae-temps-forts\"><div class=\"simple-template\"><div class=\"wrapper\"><div class=\"content-left\"><div class=\"list-items\"><div class=\"item\" data-season=\"all-seasons\"><div class=\"card card-apidae card-temps-forts\"><div class=\"group-actions\"><ws-wishlist data-type=\"flag\" data-action=\"add\" data-wish-id=\"7781907\" data-wish-type=\"apidae\"><\/ws-wishlist><\/div><div class=\"group-media\"><div class=\"field-image\"><img decoding=\"async\" src=\"https:\/\/images.weserv.nl\/?url=https:\/\/static.apidae-tourisme.com\/filestore\/objets-touristiques\/images\/58\/220\/40492090-diaporama.png&#038;w=650&#038;h=650&#038;fit=cover&#038;output=webp&#038;q=45\" alt=\"Exposition &#8220;Les mouvements de la Terre&#8221;\"\/><\/div><\/div><div class=\"group-top\"><div class=\"field-commune\">Vallouise-Pelvoux<\/div><ws-apidae-from-price data-apidae-id=\"7781907\" ><\/ws-apidae-from-price><div class=\"group-dates\"><div class=\"field-dates\">Du 2 au 27 <span class=\"month\">Maggio<\/span><\/div><\/div><\/div><div class=\"group-content\"><div class=\"field-title\">Exposition &#8220;Les mouvements de la Terre&#8221;<\/div><\/div><div class=\"field-link\" role=\"group\" aria-label=\"Lien vers le contenu\"><a href=\"https:\/\/www.paysdesecrins.com\/it\/fiche\/exposition-les-mouvements-de-la-terre-4\/\" class=\"cardlink\" title=\"Lire plus : Exposition &#8220;Les mouvements de la Terre&#8221;\" lang=\"it_IT\">Exposition &#8220;Les mouvements de la Terre&#8221;<\/a><\/div><\/div><\/div><\/div><\/div><div class=\"content-right\"><div class=\"list-items\"><div class=\"item\" data-season=\"all-seasons\"><div class=\"card card-apidae card-temps-forts\"><div class=\"group-actions\"><ws-wishlist data-type=\"flag\" data-action=\"add\" data-wish-id=\"7602920\" data-wish-type=\"apidae\"><\/ws-wishlist><\/div><div class=\"group-media\"><div class=\"field-image\"><img decoding=\"async\" src=\"https:\/\/images.weserv.nl\/?url=https:\/\/static.apidae-tourisme.com\/filestore\/objets-touristiques\/images\/251\/35\/38282235-diaporama.jpg&#038;w=650&#038;h=650&#038;fit=cover&#038;output=webp&#038;q=45\" alt=\"Exposition : &#8220;Lumi\u00e8res en Ecrins&#8221;\"\/><\/div><\/div><div class=\"group-top\"><div class=\"field-commune\">Vallouise-Pelvoux<\/div><ws-apidae-from-price data-apidae-id=\"7602920\" ><\/ws-apidae-from-price><div class=\"group-dates\"><div class=\"field-dates\">Du 2 <span class=\"month\">Maggio<\/span> au 30 <span class=\"month\">Settembre<\/span><\/div><\/div><\/div><div class=\"group-content\"><div class=\"field-title\">Exposition : &#8220;Lumi\u00e8res en Ecrins&#8221;<\/div><\/div><div class=\"field-link\" role=\"group\" aria-label=\"Lien vers le contenu\"><a href=\"https:\/\/www.paysdesecrins.com\/it\/fiche\/exposition-lumieres-en-ecrins-4\/\" class=\"cardlink\" title=\"Lire plus : Exposition : &#8220;Lumi\u00e8res en Ecrins&#8221;\" lang=\"it_IT\">Exposition : &#8220;Lumi\u00e8res en Ecrins&#8221;<\/a><\/div><\/div><\/div><div class=\"item\" data-season=\"all-seasons\"><div class=\"card card-apidae card-temps-forts\"><div class=\"group-actions\"><ws-wishlist data-type=\"flag\" data-action=\"add\" data-wish-id=\"7590492\" data-wish-type=\"apidae\"><\/ws-wishlist><\/div><div class=\"group-media\"><div class=\"field-image\"><img decoding=\"async\" src=\"https:\/\/images.weserv.nl\/?url=https:\/\/static.apidae-tourisme.com\/filestore\/objets-touristiques\/images\/231\/35\/38282215-diaporama.jpg&#038;w=650&#038;h=650&#038;fit=cover&#038;output=webp&#038;q=45\" alt=\"Exposition : Les patrimoines de la Vallouise\"\/><\/div><\/div><div class=\"group-top\"><div class=\"field-commune\">Vallouise-Pelvoux<\/div><ws-apidae-from-price data-apidae-id=\"7590492\" ><\/ws-apidae-from-price><div class=\"group-dates\"><div class=\"field-dates\">Du 2 <span class=\"month\">Maggio<\/span> au 15 <span class=\"month\">Novembre<\/span><\/div><\/div><\/div><div class=\"group-content\"><div class=\"field-title\">Exposition : Les patrimoines de la Vallouise<\/div><\/div><div class=\"field-link\" role=\"group\" aria-label=\"Lien vers le contenu\"><a href=\"https:\/\/www.paysdesecrins.com\/it\/fiche\/exposition-les-patrimoines-de-la-vallouise-4\/\" class=\"cardlink\" title=\"Lire plus : Exposition : Les patrimoines de la Vallouise\" lang=\"it_IT\">Exposition : Les patrimoines de la Vallouise<\/a><\/div><\/div><\/div><div class=\"item\" data-season=\"all-seasons\"><div class=\"card card-apidae card-temps-forts\"><div class=\"group-actions\"><ws-wishlist data-type=\"flag\" data-action=\"add\" data-wish-id=\"581981\" data-wish-type=\"apidae\"><\/ws-wishlist><\/div><div class=\"group-media\"><div class=\"field-image\"><img decoding=\"async\" src=\"https:\/\/images.weserv.nl\/?url=https:\/\/static.apidae-tourisme.com\/filestore\/objets-touristiques\/images\/239\/54\/4011759-diaporama.jpg&#038;w=650&#038;h=650&#038;fit=cover&#038;output=webp&#038;q=45\" alt=\"March\u00e9 de Vallouise\"\/><\/div><\/div><div class=\"group-top\"><div class=\"field-commune\">Vallouise-Pelvoux<\/div><ws-apidae-from-price data-apidae-id=\"581981\" ><\/ws-apidae-from-price><div class=\"group-dates\"><div class=\"field-dates\">Du 7 <span class=\"month\">Maggio<\/span> au 27 <span class=\"month\">Aprile<\/span> 2028<\/div><\/div><\/div><div class=\"group-content\"><div class=\"field-title\">March\u00e9 de Vallouise<\/div><\/div><div class=\"field-link\" role=\"group\" aria-label=\"Lien vers le contenu\"><a href=\"https:\/\/www.paysdesecrins.com\/it\/fiche\/marche-de-vallouise-3\/\" class=\"cardlink\" title=\"Lire plus : March\u00e9 de Vallouise\" lang=\"it_IT\">March\u00e9 de Vallouise<\/a><\/div><\/div><\/div><div class=\"item\" data-season=\"all-seasons\"><div class=\"card card-apidae card-temps-forts\"><div class=\"group-actions\"><ws-wishlist data-type=\"flag\" data-action=\"add\" data-wish-id=\"7808237\" data-wish-type=\"apidae\"><\/ws-wishlist><\/div><div class=\"group-media\"><div class=\"field-image\"><img decoding=\"async\" src=\"https:\/\/images.weserv.nl\/?url=https:\/\/static.apidae-tourisme.com\/filestore\/objets-touristiques\/images\/167\/157\/41065895-diaporama.jpg&#038;w=650&#038;h=650&#038;fit=cover&#038;output=webp&#038;q=45\" alt=\"Clap de fin de l&#8217;Igloo Pelvoo \u2013 vente du mat\u00e9riel\"\/><\/div><\/div><div class=\"group-top\"><div class=\"field-commune\">Vallouise-Pelvoux<\/div><ws-apidae-from-price data-apidae-id=\"7808237\" ><\/ws-apidae-from-price><div class=\"group-dates\"><div class=\"field-dates\">9 <span class=\"month\">Maggio<\/span><\/div><\/div><\/div><div class=\"group-content\"><div class=\"field-title\">Clap de fin de l&#8217;Igloo Pelvoo \u2013 vente du mat\u00e9riel<\/div><\/div><div class=\"field-link\" role=\"group\" aria-label=\"Lien vers le contenu\"><a href=\"https:\/\/www.paysdesecrins.com\/it\/fiche\/clap-de-fin-de-ligloo-pelvoo-vente-du-materiel-4\/\" class=\"cardlink\" title=\"Lire plus : Clap de fin de l&#8217;Igloo Pelvoo \u2013 vente du mat\u00e9riel\" lang=\"it_IT\">Clap de fin de l&#8217;Igloo Pelvoo \u2013 vente du mat\u00e9riel<\/a><\/div><\/div><\/div><\/div><\/div><\/div><\/div><div class=\"group-content\">\n\n<div class=\"wp-block-ws-library-ws-button has-text-align-left is-style-default\"><a href=\"https:\/\/www.paysdesecrins.com\/it\/tutti-gli-eventi-a-vallouise-pelvoux\/\" class=\"wp-block-button__link wp-element-button btn\">  Tutti i punti salienti di Vallouise-Pelvoux<\/a><\/div>\n\n\n\n<div class=\"wp-block-ws-library-ws-button has-text-align-left is-style-default\"><a href=\"https:\/\/www.paysdesecrins.com\/it\/tutte-le-attivita-a-vallouise-pelvoux\/\" class=\"wp-block-button__link wp-element-button btn\">  Tutta l&#8217;agenda di Vallouise-Pelvoux<\/a><\/div>\n\n<\/div><\/div><\/div><\/div>\n\n<div style=\"height:72px\" aria-hidden=\"true\" class=\"wp-block-spacer\"><\/div>\n\n<div class=\"wp-block-ws-library-ws-title aligncenter\" data-season=\"winter\"><h3><em>A Vallouise-Pelvoux incontro con la neve, <\/em><br>La prova in immagini<\/h3><\/div>\n\n<div class=\"wp-block-ws-library-ws-title aligncenter\" data-season=\"summer\"><h3><em>Terra di sport all&#8217;aria aperta <\/em><br>La prova in immagini<\/h3><\/div>\n\n<div class=\"wp-block-ws-library-ws-slider alignwide\" data-season=\"winter\"><div class=\"splide\" data-splide=\"{\"type\":\"slide\",\"heightRatio\":\"auto\",\"perPage\":4,\"perMove\":1,\"drag\":true,\"pagination\":0,\"autoplay\":false,\"gap\":\"15px\",\"breakpoints\":{\"450\":{\"perPage\":1},\"768\":{\"perPage\":2},\"992\":{\"perPage\":3},\"1200\":{\"perPage\":4}}}\"><div class=\"splide__track\"><div class=\"splide__list\"><div class=\"splide__slide\"><a href=\"https:\/\/www.paysdesecrins.com\/wp-content\/uploads\/2025\/07\/ski-de-randonne-e-et-paysages-combe-du-riou-pre-de-mme-carle-ailefroide-mont-pelvoux-15-scaled.jpg\" data-glightbox=\"true\" class=\"lightbox-trigger\"><img decoding=\"async\" src=\"https:\/\/www.paysdesecrins.com\/wp-content\/uploads\/2025\/07\/ski-de-randonne-e-et-paysages-combe-du-riou-pre-de-mme-carle-ailefroide-mont-pelvoux-15-400x400.jpg\" alt=\"\"><\/a><\/div><div class=\"splide__slide\"><a href=\"https:\/\/www.paysdesecrins.com\/wp-content\/uploads\/2025\/06\/photos-kinaphoto-pelvoux-journee-1-2025-hd2-scaled.jpg\" data-glightbox=\"true\" class=\"lightbox-trigger\"><img decoding=\"async\" src=\"https:\/\/www.paysdesecrins.com\/wp-content\/uploads\/2025\/06\/photos-kinaphoto-pelvoux-journee-1-2025-hd2-scaled.jpg\" alt=\"\"><\/a><\/div><div class=\"splide__slide\"><a href=\"https:\/\/www.paysdesecrins.com\/wp-content\/uploads\/2025\/07\/pelvoux-vallouise-selon-tony-lamiche-1716469024-400x400.jpg\" data-glightbox=\"true\" class=\"lightbox-trigger\"><img decoding=\"async\" src=\"https:\/\/www.paysdesecrins.com\/wp-content\/uploads\/2025\/07\/pelvoux-vallouise-selon-tony-lamiche-1716469024-400x400.jpg\" alt=\"\"><\/a><\/div><div class=\"splide__slide\"><a href=\"https:\/\/www.paysdesecrins.com\/wp-content\/uploads\/2025\/07\/17ski-alpin-psv-photos-kinaphoto-psv-journee-2-2025-hd4-scaled.jpg\" data-glightbox=\"true\" class=\"lightbox-trigger\"><img decoding=\"async\" src=\"https:\/\/www.paysdesecrins.com\/wp-content\/uploads\/2025\/07\/17ski-alpin-psv-photos-kinaphoto-psv-journee-2-2025-hd4-400x400.jpg\" alt=\"\"><\/a><\/div><\/div><\/div><\/div><\/div>\n\n<div class=\"wp-block-ws-library-ws-slider alignwide\" data-season=\"summer\"><div class=\"splide\" data-splide=\"{\"type\":\"slide\",\"heightRatio\":\"auto\",\"perPage\":4,\"perMove\":1,\"drag\":true,\"pagination\":0,\"autoplay\":false,\"gap\":\"15px\",\"breakpoints\":{\"450\":{\"perPage\":1},\"768\":{\"perPage\":2},\"992\":{\"perPage\":3},\"1200\":{\"perPage\":4}}}\"><div class=\"splide__track\"><div class=\"splide__list\"><div class=\"splide__slide\"><a href=\"https:\/\/www.paysdesecrins.com\/wp-content\/uploads\/2025\/07\/du-lac-de-puy-aillaud-au-be-lvede-re-des-trois-refuges-13-scaled.jpg\" data-glightbox=\"true\" class=\"lightbox-trigger\"><img decoding=\"async\" src=\"https:\/\/www.paysdesecrins.com\/wp-content\/uploads\/2025\/07\/du-lac-de-puy-aillaud-au-be-lvede-re-des-trois-refuges-13-scaled.jpg\" alt=\"\"><\/a><\/div><div class=\"splide__slide\"><a href=\"https:\/\/www.paysdesecrins.com\/wp-content\/uploads\/2025\/07\/lever-de-soleil-sur-la-cre-te-du-bel-serre-entre-la-blanche-et-la-rouya-14-scaled.jpg\" data-glightbox=\"true\" class=\"lightbox-trigger\"><img decoding=\"async\" src=\"https:\/\/www.paysdesecrins.com\/wp-content\/uploads\/2025\/07\/lever-de-soleil-sur-la-cre-te-du-bel-serre-entre-la-blanche-et-la-rouya-14-400x400.jpg\" alt=\"\"><\/a><\/div><div class=\"splide__slide\"><a href=\"https:\/\/www.paysdesecrins.com\/wp-content\/uploads\/2025\/07\/15randonnee-randonne-e-glacier-noir-12-scaled.jpg\" data-glightbox=\"true\" class=\"lightbox-trigger\"><img decoding=\"async\" src=\"https:\/\/www.paysdesecrins.com\/wp-content\/uploads\/2025\/07\/15randonnee-randonne-e-glacier-noir-12-scaled.jpg\" alt=\"\"><\/a><\/div><div class=\"splide__slide\"><a href=\"https:\/\/www.paysdesecrins.com\/wp-content\/uploads\/2025\/07\/151microaventureclairelac-palluel-et-grand-pinier-48-scaled.jpg\" data-glightbox=\"true\" class=\"lightbox-trigger\"><img decoding=\"async\" src=\"https:\/\/www.paysdesecrins.com\/wp-content\/uploads\/2025\/07\/151microaventureclairelac-palluel-et-grand-pinier-48-400x400.jpg\" alt=\"\"><\/a><\/div><\/div><\/div><\/div><\/div>\n\n<div style=\"height:72px\" aria-hidden=\"true\" class=\"wp-block-spacer\"><\/div>\n\n<div class=\"wp-block-ws-library-ws-title aligncenter\"><h2><em>Noi ci occupiamo di tutto,<\/em> tu ti diverti<\/h2><\/div>\n\n<p class=\"has-text-align-center\">Scopri i nostri soggiorni all-inclusive e lascia che organizziamo la tua immersione in montagna: alloggio, attivit\u00e0 guidate ed esperienze locali sono raccolte per te. Scegli la tua formula, da un weekend rigenerante a una settimana di avventure, e approfitta appieno dei paesaggi, del know-how e della convivialit\u00e0 senza preoccuparti di nulla. <\/p>\n<div class=\"alignwide wp-block-ws-library-ws-list-content\"><div class=\"list-items\"><div class=\"item\" data-season=\"all-seasons\"><div class=\"card  card-page\"><div class=\"group-media\"><div class=\"field-image\"><img loading=\"lazy\" decoding=\"async\" width=\"300\" height=\"450\" src=\"https:\/\/www.paysdesecrins.com\/wp-content\/uploads\/2025\/08\/photos-kinaphoto-pelvoux-journe-e-1-2025-hd66-300x450.jpg\" class=\"winter wp-post-image\" alt=\"\" data-season=\"winter\" srcset=\"https:\/\/www.paysdesecrins.com\/wp-content\/uploads\/2025\/08\/photos-kinaphoto-pelvoux-journe-e-1-2025-hd66-300x450.jpg 300w, https:\/\/www.paysdesecrins.com\/wp-content\/uploads\/2025\/08\/photos-kinaphoto-pelvoux-journe-e-1-2025-hd66-390x585.jpg 390w\" sizes=\"auto, (max-width: 300px) 100vw, 300px\" \/><img loading=\"lazy\" decoding=\"async\" width=\"300\" height=\"450\" src=\"https:\/\/www.paysdesecrins.com\/wp-content\/uploads\/2025\/07\/dsc01515-300x450.jpg\" class=\"vivaldi-thumb summer\" alt=\"\" data-season=\"summer\" srcset=\"https:\/\/www.paysdesecrins.com\/wp-content\/uploads\/2025\/07\/dsc01515-300x450.jpg 300w, https:\/\/www.paysdesecrins.com\/wp-content\/uploads\/2025\/07\/dsc01515-390x585.jpg 390w\" sizes=\"auto, (max-width: 300px) 100vw, 300px\" \/><\/div><\/div><div class=\"group-content\"><div class=\"field-title\">Tutti i nostri soggiorni<\/div><\/div><div class=\"field-link\" role=\"group\" aria-label=\"Lien vers le contenu\"><a href=\"https:\/\/www.paysdesecrins.com\/it\/rimane\/\" class=\"cardlink\" title=\"Lire plus : Tutti i nostri soggiorni\" lang=\"it_IT\">Tutti i nostri soggiorni<\/a><\/div><\/div><\/div><\/div><\/div>\n<div class=\"wp-block-ws-library-ws-button has-text-align-center\"><a href=\"https:\/\/www.paysdesecrins.com\/it\/rimane\/#\/categories\" class=\"wp-block-button__link wp-element-button btn\">  Scopri i soggiorni all inclusive<\/a><\/div>\n\n<div style=\"height:72px\" aria-hidden=\"true\" class=\"wp-block-spacer\"><\/div>\n\n<div class=\"wp-block-ws-library-ws-share\"><span class=\"share-subtitle\">Ti \u00e8 piaciuta questa pagina?<\/span><span class=\"share-title\">Condividilo!<\/span><button class=\"ws-share-button wp-element-button\">Condividi questa pagina<\/button><\/div>\n","protected":false},"excerpt":{"rendered":"<p>Situata a 1.250 m di altitudine, la localit\u00e0 di Pelvoux-Vallouise comprende le frazioni di Pelvoux, Vallouise e Ailefroide, etichettate come [&hellip;]<\/p>\n","protected":false},"author":1,"featured_media":65680,"parent":44507,"menu_order":0,"comment_status":"closed","ping_status":"closed","template":"","meta":{"_thumbnail_id_2":0,"summer_excerpt":"","season":"","station":"pelvoux","footnotes":""},"class_list":["post-45186","page","type-page","status-publish","has-post-thumbnail","hentry"],"yoast_head":"<!-- This site is optimized with the Yoast SEO plugin v27.3 - https:\/\/yoast.com\/product\/yoast-seo-wordpress\/ -->\n<title>Vallouise-Pelvoux - Pays des \u00c9crins - Office de Tourisme<\/title>\n<meta name=\"robots\" content=\"index, follow, max-snippet:-1, max-image-preview:large, max-video-preview:-1\" \/>\n<link rel=\"canonical\" href=\"https:\/\/www.paysdesecrins.com\/it\/il-mio-resort-il-mio-villaggio\/pelvoux-vallouise-ailefroide\/\" \/>\n<meta property=\"og:locale\" content=\"it_IT\" \/>\n<meta property=\"og:type\" content=\"article\" \/>\n<meta property=\"og:title\" content=\"Vallouise-Pelvoux - Pays des \u00c9crins - Office de Tourisme\" \/>\n<meta property=\"og:description\" content=\"Situata a 1.250 m di altitudine, la localit\u00e0 di Pelvoux-Vallouise comprende le frazioni di Pelvoux, Vallouise e Ailefroide, etichettate come [&hellip;]\" \/>\n<meta property=\"og:url\" content=\"https:\/\/www.paysdesecrins.com\/it\/il-mio-resort-il-mio-villaggio\/pelvoux-vallouise-ailefroide\/\" \/>\n<meta property=\"og:site_name\" content=\"Pays des \u00c9crins - Office de Tourisme\" \/>\n<meta property=\"article:modified_time\" content=\"2025-08-13T13:12:45+00:00\" \/>\n<meta property=\"og:image\" content=\"https:\/\/www.paysdesecrins.com\/wp-content\/uploads\/2025\/08\/paysages-depuis-la-monte-e-de-la-croix-de-la-salcette-2-scaled.jpg\" \/>\n\t<meta property=\"og:image:width\" content=\"2560\" \/>\n\t<meta property=\"og:image:height\" content=\"1975\" \/>\n\t<meta property=\"og:image:type\" content=\"image\/jpeg\" \/>\n<meta name=\"twitter:card\" content=\"summary_large_image\" \/>\n<meta name=\"twitter:label1\" content=\"Tempo di lettura stimato\" \/>\n\t<meta name=\"twitter:data1\" content=\"6 minuti\" \/>\n<script type=\"application\/ld+json\" class=\"yoast-schema-graph\">{\"@context\":\"https:\\\/\\\/schema.org\",\"@graph\":[{\"@type\":\"WebPage\",\"@id\":\"https:\\\/\\\/www.paysdesecrins.com\\\/it\\\/il-mio-resort-il-mio-villaggio\\\/pelvoux-vallouise-ailefroide\\\/\",\"url\":\"https:\\\/\\\/www.paysdesecrins.com\\\/it\\\/il-mio-resort-il-mio-villaggio\\\/pelvoux-vallouise-ailefroide\\\/\",\"name\":\"Vallouise-Pelvoux - Pays des \u00c9crins - Office de Tourisme\",\"isPartOf\":{\"@id\":\"https:\\\/\\\/www.paysdesecrins.com\\\/it\\\/#website\"},\"primaryImageOfPage\":{\"@id\":\"https:\\\/\\\/www.paysdesecrins.com\\\/it\\\/il-mio-resort-il-mio-villaggio\\\/pelvoux-vallouise-ailefroide\\\/#primaryimage\"},\"image\":{\"@id\":\"https:\\\/\\\/www.paysdesecrins.com\\\/it\\\/il-mio-resort-il-mio-villaggio\\\/pelvoux-vallouise-ailefroide\\\/#primaryimage\"},\"thumbnailUrl\":\"https:\\\/\\\/www.paysdesecrins.com\\\/wp-content\\\/uploads\\\/2025\\\/08\\\/paysages-depuis-la-monte-e-de-la-croix-de-la-salcette-2-scaled.jpg\",\"datePublished\":\"2025-06-25T13:44:52+00:00\",\"dateModified\":\"2025-08-13T13:12:45+00:00\",\"breadcrumb\":{\"@id\":\"https:\\\/\\\/www.paysdesecrins.com\\\/it\\\/il-mio-resort-il-mio-villaggio\\\/pelvoux-vallouise-ailefroide\\\/#breadcrumb\"},\"inLanguage\":\"it-IT\",\"potentialAction\":[{\"@type\":\"ReadAction\",\"target\":[\"https:\\\/\\\/www.paysdesecrins.com\\\/it\\\/il-mio-resort-il-mio-villaggio\\\/pelvoux-vallouise-ailefroide\\\/\"]}]},{\"@type\":\"ImageObject\",\"inLanguage\":\"it-IT\",\"@id\":\"https:\\\/\\\/www.paysdesecrins.com\\\/it\\\/il-mio-resort-il-mio-villaggio\\\/pelvoux-vallouise-ailefroide\\\/#primaryimage\",\"url\":\"https:\\\/\\\/www.paysdesecrins.com\\\/wp-content\\\/uploads\\\/2025\\\/08\\\/paysages-depuis-la-monte-e-de-la-croix-de-la-salcette-2-scaled.jpg\",\"contentUrl\":\"https:\\\/\\\/www.paysdesecrins.com\\\/wp-content\\\/uploads\\\/2025\\\/08\\\/paysages-depuis-la-monte-e-de-la-croix-de-la-salcette-2-scaled.jpg\",\"width\":2560,\"height\":1975},{\"@type\":\"BreadcrumbList\",\"@id\":\"https:\\\/\\\/www.paysdesecrins.com\\\/it\\\/il-mio-resort-il-mio-villaggio\\\/pelvoux-vallouise-ailefroide\\\/#breadcrumb\",\"itemListElement\":[{\"@type\":\"ListItem\",\"position\":1,\"name\":\"Accueil\",\"item\":\"https:\\\/\\\/www.paysdesecrins.com\\\/it\\\/il-titolo-della-casa\\\/\"},{\"@type\":\"ListItem\",\"position\":2,\"name\":\"Il mio resort, il mio villaggio\",\"item\":\"https:\\\/\\\/www.paysdesecrins.com\\\/it\\\/ma-station-mon-village\\\/\"},{\"@type\":\"ListItem\",\"position\":3,\"name\":\"Vallouise-Pelvoux\"}]},{\"@type\":\"WebSite\",\"@id\":\"https:\\\/\\\/www.paysdesecrins.com\\\/it\\\/#website\",\"url\":\"https:\\\/\\\/www.paysdesecrins.com\\\/it\\\/\",\"name\":\"Pays des \u00c9crins - Office de Tourisme\",\"description\":\"L&#039;esprit montagne\",\"publisher\":{\"@id\":\"https:\\\/\\\/www.paysdesecrins.com\\\/it\\\/#organization\"},\"potentialAction\":[{\"@type\":\"SearchAction\",\"target\":{\"@type\":\"EntryPoint\",\"urlTemplate\":\"https:\\\/\\\/www.paysdesecrins.com\\\/it\\\/?s={search_term_string}\"},\"query-input\":{\"@type\":\"PropertyValueSpecification\",\"valueRequired\":true,\"valueName\":\"search_term_string\"}}],\"inLanguage\":\"it-IT\"},{\"@type\":\"Organization\",\"@id\":\"https:\\\/\\\/www.paysdesecrins.com\\\/it\\\/#organization\",\"name\":\"Pays des \u00c9crins - Office de Tourisme\",\"url\":\"https:\\\/\\\/www.paysdesecrins.com\\\/it\\\/\",\"logo\":{\"@type\":\"ImageObject\",\"inLanguage\":\"it-IT\",\"@id\":\"https:\\\/\\\/www.paysdesecrins.com\\\/it\\\/#\\\/schema\\\/logo\\\/image\\\/\",\"url\":\"https:\\\/\\\/www.paysdesecrins.com\\\/wp-content\\\/uploads\\\/2025\\\/06\\\/devina-svg-1750845694.svg\",\"contentUrl\":\"https:\\\/\\\/www.paysdesecrins.com\\\/wp-content\\\/uploads\\\/2025\\\/06\\\/devina-svg-1750845694.svg\",\"caption\":\"Pays des \u00c9crins - Office de Tourisme\"},\"image\":{\"@id\":\"https:\\\/\\\/www.paysdesecrins.com\\\/it\\\/#\\\/schema\\\/logo\\\/image\\\/\"}}]}<\/script>\n<!-- \/ Yoast SEO plugin. -->","yoast_head_json":{"title":"Vallouise-Pelvoux - Pays des \u00c9crins - Office de Tourisme","robots":{"index":"index","follow":"follow","max-snippet":"max-snippet:-1","max-image-preview":"max-image-preview:large","max-video-preview":"max-video-preview:-1"},"canonical":"https:\/\/www.paysdesecrins.com\/it\/il-mio-resort-il-mio-villaggio\/pelvoux-vallouise-ailefroide\/","og_locale":"it_IT","og_type":"article","og_title":"Vallouise-Pelvoux - Pays des \u00c9crins - Office de Tourisme","og_description":"Situata a 1.250 m di altitudine, la localit\u00e0 di Pelvoux-Vallouise comprende le frazioni di Pelvoux, Vallouise e Ailefroide, etichettate come [&hellip;]","og_url":"https:\/\/www.paysdesecrins.com\/it\/il-mio-resort-il-mio-villaggio\/pelvoux-vallouise-ailefroide\/","og_site_name":"Pays des \u00c9crins - Office de Tourisme","article_modified_time":"2025-08-13T13:12:45+00:00","og_image":[{"width":2560,"height":1975,"url":"https:\/\/www.paysdesecrins.com\/wp-content\/uploads\/2025\/08\/paysages-depuis-la-monte-e-de-la-croix-de-la-salcette-2-scaled.jpg","type":"image\/jpeg"}],"twitter_card":"summary_large_image","twitter_misc":{"Tempo di lettura stimato":"6 minuti"},"schema":{"@context":"https:\/\/schema.org","@graph":[{"@type":"WebPage","@id":"https:\/\/www.paysdesecrins.com\/it\/il-mio-resort-il-mio-villaggio\/pelvoux-vallouise-ailefroide\/","url":"https:\/\/www.paysdesecrins.com\/it\/il-mio-resort-il-mio-villaggio\/pelvoux-vallouise-ailefroide\/","name":"Vallouise-Pelvoux - Pays des \u00c9crins - Office de Tourisme","isPartOf":{"@id":"https:\/\/www.paysdesecrins.com\/it\/#website"},"primaryImageOfPage":{"@id":"https:\/\/www.paysdesecrins.com\/it\/il-mio-resort-il-mio-villaggio\/pelvoux-vallouise-ailefroide\/#primaryimage"},"image":{"@id":"https:\/\/www.paysdesecrins.com\/it\/il-mio-resort-il-mio-villaggio\/pelvoux-vallouise-ailefroide\/#primaryimage"},"thumbnailUrl":"https:\/\/www.paysdesecrins.com\/wp-content\/uploads\/2025\/08\/paysages-depuis-la-monte-e-de-la-croix-de-la-salcette-2-scaled.jpg","datePublished":"2025-06-25T13:44:52+00:00","dateModified":"2025-08-13T13:12:45+00:00","breadcrumb":{"@id":"https:\/\/www.paysdesecrins.com\/it\/il-mio-resort-il-mio-villaggio\/pelvoux-vallouise-ailefroide\/#breadcrumb"},"inLanguage":"it-IT","potentialAction":[{"@type":"ReadAction","target":["https:\/\/www.paysdesecrins.com\/it\/il-mio-resort-il-mio-villaggio\/pelvoux-vallouise-ailefroide\/"]}]},{"@type":"ImageObject","inLanguage":"it-IT","@id":"https:\/\/www.paysdesecrins.com\/it\/il-mio-resort-il-mio-villaggio\/pelvoux-vallouise-ailefroide\/#primaryimage","url":"https:\/\/www.paysdesecrins.com\/wp-content\/uploads\/2025\/08\/paysages-depuis-la-monte-e-de-la-croix-de-la-salcette-2-scaled.jpg","contentUrl":"https:\/\/www.paysdesecrins.com\/wp-content\/uploads\/2025\/08\/paysages-depuis-la-monte-e-de-la-croix-de-la-salcette-2-scaled.jpg","width":2560,"height":1975},{"@type":"BreadcrumbList","@id":"https:\/\/www.paysdesecrins.com\/it\/il-mio-resort-il-mio-villaggio\/pelvoux-vallouise-ailefroide\/#breadcrumb","itemListElement":[{"@type":"ListItem","position":1,"name":"Accueil","item":"https:\/\/www.paysdesecrins.com\/it\/il-titolo-della-casa\/"},{"@type":"ListItem","position":2,"name":"Il mio resort, il mio villaggio","item":"https:\/\/www.paysdesecrins.com\/it\/ma-station-mon-village\/"},{"@type":"ListItem","position":3,"name":"Vallouise-Pelvoux"}]},{"@type":"WebSite","@id":"https:\/\/www.paysdesecrins.com\/it\/#website","url":"https:\/\/www.paysdesecrins.com\/it\/","name":"Pays des \u00c9crins - Office de Tourisme","description":"L&#039;esprit montagne","publisher":{"@id":"https:\/\/www.paysdesecrins.com\/it\/#organization"},"potentialAction":[{"@type":"SearchAction","target":{"@type":"EntryPoint","urlTemplate":"https:\/\/www.paysdesecrins.com\/it\/?s={search_term_string}"},"query-input":{"@type":"PropertyValueSpecification","valueRequired":true,"valueName":"search_term_string"}}],"inLanguage":"it-IT"},{"@type":"Organization","@id":"https:\/\/www.paysdesecrins.com\/it\/#organization","name":"Pays des \u00c9crins - Office de Tourisme","url":"https:\/\/www.paysdesecrins.com\/it\/","logo":{"@type":"ImageObject","inLanguage":"it-IT","@id":"https:\/\/www.paysdesecrins.com\/it\/#\/schema\/logo\/image\/","url":"https:\/\/www.paysdesecrins.com\/wp-content\/uploads\/2025\/06\/devina-svg-1750845694.svg","contentUrl":"https:\/\/www.paysdesecrins.com\/wp-content\/uploads\/2025\/06\/devina-svg-1750845694.svg","caption":"Pays des \u00c9crins - Office de Tourisme"},"image":{"@id":"https:\/\/www.paysdesecrins.com\/it\/#\/schema\/logo\/image\/"}}]}},"_links":{"self":[{"href":"https:\/\/www.paysdesecrins.com\/it\/wp-json\/wp\/v2\/pages\/45186","targetHints":{"allow":["GET"]}}],"collection":[{"href":"https:\/\/www.paysdesecrins.com\/it\/wp-json\/wp\/v2\/pages"}],"about":[{"href":"https:\/\/www.paysdesecrins.com\/it\/wp-json\/wp\/v2\/types\/page"}],"author":[{"embeddable":true,"href":"https:\/\/www.paysdesecrins.com\/it\/wp-json\/wp\/v2\/users\/1"}],"replies":[{"embeddable":true,"href":"https:\/\/www.paysdesecrins.com\/it\/wp-json\/wp\/v2\/comments?post=45186"}],"version-history":[{"count":2,"href":"https:\/\/www.paysdesecrins.com\/it\/wp-json\/wp\/v2\/pages\/45186\/revisions"}],"predecessor-version":[{"id":93490,"href":"https:\/\/www.paysdesecrins.com\/it\/wp-json\/wp\/v2\/pages\/45186\/revisions\/93490"}],"up":[{"embeddable":true,"href":"https:\/\/www.paysdesecrins.com\/it\/wp-json\/wp\/v2\/pages\/44507"}],"wp:featuredmedia":[{"embeddable":true,"href":"https:\/\/www.paysdesecrins.com\/it\/wp-json\/wp\/v2\/media\/65680"}],"wp:attachment":[{"href":"https:\/\/www.paysdesecrins.com\/it\/wp-json\/wp\/v2\/media?parent=45186"}],"curies":[{"name":"wp","href":"https:\/\/api.w.org\/{rel}","templated":true}]}}