{"id":45257,"date":"2025-07-21T16:34:10","date_gmt":"2025-07-21T14:34:10","guid":{"rendered":"https:\/\/www.paysdesecrins.com\/ghiacciaio-bianco\/"},"modified":"2025-07-30T16:11:01","modified_gmt":"2025-07-30T14:11:01","slug":"ghiacciaio-bianco","status":"publish","type":"page","link":"https:\/\/www.paysdesecrins.com\/it\/scelgo\/siti-da-non-perdere\/ghiacciaio-bianco\/","title":{"rendered":"Ghiacciaio Bianco"},"content":{"rendered":"    <div class=\"alignfull wp-block-ws-library-ws-header-interne\">\n\t    <div class=\"header-container\">\n\t        <div class=\"group-media has-image\">\n\t            \t                <img loading=\"lazy\" decoding=\"async\" width=\"1920\" height=\"800\" src=\"https:\/\/www.paysdesecrins.com\/wp-content\/uploads\/2025\/07\/161sitesdexception-glacierblanc-bivouac-pic-du-glacier-d-a-2-1920x800.jpg\" alt=\"\" class=\"image_large_square wp-image-21329\" \/>\n\t            \t        <\/div>\n\t        <div class=\"group-content\">\n\t            <div class=\"title\">\n\t                <h1>\n\t                    Ghiacciaio Bianco\t                    \t                <\/h1>\n\t            <\/div>\n\t        <\/div>\n\t    <\/div>\n\t    \n<div class=\"yoast-breadcrumbs\"><span><span><a href=\"https:\/\/www.paysdesecrins.com\/it\/il-titolo-della-casa\/\">Accueil<\/a><\/span>  <span><a href=\"https:\/\/www.paysdesecrins.com\/it\/scelgo\/\">Scelgo<\/a><\/span>  <span><a href=\"https:\/\/www.paysdesecrins.com\/it\/scelgo\/siti-da-non-perdere\/\">Siti da non perdere<\/a><\/span>  <span class=\"breadcrumb_last\" aria-current=\"page\">Ghiacciaio Bianco<\/span><\/span><\/div>\n    <\/div>\n    \n<div class=\"wp-block-ws-library-ws-title\"><h2> <em>Il Ghiacciaio Bianco<\/em>Un ambiente glaciale unico (e fragile) nel cuore degli \u00c9crins<\/h2><\/div>\n\n<p>A 2.300 m di altitudine, il Glacier Blanc \u00e8 uno dei siti pi\u00f9 spettacolari del Parco Nazionale degli \u00c9crins. Accessibile dal Pr\u00e9 de Madame Carle, offre uno scenario unico di crepacci, strati di ghiaccio e vette mitiche. <\/p>\n\n<div class=\"wp-block-ws-library-ws-banner alignfull alignwide\"><div class=\"wrapper\"><div class=\"group-media\"><img loading=\"lazy\" decoding=\"async\" width=\"2560\" height=\"1440\" src=\"https:\/\/www.paysdesecrins.com\/wp-content\/uploads\/2025\/07\/refuge-des-ecrins-thibaut-blais-73-scaled.jpg\" alt=\"\" class=\"single_image wp-image-30085\" srcset=\"https:\/\/www.paysdesecrins.com\/wp-content\/uploads\/2025\/07\/refuge-des-ecrins-thibaut-blais-73-scaled.jpg 2560w, https:\/\/www.paysdesecrins.com\/wp-content\/uploads\/2025\/07\/refuge-des-ecrins-thibaut-blais-73-300x169.jpg 300w, https:\/\/www.paysdesecrins.com\/wp-content\/uploads\/2025\/07\/refuge-des-ecrins-thibaut-blais-73-1024x576.jpg 1024w, https:\/\/www.paysdesecrins.com\/wp-content\/uploads\/2025\/07\/refuge-des-ecrins-thibaut-blais-73-768x432.jpg 768w, https:\/\/www.paysdesecrins.com\/wp-content\/uploads\/2025\/07\/refuge-des-ecrins-thibaut-blais-73-1536x864.jpg 1536w, https:\/\/www.paysdesecrins.com\/wp-content\/uploads\/2025\/07\/refuge-des-ecrins-thibaut-blais-73-2048x1152.jpg 2048w, https:\/\/www.paysdesecrins.com\/wp-content\/uploads\/2025\/07\/refuge-des-ecrins-thibaut-blais-73-960x540.jpg 960w\" sizes=\"auto, (max-width: 2560px) 100vw, 2560px\" \/><\/div>\n<div class=\"group-content\"><div class=\"wp-block-ws-library-ws-title\"><h2>Un&#8217;escursione da non perdere<\/h2><\/div><p>Accesso: da Pelvoux, salire fino al parcheggio Pr\u00e9 de Madame Carle, quindi seguire il sentiero segnalato.<br>4 ore andata e ritorno, 670 m di dislivello, accessibile a chiunque sia in buone condizioni fisiche. Le famiglie possono farlo tranquillamente.<br>Lungo la strada: marmotte, camosci, fiori alpini&#8230; e forse un velo rosato sulla neve, causato da incredibili microalghe. <\/p><div class=\"wp-block-ws-library-ws-title\"><h2>Il rifugio Glacier Blanc<\/h2><\/div><p>Arroccato a 2.542 m, \u00e8 la sosta perfetta per spezzare l&#8217;escursione, trascorrere una notte in quota o prepararsi per una risalita.<br>Atmosfera amichevole, dormitori (100+ posti), buoni pasti e l&#8217;alba sugli \u00c9crins quando ti svegli. <br>Ricordati di prenotare.<\/p><\/div>\n\n\n\n\n\n\n\n\n\n\n\n\n<\/div><\/div>\n\n<p><\/p>\n\n<div class=\"wp-block-ws-library-ws-video\"><div class=\"wrapper\"><div class=\"group-media\">\n<figure class=\"wp-block-embed is-type-video is-provider-youtube wp-block-embed-youtube\"><div class=\"wp-block-embed__wrapper\">\n<iframe loading=\"lazy\" title=\"Marcher sur le glacier blanc du Pays des Ecrins\" width=\"500\" height=\"375\" src=\"https:\/\/www.youtube.com\/embed\/1aT34-XSsps?feature=oembed\" frameborder=\"0\" allow=\"accelerometer; autoplay; clipboard-write; encrypted-media; gyroscope; picture-in-picture; web-share\" referrerpolicy=\"strict-origin-when-cross-origin\" allowfullscreen><\/iframe>\n<\/div><\/figure>\n<\/div><\/div><\/div>\n\n<div class=\"wp-block-ws-library-ws-title\"><h2>Vuoi andare oltre?<\/h2><\/div>\n\n<ul class=\"wp-block-list\">\n<li>Ascensioni: D\u00f4me des \u00c9crins, Roche Faurio o Barre des \u00c9crins \u2014 solo con una guida se ci si avventura sul ghiaccio<\/li>\n\n\n\n<li>Uscite naturalistiche: guide alpine per osservare le tracce, la fauna e capire il ritiro del ghiacciaio<\/li>\n\n\n\n<li>Cultura alpina: storie di pastori, leggende locali e patrimonio montano da scoprire lungo il cammino.<br\/><br\/>Bonus: scarica l&#8217;app LegendR per leggere il paesaggio in modo diverso.<br\/>\ud83d\udcf8 #GlacierBlanc  <\/li>\n<\/ul>\n\n<div class=\"wp-block-ws-library-ws-slider alignfull\" data-season=\"summer\"><div class=\"splide\" data-splide=\"{\"type\":\"slide\",\"heightRatio\":\"auto\",\"perPage\":4,\"perMove\":1,\"drag\":true,\"pagination\":0,\"autoplay\":false,\"gap\":\"15px\",\"breakpoints\":{\"450\":{\"perPage\":1},\"768\":{\"perPage\":2},\"992\":{\"perPage\":3},\"1200\":{\"perPage\":4}}}\"><div class=\"splide__track\"><div class=\"splide__list\"><div class=\"splide__slide\"><a href=\"https:\/\/www.paysdesecrins.com\/wp-content\/uploads\/2025\/07\/161sitesdexception-glacierblanc-bivouac-pic-du-glacier-d-a-2-scaled.jpg\" data-glightbox=\"true\" class=\"lightbox-trigger\"><img decoding=\"async\" src=\"https:\/\/www.paysdesecrins.com\/wp-content\/uploads\/2025\/07\/161sitesdexception-glacierblanc-bivouac-pic-du-glacier-d-a-2-400x400.jpg\" alt=\"\"><\/a><\/div><div class=\"splide__slide\"><a href=\"https:\/\/www.paysdesecrins.com\/wp-content\/uploads\/2025\/07\/161sitesdexception-barreles-e-crins-glacier-blanc-roche-faurio-125-2-scaled.jpg\" data-glightbox=\"true\" class=\"lightbox-trigger\"><img decoding=\"async\" src=\"https:\/\/www.paysdesecrins.com\/wp-content\/uploads\/2025\/07\/161sitesdexception-barreles-e-crins-glacier-blanc-roche-faurio-125-2-400x400.jpg\" alt=\"\"><\/a><\/div><div class=\"splide__slide\"><a href=\"https:\/\/www.paysdesecrins.com\/wp-content\/uploads\/2025\/07\/16sitesdexception-predemadamecarle-refuge-du-glacier-blanc-et-des-ecrins-en-ski-29-scaled.jpg\" data-glightbox=\"true\" class=\"lightbox-trigger\"><img decoding=\"async\" src=\"https:\/\/www.paysdesecrins.com\/wp-content\/uploads\/2025\/07\/16sitesdexception-predemadamecarle-refuge-du-glacier-blanc-et-des-ecrins-en-ski-29-400x400.jpg\" alt=\"\"><\/a><\/div><div class=\"splide__slide\"><a href=\"https:\/\/www.paysdesecrins.com\/wp-content\/uploads\/2025\/07\/16sitesdexception-glacierblanc-07-19-24-randonne-e-ffcam-19-400x400.jpg\" data-glightbox=\"true\" class=\"lightbox-trigger\"><img decoding=\"async\" src=\"https:\/\/www.paysdesecrins.com\/wp-content\/uploads\/2025\/07\/16sitesdexception-glacierblanc-07-19-24-randonne-e-ffcam-19-400x400.jpg\" alt=\"\"><\/a><\/div><div class=\"splide__slide\"><a href=\"https:\/\/www.paysdesecrins.com\/wp-content\/uploads\/2025\/07\/161sitesdexception-glacierblanc-refuge-du-glacier-blanc-et-des-ecrins-en-ski-75-scaled.jpg\" data-glightbox=\"true\" class=\"lightbox-trigger\"><img decoding=\"async\" src=\"https:\/\/www.paysdesecrins.com\/wp-content\/uploads\/2025\/07\/161sitesdexception-glacierblanc-refuge-du-glacier-blanc-et-des-ecrins-en-ski-75-400x400.jpg\" alt=\"\"><\/a><\/div><\/div><\/div><\/div><\/div>\n\n<div class=\"wp-block-ws-library-ws-share\"><span class=\"share-subtitle\">Ti \u00e8 piaciuta questa pagina?<\/span><span class=\"share-title\">Condividilo!<\/span><button class=\"ws-share-button wp-element-button\">Condividi questa pagina<\/button><\/div>\n","protected":false},"excerpt":{"rendered":"<p>A 2.300 m di altitudine, il Glacier Blanc \u00e8 uno dei siti pi\u00f9 spettacolari del Parco Nazionale degli \u00c9crins. Accessibile [&hellip;]<\/p>\n","protected":false},"author":4,"featured_media":21333,"parent":45265,"menu_order":0,"comment_status":"closed","ping_status":"closed","template":"","meta":{"_thumbnail_id_2":0,"summer_excerpt":"","season":"","station":"","footnotes":""},"class_list":["post-45257","page","type-page","status-publish","has-post-thumbnail","hentry"],"yoast_head":"<!-- This site is optimized with the Yoast SEO plugin v27.3 - https:\/\/yoast.com\/product\/yoast-seo-wordpress\/ -->\n<title>Ghiacciaio Bianco - Pays des \u00c9crins - Office de Tourisme<\/title>\n<meta name=\"robots\" content=\"index, follow, max-snippet:-1, max-image-preview:large, max-video-preview:-1\" \/>\n<link rel=\"canonical\" href=\"https:\/\/www.paysdesecrins.com\/it\/scelgo\/siti-da-non-perdere\/ghiacciaio-bianco\/\" \/>\n<meta property=\"og:locale\" content=\"it_IT\" \/>\n<meta property=\"og:type\" content=\"article\" \/>\n<meta property=\"og:title\" content=\"Ghiacciaio Bianco - Pays des \u00c9crins - Office de Tourisme\" \/>\n<meta property=\"og:description\" content=\"A 2.300 m di altitudine, il Glacier Blanc \u00e8 uno dei siti pi\u00f9 spettacolari del Parco Nazionale degli \u00c9crins. Accessibile [&hellip;]\" \/>\n<meta property=\"og:url\" content=\"https:\/\/www.paysdesecrins.com\/it\/scelgo\/siti-da-non-perdere\/ghiacciaio-bianco\/\" \/>\n<meta property=\"og:site_name\" content=\"Pays des \u00c9crins - Office de Tourisme\" \/>\n<meta property=\"article:modified_time\" content=\"2025-07-30T14:11:01+00:00\" \/>\n<meta property=\"og:image\" content=\"https:\/\/www.paysdesecrins.com\/wp-content\/uploads\/2025\/07\/161sitesdexception-glacierblanc-bivouac-pic-du-glacier-d-a-2-scaled.jpg\" \/>\n\t<meta property=\"og:image:width\" content=\"2560\" \/>\n\t<meta property=\"og:image:height\" content=\"1464\" \/>\n\t<meta property=\"og:image:type\" content=\"image\/jpeg\" \/>\n<meta name=\"twitter:card\" content=\"summary_large_image\" \/>\n<meta name=\"twitter:label1\" content=\"Tempo di lettura stimato\" \/>\n\t<meta name=\"twitter:data1\" content=\"1 minuto\" \/>\n<script type=\"application\/ld+json\" class=\"yoast-schema-graph\">{\"@context\":\"https:\\\/\\\/schema.org\",\"@graph\":[{\"@type\":\"WebPage\",\"@id\":\"https:\\\/\\\/www.paysdesecrins.com\\\/it\\\/scelgo\\\/siti-da-non-perdere\\\/ghiacciaio-bianco\\\/\",\"url\":\"https:\\\/\\\/www.paysdesecrins.com\\\/it\\\/scelgo\\\/siti-da-non-perdere\\\/ghiacciaio-bianco\\\/\",\"name\":\"Ghiacciaio Bianco - Pays des \u00c9crins - Office de Tourisme\",\"isPartOf\":{\"@id\":\"https:\\\/\\\/www.paysdesecrins.com\\\/it\\\/#website\"},\"primaryImageOfPage\":{\"@id\":\"https:\\\/\\\/www.paysdesecrins.com\\\/it\\\/scelgo\\\/siti-da-non-perdere\\\/ghiacciaio-bianco\\\/#primaryimage\"},\"image\":{\"@id\":\"https:\\\/\\\/www.paysdesecrins.com\\\/it\\\/scelgo\\\/siti-da-non-perdere\\\/ghiacciaio-bianco\\\/#primaryimage\"},\"thumbnailUrl\":\"https:\\\/\\\/www.paysdesecrins.com\\\/wp-content\\\/uploads\\\/2025\\\/07\\\/161sitesdexception-glacierblanc-bivouac-pic-du-glacier-d-a-2-scaled.jpg\",\"datePublished\":\"2025-07-21T14:34:10+00:00\",\"dateModified\":\"2025-07-30T14:11:01+00:00\",\"breadcrumb\":{\"@id\":\"https:\\\/\\\/www.paysdesecrins.com\\\/it\\\/scelgo\\\/siti-da-non-perdere\\\/ghiacciaio-bianco\\\/#breadcrumb\"},\"inLanguage\":\"it-IT\",\"potentialAction\":[{\"@type\":\"ReadAction\",\"target\":[\"https:\\\/\\\/www.paysdesecrins.com\\\/it\\\/scelgo\\\/siti-da-non-perdere\\\/ghiacciaio-bianco\\\/\"]}]},{\"@type\":\"ImageObject\",\"inLanguage\":\"it-IT\",\"@id\":\"https:\\\/\\\/www.paysdesecrins.com\\\/it\\\/scelgo\\\/siti-da-non-perdere\\\/ghiacciaio-bianco\\\/#primaryimage\",\"url\":\"https:\\\/\\\/www.paysdesecrins.com\\\/wp-content\\\/uploads\\\/2025\\\/07\\\/161sitesdexception-glacierblanc-bivouac-pic-du-glacier-d-a-2-scaled.jpg\",\"contentUrl\":\"https:\\\/\\\/www.paysdesecrins.com\\\/wp-content\\\/uploads\\\/2025\\\/07\\\/161sitesdexception-glacierblanc-bivouac-pic-du-glacier-d-a-2-scaled.jpg\",\"width\":2560,\"height\":1464},{\"@type\":\"BreadcrumbList\",\"@id\":\"https:\\\/\\\/www.paysdesecrins.com\\\/it\\\/scelgo\\\/siti-da-non-perdere\\\/ghiacciaio-bianco\\\/#breadcrumb\",\"itemListElement\":[{\"@type\":\"ListItem\",\"position\":1,\"name\":\"Accueil\",\"item\":\"https:\\\/\\\/www.paysdesecrins.com\\\/it\\\/il-titolo-della-casa\\\/\"},{\"@type\":\"ListItem\",\"position\":2,\"name\":\"Scelgo\",\"item\":\"https:\\\/\\\/www.paysdesecrins.com\\\/it\\\/scelgo\\\/\"},{\"@type\":\"ListItem\",\"position\":3,\"name\":\"Siti da non perdere\",\"item\":\"https:\\\/\\\/www.paysdesecrins.com\\\/it\\\/scelgo\\\/siti-da-non-perdere\\\/\"},{\"@type\":\"ListItem\",\"position\":4,\"name\":\"Ghiacciaio Bianco\"}]},{\"@type\":\"WebSite\",\"@id\":\"https:\\\/\\\/www.paysdesecrins.com\\\/it\\\/#website\",\"url\":\"https:\\\/\\\/www.paysdesecrins.com\\\/it\\\/\",\"name\":\"Pays des \u00c9crins - Office de Tourisme\",\"description\":\"L&#039;esprit montagne\",\"publisher\":{\"@id\":\"https:\\\/\\\/www.paysdesecrins.com\\\/it\\\/#organization\"},\"potentialAction\":[{\"@type\":\"SearchAction\",\"target\":{\"@type\":\"EntryPoint\",\"urlTemplate\":\"https:\\\/\\\/www.paysdesecrins.com\\\/it\\\/?s={search_term_string}\"},\"query-input\":{\"@type\":\"PropertyValueSpecification\",\"valueRequired\":true,\"valueName\":\"search_term_string\"}}],\"inLanguage\":\"it-IT\"},{\"@type\":\"Organization\",\"@id\":\"https:\\\/\\\/www.paysdesecrins.com\\\/it\\\/#organization\",\"name\":\"Pays des \u00c9crins - Office de Tourisme\",\"url\":\"https:\\\/\\\/www.paysdesecrins.com\\\/it\\\/\",\"logo\":{\"@type\":\"ImageObject\",\"inLanguage\":\"it-IT\",\"@id\":\"https:\\\/\\\/www.paysdesecrins.com\\\/it\\\/#\\\/schema\\\/logo\\\/image\\\/\",\"url\":\"https:\\\/\\\/www.paysdesecrins.com\\\/wp-content\\\/uploads\\\/2025\\\/06\\\/devina-svg-1750845694.svg\",\"contentUrl\":\"https:\\\/\\\/www.paysdesecrins.com\\\/wp-content\\\/uploads\\\/2025\\\/06\\\/devina-svg-1750845694.svg\",\"caption\":\"Pays des \u00c9crins - Office de Tourisme\"},\"image\":{\"@id\":\"https:\\\/\\\/www.paysdesecrins.com\\\/it\\\/#\\\/schema\\\/logo\\\/image\\\/\"}}]}<\/script>\n<!-- \/ Yoast SEO plugin. -->","yoast_head_json":{"title":"Ghiacciaio Bianco - Pays des \u00c9crins - Office de Tourisme","robots":{"index":"index","follow":"follow","max-snippet":"max-snippet:-1","max-image-preview":"max-image-preview:large","max-video-preview":"max-video-preview:-1"},"canonical":"https:\/\/www.paysdesecrins.com\/it\/scelgo\/siti-da-non-perdere\/ghiacciaio-bianco\/","og_locale":"it_IT","og_type":"article","og_title":"Ghiacciaio Bianco - Pays des \u00c9crins - Office de Tourisme","og_description":"A 2.300 m di altitudine, il Glacier Blanc \u00e8 uno dei siti pi\u00f9 spettacolari del Parco Nazionale degli \u00c9crins. Accessibile [&hellip;]","og_url":"https:\/\/www.paysdesecrins.com\/it\/scelgo\/siti-da-non-perdere\/ghiacciaio-bianco\/","og_site_name":"Pays des \u00c9crins - Office de Tourisme","article_modified_time":"2025-07-30T14:11:01+00:00","og_image":[{"width":2560,"height":1464,"url":"https:\/\/www.paysdesecrins.com\/wp-content\/uploads\/2025\/07\/161sitesdexception-glacierblanc-bivouac-pic-du-glacier-d-a-2-scaled.jpg","type":"image\/jpeg"}],"twitter_card":"summary_large_image","twitter_misc":{"Tempo di lettura stimato":"1 minuto"},"schema":{"@context":"https:\/\/schema.org","@graph":[{"@type":"WebPage","@id":"https:\/\/www.paysdesecrins.com\/it\/scelgo\/siti-da-non-perdere\/ghiacciaio-bianco\/","url":"https:\/\/www.paysdesecrins.com\/it\/scelgo\/siti-da-non-perdere\/ghiacciaio-bianco\/","name":"Ghiacciaio Bianco - Pays des \u00c9crins - Office de Tourisme","isPartOf":{"@id":"https:\/\/www.paysdesecrins.com\/it\/#website"},"primaryImageOfPage":{"@id":"https:\/\/www.paysdesecrins.com\/it\/scelgo\/siti-da-non-perdere\/ghiacciaio-bianco\/#primaryimage"},"image":{"@id":"https:\/\/www.paysdesecrins.com\/it\/scelgo\/siti-da-non-perdere\/ghiacciaio-bianco\/#primaryimage"},"thumbnailUrl":"https:\/\/www.paysdesecrins.com\/wp-content\/uploads\/2025\/07\/161sitesdexception-glacierblanc-bivouac-pic-du-glacier-d-a-2-scaled.jpg","datePublished":"2025-07-21T14:34:10+00:00","dateModified":"2025-07-30T14:11:01+00:00","breadcrumb":{"@id":"https:\/\/www.paysdesecrins.com\/it\/scelgo\/siti-da-non-perdere\/ghiacciaio-bianco\/#breadcrumb"},"inLanguage":"it-IT","potentialAction":[{"@type":"ReadAction","target":["https:\/\/www.paysdesecrins.com\/it\/scelgo\/siti-da-non-perdere\/ghiacciaio-bianco\/"]}]},{"@type":"ImageObject","inLanguage":"it-IT","@id":"https:\/\/www.paysdesecrins.com\/it\/scelgo\/siti-da-non-perdere\/ghiacciaio-bianco\/#primaryimage","url":"https:\/\/www.paysdesecrins.com\/wp-content\/uploads\/2025\/07\/161sitesdexception-glacierblanc-bivouac-pic-du-glacier-d-a-2-scaled.jpg","contentUrl":"https:\/\/www.paysdesecrins.com\/wp-content\/uploads\/2025\/07\/161sitesdexception-glacierblanc-bivouac-pic-du-glacier-d-a-2-scaled.jpg","width":2560,"height":1464},{"@type":"BreadcrumbList","@id":"https:\/\/www.paysdesecrins.com\/it\/scelgo\/siti-da-non-perdere\/ghiacciaio-bianco\/#breadcrumb","itemListElement":[{"@type":"ListItem","position":1,"name":"Accueil","item":"https:\/\/www.paysdesecrins.com\/it\/il-titolo-della-casa\/"},{"@type":"ListItem","position":2,"name":"Scelgo","item":"https:\/\/www.paysdesecrins.com\/it\/scelgo\/"},{"@type":"ListItem","position":3,"name":"Siti da non perdere","item":"https:\/\/www.paysdesecrins.com\/it\/scelgo\/siti-da-non-perdere\/"},{"@type":"ListItem","position":4,"name":"Ghiacciaio Bianco"}]},{"@type":"WebSite","@id":"https:\/\/www.paysdesecrins.com\/it\/#website","url":"https:\/\/www.paysdesecrins.com\/it\/","name":"Pays des \u00c9crins - Office de Tourisme","description":"L&#039;esprit montagne","publisher":{"@id":"https:\/\/www.paysdesecrins.com\/it\/#organization"},"potentialAction":[{"@type":"SearchAction","target":{"@type":"EntryPoint","urlTemplate":"https:\/\/www.paysdesecrins.com\/it\/?s={search_term_string}"},"query-input":{"@type":"PropertyValueSpecification","valueRequired":true,"valueName":"search_term_string"}}],"inLanguage":"it-IT"},{"@type":"Organization","@id":"https:\/\/www.paysdesecrins.com\/it\/#organization","name":"Pays des \u00c9crins - Office de Tourisme","url":"https:\/\/www.paysdesecrins.com\/it\/","logo":{"@type":"ImageObject","inLanguage":"it-IT","@id":"https:\/\/www.paysdesecrins.com\/it\/#\/schema\/logo\/image\/","url":"https:\/\/www.paysdesecrins.com\/wp-content\/uploads\/2025\/06\/devina-svg-1750845694.svg","contentUrl":"https:\/\/www.paysdesecrins.com\/wp-content\/uploads\/2025\/06\/devina-svg-1750845694.svg","caption":"Pays des \u00c9crins - Office de Tourisme"},"image":{"@id":"https:\/\/www.paysdesecrins.com\/it\/#\/schema\/logo\/image\/"}}]}},"_links":{"self":[{"href":"https:\/\/www.paysdesecrins.com\/it\/wp-json\/wp\/v2\/pages\/45257","targetHints":{"allow":["GET"]}}],"collection":[{"href":"https:\/\/www.paysdesecrins.com\/it\/wp-json\/wp\/v2\/pages"}],"about":[{"href":"https:\/\/www.paysdesecrins.com\/it\/wp-json\/wp\/v2\/types\/page"}],"author":[{"embeddable":true,"href":"https:\/\/www.paysdesecrins.com\/it\/wp-json\/wp\/v2\/users\/4"}],"replies":[{"embeddable":true,"href":"https:\/\/www.paysdesecrins.com\/it\/wp-json\/wp\/v2\/comments?post=45257"}],"version-history":[{"count":0,"href":"https:\/\/www.paysdesecrins.com\/it\/wp-json\/wp\/v2\/pages\/45257\/revisions"}],"up":[{"embeddable":true,"href":"https:\/\/www.paysdesecrins.com\/it\/wp-json\/wp\/v2\/pages\/45265"}],"wp:featuredmedia":[{"embeddable":true,"href":"https:\/\/www.paysdesecrins.com\/it\/wp-json\/wp\/v2\/media\/21333"}],"wp:attachment":[{"href":"https:\/\/www.paysdesecrins.com\/it\/wp-json\/wp\/v2\/media?parent=45257"}],"curies":[{"name":"wp","href":"https:\/\/api.w.org\/{rel}","templated":true}]}}