{"id":45539,"date":"2025-06-27T15:20:03","date_gmt":"2025-06-27T13:20:03","guid":{"rendered":"https:\/\/www.paysdesecrins.com\/domande\/"},"modified":"2025-08-11T10:56:47","modified_gmt":"2025-08-11T08:56:47","slug":"domande","status":"publish","type":"page","link":"https:\/\/www.paysdesecrins.com\/it\/domande\/","title":{"rendered":"Domande"},"content":{"rendered":"    <div class=\"alignfull wp-block-ws-library-ws-header-interne\">\n\t    <div class=\"header-container\">\n\t        <div class=\"group-media\">\n\t            \t        <\/div>\n\t        <div class=\"group-content\">\n\t            <div class=\"title\">\n\t                <h1>\n\t                    Domande\t                    \t                <\/h1>\n\t            <\/div>\n\t        <\/div>\n\t    <\/div>\n\t    \n<div class=\"yoast-breadcrumbs\"><span><span><a href=\"https:\/\/www.paysdesecrins.com\/it\/il-titolo-della-casa\/\">Accueil<\/a><\/span>  <span class=\"breadcrumb_last\" aria-current=\"page\">Domande<\/span><\/span><\/div>\n    <\/div>\n    \n<div class=\"wp-block-ws-library-ws-title aligncenter is-style-simple\"><h2><em>Gi\u00e0 alcuni<\/em> Elementi delle risposte<\/h2><\/div>\n\n<div class=\"wp-block-ws-library-ws-tabs alignfull\"><ul class=\"tabs-titles\"><li class=\"tab-title is-active\" data-tab-index=\"0\">HIVER<\/li><li class=\"tab-title\" data-tab-index=\"1\">\u00c9T\u00c9<\/li><li class=\"tab-title\" data-tab-index=\"2\">DOMAINE SKIABLE<\/li><\/ul><div class=\"tabs-list\">\n<div class=\"wp-block-ws-library-ws-tab\" style=\"display:none\"><p class=\"tab-title\">HIVER<\/p><div class=\"tab-content\">\n<p><strong>Quali sono i sentieri escursionistici?<\/strong><br\/>I sentieri segnalati sono <strong><a href=\"https:\/\/rando.paysdesecrins.com\/search?outdoorPractice=10\" target=\"_blank\" rel=\"noreferrer noopener\">disponibile qui<\/a>. <br\/><\/strong> <\/p>\n\n\n\n<p><strong>Quali attivit\u00e0 si possono fare in inverno:<\/strong><br\/>Il Pays des \u00c9crins, un territorio <strong>montano<\/strong>, \u00e8 un luogo dove \u00e8 possibile praticare tutti i tipi di attivit\u00e0 all&#8217;aria aperta.<br\/><strong>In inverno,<\/strong> due stazioni sciistiche (<a href=\"https:\/\/www.paysdesecrins.com\/it\/il-mio-resort-il-mio-villaggio\/pelvoux-vallouise-ailefroide\/\">Pelvoux-Vallouise<\/a> e <a href=\"https:\/\/www.paysdesecrins.com\/it\/il-mio-resort-il-mio-villaggio\/puy-saint-vincent\/\">Puy Saint Vincent<\/a>) e <a href=\"https:\/\/www.paysdesecrins.com\/it\/le-mie-attivita-allaperto\/sci\/\">3 aree nordiche<\/a> permettono di godere di una <strong>vacanza attiva<\/strong>. Sci, snowboard, ciaspolate, parapendio <strong>&#8230; Trova la gamma di attivit\u00e0 outdoor e indoor <a href=\"https:\/\/www.paysdesecrins.com\/it\/\"><strong>nella pagina dedicata!<\/strong><\/a><\/strong><\/p>\n\n\n\n<p>Durante tutta la stagione vengono offerte anche attivit\u00e0 settimanali! Consulta <a href=\"https:\/\/www.paysdesecrins.com\/it\/scelgo\/intrattenimento-ed-eventi\/\" target=\"_blank\" rel=\"noreferrer noopener\"><strong>la nostra agenda<\/strong><\/a> per vedere quali intrattenimenti vengono organizzati durante il tuo soggiorno. <br\/><br\/><strong>Dove trovare il tempo?<\/strong><br\/>Il meteo del giorno e di domani sulla nostra pagina live con la webcam <a href=\"https:\/\/www.paysdesecrins.com\/it\/vivere\/\">qui<\/a> !<br\/><br\/><strong>Ci sono autobus, navette, mezzi pubblici?<\/strong><br\/>Tutte le informazioni sui trasporti <strong><a href=\"https:\/\/www.paysdesecrins.com\/it\/scelgo\/accesso-e-navette\/\">QUI<\/a><\/strong><\/p>\n\n\n\n<p><strong>Quali sono i giorni di mercato nel Pays des Ecrins? <\/strong><br\/>Gioved\u00ec mattina a Vallouise-Pelvoux <br\/>Venerd\u00ec mattina a L&#8217;Argenti\u00e8re La Bess\u00e9e<\/p>\n<\/div><\/div>\n\n\n\n<div class=\"wp-block-ws-library-ws-tab\" style=\"display:none\"><p class=\"tab-title\">\u00c9T\u00c9<\/p><div class=\"tab-content\">\n<p><strong>Quali sono i sentieri escursionistici?<\/strong><br\/>I sentieri segnalati sono <strong><a href=\"https:\/\/rando.paysdesecrins.com\/search?outdoorPractice=10\" target=\"_blank\" rel=\"noreferrer noopener\">disponibile qui<\/a>. <br\/><\/strong> <\/p>\n\n\n\n<p><strong>Quali attivit\u00e0 si possono fare in estate:<\/strong><br\/>Il Pays des \u00c9crins, un territorio <strong>montano<\/strong>, \u00e8 un luogo dove \u00e8 possibile praticare tutti i tipi di attivit\u00e0 all&#8217;aria aperta.<br\/>In estate, <a href=\"https:\/\/www.paysdesecrins.com\/it\/scelgo\/siti-da-non-perdere\/\">notevoli siti naturali<\/a>, 2 \u00b0 sito alpinistico in Francia, alto luogo d&#8217;incontro per acque bianche, ciclismo, arrampicata ed escursionismo nel Parco Nazionale degli \u00c9crins, qui, hai l&#8217;imbarazzo della scelta per un soggiorno di successo in <strong>montagna!<\/strong><\/p>\n\n\n\n<p>Durante tutta la stagione vengono offerte anche attivit\u00e0 settimanali! Consulta <a href=\"https:\/\/www.paysdesecrins.com\/it\/scelgo\/intrattenimento-ed-eventi\/\" target=\"_blank\" rel=\"noreferrer noopener\"><strong>la nostra agenda<\/strong><\/a> per vedere quali intrattenimenti vengono organizzati durante il tuo soggiorno. <br\/><br\/><strong>Dove trovare il tempo?<\/strong><br\/>Il meteo del giorno e di domani sulla nostra pagina live con la webcam <a href=\"https:\/\/www.paysdesecrins.com\/it\/vivere\/\">qui<\/a> !<br\/><br\/><strong>Ci sono autobus, navette, mezzi pubblici?<\/strong><br\/>Tutte le informazioni sui trasporti <strong><a href=\"https:\/\/www.paysdesecrins.com\/it\/scelgo\/accesso-e-navette\/\">QUI<\/a><\/strong><\/p>\n\n\n\n<p><strong>Quali sono i giorni di mercato nel Pays des Ecrins? <\/strong><br\/>Gioved\u00ec mattina a Vallouise-Pelvoux <br\/>Venerd\u00ec mattina a L&#8217;Argenti\u00e8re La Bess\u00e9e<\/p>\n<\/div><\/div>\n\n\n\n<div class=\"wp-block-ws-library-ws-tab\" style=\"display:none\"><p class=\"tab-title\">COMPRENSORIO SCIISTICO<\/p><div class=\"tab-content\"><\/div><\/div>\n<\/div><\/div>\n\n<p><strong>Quali sono le date di apertura delle stazioni sciistiche?<\/strong><br\/>Tutte le informazioni sulla localit\u00e0 di <a href=\"https:\/\/www.paysdesecrins.com\/it\/il-mio-resort-il-mio-villaggio\/pelvoux-vallouise-ailefroide\/\">Pelvoux \u2013 Vallouise<\/a> e <a href=\"https:\/\/www.paysdesecrins.com\/it\/il-mio-resort-il-mio-villaggio\/puy-saint-vincent\/\">Puy Saint Vincent <\/a> <\/p>\n\n<p><strong>Quali sono i prezzi degli skipass?<\/strong><br\/><a href=\"https:\/\/ski-pelvoux.axess.shop\/fr\/Products\/Tickets\/\">Tariffe Pelvoux \u2013 Vallouise<\/a> e <a href=\"https:\/\/www.puysaintvincent.com\/forfait-ski\">Puy Saint Vincent<\/a>  <a style=\"font-weight: bold;\" href=\"https:\/\/app-v4.avizi.fr\/fichiers\/preview\/687f85eceb4a5\/39500-3839\"> <\/a><\/p>\n\n<p data-season=\"summer\">Hai una webcam? <br\/><a href=\"https:\/\/www.paysdesecrins.com\/it\/60789-2\/\">Pelvoux-Vallouise<\/a> Webcams  <br\/><a href=\"https:\/\/www.paysdesecrins.com\/it\/webcam-puy-saint-vincent\/\">Puy Saint Vincent <\/a> Webcams <br\/><\/p>\n\n<p><\/p>\n","protected":false},"excerpt":{"rendered":"<p>Quali sono le date di apertura delle stazioni sciistiche?Tutte le informazioni sulla localit\u00e0 di Pelvoux \u2013 Vallouise e Puy Saint [&hellip;]<\/p>\n","protected":false},"author":1,"featured_media":81,"parent":0,"menu_order":0,"comment_status":"closed","ping_status":"closed","template":"","meta":{"_thumbnail_id_2":0,"summer_excerpt":"","season":"","station":"","footnotes":""},"class_list":["post-45539","page","type-page","status-publish","has-post-thumbnail","hentry"],"yoast_head":"<!-- This site is optimized with the Yoast SEO plugin v27.3 - https:\/\/yoast.com\/product\/yoast-seo-wordpress\/ -->\n<title>Domande - Pays des \u00c9crins - Office de Tourisme<\/title>\n<meta name=\"robots\" content=\"index, follow, max-snippet:-1, max-image-preview:large, max-video-preview:-1\" \/>\n<link rel=\"canonical\" href=\"https:\/\/www.paysdesecrins.com\/it\/domande\/\" \/>\n<meta property=\"og:locale\" content=\"it_IT\" \/>\n<meta property=\"og:type\" content=\"article\" \/>\n<meta property=\"og:title\" content=\"Domande - Pays des \u00c9crins - Office de Tourisme\" \/>\n<meta property=\"og:description\" content=\"Quali sono le date di apertura delle stazioni sciistiche?Tutte le informazioni sulla localit\u00e0 di Pelvoux \u2013 Vallouise e Puy Saint [&hellip;]\" \/>\n<meta property=\"og:url\" content=\"https:\/\/www.paysdesecrins.com\/it\/domande\/\" \/>\n<meta property=\"og:site_name\" content=\"Pays des \u00c9crins - Office de Tourisme\" \/>\n<meta property=\"article:modified_time\" content=\"2025-08-11T08:56:47+00:00\" \/>\n<meta property=\"og:image\" content=\"https:\/\/www.paysdesecrins.com\/wp-content\/uploads\/2025\/06\/itinerance-en-raquettes-24-scaled.jpg\" \/>\n\t<meta property=\"og:image:width\" content=\"2560\" \/>\n\t<meta property=\"og:image:height\" content=\"1708\" \/>\n\t<meta property=\"og:image:type\" content=\"image\/jpeg\" \/>\n<meta name=\"twitter:card\" content=\"summary_large_image\" \/>\n<meta name=\"twitter:label1\" content=\"Tempo di lettura stimato\" \/>\n\t<meta name=\"twitter:data1\" content=\"2 minuti\" \/>\n<script type=\"application\/ld+json\" class=\"yoast-schema-graph\">{\"@context\":\"https:\\\/\\\/schema.org\",\"@graph\":[{\"@type\":\"WebPage\",\"@id\":\"https:\\\/\\\/www.paysdesecrins.com\\\/it\\\/domande\\\/\",\"url\":\"https:\\\/\\\/www.paysdesecrins.com\\\/it\\\/domande\\\/\",\"name\":\"Domande - Pays des \u00c9crins - Office de Tourisme\",\"isPartOf\":{\"@id\":\"https:\\\/\\\/www.paysdesecrins.com\\\/it\\\/#website\"},\"primaryImageOfPage\":{\"@id\":\"https:\\\/\\\/www.paysdesecrins.com\\\/it\\\/domande\\\/#primaryimage\"},\"image\":{\"@id\":\"https:\\\/\\\/www.paysdesecrins.com\\\/it\\\/domande\\\/#primaryimage\"},\"thumbnailUrl\":\"https:\\\/\\\/www.paysdesecrins.com\\\/wp-content\\\/uploads\\\/2025\\\/06\\\/itinerance-en-raquettes-24-scaled.jpg\",\"datePublished\":\"2025-06-27T13:20:03+00:00\",\"dateModified\":\"2025-08-11T08:56:47+00:00\",\"breadcrumb\":{\"@id\":\"https:\\\/\\\/www.paysdesecrins.com\\\/it\\\/domande\\\/#breadcrumb\"},\"inLanguage\":\"it-IT\",\"potentialAction\":[{\"@type\":\"ReadAction\",\"target\":[\"https:\\\/\\\/www.paysdesecrins.com\\\/it\\\/domande\\\/\"]}]},{\"@type\":\"ImageObject\",\"inLanguage\":\"it-IT\",\"@id\":\"https:\\\/\\\/www.paysdesecrins.com\\\/it\\\/domande\\\/#primaryimage\",\"url\":\"https:\\\/\\\/www.paysdesecrins.com\\\/wp-content\\\/uploads\\\/2025\\\/06\\\/itinerance-en-raquettes-24-scaled.jpg\",\"contentUrl\":\"https:\\\/\\\/www.paysdesecrins.com\\\/wp-content\\\/uploads\\\/2025\\\/06\\\/itinerance-en-raquettes-24-scaled.jpg\",\"width\":2560,\"height\":1708},{\"@type\":\"BreadcrumbList\",\"@id\":\"https:\\\/\\\/www.paysdesecrins.com\\\/it\\\/domande\\\/#breadcrumb\",\"itemListElement\":[{\"@type\":\"ListItem\",\"position\":1,\"name\":\"Accueil\",\"item\":\"https:\\\/\\\/www.paysdesecrins.com\\\/it\\\/il-titolo-della-casa\\\/\"},{\"@type\":\"ListItem\",\"position\":2,\"name\":\"Domande\"}]},{\"@type\":\"WebSite\",\"@id\":\"https:\\\/\\\/www.paysdesecrins.com\\\/it\\\/#website\",\"url\":\"https:\\\/\\\/www.paysdesecrins.com\\\/it\\\/\",\"name\":\"Pays des \u00c9crins - Office de Tourisme\",\"description\":\"L&#039;esprit montagne\",\"publisher\":{\"@id\":\"https:\\\/\\\/www.paysdesecrins.com\\\/it\\\/#organization\"},\"potentialAction\":[{\"@type\":\"SearchAction\",\"target\":{\"@type\":\"EntryPoint\",\"urlTemplate\":\"https:\\\/\\\/www.paysdesecrins.com\\\/it\\\/?s={search_term_string}\"},\"query-input\":{\"@type\":\"PropertyValueSpecification\",\"valueRequired\":true,\"valueName\":\"search_term_string\"}}],\"inLanguage\":\"it-IT\"},{\"@type\":\"Organization\",\"@id\":\"https:\\\/\\\/www.paysdesecrins.com\\\/it\\\/#organization\",\"name\":\"Pays des \u00c9crins - Office de Tourisme\",\"url\":\"https:\\\/\\\/www.paysdesecrins.com\\\/it\\\/\",\"logo\":{\"@type\":\"ImageObject\",\"inLanguage\":\"it-IT\",\"@id\":\"https:\\\/\\\/www.paysdesecrins.com\\\/it\\\/#\\\/schema\\\/logo\\\/image\\\/\",\"url\":\"https:\\\/\\\/www.paysdesecrins.com\\\/wp-content\\\/uploads\\\/2025\\\/06\\\/devina-svg-1750845694.svg\",\"contentUrl\":\"https:\\\/\\\/www.paysdesecrins.com\\\/wp-content\\\/uploads\\\/2025\\\/06\\\/devina-svg-1750845694.svg\",\"caption\":\"Pays des \u00c9crins - Office de Tourisme\"},\"image\":{\"@id\":\"https:\\\/\\\/www.paysdesecrins.com\\\/it\\\/#\\\/schema\\\/logo\\\/image\\\/\"}}]}<\/script>\n<!-- \/ Yoast SEO plugin. -->","yoast_head_json":{"title":"Domande - Pays des \u00c9crins - Office de Tourisme","robots":{"index":"index","follow":"follow","max-snippet":"max-snippet:-1","max-image-preview":"max-image-preview:large","max-video-preview":"max-video-preview:-1"},"canonical":"https:\/\/www.paysdesecrins.com\/it\/domande\/","og_locale":"it_IT","og_type":"article","og_title":"Domande - Pays des \u00c9crins - Office de Tourisme","og_description":"Quali sono le date di apertura delle stazioni sciistiche?Tutte le informazioni sulla localit\u00e0 di Pelvoux \u2013 Vallouise e Puy Saint [&hellip;]","og_url":"https:\/\/www.paysdesecrins.com\/it\/domande\/","og_site_name":"Pays des \u00c9crins - Office de Tourisme","article_modified_time":"2025-08-11T08:56:47+00:00","og_image":[{"width":2560,"height":1708,"url":"https:\/\/www.paysdesecrins.com\/wp-content\/uploads\/2025\/06\/itinerance-en-raquettes-24-scaled.jpg","type":"image\/jpeg"}],"twitter_card":"summary_large_image","twitter_misc":{"Tempo di lettura stimato":"2 minuti"},"schema":{"@context":"https:\/\/schema.org","@graph":[{"@type":"WebPage","@id":"https:\/\/www.paysdesecrins.com\/it\/domande\/","url":"https:\/\/www.paysdesecrins.com\/it\/domande\/","name":"Domande - Pays des \u00c9crins - Office de Tourisme","isPartOf":{"@id":"https:\/\/www.paysdesecrins.com\/it\/#website"},"primaryImageOfPage":{"@id":"https:\/\/www.paysdesecrins.com\/it\/domande\/#primaryimage"},"image":{"@id":"https:\/\/www.paysdesecrins.com\/it\/domande\/#primaryimage"},"thumbnailUrl":"https:\/\/www.paysdesecrins.com\/wp-content\/uploads\/2025\/06\/itinerance-en-raquettes-24-scaled.jpg","datePublished":"2025-06-27T13:20:03+00:00","dateModified":"2025-08-11T08:56:47+00:00","breadcrumb":{"@id":"https:\/\/www.paysdesecrins.com\/it\/domande\/#breadcrumb"},"inLanguage":"it-IT","potentialAction":[{"@type":"ReadAction","target":["https:\/\/www.paysdesecrins.com\/it\/domande\/"]}]},{"@type":"ImageObject","inLanguage":"it-IT","@id":"https:\/\/www.paysdesecrins.com\/it\/domande\/#primaryimage","url":"https:\/\/www.paysdesecrins.com\/wp-content\/uploads\/2025\/06\/itinerance-en-raquettes-24-scaled.jpg","contentUrl":"https:\/\/www.paysdesecrins.com\/wp-content\/uploads\/2025\/06\/itinerance-en-raquettes-24-scaled.jpg","width":2560,"height":1708},{"@type":"BreadcrumbList","@id":"https:\/\/www.paysdesecrins.com\/it\/domande\/#breadcrumb","itemListElement":[{"@type":"ListItem","position":1,"name":"Accueil","item":"https:\/\/www.paysdesecrins.com\/it\/il-titolo-della-casa\/"},{"@type":"ListItem","position":2,"name":"Domande"}]},{"@type":"WebSite","@id":"https:\/\/www.paysdesecrins.com\/it\/#website","url":"https:\/\/www.paysdesecrins.com\/it\/","name":"Pays des \u00c9crins - Office de Tourisme","description":"L&#039;esprit montagne","publisher":{"@id":"https:\/\/www.paysdesecrins.com\/it\/#organization"},"potentialAction":[{"@type":"SearchAction","target":{"@type":"EntryPoint","urlTemplate":"https:\/\/www.paysdesecrins.com\/it\/?s={search_term_string}"},"query-input":{"@type":"PropertyValueSpecification","valueRequired":true,"valueName":"search_term_string"}}],"inLanguage":"it-IT"},{"@type":"Organization","@id":"https:\/\/www.paysdesecrins.com\/it\/#organization","name":"Pays des \u00c9crins - Office de Tourisme","url":"https:\/\/www.paysdesecrins.com\/it\/","logo":{"@type":"ImageObject","inLanguage":"it-IT","@id":"https:\/\/www.paysdesecrins.com\/it\/#\/schema\/logo\/image\/","url":"https:\/\/www.paysdesecrins.com\/wp-content\/uploads\/2025\/06\/devina-svg-1750845694.svg","contentUrl":"https:\/\/www.paysdesecrins.com\/wp-content\/uploads\/2025\/06\/devina-svg-1750845694.svg","caption":"Pays des \u00c9crins - Office de Tourisme"},"image":{"@id":"https:\/\/www.paysdesecrins.com\/it\/#\/schema\/logo\/image\/"}}]}},"_links":{"self":[{"href":"https:\/\/www.paysdesecrins.com\/it\/wp-json\/wp\/v2\/pages\/45539","targetHints":{"allow":["GET"]}}],"collection":[{"href":"https:\/\/www.paysdesecrins.com\/it\/wp-json\/wp\/v2\/pages"}],"about":[{"href":"https:\/\/www.paysdesecrins.com\/it\/wp-json\/wp\/v2\/types\/page"}],"author":[{"embeddable":true,"href":"https:\/\/www.paysdesecrins.com\/it\/wp-json\/wp\/v2\/users\/1"}],"replies":[{"embeddable":true,"href":"https:\/\/www.paysdesecrins.com\/it\/wp-json\/wp\/v2\/comments?post=45539"}],"version-history":[{"count":0,"href":"https:\/\/www.paysdesecrins.com\/it\/wp-json\/wp\/v2\/pages\/45539\/revisions"}],"wp:featuredmedia":[{"embeddable":true,"href":"https:\/\/www.paysdesecrins.com\/it\/wp-json\/wp\/v2\/media\/81"}],"wp:attachment":[{"href":"https:\/\/www.paysdesecrins.com\/it\/wp-json\/wp\/v2\/media?parent=45539"}],"curies":[{"name":"wp","href":"https:\/\/api.w.org\/{rel}","templated":true}]}}