{"id":45682,"date":"2025-06-25T15:44:55","date_gmt":"2025-06-25T13:44:55","guid":{"rendered":"https:\/\/www.paysdesecrins.com\/il-mio-resort-il-mio-villaggio\/cantone-di-saint-martin-de-queyrieres\/"},"modified":"2025-08-10T15:37:23","modified_gmt":"2025-08-10T13:37:23","slug":"cantone-di-saint-martin-de-queyrieres","status":"publish","type":"page","link":"https:\/\/www.paysdesecrins.com\/it\/il-mio-resort-il-mio-villaggio\/cantone-di-saint-martin-de-queyrieres\/","title":{"rendered":"cantone di Saint-Martin-de-queyri\u00e8res"},"content":{"rendered":"    <div class=\"alignfull wp-block-ws-library-ws-header-interne\" data-season=\"summer\">\n\t    <div class=\"header-container\">\n\t        <div class=\"group-media has-image\">\n\t            \t                <img loading=\"lazy\" decoding=\"async\" width=\"1920\" height=\"800\" src=\"https:\/\/www.paysdesecrins.com\/wp-content\/uploads\/2025\/07\/191villages-oriol-de-queyrieres-14-1920x800.jpg\" alt=\"\" class=\"image_large_square wp-image-21938\" \/>\n\t            \t        <\/div>\n\t        <div class=\"group-content\">\n\t            <div class=\"title\">\n\t                <h1>\n\t                    cantone di Saint-Martin-de-queyri\u00e8res\t                    \t                <\/h1>\n\t            <\/div>\n\t        <\/div>\n\t    <\/div>\n\t    \n<div class=\"yoast-breadcrumbs\"><span><span><a href=\"https:\/\/www.paysdesecrins.com\/it\/il-titolo-della-casa\/\">Accueil<\/a><\/span>  <span><a href=\"https:\/\/www.paysdesecrins.com\/it\/ma-station-mon-village\/\">Il mio resort, il mio villaggio<\/a><\/span>  <span class=\"breadcrumb_last\" aria-current=\"page\">cantone di Saint-Martin-de-queyri\u00e8res<\/span><\/span><\/div>\n    <\/div>\n        <div class=\"alignfull wp-block-ws-library-ws-header-interne\" data-season=\"winter\">\n\t    <div class=\"header-container\">\n\t        <div class=\"group-media has-image\">\n\t            \t                <img loading=\"lazy\" decoding=\"async\" width=\"1920\" height=\"800\" src=\"https:\/\/www.paysdesecrins.com\/wp-content\/uploads\/2025\/08\/20161020-dsc06537-1920x800.jpg\" alt=\"\" class=\"image_large_square wp-image-69520\" \/>\n\t            \t        <\/div>\n\t        <div class=\"group-content\">\n\t            <div class=\"title\">\n\t                <h1>\n\t                    cantone di Saint-Martin-de-queyri\u00e8res\t                    \t                <\/h1>\n\t            <\/div>\n\t        <\/div>\n\t    <\/div>\n\t    \n<div class=\"yoast-breadcrumbs\"><span><span><a href=\"https:\/\/www.paysdesecrins.com\/it\/il-titolo-della-casa\/\">Accueil<\/a><\/span>  <span><a href=\"https:\/\/www.paysdesecrins.com\/it\/ma-station-mon-village\/\">Il mio resort, il mio villaggio<\/a><\/span>  <span class=\"breadcrumb_last\" aria-current=\"page\">cantone di Saint-Martin-de-queyri\u00e8res<\/span><\/span><\/div>\n    <\/div>\n    \n<div class=\"wp-block-ws-library-ws-title aligncenter is-style-simple\"><h2><em>CANTONE DI SAINT-MARTIN-DE-QUEYRI\u00c8RES<\/em> Tra falesie, Durance e frazioni d&#8217;alta quota<\/h2><\/div>\n\n<p class=\"has-text-align-center\">Saint-Martin-de-Queyri\u00e8res si estende per oltre <strong>55 km\u00b2<\/strong> lungo le gole della Durance, all&#8217;incrocio tra la valle di Serre Chevalier e la Vallouise. Il territorio \u00e8 composto da nove frazioni collinari (Queyri\u00e8res, Prelles, Le Villaret, Sachas, Bouchier, Villar-Meyer, Sainte-Marguerite&#8230;) dove si pu\u00f2 sentire l&#8217;anima autentica delle Alte Alpi. Dal punto di vista del patrimonio, la <strong>cappella di Saint-Hippolyte du Bouchier<\/strong> e i suoi affreschi classificati come monumento storico rivelano una decorazione pittorica datata tra la fine del XV e l&#8217;inizio del XVI secolo. Altre piccole cappelle rurali punteggiano il paesaggio, come la <strong>cappella di Saint-Jacques de Prelles<\/strong> (tappa storica del cammino di Santiago) che racconta la storia di diversi secoli di storia locale. Il <strong>sentiero commemorativo delle Routes des Espagnols<\/strong>, sviluppato di recente, ripercorre la storia dei repubblicani in esilio e la costruzione della &#8220;Route des Espagnols&#8221; (1939-1945): un&#8217;immersione in una pagina poco conosciuta della storia locale.    <\/p>\n\n<div class=\"wp-block-ws-library-ws-button has-text-align-center is-style-outline\"><a href=\"https:\/\/www.paysdesecrins.com\/it\/accesso-e-navette\/\" class=\"wp-block-button__link wp-element-button btn\">  Accesso e navette<\/a><\/div>\n\n<div class=\"wp-block-ws-library-ws-columns alignwide has-2-columns are-vertically-aligned-center layout-5050 is-style-default\" data-season=\"summer\">\n<div class=\"wp-block-ws-library-ws-column\"><div class=\"wrapper\">\n<div class=\"wp-block-ws-library-ws-title\"><h2>Parti per un&#8217;avventura<\/h2><\/div>\n\n\n\n<p>Saint-Martin-de-Queyri\u00e8res \u00e8 anche un parco giochi di avventure: escursioni a piedi, a piedi, a cavallo e in mountain bike partono dalle frazioni per esplorare la valle e i crinali circostanti. La Durance attira i kayakisti o gli appassionati di sport acquatici, e gli scalatori apprezzano il <strong>Rocher-Baron<\/strong>, un sito di allenamento in quarzite con un approccio breve, ideale sia per i principianti che per i miglioramenti. Passeggiate e itinerari a tema permettono di variare i piaceri, tra gite in famiglia e sforzi pi\u00f9 sostenuti.  <\/p>\n<\/div><\/div>\n\n\n\n<div class=\"wp-block-ws-library-ws-column\"><div class=\"wrapper\">\n<div class=\"wp-block-ws-library-ws-image\"><div class=\"wrapper\"><div class=\"group-media\"><img decoding=\"async\" src=\"https:\/\/www.paysdesecrins.com\/wp-content\/uploads\/2025\/07\/dsc03844-960x640.jpg\" alt=\"\" class=\"single_image ws-image-41637\"><div class=\"credits\"><\/div><\/div><p class=\"caption\"><\/p><\/div><\/div>\n<\/div><\/div>\n<\/div>\n\n<div class=\"wp-block-ws-library-ws-columns alignwide has-2-columns are-vertically-aligned-center layout-5050 is-style-default\" data-season=\"winter\">\n<div class=\"wp-block-ws-library-ws-column\"><div class=\"wrapper\">\n<div class=\"wp-block-ws-library-ws-title\"><h2>L&#8217;avventura invernale<\/h2><\/div>\n\n\n\n<p>In inverno, Saint-Martin-de-Queyri\u00e8res diventa un parco giochi d&#8217;avventura adatto a tutti i ritmi: <strong>ciaspole e sentieri innevati<\/strong> permettono di esplorare i crinali e le valli intorno alle frazioni, e nelle vicinanze prendono forma percorsi di <strong>sci alpinismo<\/strong> , soprattutto verso la valle del Fond Froid. Gli appassionati di <strong>arrampicata<\/strong> possono imparare o mantenere la loro tecnica sul Rocher-Baron, che rimane accessibile e soleggiato, mentre i pi\u00f9 contemplativi si divertono <strong>con le passeggiate a tema<\/strong> nel villaggio e nei suoi dintorni. \u00c8 facile alternare gite in famiglia a fatiche pi\u00f9 sostenute, con <strong>panorami invernali<\/strong> sulle valli circostanti.  <\/p>\n<\/div><\/div>\n\n\n\n<div class=\"wp-block-ws-library-ws-column\"><div class=\"wrapper\">\n<div class=\"wp-block-ws-library-ws-image\"><div class=\"wrapper\"><div class=\"group-media\"><img decoding=\"async\" src=\"https:\/\/www.paysdesecrins.com\/wp-content\/uploads\/2025\/08\/20161020-dsc05997-960x640.jpg\" alt=\"\" class=\"single_image ws-image-69439\"><div class=\"credits\"><\/div><\/div><p class=\"caption\"><\/p><\/div><\/div>\n<\/div><\/div>\n<\/div>\n\n<div class=\"wp-block-ws-library-ws-title aligncenter\"><h2>Il riboviglio di Queyri\u00e8res<\/h2><\/div>\n\n<p class=\"has-text-align-center\">L&#8217;Oriol de Queyri\u00e8res, arroccato tra i 2.000 e i 2.055 m, \u00e8 un famoso belvedere che combina escursionismo, patrimonio e una pausa rigenerante. Si raggiunge in un&#8217;ora o un&#8217;ora e mezza a piedi da Saint-Martin-de-Queyri\u00e8res: il rifugio Oriol, situato a 2.026 m, funge da punto di sosta per un drink, un pasto o per prolungare la fuga, e talvolta ospita esperienze come il &#8220;viaggio sonoro&#8221; per approfondire il legame con il paesaggio. Un po&#8217; pi\u00f9 in alto, l&#8217;oratorio del Oriol di Sainte-Marguerite e la cappella di Saint-Antoine l&#8217;ermite (datata al XVII secolo e restaurata) scandiscono la salita e aggiungono una dimensione spirituale al circuito. Il sito offre una vista libera sulla valle della Durance, sulle creste circostanti e sulle cime degli \u00c9crins, in un ambiente tranquillo accessibile agli escursionisti abituali.   <\/p>\n\n<div class=\"wp-block-ws-library-ws-banner alignfull\" data-season=\"summer\"><div class=\"wrapper\"><div class=\"group-media\"><img loading=\"lazy\" decoding=\"async\" width=\"1920\" height=\"480\" src=\"https:\/\/www.paysdesecrins.com\/wp-content\/uploads\/2025\/08\/oriol-de-queryrie-res-et-lac-de-l-oriol-76-1920x480.jpg\" alt=\"\" class=\"single_image wp-image-61150\"><\/div><\/div><\/div>\n\n<div class=\"wp-block-ws-library-ws-banner alignfull\" data-season=\"winter\"><div class=\"wrapper\"><div class=\"group-media\"><img loading=\"lazy\" decoding=\"async\" width=\"1920\" height=\"480\" src=\"https:\/\/www.paysdesecrins.com\/wp-content\/uploads\/2025\/08\/20161020-dsc06180-1920x480.jpg\" alt=\"\" class=\"single_image wp-image-69475\"><\/div><\/div><\/div>\n\n<div style=\"height:20px\" aria-hidden=\"true\" class=\"wp-block-spacer\"><\/div>\n\n<div class=\"wp-block-ws-library-ws-columns alignwide has-2-columns are-vertically-aligned-center layout-5050 is-style-background\" data-season=\"summer\">\n<div class=\"wp-block-ws-library-ws-column\"><div class=\"wrapper\">\n<div class=\"wp-block-ws-library-ws-image\"><div class=\"wrapper\"><div class=\"group-media\"><img decoding=\"async\" src=\"https:\/\/www.paysdesecrins.com\/wp-content\/uploads\/2025\/07\/07-05-25-sentier-des-espagnols-11-scaled.jpg\" alt=\"\" class=\"single_image ws-image-52040\"><div class=\"credits\"><\/div><\/div><p class=\"caption\"><\/p><\/div><\/div>\n<\/div><\/div>\n\n\n\n<div class=\"wp-block-ws-library-ws-column\"><div class=\"wrapper\">\n<div class=\"wp-block-ws-library-ws-title\"><h2>Il percorso spagnolo<\/h2><\/div>\n\n\n\n<p>A Saint-Martin-de-Queyri\u00e8res, il &#8220;percorso degli spagnoli&#8221; \u00e8 oggi commemorato da un sentiero commemorativo che ripercorre la storia dei repubblicani spagnoli esiliati dopo la Retirada del 1939. Sviluppato dall&#8217;associazione Routes Espagnoles du Grand Brian\u00e7onnais con il sostegno del comune e dell&#8217;Ufficio del Turismo, questo percorso inizia nella frazione di Villaret e passa per il sito di Pranoncelle dove tra il 1939 e il 1943 stazionavano i lavoratori spagnoli assegnati ai siti GTE (Gruppi Lavoratori Stranieri). Pannelli esplicativi scandiscono la passeggiata per raccontare il loro esilio, le loro condizioni di vita e il ruolo di queste strade in una pagina poco conosciuta della storia locale; Le visite guidate sono proposte in stagione per approfondire questo &#8220;viaggio nel tempo&#8221;.  <\/p>\n<\/div><\/div>\n<\/div>\n\n<div style=\"height:50px\" aria-hidden=\"true\" class=\"wp-block-spacer\"><\/div>\n\n<div class=\"wp-block-ws-library-ws-title aligncenter\" data-season=\"winter\"><h2><em>Un<\/em>patrimonio ricco e autentico<\/h2><\/div>\n<div class=\"alignfull alignfull wp-block-ws-library-ws-list-content\" data-season=\"winter\"><div class=\"list-items\"><div class=\"item\" data-season=\"all-seasons\"><div class=\"card  card-page\"><div class=\"group-media\"><div class=\"field-image\"><img loading=\"lazy\" decoding=\"async\" width=\"300\" height=\"450\" src=\"https:\/\/www.paysdesecrins.com\/wp-content\/uploads\/2025\/07\/19villages-vallouise-h0a4671thibautblais-300x450.jpg\" class=\"winter wp-post-image\" alt=\"\" data-season=\"winter\" srcset=\"https:\/\/www.paysdesecrins.com\/wp-content\/uploads\/2025\/07\/19villages-vallouise-h0a4671thibautblais-300x450.jpg 300w, https:\/\/www.paysdesecrins.com\/wp-content\/uploads\/2025\/07\/19villages-vallouise-h0a4671thibautblais-390x585.jpg 390w\" sizes=\"auto, (max-width: 300px) 100vw, 300px\" \/><img loading=\"lazy\" decoding=\"async\" width=\"300\" height=\"450\" src=\"https:\/\/www.paysdesecrins.com\/wp-content\/uploads\/2025\/08\/argentiere-la-bessee-11-scaled-300x450.jpg\" class=\"vivaldi-thumb summer\" alt=\"\" data-season=\"summer\" srcset=\"https:\/\/www.paysdesecrins.com\/wp-content\/uploads\/2025\/08\/argentiere-la-bessee-11-scaled-300x450.jpg 300w, https:\/\/www.paysdesecrins.com\/wp-content\/uploads\/2025\/08\/argentiere-la-bessee-11-scaled-200x300.jpg 200w, https:\/\/www.paysdesecrins.com\/wp-content\/uploads\/2025\/08\/argentiere-la-bessee-11-scaled-683x1024.jpg 683w, https:\/\/www.paysdesecrins.com\/wp-content\/uploads\/2025\/08\/argentiere-la-bessee-11-scaled-768x1152.jpg 768w, https:\/\/www.paysdesecrins.com\/wp-content\/uploads\/2025\/08\/argentiere-la-bessee-11-scaled-1024x1536.jpg 1024w, https:\/\/www.paysdesecrins.com\/wp-content\/uploads\/2025\/08\/argentiere-la-bessee-11-scaled-1366x2048.jpg 1366w, https:\/\/www.paysdesecrins.com\/wp-content\/uploads\/2025\/08\/argentiere-la-bessee-11-scaled-427x640.jpg 427w, https:\/\/www.paysdesecrins.com\/wp-content\/uploads\/2025\/08\/argentiere-la-bessee-11-scaled-390x585.jpg 390w, https:\/\/www.paysdesecrins.com\/wp-content\/uploads\/2025\/08\/argentiere-la-bessee-11-scaled.jpg 1707w\" sizes=\"auto, (max-width: 300px) 100vw, 300px\" \/><\/div><\/div><div class=\"group-content\"><div class=\"field-title\">Chiese e cappelle<\/div><\/div><div class=\"field-link\" role=\"group\" aria-label=\"Lien vers le contenu\"><a href=\"https:\/\/www.paysdesecrins.com\/it\/il-mio-desiderio-di\/scoperta\/chiese-e-cappelle\/\" class=\"cardlink\" title=\"Lire plus : Chiese e cappelle\" lang=\"it_IT\">Chiese e cappelle<\/a><\/div><\/div><\/div><div class=\"item\" data-season=\"all-seasons\"><div class=\"card  card-page\"><div class=\"group-media\"><div class=\"field-image\"><img loading=\"lazy\" decoding=\"async\" width=\"300\" height=\"450\" src=\"https:\/\/www.paysdesecrins.com\/wp-content\/uploads\/2025\/07\/1615543221-1675546391-300x450.jpg\" class=\"winter all-seasons wp-post-image\" alt=\"\" data-season=\"all-seasons\" srcset=\"https:\/\/www.paysdesecrins.com\/wp-content\/uploads\/2025\/07\/1615543221-1675546391-300x450.jpg 300w, https:\/\/www.paysdesecrins.com\/wp-content\/uploads\/2025\/07\/1615543221-1675546391-390x585.jpg 390w\" sizes=\"auto, (max-width: 300px) 100vw, 300px\" \/><\/div><\/div><div class=\"group-content\"><div class=\"field-title\">Il laboratorio di storia<\/div><\/div><div class=\"field-link\" role=\"group\" aria-label=\"Lien vers le contenu\"><a href=\"https:\/\/www.paysdesecrins.com\/it\/il-mio-desiderio-di\/scoperta\/laboratorio-di-storia\/\" class=\"cardlink\" title=\"Lire plus : Il laboratorio di storia\" lang=\"it_IT\">Il laboratorio di storia<\/a><\/div><\/div><\/div><div class=\"item\" data-season=\"all-seasons\"><div class=\"card  card-page\"><div class=\"group-media\"><div class=\"field-image\"><img loading=\"lazy\" decoding=\"async\" width=\"300\" height=\"450\" src=\"https:\/\/www.paysdesecrins.com\/wp-content\/uploads\/2025\/07\/1653302467-1032754390-300x450.jpg\" class=\"winter all-seasons wp-post-image\" alt=\"\" data-season=\"all-seasons\" srcset=\"https:\/\/www.paysdesecrins.com\/wp-content\/uploads\/2025\/07\/1653302467-1032754390-300x450.jpg 300w, https:\/\/www.paysdesecrins.com\/wp-content\/uploads\/2025\/07\/1653302467-1032754390-390x585.jpg 390w\" sizes=\"auto, (max-width: 300px) 100vw, 300px\" \/><\/div><\/div><div class=\"group-content\"><div class=\"field-title\">I Valdesi <strong>dei Paesi degli \u00c9crins<\/strong><\/div><\/div><div class=\"field-link\" role=\"group\" aria-label=\"Lien vers le contenu\"><a href=\"https:\/\/www.paysdesecrins.com\/it\/il-mio-desiderio-di\/scoperta\/i-valdesi-del-pays-des-ecrins\/\" class=\"cardlink\" title=\"Lire plus : I Valdesi dei Paesi degli \u00c9crins\" lang=\"it_IT\">I Valdesi dei Paesi degli \u00c9crins<\/a><\/div><\/div><\/div><\/div><\/div>\n<div class=\"wp-block-ws-library-ws-title aligncenter\" data-season=\"summer\"><h2><em>Micro-avventure<\/em>per tutti i desideri<\/h2><\/div>\n<div class=\"alignfull alignfull wp-block-ws-library-ws-list-content\" data-season=\"summer\"><div class=\"list-items\"><div class=\"item\" data-season=\"all-seasons\"><div class=\"card  card-page\"><div class=\"group-media\"><div class=\"field-image\"><img loading=\"lazy\" decoding=\"async\" width=\"300\" height=\"450\" src=\"https:\/\/www.paysdesecrins.com\/wp-content\/uploads\/2025\/07\/capture-decran-2025-07-25-a-104653-300x450.png\" class=\"winter all-seasons wp-post-image\" alt=\"\" data-season=\"all-seasons\" \/><\/div><\/div><div class=\"group-content\"><div class=\"field-title\">Due giorni di avventura nel Pays des \u00c9crins<\/div><\/div><div class=\"field-link\" role=\"group\" aria-label=\"Lien vers le contenu\"><a href=\"https:\/\/www.paysdesecrins.com\/it\/il-mio-desiderio-di\/montagna\/due-giorni-di-avventura-nel-pays-des-ecrins\/\" class=\"cardlink\" title=\"Lire plus : Due giorni di avventura nel Pays des \u00c9crins\" lang=\"it_IT\">Due giorni di avventura nel Pays des \u00c9crins<\/a><\/div><\/div><\/div><div class=\"item\" data-season=\"all-seasons\"><div class=\"card  card-page\"><div class=\"group-media\"><div class=\"field-image\"><img loading=\"lazy\" decoding=\"async\" width=\"300\" height=\"200\" src=\"https:\/\/www.paysdesecrins.com\/wp-content\/uploads\/2025\/06\/bivouac-au-tuckett-65.jpg\" class=\"winter all-seasons wp-post-image\" alt=\"\" data-season=\"all-seasons\" srcset=\"https:\/\/www.paysdesecrins.com\/wp-content\/uploads\/2025\/06\/bivouac-au-tuckett-65.jpg 1600w, https:\/\/www.paysdesecrins.com\/wp-content\/uploads\/2025\/06\/bivouac-au-tuckett-65-300x200.jpg 300w, https:\/\/www.paysdesecrins.com\/wp-content\/uploads\/2025\/06\/bivouac-au-tuckett-65-1024x683.jpg 1024w, https:\/\/www.paysdesecrins.com\/wp-content\/uploads\/2025\/06\/bivouac-au-tuckett-65-768x512.jpg 768w, https:\/\/www.paysdesecrins.com\/wp-content\/uploads\/2025\/06\/bivouac-au-tuckett-65-1536x1024.jpg 1536w, https:\/\/www.paysdesecrins.com\/wp-content\/uploads\/2025\/06\/bivouac-au-tuckett-65-960x640.jpg 960w\" sizes=\"auto, (max-width: 300px) 100vw, 300px\" \/><\/div><\/div><div class=\"group-content\"><div class=\"field-title\">Laghi d&#039;alta quota<\/div><\/div><div class=\"field-link\" role=\"group\" aria-label=\"Lien vers le contenu\"><a href=\"https:\/\/www.paysdesecrins.com\/it\/scelgo\/siti-da-non-perdere\/laghi-dalta-quota\/\" class=\"cardlink\" title=\"Lire plus : Laghi d&#039;alta quota\" lang=\"it_IT\">Laghi d&#039;alta quota<\/a><\/div><\/div><\/div><div class=\"item\" data-season=\"all-seasons\"><div class=\"card  card-page\"><div class=\"group-media\"><div class=\"field-image\"><img loading=\"lazy\" decoding=\"async\" width=\"300\" height=\"450\" src=\"https:\/\/www.paysdesecrins.com\/wp-content\/uploads\/2025\/07\/dsc00616-300x450.jpg\" class=\"winter all-seasons wp-post-image\" alt=\"\" data-season=\"all-seasons\" srcset=\"https:\/\/www.paysdesecrins.com\/wp-content\/uploads\/2025\/07\/dsc00616-300x450.jpg 300w, https:\/\/www.paysdesecrins.com\/wp-content\/uploads\/2025\/07\/dsc00616-390x585.jpg 390w\" sizes=\"auto, (max-width: 300px) 100vw, 300px\" \/><\/div><\/div><div class=\"group-content\"><div class=\"field-title\">Equitazione<\/div><\/div><div class=\"field-link\" role=\"group\" aria-label=\"Lien vers le contenu\"><a href=\"https:\/\/www.paysdesecrins.com\/it\/le-mie-attivita-allaperto\/equitazione\/\" class=\"cardlink\" title=\"Lire plus : Equitazione\" lang=\"it_IT\">Equitazione<\/a><\/div><\/div><\/div><div class=\"item\" data-season=\"all-seasons\"><div class=\"card  card-page\"><div class=\"group-media\"><div class=\"field-image\"><img loading=\"lazy\" decoding=\"async\" width=\"300\" height=\"450\" src=\"https:\/\/www.paysdesecrins.com\/wp-content\/uploads\/2025\/07\/dsc05066-300x450.webp\" class=\"winter all-seasons wp-post-image\" alt=\"\" data-season=\"all-seasons\" srcset=\"https:\/\/www.paysdesecrins.com\/wp-content\/uploads\/2025\/07\/dsc05066-300x450.webp 300w, https:\/\/www.paysdesecrins.com\/wp-content\/uploads\/2025\/07\/dsc05066-390x585.webp 390w\" sizes=\"auto, (max-width: 300px) 100vw, 300px\" \/><\/div><\/div><div class=\"group-content\"><div class=\"field-title\">Avventura in famiglia negli \u00c9crins<\/div><\/div><div class=\"field-link\" role=\"group\" aria-label=\"Lien vers le contenu\"><a href=\"https:\/\/www.paysdesecrins.com\/it\/il-mio-desiderio-di\/scoperta\/avventura-in-famiglia-nei-gioielli\/\" class=\"cardlink\" title=\"Lire plus : Avventura in famiglia negli \u00c9crins\" lang=\"it_IT\">Avventura in famiglia negli \u00c9crins<\/a><\/div><\/div><\/div><\/div><\/div>\n<div class=\"wp-block-ws-library-ws-button has-text-align-center\" data-season=\"summer\"><a href=\"https:\/\/www.paysdesecrins.com\/it\/63849-2\/\" class=\"wp-block-button__link wp-element-button btn\">  Tutte le esperienze<\/a><\/div>\n\n<div style=\"height:82px\" aria-hidden=\"true\" class=\"wp-block-spacer\"><\/div>\n\n<div class=\"wp-block-ws-library-ws-title\"><h2><em>Animazioni ed eventi<\/em> che scandiscono le tue stagioni<\/h2><\/div>\n\n<div class=\"wp-block-ws-library-ws-banner alignwide\"><div class=\"wrapper\"><div class=\"group-media\"><img loading=\"lazy\" decoding=\"async\" width=\"2560\" height=\"1707\" src=\"https:\/\/www.paysdesecrins.com\/wp-content\/uploads\/2025\/07\/07-05-25-sentier-des-espagnols-11-scaled.jpg\" alt=\"\" class=\"single_image wp-image-52040\" srcset=\"https:\/\/www.paysdesecrins.com\/wp-content\/uploads\/2025\/07\/07-05-25-sentier-des-espagnols-11-scaled.jpg 2560w, https:\/\/www.paysdesecrins.com\/wp-content\/uploads\/2025\/07\/07-05-25-sentier-des-espagnols-11-scaled-300x200.jpg 300w, https:\/\/www.paysdesecrins.com\/wp-content\/uploads\/2025\/07\/07-05-25-sentier-des-espagnols-11-scaled-1024x683.jpg 1024w, https:\/\/www.paysdesecrins.com\/wp-content\/uploads\/2025\/07\/07-05-25-sentier-des-espagnols-11-scaled-768x512.jpg 768w, https:\/\/www.paysdesecrins.com\/wp-content\/uploads\/2025\/07\/07-05-25-sentier-des-espagnols-11-scaled-1536x1024.jpg 1536w, https:\/\/www.paysdesecrins.com\/wp-content\/uploads\/2025\/07\/07-05-25-sentier-des-espagnols-11-scaled-2048x1366.jpg 2048w, https:\/\/www.paysdesecrins.com\/wp-content\/uploads\/2025\/07\/07-05-25-sentier-des-espagnols-11-scaled-960x640.jpg 960w\" sizes=\"auto, (max-width: 2560px) 100vw, 2560px\" \/><\/div>\n<div class=\"group-content\"><p class=\"has-text-align-center\">Il calendario delle attivit\u00e0 e degli eventi cambia con le stagioni, controllali regolarmente per gli aggiornamenti.<\/p><\/div>\n<\/div><\/div>\n\n<div class=\"wp-block-ws-library-ws-tabs alignfull\"><ul class=\"tabs-titles\"><li class=\"tab-title is-active\" data-tab-index=\"0\">ANIMATION<\/li><li class=\"tab-title\" data-tab-index=\"1\">ACTIVIT\u00c9S<\/li><\/ul><div class=\"tabs-list\">\n<div class=\"wp-block-ws-library-ws-tab\" style=\"display:none\"><p class=\"tab-title\">ANIMATION<\/p><div class=\"tab-content\"><div id=\"listing_d864b\" data-observer-wishlist data-attributes='listing-avance {\"selectedSelectionIds\":[\"189088\"],\"defaultImage\":\"https:\\\/\\\/www.paysdesecrins.com\\\/wp-content\\\/uploads\\\/2025\\\/06\\\/paysdesecrins.png\",\"isPaginated\":true,\"perPage\":3,\"isPortrait\":false,\"isImageContain\":false,\"showCommune\":true,\"selectedFacets\":[],\"showMap\":false,\"sortOrder\":\"random\",\"showType\":false,\"columnsCount\":\"2-3-3\",\"showActiveFacets\":false,\"showGeolocalisation\":false,\"isLimited\":false,\"season\":\"\",\"align\":\"wide\"}' class=\"ws-listing wp-block-ws-apidae-library-listing-avance alignwide\" data-map-id=\"map_d864b\" data-locations-id=\"locations-data_d864b\"><div class=\"facetwp-template\"><div class=\"list-container active\"><p class=\"error ws-apidae-empty-list\">Nessuna attrazione turistica in vista. Forse il nostro sito si sta prendendo un pisolino&#8230; <\/p><\/div><\/div><\/div>\n\n\n<div class=\"wp-block-ws-library-ws-button has-text-align-center is-style-outline\"><a href=\"https:\/\/www.paysdesecrins.com\/it\/scelgo\/intrattenimento-ed-eventi\/\" class=\"wp-block-button__link wp-element-button btn\">  Tutti gli eventi e gli intrattenimenti<\/a><\/div>\n<\/div><\/div>\n\n\n\n<div class=\"wp-block-ws-library-ws-tab\" style=\"display:none\"><p class=\"tab-title\">ACTIVIT\u00c9S<\/p><div class=\"tab-content\"><div id=\"listing_85349\" data-observer-wishlist data-attributes='listing-avance {\"selectedSelectionIds\":[\"189086\"],\"defaultImage\":\"https:\\\/\\\/www.paysdesecrins.com\\\/wp-content\\\/uploads\\\/2025\\\/06\\\/paysdesecrins.png\",\"isPaginated\":true,\"perPage\":3,\"isPortrait\":false,\"isImageContain\":false,\"showCommune\":true,\"selectedFacets\":[],\"showMap\":false,\"sortOrder\":\"random\",\"showType\":false,\"columnsCount\":\"2-3-3\",\"showActiveFacets\":false,\"showGeolocalisation\":false,\"isLimited\":false,\"season\":\"\",\"align\":\"wide\"}' class=\"ws-listing wp-block-ws-apidae-library-listing-avance alignwide\" data-map-id=\"map_85349\" data-locations-id=\"locations-data_85349\"><div class=\"facetwp-template\"><div class=\"list-container active\"><div class=\"list-items\"><div class=\"item\" data-season=\"all-seasons\"><div class=\"card card-apidae card-avance\"><div class=\"group-actions\"><ws-wishlist data-type=\"flag\" data-action=\"add\" data-wish-id=\"506163\" data-wish-type=\"apidae\"><\/ws-wishlist><\/div><div class=\"group-media\"><div class=\"field-image\"><img decoding=\"async\" src=\"https:\/\/images.weserv.nl\/?url=https:\/\/static.apidae-tourisme.com\/filestore\/objets-touristiques\/images\/107\/149\/20092267-diaporama.jpg&#038;w=350&#038;h=350&#038;fit=cover&#038;output=webp&#038;q=45\" alt=\"Rafiki Rafting\"\/><\/div><\/div><div class=\"group-top\"><div class=\"field-commune\">Saint-Martin-de-Queyri\u00e8res<\/div><ws-apidae-from-price data-apidae-id=\"506163\" ><\/ws-apidae-from-price><\/div><div class=\"group-content\"><div class=\"field-title\">Rafiki Rafting<\/div><\/div><div class=\"field-link\" role=\"group\" aria-label=\"Lien vers le contenu\"><a href=\"https:\/\/www.paysdesecrins.com\/it\/fiche\/rafiki-rafting-4\/\" class=\"cardlink\" title=\"Lire plus : Rafiki Rafting\" lang=\"it_IT\">Rafiki Rafting<\/a><\/div><\/div><\/div><div class=\"item\" data-season=\"all-seasons\"><div class=\"card card-apidae card-avance\"><div class=\"group-actions\"><ws-wishlist data-type=\"flag\" data-action=\"add\" data-wish-id=\"6086881\" data-wish-type=\"apidae\"><\/ws-wishlist><\/div><div class=\"group-media\"><div class=\"field-image\"><img decoding=\"async\" src=\"https:\/\/images.weserv.nl\/?url=https:\/\/static.apidae-tourisme.com\/filestore\/objets-touristiques\/images\/119\/145\/13013367-diaporama.jpg&#038;w=350&#038;h=350&#038;fit=cover&#038;output=webp&#038;q=45\" alt=\"Observatoire astronomique Le Pas du Loup\"\/><\/div><\/div><div class=\"group-top\"><div class=\"field-commune\">Saint-Martin-de-Queyri\u00e8res<\/div><ws-apidae-from-price data-apidae-id=\"6086881\" ><\/ws-apidae-from-price><\/div><div class=\"group-content\"><div class=\"field-title\">Observatoire astronomique Le Pas du Loup<\/div><\/div><div class=\"field-link\" role=\"group\" aria-label=\"Lien vers le contenu\"><a href=\"https:\/\/www.paysdesecrins.com\/it\/fiche\/observatoire-astronomique-le-pas-du-loup-4\/\" class=\"cardlink\" title=\"Lire plus : Observatoire astronomique Le Pas du Loup\" lang=\"it_IT\">Observatoire astronomique Le Pas du Loup<\/a><\/div><\/div><\/div><div class=\"item\" data-season=\"all-seasons\"><div class=\"card card-apidae card-avance\"><div class=\"group-actions\"><ws-wishlist data-type=\"flag\" data-action=\"add\" data-wish-id=\"5138785\" data-wish-type=\"apidae\"><\/ws-wishlist><\/div><div class=\"group-media\"><div class=\"field-image\"><img decoding=\"async\" src=\"https:\/\/images.weserv.nl\/?url=https:\/\/static.apidae-tourisme.com\/filestore\/objets-touristiques\/images\/221\/54\/22755037-diaporama.jpg&#038;w=350&#038;h=350&#038;fit=cover&#038;output=webp&#038;q=45\" alt=\"Marche nordique avec \u00c9lodie Larive\"\/><\/div><\/div><div class=\"group-top\"><div class=\"field-book\">Prenotabile online<\/div><div class=\"field-commune\">L&#039;Argenti\u00e8re-la-Bess\u00e9e<\/div><ws-apidae-from-price data-apidae-id=\"5138785\" ><\/ws-apidae-from-price><\/div><div class=\"group-content\"><div class=\"field-title\">Marche nordique avec \u00c9lodie Larive<\/div><\/div><div class=\"field-link\" role=\"group\" aria-label=\"Lien vers le contenu\"><a href=\"https:\/\/www.paysdesecrins.com\/it\/fiche\/marche-nordique-avec-elodie-larive-3\/\" class=\"cardlink\" title=\"Lire plus : Marche nordique avec \u00c9lodie Larive\" lang=\"it_IT\">Marche nordique avec \u00c9lodie Larive<\/a><\/div><\/div><\/div><div id=\"locations-data_85349\" style=\"display: none;\">{&quot;locations&quot;:[{&quot;lat&quot;:&quot;44.856451&quot;,&quot;lng&quot;:&quot;6.589654&quot;,&quot;title&quot;:&quot;Rafiki Rafting&quot;,&quot;permalink&quot;:&quot;https:\\\/\\\/www.paysdesecrins.com\\\/it\\\/fiche\\\/rafiki-rafting-4\\\/&quot;,&quot;type&quot;:&quot;commerce_et_service&quot;,&quot;commune&quot;:&quot;Saint-Martin-de-Queyri\\u00e8res&quot;,&quot;type_commerce&quot;:&quot;&quot;,&quot;image&quot;:&quot;https:\\\/\\\/static.apidae-tourisme.com\\\/filestore\\\/objets-touristiques\\\/images\\\/107\\\/149\\\/20092267-diaporama.jpg&quot;,&quot;image_width&quot;:&quot;350&quot;,&quot;image_height&quot;:&quot;350&quot;,&quot;image_fit&quot;:&quot;cover&quot;},{&quot;lat&quot;:&quot;44.830367&quot;,&quot;lng&quot;:&quot;6.564162&quot;,&quot;title&quot;:&quot;Observatoire astronomique Le Pas du Loup&quot;,&quot;permalink&quot;:&quot;https:\\\/\\\/www.paysdesecrins.com\\\/it\\\/fiche\\\/observatoire-astronomique-le-pas-du-loup-4\\\/&quot;,&quot;type&quot;:&quot;commerce_et_service&quot;,&quot;commune&quot;:&quot;Saint-Martin-de-Queyri\\u00e8res&quot;,&quot;type_commerce&quot;:&quot;&quot;,&quot;image&quot;:&quot;https:\\\/\\\/static.apidae-tourisme.com\\\/filestore\\\/objets-touristiques\\\/images\\\/119\\\/145\\\/13013367-diaporama.jpg&quot;,&quot;image_width&quot;:&quot;350&quot;,&quot;image_height&quot;:&quot;350&quot;,&quot;image_fit&quot;:&quot;cover&quot;},{&quot;lat&quot;:&quot;44.818439&quot;,&quot;lng&quot;:&quot;6.487274&quot;,&quot;title&quot;:&quot;Marche nordique avec \\u00c9lodie Larive&quot;,&quot;permalink&quot;:&quot;https:\\\/\\\/www.paysdesecrins.com\\\/it\\\/fiche\\\/marche-nordique-avec-elodie-larive-3\\\/&quot;,&quot;type&quot;:&quot;commerce_et_service&quot;,&quot;commune&quot;:&quot;L&#039;Argenti\\u00e8re-la-Bess\\u00e9e&quot;,&quot;type_commerce&quot;:&quot;&quot;,&quot;image&quot;:&quot;https:\\\/\\\/static.apidae-tourisme.com\\\/filestore\\\/objets-touristiques\\\/images\\\/221\\\/54\\\/22755037-diaporama.jpg&quot;,&quot;image_width&quot;:&quot;350&quot;,&quot;image_height&quot;:&quot;350&quot;,&quot;image_fit&quot;:&quot;cover&quot;}],&quot;center_lat&quot;:&quot;44.856451&quot;,&quot;center_lng&quot;:&quot;6.589654&quot;}<\/div><\/div><\/div><\/div><\/div>\n\n\n<div class=\"wp-block-ws-library-ws-button has-text-align-center is-style-outline\"><a href=\"https:\/\/www.paysdesecrins.com\/it\/scelgo\/attivita-e-materiali\/attivita\/\" class=\"wp-block-button__link wp-element-button btn\">  Tutti i fornitori di attivit\u00e0<\/a><\/div>\n<\/div><\/div>\n<\/div><\/div>\n\n<div style=\"height:60px\" aria-hidden=\"true\" class=\"wp-block-spacer\"><\/div>\n\n<div class=\"wp-block-ws-library-ws-title\"><h2><em>Tutto ci\u00f2 di cui hai bisogno <\/em>DURANTE IL SOGGIORNO<\/h2><\/div>\n\n<div class=\"wp-block-ws-library-ws-tabs alignfull\"><ul class=\"tabs-titles\"><li class=\"tab-title is-active\" data-tab-index=\"0\">COMMERCES<\/li><li class=\"tab-title\" data-tab-index=\"1\">SERVICES<\/li><li class=\"tab-title\" data-tab-index=\"2\">RESTAURANTS<\/li><li class=\"tab-title\" data-tab-index=\"3\">H\u00c9BERGEMENTS<\/li><\/ul><div class=\"tabs-list\">\n<div class=\"wp-block-ws-library-ws-tab\" style=\"display:none\"><p class=\"tab-title\">COMMERCES<\/p><div class=\"tab-content\"><div id=\"listing_29a80\" data-observer-wishlist data-attributes='listing-avance {\"selectedSelectionIds\":[\"189089\"],\"defaultImage\":\"https:\\\/\\\/www.paysdesecrins.com\\\/wp-content\\\/uploads\\\/2025\\\/06\\\/paysdesecrins.png\",\"isPaginated\":true,\"perPage\":3,\"isPortrait\":false,\"isImageContain\":false,\"showCommune\":true,\"selectedFacets\":[],\"showMap\":false,\"sortOrder\":\"random\",\"showType\":false,\"columnsCount\":\"2-3-3\",\"showActiveFacets\":false,\"showGeolocalisation\":false,\"isLimited\":false,\"season\":\"\",\"align\":\"wide\"}' class=\"ws-listing wp-block-ws-apidae-library-listing-avance alignwide\" data-map-id=\"map_29a80\" data-locations-id=\"locations-data_29a80\"><div class=\"facetwp-template\"><div class=\"list-container active\"><div class=\"list-items\"><div class=\"item\" data-season=\"all-seasons\"><div class=\"card card-apidae card-avance\"><div class=\"group-actions\"><ws-wishlist data-type=\"flag\" data-action=\"add\" data-wish-id=\"623790\" data-wish-type=\"apidae\"><\/ws-wishlist><\/div><div class=\"group-media\"><div class=\"field-image\"><img decoding=\"async\" src=\"https:\/\/images.weserv.nl\/?url=https:\/\/www.paysdesecrins.com\/wp-content\/uploads\/2025\/06\/paysdesecrins.png&#038;w=350&#038;h=350&#038;fit=cover&#038;output=webp&#038;q=45\" alt=\"Ressourcerie &#8220;La Miraille&#8221;\"\/><\/div><\/div><div class=\"group-top\"><div class=\"field-commune\">Saint-Martin-de-Queyri\u00e8res<\/div><ws-apidae-from-price data-apidae-id=\"623790\" ><\/ws-apidae-from-price><\/div><div class=\"group-content\"><div class=\"field-title\">Ressourcerie &#8220;La Miraille&#8221;<\/div><\/div><div class=\"field-link\" role=\"group\" aria-label=\"Lien vers le contenu\"><a href=\"https:\/\/www.paysdesecrins.com\/it\/fiche\/ressourcerie-la-miraille-4\/\" class=\"cardlink\" title=\"Lire plus : Ressourcerie &#8220;La Miraille&#8221;\" lang=\"it_IT\">Ressourcerie &#8220;La Miraille&#8221;<\/a><\/div><\/div><\/div><div class=\"item\" data-season=\"all-seasons\"><div class=\"card card-apidae card-avance\"><div class=\"group-actions\"><ws-wishlist data-type=\"flag\" data-action=\"add\" data-wish-id=\"6818914\" data-wish-type=\"apidae\"><\/ws-wishlist><\/div><div class=\"group-media\"><div class=\"field-image\"><img decoding=\"async\" src=\"https:\/\/images.weserv.nl\/?url=https:\/\/static.apidae-tourisme.com\/filestore\/objets-touristiques\/images\/133\/114\/21394053-diaporama.jpg&#038;w=350&#038;h=350&#038;fit=cover&#038;output=webp&#038;q=45\" alt=\"March\u00e9 de producteurs locaux\"\/><\/div><\/div><div class=\"group-top\"><div class=\"field-commune\">Saint-Martin-de-Queyri\u00e8res<\/div><ws-apidae-from-price data-apidae-id=\"6818914\" ><\/ws-apidae-from-price><\/div><div class=\"group-content\"><div class=\"field-title\">March\u00e9 de producteurs locaux<\/div><\/div><div class=\"field-link\" role=\"group\" aria-label=\"Lien vers le contenu\"><a href=\"https:\/\/www.paysdesecrins.com\/it\/fiche\/marche-de-producteurs-locaux-4\/\" class=\"cardlink\" title=\"Lire plus : March\u00e9 de producteurs locaux\" lang=\"it_IT\">March\u00e9 de producteurs locaux<\/a><\/div><\/div><\/div><div id=\"locations-data_29a80\" style=\"display: none;\">{&quot;locations&quot;:[{&quot;lat&quot;:&quot;44.845467&quot;,&quot;lng&quot;:&quot;6.58349&quot;,&quot;title&quot;:&quot;Ressourcerie &#8220;La Miraille&#8221;&quot;,&quot;permalink&quot;:&quot;https:\\\/\\\/www.paysdesecrins.com\\\/it\\\/fiche\\\/ressourcerie-la-miraille-4\\\/&quot;,&quot;type&quot;:&quot;commerce_et_service&quot;,&quot;commune&quot;:&quot;Saint-Martin-de-Queyri\\u00e8res&quot;,&quot;type_commerce&quot;:&quot;&quot;,&quot;image&quot;:&quot;https:\\\/\\\/www.paysdesecrins.com\\\/wp-content\\\/uploads\\\/2025\\\/06\\\/paysdesecrins.png&quot;,&quot;image_width&quot;:&quot;350&quot;,&quot;image_height&quot;:&quot;350&quot;,&quot;image_fit&quot;:&quot;cover&quot;}],&quot;center_lat&quot;:&quot;44.845467&quot;,&quot;center_lng&quot;:&quot;6.58349&quot;}<\/div><\/div><\/div><\/div><\/div>\n\n\n<div class=\"wp-block-ws-library-ws-button has-text-align-center is-style-outline\"><a href=\"https:\/\/www.paysdesecrins.com\/it\/negozi-e-servizi\/negozi\/\" class=\"wp-block-button__link wp-element-button btn\">  TUTTI I NEGOZI<\/a><\/div>\n<\/div><\/div>\n\n\n\n<div class=\"wp-block-ws-library-ws-tab\" style=\"display:none\"><p class=\"tab-title\">SERVICES<\/p><div class=\"tab-content\"><div id=\"listing_ecaa4\" data-observer-wishlist data-attributes='listing-avance {\"selectedSelectionIds\":[\"189091\"],\"defaultImage\":\"https:\\\/\\\/www.paysdesecrins.com\\\/wp-content\\\/uploads\\\/2025\\\/06\\\/paysdesecrins.png\",\"isPaginated\":true,\"perPage\":3,\"isPortrait\":false,\"isImageContain\":false,\"showCommune\":true,\"selectedFacets\":[],\"showMap\":false,\"sortOrder\":\"random\",\"showType\":false,\"columnsCount\":\"2-3-3\",\"showActiveFacets\":false,\"showGeolocalisation\":false,\"isLimited\":false,\"season\":\"\",\"align\":\"wide\"}' class=\"ws-listing wp-block-ws-apidae-library-listing-avance alignwide\" data-map-id=\"map_ecaa4\" data-locations-id=\"locations-data_ecaa4\"><div class=\"facetwp-template\"><div class=\"list-container active\"><div class=\"list-items\"><div class=\"item\" data-season=\"all-seasons\"><div class=\"card card-apidae card-avance\"><div class=\"group-actions\"><ws-wishlist data-type=\"flag\" data-action=\"add\" data-wish-id=\"7136526\" data-wish-type=\"apidae\"><\/ws-wishlist><\/div><div class=\"group-media\"><div class=\"field-image\"><img decoding=\"async\" src=\"https:\/\/images.weserv.nl\/?url=https:\/\/static.apidae-tourisme.com\/filestore\/objets-touristiques\/images\/4\/64\/26296324-diaporama.jpg&#038;w=350&#038;h=350&#038;fit=cover&#038;output=webp&#038;q=45\" alt=\"Ost\u00e9opathie et hypnose, Emilie JOOS\"\/><\/div><\/div><div class=\"group-top\"><div class=\"field-commune\">Saint-Martin-de-Queyri\u00e8res<\/div><ws-apidae-from-price data-apidae-id=\"7136526\" ><\/ws-apidae-from-price><\/div><div class=\"group-content\"><div class=\"field-title\">Ost\u00e9opathie et hypnose, Emilie JOOS<\/div><\/div><div class=\"field-link\" role=\"group\" aria-label=\"Lien vers le contenu\"><a href=\"https:\/\/www.paysdesecrins.com\/it\/fiche\/osteopathie-et-hypnose-emilie-joos-4\/\" class=\"cardlink\" title=\"Lire plus : Ost\u00e9opathie et hypnose, Emilie JOOS\" lang=\"it_IT\">Ost\u00e9opathie et hypnose, Emilie JOOS<\/a><\/div><\/div><\/div><div class=\"item\" data-season=\"all-seasons\"><div class=\"card card-apidae card-avance\"><div class=\"group-actions\"><ws-wishlist data-type=\"flag\" data-action=\"add\" data-wish-id=\"7159259\" data-wish-type=\"apidae\"><\/ws-wishlist><\/div><div class=\"group-media\"><div class=\"field-image\"><img decoding=\"async\" src=\"https:\/\/images.weserv.nl\/?url=https:\/\/static.apidae-tourisme.com\/filestore\/objets-touristiques\/images\/166\/130\/26706598-diaporama.jpg&#038;w=350&#038;h=350&#038;fit=cover&#038;output=webp&#038;q=45\" alt=\"Hypnoth\u00e9rapeute M\u00e9lanie Courcier\"\/><\/div><\/div><div class=\"group-top\"><div class=\"field-commune\">Saint-Martin-de-Queyri\u00e8res<\/div><ws-apidae-from-price data-apidae-id=\"7159259\" ><\/ws-apidae-from-price><\/div><div class=\"group-content\"><div class=\"field-title\">Hypnoth\u00e9rapeute M\u00e9lanie Courcier<\/div><\/div><div class=\"field-link\" role=\"group\" aria-label=\"Lien vers le contenu\"><a href=\"https:\/\/www.paysdesecrins.com\/it\/fiche\/hypnotherapeute-melanie-courcier-4\/\" class=\"cardlink\" title=\"Lire plus : Hypnoth\u00e9rapeute M\u00e9lanie Courcier\" lang=\"it_IT\">Hypnoth\u00e9rapeute M\u00e9lanie Courcier<\/a><\/div><\/div><\/div><div class=\"item\" data-season=\"all-seasons\"><div class=\"card card-apidae card-avance\"><div class=\"group-actions\"><ws-wishlist data-type=\"flag\" data-action=\"add\" data-wish-id=\"7205538\" data-wish-type=\"apidae\"><\/ws-wishlist><\/div><div class=\"group-media\"><div class=\"field-image\"><img decoding=\"async\" src=\"https:\/\/images.weserv.nl\/?url=https:\/\/static.apidae-tourisme.com\/filestore\/objets-touristiques\/images\/135\/195\/28427143-diaporama.png&#038;w=350&#038;h=350&#038;fit=cover&#038;output=webp&#038;q=45\" alt=\"Docteur Caroline HOLVECK : m\u00e9decin g\u00e9n\u00e9raliste\"\/><\/div><\/div><div class=\"group-top\"><div class=\"field-commune\">Saint-Martin-de-Queyri\u00e8res<\/div><ws-apidae-from-price data-apidae-id=\"7205538\" ><\/ws-apidae-from-price><\/div><div class=\"group-content\"><div class=\"field-title\">Docteur Caroline HOLVECK : m\u00e9decin g\u00e9n\u00e9raliste<\/div><\/div><div class=\"field-link\" role=\"group\" aria-label=\"Lien vers le contenu\"><a href=\"https:\/\/www.paysdesecrins.com\/it\/fiche\/docteur-caroline-holveck-medecin-generaliste-4\/\" class=\"cardlink\" title=\"Lire plus : Docteur Caroline HOLVECK : m\u00e9decin g\u00e9n\u00e9raliste\" lang=\"it_IT\">Docteur Caroline HOLVECK : m\u00e9decin g\u00e9n\u00e9raliste<\/a><\/div><\/div><\/div><div class=\"item\" data-season=\"all-seasons\"><div class=\"card card-apidae card-avance\"><div class=\"group-actions\"><ws-wishlist data-type=\"flag\" data-action=\"add\" data-wish-id=\"4855062\" data-wish-type=\"apidae\"><\/ws-wishlist><\/div><div class=\"group-media\"><div class=\"field-image\"><img decoding=\"async\" src=\"https:\/\/images.weserv.nl\/?url=https:\/\/static.apidae-tourisme.com\/filestore\/objets-touristiques\/images\/113\/20\/3609713-diaporama.jpg&#038;w=350&#038;h=350&#038;fit=cover&#038;output=webp&#038;q=45\" alt=\"Centre socioculturel\"\/><\/div><\/div><div class=\"group-top\"><div class=\"field-commune\">Saint-Martin-de-Queyri\u00e8res<\/div><ws-apidae-from-price data-apidae-id=\"4855062\" ><\/ws-apidae-from-price><\/div><div class=\"group-content\"><div class=\"field-title\">Centre socioculturel<\/div><\/div><div class=\"field-link\" role=\"group\" aria-label=\"Lien vers le contenu\"><a href=\"https:\/\/www.paysdesecrins.com\/it\/fiche\/centre-socioculturel-4\/\" class=\"cardlink\" title=\"Lire plus : Centre socioculturel\" lang=\"it_IT\">Centre socioculturel<\/a><\/div><\/div><\/div><div class=\"item\" data-season=\"all-seasons\"><div class=\"card card-apidae card-avance\"><div class=\"group-actions\"><ws-wishlist data-type=\"flag\" data-action=\"add\" data-wish-id=\"622243\" data-wish-type=\"apidae\"><\/ws-wishlist><\/div><div class=\"group-media\"><div class=\"field-image\"><img decoding=\"async\" src=\"https:\/\/images.weserv.nl\/?url=https:\/\/static.apidae-tourisme.com\/filestore\/objets-touristiques\/images\/206\/55\/17053646-diaporama.jpg&#038;w=350&#038;h=350&#038;fit=cover&#038;output=webp&#038;q=45\" alt=\"Ufficio Postale\"\/><\/div><\/div><div class=\"group-top\"><div class=\"field-commune\">Saint-Martin-de-Queyri\u00e8res<\/div><ws-apidae-from-price data-apidae-id=\"622243\" ><\/ws-apidae-from-price><\/div><div class=\"group-content\"><div class=\"field-title\">Ufficio Postale<\/div><\/div><div class=\"field-link\" role=\"group\" aria-label=\"Lien vers le contenu\"><a href=\"https:\/\/www.paysdesecrins.com\/it\/fiche\/ufficio-postale\/\" class=\"cardlink\" title=\"Lire plus : Ufficio Postale\" lang=\"it_IT\">Ufficio Postale<\/a><\/div><\/div><\/div><div id=\"locations-data_ecaa4\" style=\"display: none;\">{&quot;locations&quot;:[{&quot;lat&quot;:&quot;44.839056&quot;,&quot;lng&quot;:&quot;6.585651&quot;,&quot;title&quot;:&quot;Ost\\u00e9opathie et hypnose, Emilie JOOS&quot;,&quot;permalink&quot;:&quot;https:\\\/\\\/www.paysdesecrins.com\\\/it\\\/fiche\\\/osteopathie-et-hypnose-emilie-joos-4\\\/&quot;,&quot;type&quot;:&quot;commerce_et_service&quot;,&quot;commune&quot;:&quot;Saint-Martin-de-Queyri\\u00e8res&quot;,&quot;type_commerce&quot;:&quot;&quot;,&quot;image&quot;:&quot;https:\\\/\\\/static.apidae-tourisme.com\\\/filestore\\\/objets-touristiques\\\/images\\\/4\\\/64\\\/26296324-diaporama.jpg&quot;,&quot;image_width&quot;:&quot;350&quot;,&quot;image_height&quot;:&quot;350&quot;,&quot;image_fit&quot;:&quot;cover&quot;},{&quot;lat&quot;:&quot;44.839048&quot;,&quot;lng&quot;:&quot;6.585642&quot;,&quot;title&quot;:&quot;Hypnoth\\u00e9rapeute M\\u00e9lanie Courcier&quot;,&quot;permalink&quot;:&quot;https:\\\/\\\/www.paysdesecrins.com\\\/it\\\/fiche\\\/hypnotherapeute-melanie-courcier-4\\\/&quot;,&quot;type&quot;:&quot;commerce_et_service&quot;,&quot;commune&quot;:&quot;Saint-Martin-de-Queyri\\u00e8res&quot;,&quot;type_commerce&quot;:&quot;&quot;,&quot;image&quot;:&quot;https:\\\/\\\/static.apidae-tourisme.com\\\/filestore\\\/objets-touristiques\\\/images\\\/166\\\/130\\\/26706598-diaporama.jpg&quot;,&quot;image_width&quot;:&quot;350&quot;,&quot;image_height&quot;:&quot;350&quot;,&quot;image_fit&quot;:&quot;cover&quot;},{&quot;lat&quot;:&quot;44.839474&quot;,&quot;lng&quot;:&quot;6.585599&quot;,&quot;title&quot;:&quot;Docteur Caroline HOLVECK : m\\u00e9decin g\\u00e9n\\u00e9raliste&quot;,&quot;permalink&quot;:&quot;https:\\\/\\\/www.paysdesecrins.com\\\/it\\\/fiche\\\/docteur-caroline-holveck-medecin-generaliste-4\\\/&quot;,&quot;type&quot;:&quot;commerce_et_service&quot;,&quot;commune&quot;:&quot;Saint-Martin-de-Queyri\\u00e8res&quot;,&quot;type_commerce&quot;:&quot;&quot;,&quot;image&quot;:&quot;https:\\\/\\\/static.apidae-tourisme.com\\\/filestore\\\/objets-touristiques\\\/images\\\/135\\\/195\\\/28427143-diaporama.png&quot;,&quot;image_width&quot;:&quot;350&quot;,&quot;image_height&quot;:&quot;350&quot;,&quot;image_fit&quot;:&quot;cover&quot;},{&quot;lat&quot;:&quot;44.84377&quot;,&quot;lng&quot;:&quot;6.581183&quot;,&quot;title&quot;:&quot;Centre socioculturel&quot;,&quot;permalink&quot;:&quot;https:\\\/\\\/www.paysdesecrins.com\\\/it\\\/fiche\\\/centre-socioculturel-4\\\/&quot;,&quot;type&quot;:&quot;commerce_et_service&quot;,&quot;commune&quot;:&quot;Saint-Martin-de-Queyri\\u00e8res&quot;,&quot;type_commerce&quot;:&quot;&quot;,&quot;image&quot;:&quot;https:\\\/\\\/static.apidae-tourisme.com\\\/filestore\\\/objets-touristiques\\\/images\\\/113\\\/20\\\/3609713-diaporama.jpg&quot;,&quot;image_width&quot;:&quot;350&quot;,&quot;image_height&quot;:&quot;350&quot;,&quot;image_fit&quot;:&quot;cover&quot;},{&quot;lat&quot;:&quot;44.841131&quot;,&quot;lng&quot;:&quot;6.58541&quot;,&quot;title&quot;:&quot;Ufficio Postale&quot;,&quot;permalink&quot;:&quot;https:\\\/\\\/www.paysdesecrins.com\\\/it\\\/fiche\\\/ufficio-postale\\\/&quot;,&quot;type&quot;:&quot;commerce_et_service&quot;,&quot;commune&quot;:&quot;Saint-Martin-de-Queyri\\u00e8res&quot;,&quot;type_commerce&quot;:&quot;&quot;,&quot;image&quot;:&quot;https:\\\/\\\/static.apidae-tourisme.com\\\/filestore\\\/objets-touristiques\\\/images\\\/206\\\/55\\\/17053646-diaporama.jpg&quot;,&quot;image_width&quot;:&quot;350&quot;,&quot;image_height&quot;:&quot;350&quot;,&quot;image_fit&quot;:&quot;cover&quot;}],&quot;center_lat&quot;:&quot;44.839056&quot;,&quot;center_lng&quot;:&quot;6.585651&quot;}<\/div><\/div><\/div><\/div><\/div>\n\n\n<div class=\"wp-block-ws-library-ws-button has-text-align-center is-style-outline\"><a href=\"https:\/\/www.paysdesecrins.com\/it\/negozi-e-servizi\/servizi\/\" class=\"wp-block-button__link wp-element-button btn\">  TUTTI I SERVIZI<\/a><\/div>\n<\/div><\/div>\n\n\n\n<div class=\"wp-block-ws-library-ws-tab\" style=\"display:none\"><p class=\"tab-title\">RESTAURANTS<\/p><div class=\"tab-content\"><div id=\"listing_c7805\" data-observer-wishlist data-attributes='listing-avance {\"selectedSelectionIds\":[\"189085\"],\"defaultImage\":\"https:\\\/\\\/www.paysdesecrins.com\\\/wp-content\\\/uploads\\\/2025\\\/06\\\/paysdesecrins.png\",\"isPaginated\":true,\"perPage\":3,\"isPortrait\":false,\"isImageContain\":false,\"showCommune\":true,\"selectedFacets\":[],\"showMap\":false,\"sortOrder\":\"random\",\"showType\":false,\"columnsCount\":\"2-3-3\",\"showActiveFacets\":false,\"showGeolocalisation\":false,\"isLimited\":false,\"season\":\"\",\"align\":\"wide\"}' class=\"ws-listing wp-block-ws-apidae-library-listing-avance alignwide\" data-map-id=\"map_c7805\" data-locations-id=\"locations-data_c7805\"><div class=\"facetwp-template\"><div class=\"list-container active\"><div class=\"list-items\"><div class=\"item\" data-season=\"all-seasons\"><div class=\"card card-apidae card-avance\"><div class=\"group-actions\"><ws-wishlist data-type=\"flag\" data-action=\"add\" data-wish-id=\"623751\" data-wish-type=\"apidae\"><\/ws-wishlist><\/div><div class=\"group-media\"><div class=\"field-image\"><img decoding=\"async\" src=\"https:\/\/images.weserv.nl\/?url=https:\/\/www.paysdesecrins.com\/wp-content\/uploads\/2025\/06\/paysdesecrins.png&#038;w=350&#038;h=350&#038;fit=cover&#038;output=webp&#038;q=45\" alt=\"Marsu Pizza\"\/><\/div><\/div><div class=\"group-top\"><div class=\"field-commune\">Saint-Martin-de-Queyri\u00e8res<\/div><ws-apidae-from-price data-apidae-id=\"623751\" ><\/ws-apidae-from-price><\/div><div class=\"group-content\"><div class=\"field-title\">Marsu Pizza<\/div><\/div><div class=\"field-link\" role=\"group\" aria-label=\"Lien vers le contenu\"><a href=\"https:\/\/www.paysdesecrins.com\/it\/fiche\/marsu-pizza-4\/\" class=\"cardlink\" title=\"Lire plus : Marsu Pizza\" lang=\"it_IT\">Marsu Pizza<\/a><\/div><\/div><\/div><div id=\"locations-data_c7805\" style=\"display: none;\">{&quot;locations&quot;:[{&quot;lat&quot;:&quot;44.85124&quot;,&quot;lng&quot;:&quot;6.581553&quot;,&quot;title&quot;:&quot;Marsu Pizza&quot;,&quot;permalink&quot;:&quot;https:\\\/\\\/www.paysdesecrins.com\\\/it\\\/fiche\\\/marsu-pizza-4\\\/&quot;,&quot;type&quot;:&quot;restauration&quot;,&quot;commune&quot;:&quot;Saint-Martin-de-Queyri\\u00e8res&quot;,&quot;type_commerce&quot;:&quot;&quot;,&quot;image&quot;:&quot;https:\\\/\\\/www.paysdesecrins.com\\\/wp-content\\\/uploads\\\/2025\\\/06\\\/paysdesecrins.png&quot;,&quot;image_width&quot;:&quot;350&quot;,&quot;image_height&quot;:&quot;350&quot;,&quot;image_fit&quot;:&quot;cover&quot;}],&quot;center_lat&quot;:&quot;44.85124&quot;,&quot;center_lng&quot;:&quot;6.581553&quot;}<\/div><\/div><\/div><\/div><\/div>\n\n\n<div class=\"wp-block-ws-library-ws-button has-text-align-center is-style-outline\"><a href=\"https:\/\/www.paysdesecrins.com\/it\/scelgo\/alloggi-e-ristoranti\/ristoranti\/\" class=\"wp-block-button__link wp-element-button btn\">  TUTTI I RISTORANTI<\/a><\/div>\n<\/div><\/div>\n\n\n\n<div class=\"wp-block-ws-library-ws-tab\" style=\"display:none\"><p class=\"tab-title\">H\u00c9BERGEMENTS<\/p><div class=\"tab-content\"><div id=\"listing_9b725\" data-observer-wishlist data-attributes='listing-avance {\"selectedSelectionIds\":[\"189074\"],\"defaultImage\":\"https:\\\/\\\/www.paysdesecrins.com\\\/wp-content\\\/uploads\\\/2025\\\/06\\\/paysdesecrins.png\",\"isPaginated\":true,\"perPage\":3,\"isPortrait\":false,\"isImageContain\":false,\"showCommune\":true,\"selectedFacets\":[],\"showMap\":false,\"sortOrder\":\"random\",\"showType\":false,\"columnsCount\":\"2-3-3\",\"showActiveFacets\":false,\"showGeolocalisation\":false,\"isLimited\":false,\"season\":\"\",\"align\":\"wide\"}' class=\"ws-listing wp-block-ws-apidae-library-listing-avance alignwide\" data-map-id=\"map_9b725\" data-locations-id=\"locations-data_9b725\"><div class=\"facetwp-template\"><div class=\"list-container active\"><div class=\"list-items\"><div class=\"item\" data-season=\"all-seasons\"><div class=\"card card-apidae card-avance\"><div class=\"group-actions\"><ws-wishlist data-type=\"flag\" data-action=\"add\" data-wish-id=\"388499\" data-wish-type=\"apidae\"><\/ws-wishlist><\/div><div class=\"group-media\"><div class=\"field-image\"><img decoding=\"async\" src=\"https:\/\/images.weserv.nl\/?url=https:\/\/static.apidae-tourisme.com\/filestore\/objets-touristiques\/images\/211\/58\/4340435-diaporama.jpg&#038;w=350&#038;h=350&#038;fit=cover&#038;output=webp&#038;q=45\" alt=\"Delalande Jo\u00ebl et Emmanuelle \u2013 Brin De Paille\"\/><\/div><\/div><div class=\"group-top\"><div class=\"field-commune\">Saint-Martin-de-Queyri\u00e8res<\/div><ws-apidae-from-price data-apidae-id=\"388499\" ><\/ws-apidae-from-price><\/div><div class=\"group-content\"><div class=\"field-title\">Delalande Jo\u00ebl et Emmanuelle \u2013 Brin De Paille<\/div><\/div><div class=\"field-link\" role=\"group\" aria-label=\"Lien vers le contenu\"><a href=\"https:\/\/www.paysdesecrins.com\/it\/fiche\/delalande-joel-et-emmanuelle-brin-de-paille-4\/\" class=\"cardlink\" title=\"Lire plus : Delalande Jo\u00ebl et Emmanuelle \u2013 Brin De Paille\" lang=\"it_IT\">Delalande Jo\u00ebl et Emmanuelle \u2013 Brin De Paille<\/a><\/div><\/div><\/div><div class=\"item\" data-season=\"all-seasons\"><div class=\"card card-apidae card-avance\"><div class=\"group-actions\"><ws-wishlist data-type=\"flag\" data-action=\"add\" data-wish-id=\"345420\" data-wish-type=\"apidae\"><\/ws-wishlist><\/div><div class=\"group-media\"><div class=\"field-image\"><img decoding=\"async\" src=\"https:\/\/images.weserv.nl\/?url=https:\/\/static.apidae-tourisme.com\/filestore\/objets-touristiques\/images\/229\/2\/1508069-diaporama.jpg&#038;w=350&#038;h=350&#038;fit=cover&#038;output=webp&#038;q=45\" alt=\"Brin de paille (Pagliuzza)\"\/><\/div><\/div><div class=\"group-top\"><div class=\"field-commune\">Saint-Martin-de-Queyri\u00e8res<\/div><ws-apidae-from-price data-apidae-id=\"345420\" ><\/ws-apidae-from-price><\/div><div class=\"group-content\"><div class=\"field-title\">Brin de paille (Pagliuzza)<\/div><\/div><div class=\"field-link\" role=\"group\" aria-label=\"Lien vers le contenu\"><a href=\"https:\/\/www.paysdesecrins.com\/it\/fiche\/brin-de-paille-pagliuzza\/\" class=\"cardlink\" title=\"Lire plus : Brin de paille (Pagliuzza)\" lang=\"it_IT\">Brin de paille (Pagliuzza)<\/a><\/div><\/div><\/div><div class=\"item\" data-season=\"all-seasons\"><div class=\"card card-apidae card-avance\"><div class=\"group-actions\"><ws-wishlist data-type=\"flag\" data-action=\"add\" data-wish-id=\"5013260\" data-wish-type=\"apidae\"><\/ws-wishlist><\/div><div class=\"group-media\"><div class=\"field-image\"><img decoding=\"async\" src=\"https:\/\/images.weserv.nl\/?url=https:\/\/static.apidae-tourisme.com\/filestore\/objets-touristiques\/images\/169\/228\/4187305-diaporama.jpg&#038;w=350&#038;h=350&#038;fit=cover&#038;output=webp&#038;q=45\" alt=\"Brin de Paille\"\/><\/div><\/div><div class=\"group-top\"><div class=\"field-commune\">Saint-Martin-de-Queyri\u00e8res<\/div><ws-apidae-from-price data-apidae-id=\"5013260\" ><\/ws-apidae-from-price><\/div><div class=\"group-content\"><div class=\"field-title\">Brin de Paille<\/div><\/div><div class=\"field-link\" role=\"group\" aria-label=\"Lien vers le contenu\"><a href=\"https:\/\/www.paysdesecrins.com\/it\/fiche\/brin-de-paille-4\/\" class=\"cardlink\" title=\"Lire plus : Brin de Paille\" lang=\"it_IT\">Brin de Paille<\/a><\/div><\/div><\/div><div class=\"item\" data-season=\"all-seasons\"><div class=\"card card-apidae card-avance\"><div class=\"group-actions\"><ws-wishlist data-type=\"flag\" data-action=\"add\" data-wish-id=\"619038\" data-wish-type=\"apidae\"><\/ws-wishlist><\/div><div class=\"group-media\"><div class=\"field-image\"><img decoding=\"async\" src=\"https:\/\/images.weserv.nl\/?url=https:\/\/static.apidae-tourisme.com\/filestore\/objets-touristiques\/images\/48\/237\/31255856-diaporama.jpg&#038;w=350&#038;h=350&#038;fit=cover&#038;output=webp&#038;q=45\" alt=\"Refuge de l&#8217;Oriol\"\/><\/div><\/div><div class=\"group-top\"><div class=\"field-commune\">Saint-Martin-de-Queyri\u00e8res<\/div><ws-apidae-from-price data-apidae-id=\"619038\" ><\/ws-apidae-from-price><\/div><div class=\"group-content\"><div class=\"field-title\">Refuge de l&#8217;Oriol<\/div><\/div><div class=\"field-link\" role=\"group\" aria-label=\"Lien vers le contenu\"><a href=\"https:\/\/www.paysdesecrins.com\/it\/fiche\/refuge-de-loriol-4\/\" class=\"cardlink\" title=\"Lire plus : Refuge de l&#8217;Oriol\" lang=\"it_IT\">Refuge de l&#8217;Oriol<\/a><\/div><\/div><\/div><div class=\"item\" data-season=\"all-seasons\"><div class=\"card card-apidae card-avance\"><div class=\"group-actions\"><ws-wishlist data-type=\"flag\" data-action=\"add\" data-wish-id=\"5094313\" data-wish-type=\"apidae\"><\/ws-wishlist><\/div><div class=\"group-media\"><div class=\"field-image\"><img decoding=\"async\" src=\"https:\/\/images.weserv.nl\/?url=https:\/\/static.apidae-tourisme.com\/filestore\/objets-touristiques\/images\/214\/51\/799702-diaporama.jpg&#038;w=350&#038;h=350&#038;fit=cover&#038;output=webp&#038;q=45\" alt=\"Il Giardino degli Ecrins\"\/><\/div><\/div><div class=\"group-top\"><div class=\"field-commune\">Saint-Martin-de-Queyri\u00e8res<\/div><ws-apidae-from-price data-apidae-id=\"5094313\" ><\/ws-apidae-from-price><\/div><div class=\"group-content\"><div class=\"field-title\">Il Giardino degli Ecrins<\/div><\/div><div class=\"field-link\" role=\"group\" aria-label=\"Lien vers le contenu\"><a href=\"https:\/\/www.paysdesecrins.com\/it\/fiche\/il-giardino-degli-ecrins\/\" class=\"cardlink\" title=\"Lire plus : Il Giardino degli Ecrins\" lang=\"it_IT\">Il Giardino degli Ecrins<\/a><\/div><\/div><\/div><div class=\"item\" data-season=\"all-seasons\"><div class=\"card card-apidae card-avance\"><div class=\"group-actions\"><ws-wishlist data-type=\"flag\" data-action=\"add\" data-wish-id=\"7429611\" data-wish-type=\"apidae\"><\/ws-wishlist><\/div><div class=\"group-media\"><div class=\"field-image\"><img decoding=\"async\" src=\"https:\/\/images.weserv.nl\/?url=https:\/\/static.apidae-tourisme.com\/filestore\/objets-touristiques\/images\/60\/12\/37358652-diaporama.png&#038;w=350&#038;h=350&#038;fit=cover&#038;output=webp&#038;q=45\" alt=\"G\u00eete le Rif d&#8217;Oriol \u2013 Lartisien Nicolas\"\/><\/div><\/div><div class=\"group-top\"><div class=\"field-book\">Prenotabile online<\/div><div class=\"field-commune\">Saint-Martin-de-Queyri\u00e8res<\/div><ws-apidae-from-price data-apidae-id=\"7429611\" ><\/ws-apidae-from-price><\/div><div class=\"group-content\"><div class=\"field-title\">G\u00eete le Rif d&#8217;Oriol \u2013 Lartisien Nicolas<\/div><\/div><div class=\"field-link\" role=\"group\" aria-label=\"Lien vers le contenu\"><a href=\"https:\/\/www.paysdesecrins.com\/it\/fiche\/gite-le-rif-doriol-lartisien-nicolas-4\/\" class=\"cardlink\" title=\"Lire plus : G\u00eete le Rif d&#8217;Oriol \u2013 Lartisien Nicolas\" lang=\"it_IT\">G\u00eete le Rif d&#8217;Oriol \u2013 Lartisien Nicolas<\/a><\/div><\/div><\/div><div class=\"item\" data-season=\"all-seasons\"><div class=\"card card-apidae card-avance\"><div class=\"group-actions\"><ws-wishlist data-type=\"flag\" data-action=\"add\" data-wish-id=\"853346\" data-wish-type=\"apidae\"><\/ws-wishlist><\/div><div class=\"group-media\"><div class=\"field-image\"><img decoding=\"async\" src=\"https:\/\/images.weserv.nl\/?url=https:\/\/static.apidae-tourisme.com\/filestore\/objets-touristiques\/images\/126\/199\/4835198-diaporama.jpg&#038;w=350&#038;h=350&#038;fit=cover&#038;output=webp&#038;q=45\" alt=\"Rifugio Le Pas du Loup (Il Passo del Lupo)\"\/><\/div><\/div><div class=\"group-top\"><div class=\"field-commune\">Saint-Martin-de-Queyri\u00e8res<\/div><ws-apidae-from-price data-apidae-id=\"853346\" ><\/ws-apidae-from-price><\/div><div class=\"group-content\"><div class=\"field-title\">Rifugio Le Pas du Loup (Il Passo del Lupo)<\/div><\/div><div class=\"field-link\" role=\"group\" aria-label=\"Lien vers le contenu\"><a href=\"https:\/\/www.paysdesecrins.com\/it\/fiche\/rifugio-le-pas-du-loup-il-passo-del-lupo\/\" class=\"cardlink\" title=\"Lire plus : Rifugio Le Pas du Loup (Il Passo del Lupo)\" lang=\"it_IT\">Rifugio Le Pas du Loup (Il Passo del Lupo)<\/a><\/div><\/div><\/div><div class=\"item\" data-season=\"all-seasons\"><div class=\"card card-apidae card-avance\"><div class=\"group-actions\"><ws-wishlist data-type=\"flag\" data-action=\"add\" data-wish-id=\"226488\" data-wish-type=\"apidae\"><\/ws-wishlist><\/div><div class=\"group-media\"><div class=\"field-image\"><img decoding=\"async\" src=\"https:\/\/images.weserv.nl\/?url=https:\/\/static.apidae-tourisme.com\/filestore\/objets-touristiques\/images\/192\/52\/4011200-diaporama.jpg&#038;w=350&#038;h=350&#038;fit=cover&#038;output=webp&#038;q=45\" alt=\"Camping invernale Iscle de Prelles\"\/><\/div><\/div><div class=\"group-top\"><div class=\"field-commune\">Saint-Martin-de-Queyri\u00e8res<\/div><ws-apidae-from-price data-apidae-id=\"226488\" ><\/ws-apidae-from-price><\/div><div class=\"group-content\"><div class=\"field-title\">Camping invernale Iscle de Prelles<\/div><\/div><div class=\"field-link\" role=\"group\" aria-label=\"Lien vers le contenu\"><a href=\"https:\/\/www.paysdesecrins.com\/it\/fiche\/camping-invernale-iscle-de-prelles\/\" class=\"cardlink\" title=\"Lire plus : Camping invernale Iscle de Prelles\" lang=\"it_IT\">Camping invernale Iscle de Prelles<\/a><\/div><\/div><\/div><div id=\"locations-data_9b725\" style=\"display: none;\">{&quot;locations&quot;:[{&quot;lat&quot;:&quot;44.854103&quot;,&quot;lng&quot;:&quot;6.580271&quot;,&quot;title&quot;:&quot;Delalande Jo\\u00ebl et Emmanuelle \\u2013 Brin De Paille&quot;,&quot;permalink&quot;:&quot;https:\\\/\\\/www.paysdesecrins.com\\\/it\\\/fiche\\\/delalande-joel-et-emmanuelle-brin-de-paille-4\\\/&quot;,&quot;type&quot;:&quot;hebergement_locatif&quot;,&quot;commune&quot;:&quot;Saint-Martin-de-Queyri\\u00e8res&quot;,&quot;type_commerce&quot;:&quot;&quot;,&quot;image&quot;:&quot;https:\\\/\\\/static.apidae-tourisme.com\\\/filestore\\\/objets-touristiques\\\/images\\\/211\\\/58\\\/4340435-diaporama.jpg&quot;,&quot;image_width&quot;:&quot;350&quot;,&quot;image_height&quot;:&quot;350&quot;,&quot;image_fit&quot;:&quot;cover&quot;},{&quot;lat&quot;:&quot;44.854103&quot;,&quot;lng&quot;:&quot;6.580271&quot;,&quot;title&quot;:&quot;Brin de paille (Pagliuzza)&quot;,&quot;permalink&quot;:&quot;https:\\\/\\\/www.paysdesecrins.com\\\/it\\\/fiche\\\/brin-de-paille-pagliuzza\\\/&quot;,&quot;type&quot;:&quot;hebergement_locatif&quot;,&quot;commune&quot;:&quot;Saint-Martin-de-Queyri\\u00e8res&quot;,&quot;type_commerce&quot;:&quot;&quot;,&quot;image&quot;:&quot;https:\\\/\\\/static.apidae-tourisme.com\\\/filestore\\\/objets-touristiques\\\/images\\\/229\\\/2\\\/1508069-diaporama.jpg&quot;,&quot;image_width&quot;:&quot;350&quot;,&quot;image_height&quot;:&quot;350&quot;,&quot;image_fit&quot;:&quot;cover&quot;},{&quot;lat&quot;:&quot;44.854103&quot;,&quot;lng&quot;:&quot;6.580271&quot;,&quot;title&quot;:&quot;Brin de Paille&quot;,&quot;permalink&quot;:&quot;https:\\\/\\\/www.paysdesecrins.com\\\/it\\\/fiche\\\/brin-de-paille-4\\\/&quot;,&quot;type&quot;:&quot;hebergement_collectif&quot;,&quot;commune&quot;:&quot;Saint-Martin-de-Queyri\\u00e8res&quot;,&quot;type_commerce&quot;:&quot;&quot;,&quot;image&quot;:&quot;https:\\\/\\\/static.apidae-tourisme.com\\\/filestore\\\/objets-touristiques\\\/images\\\/169\\\/228\\\/4187305-diaporama.jpg&quot;,&quot;image_width&quot;:&quot;350&quot;,&quot;image_height&quot;:&quot;350&quot;,&quot;image_fit&quot;:&quot;cover&quot;},{&quot;lat&quot;:&quot;44.79699&quot;,&quot;lng&quot;:&quot;6.59379&quot;,&quot;title&quot;:&quot;Refuge de l&#8217;Oriol&quot;,&quot;permalink&quot;:&quot;https:\\\/\\\/www.paysdesecrins.com\\\/it\\\/fiche\\\/refuge-de-loriol-4\\\/&quot;,&quot;type&quot;:&quot;hebergement_collectif&quot;,&quot;commune&quot;:&quot;Saint-Martin-de-Queyri\\u00e8res&quot;,&quot;type_commerce&quot;:&quot;&quot;,&quot;image&quot;:&quot;https:\\\/\\\/static.apidae-tourisme.com\\\/filestore\\\/objets-touristiques\\\/images\\\/48\\\/237\\\/31255856-diaporama.jpg&quot;,&quot;image_width&quot;:&quot;350&quot;,&quot;image_height&quot;:&quot;350&quot;,&quot;image_fit&quot;:&quot;cover&quot;},{&quot;lat&quot;:&quot;44.827741&quot;,&quot;lng&quot;:&quot;6.569493&quot;,&quot;title&quot;:&quot;Il Giardino degli Ecrins&quot;,&quot;permalink&quot;:&quot;https:\\\/\\\/www.paysdesecrins.com\\\/it\\\/fiche\\\/il-giardino-degli-ecrins\\\/&quot;,&quot;type&quot;:&quot;hebergement_locatif&quot;,&quot;commune&quot;:&quot;Saint-Martin-de-Queyri\\u00e8res&quot;,&quot;type_commerce&quot;:&quot;&quot;,&quot;image&quot;:&quot;https:\\\/\\\/static.apidae-tourisme.com\\\/filestore\\\/objets-touristiques\\\/images\\\/214\\\/51\\\/799702-diaporama.jpg&quot;,&quot;image_width&quot;:&quot;350&quot;,&quot;image_height&quot;:&quot;350&quot;,&quot;image_fit&quot;:&quot;cover&quot;},{&quot;lat&quot;:&quot;44.806236&quot;,&quot;lng&quot;:&quot;6.574206&quot;,&quot;title&quot;:&quot;G\\u00eete le Rif d&#8217;Oriol \\u2013 Lartisien Nicolas&quot;,&quot;permalink&quot;:&quot;https:\\\/\\\/www.paysdesecrins.com\\\/it\\\/fiche\\\/gite-le-rif-doriol-lartisien-nicolas-4\\\/&quot;,&quot;type&quot;:&quot;hebergement_locatif&quot;,&quot;commune&quot;:&quot;Saint-Martin-de-Queyri\\u00e8res&quot;,&quot;type_commerce&quot;:&quot;&quot;,&quot;image&quot;:&quot;https:\\\/\\\/static.apidae-tourisme.com\\\/filestore\\\/objets-touristiques\\\/images\\\/60\\\/12\\\/37358652-diaporama.png&quot;,&quot;image_width&quot;:&quot;350&quot;,&quot;image_height&quot;:&quot;350&quot;,&quot;image_fit&quot;:&quot;cover&quot;},{&quot;lat&quot;:&quot;44.830383&quot;,&quot;lng&quot;:&quot;6.56428&quot;,&quot;title&quot;:&quot;Rifugio Le Pas du Loup (Il Passo del Lupo)&quot;,&quot;permalink&quot;:&quot;https:\\\/\\\/www.paysdesecrins.com\\\/it\\\/fiche\\\/rifugio-le-pas-du-loup-il-passo-del-lupo\\\/&quot;,&quot;type&quot;:&quot;hebergement_collectif&quot;,&quot;commune&quot;:&quot;Saint-Martin-de-Queyri\\u00e8res&quot;,&quot;type_commerce&quot;:&quot;&quot;,&quot;image&quot;:&quot;https:\\\/\\\/static.apidae-tourisme.com\\\/filestore\\\/objets-touristiques\\\/images\\\/126\\\/199\\\/4835198-diaporama.jpg&quot;,&quot;image_width&quot;:&quot;350&quot;,&quot;image_height&quot;:&quot;350&quot;,&quot;image_fit&quot;:&quot;cover&quot;},{&quot;lat&quot;:&quot;44.856659&quot;,&quot;lng&quot;:&quot;6.589436&quot;,&quot;title&quot;:&quot;Camping invernale Iscle de Prelles&quot;,&quot;permalink&quot;:&quot;https:\\\/\\\/www.paysdesecrins.com\\\/it\\\/fiche\\\/camping-invernale-iscle-de-prelles\\\/&quot;,&quot;type&quot;:&quot;hotellerie_plein_air&quot;,&quot;commune&quot;:&quot;Saint-Martin-de-Queyri\\u00e8res&quot;,&quot;type_commerce&quot;:&quot;&quot;,&quot;image&quot;:&quot;https:\\\/\\\/static.apidae-tourisme.com\\\/filestore\\\/objets-touristiques\\\/images\\\/192\\\/52\\\/4011200-diaporama.jpg&quot;,&quot;image_width&quot;:&quot;350&quot;,&quot;image_height&quot;:&quot;350&quot;,&quot;image_fit&quot;:&quot;cover&quot;}],&quot;center_lat&quot;:&quot;44.854103&quot;,&quot;center_lng&quot;:&quot;6.580271&quot;}<\/div><\/div><\/div><\/div><\/div>\n\n\n<div class=\"wp-block-ws-library-ws-button has-text-align-center is-style-outline\"><a href=\"https:\/\/www.paysdesecrins.com\/it\/scelgo\/alloggi-e-ristoranti\/alloggio\/\" class=\"wp-block-button__link wp-element-button btn\">  TUTTI GLI ALLOGGI<\/a><\/div>\n<\/div><\/div>\n<\/div><\/div>\n\n<div style=\"height:60px\" aria-hidden=\"true\" class=\"wp-block-spacer\"><\/div>\n\n<div class=\"wp-block-ws-library-ws-title aligncenter\"><h2><em>Borghi arroccati e patrimonio<\/em> , la prova in immagini<\/h2><\/div>\n\n<div class=\"wp-block-ws-library-ws-slider alignwide\" data-season=\"summer\"><div class=\"splide\" data-splide=\"{\"type\":\"slide\",\"heightRatio\":\"auto\",\"perPage\":4,\"perMove\":1,\"drag\":true,\"pagination\":0,\"autoplay\":false,\"gap\":\"15px\",\"breakpoints\":{\"450\":{\"perPage\":1},\"768\":{\"perPage\":2},\"992\":{\"perPage\":3},\"1200\":{\"perPage\":4}}}\"><div class=\"splide__track\"><div class=\"splide__list\"><div class=\"splide__slide\"><a href=\"https:\/\/www.paysdesecrins.com\/wp-content\/uploads\/2025\/08\/alpage-du-clot-des-amandiers-depuis-ratie-re58-scaled.jpg\" data-glightbox=\"true\" class=\"lightbox-trigger\"><img decoding=\"async\" src=\"https:\/\/www.paysdesecrins.com\/wp-content\/uploads\/2025\/08\/alpage-du-clot-des-amandiers-depuis-ratie-re58-400x400.jpg\" alt=\"\"><\/a><\/div><div class=\"splide__slide\"><a href=\"https:\/\/www.paysdesecrins.com\/wp-content\/uploads\/2025\/08\/alpage-du-clot-des-amandiers-depuis-ratie-re3-scaled.jpg\" data-glightbox=\"true\" class=\"lightbox-trigger\"><img decoding=\"async\" src=\"https:\/\/www.paysdesecrins.com\/wp-content\/uploads\/2025\/08\/alpage-du-clot-des-amandiers-depuis-ratie-re3-400x400.jpg\" alt=\"\"><\/a><\/div><div class=\"splide__slide\"><a href=\"https:\/\/www.paysdesecrins.com\/wp-content\/uploads\/2025\/08\/oriol-de-queryrie-res-et-lac-de-l-oriol-76-scaled.jpg\" data-glightbox=\"true\" class=\"lightbox-trigger\"><img decoding=\"async\" src=\"https:\/\/www.paysdesecrins.com\/wp-content\/uploads\/2025\/08\/oriol-de-queryrie-res-et-lac-de-l-oriol-76-400x400.jpg\" alt=\"\"><\/a><\/div><div class=\"splide__slide\"><a href=\"https:\/\/www.paysdesecrins.com\/wp-content\/uploads\/2025\/07\/19villages-smq-oriol-de-queryrie-res-et-lac-de-l-oriol-41-scaled.jpg\" data-glightbox=\"true\" class=\"lightbox-trigger\"><img decoding=\"async\" src=\"https:\/\/www.paysdesecrins.com\/wp-content\/uploads\/2025\/07\/19villages-smq-oriol-de-queryrie-res-et-lac-de-l-oriol-41-400x400.jpg\" alt=\"\"><\/a><\/div><div class=\"splide__slide\"><a href=\"https:\/\/www.paysdesecrins.com\/wp-content\/uploads\/2025\/07\/191villages-oriol-de-queyrieres-saint-martin-de-queyrieres14-2-scaled.jpg\" data-glightbox=\"true\" class=\"lightbox-trigger\"><img decoding=\"async\" src=\"https:\/\/www.paysdesecrins.com\/wp-content\/uploads\/2025\/07\/191villages-oriol-de-queyrieres-saint-martin-de-queyrieres14-2-400x400.jpg\" alt=\"\"><\/a><\/div><\/div><\/div><\/div><\/div>\n\n<div class=\"wp-block-ws-library-ws-slider alignwide\" data-season=\"winter\"><div class=\"splide\" data-splide=\"{\"type\":\"slide\",\"heightRatio\":\"auto\",\"perPage\":4,\"perMove\":1,\"drag\":true,\"pagination\":0,\"autoplay\":false,\"gap\":\"15px\",\"breakpoints\":{\"450\":{\"perPage\":1},\"768\":{\"perPage\":2},\"992\":{\"perPage\":3},\"1200\":{\"perPage\":4}}}\"><div class=\"splide__track\"><div class=\"splide__list\"><div class=\"splide__slide\"><a href=\"https:\/\/www.paysdesecrins.com\/wp-content\/uploads\/2025\/08\/20161020-dsc06537-scaled.jpg\" data-glightbox=\"true\" class=\"lightbox-trigger\"><img decoding=\"async\" src=\"https:\/\/www.paysdesecrins.com\/wp-content\/uploads\/2025\/08\/20161020-dsc06537-400x400.jpg\" alt=\"\"><\/a><\/div><div class=\"splide__slide\"><a href=\"https:\/\/www.paysdesecrins.com\/wp-content\/uploads\/2025\/08\/20161020-dsc06184-scaled.jpg\" data-glightbox=\"true\" class=\"lightbox-trigger\"><img decoding=\"async\" src=\"https:\/\/www.paysdesecrins.com\/wp-content\/uploads\/2025\/08\/20161020-dsc06184-scaled.jpg\" alt=\"\"><\/a><\/div><div class=\"splide__slide\"><a href=\"https:\/\/www.paysdesecrins.com\/wp-content\/uploads\/2025\/08\/20161020-dsc05997-scaled.jpg\" data-glightbox=\"true\" class=\"lightbox-trigger\"><img decoding=\"async\" src=\"https:\/\/www.paysdesecrins.com\/wp-content\/uploads\/2025\/08\/20161020-dsc05997-400x400.jpg\" alt=\"\"><\/a><\/div><div class=\"splide__slide\"><a href=\"https:\/\/www.paysdesecrins.com\/wp-content\/uploads\/2025\/08\/1670843979-1042296257-400x400.jpg\" data-glightbox=\"true\" class=\"lightbox-trigger\"><img decoding=\"async\" src=\"https:\/\/www.paysdesecrins.com\/wp-content\/uploads\/2025\/08\/1670843979-1042296257-400x400.jpg\" alt=\"\"><\/a><\/div><div class=\"splide__slide\"><a href=\"https:\/\/www.paysdesecrins.com\/wp-content\/uploads\/2025\/08\/20161020-dsc06180-scaled.jpg\" data-glightbox=\"true\" class=\"lightbox-trigger\"><img decoding=\"async\" src=\"https:\/\/www.paysdesecrins.com\/wp-content\/uploads\/2025\/08\/20161020-dsc06180-400x400.jpg\" alt=\"\"><\/a><\/div><\/div><\/div><\/div><\/div>\n\n<div style=\"height:60px\" aria-hidden=\"true\" class=\"wp-block-spacer\"><\/div>\n\n<div class=\"wp-block-ws-library-ws-title aligncenter\"><h2><em>Noi ci occupiamo di tutto,<\/em> tu ti diverti<\/h2><\/div>\n\n<p class=\"has-text-align-center\">Scopri i nostri soggiorni all-inclusive e lascia che organizziamo la tua immersione in montagna: alloggio, attivit\u00e0 guidate ed esperienze locali sono raccolte per te. Scegli la tua formula, da un weekend rigenerante a una settimana di avventure, e approfitta appieno dei paesaggi, del know-how e della convivialit\u00e0 senza preoccuparti di nulla. <\/p>\n<div class=\"alignwide wp-block-ws-library-ws-list-content\"><div class=\"list-items\"><div class=\"item\" data-season=\"all-seasons\"><div class=\"card  card-page\"><div class=\"group-media\"><div class=\"field-image\"><img loading=\"lazy\" decoding=\"async\" width=\"300\" height=\"450\" src=\"https:\/\/www.paysdesecrins.com\/wp-content\/uploads\/2025\/08\/photos-kinaphoto-pelvoux-journe-e-1-2025-hd66-300x450.jpg\" class=\"winter wp-post-image\" alt=\"\" data-season=\"winter\" srcset=\"https:\/\/www.paysdesecrins.com\/wp-content\/uploads\/2025\/08\/photos-kinaphoto-pelvoux-journe-e-1-2025-hd66-300x450.jpg 300w, https:\/\/www.paysdesecrins.com\/wp-content\/uploads\/2025\/08\/photos-kinaphoto-pelvoux-journe-e-1-2025-hd66-390x585.jpg 390w\" sizes=\"auto, (max-width: 300px) 100vw, 300px\" \/><img loading=\"lazy\" decoding=\"async\" width=\"300\" height=\"450\" src=\"https:\/\/www.paysdesecrins.com\/wp-content\/uploads\/2025\/07\/dsc01515-300x450.jpg\" class=\"vivaldi-thumb summer\" alt=\"\" data-season=\"summer\" srcset=\"https:\/\/www.paysdesecrins.com\/wp-content\/uploads\/2025\/07\/dsc01515-300x450.jpg 300w, https:\/\/www.paysdesecrins.com\/wp-content\/uploads\/2025\/07\/dsc01515-390x585.jpg 390w\" sizes=\"auto, (max-width: 300px) 100vw, 300px\" \/><\/div><\/div><div class=\"group-content\"><div class=\"field-title\">Tutti i nostri soggiorni<\/div><\/div><div class=\"field-link\" role=\"group\" aria-label=\"Lien vers le contenu\"><a href=\"https:\/\/www.paysdesecrins.com\/it\/rimane\/\" class=\"cardlink\" title=\"Lire plus : Tutti i nostri soggiorni\" lang=\"it_IT\">Tutti i nostri soggiorni<\/a><\/div><\/div><\/div><\/div><\/div>\n<div class=\"wp-block-ws-library-ws-button has-text-align-center\"><a href=\"https:\/\/www.paysdesecrins.com\/it\/rimane\/#\/categories\" class=\"wp-block-button__link wp-element-button btn\">  Scopri i soggiorni all inclusive<\/a><\/div>\n\n<div style=\"height:60px\" aria-hidden=\"true\" class=\"wp-block-spacer\"><\/div>\n\n<div class=\"wp-block-ws-library-ws-share\"><span class=\"share-subtitle\">Ti \u00e8 piaciuta questa pagina?<\/span><span class=\"share-title\">Condividilo!<\/span><button class=\"ws-share-button wp-element-button\">Condividi questa pagina<\/button><\/div>\n","protected":false},"excerpt":{"rendered":"<p>Saint-Martin-de-Queyri\u00e8res si estende per oltre 55 km\u00b2 lungo le gole della Durance, all&#8217;incrocio tra la valle di Serre Chevalier e [&hellip;]<\/p>\n","protected":false},"author":1,"featured_media":65515,"parent":44507,"menu_order":0,"comment_status":"closed","ping_status":"closed","template":"","meta":{"_thumbnail_id_2":0,"summer_excerpt":"","season":"","station":"","footnotes":""},"class_list":["post-45682","page","type-page","status-publish","has-post-thumbnail","hentry"],"yoast_head":"<!-- This site is optimized with the Yoast SEO plugin v27.3 - https:\/\/yoast.com\/product\/yoast-seo-wordpress\/ -->\n<title>cantone di Saint-Martin-de-queyri\u00e8res - Pays des \u00c9crins - Office de Tourisme<\/title>\n<meta name=\"robots\" content=\"index, follow, max-snippet:-1, max-image-preview:large, max-video-preview:-1\" \/>\n<link rel=\"canonical\" href=\"https:\/\/www.paysdesecrins.com\/it\/il-mio-resort-il-mio-villaggio\/cantone-di-saint-martin-de-queyrieres\/\" \/>\n<meta property=\"og:locale\" content=\"it_IT\" \/>\n<meta property=\"og:type\" content=\"article\" \/>\n<meta property=\"og:title\" content=\"cantone di Saint-Martin-de-queyri\u00e8res - Pays des \u00c9crins - Office de Tourisme\" \/>\n<meta property=\"og:description\" content=\"Saint-Martin-de-Queyri\u00e8res si estende per oltre 55 km\u00b2 lungo le gole della Durance, all&#8217;incrocio tra la valle di Serre Chevalier e [&hellip;]\" \/>\n<meta property=\"og:url\" content=\"https:\/\/www.paysdesecrins.com\/it\/il-mio-resort-il-mio-villaggio\/cantone-di-saint-martin-de-queyrieres\/\" \/>\n<meta property=\"og:site_name\" content=\"Pays des \u00c9crins - Office de Tourisme\" \/>\n<meta property=\"article:modified_time\" content=\"2025-08-10T13:37:23+00:00\" \/>\n<meta property=\"og:image\" content=\"https:\/\/www.paysdesecrins.com\/wp-content\/uploads\/2025\/08\/oriol-de-queryrie-res-et-lac-de-l-oriol-43-scaled.jpg\" \/>\n\t<meta property=\"og:image:width\" content=\"2560\" \/>\n\t<meta property=\"og:image:height\" content=\"1708\" \/>\n\t<meta property=\"og:image:type\" content=\"image\/jpeg\" \/>\n<meta name=\"twitter:card\" content=\"summary_large_image\" \/>\n<meta name=\"twitter:label1\" content=\"Tempo di lettura stimato\" \/>\n\t<meta name=\"twitter:data1\" content=\"4 minuti\" \/>\n<script type=\"application\/ld+json\" class=\"yoast-schema-graph\">{\"@context\":\"https:\\\/\\\/schema.org\",\"@graph\":[{\"@type\":\"WebPage\",\"@id\":\"https:\\\/\\\/www.paysdesecrins.com\\\/it\\\/il-mio-resort-il-mio-villaggio\\\/cantone-di-saint-martin-de-queyrieres\\\/\",\"url\":\"https:\\\/\\\/www.paysdesecrins.com\\\/it\\\/il-mio-resort-il-mio-villaggio\\\/cantone-di-saint-martin-de-queyrieres\\\/\",\"name\":\"cantone di Saint-Martin-de-queyri\u00e8res - Pays des \u00c9crins - Office de Tourisme\",\"isPartOf\":{\"@id\":\"https:\\\/\\\/www.paysdesecrins.com\\\/it\\\/#website\"},\"primaryImageOfPage\":{\"@id\":\"https:\\\/\\\/www.paysdesecrins.com\\\/it\\\/il-mio-resort-il-mio-villaggio\\\/cantone-di-saint-martin-de-queyrieres\\\/#primaryimage\"},\"image\":{\"@id\":\"https:\\\/\\\/www.paysdesecrins.com\\\/it\\\/il-mio-resort-il-mio-villaggio\\\/cantone-di-saint-martin-de-queyrieres\\\/#primaryimage\"},\"thumbnailUrl\":\"https:\\\/\\\/www.paysdesecrins.com\\\/wp-content\\\/uploads\\\/2025\\\/08\\\/oriol-de-queryrie-res-et-lac-de-l-oriol-43-scaled.jpg\",\"datePublished\":\"2025-06-25T13:44:55+00:00\",\"dateModified\":\"2025-08-10T13:37:23+00:00\",\"breadcrumb\":{\"@id\":\"https:\\\/\\\/www.paysdesecrins.com\\\/it\\\/il-mio-resort-il-mio-villaggio\\\/cantone-di-saint-martin-de-queyrieres\\\/#breadcrumb\"},\"inLanguage\":\"it-IT\",\"potentialAction\":[{\"@type\":\"ReadAction\",\"target\":[\"https:\\\/\\\/www.paysdesecrins.com\\\/it\\\/il-mio-resort-il-mio-villaggio\\\/cantone-di-saint-martin-de-queyrieres\\\/\"]}]},{\"@type\":\"ImageObject\",\"inLanguage\":\"it-IT\",\"@id\":\"https:\\\/\\\/www.paysdesecrins.com\\\/it\\\/il-mio-resort-il-mio-villaggio\\\/cantone-di-saint-martin-de-queyrieres\\\/#primaryimage\",\"url\":\"https:\\\/\\\/www.paysdesecrins.com\\\/wp-content\\\/uploads\\\/2025\\\/08\\\/oriol-de-queryrie-res-et-lac-de-l-oriol-43-scaled.jpg\",\"contentUrl\":\"https:\\\/\\\/www.paysdesecrins.com\\\/wp-content\\\/uploads\\\/2025\\\/08\\\/oriol-de-queryrie-res-et-lac-de-l-oriol-43-scaled.jpg\",\"width\":2560,\"height\":1708},{\"@type\":\"BreadcrumbList\",\"@id\":\"https:\\\/\\\/www.paysdesecrins.com\\\/it\\\/il-mio-resort-il-mio-villaggio\\\/cantone-di-saint-martin-de-queyrieres\\\/#breadcrumb\",\"itemListElement\":[{\"@type\":\"ListItem\",\"position\":1,\"name\":\"Accueil\",\"item\":\"https:\\\/\\\/www.paysdesecrins.com\\\/it\\\/il-titolo-della-casa\\\/\"},{\"@type\":\"ListItem\",\"position\":2,\"name\":\"Il mio resort, il mio villaggio\",\"item\":\"https:\\\/\\\/www.paysdesecrins.com\\\/it\\\/ma-station-mon-village\\\/\"},{\"@type\":\"ListItem\",\"position\":3,\"name\":\"cantone di Saint-Martin-de-queyri\u00e8res\"}]},{\"@type\":\"WebSite\",\"@id\":\"https:\\\/\\\/www.paysdesecrins.com\\\/it\\\/#website\",\"url\":\"https:\\\/\\\/www.paysdesecrins.com\\\/it\\\/\",\"name\":\"Pays des \u00c9crins - Office de Tourisme\",\"description\":\"L&#039;esprit montagne\",\"publisher\":{\"@id\":\"https:\\\/\\\/www.paysdesecrins.com\\\/it\\\/#organization\"},\"potentialAction\":[{\"@type\":\"SearchAction\",\"target\":{\"@type\":\"EntryPoint\",\"urlTemplate\":\"https:\\\/\\\/www.paysdesecrins.com\\\/it\\\/?s={search_term_string}\"},\"query-input\":{\"@type\":\"PropertyValueSpecification\",\"valueRequired\":true,\"valueName\":\"search_term_string\"}}],\"inLanguage\":\"it-IT\"},{\"@type\":\"Organization\",\"@id\":\"https:\\\/\\\/www.paysdesecrins.com\\\/it\\\/#organization\",\"name\":\"Pays des \u00c9crins - Office de Tourisme\",\"url\":\"https:\\\/\\\/www.paysdesecrins.com\\\/it\\\/\",\"logo\":{\"@type\":\"ImageObject\",\"inLanguage\":\"it-IT\",\"@id\":\"https:\\\/\\\/www.paysdesecrins.com\\\/it\\\/#\\\/schema\\\/logo\\\/image\\\/\",\"url\":\"https:\\\/\\\/www.paysdesecrins.com\\\/wp-content\\\/uploads\\\/2025\\\/06\\\/devina-svg-1750845694.svg\",\"contentUrl\":\"https:\\\/\\\/www.paysdesecrins.com\\\/wp-content\\\/uploads\\\/2025\\\/06\\\/devina-svg-1750845694.svg\",\"caption\":\"Pays des \u00c9crins - Office de Tourisme\"},\"image\":{\"@id\":\"https:\\\/\\\/www.paysdesecrins.com\\\/it\\\/#\\\/schema\\\/logo\\\/image\\\/\"}}]}<\/script>\n<!-- \/ Yoast SEO plugin. -->","yoast_head_json":{"title":"cantone di Saint-Martin-de-queyri\u00e8res - Pays des \u00c9crins - Office de Tourisme","robots":{"index":"index","follow":"follow","max-snippet":"max-snippet:-1","max-image-preview":"max-image-preview:large","max-video-preview":"max-video-preview:-1"},"canonical":"https:\/\/www.paysdesecrins.com\/it\/il-mio-resort-il-mio-villaggio\/cantone-di-saint-martin-de-queyrieres\/","og_locale":"it_IT","og_type":"article","og_title":"cantone di Saint-Martin-de-queyri\u00e8res - Pays des \u00c9crins - Office de Tourisme","og_description":"Saint-Martin-de-Queyri\u00e8res si estende per oltre 55 km\u00b2 lungo le gole della Durance, all&#8217;incrocio tra la valle di Serre Chevalier e [&hellip;]","og_url":"https:\/\/www.paysdesecrins.com\/it\/il-mio-resort-il-mio-villaggio\/cantone-di-saint-martin-de-queyrieres\/","og_site_name":"Pays des \u00c9crins - Office de Tourisme","article_modified_time":"2025-08-10T13:37:23+00:00","og_image":[{"width":2560,"height":1708,"url":"https:\/\/www.paysdesecrins.com\/wp-content\/uploads\/2025\/08\/oriol-de-queryrie-res-et-lac-de-l-oriol-43-scaled.jpg","type":"image\/jpeg"}],"twitter_card":"summary_large_image","twitter_misc":{"Tempo di lettura stimato":"4 minuti"},"schema":{"@context":"https:\/\/schema.org","@graph":[{"@type":"WebPage","@id":"https:\/\/www.paysdesecrins.com\/it\/il-mio-resort-il-mio-villaggio\/cantone-di-saint-martin-de-queyrieres\/","url":"https:\/\/www.paysdesecrins.com\/it\/il-mio-resort-il-mio-villaggio\/cantone-di-saint-martin-de-queyrieres\/","name":"cantone di Saint-Martin-de-queyri\u00e8res - Pays des \u00c9crins - Office de Tourisme","isPartOf":{"@id":"https:\/\/www.paysdesecrins.com\/it\/#website"},"primaryImageOfPage":{"@id":"https:\/\/www.paysdesecrins.com\/it\/il-mio-resort-il-mio-villaggio\/cantone-di-saint-martin-de-queyrieres\/#primaryimage"},"image":{"@id":"https:\/\/www.paysdesecrins.com\/it\/il-mio-resort-il-mio-villaggio\/cantone-di-saint-martin-de-queyrieres\/#primaryimage"},"thumbnailUrl":"https:\/\/www.paysdesecrins.com\/wp-content\/uploads\/2025\/08\/oriol-de-queryrie-res-et-lac-de-l-oriol-43-scaled.jpg","datePublished":"2025-06-25T13:44:55+00:00","dateModified":"2025-08-10T13:37:23+00:00","breadcrumb":{"@id":"https:\/\/www.paysdesecrins.com\/it\/il-mio-resort-il-mio-villaggio\/cantone-di-saint-martin-de-queyrieres\/#breadcrumb"},"inLanguage":"it-IT","potentialAction":[{"@type":"ReadAction","target":["https:\/\/www.paysdesecrins.com\/it\/il-mio-resort-il-mio-villaggio\/cantone-di-saint-martin-de-queyrieres\/"]}]},{"@type":"ImageObject","inLanguage":"it-IT","@id":"https:\/\/www.paysdesecrins.com\/it\/il-mio-resort-il-mio-villaggio\/cantone-di-saint-martin-de-queyrieres\/#primaryimage","url":"https:\/\/www.paysdesecrins.com\/wp-content\/uploads\/2025\/08\/oriol-de-queryrie-res-et-lac-de-l-oriol-43-scaled.jpg","contentUrl":"https:\/\/www.paysdesecrins.com\/wp-content\/uploads\/2025\/08\/oriol-de-queryrie-res-et-lac-de-l-oriol-43-scaled.jpg","width":2560,"height":1708},{"@type":"BreadcrumbList","@id":"https:\/\/www.paysdesecrins.com\/it\/il-mio-resort-il-mio-villaggio\/cantone-di-saint-martin-de-queyrieres\/#breadcrumb","itemListElement":[{"@type":"ListItem","position":1,"name":"Accueil","item":"https:\/\/www.paysdesecrins.com\/it\/il-titolo-della-casa\/"},{"@type":"ListItem","position":2,"name":"Il mio resort, il mio villaggio","item":"https:\/\/www.paysdesecrins.com\/it\/ma-station-mon-village\/"},{"@type":"ListItem","position":3,"name":"cantone di Saint-Martin-de-queyri\u00e8res"}]},{"@type":"WebSite","@id":"https:\/\/www.paysdesecrins.com\/it\/#website","url":"https:\/\/www.paysdesecrins.com\/it\/","name":"Pays des \u00c9crins - Office de Tourisme","description":"L&#039;esprit montagne","publisher":{"@id":"https:\/\/www.paysdesecrins.com\/it\/#organization"},"potentialAction":[{"@type":"SearchAction","target":{"@type":"EntryPoint","urlTemplate":"https:\/\/www.paysdesecrins.com\/it\/?s={search_term_string}"},"query-input":{"@type":"PropertyValueSpecification","valueRequired":true,"valueName":"search_term_string"}}],"inLanguage":"it-IT"},{"@type":"Organization","@id":"https:\/\/www.paysdesecrins.com\/it\/#organization","name":"Pays des \u00c9crins - Office de Tourisme","url":"https:\/\/www.paysdesecrins.com\/it\/","logo":{"@type":"ImageObject","inLanguage":"it-IT","@id":"https:\/\/www.paysdesecrins.com\/it\/#\/schema\/logo\/image\/","url":"https:\/\/www.paysdesecrins.com\/wp-content\/uploads\/2025\/06\/devina-svg-1750845694.svg","contentUrl":"https:\/\/www.paysdesecrins.com\/wp-content\/uploads\/2025\/06\/devina-svg-1750845694.svg","caption":"Pays des \u00c9crins - Office de Tourisme"},"image":{"@id":"https:\/\/www.paysdesecrins.com\/it\/#\/schema\/logo\/image\/"}}]}},"_links":{"self":[{"href":"https:\/\/www.paysdesecrins.com\/it\/wp-json\/wp\/v2\/pages\/45682","targetHints":{"allow":["GET"]}}],"collection":[{"href":"https:\/\/www.paysdesecrins.com\/it\/wp-json\/wp\/v2\/pages"}],"about":[{"href":"https:\/\/www.paysdesecrins.com\/it\/wp-json\/wp\/v2\/types\/page"}],"author":[{"embeddable":true,"href":"https:\/\/www.paysdesecrins.com\/it\/wp-json\/wp\/v2\/users\/1"}],"replies":[{"embeddable":true,"href":"https:\/\/www.paysdesecrins.com\/it\/wp-json\/wp\/v2\/comments?post=45682"}],"version-history":[{"count":0,"href":"https:\/\/www.paysdesecrins.com\/it\/wp-json\/wp\/v2\/pages\/45682\/revisions"}],"up":[{"embeddable":true,"href":"https:\/\/www.paysdesecrins.com\/it\/wp-json\/wp\/v2\/pages\/44507"}],"wp:featuredmedia":[{"embeddable":true,"href":"https:\/\/www.paysdesecrins.com\/it\/wp-json\/wp\/v2\/media\/65515"}],"wp:attachment":[{"href":"https:\/\/www.paysdesecrins.com\/it\/wp-json\/wp\/v2\/media?parent=45682"}],"curies":[{"name":"wp","href":"https:\/\/api.w.org\/{rel}","templated":true}]}}