{"id":45764,"date":"2025-06-25T15:44:53","date_gmt":"2025-06-25T13:44:53","guid":{"rendered":"https:\/\/www.paysdesecrins.com\/il-mio-resort-il-mio-villaggio\/freissinieres-dormillouse\/attivita-culturali-e-patrimonio\/"},"modified":"2025-08-11T11:48:48","modified_gmt":"2025-08-11T09:48:48","slug":"attivita-culturali-e-patrimonio","status":"publish","type":"page","link":"https:\/\/www.paysdesecrins.com\/it\/il-mio-resort-il-mio-villaggio\/freissinieres-dormillouse\/attivita-culturali-e-patrimonio\/","title":{"rendered":"Attivit\u00e0 culturali e patrimonio a Freissini\u00e8res"},"content":{"rendered":"    <div class=\"alignfull wp-block-ws-library-ws-header-interne\">\n\t    <div class=\"header-container\">\n\t        <div class=\"group-media has-image\">\n\t            \t                <img loading=\"lazy\" decoding=\"async\" width=\"1600\" height=\"800\" src=\"https:\/\/www.paysdesecrins.com\/wp-content\/uploads\/2025\/07\/41ete-dormillouse-15-1-1600x800.jpg\" alt=\"\" class=\"image_large_square wp-image-18101\" \/>\n\t            \t        <\/div>\n\t        <div class=\"group-content\">\n\t            <div class=\"title\">\n\t                <h1>\n\t                    Attivit\u00e0 culturali e patrimonio a Freissini\u00e8res\t                    \t                <\/h1>\n\t            <\/div>\n\t        <\/div>\n\t    <\/div>\n\t    \n<div class=\"yoast-breadcrumbs\"><span><span><a href=\"https:\/\/www.paysdesecrins.com\/it\/il-titolo-della-casa\/\">Accueil<\/a><\/span>  <span><a href=\"https:\/\/www.paysdesecrins.com\/it\/ma-station-mon-village\/\">Il mio resort, il mio villaggio<\/a><\/span>  <span><a href=\"https:\/\/www.paysdesecrins.com\/it\/il-mio-resort-il-mio-villaggio\/freissinieres-dormillouse\/\">Freissini\u00e8res<\/a><\/span>  <span class=\"breadcrumb_last\" aria-current=\"page\">Attivit\u00e0 culturali e patrimonio a Freissini\u00e8res<\/span><\/span><\/div>\n    <\/div>\n    \n<div class=\"wp-block-ws-library-ws-title aligncenter is-style-simple\"><h2><em>Cultura e patrimonio in<\/em> Freissini\u00e8res<\/h2><\/div>\n\n<p class=\"has-text-align-center\">Scopri il patrimonio e le attivit\u00e0 culturali di Freissini\u00e8res, dalle visite guidate ai festival musicali locali. Prenota la tua escursione per immergerti nella storia locale e vibrare al ritmo delle tradizioni degli \u00c9crins. Vuoi andare oltre? Inoltre, sfoglia l&#8217;offerta culturale e del patrimonio in tutto il Pays des \u00c9crins.   <\/p>\n\n<div class=\"wp-block-ws-library-ws-button has-text-align-center\"><a href=\"https:\/\/www.paysdesecrins.com\/it\/scelgo\/attivita-culturali-e-patrimonio\/\" class=\"wp-block-button__link wp-element-button btn\">  Scopri Tutte le attivit\u00e0 culturali del Pays des \u00c9crins<\/a><\/div>\n<div id=\"listing_a2b30\" data-observer-wishlist data-attributes='listing-avance {\"selectedSelectionIds\":[\"188984\"],\"showMap\":true,\"perPage\":3,\"isPortrait\":false,\"isImageContain\":false,\"showCommune\":true,\"defaultImage\":\"https:\\\/\\\/www.paysdesecrins.com\\\/wp-content\\\/uploads\\\/2025\\\/06\\\/cropped-paysdesecrins.png\",\"selectedFacets\":[],\"sortOrder\":\"random\",\"showType\":false,\"columnsCount\":\"2-3-3\",\"showActiveFacets\":false,\"showGeolocalisation\":false,\"isLimited\":false,\"isPaginated\":false,\"season\":\"\",\"align\":\"wide\"}' class=\"ws-listing wp-block-ws-apidae-library-listing-avance alignwide\" data-map-id=\"map_a2b30\" data-locations-id=\"locations-data_a2b30\"><div class=\"listing-header\"><div class=\"toggle-container\"><button class=\"btn toggle-btn toggle-list\" data-target=\"list\">Lista<\/button><button class=\"btn toggle-btn toggle-map\" data-target=\"map\">Mappa<\/button><button class=\"btn toggle-btn toggle-fulllist\" data-target=\"fulllist\" data-reverse=\"Visualizza mappa\">Nascondi la mappa<\/button><\/div><\/div><div class=\"facetwp-template\"><div class=\"list-container active\"><div class=\"list-items\"><div class=\"item\" data-season=\"all-seasons\"><div class=\"card card-apidae card-avance\"><div class=\"group-actions\"><ws-wishlist data-type=\"flag\" data-action=\"add\" data-wish-id=\"6181646\" data-wish-type=\"apidae\"><\/ws-wishlist><\/div><div class=\"group-media\"><div class=\"field-image\"><img decoding=\"async\" src=\"https:\/\/images.weserv.nl\/?url=https:\/\/static.apidae-tourisme.com\/filestore\/objets-touristiques\/images\/203\/163\/13673419-diaporama.jpg&#038;w=350&#038;h=350&#038;fit=cover&#038;output=webp&#038;q=45\" alt=\"Temple des Viollins\"\/><\/div><\/div><div class=\"group-top\"><div class=\"field-commune\">Freissini\u00e8res<\/div><ws-apidae-from-price data-apidae-id=\"6181646\" ><\/ws-apidae-from-price><\/div><div class=\"group-content\"><div class=\"field-title\">Temple des Viollins<\/div><\/div><div class=\"field-link\" role=\"group\" aria-label=\"Lien vers le contenu\"><a href=\"https:\/\/www.paysdesecrins.com\/it\/fiche\/temple-des-viollins-4\/\" class=\"cardlink\" title=\"Lire plus : Temple des Viollins\" lang=\"it_IT\">Temple des Viollins<\/a><\/div><\/div><\/div><div class=\"item\" data-season=\"all-seasons\"><div class=\"card card-apidae card-avance\"><div class=\"group-actions\"><ws-wishlist data-type=\"flag\" data-action=\"add\" data-wish-id=\"6181584\" data-wish-type=\"apidae\"><\/ws-wishlist><\/div><div class=\"group-media\"><div class=\"field-image\"><img decoding=\"async\" src=\"https:\/\/images.weserv.nl\/?url=https:\/\/static.apidae-tourisme.com\/filestore\/objets-touristiques\/images\/33\/139\/13667105-diaporama.jpg&#038;w=350&#038;h=350&#038;fit=cover&#038;output=webp&#038;q=45\" alt=\"Eglise Sainte-Marie-Madeleine\"\/><\/div><\/div><div class=\"group-top\"><div class=\"field-commune\">Freissini\u00e8res<\/div><ws-apidae-from-price data-apidae-id=\"6181584\" ><\/ws-apidae-from-price><\/div><div class=\"group-content\"><div class=\"field-title\">Eglise Sainte-Marie-Madeleine<\/div><\/div><div class=\"field-link\" role=\"group\" aria-label=\"Lien vers le contenu\"><a href=\"https:\/\/www.paysdesecrins.com\/it\/fiche\/eglise-sainte-marie-madeleine-5\/\" class=\"cardlink\" title=\"Lire plus : Eglise Sainte-Marie-Madeleine\" lang=\"it_IT\">Eglise Sainte-Marie-Madeleine<\/a><\/div><\/div><\/div><div class=\"item\" data-season=\"all-seasons\"><div class=\"card card-apidae card-avance\"><div class=\"group-actions\"><ws-wishlist data-type=\"flag\" data-action=\"add\" data-wish-id=\"226427\" data-wish-type=\"apidae\"><\/ws-wishlist><\/div><div class=\"group-media\"><div class=\"field-image\"><img decoding=\"async\" src=\"https:\/\/images.weserv.nl\/?url=https:\/\/static.apidae-tourisme.com\/filestore\/objets-touristiques\/images\/144\/37\/4007312-diaporama.jpg&#038;w=350&#038;h=350&#038;fit=cover&#038;output=webp&#038;q=45\" alt=\"Dormillouse\"\/><\/div><\/div><div class=\"group-top\"><div class=\"field-commune\">Freissini\u00e8res<\/div><ws-apidae-from-price data-apidae-id=\"226427\" ><\/ws-apidae-from-price><\/div><div class=\"group-content\"><div class=\"field-title\">Dormillouse<\/div><\/div><div class=\"field-link\" role=\"group\" aria-label=\"Lien vers le contenu\"><a href=\"https:\/\/www.paysdesecrins.com\/it\/fiche\/dormillouse-4\/\" class=\"cardlink\" title=\"Lire plus : Dormillouse\" lang=\"it_IT\">Dormillouse<\/a><\/div><\/div><\/div><div class=\"item\" data-season=\"all-seasons\"><div class=\"card card-apidae card-avance\"><div class=\"group-actions\"><ws-wishlist data-type=\"flag\" data-action=\"add\" data-wish-id=\"225414\" data-wish-type=\"apidae\"><\/ws-wishlist><\/div><div class=\"group-media\"><div class=\"field-image\"><img decoding=\"async\" src=\"https:\/\/images.weserv.nl\/?url=https:\/\/static.apidae-tourisme.com\/filestore\/objets-touristiques\/images-principales\/176\/225\/450992-diaporama.jpg&#038;w=350&#038;h=350&#038;fit=cover&#038;output=webp&#038;q=45\" alt=\"Moulin des Ribes\"\/><\/div><\/div><div class=\"group-top\"><div class=\"field-commune\">Freissini\u00e8res<\/div><ws-apidae-from-price data-apidae-id=\"225414\" ><\/ws-apidae-from-price><\/div><div class=\"group-content\"><div class=\"field-title\">Moulin des Ribes<\/div><\/div><div class=\"field-link\" role=\"group\" aria-label=\"Lien vers le contenu\"><a href=\"https:\/\/www.paysdesecrins.com\/it\/fiche\/moulin-des-ribes-4\/\" class=\"cardlink\" title=\"Lire plus : Moulin des Ribes\" lang=\"it_IT\">Moulin des Ribes<\/a><\/div><\/div><\/div><div id=\"locations-data_a2b30\" style=\"display: none;\">{&quot;locations&quot;:[{&quot;lat&quot;:&quot;44.745836&quot;,&quot;lng&quot;:&quot;6.502115&quot;,&quot;title&quot;:&quot;Temple des Viollins&quot;,&quot;permalink&quot;:&quot;https:\\\/\\\/www.paysdesecrins.com\\\/it\\\/fiche\\\/temple-des-viollins-4\\\/&quot;,&quot;type&quot;:&quot;patrimoine_culturel&quot;,&quot;commune&quot;:&quot;Freissini\\u00e8res&quot;,&quot;type_commerce&quot;:&quot;&quot;,&quot;image&quot;:&quot;https:\\\/\\\/static.apidae-tourisme.com\\\/filestore\\\/objets-touristiques\\\/images\\\/203\\\/163\\\/13673419-diaporama.jpg&quot;,&quot;image_width&quot;:&quot;350&quot;,&quot;image_height&quot;:&quot;350&quot;,&quot;image_fit&quot;:&quot;cover&quot;},{&quot;lat&quot;:&quot;44.753757&quot;,&quot;lng&quot;:&quot;6.537932&quot;,&quot;title&quot;:&quot;Eglise Sainte-Marie-Madeleine&quot;,&quot;permalink&quot;:&quot;https:\\\/\\\/www.paysdesecrins.com\\\/it\\\/fiche\\\/eglise-sainte-marie-madeleine-5\\\/&quot;,&quot;type&quot;:&quot;patrimoine_culturel&quot;,&quot;commune&quot;:&quot;Freissini\\u00e8res&quot;,&quot;type_commerce&quot;:&quot;&quot;,&quot;image&quot;:&quot;https:\\\/\\\/static.apidae-tourisme.com\\\/filestore\\\/objets-touristiques\\\/images\\\/33\\\/139\\\/13667105-diaporama.jpg&quot;,&quot;image_width&quot;:&quot;350&quot;,&quot;image_height&quot;:&quot;350&quot;,&quot;image_fit&quot;:&quot;cover&quot;},{&quot;lat&quot;:&quot;44.738463&quot;,&quot;lng&quot;:&quot;6.44436&quot;,&quot;title&quot;:&quot;Dormillouse&quot;,&quot;permalink&quot;:&quot;https:\\\/\\\/www.paysdesecrins.com\\\/it\\\/fiche\\\/dormillouse-4\\\/&quot;,&quot;type&quot;:&quot;patrimoine_culturel&quot;,&quot;commune&quot;:&quot;Freissini\\u00e8res&quot;,&quot;type_commerce&quot;:&quot;&quot;,&quot;image&quot;:&quot;https:\\\/\\\/static.apidae-tourisme.com\\\/filestore\\\/objets-touristiques\\\/images\\\/144\\\/37\\\/4007312-diaporama.jpg&quot;,&quot;image_width&quot;:&quot;350&quot;,&quot;image_height&quot;:&quot;350&quot;,&quot;image_fit&quot;:&quot;cover&quot;},{&quot;lat&quot;:&quot;44.752637&quot;,&quot;lng&quot;:&quot;6.534478&quot;,&quot;title&quot;:&quot;Moulin des Ribes&quot;,&quot;permalink&quot;:&quot;https:\\\/\\\/www.paysdesecrins.com\\\/it\\\/fiche\\\/moulin-des-ribes-4\\\/&quot;,&quot;type&quot;:&quot;patrimoine_culturel&quot;,&quot;commune&quot;:&quot;Freissini\\u00e8res&quot;,&quot;type_commerce&quot;:&quot;&quot;,&quot;image&quot;:&quot;https:\\\/\\\/static.apidae-tourisme.com\\\/filestore\\\/objets-touristiques\\\/images-principales\\\/176\\\/225\\\/450992-diaporama.jpg&quot;,&quot;image_width&quot;:&quot;350&quot;,&quot;image_height&quot;:&quot;350&quot;,&quot;image_fit&quot;:&quot;cover&quot;}],&quot;center_lat&quot;:&quot;44.745836&quot;,&quot;center_lng&quot;:&quot;6.502115&quot;}<\/div><\/div><\/div><\/div><div class=\"map-marker\"><div id=\"map_a2b30\" class=\"map-container\" style=\"width: 100%; height: 450px;\"><\/div><\/div><\/div>","protected":false},"excerpt":{"rendered":"<p>Scopri il patrimonio e le attivit\u00e0 culturali di Freissini\u00e8res, dalle visite guidate ai festival musicali locali. Prenota la tua escursione [&hellip;]<\/p>\n","protected":false},"author":1,"featured_media":48610,"parent":45151,"menu_order":0,"comment_status":"closed","ping_status":"closed","template":"","meta":{"_thumbnail_id_2":29104,"summer_excerpt":"","season":"","station":"","footnotes":""},"class_list":["post-45764","page","type-page","status-publish","has-post-thumbnail","hentry"],"yoast_head":"<!-- This site is optimized with the Yoast SEO plugin v27.3 - https:\/\/yoast.com\/product\/yoast-seo-wordpress\/ -->\n<title>Attivit\u00e0 culturali e patrimonio a Freissini\u00e8res - Pays des \u00c9crins - Office de Tourisme<\/title>\n<meta name=\"robots\" content=\"index, follow, max-snippet:-1, max-image-preview:large, max-video-preview:-1\" \/>\n<link rel=\"canonical\" href=\"https:\/\/www.paysdesecrins.com\/it\/il-mio-resort-il-mio-villaggio\/freissinieres-dormillouse\/attivita-culturali-e-patrimonio\/\" \/>\n<meta property=\"og:locale\" content=\"it_IT\" \/>\n<meta property=\"og:type\" content=\"article\" \/>\n<meta property=\"og:title\" content=\"Attivit\u00e0 culturali e patrimonio a Freissini\u00e8res - Pays des \u00c9crins - Office de Tourisme\" \/>\n<meta property=\"og:description\" content=\"Scopri il patrimonio e le attivit\u00e0 culturali di Freissini\u00e8res, dalle visite guidate ai festival musicali locali. Prenota la tua escursione [&hellip;]\" \/>\n<meta property=\"og:url\" content=\"https:\/\/www.paysdesecrins.com\/it\/il-mio-resort-il-mio-villaggio\/freissinieres-dormillouse\/attivita-culturali-e-patrimonio\/\" \/>\n<meta property=\"og:site_name\" content=\"Pays des \u00c9crins - Office de Tourisme\" \/>\n<meta property=\"article:modified_time\" content=\"2025-08-11T09:48:48+00:00\" \/>\n<meta property=\"og:image\" content=\"https:\/\/www.paysdesecrins.com\/wp-content\/uploads\/2025\/07\/41ete-dormillouse-15-1.jpg\" \/>\n\t<meta property=\"og:image:width\" content=\"1600\" \/>\n\t<meta property=\"og:image:height\" content=\"1067\" \/>\n\t<meta property=\"og:image:type\" content=\"image\/jpeg\" \/>\n<meta name=\"twitter:card\" content=\"summary_large_image\" \/>\n<script type=\"application\/ld+json\" class=\"yoast-schema-graph\">{\"@context\":\"https:\\\/\\\/schema.org\",\"@graph\":[{\"@type\":\"WebPage\",\"@id\":\"https:\\\/\\\/www.paysdesecrins.com\\\/it\\\/il-mio-resort-il-mio-villaggio\\\/freissinieres-dormillouse\\\/attivita-culturali-e-patrimonio\\\/\",\"url\":\"https:\\\/\\\/www.paysdesecrins.com\\\/it\\\/il-mio-resort-il-mio-villaggio\\\/freissinieres-dormillouse\\\/attivita-culturali-e-patrimonio\\\/\",\"name\":\"Attivit\u00e0 culturali e patrimonio a Freissini\u00e8res - Pays des \u00c9crins - Office de Tourisme\",\"isPartOf\":{\"@id\":\"https:\\\/\\\/www.paysdesecrins.com\\\/it\\\/#website\"},\"primaryImageOfPage\":{\"@id\":\"https:\\\/\\\/www.paysdesecrins.com\\\/it\\\/il-mio-resort-il-mio-villaggio\\\/freissinieres-dormillouse\\\/attivita-culturali-e-patrimonio\\\/#primaryimage\"},\"image\":{\"@id\":\"https:\\\/\\\/www.paysdesecrins.com\\\/it\\\/il-mio-resort-il-mio-villaggio\\\/freissinieres-dormillouse\\\/attivita-culturali-e-patrimonio\\\/#primaryimage\"},\"thumbnailUrl\":\"https:\\\/\\\/www.paysdesecrins.com\\\/wp-content\\\/uploads\\\/2025\\\/07\\\/paysages-et-ski-autour-de-dormillouse-6-scaled.jpg\",\"datePublished\":\"2025-06-25T13:44:53+00:00\",\"dateModified\":\"2025-08-11T09:48:48+00:00\",\"breadcrumb\":{\"@id\":\"https:\\\/\\\/www.paysdesecrins.com\\\/it\\\/il-mio-resort-il-mio-villaggio\\\/freissinieres-dormillouse\\\/attivita-culturali-e-patrimonio\\\/#breadcrumb\"},\"inLanguage\":\"it-IT\",\"potentialAction\":[{\"@type\":\"ReadAction\",\"target\":[\"https:\\\/\\\/www.paysdesecrins.com\\\/it\\\/il-mio-resort-il-mio-villaggio\\\/freissinieres-dormillouse\\\/attivita-culturali-e-patrimonio\\\/\"]}]},{\"@type\":\"ImageObject\",\"inLanguage\":\"it-IT\",\"@id\":\"https:\\\/\\\/www.paysdesecrins.com\\\/it\\\/il-mio-resort-il-mio-villaggio\\\/freissinieres-dormillouse\\\/attivita-culturali-e-patrimonio\\\/#primaryimage\",\"url\":\"https:\\\/\\\/www.paysdesecrins.com\\\/wp-content\\\/uploads\\\/2025\\\/07\\\/paysages-et-ski-autour-de-dormillouse-6-scaled.jpg\",\"contentUrl\":\"https:\\\/\\\/www.paysdesecrins.com\\\/wp-content\\\/uploads\\\/2025\\\/07\\\/paysages-et-ski-autour-de-dormillouse-6-scaled.jpg\",\"width\":2560,\"height\":1708},{\"@type\":\"BreadcrumbList\",\"@id\":\"https:\\\/\\\/www.paysdesecrins.com\\\/it\\\/il-mio-resort-il-mio-villaggio\\\/freissinieres-dormillouse\\\/attivita-culturali-e-patrimonio\\\/#breadcrumb\",\"itemListElement\":[{\"@type\":\"ListItem\",\"position\":1,\"name\":\"Accueil\",\"item\":\"https:\\\/\\\/www.paysdesecrins.com\\\/it\\\/il-titolo-della-casa\\\/\"},{\"@type\":\"ListItem\",\"position\":2,\"name\":\"Il mio resort, il mio villaggio\",\"item\":\"https:\\\/\\\/www.paysdesecrins.com\\\/it\\\/ma-station-mon-village\\\/\"},{\"@type\":\"ListItem\",\"position\":3,\"name\":\"Freissini\u00e8res\",\"item\":\"https:\\\/\\\/www.paysdesecrins.com\\\/it\\\/il-mio-resort-il-mio-villaggio\\\/freissinieres-dormillouse\\\/\"},{\"@type\":\"ListItem\",\"position\":4,\"name\":\"Attivit\u00e0 culturali e patrimonio a Freissini\u00e8res\"}]},{\"@type\":\"WebSite\",\"@id\":\"https:\\\/\\\/www.paysdesecrins.com\\\/it\\\/#website\",\"url\":\"https:\\\/\\\/www.paysdesecrins.com\\\/it\\\/\",\"name\":\"Pays des \u00c9crins - Office de Tourisme\",\"description\":\"L&#039;esprit montagne\",\"publisher\":{\"@id\":\"https:\\\/\\\/www.paysdesecrins.com\\\/it\\\/#organization\"},\"potentialAction\":[{\"@type\":\"SearchAction\",\"target\":{\"@type\":\"EntryPoint\",\"urlTemplate\":\"https:\\\/\\\/www.paysdesecrins.com\\\/it\\\/?s={search_term_string}\"},\"query-input\":{\"@type\":\"PropertyValueSpecification\",\"valueRequired\":true,\"valueName\":\"search_term_string\"}}],\"inLanguage\":\"it-IT\"},{\"@type\":\"Organization\",\"@id\":\"https:\\\/\\\/www.paysdesecrins.com\\\/it\\\/#organization\",\"name\":\"Pays des \u00c9crins - Office de Tourisme\",\"url\":\"https:\\\/\\\/www.paysdesecrins.com\\\/it\\\/\",\"logo\":{\"@type\":\"ImageObject\",\"inLanguage\":\"it-IT\",\"@id\":\"https:\\\/\\\/www.paysdesecrins.com\\\/it\\\/#\\\/schema\\\/logo\\\/image\\\/\",\"url\":\"https:\\\/\\\/www.paysdesecrins.com\\\/wp-content\\\/uploads\\\/2025\\\/06\\\/devina-svg-1750845694.svg\",\"contentUrl\":\"https:\\\/\\\/www.paysdesecrins.com\\\/wp-content\\\/uploads\\\/2025\\\/06\\\/devina-svg-1750845694.svg\",\"caption\":\"Pays des \u00c9crins - Office de Tourisme\"},\"image\":{\"@id\":\"https:\\\/\\\/www.paysdesecrins.com\\\/it\\\/#\\\/schema\\\/logo\\\/image\\\/\"}}]}<\/script>\n<!-- \/ Yoast SEO plugin. -->","yoast_head_json":{"title":"Attivit\u00e0 culturali e patrimonio a Freissini\u00e8res - Pays des \u00c9crins - Office de Tourisme","robots":{"index":"index","follow":"follow","max-snippet":"max-snippet:-1","max-image-preview":"max-image-preview:large","max-video-preview":"max-video-preview:-1"},"canonical":"https:\/\/www.paysdesecrins.com\/it\/il-mio-resort-il-mio-villaggio\/freissinieres-dormillouse\/attivita-culturali-e-patrimonio\/","og_locale":"it_IT","og_type":"article","og_title":"Attivit\u00e0 culturali e patrimonio a Freissini\u00e8res - Pays des \u00c9crins - Office de Tourisme","og_description":"Scopri il patrimonio e le attivit\u00e0 culturali di Freissini\u00e8res, dalle visite guidate ai festival musicali locali. Prenota la tua escursione [&hellip;]","og_url":"https:\/\/www.paysdesecrins.com\/it\/il-mio-resort-il-mio-villaggio\/freissinieres-dormillouse\/attivita-culturali-e-patrimonio\/","og_site_name":"Pays des \u00c9crins - Office de Tourisme","article_modified_time":"2025-08-11T09:48:48+00:00","og_image":[{"width":1600,"height":1067,"url":"https:\/\/www.paysdesecrins.com\/wp-content\/uploads\/2025\/07\/41ete-dormillouse-15-1.jpg","type":"image\/jpeg"}],"twitter_card":"summary_large_image","schema":{"@context":"https:\/\/schema.org","@graph":[{"@type":"WebPage","@id":"https:\/\/www.paysdesecrins.com\/it\/il-mio-resort-il-mio-villaggio\/freissinieres-dormillouse\/attivita-culturali-e-patrimonio\/","url":"https:\/\/www.paysdesecrins.com\/it\/il-mio-resort-il-mio-villaggio\/freissinieres-dormillouse\/attivita-culturali-e-patrimonio\/","name":"Attivit\u00e0 culturali e patrimonio a Freissini\u00e8res - Pays des \u00c9crins - Office de Tourisme","isPartOf":{"@id":"https:\/\/www.paysdesecrins.com\/it\/#website"},"primaryImageOfPage":{"@id":"https:\/\/www.paysdesecrins.com\/it\/il-mio-resort-il-mio-villaggio\/freissinieres-dormillouse\/attivita-culturali-e-patrimonio\/#primaryimage"},"image":{"@id":"https:\/\/www.paysdesecrins.com\/it\/il-mio-resort-il-mio-villaggio\/freissinieres-dormillouse\/attivita-culturali-e-patrimonio\/#primaryimage"},"thumbnailUrl":"https:\/\/www.paysdesecrins.com\/wp-content\/uploads\/2025\/07\/paysages-et-ski-autour-de-dormillouse-6-scaled.jpg","datePublished":"2025-06-25T13:44:53+00:00","dateModified":"2025-08-11T09:48:48+00:00","breadcrumb":{"@id":"https:\/\/www.paysdesecrins.com\/it\/il-mio-resort-il-mio-villaggio\/freissinieres-dormillouse\/attivita-culturali-e-patrimonio\/#breadcrumb"},"inLanguage":"it-IT","potentialAction":[{"@type":"ReadAction","target":["https:\/\/www.paysdesecrins.com\/it\/il-mio-resort-il-mio-villaggio\/freissinieres-dormillouse\/attivita-culturali-e-patrimonio\/"]}]},{"@type":"ImageObject","inLanguage":"it-IT","@id":"https:\/\/www.paysdesecrins.com\/it\/il-mio-resort-il-mio-villaggio\/freissinieres-dormillouse\/attivita-culturali-e-patrimonio\/#primaryimage","url":"https:\/\/www.paysdesecrins.com\/wp-content\/uploads\/2025\/07\/paysages-et-ski-autour-de-dormillouse-6-scaled.jpg","contentUrl":"https:\/\/www.paysdesecrins.com\/wp-content\/uploads\/2025\/07\/paysages-et-ski-autour-de-dormillouse-6-scaled.jpg","width":2560,"height":1708},{"@type":"BreadcrumbList","@id":"https:\/\/www.paysdesecrins.com\/it\/il-mio-resort-il-mio-villaggio\/freissinieres-dormillouse\/attivita-culturali-e-patrimonio\/#breadcrumb","itemListElement":[{"@type":"ListItem","position":1,"name":"Accueil","item":"https:\/\/www.paysdesecrins.com\/it\/il-titolo-della-casa\/"},{"@type":"ListItem","position":2,"name":"Il mio resort, il mio villaggio","item":"https:\/\/www.paysdesecrins.com\/it\/ma-station-mon-village\/"},{"@type":"ListItem","position":3,"name":"Freissini\u00e8res","item":"https:\/\/www.paysdesecrins.com\/it\/il-mio-resort-il-mio-villaggio\/freissinieres-dormillouse\/"},{"@type":"ListItem","position":4,"name":"Attivit\u00e0 culturali e patrimonio a Freissini\u00e8res"}]},{"@type":"WebSite","@id":"https:\/\/www.paysdesecrins.com\/it\/#website","url":"https:\/\/www.paysdesecrins.com\/it\/","name":"Pays des \u00c9crins - Office de Tourisme","description":"L&#039;esprit montagne","publisher":{"@id":"https:\/\/www.paysdesecrins.com\/it\/#organization"},"potentialAction":[{"@type":"SearchAction","target":{"@type":"EntryPoint","urlTemplate":"https:\/\/www.paysdesecrins.com\/it\/?s={search_term_string}"},"query-input":{"@type":"PropertyValueSpecification","valueRequired":true,"valueName":"search_term_string"}}],"inLanguage":"it-IT"},{"@type":"Organization","@id":"https:\/\/www.paysdesecrins.com\/it\/#organization","name":"Pays des \u00c9crins - Office de Tourisme","url":"https:\/\/www.paysdesecrins.com\/it\/","logo":{"@type":"ImageObject","inLanguage":"it-IT","@id":"https:\/\/www.paysdesecrins.com\/it\/#\/schema\/logo\/image\/","url":"https:\/\/www.paysdesecrins.com\/wp-content\/uploads\/2025\/06\/devina-svg-1750845694.svg","contentUrl":"https:\/\/www.paysdesecrins.com\/wp-content\/uploads\/2025\/06\/devina-svg-1750845694.svg","caption":"Pays des \u00c9crins - Office de Tourisme"},"image":{"@id":"https:\/\/www.paysdesecrins.com\/it\/#\/schema\/logo\/image\/"}}]}},"_links":{"self":[{"href":"https:\/\/www.paysdesecrins.com\/it\/wp-json\/wp\/v2\/pages\/45764","targetHints":{"allow":["GET"]}}],"collection":[{"href":"https:\/\/www.paysdesecrins.com\/it\/wp-json\/wp\/v2\/pages"}],"about":[{"href":"https:\/\/www.paysdesecrins.com\/it\/wp-json\/wp\/v2\/types\/page"}],"author":[{"embeddable":true,"href":"https:\/\/www.paysdesecrins.com\/it\/wp-json\/wp\/v2\/users\/1"}],"replies":[{"embeddable":true,"href":"https:\/\/www.paysdesecrins.com\/it\/wp-json\/wp\/v2\/comments?post=45764"}],"version-history":[{"count":0,"href":"https:\/\/www.paysdesecrins.com\/it\/wp-json\/wp\/v2\/pages\/45764\/revisions"}],"up":[{"embeddable":true,"href":"https:\/\/www.paysdesecrins.com\/it\/wp-json\/wp\/v2\/pages\/45151"}],"wp:featuredmedia":[{"embeddable":true,"href":"https:\/\/www.paysdesecrins.com\/it\/wp-json\/wp\/v2\/media\/48610"}],"wp:attachment":[{"href":"https:\/\/www.paysdesecrins.com\/it\/wp-json\/wp\/v2\/media?parent=45764"}],"curies":[{"name":"wp","href":"https:\/\/api.w.org\/{rel}","templated":true}]}}