{"id":45773,"date":"2025-06-25T15:44:53","date_gmt":"2025-06-25T13:44:53","guid":{"rendered":"https:\/\/www.paysdesecrins.com\/il-mio-resort-il-mio-villaggio\/freissinieres-dormillouse\/ristoranti\/"},"modified":"2025-08-11T11:52:27","modified_gmt":"2025-08-11T09:52:27","slug":"ristoranti","status":"publish","type":"page","link":"https:\/\/www.paysdesecrins.com\/it\/il-mio-resort-il-mio-villaggio\/freissinieres-dormillouse\/ristoranti\/","title":{"rendered":"Ristoranti di Freissini\u00e8res"},"content":{"rendered":"    <div class=\"alignfull wp-block-ws-library-ws-header-interne\">\n\t    <div class=\"header-container\">\n\t        <div class=\"group-media has-image\">\n\t            \t                <img loading=\"lazy\" decoding=\"async\" width=\"1600\" height=\"800\" src=\"https:\/\/www.paysdesecrins.com\/wp-content\/uploads\/2025\/07\/08-07-24-mets-et-spiritueux-41-1600x800.jpg\" alt=\"\" class=\"image_large_square wp-image-51459\" \/>\n\t            \t        <\/div>\n\t        <div class=\"group-content\">\n\t            <div class=\"title\">\n\t                <h1>\n\t                    Ristoranti di Freissini\u00e8res\t                    \t                <\/h1>\n\t            <\/div>\n\t        <\/div>\n\t    <\/div>\n\t    \n<div class=\"yoast-breadcrumbs\"><span><span><a href=\"https:\/\/www.paysdesecrins.com\/it\/il-titolo-della-casa\/\">Accueil<\/a><\/span>  <span><a href=\"https:\/\/www.paysdesecrins.com\/it\/ma-station-mon-village\/\">Il mio resort, il mio villaggio<\/a><\/span>  <span><a href=\"https:\/\/www.paysdesecrins.com\/it\/il-mio-resort-il-mio-villaggio\/freissinieres-dormillouse\/\">Freissini\u00e8res<\/a><\/span>  <span class=\"breadcrumb_last\" aria-current=\"page\">Ristoranti di Freissini\u00e8res<\/span><\/span><\/div>\n    <\/div>\n    \n<div class=\"wp-block-ws-library-ws-title aligncenter is-style-simple\"><h2><em>Freissini\u00e8res e Dormillouse<\/em> Ristoranti<\/h2><\/div>\n\n<p class=\"has-text-align-center\">Tavolini conviviali, cucina di montagna, caff\u00e8 e rifugi per la pausa pranzo o il t\u00e8 pomeridiano dopo un&#8217;escursione: qualcosa da mangiare semplice e buono in valle. Cerchi altri indirizzi? Dai un&#8217;occhiata anche a tutti i ristoranti del Pays des \u00c9crins.  <\/p>\n\n<div class=\"wp-block-ws-library-ws-button has-text-align-center\"><a href=\"https:\/\/www.paysdesecrins.com\/it\/scelgo\/alloggi-e-ristoranti\/ristoranti\/\" class=\"wp-block-button__link wp-element-button btn\">  Scopri Tutti i ristoranti del Pays des \u00c9crins<\/a><\/div>\n<div id=\"listing_eadfc\" data-observer-wishlist data-attributes='listing-avance {\"selectedSelectionIds\":[\"188982\"],\"showMap\":true,\"perPage\":3,\"isPortrait\":false,\"isImageContain\":false,\"showCommune\":true,\"defaultImage\":\"https:\\\/\\\/www.paysdesecrins.com\\\/wp-content\\\/uploads\\\/2025\\\/06\\\/cropped-paysdesecrins.png\",\"selectedFacets\":[],\"sortOrder\":\"random\",\"showType\":false,\"columnsCount\":\"2-3-3\",\"showActiveFacets\":false,\"showGeolocalisation\":false,\"isLimited\":false,\"isPaginated\":false,\"season\":\"\",\"align\":\"wide\"}' class=\"ws-listing wp-block-ws-apidae-library-listing-avance alignwide\" data-map-id=\"map_eadfc\" data-locations-id=\"locations-data_eadfc\"><div class=\"listing-header\"><div class=\"toggle-container\"><button class=\"btn toggle-btn toggle-list\" data-target=\"list\">Lista<\/button><button class=\"btn toggle-btn toggle-map\" data-target=\"map\">Mappa<\/button><button class=\"btn toggle-btn toggle-fulllist\" data-target=\"fulllist\" data-reverse=\"Visualizza mappa\">Nascondi la mappa<\/button><\/div><\/div><div class=\"facetwp-template\"><div class=\"list-container active\"><div class=\"list-items\"><div class=\"item\" data-season=\"all-seasons\"><div class=\"card card-apidae card-avance\"><div class=\"group-actions\"><ws-wishlist data-type=\"flag\" data-action=\"add\" data-wish-id=\"621826\" data-wish-type=\"apidae\"><\/ws-wishlist><\/div><div class=\"group-media\"><div class=\"field-image\"><img decoding=\"async\" src=\"https:\/\/images.weserv.nl\/?url=https:\/\/static.apidae-tourisme.com\/filestore\/objets-touristiques\/images\/157\/154\/35494557-diaporama.jpg&#038;w=350&#038;h=350&#038;fit=cover&#038;output=webp&#038;q=45\" alt=\"Restaurant &#8220;Les 5 Saisons&#8221;\"\/><\/div><\/div><div class=\"group-top\"><div class=\"field-commune\">Freissini\u00e8res<\/div><ws-apidae-from-price data-apidae-id=\"621826\" ><\/ws-apidae-from-price><\/div><div class=\"group-content\"><div class=\"field-title\">Restaurant &#8220;Les 5 Saisons&#8221;<\/div><\/div><div class=\"field-link\" role=\"group\" aria-label=\"Lien vers le contenu\"><a href=\"https:\/\/www.paysdesecrins.com\/it\/fiche\/restaurant-les-5-saisons-4\/\" class=\"cardlink\" title=\"Lire plus : Restaurant &#8220;Les 5 Saisons&#8221;\" lang=\"it_IT\">Restaurant &#8220;Les 5 Saisons&#8221;<\/a><\/div><\/div><\/div><div class=\"item\" data-season=\"all-seasons\"><div class=\"card card-apidae card-avance\"><div class=\"group-actions\"><ws-wishlist data-type=\"flag\" data-action=\"add\" data-wish-id=\"7643695\" data-wish-type=\"apidae\"><\/ws-wishlist><\/div><div class=\"group-media\"><div class=\"field-image\"><img decoding=\"async\" src=\"https:\/\/images.weserv.nl\/?url=https:\/\/static.apidae-tourisme.com\/filestore\/objets-touristiques\/images\/148\/72\/37177492-diaporama.jpg&#038;w=350&#038;h=350&#038;fit=cover&#038;output=webp&#038;q=45\" alt=\"Le Petit Ravito\"\/><\/div><\/div><div class=\"group-top\"><div class=\"field-commune\">Freissini\u00e8res<\/div><ws-apidae-from-price data-apidae-id=\"7643695\" ><\/ws-apidae-from-price><\/div><div class=\"group-content\"><div class=\"field-title\">Le Petit Ravito<\/div><\/div><div class=\"field-link\" role=\"group\" aria-label=\"Lien vers le contenu\"><a href=\"https:\/\/www.paysdesecrins.com\/it\/fiche\/le-petit-ravito-4\/\" class=\"cardlink\" title=\"Lire plus : Le Petit Ravito\" lang=\"it_IT\">Le Petit Ravito<\/a><\/div><\/div><\/div><div class=\"item\" data-season=\"all-seasons\"><div class=\"card card-apidae card-avance\"><div class=\"group-actions\"><ws-wishlist data-type=\"flag\" data-action=\"add\" data-wish-id=\"621684\" data-wish-type=\"apidae\"><\/ws-wishlist><\/div><div class=\"group-media\"><div class=\"field-image\"><img decoding=\"async\" src=\"https:\/\/images.weserv.nl\/?url=https:\/\/static.apidae-tourisme.com\/filestore\/objets-touristiques\/images\/78\/133\/28280142-diaporama.jpg&#038;w=350&#038;h=350&#038;fit=cover&#038;output=webp&#038;q=45\" alt=\"Restaurant &#8220;Le Relais des Vaudois&#8221;\"\/><\/div><\/div><div class=\"group-top\"><div class=\"field-commune\">Freissini\u00e8res<\/div><ws-apidae-from-price data-apidae-id=\"621684\" ><\/ws-apidae-from-price><\/div><div class=\"group-content\"><div class=\"field-title\">Restaurant &#8220;Le Relais des Vaudois&#8221;<\/div><\/div><div class=\"field-link\" role=\"group\" aria-label=\"Lien vers le contenu\"><a href=\"https:\/\/www.paysdesecrins.com\/it\/fiche\/restaurant-le-relais-des-vaudois-4\/\" class=\"cardlink\" title=\"Lire plus : Restaurant &#8220;Le Relais des Vaudois&#8221;\" lang=\"it_IT\">Restaurant &#8220;Le Relais des Vaudois&#8221;<\/a><\/div><\/div><\/div><div id=\"locations-data_eadfc\" style=\"display: none;\">{&quot;locations&quot;:[{&quot;lat&quot;:&quot;44.752931&quot;,&quot;lng&quot;:&quot;6.54097&quot;,&quot;title&quot;:&quot;Restaurant &#8220;Les 5 Saisons&#8221;&quot;,&quot;permalink&quot;:&quot;https:\\\/\\\/www.paysdesecrins.com\\\/it\\\/fiche\\\/restaurant-les-5-saisons-4\\\/&quot;,&quot;type&quot;:&quot;restauration&quot;,&quot;commune&quot;:&quot;Freissini\\u00e8res&quot;,&quot;type_commerce&quot;:&quot;&quot;,&quot;image&quot;:&quot;https:\\\/\\\/static.apidae-tourisme.com\\\/filestore\\\/objets-touristiques\\\/images\\\/157\\\/154\\\/35494557-diaporama.jpg&quot;,&quot;image_width&quot;:&quot;350&quot;,&quot;image_height&quot;:&quot;350&quot;,&quot;image_fit&quot;:&quot;cover&quot;},{&quot;lat&quot;:&quot;44.737836&quot;,&quot;lng&quot;:&quot;6.568435&quot;,&quot;title&quot;:&quot;Le Petit Ravito&quot;,&quot;permalink&quot;:&quot;https:\\\/\\\/www.paysdesecrins.com\\\/it\\\/fiche\\\/le-petit-ravito-4\\\/&quot;,&quot;type&quot;:&quot;restauration&quot;,&quot;commune&quot;:&quot;Freissini\\u00e8res&quot;,&quot;type_commerce&quot;:&quot;&quot;,&quot;image&quot;:&quot;https:\\\/\\\/static.apidae-tourisme.com\\\/filestore\\\/objets-touristiques\\\/images\\\/148\\\/72\\\/37177492-diaporama.jpg&quot;,&quot;image_width&quot;:&quot;350&quot;,&quot;image_height&quot;:&quot;350&quot;,&quot;image_fit&quot;:&quot;cover&quot;},{&quot;lat&quot;:&quot;44.752878&quot;,&quot;lng&quot;:&quot;6.533407&quot;,&quot;title&quot;:&quot;Restaurant &#8220;Le Relais des Vaudois&#8221;&quot;,&quot;permalink&quot;:&quot;https:\\\/\\\/www.paysdesecrins.com\\\/it\\\/fiche\\\/restaurant-le-relais-des-vaudois-4\\\/&quot;,&quot;type&quot;:&quot;restauration&quot;,&quot;commune&quot;:&quot;Freissini\\u00e8res&quot;,&quot;type_commerce&quot;:&quot;&quot;,&quot;image&quot;:&quot;https:\\\/\\\/static.apidae-tourisme.com\\\/filestore\\\/objets-touristiques\\\/images\\\/78\\\/133\\\/28280142-diaporama.jpg&quot;,&quot;image_width&quot;:&quot;350&quot;,&quot;image_height&quot;:&quot;350&quot;,&quot;image_fit&quot;:&quot;cover&quot;}],&quot;center_lat&quot;:&quot;44.752931&quot;,&quot;center_lng&quot;:&quot;6.54097&quot;}<\/div><\/div><\/div><\/div><div class=\"map-marker\"><div id=\"map_eadfc\" class=\"map-container\" style=\"width: 100%; height: 450px;\"><\/div><\/div><\/div>","protected":false},"excerpt":{"rendered":"<p>Tavolini conviviali, cucina di montagna, caff\u00e8 e rifugi per la pausa pranzo o il t\u00e8 pomeridiano dopo un&#8217;escursione: qualcosa da [&hellip;]<\/p>\n","protected":false},"author":1,"featured_media":51463,"parent":45151,"menu_order":0,"comment_status":"closed","ping_status":"closed","template":"","meta":{"_thumbnail_id_2":0,"summer_excerpt":"","season":"","station":"","footnotes":""},"class_list":["post-45773","page","type-page","status-publish","has-post-thumbnail","hentry"],"yoast_head":"<!-- This site is optimized with the Yoast SEO plugin v27.3 - https:\/\/yoast.com\/product\/yoast-seo-wordpress\/ -->\n<title>Ristoranti di Freissini\u00e8res - Pays des \u00c9crins - Office de Tourisme<\/title>\n<meta name=\"robots\" content=\"index, follow, max-snippet:-1, max-image-preview:large, max-video-preview:-1\" \/>\n<link rel=\"canonical\" href=\"https:\/\/www.paysdesecrins.com\/it\/il-mio-resort-il-mio-villaggio\/freissinieres-dormillouse\/ristoranti\/\" \/>\n<meta property=\"og:locale\" content=\"it_IT\" \/>\n<meta property=\"og:type\" content=\"article\" \/>\n<meta property=\"og:title\" content=\"Ristoranti di Freissini\u00e8res - Pays des \u00c9crins - Office de Tourisme\" \/>\n<meta property=\"og:description\" content=\"Tavolini conviviali, cucina di montagna, caff\u00e8 e rifugi per la pausa pranzo o il t\u00e8 pomeridiano dopo un&#8217;escursione: qualcosa da [&hellip;]\" \/>\n<meta property=\"og:url\" content=\"https:\/\/www.paysdesecrins.com\/it\/il-mio-resort-il-mio-villaggio\/freissinieres-dormillouse\/ristoranti\/\" \/>\n<meta property=\"og:site_name\" content=\"Pays des \u00c9crins - Office de Tourisme\" \/>\n<meta property=\"article:modified_time\" content=\"2025-08-11T09:52:27+00:00\" \/>\n<meta property=\"og:image\" content=\"https:\/\/www.paysdesecrins.com\/wp-content\/uploads\/2025\/07\/08-07-24-mets-et-spiritueux-41.jpg\" \/>\n\t<meta property=\"og:image:width\" content=\"1600\" \/>\n\t<meta property=\"og:image:height\" content=\"1067\" \/>\n\t<meta property=\"og:image:type\" content=\"image\/jpeg\" \/>\n<meta name=\"twitter:card\" content=\"summary_large_image\" \/>\n<script type=\"application\/ld+json\" class=\"yoast-schema-graph\">{\"@context\":\"https:\\\/\\\/schema.org\",\"@graph\":[{\"@type\":\"WebPage\",\"@id\":\"https:\\\/\\\/www.paysdesecrins.com\\\/it\\\/il-mio-resort-il-mio-villaggio\\\/freissinieres-dormillouse\\\/ristoranti\\\/\",\"url\":\"https:\\\/\\\/www.paysdesecrins.com\\\/it\\\/il-mio-resort-il-mio-villaggio\\\/freissinieres-dormillouse\\\/ristoranti\\\/\",\"name\":\"Ristoranti di Freissini\u00e8res - Pays des \u00c9crins - Office de Tourisme\",\"isPartOf\":{\"@id\":\"https:\\\/\\\/www.paysdesecrins.com\\\/it\\\/#website\"},\"primaryImageOfPage\":{\"@id\":\"https:\\\/\\\/www.paysdesecrins.com\\\/it\\\/il-mio-resort-il-mio-villaggio\\\/freissinieres-dormillouse\\\/ristoranti\\\/#primaryimage\"},\"image\":{\"@id\":\"https:\\\/\\\/www.paysdesecrins.com\\\/it\\\/il-mio-resort-il-mio-villaggio\\\/freissinieres-dormillouse\\\/ristoranti\\\/#primaryimage\"},\"thumbnailUrl\":\"https:\\\/\\\/www.paysdesecrins.com\\\/wp-content\\\/uploads\\\/2025\\\/07\\\/08-07-24-mets-et-spiritueux-41.jpg\",\"datePublished\":\"2025-06-25T13:44:53+00:00\",\"dateModified\":\"2025-08-11T09:52:27+00:00\",\"breadcrumb\":{\"@id\":\"https:\\\/\\\/www.paysdesecrins.com\\\/it\\\/il-mio-resort-il-mio-villaggio\\\/freissinieres-dormillouse\\\/ristoranti\\\/#breadcrumb\"},\"inLanguage\":\"it-IT\",\"potentialAction\":[{\"@type\":\"ReadAction\",\"target\":[\"https:\\\/\\\/www.paysdesecrins.com\\\/it\\\/il-mio-resort-il-mio-villaggio\\\/freissinieres-dormillouse\\\/ristoranti\\\/\"]}]},{\"@type\":\"ImageObject\",\"inLanguage\":\"it-IT\",\"@id\":\"https:\\\/\\\/www.paysdesecrins.com\\\/it\\\/il-mio-resort-il-mio-villaggio\\\/freissinieres-dormillouse\\\/ristoranti\\\/#primaryimage\",\"url\":\"https:\\\/\\\/www.paysdesecrins.com\\\/wp-content\\\/uploads\\\/2025\\\/07\\\/08-07-24-mets-et-spiritueux-41.jpg\",\"contentUrl\":\"https:\\\/\\\/www.paysdesecrins.com\\\/wp-content\\\/uploads\\\/2025\\\/07\\\/08-07-24-mets-et-spiritueux-41.jpg\",\"width\":1600,\"height\":1067},{\"@type\":\"BreadcrumbList\",\"@id\":\"https:\\\/\\\/www.paysdesecrins.com\\\/it\\\/il-mio-resort-il-mio-villaggio\\\/freissinieres-dormillouse\\\/ristoranti\\\/#breadcrumb\",\"itemListElement\":[{\"@type\":\"ListItem\",\"position\":1,\"name\":\"Accueil\",\"item\":\"https:\\\/\\\/www.paysdesecrins.com\\\/it\\\/il-titolo-della-casa\\\/\"},{\"@type\":\"ListItem\",\"position\":2,\"name\":\"Il mio resort, il mio villaggio\",\"item\":\"https:\\\/\\\/www.paysdesecrins.com\\\/it\\\/ma-station-mon-village\\\/\"},{\"@type\":\"ListItem\",\"position\":3,\"name\":\"Freissini\u00e8res\",\"item\":\"https:\\\/\\\/www.paysdesecrins.com\\\/it\\\/il-mio-resort-il-mio-villaggio\\\/freissinieres-dormillouse\\\/\"},{\"@type\":\"ListItem\",\"position\":4,\"name\":\"Ristoranti di Freissini\u00e8res\"}]},{\"@type\":\"WebSite\",\"@id\":\"https:\\\/\\\/www.paysdesecrins.com\\\/it\\\/#website\",\"url\":\"https:\\\/\\\/www.paysdesecrins.com\\\/it\\\/\",\"name\":\"Pays des \u00c9crins - Office de Tourisme\",\"description\":\"L&#039;esprit montagne\",\"publisher\":{\"@id\":\"https:\\\/\\\/www.paysdesecrins.com\\\/it\\\/#organization\"},\"potentialAction\":[{\"@type\":\"SearchAction\",\"target\":{\"@type\":\"EntryPoint\",\"urlTemplate\":\"https:\\\/\\\/www.paysdesecrins.com\\\/it\\\/?s={search_term_string}\"},\"query-input\":{\"@type\":\"PropertyValueSpecification\",\"valueRequired\":true,\"valueName\":\"search_term_string\"}}],\"inLanguage\":\"it-IT\"},{\"@type\":\"Organization\",\"@id\":\"https:\\\/\\\/www.paysdesecrins.com\\\/it\\\/#organization\",\"name\":\"Pays des \u00c9crins - Office de Tourisme\",\"url\":\"https:\\\/\\\/www.paysdesecrins.com\\\/it\\\/\",\"logo\":{\"@type\":\"ImageObject\",\"inLanguage\":\"it-IT\",\"@id\":\"https:\\\/\\\/www.paysdesecrins.com\\\/it\\\/#\\\/schema\\\/logo\\\/image\\\/\",\"url\":\"https:\\\/\\\/www.paysdesecrins.com\\\/wp-content\\\/uploads\\\/2025\\\/06\\\/devina-svg-1750845694.svg\",\"contentUrl\":\"https:\\\/\\\/www.paysdesecrins.com\\\/wp-content\\\/uploads\\\/2025\\\/06\\\/devina-svg-1750845694.svg\",\"caption\":\"Pays des \u00c9crins - Office de Tourisme\"},\"image\":{\"@id\":\"https:\\\/\\\/www.paysdesecrins.com\\\/it\\\/#\\\/schema\\\/logo\\\/image\\\/\"}}]}<\/script>\n<!-- \/ Yoast SEO plugin. -->","yoast_head_json":{"title":"Ristoranti di Freissini\u00e8res - Pays des \u00c9crins - Office de Tourisme","robots":{"index":"index","follow":"follow","max-snippet":"max-snippet:-1","max-image-preview":"max-image-preview:large","max-video-preview":"max-video-preview:-1"},"canonical":"https:\/\/www.paysdesecrins.com\/it\/il-mio-resort-il-mio-villaggio\/freissinieres-dormillouse\/ristoranti\/","og_locale":"it_IT","og_type":"article","og_title":"Ristoranti di Freissini\u00e8res - Pays des \u00c9crins - Office de Tourisme","og_description":"Tavolini conviviali, cucina di montagna, caff\u00e8 e rifugi per la pausa pranzo o il t\u00e8 pomeridiano dopo un&#8217;escursione: qualcosa da [&hellip;]","og_url":"https:\/\/www.paysdesecrins.com\/it\/il-mio-resort-il-mio-villaggio\/freissinieres-dormillouse\/ristoranti\/","og_site_name":"Pays des \u00c9crins - Office de Tourisme","article_modified_time":"2025-08-11T09:52:27+00:00","og_image":[{"width":1600,"height":1067,"url":"https:\/\/www.paysdesecrins.com\/wp-content\/uploads\/2025\/07\/08-07-24-mets-et-spiritueux-41.jpg","type":"image\/jpeg"}],"twitter_card":"summary_large_image","schema":{"@context":"https:\/\/schema.org","@graph":[{"@type":"WebPage","@id":"https:\/\/www.paysdesecrins.com\/it\/il-mio-resort-il-mio-villaggio\/freissinieres-dormillouse\/ristoranti\/","url":"https:\/\/www.paysdesecrins.com\/it\/il-mio-resort-il-mio-villaggio\/freissinieres-dormillouse\/ristoranti\/","name":"Ristoranti di Freissini\u00e8res - Pays des \u00c9crins - Office de Tourisme","isPartOf":{"@id":"https:\/\/www.paysdesecrins.com\/it\/#website"},"primaryImageOfPage":{"@id":"https:\/\/www.paysdesecrins.com\/it\/il-mio-resort-il-mio-villaggio\/freissinieres-dormillouse\/ristoranti\/#primaryimage"},"image":{"@id":"https:\/\/www.paysdesecrins.com\/it\/il-mio-resort-il-mio-villaggio\/freissinieres-dormillouse\/ristoranti\/#primaryimage"},"thumbnailUrl":"https:\/\/www.paysdesecrins.com\/wp-content\/uploads\/2025\/07\/08-07-24-mets-et-spiritueux-41.jpg","datePublished":"2025-06-25T13:44:53+00:00","dateModified":"2025-08-11T09:52:27+00:00","breadcrumb":{"@id":"https:\/\/www.paysdesecrins.com\/it\/il-mio-resort-il-mio-villaggio\/freissinieres-dormillouse\/ristoranti\/#breadcrumb"},"inLanguage":"it-IT","potentialAction":[{"@type":"ReadAction","target":["https:\/\/www.paysdesecrins.com\/it\/il-mio-resort-il-mio-villaggio\/freissinieres-dormillouse\/ristoranti\/"]}]},{"@type":"ImageObject","inLanguage":"it-IT","@id":"https:\/\/www.paysdesecrins.com\/it\/il-mio-resort-il-mio-villaggio\/freissinieres-dormillouse\/ristoranti\/#primaryimage","url":"https:\/\/www.paysdesecrins.com\/wp-content\/uploads\/2025\/07\/08-07-24-mets-et-spiritueux-41.jpg","contentUrl":"https:\/\/www.paysdesecrins.com\/wp-content\/uploads\/2025\/07\/08-07-24-mets-et-spiritueux-41.jpg","width":1600,"height":1067},{"@type":"BreadcrumbList","@id":"https:\/\/www.paysdesecrins.com\/it\/il-mio-resort-il-mio-villaggio\/freissinieres-dormillouse\/ristoranti\/#breadcrumb","itemListElement":[{"@type":"ListItem","position":1,"name":"Accueil","item":"https:\/\/www.paysdesecrins.com\/it\/il-titolo-della-casa\/"},{"@type":"ListItem","position":2,"name":"Il mio resort, il mio villaggio","item":"https:\/\/www.paysdesecrins.com\/it\/ma-station-mon-village\/"},{"@type":"ListItem","position":3,"name":"Freissini\u00e8res","item":"https:\/\/www.paysdesecrins.com\/it\/il-mio-resort-il-mio-villaggio\/freissinieres-dormillouse\/"},{"@type":"ListItem","position":4,"name":"Ristoranti di Freissini\u00e8res"}]},{"@type":"WebSite","@id":"https:\/\/www.paysdesecrins.com\/it\/#website","url":"https:\/\/www.paysdesecrins.com\/it\/","name":"Pays des \u00c9crins - Office de Tourisme","description":"L&#039;esprit montagne","publisher":{"@id":"https:\/\/www.paysdesecrins.com\/it\/#organization"},"potentialAction":[{"@type":"SearchAction","target":{"@type":"EntryPoint","urlTemplate":"https:\/\/www.paysdesecrins.com\/it\/?s={search_term_string}"},"query-input":{"@type":"PropertyValueSpecification","valueRequired":true,"valueName":"search_term_string"}}],"inLanguage":"it-IT"},{"@type":"Organization","@id":"https:\/\/www.paysdesecrins.com\/it\/#organization","name":"Pays des \u00c9crins - Office de Tourisme","url":"https:\/\/www.paysdesecrins.com\/it\/","logo":{"@type":"ImageObject","inLanguage":"it-IT","@id":"https:\/\/www.paysdesecrins.com\/it\/#\/schema\/logo\/image\/","url":"https:\/\/www.paysdesecrins.com\/wp-content\/uploads\/2025\/06\/devina-svg-1750845694.svg","contentUrl":"https:\/\/www.paysdesecrins.com\/wp-content\/uploads\/2025\/06\/devina-svg-1750845694.svg","caption":"Pays des \u00c9crins - Office de Tourisme"},"image":{"@id":"https:\/\/www.paysdesecrins.com\/it\/#\/schema\/logo\/image\/"}}]}},"_links":{"self":[{"href":"https:\/\/www.paysdesecrins.com\/it\/wp-json\/wp\/v2\/pages\/45773","targetHints":{"allow":["GET"]}}],"collection":[{"href":"https:\/\/www.paysdesecrins.com\/it\/wp-json\/wp\/v2\/pages"}],"about":[{"href":"https:\/\/www.paysdesecrins.com\/it\/wp-json\/wp\/v2\/types\/page"}],"author":[{"embeddable":true,"href":"https:\/\/www.paysdesecrins.com\/it\/wp-json\/wp\/v2\/users\/1"}],"replies":[{"embeddable":true,"href":"https:\/\/www.paysdesecrins.com\/it\/wp-json\/wp\/v2\/comments?post=45773"}],"version-history":[{"count":0,"href":"https:\/\/www.paysdesecrins.com\/it\/wp-json\/wp\/v2\/pages\/45773\/revisions"}],"up":[{"embeddable":true,"href":"https:\/\/www.paysdesecrins.com\/it\/wp-json\/wp\/v2\/pages\/45151"}],"wp:featuredmedia":[{"embeddable":true,"href":"https:\/\/www.paysdesecrins.com\/it\/wp-json\/wp\/v2\/media\/51463"}],"wp:attachment":[{"href":"https:\/\/www.paysdesecrins.com\/it\/wp-json\/wp\/v2\/media?parent=45773"}],"curies":[{"name":"wp","href":"https:\/\/api.w.org\/{rel}","templated":true}]}}