{"id":45805,"date":"2025-06-25T15:44:51","date_gmt":"2025-06-25T13:44:51","guid":{"rendered":"https:\/\/www.paysdesecrins.com\/le-mie-attivita-allaperto\/acque\/"},"modified":"2025-08-06T17:33:19","modified_gmt":"2025-08-06T15:33:19","slug":"acque","status":"publish","type":"page","link":"https:\/\/www.paysdesecrins.com\/it\/le-mie-attivita-allaperto\/acque\/","title":{"rendered":"Acque"},"content":{"rendered":"    <div class=\"alignfull wp-block-ws-library-ws-header-interne\">\n\t    <div class=\"header-container\">\n\t        <div class=\"group-media has-image\">\n\t            \t                <img loading=\"lazy\" decoding=\"async\" width=\"8640\" height=\"5760\" src=\"https:\/\/www.paysdesecrins.com\/wp-content\/uploads\/2025\/07\/dsc05941.jpg\" alt=\"\" class=\"image_large_square wp-image-41823\" srcset=\"https:\/\/www.paysdesecrins.com\/wp-content\/uploads\/2025\/07\/dsc05941.jpg 8640w, https:\/\/www.paysdesecrins.com\/wp-content\/uploads\/2025\/07\/dsc05941-300x200.jpg 300w, https:\/\/www.paysdesecrins.com\/wp-content\/uploads\/2025\/07\/dsc05941-1024x683.jpg 1024w, https:\/\/www.paysdesecrins.com\/wp-content\/uploads\/2025\/07\/dsc05941-768x512.jpg 768w, https:\/\/www.paysdesecrins.com\/wp-content\/uploads\/2025\/07\/dsc05941-960x640.jpg 960w\" sizes=\"auto, (max-width: 8640px) 100vw, 8640px\" \/>\n\t            \t        <\/div>\n\t        <div class=\"group-content\">\n\t            <div class=\"title\">\n\t                <h1>\n\t                    Acque\t                    \t                <\/h1>\n\t            <\/div>\n\t        <\/div>\n\t    <\/div>\n\t    \n<div class=\"yoast-breadcrumbs\"><span><span><a href=\"https:\/\/www.paysdesecrins.com\/it\/il-titolo-della-casa\/\">Accueil<\/a><\/span>  <span><a href=\"https:\/\/www.paysdesecrins.com\/it\/le-mie-attivita-allaperto\/\">Le mie attivit\u00e0 all&rsquo;aperto<\/a><\/span>  <span class=\"breadcrumb_last\" aria-current=\"page\">Acque<\/span><\/span><\/div>\n    <\/div>\n    \n<div class=\"wp-block-ws-library-ws-title aligncenter is-style-simple\"><h2><em>Vibrare al ritmo del<\/em> Fiumi \u00c9crins<\/h2><\/div>\n\n<p class=\"has-text-align-center\">Pronto a sfidare le rapide? Kayak o rafting, partite alla conquista del Gyr, della Gyronde, dell&#8217;Onde e della Durance, dove ogni rapida vi regaler\u00e0 scariche di adrenalina. Per quanto riguarda il canyoning, dirigetevi verso le gole del Fournel: scivoli naturali, salti e conche limpide vi aspettano per un&#8217;avventura emozionante al 100%. Sotto la supervisione di professionisti, queste esperienze vi immergono il pi\u00f9 vicino possibile ai fiumi glaciali degli \u00c9crins. Diversi modi per domare le acque, a te la scelta!    <\/p>\n\n<div class=\"wp-block-ws-library-ws-tabs alignfull\"><ul class=\"tabs-titles\"><li class=\"tab-title is-active\" data-tab-index=\"0\">KAYAK \/ RAFTING<\/li><li class=\"tab-title\" data-tab-index=\"1\">CANYONING<\/li><\/ul><div class=\"tabs-list\">\n<div class=\"wp-block-ws-library-ws-tab\" style=\"display:none\"><p class=\"tab-title\">KAYAK \/ RAFTING<\/p><div class=\"tab-content\">\n<div class=\"wp-block-ws-library-ws-title aligncenter\"><h3><em>Scopri il tuo prossimo<\/em> parco giochi<\/h3><\/div>\n\n\n\n<p class=\"has-text-align-center\">Il Pays des \u00c9crins offre campi adatti a tutti i livelli, dallo stadio modulare delle acque bianche di L&#8217;Argenti\u00e8re-La-Bess\u00e9e ai fiumi pi\u00f9 impegnativi del Gyr. Ogni sito beneficia di una supervisione professionale e di una logistica semplice: attrezzature da noleggiare in loco, guide qualificate e club partner (CRFCK, Kayak L&#8217;Argenti\u00e8re). <\/p>\n\n\n\n<div class=\"wp-block-ws-library-ws-columns alignwide has-2-columns are-vertically-aligned-center layout-6040 is-style-background\">\n<div class=\"wp-block-ws-library-ws-column\"><div class=\"wrapper\">\n<div class=\"wp-block-ws-library-ws-title\"><h2><em>L&#8217;Argenti\u00e8re-La Bess\u00e9e<\/em>Stadio delle acque bianche<\/h2><\/div>\n\n\n\n<p>Presso lo stadio delle acque bianche di L&#8217;Argenti\u00e8re-La-Bess\u00e9e, la Durance offre una piscina da slalom di 400 m. \u00c8 il luogo ideale per scoprire le basi del kayak o lavorare sul tuo eschimese in tutta sicurezza. Rinomato a livello internazionale, ha ospitato il Campionato Europeo di Canoa\/Kayak e il Campionato Mondiale di Rafting.  <\/p>\n<\/div><\/div>\n\n\n\n<div class=\"wp-block-ws-library-ws-column\"><div class=\"wrapper\">\n<div class=\"wp-block-ws-library-ws-image\"><div class=\"wrapper\"><div class=\"group-media\"><img decoding=\"async\" src=\"https:\/\/www.paysdesecrins.com\/wp-content\/uploads\/2025\/07\/5eauxvives-kayak-960x640.jpg\" alt=\"\" class=\"single_image ws-image-18296\"><div class=\"credits\"><\/div><\/div><p class=\"caption\"><\/p><\/div><\/div>\n<\/div><\/div>\n<\/div>\n\n\n\n<div class=\"wp-block-ws-library-ws-columns alignwide has-2-columns are-vertically-aligned-center layout-4060 is-style-default\">\n<div class=\"wp-block-ws-library-ws-column\"><div class=\"wrapper\">\n<div class=\"wp-block-ws-library-ws-image\" data-season=\"allseasons\"><div class=\"wrapper\"><div class=\"group-media\"><img decoding=\"async\" src=\"https:\/\/www.paysdesecrins.com\/wp-content\/uploads\/2025\/07\/dsc03844-960x640.jpg\" alt=\"\" class=\"single_image ws-image-41637\"><div class=\"credits\"><\/div><\/div><p class=\"caption\"><\/p><\/div><\/div>\n<\/div><\/div>\n\n\n\n<div class=\"wp-block-ws-library-ws-column\"><div class=\"wrapper\">\n<div class=\"wp-block-ws-library-ws-title\"><h2><em>Vallouise-Pelvoux<\/em>l&#8217;onda, il Gyr e la Gyronde<\/h2><\/div>\n\n\n\n<p>A monte del Pelvoux-Vallouise, la Gyronde e la Gyr, nate dai ghiacciai, offrono rapide tecniche a monte (classe IV) per poi abbassarsi in classe II-III per guadagnare facilit\u00e0, mentre l&#8217;Onde, rapide permanenti accessibili non appena la neve si scioglie, offre un parco giochi ideale per i kayakisti esperti., e, oltre 50 km tra Brian\u00e7on ed Embrun,  la Durance si snoda prima in un tratto tranquillo fino a Saint Cl\u00e9ment (fiume intrecciato di II classe)<\/p>\n<\/div><\/div>\n<\/div>\n\n\n\n<div class=\"wp-block-ws-library-ws-columns alignwide has-2-columns are-vertically-aligned-center layout-5050 is-style-background\">\n<div class=\"wp-block-ws-library-ws-column\"><div class=\"wrapper\">\n<div class=\"wp-block-ws-library-ws-title\"><h2><em>Da Brian\u00e7on a Embrun <\/em>La Durance<\/h2><\/div>\n\n\n\n<p>La Durance, lunga 50 km tra Brian\u00e7on ed Embrun, prima dispiega un tratto tranquillo fino a Saint Cl\u00e9ment sur Durance (fiume intrecciato di II classe) poi i treni delle onde si susseguono fino a Embrun. Questo percorso attraversa le gole della Durance sotto la diga delle Prelles (classe V), ai piedi delle falesie poi, all&#8217;uscita delle gole, la difficolt\u00e0 scende e offre un percorso perfetto per scoprire il kayak, il rafting o la canoa con la famiglia o tra principianti. <\/p>\n<\/div><\/div>\n\n\n\n<div class=\"wp-block-ws-library-ws-column\"><div class=\"wrapper\">\n<div class=\"wp-block-ws-library-ws-image\"><div class=\"wrapper\"><div class=\"group-media\"><img decoding=\"async\" src=\"https:\/\/www.paysdesecrins.com\/wp-content\/uploads\/2025\/07\/51raftingrogiervanrijn-dsc02761-960x640.jpg\" alt=\"\" class=\"single_image ws-image-18321\"><div class=\"credits\">Rogier VANRIJN<\/div><\/div><p class=\"caption\"><\/p><\/div><\/div>\n<\/div><\/div>\n<\/div>\n\n\n\n<div class=\"wp-block-ws-library-ws-title aligncenter\"><h3>Informazioni pratiche<\/h3><\/div>\n\n\n\n<p class=\"has-text-align-center\"><strong>L&#8217;accesso<\/strong> \u00e8 facile tramite la N94 o le stazioni SNCF di L&#8217;Argenti\u00e8re-La-Bess\u00e9e e Brian\u00e7on. Per quanto riguarda l&#8217;alloggio, campeggi, g\u00eetes o rifugi sono disponibili in tutto il territorio. Le vicine aree Natura 2000 ci ricordano l&#8217;importanza di praticare senza lasciare traccia.  <\/p>\n\n\n\n<div style=\"height:60px\" aria-hidden=\"true\" class=\"wp-block-spacer\"><\/div>\n\n\n\n<div class=\"wp-block-ws-library-ws-title aligncenter\"><h3>Scegli la tua stagione<\/h3><\/div>\n\n\n\n<p class=\"has-text-align-center\">In termini di stagionalit\u00e0, <strong>maggio-giugno<\/strong> presenta flussi sostenuti, adatti a cavalieri esperti; <strong>Luglio-agosto<\/strong> rimane il periodo pi\u00f9 sicuro per i battesimi e i corsi supervisionati; <strong>Settembre-ottobre<\/strong> offre acque pi\u00f9 calme e una frequenza ridotta. La navigazione \u00e8 vietata in inverno. <\/p>\n\n\n\n<div style=\"height:60px\" aria-hidden=\"true\" class=\"wp-block-spacer\"><\/div>\n<\/div><\/div>\n\n\n\n<div class=\"wp-block-ws-library-ws-tab\" style=\"display:none\"><p class=\"tab-title\">CANYONING<\/p><div class=\"tab-content\">\n<div class=\"wp-block-ws-library-ws-title aligncenter\"><h3><em>Fai il grande passo!  <\/em>Le canyoning 100% \u00c9crins<\/h3><\/div>\n\n\n\n<p>Hai voglia di scivolare, corde e schizzi? Il canyoning nel Pays des \u00c9crins \u00e8 una dose di freschezza in mezzo alle montagne. Principiante, curioso o appassionato di verticalit\u00e0, ognuno trover\u00e0 il canyon al proprio livello.  <\/p>\n\n\n\n<div class=\"wp-block-ws-library-ws-columns alignwide has-2-columns are-vertically-aligned-center layout-5050 is-style-background\">\n<div class=\"wp-block-ws-library-ws-column\"><div class=\"wrapper\">\n<div class=\"wp-block-ws-library-ws-title\"><h2><em>L&#8217;Argenti\u00e8re-La Bess\u00e9e<\/em> Il Fournel<\/h2><\/div>\n\n\n\n<p>Ideale per i principianti, il Vallon du Fournel pu\u00f2 essere praticato tra il 15 giugno e il 15 settembre (dalle 9 alle 18). Nell&#8217;arco di 1 ora e 30 minuti di discesa, l&#8217;acqua sgorga in una cornice di scogliere frastagliate, punteggiate da piccoli scivoli, salti facoltativi e calate in corda doppia inferiori ai 5 m. Le sue normative sono severe: la presenza di una guida qualificata \u00e8 obbligatoria per garantire la vostra sicurezza.  <\/p>\n<\/div><\/div>\n\n\n\n<div class=\"wp-block-ws-library-ws-column\"><div class=\"wrapper\">\n<div class=\"wp-block-ws-library-ws-image\"><div class=\"wrapper\"><div class=\"group-media\"><img decoding=\"async\" src=\"https:\/\/www.paysdesecrins.com\/wp-content\/uploads\/2025\/07\/51eauxvives-canyoning-dsc08620-960x640.jpg\" alt=\"\" class=\"single_image ws-image-18301\"><div class=\"credits\"><\/div><\/div><p class=\"caption\"><\/p><\/div><\/div>\n<\/div><\/div>\n<\/div>\n\n\n\n<div class=\"wp-block-ws-library-ws-title aligncenter\"><h3><em>cantone di La Roche-de-Rame<\/em> Pra Reboul<\/h3><\/div>\n\n\n\n<p class=\"has-text-align-center\">Segnando il confine meridionale del Pays des \u00c9crins, questo canyon tecnico rivela imponenti cascate, la pi\u00f9 alta delle quali culmina a 38 m. Scivoli di collegamento e discesa in corda doppia, si rivolge a praticanti esperti, perfettamente a loro agio nelle manovre su corda. <\/p>\n\n\n\n<div class=\"wp-block-ws-library-ws-columns alignwide has-2-columns are-vertically-aligned-center layout-5050 is-style-background\">\n<div class=\"wp-block-ws-library-ws-column\"><div class=\"wrapper\">\n<div class=\"wp-block-ws-library-ws-image\"><div class=\"wrapper\"><div class=\"group-media\"><img decoding=\"async\" src=\"https:\/\/www.paysdesecrins.com\/wp-content\/uploads\/2025\/07\/dsc09295-960x640.jpg\" alt=\"\" class=\"single_image ws-image-41806\"><div class=\"credits\"><\/div><\/div><p class=\"caption\"><\/p><\/div><\/div>\n<\/div><\/div>\n\n\n\n<div class=\"wp-block-ws-library-ws-column\"><div class=\"wrapper\">\n<div class=\"wp-block-ws-library-ws-title\"><h2><em>Vallouise-Pelvoux<\/em>Il Piccolo Eychauda<\/h2><\/div>\n\n\n\n<p>Accessibile a partire dai 10 anni, questo canyon di circa 3 ore combina acqua turchese, calate in corda doppia sotto cascate e divertenti passaggi tra i massi. Senza un salto obbligatorio, permette di familiarizzare con la verticalit\u00e0 mentre si gode di un panorama sulla valle del Pelvoux. <\/p>\n<\/div><\/div>\n<\/div>\n\n\n\n<div class=\"wp-block-ws-library-ws-title aligncenter\"><h3><em>Dormillouse (Freissini\u00e8res)<\/em>Le Chichin&nbsp;<\/h3><\/div>\n\n\n\n<p>Nel cuore del parco nazionale, questo impegnativo canyon selvaggio si snoda prima in passaggi stretti e aerei, prima di un finale spettacolare con una cascata di 45 m. Riservato ad esperti accompagnati da una guida esperta, offre un&#8217;avventura unica ai piedi delle vette. <\/p>\n\n\n\n<div style=\"height:10px\" aria-hidden=\"true\" class=\"wp-block-spacer\"><\/div>\n\n\n\n<div class=\"wp-block-ws-library-ws-title aligncenter\"><h3>Quando esercitarsi?<\/h3><\/div>\n\n\n\n<p class=\"has-text-align-center\">In primavera (maggio-giugno), le portate, spesso elevate, riservano i canyon pi\u00f9 impegnativi a praticanti sorvegliati ed esperti, mentre in estate (luglio-agosto), l&#8217;acqua \u00e8 pi\u00f9 dolce, favorevole a gite in famiglia e corsi introduttivi \u2013 ricordatevi solo di prenotare con 48 ore di anticipo per garantirvi il posto. In autunno (settembre-ottobre), godrete di un ambiente preservato, di scarsa illuminazione e di un minor numero di visitatori, che offre le condizioni ideali per ammirare i colori e la geologia degli \u00c9crins. <\/p>\n\n\n\n<div style=\"height:10px\" aria-hidden=\"true\" class=\"wp-block-spacer\"><\/div>\n\n\n\n<div class=\"wp-block-ws-library-ws-title aligncenter is-style-default\"><h3>Informazioni pratiche<\/h3><\/div>\n\n\n\n<p class=\"has-text-align-center\">Qualunque sia la vostra scelta, ogni uscita deve essere effettuata sotto la responsabilit\u00e0 di una guida qualificata, che vi fornir\u00e0 l&#8217;attrezzatura completa (tuta in neoprene da 5 mm, casco, imbracatura e dispositivo di sicurezza). Tuttavia, porta scarpe da ginnastica chiuse adatte all&#8217;acqua, un costume da bagno e un piccolo spuntino per ricaricare le batterie. Nel 2025 i prezzi indicativi variano dai 50\u20ac per il Fournel a circa 120\u20ac per il Chichin. Infine, assicurati di rispettare le aree protette gestite da EDF e dal Parco Nazionale degli \u00c9crins: segui la segnaletica, non danneggiare la vegetazione e non lasciare alcuna traccia del tuo passaggio.   <\/p>\n<\/div><\/div>\n<\/div><\/div>\n\n<div class=\"wp-block-ws-library-ws-slider alignwide\"><div class=\"splide\" data-splide=\"{\"type\":\"slide\",\"heightRatio\":\"auto\",\"perPage\":4,\"perMove\":1,\"drag\":true,\"pagination\":0,\"autoplay\":false,\"gap\":\"15px\",\"breakpoints\":{\"450\":{\"perPage\":1},\"768\":{\"perPage\":2},\"992\":{\"perPage\":3},\"1200\":{\"perPage\":4}}}\"><div class=\"splide__track\"><div class=\"splide__list\"><div class=\"splide__slide\"><a href=\"https:\/\/www.paysdesecrins.com\/wp-content\/uploads\/2025\/07\/51raftingrogiervanrijn-dsc02761-scaled.jpg\" data-glightbox=\"true\" class=\"lightbox-trigger\"><img decoding=\"async\" src=\"https:\/\/www.paysdesecrins.com\/wp-content\/uploads\/2025\/07\/51raftingrogiervanrijn-dsc02761-400x400.jpg\" alt=\"\"><\/a><\/div><div class=\"splide__slide\"><a href=\"https:\/\/www.paysdesecrins.com\/wp-content\/uploads\/2025\/07\/5eauxvives-kayak-dsc06176-400x400.jpg\" data-glightbox=\"true\" class=\"lightbox-trigger\"><img decoding=\"async\" src=\"https:\/\/www.paysdesecrins.com\/wp-content\/uploads\/2025\/07\/5eauxvives-kayak-dsc06176-400x400.jpg\" alt=\"\"><\/a><\/div><div class=\"splide__slide\"><a href=\"https:\/\/www.paysdesecrins.com\/wp-content\/uploads\/2025\/07\/5eauxvives-kayak-dsc06626rogiervanrijn-scaled.jpg\" data-glightbox=\"true\" class=\"lightbox-trigger\"><img decoding=\"async\" src=\"https:\/\/www.paysdesecrins.com\/wp-content\/uploads\/2025\/07\/5eauxvives-kayak-dsc06626rogiervanrijn-400x400.jpg\" alt=\"\"><\/a><\/div><div class=\"splide__slide\"><a href=\"https:\/\/www.paysdesecrins.com\/wp-content\/uploads\/2025\/07\/5eauxvives-kayak-dsc07338-scaled.jpg\" data-glightbox=\"true\" class=\"lightbox-trigger\"><img decoding=\"async\" src=\"https:\/\/www.paysdesecrins.com\/wp-content\/uploads\/2025\/07\/5eauxvives-kayak-dsc07338-400x400.jpg\" alt=\"\"><\/a><\/div><div class=\"splide__slide\"><a href=\"https:\/\/www.paysdesecrins.com\/wp-content\/uploads\/2025\/07\/5eauxvives-rafting-dsc00842-scaled.jpg\" data-glightbox=\"true\" class=\"lightbox-trigger\"><img decoding=\"async\" src=\"https:\/\/www.paysdesecrins.com\/wp-content\/uploads\/2025\/07\/5eauxvives-rafting-dsc00842-400x400.jpg\" alt=\"\"><\/a><\/div><div class=\"splide__slide\"><a href=\"https:\/\/www.paysdesecrins.com\/wp-content\/uploads\/2025\/07\/51eauxvives-rafting-championnat-de-france-de-r-2-scaled.jpg\" data-glightbox=\"true\" class=\"lightbox-trigger\"><img decoding=\"async\" src=\"https:\/\/www.paysdesecrins.com\/wp-content\/uploads\/2025\/07\/51eauxvives-rafting-championnat-de-france-de-r-2-400x400.jpg\" alt=\"\"><\/a><\/div><div class=\"splide__slide\"><a href=\"https:\/\/www.paysdesecrins.com\/wp-content\/uploads\/2025\/07\/51rafting-eauxvives-rafting-dsc09298-scaled.jpg\" data-glightbox=\"true\" class=\"lightbox-trigger\"><img decoding=\"async\" src=\"https:\/\/www.paysdesecrins.com\/wp-content\/uploads\/2025\/07\/51rafting-eauxvives-rafting-dsc09298-scaled.jpg\" alt=\"\"><\/a><\/div><div class=\"splide__slide\"><a href=\"https:\/\/www.paysdesecrins.com\/wp-content\/uploads\/2025\/07\/5eauxvives-kayak-400x400.jpg\" data-glightbox=\"true\" class=\"lightbox-trigger\"><img decoding=\"async\" src=\"https:\/\/www.paysdesecrins.com\/wp-content\/uploads\/2025\/07\/5eauxvives-kayak-400x400.jpg\" alt=\"\"><\/a><\/div><\/div><\/div><\/div><\/div>\n\n<div class=\"wp-block-ws-library-ws-title aligncenter is-style-default\"><h2><em>Tutti i<\/em> fornitori di acque bianche<\/h2><\/div>\n\n<p class=\"has-text-align-center\">Tutti i fornitori di acque bianche del Pays des \u00c9crins garantiscono la supervisione di guide qualificate e la fornitura di attrezzature in loco. I club CRFCK e Kayak L&#8217;Argenti\u00e8re offrono uscite e corsi adatti a tutti i livelli. A te la scelta!    <\/p>\n<div id=\"listing_10fbb\" data-observer-wishlist data-attributes='listing-avance {\"selectedSelectionIds\":[\"188521\"],\"showMap\":true,\"isPaginated\":true,\"perPage\":6,\"isPortrait\":false,\"isImageContain\":false,\"showCommune\":true,\"defaultImage\":\"https:\\\/\\\/www.paysdesecrins.com\\\/wp-content\\\/uploads\\\/2025\\\/06\\\/cropped-paysdesecrins.png\",\"selectedFacets\":[],\"sortOrder\":\"random\",\"showType\":false,\"columnsCount\":\"2-3-3\",\"showActiveFacets\":false,\"showGeolocalisation\":false,\"isLimited\":false,\"season\":\"\",\"align\":\"wide\"}' class=\"ws-listing wp-block-ws-apidae-library-listing-avance alignwide\" data-map-id=\"map_10fbb\" data-locations-id=\"locations-data_10fbb\"><div class=\"listing-header\"><div class=\"toggle-container\"><button class=\"btn toggle-btn toggle-list\" data-target=\"list\">Lista<\/button><button class=\"btn toggle-btn toggle-map\" data-target=\"map\">Mappa<\/button><button class=\"btn toggle-btn toggle-fulllist\" data-target=\"fulllist\" data-reverse=\"Visualizza mappa\">Nascondi la mappa<\/button><\/div><\/div><div class=\"facetwp-template\"><div class=\"list-container active\"><div class=\"list-items\"><div class=\"item\" data-season=\"all-seasons\"><div class=\"card card-apidae card-avance\"><div class=\"group-actions\"><ws-wishlist data-type=\"flag\" data-action=\"add\" data-wish-id=\"6977432\" data-wish-type=\"apidae\"><\/ws-wishlist><\/div><div class=\"group-media\"><div class=\"field-image\"><img decoding=\"async\" src=\"https:\/\/images.weserv.nl\/?url=https:\/\/static.apidae-tourisme.com\/filestore\/objets-touristiques\/images\/127\/104\/23554175-diaporama.jpg&#038;w=350&#038;h=350&#038;fit=cover&#038;output=webp&#038;q=45\" alt=\"Verticalit\u00e9 05\"\/><\/div><\/div><div class=\"group-top\"><div class=\"field-book\">Prenotabile online<\/div><div class=\"field-commune\">Champcella<\/div><ws-apidae-from-price data-apidae-id=\"6977432\" ><\/ws-apidae-from-price><\/div><div class=\"group-content\"><div class=\"field-title\">Verticalit\u00e9 05<\/div><\/div><div class=\"field-link\" role=\"group\" aria-label=\"Lien vers le contenu\"><a href=\"https:\/\/www.paysdesecrins.com\/it\/fiche\/verticalite-05-4\/\" class=\"cardlink\" title=\"Lire plus : Verticalit\u00e9 05\" lang=\"it_IT\">Verticalit\u00e9 05<\/a><\/div><\/div><\/div><div class=\"item\" data-season=\"all-seasons\"><div class=\"card card-apidae card-avance\"><div class=\"group-actions\"><ws-wishlist data-type=\"flag\" data-action=\"add\" data-wish-id=\"643344\" data-wish-type=\"apidae\"><\/ws-wishlist><\/div><div class=\"group-media\"><div class=\"field-image\"><img decoding=\"async\" src=\"https:\/\/images.weserv.nl\/?url=https:\/\/static.apidae-tourisme.com\/filestore\/objets-touristiques\/images\/22\/79\/11161366-diaporama.jpg&#038;w=350&#038;h=350&#038;fit=cover&#038;output=webp&#038;q=45\" alt=\"Eaurigine\"\/><\/div><\/div><div class=\"group-top\"><div class=\"field-book\">Prenotabile online<\/div><div class=\"field-commune\">Vallouise-Pelvoux<\/div><ws-apidae-from-price data-apidae-id=\"643344\" ><\/ws-apidae-from-price><\/div><div class=\"group-content\"><div class=\"field-title\">Eaurigine<\/div><\/div><div class=\"field-link\" role=\"group\" aria-label=\"Lien vers le contenu\"><a href=\"https:\/\/www.paysdesecrins.com\/it\/fiche\/eaurigine-4\/\" class=\"cardlink\" title=\"Lire plus : Eaurigine\" lang=\"it_IT\">Eaurigine<\/a><\/div><\/div><\/div><div class=\"item\" data-season=\"all-seasons\"><div class=\"card card-apidae card-avance\"><div class=\"group-actions\"><ws-wishlist data-type=\"flag\" data-action=\"add\" data-wish-id=\"5283758\" data-wish-type=\"apidae\"><\/ws-wishlist><\/div><div class=\"group-media\"><div class=\"field-image\"><img decoding=\"async\" src=\"https:\/\/images.weserv.nl\/?url=https:\/\/static.apidae-tourisme.com\/filestore\/objets-touristiques\/images\/181\/152\/6199477-diaporama.png&#038;w=350&#038;h=350&#038;fit=cover&#038;output=webp&#038;q=45\" alt=\"Source Rafting\"\/><\/div><\/div><div class=\"group-top\"><div class=\"field-commune\">Les Vigneaux<\/div><ws-apidae-from-price data-apidae-id=\"5283758\" ><\/ws-apidae-from-price><\/div><div class=\"group-content\"><div class=\"field-title\">Source Rafting<\/div><\/div><div class=\"field-link\" role=\"group\" aria-label=\"Lien vers le contenu\"><a href=\"https:\/\/www.paysdesecrins.com\/it\/fiche\/source-rafting-4\/\" class=\"cardlink\" title=\"Lire plus : Source Rafting\" lang=\"it_IT\">Source Rafting<\/a><\/div><\/div><\/div><div class=\"item\" data-season=\"all-seasons\"><div class=\"card card-apidae card-avance\"><div class=\"group-actions\"><ws-wishlist data-type=\"flag\" data-action=\"add\" data-wish-id=\"628970\" data-wish-type=\"apidae\"><\/ws-wishlist><\/div><div class=\"group-media\"><div class=\"field-image\"><img decoding=\"async\" src=\"https:\/\/images.weserv.nl\/?url=https:\/\/static.apidae-tourisme.com\/filestore\/objets-touristiques\/images\/167\/19\/11539367-diaporama.jpg&#038;w=350&#038;h=350&#038;fit=cover&#038;output=webp&#038;q=45\" alt=\"Les Vagues \u00e0 Bonds\"\/><\/div><\/div><div class=\"group-top\"><div class=\"field-commune\">L&#039;Argenti\u00e8re-la-Bess\u00e9e<\/div><ws-apidae-from-price data-apidae-id=\"628970\" ><\/ws-apidae-from-price><\/div><div class=\"group-content\"><div class=\"field-title\">Les Vagues \u00e0 Bonds<\/div><\/div><div class=\"field-link\" role=\"group\" aria-label=\"Lien vers le contenu\"><a href=\"https:\/\/www.paysdesecrins.com\/it\/fiche\/les-vagues-a-bonds-4\/\" class=\"cardlink\" title=\"Lire plus : Les Vagues \u00e0 Bonds\" lang=\"it_IT\">Les Vagues \u00e0 Bonds<\/a><\/div><\/div><\/div><div class=\"item\" data-season=\"all-seasons\"><div class=\"card card-apidae card-avance\"><div class=\"group-actions\"><ws-wishlist data-type=\"flag\" data-action=\"add\" data-wish-id=\"6891844\" data-wish-type=\"apidae\"><\/ws-wishlist><\/div><div class=\"group-media\"><div class=\"field-image\"><img decoding=\"async\" src=\"https:\/\/images.weserv.nl\/?url=https:\/\/static.apidae-tourisme.com\/filestore\/objets-touristiques\/images\/245\/84\/22435061-diaporama.jpg&#038;w=350&#038;h=350&#038;fit=cover&#038;output=webp&#038;q=45\" alt=\"Sens dessus dessous : escalade, sp\u00e9l\u00e9ologie, canyoning\"\/><\/div><\/div><div class=\"group-top\"><div class=\"field-commune\">Freissini\u00e8res<\/div><ws-apidae-from-price data-apidae-id=\"6891844\" ><\/ws-apidae-from-price><\/div><div class=\"group-content\"><div class=\"field-title\">Sens dessus dessous : escalade, sp\u00e9l\u00e9ologie, canyoning<\/div><\/div><div class=\"field-link\" role=\"group\" aria-label=\"Lien vers le contenu\"><a href=\"https:\/\/www.paysdesecrins.com\/it\/fiche\/sens-dessus-dessous-escalade-speleologie-canyoning-4\/\" class=\"cardlink\" title=\"Lire plus : Sens dessus dessous : escalade, sp\u00e9l\u00e9ologie, canyoning\" lang=\"it_IT\">Sens dessus dessous : escalade, sp\u00e9l\u00e9ologie, canyoning<\/a><\/div><\/div><\/div><div class=\"item\" data-season=\"all-seasons\"><div class=\"card card-apidae card-avance\"><div class=\"group-actions\"><ws-wishlist data-type=\"flag\" data-action=\"add\" data-wish-id=\"855356\" data-wish-type=\"apidae\"><\/ws-wishlist><\/div><div class=\"group-media\"><div class=\"field-image\"><img decoding=\"async\" src=\"https:\/\/images.weserv.nl\/?url=https:\/\/static.apidae-tourisme.com\/filestore\/objets-touristiques\/images\/246\/60\/1719542-diaporama.jpg&#038;w=350&#038;h=350&#038;fit=cover&#038;output=webp&#038;q=45\" alt=\"Torrentciel Canyoning\"\/><\/div><\/div><div class=\"group-top\"><div class=\"field-commune\">Les Vigneaux<\/div><ws-apidae-from-price data-apidae-id=\"855356\" ><\/ws-apidae-from-price><\/div><div class=\"group-content\"><div class=\"field-title\">Torrentciel Canyoning<\/div><\/div><div class=\"field-link\" role=\"group\" aria-label=\"Lien vers le contenu\"><a href=\"https:\/\/www.paysdesecrins.com\/it\/fiche\/torrentciel-canyoning-4\/\" class=\"cardlink\" title=\"Lire plus : Torrentciel Canyoning\" lang=\"it_IT\">Torrentciel Canyoning<\/a><\/div><\/div><\/div><div class=\"item\" data-season=\"all-seasons\"><div class=\"card card-apidae card-avance\"><div class=\"group-actions\"><ws-wishlist data-type=\"flag\" data-action=\"add\" data-wish-id=\"6679960\" data-wish-type=\"apidae\"><\/ws-wishlist><\/div><div class=\"group-media\"><div class=\"field-image\"><img decoding=\"async\" src=\"https:\/\/images.weserv.nl\/?url=https:\/\/static.apidae-tourisme.com\/filestore\/objets-touristiques\/images\/116\/26\/19274356-diaporama.jpg&#038;w=350&#038;h=350&#038;fit=cover&#038;output=webp&#038;q=45\" alt=\"Instinct Vertical\"\/><\/div><\/div><div class=\"group-top\"><div class=\"field-commune\">Vallouise-Pelvoux<\/div><ws-apidae-from-price data-apidae-id=\"6679960\" ><\/ws-apidae-from-price><\/div><div class=\"group-content\"><div class=\"field-title\">Instinct Vertical<\/div><\/div><div class=\"field-link\" role=\"group\" aria-label=\"Lien vers le contenu\"><a href=\"https:\/\/www.paysdesecrins.com\/it\/fiche\/instinct-vertical-4\/\" class=\"cardlink\" title=\"Lire plus : Instinct Vertical\" lang=\"it_IT\">Instinct Vertical<\/a><\/div><\/div><\/div><div class=\"item\" data-season=\"all-seasons\"><div class=\"card card-apidae card-avance\"><div class=\"group-actions\"><ws-wishlist data-type=\"flag\" data-action=\"add\" data-wish-id=\"639000\" data-wish-type=\"apidae\"><\/ws-wishlist><\/div><div class=\"group-media\"><div class=\"field-image\"><img decoding=\"async\" src=\"https:\/\/images.weserv.nl\/?url=https:\/\/static.apidae-tourisme.com\/filestore\/objets-touristiques\/images\/79\/6\/30082639-diaporama.jpg&#038;w=350&#038;h=350&#038;fit=cover&#038;output=webp&#038;q=45\" alt=\"Horizon Vertical\"\/><\/div><\/div><div class=\"group-top\"><div class=\"field-commune\">Vallouise-Pelvoux<\/div><ws-apidae-from-price data-apidae-id=\"639000\" ><\/ws-apidae-from-price><\/div><div class=\"group-content\"><div class=\"field-title\">Horizon Vertical<\/div><\/div><div class=\"field-link\" role=\"group\" aria-label=\"Lien vers le contenu\"><a href=\"https:\/\/www.paysdesecrins.com\/it\/fiche\/horizon-vertical-4\/\" class=\"cardlink\" title=\"Lire plus : Horizon Vertical\" lang=\"it_IT\">Horizon Vertical<\/a><\/div><\/div><\/div><div class=\"item\" data-season=\"all-seasons\"><div class=\"card card-apidae card-avance\"><div class=\"group-actions\"><ws-wishlist data-type=\"flag\" data-action=\"add\" data-wish-id=\"581348\" data-wish-type=\"apidae\"><\/ws-wishlist><\/div><div class=\"group-media\"><div class=\"field-image\"><img decoding=\"async\" src=\"https:\/\/images.weserv.nl\/?url=https:\/\/static.apidae-tourisme.com\/filestore\/objets-touristiques\/images\/173\/124\/687277-diaporama.jpg&#038;w=350&#038;h=350&#038;fit=cover&#038;output=webp&#038;q=45\" alt=\"Bureau des Guides des \u00c9crins\"\/><\/div><\/div><div class=\"group-top\"><div class=\"field-commune\">Vallouise-Pelvoux<\/div><ws-apidae-from-price data-apidae-id=\"581348\" ><\/ws-apidae-from-price><\/div><div class=\"group-content\"><div class=\"field-title\">Bureau des Guides des \u00c9crins<\/div><\/div><div class=\"field-link\" role=\"group\" aria-label=\"Lien vers le contenu\"><a href=\"https:\/\/www.paysdesecrins.com\/it\/fiche\/bureau-des-guides-des-ecrins-2\/\" class=\"cardlink\" title=\"Lire plus : Bureau des Guides des \u00c9crins\" lang=\"it_IT\">Bureau des Guides des \u00c9crins<\/a><\/div><\/div><\/div><div class=\"item\" data-season=\"all-seasons\"><div class=\"card card-apidae card-avance\"><div class=\"group-actions\"><ws-wishlist data-type=\"flag\" data-action=\"add\" data-wish-id=\"506163\" data-wish-type=\"apidae\"><\/ws-wishlist><\/div><div class=\"group-media\"><div class=\"field-image\"><img decoding=\"async\" src=\"https:\/\/images.weserv.nl\/?url=https:\/\/static.apidae-tourisme.com\/filestore\/objets-touristiques\/images\/107\/149\/20092267-diaporama.jpg&#038;w=350&#038;h=350&#038;fit=cover&#038;output=webp&#038;q=45\" alt=\"Rafiki Rafting\"\/><\/div><\/div><div class=\"group-top\"><div class=\"field-commune\">Saint-Martin-de-Queyri\u00e8res<\/div><ws-apidae-from-price data-apidae-id=\"506163\" ><\/ws-apidae-from-price><\/div><div class=\"group-content\"><div class=\"field-title\">Rafiki Rafting<\/div><\/div><div class=\"field-link\" role=\"group\" aria-label=\"Lien vers le contenu\"><a href=\"https:\/\/www.paysdesecrins.com\/it\/fiche\/rafiki-rafting-4\/\" class=\"cardlink\" title=\"Lire plus : Rafiki Rafting\" lang=\"it_IT\">Rafiki Rafting<\/a><\/div><\/div><\/div><div class=\"item\" data-season=\"all-seasons\"><div class=\"card card-apidae card-avance\"><div class=\"group-actions\"><ws-wishlist data-type=\"flag\" data-action=\"add\" data-wish-id=\"6171225\" data-wish-type=\"apidae\"><\/ws-wishlist><\/div><div class=\"group-media\"><div class=\"field-image\"><img decoding=\"async\" src=\"https:\/\/images.weserv.nl\/?url=https:\/\/static.apidae-tourisme.com\/filestore\/objets-touristiques\/images\/216\/16\/23007448-diaporama.png&#038;w=350&#038;h=350&#038;fit=cover&#038;output=webp&#038;q=45\" alt=\"Rivi\u00e8re Odyss\u00e9e\"\/><\/div><\/div><div class=\"group-top\"><div class=\"field-commune\">Vallouise-Pelvoux<\/div><ws-apidae-from-price data-apidae-id=\"6171225\" ><\/ws-apidae-from-price><\/div><div class=\"group-content\"><div class=\"field-title\">Rivi\u00e8re Odyss\u00e9e<\/div><\/div><div class=\"field-link\" role=\"group\" aria-label=\"Lien vers le contenu\"><a href=\"https:\/\/www.paysdesecrins.com\/it\/fiche\/riviere-odyssee-4\/\" class=\"cardlink\" title=\"Lire plus : Rivi\u00e8re Odyss\u00e9e\" lang=\"it_IT\">Rivi\u00e8re Odyss\u00e9e<\/a><\/div><\/div><\/div><div class=\"item\" data-season=\"all-seasons\"><div class=\"card card-apidae card-avance\"><div class=\"group-actions\"><ws-wishlist data-type=\"flag\" data-action=\"add\" data-wish-id=\"621959\" data-wish-type=\"apidae\"><\/ws-wishlist><\/div><div class=\"group-media\"><div class=\"field-image\"><img decoding=\"async\" src=\"https:\/\/images.weserv.nl\/?url=https:\/\/static.apidae-tourisme.com\/filestore\/objets-touristiques\/images\/88\/178\/8893016-diaporama.jpg&#038;w=350&#038;h=350&#038;fit=cover&#038;output=webp&#038;q=45\" alt=\"Roc \u00c9crins\"\/><\/div><\/div><div class=\"group-top\"><div class=\"field-book\">Prenotabile online<\/div><div class=\"field-commune\">L&#039;Argenti\u00e8re-la-Bess\u00e9e<\/div><ws-apidae-from-price data-apidae-id=\"621959\" ><\/ws-apidae-from-price><\/div><div class=\"group-content\"><div class=\"field-title\">Roc \u00c9crins<\/div><\/div><div class=\"field-link\" role=\"group\" aria-label=\"Lien vers le contenu\"><a href=\"https:\/\/www.paysdesecrins.com\/it\/fiche\/roc-ecrins-3\/\" class=\"cardlink\" title=\"Lire plus : Roc \u00c9crins\" lang=\"it_IT\">Roc \u00c9crins<\/a><\/div><\/div><\/div><div class=\"item\" data-season=\"all-seasons\"><div class=\"card card-apidae card-avance\"><div class=\"group-actions\"><ws-wishlist data-type=\"flag\" data-action=\"add\" data-wish-id=\"7220754\" data-wish-type=\"apidae\"><\/ws-wishlist><\/div><div class=\"group-media\"><div class=\"field-image\"><img decoding=\"async\" src=\"https:\/\/images.weserv.nl\/?url=https:\/\/static.apidae-tourisme.com\/filestore\/objets-touristiques\/images\/112\/205\/28364144-diaporama.jpg&#038;w=350&#038;h=350&#038;fit=cover&#038;output=webp&#038;q=45\" alt=\"Cycl&#8217;eau Aventure\"\/><\/div><\/div><div class=\"group-top\"><div class=\"field-commune\">L&#039;Argenti\u00e8re-la-Bess\u00e9e<\/div><ws-apidae-from-price data-apidae-id=\"7220754\" ><\/ws-apidae-from-price><\/div><div class=\"group-content\"><div class=\"field-title\">Cycl&#8217;eau Aventure<\/div><\/div><div class=\"field-link\" role=\"group\" aria-label=\"Lien vers le contenu\"><a href=\"https:\/\/www.paysdesecrins.com\/it\/fiche\/cycleau-aventure-4\/\" class=\"cardlink\" title=\"Lire plus : Cycl&#8217;eau Aventure\" lang=\"it_IT\">Cycl&#8217;eau Aventure<\/a><\/div><\/div><\/div><div id=\"locations-data_10fbb\" style=\"display: none;\">{&quot;locations&quot;:[{&quot;lat&quot;:&quot;44.738148&quot;,&quot;lng&quot;:&quot;6.558722&quot;,&quot;title&quot;:&quot;Verticalit\\u00e9 05&quot;,&quot;permalink&quot;:&quot;https:\\\/\\\/www.paysdesecrins.com\\\/it\\\/fiche\\\/verticalite-05-4\\\/&quot;,&quot;type&quot;:&quot;commerce_et_service&quot;,&quot;commune&quot;:&quot;Champcella&quot;,&quot;type_commerce&quot;:&quot;&quot;,&quot;image&quot;:&quot;https:\\\/\\\/static.apidae-tourisme.com\\\/filestore\\\/objets-touristiques\\\/images\\\/127\\\/104\\\/23554175-diaporama.jpg&quot;,&quot;image_width&quot;:&quot;350&quot;,&quot;image_height&quot;:&quot;350&quot;,&quot;image_fit&quot;:&quot;cover&quot;},{&quot;lat&quot;:&quot;44.832645&quot;,&quot;lng&quot;:&quot;6.51318&quot;,&quot;title&quot;:&quot;Eaurigine&quot;,&quot;permalink&quot;:&quot;https:\\\/\\\/www.paysdesecrins.com\\\/it\\\/fiche\\\/eaurigine-4\\\/&quot;,&quot;type&quot;:&quot;commerce_et_service&quot;,&quot;commune&quot;:&quot;Vallouise-Pelvoux&quot;,&quot;type_commerce&quot;:&quot;&quot;,&quot;image&quot;:&quot;https:\\\/\\\/static.apidae-tourisme.com\\\/filestore\\\/objets-touristiques\\\/images\\\/22\\\/79\\\/11161366-diaporama.jpg&quot;,&quot;image_width&quot;:&quot;350&quot;,&quot;image_height&quot;:&quot;350&quot;,&quot;image_fit&quot;:&quot;cover&quot;},{&quot;lat&quot;:&quot;44.77978&quot;,&quot;lng&quot;:&quot;6.559752&quot;,&quot;title&quot;:&quot;Les Vagues \\u00e0 Bonds&quot;,&quot;permalink&quot;:&quot;https:\\\/\\\/www.paysdesecrins.com\\\/it\\\/fiche\\\/les-vagues-a-bonds-4\\\/&quot;,&quot;type&quot;:&quot;commerce_et_service&quot;,&quot;commune&quot;:&quot;L&#039;Argenti\\u00e8re-la-Bess\\u00e9e&quot;,&quot;type_commerce&quot;:&quot;&quot;,&quot;image&quot;:&quot;https:\\\/\\\/static.apidae-tourisme.com\\\/filestore\\\/objets-touristiques\\\/images\\\/167\\\/19\\\/11539367-diaporama.jpg&quot;,&quot;image_width&quot;:&quot;350&quot;,&quot;image_height&quot;:&quot;350&quot;,&quot;image_fit&quot;:&quot;cover&quot;},{&quot;lat&quot;:&quot;44.776896&quot;,&quot;lng&quot;:&quot;6.555322&quot;,&quot;title&quot;:&quot;Torrentciel Canyoning&quot;,&quot;permalink&quot;:&quot;https:\\\/\\\/www.paysdesecrins.com\\\/it\\\/fiche\\\/torrentciel-canyoning-4\\\/&quot;,&quot;type&quot;:&quot;commerce_et_service&quot;,&quot;commune&quot;:&quot;Les Vigneaux&quot;,&quot;type_commerce&quot;:&quot;&quot;,&quot;image&quot;:&quot;https:\\\/\\\/static.apidae-tourisme.com\\\/filestore\\\/objets-touristiques\\\/images\\\/246\\\/60\\\/1719542-diaporama.jpg&quot;,&quot;image_width&quot;:&quot;350&quot;,&quot;image_height&quot;:&quot;350&quot;,&quot;image_fit&quot;:&quot;cover&quot;},{&quot;lat&quot;:&quot;44.847376&quot;,&quot;lng&quot;:&quot;6.48894&quot;,&quot;title&quot;:&quot;Instinct Vertical&quot;,&quot;permalink&quot;:&quot;https:\\\/\\\/www.paysdesecrins.com\\\/it\\\/fiche\\\/instinct-vertical-4\\\/&quot;,&quot;type&quot;:&quot;commerce_et_service&quot;,&quot;commune&quot;:&quot;Vallouise-Pelvoux&quot;,&quot;type_commerce&quot;:&quot;&quot;,&quot;image&quot;:&quot;https:\\\/\\\/static.apidae-tourisme.com\\\/filestore\\\/objets-touristiques\\\/images\\\/116\\\/26\\\/19274356-diaporama.jpg&quot;,&quot;image_width&quot;:&quot;350&quot;,&quot;image_height&quot;:&quot;350&quot;,&quot;image_fit&quot;:&quot;cover&quot;},{&quot;lat&quot;:&quot;44.843509&quot;,&quot;lng&quot;:&quot;6.484856&quot;,&quot;title&quot;:&quot;Horizon Vertical&quot;,&quot;permalink&quot;:&quot;https:\\\/\\\/www.paysdesecrins.com\\\/it\\\/fiche\\\/horizon-vertical-4\\\/&quot;,&quot;type&quot;:&quot;commerce_et_service&quot;,&quot;commune&quot;:&quot;Vallouise-Pelvoux&quot;,&quot;type_commerce&quot;:&quot;&quot;,&quot;image&quot;:&quot;https:\\\/\\\/static.apidae-tourisme.com\\\/filestore\\\/objets-touristiques\\\/images\\\/79\\\/6\\\/30082639-diaporama.jpg&quot;,&quot;image_width&quot;:&quot;350&quot;,&quot;image_height&quot;:&quot;350&quot;,&quot;image_fit&quot;:&quot;cover&quot;},{&quot;lat&quot;:&quot;44.83928&quot;,&quot;lng&quot;:&quot;6.497067&quot;,&quot;title&quot;:&quot;Bureau des Guides des \\u00c9crins&quot;,&quot;permalink&quot;:&quot;https:\\\/\\\/www.paysdesecrins.com\\\/it\\\/fiche\\\/bureau-des-guides-des-ecrins-2\\\/&quot;,&quot;type&quot;:&quot;commerce_et_service&quot;,&quot;commune&quot;:&quot;Vallouise-Pelvoux&quot;,&quot;type_commerce&quot;:&quot;&quot;,&quot;image&quot;:&quot;https:\\\/\\\/static.apidae-tourisme.com\\\/filestore\\\/objets-touristiques\\\/images\\\/173\\\/124\\\/687277-diaporama.jpg&quot;,&quot;image_width&quot;:&quot;350&quot;,&quot;image_height&quot;:&quot;350&quot;,&quot;image_fit&quot;:&quot;cover&quot;},{&quot;lat&quot;:&quot;44.856451&quot;,&quot;lng&quot;:&quot;6.589654&quot;,&quot;title&quot;:&quot;Rafiki Rafting&quot;,&quot;permalink&quot;:&quot;https:\\\/\\\/www.paysdesecrins.com\\\/it\\\/fiche\\\/rafiki-rafting-4\\\/&quot;,&quot;type&quot;:&quot;commerce_et_service&quot;,&quot;commune&quot;:&quot;Saint-Martin-de-Queyri\\u00e8res&quot;,&quot;type_commerce&quot;:&quot;&quot;,&quot;image&quot;:&quot;https:\\\/\\\/static.apidae-tourisme.com\\\/filestore\\\/objets-touristiques\\\/images\\\/107\\\/149\\\/20092267-diaporama.jpg&quot;,&quot;image_width&quot;:&quot;350&quot;,&quot;image_height&quot;:&quot;350&quot;,&quot;image_fit&quot;:&quot;cover&quot;},{&quot;lat&quot;:&quot;44.865404&quot;,&quot;lng&quot;:&quot;6.487164&quot;,&quot;title&quot;:&quot;Rivi\\u00e8re Odyss\\u00e9e&quot;,&quot;permalink&quot;:&quot;https:\\\/\\\/www.paysdesecrins.com\\\/it\\\/fiche\\\/riviere-odyssee-4\\\/&quot;,&quot;type&quot;:&quot;commerce_et_service&quot;,&quot;commune&quot;:&quot;Vallouise-Pelvoux&quot;,&quot;type_commerce&quot;:&quot;&quot;,&quot;image&quot;:&quot;https:\\\/\\\/static.apidae-tourisme.com\\\/filestore\\\/objets-touristiques\\\/images\\\/216\\\/16\\\/23007448-diaporama.png&quot;,&quot;image_width&quot;:&quot;350&quot;,&quot;image_height&quot;:&quot;350&quot;,&quot;image_fit&quot;:&quot;cover&quot;},{&quot;lat&quot;:&quot;44.78946&quot;,&quot;lng&quot;:&quot;6.558928&quot;,&quot;title&quot;:&quot;Roc \\u00c9crins&quot;,&quot;permalink&quot;:&quot;https:\\\/\\\/www.paysdesecrins.com\\\/it\\\/fiche\\\/roc-ecrins-3\\\/&quot;,&quot;type&quot;:&quot;commerce_et_service&quot;,&quot;commune&quot;:&quot;L&#039;Argenti\\u00e8re-la-Bess\\u00e9e&quot;,&quot;type_commerce&quot;:&quot;&quot;,&quot;image&quot;:&quot;https:\\\/\\\/static.apidae-tourisme.com\\\/filestore\\\/objets-touristiques\\\/images\\\/88\\\/178\\\/8893016-diaporama.jpg&quot;,&quot;image_width&quot;:&quot;350&quot;,&quot;image_height&quot;:&quot;350&quot;,&quot;image_fit&quot;:&quot;cover&quot;},{&quot;lat&quot;:&quot;44.790347&quot;,&quot;lng&quot;:&quot;6.557874&quot;,&quot;title&quot;:&quot;Cycl&#8217;eau Aventure&quot;,&quot;permalink&quot;:&quot;https:\\\/\\\/www.paysdesecrins.com\\\/it\\\/fiche\\\/cycleau-aventure-4\\\/&quot;,&quot;type&quot;:&quot;commerce_et_service&quot;,&quot;commune&quot;:&quot;L&#039;Argenti\\u00e8re-la-Bess\\u00e9e&quot;,&quot;type_commerce&quot;:&quot;&quot;,&quot;image&quot;:&quot;https:\\\/\\\/static.apidae-tourisme.com\\\/filestore\\\/objets-touristiques\\\/images\\\/112\\\/205\\\/28364144-diaporama.jpg&quot;,&quot;image_width&quot;:&quot;350&quot;,&quot;image_height&quot;:&quot;350&quot;,&quot;image_fit&quot;:&quot;cover&quot;}],&quot;center_lat&quot;:&quot;44.738148&quot;,&quot;center_lng&quot;:&quot;6.558722&quot;}<\/div><\/div><\/div><\/div><div class=\"map-marker\"><div id=\"map_10fbb\" class=\"map-container\" style=\"width: 100%; height: 450px;\"><\/div><\/div><\/div>","protected":false},"excerpt":{"rendered":"<p>Pronto a sfidare le rapide? Kayak o rafting, partite alla conquista del Gyr, della Gyronde, dell&#8217;Onde e della Durance, dove [&hellip;]<\/p>\n","protected":false},"author":1,"featured_media":42520,"parent":44555,"menu_order":0,"comment_status":"closed","ping_status":"closed","template":"","meta":{"_thumbnail_id_2":0,"summer_excerpt":"","season":"","station":"","footnotes":""},"class_list":["post-45805","page","type-page","status-publish","has-post-thumbnail","hentry"],"yoast_head":"<!-- This site is optimized with the Yoast SEO plugin v27.3 - https:\/\/yoast.com\/product\/yoast-seo-wordpress\/ -->\n<title>Acque - Pays des \u00c9crins - Office de Tourisme<\/title>\n<meta name=\"robots\" content=\"index, follow, max-snippet:-1, max-image-preview:large, max-video-preview:-1\" \/>\n<link rel=\"canonical\" href=\"https:\/\/www.paysdesecrins.com\/it\/le-mie-attivita-allaperto\/acque\/\" \/>\n<meta property=\"og:locale\" content=\"it_IT\" \/>\n<meta property=\"og:type\" content=\"article\" \/>\n<meta property=\"og:title\" content=\"Acque - Pays des \u00c9crins - Office de Tourisme\" \/>\n<meta property=\"og:description\" content=\"Pronto a sfidare le rapide? Kayak o rafting, partite alla conquista del Gyr, della Gyronde, dell&#8217;Onde e della Durance, dove [&hellip;]\" \/>\n<meta property=\"og:url\" content=\"https:\/\/www.paysdesecrins.com\/it\/le-mie-attivita-allaperto\/acque\/\" \/>\n<meta property=\"og:site_name\" content=\"Pays des \u00c9crins - Office de Tourisme\" \/>\n<meta property=\"article:modified_time\" content=\"2025-08-06T15:33:19+00:00\" \/>\n<meta property=\"og:image\" content=\"https:\/\/www.paysdesecrins.com\/wp-content\/uploads\/2025\/07\/dsc07274-1024x683.jpg\" \/>\n\t<meta property=\"og:image:width\" content=\"1024\" \/>\n\t<meta property=\"og:image:height\" content=\"683\" \/>\n\t<meta property=\"og:image:type\" content=\"image\/jpeg\" \/>\n<meta name=\"twitter:card\" content=\"summary_large_image\" \/>\n<meta name=\"twitter:label1\" content=\"Tempo di lettura stimato\" \/>\n\t<meta name=\"twitter:data1\" content=\"5 minuti\" \/>\n<script type=\"application\/ld+json\" class=\"yoast-schema-graph\">{\"@context\":\"https:\\\/\\\/schema.org\",\"@graph\":[{\"@type\":\"WebPage\",\"@id\":\"https:\\\/\\\/www.paysdesecrins.com\\\/it\\\/le-mie-attivita-allaperto\\\/acque\\\/\",\"url\":\"https:\\\/\\\/www.paysdesecrins.com\\\/it\\\/le-mie-attivita-allaperto\\\/acque\\\/\",\"name\":\"Acque - Pays des \u00c9crins - Office de Tourisme\",\"isPartOf\":{\"@id\":\"https:\\\/\\\/www.paysdesecrins.com\\\/it\\\/#website\"},\"primaryImageOfPage\":{\"@id\":\"https:\\\/\\\/www.paysdesecrins.com\\\/it\\\/le-mie-attivita-allaperto\\\/acque\\\/#primaryimage\"},\"image\":{\"@id\":\"https:\\\/\\\/www.paysdesecrins.com\\\/it\\\/le-mie-attivita-allaperto\\\/acque\\\/#primaryimage\"},\"thumbnailUrl\":\"https:\\\/\\\/www.paysdesecrins.com\\\/wp-content\\\/uploads\\\/2025\\\/07\\\/dsc07274.jpg\",\"datePublished\":\"2025-06-25T13:44:51+00:00\",\"dateModified\":\"2025-08-06T15:33:19+00:00\",\"breadcrumb\":{\"@id\":\"https:\\\/\\\/www.paysdesecrins.com\\\/it\\\/le-mie-attivita-allaperto\\\/acque\\\/#breadcrumb\"},\"inLanguage\":\"it-IT\",\"potentialAction\":[{\"@type\":\"ReadAction\",\"target\":[\"https:\\\/\\\/www.paysdesecrins.com\\\/it\\\/le-mie-attivita-allaperto\\\/acque\\\/\"]}]},{\"@type\":\"ImageObject\",\"inLanguage\":\"it-IT\",\"@id\":\"https:\\\/\\\/www.paysdesecrins.com\\\/it\\\/le-mie-attivita-allaperto\\\/acque\\\/#primaryimage\",\"url\":\"https:\\\/\\\/www.paysdesecrins.com\\\/wp-content\\\/uploads\\\/2025\\\/07\\\/dsc07274.jpg\",\"contentUrl\":\"https:\\\/\\\/www.paysdesecrins.com\\\/wp-content\\\/uploads\\\/2025\\\/07\\\/dsc07274.jpg\",\"width\":8640,\"height\":5760},{\"@type\":\"BreadcrumbList\",\"@id\":\"https:\\\/\\\/www.paysdesecrins.com\\\/it\\\/le-mie-attivita-allaperto\\\/acque\\\/#breadcrumb\",\"itemListElement\":[{\"@type\":\"ListItem\",\"position\":1,\"name\":\"Accueil\",\"item\":\"https:\\\/\\\/www.paysdesecrins.com\\\/it\\\/il-titolo-della-casa\\\/\"},{\"@type\":\"ListItem\",\"position\":2,\"name\":\"Le mie attivit\u00e0 all&rsquo;aperto\",\"item\":\"https:\\\/\\\/www.paysdesecrins.com\\\/it\\\/le-mie-attivita-allaperto\\\/\"},{\"@type\":\"ListItem\",\"position\":3,\"name\":\"Acque\"}]},{\"@type\":\"WebSite\",\"@id\":\"https:\\\/\\\/www.paysdesecrins.com\\\/it\\\/#website\",\"url\":\"https:\\\/\\\/www.paysdesecrins.com\\\/it\\\/\",\"name\":\"Pays des \u00c9crins - Office de Tourisme\",\"description\":\"L&#039;esprit montagne\",\"publisher\":{\"@id\":\"https:\\\/\\\/www.paysdesecrins.com\\\/it\\\/#organization\"},\"potentialAction\":[{\"@type\":\"SearchAction\",\"target\":{\"@type\":\"EntryPoint\",\"urlTemplate\":\"https:\\\/\\\/www.paysdesecrins.com\\\/it\\\/?s={search_term_string}\"},\"query-input\":{\"@type\":\"PropertyValueSpecification\",\"valueRequired\":true,\"valueName\":\"search_term_string\"}}],\"inLanguage\":\"it-IT\"},{\"@type\":\"Organization\",\"@id\":\"https:\\\/\\\/www.paysdesecrins.com\\\/it\\\/#organization\",\"name\":\"Pays des \u00c9crins - Office de Tourisme\",\"url\":\"https:\\\/\\\/www.paysdesecrins.com\\\/it\\\/\",\"logo\":{\"@type\":\"ImageObject\",\"inLanguage\":\"it-IT\",\"@id\":\"https:\\\/\\\/www.paysdesecrins.com\\\/it\\\/#\\\/schema\\\/logo\\\/image\\\/\",\"url\":\"https:\\\/\\\/www.paysdesecrins.com\\\/wp-content\\\/uploads\\\/2025\\\/06\\\/devina-svg-1750845694.svg\",\"contentUrl\":\"https:\\\/\\\/www.paysdesecrins.com\\\/wp-content\\\/uploads\\\/2025\\\/06\\\/devina-svg-1750845694.svg\",\"caption\":\"Pays des \u00c9crins - Office de Tourisme\"},\"image\":{\"@id\":\"https:\\\/\\\/www.paysdesecrins.com\\\/it\\\/#\\\/schema\\\/logo\\\/image\\\/\"}}]}<\/script>\n<!-- \/ Yoast SEO plugin. -->","yoast_head_json":{"title":"Acque - Pays des \u00c9crins - Office de Tourisme","robots":{"index":"index","follow":"follow","max-snippet":"max-snippet:-1","max-image-preview":"max-image-preview:large","max-video-preview":"max-video-preview:-1"},"canonical":"https:\/\/www.paysdesecrins.com\/it\/le-mie-attivita-allaperto\/acque\/","og_locale":"it_IT","og_type":"article","og_title":"Acque - Pays des \u00c9crins - Office de Tourisme","og_description":"Pronto a sfidare le rapide? Kayak o rafting, partite alla conquista del Gyr, della Gyronde, dell&#8217;Onde e della Durance, dove [&hellip;]","og_url":"https:\/\/www.paysdesecrins.com\/it\/le-mie-attivita-allaperto\/acque\/","og_site_name":"Pays des \u00c9crins - Office de Tourisme","article_modified_time":"2025-08-06T15:33:19+00:00","og_image":[{"width":1024,"height":683,"url":"https:\/\/www.paysdesecrins.com\/wp-content\/uploads\/2025\/07\/dsc07274-1024x683.jpg","type":"image\/jpeg"}],"twitter_card":"summary_large_image","twitter_misc":{"Tempo di lettura stimato":"5 minuti"},"schema":{"@context":"https:\/\/schema.org","@graph":[{"@type":"WebPage","@id":"https:\/\/www.paysdesecrins.com\/it\/le-mie-attivita-allaperto\/acque\/","url":"https:\/\/www.paysdesecrins.com\/it\/le-mie-attivita-allaperto\/acque\/","name":"Acque - Pays des \u00c9crins - Office de Tourisme","isPartOf":{"@id":"https:\/\/www.paysdesecrins.com\/it\/#website"},"primaryImageOfPage":{"@id":"https:\/\/www.paysdesecrins.com\/it\/le-mie-attivita-allaperto\/acque\/#primaryimage"},"image":{"@id":"https:\/\/www.paysdesecrins.com\/it\/le-mie-attivita-allaperto\/acque\/#primaryimage"},"thumbnailUrl":"https:\/\/www.paysdesecrins.com\/wp-content\/uploads\/2025\/07\/dsc07274.jpg","datePublished":"2025-06-25T13:44:51+00:00","dateModified":"2025-08-06T15:33:19+00:00","breadcrumb":{"@id":"https:\/\/www.paysdesecrins.com\/it\/le-mie-attivita-allaperto\/acque\/#breadcrumb"},"inLanguage":"it-IT","potentialAction":[{"@type":"ReadAction","target":["https:\/\/www.paysdesecrins.com\/it\/le-mie-attivita-allaperto\/acque\/"]}]},{"@type":"ImageObject","inLanguage":"it-IT","@id":"https:\/\/www.paysdesecrins.com\/it\/le-mie-attivita-allaperto\/acque\/#primaryimage","url":"https:\/\/www.paysdesecrins.com\/wp-content\/uploads\/2025\/07\/dsc07274.jpg","contentUrl":"https:\/\/www.paysdesecrins.com\/wp-content\/uploads\/2025\/07\/dsc07274.jpg","width":8640,"height":5760},{"@type":"BreadcrumbList","@id":"https:\/\/www.paysdesecrins.com\/it\/le-mie-attivita-allaperto\/acque\/#breadcrumb","itemListElement":[{"@type":"ListItem","position":1,"name":"Accueil","item":"https:\/\/www.paysdesecrins.com\/it\/il-titolo-della-casa\/"},{"@type":"ListItem","position":2,"name":"Le mie attivit\u00e0 all&rsquo;aperto","item":"https:\/\/www.paysdesecrins.com\/it\/le-mie-attivita-allaperto\/"},{"@type":"ListItem","position":3,"name":"Acque"}]},{"@type":"WebSite","@id":"https:\/\/www.paysdesecrins.com\/it\/#website","url":"https:\/\/www.paysdesecrins.com\/it\/","name":"Pays des \u00c9crins - Office de Tourisme","description":"L&#039;esprit montagne","publisher":{"@id":"https:\/\/www.paysdesecrins.com\/it\/#organization"},"potentialAction":[{"@type":"SearchAction","target":{"@type":"EntryPoint","urlTemplate":"https:\/\/www.paysdesecrins.com\/it\/?s={search_term_string}"},"query-input":{"@type":"PropertyValueSpecification","valueRequired":true,"valueName":"search_term_string"}}],"inLanguage":"it-IT"},{"@type":"Organization","@id":"https:\/\/www.paysdesecrins.com\/it\/#organization","name":"Pays des \u00c9crins - Office de Tourisme","url":"https:\/\/www.paysdesecrins.com\/it\/","logo":{"@type":"ImageObject","inLanguage":"it-IT","@id":"https:\/\/www.paysdesecrins.com\/it\/#\/schema\/logo\/image\/","url":"https:\/\/www.paysdesecrins.com\/wp-content\/uploads\/2025\/06\/devina-svg-1750845694.svg","contentUrl":"https:\/\/www.paysdesecrins.com\/wp-content\/uploads\/2025\/06\/devina-svg-1750845694.svg","caption":"Pays des \u00c9crins - Office de Tourisme"},"image":{"@id":"https:\/\/www.paysdesecrins.com\/it\/#\/schema\/logo\/image\/"}}]}},"_links":{"self":[{"href":"https:\/\/www.paysdesecrins.com\/it\/wp-json\/wp\/v2\/pages\/45805","targetHints":{"allow":["GET"]}}],"collection":[{"href":"https:\/\/www.paysdesecrins.com\/it\/wp-json\/wp\/v2\/pages"}],"about":[{"href":"https:\/\/www.paysdesecrins.com\/it\/wp-json\/wp\/v2\/types\/page"}],"author":[{"embeddable":true,"href":"https:\/\/www.paysdesecrins.com\/it\/wp-json\/wp\/v2\/users\/1"}],"replies":[{"embeddable":true,"href":"https:\/\/www.paysdesecrins.com\/it\/wp-json\/wp\/v2\/comments?post=45805"}],"version-history":[{"count":0,"href":"https:\/\/www.paysdesecrins.com\/it\/wp-json\/wp\/v2\/pages\/45805\/revisions"}],"up":[{"embeddable":true,"href":"https:\/\/www.paysdesecrins.com\/it\/wp-json\/wp\/v2\/pages\/44555"}],"wp:featuredmedia":[{"embeddable":true,"href":"https:\/\/www.paysdesecrins.com\/it\/wp-json\/wp\/v2\/media\/42520"}],"wp:attachment":[{"href":"https:\/\/www.paysdesecrins.com\/it\/wp-json\/wp\/v2\/media?parent=45805"}],"curies":[{"name":"wp","href":"https:\/\/api.w.org\/{rel}","templated":true}]}}