{"id":45811,"date":"2025-07-24T14:05:52","date_gmt":"2025-07-24T12:05:52","guid":{"rendered":"https:\/\/www.paysdesecrins.com\/bouldering-luglio\/"},"modified":"2025-08-07T14:59:19","modified_gmt":"2025-08-07T12:59:19","slug":"bouldering-luglio","status":"publish","type":"page","link":"https:\/\/www.paysdesecrins.com\/it\/grandi-eventi-nel-pays-des-ecrins\/bouldering-luglio\/","title":{"rendered":"Bouldering \u2013 Luglio"},"content":{"rendered":"    <div class=\"alignfull wp-block-ws-library-ws-header-interne\" data-season=\"summer\">\n\t    <div class=\"header-container\">\n\t        <div class=\"group-media has-image\">\n\t            \t                <img loading=\"lazy\" decoding=\"async\" width=\"1200\" height=\"800\" src=\"https:\/\/www.paysdesecrins.com\/wp-content\/uploads\/2025\/07\/1714997541-1632656172.jpg\" alt=\"\" class=\"image_large_square wp-image-51267\" srcset=\"https:\/\/www.paysdesecrins.com\/wp-content\/uploads\/2025\/07\/1714997541-1632656172.jpg 1200w, https:\/\/www.paysdesecrins.com\/wp-content\/uploads\/2025\/07\/1714997541-1632656172-300x200.jpg 300w, https:\/\/www.paysdesecrins.com\/wp-content\/uploads\/2025\/07\/1714997541-1632656172-1024x683.jpg 1024w, https:\/\/www.paysdesecrins.com\/wp-content\/uploads\/2025\/07\/1714997541-1632656172-768x512.jpg 768w, https:\/\/www.paysdesecrins.com\/wp-content\/uploads\/2025\/07\/1714997541-1632656172-960x640.jpg 960w\" sizes=\"auto, (max-width: 1200px) 100vw, 1200px\" \/>\n\t            \t        <\/div>\n\t        <div class=\"group-content\">\n\t            <div class=\"title\">\n\t                <h1>\n\t                    Tutto in pieno svolgimento \u2013\t                    \t                        Luglio\t                    \t                <\/h1>\n\t            <\/div>\n\t        <\/div>\n\t    <\/div>\n\t    \n<div class=\"yoast-breadcrumbs\"><span><span><a href=\"https:\/\/www.paysdesecrins.com\/it\/il-titolo-della-casa\/\">Accueil<\/a><\/span>  <span><a href=\"https:\/\/www.paysdesecrins.com\/it\/grandi-eventi-nel-pays-des-ecrins\/\">Grandi eventi nel Pays des Ecrins<\/a><\/span>  <span class=\"breadcrumb_last\" aria-current=\"page\">Bouldering \u2013 Luglio<\/span><\/span><\/div>\n    <\/div>\n    \n<div class=\"wp-block-ws-library-ws-title aligncenter is-style-simple\"><h2><strong>Tutti gli eventi di blocco<\/strong> <em><em><strong><\/strong><\/em><\/em><\/h2><\/div>\n\n<p data-season=\"summer\">Il principale evento boulder di L&#8217;Argenti\u00e8re-la-Bess\u00e9e \u00e8 il <strong>Tout \u00e0 Boulders (TAB),<\/strong> che riunisce dilettanti e professionisti di tutte le et\u00e0 e livelli. Il <strong>TAB<\/strong> \u00e8 stato un evento imperdibile di arrampicata sin dalla sua <strong>creazione nel 1991<\/strong> con il nome di <strong>Open des \u00c9crins. <\/strong>  <\/p>\n\n<p data-season=\"summer\">Questo evento eccezionale offre <strong>molte attivit\u00e0<\/strong> nell&#8217;arco di un&#8217;intera settimana. I partecipanti avranno la possibilit\u00e0 di prendere parte ad eventi <strong>amichevoli<\/strong> e <strong>ufficiali<\/strong>, di scoprire i <strong>blocchi naturali di Ailefroide<\/strong>, di vivere <strong>serate di festa<\/strong> con <strong>concerti<\/strong> e <strong>attivit\u00e0<\/strong> varie, e molto altro ancora. <\/p>\n\n<div class=\"wp-block-ws-library-ws-video\"><div class=\"wrapper\"><div class=\"group-media\">\n<figure class=\"wp-block-embed is-type-video is-provider-youtube wp-block-embed-youtube\"><div class=\"wp-block-embed__wrapper\">\n<iframe loading=\"lazy\" title=\"Tout A Bloc 2023 | Relais Vertical #142\" width=\"500\" height=\"281\" src=\"https:\/\/www.youtube.com\/embed\/QBqSCUrvEC8?feature=oembed\" frameborder=\"0\" allow=\"accelerometer; autoplay; clipboard-write; encrypted-media; gyroscope; picture-in-picture; web-share\" referrerpolicy=\"strict-origin-when-cross-origin\" allowfullscreen><\/iframe>\n<\/div><\/figure>\n<\/div><\/div><\/div>\n\n<p>Il <strong>TAB<\/strong> accoglie un&#8217;ampia <strong>variet\u00e0 di scalatori<\/strong>, dai <strong>professionisti<\/strong> esperti ai <strong>dilettanti che desiderano<\/strong> scoprire questo sport. Offre un&#8217;esperienza <strong>completa<\/strong> e <strong>variegata<\/strong> a tutti i partecipanti proponendo <strong>vari eventi<\/strong> come l&#8217;International <strong>Open,<\/strong> il <strong>Micro TAB<\/strong> su due giorni, il <strong>concorso per il tempo libero<\/strong> per varie categorie di et\u00e0 e livello, nonch\u00e9 raduni sui<strong> massi naturali di Ailefroide.<\/strong> <\/p>\n\n<p>Questo evento offre una <strong>cornice ideale <\/strong>con i suoi splendidi <strong>paesaggi<\/strong> <strong>naturali<\/strong> e le eccezionali <strong>formazioni rocciose<\/strong>.<strong> Il <strong>TAB<\/strong> simboleggia <strong>la convivialit\u00e0<\/strong>, <strong>la condivisione<\/strong> e la <strong>passione<\/strong> per <strong>l&#8217;arrampicata<\/strong>, permettendo a tutti di superare i propri limiti e creare ricordi memorabili nel cuore delle montagne francesi.<\/strong> <a href=\"https:\/\/www.paysdesecrins.com\/sites\/ot-paysdesecrins\/files\/styles\/gallery_lightbox\/public\/content\/images\/1752569711-1774243640.jpg?itok=PvsHbrHh\"><\/a><\/p>\n\n<div class=\"wp-block-ws-library-ws-slider alignwide\" data-season=\"summer\"><div class=\"splide\" data-splide=\"{\"type\":\"slide\",\"heightRatio\":\"auto\",\"perPage\":4,\"perMove\":1,\"drag\":true,\"pagination\":0,\"autoplay\":false,\"gap\":\"15px\",\"breakpoints\":{\"450\":{\"perPage\":1},\"768\":{\"perPage\":2},\"992\":{\"perPage\":3},\"1200\":{\"perPage\":4}}}\"><div class=\"splide__track\"><div class=\"splide__list\"><div class=\"splide__slide\"><a href=\"https:\/\/www.paysdesecrins.com\/wp-content\/uploads\/2025\/07\/img-0744-scaled.jpg\" data-glightbox=\"true\" class=\"lightbox-trigger\"><img decoding=\"async\" src=\"https:\/\/www.paysdesecrins.com\/wp-content\/uploads\/2025\/07\/img-0744-400x400.jpg\" alt=\"\"><\/a><\/div><div class=\"splide__slide\"><a href=\"https:\/\/www.paysdesecrins.com\/wp-content\/uploads\/2025\/07\/img-0989-scaled.jpg\" data-glightbox=\"true\" class=\"lightbox-trigger\"><img decoding=\"async\" src=\"https:\/\/www.paysdesecrins.com\/wp-content\/uploads\/2025\/07\/img-0989-400x400.jpg\" alt=\"\"><\/a><\/div><div class=\"splide__slide\"><a href=\"https:\/\/www.paysdesecrins.com\/wp-content\/uploads\/2025\/07\/img-1064-scaled.jpg\" data-glightbox=\"true\" class=\"lightbox-trigger\"><img decoding=\"async\" src=\"https:\/\/www.paysdesecrins.com\/wp-content\/uploads\/2025\/07\/img-1064-400x400.jpg\" alt=\"\"><\/a><\/div><div class=\"splide__slide\"><a href=\"https:\/\/www.paysdesecrins.com\/wp-content\/uploads\/2025\/07\/img-1205-scaled.jpg\" data-glightbox=\"true\" class=\"lightbox-trigger\"><img decoding=\"async\" src=\"https:\/\/www.paysdesecrins.com\/wp-content\/uploads\/2025\/07\/img-1205-400x400.jpg\" alt=\"\"><\/a><\/div><div class=\"splide__slide\"><a href=\"https:\/\/www.paysdesecrins.com\/wp-content\/uploads\/2025\/07\/img-3567-scaled.jpg\" data-glightbox=\"true\" class=\"lightbox-trigger\"><img decoding=\"async\" src=\"https:\/\/www.paysdesecrins.com\/wp-content\/uploads\/2025\/07\/img-3567-400x400.jpg\" alt=\"\"><\/a><\/div><div class=\"splide__slide\"><a href=\"https:\/\/www.paysdesecrins.com\/wp-content\/uploads\/2025\/07\/tout-a-blocs-1714997541-1-400x400.jpg\" data-glightbox=\"true\" class=\"lightbox-trigger\"><img decoding=\"async\" src=\"https:\/\/www.paysdesecrins.com\/wp-content\/uploads\/2025\/07\/tout-a-blocs-1714997541-1-400x400.jpg\" alt=\"\"><\/a><\/div><\/div><\/div><\/div><\/div>\n\n<div class=\"wp-block-ws-library-ws-share\"><span class=\"share-subtitle\">Ti \u00e8 piaciuta questa pagina?<\/span><span class=\"share-title\">Condividilo!<\/span><button class=\"ws-share-button wp-element-button\">Condividi questa pagina<\/button><\/div>\n","protected":false},"excerpt":{"rendered":"<p>Il principale evento boulder di L&#8217;Argenti\u00e8re-la-Bess\u00e9e \u00e8 il Tout \u00e0 Boulders (TAB), che riunisce dilettanti e professionisti di tutte le [&hellip;]<\/p>\n","protected":false},"author":4,"featured_media":51276,"parent":45934,"menu_order":0,"comment_status":"closed","ping_status":"closed","template":"","meta":{"_thumbnail_id_2":0,"summer_excerpt":"","season":"","station":"","footnotes":""},"class_list":["post-45811","page","type-page","status-publish","has-post-thumbnail","hentry"],"yoast_head":"<!-- This site is optimized with the Yoast SEO plugin v27.3 - https:\/\/yoast.com\/product\/yoast-seo-wordpress\/ -->\n<title>Bouldering - Luglio - Pays des \u00c9crins - Office de Tourisme<\/title>\n<meta name=\"robots\" content=\"index, follow, max-snippet:-1, max-image-preview:large, max-video-preview:-1\" \/>\n<link rel=\"canonical\" href=\"https:\/\/www.paysdesecrins.com\/it\/grandi-eventi-nel-pays-des-ecrins\/bouldering-luglio\/\" \/>\n<meta property=\"og:locale\" content=\"it_IT\" \/>\n<meta property=\"og:type\" content=\"article\" \/>\n<meta property=\"og:title\" content=\"Bouldering - Luglio - Pays des \u00c9crins - Office de Tourisme\" \/>\n<meta property=\"og:description\" content=\"Il principale evento boulder di L&#8217;Argenti\u00e8re-la-Bess\u00e9e \u00e8 il Tout \u00e0 Boulders (TAB), che riunisce dilettanti e professionisti di tutte le [&hellip;]\" \/>\n<meta property=\"og:url\" content=\"https:\/\/www.paysdesecrins.com\/it\/grandi-eventi-nel-pays-des-ecrins\/bouldering-luglio\/\" \/>\n<meta property=\"og:site_name\" content=\"Pays des \u00c9crins - Office de Tourisme\" \/>\n<meta property=\"article:modified_time\" content=\"2025-08-07T12:59:19+00:00\" \/>\n<meta property=\"og:image\" content=\"https:\/\/www.paysdesecrins.com\/wp-content\/uploads\/2025\/07\/tout-a-blocs-1714997541.jpg\" \/>\n\t<meta property=\"og:image:width\" content=\"1200\" \/>\n\t<meta property=\"og:image:height\" content=\"627\" \/>\n\t<meta property=\"og:image:type\" content=\"image\/jpeg\" \/>\n<meta name=\"twitter:card\" content=\"summary_large_image\" \/>\n<meta name=\"twitter:label1\" content=\"Tempo di lettura stimato\" \/>\n\t<meta name=\"twitter:data1\" content=\"1 minuto\" \/>\n<script type=\"application\/ld+json\" class=\"yoast-schema-graph\">{\"@context\":\"https:\\\/\\\/schema.org\",\"@graph\":[{\"@type\":\"WebPage\",\"@id\":\"https:\\\/\\\/www.paysdesecrins.com\\\/it\\\/grandi-eventi-nel-pays-des-ecrins\\\/bouldering-luglio\\\/\",\"url\":\"https:\\\/\\\/www.paysdesecrins.com\\\/it\\\/grandi-eventi-nel-pays-des-ecrins\\\/bouldering-luglio\\\/\",\"name\":\"Bouldering - Luglio - Pays des \u00c9crins - Office de Tourisme\",\"isPartOf\":{\"@id\":\"https:\\\/\\\/www.paysdesecrins.com\\\/it\\\/#website\"},\"primaryImageOfPage\":{\"@id\":\"https:\\\/\\\/www.paysdesecrins.com\\\/it\\\/grandi-eventi-nel-pays-des-ecrins\\\/bouldering-luglio\\\/#primaryimage\"},\"image\":{\"@id\":\"https:\\\/\\\/www.paysdesecrins.com\\\/it\\\/grandi-eventi-nel-pays-des-ecrins\\\/bouldering-luglio\\\/#primaryimage\"},\"thumbnailUrl\":\"https:\\\/\\\/www.paysdesecrins.com\\\/wp-content\\\/uploads\\\/2025\\\/07\\\/tout-a-blocs-1714997541.jpg\",\"datePublished\":\"2025-07-24T12:05:52+00:00\",\"dateModified\":\"2025-08-07T12:59:19+00:00\",\"breadcrumb\":{\"@id\":\"https:\\\/\\\/www.paysdesecrins.com\\\/it\\\/grandi-eventi-nel-pays-des-ecrins\\\/bouldering-luglio\\\/#breadcrumb\"},\"inLanguage\":\"it-IT\",\"potentialAction\":[{\"@type\":\"ReadAction\",\"target\":[\"https:\\\/\\\/www.paysdesecrins.com\\\/it\\\/grandi-eventi-nel-pays-des-ecrins\\\/bouldering-luglio\\\/\"]}]},{\"@type\":\"ImageObject\",\"inLanguage\":\"it-IT\",\"@id\":\"https:\\\/\\\/www.paysdesecrins.com\\\/it\\\/grandi-eventi-nel-pays-des-ecrins\\\/bouldering-luglio\\\/#primaryimage\",\"url\":\"https:\\\/\\\/www.paysdesecrins.com\\\/wp-content\\\/uploads\\\/2025\\\/07\\\/tout-a-blocs-1714997541.jpg\",\"contentUrl\":\"https:\\\/\\\/www.paysdesecrins.com\\\/wp-content\\\/uploads\\\/2025\\\/07\\\/tout-a-blocs-1714997541.jpg\",\"width\":1200,\"height\":627},{\"@type\":\"BreadcrumbList\",\"@id\":\"https:\\\/\\\/www.paysdesecrins.com\\\/it\\\/grandi-eventi-nel-pays-des-ecrins\\\/bouldering-luglio\\\/#breadcrumb\",\"itemListElement\":[{\"@type\":\"ListItem\",\"position\":1,\"name\":\"Accueil\",\"item\":\"https:\\\/\\\/www.paysdesecrins.com\\\/it\\\/il-titolo-della-casa\\\/\"},{\"@type\":\"ListItem\",\"position\":2,\"name\":\"Grandi eventi nel Pays des Ecrins\",\"item\":\"https:\\\/\\\/www.paysdesecrins.com\\\/it\\\/grandi-eventi-nel-pays-des-ecrins\\\/\"},{\"@type\":\"ListItem\",\"position\":3,\"name\":\"Bouldering \u2013 Luglio\"}]},{\"@type\":\"WebSite\",\"@id\":\"https:\\\/\\\/www.paysdesecrins.com\\\/it\\\/#website\",\"url\":\"https:\\\/\\\/www.paysdesecrins.com\\\/it\\\/\",\"name\":\"Pays des \u00c9crins - Office de Tourisme\",\"description\":\"L&#039;esprit montagne\",\"publisher\":{\"@id\":\"https:\\\/\\\/www.paysdesecrins.com\\\/it\\\/#organization\"},\"potentialAction\":[{\"@type\":\"SearchAction\",\"target\":{\"@type\":\"EntryPoint\",\"urlTemplate\":\"https:\\\/\\\/www.paysdesecrins.com\\\/it\\\/?s={search_term_string}\"},\"query-input\":{\"@type\":\"PropertyValueSpecification\",\"valueRequired\":true,\"valueName\":\"search_term_string\"}}],\"inLanguage\":\"it-IT\"},{\"@type\":\"Organization\",\"@id\":\"https:\\\/\\\/www.paysdesecrins.com\\\/it\\\/#organization\",\"name\":\"Pays des \u00c9crins - Office de Tourisme\",\"url\":\"https:\\\/\\\/www.paysdesecrins.com\\\/it\\\/\",\"logo\":{\"@type\":\"ImageObject\",\"inLanguage\":\"it-IT\",\"@id\":\"https:\\\/\\\/www.paysdesecrins.com\\\/it\\\/#\\\/schema\\\/logo\\\/image\\\/\",\"url\":\"https:\\\/\\\/www.paysdesecrins.com\\\/wp-content\\\/uploads\\\/2025\\\/06\\\/devina-svg-1750845694.svg\",\"contentUrl\":\"https:\\\/\\\/www.paysdesecrins.com\\\/wp-content\\\/uploads\\\/2025\\\/06\\\/devina-svg-1750845694.svg\",\"caption\":\"Pays des \u00c9crins - Office de Tourisme\"},\"image\":{\"@id\":\"https:\\\/\\\/www.paysdesecrins.com\\\/it\\\/#\\\/schema\\\/logo\\\/image\\\/\"}}]}<\/script>\n<!-- \/ Yoast SEO plugin. -->","yoast_head_json":{"title":"Bouldering - Luglio - Pays des \u00c9crins - Office de Tourisme","robots":{"index":"index","follow":"follow","max-snippet":"max-snippet:-1","max-image-preview":"max-image-preview:large","max-video-preview":"max-video-preview:-1"},"canonical":"https:\/\/www.paysdesecrins.com\/it\/grandi-eventi-nel-pays-des-ecrins\/bouldering-luglio\/","og_locale":"it_IT","og_type":"article","og_title":"Bouldering - Luglio - Pays des \u00c9crins - Office de Tourisme","og_description":"Il principale evento boulder di L&#8217;Argenti\u00e8re-la-Bess\u00e9e \u00e8 il Tout \u00e0 Boulders (TAB), che riunisce dilettanti e professionisti di tutte le [&hellip;]","og_url":"https:\/\/www.paysdesecrins.com\/it\/grandi-eventi-nel-pays-des-ecrins\/bouldering-luglio\/","og_site_name":"Pays des \u00c9crins - Office de Tourisme","article_modified_time":"2025-08-07T12:59:19+00:00","og_image":[{"width":1200,"height":627,"url":"https:\/\/www.paysdesecrins.com\/wp-content\/uploads\/2025\/07\/tout-a-blocs-1714997541.jpg","type":"image\/jpeg"}],"twitter_card":"summary_large_image","twitter_misc":{"Tempo di lettura stimato":"1 minuto"},"schema":{"@context":"https:\/\/schema.org","@graph":[{"@type":"WebPage","@id":"https:\/\/www.paysdesecrins.com\/it\/grandi-eventi-nel-pays-des-ecrins\/bouldering-luglio\/","url":"https:\/\/www.paysdesecrins.com\/it\/grandi-eventi-nel-pays-des-ecrins\/bouldering-luglio\/","name":"Bouldering - Luglio - Pays des \u00c9crins - Office de Tourisme","isPartOf":{"@id":"https:\/\/www.paysdesecrins.com\/it\/#website"},"primaryImageOfPage":{"@id":"https:\/\/www.paysdesecrins.com\/it\/grandi-eventi-nel-pays-des-ecrins\/bouldering-luglio\/#primaryimage"},"image":{"@id":"https:\/\/www.paysdesecrins.com\/it\/grandi-eventi-nel-pays-des-ecrins\/bouldering-luglio\/#primaryimage"},"thumbnailUrl":"https:\/\/www.paysdesecrins.com\/wp-content\/uploads\/2025\/07\/tout-a-blocs-1714997541.jpg","datePublished":"2025-07-24T12:05:52+00:00","dateModified":"2025-08-07T12:59:19+00:00","breadcrumb":{"@id":"https:\/\/www.paysdesecrins.com\/it\/grandi-eventi-nel-pays-des-ecrins\/bouldering-luglio\/#breadcrumb"},"inLanguage":"it-IT","potentialAction":[{"@type":"ReadAction","target":["https:\/\/www.paysdesecrins.com\/it\/grandi-eventi-nel-pays-des-ecrins\/bouldering-luglio\/"]}]},{"@type":"ImageObject","inLanguage":"it-IT","@id":"https:\/\/www.paysdesecrins.com\/it\/grandi-eventi-nel-pays-des-ecrins\/bouldering-luglio\/#primaryimage","url":"https:\/\/www.paysdesecrins.com\/wp-content\/uploads\/2025\/07\/tout-a-blocs-1714997541.jpg","contentUrl":"https:\/\/www.paysdesecrins.com\/wp-content\/uploads\/2025\/07\/tout-a-blocs-1714997541.jpg","width":1200,"height":627},{"@type":"BreadcrumbList","@id":"https:\/\/www.paysdesecrins.com\/it\/grandi-eventi-nel-pays-des-ecrins\/bouldering-luglio\/#breadcrumb","itemListElement":[{"@type":"ListItem","position":1,"name":"Accueil","item":"https:\/\/www.paysdesecrins.com\/it\/il-titolo-della-casa\/"},{"@type":"ListItem","position":2,"name":"Grandi eventi nel Pays des Ecrins","item":"https:\/\/www.paysdesecrins.com\/it\/grandi-eventi-nel-pays-des-ecrins\/"},{"@type":"ListItem","position":3,"name":"Bouldering \u2013 Luglio"}]},{"@type":"WebSite","@id":"https:\/\/www.paysdesecrins.com\/it\/#website","url":"https:\/\/www.paysdesecrins.com\/it\/","name":"Pays des \u00c9crins - Office de Tourisme","description":"L&#039;esprit montagne","publisher":{"@id":"https:\/\/www.paysdesecrins.com\/it\/#organization"},"potentialAction":[{"@type":"SearchAction","target":{"@type":"EntryPoint","urlTemplate":"https:\/\/www.paysdesecrins.com\/it\/?s={search_term_string}"},"query-input":{"@type":"PropertyValueSpecification","valueRequired":true,"valueName":"search_term_string"}}],"inLanguage":"it-IT"},{"@type":"Organization","@id":"https:\/\/www.paysdesecrins.com\/it\/#organization","name":"Pays des \u00c9crins - Office de Tourisme","url":"https:\/\/www.paysdesecrins.com\/it\/","logo":{"@type":"ImageObject","inLanguage":"it-IT","@id":"https:\/\/www.paysdesecrins.com\/it\/#\/schema\/logo\/image\/","url":"https:\/\/www.paysdesecrins.com\/wp-content\/uploads\/2025\/06\/devina-svg-1750845694.svg","contentUrl":"https:\/\/www.paysdesecrins.com\/wp-content\/uploads\/2025\/06\/devina-svg-1750845694.svg","caption":"Pays des \u00c9crins - Office de Tourisme"},"image":{"@id":"https:\/\/www.paysdesecrins.com\/it\/#\/schema\/logo\/image\/"}}]}},"_links":{"self":[{"href":"https:\/\/www.paysdesecrins.com\/it\/wp-json\/wp\/v2\/pages\/45811","targetHints":{"allow":["GET"]}}],"collection":[{"href":"https:\/\/www.paysdesecrins.com\/it\/wp-json\/wp\/v2\/pages"}],"about":[{"href":"https:\/\/www.paysdesecrins.com\/it\/wp-json\/wp\/v2\/types\/page"}],"author":[{"embeddable":true,"href":"https:\/\/www.paysdesecrins.com\/it\/wp-json\/wp\/v2\/users\/4"}],"replies":[{"embeddable":true,"href":"https:\/\/www.paysdesecrins.com\/it\/wp-json\/wp\/v2\/comments?post=45811"}],"version-history":[{"count":0,"href":"https:\/\/www.paysdesecrins.com\/it\/wp-json\/wp\/v2\/pages\/45811\/revisions"}],"up":[{"embeddable":true,"href":"https:\/\/www.paysdesecrins.com\/it\/wp-json\/wp\/v2\/pages\/45934"}],"wp:featuredmedia":[{"embeddable":true,"href":"https:\/\/www.paysdesecrins.com\/it\/wp-json\/wp\/v2\/media\/51276"}],"wp:attachment":[{"href":"https:\/\/www.paysdesecrins.com\/it\/wp-json\/wp\/v2\/media?parent=45811"}],"curies":[{"name":"wp","href":"https:\/\/api.w.org\/{rel}","templated":true}]}}