{"id":45845,"date":"2025-07-24T14:01:19","date_gmt":"2025-07-24T12:01:19","guid":{"rendered":"https:\/\/www.paysdesecrins.com\/la-storia-dellalpinismo\/"},"modified":"2025-08-05T14:22:50","modified_gmt":"2025-08-05T12:22:50","slug":"la-storia-dellalpinismo","status":"publish","type":"page","link":"https:\/\/www.paysdesecrins.com\/it\/il-mio-desiderio-di\/scoperta\/la-storia-dellalpinismo\/","title":{"rendered":"La storia dell&#8217;alpinismo"},"content":{"rendered":"    <div class=\"alignfull wp-block-ws-library-ws-header-interne\">\n\t    <div class=\"header-container\">\n\t        <div class=\"group-media has-image\">\n\t            \t                <img loading=\"lazy\" decoding=\"async\" width=\"1920\" height=\"800\" src=\"https:\/\/www.paysdesecrins.com\/wp-content\/uploads\/2025\/07\/h0a5528-1-1920x800.jpg\" alt=\"\" class=\"image_large_square wp-image-41834\" \/>\n\t            \t        <\/div>\n\t        <div class=\"group-content\">\n\t            <div class=\"title\">\n\t                <h1>\n\t                    La storia dell&#039;alpinismo\t                    \t                <\/h1>\n\t            <\/div>\n\t        <\/div>\n\t    <\/div>\n\t    \n<div class=\"yoast-breadcrumbs\"><span><span><a href=\"https:\/\/www.paysdesecrins.com\/it\/il-titolo-della-casa\/\">Accueil<\/a><\/span>  <span><a href=\"https:\/\/www.paysdesecrins.com\/it\/il-mio-desiderio-di\/\">Il mio desiderio di<\/a><\/span>  <span><a href=\"https:\/\/www.paysdesecrins.com\/it\/il-mio-desiderio-di\/scoperta\/\">La mia voglia di scoperta<\/a><\/span>  <span class=\"breadcrumb_last\" aria-current=\"page\">La storia dell&rsquo;alpinismo<\/span><\/span><\/div>\n    <\/div>\n    \n<div class=\"wp-block-ws-library-ws-title aligncenter is-style-simple\"><h2><em><strong>Alpinismo nel Pays des \u00c9crins<\/strong><\/em>Una storia di passione, alti e prodezze<\/h2><\/div>\n\n<p class=\"has-text-align-center\">Qui, negli \u00c9crins, l&#8217;alpinismo non \u00e8 solo uno sport. \u00c8 una cultura, una memoria incisa nella roccia e nel ghiaccio. Si dice che le prime ascensioni siano state fatte dai pastori, senza tracce, senza gloria \u2013 solo per passare da una valle all&#8217;altra. Tuttavia, l&#8217;uomo si avventur\u00f2 presto su queste altezze, molto prima che fosse inventata la parola &#8220;alpinista&#8221;.   <\/p>\n\n<div class=\"wp-block-ws-library-ws-columns alignwide has-2-columns are-vertically-aligned-center layout-5050 is-style-background\">\n<div class=\"wp-block-ws-library-ws-column\"><div class=\"wrapper\">\n<div class=\"wp-block-ws-library-ws-title\"><h3>Dalle imprese fondanti alle scoperte scientifiche<\/h3><\/div>\n\n\n\n<p class=\"has-text-align-center\">Fu nel 1492 che l&#8217;alpinismo fece la sua prima apparizione significativa: un gruppo di spericolati alpinisti sal\u00ec il Monte Aiguille con delle scale. Pi\u00f9 tardi, nel 1786, due savoiardi scalarono il Monte Bianco. Questa salita scientifica ha segnato davvero l&#8217;inizio dell&#8217;alpinismo moderno.  <\/p>\n\n\n\n<p class=\"has-text-align-center\">Negli \u00c9crins, i pionieri non sono da meno. Il massiccio attir\u00f2 rapidamente i primi glaciologi, affascinati dai suoi segreti. \u00c8 ancora qui che sono nate le grandi teorie sui climi antichi e sulla tettonica a placche. Niente di meno.   <\/p>\n<\/div><\/div>\n\n\n\n<div class=\"wp-block-ws-library-ws-column\"><div class=\"wrapper\">\n<div class=\"wp-block-ws-library-ws-image\"><div class=\"wrapper\"><div class=\"group-media\"><img decoding=\"async\" src=\"https:\/\/www.paysdesecrins.com\/wp-content\/uploads\/2025\/07\/1653918195-122709315-1-960x640.jpg\" alt=\"\" class=\"single_image ws-image-46388\"><div class=\"credits\"><\/div><\/div><p class=\"caption\"><\/p><\/div><\/div>\n<\/div><\/div>\n<\/div>\n\n<div class=\"wp-block-ws-library-ws-title aligncenter is-style-default\"><h3><em>L&#8217;et\u00e0 dell&#8217;oro:<\/em> gli inglesi conquistano le vette<\/h3><\/div>\n\n<p>Nel XIX secolo, le vette divennero il parco giochi degli avventurieri inglesi. Whymper (s\u00ec, quello nella statua de L&#8217;Argenti\u00e8re) scala la Barre des \u00c9crins. Coolidge, invece, moltiplica le salite e d\u00e0 il nome a diversi percorsi. Nel 1877, tre francesi riuscirono finalmente a domare la Meije, l&#8217;ultima grande vetta vergine delle Alpi. L&#8217;epoca d&#8217;oro dell&#8217;alpinismo volge al termine.    <\/p>\n\n<p>Ma l&#8217;avventura continua in altri modi: in solitaria, in inverno, in parete nord&#8230; L&#8217;impresa diventa anche estetica. Non si tratta pi\u00f9 di essere i primi, ma di disegnare la linea pi\u00f9 bella, la pi\u00f9 impegnata, la pi\u00f9 libera. <\/p>\n\n<div class=\"wp-block-ws-library-ws-columns alignwide has-2-columns are-vertically-aligned-center layout-5050 is-style-background\">\n<div class=\"wp-block-ws-library-ws-column\"><div class=\"wrapper\">\n<div class=\"wp-block-ws-library-ws-image\"><div class=\"wrapper\"><div class=\"group-media\"><img decoding=\"async\" src=\"https:\/\/www.paysdesecrins.com\/wp-content\/uploads\/2025\/07\/1653918195-3516149-1-960x540.jpg\" alt=\"\" class=\"single_image ws-image-46581\"><div class=\"credits\"><\/div><\/div><p class=\"caption\"><\/p><\/div><\/div>\n<\/div><\/div>\n\n\n\n<div class=\"wp-block-ws-library-ws-column\"><div class=\"wrapper\">\n<div class=\"wp-block-ws-library-ws-title\"><h3>Ailefroide, il cuore pulsante dell&#8217;alpinismo<\/h3><\/div>\n\n\n\n<p class=\"has-text-align-left\">Oggi, <strong>Ailefroide<\/strong> \u00e8 la Mecca dell&#8217;alpinismo negli \u00c9crins. Partendo dalle grandi classiche (Barre e D\u00f4me des \u00c9crins), attrae scalatori e sognatori. Negli anni &#8217;80, Jean-Michel Cambon ha attrezzato le prime vie di arrampicata sportiva. La roccia \u00e8 diventata una figura di culto.   <\/p>\n<\/div><\/div>\n<\/div>\n\n<div class=\"wp-block-ws-library-ws-title\"><h4>Estendi l&#8217;esplorazione<\/h4><\/div>\n\n<p>Vuoi scoprire la storia in un modo diverso? Scarica l&#8217;app <em>Hautes-Alpes Heritage<\/em>. Una guida digitale, ideale per non perdersi nulla della storia che ancora si sta scrivendo, qui, tra cielo e vette.    <\/p>\n\n<p>Immergetevi nel <strong>mondo dell&#8217;alta montagna<\/strong> nel cuore <strong>del Massiccio degli \u00c9crins<\/strong> nelle <strong>Hautes-Alpes<\/strong>. Vengono affrontati diversi temi come la <strong>cartografia<\/strong>, <strong>l&#8217;esperienza di una guida di alta montagna<\/strong>, <strong>la 1\u00b0 salita della Barre des \u00c9crins<\/strong>&#8230; <\/p>\n\n<p>Diversi relatori ospitano questo podcast: <strong>Claude Albrand<\/strong>, <strong>Philippe Bourdeau<\/strong>, <strong>Michel Tailland<\/strong>, <strong>Jacques Mille<\/strong>, <strong>Jean-Marc Barfety<\/strong>.<\/p>\n\n<p>Trova questo episodio senza ulteriori indugi:  <\/p>\n\n<div class=\"wp-block-ws-library-ws-documents\">\n<div class=\"wp-block-ws-library-ws-document\"><a href=\"https:\/\/www.paysdesecrins.com\/wp-content\/uploads\/2025\/07\/podcast-barre-des-ecrins-otcpe-master-v1-0.mp3\" target=\"_blank\" rel=\"noopener noreferrer\" class=\"link-document\">Podcast \u2013 storia dell&#8217;alpinismo<\/a><\/div>\n<\/div>\n\n<div class=\"wp-block-ws-library-ws-share\"><span class=\"share-subtitle\">Ti \u00e8 piaciuta questa pagina?<\/span><span class=\"share-title\">Condividilo!<\/span><button class=\"ws-share-button wp-element-button\">Condividi questa pagina<\/button><\/div>\n","protected":false},"excerpt":{"rendered":"<p>Qui, negli \u00c9crins, l&#8217;alpinismo non \u00e8 solo uno sport. \u00c8 una cultura, una memoria incisa nella roccia e nel ghiaccio. [&hellip;]<\/p>\n","protected":false},"author":4,"featured_media":41833,"parent":44564,"menu_order":0,"comment_status":"closed","ping_status":"closed","template":"","meta":{"_thumbnail_id_2":0,"summer_excerpt":"","season":"","station":"","footnotes":""},"class_list":["post-45845","page","type-page","status-publish","has-post-thumbnail","hentry"],"yoast_head":"<!-- This site is optimized with the Yoast SEO plugin v27.3 - https:\/\/yoast.com\/product\/yoast-seo-wordpress\/ -->\n<title>La storia dell&#039;alpinismo - Pays des \u00c9crins - Office de Tourisme<\/title>\n<meta name=\"robots\" content=\"index, follow, max-snippet:-1, max-image-preview:large, max-video-preview:-1\" \/>\n<link rel=\"canonical\" href=\"https:\/\/www.paysdesecrins.com\/it\/il-mio-desiderio-di\/scoperta\/la-storia-dellalpinismo\/\" \/>\n<meta property=\"og:locale\" content=\"it_IT\" \/>\n<meta property=\"og:type\" content=\"article\" \/>\n<meta property=\"og:title\" content=\"La storia dell&#039;alpinismo - Pays des \u00c9crins - Office de Tourisme\" \/>\n<meta property=\"og:description\" content=\"Qui, negli \u00c9crins, l&#8217;alpinismo non \u00e8 solo uno sport. \u00c8 una cultura, una memoria incisa nella roccia e nel ghiaccio. [&hellip;]\" \/>\n<meta property=\"og:url\" content=\"https:\/\/www.paysdesecrins.com\/it\/il-mio-desiderio-di\/scoperta\/la-storia-dellalpinismo\/\" \/>\n<meta property=\"og:site_name\" content=\"Pays des \u00c9crins - Office de Tourisme\" \/>\n<meta property=\"article:modified_time\" content=\"2025-08-05T12:22:50+00:00\" \/>\n<meta property=\"og:image\" content=\"https:\/\/www.paysdesecrins.com\/wp-content\/uploads\/2025\/07\/h0a5528-scaled.jpg\" \/>\n\t<meta property=\"og:image:width\" content=\"2560\" \/>\n\t<meta property=\"og:image:height\" content=\"1707\" \/>\n\t<meta property=\"og:image:type\" content=\"image\/jpeg\" \/>\n<meta name=\"twitter:card\" content=\"summary_large_image\" \/>\n<meta name=\"twitter:label1\" content=\"Tempo di lettura stimato\" \/>\n\t<meta name=\"twitter:data1\" content=\"2 minuti\" \/>\n<script type=\"application\/ld+json\" class=\"yoast-schema-graph\">{\"@context\":\"https:\\\/\\\/schema.org\",\"@graph\":[{\"@type\":\"WebPage\",\"@id\":\"https:\\\/\\\/www.paysdesecrins.com\\\/it\\\/il-mio-desiderio-di\\\/scoperta\\\/la-storia-dellalpinismo\\\/\",\"url\":\"https:\\\/\\\/www.paysdesecrins.com\\\/it\\\/il-mio-desiderio-di\\\/scoperta\\\/la-storia-dellalpinismo\\\/\",\"name\":\"La storia dell'alpinismo - Pays des \u00c9crins - Office de Tourisme\",\"isPartOf\":{\"@id\":\"https:\\\/\\\/www.paysdesecrins.com\\\/it\\\/#website\"},\"primaryImageOfPage\":{\"@id\":\"https:\\\/\\\/www.paysdesecrins.com\\\/it\\\/il-mio-desiderio-di\\\/scoperta\\\/la-storia-dellalpinismo\\\/#primaryimage\"},\"image\":{\"@id\":\"https:\\\/\\\/www.paysdesecrins.com\\\/it\\\/il-mio-desiderio-di\\\/scoperta\\\/la-storia-dellalpinismo\\\/#primaryimage\"},\"thumbnailUrl\":\"https:\\\/\\\/www.paysdesecrins.com\\\/wp-content\\\/uploads\\\/2025\\\/07\\\/h0a5528-scaled.jpg\",\"datePublished\":\"2025-07-24T12:01:19+00:00\",\"dateModified\":\"2025-08-05T12:22:50+00:00\",\"breadcrumb\":{\"@id\":\"https:\\\/\\\/www.paysdesecrins.com\\\/it\\\/il-mio-desiderio-di\\\/scoperta\\\/la-storia-dellalpinismo\\\/#breadcrumb\"},\"inLanguage\":\"it-IT\",\"potentialAction\":[{\"@type\":\"ReadAction\",\"target\":[\"https:\\\/\\\/www.paysdesecrins.com\\\/it\\\/il-mio-desiderio-di\\\/scoperta\\\/la-storia-dellalpinismo\\\/\"]}]},{\"@type\":\"ImageObject\",\"inLanguage\":\"it-IT\",\"@id\":\"https:\\\/\\\/www.paysdesecrins.com\\\/it\\\/il-mio-desiderio-di\\\/scoperta\\\/la-storia-dellalpinismo\\\/#primaryimage\",\"url\":\"https:\\\/\\\/www.paysdesecrins.com\\\/wp-content\\\/uploads\\\/2025\\\/07\\\/h0a5528-scaled.jpg\",\"contentUrl\":\"https:\\\/\\\/www.paysdesecrins.com\\\/wp-content\\\/uploads\\\/2025\\\/07\\\/h0a5528-scaled.jpg\",\"width\":2560,\"height\":1707},{\"@type\":\"BreadcrumbList\",\"@id\":\"https:\\\/\\\/www.paysdesecrins.com\\\/it\\\/il-mio-desiderio-di\\\/scoperta\\\/la-storia-dellalpinismo\\\/#breadcrumb\",\"itemListElement\":[{\"@type\":\"ListItem\",\"position\":1,\"name\":\"Accueil\",\"item\":\"https:\\\/\\\/www.paysdesecrins.com\\\/it\\\/il-titolo-della-casa\\\/\"},{\"@type\":\"ListItem\",\"position\":2,\"name\":\"Il mio desiderio di\",\"item\":\"https:\\\/\\\/www.paysdesecrins.com\\\/it\\\/il-mio-desiderio-di\\\/\"},{\"@type\":\"ListItem\",\"position\":3,\"name\":\"La mia voglia di scoperta\",\"item\":\"https:\\\/\\\/www.paysdesecrins.com\\\/it\\\/il-mio-desiderio-di\\\/scoperta\\\/\"},{\"@type\":\"ListItem\",\"position\":4,\"name\":\"La storia dell&rsquo;alpinismo\"}]},{\"@type\":\"WebSite\",\"@id\":\"https:\\\/\\\/www.paysdesecrins.com\\\/it\\\/#website\",\"url\":\"https:\\\/\\\/www.paysdesecrins.com\\\/it\\\/\",\"name\":\"Pays des \u00c9crins - Office de Tourisme\",\"description\":\"L&#039;esprit montagne\",\"publisher\":{\"@id\":\"https:\\\/\\\/www.paysdesecrins.com\\\/it\\\/#organization\"},\"potentialAction\":[{\"@type\":\"SearchAction\",\"target\":{\"@type\":\"EntryPoint\",\"urlTemplate\":\"https:\\\/\\\/www.paysdesecrins.com\\\/it\\\/?s={search_term_string}\"},\"query-input\":{\"@type\":\"PropertyValueSpecification\",\"valueRequired\":true,\"valueName\":\"search_term_string\"}}],\"inLanguage\":\"it-IT\"},{\"@type\":\"Organization\",\"@id\":\"https:\\\/\\\/www.paysdesecrins.com\\\/it\\\/#organization\",\"name\":\"Pays des \u00c9crins - Office de Tourisme\",\"url\":\"https:\\\/\\\/www.paysdesecrins.com\\\/it\\\/\",\"logo\":{\"@type\":\"ImageObject\",\"inLanguage\":\"it-IT\",\"@id\":\"https:\\\/\\\/www.paysdesecrins.com\\\/it\\\/#\\\/schema\\\/logo\\\/image\\\/\",\"url\":\"https:\\\/\\\/www.paysdesecrins.com\\\/wp-content\\\/uploads\\\/2025\\\/06\\\/devina-svg-1750845694.svg\",\"contentUrl\":\"https:\\\/\\\/www.paysdesecrins.com\\\/wp-content\\\/uploads\\\/2025\\\/06\\\/devina-svg-1750845694.svg\",\"caption\":\"Pays des \u00c9crins - Office de Tourisme\"},\"image\":{\"@id\":\"https:\\\/\\\/www.paysdesecrins.com\\\/it\\\/#\\\/schema\\\/logo\\\/image\\\/\"}}]}<\/script>\n<!-- \/ Yoast SEO plugin. -->","yoast_head_json":{"title":"La storia dell'alpinismo - Pays des \u00c9crins - Office de Tourisme","robots":{"index":"index","follow":"follow","max-snippet":"max-snippet:-1","max-image-preview":"max-image-preview:large","max-video-preview":"max-video-preview:-1"},"canonical":"https:\/\/www.paysdesecrins.com\/it\/il-mio-desiderio-di\/scoperta\/la-storia-dellalpinismo\/","og_locale":"it_IT","og_type":"article","og_title":"La storia dell'alpinismo - Pays des \u00c9crins - Office de Tourisme","og_description":"Qui, negli \u00c9crins, l&#8217;alpinismo non \u00e8 solo uno sport. \u00c8 una cultura, una memoria incisa nella roccia e nel ghiaccio. [&hellip;]","og_url":"https:\/\/www.paysdesecrins.com\/it\/il-mio-desiderio-di\/scoperta\/la-storia-dellalpinismo\/","og_site_name":"Pays des \u00c9crins - Office de Tourisme","article_modified_time":"2025-08-05T12:22:50+00:00","og_image":[{"width":2560,"height":1707,"url":"https:\/\/www.paysdesecrins.com\/wp-content\/uploads\/2025\/07\/h0a5528-scaled.jpg","type":"image\/jpeg"}],"twitter_card":"summary_large_image","twitter_misc":{"Tempo di lettura stimato":"2 minuti"},"schema":{"@context":"https:\/\/schema.org","@graph":[{"@type":"WebPage","@id":"https:\/\/www.paysdesecrins.com\/it\/il-mio-desiderio-di\/scoperta\/la-storia-dellalpinismo\/","url":"https:\/\/www.paysdesecrins.com\/it\/il-mio-desiderio-di\/scoperta\/la-storia-dellalpinismo\/","name":"La storia dell'alpinismo - Pays des \u00c9crins - Office de Tourisme","isPartOf":{"@id":"https:\/\/www.paysdesecrins.com\/it\/#website"},"primaryImageOfPage":{"@id":"https:\/\/www.paysdesecrins.com\/it\/il-mio-desiderio-di\/scoperta\/la-storia-dellalpinismo\/#primaryimage"},"image":{"@id":"https:\/\/www.paysdesecrins.com\/it\/il-mio-desiderio-di\/scoperta\/la-storia-dellalpinismo\/#primaryimage"},"thumbnailUrl":"https:\/\/www.paysdesecrins.com\/wp-content\/uploads\/2025\/07\/h0a5528-scaled.jpg","datePublished":"2025-07-24T12:01:19+00:00","dateModified":"2025-08-05T12:22:50+00:00","breadcrumb":{"@id":"https:\/\/www.paysdesecrins.com\/it\/il-mio-desiderio-di\/scoperta\/la-storia-dellalpinismo\/#breadcrumb"},"inLanguage":"it-IT","potentialAction":[{"@type":"ReadAction","target":["https:\/\/www.paysdesecrins.com\/it\/il-mio-desiderio-di\/scoperta\/la-storia-dellalpinismo\/"]}]},{"@type":"ImageObject","inLanguage":"it-IT","@id":"https:\/\/www.paysdesecrins.com\/it\/il-mio-desiderio-di\/scoperta\/la-storia-dellalpinismo\/#primaryimage","url":"https:\/\/www.paysdesecrins.com\/wp-content\/uploads\/2025\/07\/h0a5528-scaled.jpg","contentUrl":"https:\/\/www.paysdesecrins.com\/wp-content\/uploads\/2025\/07\/h0a5528-scaled.jpg","width":2560,"height":1707},{"@type":"BreadcrumbList","@id":"https:\/\/www.paysdesecrins.com\/it\/il-mio-desiderio-di\/scoperta\/la-storia-dellalpinismo\/#breadcrumb","itemListElement":[{"@type":"ListItem","position":1,"name":"Accueil","item":"https:\/\/www.paysdesecrins.com\/it\/il-titolo-della-casa\/"},{"@type":"ListItem","position":2,"name":"Il mio desiderio di","item":"https:\/\/www.paysdesecrins.com\/it\/il-mio-desiderio-di\/"},{"@type":"ListItem","position":3,"name":"La mia voglia di scoperta","item":"https:\/\/www.paysdesecrins.com\/it\/il-mio-desiderio-di\/scoperta\/"},{"@type":"ListItem","position":4,"name":"La storia dell&rsquo;alpinismo"}]},{"@type":"WebSite","@id":"https:\/\/www.paysdesecrins.com\/it\/#website","url":"https:\/\/www.paysdesecrins.com\/it\/","name":"Pays des \u00c9crins - Office de Tourisme","description":"L&#039;esprit montagne","publisher":{"@id":"https:\/\/www.paysdesecrins.com\/it\/#organization"},"potentialAction":[{"@type":"SearchAction","target":{"@type":"EntryPoint","urlTemplate":"https:\/\/www.paysdesecrins.com\/it\/?s={search_term_string}"},"query-input":{"@type":"PropertyValueSpecification","valueRequired":true,"valueName":"search_term_string"}}],"inLanguage":"it-IT"},{"@type":"Organization","@id":"https:\/\/www.paysdesecrins.com\/it\/#organization","name":"Pays des \u00c9crins - Office de Tourisme","url":"https:\/\/www.paysdesecrins.com\/it\/","logo":{"@type":"ImageObject","inLanguage":"it-IT","@id":"https:\/\/www.paysdesecrins.com\/it\/#\/schema\/logo\/image\/","url":"https:\/\/www.paysdesecrins.com\/wp-content\/uploads\/2025\/06\/devina-svg-1750845694.svg","contentUrl":"https:\/\/www.paysdesecrins.com\/wp-content\/uploads\/2025\/06\/devina-svg-1750845694.svg","caption":"Pays des \u00c9crins - Office de Tourisme"},"image":{"@id":"https:\/\/www.paysdesecrins.com\/it\/#\/schema\/logo\/image\/"}}]}},"_links":{"self":[{"href":"https:\/\/www.paysdesecrins.com\/it\/wp-json\/wp\/v2\/pages\/45845","targetHints":{"allow":["GET"]}}],"collection":[{"href":"https:\/\/www.paysdesecrins.com\/it\/wp-json\/wp\/v2\/pages"}],"about":[{"href":"https:\/\/www.paysdesecrins.com\/it\/wp-json\/wp\/v2\/types\/page"}],"author":[{"embeddable":true,"href":"https:\/\/www.paysdesecrins.com\/it\/wp-json\/wp\/v2\/users\/4"}],"replies":[{"embeddable":true,"href":"https:\/\/www.paysdesecrins.com\/it\/wp-json\/wp\/v2\/comments?post=45845"}],"version-history":[{"count":0,"href":"https:\/\/www.paysdesecrins.com\/it\/wp-json\/wp\/v2\/pages\/45845\/revisions"}],"up":[{"embeddable":true,"href":"https:\/\/www.paysdesecrins.com\/it\/wp-json\/wp\/v2\/pages\/44564"}],"wp:featuredmedia":[{"embeddable":true,"href":"https:\/\/www.paysdesecrins.com\/it\/wp-json\/wp\/v2\/media\/41833"}],"wp:attachment":[{"href":"https:\/\/www.paysdesecrins.com\/it\/wp-json\/wp\/v2\/media?parent=45845"}],"curies":[{"name":"wp","href":"https:\/\/api.w.org\/{rel}","templated":true}]}}