{"id":45926,"date":"2025-07-24T12:13:26","date_gmt":"2025-07-24T10:13:26","guid":{"rendered":"https:\/\/www.paysdesecrins.com\/pellegrinaggio-trail-running-giugno\/"},"modified":"2025-08-07T14:36:29","modified_gmt":"2025-08-07T12:36:29","slug":"pellegrinaggio-trail-running-giugno","status":"publish","type":"page","link":"https:\/\/www.paysdesecrins.com\/it\/grandi-eventi-nel-pays-des-ecrins\/pellegrinaggio-trail-running-giugno\/","title":{"rendered":"Pellegrinaggio trail running \u2013 luglio"},"content":{"rendered":"    <div class=\"alignfull wp-block-ws-library-ws-header-interne\" data-season=\"summer\">\n\t    <div class=\"header-container\">\n\t        <div class=\"group-media has-image\">\n\t            \t                <img loading=\"lazy\" decoding=\"async\" width=\"1920\" height=\"800\" src=\"https:\/\/www.paysdesecrins.com\/wp-content\/uploads\/2025\/07\/dsc01285-1920x800.jpg\" alt=\"\" class=\"image_large_square wp-image-51819\" \/>\n\t            \t        <\/div>\n\t        <div class=\"group-content\">\n\t            <div class=\"title\">\n\t                <h1>\n\t                    Pellegrinaggio trail running\t                    \t                        -Luglio\t                    \t                <\/h1>\n\t            <\/div>\n\t        <\/div>\n\t    <\/div>\n\t    \n<div class=\"yoast-breadcrumbs\"><span><span><a href=\"https:\/\/www.paysdesecrins.com\/it\/il-titolo-della-casa\/\">Accueil<\/a><\/span>  <span><a href=\"https:\/\/www.paysdesecrins.com\/it\/grandi-eventi-nel-pays-des-ecrins\/\">Grandi eventi nel Pays des Ecrins<\/a><\/span>  <span class=\"breadcrumb_last\" aria-current=\"page\">Pellegrinaggio trail running \u2013 luglio<\/span><\/span><\/div>\n    <\/div>\n    \n<div class=\"wp-block-ws-library-ws-title aligncenter is-style-simple\"><h2><em><em><strong>Pellegrinaggio Trail Running<\/strong><\/em><\/em><strong>Puy Saint Vincent<\/strong><\/h2><\/div>\n\n<p data-season=\"allseasons\">Il Pilgrimage Trail Running 2025 si svolge a luglio nel cuore del Pays des \u00c9crins, con il villaggio di Puy-Saint-Vincent 1400 come punto di partenza e di arrivo. Questa prima edizione invita a indossare le scarpe da ginnastica per una vera e propria odissea alpina: sei giorni di corsa, suddivisi in tre tappe principali, per un totale di quasi 120 km e un dislivello cumulativo di circa 9.000 m. Ogni mattina partirai su sentieri tecnici, attraverserai creste vertiginose e costeggerai vallate selvagge, prima di raggiungere il tuo rifugio o l&#8217;Hotel Saint Roch per la notte a fine giornata.  <a href=\"https:\/\/www.paysdesecrins.com\/sites\/ot-paysdesecrins\/files\/styles\/gallery_lightbox\/public\/content\/images\/1751371065-1058527903.jpg?itok=jwiXbAM2\"><\/a><\/p>\n\n<p><strong>In programma<\/strong><br\/>La serata inaugurale si terr\u00e0 presso l&#8217;Hotel Saint Roch, il vostro campo base arroccato di fronte alle vette emblematiche degli \u00c9crins. Riceverai il tuo trail book, i tuoi file GPX e il tuo localizzatore GPS Follow My Challenge, prestato per l&#8217;occasione. <\/p>\n\n<p>La prima tappa vi porter\u00e0 da Puy-Saint-Vincent alla cresta di Pendine (2.700 m) e poi nella valle di Narreyroux, per un anello di 25-30 km e un dislivello positivo da 2.000 a 2.500 m. Il giorno successivo, scalerai il Col de Vallouise (2.621 m) prima di attraversare le pendici del Mont Brison in una gara da 30 a 40 km, che culminer\u00e0 anche a un&#8217;altitudine di oltre 2.000 m. <\/p>\n\n<div class=\"wp-block-ws-library-ws-image\"><div class=\"wrapper\"><div class=\"group-media\"><img decoding=\"async\" src=\"https:\/\/www.paysdesecrins.com\/wp-content\/uploads\/2025\/07\/a1-960x640.jpg\" alt=\"\" class=\"single_image ws-image-51783\"><div class=\"credits\"><\/div><\/div><p class=\"caption\"><\/p><\/div><\/div>\n\n<p>I giorni successivi saranno dedicati alla tappa pi\u00f9 lunga e selvaggia: 60 km distribuiti su due giorni, con una notte al rifugio Pelvoux. Questo tratto impegnativo vi porter\u00e0 attraverso la valle di Entre-les-Aigues e la frazione di Ailefroide, con oltre 6.000 m di dislivello complessivo. L&#8217;ultima sera, festeggeremo insieme la fine dell&#8217;avventura durante una cena festosa riservata ai finisher, convivialit\u00e0 e condivisione sono le parole chiave di questo pellegrinaggio sportivo. Il giorno successivo, dopo la colazione, imboccherete la strada per le valli, ricche di ricordi e incontri indimenticabili.   <\/p>\n\n<p>Ogni sera, l&#8217;Hotel Saint Roch vi aprir\u00e0 le sue porte con le sue camere condivise che offrono una vista mozzafiato sulle montagne e un&#8217;area benessere per un dolce recupero. Lo chef proporr\u00e0 una ricca colazione a buffet e un gustoso piatto del giorno, ideale per ricaricare le batterie. Tra una fermata e l&#8217;altra, potrete rilassarvi davanti al camino, condividere le vostre storie con gli altri corridori e godervi il bar dell&#8217;hotel.  <\/p>\n\n<p>Il Pellegrinaggio Trail Running non \u00e8 solo una sfida sportiva: \u00e8 un vero e proprio pellegrinaggio moderno, ispirato allo spirito di San Rocco. Qui, l&#8217;aiuto reciproco \u00e8 fondamentale: nessuna marcatura permanente, ogni partecipante diventa un attore del suo itinerario, con l&#8217;aiuto della sua mappa, smartphone o GPS. Il gruppo, limitato a 30 corridori, garantisce un&#8217;atmosfera intima dove la solidariet\u00e0 e il cameratismo continuano fino al traguardo. Che tu sia un trail runner esperto o un appassionato di trekking veloce, questo percorso ti permetter\u00e0 di superare i tuoi limiti alla scoperta dei tesori naturali del Pays des \u00c9crins.   <\/p>\n\n<p>La tariffa all inclusive comprende il trattamento di mezza pensione, i pasti, il prestito del localizzatore GPS e l&#8217;accesso alla spa dell&#8217;hotel. Per raggiungere il Sentiero di Pellegrinaggio Running, si pu\u00f2 prendere il treno fino alla stazione di Argenti\u00e8re-les-\u00c9crins, atterrare a Torino o Marsiglia, per poi proseguire in navetta o in auto fino a Puy-Saint-Vincent. <\/p>\n\n<div class=\"wp-block-ws-library-ws-slider alignwide\" data-season=\"allseasons\"><div class=\"splide\" data-splide=\"{\"type\":\"slide\",\"heightRatio\":\"auto\",\"perPage\":4,\"perMove\":1,\"drag\":true,\"pagination\":0,\"autoplay\":false,\"gap\":\"15px\",\"breakpoints\":{\"450\":{\"perPage\":1},\"768\":{\"perPage\":2},\"992\":{\"perPage\":3},\"1200\":{\"perPage\":4}}}\"><div class=\"splide__track\"><div class=\"splide__list\"><div class=\"splide__slide\"><a href=\"https:\/\/www.paysdesecrins.com\/wp-content\/uploads\/2025\/07\/06-21-25-trail-ecrins-73-scaled.jpg\" data-glightbox=\"true\" class=\"lightbox-trigger\"><img decoding=\"async\" src=\"https:\/\/www.paysdesecrins.com\/wp-content\/uploads\/2025\/07\/06-21-25-trail-ecrins-73-400x400.jpg\" alt=\"\"><\/a><\/div><div class=\"splide__slide\"><a href=\"https:\/\/www.paysdesecrins.com\/wp-content\/uploads\/2025\/07\/alpage-du-clot-des-amandiers-depuis-ratie-re10-scaled.jpg\" data-glightbox=\"true\" class=\"lightbox-trigger\"><img decoding=\"async\" src=\"https:\/\/www.paysdesecrins.com\/wp-content\/uploads\/2025\/07\/alpage-du-clot-des-amandiers-depuis-ratie-re10-400x400.jpg\" alt=\"\"><\/a><\/div><div class=\"splide__slide\"><a href=\"https:\/\/www.paysdesecrins.com\/wp-content\/uploads\/2025\/07\/alpage-du-clot-des-amandiers-depuis-ratie-re52-scaled.jpg\" data-glightbox=\"true\" class=\"lightbox-trigger\"><img decoding=\"async\" src=\"https:\/\/www.paysdesecrins.com\/wp-content\/uploads\/2025\/07\/alpage-du-clot-des-amandiers-depuis-ratie-re52-400x400.jpg\" alt=\"\"><\/a><\/div><div class=\"splide__slide\"><a href=\"https:\/\/www.paysdesecrins.com\/wp-content\/uploads\/2025\/07\/dsc01363-scaled.jpg\" data-glightbox=\"true\" class=\"lightbox-trigger\"><img decoding=\"async\" src=\"https:\/\/www.paysdesecrins.com\/wp-content\/uploads\/2025\/07\/dsc01363-400x400.jpg\" alt=\"\"><\/a><\/div><div class=\"splide__slide\"><a href=\"https:\/\/www.paysdesecrins.com\/wp-content\/uploads\/2025\/07\/dsc04581-scaled.jpg\" data-glightbox=\"true\" class=\"lightbox-trigger\"><img decoding=\"async\" src=\"https:\/\/www.paysdesecrins.com\/wp-content\/uploads\/2025\/07\/dsc04581-400x400.jpg\" alt=\"\"><\/a><\/div><\/div><\/div><\/div><\/div>\n\n<p>A presto per condividere insieme la fatica, la scoperta e la magia del Pays des \u00c9crins!<\/p>\n\n<div class=\"wp-block-ws-library-ws-share\"><span class=\"share-subtitle\">Ti \u00e8 piaciuta questa pagina?<\/span><span class=\"share-title\">Condividilo!<\/span><button class=\"ws-share-button wp-element-button\">Condividi questa pagina<\/button><\/div>\n","protected":false},"excerpt":{"rendered":"<p>Il Pilgrimage Trail Running 2025 si svolge a luglio nel cuore del Pays des \u00c9crins, con il villaggio di Puy-Saint-Vincent [&hellip;]<\/p>\n","protected":false},"author":4,"featured_media":51823,"parent":45934,"menu_order":0,"comment_status":"closed","ping_status":"closed","template":"","meta":{"_thumbnail_id_2":0,"summer_excerpt":"","season":"","station":"","footnotes":""},"class_list":["post-45926","page","type-page","status-publish","has-post-thumbnail","hentry"],"yoast_head":"<!-- This site is optimized with the Yoast SEO plugin v27.3 - https:\/\/yoast.com\/product\/yoast-seo-wordpress\/ -->\n<title>Pellegrinaggio trail running - luglio - Pays des \u00c9crins - Office de Tourisme<\/title>\n<meta name=\"robots\" content=\"index, follow, max-snippet:-1, max-image-preview:large, max-video-preview:-1\" \/>\n<link rel=\"canonical\" href=\"https:\/\/www.paysdesecrins.com\/it\/grandi-eventi-nel-pays-des-ecrins\/pellegrinaggio-trail-running-giugno\/\" \/>\n<meta property=\"og:locale\" content=\"it_IT\" \/>\n<meta property=\"og:type\" content=\"article\" \/>\n<meta property=\"og:title\" content=\"Pellegrinaggio trail running - luglio - Pays des \u00c9crins - Office de Tourisme\" \/>\n<meta property=\"og:description\" content=\"Il Pilgrimage Trail Running 2025 si svolge a luglio nel cuore del Pays des \u00c9crins, con il villaggio di Puy-Saint-Vincent [&hellip;]\" \/>\n<meta property=\"og:url\" content=\"https:\/\/www.paysdesecrins.com\/it\/grandi-eventi-nel-pays-des-ecrins\/pellegrinaggio-trail-running-giugno\/\" \/>\n<meta property=\"og:site_name\" content=\"Pays des \u00c9crins - Office de Tourisme\" \/>\n<meta property=\"article:modified_time\" content=\"2025-08-07T12:36:29+00:00\" \/>\n<meta property=\"og:image\" content=\"https:\/\/www.paysdesecrins.com\/wp-content\/uploads\/2025\/07\/dsc01285-scaled.jpg\" \/>\n\t<meta property=\"og:image:width\" content=\"2560\" \/>\n\t<meta property=\"og:image:height\" content=\"1707\" \/>\n\t<meta property=\"og:image:type\" content=\"image\/jpeg\" \/>\n<meta name=\"twitter:card\" content=\"summary_large_image\" \/>\n<meta name=\"twitter:label1\" content=\"Tempo di lettura stimato\" \/>\n\t<meta name=\"twitter:data1\" content=\"3 minuti\" \/>\n<script type=\"application\/ld+json\" class=\"yoast-schema-graph\">{\"@context\":\"https:\\\/\\\/schema.org\",\"@graph\":[{\"@type\":\"WebPage\",\"@id\":\"https:\\\/\\\/www.paysdesecrins.com\\\/it\\\/grandi-eventi-nel-pays-des-ecrins\\\/pellegrinaggio-trail-running-giugno\\\/\",\"url\":\"https:\\\/\\\/www.paysdesecrins.com\\\/it\\\/grandi-eventi-nel-pays-des-ecrins\\\/pellegrinaggio-trail-running-giugno\\\/\",\"name\":\"Pellegrinaggio trail running - luglio - Pays des \u00c9crins - Office de Tourisme\",\"isPartOf\":{\"@id\":\"https:\\\/\\\/www.paysdesecrins.com\\\/it\\\/#website\"},\"primaryImageOfPage\":{\"@id\":\"https:\\\/\\\/www.paysdesecrins.com\\\/it\\\/grandi-eventi-nel-pays-des-ecrins\\\/pellegrinaggio-trail-running-giugno\\\/#primaryimage\"},\"image\":{\"@id\":\"https:\\\/\\\/www.paysdesecrins.com\\\/it\\\/grandi-eventi-nel-pays-des-ecrins\\\/pellegrinaggio-trail-running-giugno\\\/#primaryimage\"},\"thumbnailUrl\":\"https:\\\/\\\/www.paysdesecrins.com\\\/wp-content\\\/uploads\\\/2025\\\/07\\\/dsc01285-scaled.jpg\",\"datePublished\":\"2025-07-24T10:13:26+00:00\",\"dateModified\":\"2025-08-07T12:36:29+00:00\",\"breadcrumb\":{\"@id\":\"https:\\\/\\\/www.paysdesecrins.com\\\/it\\\/grandi-eventi-nel-pays-des-ecrins\\\/pellegrinaggio-trail-running-giugno\\\/#breadcrumb\"},\"inLanguage\":\"it-IT\",\"potentialAction\":[{\"@type\":\"ReadAction\",\"target\":[\"https:\\\/\\\/www.paysdesecrins.com\\\/it\\\/grandi-eventi-nel-pays-des-ecrins\\\/pellegrinaggio-trail-running-giugno\\\/\"]}]},{\"@type\":\"ImageObject\",\"inLanguage\":\"it-IT\",\"@id\":\"https:\\\/\\\/www.paysdesecrins.com\\\/it\\\/grandi-eventi-nel-pays-des-ecrins\\\/pellegrinaggio-trail-running-giugno\\\/#primaryimage\",\"url\":\"https:\\\/\\\/www.paysdesecrins.com\\\/wp-content\\\/uploads\\\/2025\\\/07\\\/dsc01285-scaled.jpg\",\"contentUrl\":\"https:\\\/\\\/www.paysdesecrins.com\\\/wp-content\\\/uploads\\\/2025\\\/07\\\/dsc01285-scaled.jpg\",\"width\":2560,\"height\":1707},{\"@type\":\"BreadcrumbList\",\"@id\":\"https:\\\/\\\/www.paysdesecrins.com\\\/it\\\/grandi-eventi-nel-pays-des-ecrins\\\/pellegrinaggio-trail-running-giugno\\\/#breadcrumb\",\"itemListElement\":[{\"@type\":\"ListItem\",\"position\":1,\"name\":\"Accueil\",\"item\":\"https:\\\/\\\/www.paysdesecrins.com\\\/it\\\/il-titolo-della-casa\\\/\"},{\"@type\":\"ListItem\",\"position\":2,\"name\":\"Grandi eventi nel Pays des Ecrins\",\"item\":\"https:\\\/\\\/www.paysdesecrins.com\\\/it\\\/grandi-eventi-nel-pays-des-ecrins\\\/\"},{\"@type\":\"ListItem\",\"position\":3,\"name\":\"Pellegrinaggio trail running \u2013 luglio\"}]},{\"@type\":\"WebSite\",\"@id\":\"https:\\\/\\\/www.paysdesecrins.com\\\/it\\\/#website\",\"url\":\"https:\\\/\\\/www.paysdesecrins.com\\\/it\\\/\",\"name\":\"Pays des \u00c9crins - Office de Tourisme\",\"description\":\"L&#039;esprit montagne\",\"publisher\":{\"@id\":\"https:\\\/\\\/www.paysdesecrins.com\\\/it\\\/#organization\"},\"potentialAction\":[{\"@type\":\"SearchAction\",\"target\":{\"@type\":\"EntryPoint\",\"urlTemplate\":\"https:\\\/\\\/www.paysdesecrins.com\\\/it\\\/?s={search_term_string}\"},\"query-input\":{\"@type\":\"PropertyValueSpecification\",\"valueRequired\":true,\"valueName\":\"search_term_string\"}}],\"inLanguage\":\"it-IT\"},{\"@type\":\"Organization\",\"@id\":\"https:\\\/\\\/www.paysdesecrins.com\\\/it\\\/#organization\",\"name\":\"Pays des \u00c9crins - Office de Tourisme\",\"url\":\"https:\\\/\\\/www.paysdesecrins.com\\\/it\\\/\",\"logo\":{\"@type\":\"ImageObject\",\"inLanguage\":\"it-IT\",\"@id\":\"https:\\\/\\\/www.paysdesecrins.com\\\/it\\\/#\\\/schema\\\/logo\\\/image\\\/\",\"url\":\"https:\\\/\\\/www.paysdesecrins.com\\\/wp-content\\\/uploads\\\/2025\\\/06\\\/devina-svg-1750845694.svg\",\"contentUrl\":\"https:\\\/\\\/www.paysdesecrins.com\\\/wp-content\\\/uploads\\\/2025\\\/06\\\/devina-svg-1750845694.svg\",\"caption\":\"Pays des \u00c9crins - Office de Tourisme\"},\"image\":{\"@id\":\"https:\\\/\\\/www.paysdesecrins.com\\\/it\\\/#\\\/schema\\\/logo\\\/image\\\/\"}}]}<\/script>\n<!-- \/ Yoast SEO plugin. -->","yoast_head_json":{"title":"Pellegrinaggio trail running - luglio - Pays des \u00c9crins - Office de Tourisme","robots":{"index":"index","follow":"follow","max-snippet":"max-snippet:-1","max-image-preview":"max-image-preview:large","max-video-preview":"max-video-preview:-1"},"canonical":"https:\/\/www.paysdesecrins.com\/it\/grandi-eventi-nel-pays-des-ecrins\/pellegrinaggio-trail-running-giugno\/","og_locale":"it_IT","og_type":"article","og_title":"Pellegrinaggio trail running - luglio - Pays des \u00c9crins - Office de Tourisme","og_description":"Il Pilgrimage Trail Running 2025 si svolge a luglio nel cuore del Pays des \u00c9crins, con il villaggio di Puy-Saint-Vincent [&hellip;]","og_url":"https:\/\/www.paysdesecrins.com\/it\/grandi-eventi-nel-pays-des-ecrins\/pellegrinaggio-trail-running-giugno\/","og_site_name":"Pays des \u00c9crins - Office de Tourisme","article_modified_time":"2025-08-07T12:36:29+00:00","og_image":[{"width":2560,"height":1707,"url":"https:\/\/www.paysdesecrins.com\/wp-content\/uploads\/2025\/07\/dsc01285-scaled.jpg","type":"image\/jpeg"}],"twitter_card":"summary_large_image","twitter_misc":{"Tempo di lettura stimato":"3 minuti"},"schema":{"@context":"https:\/\/schema.org","@graph":[{"@type":"WebPage","@id":"https:\/\/www.paysdesecrins.com\/it\/grandi-eventi-nel-pays-des-ecrins\/pellegrinaggio-trail-running-giugno\/","url":"https:\/\/www.paysdesecrins.com\/it\/grandi-eventi-nel-pays-des-ecrins\/pellegrinaggio-trail-running-giugno\/","name":"Pellegrinaggio trail running - luglio - Pays des \u00c9crins - Office de Tourisme","isPartOf":{"@id":"https:\/\/www.paysdesecrins.com\/it\/#website"},"primaryImageOfPage":{"@id":"https:\/\/www.paysdesecrins.com\/it\/grandi-eventi-nel-pays-des-ecrins\/pellegrinaggio-trail-running-giugno\/#primaryimage"},"image":{"@id":"https:\/\/www.paysdesecrins.com\/it\/grandi-eventi-nel-pays-des-ecrins\/pellegrinaggio-trail-running-giugno\/#primaryimage"},"thumbnailUrl":"https:\/\/www.paysdesecrins.com\/wp-content\/uploads\/2025\/07\/dsc01285-scaled.jpg","datePublished":"2025-07-24T10:13:26+00:00","dateModified":"2025-08-07T12:36:29+00:00","breadcrumb":{"@id":"https:\/\/www.paysdesecrins.com\/it\/grandi-eventi-nel-pays-des-ecrins\/pellegrinaggio-trail-running-giugno\/#breadcrumb"},"inLanguage":"it-IT","potentialAction":[{"@type":"ReadAction","target":["https:\/\/www.paysdesecrins.com\/it\/grandi-eventi-nel-pays-des-ecrins\/pellegrinaggio-trail-running-giugno\/"]}]},{"@type":"ImageObject","inLanguage":"it-IT","@id":"https:\/\/www.paysdesecrins.com\/it\/grandi-eventi-nel-pays-des-ecrins\/pellegrinaggio-trail-running-giugno\/#primaryimage","url":"https:\/\/www.paysdesecrins.com\/wp-content\/uploads\/2025\/07\/dsc01285-scaled.jpg","contentUrl":"https:\/\/www.paysdesecrins.com\/wp-content\/uploads\/2025\/07\/dsc01285-scaled.jpg","width":2560,"height":1707},{"@type":"BreadcrumbList","@id":"https:\/\/www.paysdesecrins.com\/it\/grandi-eventi-nel-pays-des-ecrins\/pellegrinaggio-trail-running-giugno\/#breadcrumb","itemListElement":[{"@type":"ListItem","position":1,"name":"Accueil","item":"https:\/\/www.paysdesecrins.com\/it\/il-titolo-della-casa\/"},{"@type":"ListItem","position":2,"name":"Grandi eventi nel Pays des Ecrins","item":"https:\/\/www.paysdesecrins.com\/it\/grandi-eventi-nel-pays-des-ecrins\/"},{"@type":"ListItem","position":3,"name":"Pellegrinaggio trail running \u2013 luglio"}]},{"@type":"WebSite","@id":"https:\/\/www.paysdesecrins.com\/it\/#website","url":"https:\/\/www.paysdesecrins.com\/it\/","name":"Pays des \u00c9crins - Office de Tourisme","description":"L&#039;esprit montagne","publisher":{"@id":"https:\/\/www.paysdesecrins.com\/it\/#organization"},"potentialAction":[{"@type":"SearchAction","target":{"@type":"EntryPoint","urlTemplate":"https:\/\/www.paysdesecrins.com\/it\/?s={search_term_string}"},"query-input":{"@type":"PropertyValueSpecification","valueRequired":true,"valueName":"search_term_string"}}],"inLanguage":"it-IT"},{"@type":"Organization","@id":"https:\/\/www.paysdesecrins.com\/it\/#organization","name":"Pays des \u00c9crins - Office de Tourisme","url":"https:\/\/www.paysdesecrins.com\/it\/","logo":{"@type":"ImageObject","inLanguage":"it-IT","@id":"https:\/\/www.paysdesecrins.com\/it\/#\/schema\/logo\/image\/","url":"https:\/\/www.paysdesecrins.com\/wp-content\/uploads\/2025\/06\/devina-svg-1750845694.svg","contentUrl":"https:\/\/www.paysdesecrins.com\/wp-content\/uploads\/2025\/06\/devina-svg-1750845694.svg","caption":"Pays des \u00c9crins - Office de Tourisme"},"image":{"@id":"https:\/\/www.paysdesecrins.com\/it\/#\/schema\/logo\/image\/"}}]}},"_links":{"self":[{"href":"https:\/\/www.paysdesecrins.com\/it\/wp-json\/wp\/v2\/pages\/45926","targetHints":{"allow":["GET"]}}],"collection":[{"href":"https:\/\/www.paysdesecrins.com\/it\/wp-json\/wp\/v2\/pages"}],"about":[{"href":"https:\/\/www.paysdesecrins.com\/it\/wp-json\/wp\/v2\/types\/page"}],"author":[{"embeddable":true,"href":"https:\/\/www.paysdesecrins.com\/it\/wp-json\/wp\/v2\/users\/4"}],"replies":[{"embeddable":true,"href":"https:\/\/www.paysdesecrins.com\/it\/wp-json\/wp\/v2\/comments?post=45926"}],"version-history":[{"count":0,"href":"https:\/\/www.paysdesecrins.com\/it\/wp-json\/wp\/v2\/pages\/45926\/revisions"}],"up":[{"embeddable":true,"href":"https:\/\/www.paysdesecrins.com\/it\/wp-json\/wp\/v2\/pages\/45934"}],"wp:featuredmedia":[{"embeddable":true,"href":"https:\/\/www.paysdesecrins.com\/it\/wp-json\/wp\/v2\/media\/51823"}],"wp:attachment":[{"href":"https:\/\/www.paysdesecrins.com\/it\/wp-json\/wp\/v2\/media?parent=45926"}],"curies":[{"name":"wp","href":"https:\/\/api.w.org\/{rel}","templated":true}]}}