{"id":45950,"date":"2025-07-24T10:05:57","date_gmt":"2025-07-24T08:05:57","guid":{"rendered":"https:\/\/www.paysdesecrins.com\/45950-2\/"},"modified":"2025-07-29T18:52:04","modified_gmt":"2025-07-29T16:52:04","slug":"45950-2","status":"publish","type":"page","link":"https:\/\/www.paysdesecrins.com\/it\/45950-2\/","title":{"rendered":"Storia dell&#8217;alpinismo"},"content":{"rendered":"    <div class=\"alignfull wp-block-ws-library-ws-header-interne\">\n\t    <div class=\"header-container\">\n\t        <div class=\"group-media has-image\">\n\t            \t                <img loading=\"lazy\" decoding=\"async\" width=\"1920\" height=\"800\" src=\"https:\/\/www.paysdesecrins.com\/wp-content\/uploads\/2025\/07\/81escalade-alpinisme-alpinisme-agneau-noir-par-le-pre-de-mme-carle-20-1920x800.jpg\" alt=\"\" class=\"image_large_square wp-image-20252\" \/>\n\t            \t        <\/div>\n\t        <div class=\"group-content\">\n\t            <div class=\"title\">\n\t                <h1>\n\t                    Storia dell&#039;alpinismo  \t                    \t                <\/h1>\n\t            <\/div>\n\t        <\/div>\n\t    <\/div>\n\t    \n<div class=\"yoast-breadcrumbs\"><span><span><a href=\"https:\/\/www.paysdesecrins.com\/it\/il-titolo-della-casa\/\">Accueil<\/a><\/span>  <span class=\"breadcrumb_last\" aria-current=\"page\">Storia dell&rsquo;alpinismo<\/span><\/span><\/div>\n    <\/div>\n    \n<div class=\"wp-block-ws-library-ws-title aligncenter is-style-simple\"><h2><em>Podcast<\/em>Storia dell&#8217;alpinismo <strong>: dagli zoccoli ai ramponi<\/strong><\/h2><\/div>\n\n<p class=\"has-text-align-left\">Prima di corde e piccozze, erano i pastori a fare da apripista, attraversando passi e valli a zoccoli, per non parlare delle imprese. Poi, nel XVIII secolo, gli scienziati presero il sopravvento: geologi, glaciologi, botanici&#8230; Non puntano alle vette, ma osservano, annotano, mappano.   <br\/>Lo spirito di esplorazione \u00e8 lanciato.<\/p>\n\n<p>Il vero fattore scatenante? 1864. Edward Whymper, un alpinista britannico, ha scalato la Barre des \u00c9crins (4.102 m) con guide locali. Pubblic\u00f2 la sua storia a Londra: gli \u00c9crins divennero un &#8220;piccolo Himalaya&#8221; per gli alpinisti europei. Segu\u00ec William Coolidge, che tracci\u00f2 grandi percorsi mitici: il Pelvoux, la Grande Ruine, il corridoio di Coolidge&#8230;  <\/p>\n\n<p>Tra il 1870 e il 1914 fu l&#8217;et\u00e0 dell&#8217;oro. L&#8217;alpinismo diventa una questione di prestazioni e prestigio. Il Club Alpino Francese ha sviluppato i primi rifugi: Glacier Blanc, Temple \u00c9crins, C\u00e9zanne&#8230; E nel 1877, la Meije cadde definitivamente. Poi, \u00e8 il momento degli amatori: sognate un 3000? \u00c8 alla portata dei tacchetti (e delle gambe ben allenate).    <\/p>\n\n<p>Anni &#8217;80: una nuova vita ad Ailefroide, dove Jean-Michel Cambon apre grandi vie di arrampicata di piacere, accessibili ma impegnative. Oggi, gli \u00c9crins combinano l&#8217;alpinismo classico, l&#8217;arrampicata sportiva, lo sci in pendenza ripida e i sentieri d&#8217;alta quota. Lo spirito rimane lo stesso: avventura, umilt\u00e0 e rispetto per la montagna.  <\/p>\n\n<div class=\"wp-block-ws-library-ws-slider alignwide\"><div class=\"splide\" data-splide=\"{\"type\":\"slide\",\"heightRatio\":\"auto\",\"perPage\":4,\"perMove\":1,\"drag\":true,\"pagination\":0,\"autoplay\":false,\"gap\":\"2px\",\"breakpoints\":{\"450\":{\"perPage\":1},\"768\":{\"perPage\":2},\"992\":{\"perPage\":3},\"1200\":{\"perPage\":4}}}\"><div class=\"splide__track\"><div class=\"splide__list\"><div class=\"splide__slide\"><a href=\"https:\/\/www.paysdesecrins.com\/wp-content\/uploads\/2025\/07\/8escalade-alpinisme-alpinisme-refuge-du-glacier-blanc-et-4-1-scaled.jpg\" data-glightbox=\"true\" class=\"lightbox-trigger\"><img decoding=\"async\" src=\"https:\/\/www.paysdesecrins.com\/wp-content\/uploads\/2025\/07\/8escalade-alpinisme-alpinisme-refuge-du-glacier-blanc-et-4-1-400x400.jpg\" alt=\"\"><\/a><\/div><div class=\"splide__slide\"><a href=\"https:\/\/www.paysdesecrins.com\/wp-content\/uploads\/2025\/07\/8escalade-alpinisme-la-barre-des-e-crins-depui-3thibautblais-scaled.jpg\" data-glightbox=\"true\" class=\"lightbox-trigger\"><img decoding=\"async\" src=\"https:\/\/www.paysdesecrins.com\/wp-content\/uploads\/2025\/07\/8escalade-alpinisme-la-barre-des-e-crins-depui-3thibautblais-400x400.jpg\" alt=\"\"><\/a><\/div><div class=\"splide__slide\"><a href=\"https:\/\/www.paysdesecrins.com\/wp-content\/uploads\/2025\/07\/thibautblais-glacier-blanc-famille-thibaut-blais-46-scaled.jpg\" data-glightbox=\"true\" class=\"lightbox-trigger\"><img decoding=\"async\" src=\"https:\/\/www.paysdesecrins.com\/wp-content\/uploads\/2025\/07\/thibautblais-glacier-blanc-famille-thibaut-blais-46-400x400.jpg\" alt=\"\"><\/a><\/div><div class=\"splide__slide\"><a href=\"https:\/\/www.paysdesecrins.com\/wp-content\/uploads\/2025\/07\/glacier-blanc-famille-thibaut-blais-37-scaled.jpg\" data-glightbox=\"true\" class=\"lightbox-trigger\"><img decoding=\"async\" src=\"https:\/\/www.paysdesecrins.com\/wp-content\/uploads\/2025\/07\/glacier-blanc-famille-thibaut-blais-37-400x400.jpg\" alt=\"\"><\/a><\/div><div class=\"splide__slide\"><a href=\"https:\/\/www.paysdesecrins.com\/wp-content\/uploads\/2025\/07\/thibautblais-glacier-blanc-famille-thibaut-blais-30-1-scaled.jpg\" data-glightbox=\"true\" class=\"lightbox-trigger\"><img decoding=\"async\" src=\"https:\/\/www.paysdesecrins.com\/wp-content\/uploads\/2025\/07\/thibautblais-glacier-blanc-famille-thibaut-blais-30-1-400x400.jpg\" alt=\"\"><\/a><\/div><div class=\"splide__slide\"><a href=\"https:\/\/www.paysdesecrins.com\/wp-content\/uploads\/2025\/07\/8escaladealpinisme-h0a3502-scaled.jpg\" data-glightbox=\"true\" class=\"lightbox-trigger\"><img decoding=\"async\" src=\"https:\/\/www.paysdesecrins.com\/wp-content\/uploads\/2025\/07\/8escaladealpinisme-h0a3502-400x400.jpg\" alt=\"\"><\/a><\/div><\/div><\/div><\/div><\/div>\n\n<hr class=\"wp-block-separator has-alpha-channel-opacity\"\/>\n\n<p><strong>Dove rivivere la storia dell&#8217;alpinismo negli \u00c9crins?<\/strong><\/p>\n\n<ul class=\"wp-block-list\">\n<li>Ailefroide e Pr\u00e9 de Madame Carle \u2013 Tour immersivo con storie, video e realt\u00e0 aumentata (app <em>LegendR<\/em>)<\/li>\n\n\n\n<li>Biblioteca di L&#8217;Argenti\u00e8re-la-Bess\u00e9e \u2013 Quaderni originali di Whymper, vecchi racconti, topos d&#8217;epoca<\/li>\n\n\n\n<li>Cuffie per realt\u00e0 aumentata disponibili presso l&#8217;Ufficio del Turismo \u2013 app gratuita da scaricare<\/li>\n\n\n\n<li>Immergiti nel mondo dell&#8217;alta montagna nel cuore del massiccio degli \u00c9crins nelle Alte Alpi. Vengono affrontati diversi temi come la cartografia, l&#8217;esperienza di una guida di alta montagna, la 1\u00b0 salita della Barre des \u00c9crins&#8230;   <br\/>Diversi relatori ospitano questo podcast: Claude Albrand, Philippe Bourdeau, Michel Tailland, Jacques Mille, Jean-Marc Barfety.  <br\/>Trova questo episodio senza ulteriori indugi.<br\/><br\/>Gli \u00c9crins non vanno raccontati, si vivono. \u00c8 il tuo turno di subentrare? <\/li>\n<\/ul>\n\n<div class=\"wp-block-ws-library-ws-button has-text-align-center is-style-outline\"><a href=\"https:\/\/www.paysdesecrins.com\/sites\/ot-paysdesecrins\/files\/content\/files\/podcast_barre_des_ecrins_otcpe-master_v1_0.mp3\" class=\"wp-block-button__link wp-element-button btn\">  Podcast &#8220;Storia dell&#8217;alpinismo&#8221;<\/a><\/div>\n\n<div class=\"wp-block-ws-library-ws-share\"><span class=\"share-subtitle\">Ti \u00e8 piaciuta questa pagina?<\/span><span class=\"share-title\">Condividilo!<\/span><button class=\"ws-share-button wp-element-button\">Condividi questa pagina<\/button><\/div>\n","protected":false},"excerpt":{"rendered":"<p>Prima di corde e piccozze, erano i pastori a fare da apripista, attraversando passi e valli a zoccoli, per non [&hellip;]<\/p>\n","protected":false},"author":4,"featured_media":0,"parent":0,"menu_order":0,"comment_status":"closed","ping_status":"closed","template":"","meta":{"_thumbnail_id_2":0,"summer_excerpt":"","season":"","station":"","footnotes":""},"class_list":["post-45950","page","type-page","status-publish","hentry"],"yoast_head":"<!-- This site is optimized with the Yoast SEO plugin v27.3 - https:\/\/yoast.com\/product\/yoast-seo-wordpress\/ -->\n<title>Storia dell&#039;alpinismo - Pays des \u00c9crins - Office de Tourisme<\/title>\n<meta name=\"robots\" content=\"index, follow, max-snippet:-1, max-image-preview:large, max-video-preview:-1\" \/>\n<link rel=\"canonical\" href=\"https:\/\/www.paysdesecrins.com\/it\/45950-2\/\" \/>\n<meta property=\"og:locale\" content=\"it_IT\" \/>\n<meta property=\"og:type\" content=\"article\" \/>\n<meta property=\"og:title\" content=\"Storia dell&#039;alpinismo - Pays des \u00c9crins - Office de Tourisme\" \/>\n<meta property=\"og:description\" content=\"Prima di corde e piccozze, erano i pastori a fare da apripista, attraversando passi e valli a zoccoli, per non [&hellip;]\" \/>\n<meta property=\"og:url\" content=\"https:\/\/www.paysdesecrins.com\/it\/45950-2\/\" \/>\n<meta property=\"og:site_name\" content=\"Pays des \u00c9crins - Office de Tourisme\" \/>\n<meta property=\"article:modified_time\" content=\"2025-07-29T16:52:04+00:00\" \/>\n<meta property=\"og:image\" content=\"https:\/\/www.paysdesecrins.com\/wp-content\/uploads\/2025\/07\/8escalade-alpinisme-alpinisme-refuge-du-glacier-blanc-et-4-1-400x400.jpg\" \/>\n<meta name=\"twitter:card\" content=\"summary_large_image\" \/>\n<meta name=\"twitter:label1\" content=\"Tempo di lettura stimato\" \/>\n\t<meta name=\"twitter:data1\" content=\"2 minuti\" \/>\n<script type=\"application\/ld+json\" class=\"yoast-schema-graph\">{\"@context\":\"https:\\\/\\\/schema.org\",\"@graph\":[{\"@type\":\"WebPage\",\"@id\":\"https:\\\/\\\/www.paysdesecrins.com\\\/it\\\/45950-2\\\/\",\"url\":\"https:\\\/\\\/www.paysdesecrins.com\\\/it\\\/45950-2\\\/\",\"name\":\"Storia dell'alpinismo - Pays des \u00c9crins - Office de Tourisme\",\"isPartOf\":{\"@id\":\"https:\\\/\\\/www.paysdesecrins.com\\\/it\\\/#website\"},\"primaryImageOfPage\":{\"@id\":\"https:\\\/\\\/www.paysdesecrins.com\\\/it\\\/45950-2\\\/#primaryimage\"},\"image\":{\"@id\":\"https:\\\/\\\/www.paysdesecrins.com\\\/it\\\/45950-2\\\/#primaryimage\"},\"thumbnailUrl\":\"https:\\\/\\\/www.paysdesecrins.com\\\/wp-content\\\/uploads\\\/2025\\\/07\\\/8escalade-alpinisme-alpinisme-refuge-du-glacier-blanc-et-4-1-400x400.jpg\",\"datePublished\":\"2025-07-24T08:05:57+00:00\",\"dateModified\":\"2025-07-29T16:52:04+00:00\",\"breadcrumb\":{\"@id\":\"https:\\\/\\\/www.paysdesecrins.com\\\/it\\\/45950-2\\\/#breadcrumb\"},\"inLanguage\":\"it-IT\",\"potentialAction\":[{\"@type\":\"ReadAction\",\"target\":[\"https:\\\/\\\/www.paysdesecrins.com\\\/it\\\/45950-2\\\/\"]}]},{\"@type\":\"ImageObject\",\"inLanguage\":\"it-IT\",\"@id\":\"https:\\\/\\\/www.paysdesecrins.com\\\/it\\\/45950-2\\\/#primaryimage\",\"url\":\"https:\\\/\\\/www.paysdesecrins.com\\\/wp-content\\\/uploads\\\/2025\\\/07\\\/8escalade-alpinisme-alpinisme-refuge-du-glacier-blanc-et-4-1-400x400.jpg\",\"contentUrl\":\"https:\\\/\\\/www.paysdesecrins.com\\\/wp-content\\\/uploads\\\/2025\\\/07\\\/8escalade-alpinisme-alpinisme-refuge-du-glacier-blanc-et-4-1-400x400.jpg\"},{\"@type\":\"BreadcrumbList\",\"@id\":\"https:\\\/\\\/www.paysdesecrins.com\\\/it\\\/45950-2\\\/#breadcrumb\",\"itemListElement\":[{\"@type\":\"ListItem\",\"position\":1,\"name\":\"Accueil\",\"item\":\"https:\\\/\\\/www.paysdesecrins.com\\\/it\\\/il-titolo-della-casa\\\/\"},{\"@type\":\"ListItem\",\"position\":2,\"name\":\"Storia dell&rsquo;alpinismo\"}]},{\"@type\":\"WebSite\",\"@id\":\"https:\\\/\\\/www.paysdesecrins.com\\\/it\\\/#website\",\"url\":\"https:\\\/\\\/www.paysdesecrins.com\\\/it\\\/\",\"name\":\"Pays des \u00c9crins - Office de Tourisme\",\"description\":\"L&#039;esprit montagne\",\"publisher\":{\"@id\":\"https:\\\/\\\/www.paysdesecrins.com\\\/it\\\/#organization\"},\"potentialAction\":[{\"@type\":\"SearchAction\",\"target\":{\"@type\":\"EntryPoint\",\"urlTemplate\":\"https:\\\/\\\/www.paysdesecrins.com\\\/it\\\/?s={search_term_string}\"},\"query-input\":{\"@type\":\"PropertyValueSpecification\",\"valueRequired\":true,\"valueName\":\"search_term_string\"}}],\"inLanguage\":\"it-IT\"},{\"@type\":\"Organization\",\"@id\":\"https:\\\/\\\/www.paysdesecrins.com\\\/it\\\/#organization\",\"name\":\"Pays des \u00c9crins - Office de Tourisme\",\"url\":\"https:\\\/\\\/www.paysdesecrins.com\\\/it\\\/\",\"logo\":{\"@type\":\"ImageObject\",\"inLanguage\":\"it-IT\",\"@id\":\"https:\\\/\\\/www.paysdesecrins.com\\\/it\\\/#\\\/schema\\\/logo\\\/image\\\/\",\"url\":\"https:\\\/\\\/www.paysdesecrins.com\\\/wp-content\\\/uploads\\\/2025\\\/06\\\/devina-svg-1750845694.svg\",\"contentUrl\":\"https:\\\/\\\/www.paysdesecrins.com\\\/wp-content\\\/uploads\\\/2025\\\/06\\\/devina-svg-1750845694.svg\",\"caption\":\"Pays des \u00c9crins - Office de Tourisme\"},\"image\":{\"@id\":\"https:\\\/\\\/www.paysdesecrins.com\\\/it\\\/#\\\/schema\\\/logo\\\/image\\\/\"}}]}<\/script>\n<!-- \/ Yoast SEO plugin. -->","yoast_head_json":{"title":"Storia dell'alpinismo - Pays des \u00c9crins - Office de Tourisme","robots":{"index":"index","follow":"follow","max-snippet":"max-snippet:-1","max-image-preview":"max-image-preview:large","max-video-preview":"max-video-preview:-1"},"canonical":"https:\/\/www.paysdesecrins.com\/it\/45950-2\/","og_locale":"it_IT","og_type":"article","og_title":"Storia dell'alpinismo - Pays des \u00c9crins - Office de Tourisme","og_description":"Prima di corde e piccozze, erano i pastori a fare da apripista, attraversando passi e valli a zoccoli, per non [&hellip;]","og_url":"https:\/\/www.paysdesecrins.com\/it\/45950-2\/","og_site_name":"Pays des \u00c9crins - Office de Tourisme","article_modified_time":"2025-07-29T16:52:04+00:00","og_image":[{"url":"https:\/\/www.paysdesecrins.com\/wp-content\/uploads\/2025\/07\/8escalade-alpinisme-alpinisme-refuge-du-glacier-blanc-et-4-1-400x400.jpg","type":"","width":"","height":""}],"twitter_card":"summary_large_image","twitter_misc":{"Tempo di lettura stimato":"2 minuti"},"schema":{"@context":"https:\/\/schema.org","@graph":[{"@type":"WebPage","@id":"https:\/\/www.paysdesecrins.com\/it\/45950-2\/","url":"https:\/\/www.paysdesecrins.com\/it\/45950-2\/","name":"Storia dell'alpinismo - Pays des \u00c9crins - Office de Tourisme","isPartOf":{"@id":"https:\/\/www.paysdesecrins.com\/it\/#website"},"primaryImageOfPage":{"@id":"https:\/\/www.paysdesecrins.com\/it\/45950-2\/#primaryimage"},"image":{"@id":"https:\/\/www.paysdesecrins.com\/it\/45950-2\/#primaryimage"},"thumbnailUrl":"https:\/\/www.paysdesecrins.com\/wp-content\/uploads\/2025\/07\/8escalade-alpinisme-alpinisme-refuge-du-glacier-blanc-et-4-1-400x400.jpg","datePublished":"2025-07-24T08:05:57+00:00","dateModified":"2025-07-29T16:52:04+00:00","breadcrumb":{"@id":"https:\/\/www.paysdesecrins.com\/it\/45950-2\/#breadcrumb"},"inLanguage":"it-IT","potentialAction":[{"@type":"ReadAction","target":["https:\/\/www.paysdesecrins.com\/it\/45950-2\/"]}]},{"@type":"ImageObject","inLanguage":"it-IT","@id":"https:\/\/www.paysdesecrins.com\/it\/45950-2\/#primaryimage","url":"https:\/\/www.paysdesecrins.com\/wp-content\/uploads\/2025\/07\/8escalade-alpinisme-alpinisme-refuge-du-glacier-blanc-et-4-1-400x400.jpg","contentUrl":"https:\/\/www.paysdesecrins.com\/wp-content\/uploads\/2025\/07\/8escalade-alpinisme-alpinisme-refuge-du-glacier-blanc-et-4-1-400x400.jpg"},{"@type":"BreadcrumbList","@id":"https:\/\/www.paysdesecrins.com\/it\/45950-2\/#breadcrumb","itemListElement":[{"@type":"ListItem","position":1,"name":"Accueil","item":"https:\/\/www.paysdesecrins.com\/it\/il-titolo-della-casa\/"},{"@type":"ListItem","position":2,"name":"Storia dell&rsquo;alpinismo"}]},{"@type":"WebSite","@id":"https:\/\/www.paysdesecrins.com\/it\/#website","url":"https:\/\/www.paysdesecrins.com\/it\/","name":"Pays des \u00c9crins - Office de Tourisme","description":"L&#039;esprit montagne","publisher":{"@id":"https:\/\/www.paysdesecrins.com\/it\/#organization"},"potentialAction":[{"@type":"SearchAction","target":{"@type":"EntryPoint","urlTemplate":"https:\/\/www.paysdesecrins.com\/it\/?s={search_term_string}"},"query-input":{"@type":"PropertyValueSpecification","valueRequired":true,"valueName":"search_term_string"}}],"inLanguage":"it-IT"},{"@type":"Organization","@id":"https:\/\/www.paysdesecrins.com\/it\/#organization","name":"Pays des \u00c9crins - Office de Tourisme","url":"https:\/\/www.paysdesecrins.com\/it\/","logo":{"@type":"ImageObject","inLanguage":"it-IT","@id":"https:\/\/www.paysdesecrins.com\/it\/#\/schema\/logo\/image\/","url":"https:\/\/www.paysdesecrins.com\/wp-content\/uploads\/2025\/06\/devina-svg-1750845694.svg","contentUrl":"https:\/\/www.paysdesecrins.com\/wp-content\/uploads\/2025\/06\/devina-svg-1750845694.svg","caption":"Pays des \u00c9crins - Office de Tourisme"},"image":{"@id":"https:\/\/www.paysdesecrins.com\/it\/#\/schema\/logo\/image\/"}}]}},"_links":{"self":[{"href":"https:\/\/www.paysdesecrins.com\/it\/wp-json\/wp\/v2\/pages\/45950","targetHints":{"allow":["GET"]}}],"collection":[{"href":"https:\/\/www.paysdesecrins.com\/it\/wp-json\/wp\/v2\/pages"}],"about":[{"href":"https:\/\/www.paysdesecrins.com\/it\/wp-json\/wp\/v2\/types\/page"}],"author":[{"embeddable":true,"href":"https:\/\/www.paysdesecrins.com\/it\/wp-json\/wp\/v2\/users\/4"}],"replies":[{"embeddable":true,"href":"https:\/\/www.paysdesecrins.com\/it\/wp-json\/wp\/v2\/comments?post=45950"}],"version-history":[{"count":0,"href":"https:\/\/www.paysdesecrins.com\/it\/wp-json\/wp\/v2\/pages\/45950\/revisions"}],"wp:attachment":[{"href":"https:\/\/www.paysdesecrins.com\/it\/wp-json\/wp\/v2\/media?parent=45950"}],"curies":[{"name":"wp","href":"https:\/\/api.w.org\/{rel}","templated":true}]}}