{"id":45959,"date":"2025-07-24T09:43:42","date_gmt":"2025-07-24T07:43:42","guid":{"rendered":"https:\/\/www.paysdesecrins.com\/villaggi-alpinisti\/"},"modified":"2025-08-07T15:03:58","modified_gmt":"2025-08-07T13:03:58","slug":"villaggi-alpinisti","status":"publish","type":"page","link":"https:\/\/www.paysdesecrins.com\/it\/villaggi-alpinisti\/","title":{"rendered":"Villaggi alpinisti"},"content":{"rendered":"    <div class=\"alignfull wp-block-ws-library-ws-header-interne\">\n\t    <div class=\"header-container\">\n\t        <div class=\"group-media has-image\">\n\t            \t                <img loading=\"lazy\" decoding=\"async\" width=\"1920\" height=\"800\" src=\"https:\/\/www.paysdesecrins.com\/wp-content\/uploads\/2025\/07\/ailefroide-1920x800.jpg\" alt=\"\" class=\"image_large_square wp-image-29948\" \/>\n\t            \t        <\/div>\n\t        <div class=\"group-content\">\n\t            <div class=\"title\">\n\t                <h1>\n\t                    Villaggi alpinisti\t                    \t                <\/h1>\n\t            <\/div>\n\t        <\/div>\n\t    <\/div>\n\t    \n<div class=\"yoast-breadcrumbs\"><span><span><a href=\"https:\/\/www.paysdesecrins.com\/it\/il-titolo-della-casa\/\">Accueil<\/a><\/span>  <span class=\"breadcrumb_last\" aria-current=\"page\">Villaggi alpinisti<\/span><\/span><\/div>\n    <\/div>\n    \n<div class=\"wp-block-ws-library-ws-title aligncenter is-style-simple\"><h2><em>Villaggi alpinisti<\/em>Portagioie<\/h2><\/div>\n\n<p class=\"has-text-align-left\">Il marchio &#8220;<strong>Villaggi degli alpinisti<\/strong>&#8221; assegnato al comune di <strong>Vallouise-Pelvoux<\/strong> ha l&#8217;obiettivo di promuovere e riincantare l&#8217;alpinismo negli \u00c9crins e quindi di trasmettere le tradizioni alpine alle nuove generazioni, sensibilizzando al contempo sulla fragilit\u00e0 dell&#8217;ambiente naturale.  <\/p>\n\n<p>L&#8217;alpinismo \u00e8 ora elencato come <strong>patrimonio culturale immateriale dall&#8217;UNESCO<\/strong>. Il nostro territorio ne ha beneficiato grazie alle famose vette situate in Vallouise (Barre des \u00c9crins, D\u00f4me des \u00c9crins, Roche Faurio, les Agneaux, l&#8217;Ailefroide orientale&#8230;) e anche grazie alla fortissima presenza della <strong>storia dell&#8217;alpinismo<\/strong> sul territorio del Pays des \u00c9crins.   <\/p>\n\n<p class=\"has-text-align-left\">Vero e proprio <strong>campo base<\/strong> per l&#8217;arrampicata e l&#8217;alpinismo, <strong>Ailefroide<\/strong> vi sedurr\u00e0 con la sua autenticit\u00e0, il suo fascino e la sua tranquillit\u00e0 nel cuore delle montagne e del Parco Nazionale degli \u00c9crins.<\/p>\n\n<div class=\"wp-block-ws-library-ws-columns alignwide has-2-columns are-vertically-aligned-center layout-5050 is-style-background\">\n<div class=\"wp-block-ws-library-ws-column\"><div class=\"wrapper\">\n<div class=\"wp-block-ws-library-ws-title\"><h3><em>Il Pays des \u00c9crins,<\/em> terra di alpinismo<\/h3><\/div>\n\n\n\n<p>Il Pays des \u00c9crins \u00e8 per tradizione una<strong> terra di alta montagna<\/strong> . Il massiccio \u00e8 tecnico e i gradini che si avvicinano alle prestigiose vette costituiscono da soli favolose escursioni. <strong>Barre des \u00c9crins<\/strong>, <strong>Roche Faurio<\/strong>, <strong>D\u00f4me des \u00c9crins<\/strong>,&#8230; il Pays des \u00c9crins \u00e8 terra <strong>di alpinismo <\/strong>per eccellenza&#8230; Trovate maggiori informazioni sullo <strong>sci alpinismo intorno ai rifugi in primavera<\/strong> e <strong>sull&#8217;alpinismo negli \u00c9crins<\/strong> su questo link.    <\/p>\n\n\n\n<p>Qui \u00e8 l&#8217;unico massiccio in Francia dove ci si pu\u00f2 evolvere in <strong>alta montagna<\/strong> (4.102 m) nel cuore di <strong>un&#8217;area preservata<\/strong> grazie al <strong>Parco Nazionale degli \u00c9crins<\/strong>. Questo vantaggio ti garantisce di evolvere in un ambiente con paesaggi preservati e in cui la fauna e la flora possono svilupparsi in abbondanza.   <\/p>\n\n\n\n<p>La <strong>storia dell&#8217;alpinismo \u00e8 ben ancorata <\/strong>al territorio, da qui il nome &#8220;terra dell&#8217;alpinismo&#8221; che fa parte del progetto <a href=\"https:\/\/www.ffcam.fr\/terre-d-alpinisme-ffcam.html\" target=\"_blank\" rel=\"noreferrer noopener\"><strong>FFCAM<\/strong><\/a>. L&#8217;obiettivo \u00e8 quello di perpetuare questa storia, di far conoscere l&#8217;alpinismo ai giovani e quindi di far crescere la comunit\u00e0 alpinistica. <\/p>\n\n\n\n<p>Trova i 3 podcast che sono stati creati intorno ai villaggi degli alpinisti (circa 20min) su vari temi:  <\/p>\n\n\n\n<ul class=\"wp-block-list\">\n<li><a href=\"https:\/\/www.slate.fr\/audio\/regarde-en-haut\/tous-au-sommet-1\" target=\"_blank\" rel=\"noreferrer noopener\">Tutto al top<\/a><\/li>\n\n\n\n<li><a href=\"https:\/\/www.slate.fr\/audio\/regarde-en-haut\/villages-en-haut-2\" target=\"_blank\" rel=\"noreferrer noopener\">Borghi dall&#8217;alto<\/a><\/li>\n\n\n\n<li><a href=\"https:\/\/www.slate.fr\/audio\/regarde-en-haut\/nature-fragile-3\" target=\"_blank\" rel=\"noreferrer noopener\">Natura fragile<\/a><\/li>\n<\/ul>\n\n\n\n<p>\u00c8 inoltre possibile acquistare il libro &#8220;<a href=\"https:\/\/www.glenat.com\/beaux-livres-montagne\/villages-dalpinisme-des-ecrins-9782344051245\" target=\"_blank\" rel=\"noreferrer noopener\">Villages d&#8217;alpinisme des \u00c9crins&#8221; presso le edizioni Gl\u00e9nat.<\/a> \u00c8 disponibile per l&#8217;acquisto nelle librerie, su internet e nelle case del Parco Nazionale degli \u00c9crins.  <\/p>\n<\/div><\/div>\n\n\n\n<div class=\"wp-block-ws-library-ws-column\"><div class=\"wrapper\">\n<div class=\"wp-block-ws-library-ws-image\"><div class=\"wrapper\"><div class=\"group-media\"><img decoding=\"async\" src=\"https:\/\/www.paysdesecrins.com\/wp-content\/uploads\/2025\/07\/2080801582-1679060576.jpg\" alt=\"\" class=\"single_image ws-image-37441\"><div class=\"credits\"><\/div><\/div><p class=\"caption\"><\/p><\/div><\/div>\n<\/div><\/div>\n<\/div>\n\n<div class=\"wp-block-ws-library-ws-slider alignfull\"><div class=\"splide\" data-splide=\"{\"type\":\"slide\",\"heightRatio\":\"auto\",\"perPage\":4,\"perMove\":1,\"drag\":true,\"pagination\":0,\"autoplay\":false,\"gap\":\"15px\",\"breakpoints\":{\"450\":{\"perPage\":1},\"768\":{\"perPage\":2},\"992\":{\"perPage\":3},\"1200\":{\"perPage\":4}}}\"><div class=\"splide__track\"><div class=\"splide__list\"><div class=\"splide__slide\"><a href=\"https:\/\/www.paysdesecrins.com\/wp-content\/uploads\/2025\/07\/1682585568-508967110-400x400.jpg\" data-glightbox=\"true\" class=\"lightbox-trigger\"><img decoding=\"async\" src=\"https:\/\/www.paysdesecrins.com\/wp-content\/uploads\/2025\/07\/1682585568-508967110-400x400.jpg\" alt=\"\"><\/a><\/div><div class=\"splide__slide\"><a href=\"https:\/\/www.paysdesecrins.com\/wp-content\/uploads\/2025\/07\/1682585568-1182817379-400x400.jpg\" data-glightbox=\"true\" class=\"lightbox-trigger\"><img decoding=\"async\" src=\"https:\/\/www.paysdesecrins.com\/wp-content\/uploads\/2025\/07\/1682585568-1182817379-400x400.jpg\" alt=\"\"><\/a><\/div><div class=\"splide__slide\"><a href=\"https:\/\/www.paysdesecrins.com\/wp-content\/uploads\/2025\/07\/1682585684-1253332757-400x400.jpg\" data-glightbox=\"true\" class=\"lightbox-trigger\"><img decoding=\"async\" src=\"https:\/\/www.paysdesecrins.com\/wp-content\/uploads\/2025\/07\/1682585684-1253332757-400x400.jpg\" alt=\"\"><\/a><\/div><div class=\"splide__slide\"><a href=\"https:\/\/www.paysdesecrins.com\/wp-content\/uploads\/2025\/07\/1682585684-549175391-400x400.jpg\" data-glightbox=\"true\" class=\"lightbox-trigger\"><img decoding=\"async\" src=\"https:\/\/www.paysdesecrins.com\/wp-content\/uploads\/2025\/07\/1682585684-549175391-400x400.jpg\" alt=\"\"><\/a><\/div><\/div><\/div><\/div><\/div>\n\n<div class=\"wp-block-ws-library-ws-title\"><h3><em>Scuole di alpinismo<\/em> negli \u00c9crins<\/h3><\/div>\n\n<p>Grazie al lavoro delle guide e <strong>dell&#8217;ufficio guide \u00c9crins<\/strong>, \u00e8 stato segnalato un <strong>sito scuola di bouldering<\/strong> <strong>sull&#8217;Ailefroide<\/strong> e sul piccolo percorso roccioso della <strong>cresta del Pic des Aupillous <\/strong>.Questi settori sono stati segnalati per consentire alle giovani generazioni e ai principianti di accedere pi\u00f9 facilmente all&#8217;alpinismo.  <\/p>\n\n<p>Ecco i 2 siti allestiti a questo scopo nel comune di Vallouise-Pelvoux nell&#8217;ambito di questo progetto:<\/p>\n\n<ul class=\"wp-block-list\">\n<li>il sito boulder di <strong>Ailefroide <\/strong>sulla strada che porta al rifugio S\u00e9l\u00e9<\/li>\n\n\n\n<li>la <strong>cresta del Pic des Aupillous <\/strong>sopra il rifugio Bans nella valle delle Entraygues<\/li>\n<\/ul>\n\n<p>Altre scuole di arrampicata sono disponibili nella zona a Champcella, Ailefroide, Saint-Martin-de-Queyri\u00e8res (Rocher Baron), Prelle e Argenti\u00e8re La-Bess\u00e9e.  <\/p>\n\n<p>Questi siti permettono ai principianti di apprendere le tecniche di arrampicata per poi poter praticare la loro <strong>prima gara di alpinismo<\/strong>.<\/p>\n\n<p>Puoi trovare tutti i siti delle scuole di arrampicata negli \u00c9crins sulla guida &#8220;ESCALADE BRIAN\u00c7ON CLIMBS 2022&#8221;.<\/p>\n\n<p>Potete scaricare il &#8220;Topo booklet villaggi alpinisti&#8221; qui sotto e trovarlo in versione cartacea nei nostri uffici di informazione turistica.<\/p>\n\n<div class=\"wp-block-ws-library-ws-documents\">\n<div class=\"wp-block-ws-library-ws-document\"><a href=\"https:\/\/www.paysdesecrins.com\/wp-content\/uploads\/2025\/07\/livret-topo-villages-alpinisme-ok-light.pdf\" target=\"_blank\" rel=\"noopener noreferrer\" class=\"link-document\">Opuscolo: Villaggi alpinisti topografici degli \u00c9crins<\/a><\/div>\n<\/div>\n\n<div class=\"wp-block-ws-library-ws-slider alignfull\"><div class=\"splide\" data-splide=\"{\"type\":\"slide\",\"heightRatio\":\"auto\",\"perPage\":4,\"perMove\":1,\"drag\":true,\"pagination\":0,\"autoplay\":false,\"gap\":\"15px\",\"breakpoints\":{\"450\":{\"perPage\":1},\"768\":{\"perPage\":2},\"992\":{\"perPage\":3},\"1200\":{\"perPage\":4}}}\"><div class=\"splide__track\"><div class=\"splide__list\"><div class=\"splide__slide\"><a href=\"https:\/\/www.paysdesecrins.com\/wp-content\/uploads\/2025\/07\/1682585568-1830260856-400x400.jpg\" data-glightbox=\"true\" class=\"lightbox-trigger\"><img decoding=\"async\" src=\"https:\/\/www.paysdesecrins.com\/wp-content\/uploads\/2025\/07\/1682585568-1830260856-400x400.jpg\" alt=\"\"><\/a><\/div><div class=\"splide__slide\"><a href=\"https:\/\/www.paysdesecrins.com\/wp-content\/uploads\/2025\/07\/1682585568-1929484564-400x400.jpg\" data-glightbox=\"true\" class=\"lightbox-trigger\"><img decoding=\"async\" src=\"https:\/\/www.paysdesecrins.com\/wp-content\/uploads\/2025\/07\/1682585568-1929484564-400x400.jpg\" alt=\"\"><\/a><\/div><div class=\"splide__slide\"><a href=\"https:\/\/www.paysdesecrins.com\/wp-content\/uploads\/2025\/07\/1682585568-2054800602-400x400.jpg\" data-glightbox=\"true\" class=\"lightbox-trigger\"><img decoding=\"async\" src=\"https:\/\/www.paysdesecrins.com\/wp-content\/uploads\/2025\/07\/1682585568-2054800602-400x400.jpg\" alt=\"\"><\/a><\/div><div class=\"splide__slide\"><a href=\"https:\/\/www.paysdesecrins.com\/wp-content\/uploads\/2025\/07\/k7a9235-1-scaled.jpg\" data-glightbox=\"true\" class=\"lightbox-trigger\"><img decoding=\"async\" src=\"https:\/\/www.paysdesecrins.com\/wp-content\/uploads\/2025\/07\/k7a9235-1-400x400.jpg\" alt=\"\"><\/a><\/div><\/div><\/div><\/div><\/div>\n\n<div class=\"wp-block-ws-library-ws-columns alignwide has-2-columns are-vertically-aligned-center layout-5050 is-style-background\">\n<div class=\"wp-block-ws-library-ws-column\"><div class=\"wrapper\">\n<div class=\"wp-block-ws-library-ws-image\"><div class=\"wrapper\"><div class=\"group-media\"><img decoding=\"async\" src=\"https:\/\/www.paysdesecrins.com\/wp-content\/uploads\/2025\/07\/16sitesdexception-predemadamecarle-refuge-du-glacier-blanc-et-des-ecrins-en-ski-29-960x640.jpg\" alt=\"\" class=\"single_image ws-image-21515\"><div class=\"credits\"><\/div><\/div><p class=\"caption\"><\/p><\/div><\/div>\n<\/div><\/div>\n\n\n\n<div class=\"wp-block-ws-library-ws-column\"><div class=\"wrapper\">\n<div class=\"wp-block-ws-library-ws-title\"><h3><em>Alpinismo Touring<\/em><\/h3><\/div>\n\n\n\n<p><strong>I Gioielli<br\/><\/strong>Volete <strong>scoprire il massiccio degli \u00c9crins<\/strong> attraverso <strong>un tour alpinistico<\/strong>? Benvenuti nelle <a href=\"https:\/\/www.hautes-alpes.net\/fr\/economie.html\" target=\"_blank\" rel=\"noreferrer noopener\"><strong>Hautes-Alpes<\/strong><\/a>, ci offriamo di accompagnarvi in questo bellissimo progetto facendovi beneficiare della nostra conoscenza del massiccio in modo che il vostro soggiorno sia un vero successo.<br\/>Contattateci al <a href=\"mailto:reservation@paysdesecrins.com\" target=\"_blank\" rel=\"noreferrer noopener\">reservation@paysdesecrins.com<\/a> o al numero 06 30 83 37 65 <\/p>\n\n\n\n<p><strong>Gare di alpinismo negli \u00c9crins<br\/><\/strong>Volete <strong>fare un&#8217;escursione alpinistica <\/strong>nel <strong>massiccio degli \u00c9crins<\/strong>? Contatta uno dei partner dell&#8217;Ufficio e\/o consulta il soggiorno all-inclusive offerto dai nostri partner per l&#8217;alpinismo.   <\/p>\n<\/div><\/div>\n<\/div>\n\n<div class=\"wp-block-ws-library-ws-video\"><div class=\"wrapper\"><div class=\"group-media\">\n<figure class=\"wp-block-embed is-type-video is-provider-youtube wp-block-embed-youtube\"><div class=\"wp-block-embed__wrapper\">\n<iframe loading=\"lazy\" title=\"Alpinisme au Pays des \u00c9crins\" width=\"500\" height=\"281\" src=\"https:\/\/www.youtube.com\/embed\/njz6V_fjYHU?feature=oembed\" frameborder=\"0\" allow=\"accelerometer; autoplay; clipboard-write; encrypted-media; gyroscope; picture-in-picture; web-share\" referrerpolicy=\"strict-origin-when-cross-origin\" allowfullscreen><\/iframe>\n<\/div><\/figure>\n<\/div><\/div><\/div>\n\n<div class=\"wp-block-ws-library-ws-title\"><h3><em>Tour intorno al <\/em>Villaggi alpinisti degli \u00c9crins<\/h3><\/div>\n\n<p>Un massiccio e 7 villaggi da scoprire intorno all&#8217;alpinismo. Questi villaggi sono dei veri e propri campi base, punti di partenza per grandi gare alpinistiche verso vette emblematiche. Sono luoghi di preparazione per l&#8217;avventura, a piedi o a piedi, verso una delle particolarit\u00e0 del massiccio: una vetta, una cascata o un punto panoramico spettacolare. Andare nei villaggi degli alpinisti degli \u00c9crins \u00e8 un po&#8217; come staccare dalla societ\u00e0 e riconnettersi con la natura in montagna. Si tratta di luoghi in cui la convivialit\u00e0 e la condivisione sono il riflesso dell&#8217;identit\u00e0 e delle tradizioni montane    <\/p>\n\n<p>Partendo dal <strong>villaggio alpinistico di Vallouise-Pelvoux e Ailefroide<\/strong>, \u00e8 possibile prendere un&#8217;auto e fare un&#8217;escursione in ogni sito, intorno ai <strong>7 villaggi alpinisti degli \u00c9crins<\/strong>.<\/p>\n\n<p>Ecco le altre tappe che beneficiano del<strong> marchio &#8220;Villaggi degli Alpinisti&#8221; <\/strong>e nelle quali scoprirete luoghi <strong>magnifici attraverso escursioni accessibili a tutti<\/strong> o attraverso <strong>gare di alta montagna <\/strong>accompagnati da una guida:<\/p>\n\n<ul class=\"wp-block-list\">\n<li><strong>Vallouise-Pelvoux e Ailfroide<\/strong> con il <strong>Pr\u00e9 de Madame Carle <\/strong>e la sua famosa leggenda, il Glacier Blanc e il Glacier Noir, i siti di arrampicata di Ailefroide;  <\/li>\n\n\n\n<li><strong>Le Casset <\/strong>nel comune di<strong> Le Mon\u00eatier-les-Bains <\/strong>con la partenza per<strong> le valli del Grand e del Petit Tabuc, <\/strong>con uno degli accessi alla<strong> vetta degli Agneaux, al lago della doccia e al R\u00e9ou d&#8217;Arsine, alla via ferrata dell&#8217;Aiguillette du Lauzet e al Col du Lautaret;<\/strong><\/li>\n\n\n\n<li><strong>Villar d&#8217;Ar\u00e8ne <\/strong>con il famoso <strong>Giardino Alpino del Col du Lautaret e il lago del Pontet; <\/strong> <\/li>\n\n\n\n<li><strong>La Grave con le sue famose vette mitiche, la sua funivia, il ghiacciaio di Girose, l&#8217;altopiano di Emparis, il trespolo dell&#8217;osservatorio Chazelet;  <\/strong><\/li>\n\n\n\n<li><strong>Saint-Christophe-en-Oisans e La B\u00e9rarde; la cascata del Pisse e la valle della Valsenestre;<\/strong><\/li>\n\n\n\n<li><strong>Le D\u00e9sert-en-Valjouffrey <\/strong>con l&#8217;imperdibile<strong> &#8220;Hameau du d\u00e9sert&#8221;;<\/strong> <\/li>\n\n\n\n<li><strong>La Chapelle-en-Valgaudemar <\/strong>con<strong> il rifugio Gionerbnay, la cascata del velo della sposa, il lago di Lauzon e l&#8217;Oulles du diable.<\/strong><br\/><\/li>\n<\/ul>\n\n<div class=\"wp-block-ws-library-ws-slider alignfull\"><div class=\"splide\" data-splide=\"{\"type\":\"slide\",\"heightRatio\":\"auto\",\"perPage\":4,\"perMove\":1,\"drag\":true,\"pagination\":0,\"autoplay\":false,\"gap\":\"15px\",\"breakpoints\":{\"450\":{\"perPage\":1},\"768\":{\"perPage\":2},\"992\":{\"perPage\":3},\"1200\":{\"perPage\":4}}}\"><div class=\"splide__track\"><div class=\"splide__list\"><div class=\"splide__slide\"><a href=\"https:\/\/www.paysdesecrins.com\/wp-content\/uploads\/2025\/07\/1682585568-216337896-400x400.jpg\" data-glightbox=\"true\" class=\"lightbox-trigger\"><img decoding=\"async\" src=\"https:\/\/www.paysdesecrins.com\/wp-content\/uploads\/2025\/07\/1682585568-216337896-400x400.jpg\" alt=\"\"><\/a><\/div><div class=\"splide__slide\"><a href=\"https:\/\/www.paysdesecrins.com\/wp-content\/uploads\/2025\/07\/1682585568-559502705-400x400.jpg\" data-glightbox=\"true\" class=\"lightbox-trigger\"><img decoding=\"async\" src=\"https:\/\/www.paysdesecrins.com\/wp-content\/uploads\/2025\/07\/1682585568-559502705-400x400.jpg\" alt=\"\"><\/a><\/div><div class=\"splide__slide\"><a href=\"https:\/\/www.paysdesecrins.com\/wp-content\/uploads\/2025\/07\/1682585568-1291081519-400x400.jpg\" data-glightbox=\"true\" class=\"lightbox-trigger\"><img decoding=\"async\" src=\"https:\/\/www.paysdesecrins.com\/wp-content\/uploads\/2025\/07\/1682585568-1291081519-400x400.jpg\" alt=\"\"><\/a><\/div><div class=\"splide__slide\"><a href=\"https:\/\/www.paysdesecrins.com\/wp-content\/uploads\/2025\/07\/pre-de-madame-carle-en-ski-11-scaled.jpg\" data-glightbox=\"true\" class=\"lightbox-trigger\"><img decoding=\"async\" src=\"https:\/\/www.paysdesecrins.com\/wp-content\/uploads\/2025\/07\/pre-de-madame-carle-en-ski-11-400x400.jpg\" alt=\"\"><\/a><\/div><\/div><\/div><\/div><\/div>\n\n<p>Scopri questi <strong>luoghi di trasmissione<\/strong> in cui la <strong>cultura dell&#8217;alpinismo<\/strong> vive da generazioni.<\/p>\n\n<p>Ogni villaggio \u00e8 unico e si compone con il suo ambiente naturale. <strong>Passeggiando,<\/strong> rimarrete stupiti dalla semplice bellezza dei tetti di paglia, dei rivestimenti in larice, delle volte, dei portici, delle cantine isolate, delle vecchie pietre di tufo tagliato o di calcare blu, delle fontane e dei lavatoi, dei mulini e dei forni. Apprezzerete la freschezza delle strade acciottolate punteggiate da modesti edifici religiosi.    <\/p>\n\n<p>Piantati in alta montagna, i villaggi alpinisti degli \u00c9crins sono in prima linea contro il <strong>riscaldamento globale<\/strong> : ghiacciai in ritirata, frane, erosione, inondazioni torrenziali, cambiamenti nella vegetazione&#8230; Soprattutto, sono a pochi passi da un&#8217;incredibile biodiversit\u00e0. Vi sono censite pi\u00f9 di <strong>4.500 specie animali e vegetali <\/strong>come lo stambecco, il camoscio, la pernice bianca, il gipeto, alcuni insetti discreti e in via di estinzione come la robinia, naturalmente conifere, la <strong>regina delle Alpi <\/strong>o 4 specie di genepi tra cui il rarissimo <strong>ghiacciaio genepi.<\/strong>  <\/p>\n\n<div class=\"wp-block-ws-library-ws-button has-text-align-center is-style-outline\"><a href=\"https:\/\/www.paysdesecrins.com\/it\/scelgo\/intrattenimento-ed-eventi\/grandi-eventi-nella-terra-dei-gioielli\/\" class=\"wp-block-button__link wp-element-button btn\">  Tutti gli eventi della terra dei gioielli<\/a><\/div>\n\n<div class=\"wp-block-ws-library-ws-share\"><span class=\"share-subtitle\">Ti \u00e8 piaciuta questa pagina?<\/span><span class=\"share-title\">Condividilo!<\/span><button class=\"ws-share-button wp-element-button\">Condividi questa pagina<\/button><\/div>\n","protected":false},"excerpt":{"rendered":"<p>Il marchio &#8220;Villaggi degli alpinisti&#8221; assegnato al comune di Vallouise-Pelvoux ha l&#8217;obiettivo di promuovere e riincantare l&#8217;alpinismo negli \u00c9crins e [&hellip;]<\/p>\n","protected":false},"author":4,"featured_media":29995,"parent":0,"menu_order":0,"comment_status":"closed","ping_status":"closed","template":"","meta":{"_thumbnail_id_2":0,"summer_excerpt":"","season":"","station":"","footnotes":""},"class_list":["post-45959","page","type-page","status-publish","has-post-thumbnail","hentry"],"yoast_head":"<!-- This site is optimized with the Yoast SEO plugin v27.3 - https:\/\/yoast.com\/product\/yoast-seo-wordpress\/ -->\n<title>Villaggi alpinisti - Pays des \u00c9crins - Office de Tourisme<\/title>\n<meta name=\"robots\" content=\"index, follow, max-snippet:-1, max-image-preview:large, max-video-preview:-1\" \/>\n<link rel=\"canonical\" href=\"https:\/\/www.paysdesecrins.com\/it\/villaggi-alpinisti\/\" \/>\n<meta property=\"og:locale\" content=\"it_IT\" \/>\n<meta property=\"og:type\" content=\"article\" \/>\n<meta property=\"og:title\" content=\"Villaggi alpinisti - Pays des \u00c9crins - Office de Tourisme\" \/>\n<meta property=\"og:description\" content=\"Il marchio &#8220;Villaggi degli alpinisti&#8221; assegnato al comune di Vallouise-Pelvoux ha l&#8217;obiettivo di promuovere e riincantare l&#8217;alpinismo negli \u00c9crins e [&hellip;]\" \/>\n<meta property=\"og:url\" content=\"https:\/\/www.paysdesecrins.com\/it\/villaggi-alpinisti\/\" \/>\n<meta property=\"og:site_name\" content=\"Pays des \u00c9crins - Office de Tourisme\" \/>\n<meta property=\"article:modified_time\" content=\"2025-08-07T13:03:58+00:00\" \/>\n<meta property=\"og:image\" content=\"https:\/\/www.paysdesecrins.com\/wp-content\/uploads\/2025\/07\/vallouise-alpesphotographiescom-72-scaled.jpg\" \/>\n\t<meta property=\"og:image:width\" content=\"2560\" \/>\n\t<meta property=\"og:image:height\" content=\"1708\" \/>\n\t<meta property=\"og:image:type\" content=\"image\/jpeg\" \/>\n<meta name=\"twitter:card\" content=\"summary_large_image\" \/>\n<meta name=\"twitter:label1\" content=\"Tempo di lettura stimato\" \/>\n\t<meta name=\"twitter:data1\" content=\"5 minuti\" \/>\n<script type=\"application\/ld+json\" class=\"yoast-schema-graph\">{\"@context\":\"https:\\\/\\\/schema.org\",\"@graph\":[{\"@type\":\"WebPage\",\"@id\":\"https:\\\/\\\/www.paysdesecrins.com\\\/it\\\/villaggi-alpinisti\\\/\",\"url\":\"https:\\\/\\\/www.paysdesecrins.com\\\/it\\\/villaggi-alpinisti\\\/\",\"name\":\"Villaggi alpinisti - Pays des \u00c9crins - Office de Tourisme\",\"isPartOf\":{\"@id\":\"https:\\\/\\\/www.paysdesecrins.com\\\/it\\\/#website\"},\"primaryImageOfPage\":{\"@id\":\"https:\\\/\\\/www.paysdesecrins.com\\\/it\\\/villaggi-alpinisti\\\/#primaryimage\"},\"image\":{\"@id\":\"https:\\\/\\\/www.paysdesecrins.com\\\/it\\\/villaggi-alpinisti\\\/#primaryimage\"},\"thumbnailUrl\":\"https:\\\/\\\/www.paysdesecrins.com\\\/wp-content\\\/uploads\\\/2025\\\/07\\\/vallouise-alpesphotographiescom-72-scaled.jpg\",\"datePublished\":\"2025-07-24T07:43:42+00:00\",\"dateModified\":\"2025-08-07T13:03:58+00:00\",\"breadcrumb\":{\"@id\":\"https:\\\/\\\/www.paysdesecrins.com\\\/it\\\/villaggi-alpinisti\\\/#breadcrumb\"},\"inLanguage\":\"it-IT\",\"potentialAction\":[{\"@type\":\"ReadAction\",\"target\":[\"https:\\\/\\\/www.paysdesecrins.com\\\/it\\\/villaggi-alpinisti\\\/\"]}]},{\"@type\":\"ImageObject\",\"inLanguage\":\"it-IT\",\"@id\":\"https:\\\/\\\/www.paysdesecrins.com\\\/it\\\/villaggi-alpinisti\\\/#primaryimage\",\"url\":\"https:\\\/\\\/www.paysdesecrins.com\\\/wp-content\\\/uploads\\\/2025\\\/07\\\/vallouise-alpesphotographiescom-72-scaled.jpg\",\"contentUrl\":\"https:\\\/\\\/www.paysdesecrins.com\\\/wp-content\\\/uploads\\\/2025\\\/07\\\/vallouise-alpesphotographiescom-72-scaled.jpg\",\"width\":2560,\"height\":1708,\"caption\":\"Shooting dans le cadre des Villlages d'alpinisme\"},{\"@type\":\"BreadcrumbList\",\"@id\":\"https:\\\/\\\/www.paysdesecrins.com\\\/it\\\/villaggi-alpinisti\\\/#breadcrumb\",\"itemListElement\":[{\"@type\":\"ListItem\",\"position\":1,\"name\":\"Accueil\",\"item\":\"https:\\\/\\\/www.paysdesecrins.com\\\/it\\\/il-titolo-della-casa\\\/\"},{\"@type\":\"ListItem\",\"position\":2,\"name\":\"Villaggi alpinisti\"}]},{\"@type\":\"WebSite\",\"@id\":\"https:\\\/\\\/www.paysdesecrins.com\\\/it\\\/#website\",\"url\":\"https:\\\/\\\/www.paysdesecrins.com\\\/it\\\/\",\"name\":\"Pays des \u00c9crins - Office de Tourisme\",\"description\":\"L&#039;esprit montagne\",\"publisher\":{\"@id\":\"https:\\\/\\\/www.paysdesecrins.com\\\/it\\\/#organization\"},\"potentialAction\":[{\"@type\":\"SearchAction\",\"target\":{\"@type\":\"EntryPoint\",\"urlTemplate\":\"https:\\\/\\\/www.paysdesecrins.com\\\/it\\\/?s={search_term_string}\"},\"query-input\":{\"@type\":\"PropertyValueSpecification\",\"valueRequired\":true,\"valueName\":\"search_term_string\"}}],\"inLanguage\":\"it-IT\"},{\"@type\":\"Organization\",\"@id\":\"https:\\\/\\\/www.paysdesecrins.com\\\/it\\\/#organization\",\"name\":\"Pays des \u00c9crins - Office de Tourisme\",\"url\":\"https:\\\/\\\/www.paysdesecrins.com\\\/it\\\/\",\"logo\":{\"@type\":\"ImageObject\",\"inLanguage\":\"it-IT\",\"@id\":\"https:\\\/\\\/www.paysdesecrins.com\\\/it\\\/#\\\/schema\\\/logo\\\/image\\\/\",\"url\":\"https:\\\/\\\/www.paysdesecrins.com\\\/wp-content\\\/uploads\\\/2025\\\/06\\\/devina-svg-1750845694.svg\",\"contentUrl\":\"https:\\\/\\\/www.paysdesecrins.com\\\/wp-content\\\/uploads\\\/2025\\\/06\\\/devina-svg-1750845694.svg\",\"caption\":\"Pays des \u00c9crins - Office de Tourisme\"},\"image\":{\"@id\":\"https:\\\/\\\/www.paysdesecrins.com\\\/it\\\/#\\\/schema\\\/logo\\\/image\\\/\"}}]}<\/script>\n<!-- \/ Yoast SEO plugin. -->","yoast_head_json":{"title":"Villaggi alpinisti - Pays des \u00c9crins - Office de Tourisme","robots":{"index":"index","follow":"follow","max-snippet":"max-snippet:-1","max-image-preview":"max-image-preview:large","max-video-preview":"max-video-preview:-1"},"canonical":"https:\/\/www.paysdesecrins.com\/it\/villaggi-alpinisti\/","og_locale":"it_IT","og_type":"article","og_title":"Villaggi alpinisti - Pays des \u00c9crins - Office de Tourisme","og_description":"Il marchio &#8220;Villaggi degli alpinisti&#8221; assegnato al comune di Vallouise-Pelvoux ha l&#8217;obiettivo di promuovere e riincantare l&#8217;alpinismo negli \u00c9crins e [&hellip;]","og_url":"https:\/\/www.paysdesecrins.com\/it\/villaggi-alpinisti\/","og_site_name":"Pays des \u00c9crins - Office de Tourisme","article_modified_time":"2025-08-07T13:03:58+00:00","og_image":[{"width":2560,"height":1708,"url":"https:\/\/www.paysdesecrins.com\/wp-content\/uploads\/2025\/07\/vallouise-alpesphotographiescom-72-scaled.jpg","type":"image\/jpeg"}],"twitter_card":"summary_large_image","twitter_misc":{"Tempo di lettura stimato":"5 minuti"},"schema":{"@context":"https:\/\/schema.org","@graph":[{"@type":"WebPage","@id":"https:\/\/www.paysdesecrins.com\/it\/villaggi-alpinisti\/","url":"https:\/\/www.paysdesecrins.com\/it\/villaggi-alpinisti\/","name":"Villaggi alpinisti - Pays des \u00c9crins - Office de Tourisme","isPartOf":{"@id":"https:\/\/www.paysdesecrins.com\/it\/#website"},"primaryImageOfPage":{"@id":"https:\/\/www.paysdesecrins.com\/it\/villaggi-alpinisti\/#primaryimage"},"image":{"@id":"https:\/\/www.paysdesecrins.com\/it\/villaggi-alpinisti\/#primaryimage"},"thumbnailUrl":"https:\/\/www.paysdesecrins.com\/wp-content\/uploads\/2025\/07\/vallouise-alpesphotographiescom-72-scaled.jpg","datePublished":"2025-07-24T07:43:42+00:00","dateModified":"2025-08-07T13:03:58+00:00","breadcrumb":{"@id":"https:\/\/www.paysdesecrins.com\/it\/villaggi-alpinisti\/#breadcrumb"},"inLanguage":"it-IT","potentialAction":[{"@type":"ReadAction","target":["https:\/\/www.paysdesecrins.com\/it\/villaggi-alpinisti\/"]}]},{"@type":"ImageObject","inLanguage":"it-IT","@id":"https:\/\/www.paysdesecrins.com\/it\/villaggi-alpinisti\/#primaryimage","url":"https:\/\/www.paysdesecrins.com\/wp-content\/uploads\/2025\/07\/vallouise-alpesphotographiescom-72-scaled.jpg","contentUrl":"https:\/\/www.paysdesecrins.com\/wp-content\/uploads\/2025\/07\/vallouise-alpesphotographiescom-72-scaled.jpg","width":2560,"height":1708,"caption":"Shooting dans le cadre des Villlages d'alpinisme"},{"@type":"BreadcrumbList","@id":"https:\/\/www.paysdesecrins.com\/it\/villaggi-alpinisti\/#breadcrumb","itemListElement":[{"@type":"ListItem","position":1,"name":"Accueil","item":"https:\/\/www.paysdesecrins.com\/it\/il-titolo-della-casa\/"},{"@type":"ListItem","position":2,"name":"Villaggi alpinisti"}]},{"@type":"WebSite","@id":"https:\/\/www.paysdesecrins.com\/it\/#website","url":"https:\/\/www.paysdesecrins.com\/it\/","name":"Pays des \u00c9crins - Office de Tourisme","description":"L&#039;esprit montagne","publisher":{"@id":"https:\/\/www.paysdesecrins.com\/it\/#organization"},"potentialAction":[{"@type":"SearchAction","target":{"@type":"EntryPoint","urlTemplate":"https:\/\/www.paysdesecrins.com\/it\/?s={search_term_string}"},"query-input":{"@type":"PropertyValueSpecification","valueRequired":true,"valueName":"search_term_string"}}],"inLanguage":"it-IT"},{"@type":"Organization","@id":"https:\/\/www.paysdesecrins.com\/it\/#organization","name":"Pays des \u00c9crins - Office de Tourisme","url":"https:\/\/www.paysdesecrins.com\/it\/","logo":{"@type":"ImageObject","inLanguage":"it-IT","@id":"https:\/\/www.paysdesecrins.com\/it\/#\/schema\/logo\/image\/","url":"https:\/\/www.paysdesecrins.com\/wp-content\/uploads\/2025\/06\/devina-svg-1750845694.svg","contentUrl":"https:\/\/www.paysdesecrins.com\/wp-content\/uploads\/2025\/06\/devina-svg-1750845694.svg","caption":"Pays des \u00c9crins - Office de Tourisme"},"image":{"@id":"https:\/\/www.paysdesecrins.com\/it\/#\/schema\/logo\/image\/"}}]}},"_links":{"self":[{"href":"https:\/\/www.paysdesecrins.com\/it\/wp-json\/wp\/v2\/pages\/45959","targetHints":{"allow":["GET"]}}],"collection":[{"href":"https:\/\/www.paysdesecrins.com\/it\/wp-json\/wp\/v2\/pages"}],"about":[{"href":"https:\/\/www.paysdesecrins.com\/it\/wp-json\/wp\/v2\/types\/page"}],"author":[{"embeddable":true,"href":"https:\/\/www.paysdesecrins.com\/it\/wp-json\/wp\/v2\/users\/4"}],"replies":[{"embeddable":true,"href":"https:\/\/www.paysdesecrins.com\/it\/wp-json\/wp\/v2\/comments?post=45959"}],"version-history":[{"count":0,"href":"https:\/\/www.paysdesecrins.com\/it\/wp-json\/wp\/v2\/pages\/45959\/revisions"}],"wp:featuredmedia":[{"embeddable":true,"href":"https:\/\/www.paysdesecrins.com\/it\/wp-json\/wp\/v2\/media\/29995"}],"wp:attachment":[{"href":"https:\/\/www.paysdesecrins.com\/it\/wp-json\/wp\/v2\/media?parent=45959"}],"curies":[{"name":"wp","href":"https:\/\/api.w.org\/{rel}","templated":true}]}}