{"id":45963,"date":"2025-07-24T09:32:38","date_gmt":"2025-07-24T07:32:38","guid":{"rendered":"https:\/\/www.paysdesecrins.com\/pelvoux-vallouise-secondo-tony-lamiche\/"},"modified":"2025-07-28T16:03:27","modified_gmt":"2025-07-28T14:03:27","slug":"pelvoux-vallouise-secondo-tony-lamiche","status":"publish","type":"page","link":"https:\/\/www.paysdesecrins.com\/it\/pelvoux-vallouise-secondo-tony-lamiche\/","title":{"rendered":"Pelvoux-Vallouise secondo Tony LAMICHE"},"content":{"rendered":"    <div class=\"alignfull wp-block-ws-library-ws-header-interne\">\n\t    <div class=\"header-container\">\n\t        <div class=\"group-media has-image\">\n\t            \t                <img loading=\"lazy\" decoding=\"async\" width=\"1920\" height=\"800\" src=\"https:\/\/www.paysdesecrins.com\/wp-content\/uploads\/2025\/07\/h0a5655-1920x800.jpg\" alt=\"\" class=\"image_large_square wp-image-42567\" \/>\n\t            \t        <\/div>\n\t        <div class=\"group-content\">\n\t            <div class=\"title\">\n\t                <h1>\n\t                    Pelvoux-Vallouise secondo Tony LAMICHE\t                    \t                <\/h1>\n\t            <\/div>\n\t        <\/div>\n\t    <\/div>\n\t    \n<div class=\"yoast-breadcrumbs\"><span><span><a href=\"https:\/\/www.paysdesecrins.com\/it\/il-titolo-della-casa\/\">Accueil<\/a><\/span>  <span class=\"breadcrumb_last\" aria-current=\"page\">Pelvoux-Vallouise secondo Tony LAMICHE<\/span><\/span><\/div>\n    <\/div>\n    \n<div class=\"wp-block-ws-library-ws-title aligncenter is-style-simple\"><h2><em>Tony LAMICHE<\/em>Sciatore professionista e guida alpina<\/h2><\/div>\n\n<p class=\"has-text-align-center\">Originario di <strong>L&#8217;Argenti\u00e8re-la-Bess\u00e9e<\/strong>, Tony ha trascorso la sua infanzia passeggiando per le montagne del <strong>Pays des \u00c9crins<\/strong>.<\/p>\n\n<p class=\"has-text-align-center\">Una passione per la vita all&#8217;aria aperta che ha sviluppato prima praticando l&#8217;arrampicata di alto livello, poi, a vent&#8217;anni, si \u00e8 dedicato allo sci fuoripista e in pendenza ripida. <strong>Sciatore e alpinista professionista<\/strong>, guida alpina e istruttore, <strong>gli \u00c9crins sono il suo paese, la<\/strong> sua terra di gioco e di lavoro.<\/p>\n\n<div class=\"wp-block-ws-library-ws-columns alignwide has-2-columns are-vertically-aligned-center layout-5050 is-style-background\">\n<div class=\"wp-block-ws-library-ws-column\"><div class=\"wrapper\">\n<div class=\"wp-block-ws-library-ws-title\"><h3>La sua escursione?<\/h3><\/div>\n\n\n\n<p>Senza esitazione, le Blanche e la sua vetta che sfiora i 3000 metri sul livello del mare.<\/p>\n\n\n\n<p>&#8220;Pelvoux-Vallouise \u00e8 un luogo idilliaco, perfetto per ricaricare le batterie. In estate, tutte le attivit\u00e0 all&#8217;aria aperta sono facilmente raggiungibili e in inverno, la localit\u00e0 offre un&#8217;enorme area fuoripista che permette di scoprire appieno questa valle selvaggia. \u00bb<\/p>\n<\/div><\/div>\n\n\n\n<div class=\"wp-block-ws-library-ws-column\"><div class=\"wrapper\">\n<div class=\"wp-block-ws-library-ws-image\"><div class=\"wrapper\"><div class=\"group-media\"><img decoding=\"async\" src=\"https:\/\/www.paysdesecrins.com\/wp-content\/uploads\/2025\/07\/1716468177-341904612-960x640.jpg\" alt=\"\" class=\"single_image ws-image-40986\"><div class=\"credits\"><\/div><\/div><p class=\"caption\"><\/p><\/div><\/div>\n<\/div><\/div>\n<\/div>\n\n<div class=\"wp-block-ws-library-ws-title\"><h3>Il suo brano preferito?<\/h3><\/div>\n\n<p>Necessariamente un percorso fuoripista: il<strong>corridoio nord di La Rouya<\/strong>.  <\/p>\n\n<div class=\"wp-block-ws-library-ws-quote\"><blockquote class=\"quote-container quote-align-undefined\"><p class=\"quote-content\">&#8220;Prendersi il proprio tempo in montagna \u00e8 il modo migliore per scoprire il luogo. Camminare o sciare lungo gli stessi percorsi permette anche di conoscere gli angoli della montagna. \u00bb<\/p><footer><cite class=\"quote-subcontent\">Tony LAMICHE<\/cite><\/footer><\/blockquote><\/div>\n\n<div class=\"wp-block-ws-library-ws-slider alignwide\"><div class=\"splide\" data-splide=\"{\"type\":\"slide\",\"heightRatio\":\"auto\",\"perPage\":4,\"perMove\":1,\"drag\":true,\"pagination\":0,\"autoplay\":false,\"gap\":\"2px\",\"breakpoints\":{\"450\":{\"perPage\":1},\"768\":{\"perPage\":2},\"992\":{\"perPage\":3},\"1200\":{\"perPage\":4}}}\"><div class=\"splide__track\"><div class=\"splide__list\"><div class=\"splide__slide\"><a href=\"https:\/\/www.paysdesecrins.com\/wp-content\/uploads\/2025\/07\/1716468177-1617324556-1-400x400.jpg\" data-glightbox=\"true\" class=\"lightbox-trigger\"><img decoding=\"async\" src=\"https:\/\/www.paysdesecrins.com\/wp-content\/uploads\/2025\/07\/1716468177-1617324556-1-400x400.jpg\" alt=\"\"><\/a><\/div><div class=\"splide__slide\"><a href=\"https:\/\/www.paysdesecrins.com\/wp-content\/uploads\/2025\/07\/1716469561-383259116-400x400.jpg\" data-glightbox=\"true\" class=\"lightbox-trigger\"><img decoding=\"async\" src=\"https:\/\/www.paysdesecrins.com\/wp-content\/uploads\/2025\/07\/1716469561-383259116-400x400.jpg\" alt=\"\"><\/a><\/div><\/div><\/div><\/div><\/div>\n\n<div class=\"wp-block-ws-library-ws-share\"><span class=\"share-subtitle\">Ti \u00e8 piaciuta questa pagina?<\/span><span class=\"share-title\">Condividilo!<\/span><button class=\"ws-share-button wp-element-button\">Condividi questa pagina<\/button><\/div>\n","protected":false},"excerpt":{"rendered":"<p>Originario di L&#8217;Argenti\u00e8re-la-Bess\u00e9e, Tony ha trascorso la sua infanzia passeggiando per le montagne del Pays des \u00c9crins. Una passione per [&hellip;]<\/p>\n","protected":false},"author":4,"featured_media":36969,"parent":0,"menu_order":0,"comment_status":"closed","ping_status":"closed","template":"","meta":{"_thumbnail_id_2":0,"summer_excerpt":"","season":"","station":"","footnotes":""},"class_list":["post-45963","page","type-page","status-publish","has-post-thumbnail","hentry"],"yoast_head":"<!-- This site is optimized with the Yoast SEO plugin v27.3 - https:\/\/yoast.com\/product\/yoast-seo-wordpress\/ -->\n<title>Pelvoux-Vallouise secondo Tony LAMICHE - Pays des \u00c9crins - Office de Tourisme<\/title>\n<meta name=\"robots\" content=\"index, follow, max-snippet:-1, max-image-preview:large, max-video-preview:-1\" \/>\n<link rel=\"canonical\" href=\"https:\/\/www.paysdesecrins.com\/it\/pelvoux-vallouise-secondo-tony-lamiche\/\" \/>\n<meta property=\"og:locale\" content=\"it_IT\" \/>\n<meta property=\"og:type\" content=\"article\" \/>\n<meta property=\"og:title\" content=\"Pelvoux-Vallouise secondo Tony LAMICHE - Pays des \u00c9crins - Office de Tourisme\" \/>\n<meta property=\"og:description\" content=\"Originario di L&#8217;Argenti\u00e8re-la-Bess\u00e9e, Tony ha trascorso la sua infanzia passeggiando per le montagne del Pays des \u00c9crins. Una passione per [&hellip;]\" \/>\n<meta property=\"og:url\" content=\"https:\/\/www.paysdesecrins.com\/it\/pelvoux-vallouise-secondo-tony-lamiche\/\" \/>\n<meta property=\"og:site_name\" content=\"Pays des \u00c9crins - Office de Tourisme\" \/>\n<meta property=\"article:modified_time\" content=\"2025-07-28T14:03:27+00:00\" \/>\n<meta property=\"og:image\" content=\"https:\/\/www.paysdesecrins.com\/wp-content\/uploads\/2025\/07\/pelvoux-vallouise-selon-tony-lamiche-1716469024.jpg\" \/>\n\t<meta property=\"og:image:width\" content=\"1920\" \/>\n\t<meta property=\"og:image:height\" content=\"480\" \/>\n\t<meta property=\"og:image:type\" content=\"image\/jpeg\" \/>\n<meta name=\"twitter:card\" content=\"summary_large_image\" \/>\n<meta name=\"twitter:label1\" content=\"Tempo di lettura stimato\" \/>\n\t<meta name=\"twitter:data1\" content=\"1 minuto\" \/>\n<script type=\"application\/ld+json\" class=\"yoast-schema-graph\">{\"@context\":\"https:\\\/\\\/schema.org\",\"@graph\":[{\"@type\":\"WebPage\",\"@id\":\"https:\\\/\\\/www.paysdesecrins.com\\\/it\\\/pelvoux-vallouise-secondo-tony-lamiche\\\/\",\"url\":\"https:\\\/\\\/www.paysdesecrins.com\\\/it\\\/pelvoux-vallouise-secondo-tony-lamiche\\\/\",\"name\":\"Pelvoux-Vallouise secondo Tony LAMICHE - Pays des \u00c9crins - Office de Tourisme\",\"isPartOf\":{\"@id\":\"https:\\\/\\\/www.paysdesecrins.com\\\/it\\\/#website\"},\"primaryImageOfPage\":{\"@id\":\"https:\\\/\\\/www.paysdesecrins.com\\\/it\\\/pelvoux-vallouise-secondo-tony-lamiche\\\/#primaryimage\"},\"image\":{\"@id\":\"https:\\\/\\\/www.paysdesecrins.com\\\/it\\\/pelvoux-vallouise-secondo-tony-lamiche\\\/#primaryimage\"},\"thumbnailUrl\":\"https:\\\/\\\/www.paysdesecrins.com\\\/wp-content\\\/uploads\\\/2025\\\/07\\\/pelvoux-vallouise-selon-tony-lamiche-1716469024.jpg\",\"datePublished\":\"2025-07-24T07:32:38+00:00\",\"dateModified\":\"2025-07-28T14:03:27+00:00\",\"breadcrumb\":{\"@id\":\"https:\\\/\\\/www.paysdesecrins.com\\\/it\\\/pelvoux-vallouise-secondo-tony-lamiche\\\/#breadcrumb\"},\"inLanguage\":\"it-IT\",\"potentialAction\":[{\"@type\":\"ReadAction\",\"target\":[\"https:\\\/\\\/www.paysdesecrins.com\\\/it\\\/pelvoux-vallouise-secondo-tony-lamiche\\\/\"]}]},{\"@type\":\"ImageObject\",\"inLanguage\":\"it-IT\",\"@id\":\"https:\\\/\\\/www.paysdesecrins.com\\\/it\\\/pelvoux-vallouise-secondo-tony-lamiche\\\/#primaryimage\",\"url\":\"https:\\\/\\\/www.paysdesecrins.com\\\/wp-content\\\/uploads\\\/2025\\\/07\\\/pelvoux-vallouise-selon-tony-lamiche-1716469024.jpg\",\"contentUrl\":\"https:\\\/\\\/www.paysdesecrins.com\\\/wp-content\\\/uploads\\\/2025\\\/07\\\/pelvoux-vallouise-selon-tony-lamiche-1716469024.jpg\",\"width\":1920,\"height\":480},{\"@type\":\"BreadcrumbList\",\"@id\":\"https:\\\/\\\/www.paysdesecrins.com\\\/it\\\/pelvoux-vallouise-secondo-tony-lamiche\\\/#breadcrumb\",\"itemListElement\":[{\"@type\":\"ListItem\",\"position\":1,\"name\":\"Accueil\",\"item\":\"https:\\\/\\\/www.paysdesecrins.com\\\/it\\\/il-titolo-della-casa\\\/\"},{\"@type\":\"ListItem\",\"position\":2,\"name\":\"Pelvoux-Vallouise secondo Tony LAMICHE\"}]},{\"@type\":\"WebSite\",\"@id\":\"https:\\\/\\\/www.paysdesecrins.com\\\/it\\\/#website\",\"url\":\"https:\\\/\\\/www.paysdesecrins.com\\\/it\\\/\",\"name\":\"Pays des \u00c9crins - Office de Tourisme\",\"description\":\"L&#039;esprit montagne\",\"publisher\":{\"@id\":\"https:\\\/\\\/www.paysdesecrins.com\\\/it\\\/#organization\"},\"potentialAction\":[{\"@type\":\"SearchAction\",\"target\":{\"@type\":\"EntryPoint\",\"urlTemplate\":\"https:\\\/\\\/www.paysdesecrins.com\\\/it\\\/?s={search_term_string}\"},\"query-input\":{\"@type\":\"PropertyValueSpecification\",\"valueRequired\":true,\"valueName\":\"search_term_string\"}}],\"inLanguage\":\"it-IT\"},{\"@type\":\"Organization\",\"@id\":\"https:\\\/\\\/www.paysdesecrins.com\\\/it\\\/#organization\",\"name\":\"Pays des \u00c9crins - Office de Tourisme\",\"url\":\"https:\\\/\\\/www.paysdesecrins.com\\\/it\\\/\",\"logo\":{\"@type\":\"ImageObject\",\"inLanguage\":\"it-IT\",\"@id\":\"https:\\\/\\\/www.paysdesecrins.com\\\/it\\\/#\\\/schema\\\/logo\\\/image\\\/\",\"url\":\"https:\\\/\\\/www.paysdesecrins.com\\\/wp-content\\\/uploads\\\/2025\\\/06\\\/devina-svg-1750845694.svg\",\"contentUrl\":\"https:\\\/\\\/www.paysdesecrins.com\\\/wp-content\\\/uploads\\\/2025\\\/06\\\/devina-svg-1750845694.svg\",\"caption\":\"Pays des \u00c9crins - Office de Tourisme\"},\"image\":{\"@id\":\"https:\\\/\\\/www.paysdesecrins.com\\\/it\\\/#\\\/schema\\\/logo\\\/image\\\/\"}}]}<\/script>\n<!-- \/ Yoast SEO plugin. -->","yoast_head_json":{"title":"Pelvoux-Vallouise secondo Tony LAMICHE - Pays des \u00c9crins - Office de Tourisme","robots":{"index":"index","follow":"follow","max-snippet":"max-snippet:-1","max-image-preview":"max-image-preview:large","max-video-preview":"max-video-preview:-1"},"canonical":"https:\/\/www.paysdesecrins.com\/it\/pelvoux-vallouise-secondo-tony-lamiche\/","og_locale":"it_IT","og_type":"article","og_title":"Pelvoux-Vallouise secondo Tony LAMICHE - Pays des \u00c9crins - Office de Tourisme","og_description":"Originario di L&#8217;Argenti\u00e8re-la-Bess\u00e9e, Tony ha trascorso la sua infanzia passeggiando per le montagne del Pays des \u00c9crins. Una passione per [&hellip;]","og_url":"https:\/\/www.paysdesecrins.com\/it\/pelvoux-vallouise-secondo-tony-lamiche\/","og_site_name":"Pays des \u00c9crins - Office de Tourisme","article_modified_time":"2025-07-28T14:03:27+00:00","og_image":[{"width":1920,"height":480,"url":"https:\/\/www.paysdesecrins.com\/wp-content\/uploads\/2025\/07\/pelvoux-vallouise-selon-tony-lamiche-1716469024.jpg","type":"image\/jpeg"}],"twitter_card":"summary_large_image","twitter_misc":{"Tempo di lettura stimato":"1 minuto"},"schema":{"@context":"https:\/\/schema.org","@graph":[{"@type":"WebPage","@id":"https:\/\/www.paysdesecrins.com\/it\/pelvoux-vallouise-secondo-tony-lamiche\/","url":"https:\/\/www.paysdesecrins.com\/it\/pelvoux-vallouise-secondo-tony-lamiche\/","name":"Pelvoux-Vallouise secondo Tony LAMICHE - Pays des \u00c9crins - Office de Tourisme","isPartOf":{"@id":"https:\/\/www.paysdesecrins.com\/it\/#website"},"primaryImageOfPage":{"@id":"https:\/\/www.paysdesecrins.com\/it\/pelvoux-vallouise-secondo-tony-lamiche\/#primaryimage"},"image":{"@id":"https:\/\/www.paysdesecrins.com\/it\/pelvoux-vallouise-secondo-tony-lamiche\/#primaryimage"},"thumbnailUrl":"https:\/\/www.paysdesecrins.com\/wp-content\/uploads\/2025\/07\/pelvoux-vallouise-selon-tony-lamiche-1716469024.jpg","datePublished":"2025-07-24T07:32:38+00:00","dateModified":"2025-07-28T14:03:27+00:00","breadcrumb":{"@id":"https:\/\/www.paysdesecrins.com\/it\/pelvoux-vallouise-secondo-tony-lamiche\/#breadcrumb"},"inLanguage":"it-IT","potentialAction":[{"@type":"ReadAction","target":["https:\/\/www.paysdesecrins.com\/it\/pelvoux-vallouise-secondo-tony-lamiche\/"]}]},{"@type":"ImageObject","inLanguage":"it-IT","@id":"https:\/\/www.paysdesecrins.com\/it\/pelvoux-vallouise-secondo-tony-lamiche\/#primaryimage","url":"https:\/\/www.paysdesecrins.com\/wp-content\/uploads\/2025\/07\/pelvoux-vallouise-selon-tony-lamiche-1716469024.jpg","contentUrl":"https:\/\/www.paysdesecrins.com\/wp-content\/uploads\/2025\/07\/pelvoux-vallouise-selon-tony-lamiche-1716469024.jpg","width":1920,"height":480},{"@type":"BreadcrumbList","@id":"https:\/\/www.paysdesecrins.com\/it\/pelvoux-vallouise-secondo-tony-lamiche\/#breadcrumb","itemListElement":[{"@type":"ListItem","position":1,"name":"Accueil","item":"https:\/\/www.paysdesecrins.com\/it\/il-titolo-della-casa\/"},{"@type":"ListItem","position":2,"name":"Pelvoux-Vallouise secondo Tony LAMICHE"}]},{"@type":"WebSite","@id":"https:\/\/www.paysdesecrins.com\/it\/#website","url":"https:\/\/www.paysdesecrins.com\/it\/","name":"Pays des \u00c9crins - Office de Tourisme","description":"L&#039;esprit montagne","publisher":{"@id":"https:\/\/www.paysdesecrins.com\/it\/#organization"},"potentialAction":[{"@type":"SearchAction","target":{"@type":"EntryPoint","urlTemplate":"https:\/\/www.paysdesecrins.com\/it\/?s={search_term_string}"},"query-input":{"@type":"PropertyValueSpecification","valueRequired":true,"valueName":"search_term_string"}}],"inLanguage":"it-IT"},{"@type":"Organization","@id":"https:\/\/www.paysdesecrins.com\/it\/#organization","name":"Pays des \u00c9crins - Office de Tourisme","url":"https:\/\/www.paysdesecrins.com\/it\/","logo":{"@type":"ImageObject","inLanguage":"it-IT","@id":"https:\/\/www.paysdesecrins.com\/it\/#\/schema\/logo\/image\/","url":"https:\/\/www.paysdesecrins.com\/wp-content\/uploads\/2025\/06\/devina-svg-1750845694.svg","contentUrl":"https:\/\/www.paysdesecrins.com\/wp-content\/uploads\/2025\/06\/devina-svg-1750845694.svg","caption":"Pays des \u00c9crins - Office de Tourisme"},"image":{"@id":"https:\/\/www.paysdesecrins.com\/it\/#\/schema\/logo\/image\/"}}]}},"_links":{"self":[{"href":"https:\/\/www.paysdesecrins.com\/it\/wp-json\/wp\/v2\/pages\/45963","targetHints":{"allow":["GET"]}}],"collection":[{"href":"https:\/\/www.paysdesecrins.com\/it\/wp-json\/wp\/v2\/pages"}],"about":[{"href":"https:\/\/www.paysdesecrins.com\/it\/wp-json\/wp\/v2\/types\/page"}],"author":[{"embeddable":true,"href":"https:\/\/www.paysdesecrins.com\/it\/wp-json\/wp\/v2\/users\/4"}],"replies":[{"embeddable":true,"href":"https:\/\/www.paysdesecrins.com\/it\/wp-json\/wp\/v2\/comments?post=45963"}],"version-history":[{"count":0,"href":"https:\/\/www.paysdesecrins.com\/it\/wp-json\/wp\/v2\/pages\/45963\/revisions"}],"wp:featuredmedia":[{"embeddable":true,"href":"https:\/\/www.paysdesecrins.com\/it\/wp-json\/wp\/v2\/media\/36969"}],"wp:attachment":[{"href":"https:\/\/www.paysdesecrins.com\/it\/wp-json\/wp\/v2\/media?parent=45963"}],"curies":[{"name":"wp","href":"https:\/\/api.w.org\/{rel}","templated":true}]}}