{"id":45971,"date":"2025-07-24T09:24:21","date_gmt":"2025-07-24T07:24:21","guid":{"rendered":"https:\/\/www.paysdesecrins.com\/i-rifugi-del-pays-des-ecrins\/"},"modified":"2025-08-06T14:41:16","modified_gmt":"2025-08-06T12:41:16","slug":"i-rifugi-del-pays-des-ecrins","status":"publish","type":"page","link":"https:\/\/www.paysdesecrins.com\/it\/i-rifugi-del-pays-des-ecrins\/","title":{"rendered":"I rifugi del Pays des \u00c9crins"},"content":{"rendered":"    <div class=\"alignfull wp-block-ws-library-ws-header-interne\">\n\t    <div class=\"header-container\">\n\t        <div class=\"group-media has-image\">\n\t            \t                <img loading=\"lazy\" decoding=\"async\" width=\"1920\" height=\"800\" src=\"https:\/\/www.paysdesecrins.com\/wp-content\/uploads\/2025\/07\/refuge-du-glacier-blanc-et-des-e-crins-en-ski-64-1920x800.jpg\" alt=\"\" class=\"image_large_square wp-image-41028\" \/>\n\t            \t        <\/div>\n\t        <div class=\"group-content\">\n\t            <div class=\"title\">\n\t                <h1>\n\t                    I rifugi del Pays des \u00c9crins\t                    \t                <\/h1>\n\t            <\/div>\n\t        <\/div>\n\t    <\/div>\n\t    \n<div class=\"yoast-breadcrumbs\"><span><span><a href=\"https:\/\/www.paysdesecrins.com\/it\/il-titolo-della-casa\/\">Accueil<\/a><\/span>  <span class=\"breadcrumb_last\" aria-current=\"page\">I rifugi del Pays des \u00c9crins<\/span><\/span><\/div>\n    <\/div>\n    \n<div class=\"wp-block-ws-library-ws-title aligncenter is-style-simple\"><h2><em>I Guardiani<\/em>Vertici<\/h2><\/div>\n\n<p class=\"has-text-align-center\">Intimamente legati alla storia della conquista delle vette, per la quale una sosta a met\u00e0 gara era ed \u00e8 tuttora fondamentale, i primi rifugi sono comparsi nella seconda met\u00e0 dell&#8217;Ottocento, in particolare sui percorsi che portavano alle vette pi\u00f9 alte. Oggi non hanno pi\u00f9 nulla a che vedere con le rudimentali baite che accoglievano i pionieri dell&#8217;alpinismo, ma rimangono un&#8217;esperienza insolita e un&#8217;occasione di incontro con altri appassionati di montagna. Il Pays des \u00c9crins conta sette rifugi, tra cui quelli del S\u00e9l\u00e9, degli \u00c9crins e del Glacier Blanc.    <\/p>\n\n<div class=\"wp-block-ws-library-ws-columns alignwide has-2-columns are-vertically-aligned-center layout-5050 is-style-background\">\n<div class=\"wp-block-ws-library-ws-column\"><div class=\"wrapper\">\n<div class=\"wp-block-ws-library-ws-title\"><h2>&nbsp;<em>Refuge<\/em> des \u00c9crins<\/h2><\/div>\n\n\n\n<p>Situato a 3170 metri di altitudine, su un promontorio roccioso sulla riva sinistra del Glacier Blanc, il rifugio \u00c9crins si affaccia sulla vetta pi\u00f9 alta del massiccio, la Barre des \u00c9crins che raggiunge i 4102 metri. Campo base imprescindibile per gli alpinisti che partono alla conquista del D\u00f4me e della Barre des \u00c9crins, della cima del ghiacciaio dell&#8217;Arsine, della Roche Faurio o del Neige Cordier, funge anche da punto di partenza per gli scialpinisti. <\/p>\n<\/div><\/div>\n\n\n\n<div class=\"wp-block-ws-library-ws-column\"><div class=\"wrapper\">\n<div class=\"wp-block-ws-library-ws-image\"><div class=\"wrapper\"><div class=\"group-media\"><img decoding=\"async\" src=\"https:\/\/www.paysdesecrins.com\/wp-content\/uploads\/2025\/07\/1716880683-1683852805-960x640.jpg\" alt=\"\" class=\"single_image ws-image-34272\"><div class=\"credits\"><\/div><\/div><p class=\"caption\"><\/p><\/div><\/div>\n<\/div><\/div>\n<\/div>\n\n<div class=\"wp-block-ws-library-ws-title aligncenter is-style-simple\"><h4><em>Intervista<\/em> Damien Haxaire<\/h4><\/div>\n\n<p><strong>Damien Haxaire<\/strong>, <strong>portiere<\/strong> Originario dei Vosgi, Damien ha sempre avuto un&#8217;attrazione particolare per i grandi spazi aperti e la montagna. Al punto da fare della sua passione la sua professione. Guida alpina e pattugliatore di sci, si \u00e8 trasferito a valle nel 2011 e ha fatto da custode al rifugio Pelvoux prima di entrare a far parte del rifugio \u00c9crins. Cosa gli piace di pi\u00f9 di questo lavoro di vedetta sulle cime degli alberi? Libert\u00e0, molto semplicemente. Negli anni di custodia, ha scoperto la passione per la cucina, da allora delizia i suoi ospiti. Nessuno pu\u00f2 resistere ai suoi ormai famosi bign\u00e8 realizzati davanti alla Barre des \u00c9crins! La degustazione \u00e8 tutta da guadagnarsi: per accedere al rifugio e assaporarne il fascino, bisogna progredire sul ghiacciaio del Blanc, muniti di ramponi.       <\/p>\n\n<ul class=\"wp-block-list\">\n<li><strong>Accesso al rifugio \u00c9crins:<\/strong> Pr\u00e9 de Madame Carle<\/li>\n\n\n\n<li><strong>Durata \/ Dislivello:<\/strong> 4h30 \/ 1300 m accesso glaciale che richiede attrezzatura adeguata<\/li>\n\n\n\n<li><strong>Altitudine:<\/strong> 3.170 m<\/li>\n\n\n\n<li><strong>Capienza:<\/strong> 116 posti<\/li>\n\n\n\n<li><strong>Sorveglianza:<\/strong> da marzo a settembre<\/li>\n\n\n\n<li><strong>Contatto: <\/strong>09 82 12 70 85 \/ 06 07 79 89 96<\/li>\n<\/ul>\n\n<div style=\"height:33px\" aria-hidden=\"true\" class=\"wp-block-spacer\"><\/div>\n\n<div class=\"wp-block-ws-library-ws-title\"><h3><em>Rifugio S\u00e9l\u00e9<\/em><\/h3><\/div>\n\n<p>A ricoprire la barra rocciosa che chiude la valle di Celse-Ni\u00e8re, il rifugio, costruito nel 1983, appartiene a questo universo minerale dell&#8217;alta montagna, offrendo una vista panoramica su tutta la valle.<br\/><br\/>Tappa ideale per scoprire la vita dei rifugi di alta montagna, \u00e8 anche la porta d&#8217;accesso alle Ailefroides, alla Pointe des B\u0153ufs-Rouges, alle Aiguilles de Sialouze, alla Pointe du S\u00e9l\u00e9&#8230; Vette che hanno segnato la storia dell&#8217;alpinismo.<\/p>\n\n<div class=\"wp-block-ws-library-ws-slider alignwide\"><div class=\"splide\" data-splide=\"{\"type\":\"slide\",\"heightRatio\":\"auto\",\"perPage\":4,\"perMove\":1,\"drag\":true,\"pagination\":0,\"autoplay\":false,\"gap\":\"15px\",\"breakpoints\":{\"450\":{\"perPage\":1},\"768\":{\"perPage\":2},\"992\":{\"perPage\":3},\"1200\":{\"perPage\":4}}}\"><div class=\"splide__track\"><div class=\"splide__list\"><div class=\"splide__slide\"><a href=\"https:\/\/www.paysdesecrins.com\/wp-content\/uploads\/2025\/07\/1716811643-1376578341-400x400.jpg\" data-glightbox=\"true\" class=\"lightbox-trigger\"><img decoding=\"async\" src=\"https:\/\/www.paysdesecrins.com\/wp-content\/uploads\/2025\/07\/1716811643-1376578341-400x400.jpg\" alt=\"\"><\/a><\/div><div class=\"splide__slide\"><a href=\"https:\/\/www.paysdesecrins.com\/wp-content\/uploads\/2025\/07\/capture-decran-2025-07-24-a-111055-400x400.png\" data-glightbox=\"true\" class=\"lightbox-trigger\"><img decoding=\"async\" src=\"https:\/\/www.paysdesecrins.com\/wp-content\/uploads\/2025\/07\/capture-decran-2025-07-24-a-111055-400x400.png\" alt=\"\"><\/a><\/div><div class=\"splide__slide\"><a href=\"https:\/\/www.paysdesecrins.com\/wp-content\/uploads\/2025\/07\/refuge-du-sele-22072023-14-scaled.jpg\" data-glightbox=\"true\" class=\"lightbox-trigger\"><img decoding=\"async\" src=\"https:\/\/www.paysdesecrins.com\/wp-content\/uploads\/2025\/07\/refuge-du-sele-22072023-14-400x400.jpg\" alt=\"\"><\/a><\/div><\/div><\/div><\/div><\/div>\n\n<div class=\"wp-block-ws-library-ws-title aligncenter is-style-simple\"><h4><em>Intervista<\/em>Sophie Loos<\/h4><\/div>\n\n<p>Custode del rifugio Pav\u00e9 per sette anni, <strong>Sophie Loos<\/strong> ha preso in mano le redini del S\u00e9l\u00e9 nel 2022. Ha sostituito l&#8217;emblematico Raoul Gaentzhirt, padrone di casa per 25 anni. Con i suoi galloni di portiere ben acquisiti, ha intrapreso questa nuova avventura ad alta quota con entusiasmo. Era da tanto che pensava a questo rifugio! Amante della verticalit\u00e0 e diplomata statale in arrampicata, qui ha trovato il suo angolo di paradiso e conosce perfettamente le gare circostanti. Un piccolo extra che gli permette di poter informare gli alpinisti in cerca di consigli. Fa anche un punto d&#8217;onore rendere la sosta al Sele, un&#8217;esperienza indimenticabile, grazie a un&#8217;accoglienza impeccabile e a una cucina fatta di prodotti locali di qualit\u00e0. Il pane viene cotto in loco ogni giorno e i piatti vegetariani vengono regolarmente aggiunti al menu.       <\/p>\n\n<ul class=\"wp-block-list\">\n<li><strong>Accesso:<\/strong> dal campeggio Ailefroide  <\/li>\n\n\n\n<li><strong>Durata \/ Dislivello:<\/strong> 3h \/ 1000 m<\/li>\n\n\n\n<li><strong>Altitudine: <\/strong>2.542 m<\/li>\n\n\n\n<li><strong>Capienza:<\/strong> 76 posti  <\/li>\n\n\n\n<li><strong>Sorveglianza: <\/strong>da giugno a settembre<\/li>\n\n\n\n<li><strong>Contatto: <\/strong>04 92 23 39 49  <\/li>\n<\/ul>\n\n<div class=\"wp-block-ws-library-ws-columns alignwide has-2-columns are-vertically-aligned-center layout-5050 is-style-background\">\n<div class=\"wp-block-ws-library-ws-column\"><div class=\"wrapper\">\n<div class=\"wp-block-ws-library-ws-title\"><h2>&nbsp;<em>Refuge<\/em>du Glacier Blanc<\/h2><\/div>\n\n\n\n<p>Facilmente raggiungibile, il rifugio Glacier Blanc si trova sulla riva sinistra dell&#8217;omonimo ghiacciaio e si affaccia sulle grandi, belle e selvagge pareti nord del Pelvoux, del Pic Sans Nom e dell&#8217;Ailefroides.<\/p>\n\n\n\n<p>Questo ambiente glaciale conferisce al sito la sua dimensione singolare. A met\u00e0 strada tra il Pr\u00e9 de Mme Carle e il Refuge des \u00c9crins, \u00e8 una tappa deliziosa. La sua grande terrazza solarium \u00e8 un lusso. Dal punto di vista alpinistico, permette l&#8217;accesso a numerose gare rinomate: gli Agneaux, il Pic du Glacier Blanc, i Cin\u00e9astes, Neige Cordier&#8230; o per imparare a camminare sui ghiacciai.   <\/p>\n<\/div><\/div>\n\n\n\n<div class=\"wp-block-ws-library-ws-column\"><div class=\"wrapper\">\n<div class=\"wp-block-ws-library-ws-image\"><div class=\"wrapper\"><div class=\"group-media\"><img decoding=\"async\" src=\"https:\/\/www.paysdesecrins.com\/wp-content\/uploads\/2025\/07\/1716812278-1511399841-960x597.jpg\" alt=\"\" class=\"single_image ws-image-35071\"><div class=\"credits\"><\/div><\/div><p class=\"caption\"><\/p><\/div><\/div>\n<\/div><\/div>\n<\/div>\n\n<div class=\"wp-block-ws-library-ws-title aligncenter is-style-simple\"><h4><em>Intervista<\/em>Nicolas Chaud<\/h4><\/div>\n\n<p>Prima di trasferirsi (nel giugno 2013) da met\u00e0 marzo a fine settembre al rifugio Glacier Blanc, <strong>Nicolas<\/strong> <strong>Chaud<\/strong> \u00e8 stato guardiano del rifugio Pelvoux e assistente guardiano del rifugio \u00c9crins.<br\/>La particolarit\u00e0 di questo rifugio costruito in un universo minerale? Il crogiolo estivo che riunisce alpinisti, escursionisti e famiglie in questo luogo remoto. Nicolas trova un buon equilibrio tra periodi di grande ricchezza e momenti di solitudine che ama. &#8220;Mi piace incontrare e scambiare con le persone di passaggio, per poi godermi il silenzio e il posto tutto per me.&#8221; Il lavoro di squadra piace anche a chi d&#8217;inverno, con il rifugio chiuso, diventa maestro di sci a Puy Saint Vincent.   <\/p>\n\n<ul class=\"wp-block-list\">\n<li><strong>Accesso:<\/strong> Pr\u00e9 de Madame Carle<\/li>\n\n\n\n<li><strong>Durata \/ Dislivello:<\/strong> 2h30 \/ 670m<\/li>\n\n\n\n<li><strong>Altitudine:<\/strong> 2.542 m<\/li>\n\n\n\n<li><strong>Capienza: <\/strong>131 posti a sedere<\/li>\n\n\n\n<li><strong>Sorveglianza: <\/strong>da marzo a settembre<\/li>\n\n\n\n<li><strong>Contatto: <\/strong>04 92 23 50 24 \/ 04 82 12 73 91<\/li>\n<\/ul>\n\n<div style=\"height:28px\" aria-hidden=\"true\" class=\"wp-block-spacer\"><\/div>\n\n<div class=\"wp-block-ws-library-ws-columns alignwide has-2-columns are-vertically-aligned-center layout-5050\">\n<div class=\"wp-block-ws-library-ws-column\"><div class=\"wrapper\">\n<div class=\"wp-block-ws-library-ws-image\"><div class=\"wrapper\"><div class=\"group-media\"><img decoding=\"async\" src=\"https:\/\/www.paysdesecrins.com\/wp-content\/uploads\/2025\/07\/capture-decran-2025-07-24-a-112543-960x640.png\" alt=\"\" class=\"single_image ws-image-35679\"><div class=\"credits\"><\/div><\/div><p class=\"caption\"><\/p><\/div><\/div>\n<\/div><\/div>\n\n\n\n<div class=\"wp-block-ws-library-ws-column\"><div class=\"wrapper\">\n<div class=\"wp-block-ws-library-ws-title aligncenter\"><h2><em>Rifugio Pelvoux<\/em><\/h2><\/div>\n\n\n\n<p class=\"has-text-align-center\">Arroccato a 2.704 metri di altitudine, il rifugio Pelvoux domina la valle della Celse Ni\u00e8re da un promontorio roccioso, prolungamento naturale della morena del ghiacciaio del Clot de l&#8217;Homme. Accessibile in circa 3 ore e 30 minuti di cammino da Ailefroide, offre un punto di vista spettacolare sulle vette emblematiche del massiccio degli \u00c9crins.<br\/>Luogo ricco di storia, \u00e8 il punto di partenza di molte gare mitiche: la Pointe Puiseux, l&#8217;incrocio del Pelvoux, il Petit Pelvoux&#8230; Tanti gli itinerari che fanno risuonare la leggenda dell&#8217;alpinismo. I pannelli installati nel rifugio ripercorrono queste grandi avventure, dalla prima salita del Pelvoux alla costruzione del rifugio Lemercier.  <\/p>\n\n\n\n<ul class=\"wp-block-list\">\n<li><strong>Accesso al rifugio \u00c9crins:<\/strong> Parcheggio del campeggio Ailefroide (1.509 m)<\/li>\n\n\n\n<li><strong>Durata \/ Dislivello:<\/strong> \u2248 3 ore di salita \/ +1.180 m (sentiero ripido, non attrezzato)<\/li>\n\n\n\n<li><strong>Altitudine:<\/strong> 2.704 m<\/li>\n\n\n\n<li><strong>Capienza:<\/strong> 54 posti in stagione, 10 posti esclusa la guardia<\/li>\n\n\n\n<li><strong>Sorveglianza:<\/strong> da fine maggio a inizio settembre<\/li>\n\n\n\n<li><strong>Contatto: <\/strong>09 70 02 05 74  <\/li>\n<\/ul>\n<\/div><\/div>\n<\/div>\n\n<div class=\"wp-block-ws-library-ws-columns alignwide has-2-columns are-vertically-aligned-center layout-5050 is-style-background\">\n<div class=\"wp-block-ws-library-ws-column\"><div class=\"wrapper\">\n<div class=\"wp-block-ws-library-ws-title\"><h2><span style=\"font-family: Helvetica, \"Trebuchet MS\", Helvetica, sans-serif; font-size: 0.6em; font-weight: 700; letter-spacing: -0.1px;\">Rifugio<\/span><br>Panchine<\/h2><\/div>\n\n\n\n<p>Incastonato nel cuore del massiccio degli \u00c9crins, il rifugio Bans sorge in un contesto di alta montagna, circondato da maestose vette che superano i 3.000 metri, come lo Jocelme, il Pic des Aupillous e il Bans. La sua architettura in pietra locale, ereditata da una costruzione del dopoguerra, le conferisce un fascino autentico e un aspetto robusto. <\/p>\n\n\n\n<p>Rifugio per famiglie e scalo alpino, si presta sia a un&#8217;escursione di un giorno che a un soggiorno pi\u00f9 impegnativo. Sulla sua terrazza, potrete godervi una pausa gastronomica di fronte alle vette. Gli escursionisti si fermano l\u00ec prima di raggiungere i dossi di Peyre-Arguet o le pendici dei Bans. Per quanto riguarda gli alpinisti, trovano un accesso privilegiato a bellissime gare sulla neve (Pas des Aupillous, Jocelme, Pointe des B\u0153ufs Rouges, Les Bans) o gare su roccia, come l&#8217;attraversamento delle creste della Coste Counier o i percorsi tracciati da Jean-Michel Cambon.   <\/p>\n\n\n\n<ul class=\"wp-block-list\">\n<li><strong>Accesso al rifugio \u00c9crins:<\/strong> Parcheggio di Entre-les-Aygues (Vallouise), poi sentiero sulla riva sinistra del torrente Bans<\/li>\n\n\n\n<li><strong>Durata \/ Dislivello:<\/strong> 1 h 30 min in salita \/ +480 m (sentiero facile)<\/li>\n\n\n\n<li><strong>Altitudine:<\/strong> 2.083 m<\/li>\n\n\n\n<li><strong>Capienza:<\/strong> 22 posti<\/li>\n\n\n\n<li><strong>Sorveglianza:<\/strong> da fine maggio a met\u00e0 settembre<\/li>\n\n\n\n<li><strong>Contatto: <\/strong>04 92 23 39 48<\/li>\n<\/ul>\n<\/div><\/div>\n\n\n\n<div class=\"wp-block-ws-library-ws-column\"><div class=\"wrapper\">\n<div class=\"wp-block-ws-library-ws-image\"><div class=\"wrapper\"><div class=\"group-media\"><img decoding=\"async\" src=\"https:\/\/www.paysdesecrins.com\/wp-content\/uploads\/2025\/07\/1608201002-1327295314-960x640.jpg\" alt=\"\" class=\"single_image ws-image-35927\"><div class=\"credits\"><\/div><\/div><p class=\"caption\"><\/p><\/div><\/div>\n<\/div><\/div>\n<\/div>\n\n<div class=\"wp-block-ws-library-ws-share\"><span class=\"share-subtitle\">Ti \u00e8 piaciuta questa pagina?<\/span><span class=\"share-title\">Condividilo!<\/span><button class=\"ws-share-button wp-element-button\">Condividi questa pagina<\/button><\/div>\n","protected":false},"excerpt":{"rendered":"<p>Intimamente legati alla storia della conquista delle vette, per la quale una sosta a met\u00e0 gara era ed \u00e8 tuttora [&hellip;]<\/p>\n","protected":false},"author":4,"featured_media":34856,"parent":0,"menu_order":0,"comment_status":"closed","ping_status":"closed","template":"","meta":{"_thumbnail_id_2":0,"summer_excerpt":"","season":"","station":"","footnotes":""},"class_list":["post-45971","page","type-page","status-publish","has-post-thumbnail","hentry"],"yoast_head":"<!-- This site is optimized with the Yoast SEO plugin v27.3 - https:\/\/yoast.com\/product\/yoast-seo-wordpress\/ -->\n<title>I rifugi del Pays des \u00c9crins - Pays des \u00c9crins - Office de Tourisme<\/title>\n<meta name=\"robots\" content=\"index, follow, max-snippet:-1, max-image-preview:large, max-video-preview:-1\" \/>\n<link rel=\"canonical\" href=\"https:\/\/www.paysdesecrins.com\/it\/i-rifugi-del-pays-des-ecrins\/\" \/>\n<meta property=\"og:locale\" content=\"it_IT\" \/>\n<meta property=\"og:type\" content=\"article\" \/>\n<meta property=\"og:title\" content=\"I rifugi del Pays des \u00c9crins - Pays des \u00c9crins - Office de Tourisme\" \/>\n<meta property=\"og:description\" content=\"Intimamente legati alla storia della conquista delle vette, per la quale una sosta a met\u00e0 gara era ed \u00e8 tuttora [&hellip;]\" \/>\n<meta property=\"og:url\" content=\"https:\/\/www.paysdesecrins.com\/it\/i-rifugi-del-pays-des-ecrins\/\" \/>\n<meta property=\"og:site_name\" content=\"Pays des \u00c9crins - Office de Tourisme\" \/>\n<meta property=\"article:modified_time\" content=\"2025-08-06T12:41:16+00:00\" \/>\n<meta property=\"og:image\" content=\"https:\/\/www.paysdesecrins.com\/wp-content\/uploads\/2025\/07\/refuge-du-sele-22072023-14-scaled.jpg\" \/>\n\t<meta property=\"og:image:width\" content=\"1920\" \/>\n\t<meta property=\"og:image:height\" content=\"2560\" \/>\n\t<meta property=\"og:image:type\" content=\"image\/jpeg\" \/>\n<meta name=\"twitter:card\" content=\"summary_large_image\" \/>\n<meta name=\"twitter:label1\" content=\"Tempo di lettura stimato\" \/>\n\t<meta name=\"twitter:data1\" content=\"6 minuti\" \/>\n<script type=\"application\/ld+json\" class=\"yoast-schema-graph\">{\"@context\":\"https:\\\/\\\/schema.org\",\"@graph\":[{\"@type\":\"WebPage\",\"@id\":\"https:\\\/\\\/www.paysdesecrins.com\\\/it\\\/i-rifugi-del-pays-des-ecrins\\\/\",\"url\":\"https:\\\/\\\/www.paysdesecrins.com\\\/it\\\/i-rifugi-del-pays-des-ecrins\\\/\",\"name\":\"I rifugi del Pays des \u00c9crins - Pays des \u00c9crins - Office de Tourisme\",\"isPartOf\":{\"@id\":\"https:\\\/\\\/www.paysdesecrins.com\\\/it\\\/#website\"},\"primaryImageOfPage\":{\"@id\":\"https:\\\/\\\/www.paysdesecrins.com\\\/it\\\/i-rifugi-del-pays-des-ecrins\\\/#primaryimage\"},\"image\":{\"@id\":\"https:\\\/\\\/www.paysdesecrins.com\\\/it\\\/i-rifugi-del-pays-des-ecrins\\\/#primaryimage\"},\"thumbnailUrl\":\"https:\\\/\\\/www.paysdesecrins.com\\\/wp-content\\\/uploads\\\/2025\\\/07\\\/refuge-du-sele-22072023-14-scaled.jpg\",\"datePublished\":\"2025-07-24T07:24:21+00:00\",\"dateModified\":\"2025-08-06T12:41:16+00:00\",\"breadcrumb\":{\"@id\":\"https:\\\/\\\/www.paysdesecrins.com\\\/it\\\/i-rifugi-del-pays-des-ecrins\\\/#breadcrumb\"},\"inLanguage\":\"it-IT\",\"potentialAction\":[{\"@type\":\"ReadAction\",\"target\":[\"https:\\\/\\\/www.paysdesecrins.com\\\/it\\\/i-rifugi-del-pays-des-ecrins\\\/\"]}]},{\"@type\":\"ImageObject\",\"inLanguage\":\"it-IT\",\"@id\":\"https:\\\/\\\/www.paysdesecrins.com\\\/it\\\/i-rifugi-del-pays-des-ecrins\\\/#primaryimage\",\"url\":\"https:\\\/\\\/www.paysdesecrins.com\\\/wp-content\\\/uploads\\\/2025\\\/07\\\/refuge-du-sele-22072023-14-scaled.jpg\",\"contentUrl\":\"https:\\\/\\\/www.paysdesecrins.com\\\/wp-content\\\/uploads\\\/2025\\\/07\\\/refuge-du-sele-22072023-14-scaled.jpg\",\"width\":1920,\"height\":2560},{\"@type\":\"BreadcrumbList\",\"@id\":\"https:\\\/\\\/www.paysdesecrins.com\\\/it\\\/i-rifugi-del-pays-des-ecrins\\\/#breadcrumb\",\"itemListElement\":[{\"@type\":\"ListItem\",\"position\":1,\"name\":\"Accueil\",\"item\":\"https:\\\/\\\/www.paysdesecrins.com\\\/it\\\/il-titolo-della-casa\\\/\"},{\"@type\":\"ListItem\",\"position\":2,\"name\":\"I rifugi del Pays des \u00c9crins\"}]},{\"@type\":\"WebSite\",\"@id\":\"https:\\\/\\\/www.paysdesecrins.com\\\/it\\\/#website\",\"url\":\"https:\\\/\\\/www.paysdesecrins.com\\\/it\\\/\",\"name\":\"Pays des \u00c9crins - Office de Tourisme\",\"description\":\"L&#039;esprit montagne\",\"publisher\":{\"@id\":\"https:\\\/\\\/www.paysdesecrins.com\\\/it\\\/#organization\"},\"potentialAction\":[{\"@type\":\"SearchAction\",\"target\":{\"@type\":\"EntryPoint\",\"urlTemplate\":\"https:\\\/\\\/www.paysdesecrins.com\\\/it\\\/?s={search_term_string}\"},\"query-input\":{\"@type\":\"PropertyValueSpecification\",\"valueRequired\":true,\"valueName\":\"search_term_string\"}}],\"inLanguage\":\"it-IT\"},{\"@type\":\"Organization\",\"@id\":\"https:\\\/\\\/www.paysdesecrins.com\\\/it\\\/#organization\",\"name\":\"Pays des \u00c9crins - Office de Tourisme\",\"url\":\"https:\\\/\\\/www.paysdesecrins.com\\\/it\\\/\",\"logo\":{\"@type\":\"ImageObject\",\"inLanguage\":\"it-IT\",\"@id\":\"https:\\\/\\\/www.paysdesecrins.com\\\/it\\\/#\\\/schema\\\/logo\\\/image\\\/\",\"url\":\"https:\\\/\\\/www.paysdesecrins.com\\\/wp-content\\\/uploads\\\/2025\\\/06\\\/devina-svg-1750845694.svg\",\"contentUrl\":\"https:\\\/\\\/www.paysdesecrins.com\\\/wp-content\\\/uploads\\\/2025\\\/06\\\/devina-svg-1750845694.svg\",\"caption\":\"Pays des \u00c9crins - Office de Tourisme\"},\"image\":{\"@id\":\"https:\\\/\\\/www.paysdesecrins.com\\\/it\\\/#\\\/schema\\\/logo\\\/image\\\/\"}}]}<\/script>\n<!-- \/ Yoast SEO plugin. -->","yoast_head_json":{"title":"I rifugi del Pays des \u00c9crins - Pays des \u00c9crins - Office de Tourisme","robots":{"index":"index","follow":"follow","max-snippet":"max-snippet:-1","max-image-preview":"max-image-preview:large","max-video-preview":"max-video-preview:-1"},"canonical":"https:\/\/www.paysdesecrins.com\/it\/i-rifugi-del-pays-des-ecrins\/","og_locale":"it_IT","og_type":"article","og_title":"I rifugi del Pays des \u00c9crins - Pays des \u00c9crins - Office de Tourisme","og_description":"Intimamente legati alla storia della conquista delle vette, per la quale una sosta a met\u00e0 gara era ed \u00e8 tuttora [&hellip;]","og_url":"https:\/\/www.paysdesecrins.com\/it\/i-rifugi-del-pays-des-ecrins\/","og_site_name":"Pays des \u00c9crins - Office de Tourisme","article_modified_time":"2025-08-06T12:41:16+00:00","og_image":[{"width":1920,"height":2560,"url":"https:\/\/www.paysdesecrins.com\/wp-content\/uploads\/2025\/07\/refuge-du-sele-22072023-14-scaled.jpg","type":"image\/jpeg"}],"twitter_card":"summary_large_image","twitter_misc":{"Tempo di lettura stimato":"6 minuti"},"schema":{"@context":"https:\/\/schema.org","@graph":[{"@type":"WebPage","@id":"https:\/\/www.paysdesecrins.com\/it\/i-rifugi-del-pays-des-ecrins\/","url":"https:\/\/www.paysdesecrins.com\/it\/i-rifugi-del-pays-des-ecrins\/","name":"I rifugi del Pays des \u00c9crins - Pays des \u00c9crins - Office de Tourisme","isPartOf":{"@id":"https:\/\/www.paysdesecrins.com\/it\/#website"},"primaryImageOfPage":{"@id":"https:\/\/www.paysdesecrins.com\/it\/i-rifugi-del-pays-des-ecrins\/#primaryimage"},"image":{"@id":"https:\/\/www.paysdesecrins.com\/it\/i-rifugi-del-pays-des-ecrins\/#primaryimage"},"thumbnailUrl":"https:\/\/www.paysdesecrins.com\/wp-content\/uploads\/2025\/07\/refuge-du-sele-22072023-14-scaled.jpg","datePublished":"2025-07-24T07:24:21+00:00","dateModified":"2025-08-06T12:41:16+00:00","breadcrumb":{"@id":"https:\/\/www.paysdesecrins.com\/it\/i-rifugi-del-pays-des-ecrins\/#breadcrumb"},"inLanguage":"it-IT","potentialAction":[{"@type":"ReadAction","target":["https:\/\/www.paysdesecrins.com\/it\/i-rifugi-del-pays-des-ecrins\/"]}]},{"@type":"ImageObject","inLanguage":"it-IT","@id":"https:\/\/www.paysdesecrins.com\/it\/i-rifugi-del-pays-des-ecrins\/#primaryimage","url":"https:\/\/www.paysdesecrins.com\/wp-content\/uploads\/2025\/07\/refuge-du-sele-22072023-14-scaled.jpg","contentUrl":"https:\/\/www.paysdesecrins.com\/wp-content\/uploads\/2025\/07\/refuge-du-sele-22072023-14-scaled.jpg","width":1920,"height":2560},{"@type":"BreadcrumbList","@id":"https:\/\/www.paysdesecrins.com\/it\/i-rifugi-del-pays-des-ecrins\/#breadcrumb","itemListElement":[{"@type":"ListItem","position":1,"name":"Accueil","item":"https:\/\/www.paysdesecrins.com\/it\/il-titolo-della-casa\/"},{"@type":"ListItem","position":2,"name":"I rifugi del Pays des \u00c9crins"}]},{"@type":"WebSite","@id":"https:\/\/www.paysdesecrins.com\/it\/#website","url":"https:\/\/www.paysdesecrins.com\/it\/","name":"Pays des \u00c9crins - Office de Tourisme","description":"L&#039;esprit montagne","publisher":{"@id":"https:\/\/www.paysdesecrins.com\/it\/#organization"},"potentialAction":[{"@type":"SearchAction","target":{"@type":"EntryPoint","urlTemplate":"https:\/\/www.paysdesecrins.com\/it\/?s={search_term_string}"},"query-input":{"@type":"PropertyValueSpecification","valueRequired":true,"valueName":"search_term_string"}}],"inLanguage":"it-IT"},{"@type":"Organization","@id":"https:\/\/www.paysdesecrins.com\/it\/#organization","name":"Pays des \u00c9crins - Office de Tourisme","url":"https:\/\/www.paysdesecrins.com\/it\/","logo":{"@type":"ImageObject","inLanguage":"it-IT","@id":"https:\/\/www.paysdesecrins.com\/it\/#\/schema\/logo\/image\/","url":"https:\/\/www.paysdesecrins.com\/wp-content\/uploads\/2025\/06\/devina-svg-1750845694.svg","contentUrl":"https:\/\/www.paysdesecrins.com\/wp-content\/uploads\/2025\/06\/devina-svg-1750845694.svg","caption":"Pays des \u00c9crins - Office de Tourisme"},"image":{"@id":"https:\/\/www.paysdesecrins.com\/it\/#\/schema\/logo\/image\/"}}]}},"_links":{"self":[{"href":"https:\/\/www.paysdesecrins.com\/it\/wp-json\/wp\/v2\/pages\/45971","targetHints":{"allow":["GET"]}}],"collection":[{"href":"https:\/\/www.paysdesecrins.com\/it\/wp-json\/wp\/v2\/pages"}],"about":[{"href":"https:\/\/www.paysdesecrins.com\/it\/wp-json\/wp\/v2\/types\/page"}],"author":[{"embeddable":true,"href":"https:\/\/www.paysdesecrins.com\/it\/wp-json\/wp\/v2\/users\/4"}],"replies":[{"embeddable":true,"href":"https:\/\/www.paysdesecrins.com\/it\/wp-json\/wp\/v2\/comments?post=45971"}],"version-history":[{"count":0,"href":"https:\/\/www.paysdesecrins.com\/it\/wp-json\/wp\/v2\/pages\/45971\/revisions"}],"wp:featuredmedia":[{"embeddable":true,"href":"https:\/\/www.paysdesecrins.com\/it\/wp-json\/wp\/v2\/media\/34856"}],"wp:attachment":[{"href":"https:\/\/www.paysdesecrins.com\/it\/wp-json\/wp\/v2\/media?parent=45971"}],"curies":[{"name":"wp","href":"https:\/\/api.w.org\/{rel}","templated":true}]}}