{"id":46094,"date":"2025-07-22T11:04:56","date_gmt":"2025-07-22T09:04:56","guid":{"rendered":"https:\/\/www.paysdesecrins.com\/siti-da-non-perdere\/vallon-du-fournel\/"},"modified":"2025-08-06T16:14:46","modified_gmt":"2025-08-06T14:14:46","slug":"vallon-du-fournel","status":"publish","type":"page","link":"https:\/\/www.paysdesecrins.com\/it\/scelgo\/siti-da-non-perdere\/vallon-du-fournel\/","title":{"rendered":"Vallon du Fournel"},"content":{"rendered":"    <div class=\"alignfull wp-block-ws-library-ws-header-interne\" data-season=\"summer\">\n\t    <div class=\"header-container\">\n\t        <div class=\"group-media has-image\">\n\t            \t                <img loading=\"lazy\" decoding=\"async\" width=\"1920\" height=\"800\" src=\"https:\/\/www.paysdesecrins.com\/wp-content\/uploads\/2025\/07\/16sitesdexception-chardonsbleuschardon24-14-1920x800.jpg\" alt=\"\" class=\"image_large_square wp-image-21389\" \/>\n\t            \t        <\/div>\n\t        <div class=\"group-content\">\n\t            <div class=\"title\">\n\t                <h1>\n\t                    Vallon du Fournel  \t                    \t                <\/h1>\n\t            <\/div>\n\t        <\/div>\n\t    <\/div>\n\t    \n<div class=\"yoast-breadcrumbs\"><span><span><a href=\"https:\/\/www.paysdesecrins.com\/it\/il-titolo-della-casa\/\">Accueil<\/a><\/span>  <span><a href=\"https:\/\/www.paysdesecrins.com\/it\/scelgo\/\">Scelgo<\/a><\/span>  <span><a href=\"https:\/\/www.paysdesecrins.com\/it\/scelgo\/siti-da-non-perdere\/\">Siti da non perdere<\/a><\/span>  <span class=\"breadcrumb_last\" aria-current=\"page\">Vallon du Fournel<\/span><\/span><\/div>\n    <\/div>\n        <div class=\"alignfull wp-block-ws-library-ws-header-interne\" data-season=\"winter\">\n\t    <div class=\"header-container\">\n\t        <div class=\"group-media has-image\">\n\t            \t                <img decoding=\"async\" src=\"https:\/\/www.paysdesecrins.com\/wp-content\/uploads\/2025\/07\/21autresactivites-cascade-de-glacecascade-de-glace-pelvoux-9thibautblais-1920x800.jpg\" alt=\"\" class=\"image_large_square wp-image-20072\" \/>\n\t            \t        <\/div>\n\t        <div class=\"group-content\">\n\t            <div class=\"title\">\n\t                <h1>\n\t                    Vallon du Fournel  \t                    \t                <\/h1>\n\t            <\/div>\n\t        <\/div>\n\t    <\/div>\n\t    \n<div class=\"yoast-breadcrumbs\"><span><span><a href=\"https:\/\/www.paysdesecrins.com\/it\/il-titolo-della-casa\/\">Accueil<\/a><\/span>  <span><a href=\"https:\/\/www.paysdesecrins.com\/it\/scelgo\/\">Scelgo<\/a><\/span>  <span><a href=\"https:\/\/www.paysdesecrins.com\/it\/scelgo\/siti-da-non-perdere\/\">Siti da non perdere<\/a><\/span>  <span class=\"breadcrumb_last\" aria-current=\"page\">Vallon du Fournel<\/span><\/span><\/div>\n    <\/div>\n    \n<div class=\"wp-block-ws-library-ws-title\"><h2><em>Vallon du Fournel <\/em>Una valle segreta, un giardino di montagna a cielo aperto&#8230;<br><\/h2><\/div>\n\n<p>Benvenuti nella valle di Fournel, un angolo poco conosciuto ma affascinante del Pays des \u00c9crins. Situata nella citt\u00e0 di L&#8217;Argenti\u00e8re-La Bess\u00e9e, questa valle dall&#8217;atmosfera selvaggia e tranquilla merita una visita. Qui non c&#8217;\u00e8 folla, ma natura preziosa e un ricco passato, da scoprire al proprio ritmo.  <\/p>\n\n<div class=\"wp-block-ws-library-ws-banner alignfull\"><div class=\"wrapper\"><div class=\"group-media\"><img loading=\"lazy\" decoding=\"async\" width=\"2560\" height=\"1707\" src=\"https:\/\/www.paysdesecrins.com\/wp-content\/uploads\/2025\/07\/161sitesdexception-fournel-vttthibautblais-chardons-bleus-fournel-reser-scaled.jpg\" alt=\"\" class=\"single_image wp-image-21324\" srcset=\"https:\/\/www.paysdesecrins.com\/wp-content\/uploads\/2025\/07\/161sitesdexception-fournel-vttthibautblais-chardons-bleus-fournel-reser-scaled.jpg 2560w, https:\/\/www.paysdesecrins.com\/wp-content\/uploads\/2025\/07\/161sitesdexception-fournel-vttthibautblais-chardons-bleus-fournel-reser-300x200.jpg 300w, https:\/\/www.paysdesecrins.com\/wp-content\/uploads\/2025\/07\/161sitesdexception-fournel-vttthibautblais-chardons-bleus-fournel-reser-1024x683.jpg 1024w, https:\/\/www.paysdesecrins.com\/wp-content\/uploads\/2025\/07\/161sitesdexception-fournel-vttthibautblais-chardons-bleus-fournel-reser-768x512.jpg 768w, https:\/\/www.paysdesecrins.com\/wp-content\/uploads\/2025\/07\/161sitesdexception-fournel-vttthibautblais-chardons-bleus-fournel-reser-1536x1024.jpg 1536w, https:\/\/www.paysdesecrins.com\/wp-content\/uploads\/2025\/07\/161sitesdexception-fournel-vttthibautblais-chardons-bleus-fournel-reser-2048x1365.jpg 2048w, https:\/\/www.paysdesecrins.com\/wp-content\/uploads\/2025\/07\/161sitesdexception-fournel-vttthibautblais-chardons-bleus-fournel-reser-960x640.jpg 960w\" sizes=\"auto, (max-width: 2560px) 100vw, 2560px\" \/><div class=\"credits\">\u00a9 Thibaut BLAIS<\/div><\/div>\n<div class=\"group-content\"><p><\/p><div class=\"wp-block-ws-library-ws-title\"><h3>In termini di flora, sei nel posto giusto  <\/h3><\/div><p>La Riserva Biologica di Deslioures ospita una delle pi\u00f9 belle popolazioni di cardi azzurri (o regine delle Alpi), una pianta rara protetta a livello nazionale. In estate, i prati si trasformano in un quadro blu-verde, tra farfalle, marmotte e silenzio alpino. Un sentiero didattico segnalato permette di comprendere meglio l&#8217;ecosistema di questa valle ai margini del Parco Nazionale degli \u00c9crins.  <\/p><p>Ma il Fournel \u00e8 anche una forte storia umana. Un tempo sfruttata per l&#8217;allevamento e la coltivazione, la valle rimane un territorio pastorale, con pastori che ora condividono lo spazio con escursionisti e naturalisti. L&#8217;ONF e il Parco Nazionale coordinano il tutto per preservare la biodiversit\u00e0.  <\/p><div class=\"wp-block-ws-library-ws-title\"><h3>Vuoi muoverti?<\/h3><\/div><p>\u00c8 possibile fare escursioni sui sentieri che portano alle creste e ai punti panoramici, o cimentarsi nel canyoning nel canyon di Fournel, un must per gli appassionati di acque bianche. E per un tocco culturale, non perdetevi la miniera d&#8217;argento di Fournel, un&#8217;impressionante testimonianza dell&#8217;attivit\u00e0 industriale del passato. <\/p><p>Accesso: da L&#8217;Argenti\u00e8re-La Bess\u00e9e, seguire la direzione di Le Fournel (parcheggio in estate).<br>Da fare: trekking, sentiero botanico, canyoning, visita guidata alla miniera.<br>Periodo migliore: da giugno ad agosto per i cardi blu.<br>Tracce GPX e informazioni pratiche su <a href=\"https:\/\/rando.paysdesecrins.com\">rando.paysdesecrins.com<\/a><\/p><\/div>\n\n\n\n\n\n\n\n\n\n\n\n\n\n\n\n\n\n\n\n\n\n\n\n\n<\/div><\/div>\n\n<div class=\"wp-block-ws-library-ws-slider alignfull\"><div class=\"splide\" data-splide=\"{\"type\":\"slide\",\"heightRatio\":\"auto\",\"perPage\":4,\"perMove\":1,\"drag\":true,\"pagination\":0,\"autoplay\":false,\"gap\":\"15px\",\"breakpoints\":{\"450\":{\"perPage\":1},\"768\":{\"perPage\":2},\"992\":{\"perPage\":3},\"1200\":{\"perPage\":4}}}\"><div class=\"splide__track\"><div class=\"splide__list\"><div class=\"splide__slide\"><a href=\"https:\/\/www.paysdesecrins.com\/wp-content\/uploads\/2025\/07\/dsc00047-scaled.jpg\" data-glightbox=\"true\" class=\"lightbox-trigger\"><img decoding=\"async\" src=\"https:\/\/www.paysdesecrins.com\/wp-content\/uploads\/2025\/07\/dsc00047-400x400.jpg\" alt=\"\"><\/a><\/div><div class=\"splide__slide\"><a href=\"https:\/\/www.paysdesecrins.com\/wp-content\/uploads\/2025\/07\/dsc09874-scaled.jpg\" data-glightbox=\"true\" class=\"lightbox-trigger\"><img decoding=\"async\" src=\"https:\/\/www.paysdesecrins.com\/wp-content\/uploads\/2025\/07\/dsc09874-400x400.jpg\" alt=\"\"><\/a><\/div><div class=\"splide__slide\"><a href=\"https:\/\/www.paysdesecrins.com\/wp-content\/uploads\/2025\/07\/dsc09910-2-scaled.jpg\" data-glightbox=\"true\" class=\"lightbox-trigger\"><img decoding=\"async\" src=\"https:\/\/www.paysdesecrins.com\/wp-content\/uploads\/2025\/07\/dsc09910-2-400x400.jpg\" alt=\"\"><\/a><\/div><\/div><\/div><\/div><\/div>\n\n<div class=\"wp-block-ws-library-ws-share\"><span class=\"share-subtitle\">Ti \u00e8 piaciuta questa pagina?<\/span><span class=\"share-title\">Condividilo!<\/span><button class=\"ws-share-button wp-element-button\">Condividi questa pagina<\/button><\/div>\n","protected":false},"excerpt":{"rendered":"<p>Benvenuti nella valle di Fournel, un angolo poco conosciuto ma affascinante del Pays des \u00c9crins. Situata nella citt\u00e0 di L&#8217;Argenti\u00e8re-La [&hellip;]<\/p>\n","protected":false},"author":4,"featured_media":20076,"parent":45265,"menu_order":0,"comment_status":"closed","ping_status":"closed","template":"","meta":{"_thumbnail_id_2":21389,"summer_excerpt":"","season":"","station":"","footnotes":""},"class_list":["post-46094","page","type-page","status-publish","has-post-thumbnail","hentry"],"yoast_head":"<!-- This site is optimized with the Yoast SEO plugin v27.3 - https:\/\/yoast.com\/product\/yoast-seo-wordpress\/ -->\n<title>Vallon du Fournel - Pays des \u00c9crins - Office de Tourisme<\/title>\n<meta name=\"robots\" content=\"index, follow, max-snippet:-1, max-image-preview:large, max-video-preview:-1\" \/>\n<link rel=\"canonical\" href=\"https:\/\/www.paysdesecrins.com\/it\/scelgo\/siti-da-non-perdere\/vallon-du-fournel\/\" \/>\n<meta property=\"og:locale\" content=\"it_IT\" \/>\n<meta property=\"og:type\" content=\"article\" \/>\n<meta property=\"og:title\" content=\"Vallon du Fournel - Pays des \u00c9crins - Office de Tourisme\" \/>\n<meta property=\"og:description\" content=\"Benvenuti nella valle di Fournel, un angolo poco conosciuto ma affascinante del Pays des \u00c9crins. Situata nella citt\u00e0 di L&#8217;Argenti\u00e8re-La [&hellip;]\" \/>\n<meta property=\"og:url\" content=\"https:\/\/www.paysdesecrins.com\/it\/scelgo\/siti-da-non-perdere\/vallon-du-fournel\/\" \/>\n<meta property=\"og:site_name\" content=\"Pays des \u00c9crins - Office de Tourisme\" \/>\n<meta property=\"article:modified_time\" content=\"2025-08-06T14:14:46+00:00\" \/>\n<meta property=\"og:image\" content=\"https:\/\/www.paysdesecrins.com\/wp-content\/uploads\/2025\/07\/21autresactivites-cascade-de-glacecascade-de-glace-pelvoux-9thibautblais-scaled.jpg\" \/>\n\t<meta property=\"og:image:width\" content=\"2560\" \/>\n\t<meta property=\"og:image:height\" content=\"1707\" \/>\n\t<meta property=\"og:image:type\" content=\"image\/jpeg\" \/>\n<meta name=\"twitter:card\" content=\"summary_large_image\" \/>\n<meta name=\"twitter:label1\" content=\"Tempo di lettura stimato\" \/>\n\t<meta name=\"twitter:data1\" content=\"1 minuto\" \/>\n<script type=\"application\/ld+json\" class=\"yoast-schema-graph\">{\"@context\":\"https:\\\/\\\/schema.org\",\"@graph\":[{\"@type\":\"WebPage\",\"@id\":\"https:\\\/\\\/www.paysdesecrins.com\\\/it\\\/scelgo\\\/siti-da-non-perdere\\\/vallon-du-fournel\\\/\",\"url\":\"https:\\\/\\\/www.paysdesecrins.com\\\/it\\\/scelgo\\\/siti-da-non-perdere\\\/vallon-du-fournel\\\/\",\"name\":\"Vallon du Fournel - Pays des \u00c9crins - Office de Tourisme\",\"isPartOf\":{\"@id\":\"https:\\\/\\\/www.paysdesecrins.com\\\/it\\\/#website\"},\"primaryImageOfPage\":{\"@id\":\"https:\\\/\\\/www.paysdesecrins.com\\\/it\\\/scelgo\\\/siti-da-non-perdere\\\/vallon-du-fournel\\\/#primaryimage\"},\"image\":{\"@id\":\"https:\\\/\\\/www.paysdesecrins.com\\\/it\\\/scelgo\\\/siti-da-non-perdere\\\/vallon-du-fournel\\\/#primaryimage\"},\"thumbnailUrl\":\"https:\\\/\\\/www.paysdesecrins.com\\\/wp-content\\\/uploads\\\/2025\\\/07\\\/21autresactivites-cascade-de-glacecascade-de-glace-pelvoux-9thibautblais-scaled.jpg\",\"datePublished\":\"2025-07-22T09:04:56+00:00\",\"dateModified\":\"2025-08-06T14:14:46+00:00\",\"breadcrumb\":{\"@id\":\"https:\\\/\\\/www.paysdesecrins.com\\\/it\\\/scelgo\\\/siti-da-non-perdere\\\/vallon-du-fournel\\\/#breadcrumb\"},\"inLanguage\":\"it-IT\",\"potentialAction\":[{\"@type\":\"ReadAction\",\"target\":[\"https:\\\/\\\/www.paysdesecrins.com\\\/it\\\/scelgo\\\/siti-da-non-perdere\\\/vallon-du-fournel\\\/\"]}]},{\"@type\":\"ImageObject\",\"inLanguage\":\"it-IT\",\"@id\":\"https:\\\/\\\/www.paysdesecrins.com\\\/it\\\/scelgo\\\/siti-da-non-perdere\\\/vallon-du-fournel\\\/#primaryimage\",\"url\":\"https:\\\/\\\/www.paysdesecrins.com\\\/wp-content\\\/uploads\\\/2025\\\/07\\\/21autresactivites-cascade-de-glacecascade-de-glace-pelvoux-9thibautblais-scaled.jpg\",\"contentUrl\":\"https:\\\/\\\/www.paysdesecrins.com\\\/wp-content\\\/uploads\\\/2025\\\/07\\\/21autresactivites-cascade-de-glacecascade-de-glace-pelvoux-9thibautblais-scaled.jpg\",\"width\":2560,\"height\":1707,\"caption\":\"\u00a9 Thibaut BLAIS\"},{\"@type\":\"BreadcrumbList\",\"@id\":\"https:\\\/\\\/www.paysdesecrins.com\\\/it\\\/scelgo\\\/siti-da-non-perdere\\\/vallon-du-fournel\\\/#breadcrumb\",\"itemListElement\":[{\"@type\":\"ListItem\",\"position\":1,\"name\":\"Accueil\",\"item\":\"https:\\\/\\\/www.paysdesecrins.com\\\/it\\\/il-titolo-della-casa\\\/\"},{\"@type\":\"ListItem\",\"position\":2,\"name\":\"Scelgo\",\"item\":\"https:\\\/\\\/www.paysdesecrins.com\\\/it\\\/scelgo\\\/\"},{\"@type\":\"ListItem\",\"position\":3,\"name\":\"Siti da non perdere\",\"item\":\"https:\\\/\\\/www.paysdesecrins.com\\\/it\\\/scelgo\\\/siti-da-non-perdere\\\/\"},{\"@type\":\"ListItem\",\"position\":4,\"name\":\"Vallon du Fournel\"}]},{\"@type\":\"WebSite\",\"@id\":\"https:\\\/\\\/www.paysdesecrins.com\\\/it\\\/#website\",\"url\":\"https:\\\/\\\/www.paysdesecrins.com\\\/it\\\/\",\"name\":\"Pays des \u00c9crins - Office de Tourisme\",\"description\":\"L&#039;esprit montagne\",\"publisher\":{\"@id\":\"https:\\\/\\\/www.paysdesecrins.com\\\/it\\\/#organization\"},\"potentialAction\":[{\"@type\":\"SearchAction\",\"target\":{\"@type\":\"EntryPoint\",\"urlTemplate\":\"https:\\\/\\\/www.paysdesecrins.com\\\/it\\\/?s={search_term_string}\"},\"query-input\":{\"@type\":\"PropertyValueSpecification\",\"valueRequired\":true,\"valueName\":\"search_term_string\"}}],\"inLanguage\":\"it-IT\"},{\"@type\":\"Organization\",\"@id\":\"https:\\\/\\\/www.paysdesecrins.com\\\/it\\\/#organization\",\"name\":\"Pays des \u00c9crins - Office de Tourisme\",\"url\":\"https:\\\/\\\/www.paysdesecrins.com\\\/it\\\/\",\"logo\":{\"@type\":\"ImageObject\",\"inLanguage\":\"it-IT\",\"@id\":\"https:\\\/\\\/www.paysdesecrins.com\\\/it\\\/#\\\/schema\\\/logo\\\/image\\\/\",\"url\":\"https:\\\/\\\/www.paysdesecrins.com\\\/wp-content\\\/uploads\\\/2025\\\/06\\\/devina-svg-1750845694.svg\",\"contentUrl\":\"https:\\\/\\\/www.paysdesecrins.com\\\/wp-content\\\/uploads\\\/2025\\\/06\\\/devina-svg-1750845694.svg\",\"caption\":\"Pays des \u00c9crins - Office de Tourisme\"},\"image\":{\"@id\":\"https:\\\/\\\/www.paysdesecrins.com\\\/it\\\/#\\\/schema\\\/logo\\\/image\\\/\"}}]}<\/script>\n<!-- \/ Yoast SEO plugin. -->","yoast_head_json":{"title":"Vallon du Fournel - Pays des \u00c9crins - Office de Tourisme","robots":{"index":"index","follow":"follow","max-snippet":"max-snippet:-1","max-image-preview":"max-image-preview:large","max-video-preview":"max-video-preview:-1"},"canonical":"https:\/\/www.paysdesecrins.com\/it\/scelgo\/siti-da-non-perdere\/vallon-du-fournel\/","og_locale":"it_IT","og_type":"article","og_title":"Vallon du Fournel - Pays des \u00c9crins - Office de Tourisme","og_description":"Benvenuti nella valle di Fournel, un angolo poco conosciuto ma affascinante del Pays des \u00c9crins. Situata nella citt\u00e0 di L&#8217;Argenti\u00e8re-La [&hellip;]","og_url":"https:\/\/www.paysdesecrins.com\/it\/scelgo\/siti-da-non-perdere\/vallon-du-fournel\/","og_site_name":"Pays des \u00c9crins - Office de Tourisme","article_modified_time":"2025-08-06T14:14:46+00:00","og_image":[{"width":2560,"height":1707,"url":"https:\/\/www.paysdesecrins.com\/wp-content\/uploads\/2025\/07\/21autresactivites-cascade-de-glacecascade-de-glace-pelvoux-9thibautblais-scaled.jpg","type":"image\/jpeg"}],"twitter_card":"summary_large_image","twitter_misc":{"Tempo di lettura stimato":"1 minuto"},"schema":{"@context":"https:\/\/schema.org","@graph":[{"@type":"WebPage","@id":"https:\/\/www.paysdesecrins.com\/it\/scelgo\/siti-da-non-perdere\/vallon-du-fournel\/","url":"https:\/\/www.paysdesecrins.com\/it\/scelgo\/siti-da-non-perdere\/vallon-du-fournel\/","name":"Vallon du Fournel - Pays des \u00c9crins - Office de Tourisme","isPartOf":{"@id":"https:\/\/www.paysdesecrins.com\/it\/#website"},"primaryImageOfPage":{"@id":"https:\/\/www.paysdesecrins.com\/it\/scelgo\/siti-da-non-perdere\/vallon-du-fournel\/#primaryimage"},"image":{"@id":"https:\/\/www.paysdesecrins.com\/it\/scelgo\/siti-da-non-perdere\/vallon-du-fournel\/#primaryimage"},"thumbnailUrl":"https:\/\/www.paysdesecrins.com\/wp-content\/uploads\/2025\/07\/21autresactivites-cascade-de-glacecascade-de-glace-pelvoux-9thibautblais-scaled.jpg","datePublished":"2025-07-22T09:04:56+00:00","dateModified":"2025-08-06T14:14:46+00:00","breadcrumb":{"@id":"https:\/\/www.paysdesecrins.com\/it\/scelgo\/siti-da-non-perdere\/vallon-du-fournel\/#breadcrumb"},"inLanguage":"it-IT","potentialAction":[{"@type":"ReadAction","target":["https:\/\/www.paysdesecrins.com\/it\/scelgo\/siti-da-non-perdere\/vallon-du-fournel\/"]}]},{"@type":"ImageObject","inLanguage":"it-IT","@id":"https:\/\/www.paysdesecrins.com\/it\/scelgo\/siti-da-non-perdere\/vallon-du-fournel\/#primaryimage","url":"https:\/\/www.paysdesecrins.com\/wp-content\/uploads\/2025\/07\/21autresactivites-cascade-de-glacecascade-de-glace-pelvoux-9thibautblais-scaled.jpg","contentUrl":"https:\/\/www.paysdesecrins.com\/wp-content\/uploads\/2025\/07\/21autresactivites-cascade-de-glacecascade-de-glace-pelvoux-9thibautblais-scaled.jpg","width":2560,"height":1707,"caption":"\u00a9 Thibaut BLAIS"},{"@type":"BreadcrumbList","@id":"https:\/\/www.paysdesecrins.com\/it\/scelgo\/siti-da-non-perdere\/vallon-du-fournel\/#breadcrumb","itemListElement":[{"@type":"ListItem","position":1,"name":"Accueil","item":"https:\/\/www.paysdesecrins.com\/it\/il-titolo-della-casa\/"},{"@type":"ListItem","position":2,"name":"Scelgo","item":"https:\/\/www.paysdesecrins.com\/it\/scelgo\/"},{"@type":"ListItem","position":3,"name":"Siti da non perdere","item":"https:\/\/www.paysdesecrins.com\/it\/scelgo\/siti-da-non-perdere\/"},{"@type":"ListItem","position":4,"name":"Vallon du Fournel"}]},{"@type":"WebSite","@id":"https:\/\/www.paysdesecrins.com\/it\/#website","url":"https:\/\/www.paysdesecrins.com\/it\/","name":"Pays des \u00c9crins - Office de Tourisme","description":"L&#039;esprit montagne","publisher":{"@id":"https:\/\/www.paysdesecrins.com\/it\/#organization"},"potentialAction":[{"@type":"SearchAction","target":{"@type":"EntryPoint","urlTemplate":"https:\/\/www.paysdesecrins.com\/it\/?s={search_term_string}"},"query-input":{"@type":"PropertyValueSpecification","valueRequired":true,"valueName":"search_term_string"}}],"inLanguage":"it-IT"},{"@type":"Organization","@id":"https:\/\/www.paysdesecrins.com\/it\/#organization","name":"Pays des \u00c9crins - Office de Tourisme","url":"https:\/\/www.paysdesecrins.com\/it\/","logo":{"@type":"ImageObject","inLanguage":"it-IT","@id":"https:\/\/www.paysdesecrins.com\/it\/#\/schema\/logo\/image\/","url":"https:\/\/www.paysdesecrins.com\/wp-content\/uploads\/2025\/06\/devina-svg-1750845694.svg","contentUrl":"https:\/\/www.paysdesecrins.com\/wp-content\/uploads\/2025\/06\/devina-svg-1750845694.svg","caption":"Pays des \u00c9crins - Office de Tourisme"},"image":{"@id":"https:\/\/www.paysdesecrins.com\/it\/#\/schema\/logo\/image\/"}}]}},"_links":{"self":[{"href":"https:\/\/www.paysdesecrins.com\/it\/wp-json\/wp\/v2\/pages\/46094","targetHints":{"allow":["GET"]}}],"collection":[{"href":"https:\/\/www.paysdesecrins.com\/it\/wp-json\/wp\/v2\/pages"}],"about":[{"href":"https:\/\/www.paysdesecrins.com\/it\/wp-json\/wp\/v2\/types\/page"}],"author":[{"embeddable":true,"href":"https:\/\/www.paysdesecrins.com\/it\/wp-json\/wp\/v2\/users\/4"}],"replies":[{"embeddable":true,"href":"https:\/\/www.paysdesecrins.com\/it\/wp-json\/wp\/v2\/comments?post=46094"}],"version-history":[{"count":0,"href":"https:\/\/www.paysdesecrins.com\/it\/wp-json\/wp\/v2\/pages\/46094\/revisions"}],"up":[{"embeddable":true,"href":"https:\/\/www.paysdesecrins.com\/it\/wp-json\/wp\/v2\/pages\/45265"}],"wp:featuredmedia":[{"embeddable":true,"href":"https:\/\/www.paysdesecrins.com\/it\/wp-json\/wp\/v2\/media\/20076"}],"wp:attachment":[{"href":"https:\/\/www.paysdesecrins.com\/it\/wp-json\/wp\/v2\/media?parent=46094"}],"curies":[{"name":"wp","href":"https:\/\/api.w.org\/{rel}","templated":true}]}}