{"id":46111,"date":"2025-07-22T09:16:50","date_gmt":"2025-07-22T07:16:50","guid":{"rendered":"https:\/\/www.paysdesecrins.com\/siti-da-non-perdere\/riserva-del-cardo-blu\/"},"modified":"2025-07-30T11:55:44","modified_gmt":"2025-07-30T09:55:44","slug":"riserva-del-cardo-blu","status":"publish","type":"page","link":"https:\/\/www.paysdesecrins.com\/it\/scelgo\/siti-da-non-perdere\/riserva-del-cardo-blu\/","title":{"rendered":"Riserva del Cardo Blu"},"content":{"rendered":"    <div class=\"alignfull wp-block-ws-library-ws-header-interne\">\n\t    <div class=\"header-container\">\n\t        <div class=\"group-media has-image\">\n\t            \t                <img loading=\"lazy\" decoding=\"async\" width=\"1920\" height=\"800\" src=\"https:\/\/www.paysdesecrins.com\/wp-content\/uploads\/2025\/07\/161chardonsbleusvalle-e-du-fournel-re-serv-chardonsbleusthibautblais-1920x800.jpg\" alt=\"\" class=\"image_large_square wp-image-21284\" \/>\n\t            \t        <\/div>\n\t        <div class=\"group-content\">\n\t            <div class=\"title\">\n\t                <h1>\n\t                    Riserva del Cardo Blu\t                    \t                <\/h1>\n\t            <\/div>\n\t        <\/div>\n\t    <\/div>\n\t    \n<div class=\"yoast-breadcrumbs\"><span><span><a href=\"https:\/\/www.paysdesecrins.com\/it\/il-titolo-della-casa\/\">Accueil<\/a><\/span>  <span><a href=\"https:\/\/www.paysdesecrins.com\/it\/scelgo\/\">Scelgo<\/a><\/span>  <span><a href=\"https:\/\/www.paysdesecrins.com\/it\/scelgo\/siti-da-non-perdere\/\">Siti da non perdere<\/a><\/span>  <span class=\"breadcrumb_last\" aria-current=\"page\">Riserva del Cardo Blu<\/span><\/span><\/div>\n    <\/div>\n    \n<div class=\"wp-block-ws-library-ws-title\"><h2><em>Riserva di cardo azzurro<\/em> dove fiorisce la regina delle Alpi&#8230;<\/h2><\/div>\n\n<p>Scoprite la riserva del cardo blu, un vero e proprio scenario floreale incastonato nel cuore della valle di Fournel. Gioiello del Parco Nazionale degli \u00c9crins, questo sito offre un&#8217;immersione indimenticabile nel mondo della &#8220;Regina delle Alpi&#8221; e di altre 900 variet\u00e0 di fiori. Parti per un&#8217;avventura botanica unica, dove natura e protezione si incontrano per ispirare la tua curiosit\u00e0.  <\/p>\n\n<div class=\"wp-block-ws-library-ws-banner alignfull\"><div class=\"wrapper\"><div class=\"group-media\"><img loading=\"lazy\" decoding=\"async\" width=\"2560\" height=\"1707\" src=\"https:\/\/www.paysdesecrins.com\/wp-content\/uploads\/2025\/07\/16sitesdexception-chardonsbleus-chardons-bleus-fournel-res-2-scaled.jpg\" alt=\"\" class=\"single_image wp-image-21379\" srcset=\"https:\/\/www.paysdesecrins.com\/wp-content\/uploads\/2025\/07\/16sitesdexception-chardonsbleus-chardons-bleus-fournel-res-2-scaled.jpg 2560w, https:\/\/www.paysdesecrins.com\/wp-content\/uploads\/2025\/07\/16sitesdexception-chardonsbleus-chardons-bleus-fournel-res-2-300x200.jpg 300w, https:\/\/www.paysdesecrins.com\/wp-content\/uploads\/2025\/07\/16sitesdexception-chardonsbleus-chardons-bleus-fournel-res-2-1024x683.jpg 1024w, https:\/\/www.paysdesecrins.com\/wp-content\/uploads\/2025\/07\/16sitesdexception-chardonsbleus-chardons-bleus-fournel-res-2-768x512.jpg 768w, https:\/\/www.paysdesecrins.com\/wp-content\/uploads\/2025\/07\/16sitesdexception-chardonsbleus-chardons-bleus-fournel-res-2-1536x1024.jpg 1536w, https:\/\/www.paysdesecrins.com\/wp-content\/uploads\/2025\/07\/16sitesdexception-chardonsbleus-chardons-bleus-fournel-res-2-2048x1365.jpg 2048w, https:\/\/www.paysdesecrins.com\/wp-content\/uploads\/2025\/07\/16sitesdexception-chardonsbleus-chardons-bleus-fournel-res-2-960x640.jpg 960w\" sizes=\"auto, (max-width: 2560px) 100vw, 2560px\" \/><\/div>\n<div class=\"group-content\"><div class=\"wp-block-ws-library-ws-title\"><h3>Un santuario per la flora alpina<\/h3><\/div><p>Il nome &#8220;Riserva del Cardo Azzurro&#8221; si riferisce alla maestosa Regina delle Alpi (Eryngium alpinum), primo emblema del Parco Nazionale degli \u00c9crins. Questa rara specie, protetta a livello nazionale e classificata come Natura 2000, si estende per 40 ettari nell&#8217;alta valle del Fournel, di cui 17 ettari precisamente nella Riserva Biologica di Deslioures.<br>Ubicazione: A 1.560 m di altitudine, accessibile dalla citt\u00e0 di L&#8217;Argenti\u00e8re-la-Bess\u00e9e <\/p><p>Accesso: Con il GR 54 Sono possibili diversi accessi all&#8217;Albrands (2h30 di escursione) da La Mur\u00e8gne (tavoli da picnic 2h andata e ritorno). Parcheggio La Salce (attenzione, strada di montagna sterrata) accesso diretto. <\/p><p>Periodo di fioritura: Solitamente la fioritura inizia intorno al 10 luglio, i cardi blu fioriscono, offrendo uno spettacolo di sfumature azzurre. Poi si formano i frutti e la pianta diventa di un viola metallico. <\/p><p>Assapora ogni passo di questo sentiero protetto, consapevole di partecipare alla conservazione di uno dei fiori alpini pi\u00f9 belli.<\/p><div class=\"wp-block-ws-library-ws-title\"><h3><strong>Un paradiso botanico e percorsi interpretativi  <\/strong><\/h3><\/div><p>Oltre alla star del sito, quasi 900 specie floreali convivono all&#8217;interno della riserva di Deslioures. Vi imbatterete in genziane, stelle alpine, sassifraghe e molti altri tesori della flora alpina. L&#8217;Ufficio Forestale Nazionale (ONF) ha progettato un percorso didattico costellato di pannelli esplicativi, che ne permette una migliore comprensione:  <\/p><ul class=\"wp-block-list\">\n<li>Ambienti naturali in alta montagna (praterie, lapiazi, giardini rocciosi);<\/li>\n\n\n\n<li>Gli stupefacenti adattamenti delle piante alla durezza del clima (radici profonde, peli protettivi);<\/li>\n\n\n\n<li>La fragilit\u00e0 di questi ecosistemi e l&#8217;importanza delle normative (rimanete sui sentieri, non raccogliete nulla).<\/li>\n<\/ul><p>Mentre ti fermi ai punti panoramici, lasciati guidare dalle informazioni sulla geologia, dagli insetti impollinatori e dalle leggende locali legate alla Regina delle Alpi.<\/p><\/div>\n\n\n\n\n\n\n\n\n\n\n\n\n\n\n\n\n\n\n\n\n\n\n\n\n\n\n\n\n\n\n\n\n<\/div><\/div>\n\n<div class=\"wp-block-ws-library-ws-slider alignfull\"><div class=\"splide\" data-splide=\"{\"type\":\"slide\",\"heightRatio\":\"auto\",\"perPage\":4,\"perMove\":1,\"drag\":true,\"pagination\":0,\"autoplay\":false,\"gap\":\"2px\",\"breakpoints\":{\"450\":{\"perPage\":1},\"768\":{\"perPage\":2},\"992\":{\"perPage\":3},\"1200\":{\"perPage\":4}}}\"><div class=\"splide__track\"><div class=\"splide__list\"><div class=\"splide__slide\"><a href=\"https:\/\/www.paysdesecrins.com\/wp-content\/uploads\/2025\/07\/dsc09874-scaled.jpg\" data-glightbox=\"true\" class=\"lightbox-trigger\"><img decoding=\"async\" src=\"https:\/\/www.paysdesecrins.com\/wp-content\/uploads\/2025\/07\/dsc09874-400x400.jpg\" alt=\"\"><\/a><\/div><div class=\"splide__slide\"><a href=\"https:\/\/www.paysdesecrins.com\/wp-content\/uploads\/2025\/07\/16sitesdexception-chardonsbleus-chardonsbleus-rogiervanrijn-scaled.jpg\" data-glightbox=\"true\" class=\"lightbox-trigger\"><img decoding=\"async\" src=\"https:\/\/www.paysdesecrins.com\/wp-content\/uploads\/2025\/07\/16sitesdexception-chardonsbleus-chardonsbleus-rogiervanrijn-400x400.jpg\" alt=\"\"><\/a><\/div><div class=\"splide__slide\"><a href=\"https:\/\/www.paysdesecrins.com\/wp-content\/uploads\/2025\/07\/16sitesdexception-chardonsbleus-chardons-bleus-fournel-res-2-scaled.jpg\" data-glightbox=\"true\" class=\"lightbox-trigger\"><img decoding=\"async\" src=\"https:\/\/www.paysdesecrins.com\/wp-content\/uploads\/2025\/07\/16sitesdexception-chardonsbleus-chardons-bleus-fournel-res-2-400x400.jpg\" alt=\"\"><\/a><\/div><div class=\"splide__slide\"><a href=\"https:\/\/www.paysdesecrins.com\/wp-content\/uploads\/2025\/07\/16sitesdexception-chardonsbleuschardon24-14-scaled.jpg\" data-glightbox=\"true\" class=\"lightbox-trigger\"><img decoding=\"async\" src=\"https:\/\/www.paysdesecrins.com\/wp-content\/uploads\/2025\/07\/16sitesdexception-chardonsbleuschardon24-14-400x400.jpg\" alt=\"\"><\/a><\/div><div class=\"splide__slide\"><a href=\"https:\/\/www.paysdesecrins.com\/wp-content\/uploads\/2025\/07\/161chardonsbleus-chardon24-12-scaled.jpg\" data-glightbox=\"true\" class=\"lightbox-trigger\"><img decoding=\"async\" src=\"https:\/\/www.paysdesecrins.com\/wp-content\/uploads\/2025\/07\/161chardonsbleus-chardon24-12-400x400.jpg\" alt=\"\"><\/a><\/div><\/div><\/div><\/div><\/div>\n\n<div class=\"wp-block-ws-library-ws-share\"><span class=\"share-subtitle\">Ti \u00e8 piaciuta questa pagina?<\/span><span class=\"share-title\">Condividilo!<\/span><button class=\"ws-share-button wp-element-button\">Condividi questa pagina<\/button><\/div>\n","protected":false},"excerpt":{"rendered":"<p>Scoprite la riserva del cardo blu, un vero e proprio scenario floreale incastonato nel cuore della valle di Fournel. Gioiello [&hellip;]<\/p>\n","protected":false},"author":4,"featured_media":21283,"parent":45265,"menu_order":0,"comment_status":"closed","ping_status":"closed","template":"","meta":{"_thumbnail_id_2":0,"summer_excerpt":"","season":"","station":"","footnotes":""},"class_list":["post-46111","page","type-page","status-publish","has-post-thumbnail","hentry"],"yoast_head":"<!-- This site is optimized with the Yoast SEO plugin v27.3 - https:\/\/yoast.com\/product\/yoast-seo-wordpress\/ -->\n<title>Riserva del Cardo Blu - Pays des \u00c9crins - Office de Tourisme<\/title>\n<meta name=\"robots\" content=\"index, follow, max-snippet:-1, max-image-preview:large, max-video-preview:-1\" \/>\n<link rel=\"canonical\" href=\"https:\/\/www.paysdesecrins.com\/it\/scelgo\/siti-da-non-perdere\/riserva-del-cardo-blu\/\" \/>\n<meta property=\"og:locale\" content=\"it_IT\" \/>\n<meta property=\"og:type\" content=\"article\" \/>\n<meta property=\"og:title\" content=\"Riserva del Cardo Blu - Pays des \u00c9crins - Office de Tourisme\" \/>\n<meta property=\"og:description\" content=\"Scoprite la riserva del cardo blu, un vero e proprio scenario floreale incastonato nel cuore della valle di Fournel. Gioiello [&hellip;]\" \/>\n<meta property=\"og:url\" content=\"https:\/\/www.paysdesecrins.com\/it\/scelgo\/siti-da-non-perdere\/riserva-del-cardo-blu\/\" \/>\n<meta property=\"og:site_name\" content=\"Pays des \u00c9crins - Office de Tourisme\" \/>\n<meta property=\"article:modified_time\" content=\"2025-07-30T09:55:44+00:00\" \/>\n<meta property=\"og:image\" content=\"https:\/\/www.paysdesecrins.com\/wp-content\/uploads\/2025\/07\/161chardonsbleus-chardon24-12-scaled.jpg\" \/>\n\t<meta property=\"og:image:width\" content=\"1707\" \/>\n\t<meta property=\"og:image:height\" content=\"2560\" \/>\n\t<meta property=\"og:image:type\" content=\"image\/jpeg\" \/>\n<meta name=\"twitter:card\" content=\"summary_large_image\" \/>\n<meta name=\"twitter:label1\" content=\"Tempo di lettura stimato\" \/>\n\t<meta name=\"twitter:data1\" content=\"2 minuti\" \/>\n<script type=\"application\/ld+json\" class=\"yoast-schema-graph\">{\"@context\":\"https:\\\/\\\/schema.org\",\"@graph\":[{\"@type\":\"WebPage\",\"@id\":\"https:\\\/\\\/www.paysdesecrins.com\\\/it\\\/scelgo\\\/siti-da-non-perdere\\\/riserva-del-cardo-blu\\\/\",\"url\":\"https:\\\/\\\/www.paysdesecrins.com\\\/it\\\/scelgo\\\/siti-da-non-perdere\\\/riserva-del-cardo-blu\\\/\",\"name\":\"Riserva del Cardo Blu - Pays des \u00c9crins - Office de Tourisme\",\"isPartOf\":{\"@id\":\"https:\\\/\\\/www.paysdesecrins.com\\\/it\\\/#website\"},\"primaryImageOfPage\":{\"@id\":\"https:\\\/\\\/www.paysdesecrins.com\\\/it\\\/scelgo\\\/siti-da-non-perdere\\\/riserva-del-cardo-blu\\\/#primaryimage\"},\"image\":{\"@id\":\"https:\\\/\\\/www.paysdesecrins.com\\\/it\\\/scelgo\\\/siti-da-non-perdere\\\/riserva-del-cardo-blu\\\/#primaryimage\"},\"thumbnailUrl\":\"https:\\\/\\\/www.paysdesecrins.com\\\/wp-content\\\/uploads\\\/2025\\\/07\\\/161chardonsbleus-chardon24-12-scaled.jpg\",\"datePublished\":\"2025-07-22T07:16:50+00:00\",\"dateModified\":\"2025-07-30T09:55:44+00:00\",\"breadcrumb\":{\"@id\":\"https:\\\/\\\/www.paysdesecrins.com\\\/it\\\/scelgo\\\/siti-da-non-perdere\\\/riserva-del-cardo-blu\\\/#breadcrumb\"},\"inLanguage\":\"it-IT\",\"potentialAction\":[{\"@type\":\"ReadAction\",\"target\":[\"https:\\\/\\\/www.paysdesecrins.com\\\/it\\\/scelgo\\\/siti-da-non-perdere\\\/riserva-del-cardo-blu\\\/\"]}]},{\"@type\":\"ImageObject\",\"inLanguage\":\"it-IT\",\"@id\":\"https:\\\/\\\/www.paysdesecrins.com\\\/it\\\/scelgo\\\/siti-da-non-perdere\\\/riserva-del-cardo-blu\\\/#primaryimage\",\"url\":\"https:\\\/\\\/www.paysdesecrins.com\\\/wp-content\\\/uploads\\\/2025\\\/07\\\/161chardonsbleus-chardon24-12-scaled.jpg\",\"contentUrl\":\"https:\\\/\\\/www.paysdesecrins.com\\\/wp-content\\\/uploads\\\/2025\\\/07\\\/161chardonsbleus-chardon24-12-scaled.jpg\",\"width\":1707,\"height\":2560},{\"@type\":\"BreadcrumbList\",\"@id\":\"https:\\\/\\\/www.paysdesecrins.com\\\/it\\\/scelgo\\\/siti-da-non-perdere\\\/riserva-del-cardo-blu\\\/#breadcrumb\",\"itemListElement\":[{\"@type\":\"ListItem\",\"position\":1,\"name\":\"Accueil\",\"item\":\"https:\\\/\\\/www.paysdesecrins.com\\\/it\\\/il-titolo-della-casa\\\/\"},{\"@type\":\"ListItem\",\"position\":2,\"name\":\"Scelgo\",\"item\":\"https:\\\/\\\/www.paysdesecrins.com\\\/it\\\/scelgo\\\/\"},{\"@type\":\"ListItem\",\"position\":3,\"name\":\"Siti da non perdere\",\"item\":\"https:\\\/\\\/www.paysdesecrins.com\\\/it\\\/scelgo\\\/siti-da-non-perdere\\\/\"},{\"@type\":\"ListItem\",\"position\":4,\"name\":\"Riserva del Cardo Blu\"}]},{\"@type\":\"WebSite\",\"@id\":\"https:\\\/\\\/www.paysdesecrins.com\\\/it\\\/#website\",\"url\":\"https:\\\/\\\/www.paysdesecrins.com\\\/it\\\/\",\"name\":\"Pays des \u00c9crins - Office de Tourisme\",\"description\":\"L&#039;esprit montagne\",\"publisher\":{\"@id\":\"https:\\\/\\\/www.paysdesecrins.com\\\/it\\\/#organization\"},\"potentialAction\":[{\"@type\":\"SearchAction\",\"target\":{\"@type\":\"EntryPoint\",\"urlTemplate\":\"https:\\\/\\\/www.paysdesecrins.com\\\/it\\\/?s={search_term_string}\"},\"query-input\":{\"@type\":\"PropertyValueSpecification\",\"valueRequired\":true,\"valueName\":\"search_term_string\"}}],\"inLanguage\":\"it-IT\"},{\"@type\":\"Organization\",\"@id\":\"https:\\\/\\\/www.paysdesecrins.com\\\/it\\\/#organization\",\"name\":\"Pays des \u00c9crins - Office de Tourisme\",\"url\":\"https:\\\/\\\/www.paysdesecrins.com\\\/it\\\/\",\"logo\":{\"@type\":\"ImageObject\",\"inLanguage\":\"it-IT\",\"@id\":\"https:\\\/\\\/www.paysdesecrins.com\\\/it\\\/#\\\/schema\\\/logo\\\/image\\\/\",\"url\":\"https:\\\/\\\/www.paysdesecrins.com\\\/wp-content\\\/uploads\\\/2025\\\/06\\\/devina-svg-1750845694.svg\",\"contentUrl\":\"https:\\\/\\\/www.paysdesecrins.com\\\/wp-content\\\/uploads\\\/2025\\\/06\\\/devina-svg-1750845694.svg\",\"caption\":\"Pays des \u00c9crins - Office de Tourisme\"},\"image\":{\"@id\":\"https:\\\/\\\/www.paysdesecrins.com\\\/it\\\/#\\\/schema\\\/logo\\\/image\\\/\"}}]}<\/script>\n<!-- \/ Yoast SEO plugin. -->","yoast_head_json":{"title":"Riserva del Cardo Blu - Pays des \u00c9crins - Office de Tourisme","robots":{"index":"index","follow":"follow","max-snippet":"max-snippet:-1","max-image-preview":"max-image-preview:large","max-video-preview":"max-video-preview:-1"},"canonical":"https:\/\/www.paysdesecrins.com\/it\/scelgo\/siti-da-non-perdere\/riserva-del-cardo-blu\/","og_locale":"it_IT","og_type":"article","og_title":"Riserva del Cardo Blu - Pays des \u00c9crins - Office de Tourisme","og_description":"Scoprite la riserva del cardo blu, un vero e proprio scenario floreale incastonato nel cuore della valle di Fournel. Gioiello [&hellip;]","og_url":"https:\/\/www.paysdesecrins.com\/it\/scelgo\/siti-da-non-perdere\/riserva-del-cardo-blu\/","og_site_name":"Pays des \u00c9crins - Office de Tourisme","article_modified_time":"2025-07-30T09:55:44+00:00","og_image":[{"width":1707,"height":2560,"url":"https:\/\/www.paysdesecrins.com\/wp-content\/uploads\/2025\/07\/161chardonsbleus-chardon24-12-scaled.jpg","type":"image\/jpeg"}],"twitter_card":"summary_large_image","twitter_misc":{"Tempo di lettura stimato":"2 minuti"},"schema":{"@context":"https:\/\/schema.org","@graph":[{"@type":"WebPage","@id":"https:\/\/www.paysdesecrins.com\/it\/scelgo\/siti-da-non-perdere\/riserva-del-cardo-blu\/","url":"https:\/\/www.paysdesecrins.com\/it\/scelgo\/siti-da-non-perdere\/riserva-del-cardo-blu\/","name":"Riserva del Cardo Blu - Pays des \u00c9crins - Office de Tourisme","isPartOf":{"@id":"https:\/\/www.paysdesecrins.com\/it\/#website"},"primaryImageOfPage":{"@id":"https:\/\/www.paysdesecrins.com\/it\/scelgo\/siti-da-non-perdere\/riserva-del-cardo-blu\/#primaryimage"},"image":{"@id":"https:\/\/www.paysdesecrins.com\/it\/scelgo\/siti-da-non-perdere\/riserva-del-cardo-blu\/#primaryimage"},"thumbnailUrl":"https:\/\/www.paysdesecrins.com\/wp-content\/uploads\/2025\/07\/161chardonsbleus-chardon24-12-scaled.jpg","datePublished":"2025-07-22T07:16:50+00:00","dateModified":"2025-07-30T09:55:44+00:00","breadcrumb":{"@id":"https:\/\/www.paysdesecrins.com\/it\/scelgo\/siti-da-non-perdere\/riserva-del-cardo-blu\/#breadcrumb"},"inLanguage":"it-IT","potentialAction":[{"@type":"ReadAction","target":["https:\/\/www.paysdesecrins.com\/it\/scelgo\/siti-da-non-perdere\/riserva-del-cardo-blu\/"]}]},{"@type":"ImageObject","inLanguage":"it-IT","@id":"https:\/\/www.paysdesecrins.com\/it\/scelgo\/siti-da-non-perdere\/riserva-del-cardo-blu\/#primaryimage","url":"https:\/\/www.paysdesecrins.com\/wp-content\/uploads\/2025\/07\/161chardonsbleus-chardon24-12-scaled.jpg","contentUrl":"https:\/\/www.paysdesecrins.com\/wp-content\/uploads\/2025\/07\/161chardonsbleus-chardon24-12-scaled.jpg","width":1707,"height":2560},{"@type":"BreadcrumbList","@id":"https:\/\/www.paysdesecrins.com\/it\/scelgo\/siti-da-non-perdere\/riserva-del-cardo-blu\/#breadcrumb","itemListElement":[{"@type":"ListItem","position":1,"name":"Accueil","item":"https:\/\/www.paysdesecrins.com\/it\/il-titolo-della-casa\/"},{"@type":"ListItem","position":2,"name":"Scelgo","item":"https:\/\/www.paysdesecrins.com\/it\/scelgo\/"},{"@type":"ListItem","position":3,"name":"Siti da non perdere","item":"https:\/\/www.paysdesecrins.com\/it\/scelgo\/siti-da-non-perdere\/"},{"@type":"ListItem","position":4,"name":"Riserva del Cardo Blu"}]},{"@type":"WebSite","@id":"https:\/\/www.paysdesecrins.com\/it\/#website","url":"https:\/\/www.paysdesecrins.com\/it\/","name":"Pays des \u00c9crins - Office de Tourisme","description":"L&#039;esprit montagne","publisher":{"@id":"https:\/\/www.paysdesecrins.com\/it\/#organization"},"potentialAction":[{"@type":"SearchAction","target":{"@type":"EntryPoint","urlTemplate":"https:\/\/www.paysdesecrins.com\/it\/?s={search_term_string}"},"query-input":{"@type":"PropertyValueSpecification","valueRequired":true,"valueName":"search_term_string"}}],"inLanguage":"it-IT"},{"@type":"Organization","@id":"https:\/\/www.paysdesecrins.com\/it\/#organization","name":"Pays des \u00c9crins - Office de Tourisme","url":"https:\/\/www.paysdesecrins.com\/it\/","logo":{"@type":"ImageObject","inLanguage":"it-IT","@id":"https:\/\/www.paysdesecrins.com\/it\/#\/schema\/logo\/image\/","url":"https:\/\/www.paysdesecrins.com\/wp-content\/uploads\/2025\/06\/devina-svg-1750845694.svg","contentUrl":"https:\/\/www.paysdesecrins.com\/wp-content\/uploads\/2025\/06\/devina-svg-1750845694.svg","caption":"Pays des \u00c9crins - Office de Tourisme"},"image":{"@id":"https:\/\/www.paysdesecrins.com\/it\/#\/schema\/logo\/image\/"}}]}},"_links":{"self":[{"href":"https:\/\/www.paysdesecrins.com\/it\/wp-json\/wp\/v2\/pages\/46111","targetHints":{"allow":["GET"]}}],"collection":[{"href":"https:\/\/www.paysdesecrins.com\/it\/wp-json\/wp\/v2\/pages"}],"about":[{"href":"https:\/\/www.paysdesecrins.com\/it\/wp-json\/wp\/v2\/types\/page"}],"author":[{"embeddable":true,"href":"https:\/\/www.paysdesecrins.com\/it\/wp-json\/wp\/v2\/users\/4"}],"replies":[{"embeddable":true,"href":"https:\/\/www.paysdesecrins.com\/it\/wp-json\/wp\/v2\/comments?post=46111"}],"version-history":[{"count":0,"href":"https:\/\/www.paysdesecrins.com\/it\/wp-json\/wp\/v2\/pages\/46111\/revisions"}],"up":[{"embeddable":true,"href":"https:\/\/www.paysdesecrins.com\/it\/wp-json\/wp\/v2\/pages\/45265"}],"wp:featuredmedia":[{"embeddable":true,"href":"https:\/\/www.paysdesecrins.com\/it\/wp-json\/wp\/v2\/media\/21283"}],"wp:attachment":[{"href":"https:\/\/www.paysdesecrins.com\/it\/wp-json\/wp\/v2\/media?parent=46111"}],"curies":[{"name":"wp","href":"https:\/\/api.w.org\/{rel}","templated":true}]}}