{"id":46117,"date":"2025-07-21T16:51:12","date_gmt":"2025-07-21T14:51:12","guid":{"rendered":"https:\/\/www.paysdesecrins.com\/siti-da-non-perdere\/pre-de-madame-carle-parc-national-des-ecrins\/"},"modified":"2025-08-08T09:51:03","modified_gmt":"2025-08-08T07:51:03","slug":"pre-de-madame-carle-parc-national-des-ecrins","status":"publish","type":"page","link":"https:\/\/www.paysdesecrins.com\/it\/scelgo\/siti-da-non-perdere\/pre-de-madame-carle-parc-national-des-ecrins\/","title":{"rendered":"Pr\u00e9 de Madame Carle \u2013 Parco Nazionale degli \u00c9crins"},"content":{"rendered":"    <div class=\"alignfull wp-block-ws-library-ws-header-interne\" data-season=\"summer\">\n\t    <div class=\"header-container\">\n\t        <div class=\"group-media has-image\">\n\t            \t                <img loading=\"lazy\" decoding=\"async\" width=\"1920\" height=\"800\" src=\"https:\/\/www.paysdesecrins.com\/wp-content\/uploads\/2025\/07\/ailefroide-bertrand-bodin-1920x800.jpg\" alt=\"\" class=\"image_large_square wp-image-29943\" \/>\n\t            \t        <\/div>\n\t        <div class=\"group-content\">\n\t            <div class=\"title\">\n\t                <h1>\n\t                    Pr\u00e9 de Madame Carle \u2013\t                    \t                        Parco Nazionale degli \u00c9crins\t                    \t                <\/h1>\n\t            <\/div>\n\t        <\/div>\n\t    <\/div>\n\t    \n<div class=\"yoast-breadcrumbs\"><span><span><a href=\"https:\/\/www.paysdesecrins.com\/it\/il-titolo-della-casa\/\">Accueil<\/a><\/span>  <span><a href=\"https:\/\/www.paysdesecrins.com\/it\/scelgo\/\">Scelgo<\/a><\/span>  <span><a href=\"https:\/\/www.paysdesecrins.com\/it\/scelgo\/siti-da-non-perdere\/\">Siti da non perdere<\/a><\/span>  <span class=\"breadcrumb_last\" aria-current=\"page\">Pr\u00e9 de Madame Carle \u2013 Parco Nazionale degli \u00c9crins<\/span><\/span><\/div>\n    <\/div>\n        <div class=\"alignfull wp-block-ws-library-ws-header-interne\" data-season=\"winter\">\n\t    <div class=\"header-container\">\n\t        <div class=\"group-media has-image\">\n\t            \t                <img loading=\"lazy\" decoding=\"async\" width=\"1920\" height=\"800\" src=\"https:\/\/www.paysdesecrins.com\/wp-content\/uploads\/2025\/07\/pre-de-madame-carle-en-ski-25-1-1920x800.jpg\" alt=\"\" class=\"image_large_square wp-image-31078\" \/>\n\t            \t        <\/div>\n\t        <div class=\"group-content\">\n\t            <div class=\"title\">\n\t                <h1>\n\t                    Pr\u00e9 de Madame Carle \u2013\t                    \t                        Parco Nazionale degli \u00c9crins\t                    \t                <\/h1>\n\t            <\/div>\n\t        <\/div>\n\t    <\/div>\n\t    \n<div class=\"yoast-breadcrumbs\"><span><span><a href=\"https:\/\/www.paysdesecrins.com\/it\/il-titolo-della-casa\/\">Accueil<\/a><\/span>  <span><a href=\"https:\/\/www.paysdesecrins.com\/it\/scelgo\/\">Scelgo<\/a><\/span>  <span><a href=\"https:\/\/www.paysdesecrins.com\/it\/scelgo\/siti-da-non-perdere\/\">Siti da non perdere<\/a><\/span>  <span class=\"breadcrumb_last\" aria-current=\"page\">Pr\u00e9 de Madame Carle \u2013 Parco Nazionale degli \u00c9crins<\/span><\/span><\/div>\n    <\/div>\n    \n<div class=\"wp-block-ws-library-ws-title aligncenter\"><h2><em>Pr\u00e9 de Madame Carle: <\/em>porta d&#8217;accesso ai ghiacciai degli \u00c9crins<\/h2><\/div>\n\n<p data-season=\"summer\">Fine della strada, inizio dell&#8217;avventura. Situato alla fine della valle della Vallouise, il Pr\u00e9 de Madame Carle \u00e8 un sito emblematico del Parco Nazionale degli \u00c9crins, situato a 1.874 m di altitudine. Qui vi aspettano panorami glaciali e vette leggendarie.  <br\/><\/p>\n\n<p data-season=\"winter\">Sepolto sotto la neve, il prato di Madame Carle diventa un mondo a parte. A 1.874 m di altitudine, questo mitico sito del Parco Nazionale degli \u00c9crins offre uno scenario ghiacciato di vette leggendarie e silenzio puro.<br\/>Qui iniziano le grandi avventure invernali, verso la Barre, il D\u00f4me o l&#8217;Agneaux&#8230; per chi \u00e8 impegnato, ramponi ai piedi e cuore spalancato.<br\/>\ud83d\udcf8 #PreDeMadameCarle   <\/p>\n\n<p data-season=\"winter\"><\/p>\n\n<div class=\"wp-block-ws-library-ws-banner alignfull alignwide\" data-season=\"summer\"><div class=\"wrapper\"><div class=\"group-media\"><img loading=\"lazy\" decoding=\"async\" width=\"2560\" height=\"1707\" src=\"https:\/\/www.paysdesecrins.com\/wp-content\/uploads\/2025\/07\/16sitesdexception-predemadamecarlepre-de-madame-carle-en-ski-10-scaled.jpg\" alt=\"\" class=\"single_image wp-image-21525\" srcset=\"https:\/\/www.paysdesecrins.com\/wp-content\/uploads\/2025\/07\/16sitesdexception-predemadamecarlepre-de-madame-carle-en-ski-10-scaled.jpg 2560w, https:\/\/www.paysdesecrins.com\/wp-content\/uploads\/2025\/07\/16sitesdexception-predemadamecarlepre-de-madame-carle-en-ski-10-300x200.jpg 300w, https:\/\/www.paysdesecrins.com\/wp-content\/uploads\/2025\/07\/16sitesdexception-predemadamecarlepre-de-madame-carle-en-ski-10-1024x683.jpg 1024w, https:\/\/www.paysdesecrins.com\/wp-content\/uploads\/2025\/07\/16sitesdexception-predemadamecarlepre-de-madame-carle-en-ski-10-768x512.jpg 768w, https:\/\/www.paysdesecrins.com\/wp-content\/uploads\/2025\/07\/16sitesdexception-predemadamecarlepre-de-madame-carle-en-ski-10-1536x1024.jpg 1536w, https:\/\/www.paysdesecrins.com\/wp-content\/uploads\/2025\/07\/16sitesdexception-predemadamecarlepre-de-madame-carle-en-ski-10-2048x1366.jpg 2048w, https:\/\/www.paysdesecrins.com\/wp-content\/uploads\/2025\/07\/16sitesdexception-predemadamecarlepre-de-madame-carle-en-ski-10-960x640.jpg 960w\" sizes=\"auto, (max-width: 2560px) 100vw, 2560px\" \/><\/div>\n<div class=\"group-content\"><div class=\"wp-block-ws-library-ws-title\" data-season=\"summer\"><h3><strong>Un sito eccezionale per escursionisti e alpinisti<\/strong><\/h3><\/div><p data-season=\"summer\">Questo altopiano glaciale \u00e8 il punto di partenza imperdibile per le grandi corse alla Barre des \u00c9crins <br>(4.102 m), il D\u00f4me des \u00c9crins, la Roche Faurio o l&#8217;Agneaux. \u00c8 facilmente raggiungibile da Ailefroide tramite una strada costruita nel 1938. Ogni estate, migliaia di visitatori vengono a contemplare le morene, testimoni della spettacolare ritirata del Ghiacciaio Bianco.  <br>\ud83d\udcf2 Per arricchire la tua visita, scarica l&#8217;app LegendR: lettura del paesaggio e quiz sulla storia locale e l&#8217;alpinismo.<\/p><p><\/p><div class=\"wp-block-ws-library-ws-title\" data-season=\"summer\"><h3><strong>Accesso &amp; Rifugi<\/strong><\/h3><\/div><p data-season=\"summer\">Parcheggio Glacier Blanc (fine strada) <br>Controlla il meteo, preparati (ramponi, giacca calda, borraccia) e parti presto. Rispetta le indicazioni del Parco Nazionale: sentieri segnalati, fauna protetta, sito fragile. <br><br>Rifugi in loco:<\/p><ul class=\"wp-block-list\">\n<li data-season=\"summer\">Refuge C\u00e9zanne (au Pr\u00e9): pausa ristoratrice<\/li>\n\n\n\n<li data-season=\"summer\">Rifugio Ghiacciaio Bianco (2.542 m): sosta ideale prima delle vette<\/li>\n\n\n\n<li data-season=\"summer\">Refuge des \u00c9crins: campo base per le spedizioni<br><\/li>\n<\/ul><\/div>\n\n\n\n\n\n\n\n\n\n\n\n\n\n\n\n\n\n\n\n\n<\/div><\/div>\n\n<div class=\"wp-block-ws-library-ws-banner alignfull alignwide\" data-season=\"winter\"><div class=\"wrapper\"><div class=\"group-media\"><img loading=\"lazy\" decoding=\"async\" width=\"1920\" height=\"480\" src=\"https:\/\/www.paysdesecrins.com\/wp-content\/uploads\/2025\/07\/pre-mme-carle-bosse-de-la-momie-24-1920x480.jpg\" alt=\"\" class=\"single_image wp-image-31225\"><\/div>\n<div class=\"group-content\"><div class=\"wp-block-ws-library-ws-title\" data-season=\"winter\"><h3><strong>Storia e leggenda<\/strong><\/h3><\/div><p data-season=\"winter\">Le storie locali aggiungono una dimensione magica alla vostra visita: si narra che Madame Carle, la moglie infedele di un signore di Grenoble, abbia fatto una tragica fine in fondo a questa valle. Geloso, il marito avrebbe privato il loro mulo di acqua e cibo, conducendola al torrente Saint-Pierre dove Madame Carle scomparve per sempre. Da allora, si sussurra che il suo spirito aleggia sulla pianura, invitando alla cautela e alla contemplazione rispettosa della natura.  <br>\ud83d\udcf8 #PreDeMadameCarle  <\/p><\/div>\n\n\n\n\n<\/div><\/div>\n\n<div class=\"wp-block-ws-library-ws-video\"><div class=\"wrapper\"><div class=\"group-media\">\n<figure class=\"wp-block-embed is-type-video is-provider-youtube wp-block-embed-youtube\"><div class=\"wp-block-embed__wrapper\">\n<iframe loading=\"lazy\" title=\"Ailefroide - Pr\u00e9 de Madame Carle\" width=\"500\" height=\"281\" src=\"https:\/\/www.youtube.com\/embed\/0gkr2-Vn9m0?feature=oembed\" frameborder=\"0\" allow=\"accelerometer; autoplay; clipboard-write; encrypted-media; gyroscope; picture-in-picture; web-share\" referrerpolicy=\"strict-origin-when-cross-origin\" allowfullscreen><\/iframe>\n<\/div><\/figure>\n<\/div><\/div><\/div>\n\n<div class=\"wp-block-ws-library-ws-title\" data-season=\"summer\"><h3><em>Storia e leggenda<\/em><br>La signora Carle<\/h3><\/div>\n\n<p data-season=\"summer\">Le storie locali aggiungono una dimensione magica alla vostra visita: si narra che Madame Carle, la moglie infedele di un signore di Grenoble, abbia fatto una tragica fine in fondo a questa valle. Geloso, il marito avrebbe privato il loro mulo di acqua e cibo, conducendola al torrente Saint-Pierre dove Madame Carle scomparve per sempre. Da allora, si sussurra che il suo spirito aleggia sulla pianura, invitando alla cautela e alla contemplazione rispettosa della natura.  <br\/>\ud83d\udcf8 #PreDeMadameCarle<\/p>\n\n<div class=\"wp-block-ws-library-ws-slider alignfull\" data-season=\"summer\"><div class=\"splide\" data-splide=\"{\"type\":\"slide\",\"heightRatio\":\"auto\",\"perPage\":4,\"perMove\":1,\"drag\":true,\"pagination\":0,\"autoplay\":false,\"gap\":\"15px\",\"breakpoints\":{\"450\":{\"perPage\":1},\"768\":{\"perPage\":2},\"992\":{\"perPage\":3},\"1200\":{\"perPage\":4}}}\"><div class=\"splide__track\"><div class=\"splide__list\"><div class=\"splide__slide\"><a href=\"https:\/\/www.paysdesecrins.com\/wp-content\/uploads\/2025\/07\/ailefroide-bertrand-bodin-1-scaled.jpg\" data-glightbox=\"true\" class=\"lightbox-trigger\"><img decoding=\"async\" src=\"https:\/\/www.paysdesecrins.com\/wp-content\/uploads\/2025\/07\/ailefroide-bertrand-bodin-1-400x400.jpg\" alt=\"\"><\/a><\/div><div class=\"splide__slide\"><a href=\"https:\/\/www.paysdesecrins.com\/wp-content\/uploads\/2025\/07\/16sitesdexception-predemadamecarlepaysages-pre-de-mme-carle-n-1-scaled.jpg\" data-glightbox=\"true\" class=\"lightbox-trigger\"><img decoding=\"async\" src=\"https:\/\/www.paysdesecrins.com\/wp-content\/uploads\/2025\/07\/16sitesdexception-predemadamecarlepaysages-pre-de-mme-carle-n-1-400x400.jpg\" alt=\"\"><\/a><\/div><div class=\"splide__slide\"><a href=\"https:\/\/www.paysdesecrins.com\/wp-content\/uploads\/2025\/07\/07-19-24-randonne-e-ffcam-30-scaled.jpg\" data-glightbox=\"true\" class=\"lightbox-trigger\"><img decoding=\"async\" src=\"https:\/\/www.paysdesecrins.com\/wp-content\/uploads\/2025\/07\/07-19-24-randonne-e-ffcam-30-400x400.jpg\" alt=\"\"><\/a><\/div><div class=\"splide__slide\"><a href=\"https:\/\/www.paysdesecrins.com\/wp-content\/uploads\/2025\/07\/glacier-noir-randonnee-thibaut-blais-3-400x400.jpg\" data-glightbox=\"true\" class=\"lightbox-trigger\"><img decoding=\"async\" src=\"https:\/\/www.paysdesecrins.com\/wp-content\/uploads\/2025\/07\/glacier-noir-randonnee-thibaut-blais-3-400x400.jpg\" alt=\"\"><\/a><\/div><div class=\"splide__slide\"><a href=\"https:\/\/www.paysdesecrins.com\/wp-content\/uploads\/2025\/07\/glacier-noir-randonnee-thibaut-blais-27-grande-1-400x400.jpeg\" data-glightbox=\"true\" class=\"lightbox-trigger\"><img decoding=\"async\" src=\"https:\/\/www.paysdesecrins.com\/wp-content\/uploads\/2025\/07\/glacier-noir-randonnee-thibaut-blais-27-grande-1-400x400.jpeg\" alt=\"\"><\/a><\/div><div class=\"splide__slide\"><a href=\"https:\/\/www.paysdesecrins.com\/wp-content\/uploads\/2025\/07\/glacier-noir-randonnee-thibaut-blais-32-grande-1-400x400.jpeg\" data-glightbox=\"true\" class=\"lightbox-trigger\"><img decoding=\"async\" src=\"https:\/\/www.paysdesecrins.com\/wp-content\/uploads\/2025\/07\/glacier-noir-randonnee-thibaut-blais-32-grande-1-400x400.jpeg\" alt=\"\"><\/a><\/div><\/div><\/div><\/div><\/div>\n\n<div class=\"wp-block-ws-library-ws-slider alignfull\" data-season=\"winter\"><div class=\"splide\" data-splide=\"{\"type\":\"slide\",\"heightRatio\":\"auto\",\"perPage\":4,\"perMove\":1,\"drag\":true,\"pagination\":0,\"autoplay\":false,\"gap\":\"15px\",\"breakpoints\":{\"450\":{\"perPage\":1},\"768\":{\"perPage\":2},\"992\":{\"perPage\":3},\"1200\":{\"perPage\":4}}}\"><div class=\"splide__track\"><div class=\"splide__list\"><div class=\"splide__slide\"><a href=\"https:\/\/www.paysdesecrins.com\/wp-content\/uploads\/2025\/07\/pre-de-madame-carle-en-ski-95-1-scaled.jpg\" data-glightbox=\"true\" class=\"lightbox-trigger\"><img decoding=\"async\" src=\"https:\/\/www.paysdesecrins.com\/wp-content\/uploads\/2025\/07\/pre-de-madame-carle-en-ski-95-1-400x400.jpg\" alt=\"\"><\/a><\/div><div class=\"splide__slide\"><a href=\"https:\/\/www.paysdesecrins.com\/wp-content\/uploads\/2025\/07\/pre-de-madame-carle-en-ski-78-scaled.jpg\" data-glightbox=\"true\" class=\"lightbox-trigger\"><img decoding=\"async\" src=\"https:\/\/www.paysdesecrins.com\/wp-content\/uploads\/2025\/07\/pre-de-madame-carle-en-ski-78-400x400.jpg\" alt=\"\"><\/a><\/div><div class=\"splide__slide\"><a href=\"https:\/\/www.paysdesecrins.com\/wp-content\/uploads\/2025\/07\/pre-de-madame-carle-en-ski-57-scaled.jpg\" data-glightbox=\"true\" class=\"lightbox-trigger\"><img decoding=\"async\" src=\"https:\/\/www.paysdesecrins.com\/wp-content\/uploads\/2025\/07\/pre-de-madame-carle-en-ski-57-400x400.jpg\" alt=\"\"><\/a><\/div><div class=\"splide__slide\"><a href=\"https:\/\/www.paysdesecrins.com\/wp-content\/uploads\/2025\/07\/pre-de-madame-carle-en-ski-33-scaled.jpg\" data-glightbox=\"true\" class=\"lightbox-trigger\"><img decoding=\"async\" src=\"https:\/\/www.paysdesecrins.com\/wp-content\/uploads\/2025\/07\/pre-de-madame-carle-en-ski-33-400x400.jpg\" alt=\"\"><\/a><\/div><div class=\"splide__slide\"><a href=\"https:\/\/www.paysdesecrins.com\/wp-content\/uploads\/2025\/07\/pre-de-madame-carle-en-ski-25-1-scaled.jpg\" data-glightbox=\"true\" class=\"lightbox-trigger\"><img decoding=\"async\" src=\"https:\/\/www.paysdesecrins.com\/wp-content\/uploads\/2025\/07\/pre-de-madame-carle-en-ski-25-1-400x400.jpg\" alt=\"\"><\/a><\/div><div class=\"splide__slide\"><a href=\"https:\/\/www.paysdesecrins.com\/wp-content\/uploads\/2025\/07\/pre-de-madame-carle-en-ski-95-scaled.jpg\" data-glightbox=\"true\" class=\"lightbox-trigger\"><img decoding=\"async\" src=\"https:\/\/www.paysdesecrins.com\/wp-content\/uploads\/2025\/07\/pre-de-madame-carle-en-ski-95-400x400.jpg\" alt=\"\"><\/a><\/div><div class=\"splide__slide\"><a href=\"https:\/\/www.paysdesecrins.com\/wp-content\/uploads\/2025\/07\/pre-de-madame-carle-en-ski-81-scaled.jpg\" data-glightbox=\"true\" class=\"lightbox-trigger\"><img decoding=\"async\" src=\"https:\/\/www.paysdesecrins.com\/wp-content\/uploads\/2025\/07\/pre-de-madame-carle-en-ski-81-400x400.jpg\" alt=\"\"><\/a><\/div><\/div><\/div><\/div><\/div>\n\n<div class=\"wp-block-ws-library-ws-share\"><span class=\"share-subtitle\">Ti \u00e8 piaciuta questa pagina?<\/span><span class=\"share-title\">Condividilo!<\/span><button class=\"ws-share-button wp-element-button\">Condividi questa pagina<\/button><\/div>\n","protected":false},"excerpt":{"rendered":"<p>Fine della strada, inizio dell&#8217;avventura. Situato alla fine della valle della Vallouise, il Pr\u00e9 de Madame Carle \u00e8 un sito [&hellip;]<\/p>\n","protected":false},"author":4,"featured_media":29985,"parent":45265,"menu_order":0,"comment_status":"closed","ping_status":"closed","template":"","meta":{"_thumbnail_id_2":0,"summer_excerpt":"","season":"","station":"","footnotes":""},"class_list":["post-46117","page","type-page","status-publish","has-post-thumbnail","hentry"],"yoast_head":"<!-- This site is optimized with the Yoast SEO plugin v27.3 - https:\/\/yoast.com\/product\/yoast-seo-wordpress\/ -->\n<title>Pr\u00e9 de Madame Carle - Parco Nazionale degli \u00c9crins - Pays des \u00c9crins - Office de Tourisme<\/title>\n<meta name=\"robots\" content=\"index, follow, max-snippet:-1, max-image-preview:large, max-video-preview:-1\" \/>\n<link rel=\"canonical\" href=\"https:\/\/www.paysdesecrins.com\/it\/scelgo\/siti-da-non-perdere\/pre-de-madame-carle-parc-national-des-ecrins\/\" \/>\n<meta property=\"og:locale\" content=\"it_IT\" \/>\n<meta property=\"og:type\" content=\"article\" \/>\n<meta property=\"og:title\" content=\"Pr\u00e9 de Madame Carle - Parco Nazionale degli \u00c9crins - Pays des \u00c9crins - Office de Tourisme\" \/>\n<meta property=\"og:description\" content=\"Fine della strada, inizio dell&#8217;avventura. Situato alla fine della valle della Vallouise, il Pr\u00e9 de Madame Carle \u00e8 un sito [&hellip;]\" \/>\n<meta property=\"og:url\" content=\"https:\/\/www.paysdesecrins.com\/it\/scelgo\/siti-da-non-perdere\/pre-de-madame-carle-parc-national-des-ecrins\/\" \/>\n<meta property=\"og:site_name\" content=\"Pays des \u00c9crins - Office de Tourisme\" \/>\n<meta property=\"article:modified_time\" content=\"2025-08-08T07:51:03+00:00\" \/>\n<meta property=\"og:image\" content=\"https:\/\/www.paysdesecrins.com\/wp-content\/uploads\/2025\/07\/ailefroide-bertrand-bodin-1-scaled.jpg\" \/>\n\t<meta property=\"og:image:width\" content=\"2560\" \/>\n\t<meta property=\"og:image:height\" content=\"853\" \/>\n\t<meta property=\"og:image:type\" content=\"image\/jpeg\" \/>\n<meta name=\"twitter:card\" content=\"summary_large_image\" \/>\n<meta name=\"twitter:label1\" content=\"Tempo di lettura stimato\" \/>\n\t<meta name=\"twitter:data1\" content=\"2 minuti\" \/>\n<script type=\"application\/ld+json\" class=\"yoast-schema-graph\">{\"@context\":\"https:\\\/\\\/schema.org\",\"@graph\":[{\"@type\":\"WebPage\",\"@id\":\"https:\\\/\\\/www.paysdesecrins.com\\\/it\\\/scelgo\\\/siti-da-non-perdere\\\/pre-de-madame-carle-parc-national-des-ecrins\\\/\",\"url\":\"https:\\\/\\\/www.paysdesecrins.com\\\/it\\\/scelgo\\\/siti-da-non-perdere\\\/pre-de-madame-carle-parc-national-des-ecrins\\\/\",\"name\":\"Pr\u00e9 de Madame Carle - Parco Nazionale degli \u00c9crins - Pays des \u00c9crins - Office de Tourisme\",\"isPartOf\":{\"@id\":\"https:\\\/\\\/www.paysdesecrins.com\\\/it\\\/#website\"},\"primaryImageOfPage\":{\"@id\":\"https:\\\/\\\/www.paysdesecrins.com\\\/it\\\/scelgo\\\/siti-da-non-perdere\\\/pre-de-madame-carle-parc-national-des-ecrins\\\/#primaryimage\"},\"image\":{\"@id\":\"https:\\\/\\\/www.paysdesecrins.com\\\/it\\\/scelgo\\\/siti-da-non-perdere\\\/pre-de-madame-carle-parc-national-des-ecrins\\\/#primaryimage\"},\"thumbnailUrl\":\"https:\\\/\\\/www.paysdesecrins.com\\\/wp-content\\\/uploads\\\/2025\\\/07\\\/ailefroide-bertrand-bodin-1-scaled.jpg\",\"datePublished\":\"2025-07-21T14:51:12+00:00\",\"dateModified\":\"2025-08-08T07:51:03+00:00\",\"breadcrumb\":{\"@id\":\"https:\\\/\\\/www.paysdesecrins.com\\\/it\\\/scelgo\\\/siti-da-non-perdere\\\/pre-de-madame-carle-parc-national-des-ecrins\\\/#breadcrumb\"},\"inLanguage\":\"it-IT\",\"potentialAction\":[{\"@type\":\"ReadAction\",\"target\":[\"https:\\\/\\\/www.paysdesecrins.com\\\/it\\\/scelgo\\\/siti-da-non-perdere\\\/pre-de-madame-carle-parc-national-des-ecrins\\\/\"]}]},{\"@type\":\"ImageObject\",\"inLanguage\":\"it-IT\",\"@id\":\"https:\\\/\\\/www.paysdesecrins.com\\\/it\\\/scelgo\\\/siti-da-non-perdere\\\/pre-de-madame-carle-parc-national-des-ecrins\\\/#primaryimage\",\"url\":\"https:\\\/\\\/www.paysdesecrins.com\\\/wp-content\\\/uploads\\\/2025\\\/07\\\/ailefroide-bertrand-bodin-1-scaled.jpg\",\"contentUrl\":\"https:\\\/\\\/www.paysdesecrins.com\\\/wp-content\\\/uploads\\\/2025\\\/07\\\/ailefroide-bertrand-bodin-1-scaled.jpg\",\"width\":2560,\"height\":853,\"caption\":\"Hautes-Alpes (05), Parc national des Ecrins, Pelvoux, Pr\u00e9 de Madame Carles, Alexandre Puech, accompagnateur en moyenne montagne, randonn\u00e9e vers le refuge du Glacier Blanc \\\/\\\/ Hautes-Alpes (05), Ecrins National Park, Pelvoux, Pr\u00e9 de Madame Carles, Alexandre Puech, mountain guide, hiking to the Glacier Blanc refuge\"},{\"@type\":\"BreadcrumbList\",\"@id\":\"https:\\\/\\\/www.paysdesecrins.com\\\/it\\\/scelgo\\\/siti-da-non-perdere\\\/pre-de-madame-carle-parc-national-des-ecrins\\\/#breadcrumb\",\"itemListElement\":[{\"@type\":\"ListItem\",\"position\":1,\"name\":\"Accueil\",\"item\":\"https:\\\/\\\/www.paysdesecrins.com\\\/it\\\/il-titolo-della-casa\\\/\"},{\"@type\":\"ListItem\",\"position\":2,\"name\":\"Scelgo\",\"item\":\"https:\\\/\\\/www.paysdesecrins.com\\\/it\\\/scelgo\\\/\"},{\"@type\":\"ListItem\",\"position\":3,\"name\":\"Siti da non perdere\",\"item\":\"https:\\\/\\\/www.paysdesecrins.com\\\/it\\\/scelgo\\\/siti-da-non-perdere\\\/\"},{\"@type\":\"ListItem\",\"position\":4,\"name\":\"Pr\u00e9 de Madame Carle \u2013 Parco Nazionale degli \u00c9crins\"}]},{\"@type\":\"WebSite\",\"@id\":\"https:\\\/\\\/www.paysdesecrins.com\\\/it\\\/#website\",\"url\":\"https:\\\/\\\/www.paysdesecrins.com\\\/it\\\/\",\"name\":\"Pays des \u00c9crins - Office de Tourisme\",\"description\":\"L&#039;esprit montagne\",\"publisher\":{\"@id\":\"https:\\\/\\\/www.paysdesecrins.com\\\/it\\\/#organization\"},\"potentialAction\":[{\"@type\":\"SearchAction\",\"target\":{\"@type\":\"EntryPoint\",\"urlTemplate\":\"https:\\\/\\\/www.paysdesecrins.com\\\/it\\\/?s={search_term_string}\"},\"query-input\":{\"@type\":\"PropertyValueSpecification\",\"valueRequired\":true,\"valueName\":\"search_term_string\"}}],\"inLanguage\":\"it-IT\"},{\"@type\":\"Organization\",\"@id\":\"https:\\\/\\\/www.paysdesecrins.com\\\/it\\\/#organization\",\"name\":\"Pays des \u00c9crins - Office de Tourisme\",\"url\":\"https:\\\/\\\/www.paysdesecrins.com\\\/it\\\/\",\"logo\":{\"@type\":\"ImageObject\",\"inLanguage\":\"it-IT\",\"@id\":\"https:\\\/\\\/www.paysdesecrins.com\\\/it\\\/#\\\/schema\\\/logo\\\/image\\\/\",\"url\":\"https:\\\/\\\/www.paysdesecrins.com\\\/wp-content\\\/uploads\\\/2025\\\/06\\\/devina-svg-1750845694.svg\",\"contentUrl\":\"https:\\\/\\\/www.paysdesecrins.com\\\/wp-content\\\/uploads\\\/2025\\\/06\\\/devina-svg-1750845694.svg\",\"caption\":\"Pays des \u00c9crins - Office de Tourisme\"},\"image\":{\"@id\":\"https:\\\/\\\/www.paysdesecrins.com\\\/it\\\/#\\\/schema\\\/logo\\\/image\\\/\"}}]}<\/script>\n<!-- \/ Yoast SEO plugin. -->","yoast_head_json":{"title":"Pr\u00e9 de Madame Carle - Parco Nazionale degli \u00c9crins - Pays des \u00c9crins - Office de Tourisme","robots":{"index":"index","follow":"follow","max-snippet":"max-snippet:-1","max-image-preview":"max-image-preview:large","max-video-preview":"max-video-preview:-1"},"canonical":"https:\/\/www.paysdesecrins.com\/it\/scelgo\/siti-da-non-perdere\/pre-de-madame-carle-parc-national-des-ecrins\/","og_locale":"it_IT","og_type":"article","og_title":"Pr\u00e9 de Madame Carle - Parco Nazionale degli \u00c9crins - Pays des \u00c9crins - Office de Tourisme","og_description":"Fine della strada, inizio dell&#8217;avventura. Situato alla fine della valle della Vallouise, il Pr\u00e9 de Madame Carle \u00e8 un sito [&hellip;]","og_url":"https:\/\/www.paysdesecrins.com\/it\/scelgo\/siti-da-non-perdere\/pre-de-madame-carle-parc-national-des-ecrins\/","og_site_name":"Pays des \u00c9crins - Office de Tourisme","article_modified_time":"2025-08-08T07:51:03+00:00","og_image":[{"width":2560,"height":853,"url":"https:\/\/www.paysdesecrins.com\/wp-content\/uploads\/2025\/07\/ailefroide-bertrand-bodin-1-scaled.jpg","type":"image\/jpeg"}],"twitter_card":"summary_large_image","twitter_misc":{"Tempo di lettura stimato":"2 minuti"},"schema":{"@context":"https:\/\/schema.org","@graph":[{"@type":"WebPage","@id":"https:\/\/www.paysdesecrins.com\/it\/scelgo\/siti-da-non-perdere\/pre-de-madame-carle-parc-national-des-ecrins\/","url":"https:\/\/www.paysdesecrins.com\/it\/scelgo\/siti-da-non-perdere\/pre-de-madame-carle-parc-national-des-ecrins\/","name":"Pr\u00e9 de Madame Carle - Parco Nazionale degli \u00c9crins - Pays des \u00c9crins - Office de Tourisme","isPartOf":{"@id":"https:\/\/www.paysdesecrins.com\/it\/#website"},"primaryImageOfPage":{"@id":"https:\/\/www.paysdesecrins.com\/it\/scelgo\/siti-da-non-perdere\/pre-de-madame-carle-parc-national-des-ecrins\/#primaryimage"},"image":{"@id":"https:\/\/www.paysdesecrins.com\/it\/scelgo\/siti-da-non-perdere\/pre-de-madame-carle-parc-national-des-ecrins\/#primaryimage"},"thumbnailUrl":"https:\/\/www.paysdesecrins.com\/wp-content\/uploads\/2025\/07\/ailefroide-bertrand-bodin-1-scaled.jpg","datePublished":"2025-07-21T14:51:12+00:00","dateModified":"2025-08-08T07:51:03+00:00","breadcrumb":{"@id":"https:\/\/www.paysdesecrins.com\/it\/scelgo\/siti-da-non-perdere\/pre-de-madame-carle-parc-national-des-ecrins\/#breadcrumb"},"inLanguage":"it-IT","potentialAction":[{"@type":"ReadAction","target":["https:\/\/www.paysdesecrins.com\/it\/scelgo\/siti-da-non-perdere\/pre-de-madame-carle-parc-national-des-ecrins\/"]}]},{"@type":"ImageObject","inLanguage":"it-IT","@id":"https:\/\/www.paysdesecrins.com\/it\/scelgo\/siti-da-non-perdere\/pre-de-madame-carle-parc-national-des-ecrins\/#primaryimage","url":"https:\/\/www.paysdesecrins.com\/wp-content\/uploads\/2025\/07\/ailefroide-bertrand-bodin-1-scaled.jpg","contentUrl":"https:\/\/www.paysdesecrins.com\/wp-content\/uploads\/2025\/07\/ailefroide-bertrand-bodin-1-scaled.jpg","width":2560,"height":853,"caption":"Hautes-Alpes (05), Parc national des Ecrins, Pelvoux, Pr\u00e9 de Madame Carles, Alexandre Puech, accompagnateur en moyenne montagne, randonn\u00e9e vers le refuge du Glacier Blanc \/\/ Hautes-Alpes (05), Ecrins National Park, Pelvoux, Pr\u00e9 de Madame Carles, Alexandre Puech, mountain guide, hiking to the Glacier Blanc refuge"},{"@type":"BreadcrumbList","@id":"https:\/\/www.paysdesecrins.com\/it\/scelgo\/siti-da-non-perdere\/pre-de-madame-carle-parc-national-des-ecrins\/#breadcrumb","itemListElement":[{"@type":"ListItem","position":1,"name":"Accueil","item":"https:\/\/www.paysdesecrins.com\/it\/il-titolo-della-casa\/"},{"@type":"ListItem","position":2,"name":"Scelgo","item":"https:\/\/www.paysdesecrins.com\/it\/scelgo\/"},{"@type":"ListItem","position":3,"name":"Siti da non perdere","item":"https:\/\/www.paysdesecrins.com\/it\/scelgo\/siti-da-non-perdere\/"},{"@type":"ListItem","position":4,"name":"Pr\u00e9 de Madame Carle \u2013 Parco Nazionale degli \u00c9crins"}]},{"@type":"WebSite","@id":"https:\/\/www.paysdesecrins.com\/it\/#website","url":"https:\/\/www.paysdesecrins.com\/it\/","name":"Pays des \u00c9crins - Office de Tourisme","description":"L&#039;esprit montagne","publisher":{"@id":"https:\/\/www.paysdesecrins.com\/it\/#organization"},"potentialAction":[{"@type":"SearchAction","target":{"@type":"EntryPoint","urlTemplate":"https:\/\/www.paysdesecrins.com\/it\/?s={search_term_string}"},"query-input":{"@type":"PropertyValueSpecification","valueRequired":true,"valueName":"search_term_string"}}],"inLanguage":"it-IT"},{"@type":"Organization","@id":"https:\/\/www.paysdesecrins.com\/it\/#organization","name":"Pays des \u00c9crins - Office de Tourisme","url":"https:\/\/www.paysdesecrins.com\/it\/","logo":{"@type":"ImageObject","inLanguage":"it-IT","@id":"https:\/\/www.paysdesecrins.com\/it\/#\/schema\/logo\/image\/","url":"https:\/\/www.paysdesecrins.com\/wp-content\/uploads\/2025\/06\/devina-svg-1750845694.svg","contentUrl":"https:\/\/www.paysdesecrins.com\/wp-content\/uploads\/2025\/06\/devina-svg-1750845694.svg","caption":"Pays des \u00c9crins - Office de Tourisme"},"image":{"@id":"https:\/\/www.paysdesecrins.com\/it\/#\/schema\/logo\/image\/"}}]}},"_links":{"self":[{"href":"https:\/\/www.paysdesecrins.com\/it\/wp-json\/wp\/v2\/pages\/46117","targetHints":{"allow":["GET"]}}],"collection":[{"href":"https:\/\/www.paysdesecrins.com\/it\/wp-json\/wp\/v2\/pages"}],"about":[{"href":"https:\/\/www.paysdesecrins.com\/it\/wp-json\/wp\/v2\/types\/page"}],"author":[{"embeddable":true,"href":"https:\/\/www.paysdesecrins.com\/it\/wp-json\/wp\/v2\/users\/4"}],"replies":[{"embeddable":true,"href":"https:\/\/www.paysdesecrins.com\/it\/wp-json\/wp\/v2\/comments?post=46117"}],"version-history":[{"count":0,"href":"https:\/\/www.paysdesecrins.com\/it\/wp-json\/wp\/v2\/pages\/46117\/revisions"}],"up":[{"embeddable":true,"href":"https:\/\/www.paysdesecrins.com\/it\/wp-json\/wp\/v2\/pages\/45265"}],"wp:featuredmedia":[{"embeddable":true,"href":"https:\/\/www.paysdesecrins.com\/it\/wp-json\/wp\/v2\/media\/29985"}],"wp:attachment":[{"href":"https:\/\/www.paysdesecrins.com\/it\/wp-json\/wp\/v2\/media?parent=46117"}],"curies":[{"name":"wp","href":"https:\/\/api.w.org\/{rel}","templated":true}]}}