{"id":46626,"date":"2025-07-24T14:28:20","date_gmt":"2025-07-24T12:28:20","guid":{"rendered":"https:\/\/www.paysdesecrins.com\/il-mio-desiderio-di\/44572-2\/la-valle-dellonde-e-il-suo-fiume\/"},"modified":"2025-08-07T12:13:40","modified_gmt":"2025-08-07T10:13:40","slug":"la-valle-dellonde-e-il-suo-fiume","status":"publish","type":"page","link":"https:\/\/www.paysdesecrins.com\/it\/il-mio-desiderio-di\/44572-2\/la-valle-dellonde-e-il-suo-fiume\/","title":{"rendered":"La valle dell&#8217;Onde e il suo fiume"},"content":{"rendered":"    <div class=\"alignfull wp-block-ws-library-ws-header-interne\">\n\t    <div class=\"header-container\">\n\t        <div class=\"group-media has-image\">\n\t            \t                <img loading=\"lazy\" decoding=\"async\" width=\"1920\" height=\"800\" src=\"https:\/\/www.paysdesecrins.com\/wp-content\/uploads\/2025\/08\/le-long-de-l-onde-au-printemps-1920x800.jpg\" alt=\"\" class=\"image_large_square wp-image-71716\" \/>\n\t            \t        <\/div>\n\t        <div class=\"group-content\">\n\t            <div class=\"title\">\n\t                <h1>\n\t                    La Valle dell&#039;Onde\t                    \t                        e il suo fiume\t                    \t                <\/h1>\n\t            <\/div>\n\t        <\/div>\n\t    <\/div>\n\t    \n<div class=\"yoast-breadcrumbs\"><span><span><a href=\"https:\/\/www.paysdesecrins.com\/it\/il-titolo-della-casa\/\">Accueil<\/a><\/span>  <span><a href=\"https:\/\/www.paysdesecrins.com\/it\/il-mio-desiderio-di\/\">Il mio desiderio di<\/a><\/span>  <span><a href=\"https:\/\/www.paysdesecrins.com\/it\/il-mio-desiderio-di\/44572-2\/\">La mia voglia di Relax<\/a><\/span>  <span class=\"breadcrumb_last\" aria-current=\"page\">La valle dell&rsquo;Onde e il suo fiume<\/span><\/span><\/div>\n    <\/div>\n    \n<div class=\"wp-block-ws-library-ws-title aligncenter is-style-simple\"><h2><em>La Vall\u00e9e de l&#8217;Onde: immersione selvaggia tutto l&#8217;anno<\/em><\/h2><\/div>\n\n<p class=\"has-text-align-center\">Benvenuti in una delle valli pi\u00f9 segrete e incontaminate del Pays des \u00c9crins. L&#8217;Onde \u00e8 questo torrente dalle acque turchesi che si snoda ai piedi dell&#8217;Aigli\u00e8re, disegnando uno scenario selvaggio e silenzioso che si pu\u00f2 esplorare tutto l&#8217;anno. Ogni stagione rivela una nuova sfaccettatura, pi\u00f9 sorprendente che mai.  <\/p>\n\n<div class=\"wp-block-ws-library-ws-columns alignfull has-2-columns are-vertically-aligned-center layout-5050 is-style-background\">\n<div class=\"wp-block-ws-library-ws-column\"><div class=\"wrapper\">\n<div class=\"wp-block-ws-library-ws-title\"><h2>In estate<\/h2><\/div>\n\n\n\n<p>L&#8217;estate \u00e8 avventura allo stato puro. Camminata, trail running, bivacco: scegli tu il tuo ritmo. Vuoi un po&#8217; di calma? Rimani in fondo alla valle. Vuoi prendere il volo? Sali in cima al settore. Le serate sono lunghe, le stelle brillano e l&#8217;aria profuma di resina.      <\/p>\n<\/div><\/div>\n\n\n\n<div class=\"wp-block-ws-library-ws-column\"><div class=\"wrapper\">\n<div class=\"wp-block-ws-library-ws-image\"><div class=\"wrapper\"><div class=\"group-media\"><img decoding=\"async\" src=\"https:\/\/www.paysdesecrins.com\/wp-content\/uploads\/2025\/08\/le-long-de-l-onde-au-printemps2-960x640.jpg\" alt=\"\" class=\"single_image ws-image-71723\"><div class=\"credits\"><\/div><\/div><p class=\"caption\"><\/p><\/div><\/div>\n<\/div><\/div>\n<\/div>\n\n<div class=\"wp-block-ws-library-ws-title\" data-season=\"allseasons\"><h4>In autunno<\/h4><\/div>\n\n<p>In <strong>autunno<\/strong> \u00e8 il momento del fuoco dei larici. Questa \u00e8 forse la stagione pi\u00f9 magica. Poche persone, colori sgargianti, luce dorata&#8230; L&#8217;Onda diventa selvaggia, misteriosa, quasi confidenziale.  <\/p>\n\n<div class=\"wp-block-ws-library-ws-columns alignfull has-2-columns are-vertically-aligned-center layout-5050 is-style-background\">\n<div class=\"wp-block-ws-library-ws-column\"><div class=\"wrapper\">\n<div class=\"wp-block-ws-library-ws-title\"><h2>In inverno<\/h2><\/div>\n\n\n\n<p>In inverno, \u00e8 il momento di sciare dolcemente. Da Vallouise, gli sciatori di fondo partono verso il rifugio Gresonni\u00e8res. Il percorso segue il fiume ghiacciato, tra alberi cristallizzati e silenzio assoluto. Non c&#8217;\u00e8 bisogno di essere un professionista dello skate, qui ci si prende il proprio tempo. Due ore sono sufficienti per fare il viaggio di andata e ritorno e ammirare le attrazioni. \u00c8 inoltre possibile sostituire gli sci con le racchette da neve per un&#8217;escursione gelida e tranquilla.     <\/p>\n<\/div><\/div>\n\n\n\n<div class=\"wp-block-ws-library-ws-column\"><div class=\"wrapper\">\n<div class=\"wp-block-ws-library-ws-image\"><div class=\"wrapper\"><div class=\"group-media\"><img decoding=\"async\" src=\"https:\/\/www.paysdesecrins.com\/wp-content\/uploads\/2025\/08\/onde1-960x640.jpg\" alt=\"\" class=\"single_image ws-image-71711\"><div class=\"credits\"><\/div><\/div><p class=\"caption\"><\/p><\/div><\/div>\n<\/div><\/div>\n<\/div>\n\n<div class=\"wp-block-ws-library-ws-title\" data-season=\"allseasons\"><h4>In primavera<\/h4><\/div>\n\n<p>In <strong>primavera<\/strong> l&#8217;acqua diventa la regina della valle. Lo scioglimento della neve gonfia l&#8217;Onda, le sue acque limpide danzano tra le rocce e i prati si ricoprono di fiori. \u00c8 il momento perfetto per una tranquilla passeggiata o un picnic al sole. I pi\u00f9 curiosi si dirigono verso la confluenza dei torrenti Bans e Selle, dove nasce l&#8217;Onda.   <\/p>\n\n<div class=\"wp-block-ws-library-ws-share\"><span class=\"share-subtitle\">Ti \u00e8 piaciuta questa pagina?<\/span><span class=\"share-title\">Condividilo!<\/span><button class=\"ws-share-button wp-element-button\">Condividi questa pagina<\/button><\/div>\n","protected":false},"excerpt":{"rendered":"<p>Benvenuti in una delle valli pi\u00f9 segrete e incontaminate del Pays des \u00c9crins. L&#8217;Onde \u00e8 questo torrente dalle acque turchesi [&hellip;]<\/p>\n","protected":false},"author":4,"featured_media":42454,"parent":44572,"menu_order":0,"comment_status":"closed","ping_status":"closed","template":"","meta":{"_thumbnail_id_2":0,"summer_excerpt":"","season":"","station":"","footnotes":""},"class_list":["post-46626","page","type-page","status-publish","has-post-thumbnail","hentry"],"yoast_head":"<!-- This site is optimized with the Yoast SEO plugin v27.3 - https:\/\/yoast.com\/product\/yoast-seo-wordpress\/ -->\n<title>La valle dell&#039;Onde e il suo fiume - Pays des \u00c9crins - Office de Tourisme<\/title>\n<meta name=\"robots\" content=\"index, follow, max-snippet:-1, max-image-preview:large, max-video-preview:-1\" \/>\n<link rel=\"canonical\" href=\"https:\/\/www.paysdesecrins.com\/it\/il-mio-desiderio-di\/44572-2\/la-valle-dellonde-e-il-suo-fiume\/\" \/>\n<meta property=\"og:locale\" content=\"it_IT\" \/>\n<meta property=\"og:type\" content=\"article\" \/>\n<meta property=\"og:title\" content=\"La valle dell&#039;Onde e il suo fiume - Pays des \u00c9crins - Office de Tourisme\" \/>\n<meta property=\"og:description\" content=\"Benvenuti in una delle valli pi\u00f9 segrete e incontaminate del Pays des \u00c9crins. L&#8217;Onde \u00e8 questo torrente dalle acque turchesi [&hellip;]\" \/>\n<meta property=\"og:url\" content=\"https:\/\/www.paysdesecrins.com\/it\/il-mio-desiderio-di\/44572-2\/la-valle-dellonde-e-il-suo-fiume\/\" \/>\n<meta property=\"og:site_name\" content=\"Pays des \u00c9crins - Office de Tourisme\" \/>\n<meta property=\"article:modified_time\" content=\"2025-08-07T10:13:40+00:00\" \/>\n<meta property=\"og:image\" content=\"https:\/\/www.paysdesecrins.com\/wp-content\/uploads\/2025\/07\/le-long-de-l-onde-au-printemps-scaled.jpg\" \/>\n\t<meta property=\"og:image:width\" content=\"1707\" \/>\n\t<meta property=\"og:image:height\" content=\"2560\" \/>\n\t<meta property=\"og:image:type\" content=\"image\/jpeg\" \/>\n<meta name=\"twitter:card\" content=\"summary_large_image\" \/>\n<meta name=\"twitter:label1\" content=\"Tempo di lettura stimato\" \/>\n\t<meta name=\"twitter:data1\" content=\"1 minuto\" \/>\n<script type=\"application\/ld+json\" class=\"yoast-schema-graph\">{\"@context\":\"https:\\\/\\\/schema.org\",\"@graph\":[{\"@type\":\"WebPage\",\"@id\":\"https:\\\/\\\/www.paysdesecrins.com\\\/it\\\/il-mio-desiderio-di\\\/44572-2\\\/la-valle-dellonde-e-il-suo-fiume\\\/\",\"url\":\"https:\\\/\\\/www.paysdesecrins.com\\\/it\\\/il-mio-desiderio-di\\\/44572-2\\\/la-valle-dellonde-e-il-suo-fiume\\\/\",\"name\":\"La valle dell'Onde e il suo fiume - Pays des \u00c9crins - Office de Tourisme\",\"isPartOf\":{\"@id\":\"https:\\\/\\\/www.paysdesecrins.com\\\/it\\\/#website\"},\"primaryImageOfPage\":{\"@id\":\"https:\\\/\\\/www.paysdesecrins.com\\\/it\\\/il-mio-desiderio-di\\\/44572-2\\\/la-valle-dellonde-e-il-suo-fiume\\\/#primaryimage\"},\"image\":{\"@id\":\"https:\\\/\\\/www.paysdesecrins.com\\\/it\\\/il-mio-desiderio-di\\\/44572-2\\\/la-valle-dellonde-e-il-suo-fiume\\\/#primaryimage\"},\"thumbnailUrl\":\"https:\\\/\\\/www.paysdesecrins.com\\\/wp-content\\\/uploads\\\/2025\\\/07\\\/le-long-de-l-onde-au-printemps-scaled.jpg\",\"datePublished\":\"2025-07-24T12:28:20+00:00\",\"dateModified\":\"2025-08-07T10:13:40+00:00\",\"breadcrumb\":{\"@id\":\"https:\\\/\\\/www.paysdesecrins.com\\\/it\\\/il-mio-desiderio-di\\\/44572-2\\\/la-valle-dellonde-e-il-suo-fiume\\\/#breadcrumb\"},\"inLanguage\":\"it-IT\",\"potentialAction\":[{\"@type\":\"ReadAction\",\"target\":[\"https:\\\/\\\/www.paysdesecrins.com\\\/it\\\/il-mio-desiderio-di\\\/44572-2\\\/la-valle-dellonde-e-il-suo-fiume\\\/\"]}]},{\"@type\":\"ImageObject\",\"inLanguage\":\"it-IT\",\"@id\":\"https:\\\/\\\/www.paysdesecrins.com\\\/it\\\/il-mio-desiderio-di\\\/44572-2\\\/la-valle-dellonde-e-il-suo-fiume\\\/#primaryimage\",\"url\":\"https:\\\/\\\/www.paysdesecrins.com\\\/wp-content\\\/uploads\\\/2025\\\/07\\\/le-long-de-l-onde-au-printemps-scaled.jpg\",\"contentUrl\":\"https:\\\/\\\/www.paysdesecrins.com\\\/wp-content\\\/uploads\\\/2025\\\/07\\\/le-long-de-l-onde-au-printemps-scaled.jpg\",\"width\":1707,\"height\":2560},{\"@type\":\"BreadcrumbList\",\"@id\":\"https:\\\/\\\/www.paysdesecrins.com\\\/it\\\/il-mio-desiderio-di\\\/44572-2\\\/la-valle-dellonde-e-il-suo-fiume\\\/#breadcrumb\",\"itemListElement\":[{\"@type\":\"ListItem\",\"position\":1,\"name\":\"Accueil\",\"item\":\"https:\\\/\\\/www.paysdesecrins.com\\\/it\\\/il-titolo-della-casa\\\/\"},{\"@type\":\"ListItem\",\"position\":2,\"name\":\"Il mio desiderio di\",\"item\":\"https:\\\/\\\/www.paysdesecrins.com\\\/it\\\/il-mio-desiderio-di\\\/\"},{\"@type\":\"ListItem\",\"position\":3,\"name\":\"La mia voglia di Relax\",\"item\":\"https:\\\/\\\/www.paysdesecrins.com\\\/it\\\/il-mio-desiderio-di\\\/44572-2\\\/\"},{\"@type\":\"ListItem\",\"position\":4,\"name\":\"La valle dell&rsquo;Onde e il suo fiume\"}]},{\"@type\":\"WebSite\",\"@id\":\"https:\\\/\\\/www.paysdesecrins.com\\\/it\\\/#website\",\"url\":\"https:\\\/\\\/www.paysdesecrins.com\\\/it\\\/\",\"name\":\"Pays des \u00c9crins - Office de Tourisme\",\"description\":\"L&#039;esprit montagne\",\"publisher\":{\"@id\":\"https:\\\/\\\/www.paysdesecrins.com\\\/it\\\/#organization\"},\"potentialAction\":[{\"@type\":\"SearchAction\",\"target\":{\"@type\":\"EntryPoint\",\"urlTemplate\":\"https:\\\/\\\/www.paysdesecrins.com\\\/it\\\/?s={search_term_string}\"},\"query-input\":{\"@type\":\"PropertyValueSpecification\",\"valueRequired\":true,\"valueName\":\"search_term_string\"}}],\"inLanguage\":\"it-IT\"},{\"@type\":\"Organization\",\"@id\":\"https:\\\/\\\/www.paysdesecrins.com\\\/it\\\/#organization\",\"name\":\"Pays des \u00c9crins - Office de Tourisme\",\"url\":\"https:\\\/\\\/www.paysdesecrins.com\\\/it\\\/\",\"logo\":{\"@type\":\"ImageObject\",\"inLanguage\":\"it-IT\",\"@id\":\"https:\\\/\\\/www.paysdesecrins.com\\\/it\\\/#\\\/schema\\\/logo\\\/image\\\/\",\"url\":\"https:\\\/\\\/www.paysdesecrins.com\\\/wp-content\\\/uploads\\\/2025\\\/06\\\/devina-svg-1750845694.svg\",\"contentUrl\":\"https:\\\/\\\/www.paysdesecrins.com\\\/wp-content\\\/uploads\\\/2025\\\/06\\\/devina-svg-1750845694.svg\",\"caption\":\"Pays des \u00c9crins - Office de Tourisme\"},\"image\":{\"@id\":\"https:\\\/\\\/www.paysdesecrins.com\\\/it\\\/#\\\/schema\\\/logo\\\/image\\\/\"}}]}<\/script>\n<!-- \/ Yoast SEO plugin. -->","yoast_head_json":{"title":"La valle dell'Onde e il suo fiume - Pays des \u00c9crins - Office de Tourisme","robots":{"index":"index","follow":"follow","max-snippet":"max-snippet:-1","max-image-preview":"max-image-preview:large","max-video-preview":"max-video-preview:-1"},"canonical":"https:\/\/www.paysdesecrins.com\/it\/il-mio-desiderio-di\/44572-2\/la-valle-dellonde-e-il-suo-fiume\/","og_locale":"it_IT","og_type":"article","og_title":"La valle dell'Onde e il suo fiume - Pays des \u00c9crins - Office de Tourisme","og_description":"Benvenuti in una delle valli pi\u00f9 segrete e incontaminate del Pays des \u00c9crins. L&#8217;Onde \u00e8 questo torrente dalle acque turchesi [&hellip;]","og_url":"https:\/\/www.paysdesecrins.com\/it\/il-mio-desiderio-di\/44572-2\/la-valle-dellonde-e-il-suo-fiume\/","og_site_name":"Pays des \u00c9crins - Office de Tourisme","article_modified_time":"2025-08-07T10:13:40+00:00","og_image":[{"width":1707,"height":2560,"url":"https:\/\/www.paysdesecrins.com\/wp-content\/uploads\/2025\/07\/le-long-de-l-onde-au-printemps-scaled.jpg","type":"image\/jpeg"}],"twitter_card":"summary_large_image","twitter_misc":{"Tempo di lettura stimato":"1 minuto"},"schema":{"@context":"https:\/\/schema.org","@graph":[{"@type":"WebPage","@id":"https:\/\/www.paysdesecrins.com\/it\/il-mio-desiderio-di\/44572-2\/la-valle-dellonde-e-il-suo-fiume\/","url":"https:\/\/www.paysdesecrins.com\/it\/il-mio-desiderio-di\/44572-2\/la-valle-dellonde-e-il-suo-fiume\/","name":"La valle dell'Onde e il suo fiume - Pays des \u00c9crins - Office de Tourisme","isPartOf":{"@id":"https:\/\/www.paysdesecrins.com\/it\/#website"},"primaryImageOfPage":{"@id":"https:\/\/www.paysdesecrins.com\/it\/il-mio-desiderio-di\/44572-2\/la-valle-dellonde-e-il-suo-fiume\/#primaryimage"},"image":{"@id":"https:\/\/www.paysdesecrins.com\/it\/il-mio-desiderio-di\/44572-2\/la-valle-dellonde-e-il-suo-fiume\/#primaryimage"},"thumbnailUrl":"https:\/\/www.paysdesecrins.com\/wp-content\/uploads\/2025\/07\/le-long-de-l-onde-au-printemps-scaled.jpg","datePublished":"2025-07-24T12:28:20+00:00","dateModified":"2025-08-07T10:13:40+00:00","breadcrumb":{"@id":"https:\/\/www.paysdesecrins.com\/it\/il-mio-desiderio-di\/44572-2\/la-valle-dellonde-e-il-suo-fiume\/#breadcrumb"},"inLanguage":"it-IT","potentialAction":[{"@type":"ReadAction","target":["https:\/\/www.paysdesecrins.com\/it\/il-mio-desiderio-di\/44572-2\/la-valle-dellonde-e-il-suo-fiume\/"]}]},{"@type":"ImageObject","inLanguage":"it-IT","@id":"https:\/\/www.paysdesecrins.com\/it\/il-mio-desiderio-di\/44572-2\/la-valle-dellonde-e-il-suo-fiume\/#primaryimage","url":"https:\/\/www.paysdesecrins.com\/wp-content\/uploads\/2025\/07\/le-long-de-l-onde-au-printemps-scaled.jpg","contentUrl":"https:\/\/www.paysdesecrins.com\/wp-content\/uploads\/2025\/07\/le-long-de-l-onde-au-printemps-scaled.jpg","width":1707,"height":2560},{"@type":"BreadcrumbList","@id":"https:\/\/www.paysdesecrins.com\/it\/il-mio-desiderio-di\/44572-2\/la-valle-dellonde-e-il-suo-fiume\/#breadcrumb","itemListElement":[{"@type":"ListItem","position":1,"name":"Accueil","item":"https:\/\/www.paysdesecrins.com\/it\/il-titolo-della-casa\/"},{"@type":"ListItem","position":2,"name":"Il mio desiderio di","item":"https:\/\/www.paysdesecrins.com\/it\/il-mio-desiderio-di\/"},{"@type":"ListItem","position":3,"name":"La mia voglia di Relax","item":"https:\/\/www.paysdesecrins.com\/it\/il-mio-desiderio-di\/44572-2\/"},{"@type":"ListItem","position":4,"name":"La valle dell&rsquo;Onde e il suo fiume"}]},{"@type":"WebSite","@id":"https:\/\/www.paysdesecrins.com\/it\/#website","url":"https:\/\/www.paysdesecrins.com\/it\/","name":"Pays des \u00c9crins - Office de Tourisme","description":"L&#039;esprit montagne","publisher":{"@id":"https:\/\/www.paysdesecrins.com\/it\/#organization"},"potentialAction":[{"@type":"SearchAction","target":{"@type":"EntryPoint","urlTemplate":"https:\/\/www.paysdesecrins.com\/it\/?s={search_term_string}"},"query-input":{"@type":"PropertyValueSpecification","valueRequired":true,"valueName":"search_term_string"}}],"inLanguage":"it-IT"},{"@type":"Organization","@id":"https:\/\/www.paysdesecrins.com\/it\/#organization","name":"Pays des \u00c9crins - Office de Tourisme","url":"https:\/\/www.paysdesecrins.com\/it\/","logo":{"@type":"ImageObject","inLanguage":"it-IT","@id":"https:\/\/www.paysdesecrins.com\/it\/#\/schema\/logo\/image\/","url":"https:\/\/www.paysdesecrins.com\/wp-content\/uploads\/2025\/06\/devina-svg-1750845694.svg","contentUrl":"https:\/\/www.paysdesecrins.com\/wp-content\/uploads\/2025\/06\/devina-svg-1750845694.svg","caption":"Pays des \u00c9crins - Office de Tourisme"},"image":{"@id":"https:\/\/www.paysdesecrins.com\/it\/#\/schema\/logo\/image\/"}}]}},"_links":{"self":[{"href":"https:\/\/www.paysdesecrins.com\/it\/wp-json\/wp\/v2\/pages\/46626","targetHints":{"allow":["GET"]}}],"collection":[{"href":"https:\/\/www.paysdesecrins.com\/it\/wp-json\/wp\/v2\/pages"}],"about":[{"href":"https:\/\/www.paysdesecrins.com\/it\/wp-json\/wp\/v2\/types\/page"}],"author":[{"embeddable":true,"href":"https:\/\/www.paysdesecrins.com\/it\/wp-json\/wp\/v2\/users\/4"}],"replies":[{"embeddable":true,"href":"https:\/\/www.paysdesecrins.com\/it\/wp-json\/wp\/v2\/comments?post=46626"}],"version-history":[{"count":0,"href":"https:\/\/www.paysdesecrins.com\/it\/wp-json\/wp\/v2\/pages\/46626\/revisions"}],"up":[{"embeddable":true,"href":"https:\/\/www.paysdesecrins.com\/it\/wp-json\/wp\/v2\/pages\/44572"}],"wp:featuredmedia":[{"embeddable":true,"href":"https:\/\/www.paysdesecrins.com\/it\/wp-json\/wp\/v2\/media\/42454"}],"wp:attachment":[{"href":"https:\/\/www.paysdesecrins.com\/it\/wp-json\/wp\/v2\/media?parent=46626"}],"curies":[{"name":"wp","href":"https:\/\/api.w.org\/{rel}","templated":true}]}}