{"id":47423,"date":"2025-07-24T14:06:51","date_gmt":"2025-07-24T12:06:51","guid":{"rendered":"https:\/\/www.paysdesecrins.com\/il-mio-desiderio-di\/scoperta\/meridiane\/"},"modified":"2025-08-04T15:17:36","modified_gmt":"2025-08-04T13:17:36","slug":"meridiane","status":"publish","type":"page","link":"https:\/\/www.paysdesecrins.com\/it\/il-mio-desiderio-di\/scoperta\/meridiane\/","title":{"rendered":"Meridiane"},"content":{"rendered":"    <div class=\"alignfull wp-block-ws-library-ws-header-interne\">\n\t    <div class=\"header-container\">\n\t        <div class=\"group-media has-image\">\n\t            \t                <img loading=\"lazy\" decoding=\"async\" width=\"1920\" height=\"800\" src=\"https:\/\/www.paysdesecrins.com\/wp-content\/uploads\/2025\/07\/dsc05378-1920x800.jpg\" alt=\"\" class=\"image_large_square wp-image-45281\" \/>\n\t            \t        <\/div>\n\t        <div class=\"group-content\">\n\t            <div class=\"title\">\n\t                <h1>\n\t                    Meridiane\t                    \t                <\/h1>\n\t            <\/div>\n\t        <\/div>\n\t    <\/div>\n\t    \n<div class=\"yoast-breadcrumbs\"><span><span><a href=\"https:\/\/www.paysdesecrins.com\/it\/il-titolo-della-casa\/\">Accueil<\/a><\/span>  <span><a href=\"https:\/\/www.paysdesecrins.com\/it\/il-mio-desiderio-di\/\">Il mio desiderio di<\/a><\/span>  <span><a href=\"https:\/\/www.paysdesecrins.com\/it\/il-mio-desiderio-di\/scoperta\/\">La mia voglia di scoperta<\/a><\/span>  <span class=\"breadcrumb_last\" aria-current=\"page\">Meridiane<\/span><\/span><\/div>\n    <\/div>\n    \n<div class=\"wp-block-ws-library-ws-title aligncenter is-style-simple\"><h2><em><strong>Le meridiane del Pays des \u00c9crins:<\/strong><\/em> <strong>quando il tempo si manifesta sulle facciate<\/strong><\/h2><\/div>\n\n<p class=\"has-text-align-center\">Qui il tempo \u00e8 scritto nella luce. Sui muri delle vecchie case, le meridiane decorano le facciate come tante firme del passato. Installati su richiesta delle famiglie benestanti, non erano solo utili per leggere l&#8217;ora: mostravano anche lo status sociale dei loro proprietari.  <\/p>\n\n<div class=\"wp-block-ws-library-ws-columns alignwide has-2-columns are-vertically-aligned-center layout-5050 is-style-background\">\n<div class=\"wp-block-ws-library-ws-column\"><div class=\"wrapper\">\n<div class=\"wp-block-ws-library-ws-title\"><h3>Come funziona una meridiana<\/h3><\/div>\n\n\n\n<p class=\"has-text-align-center\">Il principio \u00e8 semplice ma geniale: uno stile (l&#8217;asta di metallo) proietta la sua ombra sul quadrante in base al corso del sole. Il risultato: una lettura diretta dell&#8217;ora solare. Niente schermo, niente batteria, solo il sole e un po&#8217; di geometria.    <\/p>\n\n\n\n<p>Tra i quadranti pi\u00f9 antichi, quello della casa Giraud a L&#8217;Argenti\u00e8re-la-Bess\u00e9e, dipinto nel XVI secolo, \u00e8 il quadrante pi\u00f9 antico. La casa \u00e8 ora classificata come monumento storico. <\/p>\n<\/div><\/div>\n\n\n\n<div class=\"wp-block-ws-library-ws-column\"><div class=\"wrapper\">\n<div class=\"wp-block-ws-library-ws-image\"><div class=\"wrapper\"><div class=\"group-media\"><img decoding=\"async\" src=\"https:\/\/www.paysdesecrins.com\/wp-content\/uploads\/2025\/07\/1653377682-59699065-1-834x640.jpg\" alt=\"\" class=\"single_image ws-image-45622\"><div class=\"credits\"><\/div><\/div><p class=\"caption\"><\/p><\/div><\/div>\n<\/div><\/div>\n<\/div>\n\n<div class=\"wp-block-ws-library-ws-title aligncenter is-style-default\"><h3><em>Zarbula, <\/em>maestro dei soli dipinti<\/h3><\/div>\n\n<p class=\"has-text-align-center\">Il nome che ricorre spesso nella storia delle meridiane locali? Zarbula. Giovanni Francesco Zarbula, per la precisione. Questo pittore-orologiaio firm\u00f2 decine di opere colorate nel XIX secolo in tutta la regione di Brian\u00e7on e fino a Queyras. Ma dietro questo nome c&#8217;era senza dubbio un&#8217;intera famiglia di produttori di quadranti, uno dei quali ha preso il sopravvento. Le loro opere si riconoscono dalle iniziali Z.G.F. e dalle loro decorazioni: animali, stelle, motti filosofici&#8230; A Vallouise, sulla casa di Bardonecchia, si legge: <em>&#8220;La vita fugge come l&#8217;ombra&#8221;.<\/em>     <\/p>\n\n<div class=\"wp-block-ws-library-ws-image\"><div class=\"wrapper\"><div class=\"group-media\"><img decoding=\"async\" src=\"https:\/\/www.paysdesecrins.com\/wp-content\/uploads\/2025\/07\/1653377682-1069198518-1-960x640.jpg\" alt=\"\" class=\"single_image ws-image-45683\"><div class=\"credits\"><\/div><\/div><p class=\"caption\"><\/p><\/div><\/div>\n\n<div class=\"wp-block-ws-library-ws-title is-style-default\"><h3>Vuoi saperne di pi\u00f9?<\/h3><\/div>\n\n<p class=\"has-text-align-left\">Per saperne di pi\u00f9, segui Elsa Giraud, guida-docente all&#8217;Atelier d&#8217;Histoire: ti racconta questi piccoli pezzi di patrimonio con passione.<\/p>\n\n<div class=\"wp-block-ws-library-ws-columns alignwide has-2-columns are-vertically-aligned-center layout-5050 is-style-background\">\n<div class=\"wp-block-ws-library-ws-column\"><div class=\"wrapper\">\n<div class=\"wp-block-ws-library-ws-title\"><h3>Dove ammirarli?<\/h3><\/div>\n\n\n\n<ul class=\"wp-block-list\">\n<li>\ud83d\udccd <em>L&#8217;Argenti\u00e8re-la-Bess\u00e9e (casa Giraud)<\/em><\/li>\n\n\n\n<li>\ud83d\udccd <em>Vallouise (casa di Bardonecchia)<\/em><\/li>\n\n\n\n<li>\ud83d\udccd <em>E dappertutto nelle strade assolate dei Paesi dei Conti degli \u00c9crins!<\/em><\/li>\n<\/ul>\n<\/div><\/div>\n\n\n\n<div class=\"wp-block-ws-library-ws-column\"><div class=\"wrapper\">\n<div class=\"wp-block-ws-library-ws-image\"><div class=\"wrapper\"><div class=\"group-media\"><img decoding=\"async\" src=\"https:\/\/www.paysdesecrins.com\/wp-content\/uploads\/2025\/07\/1653377682-1508094016-649x640.jpg\" alt=\"\" class=\"single_image ws-image-45721\"><div class=\"credits\"><\/div><\/div><p class=\"caption\"><\/p><\/div><\/div>\n<\/div><\/div>\n<\/div>\n\n<p><strong>Il tuo alleato: l&#8217;app Hautes-Alpes Heritage<\/strong><br\/>\ud83e\udded Consiglio: l&#8217;applicazione mobile <strong>Patrimoine Hautes-Alpes<\/strong> ti guida sul posto e ti svela i segreti di ogni quadrante che incontri.<\/p>\n\n<div class=\"wp-block-ws-library-ws-share\"><span class=\"share-subtitle\">Ti \u00e8 piaciuta questa pagina?<\/span><span class=\"share-title\">Condividilo!<\/span><button class=\"ws-share-button wp-element-button\">Condividi questa pagina<\/button><\/div>\n","protected":false},"excerpt":{"rendered":"<p>Qui il tempo \u00e8 scritto nella luce. Sui muri delle vecchie case, le meridiane decorano le facciate come tante firme [&hellip;]<\/p>\n","protected":false},"author":4,"featured_media":45285,"parent":44564,"menu_order":0,"comment_status":"closed","ping_status":"closed","template":"","meta":{"_thumbnail_id_2":0,"summer_excerpt":"","season":"","station":"","footnotes":""},"class_list":["post-47423","page","type-page","status-publish","has-post-thumbnail","hentry"],"yoast_head":"<!-- This site is optimized with the Yoast SEO plugin v27.3 - https:\/\/yoast.com\/product\/yoast-seo-wordpress\/ -->\n<title>Meridiane - Pays des \u00c9crins - Office de Tourisme<\/title>\n<meta name=\"robots\" content=\"index, follow, max-snippet:-1, max-image-preview:large, max-video-preview:-1\" \/>\n<link rel=\"canonical\" href=\"https:\/\/www.paysdesecrins.com\/it\/il-mio-desiderio-di\/scoperta\/meridiane\/\" \/>\n<meta property=\"og:locale\" content=\"it_IT\" \/>\n<meta property=\"og:type\" content=\"article\" \/>\n<meta property=\"og:title\" content=\"Meridiane - Pays des \u00c9crins - Office de Tourisme\" \/>\n<meta property=\"og:description\" content=\"Qui il tempo \u00e8 scritto nella luce. Sui muri delle vecchie case, le meridiane decorano le facciate come tante firme [&hellip;]\" \/>\n<meta property=\"og:url\" content=\"https:\/\/www.paysdesecrins.com\/it\/il-mio-desiderio-di\/scoperta\/meridiane\/\" \/>\n<meta property=\"og:site_name\" content=\"Pays des \u00c9crins - Office de Tourisme\" \/>\n<meta property=\"article:modified_time\" content=\"2025-08-04T13:17:36+00:00\" \/>\n<meta property=\"og:image\" content=\"https:\/\/www.paysdesecrins.com\/wp-content\/uploads\/2025\/07\/dsc05378-scaled.jpg\" \/>\n\t<meta property=\"og:image:width\" content=\"2560\" \/>\n\t<meta property=\"og:image:height\" content=\"1707\" \/>\n\t<meta property=\"og:image:type\" content=\"image\/jpeg\" \/>\n<meta name=\"twitter:card\" content=\"summary_large_image\" \/>\n<meta name=\"twitter:label1\" content=\"Tempo di lettura stimato\" \/>\n\t<meta name=\"twitter:data1\" content=\"2 minuti\" \/>\n<script type=\"application\/ld+json\" class=\"yoast-schema-graph\">{\"@context\":\"https:\\\/\\\/schema.org\",\"@graph\":[{\"@type\":\"WebPage\",\"@id\":\"https:\\\/\\\/www.paysdesecrins.com\\\/it\\\/il-mio-desiderio-di\\\/scoperta\\\/meridiane\\\/\",\"url\":\"https:\\\/\\\/www.paysdesecrins.com\\\/it\\\/il-mio-desiderio-di\\\/scoperta\\\/meridiane\\\/\",\"name\":\"Meridiane - Pays des \u00c9crins - Office de Tourisme\",\"isPartOf\":{\"@id\":\"https:\\\/\\\/www.paysdesecrins.com\\\/it\\\/#website\"},\"primaryImageOfPage\":{\"@id\":\"https:\\\/\\\/www.paysdesecrins.com\\\/it\\\/il-mio-desiderio-di\\\/scoperta\\\/meridiane\\\/#primaryimage\"},\"image\":{\"@id\":\"https:\\\/\\\/www.paysdesecrins.com\\\/it\\\/il-mio-desiderio-di\\\/scoperta\\\/meridiane\\\/#primaryimage\"},\"thumbnailUrl\":\"https:\\\/\\\/www.paysdesecrins.com\\\/wp-content\\\/uploads\\\/2025\\\/07\\\/dsc05378-scaled.jpg\",\"datePublished\":\"2025-07-24T12:06:51+00:00\",\"dateModified\":\"2025-08-04T13:17:36+00:00\",\"breadcrumb\":{\"@id\":\"https:\\\/\\\/www.paysdesecrins.com\\\/it\\\/il-mio-desiderio-di\\\/scoperta\\\/meridiane\\\/#breadcrumb\"},\"inLanguage\":\"it-IT\",\"potentialAction\":[{\"@type\":\"ReadAction\",\"target\":[\"https:\\\/\\\/www.paysdesecrins.com\\\/it\\\/il-mio-desiderio-di\\\/scoperta\\\/meridiane\\\/\"]}]},{\"@type\":\"ImageObject\",\"inLanguage\":\"it-IT\",\"@id\":\"https:\\\/\\\/www.paysdesecrins.com\\\/it\\\/il-mio-desiderio-di\\\/scoperta\\\/meridiane\\\/#primaryimage\",\"url\":\"https:\\\/\\\/www.paysdesecrins.com\\\/wp-content\\\/uploads\\\/2025\\\/07\\\/dsc05378-scaled.jpg\",\"contentUrl\":\"https:\\\/\\\/www.paysdesecrins.com\\\/wp-content\\\/uploads\\\/2025\\\/07\\\/dsc05378-scaled.jpg\",\"width\":2560,\"height\":1707},{\"@type\":\"BreadcrumbList\",\"@id\":\"https:\\\/\\\/www.paysdesecrins.com\\\/it\\\/il-mio-desiderio-di\\\/scoperta\\\/meridiane\\\/#breadcrumb\",\"itemListElement\":[{\"@type\":\"ListItem\",\"position\":1,\"name\":\"Accueil\",\"item\":\"https:\\\/\\\/www.paysdesecrins.com\\\/it\\\/il-titolo-della-casa\\\/\"},{\"@type\":\"ListItem\",\"position\":2,\"name\":\"Il mio desiderio di\",\"item\":\"https:\\\/\\\/www.paysdesecrins.com\\\/it\\\/il-mio-desiderio-di\\\/\"},{\"@type\":\"ListItem\",\"position\":3,\"name\":\"La mia voglia di scoperta\",\"item\":\"https:\\\/\\\/www.paysdesecrins.com\\\/it\\\/il-mio-desiderio-di\\\/scoperta\\\/\"},{\"@type\":\"ListItem\",\"position\":4,\"name\":\"Meridiane\"}]},{\"@type\":\"WebSite\",\"@id\":\"https:\\\/\\\/www.paysdesecrins.com\\\/it\\\/#website\",\"url\":\"https:\\\/\\\/www.paysdesecrins.com\\\/it\\\/\",\"name\":\"Pays des \u00c9crins - Office de Tourisme\",\"description\":\"L&#039;esprit montagne\",\"publisher\":{\"@id\":\"https:\\\/\\\/www.paysdesecrins.com\\\/it\\\/#organization\"},\"potentialAction\":[{\"@type\":\"SearchAction\",\"target\":{\"@type\":\"EntryPoint\",\"urlTemplate\":\"https:\\\/\\\/www.paysdesecrins.com\\\/it\\\/?s={search_term_string}\"},\"query-input\":{\"@type\":\"PropertyValueSpecification\",\"valueRequired\":true,\"valueName\":\"search_term_string\"}}],\"inLanguage\":\"it-IT\"},{\"@type\":\"Organization\",\"@id\":\"https:\\\/\\\/www.paysdesecrins.com\\\/it\\\/#organization\",\"name\":\"Pays des \u00c9crins - Office de Tourisme\",\"url\":\"https:\\\/\\\/www.paysdesecrins.com\\\/it\\\/\",\"logo\":{\"@type\":\"ImageObject\",\"inLanguage\":\"it-IT\",\"@id\":\"https:\\\/\\\/www.paysdesecrins.com\\\/it\\\/#\\\/schema\\\/logo\\\/image\\\/\",\"url\":\"https:\\\/\\\/www.paysdesecrins.com\\\/wp-content\\\/uploads\\\/2025\\\/06\\\/devina-svg-1750845694.svg\",\"contentUrl\":\"https:\\\/\\\/www.paysdesecrins.com\\\/wp-content\\\/uploads\\\/2025\\\/06\\\/devina-svg-1750845694.svg\",\"caption\":\"Pays des \u00c9crins - Office de Tourisme\"},\"image\":{\"@id\":\"https:\\\/\\\/www.paysdesecrins.com\\\/it\\\/#\\\/schema\\\/logo\\\/image\\\/\"}}]}<\/script>\n<!-- \/ Yoast SEO plugin. -->","yoast_head_json":{"title":"Meridiane - Pays des \u00c9crins - Office de Tourisme","robots":{"index":"index","follow":"follow","max-snippet":"max-snippet:-1","max-image-preview":"max-image-preview:large","max-video-preview":"max-video-preview:-1"},"canonical":"https:\/\/www.paysdesecrins.com\/it\/il-mio-desiderio-di\/scoperta\/meridiane\/","og_locale":"it_IT","og_type":"article","og_title":"Meridiane - Pays des \u00c9crins - Office de Tourisme","og_description":"Qui il tempo \u00e8 scritto nella luce. Sui muri delle vecchie case, le meridiane decorano le facciate come tante firme [&hellip;]","og_url":"https:\/\/www.paysdesecrins.com\/it\/il-mio-desiderio-di\/scoperta\/meridiane\/","og_site_name":"Pays des \u00c9crins - Office de Tourisme","article_modified_time":"2025-08-04T13:17:36+00:00","og_image":[{"width":2560,"height":1707,"url":"https:\/\/www.paysdesecrins.com\/wp-content\/uploads\/2025\/07\/dsc05378-scaled.jpg","type":"image\/jpeg"}],"twitter_card":"summary_large_image","twitter_misc":{"Tempo di lettura stimato":"2 minuti"},"schema":{"@context":"https:\/\/schema.org","@graph":[{"@type":"WebPage","@id":"https:\/\/www.paysdesecrins.com\/it\/il-mio-desiderio-di\/scoperta\/meridiane\/","url":"https:\/\/www.paysdesecrins.com\/it\/il-mio-desiderio-di\/scoperta\/meridiane\/","name":"Meridiane - Pays des \u00c9crins - Office de Tourisme","isPartOf":{"@id":"https:\/\/www.paysdesecrins.com\/it\/#website"},"primaryImageOfPage":{"@id":"https:\/\/www.paysdesecrins.com\/it\/il-mio-desiderio-di\/scoperta\/meridiane\/#primaryimage"},"image":{"@id":"https:\/\/www.paysdesecrins.com\/it\/il-mio-desiderio-di\/scoperta\/meridiane\/#primaryimage"},"thumbnailUrl":"https:\/\/www.paysdesecrins.com\/wp-content\/uploads\/2025\/07\/dsc05378-scaled.jpg","datePublished":"2025-07-24T12:06:51+00:00","dateModified":"2025-08-04T13:17:36+00:00","breadcrumb":{"@id":"https:\/\/www.paysdesecrins.com\/it\/il-mio-desiderio-di\/scoperta\/meridiane\/#breadcrumb"},"inLanguage":"it-IT","potentialAction":[{"@type":"ReadAction","target":["https:\/\/www.paysdesecrins.com\/it\/il-mio-desiderio-di\/scoperta\/meridiane\/"]}]},{"@type":"ImageObject","inLanguage":"it-IT","@id":"https:\/\/www.paysdesecrins.com\/it\/il-mio-desiderio-di\/scoperta\/meridiane\/#primaryimage","url":"https:\/\/www.paysdesecrins.com\/wp-content\/uploads\/2025\/07\/dsc05378-scaled.jpg","contentUrl":"https:\/\/www.paysdesecrins.com\/wp-content\/uploads\/2025\/07\/dsc05378-scaled.jpg","width":2560,"height":1707},{"@type":"BreadcrumbList","@id":"https:\/\/www.paysdesecrins.com\/it\/il-mio-desiderio-di\/scoperta\/meridiane\/#breadcrumb","itemListElement":[{"@type":"ListItem","position":1,"name":"Accueil","item":"https:\/\/www.paysdesecrins.com\/it\/il-titolo-della-casa\/"},{"@type":"ListItem","position":2,"name":"Il mio desiderio di","item":"https:\/\/www.paysdesecrins.com\/it\/il-mio-desiderio-di\/"},{"@type":"ListItem","position":3,"name":"La mia voglia di scoperta","item":"https:\/\/www.paysdesecrins.com\/it\/il-mio-desiderio-di\/scoperta\/"},{"@type":"ListItem","position":4,"name":"Meridiane"}]},{"@type":"WebSite","@id":"https:\/\/www.paysdesecrins.com\/it\/#website","url":"https:\/\/www.paysdesecrins.com\/it\/","name":"Pays des \u00c9crins - Office de Tourisme","description":"L&#039;esprit montagne","publisher":{"@id":"https:\/\/www.paysdesecrins.com\/it\/#organization"},"potentialAction":[{"@type":"SearchAction","target":{"@type":"EntryPoint","urlTemplate":"https:\/\/www.paysdesecrins.com\/it\/?s={search_term_string}"},"query-input":{"@type":"PropertyValueSpecification","valueRequired":true,"valueName":"search_term_string"}}],"inLanguage":"it-IT"},{"@type":"Organization","@id":"https:\/\/www.paysdesecrins.com\/it\/#organization","name":"Pays des \u00c9crins - Office de Tourisme","url":"https:\/\/www.paysdesecrins.com\/it\/","logo":{"@type":"ImageObject","inLanguage":"it-IT","@id":"https:\/\/www.paysdesecrins.com\/it\/#\/schema\/logo\/image\/","url":"https:\/\/www.paysdesecrins.com\/wp-content\/uploads\/2025\/06\/devina-svg-1750845694.svg","contentUrl":"https:\/\/www.paysdesecrins.com\/wp-content\/uploads\/2025\/06\/devina-svg-1750845694.svg","caption":"Pays des \u00c9crins - Office de Tourisme"},"image":{"@id":"https:\/\/www.paysdesecrins.com\/it\/#\/schema\/logo\/image\/"}}]}},"_links":{"self":[{"href":"https:\/\/www.paysdesecrins.com\/it\/wp-json\/wp\/v2\/pages\/47423","targetHints":{"allow":["GET"]}}],"collection":[{"href":"https:\/\/www.paysdesecrins.com\/it\/wp-json\/wp\/v2\/pages"}],"about":[{"href":"https:\/\/www.paysdesecrins.com\/it\/wp-json\/wp\/v2\/types\/page"}],"author":[{"embeddable":true,"href":"https:\/\/www.paysdesecrins.com\/it\/wp-json\/wp\/v2\/users\/4"}],"replies":[{"embeddable":true,"href":"https:\/\/www.paysdesecrins.com\/it\/wp-json\/wp\/v2\/comments?post=47423"}],"version-history":[{"count":0,"href":"https:\/\/www.paysdesecrins.com\/it\/wp-json\/wp\/v2\/pages\/47423\/revisions"}],"up":[{"embeddable":true,"href":"https:\/\/www.paysdesecrins.com\/it\/wp-json\/wp\/v2\/pages\/44564"}],"wp:featuredmedia":[{"embeddable":true,"href":"https:\/\/www.paysdesecrins.com\/it\/wp-json\/wp\/v2\/media\/45285"}],"wp:attachment":[{"href":"https:\/\/www.paysdesecrins.com\/it\/wp-json\/wp\/v2\/media?parent=47423"}],"curies":[{"name":"wp","href":"https:\/\/api.w.org\/{rel}","templated":true}]}}