{"id":47428,"date":"2025-07-28T16:35:15","date_gmt":"2025-07-28T14:35:15","guid":{"rendered":"https:\/\/www.paysdesecrins.com\/accesso-e-navette\/il-pays-des-ecrins-senza-auto-con-partenza-dalla-stazione-ferroviaria-di-argentiere-les-ecrins\/"},"modified":"2025-08-07T15:06:43","modified_gmt":"2025-08-07T13:06:43","slug":"il-pays-des-ecrins-senza-auto-con-partenza-dalla-stazione-ferroviaria-di-argentiere-les-ecrins","status":"publish","type":"page","link":"https:\/\/www.paysdesecrins.com\/it\/scelgo\/accesso-e-navette\/il-pays-des-ecrins-senza-auto-con-partenza-dalla-stazione-ferroviaria-di-argentiere-les-ecrins\/","title":{"rendered":"Il Pays des \u00c9crins senza auto, con partenza dalla stazione di Argenti\u00e8re les \u00c9crins"},"content":{"rendered":"    <div class=\"alignfull wp-block-ws-library-ws-header-interne\">\n\t    <div class=\"header-container\">\n\t        <div class=\"group-media has-image\">\n\t            \t                <img loading=\"lazy\" decoding=\"async\" width=\"1920\" height=\"800\" src=\"https:\/\/www.paysdesecrins.com\/wp-content\/uploads\/2025\/07\/bivouac-et-trail-cre-te-de-rougnoux-133-1-1-1920x800.jpg\" alt=\"\" class=\"image_large_square wp-image-48669\" \/>\n\t            \t        <\/div>\n\t        <div class=\"group-content\">\n\t            <div class=\"title\">\n\t                <h1>\n\t                    Il Pays des \u00c9crins senza auto, con partenza dalla stazione di Argenti\u00e8re les \u00c9crins\t                    \t                <\/h1>\n\t            <\/div>\n\t        <\/div>\n\t    <\/div>\n\t    \n<div class=\"yoast-breadcrumbs\"><span><span><a href=\"https:\/\/www.paysdesecrins.com\/it\/il-titolo-della-casa\/\">Accueil<\/a><\/span>  <span><a href=\"https:\/\/www.paysdesecrins.com\/it\/scelgo\/\">Scelgo<\/a><\/span>  <span><a href=\"https:\/\/www.paysdesecrins.com\/it\/scelgo\/accesso-e-navette\/\">Accesso e trasporti<\/a><\/span>  <span class=\"breadcrumb_last\" aria-current=\"page\">Il Pays des \u00c9crins senza auto, con partenza dalla stazione di Argenti\u00e8re les \u00c9crins<\/span><\/span><\/div>\n    <\/div>\n    \n<div class=\"wp-block-ws-library-ws-title aligncenter is-style-simple\"><h2>Come arrivare nel Pays des \u00c9crins senza auto?<\/h2><\/div>\n\n<p class=\"has-text-align-center\"><strong>Studenti<\/strong> o<strong> giovani professionisti<\/strong> senza auto? Sei preoccupato di andare in montagna con <strong>la pi\u00f9 bassa impronta di carbonio possibile<\/strong> ? Scoprire le pi\u00f9 belle vette degli \u00c9crins senza auto, con <strong>pratiche eco-responsabili<\/strong>, ora \u00e8 possibile!  <\/p>\n\n<p>Porta d&#8217;accesso al <strong>Pays des \u00c9crins<\/strong>, la citt\u00e0 di Argenti\u00e8re-la-Bess\u00e9e \u00e8 servita da <strong>treni <\/strong>provenienti da <strong>Valence<\/strong>, <strong>Marsiglia, Parigi, <\/strong><strong>Gap<\/strong> o <strong>Grenoble <\/strong>(navetta da Grenoble a Brian\u00e7on e poi treno da Brian\u00e7on ad Argenti\u00e8re). E&#8217; possibile raggiungere il Pays des \u00c9crins anche in <strong>TGV<\/strong>, passando per la stazione <strong>di Oulx<\/strong>. Infine, per gli appassionati di <strong>treni notturni<\/strong>, uno degli ultimi treni notturni in Francia viaggia regolarmente tra <strong>Parigi <\/strong>e <strong>Brian\u00e7on<\/strong>, fermandosi a L&#8217;Argenti\u00e8re.  <\/p>\n\n<div class=\"wp-block-ws-library-ws-columns alignwide has-2-columns are-vertically-aligned-center layout-5050 is-style-background\">\n<div class=\"wp-block-ws-library-ws-column\"><div class=\"wrapper\">\n<div class=\"wp-block-ws-library-ws-title\"><h3><strong>Muoversi nell&#8217;area con facilit\u00e0<\/strong><\/h3><\/div>\n\n\n\n<p class=\"has-text-align-left\">Da l\u00ec, <strong>le navette vi porteranno <\/strong>a La<strong> Vallouise<\/strong>, alla localit\u00e0 di<strong> Puy-Saint-Vincent<\/strong> e alla frazione di <strong>Ailefroide<\/strong>. Per tutta l&#8217;estate, queste navette partono alle<strong> 7:20<\/strong>, <strong>9:05<\/strong>, <strong>14:50<\/strong> e <strong>19<\/strong>:00. Trova queste navette su questo link.    <\/p>\n\n\n\n<p>Avete anche la possibilit\u00e0 di noleggiare biciclette a pedalata assistita per tutta la durata del vostro soggiorno, contattando il nostro fornitore di attivit\u00e0 60-40.<\/p>\n\n\n\n<p>Troverai anche posti dove ricaricare le batterie della tua bici elettrica.  <\/p>\n\n\n\n<p>Per gli amanti del <strong>trasporto alternativo<\/strong>, sono disponibili molti <strong>carpooling <\/strong>in tutto il paese, soprattutto da Grenoble.<\/p>\n<\/div><\/div>\n\n\n\n<div class=\"wp-block-ws-library-ws-column\"><div class=\"wrapper\">\n<div class=\"wp-block-ws-library-ws-image\"><div class=\"wrapper\"><div class=\"group-media\"><img decoding=\"async\" src=\"https:\/\/www.paysdesecrins.com\/wp-content\/uploads\/2025\/07\/1596546037-1771779768-952x640.jpg\" alt=\"\" class=\"single_image ws-image-47134\"><div class=\"credits\"><\/div><\/div><p class=\"caption\"><\/p><\/div><\/div>\n<\/div><\/div>\n<\/div>\n\n<div class=\"wp-block-ws-library-ws-title\"><h3><em>Quali attivit\u00e0<\/em>sono accessibili senza auto?<\/h3><\/div>\n\n<p class=\"has-text-align-left\">Molte <strong>escursioni<\/strong>, di <strong>giornata <\/strong>o di <strong>itineranza<\/strong>, partono <strong>da<\/strong> L&#8217;Argenti\u00e8re, per tutti i <strong>livelli <\/strong>e tutte le <strong>pratiche<\/strong>.<\/p>\n\n<p>Per gli amanti delle <strong>escursioni di pi\u00f9 giorni,<\/strong> il Pays des \u00c9crins ha preparato tre itinerari speciali, in <strong>3<\/strong>, <strong>6 <\/strong>e <strong>7 <\/strong>giorni che si possono iniziare a L&#8217;Argenti\u00e8re:<\/p>\n\n<ul class=\"wp-block-list\">\n<li><a href=\"https:\/\/rando.paysdesecrins.com\/a-pied\/tour-du-pays-des-ecrins-en-3-jours\/\" target=\"_blank\" rel=\"noreferrer noopener\">Il tour del Pays des \u00c9crins in 3 giorni <\/a>(con partenza dalla stazione)<\/li>\n\n\n\n<li><a href=\"https:\/\/rando.paysdesecrins.com\/a-pied\/tour-du-pays-des-ecrins-en-6-jours\/\" target=\"_blank\" rel=\"noreferrer noopener\">Il tour del Pays des \u00c9crins in 6 giorni <\/a>(con partenza dalla stazione)<\/li>\n\n\n\n<li><a href=\"https:\/\/rando.paysdesecrins.com\/a-pied\/tour-du-pays-des-ecrins-en-7-jours\/\" target=\"_blank\" rel=\"noreferrer noopener\">Il tour del Pays des \u00c9crins in 7 giorni <\/a>(dalla stazione)<\/li>\n\n\n\n<li><a href=\"https:\/\/rando.paysdesecrins.com\/vtt\/traversee-du-pays-des-ecrins-en-vtt\/\" target=\"_blank\" rel=\"noreferrer noopener\">Attraversare il Pays des \u00c9crins in mountain bike <\/a>(partenza dalla stazione di Brian\u00e7on)<\/li>\n<\/ul>\n\n<p>\u00c8 anche possibile raggiungere il <a href=\"https:\/\/rando.paysdesecrins.com\/a-pied\/gr54-tour-de-loisans-et-des-ecrins-depuis-largentiere-la-bessee\/\" target=\"_blank\" rel=\"noreferrer noopener\">GR54 da L&#8217;Argenti\u00e8re<\/a>, per <strong>scoprire tutto il massiccio degli Ecrins<\/strong>, in questa superba escursione che dura <strong>una decina di giorni<\/strong>.<\/p>\n\n<p>Se volete <strong>riscaldarvi <\/strong>prima di partire per un&#8217;escursione pi\u00f9 lunga, o se vi trovate qui solo per pochi giorni, approfittate di queste <strong>brevi escursioni facilmente<\/strong> raggiungibili da L&#8217;Argenti\u00e8re, ancora senza auto:<\/p>\n\n<ul class=\"wp-block-list\">\n<li><a href=\"https:\/\/rando.paysdesecrins.com\/a-pied\/le-sentier-des-mineurs\/\" target=\"_blank\" rel=\"noreferrer noopener\">Il Sentiero dei Minatori<\/a> (3h30, 384m di dislivello, dalla stazione)<\/li>\n\n\n\n<li><a href=\"https:\/\/rando.paysdesecrins.com\/a-pied\/sentier-thematique-balade-du-circuit-industriel\/\" target=\"_blank\" rel=\"noreferrer noopener\">Passeggiata del Circuito Industriale<\/a> (1h30, partenza dall&#8217;ufficio turistico, 5 minuti dalla stazione)<\/li>\n\n\n\n<li><a href=\"https:\/\/rando.paysdesecrins.com\/a-pied\/randoland-largentiere-la-bessee\/\" target=\"_blank\" rel=\"noreferrer noopener\">Randoland L&#8217;Argenti\u00e8re<\/a> (2 ore, partenza dalla Chapelle Saint Jean, a 5 minuti dalla stazione)<\/li>\n\n\n\n<li><a href=\"https:\/\/rando.paysdesecrins.com\/a-pied\/la-voie-verte-de-largentiere-la-bessee\/\" target=\"_blank\" rel=\"noreferrer noopener\">La via verde dell&#8217;Argenti\u00e8re<\/a> (1 ora, partenza dall&#8217;ufficio turistico, 5 minuti dalla stazione)<\/li>\n\n\n\n<li><a href=\"https:\/\/rando.paysdesecrins.com\/trek\/973179-Parcours-n17---Les-Chardons-Bleus\" target=\"_blank\" rel=\"noreferrer noopener\">Les Chardons Bleus<\/a> (mountain bike, 3h30, 675m di dislivello, partenza dal chiosco, a 5 minuti dalla stazione)<\/li>\n\n\n\n<li><a href=\"https:\/\/rando.paysdesecrins.com\/trek\/972259-Parcours-n16---Le-Tour-des-Tetes\" target=\"_blank\" rel=\"noreferrer noopener\">Il Tour des T\u00eates<\/a> (mountain bike, 3h15, 871m di dislivello, partenza dal chiosco, a 5 minuti dalla stazione)<\/li>\n\n\n\n<li><a href=\"https:\/\/rando.paysdesecrins.com\/trek\/970522-Parcours-n18---Les-Eyssuches\" target=\"_blank\" rel=\"noreferrer noopener\">Les Eyssuches<\/a> (mountain bike, 1h45, 287m di dislivello, partenza dal chiosco, a 5 minuti dalla stazione)<\/li>\n\n\n\n<li><a href=\"https:\/\/rando.paysdesecrins.com\/trail\/kilometre-vertical-de-largentiere-la-bessee\/\" target=\"_blank\" rel=\"noreferrer noopener\">Chilometro Dislivello di Argenti\u00e8re<\/a> (Trail, 1h30, 1054m di dislivello, con partenza dalla rotonda della Turbina, a 5 minuti dalla stazione)<\/li>\n\n\n\n<li><a href=\"https:\/\/rando.paysdesecrins.com\/trail\/les-tetes-par-la-pignee-parcours-trail-n23\/\" target=\"_blank\" rel=\"noreferrer noopener\">Les T\u00eates par la Pign\u00e9e<\/a> (Sentiero, 5 ore, 1084m di dislivello dalla rotonda della Turbina, a 5 minuti dalla stazione)<\/li>\n\n\n\n<li><a href=\"https:\/\/rando.paysdesecrins.com\/trail\/autour-des-mines-parcours-trail-n22\/\" target=\"_blank\" rel=\"noreferrer noopener\">Intorno alle Miniere<\/a> (Sentiero, 3h, 425m di dislivello, con partenza dalla rotonda della turbina, a 5 minuti dalla stazione)<\/li>\n<\/ul>\n\n<div class=\"wp-block-ws-library-ws-slider alignwide\"><div class=\"splide\" data-splide=\"{\"type\":\"slide\",\"heightRatio\":\"auto\",\"perPage\":4,\"perMove\":1,\"drag\":true,\"pagination\":0,\"autoplay\":false,\"gap\":\"15px\",\"breakpoints\":{\"450\":{\"perPage\":1},\"768\":{\"perPage\":2},\"992\":{\"perPage\":3},\"1200\":{\"perPage\":4}}}\"><div class=\"splide__track\"><div class=\"splide__list\"><div class=\"splide__slide\"><a href=\"https:\/\/www.paysdesecrins.com\/wp-content\/uploads\/2025\/07\/1596546330-1499666308-400x400.jpg\" data-glightbox=\"true\" class=\"lightbox-trigger\"><img decoding=\"async\" src=\"https:\/\/www.paysdesecrins.com\/wp-content\/uploads\/2025\/07\/1596546330-1499666308-400x400.jpg\" alt=\"\"><\/a><\/div><div class=\"splide__slide\"><a href=\"https:\/\/www.paysdesecrins.com\/wp-content\/uploads\/2025\/07\/1596547019-1518864867-400x400.jpg\" data-glightbox=\"true\" class=\"lightbox-trigger\"><img decoding=\"async\" src=\"https:\/\/www.paysdesecrins.com\/wp-content\/uploads\/2025\/07\/1596547019-1518864867-400x400.jpg\" alt=\"\"><\/a><\/div><div class=\"splide__slide\"><a href=\"https:\/\/www.paysdesecrins.com\/wp-content\/uploads\/2025\/07\/1596546330-507823710-400x400.jpg\" data-glightbox=\"true\" class=\"lightbox-trigger\"><img decoding=\"async\" src=\"https:\/\/www.paysdesecrins.com\/wp-content\/uploads\/2025\/07\/1596546330-507823710-400x400.jpg\" alt=\"\"><\/a><\/div><\/div><\/div><\/div><\/div>\n\n<div class=\"wp-block-ws-library-ws-share\"><span class=\"share-subtitle\">Ti \u00e8 piaciuta questa pagina?<\/span><span class=\"share-title\">Condividilo!<\/span><button class=\"ws-share-button wp-element-button\">Condividi questa pagina<\/button><\/div>\n","protected":false},"excerpt":{"rendered":"<p>Studenti o giovani professionisti senza auto? Sei preoccupato di andare in montagna con la pi\u00f9 bassa impronta di carbonio possibile [&hellip;]<\/p>\n","protected":false},"author":9,"featured_media":48673,"parent":45937,"menu_order":0,"comment_status":"closed","ping_status":"closed","template":"","meta":{"_thumbnail_id_2":0,"summer_excerpt":"","season":"","station":"","footnotes":""},"class_list":["post-47428","page","type-page","status-publish","has-post-thumbnail","hentry"],"yoast_head":"<!-- This site is optimized with the Yoast SEO plugin v27.3 - https:\/\/yoast.com\/product\/yoast-seo-wordpress\/ -->\n<title>Il Pays des \u00c9crins senza auto, con partenza dalla stazione di Argenti\u00e8re les \u00c9crins - Pays des \u00c9crins - Office de Tourisme<\/title>\n<meta name=\"robots\" content=\"index, follow, max-snippet:-1, max-image-preview:large, max-video-preview:-1\" \/>\n<link rel=\"canonical\" href=\"https:\/\/www.paysdesecrins.com\/it\/scelgo\/accesso-e-navette\/il-pays-des-ecrins-senza-auto-con-partenza-dalla-stazione-ferroviaria-di-argentiere-les-ecrins\/\" \/>\n<meta property=\"og:locale\" content=\"it_IT\" \/>\n<meta property=\"og:type\" content=\"article\" \/>\n<meta property=\"og:title\" content=\"Il Pays des \u00c9crins senza auto, con partenza dalla stazione di Argenti\u00e8re les \u00c9crins - Pays des \u00c9crins - Office de Tourisme\" \/>\n<meta property=\"og:description\" content=\"Studenti o giovani professionisti senza auto? Sei preoccupato di andare in montagna con la pi\u00f9 bassa impronta di carbonio possibile [&hellip;]\" \/>\n<meta property=\"og:url\" content=\"https:\/\/www.paysdesecrins.com\/it\/scelgo\/accesso-e-navette\/il-pays-des-ecrins-senza-auto-con-partenza-dalla-stazione-ferroviaria-di-argentiere-les-ecrins\/\" \/>\n<meta property=\"og:site_name\" content=\"Pays des \u00c9crins - Office de Tourisme\" \/>\n<meta property=\"article:modified_time\" content=\"2025-08-07T13:06:43+00:00\" \/>\n<meta property=\"og:image\" content=\"https:\/\/www.paysdesecrins.com\/wp-content\/uploads\/2025\/07\/bivouac-et-trail-cre-te-de-rougnoux-133-1-1-scaled.jpg\" \/>\n\t<meta property=\"og:image:width\" content=\"2560\" \/>\n\t<meta property=\"og:image:height\" content=\"1707\" \/>\n\t<meta property=\"og:image:type\" content=\"image\/jpeg\" \/>\n<meta name=\"twitter:card\" content=\"summary_large_image\" \/>\n<meta name=\"twitter:label1\" content=\"Tempo di lettura stimato\" \/>\n\t<meta name=\"twitter:data1\" content=\"3 minuti\" \/>\n<script type=\"application\/ld+json\" class=\"yoast-schema-graph\">{\"@context\":\"https:\\\/\\\/schema.org\",\"@graph\":[{\"@type\":\"WebPage\",\"@id\":\"https:\\\/\\\/www.paysdesecrins.com\\\/it\\\/scelgo\\\/accesso-e-navette\\\/il-pays-des-ecrins-senza-auto-con-partenza-dalla-stazione-ferroviaria-di-argentiere-les-ecrins\\\/\",\"url\":\"https:\\\/\\\/www.paysdesecrins.com\\\/it\\\/scelgo\\\/accesso-e-navette\\\/il-pays-des-ecrins-senza-auto-con-partenza-dalla-stazione-ferroviaria-di-argentiere-les-ecrins\\\/\",\"name\":\"Il Pays des \u00c9crins senza auto, con partenza dalla stazione di Argenti\u00e8re les \u00c9crins - Pays des \u00c9crins - Office de Tourisme\",\"isPartOf\":{\"@id\":\"https:\\\/\\\/www.paysdesecrins.com\\\/it\\\/#website\"},\"primaryImageOfPage\":{\"@id\":\"https:\\\/\\\/www.paysdesecrins.com\\\/it\\\/scelgo\\\/accesso-e-navette\\\/il-pays-des-ecrins-senza-auto-con-partenza-dalla-stazione-ferroviaria-di-argentiere-les-ecrins\\\/#primaryimage\"},\"image\":{\"@id\":\"https:\\\/\\\/www.paysdesecrins.com\\\/it\\\/scelgo\\\/accesso-e-navette\\\/il-pays-des-ecrins-senza-auto-con-partenza-dalla-stazione-ferroviaria-di-argentiere-les-ecrins\\\/#primaryimage\"},\"thumbnailUrl\":\"https:\\\/\\\/www.paysdesecrins.com\\\/wp-content\\\/uploads\\\/2025\\\/07\\\/bivouac-et-trail-cre-te-de-rougnoux-133-1-1-scaled.jpg\",\"datePublished\":\"2025-07-28T14:35:15+00:00\",\"dateModified\":\"2025-08-07T13:06:43+00:00\",\"breadcrumb\":{\"@id\":\"https:\\\/\\\/www.paysdesecrins.com\\\/it\\\/scelgo\\\/accesso-e-navette\\\/il-pays-des-ecrins-senza-auto-con-partenza-dalla-stazione-ferroviaria-di-argentiere-les-ecrins\\\/#breadcrumb\"},\"inLanguage\":\"it-IT\",\"potentialAction\":[{\"@type\":\"ReadAction\",\"target\":[\"https:\\\/\\\/www.paysdesecrins.com\\\/it\\\/scelgo\\\/accesso-e-navette\\\/il-pays-des-ecrins-senza-auto-con-partenza-dalla-stazione-ferroviaria-di-argentiere-les-ecrins\\\/\"]}]},{\"@type\":\"ImageObject\",\"inLanguage\":\"it-IT\",\"@id\":\"https:\\\/\\\/www.paysdesecrins.com\\\/it\\\/scelgo\\\/accesso-e-navette\\\/il-pays-des-ecrins-senza-auto-con-partenza-dalla-stazione-ferroviaria-di-argentiere-les-ecrins\\\/#primaryimage\",\"url\":\"https:\\\/\\\/www.paysdesecrins.com\\\/wp-content\\\/uploads\\\/2025\\\/07\\\/bivouac-et-trail-cre-te-de-rougnoux-133-1-1-scaled.jpg\",\"contentUrl\":\"https:\\\/\\\/www.paysdesecrins.com\\\/wp-content\\\/uploads\\\/2025\\\/07\\\/bivouac-et-trail-cre-te-de-rougnoux-133-1-1-scaled.jpg\",\"width\":2560,\"height\":1707},{\"@type\":\"BreadcrumbList\",\"@id\":\"https:\\\/\\\/www.paysdesecrins.com\\\/it\\\/scelgo\\\/accesso-e-navette\\\/il-pays-des-ecrins-senza-auto-con-partenza-dalla-stazione-ferroviaria-di-argentiere-les-ecrins\\\/#breadcrumb\",\"itemListElement\":[{\"@type\":\"ListItem\",\"position\":1,\"name\":\"Accueil\",\"item\":\"https:\\\/\\\/www.paysdesecrins.com\\\/it\\\/il-titolo-della-casa\\\/\"},{\"@type\":\"ListItem\",\"position\":2,\"name\":\"Scelgo\",\"item\":\"https:\\\/\\\/www.paysdesecrins.com\\\/it\\\/scelgo\\\/\"},{\"@type\":\"ListItem\",\"position\":3,\"name\":\"Accesso e trasporti\",\"item\":\"https:\\\/\\\/www.paysdesecrins.com\\\/it\\\/scelgo\\\/accesso-e-navette\\\/\"},{\"@type\":\"ListItem\",\"position\":4,\"name\":\"Il Pays des \u00c9crins senza auto, con partenza dalla stazione di Argenti\u00e8re les \u00c9crins\"}]},{\"@type\":\"WebSite\",\"@id\":\"https:\\\/\\\/www.paysdesecrins.com\\\/it\\\/#website\",\"url\":\"https:\\\/\\\/www.paysdesecrins.com\\\/it\\\/\",\"name\":\"Pays des \u00c9crins - Office de Tourisme\",\"description\":\"L&#039;esprit montagne\",\"publisher\":{\"@id\":\"https:\\\/\\\/www.paysdesecrins.com\\\/it\\\/#organization\"},\"potentialAction\":[{\"@type\":\"SearchAction\",\"target\":{\"@type\":\"EntryPoint\",\"urlTemplate\":\"https:\\\/\\\/www.paysdesecrins.com\\\/it\\\/?s={search_term_string}\"},\"query-input\":{\"@type\":\"PropertyValueSpecification\",\"valueRequired\":true,\"valueName\":\"search_term_string\"}}],\"inLanguage\":\"it-IT\"},{\"@type\":\"Organization\",\"@id\":\"https:\\\/\\\/www.paysdesecrins.com\\\/it\\\/#organization\",\"name\":\"Pays des \u00c9crins - Office de Tourisme\",\"url\":\"https:\\\/\\\/www.paysdesecrins.com\\\/it\\\/\",\"logo\":{\"@type\":\"ImageObject\",\"inLanguage\":\"it-IT\",\"@id\":\"https:\\\/\\\/www.paysdesecrins.com\\\/it\\\/#\\\/schema\\\/logo\\\/image\\\/\",\"url\":\"https:\\\/\\\/www.paysdesecrins.com\\\/wp-content\\\/uploads\\\/2025\\\/06\\\/devina-svg-1750845694.svg\",\"contentUrl\":\"https:\\\/\\\/www.paysdesecrins.com\\\/wp-content\\\/uploads\\\/2025\\\/06\\\/devina-svg-1750845694.svg\",\"caption\":\"Pays des \u00c9crins - Office de Tourisme\"},\"image\":{\"@id\":\"https:\\\/\\\/www.paysdesecrins.com\\\/it\\\/#\\\/schema\\\/logo\\\/image\\\/\"}}]}<\/script>\n<!-- \/ Yoast SEO plugin. -->","yoast_head_json":{"title":"Il Pays des \u00c9crins senza auto, con partenza dalla stazione di Argenti\u00e8re les \u00c9crins - Pays des \u00c9crins - Office de Tourisme","robots":{"index":"index","follow":"follow","max-snippet":"max-snippet:-1","max-image-preview":"max-image-preview:large","max-video-preview":"max-video-preview:-1"},"canonical":"https:\/\/www.paysdesecrins.com\/it\/scelgo\/accesso-e-navette\/il-pays-des-ecrins-senza-auto-con-partenza-dalla-stazione-ferroviaria-di-argentiere-les-ecrins\/","og_locale":"it_IT","og_type":"article","og_title":"Il Pays des \u00c9crins senza auto, con partenza dalla stazione di Argenti\u00e8re les \u00c9crins - Pays des \u00c9crins - Office de Tourisme","og_description":"Studenti o giovani professionisti senza auto? Sei preoccupato di andare in montagna con la pi\u00f9 bassa impronta di carbonio possibile [&hellip;]","og_url":"https:\/\/www.paysdesecrins.com\/it\/scelgo\/accesso-e-navette\/il-pays-des-ecrins-senza-auto-con-partenza-dalla-stazione-ferroviaria-di-argentiere-les-ecrins\/","og_site_name":"Pays des \u00c9crins - Office de Tourisme","article_modified_time":"2025-08-07T13:06:43+00:00","og_image":[{"width":2560,"height":1707,"url":"https:\/\/www.paysdesecrins.com\/wp-content\/uploads\/2025\/07\/bivouac-et-trail-cre-te-de-rougnoux-133-1-1-scaled.jpg","type":"image\/jpeg"}],"twitter_card":"summary_large_image","twitter_misc":{"Tempo di lettura stimato":"3 minuti"},"schema":{"@context":"https:\/\/schema.org","@graph":[{"@type":"WebPage","@id":"https:\/\/www.paysdesecrins.com\/it\/scelgo\/accesso-e-navette\/il-pays-des-ecrins-senza-auto-con-partenza-dalla-stazione-ferroviaria-di-argentiere-les-ecrins\/","url":"https:\/\/www.paysdesecrins.com\/it\/scelgo\/accesso-e-navette\/il-pays-des-ecrins-senza-auto-con-partenza-dalla-stazione-ferroviaria-di-argentiere-les-ecrins\/","name":"Il Pays des \u00c9crins senza auto, con partenza dalla stazione di Argenti\u00e8re les \u00c9crins - Pays des \u00c9crins - Office de Tourisme","isPartOf":{"@id":"https:\/\/www.paysdesecrins.com\/it\/#website"},"primaryImageOfPage":{"@id":"https:\/\/www.paysdesecrins.com\/it\/scelgo\/accesso-e-navette\/il-pays-des-ecrins-senza-auto-con-partenza-dalla-stazione-ferroviaria-di-argentiere-les-ecrins\/#primaryimage"},"image":{"@id":"https:\/\/www.paysdesecrins.com\/it\/scelgo\/accesso-e-navette\/il-pays-des-ecrins-senza-auto-con-partenza-dalla-stazione-ferroviaria-di-argentiere-les-ecrins\/#primaryimage"},"thumbnailUrl":"https:\/\/www.paysdesecrins.com\/wp-content\/uploads\/2025\/07\/bivouac-et-trail-cre-te-de-rougnoux-133-1-1-scaled.jpg","datePublished":"2025-07-28T14:35:15+00:00","dateModified":"2025-08-07T13:06:43+00:00","breadcrumb":{"@id":"https:\/\/www.paysdesecrins.com\/it\/scelgo\/accesso-e-navette\/il-pays-des-ecrins-senza-auto-con-partenza-dalla-stazione-ferroviaria-di-argentiere-les-ecrins\/#breadcrumb"},"inLanguage":"it-IT","potentialAction":[{"@type":"ReadAction","target":["https:\/\/www.paysdesecrins.com\/it\/scelgo\/accesso-e-navette\/il-pays-des-ecrins-senza-auto-con-partenza-dalla-stazione-ferroviaria-di-argentiere-les-ecrins\/"]}]},{"@type":"ImageObject","inLanguage":"it-IT","@id":"https:\/\/www.paysdesecrins.com\/it\/scelgo\/accesso-e-navette\/il-pays-des-ecrins-senza-auto-con-partenza-dalla-stazione-ferroviaria-di-argentiere-les-ecrins\/#primaryimage","url":"https:\/\/www.paysdesecrins.com\/wp-content\/uploads\/2025\/07\/bivouac-et-trail-cre-te-de-rougnoux-133-1-1-scaled.jpg","contentUrl":"https:\/\/www.paysdesecrins.com\/wp-content\/uploads\/2025\/07\/bivouac-et-trail-cre-te-de-rougnoux-133-1-1-scaled.jpg","width":2560,"height":1707},{"@type":"BreadcrumbList","@id":"https:\/\/www.paysdesecrins.com\/it\/scelgo\/accesso-e-navette\/il-pays-des-ecrins-senza-auto-con-partenza-dalla-stazione-ferroviaria-di-argentiere-les-ecrins\/#breadcrumb","itemListElement":[{"@type":"ListItem","position":1,"name":"Accueil","item":"https:\/\/www.paysdesecrins.com\/it\/il-titolo-della-casa\/"},{"@type":"ListItem","position":2,"name":"Scelgo","item":"https:\/\/www.paysdesecrins.com\/it\/scelgo\/"},{"@type":"ListItem","position":3,"name":"Accesso e trasporti","item":"https:\/\/www.paysdesecrins.com\/it\/scelgo\/accesso-e-navette\/"},{"@type":"ListItem","position":4,"name":"Il Pays des \u00c9crins senza auto, con partenza dalla stazione di Argenti\u00e8re les \u00c9crins"}]},{"@type":"WebSite","@id":"https:\/\/www.paysdesecrins.com\/it\/#website","url":"https:\/\/www.paysdesecrins.com\/it\/","name":"Pays des \u00c9crins - Office de Tourisme","description":"L&#039;esprit montagne","publisher":{"@id":"https:\/\/www.paysdesecrins.com\/it\/#organization"},"potentialAction":[{"@type":"SearchAction","target":{"@type":"EntryPoint","urlTemplate":"https:\/\/www.paysdesecrins.com\/it\/?s={search_term_string}"},"query-input":{"@type":"PropertyValueSpecification","valueRequired":true,"valueName":"search_term_string"}}],"inLanguage":"it-IT"},{"@type":"Organization","@id":"https:\/\/www.paysdesecrins.com\/it\/#organization","name":"Pays des \u00c9crins - Office de Tourisme","url":"https:\/\/www.paysdesecrins.com\/it\/","logo":{"@type":"ImageObject","inLanguage":"it-IT","@id":"https:\/\/www.paysdesecrins.com\/it\/#\/schema\/logo\/image\/","url":"https:\/\/www.paysdesecrins.com\/wp-content\/uploads\/2025\/06\/devina-svg-1750845694.svg","contentUrl":"https:\/\/www.paysdesecrins.com\/wp-content\/uploads\/2025\/06\/devina-svg-1750845694.svg","caption":"Pays des \u00c9crins - Office de Tourisme"},"image":{"@id":"https:\/\/www.paysdesecrins.com\/it\/#\/schema\/logo\/image\/"}}]}},"_links":{"self":[{"href":"https:\/\/www.paysdesecrins.com\/it\/wp-json\/wp\/v2\/pages\/47428","targetHints":{"allow":["GET"]}}],"collection":[{"href":"https:\/\/www.paysdesecrins.com\/it\/wp-json\/wp\/v2\/pages"}],"about":[{"href":"https:\/\/www.paysdesecrins.com\/it\/wp-json\/wp\/v2\/types\/page"}],"author":[{"embeddable":true,"href":"https:\/\/www.paysdesecrins.com\/it\/wp-json\/wp\/v2\/users\/9"}],"replies":[{"embeddable":true,"href":"https:\/\/www.paysdesecrins.com\/it\/wp-json\/wp\/v2\/comments?post=47428"}],"version-history":[{"count":0,"href":"https:\/\/www.paysdesecrins.com\/it\/wp-json\/wp\/v2\/pages\/47428\/revisions"}],"up":[{"embeddable":true,"href":"https:\/\/www.paysdesecrins.com\/it\/wp-json\/wp\/v2\/pages\/45937"}],"wp:featuredmedia":[{"embeddable":true,"href":"https:\/\/www.paysdesecrins.com\/it\/wp-json\/wp\/v2\/media\/48673"}],"wp:attachment":[{"href":"https:\/\/www.paysdesecrins.com\/it\/wp-json\/wp\/v2\/media?parent=47428"}],"curies":[{"name":"wp","href":"https:\/\/api.w.org\/{rel}","templated":true}]}}