{"id":48780,"date":"2025-07-29T10:26:48","date_gmt":"2025-07-29T08:26:48","guid":{"rendered":"https:\/\/www.paysdesecrins.com\/accesso-e-navette\/strada-autobus\/"},"modified":"2025-08-22T10:40:19","modified_gmt":"2025-08-22T08:40:19","slug":"strada-autobus","status":"publish","type":"page","link":"https:\/\/www.paysdesecrins.com\/it\/scelgo\/accesso-e-navette\/strada-autobus\/","title":{"rendered":"Strada\/Autobus"},"content":{"rendered":"    <div class=\"alignfull wp-block-ws-library-ws-header-interne\">\n\t    <div class=\"header-container\">\n\t        <div class=\"group-media has-image\">\n\t            \t                <img loading=\"lazy\" decoding=\"async\" width=\"1200\" height=\"800\" src=\"https:\/\/www.paysdesecrins.com\/wp-content\/uploads\/2025\/07\/1596546037-434450263-1.jpg\" alt=\"\" class=\"image_large_square wp-image-48772\" srcset=\"https:\/\/www.paysdesecrins.com\/wp-content\/uploads\/2025\/07\/1596546037-434450263-1.jpg 1200w, https:\/\/www.paysdesecrins.com\/wp-content\/uploads\/2025\/07\/1596546037-434450263-1-300x200.jpg 300w, https:\/\/www.paysdesecrins.com\/wp-content\/uploads\/2025\/07\/1596546037-434450263-1-1024x683.jpg 1024w, https:\/\/www.paysdesecrins.com\/wp-content\/uploads\/2025\/07\/1596546037-434450263-1-768x512.jpg 768w, https:\/\/www.paysdesecrins.com\/wp-content\/uploads\/2025\/07\/1596546037-434450263-1-960x640.jpg 960w\" sizes=\"auto, (max-width: 1200px) 100vw, 1200px\" \/>\n\t            \t        <\/div>\n\t        <div class=\"group-content\">\n\t            <div class=\"title\">\n\t                <h1>\n\t                    Strada\/Autobus\t                    \t                <\/h1>\n\t            <\/div>\n\t        <\/div>\n\t    <\/div>\n\t    \n<div class=\"yoast-breadcrumbs\"><span><span><a href=\"https:\/\/www.paysdesecrins.com\/it\/il-titolo-della-casa\/\">Accueil<\/a><\/span>  <span><a href=\"https:\/\/www.paysdesecrins.com\/it\/scelgo\/\">Scelgo<\/a><\/span>  <span><a href=\"https:\/\/www.paysdesecrins.com\/it\/scelgo\/accesso-e-navette\/\">Accesso e trasporti<\/a><\/span>  <span class=\"breadcrumb_last\" aria-current=\"page\">Strada\/Autobus<\/span><\/span><\/div>\n    <\/div>\n    \n<div class=\"wp-block-ws-library-ws-title aligncenter is-style-simple\"><h2>Accesso al Pays des \u00c9crins in auto<\/h2><\/div>\n\n<div class=\"wp-block-ws-library-ws-image\"><div class=\"wrapper\"><div class=\"group-media\"><img decoding=\"async\" src=\"https:\/\/www.paysdesecrins.com\/wp-content\/uploads\/2025\/08\/plan-acces-pays-des-ecrins-905x640.png\" alt=\"\" class=\"single_image ws-image-91894\"><div class=\"credits\"><\/div><\/div><p class=\"caption\"><\/p><\/div><\/div>\n\n<div class=\"wp-block-ws-library-ws-title\"><h3><em>Arrivare nel Pays des \u00c9crins<\/em>in treno, autobus e carpooling!<\/h3><\/div>\n\n<p>Ad esempio, puoi trovare i tuoi biglietti direttamente per: <a href=\"https:\/\/www.tictactrip.eu\/search\/paris\/largentiere-les-ecrins?utm_source=paysdesecrins.com&amp;utm_medium=referral&amp;utm_campaign=BL-FR-SKI-PAYS-DES-ECRINS\" target=\"_blank\" rel=\"noreferrer noopener\">Parigi \u2013 L&#8217;Argenti\u00e8re-les-\u00c9crins<\/a>, <a href=\"https:\/\/www.tictactrip.eu\/search\/lyon\/largentiere-les-ecrins?utm_source=paysdesecrins.com&amp;utm_medium=referral&amp;utm_campaign=BL-FR-SKI-PAYS-DES-ECRINS\" target=\"_blank\" rel=\"noreferrer noopener\">treno Marsiglia \u2013 L&#8217;Argenti\u00e8re-les-\u00c9crins <\/a>, oppure autobus <a href=\"https:\/\/www.tictactrip.eu\/search\/cluses\/largentiere-les-ecrins?utm_source=paysdesecrins.com&amp;utm_medium=referral&amp;utm_campaign=BL-FR-SKI-PAYS-DES-ECRINS\" target=\"_blank\" rel=\"noreferrer noopener\">Chamb\u00e9ry \u2013 L&#8217;Argenti\u00e8re-les-\u00c9crins<\/a> e molti altri&#8230;<\/p>\n<p><a href=\"https:\/\/www.tictactrip.eu\" id=\"ttt-widget\" data-iframe-partnerId=\"WB-SKI-PAYS-DES-ECRINS\">. <\/a><br \/>\n<script async type=\"text\/javascript\" src=\"https:\/\/widgetbooking.tictactrip.eu\/index.js\"><\/script><\/p>\n\n<div class=\"wp-block-ws-library-ws-title\"><h3><em>Arrivare&nbsp;<\/em><strong>settentrionale&nbsp;<\/strong><\/h3><\/div>\n\n<p>Prendere l&#8217;autostrada <strong>A48<\/strong> fino a Grenoble, quindi prendere il Col du Lautaret (RN91). Attraversare Brian\u00e7on in direzione di Gap. Si entra nel Pays des \u00c9crins da Saint-Martin de Queyri\u00e8res.<\/p>\n\n<div class=\"wp-block-ws-library-ws-title\"><h3><em>Arrivare&nbsp;<\/em><strong>meridionale&nbsp;<\/strong><\/h3><\/div>\n\n<p>Prendere l&#8217;autostrada <strong>A51<\/strong> fino a La Saulce, quindi dirigersi verso Brian\u00e7on (RN 94). Si entra nel Pays des \u00c9crins da La Roche de Rame. <\/p>\n\n<div class=\"wp-block-ws-library-ws-title\"><h3><em>Dall&#8217;estero<\/em><strong><\/strong><\/h3><\/div>\n\n<p><strong>Dall&#8217;Italia <br\/><\/strong>Prendere l&#8217;autostrada <strong>A43<\/strong> dalla Maurienne attraverso il tunnel del Fr\u00e9jus, quindi prendere il Col de Montgen\u00e8vre. Attraversare Brian\u00e7on in direzione di Gap. Si entra nel Pays des \u00c9crins da Saint-Martin de Queyri\u00e8res.  <br\/><br\/><strong>Dal Belgio<br\/><\/strong>Seguire l&#8217;autostrada <strong>A26<\/strong> fino a Digione. Proseguire in direzione Lione, poi prendere l&#8217;autostrada A43 della Maurienne attraverso il tunnel del Fr\u00e9jus, quindi prendere il Col de Montgen\u00e8vre. Attraversare Brian\u00e7on in direzione di Gap. Si entra nel Pays des \u00c9crins da Saint-Martin de Queyri\u00e8res.   <\/p>\n\n<div class=\"wp-block-ws-library-ws-title\"><h3><em>Dalle<\/em><strong>principali citt\u00e0<\/strong><\/h3><\/div>\n\n<p><strong>Da Parigi<br\/><\/strong>Con l&#8217;autostrada <strong>A6<\/strong> fino a Lione, poi con l&#8217;autostrada <strong>A43<\/strong> fino a Grenoble e poi verso Brian\u00e7on attraverso il Col du Lautaret, si entra nel Pays des \u00c9crins a Saint-Martin de Queyri\u00e8res.<br\/><br\/><strong>Da Grenoble<br\/><\/strong>Prendere la <strong>D1091<\/strong>, in direzione Brian\u00e7on attraverso il Col du Lautaret, si entra nel Pays des \u00c9crins a Saint-Martin de Queyri\u00e8res.<br\/><br\/><strong>Da Marsiglia<br\/><\/strong>Dall&#8217;autostrada <strong>A51 <\/strong>fino a Gap\/Tallard, prendere la N94 in direzione Brian\u00e7on, entrare nel Pays des \u00c9crins a La Roche de Rame.<br\/><br\/>Per raggiungere il Pays des \u00c9crins, puoi anche utilizzare i taxi che ti forniscono il veicolo adatto alla tua richiesta: Trasporto tutte le distanze, aeroporti\/stazioni ferroviarie, trasporto di gruppo, collegamento Vallouise\/Entraygues per gli escursionisti del GR54, mountain bike, assistenza al rimpatrio, visita della nostra Valle e dei suoi dintorni, trasporto sanitario seduto, ecc.<\/p>\n\n<div class=\"wp-block-ws-library-ws-columns alignwide has-2-columns are-vertically-aligned-center layout-5050 is-style-background\">\n<div class=\"wp-block-ws-library-ws-column\"><div class=\"wrapper\">\n<div class=\"wp-block-ws-library-ws-title\"><h3>Info percorso<\/h3><\/div>\n\n\n\n<p>Prima di metterti in viaggio, non dimenticare di informarti sulle condizioni delle strade che prenderai e sulle previsioni del tempo sul tuo percorso. Per aiutarti a farlo, aggiorniamo quotidianamente le nostre condizioni <strong>meteorologiche<\/strong> e <strong>del traffico<\/strong>.   <\/p>\n\n\n\n<p>Ti consigliamo inoltre di annotare e conservare i seguenti numeri di telefono durante il viaggio:<\/p>\n\n\n\n<p>Informazioni Col du Lautaret e Col du Montgen\u00e8vre: 04 65 03 00 05<\/p>\n\n\n\n<p>Informazioni sul traffico (CRIR): 08 26 02 20 22<\/p>\n<\/div><\/div>\n\n\n\n<div class=\"wp-block-ws-library-ws-column\"><div class=\"wrapper\">\n<div class=\"wp-block-ws-library-ws-image\"><div class=\"wrapper\"><div class=\"group-media\"><img decoding=\"async\" src=\"https:\/\/www.paysdesecrins.com\/wp-content\/uploads\/2025\/07\/capture-decran-2025-07-29-a-110556-853x640.png\" alt=\"\" class=\"single_image ws-image-48827\"><div class=\"credits\"><\/div><\/div><p class=\"caption\"><\/p><\/div><\/div>\n<\/div><\/div>\n<\/div>\n\n<div class=\"wp-block-ws-library-ws-title\"><h3><em>Accesso al Pays des \u00c9crins<\/em><strong>in autobus<\/strong><\/h3><\/div>\n\n<p class=\"has-text-align-left\"><strong>Da Grenoble con LER<br\/><\/strong>Linee regolari servono Brian\u00e7on da Grenoble. Contatta il corriere o controlla il loro sito web per gli orari.<br\/>VFD: <a href=\"http:\/\/www.vfd.fr\/\" target=\"_blank\" rel=\"noreferrer noopener\">http:\/\/www.vfd.fr<\/a> \u2013 Telefono: 04 76 60 47 08<br\/>LER 55 : Brian\u00e7on \u2013 Grenoble <\/p>\n\n<div class=\"wp-block-ws-library-ws-documents\">\n<div class=\"wp-block-ws-library-ws-document\"><a href=\"https:\/\/www.paysdesecrins.com\/wp-content\/uploads\/2025\/07\/zouler-ligne55-briancon-grenoble-via-serre-chevalier-ete-2025.pdf\" target=\"_blank\" rel=\"noopener noreferrer\" class=\"link-document\">Orario-Linea-L55-Brian\u00e7on-Grenoble-Luglio-Agosto-2025<\/a><\/div>\n<\/div>\n\n<p><strong>Da Nizza, Marsiglia o Gap con il vettore SCAL<\/strong><br\/>Linee regolari servono il Pays des \u00c9crins e Brian\u00e7on da Nizza, Marsiglia o Gap.<br\/>SCALA: <a href=\"https:\/\/www.autocars-scal.fr\/lignes-horaires\">https:\/\/www.autocars-scal.fr\/lignes-horaires<\/a><br\/>Telefono: 04 92 51 06 05<\/p>\n\n<p><strong>da Parigi, Marsiglia e Aix-en-Provence<\/strong><br\/>Vieni in espresso da Parigi, Marsiglia e Aix-en-Provence alle localit\u00e0 del Pays des \u00c9crins con i pullman Imbert.<br\/>Prenotabile online sul sito web <a href=\"http:\/\/www.neigeexpress.com\/\" target=\"_blank\" rel=\"noreferrer noopener\">di Neige Express<\/a> o per telefono al numero 04 92 45 18 11.<\/p>\n\n<div class=\"wp-block-ws-library-ws-documents\">\n<div class=\"wp-block-ws-library-ws-document\"><a href=\"https:\/\/www.paysdesecrins.com\/wp-content\/uploads\/2025\/07\/car-zouler-69-marseille-gap-briancon-a-partir-du-15-dec2024.pdf\" target=\"_blank\" rel=\"noopener noreferrer\" class=\"link-document\">Orario-LER69-Marsiglia-Gap-Brian\u00e7on-dal-15-dicembre-2024<\/a><\/div>\n<\/div>\n\n<p><strong>Da Parigi e Marsiglia<br\/><\/strong>Les <strong>Autocars IMBERT<\/strong> vi porta da Parigi e Marsiglia alle vostre localit\u00e0 nelle Alpi meridionali.<br\/>Gli orari sono riportati di seguito.  <\/p>\n\n<div class=\"wp-block-ws-library-ws-documents\">\n<div class=\"wp-block-ws-library-ws-document\"><a href=\"https:\/\/www.paysdesecrins.com\/wp-content\/uploads\/2025\/07\/depliant-neige-express-2024-2025-4volets-web-2-1.pdf\" target=\"_blank\" rel=\"noopener noreferrer\" class=\"link-document\">opuscolo-neve-express-Parigi-Marsiglia-2024-2025<\/a><\/div>\n<\/div>\n\n<p><strong>Da Oulx<br\/><\/strong>La linea 76 collega Oulx a Brian\u00e7on via Monginevro.<br\/>\u00c8 richiesta la prenotazione con 48 ore di anticipo.<br\/><a href=\"https:\/\/www.autocars-resalp.com\/lignes-horaires\/serre-chevalier-montgenevre-oulx\">https:\/\/www.autocars-resalp.com\/lignes-horaires\/serre-chevalier-montgenevre-oulx<\/a><\/p>\n\n<div class=\"wp-block-ws-library-ws-documents\">\n<div class=\"wp-block-ws-library-ws-document\"><a href=\"https:\/\/www.paysdesecrins.com\/wp-content\/uploads\/2025\/07\/fhligne76-maj2306.pdf\" target=\"_blank\" rel=\"noopener noreferrer\" class=\"link-document\">Linea76-Oulx-Monginevro-Brian\u00e7on-Marzo-Dicembre-2025<\/a><\/div>\n<\/div>\n\n<div class=\"wp-block-ws-library-ws-share\"><span class=\"share-subtitle\">Ti \u00e8 piaciuta questa pagina?<\/span><span class=\"share-title\">Condividilo!<\/span><button class=\"ws-share-button wp-element-button\">Condividi questa pagina<\/button><\/div>\n","protected":false},"excerpt":{"rendered":"<p>Ad esempio, puoi trovare i tuoi biglietti direttamente per: Parigi \u2013 L&#8217;Argenti\u00e8re-les-\u00c9crins, treno Marsiglia \u2013 L&#8217;Argenti\u00e8re-les-\u00c9crins , oppure autobus Chamb\u00e9ry [&hellip;]<\/p>\n","protected":false},"author":9,"featured_media":48776,"parent":45937,"menu_order":0,"comment_status":"closed","ping_status":"closed","template":"","meta":{"_thumbnail_id_2":0,"summer_excerpt":"","season":"","station":"","footnotes":""},"class_list":["post-48780","page","type-page","status-publish","has-post-thumbnail","hentry"],"yoast_head":"<!-- This site is optimized with the Yoast SEO plugin v27.3 - https:\/\/yoast.com\/product\/yoast-seo-wordpress\/ -->\n<title>Strada\/Autobus - Pays des \u00c9crins - Office de Tourisme<\/title>\n<meta name=\"robots\" content=\"index, follow, max-snippet:-1, max-image-preview:large, max-video-preview:-1\" \/>\n<link rel=\"canonical\" href=\"https:\/\/www.paysdesecrins.com\/it\/scelgo\/accesso-e-navette\/strada-autobus\/\" \/>\n<meta property=\"og:locale\" content=\"it_IT\" \/>\n<meta property=\"og:type\" content=\"article\" \/>\n<meta property=\"og:title\" content=\"Strada\/Autobus - Pays des \u00c9crins - Office de Tourisme\" \/>\n<meta property=\"og:description\" content=\"Ad esempio, puoi trovare i tuoi biglietti direttamente per: Parigi \u2013 L&#8217;Argenti\u00e8re-les-\u00c9crins, treno Marsiglia \u2013 L&#8217;Argenti\u00e8re-les-\u00c9crins , oppure autobus Chamb\u00e9ry [&hellip;]\" \/>\n<meta property=\"og:url\" content=\"https:\/\/www.paysdesecrins.com\/it\/scelgo\/accesso-e-navette\/strada-autobus\/\" \/>\n<meta property=\"og:site_name\" content=\"Pays des \u00c9crins - Office de Tourisme\" \/>\n<meta property=\"article:modified_time\" content=\"2025-08-22T08:40:19+00:00\" \/>\n<meta property=\"og:image\" content=\"https:\/\/www.paysdesecrins.com\/wp-content\/uploads\/2025\/07\/1596546037-434450263-1.jpg\" \/>\n\t<meta property=\"og:image:width\" content=\"1200\" \/>\n\t<meta property=\"og:image:height\" content=\"800\" \/>\n\t<meta property=\"og:image:type\" content=\"image\/jpeg\" \/>\n<meta name=\"twitter:card\" content=\"summary_large_image\" \/>\n<meta name=\"twitter:label1\" content=\"Tempo di lettura stimato\" \/>\n\t<meta name=\"twitter:data1\" content=\"3 minuti\" \/>\n<script type=\"application\/ld+json\" class=\"yoast-schema-graph\">{\"@context\":\"https:\\\/\\\/schema.org\",\"@graph\":[{\"@type\":\"WebPage\",\"@id\":\"https:\\\/\\\/www.paysdesecrins.com\\\/it\\\/scelgo\\\/accesso-e-navette\\\/strada-autobus\\\/\",\"url\":\"https:\\\/\\\/www.paysdesecrins.com\\\/it\\\/scelgo\\\/accesso-e-navette\\\/strada-autobus\\\/\",\"name\":\"Strada\\\/Autobus - Pays des \u00c9crins - Office de Tourisme\",\"isPartOf\":{\"@id\":\"https:\\\/\\\/www.paysdesecrins.com\\\/it\\\/#website\"},\"primaryImageOfPage\":{\"@id\":\"https:\\\/\\\/www.paysdesecrins.com\\\/it\\\/scelgo\\\/accesso-e-navette\\\/strada-autobus\\\/#primaryimage\"},\"image\":{\"@id\":\"https:\\\/\\\/www.paysdesecrins.com\\\/it\\\/scelgo\\\/accesso-e-navette\\\/strada-autobus\\\/#primaryimage\"},\"thumbnailUrl\":\"https:\\\/\\\/www.paysdesecrins.com\\\/wp-content\\\/uploads\\\/2025\\\/07\\\/1596546037-434450263-1.jpg\",\"datePublished\":\"2025-07-29T08:26:48+00:00\",\"dateModified\":\"2025-08-22T08:40:19+00:00\",\"breadcrumb\":{\"@id\":\"https:\\\/\\\/www.paysdesecrins.com\\\/it\\\/scelgo\\\/accesso-e-navette\\\/strada-autobus\\\/#breadcrumb\"},\"inLanguage\":\"it-IT\",\"potentialAction\":[{\"@type\":\"ReadAction\",\"target\":[\"https:\\\/\\\/www.paysdesecrins.com\\\/it\\\/scelgo\\\/accesso-e-navette\\\/strada-autobus\\\/\"]}]},{\"@type\":\"ImageObject\",\"inLanguage\":\"it-IT\",\"@id\":\"https:\\\/\\\/www.paysdesecrins.com\\\/it\\\/scelgo\\\/accesso-e-navette\\\/strada-autobus\\\/#primaryimage\",\"url\":\"https:\\\/\\\/www.paysdesecrins.com\\\/wp-content\\\/uploads\\\/2025\\\/07\\\/1596546037-434450263-1.jpg\",\"contentUrl\":\"https:\\\/\\\/www.paysdesecrins.com\\\/wp-content\\\/uploads\\\/2025\\\/07\\\/1596546037-434450263-1.jpg\",\"width\":1200,\"height\":800},{\"@type\":\"BreadcrumbList\",\"@id\":\"https:\\\/\\\/www.paysdesecrins.com\\\/it\\\/scelgo\\\/accesso-e-navette\\\/strada-autobus\\\/#breadcrumb\",\"itemListElement\":[{\"@type\":\"ListItem\",\"position\":1,\"name\":\"Accueil\",\"item\":\"https:\\\/\\\/www.paysdesecrins.com\\\/it\\\/il-titolo-della-casa\\\/\"},{\"@type\":\"ListItem\",\"position\":2,\"name\":\"Scelgo\",\"item\":\"https:\\\/\\\/www.paysdesecrins.com\\\/it\\\/scelgo\\\/\"},{\"@type\":\"ListItem\",\"position\":3,\"name\":\"Accesso e trasporti\",\"item\":\"https:\\\/\\\/www.paysdesecrins.com\\\/it\\\/scelgo\\\/accesso-e-navette\\\/\"},{\"@type\":\"ListItem\",\"position\":4,\"name\":\"Strada\\\/Autobus\"}]},{\"@type\":\"WebSite\",\"@id\":\"https:\\\/\\\/www.paysdesecrins.com\\\/it\\\/#website\",\"url\":\"https:\\\/\\\/www.paysdesecrins.com\\\/it\\\/\",\"name\":\"Pays des \u00c9crins - Office de Tourisme\",\"description\":\"L&#039;esprit montagne\",\"publisher\":{\"@id\":\"https:\\\/\\\/www.paysdesecrins.com\\\/it\\\/#organization\"},\"potentialAction\":[{\"@type\":\"SearchAction\",\"target\":{\"@type\":\"EntryPoint\",\"urlTemplate\":\"https:\\\/\\\/www.paysdesecrins.com\\\/it\\\/?s={search_term_string}\"},\"query-input\":{\"@type\":\"PropertyValueSpecification\",\"valueRequired\":true,\"valueName\":\"search_term_string\"}}],\"inLanguage\":\"it-IT\"},{\"@type\":\"Organization\",\"@id\":\"https:\\\/\\\/www.paysdesecrins.com\\\/it\\\/#organization\",\"name\":\"Pays des \u00c9crins - Office de Tourisme\",\"url\":\"https:\\\/\\\/www.paysdesecrins.com\\\/it\\\/\",\"logo\":{\"@type\":\"ImageObject\",\"inLanguage\":\"it-IT\",\"@id\":\"https:\\\/\\\/www.paysdesecrins.com\\\/it\\\/#\\\/schema\\\/logo\\\/image\\\/\",\"url\":\"https:\\\/\\\/www.paysdesecrins.com\\\/wp-content\\\/uploads\\\/2025\\\/06\\\/devina-svg-1750845694.svg\",\"contentUrl\":\"https:\\\/\\\/www.paysdesecrins.com\\\/wp-content\\\/uploads\\\/2025\\\/06\\\/devina-svg-1750845694.svg\",\"caption\":\"Pays des \u00c9crins - Office de Tourisme\"},\"image\":{\"@id\":\"https:\\\/\\\/www.paysdesecrins.com\\\/it\\\/#\\\/schema\\\/logo\\\/image\\\/\"}}]}<\/script>\n<!-- \/ Yoast SEO plugin. -->","yoast_head_json":{"title":"Strada\/Autobus - Pays des \u00c9crins - Office de Tourisme","robots":{"index":"index","follow":"follow","max-snippet":"max-snippet:-1","max-image-preview":"max-image-preview:large","max-video-preview":"max-video-preview:-1"},"canonical":"https:\/\/www.paysdesecrins.com\/it\/scelgo\/accesso-e-navette\/strada-autobus\/","og_locale":"it_IT","og_type":"article","og_title":"Strada\/Autobus - Pays des \u00c9crins - Office de Tourisme","og_description":"Ad esempio, puoi trovare i tuoi biglietti direttamente per: Parigi \u2013 L&#8217;Argenti\u00e8re-les-\u00c9crins, treno Marsiglia \u2013 L&#8217;Argenti\u00e8re-les-\u00c9crins , oppure autobus Chamb\u00e9ry [&hellip;]","og_url":"https:\/\/www.paysdesecrins.com\/it\/scelgo\/accesso-e-navette\/strada-autobus\/","og_site_name":"Pays des \u00c9crins - Office de Tourisme","article_modified_time":"2025-08-22T08:40:19+00:00","og_image":[{"width":1200,"height":800,"url":"https:\/\/www.paysdesecrins.com\/wp-content\/uploads\/2025\/07\/1596546037-434450263-1.jpg","type":"image\/jpeg"}],"twitter_card":"summary_large_image","twitter_misc":{"Tempo di lettura stimato":"3 minuti"},"schema":{"@context":"https:\/\/schema.org","@graph":[{"@type":"WebPage","@id":"https:\/\/www.paysdesecrins.com\/it\/scelgo\/accesso-e-navette\/strada-autobus\/","url":"https:\/\/www.paysdesecrins.com\/it\/scelgo\/accesso-e-navette\/strada-autobus\/","name":"Strada\/Autobus - Pays des \u00c9crins - Office de Tourisme","isPartOf":{"@id":"https:\/\/www.paysdesecrins.com\/it\/#website"},"primaryImageOfPage":{"@id":"https:\/\/www.paysdesecrins.com\/it\/scelgo\/accesso-e-navette\/strada-autobus\/#primaryimage"},"image":{"@id":"https:\/\/www.paysdesecrins.com\/it\/scelgo\/accesso-e-navette\/strada-autobus\/#primaryimage"},"thumbnailUrl":"https:\/\/www.paysdesecrins.com\/wp-content\/uploads\/2025\/07\/1596546037-434450263-1.jpg","datePublished":"2025-07-29T08:26:48+00:00","dateModified":"2025-08-22T08:40:19+00:00","breadcrumb":{"@id":"https:\/\/www.paysdesecrins.com\/it\/scelgo\/accesso-e-navette\/strada-autobus\/#breadcrumb"},"inLanguage":"it-IT","potentialAction":[{"@type":"ReadAction","target":["https:\/\/www.paysdesecrins.com\/it\/scelgo\/accesso-e-navette\/strada-autobus\/"]}]},{"@type":"ImageObject","inLanguage":"it-IT","@id":"https:\/\/www.paysdesecrins.com\/it\/scelgo\/accesso-e-navette\/strada-autobus\/#primaryimage","url":"https:\/\/www.paysdesecrins.com\/wp-content\/uploads\/2025\/07\/1596546037-434450263-1.jpg","contentUrl":"https:\/\/www.paysdesecrins.com\/wp-content\/uploads\/2025\/07\/1596546037-434450263-1.jpg","width":1200,"height":800},{"@type":"BreadcrumbList","@id":"https:\/\/www.paysdesecrins.com\/it\/scelgo\/accesso-e-navette\/strada-autobus\/#breadcrumb","itemListElement":[{"@type":"ListItem","position":1,"name":"Accueil","item":"https:\/\/www.paysdesecrins.com\/it\/il-titolo-della-casa\/"},{"@type":"ListItem","position":2,"name":"Scelgo","item":"https:\/\/www.paysdesecrins.com\/it\/scelgo\/"},{"@type":"ListItem","position":3,"name":"Accesso e trasporti","item":"https:\/\/www.paysdesecrins.com\/it\/scelgo\/accesso-e-navette\/"},{"@type":"ListItem","position":4,"name":"Strada\/Autobus"}]},{"@type":"WebSite","@id":"https:\/\/www.paysdesecrins.com\/it\/#website","url":"https:\/\/www.paysdesecrins.com\/it\/","name":"Pays des \u00c9crins - Office de Tourisme","description":"L&#039;esprit montagne","publisher":{"@id":"https:\/\/www.paysdesecrins.com\/it\/#organization"},"potentialAction":[{"@type":"SearchAction","target":{"@type":"EntryPoint","urlTemplate":"https:\/\/www.paysdesecrins.com\/it\/?s={search_term_string}"},"query-input":{"@type":"PropertyValueSpecification","valueRequired":true,"valueName":"search_term_string"}}],"inLanguage":"it-IT"},{"@type":"Organization","@id":"https:\/\/www.paysdesecrins.com\/it\/#organization","name":"Pays des \u00c9crins - Office de Tourisme","url":"https:\/\/www.paysdesecrins.com\/it\/","logo":{"@type":"ImageObject","inLanguage":"it-IT","@id":"https:\/\/www.paysdesecrins.com\/it\/#\/schema\/logo\/image\/","url":"https:\/\/www.paysdesecrins.com\/wp-content\/uploads\/2025\/06\/devina-svg-1750845694.svg","contentUrl":"https:\/\/www.paysdesecrins.com\/wp-content\/uploads\/2025\/06\/devina-svg-1750845694.svg","caption":"Pays des \u00c9crins - Office de Tourisme"},"image":{"@id":"https:\/\/www.paysdesecrins.com\/it\/#\/schema\/logo\/image\/"}}]}},"_links":{"self":[{"href":"https:\/\/www.paysdesecrins.com\/it\/wp-json\/wp\/v2\/pages\/48780","targetHints":{"allow":["GET"]}}],"collection":[{"href":"https:\/\/www.paysdesecrins.com\/it\/wp-json\/wp\/v2\/pages"}],"about":[{"href":"https:\/\/www.paysdesecrins.com\/it\/wp-json\/wp\/v2\/types\/page"}],"author":[{"embeddable":true,"href":"https:\/\/www.paysdesecrins.com\/it\/wp-json\/wp\/v2\/users\/9"}],"replies":[{"embeddable":true,"href":"https:\/\/www.paysdesecrins.com\/it\/wp-json\/wp\/v2\/comments?post=48780"}],"version-history":[{"count":2,"href":"https:\/\/www.paysdesecrins.com\/it\/wp-json\/wp\/v2\/pages\/48780\/revisions"}],"predecessor-version":[{"id":105053,"href":"https:\/\/www.paysdesecrins.com\/it\/wp-json\/wp\/v2\/pages\/48780\/revisions\/105053"}],"up":[{"embeddable":true,"href":"https:\/\/www.paysdesecrins.com\/it\/wp-json\/wp\/v2\/pages\/45937"}],"wp:featuredmedia":[{"embeddable":true,"href":"https:\/\/www.paysdesecrins.com\/it\/wp-json\/wp\/v2\/media\/48776"}],"wp:attachment":[{"href":"https:\/\/www.paysdesecrins.com\/it\/wp-json\/wp\/v2\/media?parent=48780"}],"curies":[{"name":"wp","href":"https:\/\/api.w.org\/{rel}","templated":true}]}}