{"id":48846,"date":"2025-07-29T11:11:10","date_gmt":"2025-07-29T09:11:10","guid":{"rendered":"https:\/\/www.paysdesecrins.com\/accesso-e-navette\/sul-posto\/"},"modified":"2025-11-17T10:03:35","modified_gmt":"2025-11-17T09:03:35","slug":"sul-posto","status":"publish","type":"page","link":"https:\/\/www.paysdesecrins.com\/it\/scelgo\/accesso-e-navette\/sul-posto\/","title":{"rendered":"Sul posto"},"content":{"rendered":"    <div class=\"alignfull wp-block-ws-library-ws-header-interne\" data-season=\"summer\">\n\t    <div class=\"header-container\">\n\t        <div class=\"group-media has-image\">\n\t            \t                <img loading=\"lazy\" decoding=\"async\" width=\"1920\" height=\"800\" src=\"https:\/\/www.paysdesecrins.com\/wp-content\/uploads\/2025\/07\/ambiance-village-ailefroid-2-1920x800.jpg\" alt=\"\" class=\"image_large_square wp-image-48838\" \/>\n\t            \t        <\/div>\n\t        <div class=\"group-content\">\n\t            <div class=\"title\">\n\t                <h1>\n\t                    Sul posto\t                    \t                <\/h1>\n\t            <\/div>\n\t        <\/div>\n\t    <\/div>\n\t    \n<div class=\"yoast-breadcrumbs\"><span><span><a href=\"https:\/\/www.paysdesecrins.com\/it\/il-titolo-della-casa\/\">Accueil<\/a><\/span>  <span><a href=\"https:\/\/www.paysdesecrins.com\/it\/scelgo\/\">Scelgo<\/a><\/span>  <span><a href=\"https:\/\/www.paysdesecrins.com\/it\/scelgo\/accesso-e-navette\/\">Accesso e trasporti<\/a><\/span>  <span class=\"breadcrumb_last\" aria-current=\"page\">Sul posto<\/span><\/span><\/div>\n    <\/div>\n        <div class=\"alignfull wp-block-ws-library-ws-header-interne\" data-season=\"winter\">\n\t    <div class=\"header-container\">\n\t        <div class=\"group-media has-image\">\n\t            \t                <img loading=\"lazy\" decoding=\"async\" width=\"1436\" height=\"800\" src=\"https:\/\/www.paysdesecrins.com\/wp-content\/uploads\/2025\/07\/capture-decran-2025-07-29-a-110556-1436x800.png\" alt=\"\" class=\"image_large_square wp-image-48827\" \/>\n\t            \t        <\/div>\n\t        <div class=\"group-content\">\n\t            <div class=\"title\">\n\t                <h1>\n\t                    Sul posto\t                    \t                <\/h1>\n\t            <\/div>\n\t        <\/div>\n\t    <\/div>\n\t    \n<div class=\"yoast-breadcrumbs\"><span><span><a href=\"https:\/\/www.paysdesecrins.com\/it\/il-titolo-della-casa\/\">Accueil<\/a><\/span>  <span><a href=\"https:\/\/www.paysdesecrins.com\/it\/scelgo\/\">Scelgo<\/a><\/span>  <span><a href=\"https:\/\/www.paysdesecrins.com\/it\/scelgo\/accesso-e-navette\/\">Accesso e trasporti<\/a><\/span>  <span class=\"breadcrumb_last\" aria-current=\"page\">Sul posto<\/span><\/span><\/div>\n    <\/div>\n    \n<div class=\"wp-block-ws-library-ws-title aligncenter is-style-simple\"><h2>Trova il trasporto disponibile in loco per raggiungere i diversi comuni del Pays des \u00c9crins<\/h2><\/div>\n\n<div class=\"wp-block-ws-library-ws-image\"><div class=\"wrapper\"><div class=\"group-media\"><img decoding=\"async\" src=\"https:\/\/www.paysdesecrins.com\/wp-content\/uploads\/2025\/08\/plan-acces-pays-des-ecrins-905x640.png\" alt=\"\" class=\"single_image ws-image-91894\"><div class=\"credits\"><\/div><\/div><p class=\"caption\"><\/p><\/div><\/div>\n\n<div class=\"wp-block-ws-library-ws-columns alignwide has-2-columns are-vertically-aligned-center layout-5050 is-style-background\">\n<div class=\"wp-block-ws-library-ws-column\"><div class=\"wrapper\">\n<div class=\"wp-block-ws-library-ws-title\"><h3>viaggiare facilmente nei Paesi dei Conti<\/h3><\/div>\n\n\n\n<p>Il Pays des \u00c9crins mette a disposizione diverse navette per facilitare gli spostamenti tra le diverse localit\u00e0 e villaggi della zona. Che tu sia in vacanza estiva o invernale, questi servizi di trasporto ti permettono di goderti al meglio il tuo soggiorno senza doverti preoccupare dell&#8217;auto.   <strong>Gli orari delle navette vengono aggiornati prima di ogni stagione per adattarsi alle esigenze dei viaggiatori e alle condizioni locali.<\/strong>  Ecco le diverse navette disponibili e le loro caratteristiche.<\/p>\n<\/div><\/div>\n\n\n\n<div class=\"wp-block-ws-library-ws-column\"><div class=\"wrapper\">\n<div class=\"wp-block-ws-library-ws-image\"><div class=\"wrapper\"><div class=\"group-media\"><img decoding=\"async\" src=\"https:\/\/www.paysdesecrins.com\/wp-content\/uploads\/2025\/07\/dsc01656-1-960x640.png\" alt=\"\" class=\"single_image ws-image-48875\"><div class=\"credits\"><\/div><\/div><p class=\"caption\"><\/p><\/div><\/div>\n<\/div><\/div>\n<\/div>\n\n<div class=\"wp-block-ws-library-ws-title\"><h3><em>La navetta <strong><strong>regolare<\/strong><\/strong>, <\/em>Tutto l&#8217;anno<\/h3><\/div>\n\n<p><strong>L&#8217;Argenti\u00e8re-La Bess\u00e9e \u2013 Pelvoux-Vallouise<br\/><\/strong>Questa navetta \u00e8 attiva sia in estate che in inverno e permette di raggiungere i principali punti di interesse della Vallouise. Ideale per gli escursionisti d&#8217;estate e gli sciatori d&#8217;inverno, collega la stazione ferroviaria di Argenti\u00e8re-la-Bess\u00e9e ai vari comuni della valle, fino al municipio di Pelvoux-Vallouise, per rendere i vostri spostamenti semplici e piacevoli.   <strong>Di seguito sono riportati gli orari della navetta regolare.<\/strong> <\/p>\n\n<div class=\"wp-block-ws-library-ws-documents\">\n<div class=\"wp-block-ws-library-ws-document\"><a href=\"https:\/\/www.paysdesecrins.com\/wp-content\/uploads\/2025\/07\/20250414100152672.pdf\" target=\"_blank\" rel=\"noopener noreferrer\" class=\"link-document\">Orari-regolare-navetta-l&#8217;argenti\u00e8re-la-bess\u00e9e-Vallouise-Pelvoux<\/a><\/div>\n<\/div>\n\n<hr class=\"wp-block-separator has-alpha-channel-opacity\"\/>\n\n<div class=\"wp-block-ws-library-ws-title\"><h3><em><strong>La<\/strong><\/em><strong><strong><strong>navetta tra resort \u2013 Estate<\/strong><\/strong><\/strong><\/h3><\/div>\n\n<p>L&#8217;Argenti\u00e8re-La Bess\u00e9e \u2013 Les Vigneaux \u2013 Vallouise-Pelvoux \u2013 Puy Saint Vincent (1400 \u2013 1600)<br\/>Durante la <strong>stagione estiva<\/strong>, la navetta inter-resort collega la stazione di Argenti\u00e8re-la Bess\u00e9e, i comuni e le varie zone d&#8217;alta quota del Pays des \u00c9crins. Permette di raggiungere facilmente tutti i comuni della Vallouise e le nostre due zone d&#8217;alta quota (Puy Saint Vincent e Pelvoux-Vallouise).   <strong>Di seguito sono riportati gli orari della navetta tra i resort.<\/strong><\/p>\n\n<div class=\"wp-block-ws-library-ws-documents\">\n<div class=\"wp-block-ws-library-ws-document\"><a href=\"https:\/\/www.paysdesecrins.com\/wp-content\/uploads\/2025\/08\/543-largentiere-psv-ete-2025.pdf\" target=\"_blank\" rel=\"noopener noreferrer\" class=\"link-document\">Navetta Zou 543 \u2013 L&#8217;Argenti\u00e8re \u2013 Vallouise \u2013 Puy Saint Vincent<\/a><\/div>\n\n\n\n<div class=\"wp-block-ws-library-ws-document\"><a href=\"https:\/\/www.paysdesecrins.com\/wp-content\/uploads\/2025\/07\/ccpe-transport-depliant-a4.pdf\" target=\"_blank\" rel=\"noopener noreferrer\" class=\"link-document\">Estibus-Pays-des-\u00c9crins-estate-2025<\/a><\/div>\n\n\n\n<div class=\"wp-block-ws-library-ws-document\"><a href=\"https:\/\/www.paysdesecrins.com\/wp-content\/uploads\/2025\/07\/estibus-entre-aygues.pdf\" target=\"_blank\" rel=\"noopener noreferrer\" class=\"link-document\">Estibus_entre-les-Aygues<\/a><\/div>\n<\/div>\n\n<hr class=\"wp-block-separator has-alpha-channel-opacity\"\/>\n\n<div class=\"wp-block-ws-library-ws-title\"><h3><em><strong><strong>Il Pays des \u00c9crins<\/strong><\/strong><\/em><strong><strong><strong>In taxi<\/strong><\/strong><\/strong><\/h3><\/div>\n\n<p>L&#8217;Argenti\u00e8re-La Bess\u00e9e \u2013 Les Vigneaux \u2013 Vallouise-Pelvoux \u2013 Puy Saint Vincent (1400 \u2013 1600)<br\/>Se preferisci un servizio di trasporto pi\u00f9 personalizzato o desideri viaggiare al di fuori degli orari di servizio della navetta, ci sono diverse compagnie di taxi disponibili nel Pays des \u00c9crins. Puoi contattarli per organizzare il tuo viaggio.   <\/p>\n\n<div class=\"wp-block-ws-library-ws-documents\">\n<div class=\"wp-block-ws-library-ws-document\"><a href=\"https:\/\/www.paysdesecrins.com\/wp-content\/uploads\/2025\/07\/taxis-2025.pdf\" target=\"_blank\" rel=\"noopener noreferrer\" class=\"link-document\">taxis_2025<\/a><\/div>\n<\/div>\n\n<div class=\"wp-block-ws-library-ws-columns alignwide has-2-columns are-vertically-aligned-center layout-5050 is-style-background\">\n<div class=\"wp-block-ws-library-ws-column\"><div class=\"wrapper\">\n<div class=\"wp-block-ws-library-ws-title\"><h3><strong>Il Pays des \u00c9crins senza auto<\/strong><\/h3><\/div>\n\n\n\n<p><strong>Studenti<\/strong> o<strong> giovani professionisti<\/strong> senza auto? Sei preoccupato di andare in montagna con <strong>la pi\u00f9 bassa impronta di carbonio possibile<\/strong> ? Scoprire le pi\u00f9 belle vette degli \u00c9crins senza auto, con <strong>pratiche eco-responsabili<\/strong>, ora \u00e8 possibile! <a href=\"https:\/\/www.paysdesecrins.com\/acces-et-navettes\/le-pays-des-ecrins-sans-voitures-au-depart-de-la-gare-de-largentiere-les-ecrins\/\" target=\"_blank\" rel=\"noreferrer noopener\">Tutte le informazioni qui<\/a>.<br\/>Possibilit\u00e0 di noleggio biciclette da Argenti\u00e8re la Bess\u00e9e, Vallouise-Pelvoux e Puy Saint Vincent.    <br\/><br\/>Agisco per il pianeta calcolando la mia impronta di carbonio <a href=\"https:\/\/agirpourlatransition.ademe.fr\/particuliers\/bureau\/deplacements\/calculer-emissions-carbone-trajets\" target=\"_blank\" rel=\"noreferrer noopener\">qui<\/a> e\/o compensando <a href=\"https:\/\/nosgestesclimat.fr\/\" target=\"_blank\" rel=\"noreferrer noopener\">qui<\/a>.<\/p>\n<\/div><\/div>\n\n\n\n<div class=\"wp-block-ws-library-ws-column\"><div class=\"wrapper\">\n<div class=\"wp-block-ws-library-ws-image\"><div class=\"wrapper\"><div class=\"group-media\"><img decoding=\"async\" src=\"https:\/\/www.paysdesecrins.com\/wp-content\/uploads\/2025\/07\/1596546037-434450263-1-960x640.jpg\" alt=\"\" class=\"single_image ws-image-48772\"><div class=\"credits\"><\/div><\/div><p class=\"caption\"><\/p><\/div><\/div>\n<\/div><\/div>\n<\/div>\n\n<div class=\"wp-block-ws-library-ws-share\"><span class=\"share-subtitle\">Ti \u00e8 piaciuta questa pagina?<\/span><span class=\"share-title\">Condividilo!<\/span><button class=\"ws-share-button wp-element-button\">Condividi questa pagina<\/button><\/div>\n","protected":false},"excerpt":{"rendered":"<p>L&#8217;Argenti\u00e8re-La Bess\u00e9e \u2013 Pelvoux-VallouiseQuesta navetta \u00e8 attiva sia in estate che in inverno e permette di raggiungere i principali punti [&hellip;]<\/p>\n","protected":false},"author":9,"featured_media":72627,"parent":45937,"menu_order":0,"comment_status":"closed","ping_status":"closed","template":"","meta":{"_thumbnail_id_2":31260,"summer_excerpt":"","season":"","station":"","footnotes":""},"class_list":["post-48846","page","type-page","status-publish","has-post-thumbnail","hentry"],"yoast_head":"<!-- This site is optimized with the Yoast SEO plugin v27.3 - https:\/\/yoast.com\/product\/yoast-seo-wordpress\/ -->\n<title>Sul posto - Pays des \u00c9crins - Office de Tourisme<\/title>\n<meta name=\"robots\" content=\"index, follow, max-snippet:-1, max-image-preview:large, max-video-preview:-1\" \/>\n<link rel=\"canonical\" href=\"https:\/\/www.paysdesecrins.com\/it\/scelgo\/accesso-e-navette\/sul-posto\/\" \/>\n<meta property=\"og:locale\" content=\"it_IT\" \/>\n<meta property=\"og:type\" content=\"article\" \/>\n<meta property=\"og:title\" content=\"Sul posto - Pays des \u00c9crins - Office de Tourisme\" \/>\n<meta property=\"og:description\" content=\"L&#8217;Argenti\u00e8re-La Bess\u00e9e \u2013 Pelvoux-VallouiseQuesta navetta \u00e8 attiva sia in estate che in inverno e permette di raggiungere i principali punti [&hellip;]\" \/>\n<meta property=\"og:url\" content=\"https:\/\/www.paysdesecrins.com\/it\/scelgo\/accesso-e-navette\/sul-posto\/\" \/>\n<meta property=\"og:site_name\" content=\"Pays des \u00c9crins - Office de Tourisme\" \/>\n<meta property=\"article:modified_time\" content=\"2025-11-17T09:03:35+00:00\" \/>\n<meta property=\"og:image\" content=\"https:\/\/www.paysdesecrins.com\/wp-content\/uploads\/2025\/08\/aile1.jpg\" \/>\n\t<meta property=\"og:image:width\" content=\"1200\" \/>\n\t<meta property=\"og:image:height\" content=\"899\" \/>\n\t<meta property=\"og:image:type\" content=\"image\/jpeg\" \/>\n<meta name=\"twitter:card\" content=\"summary_large_image\" \/>\n<meta name=\"twitter:label1\" content=\"Tempo di lettura stimato\" \/>\n\t<meta name=\"twitter:data1\" content=\"2 minuti\" \/>\n<script type=\"application\/ld+json\" class=\"yoast-schema-graph\">{\"@context\":\"https:\\\/\\\/schema.org\",\"@graph\":[{\"@type\":\"WebPage\",\"@id\":\"https:\\\/\\\/www.paysdesecrins.com\\\/it\\\/scelgo\\\/accesso-e-navette\\\/sul-posto\\\/\",\"url\":\"https:\\\/\\\/www.paysdesecrins.com\\\/it\\\/scelgo\\\/accesso-e-navette\\\/sul-posto\\\/\",\"name\":\"Sul posto - Pays des \u00c9crins - Office de Tourisme\",\"isPartOf\":{\"@id\":\"https:\\\/\\\/www.paysdesecrins.com\\\/it\\\/#website\"},\"primaryImageOfPage\":{\"@id\":\"https:\\\/\\\/www.paysdesecrins.com\\\/it\\\/scelgo\\\/accesso-e-navette\\\/sul-posto\\\/#primaryimage\"},\"image\":{\"@id\":\"https:\\\/\\\/www.paysdesecrins.com\\\/it\\\/scelgo\\\/accesso-e-navette\\\/sul-posto\\\/#primaryimage\"},\"thumbnailUrl\":\"https:\\\/\\\/www.paysdesecrins.com\\\/wp-content\\\/uploads\\\/2025\\\/08\\\/aile1.jpg\",\"datePublished\":\"2025-07-29T09:11:10+00:00\",\"dateModified\":\"2025-11-17T09:03:35+00:00\",\"breadcrumb\":{\"@id\":\"https:\\\/\\\/www.paysdesecrins.com\\\/it\\\/scelgo\\\/accesso-e-navette\\\/sul-posto\\\/#breadcrumb\"},\"inLanguage\":\"it-IT\",\"potentialAction\":[{\"@type\":\"ReadAction\",\"target\":[\"https:\\\/\\\/www.paysdesecrins.com\\\/it\\\/scelgo\\\/accesso-e-navette\\\/sul-posto\\\/\"]}]},{\"@type\":\"ImageObject\",\"inLanguage\":\"it-IT\",\"@id\":\"https:\\\/\\\/www.paysdesecrins.com\\\/it\\\/scelgo\\\/accesso-e-navette\\\/sul-posto\\\/#primaryimage\",\"url\":\"https:\\\/\\\/www.paysdesecrins.com\\\/wp-content\\\/uploads\\\/2025\\\/08\\\/aile1.jpg\",\"contentUrl\":\"https:\\\/\\\/www.paysdesecrins.com\\\/wp-content\\\/uploads\\\/2025\\\/08\\\/aile1.jpg\",\"width\":1200,\"height\":899},{\"@type\":\"BreadcrumbList\",\"@id\":\"https:\\\/\\\/www.paysdesecrins.com\\\/it\\\/scelgo\\\/accesso-e-navette\\\/sul-posto\\\/#breadcrumb\",\"itemListElement\":[{\"@type\":\"ListItem\",\"position\":1,\"name\":\"Accueil\",\"item\":\"https:\\\/\\\/www.paysdesecrins.com\\\/it\\\/il-titolo-della-casa\\\/\"},{\"@type\":\"ListItem\",\"position\":2,\"name\":\"Scelgo\",\"item\":\"https:\\\/\\\/www.paysdesecrins.com\\\/it\\\/scelgo\\\/\"},{\"@type\":\"ListItem\",\"position\":3,\"name\":\"Accesso e trasporti\",\"item\":\"https:\\\/\\\/www.paysdesecrins.com\\\/it\\\/scelgo\\\/accesso-e-navette\\\/\"},{\"@type\":\"ListItem\",\"position\":4,\"name\":\"Sul posto\"}]},{\"@type\":\"WebSite\",\"@id\":\"https:\\\/\\\/www.paysdesecrins.com\\\/it\\\/#website\",\"url\":\"https:\\\/\\\/www.paysdesecrins.com\\\/it\\\/\",\"name\":\"Pays des \u00c9crins - Office de Tourisme\",\"description\":\"L&#039;esprit montagne\",\"publisher\":{\"@id\":\"https:\\\/\\\/www.paysdesecrins.com\\\/it\\\/#organization\"},\"potentialAction\":[{\"@type\":\"SearchAction\",\"target\":{\"@type\":\"EntryPoint\",\"urlTemplate\":\"https:\\\/\\\/www.paysdesecrins.com\\\/it\\\/?s={search_term_string}\"},\"query-input\":{\"@type\":\"PropertyValueSpecification\",\"valueRequired\":true,\"valueName\":\"search_term_string\"}}],\"inLanguage\":\"it-IT\"},{\"@type\":\"Organization\",\"@id\":\"https:\\\/\\\/www.paysdesecrins.com\\\/it\\\/#organization\",\"name\":\"Pays des \u00c9crins - Office de Tourisme\",\"url\":\"https:\\\/\\\/www.paysdesecrins.com\\\/it\\\/\",\"logo\":{\"@type\":\"ImageObject\",\"inLanguage\":\"it-IT\",\"@id\":\"https:\\\/\\\/www.paysdesecrins.com\\\/it\\\/#\\\/schema\\\/logo\\\/image\\\/\",\"url\":\"https:\\\/\\\/www.paysdesecrins.com\\\/wp-content\\\/uploads\\\/2025\\\/06\\\/devina-svg-1750845694.svg\",\"contentUrl\":\"https:\\\/\\\/www.paysdesecrins.com\\\/wp-content\\\/uploads\\\/2025\\\/06\\\/devina-svg-1750845694.svg\",\"caption\":\"Pays des \u00c9crins - Office de Tourisme\"},\"image\":{\"@id\":\"https:\\\/\\\/www.paysdesecrins.com\\\/it\\\/#\\\/schema\\\/logo\\\/image\\\/\"}}]}<\/script>\n<!-- \/ Yoast SEO plugin. -->","yoast_head_json":{"title":"Sul posto - Pays des \u00c9crins - Office de Tourisme","robots":{"index":"index","follow":"follow","max-snippet":"max-snippet:-1","max-image-preview":"max-image-preview:large","max-video-preview":"max-video-preview:-1"},"canonical":"https:\/\/www.paysdesecrins.com\/it\/scelgo\/accesso-e-navette\/sul-posto\/","og_locale":"it_IT","og_type":"article","og_title":"Sul posto - Pays des \u00c9crins - Office de Tourisme","og_description":"L&#8217;Argenti\u00e8re-La Bess\u00e9e \u2013 Pelvoux-VallouiseQuesta navetta \u00e8 attiva sia in estate che in inverno e permette di raggiungere i principali punti [&hellip;]","og_url":"https:\/\/www.paysdesecrins.com\/it\/scelgo\/accesso-e-navette\/sul-posto\/","og_site_name":"Pays des \u00c9crins - Office de Tourisme","article_modified_time":"2025-11-17T09:03:35+00:00","og_image":[{"width":1200,"height":899,"url":"https:\/\/www.paysdesecrins.com\/wp-content\/uploads\/2025\/08\/aile1.jpg","type":"image\/jpeg"}],"twitter_card":"summary_large_image","twitter_misc":{"Tempo di lettura stimato":"2 minuti"},"schema":{"@context":"https:\/\/schema.org","@graph":[{"@type":"WebPage","@id":"https:\/\/www.paysdesecrins.com\/it\/scelgo\/accesso-e-navette\/sul-posto\/","url":"https:\/\/www.paysdesecrins.com\/it\/scelgo\/accesso-e-navette\/sul-posto\/","name":"Sul posto - Pays des \u00c9crins - Office de Tourisme","isPartOf":{"@id":"https:\/\/www.paysdesecrins.com\/it\/#website"},"primaryImageOfPage":{"@id":"https:\/\/www.paysdesecrins.com\/it\/scelgo\/accesso-e-navette\/sul-posto\/#primaryimage"},"image":{"@id":"https:\/\/www.paysdesecrins.com\/it\/scelgo\/accesso-e-navette\/sul-posto\/#primaryimage"},"thumbnailUrl":"https:\/\/www.paysdesecrins.com\/wp-content\/uploads\/2025\/08\/aile1.jpg","datePublished":"2025-07-29T09:11:10+00:00","dateModified":"2025-11-17T09:03:35+00:00","breadcrumb":{"@id":"https:\/\/www.paysdesecrins.com\/it\/scelgo\/accesso-e-navette\/sul-posto\/#breadcrumb"},"inLanguage":"it-IT","potentialAction":[{"@type":"ReadAction","target":["https:\/\/www.paysdesecrins.com\/it\/scelgo\/accesso-e-navette\/sul-posto\/"]}]},{"@type":"ImageObject","inLanguage":"it-IT","@id":"https:\/\/www.paysdesecrins.com\/it\/scelgo\/accesso-e-navette\/sul-posto\/#primaryimage","url":"https:\/\/www.paysdesecrins.com\/wp-content\/uploads\/2025\/08\/aile1.jpg","contentUrl":"https:\/\/www.paysdesecrins.com\/wp-content\/uploads\/2025\/08\/aile1.jpg","width":1200,"height":899},{"@type":"BreadcrumbList","@id":"https:\/\/www.paysdesecrins.com\/it\/scelgo\/accesso-e-navette\/sul-posto\/#breadcrumb","itemListElement":[{"@type":"ListItem","position":1,"name":"Accueil","item":"https:\/\/www.paysdesecrins.com\/it\/il-titolo-della-casa\/"},{"@type":"ListItem","position":2,"name":"Scelgo","item":"https:\/\/www.paysdesecrins.com\/it\/scelgo\/"},{"@type":"ListItem","position":3,"name":"Accesso e trasporti","item":"https:\/\/www.paysdesecrins.com\/it\/scelgo\/accesso-e-navette\/"},{"@type":"ListItem","position":4,"name":"Sul posto"}]},{"@type":"WebSite","@id":"https:\/\/www.paysdesecrins.com\/it\/#website","url":"https:\/\/www.paysdesecrins.com\/it\/","name":"Pays des \u00c9crins - Office de Tourisme","description":"L&#039;esprit montagne","publisher":{"@id":"https:\/\/www.paysdesecrins.com\/it\/#organization"},"potentialAction":[{"@type":"SearchAction","target":{"@type":"EntryPoint","urlTemplate":"https:\/\/www.paysdesecrins.com\/it\/?s={search_term_string}"},"query-input":{"@type":"PropertyValueSpecification","valueRequired":true,"valueName":"search_term_string"}}],"inLanguage":"it-IT"},{"@type":"Organization","@id":"https:\/\/www.paysdesecrins.com\/it\/#organization","name":"Pays des \u00c9crins - Office de Tourisme","url":"https:\/\/www.paysdesecrins.com\/it\/","logo":{"@type":"ImageObject","inLanguage":"it-IT","@id":"https:\/\/www.paysdesecrins.com\/it\/#\/schema\/logo\/image\/","url":"https:\/\/www.paysdesecrins.com\/wp-content\/uploads\/2025\/06\/devina-svg-1750845694.svg","contentUrl":"https:\/\/www.paysdesecrins.com\/wp-content\/uploads\/2025\/06\/devina-svg-1750845694.svg","caption":"Pays des \u00c9crins - Office de Tourisme"},"image":{"@id":"https:\/\/www.paysdesecrins.com\/it\/#\/schema\/logo\/image\/"}}]}},"_links":{"self":[{"href":"https:\/\/www.paysdesecrins.com\/it\/wp-json\/wp\/v2\/pages\/48846","targetHints":{"allow":["GET"]}}],"collection":[{"href":"https:\/\/www.paysdesecrins.com\/it\/wp-json\/wp\/v2\/pages"}],"about":[{"href":"https:\/\/www.paysdesecrins.com\/it\/wp-json\/wp\/v2\/types\/page"}],"author":[{"embeddable":true,"href":"https:\/\/www.paysdesecrins.com\/it\/wp-json\/wp\/v2\/users\/9"}],"replies":[{"embeddable":true,"href":"https:\/\/www.paysdesecrins.com\/it\/wp-json\/wp\/v2\/comments?post=48846"}],"version-history":[{"count":5,"href":"https:\/\/www.paysdesecrins.com\/it\/wp-json\/wp\/v2\/pages\/48846\/revisions"}],"predecessor-version":[{"id":131555,"href":"https:\/\/www.paysdesecrins.com\/it\/wp-json\/wp\/v2\/pages\/48846\/revisions\/131555"}],"up":[{"embeddable":true,"href":"https:\/\/www.paysdesecrins.com\/it\/wp-json\/wp\/v2\/pages\/45937"}],"wp:featuredmedia":[{"embeddable":true,"href":"https:\/\/www.paysdesecrins.com\/it\/wp-json\/wp\/v2\/media\/72627"}],"wp:attachment":[{"href":"https:\/\/www.paysdesecrins.com\/it\/wp-json\/wp\/v2\/media?parent=48846"}],"curies":[{"name":"wp","href":"https:\/\/api.w.org\/{rel}","templated":true}]}}