{"id":50227,"date":"2025-07-30T15:24:54","date_gmt":"2025-07-30T13:24:54","guid":{"rendered":"https:\/\/www.paysdesecrins.com\/grandi-eventi-nel-pays-des-ecrins\/alps-epic-puy-saint-vincent-giugno\/"},"modified":"2025-08-20T15:59:04","modified_gmt":"2025-08-20T13:59:04","slug":"alps-epic-puy-saint-vincent-giugno","status":"publish","type":"page","link":"https:\/\/www.paysdesecrins.com\/it\/grandi-eventi-nel-pays-des-ecrins\/alps-epic-puy-saint-vincent-giugno\/","title":{"rendered":"Alps Epic \u2013 Giugno"},"content":{"rendered":"    <div class=\"alignfull wp-block-ws-library-ws-header-interne\">\n\t    <div class=\"header-container\">\n\t        <div class=\"group-media has-image\">\n\t            \t                <img loading=\"lazy\" decoding=\"async\" width=\"1200\" height=\"691\" src=\"https:\/\/www.paysdesecrins.com\/wp-content\/uploads\/2025\/07\/v1-1.jpg\" alt=\"\" class=\"image_large_square wp-image-50282\" srcset=\"https:\/\/www.paysdesecrins.com\/wp-content\/uploads\/2025\/07\/v1-1.jpg 1200w, https:\/\/www.paysdesecrins.com\/wp-content\/uploads\/2025\/07\/v1-1-300x173.jpg 300w, https:\/\/www.paysdesecrins.com\/wp-content\/uploads\/2025\/07\/v1-1-1024x590.jpg 1024w, https:\/\/www.paysdesecrins.com\/wp-content\/uploads\/2025\/07\/v1-1-768x442.jpg 768w, https:\/\/www.paysdesecrins.com\/wp-content\/uploads\/2025\/07\/v1-1-960x553.jpg 960w\" sizes=\"auto, (max-width: 1200px) 100vw, 1200px\" \/>\n\t            \t        <\/div>\n\t        <div class=\"group-content\">\n\t            <div class=\"title\">\n\t                <h1>\n\t                    Alpi Epiche \u2013\t                    \t                        Giugno\t                    \t                <\/h1>\n\t            <\/div>\n\t        <\/div>\n\t    <\/div>\n\t    \n<div class=\"yoast-breadcrumbs\"><span><span><a href=\"https:\/\/www.paysdesecrins.com\/it\/il-titolo-della-casa\/\">Accueil<\/a><\/span>  <span><a href=\"https:\/\/www.paysdesecrins.com\/it\/grandi-eventi-nel-pays-des-ecrins\/\">Grandi eventi nel Pays des Ecrins<\/a><\/span>  <span class=\"breadcrumb_last\" aria-current=\"page\">Alps Epic \u2013 Giugno<\/span><\/span><\/div>\n    <\/div>\n    \n<div class=\"wp-block-ws-library-ws-title aligncenter is-style-simple\"><h2><em><em><strong>Alpi Epopea a Puy Saint Vincent<\/strong><\/em><\/em><strong> Un&#8217;avventura straordinaria<\/strong><\/h2><\/div>\n\n<p>L&#8217;Alps Epic \u00e8 un&#8217;avventura straordinaria sul percorso per mountain bike GTHA Grand Tour des Hautes Alpes. Una settimana per esplorare i meravigliosi e selvaggi paesaggi delle Hautes Alpes in mountain bike!   <\/p>\n\n<p>Vieni a vivere un&#8217;esperienza epica in uno degli eventi di mountain bike Marathon pi\u00f9 belli del mondo! Che tu sia un dilettante o un concorrente, se sei un appassionato di mountain bike, sei sicuro di trovare un evento adatto a te all&#8217;Alps Epic. <\/p>\n\n<div class=\"wp-block-ws-library-ws-video\"><div class=\"wrapper\"><div class=\"group-media\">\n<figure class=\"wp-block-embed is-type-video is-provider-youtube wp-block-embed-youtube\"><div class=\"wp-block-embed__wrapper\">\n<iframe loading=\"lazy\" title=\"Trailer Alps Epic 24\" width=\"500\" height=\"281\" src=\"https:\/\/www.youtube.com\/embed\/0weBHmlOSrQ?feature=oembed\" frameborder=\"0\" allow=\"accelerometer; autoplay; clipboard-write; encrypted-media; gyroscope; picture-in-picture; web-share\" referrerpolicy=\"strict-origin-when-cross-origin\" allowfullscreen><\/iframe>\n<\/div><\/figure>\n<\/div><\/div><\/div>\n\n<div class=\"wp-block-ws-library-ws-title\" data-season=\"allseasons\"><h4><em>Alpi Epica<\/em>la gara<\/h4><\/div>\n\n<p>Per i concorrenti allenati che vogliono cimentarsi nella sfida, gara di mountain bike Marathon da soli o in squadre di 2, con cinque tappe di circa 50-70 km al giorno. Possibilit\u00e0 anche di fare solo la Weekend Race in 2 giorni. Questa maratona di mountain bike fa parte del format &#8220;EPIC&#8221;: un tour di una settimana che richiede buone qualit\u00e0 fisiche e tecniche con un&#8217;organizzazione all-inclusive: servizi di shopping, logistica, alloggio, ecc.    <\/p>\n\n<div class=\"wp-block-ws-library-ws-title\" data-season=\"allseasons\"><h4><em>Alpi Escursioni epiche<\/em><\/h4><\/div>\n\n<p>Vuoi goderti il percorso e la logistica di Alps Epic senza la pressione dell&#8217;orologio su mountain bike, e-MTB o GRAVEL? Le formule RANDO sono fatte per te. Sceglierai quindi di dedicargli due o cinque giorni. Hai anche la possibilit\u00e0 di scegliere tra 3 percorsi per mountain bike e 1 GRAVEL: lo stesso della formula di gara: il Rando, un percorso pi\u00f9 breve, il Rando corto o un percorso pi\u00f9 ondulato specifico per il GRAVEL che puoi fare anche in mountain bike.   <\/p>\n\n<div class=\"wp-block-ws-library-ws-slider alignwide\"><div class=\"splide\" data-splide=\"{\"type\":\"slide\",\"heightRatio\":\"auto\",\"perPage\":4,\"perMove\":1,\"drag\":true,\"pagination\":0,\"autoplay\":false,\"gap\":\"15px\",\"breakpoints\":{\"450\":{\"perPage\":1},\"768\":{\"perPage\":2},\"992\":{\"perPage\":3},\"1200\":{\"perPage\":4}}}\"><div class=\"splide__track\"><div class=\"splide__list\"><div class=\"splide__slide\"><a href=\"https:\/\/www.paysdesecrins.com\/wp-content\/uploads\/2025\/07\/v2.jpg\" data-glightbox=\"true\" class=\"lightbox-trigger\"><img decoding=\"async\" src=\"https:\/\/www.paysdesecrins.com\/wp-content\/uploads\/2025\/07\/v2.jpg\" alt=\"\"><\/a><\/div><div class=\"splide__slide\"><a href=\"https:\/\/www.paysdesecrins.com\/wp-content\/uploads\/2025\/07\/v3.jpg\" data-glightbox=\"true\" class=\"lightbox-trigger\"><img decoding=\"async\" src=\"https:\/\/www.paysdesecrins.com\/wp-content\/uploads\/2025\/07\/v3.jpg\" alt=\"\"><\/a><\/div><div class=\"splide__slide\"><a href=\"https:\/\/www.paysdesecrins.com\/wp-content\/uploads\/2025\/07\/v4.jpg\" data-glightbox=\"true\" class=\"lightbox-trigger\"><img decoding=\"async\" src=\"https:\/\/www.paysdesecrins.com\/wp-content\/uploads\/2025\/07\/v4.jpg\" alt=\"\"><\/a><\/div><div class=\"splide__slide\"><a href=\"https:\/\/www.paysdesecrins.com\/wp-content\/uploads\/2025\/07\/v5.jpg\" data-glightbox=\"true\" class=\"lightbox-trigger\"><img decoding=\"async\" src=\"https:\/\/www.paysdesecrins.com\/wp-content\/uploads\/2025\/07\/v5.jpg\" alt=\"\"><\/a><\/div><div class=\"splide__slide\"><a href=\"https:\/\/www.paysdesecrins.com\/wp-content\/uploads\/2025\/07\/v6.jpg\" data-glightbox=\"true\" class=\"lightbox-trigger\"><img decoding=\"async\" src=\"https:\/\/www.paysdesecrins.com\/wp-content\/uploads\/2025\/07\/v6.jpg\" alt=\"\"><\/a><\/div><div class=\"splide__slide\"><a href=\"https:\/\/www.paysdesecrins.com\/wp-content\/uploads\/2025\/07\/v7.jpg\" data-glightbox=\"true\" class=\"lightbox-trigger\"><img decoding=\"async\" src=\"https:\/\/www.paysdesecrins.com\/wp-content\/uploads\/2025\/07\/v7.jpg\" alt=\"\"><\/a><\/div><div class=\"splide__slide\"><a href=\"https:\/\/www.paysdesecrins.com\/wp-content\/uploads\/2025\/07\/v8.jpg\" data-glightbox=\"true\" class=\"lightbox-trigger\"><img decoding=\"async\" src=\"https:\/\/www.paysdesecrins.com\/wp-content\/uploads\/2025\/07\/v8.jpg\" alt=\"\"><\/a><\/div><div class=\"splide__slide\"><a href=\"https:\/\/www.paysdesecrins.com\/wp-content\/uploads\/2025\/07\/v9.jpg\" data-glightbox=\"true\" class=\"lightbox-trigger\"><img decoding=\"async\" src=\"https:\/\/www.paysdesecrins.com\/wp-content\/uploads\/2025\/07\/v9.jpg\" alt=\"\"><\/a><\/div><\/div><\/div><\/div><\/div>\n\n<div class=\"wp-block-ws-library-ws-share\"><span class=\"share-subtitle\">Ti \u00e8 piaciuta questa pagina?<\/span><span class=\"share-title\">Condividilo!<\/span><button class=\"ws-share-button wp-element-button\">Condividi questa pagina<\/button><\/div>\n","protected":false},"excerpt":{"rendered":"<p>L&#8217;Alps Epic \u00e8 un&#8217;avventura straordinaria sul percorso per mountain bike GTHA Grand Tour des Hautes Alpes. Una settimana per esplorare [&hellip;]<\/p>\n","protected":false},"author":9,"featured_media":50286,"parent":45934,"menu_order":0,"comment_status":"closed","ping_status":"closed","template":"","meta":{"_thumbnail_id_2":0,"summer_excerpt":"","season":"","station":"","footnotes":""},"class_list":["post-50227","page","type-page","status-publish","has-post-thumbnail","hentry"],"yoast_head":"<!-- This site is optimized with the Yoast SEO plugin v27.3 - https:\/\/yoast.com\/product\/yoast-seo-wordpress\/ -->\n<title>Alps Epic - Giugno - Pays des \u00c9crins - Office de Tourisme<\/title>\n<meta name=\"robots\" content=\"index, follow, max-snippet:-1, max-image-preview:large, max-video-preview:-1\" \/>\n<link rel=\"canonical\" href=\"https:\/\/www.paysdesecrins.com\/it\/grandi-eventi-nel-pays-des-ecrins\/alps-epic-puy-saint-vincent-giugno\/\" \/>\n<meta property=\"og:locale\" content=\"it_IT\" \/>\n<meta property=\"og:type\" content=\"article\" \/>\n<meta property=\"og:title\" content=\"Alps Epic - Giugno - Pays des \u00c9crins - Office de Tourisme\" \/>\n<meta property=\"og:description\" content=\"L&#8217;Alps Epic \u00e8 un&#8217;avventura straordinaria sul percorso per mountain bike GTHA Grand Tour des Hautes Alpes. Una settimana per esplorare [&hellip;]\" \/>\n<meta property=\"og:url\" content=\"https:\/\/www.paysdesecrins.com\/it\/grandi-eventi-nel-pays-des-ecrins\/alps-epic-puy-saint-vincent-giugno\/\" \/>\n<meta property=\"og:site_name\" content=\"Pays des \u00c9crins - Office de Tourisme\" \/>\n<meta property=\"article:modified_time\" content=\"2025-08-20T13:59:04+00:00\" \/>\n<meta property=\"og:image\" content=\"https:\/\/www.paysdesecrins.com\/wp-content\/uploads\/2025\/07\/v1-1.jpg\" \/>\n\t<meta property=\"og:image:width\" content=\"1200\" \/>\n\t<meta property=\"og:image:height\" content=\"691\" \/>\n\t<meta property=\"og:image:type\" content=\"image\/jpeg\" \/>\n<meta name=\"twitter:card\" content=\"summary_large_image\" \/>\n<meta name=\"twitter:label1\" content=\"Tempo di lettura stimato\" \/>\n\t<meta name=\"twitter:data1\" content=\"1 minuto\" \/>\n<script type=\"application\/ld+json\" class=\"yoast-schema-graph\">{\"@context\":\"https:\\\/\\\/schema.org\",\"@graph\":[{\"@type\":\"WebPage\",\"@id\":\"https:\\\/\\\/www.paysdesecrins.com\\\/it\\\/grandi-eventi-nel-pays-des-ecrins\\\/alps-epic-puy-saint-vincent-giugno\\\/\",\"url\":\"https:\\\/\\\/www.paysdesecrins.com\\\/it\\\/grandi-eventi-nel-pays-des-ecrins\\\/alps-epic-puy-saint-vincent-giugno\\\/\",\"name\":\"Alps Epic - Giugno - Pays des \u00c9crins - Office de Tourisme\",\"isPartOf\":{\"@id\":\"https:\\\/\\\/www.paysdesecrins.com\\\/it\\\/#website\"},\"primaryImageOfPage\":{\"@id\":\"https:\\\/\\\/www.paysdesecrins.com\\\/it\\\/grandi-eventi-nel-pays-des-ecrins\\\/alps-epic-puy-saint-vincent-giugno\\\/#primaryimage\"},\"image\":{\"@id\":\"https:\\\/\\\/www.paysdesecrins.com\\\/it\\\/grandi-eventi-nel-pays-des-ecrins\\\/alps-epic-puy-saint-vincent-giugno\\\/#primaryimage\"},\"thumbnailUrl\":\"https:\\\/\\\/www.paysdesecrins.com\\\/wp-content\\\/uploads\\\/2025\\\/07\\\/v1-1.jpg\",\"datePublished\":\"2025-07-30T13:24:54+00:00\",\"dateModified\":\"2025-08-20T13:59:04+00:00\",\"breadcrumb\":{\"@id\":\"https:\\\/\\\/www.paysdesecrins.com\\\/it\\\/grandi-eventi-nel-pays-des-ecrins\\\/alps-epic-puy-saint-vincent-giugno\\\/#breadcrumb\"},\"inLanguage\":\"it-IT\",\"potentialAction\":[{\"@type\":\"ReadAction\",\"target\":[\"https:\\\/\\\/www.paysdesecrins.com\\\/it\\\/grandi-eventi-nel-pays-des-ecrins\\\/alps-epic-puy-saint-vincent-giugno\\\/\"]}]},{\"@type\":\"ImageObject\",\"inLanguage\":\"it-IT\",\"@id\":\"https:\\\/\\\/www.paysdesecrins.com\\\/it\\\/grandi-eventi-nel-pays-des-ecrins\\\/alps-epic-puy-saint-vincent-giugno\\\/#primaryimage\",\"url\":\"https:\\\/\\\/www.paysdesecrins.com\\\/wp-content\\\/uploads\\\/2025\\\/07\\\/v1-1.jpg\",\"contentUrl\":\"https:\\\/\\\/www.paysdesecrins.com\\\/wp-content\\\/uploads\\\/2025\\\/07\\\/v1-1.jpg\",\"width\":1200,\"height\":691},{\"@type\":\"BreadcrumbList\",\"@id\":\"https:\\\/\\\/www.paysdesecrins.com\\\/it\\\/grandi-eventi-nel-pays-des-ecrins\\\/alps-epic-puy-saint-vincent-giugno\\\/#breadcrumb\",\"itemListElement\":[{\"@type\":\"ListItem\",\"position\":1,\"name\":\"Accueil\",\"item\":\"https:\\\/\\\/www.paysdesecrins.com\\\/it\\\/il-titolo-della-casa\\\/\"},{\"@type\":\"ListItem\",\"position\":2,\"name\":\"Grandi eventi nel Pays des Ecrins\",\"item\":\"https:\\\/\\\/www.paysdesecrins.com\\\/it\\\/grandi-eventi-nel-pays-des-ecrins\\\/\"},{\"@type\":\"ListItem\",\"position\":3,\"name\":\"Alps Epic \u2013 Giugno\"}]},{\"@type\":\"WebSite\",\"@id\":\"https:\\\/\\\/www.paysdesecrins.com\\\/it\\\/#website\",\"url\":\"https:\\\/\\\/www.paysdesecrins.com\\\/it\\\/\",\"name\":\"Pays des \u00c9crins - Office de Tourisme\",\"description\":\"L&#039;esprit montagne\",\"publisher\":{\"@id\":\"https:\\\/\\\/www.paysdesecrins.com\\\/it\\\/#organization\"},\"potentialAction\":[{\"@type\":\"SearchAction\",\"target\":{\"@type\":\"EntryPoint\",\"urlTemplate\":\"https:\\\/\\\/www.paysdesecrins.com\\\/it\\\/?s={search_term_string}\"},\"query-input\":{\"@type\":\"PropertyValueSpecification\",\"valueRequired\":true,\"valueName\":\"search_term_string\"}}],\"inLanguage\":\"it-IT\"},{\"@type\":\"Organization\",\"@id\":\"https:\\\/\\\/www.paysdesecrins.com\\\/it\\\/#organization\",\"name\":\"Pays des \u00c9crins - Office de Tourisme\",\"url\":\"https:\\\/\\\/www.paysdesecrins.com\\\/it\\\/\",\"logo\":{\"@type\":\"ImageObject\",\"inLanguage\":\"it-IT\",\"@id\":\"https:\\\/\\\/www.paysdesecrins.com\\\/it\\\/#\\\/schema\\\/logo\\\/image\\\/\",\"url\":\"https:\\\/\\\/www.paysdesecrins.com\\\/wp-content\\\/uploads\\\/2025\\\/06\\\/devina-svg-1750845694.svg\",\"contentUrl\":\"https:\\\/\\\/www.paysdesecrins.com\\\/wp-content\\\/uploads\\\/2025\\\/06\\\/devina-svg-1750845694.svg\",\"caption\":\"Pays des \u00c9crins - Office de Tourisme\"},\"image\":{\"@id\":\"https:\\\/\\\/www.paysdesecrins.com\\\/it\\\/#\\\/schema\\\/logo\\\/image\\\/\"}}]}<\/script>\n<!-- \/ Yoast SEO plugin. -->","yoast_head_json":{"title":"Alps Epic - Giugno - Pays des \u00c9crins - Office de Tourisme","robots":{"index":"index","follow":"follow","max-snippet":"max-snippet:-1","max-image-preview":"max-image-preview:large","max-video-preview":"max-video-preview:-1"},"canonical":"https:\/\/www.paysdesecrins.com\/it\/grandi-eventi-nel-pays-des-ecrins\/alps-epic-puy-saint-vincent-giugno\/","og_locale":"it_IT","og_type":"article","og_title":"Alps Epic - Giugno - Pays des \u00c9crins - Office de Tourisme","og_description":"L&#8217;Alps Epic \u00e8 un&#8217;avventura straordinaria sul percorso per mountain bike GTHA Grand Tour des Hautes Alpes. Una settimana per esplorare [&hellip;]","og_url":"https:\/\/www.paysdesecrins.com\/it\/grandi-eventi-nel-pays-des-ecrins\/alps-epic-puy-saint-vincent-giugno\/","og_site_name":"Pays des \u00c9crins - Office de Tourisme","article_modified_time":"2025-08-20T13:59:04+00:00","og_image":[{"width":1200,"height":691,"url":"https:\/\/www.paysdesecrins.com\/wp-content\/uploads\/2025\/07\/v1-1.jpg","type":"image\/jpeg"}],"twitter_card":"summary_large_image","twitter_misc":{"Tempo di lettura stimato":"1 minuto"},"schema":{"@context":"https:\/\/schema.org","@graph":[{"@type":"WebPage","@id":"https:\/\/www.paysdesecrins.com\/it\/grandi-eventi-nel-pays-des-ecrins\/alps-epic-puy-saint-vincent-giugno\/","url":"https:\/\/www.paysdesecrins.com\/it\/grandi-eventi-nel-pays-des-ecrins\/alps-epic-puy-saint-vincent-giugno\/","name":"Alps Epic - Giugno - Pays des \u00c9crins - Office de Tourisme","isPartOf":{"@id":"https:\/\/www.paysdesecrins.com\/it\/#website"},"primaryImageOfPage":{"@id":"https:\/\/www.paysdesecrins.com\/it\/grandi-eventi-nel-pays-des-ecrins\/alps-epic-puy-saint-vincent-giugno\/#primaryimage"},"image":{"@id":"https:\/\/www.paysdesecrins.com\/it\/grandi-eventi-nel-pays-des-ecrins\/alps-epic-puy-saint-vincent-giugno\/#primaryimage"},"thumbnailUrl":"https:\/\/www.paysdesecrins.com\/wp-content\/uploads\/2025\/07\/v1-1.jpg","datePublished":"2025-07-30T13:24:54+00:00","dateModified":"2025-08-20T13:59:04+00:00","breadcrumb":{"@id":"https:\/\/www.paysdesecrins.com\/it\/grandi-eventi-nel-pays-des-ecrins\/alps-epic-puy-saint-vincent-giugno\/#breadcrumb"},"inLanguage":"it-IT","potentialAction":[{"@type":"ReadAction","target":["https:\/\/www.paysdesecrins.com\/it\/grandi-eventi-nel-pays-des-ecrins\/alps-epic-puy-saint-vincent-giugno\/"]}]},{"@type":"ImageObject","inLanguage":"it-IT","@id":"https:\/\/www.paysdesecrins.com\/it\/grandi-eventi-nel-pays-des-ecrins\/alps-epic-puy-saint-vincent-giugno\/#primaryimage","url":"https:\/\/www.paysdesecrins.com\/wp-content\/uploads\/2025\/07\/v1-1.jpg","contentUrl":"https:\/\/www.paysdesecrins.com\/wp-content\/uploads\/2025\/07\/v1-1.jpg","width":1200,"height":691},{"@type":"BreadcrumbList","@id":"https:\/\/www.paysdesecrins.com\/it\/grandi-eventi-nel-pays-des-ecrins\/alps-epic-puy-saint-vincent-giugno\/#breadcrumb","itemListElement":[{"@type":"ListItem","position":1,"name":"Accueil","item":"https:\/\/www.paysdesecrins.com\/it\/il-titolo-della-casa\/"},{"@type":"ListItem","position":2,"name":"Grandi eventi nel Pays des Ecrins","item":"https:\/\/www.paysdesecrins.com\/it\/grandi-eventi-nel-pays-des-ecrins\/"},{"@type":"ListItem","position":3,"name":"Alps Epic \u2013 Giugno"}]},{"@type":"WebSite","@id":"https:\/\/www.paysdesecrins.com\/it\/#website","url":"https:\/\/www.paysdesecrins.com\/it\/","name":"Pays des \u00c9crins - Office de Tourisme","description":"L&#039;esprit montagne","publisher":{"@id":"https:\/\/www.paysdesecrins.com\/it\/#organization"},"potentialAction":[{"@type":"SearchAction","target":{"@type":"EntryPoint","urlTemplate":"https:\/\/www.paysdesecrins.com\/it\/?s={search_term_string}"},"query-input":{"@type":"PropertyValueSpecification","valueRequired":true,"valueName":"search_term_string"}}],"inLanguage":"it-IT"},{"@type":"Organization","@id":"https:\/\/www.paysdesecrins.com\/it\/#organization","name":"Pays des \u00c9crins - Office de Tourisme","url":"https:\/\/www.paysdesecrins.com\/it\/","logo":{"@type":"ImageObject","inLanguage":"it-IT","@id":"https:\/\/www.paysdesecrins.com\/it\/#\/schema\/logo\/image\/","url":"https:\/\/www.paysdesecrins.com\/wp-content\/uploads\/2025\/06\/devina-svg-1750845694.svg","contentUrl":"https:\/\/www.paysdesecrins.com\/wp-content\/uploads\/2025\/06\/devina-svg-1750845694.svg","caption":"Pays des \u00c9crins - Office de Tourisme"},"image":{"@id":"https:\/\/www.paysdesecrins.com\/it\/#\/schema\/logo\/image\/"}}]}},"_links":{"self":[{"href":"https:\/\/www.paysdesecrins.com\/it\/wp-json\/wp\/v2\/pages\/50227","targetHints":{"allow":["GET"]}}],"collection":[{"href":"https:\/\/www.paysdesecrins.com\/it\/wp-json\/wp\/v2\/pages"}],"about":[{"href":"https:\/\/www.paysdesecrins.com\/it\/wp-json\/wp\/v2\/types\/page"}],"author":[{"embeddable":true,"href":"https:\/\/www.paysdesecrins.com\/it\/wp-json\/wp\/v2\/users\/9"}],"replies":[{"embeddable":true,"href":"https:\/\/www.paysdesecrins.com\/it\/wp-json\/wp\/v2\/comments?post=50227"}],"version-history":[{"count":2,"href":"https:\/\/www.paysdesecrins.com\/it\/wp-json\/wp\/v2\/pages\/50227\/revisions"}],"predecessor-version":[{"id":103604,"href":"https:\/\/www.paysdesecrins.com\/it\/wp-json\/wp\/v2\/pages\/50227\/revisions\/103604"}],"up":[{"embeddable":true,"href":"https:\/\/www.paysdesecrins.com\/it\/wp-json\/wp\/v2\/pages\/45934"}],"wp:featuredmedia":[{"embeddable":true,"href":"https:\/\/www.paysdesecrins.com\/it\/wp-json\/wp\/v2\/media\/50286"}],"wp:attachment":[{"href":"https:\/\/www.paysdesecrins.com\/it\/wp-json\/wp\/v2\/media?parent=50227"}],"curies":[{"name":"wp","href":"https:\/\/api.w.org\/{rel}","templated":true}]}}