{"id":60907,"date":"2025-08-01T11:59:49","date_gmt":"2025-08-01T09:59:49","guid":{"rendered":"https:\/\/www.paysdesecrins.com\/elenco-dei-test-2\/"},"modified":"2025-08-01T12:05:36","modified_gmt":"2025-08-01T10:05:36","slug":"elenco-dei-test-2","status":"publish","type":"page","link":"https:\/\/www.paysdesecrins.com\/it\/elenco-dei-test-2\/","title":{"rendered":"Elenco dei test"},"content":{"rendered":"    <div class=\"alignfull wp-block-ws-library-ws-header-interne\">\n\t    <div class=\"header-container\">\n\t        <div class=\"group-media\">\n\t            \t        <\/div>\n\t        <div class=\"group-content\">\n\t            <div class=\"title\">\n\t                <h1>\n\t                    Elenco dei test\t                    \t                <\/h1>\n\t            <\/div>\n\t        <\/div>\n\t    <\/div>\n\t    \n<div class=\"yoast-breadcrumbs\"><span><span><a href=\"https:\/\/www.paysdesecrins.com\/it\/il-titolo-della-casa\/\">Accueil<\/a><\/span>  <span class=\"breadcrumb_last\" aria-current=\"page\">Elenco dei test<\/span><\/span><\/div>\n    <\/div>\n    <div id=\"listing_a1a11\" data-observer-wishlist data-attributes='listing-agenda {\"selectedSelectionIds\":[\"188512\",\"191441\",\"191173\",\"191169\",\"191172\"],\"selectedFacets\":[\"type_activits\"],\"isPortrait\":false,\"isImageContain\":false,\"showCommune\":true,\"defaultImage\":\"https:\\\/\\\/www.paysdesecrins.com\\\/wp-content\\\/uploads\\\/2025\\\/06\\\/cropped-paysdesecrins.png\",\"showType\":false,\"columnsCount\":\"2-3-3\",\"showActiveFacets\":false,\"isLimited\":false,\"isPaginated\":false,\"showDateSearch\":false,\"perPage\":12,\"season\":\"\",\"align\":\"wide\"}' class=\"ws-listing wp-block-ws-apidae-library-listing-agenda alignwide\" data-map-id=\"map_a1a11\" data-locations-id=\"locations-data_a1a11\"><div class=\"panel-fixe panel-facets\"><div class=\"panel-overlay toggle-facets\"><\/div><div class=\"panel-inner\"><div class=\"panel-header\"><div class=\"panel-title\">Filtri<\/div><a href=\"#\" class=\"panel-close toggle-facets\">Chiudere<\/a><\/div><div class=\"panel-content\"><div class=\"group-summary\"><div class=\"facetwp-selections\"><\/div><a href=\"#\" class=\"link-reset\">Cancellare<\/a><\/div><\/div><div class=\"panel-footer\"><div class=\"facet-buttons\"><button type=\"submit\" class=\"btn btn-1 toggle-facets facetwp-count-btn\">Vedi tutto <span class=\"results-count\"><\/span> risultati<\/button><\/div><\/div><\/div><\/div><div class=\"listing-header\"><div class=\"toggle-container\"><button class=\"btn toggle-btn toggle-facets\" data-target=\"facets\">Filtri<\/button><\/div><\/div><div class=\"facetwp-template\"><div class=\"list-container active\"><div class=\"list-items\"><div class=\"item\" data-season=\"all-seasons\"><div class=\"card card-apidae card-agenda\"><div class=\"group-actions\"><ws-wishlist data-type=\"flag\" data-action=\"add\" data-wish-id=\"6202480\" data-wish-type=\"apidae\"><\/ws-wishlist><\/div><div class=\"group-media\"><div class=\"field-image\"><img decoding=\"async\" src=\"https:\/\/images.weserv.nl\/?url=https:\/\/static.apidae-tourisme.com\/filestore\/objets-touristiques\/images\/208\/70\/13846224-diaporama.jpg&#038;w=350&#038;h=350&#038;fit=cover&#038;output=webp&#038;q=45\" alt=\"Parcours num\u00e9rique en r\u00e9alit\u00e9 augment\u00e9e : Le myst\u00e8re de l\u2019\u00e9glise des Vigneaux\"\/><\/div><\/div><div class=\"group-top\"><div class=\"field-commune\">Les Vigneaux<\/div><ws-apidae-from-price data-apidae-id=\"6202480\" ><\/ws-apidae-from-price><div class=\"group-dates\"><div class=\"field-dates\">Du 27 <span class=\"month\">Aprile<\/span> au 12 <span class=\"month\">Ottobre<\/span><\/div><\/div><\/div><div class=\"group-content\"><div class=\"field-title\">Parcours num\u00e9rique en r\u00e9alit\u00e9 augment\u00e9e : Le myst\u00e8re de l\u2019\u00e9glise des Vigneaux<\/div><\/div><div class=\"field-link\" role=\"group\" aria-label=\"Lien vers le contenu\"><a href=\"https:\/\/www.paysdesecrins.com\/it\/fiche\/parcours-numerique-en-realite-augmentee-le-mystere-de-leglise-des-vigneaux-4\/\" class=\"cardlink\" title=\"Lire plus : Parcours num\u00e9rique en r\u00e9alit\u00e9 augment\u00e9e : Le myst\u00e8re de l\u2019\u00e9glise des Vigneaux\" lang=\"it_IT\">Parcours num\u00e9rique en r\u00e9alit\u00e9 augment\u00e9e : Le myst\u00e8re de l\u2019\u00e9glise des Vigneaux<\/a><\/div><\/div><\/div><div class=\"item\" data-season=\"all-seasons\"><div class=\"card card-apidae card-agenda\"><div class=\"group-actions\"><ws-wishlist data-type=\"flag\" data-action=\"add\" data-wish-id=\"6202530\" data-wish-type=\"apidae\"><\/ws-wishlist><\/div><div class=\"group-media\"><div class=\"field-image\"><img decoding=\"async\" src=\"https:\/\/images.weserv.nl\/?url=https:\/\/static.apidae-tourisme.com\/filestore\/objets-touristiques\/images\/221\/195\/13616093-diaporama.jpg&#038;w=350&#038;h=350&#038;fit=cover&#038;output=webp&#038;q=45\" alt=\"Parcours en r\u00e9alit\u00e9 augment\u00e9e :  Tomber de &#8220;eau&#8221;, championnat du monde de descente de conduites forc\u00e9es\"\/><\/div><\/div><div class=\"group-top\"><div class=\"field-commune\">L&#039;Argenti\u00e8re-la-Bess\u00e9e<\/div><ws-apidae-from-price data-apidae-id=\"6202530\" ><\/ws-apidae-from-price><div class=\"group-dates\"><div class=\"field-dates\">Du 27 <span class=\"month\">Aprile<\/span> au 12 <span class=\"month\">Ottobre<\/span><\/div><\/div><\/div><div class=\"group-content\"><div class=\"field-title\">Parcours en r\u00e9alit\u00e9 augment\u00e9e :  Tomber de &#8220;eau&#8221;, championnat du monde de descente de conduites forc\u00e9es<\/div><\/div><div class=\"field-link\" role=\"group\" aria-label=\"Lien vers le contenu\"><a href=\"https:\/\/www.paysdesecrins.com\/it\/fiche\/parcours-en-realite-augmentee-tomber-de-eau-championnat-du-monde-de-descente-de-conduites-forcees-4\/\" class=\"cardlink\" title=\"Lire plus : Parcours en r\u00e9alit\u00e9 augment\u00e9e :  Tomber de &#8220;eau&#8221;, championnat du monde de descente de conduites forc\u00e9es\" lang=\"it_IT\">Parcours en r\u00e9alit\u00e9 augment\u00e9e :  Tomber de &#8220;eau&#8221;, championnat du monde de descente de conduites forc\u00e9es<\/a><\/div><\/div><\/div><div class=\"item\" data-season=\"all-seasons\"><div class=\"card card-apidae card-agenda\"><div class=\"group-actions\"><ws-wishlist data-type=\"flag\" data-action=\"add\" data-wish-id=\"7659951\" data-wish-type=\"apidae\"><\/ws-wishlist><\/div><div class=\"group-media\"><div class=\"field-image\"><img decoding=\"async\" src=\"https:\/\/images.weserv.nl\/?url=https:\/\/static.apidae-tourisme.com\/filestore\/objets-touristiques\/images\/142\/156\/37657742-diaporama.jpg&#038;w=350&#038;h=350&#038;fit=cover&#038;output=webp&#038;q=45\" alt=\"Exposition de peintures &#8220;La mer dans tous ses \u00e9tats&#8221;\"\/><\/div><\/div><div class=\"group-top\"><div class=\"field-commune\">Puy-Saint-Vincent<\/div><ws-apidae-from-price data-apidae-id=\"7659951\" ><\/ws-apidae-from-price><div class=\"group-dates\"><div class=\"field-dates\">Du 27 <span class=\"month\">Aprile<\/span> au 29 <span class=\"month\">Giugno<\/span><\/div><\/div><\/div><div class=\"group-content\"><div class=\"field-title\">Exposition de peintures &#8220;La mer dans tous ses \u00e9tats&#8221;<\/div><\/div><div class=\"field-link\" role=\"group\" aria-label=\"Lien vers le contenu\"><a href=\"https:\/\/www.paysdesecrins.com\/it\/fiche\/exposition-de-peintures-la-mer-dans-tous-ses-etats-4\/\" class=\"cardlink\" title=\"Lire plus : Exposition de peintures &#8220;La mer dans tous ses \u00e9tats&#8221;\" lang=\"it_IT\">Exposition de peintures &#8220;La mer dans tous ses \u00e9tats&#8221;<\/a><\/div><\/div><\/div><div class=\"item\" data-season=\"all-seasons\"><div class=\"card card-apidae card-agenda\"><div class=\"group-actions\"><ws-wishlist data-type=\"flag\" data-action=\"add\" data-wish-id=\"7326107\" data-wish-type=\"apidae\"><\/ws-wishlist><\/div><div class=\"group-media\"><div class=\"field-image\"><img decoding=\"async\" src=\"https:\/\/images.weserv.nl\/?url=https:\/\/static.apidae-tourisme.com\/filestore\/objets-touristiques\/images\/203\/79\/39079883-diaporama.png&#038;w=350&#038;h=350&#038;fit=cover&#038;output=webp&#038;q=45\" alt=\"Rendez-vous des tricoteurs et tricoteuses\"\/><\/div><\/div><div class=\"group-top\"><div class=\"field-commune\">L&#039;Argenti\u00e8re-la-Bess\u00e9e<\/div><ws-apidae-from-price data-apidae-id=\"7326107\" ><\/ws-apidae-from-price><div class=\"group-dates\"><div class=\"field-dates\">29 <span class=\"month\">Aprile<\/span><\/div><\/div><\/div><div class=\"group-content\"><div class=\"field-title\">Rendez-vous des tricoteurs et tricoteuses<\/div><\/div><div class=\"field-link\" role=\"group\" aria-label=\"Lien vers le contenu\"><a href=\"https:\/\/www.paysdesecrins.com\/it\/fiche\/rendez-vous-des-tricoteurs-et-tricoteuses-6\/\" class=\"cardlink\" title=\"Lire plus : Rendez-vous des tricoteurs et tricoteuses\" lang=\"it_IT\">Rendez-vous des tricoteurs et tricoteuses<\/a><\/div><\/div><\/div><div class=\"item\" data-season=\"all-seasons\"><div class=\"card card-apidae card-agenda\"><div class=\"group-actions\"><ws-wishlist data-type=\"flag\" data-action=\"add\" data-wish-id=\"7681187\" data-wish-type=\"apidae\"><\/ws-wishlist><\/div><div class=\"group-media\"><div class=\"field-image\"><img decoding=\"async\" src=\"https:\/\/images.weserv.nl\/?url=https:\/\/static.apidae-tourisme.com\/filestore\/objets-touristiques\/images\/5\/77\/39079173-diaporama.png&#038;w=350&#038;h=350&#038;fit=cover&#038;output=webp&#038;q=45\" alt=\"Rencontre-auteur dessin\u00e9e avec Ian Manook et Clara Debray\"\/><\/div><\/div><div class=\"group-top\"><div class=\"field-commune\">L&#039;Argenti\u00e8re-la-Bess\u00e9e<\/div><ws-apidae-from-price data-apidae-id=\"7681187\" ><\/ws-apidae-from-price><div class=\"group-dates\"><div class=\"field-dates\">30 <span class=\"month\">Aprile<\/span><\/div><\/div><\/div><div class=\"group-content\"><div class=\"field-title\">Rencontre-auteur dessin\u00e9e avec Ian Manook et Clara Debray<\/div><\/div><div class=\"field-link\" role=\"group\" aria-label=\"Lien vers le contenu\"><a href=\"https:\/\/www.paysdesecrins.com\/it\/fiche\/rencontre-auteur-dessinee-avec-ian-manook-et-clara-debray-4\/\" class=\"cardlink\" title=\"Lire plus : Rencontre-auteur dessin\u00e9e avec Ian Manook et Clara Debray\" lang=\"it_IT\">Rencontre-auteur dessin\u00e9e avec Ian Manook et Clara Debray<\/a><\/div><\/div><\/div><div class=\"item\" data-season=\"all-seasons\"><div class=\"card card-apidae card-agenda\"><div class=\"group-actions\"><ws-wishlist data-type=\"flag\" data-action=\"add\" data-wish-id=\"7119575\" data-wish-type=\"apidae\"><\/ws-wishlist><\/div><div class=\"group-media\"><div class=\"field-image\"><img decoding=\"async\" src=\"https:\/\/images.weserv.nl\/?url=https:\/\/static.apidae-tourisme.com\/filestore\/objets-touristiques\/images\/225\/238\/32304865-diaporama.jpg&#038;w=350&#038;h=350&#038;fit=cover&#038;output=webp&#038;q=45\" alt=\"Le sentier des g\u00e9ants\"\/><\/div><\/div><div class=\"group-top\"><div class=\"field-commune\">Puy-Saint-Vincent<\/div><ws-apidae-from-price data-apidae-id=\"7119575\" ><\/ws-apidae-from-price><div class=\"group-dates\"><div class=\"field-dates\">Du 1 <span class=\"month\">Maggio<\/span> au 3 <span class=\"month\">Maggio<\/span> 2027<\/div><\/div><\/div><div class=\"group-content\"><div class=\"field-title\">Le sentier des g\u00e9ants<\/div><\/div><div class=\"field-link\" role=\"group\" aria-label=\"Lien vers le contenu\"><a href=\"https:\/\/www.paysdesecrins.com\/it\/fiche\/le-sentier-des-geants-4\/\" class=\"cardlink\" title=\"Lire plus : Le sentier des g\u00e9ants\" lang=\"it_IT\">Le sentier des g\u00e9ants<\/a><\/div><\/div><\/div><div class=\"item\" data-season=\"all-seasons\"><div class=\"card card-apidae card-agenda\"><div class=\"group-actions\"><ws-wishlist data-type=\"flag\" data-action=\"add\" data-wish-id=\"7717951\" data-wish-type=\"apidae\"><\/ws-wishlist><\/div><div class=\"group-media\"><div class=\"field-image\"><img decoding=\"async\" src=\"https:\/\/images.weserv.nl\/?url=https:\/\/www.paysdesecrins.com\/wp-content\/uploads\/2025\/06\/cropped-paysdesecrins.png&#038;w=350&#038;h=350&#038;fit=cover&#038;output=webp&#038;q=45\" alt=\"Stage en nature &#8221; Dessiner la montagne&#8221;\"\/><\/div><\/div><div class=\"group-top\"><div class=\"field-commune\">Vallouise-Pelvoux<\/div><ws-apidae-from-price data-apidae-id=\"7717951\" ><\/ws-apidae-from-price><div class=\"group-dates\"><div class=\"field-dates\">Du 3 au 5 <span class=\"month\">Luglio<\/span><\/div><\/div><\/div><div class=\"group-content\"><div class=\"field-title\">Stage en nature &#8221; Dessiner la montagne&#8221;<\/div><\/div><div class=\"field-link\" role=\"group\" aria-label=\"Lien vers le contenu\"><a href=\"https:\/\/www.paysdesecrins.com\/it\/fiche\/stage-en-nature-dessiner-la-montagne-4\/\" class=\"cardlink\" title=\"Lire plus : Stage en nature &#8221; Dessiner la montagne&#8221;\" lang=\"it_IT\">Stage en nature &#8221; Dessiner la montagne&#8221;<\/a><\/div><\/div><\/div><div class=\"item\" data-season=\"all-seasons\"><div class=\"card card-apidae card-agenda\"><div class=\"group-actions\"><ws-wishlist data-type=\"flag\" data-action=\"add\" data-wish-id=\"7759397\" data-wish-type=\"apidae\"><\/ws-wishlist><\/div><div class=\"group-media\"><div class=\"field-image\"><img decoding=\"async\" src=\"https:\/\/images.weserv.nl\/?url=https:\/\/static.apidae-tourisme.com\/filestore\/objets-touristiques\/images\/222\/236\/39906526-diaporama.jpg&#038;w=350&#038;h=350&#038;fit=cover&#038;output=webp&#038;q=45\" alt=\"Dessiner la montagne \u2013 stage en nature\"\/><\/div><\/div><div class=\"group-top\"><div class=\"field-commune\">Vallouise-Pelvoux<\/div><ws-apidae-from-price data-apidae-id=\"7759397\" ><\/ws-apidae-from-price><div class=\"group-dates\"><div class=\"field-dates\">Du 3 au 5 <span class=\"month\">Luglio<\/span><\/div><\/div><\/div><div class=\"group-content\"><div class=\"field-title\">Dessiner la montagne \u2013 stage en nature<\/div><\/div><div class=\"field-link\" role=\"group\" aria-label=\"Lien vers le contenu\"><a href=\"https:\/\/www.paysdesecrins.com\/it\/fiche\/dessiner-la-montagne-stage-en-nature-4\/\" class=\"cardlink\" title=\"Lire plus : Dessiner la montagne \u2013 stage en nature\" lang=\"it_IT\">Dessiner la montagne \u2013 stage en nature<\/a><\/div><\/div><\/div><div class=\"item\" data-season=\"all-seasons\"><div class=\"card card-apidae card-agenda\"><div class=\"group-actions\"><ws-wishlist data-type=\"flag\" data-action=\"add\" data-wish-id=\"6964212\" data-wish-type=\"apidae\"><\/ws-wishlist><\/div><div class=\"group-media\"><div class=\"field-image\"><img decoding=\"async\" src=\"https:\/\/images.weserv.nl\/?url=https:\/\/static.apidae-tourisme.com\/filestore\/objets-touristiques\/images\/51\/210\/23319091-diaporama.jpg&#038;w=350&#038;h=350&#038;fit=cover&#038;output=webp&#038;q=45\" alt=\"Nouveau parcours ludique &#8220;Histoire de l&#8217;alpinisme&#8221;\"\/><\/div><\/div><div class=\"group-top\"><div class=\"field-commune\">Vallouise-Pelvoux<\/div><ws-apidae-from-price data-apidae-id=\"6964212\" ><\/ws-apidae-from-price><div class=\"group-dates\"><div class=\"field-dates\">Du 8 <span class=\"month\">Luglio<\/span> au 26 <span class=\"month\">Settembre<\/span> 2027<\/div><\/div><\/div><div class=\"group-content\"><div class=\"field-title\">Nouveau parcours ludique &#8220;Histoire de l&#8217;alpinisme&#8221;<\/div><\/div><div class=\"field-link\" role=\"group\" aria-label=\"Lien vers le contenu\"><a href=\"https:\/\/www.paysdesecrins.com\/it\/fiche\/nouveau-parcours-ludique-histoire-de-lalpinisme-4\/\" class=\"cardlink\" title=\"Lire plus : Nouveau parcours ludique &#8220;Histoire de l&#8217;alpinisme&#8221;\" lang=\"it_IT\">Nouveau parcours ludique &#8220;Histoire de l&#8217;alpinisme&#8221;<\/a><\/div><\/div><\/div><div class=\"item\" data-season=\"all-seasons\"><div class=\"card card-apidae card-agenda\"><div class=\"group-actions\"><ws-wishlist data-type=\"flag\" data-action=\"add\" data-wish-id=\"7772821\" data-wish-type=\"apidae\"><\/ws-wishlist><\/div><div class=\"group-media\"><div class=\"field-image\"><img decoding=\"async\" src=\"https:\/\/images.weserv.nl\/?url=https:\/\/www.paysdesecrins.com\/wp-content\/uploads\/2025\/06\/cropped-paysdesecrins.png&#038;w=350&#038;h=350&#038;fit=cover&#038;output=webp&#038;q=45\" alt=\"Spectacle: Clairieres de Pascal THOLLET\"\/><\/div><\/div><div class=\"group-top\"><div class=\"field-commune\">Puy-Saint-Vincent<\/div><ws-apidae-from-price data-apidae-id=\"7772821\" ><\/ws-apidae-from-price><div class=\"group-dates\"><div class=\"field-dates\">10 <span class=\"month\">Luglio<\/span><\/div><\/div><\/div><div class=\"group-content\"><div class=\"field-title\">Spectacle: Clairieres de Pascal THOLLET<\/div><\/div><div class=\"field-link\" role=\"group\" aria-label=\"Lien vers le contenu\"><a href=\"https:\/\/www.paysdesecrins.com\/it\/fiche\/spectacle-clairieres-de-pascal-thollet-4\/\" class=\"cardlink\" title=\"Lire plus : Spectacle: Clairieres de Pascal THOLLET\" lang=\"it_IT\">Spectacle: Clairieres de Pascal THOLLET<\/a><\/div><\/div><\/div><div class=\"item\" data-season=\"all-seasons\"><div class=\"card card-apidae card-agenda\"><div class=\"group-actions\"><ws-wishlist data-type=\"flag\" data-action=\"add\" data-wish-id=\"7772901\" data-wish-type=\"apidae\"><\/ws-wishlist><\/div><div class=\"group-media\"><div class=\"field-image\"><img decoding=\"async\" src=\"https:\/\/images.weserv.nl\/?url=https:\/\/www.paysdesecrins.com\/wp-content\/uploads\/2025\/06\/cropped-paysdesecrins.png&#038;w=350&#038;h=350&#038;fit=cover&#038;output=webp&#038;q=45\" alt=\"Spectacle: Banc de sable par la Cie 126 kilos\"\/><\/div><\/div><div class=\"group-top\"><div class=\"field-commune\">Puy-Saint-Vincent<\/div><ws-apidae-from-price data-apidae-id=\"7772901\" ><\/ws-apidae-from-price><div class=\"group-dates\"><div class=\"field-dates\">17 <span class=\"month\">Luglio<\/span><\/div><\/div><\/div><div class=\"group-content\"><div class=\"field-title\">Spectacle: Banc de sable par la Cie 126 kilos<\/div><\/div><div class=\"field-link\" role=\"group\" aria-label=\"Lien vers le contenu\"><a href=\"https:\/\/www.paysdesecrins.com\/it\/fiche\/spectacle-banc-de-sable-par-la-cie-126-kilos-4\/\" class=\"cardlink\" title=\"Lire plus : Spectacle: Banc de sable par la Cie 126 kilos\" lang=\"it_IT\">Spectacle: Banc de sable par la Cie 126 kilos<\/a><\/div><\/div><\/div><div class=\"item\" data-season=\"all-seasons\"><div class=\"card card-apidae card-agenda\"><div class=\"group-actions\"><ws-wishlist data-type=\"flag\" data-action=\"add\" data-wish-id=\"7775308\" data-wish-type=\"apidae\"><\/ws-wishlist><\/div><div class=\"group-media\"><div class=\"field-image\"><img decoding=\"async\" src=\"https:\/\/images.weserv.nl\/?url=https:\/\/www.paysdesecrins.com\/wp-content\/uploads\/2025\/06\/cropped-paysdesecrins.png&#038;w=350&#038;h=350&#038;fit=cover&#038;output=webp&#038;q=45\" alt=\"Spectacle: Mon Premier Concert par Julien BECQUELIN\"\/><\/div><\/div><div class=\"group-top\"><div class=\"field-commune\">Puy-Saint-Vincent<\/div><ws-apidae-from-price data-apidae-id=\"7775308\" ><\/ws-apidae-from-price><div class=\"group-dates\"><div class=\"field-dates\">20 <span class=\"month\">Luglio<\/span><\/div><\/div><\/div><div class=\"group-content\"><div class=\"field-title\">Spectacle: Mon Premier Concert par Julien BECQUELIN<\/div><\/div><div class=\"field-link\" role=\"group\" aria-label=\"Lien vers le contenu\"><a href=\"https:\/\/www.paysdesecrins.com\/it\/fiche\/spectacle-mon-premier-concert-par-julien-becquelin-4\/\" class=\"cardlink\" title=\"Lire plus : Spectacle: Mon Premier Concert par Julien BECQUELIN\" lang=\"it_IT\">Spectacle: Mon Premier Concert par Julien BECQUELIN<\/a><\/div><\/div><\/div><div class=\"item\" data-season=\"all-seasons\"><div class=\"card card-apidae card-agenda\"><div class=\"group-actions\"><ws-wishlist data-type=\"flag\" data-action=\"add\" data-wish-id=\"7751936\" data-wish-type=\"apidae\"><\/ws-wishlist><\/div><div class=\"group-media\"><div class=\"field-image\"><img decoding=\"async\" src=\"https:\/\/images.weserv.nl\/?url=https:\/\/static.apidae-tourisme.com\/filestore\/objets-touristiques\/images\/213\/58\/39664341-diaporama.jpg&#038;w=350&#038;h=350&#038;fit=cover&#038;output=webp&#038;q=45\" alt=\"Spectacle Dolores Wilson par la cie Les Belles Oreilles\"\/><\/div><\/div><div class=\"group-top\"><div class=\"field-commune\">Puy-Saint-Vincent<\/div><ws-apidae-from-price data-apidae-id=\"7751936\" ><\/ws-apidae-from-price><div class=\"group-dates\"><div class=\"field-dates\">28 <span class=\"month\">Luglio<\/span><\/div><\/div><\/div><div class=\"group-content\"><div class=\"field-title\">Spectacle Dolores Wilson par la cie Les Belles Oreilles<\/div><\/div><div class=\"field-link\" role=\"group\" aria-label=\"Lien vers le contenu\"><a href=\"https:\/\/www.paysdesecrins.com\/it\/fiche\/spectacle-dolores-wilson-par-la-cie-les-belles-oreilles-4\/\" class=\"cardlink\" title=\"Lire plus : Spectacle Dolores Wilson par la cie Les Belles Oreilles\" lang=\"it_IT\">Spectacle Dolores Wilson par la cie Les Belles Oreilles<\/a><\/div><\/div><\/div><div class=\"item\" data-season=\"all-seasons\"><div class=\"card card-apidae card-agenda\"><div class=\"group-actions\"><ws-wishlist data-type=\"flag\" data-action=\"add\" data-wish-id=\"7775520\" data-wish-type=\"apidae\"><\/ws-wishlist><\/div><div class=\"group-media\"><div class=\"field-image\"><img decoding=\"async\" src=\"https:\/\/images.weserv.nl\/?url=https:\/\/www.paysdesecrins.com\/wp-content\/uploads\/2025\/06\/cropped-paysdesecrins.png&#038;w=350&#038;h=350&#038;fit=cover&#038;output=webp&#038;q=45\" alt=\"Spectacle: Karaok\u00e9 Orchestar\"\/><\/div><\/div><div class=\"group-top\"><div class=\"field-commune\">Puy-Saint-Vincent<\/div><ws-apidae-from-price data-apidae-id=\"7775520\" ><\/ws-apidae-from-price><div class=\"group-dates\"><div class=\"field-dates\">30 <span class=\"month\">Luglio<\/span><\/div><\/div><\/div><div class=\"group-content\"><div class=\"field-title\">Spectacle: Karaok\u00e9 Orchestar<\/div><\/div><div class=\"field-link\" role=\"group\" aria-label=\"Lien vers le contenu\"><a href=\"https:\/\/www.paysdesecrins.com\/it\/fiche\/spectacle-karaoke-orchestar-4\/\" class=\"cardlink\" title=\"Lire plus : Spectacle: Karaok\u00e9 Orchestar\" lang=\"it_IT\">Spectacle: Karaok\u00e9 Orchestar<\/a><\/div><\/div><\/div><div class=\"item\" data-season=\"all-seasons\"><div class=\"card card-apidae card-agenda\"><div class=\"group-actions\"><ws-wishlist data-type=\"flag\" data-action=\"add\" data-wish-id=\"7775556\" data-wish-type=\"apidae\"><\/ws-wishlist><\/div><div class=\"group-media\"><div class=\"field-image\"><img decoding=\"async\" src=\"https:\/\/images.weserv.nl\/?url=https:\/\/www.paysdesecrins.com\/wp-content\/uploads\/2025\/06\/cropped-paysdesecrins.png&#038;w=350&#038;h=350&#038;fit=cover&#038;output=webp&#038;q=45\" alt=\"Spectacle: Mentir Lo Minino par la Cie Alta Gama\"\/><\/div><\/div><div class=\"group-top\"><div class=\"field-commune\">Puy-Saint-Vincent<\/div><ws-apidae-from-price data-apidae-id=\"7775556\" ><\/ws-apidae-from-price><div class=\"group-dates\"><div class=\"field-dates\">7 <span class=\"month\">Agosto<\/span><\/div><\/div><\/div><div class=\"group-content\"><div class=\"field-title\">Spectacle: Mentir Lo Minino par la Cie Alta Gama<\/div><\/div><div class=\"field-link\" role=\"group\" aria-label=\"Lien vers le contenu\"><a href=\"https:\/\/www.paysdesecrins.com\/it\/fiche\/spectacle-mentir-lo-minino-par-la-cie-alta-gama-4\/\" class=\"cardlink\" title=\"Lire plus : Spectacle: Mentir Lo Minino par la Cie Alta Gama\" lang=\"it_IT\">Spectacle: Mentir Lo Minino par la Cie Alta Gama<\/a><\/div><\/div><\/div><div class=\"item\" data-season=\"all-seasons\"><div class=\"card card-apidae card-agenda\"><div class=\"group-actions\"><ws-wishlist data-type=\"flag\" data-action=\"add\" data-wish-id=\"7775600\" data-wish-type=\"apidae\"><\/ws-wishlist><\/div><div class=\"group-media\"><div class=\"field-image\"><img decoding=\"async\" src=\"https:\/\/images.weserv.nl\/?url=https:\/\/static.apidae-tourisme.com\/filestore\/objets-touristiques\/images\/46\/26\/40901166-diaporama.jpg&#038;w=350&#038;h=350&#038;fit=cover&#038;output=webp&#038;q=45\" alt=\"Spectacle: Etranges Etrangers par la Cie Kilombo\"\/><\/div><\/div><div class=\"group-top\"><div class=\"field-commune\">Puy-Saint-Vincent<\/div><ws-apidae-from-price data-apidae-id=\"7775600\" ><\/ws-apidae-from-price><div class=\"group-dates\"><div class=\"field-dates\">11 <span class=\"month\">Agosto<\/span><\/div><\/div><\/div><div class=\"group-content\"><div class=\"field-title\">Spectacle: Etranges Etrangers par la Cie Kilombo<\/div><\/div><div class=\"field-link\" role=\"group\" aria-label=\"Lien vers le contenu\"><a href=\"https:\/\/www.paysdesecrins.com\/it\/fiche\/spectacle-etranges-etrangers-par-la-cie-kilombo-4\/\" class=\"cardlink\" title=\"Lire plus : Spectacle: Etranges Etrangers par la Cie Kilombo\" lang=\"it_IT\">Spectacle: Etranges Etrangers par la Cie Kilombo<\/a><\/div><\/div><\/div><div class=\"item\" data-season=\"all-seasons\"><div class=\"card card-apidae card-agenda\"><div class=\"group-actions\"><ws-wishlist data-type=\"flag\" data-action=\"add\" data-wish-id=\"7775646\" data-wish-type=\"apidae\"><\/ws-wishlist><\/div><div class=\"group-media\"><div class=\"field-image\"><img decoding=\"async\" src=\"https:\/\/images.weserv.nl\/?url=https:\/\/www.paysdesecrins.com\/wp-content\/uploads\/2025\/06\/cropped-paysdesecrins.png&#038;w=350&#038;h=350&#038;fit=cover&#038;output=webp&#038;q=45\" alt=\"Spectacle: Emilio de la for\u00eat par la Cie El Pudu\"\/><\/div><\/div><div class=\"group-top\"><div class=\"field-commune\">Puy-Saint-Vincent<\/div><ws-apidae-from-price data-apidae-id=\"7775646\" ><\/ws-apidae-from-price><div class=\"group-dates\"><div class=\"field-dates\">13 <span class=\"month\">Agosto<\/span><\/div><\/div><\/div><div class=\"group-content\"><div class=\"field-title\">Spectacle: Emilio de la for\u00eat par la Cie El Pudu<\/div><\/div><div class=\"field-link\" role=\"group\" aria-label=\"Lien vers le contenu\"><a href=\"https:\/\/www.paysdesecrins.com\/it\/fiche\/spectacle-emilio-de-la-foret-par-la-cie-el-pudu-4\/\" class=\"cardlink\" title=\"Lire plus : Spectacle: Emilio de la for\u00eat par la Cie El Pudu\" lang=\"it_IT\">Spectacle: Emilio de la for\u00eat par la Cie El Pudu<\/a><\/div><\/div><\/div><div class=\"item\" data-season=\"all-seasons\"><div class=\"card card-apidae card-agenda\"><div class=\"group-actions\"><ws-wishlist data-type=\"flag\" data-action=\"add\" data-wish-id=\"7776735\" data-wish-type=\"apidae\"><\/ws-wishlist><\/div><div class=\"group-media\"><div class=\"field-image\"><img decoding=\"async\" src=\"https:\/\/images.weserv.nl\/?url=https:\/\/www.paysdesecrins.com\/wp-content\/uploads\/2025\/06\/cropped-paysdesecrins.png&#038;w=350&#038;h=350&#038;fit=cover&#038;output=webp&#038;q=45\" alt=\"Spectacle: Mam\u00e9 par Antoine Demor\"\/><\/div><\/div><div class=\"group-top\"><div class=\"field-commune\">Puy-Saint-Vincent<\/div><ws-apidae-from-price data-apidae-id=\"7776735\" ><\/ws-apidae-from-price><div class=\"group-dates\"><div class=\"field-dates\">17 <span class=\"month\">Agosto<\/span><\/div><\/div><\/div><div class=\"group-content\"><div class=\"field-title\">Spectacle: Mam\u00e9 par Antoine Demor<\/div><\/div><div class=\"field-link\" role=\"group\" aria-label=\"Lien vers le contenu\"><a href=\"https:\/\/www.paysdesecrins.com\/it\/fiche\/spectacle-mame-par-antoine-demor-4\/\" class=\"cardlink\" title=\"Lire plus : Spectacle: Mam\u00e9 par Antoine Demor\" lang=\"it_IT\">Spectacle: Mam\u00e9 par Antoine Demor<\/a><\/div><\/div><\/div><div class=\"item\" data-season=\"all-seasons\"><div class=\"card card-apidae card-agenda\"><div class=\"group-actions\"><ws-wishlist data-type=\"flag\" data-action=\"add\" data-wish-id=\"7776953\" data-wish-type=\"apidae\"><\/ws-wishlist><\/div><div class=\"group-media\"><div class=\"field-image\"><img decoding=\"async\" src=\"https:\/\/images.weserv.nl\/?url=https:\/\/www.paysdesecrins.com\/wp-content\/uploads\/2025\/06\/cropped-paysdesecrins.png&#038;w=350&#038;h=350&#038;fit=cover&#038;output=webp&#038;q=45\" alt=\"Spectacle: Cin\u00e9 Lune de Poche par la cie Chabraque\"\/><\/div><\/div><div class=\"group-top\"><div class=\"field-commune\">Puy-Saint-Vincent<\/div><ws-apidae-from-price data-apidae-id=\"7776953\" ><\/ws-apidae-from-price><div class=\"group-dates\"><div class=\"field-dates\">24 <span class=\"month\">Agosto<\/span><\/div><\/div><\/div><div class=\"group-content\"><div class=\"field-title\">Spectacle: Cin\u00e9 Lune de Poche par la cie Chabraque<\/div><\/div><div class=\"field-link\" role=\"group\" aria-label=\"Lien vers le contenu\"><a href=\"https:\/\/www.paysdesecrins.com\/it\/fiche\/spectacle-cine-lune-de-poche-par-la-cie-chabraque-4\/\" class=\"cardlink\" title=\"Lire plus : Spectacle: Cin\u00e9 Lune de Poche par la cie Chabraque\" lang=\"it_IT\">Spectacle: Cin\u00e9 Lune de Poche par la cie Chabraque<\/a><\/div><\/div><\/div><\/div><\/div><\/div><\/div>\n<div class=\"wp-block-ws-library-ws-share\"><span class=\"share-subtitle\">Ti \u00e8 piaciuta questa pagina?<\/span><span class=\"share-title\">Condividilo!<\/span><button class=\"ws-share-button wp-element-button\">Condividi questa pagina<\/button><\/div>\n","protected":false},"excerpt":{"rendered":"","protected":false},"author":1,"featured_media":0,"parent":0,"menu_order":0,"comment_status":"closed","ping_status":"closed","template":"","meta":{"_thumbnail_id_2":0,"summer_excerpt":"","season":"","station":"","footnotes":""},"class_list":["post-60907","page","type-page","status-publish","hentry"],"yoast_head":"<!-- This site is optimized with the Yoast SEO plugin v27.3 - https:\/\/yoast.com\/product\/yoast-seo-wordpress\/ -->\n<title>Elenco dei test - Pays des \u00c9crins - Office de Tourisme<\/title>\n<meta name=\"robots\" content=\"index, follow, max-snippet:-1, max-image-preview:large, max-video-preview:-1\" \/>\n<link rel=\"canonical\" href=\"https:\/\/www.paysdesecrins.com\/it\/elenco-dei-test-2\/\" \/>\n<meta property=\"og:locale\" content=\"it_IT\" \/>\n<meta property=\"og:type\" content=\"article\" \/>\n<meta property=\"og:title\" content=\"Elenco dei test - Pays des \u00c9crins - Office de Tourisme\" \/>\n<meta property=\"og:url\" content=\"https:\/\/www.paysdesecrins.com\/it\/elenco-dei-test-2\/\" \/>\n<meta property=\"og:site_name\" content=\"Pays des \u00c9crins - Office de Tourisme\" \/>\n<meta property=\"article:modified_time\" content=\"2025-08-01T10:05:36+00:00\" \/>\n<meta name=\"twitter:card\" content=\"summary_large_image\" \/>\n<script type=\"application\/ld+json\" class=\"yoast-schema-graph\">{\"@context\":\"https:\\\/\\\/schema.org\",\"@graph\":[{\"@type\":\"WebPage\",\"@id\":\"https:\\\/\\\/www.paysdesecrins.com\\\/it\\\/elenco-dei-test-2\\\/\",\"url\":\"https:\\\/\\\/www.paysdesecrins.com\\\/it\\\/elenco-dei-test-2\\\/\",\"name\":\"Elenco dei test - Pays des \u00c9crins - Office de Tourisme\",\"isPartOf\":{\"@id\":\"https:\\\/\\\/www.paysdesecrins.com\\\/it\\\/#website\"},\"datePublished\":\"2025-08-01T09:59:49+00:00\",\"dateModified\":\"2025-08-01T10:05:36+00:00\",\"breadcrumb\":{\"@id\":\"https:\\\/\\\/www.paysdesecrins.com\\\/it\\\/elenco-dei-test-2\\\/#breadcrumb\"},\"inLanguage\":\"it-IT\",\"potentialAction\":[{\"@type\":\"ReadAction\",\"target\":[\"https:\\\/\\\/www.paysdesecrins.com\\\/it\\\/elenco-dei-test-2\\\/\"]}]},{\"@type\":\"BreadcrumbList\",\"@id\":\"https:\\\/\\\/www.paysdesecrins.com\\\/it\\\/elenco-dei-test-2\\\/#breadcrumb\",\"itemListElement\":[{\"@type\":\"ListItem\",\"position\":1,\"name\":\"Accueil\",\"item\":\"https:\\\/\\\/www.paysdesecrins.com\\\/it\\\/il-titolo-della-casa\\\/\"},{\"@type\":\"ListItem\",\"position\":2,\"name\":\"Elenco dei test\"}]},{\"@type\":\"WebSite\",\"@id\":\"https:\\\/\\\/www.paysdesecrins.com\\\/it\\\/#website\",\"url\":\"https:\\\/\\\/www.paysdesecrins.com\\\/it\\\/\",\"name\":\"Pays des \u00c9crins - Office de Tourisme\",\"description\":\"L&#039;esprit montagne\",\"publisher\":{\"@id\":\"https:\\\/\\\/www.paysdesecrins.com\\\/it\\\/#organization\"},\"potentialAction\":[{\"@type\":\"SearchAction\",\"target\":{\"@type\":\"EntryPoint\",\"urlTemplate\":\"https:\\\/\\\/www.paysdesecrins.com\\\/it\\\/?s={search_term_string}\"},\"query-input\":{\"@type\":\"PropertyValueSpecification\",\"valueRequired\":true,\"valueName\":\"search_term_string\"}}],\"inLanguage\":\"it-IT\"},{\"@type\":\"Organization\",\"@id\":\"https:\\\/\\\/www.paysdesecrins.com\\\/it\\\/#organization\",\"name\":\"Pays des \u00c9crins - Office de Tourisme\",\"url\":\"https:\\\/\\\/www.paysdesecrins.com\\\/it\\\/\",\"logo\":{\"@type\":\"ImageObject\",\"inLanguage\":\"it-IT\",\"@id\":\"https:\\\/\\\/www.paysdesecrins.com\\\/it\\\/#\\\/schema\\\/logo\\\/image\\\/\",\"url\":\"https:\\\/\\\/www.paysdesecrins.com\\\/wp-content\\\/uploads\\\/2025\\\/06\\\/devina-svg-1750845694.svg\",\"contentUrl\":\"https:\\\/\\\/www.paysdesecrins.com\\\/wp-content\\\/uploads\\\/2025\\\/06\\\/devina-svg-1750845694.svg\",\"caption\":\"Pays des \u00c9crins - Office de Tourisme\"},\"image\":{\"@id\":\"https:\\\/\\\/www.paysdesecrins.com\\\/it\\\/#\\\/schema\\\/logo\\\/image\\\/\"}}]}<\/script>\n<!-- \/ Yoast SEO plugin. -->","yoast_head_json":{"title":"Elenco dei test - Pays des \u00c9crins - Office de Tourisme","robots":{"index":"index","follow":"follow","max-snippet":"max-snippet:-1","max-image-preview":"max-image-preview:large","max-video-preview":"max-video-preview:-1"},"canonical":"https:\/\/www.paysdesecrins.com\/it\/elenco-dei-test-2\/","og_locale":"it_IT","og_type":"article","og_title":"Elenco dei test - Pays des \u00c9crins - Office de Tourisme","og_url":"https:\/\/www.paysdesecrins.com\/it\/elenco-dei-test-2\/","og_site_name":"Pays des \u00c9crins - Office de Tourisme","article_modified_time":"2025-08-01T10:05:36+00:00","twitter_card":"summary_large_image","schema":{"@context":"https:\/\/schema.org","@graph":[{"@type":"WebPage","@id":"https:\/\/www.paysdesecrins.com\/it\/elenco-dei-test-2\/","url":"https:\/\/www.paysdesecrins.com\/it\/elenco-dei-test-2\/","name":"Elenco dei test - Pays des \u00c9crins - Office de Tourisme","isPartOf":{"@id":"https:\/\/www.paysdesecrins.com\/it\/#website"},"datePublished":"2025-08-01T09:59:49+00:00","dateModified":"2025-08-01T10:05:36+00:00","breadcrumb":{"@id":"https:\/\/www.paysdesecrins.com\/it\/elenco-dei-test-2\/#breadcrumb"},"inLanguage":"it-IT","potentialAction":[{"@type":"ReadAction","target":["https:\/\/www.paysdesecrins.com\/it\/elenco-dei-test-2\/"]}]},{"@type":"BreadcrumbList","@id":"https:\/\/www.paysdesecrins.com\/it\/elenco-dei-test-2\/#breadcrumb","itemListElement":[{"@type":"ListItem","position":1,"name":"Accueil","item":"https:\/\/www.paysdesecrins.com\/it\/il-titolo-della-casa\/"},{"@type":"ListItem","position":2,"name":"Elenco dei test"}]},{"@type":"WebSite","@id":"https:\/\/www.paysdesecrins.com\/it\/#website","url":"https:\/\/www.paysdesecrins.com\/it\/","name":"Pays des \u00c9crins - Office de Tourisme","description":"L&#039;esprit montagne","publisher":{"@id":"https:\/\/www.paysdesecrins.com\/it\/#organization"},"potentialAction":[{"@type":"SearchAction","target":{"@type":"EntryPoint","urlTemplate":"https:\/\/www.paysdesecrins.com\/it\/?s={search_term_string}"},"query-input":{"@type":"PropertyValueSpecification","valueRequired":true,"valueName":"search_term_string"}}],"inLanguage":"it-IT"},{"@type":"Organization","@id":"https:\/\/www.paysdesecrins.com\/it\/#organization","name":"Pays des \u00c9crins - Office de Tourisme","url":"https:\/\/www.paysdesecrins.com\/it\/","logo":{"@type":"ImageObject","inLanguage":"it-IT","@id":"https:\/\/www.paysdesecrins.com\/it\/#\/schema\/logo\/image\/","url":"https:\/\/www.paysdesecrins.com\/wp-content\/uploads\/2025\/06\/devina-svg-1750845694.svg","contentUrl":"https:\/\/www.paysdesecrins.com\/wp-content\/uploads\/2025\/06\/devina-svg-1750845694.svg","caption":"Pays des \u00c9crins - Office de Tourisme"},"image":{"@id":"https:\/\/www.paysdesecrins.com\/it\/#\/schema\/logo\/image\/"}}]}},"_links":{"self":[{"href":"https:\/\/www.paysdesecrins.com\/it\/wp-json\/wp\/v2\/pages\/60907","targetHints":{"allow":["GET"]}}],"collection":[{"href":"https:\/\/www.paysdesecrins.com\/it\/wp-json\/wp\/v2\/pages"}],"about":[{"href":"https:\/\/www.paysdesecrins.com\/it\/wp-json\/wp\/v2\/types\/page"}],"author":[{"embeddable":true,"href":"https:\/\/www.paysdesecrins.com\/it\/wp-json\/wp\/v2\/users\/1"}],"replies":[{"embeddable":true,"href":"https:\/\/www.paysdesecrins.com\/it\/wp-json\/wp\/v2\/comments?post=60907"}],"version-history":[{"count":0,"href":"https:\/\/www.paysdesecrins.com\/it\/wp-json\/wp\/v2\/pages\/60907\/revisions"}],"wp:attachment":[{"href":"https:\/\/www.paysdesecrins.com\/it\/wp-json\/wp\/v2\/media?parent=60907"}],"curies":[{"name":"wp","href":"https:\/\/api.w.org\/{rel}","templated":true}]}}