{"id":64641,"date":"2025-08-05T12:29:00","date_gmt":"2025-08-05T10:29:00","guid":{"rendered":"https:\/\/www.paysdesecrins.com\/inclusione\/"},"modified":"2025-09-05T15:38:07","modified_gmt":"2025-09-05T13:38:07","slug":"inclusione","status":"publish","type":"page","link":"https:\/\/www.paysdesecrins.com\/it\/inclusione\/","title":{"rendered":"Inclusione"},"content":{"rendered":"    <div class=\"alignfull wp-block-ws-library-ws-header-interne\">\n\t    <div class=\"header-container\">\n\t        <div class=\"group-media has-image\">\n\t            \t                <img loading=\"lazy\" decoding=\"async\" width=\"1200\" height=\"800\" src=\"https:\/\/www.paysdesecrins.com\/wp-content\/uploads\/2025\/07\/1750756991-966450442.jpg\" alt=\"\" class=\"image_large_square wp-image-31458\" srcset=\"https:\/\/www.paysdesecrins.com\/wp-content\/uploads\/2025\/07\/1750756991-966450442.jpg 1200w, https:\/\/www.paysdesecrins.com\/wp-content\/uploads\/2025\/07\/1750756991-966450442-300x200.jpg 300w, https:\/\/www.paysdesecrins.com\/wp-content\/uploads\/2025\/07\/1750756991-966450442-1024x683.jpg 1024w, https:\/\/www.paysdesecrins.com\/wp-content\/uploads\/2025\/07\/1750756991-966450442-768x512.jpg 768w, https:\/\/www.paysdesecrins.com\/wp-content\/uploads\/2025\/07\/1750756991-966450442-960x640.jpg 960w\" sizes=\"auto, (max-width: 1200px) 100vw, 1200px\" \/>\n\t            \t        <\/div>\n\t        <div class=\"group-content\">\n\t            <div class=\"title\">\n\t                <h1>\n\t                    Inclusione\t                    \t                <\/h1>\n\t            <\/div>\n\t        <\/div>\n\t    <\/div>\n\t    \n<div class=\"yoast-breadcrumbs\"><span><span><a href=\"https:\/\/www.paysdesecrins.com\/it\/il-titolo-della-casa\/\">Accueil<\/a><\/span>  <span class=\"breadcrumb_last\" aria-current=\"page\">Inclusione<\/span><\/span><\/div>\n    <\/div>\n    \n<div class=\"wp-block-ws-library-ws-title aligncenter is-style-simple\"><h2><em>I piaceri di<\/em> La montagna per tutti<\/h2><\/div>\n\n<p class=\"has-text-align-center\">Poich\u00e9 la scoperta non ha barriere, il Pays des \u00c9crins ti offre una gamma di attivit\u00e0 e alloggi pensati per tutti i pubblici, grazie a strutture adattate e fornitori di servizi che ascoltano.<\/p>\n\n<div class=\"wp-block-ws-library-ws-tabs alignfull\"><ul class=\"tabs-titles\"><li class=\"tab-title is-active\" data-tab-index=\"0\">ACTIVIT\u00c9S OUTDOOR<\/li><li class=\"tab-title\" data-tab-index=\"1\">H\u00c9BERGEMENTS<\/li><\/ul><div class=\"tabs-list\">\n<div class=\"wp-block-ws-library-ws-tab\" style=\"display:none\"><p class=\"tab-title\">ACTIVIT\u00c9S OUTDOOR<\/p><div class=\"tab-content\">\n<div class=\"wp-block-ws-library-ws-title aligncenter\"><h2><em>Sensazioni e<\/em> scoperte<\/h2><\/div>\n\n\n\n<p class=\"has-text-align-center\">Di seguito sono riportati i fornitori di servizi che supervisionano i servizi per le persone a mobilit\u00e0 ridotta e le informazioni sui nostri resort.<\/p>\n\n\n\n<div class=\"wp-block-ws-library-ws-columns alignwide has-2-columns are-vertically-aligned-center layout-5050\">\n<div class=\"wp-block-ws-library-ws-column\"><div class=\"wrapper\">\n<div class=\"wp-block-ws-library-ws-title\"><h2><em>I Vigneaux<\/em> Fonte Rafting<\/h2><\/div>\n\n\n\n<p>Uscite di rafting lungo la Durance, con un supervisore pronto ad adattare le imbarcazioni e l&#8217;organizzazione in base alle vostre esigenze.<\/p>\n\n\n\n<div class=\"wp-block-ws-library-ws-button has-text-align-left\"><a href=\"https:\/\/www.paysdesecrins.com\/nl\/fiche\/source-rafting-2\/\" class=\"wp-block-button__link wp-element-button btn\">  Scopri di pi\u00f9 +<\/a><\/div>\n<\/div><\/div>\n\n\n\n<div class=\"wp-block-ws-library-ws-column\"><div class=\"wrapper\">\n<div class=\"wp-block-ws-library-ws-image\"><div class=\"wrapper\"><div class=\"group-media\"><img decoding=\"async\" src=\"https:\/\/www.paysdesecrins.com\/wp-content\/uploads\/2025\/07\/rafting-avec-eaurigine-13jp-960x640.jpg\" alt=\"\" class=\"single_image ws-image-44891\"><div class=\"credits\"><\/div><\/div><p class=\"caption\"><\/p><\/div><\/div>\n<\/div><\/div>\n<\/div>\n\n\n\n<div class=\"wp-block-ws-library-ws-columns alignwide has-2-columns are-vertically-aligned-center layout-5050 is-style-background\">\n<div class=\"wp-block-ws-library-ws-column\"><div class=\"wrapper\">\n<div class=\"wp-block-ws-library-ws-title\"><h2><em>Vallouise-Pelvoux<\/em> Fiume Odissea<\/h2><\/div>\n\n\n\n<p>Rafting di fronte ai ghiacciai, in un ambiente sicuro dove il team modula il percorso per garantire comfort e piacere.<\/p>\n\n\n\n<div class=\"wp-block-ws-library-ws-button has-text-align-left\"><a href=\"https:\/\/www.paysdesecrins.com\/nl\/fiche\/riviere-odyssee-2\/\" class=\"wp-block-button__link wp-element-button btn\">  Scopri di pi\u00f9 +<\/a><\/div>\n<\/div><\/div>\n\n\n\n<div class=\"wp-block-ws-library-ws-column\"><div class=\"wrapper\">\n<div class=\"wp-block-ws-library-ws-image\"><div class=\"wrapper\"><div class=\"group-media\"><img decoding=\"async\" src=\"https:\/\/www.paysdesecrins.com\/wp-content\/uploads\/2025\/07\/9inclusion-rafting-avec-eaurigine-6thibautblaisjpg-960x640.jpg\" alt=\"\" class=\"single_image ws-image-20457\"><div class=\"credits\">Thibaut BLAIS<\/div><\/div><p class=\"caption\"><\/p><\/div><\/div>\n<\/div><\/div>\n<\/div>\n\n\n\n<div class=\"wp-block-ws-library-ws-columns alignwide has-2-columns are-vertically-aligned-center layout-5050 is-style-default\">\n<div class=\"wp-block-ws-library-ws-column\"><div class=\"wrapper\">\n<div class=\"wp-block-ws-library-ws-title\"><h2><em>Tutto il territorio<\/em> Escursioni in jo\u00eblette<\/h2><\/div>\n\n\n\n<p>Percorsi multilivello accessibili grazie alla jo\u00eblette, una sedia a rotelle fuoristrada trainata da due guide, per condividere la montagna con i propri cari.<\/p>\n\n\n\n<div class=\"wp-block-ws-library-ws-button has-text-align-left\"><a href=\"https:\/\/rando.paysdesecrins.com\/search?practices=4&amp;accessibilities=2\" class=\"wp-block-button__link wp-element-button btn\">  Tutti i percorsi<\/a><\/div>\n<\/div><\/div>\n\n\n\n<div class=\"wp-block-ws-library-ws-column\"><div class=\"wrapper\">\n<div class=\"wp-block-ws-library-ws-image\"><div class=\"wrapper\"><div class=\"group-media\"><img decoding=\"async\" src=\"https:\/\/www.paysdesecrins.com\/wp-content\/uploads\/2025\/07\/9microaventureclaireunnamed-4-960x640.jpg\" alt=\"\" class=\"single_image ws-image-20462\"><div class=\"credits\"><\/div><\/div><p class=\"caption\"><\/p><\/div><\/div>\n<\/div><\/div>\n<\/div>\n\n\n\n<div class=\"wp-block-ws-library-ws-columns alignwide has-2-columns are-vertically-aligned-center layout-5050 is-style-background\">\n<div class=\"wp-block-ws-library-ws-column\"><div class=\"wrapper\">\n<div class=\"wp-block-ws-library-ws-title\"><h2><em>Puy Saint Vincent e Vallouise-Pelvoux<\/em> Accedi alle nostre stazioni<\/h2><\/div>\n\n\n\n<p>Aree sciistiche con il marchio Turismo &amp; Handicap, con impianti di risalita e impianti conformi agli standard PRM.<\/p>\n\n\n\n<div class=\"wp-block-ws-library-ws-button has-text-align-left\"><a href=\"chiamata:0492233612\" class=\"wp-block-button__link wp-element-button btn\">  Maggiori informazioni: 04 92 23 36 12<\/a><\/div>\n<\/div><\/div>\n\n\n\n<div class=\"wp-block-ws-library-ws-column\"><div class=\"wrapper\">\n<div class=\"wp-block-ws-library-ws-image\"><div class=\"wrapper\"><div class=\"group-media\"><img decoding=\"async\" src=\"https:\/\/www.paysdesecrins.com\/wp-content\/uploads\/2025\/07\/171skidefond-ski-de-fond-puysaintvincent-plateau-pousterl-thibautblais-960x640.jpg\" alt=\"\" class=\"single_image ws-image-21618\"><div class=\"credits\">Thibaut BLAIS<\/div><\/div><p class=\"caption\"><\/p><\/div><\/div>\n<\/div><\/div>\n<\/div>\n\n\n\n<div class=\"wp-block-ws-library-ws-columns alignwide has-2-columns are-vertically-aligned-center layout-5050\">\n<div class=\"wp-block-ws-library-ws-column\"><div class=\"wrapper\">\n<div class=\"wp-block-ws-library-ws-title\"><h2><em>L&#8217;Argenti\u00e8re-La Bess\u00e9e<\/em>Campo di tennis<\/h2><\/div>\n\n\n\n<p>L&#8217;accesso a livello di livello e l&#8217;area di gioco adattata consentono a tutti di godersi i campi in un ambiente bucolico.<\/p>\n\n\n\n<div class=\"wp-block-ws-library-ws-button has-text-align-left\"><a href=\"chiamata:0492230311\" class=\"wp-block-button__link wp-element-button btn\">  Maggiori informazioni: 0492230311<\/a><\/div>\n<\/div><\/div>\n\n\n\n<div class=\"wp-block-ws-library-ws-column\"><div class=\"wrapper\">\n<div class=\"wp-block-ws-library-ws-image\"><div class=\"wrapper\"><div class=\"group-media\"><img decoding=\"async\" src=\"https:\/\/www.paysdesecrins.com\/wp-content\/uploads\/2025\/08\/img-1897-2019-06-11-3o3cmq782jyxkswpqtxydgiy-960x640.jpg\" alt=\"\" class=\"single_image ws-image-64575\"><div class=\"credits\"><\/div><\/div><p class=\"caption\"><\/p><\/div><\/div>\n<\/div><\/div>\n<\/div>\n<\/div><\/div>\n\n\n\n<div class=\"wp-block-ws-library-ws-tab\" style=\"display:none\"><p class=\"tab-title\">H\u00c9BERGEMENTS<\/p><div class=\"tab-content\">\n<div class=\"wp-block-ws-library-ws-title aligncenter\"><h2><em>Notti amichevoli e soste<\/em><\/h2><\/div>\n\n\n\n<p class=\"has-text-align-center\">Gli alloggi offerti di seguito accolgono persone con mobilit\u00e0 ridotta. Contattali direttamente per ulteriori informazioni. <\/p>\n\n\n\n<div class=\"wp-block-ws-library-ws-columns alignwide has-2-columns are-vertically-aligned-center layout-5050\">\n<div class=\"wp-block-ws-library-ws-column\"><div class=\"wrapper\">\n<div class=\"wp-block-ws-library-ws-title\"><h2><em>Vallouise<\/em>Oltre l&#8217;onda<\/h2><\/div>\n\n\n\n<p>Cottage su un unico piano con parcheggio nelle immediate vicinanze e camere spaziose, per un soggiorno autonomo e confortevole.<\/p>\n\n\n\n<div class=\"wp-block-ws-library-ws-button has-text-align-left\"><a href=\"https:\/\/www.paysdesecrins.com\/nl\/fiche\/chalet-au-fil-de-londe-2\/\" class=\"wp-block-button__link wp-element-button btn\">  Scopri di pi\u00f9 +<\/a><\/div>\n<\/div><\/div>\n\n\n\n<div class=\"wp-block-ws-library-ws-column\"><div class=\"wrapper\">\n<div class=\"wp-block-ws-library-ws-image\"><div class=\"wrapper\"><div class=\"group-media\"><img decoding=\"async\" src=\"https:\/\/www.paysdesecrins.com\/wp-content\/uploads\/2025\/07\/img-6208-1-960x640.jpg\" alt=\"\" class=\"single_image ws-image-44806\"><div class=\"credits\"><\/div><\/div><p class=\"caption\"><\/p><\/div><\/div>\n<\/div><\/div>\n<\/div>\n\n\n\n<div class=\"wp-block-ws-library-ws-columns alignwide has-2-columns are-vertically-aligned-center layout-5050 is-style-background\">\n<div class=\"wp-block-ws-library-ws-column\"><div class=\"wrapper\">\n<div class=\"wp-block-ws-library-ws-title\"><h2><em>equiseto<\/em>Paglia<\/h2><\/div>\n\n\n\n<p>Casa a un piano con struttura in legno, 4 camere con mobilit\u00e0 ridotta dotate di servizi igienici adattati e accesso senza gradini.<\/p>\n\n\n\n<div class=\"wp-block-ws-library-ws-button has-text-align-left\"><a href=\"https:\/\/www.paysdesecrins.com\/nl\/fiche\/brin-de-paille-2\/\" class=\"wp-block-button__link wp-element-button btn\">  Scopri di pi\u00f9 +<\/a><\/div>\n<\/div><\/div>\n\n\n\n<div class=\"wp-block-ws-library-ws-column\"><div class=\"wrapper\">\n<div class=\"wp-block-ws-library-ws-image\"><div class=\"wrapper\"><div class=\"group-media\"><img decoding=\"async\" src=\"https:\/\/www.paysdesecrins.com\/wp-content\/uploads\/2025\/07\/b1e9b391ff12afc85f8784dbefad1c-960x560.jpg\" alt=\"\" class=\"single_image ws-image-44817\"><div class=\"credits\"><\/div><\/div><p class=\"caption\"><\/p><\/div><\/div>\n<\/div><\/div>\n<\/div>\n\n\n\n<div class=\"wp-block-ws-library-ws-columns alignwide has-2-columns are-vertically-aligned-center layout-5050 is-style-default\">\n<div class=\"wp-block-ws-library-ws-column\"><div class=\"wrapper\">\n<div class=\"wp-block-ws-library-ws-title\"><h2><em>I Vigneaux<\/em>Campeggio Le Courounba<\/h2><\/div>\n\n\n\n<p>Piazzole e case mobili con rampa di accesso per PRM, blocchi di servizi igienici comuni adattati e spazi riservati.<\/p>\n\n\n\n<div class=\"wp-block-ws-library-ws-button has-text-align-left\"><a href=\"https:\/\/www.paysdesecrins.com\/nl\/fiche\/camping-le-courounba-les-etapes-andre-trigano-2\/\" class=\"wp-block-button__link wp-element-button btn\">  Scopri di pi\u00f9 +<\/a><\/div>\n<\/div><\/div>\n\n\n\n<div class=\"wp-block-ws-library-ws-column\"><div class=\"wrapper\">\n<div class=\"wp-block-ws-library-ws-image\"><div class=\"wrapper\"><div class=\"group-media\"><img decoding=\"async\" src=\"https:\/\/www.paysdesecrins.com\/wp-content\/uploads\/2025\/07\/1837ade1-8dd9-4f90-a66b-17c646deacfe-960x640.jpg\" alt=\"\" class=\"single_image ws-image-44827\"><div class=\"credits\"><\/div><\/div><p class=\"caption\"><\/p><\/div><\/div>\n<\/div><\/div>\n<\/div>\n\n\n\n<div class=\"wp-block-ws-library-ws-columns alignwide has-2-columns are-vertically-aligned-center layout-5050 is-style-background\">\n<div class=\"wp-block-ws-library-ws-column\"><div class=\"wrapper\">\n<div class=\"wp-block-ws-library-ws-title\"><h2><em>L&#8217;Argenti\u00e8re-La Bess\u00e9e<\/em>La Pietra di Orano<\/h2><\/div>\n\n\n\n<p>Camera per gli ospiti a un piano completamente accessibile, con cabina doccia e servizi igienici adattati, per un soggiorno sereno.<\/p>\n\n\n\n<div class=\"wp-block-ws-library-ws-button has-text-align-left\"><a href=\"https:\/\/www.paysdesecrins.com\/nl\/fiche\/la-pierre-doran-chambres-et-table-dhotes-2\/\" class=\"wp-block-button__link wp-element-button btn\">  Leggi di pi\u00f9 +<\/a><\/div>\n<\/div><\/div>\n\n\n\n<div class=\"wp-block-ws-library-ws-column\"><div class=\"wrapper\">\n<div class=\"wp-block-ws-library-ws-image\"><div class=\"wrapper\"><div class=\"group-media\"><img decoding=\"async\" src=\"https:\/\/www.paysdesecrins.com\/wp-content\/uploads\/2025\/08\/img-0241chambre-et-table-dhotes-la-pierre-doranmassif-des-ecrinspays-des-ecrinsqueyrasbrianconhautes-alpes-960x640.jpg\" alt=\"\" class=\"single_image ws-image-64458\"><div class=\"credits\"><\/div><\/div><p class=\"caption\"><\/p><\/div><\/div>\n<\/div><\/div>\n<\/div>\n<\/div><\/div>\n<\/div><\/div>\n\n<div class=\"wp-block-ws-library-ws-title aligncenter\"><h2><em>Avventure senza limiti<\/em><\/h2><\/div>\n\n<p class=\"has-text-align-center\">Poich\u00e9 ogni luogo \u00e8 un invito alla condivisione, i fornitori di servizi e i fornitori di alloggi dei Paesi dei Conti si impegnano a offrire esperienze ricche e inclusive. Goditi la montagna in tutta serenit\u00e0 e crea i tuoi ricordi pi\u00f9 belli senza compromessi. <\/p>\n<div class=\"alignwide wp-block-ws-library-ws-list-content\"><div class=\"list-items\"><div class=\"item\" data-season=\"all-seasons\"><div class=\"card  card-page\"><div class=\"group-media\"><div class=\"field-image\"><img loading=\"lazy\" decoding=\"async\" width=\"300\" height=\"450\" src=\"https:\/\/www.paysdesecrins.com\/wp-content\/uploads\/2025\/07\/9inclusion-1-300x450.jpg\" class=\"winter all-seasons wp-post-image\" alt=\"\" data-season=\"all-seasons\" srcset=\"https:\/\/www.paysdesecrins.com\/wp-content\/uploads\/2025\/07\/9inclusion-1-300x450.jpg 300w, https:\/\/www.paysdesecrins.com\/wp-content\/uploads\/2025\/07\/9inclusion-1-390x585.jpg 390w\" sizes=\"auto, (max-width: 300px) 100vw, 300px\" \/><\/div><\/div><div class=\"group-content\"><div class=\"field-title\">Un giro in bicicletta come nessun altro<\/div><\/div><div class=\"field-link\" role=\"group\" aria-label=\"Lien vers le contenu\"><a href=\"https:\/\/www.paysdesecrins.com\/it\/il-mio-desiderio-di\/montagna\/un-giro-in-bicicletta-come-nessun-altro\/\" class=\"cardlink\" title=\"Lire plus : Un giro in bicicletta come nessun altro\" lang=\"it_IT\">Un giro in bicicletta come nessun altro<\/a><\/div><\/div><\/div><\/div><\/div>\n<div class=\"wp-block-ws-library-ws-share\"><span class=\"share-subtitle\">Ti \u00e8 piaciuta questa pagina?<\/span><span class=\"share-title\">Condividilo!<\/span><button class=\"ws-share-button wp-element-button\">Condividi questa pagina<\/button><\/div>\n","protected":false},"excerpt":{"rendered":"<p>Poich\u00e9 la scoperta non ha barriere, il Pays des \u00c9crins ti offre una gamma di attivit\u00e0 e alloggi pensati per [&hellip;]<\/p>\n","protected":false},"author":4,"featured_media":31462,"parent":0,"menu_order":0,"comment_status":"closed","ping_status":"closed","template":"","meta":{"_thumbnail_id_2":0,"summer_excerpt":"","season":"","station":"","footnotes":""},"class_list":["post-64641","page","type-page","status-publish","has-post-thumbnail","hentry"],"yoast_head":"<!-- This site is optimized with the Yoast SEO plugin v27.3 - https:\/\/yoast.com\/product\/yoast-seo-wordpress\/ -->\n<title>Inclusione - Pays des \u00c9crins - Office de Tourisme<\/title>\n<meta name=\"robots\" content=\"index, follow, max-snippet:-1, max-image-preview:large, max-video-preview:-1\" \/>\n<link rel=\"canonical\" href=\"https:\/\/www.paysdesecrins.com\/it\/inclusione\/\" \/>\n<meta property=\"og:locale\" content=\"it_IT\" \/>\n<meta property=\"og:type\" content=\"article\" \/>\n<meta property=\"og:title\" content=\"Inclusione - Pays des \u00c9crins - Office de Tourisme\" \/>\n<meta property=\"og:description\" content=\"Poich\u00e9 la scoperta non ha barriere, il Pays des \u00c9crins ti offre una gamma di attivit\u00e0 e alloggi pensati per [&hellip;]\" \/>\n<meta property=\"og:url\" content=\"https:\/\/www.paysdesecrins.com\/it\/inclusione\/\" \/>\n<meta property=\"og:site_name\" content=\"Pays des \u00c9crins - Office de Tourisme\" \/>\n<meta property=\"article:modified_time\" content=\"2025-09-05T13:38:07+00:00\" \/>\n<meta property=\"og:image\" content=\"https:\/\/www.paysdesecrins.com\/wp-content\/uploads\/2025\/07\/1750756991-966450442.jpg\" \/>\n\t<meta property=\"og:image:width\" content=\"1200\" \/>\n\t<meta property=\"og:image:height\" content=\"800\" \/>\n\t<meta property=\"og:image:type\" content=\"image\/jpeg\" \/>\n<meta name=\"twitter:card\" content=\"summary_large_image\" \/>\n<meta name=\"twitter:label1\" content=\"Tempo di lettura stimato\" \/>\n\t<meta name=\"twitter:data1\" content=\"2 minuti\" \/>\n<script type=\"application\/ld+json\" class=\"yoast-schema-graph\">{\"@context\":\"https:\\\/\\\/schema.org\",\"@graph\":[{\"@type\":\"WebPage\",\"@id\":\"https:\\\/\\\/www.paysdesecrins.com\\\/it\\\/inclusione\\\/\",\"url\":\"https:\\\/\\\/www.paysdesecrins.com\\\/it\\\/inclusione\\\/\",\"name\":\"Inclusione - Pays des \u00c9crins - Office de Tourisme\",\"isPartOf\":{\"@id\":\"https:\\\/\\\/www.paysdesecrins.com\\\/it\\\/#website\"},\"primaryImageOfPage\":{\"@id\":\"https:\\\/\\\/www.paysdesecrins.com\\\/it\\\/inclusione\\\/#primaryimage\"},\"image\":{\"@id\":\"https:\\\/\\\/www.paysdesecrins.com\\\/it\\\/inclusione\\\/#primaryimage\"},\"thumbnailUrl\":\"https:\\\/\\\/www.paysdesecrins.com\\\/wp-content\\\/uploads\\\/2025\\\/07\\\/1750756991-966450442.jpg\",\"datePublished\":\"2025-08-05T10:29:00+00:00\",\"dateModified\":\"2025-09-05T13:38:07+00:00\",\"breadcrumb\":{\"@id\":\"https:\\\/\\\/www.paysdesecrins.com\\\/it\\\/inclusione\\\/#breadcrumb\"},\"inLanguage\":\"it-IT\",\"potentialAction\":[{\"@type\":\"ReadAction\",\"target\":[\"https:\\\/\\\/www.paysdesecrins.com\\\/it\\\/inclusione\\\/\"]}]},{\"@type\":\"ImageObject\",\"inLanguage\":\"it-IT\",\"@id\":\"https:\\\/\\\/www.paysdesecrins.com\\\/it\\\/inclusione\\\/#primaryimage\",\"url\":\"https:\\\/\\\/www.paysdesecrins.com\\\/wp-content\\\/uploads\\\/2025\\\/07\\\/1750756991-966450442.jpg\",\"contentUrl\":\"https:\\\/\\\/www.paysdesecrins.com\\\/wp-content\\\/uploads\\\/2025\\\/07\\\/1750756991-966450442.jpg\",\"width\":1200,\"height\":800},{\"@type\":\"BreadcrumbList\",\"@id\":\"https:\\\/\\\/www.paysdesecrins.com\\\/it\\\/inclusione\\\/#breadcrumb\",\"itemListElement\":[{\"@type\":\"ListItem\",\"position\":1,\"name\":\"Accueil\",\"item\":\"https:\\\/\\\/www.paysdesecrins.com\\\/it\\\/il-titolo-della-casa\\\/\"},{\"@type\":\"ListItem\",\"position\":2,\"name\":\"Inclusione\"}]},{\"@type\":\"WebSite\",\"@id\":\"https:\\\/\\\/www.paysdesecrins.com\\\/it\\\/#website\",\"url\":\"https:\\\/\\\/www.paysdesecrins.com\\\/it\\\/\",\"name\":\"Pays des \u00c9crins - Office de Tourisme\",\"description\":\"L&#039;esprit montagne\",\"publisher\":{\"@id\":\"https:\\\/\\\/www.paysdesecrins.com\\\/it\\\/#organization\"},\"potentialAction\":[{\"@type\":\"SearchAction\",\"target\":{\"@type\":\"EntryPoint\",\"urlTemplate\":\"https:\\\/\\\/www.paysdesecrins.com\\\/it\\\/?s={search_term_string}\"},\"query-input\":{\"@type\":\"PropertyValueSpecification\",\"valueRequired\":true,\"valueName\":\"search_term_string\"}}],\"inLanguage\":\"it-IT\"},{\"@type\":\"Organization\",\"@id\":\"https:\\\/\\\/www.paysdesecrins.com\\\/it\\\/#organization\",\"name\":\"Pays des \u00c9crins - Office de Tourisme\",\"url\":\"https:\\\/\\\/www.paysdesecrins.com\\\/it\\\/\",\"logo\":{\"@type\":\"ImageObject\",\"inLanguage\":\"it-IT\",\"@id\":\"https:\\\/\\\/www.paysdesecrins.com\\\/it\\\/#\\\/schema\\\/logo\\\/image\\\/\",\"url\":\"https:\\\/\\\/www.paysdesecrins.com\\\/wp-content\\\/uploads\\\/2025\\\/06\\\/devina-svg-1750845694.svg\",\"contentUrl\":\"https:\\\/\\\/www.paysdesecrins.com\\\/wp-content\\\/uploads\\\/2025\\\/06\\\/devina-svg-1750845694.svg\",\"caption\":\"Pays des \u00c9crins - Office de Tourisme\"},\"image\":{\"@id\":\"https:\\\/\\\/www.paysdesecrins.com\\\/it\\\/#\\\/schema\\\/logo\\\/image\\\/\"}}]}<\/script>\n<!-- \/ Yoast SEO plugin. -->","yoast_head_json":{"title":"Inclusione - Pays des \u00c9crins - Office de Tourisme","robots":{"index":"index","follow":"follow","max-snippet":"max-snippet:-1","max-image-preview":"max-image-preview:large","max-video-preview":"max-video-preview:-1"},"canonical":"https:\/\/www.paysdesecrins.com\/it\/inclusione\/","og_locale":"it_IT","og_type":"article","og_title":"Inclusione - Pays des \u00c9crins - Office de Tourisme","og_description":"Poich\u00e9 la scoperta non ha barriere, il Pays des \u00c9crins ti offre una gamma di attivit\u00e0 e alloggi pensati per [&hellip;]","og_url":"https:\/\/www.paysdesecrins.com\/it\/inclusione\/","og_site_name":"Pays des \u00c9crins - Office de Tourisme","article_modified_time":"2025-09-05T13:38:07+00:00","og_image":[{"width":1200,"height":800,"url":"https:\/\/www.paysdesecrins.com\/wp-content\/uploads\/2025\/07\/1750756991-966450442.jpg","type":"image\/jpeg"}],"twitter_card":"summary_large_image","twitter_misc":{"Tempo di lettura stimato":"2 minuti"},"schema":{"@context":"https:\/\/schema.org","@graph":[{"@type":"WebPage","@id":"https:\/\/www.paysdesecrins.com\/it\/inclusione\/","url":"https:\/\/www.paysdesecrins.com\/it\/inclusione\/","name":"Inclusione - Pays des \u00c9crins - Office de Tourisme","isPartOf":{"@id":"https:\/\/www.paysdesecrins.com\/it\/#website"},"primaryImageOfPage":{"@id":"https:\/\/www.paysdesecrins.com\/it\/inclusione\/#primaryimage"},"image":{"@id":"https:\/\/www.paysdesecrins.com\/it\/inclusione\/#primaryimage"},"thumbnailUrl":"https:\/\/www.paysdesecrins.com\/wp-content\/uploads\/2025\/07\/1750756991-966450442.jpg","datePublished":"2025-08-05T10:29:00+00:00","dateModified":"2025-09-05T13:38:07+00:00","breadcrumb":{"@id":"https:\/\/www.paysdesecrins.com\/it\/inclusione\/#breadcrumb"},"inLanguage":"it-IT","potentialAction":[{"@type":"ReadAction","target":["https:\/\/www.paysdesecrins.com\/it\/inclusione\/"]}]},{"@type":"ImageObject","inLanguage":"it-IT","@id":"https:\/\/www.paysdesecrins.com\/it\/inclusione\/#primaryimage","url":"https:\/\/www.paysdesecrins.com\/wp-content\/uploads\/2025\/07\/1750756991-966450442.jpg","contentUrl":"https:\/\/www.paysdesecrins.com\/wp-content\/uploads\/2025\/07\/1750756991-966450442.jpg","width":1200,"height":800},{"@type":"BreadcrumbList","@id":"https:\/\/www.paysdesecrins.com\/it\/inclusione\/#breadcrumb","itemListElement":[{"@type":"ListItem","position":1,"name":"Accueil","item":"https:\/\/www.paysdesecrins.com\/it\/il-titolo-della-casa\/"},{"@type":"ListItem","position":2,"name":"Inclusione"}]},{"@type":"WebSite","@id":"https:\/\/www.paysdesecrins.com\/it\/#website","url":"https:\/\/www.paysdesecrins.com\/it\/","name":"Pays des \u00c9crins - Office de Tourisme","description":"L&#039;esprit montagne","publisher":{"@id":"https:\/\/www.paysdesecrins.com\/it\/#organization"},"potentialAction":[{"@type":"SearchAction","target":{"@type":"EntryPoint","urlTemplate":"https:\/\/www.paysdesecrins.com\/it\/?s={search_term_string}"},"query-input":{"@type":"PropertyValueSpecification","valueRequired":true,"valueName":"search_term_string"}}],"inLanguage":"it-IT"},{"@type":"Organization","@id":"https:\/\/www.paysdesecrins.com\/it\/#organization","name":"Pays des \u00c9crins - Office de Tourisme","url":"https:\/\/www.paysdesecrins.com\/it\/","logo":{"@type":"ImageObject","inLanguage":"it-IT","@id":"https:\/\/www.paysdesecrins.com\/it\/#\/schema\/logo\/image\/","url":"https:\/\/www.paysdesecrins.com\/wp-content\/uploads\/2025\/06\/devina-svg-1750845694.svg","contentUrl":"https:\/\/www.paysdesecrins.com\/wp-content\/uploads\/2025\/06\/devina-svg-1750845694.svg","caption":"Pays des \u00c9crins - Office de Tourisme"},"image":{"@id":"https:\/\/www.paysdesecrins.com\/it\/#\/schema\/logo\/image\/"}}]}},"_links":{"self":[{"href":"https:\/\/www.paysdesecrins.com\/it\/wp-json\/wp\/v2\/pages\/64641","targetHints":{"allow":["GET"]}}],"collection":[{"href":"https:\/\/www.paysdesecrins.com\/it\/wp-json\/wp\/v2\/pages"}],"about":[{"href":"https:\/\/www.paysdesecrins.com\/it\/wp-json\/wp\/v2\/types\/page"}],"author":[{"embeddable":true,"href":"https:\/\/www.paysdesecrins.com\/it\/wp-json\/wp\/v2\/users\/4"}],"replies":[{"embeddable":true,"href":"https:\/\/www.paysdesecrins.com\/it\/wp-json\/wp\/v2\/comments?post=64641"}],"version-history":[{"count":2,"href":"https:\/\/www.paysdesecrins.com\/it\/wp-json\/wp\/v2\/pages\/64641\/revisions"}],"predecessor-version":[{"id":112090,"href":"https:\/\/www.paysdesecrins.com\/it\/wp-json\/wp\/v2\/pages\/64641\/revisions\/112090"}],"wp:featuredmedia":[{"embeddable":true,"href":"https:\/\/www.paysdesecrins.com\/it\/wp-json\/wp\/v2\/media\/31462"}],"wp:attachment":[{"href":"https:\/\/www.paysdesecrins.com\/it\/wp-json\/wp\/v2\/media?parent=64641"}],"curies":[{"name":"wp","href":"https:\/\/api.w.org\/{rel}","templated":true}]}}