{"id":64733,"date":"2025-08-05T15:22:10","date_gmt":"2025-08-05T13:22:10","guid":{"rendered":"https:\/\/www.paysdesecrins.com\/vie-ferrate-tree-climbing-e-tree-climbing\/"},"modified":"2025-08-13T18:12:38","modified_gmt":"2025-08-13T16:12:38","slug":"vie-ferrate-tree-climbing-e-tree-climbing","status":"publish","type":"page","link":"https:\/\/www.paysdesecrins.com\/it\/le-mie-attivita-allaperto\/vie-ferrate-tree-climbing-e-tree-climbing\/","title":{"rendered":"Vie ferrate, tree climbing e tree climbing"},"content":{"rendered":"    <div class=\"alignfull wp-block-ws-library-ws-header-interne\">\n\t    <div class=\"header-container\">\n\t        <div class=\"group-media has-image\">\n\t            \t                <img loading=\"lazy\" decoding=\"async\" width=\"1920\" height=\"800\" src=\"https:\/\/www.paysdesecrins.com\/wp-content\/uploads\/2025\/08\/local-velo-2024-072-1920x800.jpg\" alt=\"\" class=\"image_large_square wp-image-64737\" \/>\n\t            \t        <\/div>\n\t        <div class=\"group-content\">\n\t            <div class=\"title\">\n\t                <h1>\n\t                    Vie ferrate, tree climbing e tree climbing\t                    \t                <\/h1>\n\t            <\/div>\n\t        <\/div>\n\t    <\/div>\n\t    \n<div class=\"yoast-breadcrumbs\"><span><span><a href=\"https:\/\/www.paysdesecrins.com\/it\/il-titolo-della-casa\/\">Accueil<\/a><\/span>  <span><a href=\"https:\/\/www.paysdesecrins.com\/it\/le-mie-attivita-allaperto\/\">Le mie attivit\u00e0 all&rsquo;aperto<\/a><\/span>  <span class=\"breadcrumb_last\" aria-current=\"page\">Vie ferrate, tree climbing e tree climbing<\/span><\/span><\/div>\n    <\/div>\n    \n<div class=\"wp-block-ws-library-ws-title aligncenter is-style-simple\"><h2><em>Pieno di sensazioni <\/em>Sospeso<\/h2><\/div>\n\n<p class=\"has-text-align-center\">Che si tratti di attraversare gole su una via ferrata, lanciarsi sulle zip line di un percorso di tree climbing o godersi un momento sospesi tra gli alberi, queste attivit\u00e0 condividono lo stesso filo conduttore: un&#8217;imbracatura sicura, la sfida della verticalit\u00e0 e la comunione con la natura. Nel Pays des \u00c9crins, alterna passaggi aerei sulle rocce, teleferiche e ponti sospesi nella foresta, sviluppando il tuo equilibrio, la tua sicurezza e la tua sete di avventura. <\/p>\n\n<div class=\"wp-block-ws-library-ws-tabs alignfull\"><ul class=\"tabs-titles\"><li class=\"tab-title is-active\" data-tab-index=\"0\">VIA FERRATA<\/li><li class=\"tab-title\" data-tab-index=\"1\">TYROLIENNE<\/li><li class=\"tab-title\" data-tab-index=\"2\">ACCROBRANCHE<\/li><li class=\"tab-title\" data-tab-index=\"3\">GRIMPE D&#8217;ARBRES<\/li><\/ul><div class=\"tabs-list\">\n<div class=\"wp-block-ws-library-ws-tab\" style=\"display:none\"><p class=\"tab-title\">VIA FERRATA<\/p><div class=\"tab-content\">\n<div class=\"wp-block-ws-library-ws-title aligncenter\"><h3><em>Via ferrata<\/em> , un&#8217;avventura verticale per tutti<\/h3><\/div>\n\n\n\n<p class=\"has-text-align-center\">Vuoi assaporare le sensazioni dell&#8217;arrampicata senza essere un alpinista? La via ferrata ti offre l&#8217;accesso attrezzato alle pareti rocciose, con cavi, pioli e ponti sospesi per aiutarti a salire, qualunque sia il tuo livello. \u00c8 un ottimo modo per apprezzare il paesaggio superando se stessi.  <\/p>\n\n\n\n<div class=\"wp-block-ws-library-ws-video\"><div class=\"wrapper\"><div class=\"group-media\">\n<figure class=\"wp-block-embed aligncenter is-type-video is-provider-youtube wp-block-embed-youtube\"><div class=\"wp-block-embed__wrapper\">\n<iframe loading=\"lazy\" title=\"Via ferratas et tyrolienne gorges de la durance\" width=\"500\" height=\"281\" src=\"https:\/\/www.youtube.com\/embed\/QxW_uAkf-CY?feature=oembed\" frameborder=\"0\" allow=\"accelerometer; autoplay; clipboard-write; encrypted-media; gyroscope; picture-in-picture; web-share\" referrerpolicy=\"strict-origin-when-cross-origin\" allowfullscreen><\/iframe>\n<\/div><\/figure>\n<\/div><\/div><\/div>\n\n\n\n<div class=\"wp-block-ws-library-ws-columns alignwide has-2-columns are-vertically-aligned-center layout-6040 is-style-background\">\n<div class=\"wp-block-ws-library-ws-column\"><div class=\"wrapper\">\n<div class=\"wp-block-ws-library-ws-title\"><h3>Come funziona?<\/h3><\/div>\n\n\n\n<p>La via ferrata \u00e8 questo perfetto equilibrio tra escursionismo e arrampicata, percorribile dai 7-8 anni (accompagnati). Con un&#8217;imbracatura, due cordini e un casco, si avanza al proprio ritmo, su pareti adatte a tutti i livelli. Vuoi divertirti? Vacuit\u00e0? Panorami? Questo \u00e8 tutto. L&#8217;attrezzatura pu\u00f2 essere noleggiata nei negozi locali, o la supervisione possibile con una guida locale.      <\/p>\n\n\n\n<div class=\"wp-block-ws-library-ws-button has-text-align-left\"><a href=\"https:\/\/app-v4.avizi.fr\/fichiers\/preview\/687f7f7436773\/39494-3836\" class=\"wp-block-button__link wp-element-button btn\" target=\"_blank\">  Sfoglia la guida delle Vie Ferrate alle Alte Alpi<\/a><\/div>\n<\/div><\/div>\n\n\n\n<div class=\"wp-block-ws-library-ws-column\"><div class=\"wrapper\">\n<div class=\"wp-block-ws-library-ws-image\"><div class=\"wrapper\"><div class=\"group-media\"><img decoding=\"async\" src=\"https:\/\/www.paysdesecrins.com\/wp-content\/uploads\/2025\/07\/81via-ferrata-thibautblais-via-ferrata-gorges-de-la-duranve-babyescalade-960x640.jpg\" alt=\"\" class=\"single_image ws-image-20282\"><div class=\"credits\">Thibaut BLAIS<\/div><\/div><p class=\"caption\"><\/p><\/div><\/div>\n<\/div><\/div>\n<\/div>\n\n\n\n<div class=\"wp-block-ws-library-ws-title\"><h3>Dove arrampicare<\/h3><\/div>\n\n\n\n<ul class=\"wp-block-list\">\n<li>Gorges de la Durance \u2013 <em>L&#8217;Argenti\u00e8re-la-Bess\u00e9e \/ Les Vigneaux<\/em> : 4 percorsi, 5 passerelle, 2 zip line, per sensazioni garantite. Accesso a pagamento tramite <a href=\"\/?p=68986\">Roc Aventure<\/a>. <\/li>\n\n\n\n<li>Via de l&#8217;Horloge \u2013 <em>L&#8217;Argenti\u00e8re-la-Bess\u00e9e<\/em> : ideale per i principianti (i bambini sono i benvenuti).<\/li>\n\n\n\n<li>Grande Falaise \u2013 <em>Freissini\u00e8res<\/em> : atmosfera minerale, viste spettacolari, bonus natura.<\/li>\n\n\n\n<li>Gorges d&#8217;Ailefroide \u2013 <em>Pelvoux<\/em> : percorso ombreggiato, torrente, tre passerelle, molto accessibile.<\/li>\n\n\n\n<li>Combe de Narreyroux \u2013 <em>Puy Saint Vincent<\/em> : adatto alle famiglie, bucolico, sulla riva di un torrente.<\/li>\n\n\n\n<li>Tournoux \u2013 <em>Puy Saint Vincent<\/em> : discesa divertente, aerea, originale.<\/li>\n\n\n\n<li>Le Colombier \/ La Balme \u2013 <em>Les Vigneaux<\/em> : due opzioni, facile o pi\u00f9 sportiva, con vista mozzafiato.<\/li>\n<\/ul>\n\n\n\n<div class=\"wp-block-ws-library-ws-columns alignwide has-2-columns are-vertically-aligned-center layout-4060\">\n<div class=\"wp-block-ws-library-ws-column\"><div class=\"wrapper\">\n<div class=\"wp-block-ws-library-ws-image\"><div class=\"wrapper\"><div class=\"group-media\"><img decoding=\"async\" src=\"https:\/\/www.paysdesecrins.com\/wp-content\/uploads\/2025\/07\/8escalade-alpinisme-viaferrata-dsc00905-2-960x640.jpg\" alt=\"\" class=\"single_image ws-image-20382\"><div class=\"credits\"><\/div><\/div><p class=\"caption\"><\/p><\/div><\/div>\n<\/div><\/div>\n\n\n\n<div class=\"wp-block-ws-library-ws-column\"><div class=\"wrapper\">\n<div class=\"wp-block-ws-library-ws-title\"><h3>Suggerimenti per la guida<\/h3><\/div>\n\n\n\n<p>Prima di iniziare, controlla sempre lo stato del cordino e del casco, quindi adatta il tuo ritmo a quello del gruppo: \u00e8 meglio andare avanti regolarmente piuttosto che sforzarsi e stancarsi. Mantieni sempre tre punti di ancoraggio, approfitta delle soste per riprendere fiato e ammirare il paesaggio: la sicurezza richiede vigilanza, ma l&#8217;avventura inizia con la meraviglia. Infine, considera l&#8217;esposizione: una ferrata esposta a sud pu\u00f2 essere molto soleggiata, quindi non dimenticare crema solare, occhiali da sole e una scorta d&#8217;acqua.  <\/p>\n<\/div><\/div>\n<\/div>\n\n\n\n<div class=\"wp-block-ws-library-ws-title\"><h2><em>Hai bisogno di attrezzatura?<\/em>  Noleggia qui la tua attrezzatura!<\/h2><\/div>\n\n\n<div id=\"listing_1cafd\" data-observer-wishlist data-attributes='listing-avance {\"selectedSelectionIds\":[\"191442\"],\"isLimited\":true,\"isPaginated\":true,\"perPage\":3,\"isPortrait\":false,\"isImageContain\":false,\"showCommune\":true,\"defaultImage\":\"https:\\\/\\\/www.paysdesecrins.com\\\/wp-content\\\/uploads\\\/2025\\\/06\\\/cropped-paysdesecrins.png\",\"selectedFacets\":[],\"showMap\":false,\"sortOrder\":\"random\",\"showType\":false,\"columnsCount\":\"2-3-3\",\"showActiveFacets\":false,\"showGeolocalisation\":false,\"season\":\"\",\"align\":\"wide\"}' class=\"ws-listing wp-block-ws-apidae-library-listing-avance alignwide\" data-map-id=\"map_1cafd\" data-locations-id=\"locations-data_1cafd\"><div class=\"facetwp-template\"><div class=\"list-container active\"><div class=\"list-items\"><div class=\"item\" data-season=\"all-seasons\"><div class=\"card card-apidae card-avance\"><div class=\"group-actions\"><ws-wishlist data-type=\"flag\" data-action=\"add\" data-wish-id=\"6036030\" data-wish-type=\"apidae\"><\/ws-wishlist><\/div><div class=\"group-media\"><div class=\"field-image\"><img decoding=\"async\" src=\"https:\/\/images.weserv.nl\/?url=https:\/\/static.apidae-tourisme.com\/filestore\/objets-touristiques\/images\/250\/21\/12654074-diaporama.jpg&#038;w=350&#038;h=350&#038;fit=cover&#038;output=webp&#038;q=45\" alt=\"Roc \u00c9crins location de mat\u00e9riel de montagne\"\/><\/div><\/div><div class=\"group-top\"><div class=\"field-commune\">L&#039;Argenti\u00e8re-la-Bess\u00e9e<\/div><ws-apidae-from-price data-apidae-id=\"6036030\" ><\/ws-apidae-from-price><\/div><div class=\"group-content\"><div class=\"field-title\">Roc \u00c9crins location de mat\u00e9riel de montagne<\/div><\/div><div class=\"field-link\" role=\"group\" aria-label=\"Lien vers le contenu\"><a href=\"https:\/\/www.paysdesecrins.com\/it\/fiche\/roc-ecrins-location-de-materiel-de-montagne-4\/\" class=\"cardlink\" title=\"Lire plus : Roc \u00c9crins location de mat\u00e9riel de montagne\" lang=\"it_IT\">Roc \u00c9crins location de mat\u00e9riel de montagne<\/a><\/div><\/div><\/div><div class=\"item\" data-season=\"all-seasons\"><div class=\"card card-apidae card-avance\"><div class=\"group-actions\"><ws-wishlist data-type=\"flag\" data-action=\"add\" data-wish-id=\"579660\" data-wish-type=\"apidae\"><\/ws-wishlist><\/div><div class=\"group-media\"><div class=\"field-image\"><img decoding=\"async\" src=\"https:\/\/images.weserv.nl\/?url=https:\/\/static.apidae-tourisme.com\/filestore\/objets-touristiques\/images\/112\/113\/684400-diaporama.jpg&#038;w=350&#038;h=350&#038;fit=cover&#038;output=webp&#038;q=45\" alt=\"VTT &#8221; Vallouise Free Bike&#8221;\"\/><\/div><\/div><div class=\"group-top\"><div class=\"field-commune\">Vallouise-Pelvoux<\/div><ws-apidae-from-price data-apidae-id=\"579660\" ><\/ws-apidae-from-price><\/div><div class=\"group-content\"><div class=\"field-title\">VTT &#8221; Vallouise Free Bike&#8221;<\/div><\/div><div class=\"field-link\" role=\"group\" aria-label=\"Lien vers le contenu\"><a href=\"https:\/\/www.paysdesecrins.com\/it\/fiche\/vtt-vallouise-free-bike-3\/\" class=\"cardlink\" title=\"Lire plus : VTT &#8221; Vallouise Free Bike&#8221;\" lang=\"it_IT\">VTT &#8221; Vallouise Free Bike&#8221;<\/a><\/div><\/div><\/div><div class=\"item\" data-season=\"all-seasons\"><div class=\"card card-apidae card-avance\"><div class=\"group-actions\"><ws-wishlist data-type=\"flag\" data-action=\"add\" data-wish-id=\"583072\" data-wish-type=\"apidae\"><\/ws-wishlist><\/div><div class=\"group-media\"><div class=\"field-image\"><img decoding=\"async\" src=\"https:\/\/images.weserv.nl\/?url=https:\/\/static.apidae-tourisme.com\/filestore\/objets-touristiques\/images\/100\/32\/3612772-diaporama.jpg&#038;w=350&#038;h=350&#038;fit=cover&#038;output=webp&#038;q=45\" alt=\"Skiset Les Gentianes\"\/><\/div><\/div><div class=\"group-top\"><div class=\"field-commune\">Puy-Saint-Vincent<\/div><ws-apidae-from-price data-apidae-id=\"583072\" ><\/ws-apidae-from-price><\/div><div class=\"group-content\"><div class=\"field-title\">Skiset Les Gentianes<\/div><\/div><div class=\"field-link\" role=\"group\" aria-label=\"Lien vers le contenu\"><a href=\"https:\/\/www.paysdesecrins.com\/it\/fiche\/skiset-les-gentianes-4\/\" class=\"cardlink\" title=\"Lire plus : Skiset Les Gentianes\" lang=\"it_IT\">Skiset Les Gentianes<\/a><\/div><\/div><\/div><div id=\"locations-data_1cafd\" style=\"display: none;\">{&quot;locations&quot;:[{&quot;lat&quot;:&quot;44.789407&quot;,&quot;lng&quot;:&quot;6.559056&quot;,&quot;title&quot;:&quot;Roc \\u00c9crins location de mat\\u00e9riel de montagne&quot;,&quot;permalink&quot;:&quot;https:\\\/\\\/www.paysdesecrins.com\\\/it\\\/fiche\\\/roc-ecrins-location-de-materiel-de-montagne-4\\\/&quot;,&quot;type&quot;:&quot;commerce_et_service&quot;,&quot;commune&quot;:&quot;L&#039;Argenti\\u00e8re-la-Bess\\u00e9e&quot;,&quot;type_commerce&quot;:&quot;&quot;,&quot;image&quot;:&quot;https:\\\/\\\/static.apidae-tourisme.com\\\/filestore\\\/objets-touristiques\\\/images\\\/250\\\/21\\\/12654074-diaporama.jpg&quot;,&quot;image_width&quot;:&quot;350&quot;,&quot;image_height&quot;:&quot;350&quot;,&quot;image_fit&quot;:&quot;cover&quot;},{&quot;lat&quot;:&quot;44.846704&quot;,&quot;lng&quot;:&quot;6.488418&quot;,&quot;title&quot;:&quot;VTT &#8221; Vallouise Free Bike&#8221;&quot;,&quot;permalink&quot;:&quot;https:\\\/\\\/www.paysdesecrins.com\\\/it\\\/fiche\\\/vtt-vallouise-free-bike-3\\\/&quot;,&quot;type&quot;:&quot;commerce_et_service&quot;,&quot;commune&quot;:&quot;Vallouise-Pelvoux&quot;,&quot;type_commerce&quot;:&quot;&quot;,&quot;image&quot;:&quot;https:\\\/\\\/static.apidae-tourisme.com\\\/filestore\\\/objets-touristiques\\\/images\\\/112\\\/113\\\/684400-diaporama.jpg&quot;,&quot;image_width&quot;:&quot;350&quot;,&quot;image_height&quot;:&quot;350&quot;,&quot;image_fit&quot;:&quot;cover&quot;},{&quot;lat&quot;:&quot;44.81792&quot;,&quot;lng&quot;:&quot;6.480464&quot;,&quot;title&quot;:&quot;Skiset Les Gentianes&quot;,&quot;permalink&quot;:&quot;https:\\\/\\\/www.paysdesecrins.com\\\/it\\\/fiche\\\/skiset-les-gentianes-4\\\/&quot;,&quot;type&quot;:&quot;commerce_et_service&quot;,&quot;commune&quot;:&quot;Puy-Saint-Vincent&quot;,&quot;type_commerce&quot;:&quot;&quot;,&quot;image&quot;:&quot;https:\\\/\\\/static.apidae-tourisme.com\\\/filestore\\\/objets-touristiques\\\/images\\\/100\\\/32\\\/3612772-diaporama.jpg&quot;,&quot;image_width&quot;:&quot;350&quot;,&quot;image_height&quot;:&quot;350&quot;,&quot;image_fit&quot;:&quot;cover&quot;}],&quot;center_lat&quot;:&quot;44.789407&quot;,&quot;center_lng&quot;:&quot;6.559056&quot;}<\/div><\/div><div class=\"ws-apidae-pager\" data-type=\"pager\"><div class=\"custom-pager\"><a class=\"facetwp-page first active\" data-page=\"1\" href=\"\/it\/wp-json\/wp\/v2\/pages\/64733?paged_1cafd=1#listing_1cafd\">1<\/a><a class=\"facetwp-page \" data-page=\"2\" href=\"\/it\/wp-json\/wp\/v2\/pages\/64733?paged_1cafd=2#listing_1cafd\">2<\/a><span class=\"facetwp-separator\">\u2026<\/span><a class=\"facetwp-page \" data-page=\"7\" href=\"\/it\/wp-json\/wp\/v2\/pages\/64733?paged_1cafd=7#listing_1cafd\">7<\/a><a class=\"facetwp-page next\" data-page=\"2\" href=\"\/it\/wp-json\/wp\/v2\/pages\/64733?paged_1cafd=2#listing_1cafd\">\u203a<\/a><\/div><\/div><\/div><\/div><\/div><\/div><\/div>\n\n\n\n<div class=\"wp-block-ws-library-ws-tab\" style=\"display:none\"><p class=\"tab-title\">TYROLIENNE<\/p><div class=\"tab-content\">\n<div class=\"wp-block-ws-library-ws-title aligncenter is-style-default\"><h3><em>Roc Aventure <\/em>Zip line delle Gole della Durance<\/h3><\/div>\n<\/div><\/div>\n\n\n\n<div class=\"wp-block-ws-library-ws-tab\" style=\"display:none\"><p class=\"tab-title\">ACCROBRANCHE<\/p><div class=\"tab-content\">\n<div class=\"wp-block-ws-library-ws-title aligncenter\"><h3><em>Tree climbing,<\/em> percorso avventura nel bosco<\/h3><\/div>\n\n\n\n<p class=\"has-text-align-center\">Cerchi una divertente passeggiata in quota senza toccare terra? I corsi di arrampicata sugli alberi nella foresta combinano ponti di scimmie, teleferiche e reti per mettere alla prova il tuo equilibrio in un ambiente naturale. Adatti alle famiglie, possono essere praticati a partire dai 4 anni.  <\/p>\n\n\n\n<div class=\"wp-block-ws-library-ws-columns alignwide has-2-columns are-vertically-aligned-center layout-6040 is-style-background\">\n<div class=\"wp-block-ws-library-ws-column\"><div class=\"wrapper\">\n<div class=\"wp-block-ws-library-ws-title\"><h3>Come funziona?<\/h3><\/div>\n\n\n\n<p>L&#8217;arrampicata sugli alberi \u00e8 una scarica di adrenalina tra gli alberi, per grandi e piccini. Con l&#8217;imbracatura allacciata, si aggancia il cordino a un cavo continuo e ci si lancia su passerelle, teleferiche o reti. Ogni percorso \u00e8 numerato per aumentare la sicurezza, dal verde (facile) al nero (sfida). Attrezzatura fornita in loco, supervisione possibile in alta stagione.   <\/p>\n<\/div><\/div>\n\n\n\n<div class=\"wp-block-ws-library-ws-column\"><div class=\"wrapper\">\n<div class=\"wp-block-ws-library-ws-image\"><div class=\"wrapper\"><div class=\"group-media\"><img decoding=\"async\" src=\"https:\/\/www.paysdesecrins.com\/wp-content\/uploads\/2025\/08\/dsc05469-960x640.jpg\" alt=\"\" class=\"single_image ws-image-64754\"><div class=\"credits\"><\/div><\/div><p class=\"caption\"><\/p><\/div><\/div>\n<\/div><\/div>\n<\/div>\n\n\n\n<div class=\"wp-block-ws-library-ws-title\"><h3>Dove arrampicare<\/h3><\/div>\n\n\n\n<ul class=\"wp-block-list\">\n<li><strong>For\u00eat Sensations (Puy Saint Vincent):<\/strong> 12 percorsi fino a 40 m di altezza, pi\u00f9 di 100 laboratori e zip line, di fronte al massiccio degli \u00c9crins.<\/li>\n\n\n\n<li><strong>Accrobranche Pays des \u00c9crins (Freissini\u00e8res):<\/strong> aperto dal 1\u00b0 luglio al 31 agosto (dalle 10 alle 17) e su prenotazione nei fine settimana fuori stagione, quattro circuiti dal verde al nero lungo il fiume.<\/li>\n<\/ul>\n\n\n\n<div class=\"wp-block-ws-library-ws-columns alignwide has-2-columns are-vertically-aligned-center layout-4060\">\n<div class=\"wp-block-ws-library-ws-column\"><div class=\"wrapper\">\n<div class=\"wp-block-ws-library-ws-image\"><div class=\"wrapper\"><div class=\"group-media\"><img decoding=\"async\" src=\"https:\/\/www.paysdesecrins.com\/wp-content\/uploads\/2025\/08\/dsc04968-960x640.jpg\" alt=\"\" class=\"single_image ws-image-64749\"><div class=\"credits\"><\/div><\/div><p class=\"caption\"><\/p><\/div><\/div>\n<\/div><\/div>\n\n\n\n<div class=\"wp-block-ws-library-ws-column\"><div class=\"wrapper\">\n<div class=\"wp-block-ws-library-ws-title\"><h3>Suggerimenti per la guida<\/h3><\/div>\n\n\n\n<p>Controlla la vestibilit\u00e0 del tuo imbrago, inizia con il percorso green e progredisci al tuo ritmo: ogni workshop \u00e8 pensato per essere divertente, non stressante.<\/p>\n<\/div><\/div>\n<\/div>\n<\/div><\/div>\n\n\n\n<div class=\"wp-block-ws-library-ws-tab\" style=\"display:none\"><p class=\"tab-title\">GRIMPE D&#8217;ARBRES<\/p><div class=\"tab-content\">\n<div class=\"wp-block-ws-library-ws-title aligncenter\"><h3><em>Tree climbing<\/em>la tua avventura sospesa<\/h3><\/div>\n\n\n\n<p class=\"has-text-align-center\">Vuoi salire pi\u00f9 in alto dei tuoi semplici gradini? Negli \u00c9crins \u00e8 possibile praticare il tree climbing in una variet\u00e0 di pratiche tecniche e divertenti, per arrampicarsi sulla chioma in sicurezza e godere di un nuovo punto di vista sulla foresta. L&#8217;arrampicata sugli alberi ti offre un approccio pi\u00f9 tecnico al bosco: non si tratta solo di giocare tra i rami, si tratta di imparare ad arrampicarsi in modo indipendente e sicuro.  <\/p>\n\n\n\n<div class=\"wp-block-ws-library-ws-columns alignwide has-2-columns are-vertically-aligned-center layout-6040 is-style-background\">\n<div class=\"wp-block-ws-library-ws-column\"><div class=\"wrapper\">\n<div class=\"wp-block-ws-library-ws-title\"><h3>Come funziona?<\/h3><\/div>\n\n\n\n<p>Dopo aver indossato l&#8217;imbracatura e regolato il casco, si installa un sistema autobloccante (prusik o bloccante) su una corda ancorata in quota. Alternando il bloccaggio della fune e il corrimano, si avanza metro dopo metro, da soli o accompagnati. Piattaforme, amache o strutture sospese possono essere allestite per momenti di lettura, aperitivi o anche pernottamenti sugli alberi, a seconda dell&#8217;esperienza scelta.  <\/p>\n<\/div><\/div>\n\n\n\n<div class=\"wp-block-ws-library-ws-column\"><div class=\"wrapper\">\n<div class=\"wp-block-ws-library-ws-image\"><div class=\"wrapper\"><div class=\"group-media\"><img decoding=\"async\" src=\"https:\/\/www.paysdesecrins.com\/wp-content\/uploads\/2025\/08\/grimpe-arbres-mona-24-960x640.jpg\" alt=\"\" class=\"single_image ws-image-64759\"><div class=\"credits\"><\/div><\/div><p class=\"caption\"><\/p><\/div><\/div>\n<\/div><\/div>\n<\/div>\n\n\n\n<div class=\"wp-block-ws-library-ws-title\"><h3>Dove arrampicare<\/h3><\/div>\n\n\n\n<ul class=\"wp-block-list\">\n<li><strong>Ang\u00e8le Le Masson<\/strong> : istruttrice certificata con sede a Vallouise, offre sessioni a partire dagli 8 anni per padroneggiare la risalita su corda, le tecniche prusik e i blocchi sicuri intorno ad Argenti\u00e8re-Vallouise. <a href=\"\/?p=67134\">Prenota subito la tua uscita! <\/a> <\/li>\n\n\n\n<li><strong>Les Arborigens: ad Ailefroide<\/strong> , vivete tre esperienze originali tra i larici, alti fino a 12 m: biblioteca sospesa, aperitivi arroccati e bivacchi arroccati. Solo su prenotazione.   <a href=\"\/?p=67089\">Prenota subito la tua sessione!<\/a><\/li>\n<\/ul>\n\n\n\n<div class=\"wp-block-ws-library-ws-columns alignwide has-2-columns are-vertically-aligned-center layout-4060\">\n<div class=\"wp-block-ws-library-ws-column\"><div class=\"wrapper\">\n<div class=\"wp-block-ws-library-ws-image\"><div class=\"wrapper\"><div class=\"group-media\"><img decoding=\"async\" src=\"https:\/\/www.paysdesecrins.com\/wp-content\/uploads\/2025\/08\/grimpe-arbres-mona-05-960x640.jpg\" alt=\"\" class=\"single_image ws-image-64764\"><div class=\"credits\"><\/div><\/div><p class=\"caption\"><\/p><\/div><\/div>\n<\/div><\/div>\n\n\n\n<div class=\"wp-block-ws-library-ws-column\"><div class=\"wrapper\">\n<div class=\"wp-block-ws-library-ws-title\"><h3>Suggerimenti per la guida<\/h3><\/div>\n\n\n\n<p>Testare sempre la resistenza di ogni ancoraggio prima di montarlo e assicurarsi che l&#8217;imbracatura sia ben stretta. Procedi con calma e approfitta di ogni sosta per ammirare la foresta dall&#8217;alto.   <\/p>\n<\/div><\/div>\n<\/div>\n<\/div><\/div>\n<\/div><\/div>\n\n<p class=\"has-text-align-center\">Cerchi un grande brivido che sia facile da inserire nel tuo salotto? A L&#8217;Argenti\u00e8re-La Bess\u00e9e, Roc Aventure propone due gigantesche zip line che attraversano le gole della Durance: 500 m di fune, a circa 200 m sopra il fiume, e un giro panoramico di andata e ritorno verso uno spettacolare sito naturale, alle porte del Parco Nazionale degli \u00c9crins. Ideale per scoprire la valle&#8230; visto dall&#8217;alto.  <\/p>\n\n<div class=\"wp-block-ws-library-ws-video\"><div class=\"wrapper\"><div class=\"group-media\">\n<figure class=\"wp-block-embed is-type-video is-provider-youtube wp-block-embed-youtube\"><div class=\"wp-block-embed__wrapper\">\n<iframe loading=\"lazy\" title=\"Tyroliennes Gorges de la durance\" width=\"500\" height=\"281\" src=\"https:\/\/www.youtube.com\/embed\/Mk53wwAC_sU?feature=oembed\" frameborder=\"0\" allow=\"accelerometer; autoplay; clipboard-write; encrypted-media; gyroscope; picture-in-picture; web-share\" referrerpolicy=\"strict-origin-when-cross-origin\" allowfullscreen><\/iframe>\n<\/div><\/figure>\n<\/div><\/div><\/div>\n\n<div class=\"wp-block-ws-library-ws-title aligncenter\"><h2>Che cos&#8217;\u00e8, concretamente?<\/h2><\/div>\n\n<p class=\"has-text-align-center\">Dopo un briefing sulla sicurezza, il team ti equipaggia (imbracatura, carrucola, casco) e ti accompagna fino alla partenza. Il volo \u00e8 <strong>supervisionato<\/strong> e frenato automaticamente all&#8217;arrivo, poi si riparte in seconda linea per tornare al punto di partenza: semplice, fluido e molto fotocompatibile. Prenotazione fortemente consigliata (spesso obbligatoria).  <\/p>\n\n<div class=\"wp-block-ws-library-ws-columns alignwide has-2-columns are-vertically-aligned-center layout-5050 is-style-background\">\n<div class=\"wp-block-ws-library-ws-column\"><div class=\"wrapper\">\n<div class=\"wp-block-ws-library-ws-title aligncenter\"><h2>Per chi?<\/h2><\/div>\n\n\n\n<p class=\"has-text-align-center\">Il sito delle Gorges de la Durance \u00e8 pensato per tutti i profili: comprende <strong>4 vie ferrate progressive<\/strong> (a partire dai 4 anni) e <strong>2 zip line giganti<\/strong> per i pi\u00f9 grandi, sufficienti per comporre una gita in famiglia o una mezza giornata sensazionale. Le condizioni di accesso (et\u00e0\/peso) per la zip line sono specificate al momento della prenotazione. <\/p>\n<\/div><\/div>\n\n\n\n<div class=\"wp-block-ws-library-ws-column\"><div class=\"wrapper\">\n<div class=\"wp-block-ws-library-ws-title aligncenter\"><h2>Perch\u00e9 qui?<\/h2><\/div>\n\n\n\n<p class=\"has-text-align-center\">Perch\u00e9 si sorvola un vero e proprio canyon alpino, con una vista libera sulla valle e sulle cime, e si pu\u00f2 fare una via ferrata introduttiva e la zip line nella stessa mezza giornata. La &#8220;combo&#8221; funziona molto bene per scoprire la verticale senza intoppi e poi offrirsi un volo memorabile. <\/p>\n<\/div><\/div>\n<\/div>\n\n<div class=\"wp-block-ws-library-ws-columns alignwide has-2-columns are-vertically-aligned-center layout-5050\">\n<div class=\"wp-block-ws-library-ws-column\"><div class=\"wrapper\">\n<div class=\"wp-block-ws-library-ws-title\"><h2>Informazioni pratiche<\/h2><\/div>\n\n\n\n<ul class=\"wp-block-list\">\n<li><strong>Ubicazione<\/strong> : Gorges de la Durance, L&#8217;Argenti\u00e8re-La Bess\u00e9e (Route des Vaudois \/ Settore Pont Gamonet).<\/li>\n\n\n\n<li><strong>Formato<\/strong> : 2 teleferiche di <strong>500 m<\/strong> ciascuna, circa <strong>200 m<\/strong> sopra la Durance, <strong>andata e ritorno<\/strong>.<\/li>\n\n\n\n<li><strong>Supervisione e sicurezza<\/strong> : attrezzata in loco; <strong>frenata automatica<\/strong> all&#8217;arrivo.<\/li>\n\n\n\n<li><strong>Stagione e clima<\/strong> : Aperto in base al periodo e alle condizioni: controlla il calendario online al momento della prenotazione.  <\/li>\n\n\n\n<li><strong>Contatto<\/strong> : Roc Aventure, L&#8217;Argenti\u00e8re-La Bess\u00e9e \u2022 <strong>06 07 28 24 50<\/strong><\/li>\n<\/ul>\n\n\n\n<p>Consiglio: se vieni con la tua famiglia, inizia con una <strong>via ferrata verde<\/strong> e poi prosegui sulla zip line; I pi\u00f9 piccoli avanzano sulla roccia mentre gli adolescenti\/adulti si divertono sulle linee giganti.<\/p>\n<\/div><\/div>\n\n\n\n<div class=\"wp-block-ws-library-ws-column\"><div class=\"wrapper\">\n<div class=\"wp-block-ws-library-ws-image\"><div class=\"wrapper\"><div class=\"group-media\"><img decoding=\"async\" src=\"https:\/\/www.paysdesecrins.com\/wp-content\/uploads\/2025\/08\/local-velo-2024-087-427x640.jpg\" alt=\"\" class=\"single_image ws-image-75136\"><div class=\"credits\"><\/div><\/div><p class=\"caption\"><\/p><\/div><\/div>\n<\/div><\/div>\n<\/div>\n\n<div class=\"wp-block-ws-library-ws-share\"><span class=\"share-subtitle\">Ti \u00e8 piaciuta questa pagina?<\/span><span class=\"share-title\">Condividilo!<\/span><button class=\"ws-share-button wp-element-button\">Condividi questa pagina<\/button><\/div>\n","protected":false},"excerpt":{"rendered":"<p>Che si tratti di attraversare gole su una via ferrata, lanciarsi sulle zip line di un percorso di tree climbing [&hellip;]<\/p>\n","protected":false},"author":4,"featured_media":64741,"parent":44555,"menu_order":0,"comment_status":"closed","ping_status":"closed","template":"","meta":{"_thumbnail_id_2":0,"summer_excerpt":"","season":"","station":"","footnotes":""},"class_list":["post-64733","page","type-page","status-publish","has-post-thumbnail","hentry"],"yoast_head":"<!-- This site is optimized with the Yoast SEO plugin v27.3 - https:\/\/yoast.com\/product\/yoast-seo-wordpress\/ -->\n<title>Vie ferrate, tree climbing e tree climbing - Pays des \u00c9crins - Office de Tourisme<\/title>\n<meta name=\"robots\" content=\"index, follow, max-snippet:-1, max-image-preview:large, max-video-preview:-1\" \/>\n<link rel=\"canonical\" href=\"https:\/\/www.paysdesecrins.com\/it\/le-mie-attivita-allaperto\/vie-ferrate-tree-climbing-e-tree-climbing\/\" \/>\n<meta property=\"og:locale\" content=\"it_IT\" \/>\n<meta property=\"og:type\" content=\"article\" \/>\n<meta property=\"og:title\" content=\"Vie ferrate, tree climbing e tree climbing - Pays des \u00c9crins - Office de Tourisme\" \/>\n<meta property=\"og:description\" content=\"Che si tratti di attraversare gole su una via ferrata, lanciarsi sulle zip line di un percorso di tree climbing [&hellip;]\" \/>\n<meta property=\"og:url\" content=\"https:\/\/www.paysdesecrins.com\/it\/le-mie-attivita-allaperto\/vie-ferrate-tree-climbing-e-tree-climbing\/\" \/>\n<meta property=\"og:site_name\" content=\"Pays des \u00c9crins - Office de Tourisme\" \/>\n<meta property=\"article:modified_time\" content=\"2025-08-13T16:12:38+00:00\" \/>\n<meta property=\"og:image\" content=\"https:\/\/www.paysdesecrins.com\/wp-content\/uploads\/2025\/08\/local-velo-2024-072-scaled.jpg\" \/>\n\t<meta property=\"og:image:width\" content=\"2560\" \/>\n\t<meta property=\"og:image:height\" content=\"1707\" \/>\n\t<meta property=\"og:image:type\" content=\"image\/jpeg\" \/>\n<meta name=\"twitter:card\" content=\"summary_large_image\" \/>\n<meta name=\"twitter:label1\" content=\"Tempo di lettura stimato\" \/>\n\t<meta name=\"twitter:data1\" content=\"6 minuti\" \/>\n<script type=\"application\/ld+json\" class=\"yoast-schema-graph\">{\"@context\":\"https:\\\/\\\/schema.org\",\"@graph\":[{\"@type\":\"WebPage\",\"@id\":\"https:\\\/\\\/www.paysdesecrins.com\\\/it\\\/le-mie-attivita-allaperto\\\/vie-ferrate-tree-climbing-e-tree-climbing\\\/\",\"url\":\"https:\\\/\\\/www.paysdesecrins.com\\\/it\\\/le-mie-attivita-allaperto\\\/vie-ferrate-tree-climbing-e-tree-climbing\\\/\",\"name\":\"Vie ferrate, tree climbing e tree climbing - Pays des \u00c9crins - Office de Tourisme\",\"isPartOf\":{\"@id\":\"https:\\\/\\\/www.paysdesecrins.com\\\/it\\\/#website\"},\"primaryImageOfPage\":{\"@id\":\"https:\\\/\\\/www.paysdesecrins.com\\\/it\\\/le-mie-attivita-allaperto\\\/vie-ferrate-tree-climbing-e-tree-climbing\\\/#primaryimage\"},\"image\":{\"@id\":\"https:\\\/\\\/www.paysdesecrins.com\\\/it\\\/le-mie-attivita-allaperto\\\/vie-ferrate-tree-climbing-e-tree-climbing\\\/#primaryimage\"},\"thumbnailUrl\":\"https:\\\/\\\/www.paysdesecrins.com\\\/wp-content\\\/uploads\\\/2025\\\/08\\\/local-velo-2024-072-scaled.jpg\",\"datePublished\":\"2025-08-05T13:22:10+00:00\",\"dateModified\":\"2025-08-13T16:12:38+00:00\",\"breadcrumb\":{\"@id\":\"https:\\\/\\\/www.paysdesecrins.com\\\/it\\\/le-mie-attivita-allaperto\\\/vie-ferrate-tree-climbing-e-tree-climbing\\\/#breadcrumb\"},\"inLanguage\":\"it-IT\",\"potentialAction\":[{\"@type\":\"ReadAction\",\"target\":[\"https:\\\/\\\/www.paysdesecrins.com\\\/it\\\/le-mie-attivita-allaperto\\\/vie-ferrate-tree-climbing-e-tree-climbing\\\/\"]}]},{\"@type\":\"ImageObject\",\"inLanguage\":\"it-IT\",\"@id\":\"https:\\\/\\\/www.paysdesecrins.com\\\/it\\\/le-mie-attivita-allaperto\\\/vie-ferrate-tree-climbing-e-tree-climbing\\\/#primaryimage\",\"url\":\"https:\\\/\\\/www.paysdesecrins.com\\\/wp-content\\\/uploads\\\/2025\\\/08\\\/local-velo-2024-072-scaled.jpg\",\"contentUrl\":\"https:\\\/\\\/www.paysdesecrins.com\\\/wp-content\\\/uploads\\\/2025\\\/08\\\/local-velo-2024-072-scaled.jpg\",\"width\":2560,\"height\":1707},{\"@type\":\"BreadcrumbList\",\"@id\":\"https:\\\/\\\/www.paysdesecrins.com\\\/it\\\/le-mie-attivita-allaperto\\\/vie-ferrate-tree-climbing-e-tree-climbing\\\/#breadcrumb\",\"itemListElement\":[{\"@type\":\"ListItem\",\"position\":1,\"name\":\"Accueil\",\"item\":\"https:\\\/\\\/www.paysdesecrins.com\\\/it\\\/il-titolo-della-casa\\\/\"},{\"@type\":\"ListItem\",\"position\":2,\"name\":\"Le mie attivit\u00e0 all&rsquo;aperto\",\"item\":\"https:\\\/\\\/www.paysdesecrins.com\\\/it\\\/le-mie-attivita-allaperto\\\/\"},{\"@type\":\"ListItem\",\"position\":3,\"name\":\"Vie ferrate, tree climbing e tree climbing\"}]},{\"@type\":\"WebSite\",\"@id\":\"https:\\\/\\\/www.paysdesecrins.com\\\/it\\\/#website\",\"url\":\"https:\\\/\\\/www.paysdesecrins.com\\\/it\\\/\",\"name\":\"Pays des \u00c9crins - Office de Tourisme\",\"description\":\"L&#039;esprit montagne\",\"publisher\":{\"@id\":\"https:\\\/\\\/www.paysdesecrins.com\\\/it\\\/#organization\"},\"potentialAction\":[{\"@type\":\"SearchAction\",\"target\":{\"@type\":\"EntryPoint\",\"urlTemplate\":\"https:\\\/\\\/www.paysdesecrins.com\\\/it\\\/?s={search_term_string}\"},\"query-input\":{\"@type\":\"PropertyValueSpecification\",\"valueRequired\":true,\"valueName\":\"search_term_string\"}}],\"inLanguage\":\"it-IT\"},{\"@type\":\"Organization\",\"@id\":\"https:\\\/\\\/www.paysdesecrins.com\\\/it\\\/#organization\",\"name\":\"Pays des \u00c9crins - Office de Tourisme\",\"url\":\"https:\\\/\\\/www.paysdesecrins.com\\\/it\\\/\",\"logo\":{\"@type\":\"ImageObject\",\"inLanguage\":\"it-IT\",\"@id\":\"https:\\\/\\\/www.paysdesecrins.com\\\/it\\\/#\\\/schema\\\/logo\\\/image\\\/\",\"url\":\"https:\\\/\\\/www.paysdesecrins.com\\\/wp-content\\\/uploads\\\/2025\\\/06\\\/devina-svg-1750845694.svg\",\"contentUrl\":\"https:\\\/\\\/www.paysdesecrins.com\\\/wp-content\\\/uploads\\\/2025\\\/06\\\/devina-svg-1750845694.svg\",\"caption\":\"Pays des \u00c9crins - Office de Tourisme\"},\"image\":{\"@id\":\"https:\\\/\\\/www.paysdesecrins.com\\\/it\\\/#\\\/schema\\\/logo\\\/image\\\/\"}}]}<\/script>\n<!-- \/ Yoast SEO plugin. -->","yoast_head_json":{"title":"Vie ferrate, tree climbing e tree climbing - Pays des \u00c9crins - Office de Tourisme","robots":{"index":"index","follow":"follow","max-snippet":"max-snippet:-1","max-image-preview":"max-image-preview:large","max-video-preview":"max-video-preview:-1"},"canonical":"https:\/\/www.paysdesecrins.com\/it\/le-mie-attivita-allaperto\/vie-ferrate-tree-climbing-e-tree-climbing\/","og_locale":"it_IT","og_type":"article","og_title":"Vie ferrate, tree climbing e tree climbing - Pays des \u00c9crins - Office de Tourisme","og_description":"Che si tratti di attraversare gole su una via ferrata, lanciarsi sulle zip line di un percorso di tree climbing [&hellip;]","og_url":"https:\/\/www.paysdesecrins.com\/it\/le-mie-attivita-allaperto\/vie-ferrate-tree-climbing-e-tree-climbing\/","og_site_name":"Pays des \u00c9crins - Office de Tourisme","article_modified_time":"2025-08-13T16:12:38+00:00","og_image":[{"width":2560,"height":1707,"url":"https:\/\/www.paysdesecrins.com\/wp-content\/uploads\/2025\/08\/local-velo-2024-072-scaled.jpg","type":"image\/jpeg"}],"twitter_card":"summary_large_image","twitter_misc":{"Tempo di lettura stimato":"6 minuti"},"schema":{"@context":"https:\/\/schema.org","@graph":[{"@type":"WebPage","@id":"https:\/\/www.paysdesecrins.com\/it\/le-mie-attivita-allaperto\/vie-ferrate-tree-climbing-e-tree-climbing\/","url":"https:\/\/www.paysdesecrins.com\/it\/le-mie-attivita-allaperto\/vie-ferrate-tree-climbing-e-tree-climbing\/","name":"Vie ferrate, tree climbing e tree climbing - Pays des \u00c9crins - Office de Tourisme","isPartOf":{"@id":"https:\/\/www.paysdesecrins.com\/it\/#website"},"primaryImageOfPage":{"@id":"https:\/\/www.paysdesecrins.com\/it\/le-mie-attivita-allaperto\/vie-ferrate-tree-climbing-e-tree-climbing\/#primaryimage"},"image":{"@id":"https:\/\/www.paysdesecrins.com\/it\/le-mie-attivita-allaperto\/vie-ferrate-tree-climbing-e-tree-climbing\/#primaryimage"},"thumbnailUrl":"https:\/\/www.paysdesecrins.com\/wp-content\/uploads\/2025\/08\/local-velo-2024-072-scaled.jpg","datePublished":"2025-08-05T13:22:10+00:00","dateModified":"2025-08-13T16:12:38+00:00","breadcrumb":{"@id":"https:\/\/www.paysdesecrins.com\/it\/le-mie-attivita-allaperto\/vie-ferrate-tree-climbing-e-tree-climbing\/#breadcrumb"},"inLanguage":"it-IT","potentialAction":[{"@type":"ReadAction","target":["https:\/\/www.paysdesecrins.com\/it\/le-mie-attivita-allaperto\/vie-ferrate-tree-climbing-e-tree-climbing\/"]}]},{"@type":"ImageObject","inLanguage":"it-IT","@id":"https:\/\/www.paysdesecrins.com\/it\/le-mie-attivita-allaperto\/vie-ferrate-tree-climbing-e-tree-climbing\/#primaryimage","url":"https:\/\/www.paysdesecrins.com\/wp-content\/uploads\/2025\/08\/local-velo-2024-072-scaled.jpg","contentUrl":"https:\/\/www.paysdesecrins.com\/wp-content\/uploads\/2025\/08\/local-velo-2024-072-scaled.jpg","width":2560,"height":1707},{"@type":"BreadcrumbList","@id":"https:\/\/www.paysdesecrins.com\/it\/le-mie-attivita-allaperto\/vie-ferrate-tree-climbing-e-tree-climbing\/#breadcrumb","itemListElement":[{"@type":"ListItem","position":1,"name":"Accueil","item":"https:\/\/www.paysdesecrins.com\/it\/il-titolo-della-casa\/"},{"@type":"ListItem","position":2,"name":"Le mie attivit\u00e0 all&rsquo;aperto","item":"https:\/\/www.paysdesecrins.com\/it\/le-mie-attivita-allaperto\/"},{"@type":"ListItem","position":3,"name":"Vie ferrate, tree climbing e tree climbing"}]},{"@type":"WebSite","@id":"https:\/\/www.paysdesecrins.com\/it\/#website","url":"https:\/\/www.paysdesecrins.com\/it\/","name":"Pays des \u00c9crins - Office de Tourisme","description":"L&#039;esprit montagne","publisher":{"@id":"https:\/\/www.paysdesecrins.com\/it\/#organization"},"potentialAction":[{"@type":"SearchAction","target":{"@type":"EntryPoint","urlTemplate":"https:\/\/www.paysdesecrins.com\/it\/?s={search_term_string}"},"query-input":{"@type":"PropertyValueSpecification","valueRequired":true,"valueName":"search_term_string"}}],"inLanguage":"it-IT"},{"@type":"Organization","@id":"https:\/\/www.paysdesecrins.com\/it\/#organization","name":"Pays des \u00c9crins - Office de Tourisme","url":"https:\/\/www.paysdesecrins.com\/it\/","logo":{"@type":"ImageObject","inLanguage":"it-IT","@id":"https:\/\/www.paysdesecrins.com\/it\/#\/schema\/logo\/image\/","url":"https:\/\/www.paysdesecrins.com\/wp-content\/uploads\/2025\/06\/devina-svg-1750845694.svg","contentUrl":"https:\/\/www.paysdesecrins.com\/wp-content\/uploads\/2025\/06\/devina-svg-1750845694.svg","caption":"Pays des \u00c9crins - Office de Tourisme"},"image":{"@id":"https:\/\/www.paysdesecrins.com\/it\/#\/schema\/logo\/image\/"}}]}},"_links":{"self":[{"href":"https:\/\/www.paysdesecrins.com\/it\/wp-json\/wp\/v2\/pages\/64733","targetHints":{"allow":["GET"]}}],"collection":[{"href":"https:\/\/www.paysdesecrins.com\/it\/wp-json\/wp\/v2\/pages"}],"about":[{"href":"https:\/\/www.paysdesecrins.com\/it\/wp-json\/wp\/v2\/types\/page"}],"author":[{"embeddable":true,"href":"https:\/\/www.paysdesecrins.com\/it\/wp-json\/wp\/v2\/users\/4"}],"replies":[{"embeddable":true,"href":"https:\/\/www.paysdesecrins.com\/it\/wp-json\/wp\/v2\/comments?post=64733"}],"version-history":[{"count":2,"href":"https:\/\/www.paysdesecrins.com\/it\/wp-json\/wp\/v2\/pages\/64733\/revisions"}],"predecessor-version":[{"id":95436,"href":"https:\/\/www.paysdesecrins.com\/it\/wp-json\/wp\/v2\/pages\/64733\/revisions\/95436"}],"up":[{"embeddable":true,"href":"https:\/\/www.paysdesecrins.com\/it\/wp-json\/wp\/v2\/pages\/44555"}],"wp:featuredmedia":[{"embeddable":true,"href":"https:\/\/www.paysdesecrins.com\/it\/wp-json\/wp\/v2\/media\/64741"}],"wp:attachment":[{"href":"https:\/\/www.paysdesecrins.com\/it\/wp-json\/wp\/v2\/media?parent=64733"}],"curies":[{"name":"wp","href":"https:\/\/api.w.org\/{rel}","templated":true}]}}