{"id":71806,"date":"2025-08-07T14:20:24","date_gmt":"2025-08-07T12:20:24","guid":{"rendered":"https:\/\/www.paysdesecrins.com\/il-parco-nazionale-degli-ecrins\/"},"modified":"2025-08-20T15:55:03","modified_gmt":"2025-08-20T13:55:03","slug":"il-parco-nazionale-degli-ecrins","status":"publish","type":"page","link":"https:\/\/www.paysdesecrins.com\/it\/il-parco-nazionale-degli-ecrins\/","title":{"rendered":"Il Parco Nazionale degli \u00c9crins"},"content":{"rendered":"    <div class=\"alignfull wp-block-ws-library-ws-header-interne\">\n\t    <div class=\"header-container\">\n\t        <div class=\"group-media has-image\">\n\t            \t                <img loading=\"lazy\" decoding=\"async\" width=\"1920\" height=\"800\" src=\"https:\/\/www.paysdesecrins.com\/wp-content\/uploads\/2025\/07\/du-lac-de-puy-aillaud-au-be-lvede-re-des-trois-refuges-13-scaled-1920x800.jpg\" alt=\"\" class=\"image_large_square wp-image-45038\" \/>\n\t            \t        <\/div>\n\t        <div class=\"group-content\">\n\t            <div class=\"title\">\n\t                <h1>\n\t                    Il Parco Nazionale degli \u00c9crins\t                    \t                <\/h1>\n\t            <\/div>\n\t        <\/div>\n\t    <\/div>\n\t    \n<div class=\"yoast-breadcrumbs\"><span><span><a href=\"https:\/\/www.paysdesecrins.com\/it\/il-titolo-della-casa\/\">Accueil<\/a><\/span>  <span class=\"breadcrumb_last\" aria-current=\"page\">Il Parco Nazionale degli \u00c9crins<\/span><\/span><\/div>\n    <\/div>\n    \n<div class=\"wp-block-ws-library-ws-title aligncenter is-style-simple\"><h2><em>Fuga <\/em>Nel cuore degli \u00c9crins<\/h2><\/div>\n\n<p class=\"has-text-align-center\">Benvenuti in un mondo in cui ghiacciai, vette e foreste si mescolano per offrire una natura incontaminata e spettacolare. Scopri la sua storia, la sua organizzazione, le sue regole di vita e i siti imperdibili da esplorare, prima di partire alla scoperta di questo grandioso territorio naturale.   <\/p>\n\n<div class=\"wp-block-ws-library-ws-columns alignwide has-2-columns are-vertically-aligned-center layout-5050 is-style-background\">\n<div class=\"wp-block-ws-library-ws-column\"><div class=\"wrapper\">\n<div class=\"wp-block-ws-library-ws-title\"><h2><em>I Gioielli<\/em> Un patrimonio naturale protetto<\/h2><\/div>\n\n\n\n<p>Un parco nazionale \u00e8 un&#8217;area protetta classificata per preservarne gli ecosistemi, la biodiversit\u00e0 e i paesaggi, consentendo al contempo di accogliere il pubblico. Combina un &#8220;nucleo&#8221; in cui la protezione \u00e8 massima e una &#8220;zona di adesione&#8221; in cui le attivit\u00e0 umane sono regolamentate ma autorizzate. <\/p>\n<\/div><\/div>\n\n\n\n<div class=\"wp-block-ws-library-ws-column\"><div class=\"wrapper\">\n<div class=\"wp-block-ws-library-ws-image\"><div class=\"wrapper\"><div class=\"group-media\"><img decoding=\"async\" src=\"https:\/\/www.paysdesecrins.com\/wp-content\/uploads\/2025\/07\/131pne-glacierblanc-thibautblais-refuge-du-glacier-blanc-et-4-960x640.jpg\" alt=\"\" class=\"single_image ws-image-20946\"><div class=\"credits\">Thibaut BLAIS<\/div><\/div><p class=\"caption\"><\/p><\/div><\/div>\n<\/div><\/div>\n<\/div>\n\n<div class=\"wp-block-ws-library-ws-title aligncenter\"><h3><em>Le origini <\/em>del Parco Nazionale degli \u00c9crins<\/h3><\/div>\n\n<p class=\"has-text-align-center\">Le origini risalgono al 1913 con la creazione del &#8220;Parc national de la B\u00e9rarde&#8221;, inizialmente gestito in modo informale per combattere l&#8217;erosione e la deforestazione. Dopo diversi statuti intermedi (Parco Nazionale del Pelvoux, Parco Statale), fu finalmente con decreto del Primo Ministro il 6 marzo 1973 che il Parco Nazionale degli \u00c9crins fu ufficialmente creato, su iniziativa degli alpinisti, delle associazioni naturalistiche e del Club Alpino Francese. <\/p>\n\n<div class=\"wp-block-ws-library-ws-columns alignwide has-2-columns are-vertically-aligned-center layout-5050\">\n<div class=\"wp-block-ws-library-ws-column\"><div class=\"wrapper\">\n<div class=\"wp-block-ws-library-ws-image\"><div class=\"wrapper\"><div class=\"group-media\"><img decoding=\"async\" src=\"https:\/\/www.paysdesecrins.com\/wp-content\/uploads\/2025\/08\/carte2016pne-agenda-pnf-562x640.jpg\" alt=\"\" class=\"single_image ws-image-71810\"><div class=\"credits\"><\/div><\/div><p class=\"caption\"><\/p><\/div><\/div>\n<\/div><\/div>\n\n\n\n<div class=\"wp-block-ws-library-ws-column\"><div class=\"wrapper\">\n<div class=\"wp-block-ws-library-ws-title\"><h2><em>Il Parco Nazionale <\/em>Come funziona?<\/h2><\/div>\n\n\n\n<p>Istituzione pubblica sotto la supervisione del Ministero della Transizione Ecologica, il Parco Nazionale degli \u00c9crins \u00e8 amministrato da Gap. \u00c8 diviso in quattro settori (Champsaur-Valgaudemar, Embrunais, Vallouise-Brian\u00e7onnais, Oisans-Valbonnais) ciascuno con una Maison du Parc per l&#8217;accoglienza e la gestione del territorio. Le sue missioni: tutela degli ambienti e delle specie, ricerca scientifica, educazione ambientale e accoglienza del pubblico.  <br\/><br\/>Il Parco Nazionale degli \u00c9crins \u00e8 strutturato in diverse zone complementari per conciliare la conservazione e l&#8217;uso umano: un <strong>nucleo terrestre<\/strong> di quasi 92.000 ettari dove le normative sono le pi\u00f9 severe, tra cui una <strong>riserva integrale<\/strong> di 700 ettari nella valle del Lauvitel lasciata libera evolvere per la ricerca scientifica, e un&#8217;area <strong>di appartenenza<\/strong> di 180.000 ettari composta dai 61 comuni che hanno firmato la carta del parco,  che stabilisce un <strong>ambito di studio<\/strong> e di impegno per lo sviluppo sostenibile. Inoltre, sono presenti diverse riserve <strong>naturali<\/strong> e biologiche sparse nell&#8217;area di adesione, che proteggono ambienti e specie rare e completano il sistema di conservazione del massiccio. <\/p>\n<\/div><\/div>\n<\/div>\n\n<div class=\"wp-block-ws-library-ws-title aligncenter\"><h3>Regolamento<\/h3><\/div>\n\n<p>Al fine di garantire la protezione sostenibile del suo ecosistema unico e di preservare l&#8217;integrit\u00e0 dei suoi paesaggi, ecco alcune regole essenziali all&#8217;interno del parco:<\/p>\n\n<ul class=\"wp-block-list\">\n<li><strong>Bivacco<\/strong> autorizzato dalle 19 alle 9 del mattino, a pi\u00f9 di un&#8217;ora di cammino da qualsiasi strada carrabile e dai limiti del parco.<\/li>\n\n\n\n<li><strong>Vietati<\/strong> : fuochi all&#8217;aperto, campeggio libero, traffico e sosta di tutti i veicoli nel cuore del parco, campioni di piante e fossili senza esenzioni.<\/li>\n\n\n\n<li><strong>Buone pratiche<\/strong> : rispetta la flora e la fauna, porta con te i tuoi rifiuti, rimani sui sentieri segnalati.<\/li>\n<\/ul>\n\n<div style=\"height:39px\" aria-hidden=\"true\" class=\"wp-block-spacer\"><\/div>\n\n<div class=\"wp-block-ws-library-ws-banner alignwide\"><div class=\"wrapper\"><div class=\"group-media\"><img loading=\"lazy\" decoding=\"async\" width=\"1920\" height=\"480\" src=\"https:\/\/www.paysdesecrins.com\/wp-content\/uploads\/2025\/07\/131pne-eychauda-thibautblais-lac-de-leychauda-23-1920x480.jpg\" alt=\"\" class=\"single_image wp-image-20921\"><div class=\"credits\">Thibaut BLAIS<\/div><\/div>\n<div class=\"group-content\"><div class=\"wp-block-ws-library-ws-title\"><h2>I luoghi imperdibili del Parco Nazionale degli \u00c9crins<\/h2><\/div><ul class=\"wp-block-list\">\n<li><strong>La Barre des \u00c9crins<\/strong> (4.102 m): il punto pi\u00f9 alto del parco, visibile dalla valle del B\u00e9rarde.<\/li>\n\n\n\n<li><strong>Il Glacier Blanc<\/strong> : escursione sul ghiacciaio poi rifugio a 2.542 m, vista sulla Meije e sul Pelvoux.<\/li>\n\n\n\n<li><strong>Il GR 54<\/strong> : giro degli Oisans, pi\u00f9 di 600 km di sentieri segnalati intorno al massiccio.<\/li>\n\n\n\n<li><strong>La Valle del Valgaudemar e le sue cascate<\/strong> : percorso delle cascate alla scoperta del Velo della Sposa.<\/li>\n\n\n\n<li><strong>Lago di Lauvitel<\/strong> : sito classificato Natura 2000, accessibile da una pista forestale, perfetto per nuotare in estate.<\/li>\n\n\n\n<li><strong>La Riserva Biologica Integrale di Vallonpierre<\/strong> : area rigorosamente protetta per lo studio scientifico.<\/li>\n<\/ul><\/div>\n\n\n\n\n<\/div><\/div>\n\n<div style=\"height:83px\" aria-hidden=\"true\" class=\"wp-block-spacer\"><\/div>\n\n<div class=\"wp-block-ws-library-ws-title aligncenter\"><h3>I tuoi rifugi d&#8217;alta quota<\/h3><\/div>\n\n<p class=\"has-text-align-center\">Con una quarantina di rifugi sparsi in tutto il cuore del parco, gli \u00c9crins offrono alloggi in quota, da semplici rifugi incustoditi a comodi rifugi con custode. Aperti principalmente da giugno a settembre, permettono di frazionare le lunghe escursioni ed esplorare le alte vette serenamente in tutte le stagioni. <\/p>\n\n<div class=\"wp-block-ws-library-ws-button has-text-align-center\"><a href=\"https:\/\/www.paysdesecrins.com\/it\/i-rifugi-del-pays-des-ecrins\/\" class=\"wp-block-button__link wp-element-button btn\">  i rifugi del Pays des \u00c9crins<\/a><\/div>\n\n<div class=\"wp-block-ws-library-ws-slider alignwide\"><div class=\"splide\" data-splide=\"{\"type\":\"slide\",\"heightRatio\":\"auto\",\"perPage\":4,\"perMove\":1,\"drag\":true,\"pagination\":0,\"autoplay\":false,\"gap\":\"15px\",\"breakpoints\":{\"450\":{\"perPage\":1},\"768\":{\"perPage\":2},\"992\":{\"perPage\":3},\"1200\":{\"perPage\":4}}}\"><div class=\"splide__track\"><div class=\"splide__list\"><div class=\"splide__slide\"><a href=\"https:\/\/www.paysdesecrins.com\/wp-content\/uploads\/2025\/07\/refuge-des-e-crins-glacier-scaled.jpg\" data-glightbox=\"true\" class=\"lightbox-trigger\"><img decoding=\"async\" src=\"https:\/\/www.paysdesecrins.com\/wp-content\/uploads\/2025\/07\/refuge-des-e-crins-glacier-scaled.jpg\" alt=\"\"><\/a><\/div><div class=\"splide__slide\"><a href=\"https:\/\/www.paysdesecrins.com\/wp-content\/uploads\/2025\/07\/refuge-du-sele-22072023-14-1-scaled.jpg\" data-glightbox=\"true\" class=\"lightbox-trigger\"><img decoding=\"async\" src=\"https:\/\/www.paysdesecrins.com\/wp-content\/uploads\/2025\/07\/refuge-du-sele-22072023-14-1-scaled.jpg\" alt=\"\"><\/a><\/div><div class=\"splide__slide\"><a href=\"https:\/\/www.paysdesecrins.com\/wp-content\/uploads\/2025\/07\/13pne-vallon-de-la-selle-l-aup-martin-22-scaled.jpg\" data-glightbox=\"true\" class=\"lightbox-trigger\"><img decoding=\"async\" src=\"https:\/\/www.paysdesecrins.com\/wp-content\/uploads\/2025\/07\/13pne-vallon-de-la-selle-l-aup-martin-22-scaled.jpg\" alt=\"\"><\/a><\/div><div class=\"splide__slide\"><a href=\"https:\/\/www.paysdesecrins.com\/wp-content\/uploads\/2025\/07\/131pne-glacier-blanc-famille-thibaut-blais-61-scaled.jpg\" data-glightbox=\"true\" class=\"lightbox-trigger\"><img decoding=\"async\" src=\"https:\/\/www.paysdesecrins.com\/wp-content\/uploads\/2025\/07\/131pne-glacier-blanc-famille-thibaut-blais-61-scaled.jpg\" alt=\"\"><\/a><\/div><div class=\"splide__slide\"><a href=\"https:\/\/www.paysdesecrins.com\/wp-content\/uploads\/2025\/07\/13parcnationalailfroiden-scaled.jpg\" data-glightbox=\"true\" class=\"lightbox-trigger\"><img decoding=\"async\" src=\"https:\/\/www.paysdesecrins.com\/wp-content\/uploads\/2025\/07\/13parcnationalailfroiden-scaled.jpg\" alt=\"\"><\/a><\/div><div class=\"splide__slide\"><a href=\"https:\/\/www.paysdesecrins.com\/wp-content\/uploads\/2025\/07\/13dormillouse-10thibautblais-scaled.jpg\" data-glightbox=\"true\" class=\"lightbox-trigger\"><img decoding=\"async\" src=\"https:\/\/www.paysdesecrins.com\/wp-content\/uploads\/2025\/07\/13dormillouse-10thibautblais-scaled.jpg\" alt=\"\"><\/a><\/div><div class=\"splide__slide\"><a href=\"https:\/\/www.paysdesecrins.com\/wp-content\/uploads\/2025\/07\/131pne-ecureuil-pousterle-scaled.jpg\" data-glightbox=\"true\" class=\"lightbox-trigger\"><img decoding=\"async\" src=\"https:\/\/www.paysdesecrins.com\/wp-content\/uploads\/2025\/07\/131pne-ecureuil-pousterle-scaled.jpg\" alt=\"\"><\/a><\/div><div class=\"splide__slide\"><a href=\"https:\/\/www.paysdesecrins.com\/wp-content\/uploads\/2025\/07\/13parcnational-temoignage-bivouac-au-tuckett-6-scaled.jpg\" data-glightbox=\"true\" class=\"lightbox-trigger\"><img decoding=\"async\" src=\"https:\/\/www.paysdesecrins.com\/wp-content\/uploads\/2025\/07\/13parcnational-temoignage-bivouac-au-tuckett-6-scaled.jpg\" alt=\"\"><\/a><\/div><div class=\"splide__slide\"><a href=\"https:\/\/www.paysdesecrins.com\/wp-content\/uploads\/2025\/07\/13parcnational-lesbans-dsc00300-scaled.jpg\" data-glightbox=\"true\" class=\"lightbox-trigger\"><img decoding=\"async\" src=\"https:\/\/www.paysdesecrins.com\/wp-content\/uploads\/2025\/07\/13parcnational-lesbans-dsc00300-scaled.jpg\" alt=\"\"><\/a><\/div><div class=\"splide__slide\"><a href=\"https:\/\/www.paysdesecrins.com\/wp-content\/uploads\/2025\/07\/13parcnational-clapouse24-22-scaled.jpg\" data-glightbox=\"true\" class=\"lightbox-trigger\"><img decoding=\"async\" src=\"https:\/\/www.paysdesecrins.com\/wp-content\/uploads\/2025\/07\/13parcnational-clapouse24-22-scaled.jpg\" alt=\"\"><\/a><\/div><div class=\"splide__slide\"><a href=\"https:\/\/www.paysdesecrins.com\/wp-content\/uploads\/2025\/07\/13parcnational-thibautblais-chamois-a-ailefroide-10jpg-scaled.jpg\" data-glightbox=\"true\" class=\"lightbox-trigger\"><img decoding=\"async\" src=\"https:\/\/www.paysdesecrins.com\/wp-content\/uploads\/2025\/07\/13parcnational-thibautblais-chamois-a-ailefroide-10jpg-scaled.jpg\" alt=\"\"><\/a><\/div><div class=\"splide__slide\"><a href=\"https:\/\/www.paysdesecrins.com\/wp-content\/uploads\/2025\/07\/131pne-vallon-de-celse-niere-chamois-et-paysages-44-scaled.jpg\" data-glightbox=\"true\" class=\"lightbox-trigger\"><img decoding=\"async\" src=\"https:\/\/www.paysdesecrins.com\/wp-content\/uploads\/2025\/07\/131pne-vallon-de-celse-niere-chamois-et-paysages-44-scaled.jpg\" alt=\"\"><\/a><\/div><div class=\"splide__slide\"><a href=\"https:\/\/www.paysdesecrins.com\/wp-content\/uploads\/2025\/07\/131pne-eychauda-thibautblais-lac-de-leychauda-23-scaled.jpg\" data-glightbox=\"true\" class=\"lightbox-trigger\"><img decoding=\"async\" src=\"https:\/\/www.paysdesecrins.com\/wp-content\/uploads\/2025\/07\/131pne-eychauda-thibautblais-lac-de-leychauda-23-scaled.jpg\" alt=\"\"><\/a><\/div><div class=\"splide__slide\"><a href=\"https:\/\/www.paysdesecrins.com\/wp-content\/uploads\/2025\/07\/131pne-rogiervanrijn-refugedesbansdsc00778-scaled.jpg\" data-glightbox=\"true\" class=\"lightbox-trigger\"><img decoding=\"async\" src=\"https:\/\/www.paysdesecrins.com\/wp-content\/uploads\/2025\/07\/131pne-rogiervanrijn-refugedesbansdsc00778-scaled.jpg\" alt=\"\"><\/a><\/div><div class=\"splide__slide\"><a href=\"https:\/\/www.paysdesecrins.com\/wp-content\/uploads\/2025\/07\/131pne-chamois-pre-de-mme-carlethibautblais-scaled.jpg\" data-glightbox=\"true\" class=\"lightbox-trigger\"><img decoding=\"async\" src=\"https:\/\/www.paysdesecrins.com\/wp-content\/uploads\/2025\/07\/131pne-chamois-pre-de-mme-carlethibautblais-scaled.jpg\" alt=\"\"><\/a><\/div><div class=\"splide__slide\"><a href=\"https:\/\/www.paysdesecrins.com\/wp-content\/uploads\/2025\/07\/131pne-vallon-de-la-selle-l-aup-martin-58-scaled.jpg\" data-glightbox=\"true\" class=\"lightbox-trigger\"><img decoding=\"async\" src=\"https:\/\/www.paysdesecrins.com\/wp-content\/uploads\/2025\/07\/131pne-vallon-de-la-selle-l-aup-martin-58-scaled.jpg\" alt=\"\"><\/a><\/div><\/div><\/div><\/div><\/div>\n\n<div class=\"wp-block-ws-library-ws-share\"><span class=\"share-subtitle\">Ti \u00e8 piaciuta questa pagina?<\/span><span class=\"share-title\">Condividilo!<\/span><button class=\"ws-share-button wp-element-button\">Condividi questa pagina<\/button><\/div>\n","protected":false},"excerpt":{"rendered":"<p>Benvenuti in un mondo in cui ghiacciai, vette e foreste si mescolano per offrire una natura incontaminata e spettacolare. Scopri [&hellip;]<\/p>\n","protected":false},"author":4,"featured_media":71820,"parent":0,"menu_order":0,"comment_status":"closed","ping_status":"closed","template":"","meta":{"_thumbnail_id_2":0,"summer_excerpt":"","season":"","station":"","footnotes":""},"class_list":["post-71806","page","type-page","status-publish","has-post-thumbnail","hentry"],"yoast_head":"<!-- This site is optimized with the Yoast SEO plugin v27.3 - https:\/\/yoast.com\/product\/yoast-seo-wordpress\/ -->\n<title>Il Parco Nazionale degli \u00c9crins - Pays des \u00c9crins - Office de Tourisme<\/title>\n<meta name=\"robots\" content=\"index, follow, max-snippet:-1, max-image-preview:large, max-video-preview:-1\" \/>\n<link rel=\"canonical\" href=\"https:\/\/www.paysdesecrins.com\/it\/il-parco-nazionale-degli-ecrins\/\" \/>\n<meta property=\"og:locale\" content=\"it_IT\" \/>\n<meta property=\"og:type\" content=\"article\" \/>\n<meta property=\"og:title\" content=\"Il Parco Nazionale degli \u00c9crins - Pays des \u00c9crins - Office de Tourisme\" \/>\n<meta property=\"og:description\" content=\"Benvenuti in un mondo in cui ghiacciai, vette e foreste si mescolano per offrire una natura incontaminata e spettacolare. Scopri [&hellip;]\" \/>\n<meta property=\"og:url\" content=\"https:\/\/www.paysdesecrins.com\/it\/il-parco-nazionale-degli-ecrins\/\" \/>\n<meta property=\"og:site_name\" content=\"Pays des \u00c9crins - Office de Tourisme\" \/>\n<meta property=\"article:modified_time\" content=\"2025-08-20T13:55:03+00:00\" \/>\n<meta property=\"og:image\" content=\"https:\/\/www.paysdesecrins.com\/wp-content\/uploads\/2025\/08\/parc-logo-site.png\" \/>\n\t<meta property=\"og:image:width\" content=\"1748\" \/>\n\t<meta property=\"og:image:height\" content=\"2480\" \/>\n\t<meta property=\"og:image:type\" content=\"image\/png\" \/>\n<meta name=\"twitter:card\" content=\"summary_large_image\" \/>\n<meta name=\"twitter:label1\" content=\"Tempo di lettura stimato\" \/>\n\t<meta name=\"twitter:data1\" content=\"3 minuti\" \/>\n<script type=\"application\/ld+json\" class=\"yoast-schema-graph\">{\"@context\":\"https:\\\/\\\/schema.org\",\"@graph\":[{\"@type\":\"WebPage\",\"@id\":\"https:\\\/\\\/www.paysdesecrins.com\\\/it\\\/il-parco-nazionale-degli-ecrins\\\/\",\"url\":\"https:\\\/\\\/www.paysdesecrins.com\\\/it\\\/il-parco-nazionale-degli-ecrins\\\/\",\"name\":\"Il Parco Nazionale degli \u00c9crins - Pays des \u00c9crins - Office de Tourisme\",\"isPartOf\":{\"@id\":\"https:\\\/\\\/www.paysdesecrins.com\\\/it\\\/#website\"},\"primaryImageOfPage\":{\"@id\":\"https:\\\/\\\/www.paysdesecrins.com\\\/it\\\/il-parco-nazionale-degli-ecrins\\\/#primaryimage\"},\"image\":{\"@id\":\"https:\\\/\\\/www.paysdesecrins.com\\\/it\\\/il-parco-nazionale-degli-ecrins\\\/#primaryimage\"},\"thumbnailUrl\":\"https:\\\/\\\/www.paysdesecrins.com\\\/wp-content\\\/uploads\\\/2025\\\/08\\\/parc-logo-site.png\",\"datePublished\":\"2025-08-07T12:20:24+00:00\",\"dateModified\":\"2025-08-20T13:55:03+00:00\",\"breadcrumb\":{\"@id\":\"https:\\\/\\\/www.paysdesecrins.com\\\/it\\\/il-parco-nazionale-degli-ecrins\\\/#breadcrumb\"},\"inLanguage\":\"it-IT\",\"potentialAction\":[{\"@type\":\"ReadAction\",\"target\":[\"https:\\\/\\\/www.paysdesecrins.com\\\/it\\\/il-parco-nazionale-degli-ecrins\\\/\"]}]},{\"@type\":\"ImageObject\",\"inLanguage\":\"it-IT\",\"@id\":\"https:\\\/\\\/www.paysdesecrins.com\\\/it\\\/il-parco-nazionale-degli-ecrins\\\/#primaryimage\",\"url\":\"https:\\\/\\\/www.paysdesecrins.com\\\/wp-content\\\/uploads\\\/2025\\\/08\\\/parc-logo-site.png\",\"contentUrl\":\"https:\\\/\\\/www.paysdesecrins.com\\\/wp-content\\\/uploads\\\/2025\\\/08\\\/parc-logo-site.png\",\"width\":1748,\"height\":2480},{\"@type\":\"BreadcrumbList\",\"@id\":\"https:\\\/\\\/www.paysdesecrins.com\\\/it\\\/il-parco-nazionale-degli-ecrins\\\/#breadcrumb\",\"itemListElement\":[{\"@type\":\"ListItem\",\"position\":1,\"name\":\"Accueil\",\"item\":\"https:\\\/\\\/www.paysdesecrins.com\\\/it\\\/il-titolo-della-casa\\\/\"},{\"@type\":\"ListItem\",\"position\":2,\"name\":\"Il Parco Nazionale degli \u00c9crins\"}]},{\"@type\":\"WebSite\",\"@id\":\"https:\\\/\\\/www.paysdesecrins.com\\\/it\\\/#website\",\"url\":\"https:\\\/\\\/www.paysdesecrins.com\\\/it\\\/\",\"name\":\"Pays des \u00c9crins - Office de Tourisme\",\"description\":\"L&#039;esprit montagne\",\"publisher\":{\"@id\":\"https:\\\/\\\/www.paysdesecrins.com\\\/it\\\/#organization\"},\"potentialAction\":[{\"@type\":\"SearchAction\",\"target\":{\"@type\":\"EntryPoint\",\"urlTemplate\":\"https:\\\/\\\/www.paysdesecrins.com\\\/it\\\/?s={search_term_string}\"},\"query-input\":{\"@type\":\"PropertyValueSpecification\",\"valueRequired\":true,\"valueName\":\"search_term_string\"}}],\"inLanguage\":\"it-IT\"},{\"@type\":\"Organization\",\"@id\":\"https:\\\/\\\/www.paysdesecrins.com\\\/it\\\/#organization\",\"name\":\"Pays des \u00c9crins - Office de Tourisme\",\"url\":\"https:\\\/\\\/www.paysdesecrins.com\\\/it\\\/\",\"logo\":{\"@type\":\"ImageObject\",\"inLanguage\":\"it-IT\",\"@id\":\"https:\\\/\\\/www.paysdesecrins.com\\\/it\\\/#\\\/schema\\\/logo\\\/image\\\/\",\"url\":\"https:\\\/\\\/www.paysdesecrins.com\\\/wp-content\\\/uploads\\\/2025\\\/06\\\/devina-svg-1750845694.svg\",\"contentUrl\":\"https:\\\/\\\/www.paysdesecrins.com\\\/wp-content\\\/uploads\\\/2025\\\/06\\\/devina-svg-1750845694.svg\",\"caption\":\"Pays des \u00c9crins - Office de Tourisme\"},\"image\":{\"@id\":\"https:\\\/\\\/www.paysdesecrins.com\\\/it\\\/#\\\/schema\\\/logo\\\/image\\\/\"}}]}<\/script>\n<!-- \/ Yoast SEO plugin. -->","yoast_head_json":{"title":"Il Parco Nazionale degli \u00c9crins - Pays des \u00c9crins - Office de Tourisme","robots":{"index":"index","follow":"follow","max-snippet":"max-snippet:-1","max-image-preview":"max-image-preview:large","max-video-preview":"max-video-preview:-1"},"canonical":"https:\/\/www.paysdesecrins.com\/it\/il-parco-nazionale-degli-ecrins\/","og_locale":"it_IT","og_type":"article","og_title":"Il Parco Nazionale degli \u00c9crins - Pays des \u00c9crins - Office de Tourisme","og_description":"Benvenuti in un mondo in cui ghiacciai, vette e foreste si mescolano per offrire una natura incontaminata e spettacolare. Scopri [&hellip;]","og_url":"https:\/\/www.paysdesecrins.com\/it\/il-parco-nazionale-degli-ecrins\/","og_site_name":"Pays des \u00c9crins - Office de Tourisme","article_modified_time":"2025-08-20T13:55:03+00:00","og_image":[{"width":1748,"height":2480,"url":"https:\/\/www.paysdesecrins.com\/wp-content\/uploads\/2025\/08\/parc-logo-site.png","type":"image\/png"}],"twitter_card":"summary_large_image","twitter_misc":{"Tempo di lettura stimato":"3 minuti"},"schema":{"@context":"https:\/\/schema.org","@graph":[{"@type":"WebPage","@id":"https:\/\/www.paysdesecrins.com\/it\/il-parco-nazionale-degli-ecrins\/","url":"https:\/\/www.paysdesecrins.com\/it\/il-parco-nazionale-degli-ecrins\/","name":"Il Parco Nazionale degli \u00c9crins - Pays des \u00c9crins - Office de Tourisme","isPartOf":{"@id":"https:\/\/www.paysdesecrins.com\/it\/#website"},"primaryImageOfPage":{"@id":"https:\/\/www.paysdesecrins.com\/it\/il-parco-nazionale-degli-ecrins\/#primaryimage"},"image":{"@id":"https:\/\/www.paysdesecrins.com\/it\/il-parco-nazionale-degli-ecrins\/#primaryimage"},"thumbnailUrl":"https:\/\/www.paysdesecrins.com\/wp-content\/uploads\/2025\/08\/parc-logo-site.png","datePublished":"2025-08-07T12:20:24+00:00","dateModified":"2025-08-20T13:55:03+00:00","breadcrumb":{"@id":"https:\/\/www.paysdesecrins.com\/it\/il-parco-nazionale-degli-ecrins\/#breadcrumb"},"inLanguage":"it-IT","potentialAction":[{"@type":"ReadAction","target":["https:\/\/www.paysdesecrins.com\/it\/il-parco-nazionale-degli-ecrins\/"]}]},{"@type":"ImageObject","inLanguage":"it-IT","@id":"https:\/\/www.paysdesecrins.com\/it\/il-parco-nazionale-degli-ecrins\/#primaryimage","url":"https:\/\/www.paysdesecrins.com\/wp-content\/uploads\/2025\/08\/parc-logo-site.png","contentUrl":"https:\/\/www.paysdesecrins.com\/wp-content\/uploads\/2025\/08\/parc-logo-site.png","width":1748,"height":2480},{"@type":"BreadcrumbList","@id":"https:\/\/www.paysdesecrins.com\/it\/il-parco-nazionale-degli-ecrins\/#breadcrumb","itemListElement":[{"@type":"ListItem","position":1,"name":"Accueil","item":"https:\/\/www.paysdesecrins.com\/it\/il-titolo-della-casa\/"},{"@type":"ListItem","position":2,"name":"Il Parco Nazionale degli \u00c9crins"}]},{"@type":"WebSite","@id":"https:\/\/www.paysdesecrins.com\/it\/#website","url":"https:\/\/www.paysdesecrins.com\/it\/","name":"Pays des \u00c9crins - Office de Tourisme","description":"L&#039;esprit montagne","publisher":{"@id":"https:\/\/www.paysdesecrins.com\/it\/#organization"},"potentialAction":[{"@type":"SearchAction","target":{"@type":"EntryPoint","urlTemplate":"https:\/\/www.paysdesecrins.com\/it\/?s={search_term_string}"},"query-input":{"@type":"PropertyValueSpecification","valueRequired":true,"valueName":"search_term_string"}}],"inLanguage":"it-IT"},{"@type":"Organization","@id":"https:\/\/www.paysdesecrins.com\/it\/#organization","name":"Pays des \u00c9crins - Office de Tourisme","url":"https:\/\/www.paysdesecrins.com\/it\/","logo":{"@type":"ImageObject","inLanguage":"it-IT","@id":"https:\/\/www.paysdesecrins.com\/it\/#\/schema\/logo\/image\/","url":"https:\/\/www.paysdesecrins.com\/wp-content\/uploads\/2025\/06\/devina-svg-1750845694.svg","contentUrl":"https:\/\/www.paysdesecrins.com\/wp-content\/uploads\/2025\/06\/devina-svg-1750845694.svg","caption":"Pays des \u00c9crins - Office de Tourisme"},"image":{"@id":"https:\/\/www.paysdesecrins.com\/it\/#\/schema\/logo\/image\/"}}]}},"_links":{"self":[{"href":"https:\/\/www.paysdesecrins.com\/it\/wp-json\/wp\/v2\/pages\/71806","targetHints":{"allow":["GET"]}}],"collection":[{"href":"https:\/\/www.paysdesecrins.com\/it\/wp-json\/wp\/v2\/pages"}],"about":[{"href":"https:\/\/www.paysdesecrins.com\/it\/wp-json\/wp\/v2\/types\/page"}],"author":[{"embeddable":true,"href":"https:\/\/www.paysdesecrins.com\/it\/wp-json\/wp\/v2\/users\/4"}],"replies":[{"embeddable":true,"href":"https:\/\/www.paysdesecrins.com\/it\/wp-json\/wp\/v2\/comments?post=71806"}],"version-history":[{"count":2,"href":"https:\/\/www.paysdesecrins.com\/it\/wp-json\/wp\/v2\/pages\/71806\/revisions"}],"predecessor-version":[{"id":103531,"href":"https:\/\/www.paysdesecrins.com\/it\/wp-json\/wp\/v2\/pages\/71806\/revisions\/103531"}],"wp:featuredmedia":[{"embeddable":true,"href":"https:\/\/www.paysdesecrins.com\/it\/wp-json\/wp\/v2\/media\/71820"}],"wp:attachment":[{"href":"https:\/\/www.paysdesecrins.com\/it\/wp-json\/wp\/v2\/media?parent=71806"}],"curies":[{"name":"wp","href":"https:\/\/api.w.org\/{rel}","templated":true}]}}