{"id":82006,"date":"2025-07-31T12:24:32","date_gmt":"2025-07-31T10:24:32","guid":{"rendered":"https:\/\/www.paysdesecrins.com\/grandi-eventi-nel-pays-des-ecrins\/giornate-mondiali-della-neve-gennaio\/"},"modified":"2025-08-20T15:58:52","modified_gmt":"2025-08-20T13:58:52","slug":"giornate-mondiali-della-neve-gennaio","status":"publish","type":"page","link":"https:\/\/www.paysdesecrins.com\/it\/grandi-eventi-nel-pays-des-ecrins\/giornate-mondiali-della-neve-gennaio\/","title":{"rendered":"Giornate mondiali della neve \u2013 gennaio"},"content":{"rendered":"    <div class=\"alignfull wp-block-ws-library-ws-header-interne\">\n\t    <div class=\"header-container\">\n\t        <div class=\"group-media has-image\">\n\t            \t                <img loading=\"lazy\" decoding=\"async\" width=\"1200\" height=\"675\" src=\"https:\/\/www.paysdesecrins.com\/wp-content\/uploads\/2025\/07\/b3.jpg\" alt=\"\" class=\"image_large_square wp-image-51833\" srcset=\"https:\/\/www.paysdesecrins.com\/wp-content\/uploads\/2025\/07\/b3.jpg 1200w, https:\/\/www.paysdesecrins.com\/wp-content\/uploads\/2025\/07\/b3-300x169.jpg 300w, https:\/\/www.paysdesecrins.com\/wp-content\/uploads\/2025\/07\/b3-1024x576.jpg 1024w, https:\/\/www.paysdesecrins.com\/wp-content\/uploads\/2025\/07\/b3-768x432.jpg 768w, https:\/\/www.paysdesecrins.com\/wp-content\/uploads\/2025\/07\/b3-960x540.jpg 960w\" sizes=\"auto, (max-width: 1200px) 100vw, 1200px\" \/>\n\t            \t        <\/div>\n\t        <div class=\"group-content\">\n\t            <div class=\"title\">\n\t                <h1>\n\t                    Giornate Mondiali della Neve \u2013\t                    \t                        Gennaio\t                    \t                <\/h1>\n\t            <\/div>\n\t        <\/div>\n\t    <\/div>\n\t    \n<div class=\"yoast-breadcrumbs\"><span><span><a href=\"https:\/\/www.paysdesecrins.com\/it\/il-titolo-della-casa\/\">Accueil<\/a><\/span>  <span><a href=\"https:\/\/www.paysdesecrins.com\/it\/grandi-eventi-nel-pays-des-ecrins\/\">Grandi eventi nel Pays des Ecrins<\/a><\/span>  <span class=\"breadcrumb_last\" aria-current=\"page\">Giornate mondiali della neve \u2013 gennaio<\/span><\/span><\/div>\n    <\/div>\n    \n<div class=\"wp-block-ws-library-ws-title aligncenter is-style-simple\"><h2><em><em><strong>Giornate mondiali della neve<\/strong><\/em><\/em><strong>Venite a festeggiare lo sci a Pelvoux-Vallouise!<\/strong><\/h2><\/div>\n\n<p>Appassionati di sport sulla neve, preparatevi per un weekend indimenticabile! A gennaio, la localit\u00e0 di <strong>Pelvoux-Vallouise<\/strong> ospita le <strong>Giornate Mondiali della Neve<\/strong>, un evento internazionale dedicato alla scoperta dello sci e all&#8217;atmosfera unica degli sci club. Questo festival della neve, aperto a tutti, promette momenti conviviali e sportivi da condividere con la famiglia o gli amici.  <\/p>\n\n<p><strong>Un ricco programma per grandi e piccini<\/strong><\/p>\n\n<ul class=\"wp-block-list\">\n<li><strong>Pelvoux-Vallouise<\/strong> fa di tutto e propone una variet\u00e0 di attivit\u00e0 adatte a tutte le et\u00e0 e a tutti i livelli (laboratori gratuiti):<\/li>\n\n\n\n<li><strong>Slalom parallelo per famiglie \u2013 Puy Aillaud<\/strong> : mettiti alla prova con la tua famiglia su un percorso divertente e vivi l&#8217;adrenalina di una vera competizione!<\/li>\n\n\n\n<li><strong>Slalom gigante cronometrato<\/strong> <strong>\u2013 Piste de l&#8217;Alp<\/strong> : metti alla prova la tua velocit\u00e0 e la tua tecnica su un percorso pensato per gli amanti del brivido.<\/li>\n\n\n\n<li><strong>Divertente corso di sci per bambini \u2013 Impianto di risalita Freyssinet<\/strong> : i pi\u00f9 piccoli potranno divertirsi mentre sviluppano le loro abilit\u00e0 sulla neve in un ambiente sicuro.<\/li>\n\n\n\n<li><strong>DVA Workshop \u2013 Fronte neve del resort<\/strong> : scopri l&#8217;uso dei rilevatori di vittime di valanghe durante un workshop pratico, condotto da professionisti.<\/li>\n\n\n\n<li><strong>SNOOC discovery workshop \u2013 Pista Ch\u00e2teau d&#8217;Eau <\/strong>: prova questa disciplina innovativa, un mix tra slittino e sci, per discese originali e divertenti!<\/li>\n\n\n\n<li><strong>Ingresso all&#8217;igloo di Pelvoo \u2013 Fronte neve <\/strong>: immergiti in un mondo magico visitando questo magico igloo che stupir\u00e0 grandi e piccini.<br\/>Potrete inoltre approfittare di un <strong>workshop di biathlon<\/strong> sul fronte neve, di un <strong>workshop di massaggi a pagamento<\/strong> in loco e <strong>di sconti nei nostri ristoranti partner<\/strong> .<\/li>\n<\/ul>\n\n<div class=\"wp-block-ws-library-ws-image\"><div class=\"wrapper\"><div class=\"group-media\"><img decoding=\"async\" src=\"https:\/\/www.paysdesecrins.com\/wp-content\/uploads\/2025\/07\/b6-960x640.jpg\" alt=\"\" class=\"single_image ws-image-51852\"><div class=\"credits\"><\/div><\/div><p class=\"caption\"><\/p><\/div><\/div>\n\n<p><strong>Un&#8217;atmosfera da sci club alla portata di tutti<\/strong><br\/>Le Giornate Mondiali della Neve sono l&#8217;occasione perfetta per immergersi nella calda atmosfera degli sci club. Potrai parlare con gli appassionati, scoprire il backstage degli allenamenti e soprattutto condividere il piacere di sciare in un&#8217;atmosfera festosa e rilassata. <br\/><br\/><strong>Un autentico resort nel cuore degli \u00c9crins<\/strong><br\/>Con il suo eccezionale ambiente naturale e il suo fascino autentico, <strong>Pelvoux-Vallouise<\/strong> \u00e8 la destinazione ideale per celebrare la neve e gli sport invernali. Immerso nel cuore del Parco Nazionale degli \u00c9crins, questo resort per famiglie offre un parco giochi perfetto per gli amanti della montagna. <\/p>\n\n<p>Non perdere questa occasione unica per scoprire o riscoprire la gioia dello sci e del mondo degli sci club. Che tu sia un principiante o un esperto, un bambino o un adulto, le <strong>Giornate Mondiali della Neve<\/strong> ti promettono momenti di condivisione e divertimento sulle piste di <strong>Pelvoux-Vallouise<\/strong>. Quindi, tirate fuori le mute, indossate gli sci e unitevi a noi per celebrare la neve come mai prima d&#8217;ora!  <\/p>\n\n<div class=\"wp-block-ws-library-ws-slider alignwide\"><div class=\"splide\" data-splide=\"{\"type\":\"slide\",\"heightRatio\":\"auto\",\"perPage\":4,\"perMove\":1,\"drag\":true,\"pagination\":0,\"autoplay\":false,\"gap\":\"15px\",\"breakpoints\":{\"450\":{\"perPage\":1},\"768\":{\"perPage\":2},\"992\":{\"perPage\":3},\"1200\":{\"perPage\":4}}}\"><div class=\"splide__track\"><div class=\"splide__list\"><div class=\"splide__slide\"><a href=\"https:\/\/www.paysdesecrins.com\/wp-content\/uploads\/2025\/07\/1734089721-1546135540.jpg\" data-glightbox=\"true\" class=\"lightbox-trigger\"><img decoding=\"async\" src=\"https:\/\/www.paysdesecrins.com\/wp-content\/uploads\/2025\/07\/1734089721-1546135540.jpg\" alt=\"\"><\/a><\/div><div class=\"splide__slide\"><a href=\"https:\/\/www.paysdesecrins.com\/wp-content\/uploads\/2025\/07\/b1.jpg\" data-glightbox=\"true\" class=\"lightbox-trigger\"><img decoding=\"async\" src=\"https:\/\/www.paysdesecrins.com\/wp-content\/uploads\/2025\/07\/b1.jpg\" alt=\"\"><\/a><\/div><div class=\"splide__slide\"><a href=\"https:\/\/www.paysdesecrins.com\/wp-content\/uploads\/2025\/07\/b4-1.jpg\" data-glightbox=\"true\" class=\"lightbox-trigger\"><img decoding=\"async\" src=\"https:\/\/www.paysdesecrins.com\/wp-content\/uploads\/2025\/07\/b4-1.jpg\" alt=\"\"><\/a><\/div><div class=\"splide__slide\"><a href=\"https:\/\/www.paysdesecrins.com\/wp-content\/uploads\/2025\/07\/b8.jpg\" data-glightbox=\"true\" class=\"lightbox-trigger\"><img decoding=\"async\" src=\"https:\/\/www.paysdesecrins.com\/wp-content\/uploads\/2025\/07\/b8.jpg\" alt=\"\"><\/a><\/div><\/div><\/div><\/div><\/div>\n\n<div class=\"wp-block-ws-library-ws-share\"><span class=\"share-subtitle\">Ti \u00e8 piaciuta questa pagina?<\/span><span class=\"share-title\">Condividilo!<\/span><button class=\"ws-share-button wp-element-button\">Condividi questa pagina<\/button><\/div>\n","protected":false},"excerpt":{"rendered":"<p>Appassionati di sport sulla neve, preparatevi per un weekend indimenticabile! A gennaio, la localit\u00e0 di Pelvoux-Vallouise ospita le Giornate Mondiali [&hellip;]<\/p>\n","protected":false},"author":9,"featured_media":140863,"parent":45934,"menu_order":0,"comment_status":"closed","ping_status":"closed","template":"","meta":{"_thumbnail_id_2":0,"summer_excerpt":"","season":"","station":"","footnotes":""},"class_list":["post-82006","page","type-page","status-publish","has-post-thumbnail","hentry"],"yoast_head":"<!-- This site is optimized with the Yoast SEO plugin v27.3 - https:\/\/yoast.com\/product\/yoast-seo-wordpress\/ -->\n<title>Giornate mondiali della neve - gennaio - Pays des \u00c9crins - Office de Tourisme<\/title>\n<meta name=\"robots\" content=\"index, follow, max-snippet:-1, max-image-preview:large, max-video-preview:-1\" \/>\n<link rel=\"canonical\" href=\"https:\/\/www.paysdesecrins.com\/it\/grandi-eventi-nel-pays-des-ecrins\/giornate-mondiali-della-neve-gennaio\/\" \/>\n<meta property=\"og:locale\" content=\"it_IT\" \/>\n<meta property=\"og:type\" content=\"article\" \/>\n<meta property=\"og:title\" content=\"Giornate mondiali della neve - gennaio - Pays des \u00c9crins - Office de Tourisme\" \/>\n<meta property=\"og:description\" content=\"Appassionati di sport sulla neve, preparatevi per un weekend indimenticabile! A gennaio, la localit\u00e0 di Pelvoux-Vallouise ospita le Giornate Mondiali [&hellip;]\" \/>\n<meta property=\"og:url\" content=\"https:\/\/www.paysdesecrins.com\/it\/grandi-eventi-nel-pays-des-ecrins\/giornate-mondiali-della-neve-gennaio\/\" \/>\n<meta property=\"og:site_name\" content=\"Pays des \u00c9crins - Office de Tourisme\" \/>\n<meta property=\"article:modified_time\" content=\"2025-08-20T13:58:52+00:00\" \/>\n<meta property=\"og:image\" content=\"https:\/\/www.paysdesecrins.com\/wp-content\/uploads\/2025\/07\/b3.jpg\" \/>\n\t<meta property=\"og:image:width\" content=\"1200\" \/>\n\t<meta property=\"og:image:height\" content=\"675\" \/>\n\t<meta property=\"og:image:type\" content=\"image\/jpeg\" \/>\n<meta name=\"twitter:card\" content=\"summary_large_image\" \/>\n<meta name=\"twitter:label1\" content=\"Tempo di lettura stimato\" \/>\n\t<meta name=\"twitter:data1\" content=\"2 minuti\" \/>\n<script type=\"application\/ld+json\" class=\"yoast-schema-graph\">{\"@context\":\"https:\\\/\\\/schema.org\",\"@graph\":[{\"@type\":\"WebPage\",\"@id\":\"https:\\\/\\\/www.paysdesecrins.com\\\/it\\\/grandi-eventi-nel-pays-des-ecrins\\\/giornate-mondiali-della-neve-gennaio\\\/\",\"url\":\"https:\\\/\\\/www.paysdesecrins.com\\\/it\\\/grandi-eventi-nel-pays-des-ecrins\\\/giornate-mondiali-della-neve-gennaio\\\/\",\"name\":\"Giornate mondiali della neve - gennaio - Pays des \u00c9crins - Office de Tourisme\",\"isPartOf\":{\"@id\":\"https:\\\/\\\/www.paysdesecrins.com\\\/it\\\/#website\"},\"primaryImageOfPage\":{\"@id\":\"https:\\\/\\\/www.paysdesecrins.com\\\/it\\\/grandi-eventi-nel-pays-des-ecrins\\\/giornate-mondiali-della-neve-gennaio\\\/#primaryimage\"},\"image\":{\"@id\":\"https:\\\/\\\/www.paysdesecrins.com\\\/it\\\/grandi-eventi-nel-pays-des-ecrins\\\/giornate-mondiali-della-neve-gennaio\\\/#primaryimage\"},\"thumbnailUrl\":\"https:\\\/\\\/www.paysdesecrins.com\\\/wp-content\\\/uploads\\\/2025\\\/11\\\/affiche-wsd-2026-vallouise-pelvoux-light-v3-page-0001.jpg\",\"datePublished\":\"2025-07-31T10:24:32+00:00\",\"dateModified\":\"2025-08-20T13:58:52+00:00\",\"breadcrumb\":{\"@id\":\"https:\\\/\\\/www.paysdesecrins.com\\\/it\\\/grandi-eventi-nel-pays-des-ecrins\\\/giornate-mondiali-della-neve-gennaio\\\/#breadcrumb\"},\"inLanguage\":\"it-IT\",\"potentialAction\":[{\"@type\":\"ReadAction\",\"target\":[\"https:\\\/\\\/www.paysdesecrins.com\\\/it\\\/grandi-eventi-nel-pays-des-ecrins\\\/giornate-mondiali-della-neve-gennaio\\\/\"]}]},{\"@type\":\"ImageObject\",\"inLanguage\":\"it-IT\",\"@id\":\"https:\\\/\\\/www.paysdesecrins.com\\\/it\\\/grandi-eventi-nel-pays-des-ecrins\\\/giornate-mondiali-della-neve-gennaio\\\/#primaryimage\",\"url\":\"https:\\\/\\\/www.paysdesecrins.com\\\/wp-content\\\/uploads\\\/2025\\\/11\\\/affiche-wsd-2026-vallouise-pelvoux-light-v3-page-0001.jpg\",\"contentUrl\":\"https:\\\/\\\/www.paysdesecrins.com\\\/wp-content\\\/uploads\\\/2025\\\/11\\\/affiche-wsd-2026-vallouise-pelvoux-light-v3-page-0001.jpg\",\"width\":1241,\"height\":1754},{\"@type\":\"BreadcrumbList\",\"@id\":\"https:\\\/\\\/www.paysdesecrins.com\\\/it\\\/grandi-eventi-nel-pays-des-ecrins\\\/giornate-mondiali-della-neve-gennaio\\\/#breadcrumb\",\"itemListElement\":[{\"@type\":\"ListItem\",\"position\":1,\"name\":\"Accueil\",\"item\":\"https:\\\/\\\/www.paysdesecrins.com\\\/it\\\/il-titolo-della-casa\\\/\"},{\"@type\":\"ListItem\",\"position\":2,\"name\":\"Grandi eventi nel Pays des Ecrins\",\"item\":\"https:\\\/\\\/www.paysdesecrins.com\\\/it\\\/grandi-eventi-nel-pays-des-ecrins\\\/\"},{\"@type\":\"ListItem\",\"position\":3,\"name\":\"Giornate mondiali della neve \u2013 gennaio\"}]},{\"@type\":\"WebSite\",\"@id\":\"https:\\\/\\\/www.paysdesecrins.com\\\/it\\\/#website\",\"url\":\"https:\\\/\\\/www.paysdesecrins.com\\\/it\\\/\",\"name\":\"Pays des \u00c9crins - Office de Tourisme\",\"description\":\"L&#039;esprit montagne\",\"publisher\":{\"@id\":\"https:\\\/\\\/www.paysdesecrins.com\\\/it\\\/#organization\"},\"potentialAction\":[{\"@type\":\"SearchAction\",\"target\":{\"@type\":\"EntryPoint\",\"urlTemplate\":\"https:\\\/\\\/www.paysdesecrins.com\\\/it\\\/?s={search_term_string}\"},\"query-input\":{\"@type\":\"PropertyValueSpecification\",\"valueRequired\":true,\"valueName\":\"search_term_string\"}}],\"inLanguage\":\"it-IT\"},{\"@type\":\"Organization\",\"@id\":\"https:\\\/\\\/www.paysdesecrins.com\\\/it\\\/#organization\",\"name\":\"Pays des \u00c9crins - Office de Tourisme\",\"url\":\"https:\\\/\\\/www.paysdesecrins.com\\\/it\\\/\",\"logo\":{\"@type\":\"ImageObject\",\"inLanguage\":\"it-IT\",\"@id\":\"https:\\\/\\\/www.paysdesecrins.com\\\/it\\\/#\\\/schema\\\/logo\\\/image\\\/\",\"url\":\"https:\\\/\\\/www.paysdesecrins.com\\\/wp-content\\\/uploads\\\/2025\\\/06\\\/devina-svg-1750845694.svg\",\"contentUrl\":\"https:\\\/\\\/www.paysdesecrins.com\\\/wp-content\\\/uploads\\\/2025\\\/06\\\/devina-svg-1750845694.svg\",\"caption\":\"Pays des \u00c9crins - Office de Tourisme\"},\"image\":{\"@id\":\"https:\\\/\\\/www.paysdesecrins.com\\\/it\\\/#\\\/schema\\\/logo\\\/image\\\/\"}}]}<\/script>\n<!-- \/ Yoast SEO plugin. -->","yoast_head_json":{"title":"Giornate mondiali della neve - gennaio - Pays des \u00c9crins - Office de Tourisme","robots":{"index":"index","follow":"follow","max-snippet":"max-snippet:-1","max-image-preview":"max-image-preview:large","max-video-preview":"max-video-preview:-1"},"canonical":"https:\/\/www.paysdesecrins.com\/it\/grandi-eventi-nel-pays-des-ecrins\/giornate-mondiali-della-neve-gennaio\/","og_locale":"it_IT","og_type":"article","og_title":"Giornate mondiali della neve - gennaio - Pays des \u00c9crins - Office de Tourisme","og_description":"Appassionati di sport sulla neve, preparatevi per un weekend indimenticabile! A gennaio, la localit\u00e0 di Pelvoux-Vallouise ospita le Giornate Mondiali [&hellip;]","og_url":"https:\/\/www.paysdesecrins.com\/it\/grandi-eventi-nel-pays-des-ecrins\/giornate-mondiali-della-neve-gennaio\/","og_site_name":"Pays des \u00c9crins - Office de Tourisme","article_modified_time":"2025-08-20T13:58:52+00:00","og_image":[{"width":1200,"height":675,"url":"https:\/\/www.paysdesecrins.com\/wp-content\/uploads\/2025\/07\/b3.jpg","type":"image\/jpeg"}],"twitter_card":"summary_large_image","twitter_misc":{"Tempo di lettura stimato":"2 minuti"},"schema":{"@context":"https:\/\/schema.org","@graph":[{"@type":"WebPage","@id":"https:\/\/www.paysdesecrins.com\/it\/grandi-eventi-nel-pays-des-ecrins\/giornate-mondiali-della-neve-gennaio\/","url":"https:\/\/www.paysdesecrins.com\/it\/grandi-eventi-nel-pays-des-ecrins\/giornate-mondiali-della-neve-gennaio\/","name":"Giornate mondiali della neve - gennaio - Pays des \u00c9crins - Office de Tourisme","isPartOf":{"@id":"https:\/\/www.paysdesecrins.com\/it\/#website"},"primaryImageOfPage":{"@id":"https:\/\/www.paysdesecrins.com\/it\/grandi-eventi-nel-pays-des-ecrins\/giornate-mondiali-della-neve-gennaio\/#primaryimage"},"image":{"@id":"https:\/\/www.paysdesecrins.com\/it\/grandi-eventi-nel-pays-des-ecrins\/giornate-mondiali-della-neve-gennaio\/#primaryimage"},"thumbnailUrl":"https:\/\/www.paysdesecrins.com\/wp-content\/uploads\/2025\/11\/affiche-wsd-2026-vallouise-pelvoux-light-v3-page-0001.jpg","datePublished":"2025-07-31T10:24:32+00:00","dateModified":"2025-08-20T13:58:52+00:00","breadcrumb":{"@id":"https:\/\/www.paysdesecrins.com\/it\/grandi-eventi-nel-pays-des-ecrins\/giornate-mondiali-della-neve-gennaio\/#breadcrumb"},"inLanguage":"it-IT","potentialAction":[{"@type":"ReadAction","target":["https:\/\/www.paysdesecrins.com\/it\/grandi-eventi-nel-pays-des-ecrins\/giornate-mondiali-della-neve-gennaio\/"]}]},{"@type":"ImageObject","inLanguage":"it-IT","@id":"https:\/\/www.paysdesecrins.com\/it\/grandi-eventi-nel-pays-des-ecrins\/giornate-mondiali-della-neve-gennaio\/#primaryimage","url":"https:\/\/www.paysdesecrins.com\/wp-content\/uploads\/2025\/11\/affiche-wsd-2026-vallouise-pelvoux-light-v3-page-0001.jpg","contentUrl":"https:\/\/www.paysdesecrins.com\/wp-content\/uploads\/2025\/11\/affiche-wsd-2026-vallouise-pelvoux-light-v3-page-0001.jpg","width":1241,"height":1754},{"@type":"BreadcrumbList","@id":"https:\/\/www.paysdesecrins.com\/it\/grandi-eventi-nel-pays-des-ecrins\/giornate-mondiali-della-neve-gennaio\/#breadcrumb","itemListElement":[{"@type":"ListItem","position":1,"name":"Accueil","item":"https:\/\/www.paysdesecrins.com\/it\/il-titolo-della-casa\/"},{"@type":"ListItem","position":2,"name":"Grandi eventi nel Pays des Ecrins","item":"https:\/\/www.paysdesecrins.com\/it\/grandi-eventi-nel-pays-des-ecrins\/"},{"@type":"ListItem","position":3,"name":"Giornate mondiali della neve \u2013 gennaio"}]},{"@type":"WebSite","@id":"https:\/\/www.paysdesecrins.com\/it\/#website","url":"https:\/\/www.paysdesecrins.com\/it\/","name":"Pays des \u00c9crins - Office de Tourisme","description":"L&#039;esprit montagne","publisher":{"@id":"https:\/\/www.paysdesecrins.com\/it\/#organization"},"potentialAction":[{"@type":"SearchAction","target":{"@type":"EntryPoint","urlTemplate":"https:\/\/www.paysdesecrins.com\/it\/?s={search_term_string}"},"query-input":{"@type":"PropertyValueSpecification","valueRequired":true,"valueName":"search_term_string"}}],"inLanguage":"it-IT"},{"@type":"Organization","@id":"https:\/\/www.paysdesecrins.com\/it\/#organization","name":"Pays des \u00c9crins - Office de Tourisme","url":"https:\/\/www.paysdesecrins.com\/it\/","logo":{"@type":"ImageObject","inLanguage":"it-IT","@id":"https:\/\/www.paysdesecrins.com\/it\/#\/schema\/logo\/image\/","url":"https:\/\/www.paysdesecrins.com\/wp-content\/uploads\/2025\/06\/devina-svg-1750845694.svg","contentUrl":"https:\/\/www.paysdesecrins.com\/wp-content\/uploads\/2025\/06\/devina-svg-1750845694.svg","caption":"Pays des \u00c9crins - Office de Tourisme"},"image":{"@id":"https:\/\/www.paysdesecrins.com\/it\/#\/schema\/logo\/image\/"}}]}},"_links":{"self":[{"href":"https:\/\/www.paysdesecrins.com\/it\/wp-json\/wp\/v2\/pages\/82006","targetHints":{"allow":["GET"]}}],"collection":[{"href":"https:\/\/www.paysdesecrins.com\/it\/wp-json\/wp\/v2\/pages"}],"about":[{"href":"https:\/\/www.paysdesecrins.com\/it\/wp-json\/wp\/v2\/types\/page"}],"author":[{"embeddable":true,"href":"https:\/\/www.paysdesecrins.com\/it\/wp-json\/wp\/v2\/users\/9"}],"replies":[{"embeddable":true,"href":"https:\/\/www.paysdesecrins.com\/it\/wp-json\/wp\/v2\/comments?post=82006"}],"version-history":[{"count":3,"href":"https:\/\/www.paysdesecrins.com\/it\/wp-json\/wp\/v2\/pages\/82006\/revisions"}],"predecessor-version":[{"id":103588,"href":"https:\/\/www.paysdesecrins.com\/it\/wp-json\/wp\/v2\/pages\/82006\/revisions\/103588"}],"up":[{"embeddable":true,"href":"https:\/\/www.paysdesecrins.com\/it\/wp-json\/wp\/v2\/pages\/45934"}],"wp:featuredmedia":[{"embeddable":true,"href":"https:\/\/www.paysdesecrins.com\/it\/wp-json\/wp\/v2\/media\/140863"}],"wp:attachment":[{"href":"https:\/\/www.paysdesecrins.com\/it\/wp-json\/wp\/v2\/media?parent=82006"}],"curies":[{"name":"wp","href":"https:\/\/api.w.org\/{rel}","templated":true}]}}