{"id":44286,"date":"2025-07-25T11:01:59","date_gmt":"2025-07-25T09:01:59","guid":{"rendered":"https:\/\/www.paysdesecrins.com\/de-ecrins-aan-de-kant-van-de-refuge\/"},"modified":"2025-08-05T11:58:36","modified_gmt":"2025-08-05T09:58:36","slug":"de-ecrins-aan-de-kant-van-de-refuge","status":"publish","type":"page","link":"https:\/\/www.paysdesecrins.com\/nl\/mijn-verlangen-om\/berg\/de-ecrins-aan-de-kant-van-de-refuge\/","title":{"rendered":"De \u00c9crins aan de kant van de refuge"},"content":{"rendered":"    <div class=\"alignfull wp-block-ws-library-ws-header-interne\">\n\t    <div class=\"header-container\">\n\t        <div class=\"group-media has-image\">\n\t            \t                <img loading=\"lazy\" decoding=\"async\" width=\"1920\" height=\"800\" src=\"https:\/\/www.paysdesecrins.com\/wp-content\/uploads\/2025\/07\/refuge-des-e-crins-glacier-1920x800.webp\" alt=\"\" class=\"image_large_square wp-image-41908\" \/>\n\t            \t        <\/div>\n\t        <div class=\"group-content\">\n\t            <div class=\"title\">\n\t                <h1>\n\t                    De \u00c9crins aan de kant van de refuge\t                    \t                <\/h1>\n\t            <\/div>\n\t        <\/div>\n\t    <\/div>\n\t    \n<div class=\"yoast-breadcrumbs\"><span><span><a href=\"https:\/\/www.paysdesecrins.com\/nl\/de-titel-van-het-huis\/\">Accueil<\/a><\/span>  <span><a href=\"https:\/\/www.paysdesecrins.com\/nl\/mijn-verlangen-om\/\">Mijn verlangen om<\/a><\/span>  <span><a href=\"https:\/\/www.paysdesecrins.com\/nl\/mijn-verlangen-om\/berg\/\">Mijn verlangen naar de bergen<\/a><\/span>  <span class=\"breadcrumb_last\" aria-current=\"page\">De \u00c9crins aan de kant van de refuge<\/span><\/span><\/div>\n    <\/div>\n    \n<div class=\"wp-block-ws-library-ws-title aligncenter is-style-simple\"><h2><em style=\"letter-spacing: -0.1px; display: inline !important;\">Een micro-avontuur<\/em><br><br>Aan de top<\/h2><\/div>\n\n<p class=\"has-text-align-left\">Op zoek naar frisse lucht, stilte en nachten op de top? In het Pays des \u00c9crins is het lopen naar een berghut al een avontuur. Elke stap brengt je dichter bij een andere plek, elk toevluchtsoord opent een venster op de onmetelijkheid. We slapen op de berghelling, we delen een warm gerecht, we kijken omhoog naar de sterren.<br\/>Tussen Vallouise, de Glacier Blanc en de Barre des \u00c9crins kan de ervaring onderweg of voor een dag, met het gezin of in alpine modus worden genoten. De landschappen zijn grandioos, de sfeer authentiek.      <br\/>Hier zijn de toevluchtsoorden geen eenvoudige schuilplaatsen: het zijn punten van ontmoeting, emotie en overstijgen.<\/p>\n\n<p class=\"has-text-align-center\"><\/p>\n\n<div class=\"wp-block-ws-library-ws-columns alignwide has-2-columns are-vertically-aligned-center layout-5050 is-style-background\">\n<div class=\"wp-block-ws-library-ws-column\"><div class=\"wrapper\">\n<div class=\"wp-block-ws-library-ws-title\"><h3>De Refuge des Bans: een oase van rust voor iedereen<\/h3><\/div>\n\n\n\n<p class=\"has-text-align-left\">Genesteld in de Onde-vallei, op minder dan 2 uur lopen van Vallouise, is de berghut Bans het ideale toevluchtsoord voor een eerste kennismaking met de berghutten met het gezin. Het is gemakkelijk bereikbaar en biedt een zachte onderdompeling in de wereld van het hooggebergte.<br\/>De jongsten ontdekken het leven op hoogte, terwijl bergbeklimmers een startpunt vinden voor zomerklassiekers zoals het Bans-massief, Coste Counier of Le Diable par la Queue.<br\/>Voor een dag of een nacht is het een rustige, gastvrije en panoramische plek. Perfect om de sfeer op te snuiven voordat je op grotere avonturen gaat.  <\/p>\n\n\n\n<p class=\"has-text-align-left\">Refuge des Bans \u2013 geopend in de zomer, op reservering.<\/p>\n<\/div><\/div>\n\n\n\n<div class=\"wp-block-ws-library-ws-column\"><div class=\"wrapper\">\n<div class=\"wp-block-ws-library-ws-image\"><div class=\"wrapper\"><div class=\"group-media\"><img decoding=\"async\" src=\"https:\/\/www.paysdesecrins.com\/wp-content\/uploads\/2025\/07\/11microaventureclaire-bans-427x640.jpg\" alt=\"\" class=\"single_image ws-image-40991\"><div class=\"credits\"><\/div><\/div><p class=\"caption\"><\/p><\/div><\/div>\n<\/div><\/div>\n<\/div>\n\n<div class=\"wp-block-ws-library-ws-title aligncenter\"><h3>De Refuge du Pr\u00e9 van Madame Carle : <br>aan de voet van de Mont Pelvoux<\/h3><\/div>\n\n<p class=\"has-text-align-left\">Vertrek vanuit Ailefroide voor een verkwikkend uitje: de stilte van de bergen, de zachte sneeuw onder je voeten. De Pr\u00e9 de Madame Carle, een emblematisch toevluchtsoord van het Pays des \u00c9crins, rijst op op de kruising van de zwarte en witte gletsjers, aan de voet van de Mont Pelvoux.<br\/>Zijn chalet-refuge is te voet, met sneeuwschoenen of op ski&#8217;s bereikbaar en is elke dag geopend van 15 maart tot 28 september 2025. Gezellig terras, \u00e0 la carte lunch, verfrissingsbar overdag: een ideale tussenstop, alvorens verder te gaan naar de Refuge du Glacier Blanc.<br\/>Ideaal als basiskamp, de plek is ook perfect om gemzen en marmotten te spotten als je tussen de slokjes drankje door omhoog kijkt. Je kunt er overnachten, maar als je in de verleiding komt, ga dan naar de Glacier Blanc voor nog een magische stop.   <\/p>\n\n<p class=\"has-text-align-left\"><strong>Refuge du Pr\u00e9 de Madame Carle<\/strong><br\/>\u2013 Toegang: parkeerplaats bij de Pr\u00e9 de Madame Carle, open weg afhankelijk van de sneeuwcondities in het voorjaar <br\/>\u2013 Diensten: lunch, verfrissingsbar, overnachtingen in slaapzalen of kamers, terras<\/p>\n\n<div class=\"wp-block-ws-library-ws-slider alignwide\"><div class=\"splide\" data-splide=\"{\"type\":\"slide\",\"heightRatio\":\"auto\",\"perPage\":4,\"perMove\":1,\"drag\":true,\"pagination\":0,\"autoplay\":false,\"gap\":\"15px\",\"breakpoints\":{\"450\":{\"perPage\":1},\"768\":{\"perPage\":2},\"992\":{\"perPage\":3},\"1200\":{\"perPage\":4}}}\"><div class=\"splide__track\"><div class=\"splide__list\"><div class=\"splide__slide\"><a href=\"https:\/\/www.paysdesecrins.com\/wp-content\/uploads\/2025\/07\/16sitesdexception-predemadamecarle-pre-de-madame-carle-en-ski-120-scaled.jpg\" data-glightbox=\"true\" class=\"lightbox-trigger\"><img decoding=\"async\" src=\"https:\/\/www.paysdesecrins.com\/wp-content\/uploads\/2025\/07\/16sitesdexception-predemadamecarle-pre-de-madame-carle-en-ski-120-400x400.jpg\" alt=\"\"><\/a><\/div><div class=\"splide__slide\"><a href=\"https:\/\/www.paysdesecrins.com\/wp-content\/uploads\/2025\/07\/pre-de-madame-carle-en-ski-11-scaled.jpg\" data-glightbox=\"true\" class=\"lightbox-trigger\"><img decoding=\"async\" src=\"https:\/\/www.paysdesecrins.com\/wp-content\/uploads\/2025\/07\/pre-de-madame-carle-en-ski-11-400x400.jpg\" alt=\"\"><\/a><\/div><div class=\"splide__slide\"><a href=\"https:\/\/www.paysdesecrins.com\/wp-content\/uploads\/2025\/07\/pre-de-madame-carle-en-ski-74-scaled.jpg\" data-glightbox=\"true\" class=\"lightbox-trigger\"><img decoding=\"async\" src=\"https:\/\/www.paysdesecrins.com\/wp-content\/uploads\/2025\/07\/pre-de-madame-carle-en-ski-74-400x400.jpg\" alt=\"\"><\/a><\/div><div class=\"splide__slide\"><a href=\"https:\/\/www.paysdesecrins.com\/wp-content\/uploads\/2025\/07\/pre-mme-carle-bosse-de-la-momie-5-scaled.jpg\" data-glightbox=\"true\" class=\"lightbox-trigger\"><img decoding=\"async\" src=\"https:\/\/www.paysdesecrins.com\/wp-content\/uploads\/2025\/07\/pre-mme-carle-bosse-de-la-momie-5-400x400.jpg\" alt=\"\"><\/a><\/div><\/div><\/div><\/div><\/div>\n\n<div class=\"wp-block-ws-library-ws-title aligncenter\"><h3>De Glacier Blanc Refuge:<br>een belangrijke etappe aan de poorten van de \u00c9crins<\/h3><\/div>\n\n<p class=\"has-text-align-left\">Na ongeveer <strong>2u30 lopen <\/strong>vanaf de Pr\u00e9 de Madame Carle, bereikt u de berghut Glacier Blanc (2.542 m), met uitzicht op de immense noordwanden van de Pelvoux, de Pic Sans Nom en de Ailefroides. <br\/>Het is een ideaal basiskamp en stelt u in staat om gletsjers en mythische toppen te verkennen, zoals de Agneaux, Pic du Glacier Blanc, Neige Cordier, Ar\u00eate des Cin\u00e9astes of Roche Faurio.<br\/>Met zijn zonnige terras kunt u genieten van een onvergetelijke zonsondergang, gevolgd door een warme maaltijd binnen op het geluid van knisperend hout. Gesprekken van bergbeklimmers, de sterren op de achtergrond: de unieke sfeer van de hutten. Bij zonsopgang sluit een gezamenlijk ontbijt voordat u naar de berghut van \u00c9crins vertrekt, deze intense en gedenkwaardige fase af.  <\/p>\n\n<p>Openingsdata 2025:<br\/>Babysitten van 29 maart tot 20 september, elke dag, op reservering  <\/p>\n\n<div class=\"wp-block-ws-library-ws-columns alignwide has-2-columns are-vertically-aligned-center layout-5050 is-style-background\">\n<div class=\"wp-block-ws-library-ws-column\"><div class=\"wrapper\">\n<div class=\"wp-block-ws-library-ws-title\"><h3>De Refuge des \u00c9crins: heiligdom op 3.170 m<\/h3><\/div>\n\n\n\n<p class=\"has-text-align-left\">Na een steile klim (+600 m) vanaf de Glacier Blanc, gelegen op zijn rotspunt, biedt de berghut van \u00c9crins een adembenemend panorama met uitzicht op de Barre des \u00c9crins (4.115 m). Dit stenen toevluchtsoord is een plek vol emotie: eerste hoogte, grandioze zonsondergang en live hooggebergtesfeer. <\/p>\n\n\n\n<p>Het is het ideale vertrekpunt voor de grote races: D\u00f4me de Neige, Barre, Neige Cordier, Roche Faurio&#8230; Toegankelijk met een gids en de juiste uitrusting. We genieten van een gezamenlijke maaltijd in het berghut, we delen verhalen over bergbeklimmen, dan vallen we in slaap, ons hart vol belofte. <\/p>\n\n\n\n<p>In de vroege ochtend, koffie en energierepen, op weg naar een avontuur dat voor altijd in je geheugen gegrift staat.<\/p>\n\n\n\n<p class=\"has-text-align-left\"><strong>Opening 2025<\/strong> : beveiliging <strong>van 15 maart tot 27 september<\/strong>, elke dag, op reservering verplicht.<br\/>In het seizoen biedt de refuge <strong>116 plaatsen<\/strong>, slaapzalen, maaltijden, ontbijt, picknickmanden<\/p>\n<\/div><\/div>\n\n\n\n<div class=\"wp-block-ws-library-ws-column\"><div class=\"wrapper\">\n<div class=\"wp-block-ws-library-ws-image\"><div class=\"wrapper\"><div class=\"group-media\"><img decoding=\"async\" src=\"https:\/\/www.paysdesecrins.com\/wp-content\/uploads\/2025\/07\/refuge-des-e-crins-glaci-2-1-960x540.jpg\" alt=\"\" class=\"single_image ws-image-41116\"><div class=\"credits\"><\/div><\/div><p class=\"caption\"><\/p><\/div><\/div>\n<\/div><\/div>\n<\/div>\n\n<p><strong>Waarom de ervaring beleven?<\/strong><br\/>Want een schuilplaats is veel meer dan een pauze: het is de ontmoeting van een territorium, een geschiedenis en een gemeenschap. Elke zonsopgang is een belofte, elke top een avontuur, elke nacht een hangend haakje.<br\/>Dus ben je klaar voor deze reis naar het hart van de \u00c9crins? Sensaties, delen en herinneringen wachten op je.  <\/p>\n\n<div class=\"wp-block-ws-library-ws-share\"><span class=\"share-subtitle\">Vond je deze pagina leuk?<\/span><span class=\"share-title\">Deel het!<\/span><button class=\"ws-share-button wp-element-button\">Deel deze pagina<\/button><\/div>\n","protected":false},"excerpt":{"rendered":"<p>Op zoek naar frisse lucht, stilte en nachten op de top? In het Pays des \u00c9crins is het lopen naar [&hellip;]<\/p>\n","protected":false},"author":9,"featured_media":41909,"parent":44575,"menu_order":0,"comment_status":"closed","ping_status":"closed","template":"","meta":{"_thumbnail_id_2":0,"summer_excerpt":"","season":"","station":"","footnotes":""},"class_list":["post-44286","page","type-page","status-publish","has-post-thumbnail","hentry"],"yoast_head":"<!-- This site is optimized with the Yoast SEO plugin v27.3 - https:\/\/yoast.com\/product\/yoast-seo-wordpress\/ -->\n<title>De \u00c9crins aan de kant van de refuge - Pays des \u00c9crins - Office de Tourisme<\/title>\n<meta name=\"robots\" content=\"index, follow, max-snippet:-1, max-image-preview:large, max-video-preview:-1\" \/>\n<link rel=\"canonical\" href=\"https:\/\/www.paysdesecrins.com\/nl\/mijn-verlangen-om\/berg\/de-ecrins-aan-de-kant-van-de-refuge\/\" \/>\n<meta property=\"og:locale\" content=\"nl_NL\" \/>\n<meta property=\"og:type\" content=\"article\" \/>\n<meta property=\"og:title\" content=\"De \u00c9crins aan de kant van de refuge - Pays des \u00c9crins - Office de Tourisme\" \/>\n<meta property=\"og:description\" content=\"Op zoek naar frisse lucht, stilte en nachten op de top? In het Pays des \u00c9crins is het lopen naar [&hellip;]\" \/>\n<meta property=\"og:url\" content=\"https:\/\/www.paysdesecrins.com\/nl\/mijn-verlangen-om\/berg\/de-ecrins-aan-de-kant-van-de-refuge\/\" \/>\n<meta property=\"og:site_name\" content=\"Pays des \u00c9crins - Office de Tourisme\" \/>\n<meta property=\"article:modified_time\" content=\"2025-08-05T09:58:36+00:00\" \/>\n<meta property=\"og:image\" content=\"https:\/\/www.paysdesecrins.com\/wp-content\/uploads\/2025\/07\/refuge-des-e-crins-glacier-scaled.webp\" \/>\n\t<meta property=\"og:image:width\" content=\"2560\" \/>\n\t<meta property=\"og:image:height\" content=\"1707\" \/>\n\t<meta property=\"og:image:type\" content=\"image\/webp\" \/>\n<meta name=\"twitter:card\" content=\"summary_large_image\" \/>\n<meta name=\"twitter:label1\" content=\"Geschatte leestijd\" \/>\n\t<meta name=\"twitter:data1\" content=\"4 minuten\" \/>\n<script type=\"application\/ld+json\" class=\"yoast-schema-graph\">{\"@context\":\"https:\\\/\\\/schema.org\",\"@graph\":[{\"@type\":\"WebPage\",\"@id\":\"https:\\\/\\\/www.paysdesecrins.com\\\/nl\\\/mijn-verlangen-om\\\/berg\\\/de-ecrins-aan-de-kant-van-de-refuge\\\/\",\"url\":\"https:\\\/\\\/www.paysdesecrins.com\\\/nl\\\/mijn-verlangen-om\\\/berg\\\/de-ecrins-aan-de-kant-van-de-refuge\\\/\",\"name\":\"De \u00c9crins aan de kant van de refuge - Pays des \u00c9crins - Office de Tourisme\",\"isPartOf\":{\"@id\":\"https:\\\/\\\/www.paysdesecrins.com\\\/nl\\\/#website\"},\"primaryImageOfPage\":{\"@id\":\"https:\\\/\\\/www.paysdesecrins.com\\\/nl\\\/mijn-verlangen-om\\\/berg\\\/de-ecrins-aan-de-kant-van-de-refuge\\\/#primaryimage\"},\"image\":{\"@id\":\"https:\\\/\\\/www.paysdesecrins.com\\\/nl\\\/mijn-verlangen-om\\\/berg\\\/de-ecrins-aan-de-kant-van-de-refuge\\\/#primaryimage\"},\"thumbnailUrl\":\"https:\\\/\\\/www.paysdesecrins.com\\\/wp-content\\\/uploads\\\/2025\\\/07\\\/refuge-des-e-crins-glacier-scaled.webp\",\"datePublished\":\"2025-07-25T09:01:59+00:00\",\"dateModified\":\"2025-08-05T09:58:36+00:00\",\"breadcrumb\":{\"@id\":\"https:\\\/\\\/www.paysdesecrins.com\\\/nl\\\/mijn-verlangen-om\\\/berg\\\/de-ecrins-aan-de-kant-van-de-refuge\\\/#breadcrumb\"},\"inLanguage\":\"nl-NL\",\"potentialAction\":[{\"@type\":\"ReadAction\",\"target\":[\"https:\\\/\\\/www.paysdesecrins.com\\\/nl\\\/mijn-verlangen-om\\\/berg\\\/de-ecrins-aan-de-kant-van-de-refuge\\\/\"]}]},{\"@type\":\"ImageObject\",\"inLanguage\":\"nl-NL\",\"@id\":\"https:\\\/\\\/www.paysdesecrins.com\\\/nl\\\/mijn-verlangen-om\\\/berg\\\/de-ecrins-aan-de-kant-van-de-refuge\\\/#primaryimage\",\"url\":\"https:\\\/\\\/www.paysdesecrins.com\\\/wp-content\\\/uploads\\\/2025\\\/07\\\/refuge-des-e-crins-glacier-scaled.webp\",\"contentUrl\":\"https:\\\/\\\/www.paysdesecrins.com\\\/wp-content\\\/uploads\\\/2025\\\/07\\\/refuge-des-e-crins-glacier-scaled.webp\",\"width\":2560,\"height\":1707},{\"@type\":\"BreadcrumbList\",\"@id\":\"https:\\\/\\\/www.paysdesecrins.com\\\/nl\\\/mijn-verlangen-om\\\/berg\\\/de-ecrins-aan-de-kant-van-de-refuge\\\/#breadcrumb\",\"itemListElement\":[{\"@type\":\"ListItem\",\"position\":1,\"name\":\"Accueil\",\"item\":\"https:\\\/\\\/www.paysdesecrins.com\\\/nl\\\/de-titel-van-het-huis\\\/\"},{\"@type\":\"ListItem\",\"position\":2,\"name\":\"Mijn verlangen om\",\"item\":\"https:\\\/\\\/www.paysdesecrins.com\\\/nl\\\/mijn-verlangen-om\\\/\"},{\"@type\":\"ListItem\",\"position\":3,\"name\":\"Mijn verlangen naar de bergen\",\"item\":\"https:\\\/\\\/www.paysdesecrins.com\\\/nl\\\/mijn-verlangen-om\\\/berg\\\/\"},{\"@type\":\"ListItem\",\"position\":4,\"name\":\"De \u00c9crins aan de kant van de refuge\"}]},{\"@type\":\"WebSite\",\"@id\":\"https:\\\/\\\/www.paysdesecrins.com\\\/nl\\\/#website\",\"url\":\"https:\\\/\\\/www.paysdesecrins.com\\\/nl\\\/\",\"name\":\"Pays des \u00c9crins - Office de Tourisme\",\"description\":\"L&#039;esprit montagne\",\"publisher\":{\"@id\":\"https:\\\/\\\/www.paysdesecrins.com\\\/nl\\\/#organization\"},\"potentialAction\":[{\"@type\":\"SearchAction\",\"target\":{\"@type\":\"EntryPoint\",\"urlTemplate\":\"https:\\\/\\\/www.paysdesecrins.com\\\/nl\\\/?s={search_term_string}\"},\"query-input\":{\"@type\":\"PropertyValueSpecification\",\"valueRequired\":true,\"valueName\":\"search_term_string\"}}],\"inLanguage\":\"nl-NL\"},{\"@type\":\"Organization\",\"@id\":\"https:\\\/\\\/www.paysdesecrins.com\\\/nl\\\/#organization\",\"name\":\"Pays des \u00c9crins - Office de Tourisme\",\"url\":\"https:\\\/\\\/www.paysdesecrins.com\\\/nl\\\/\",\"logo\":{\"@type\":\"ImageObject\",\"inLanguage\":\"nl-NL\",\"@id\":\"https:\\\/\\\/www.paysdesecrins.com\\\/nl\\\/#\\\/schema\\\/logo\\\/image\\\/\",\"url\":\"https:\\\/\\\/www.paysdesecrins.com\\\/wp-content\\\/uploads\\\/2025\\\/06\\\/devina-svg-1750845694.svg\",\"contentUrl\":\"https:\\\/\\\/www.paysdesecrins.com\\\/wp-content\\\/uploads\\\/2025\\\/06\\\/devina-svg-1750845694.svg\",\"caption\":\"Pays des \u00c9crins - Office de Tourisme\"},\"image\":{\"@id\":\"https:\\\/\\\/www.paysdesecrins.com\\\/nl\\\/#\\\/schema\\\/logo\\\/image\\\/\"}}]}<\/script>\n<!-- \/ Yoast SEO plugin. -->","yoast_head_json":{"title":"De \u00c9crins aan de kant van de refuge - Pays des \u00c9crins - Office de Tourisme","robots":{"index":"index","follow":"follow","max-snippet":"max-snippet:-1","max-image-preview":"max-image-preview:large","max-video-preview":"max-video-preview:-1"},"canonical":"https:\/\/www.paysdesecrins.com\/nl\/mijn-verlangen-om\/berg\/de-ecrins-aan-de-kant-van-de-refuge\/","og_locale":"nl_NL","og_type":"article","og_title":"De \u00c9crins aan de kant van de refuge - Pays des \u00c9crins - Office de Tourisme","og_description":"Op zoek naar frisse lucht, stilte en nachten op de top? In het Pays des \u00c9crins is het lopen naar [&hellip;]","og_url":"https:\/\/www.paysdesecrins.com\/nl\/mijn-verlangen-om\/berg\/de-ecrins-aan-de-kant-van-de-refuge\/","og_site_name":"Pays des \u00c9crins - Office de Tourisme","article_modified_time":"2025-08-05T09:58:36+00:00","og_image":[{"width":2560,"height":1707,"url":"https:\/\/www.paysdesecrins.com\/wp-content\/uploads\/2025\/07\/refuge-des-e-crins-glacier-scaled.webp","type":"image\/webp"}],"twitter_card":"summary_large_image","twitter_misc":{"Geschatte leestijd":"4 minuten"},"schema":{"@context":"https:\/\/schema.org","@graph":[{"@type":"WebPage","@id":"https:\/\/www.paysdesecrins.com\/nl\/mijn-verlangen-om\/berg\/de-ecrins-aan-de-kant-van-de-refuge\/","url":"https:\/\/www.paysdesecrins.com\/nl\/mijn-verlangen-om\/berg\/de-ecrins-aan-de-kant-van-de-refuge\/","name":"De \u00c9crins aan de kant van de refuge - Pays des \u00c9crins - Office de Tourisme","isPartOf":{"@id":"https:\/\/www.paysdesecrins.com\/nl\/#website"},"primaryImageOfPage":{"@id":"https:\/\/www.paysdesecrins.com\/nl\/mijn-verlangen-om\/berg\/de-ecrins-aan-de-kant-van-de-refuge\/#primaryimage"},"image":{"@id":"https:\/\/www.paysdesecrins.com\/nl\/mijn-verlangen-om\/berg\/de-ecrins-aan-de-kant-van-de-refuge\/#primaryimage"},"thumbnailUrl":"https:\/\/www.paysdesecrins.com\/wp-content\/uploads\/2025\/07\/refuge-des-e-crins-glacier-scaled.webp","datePublished":"2025-07-25T09:01:59+00:00","dateModified":"2025-08-05T09:58:36+00:00","breadcrumb":{"@id":"https:\/\/www.paysdesecrins.com\/nl\/mijn-verlangen-om\/berg\/de-ecrins-aan-de-kant-van-de-refuge\/#breadcrumb"},"inLanguage":"nl-NL","potentialAction":[{"@type":"ReadAction","target":["https:\/\/www.paysdesecrins.com\/nl\/mijn-verlangen-om\/berg\/de-ecrins-aan-de-kant-van-de-refuge\/"]}]},{"@type":"ImageObject","inLanguage":"nl-NL","@id":"https:\/\/www.paysdesecrins.com\/nl\/mijn-verlangen-om\/berg\/de-ecrins-aan-de-kant-van-de-refuge\/#primaryimage","url":"https:\/\/www.paysdesecrins.com\/wp-content\/uploads\/2025\/07\/refuge-des-e-crins-glacier-scaled.webp","contentUrl":"https:\/\/www.paysdesecrins.com\/wp-content\/uploads\/2025\/07\/refuge-des-e-crins-glacier-scaled.webp","width":2560,"height":1707},{"@type":"BreadcrumbList","@id":"https:\/\/www.paysdesecrins.com\/nl\/mijn-verlangen-om\/berg\/de-ecrins-aan-de-kant-van-de-refuge\/#breadcrumb","itemListElement":[{"@type":"ListItem","position":1,"name":"Accueil","item":"https:\/\/www.paysdesecrins.com\/nl\/de-titel-van-het-huis\/"},{"@type":"ListItem","position":2,"name":"Mijn verlangen om","item":"https:\/\/www.paysdesecrins.com\/nl\/mijn-verlangen-om\/"},{"@type":"ListItem","position":3,"name":"Mijn verlangen naar de bergen","item":"https:\/\/www.paysdesecrins.com\/nl\/mijn-verlangen-om\/berg\/"},{"@type":"ListItem","position":4,"name":"De \u00c9crins aan de kant van de refuge"}]},{"@type":"WebSite","@id":"https:\/\/www.paysdesecrins.com\/nl\/#website","url":"https:\/\/www.paysdesecrins.com\/nl\/","name":"Pays des \u00c9crins - Office de Tourisme","description":"L&#039;esprit montagne","publisher":{"@id":"https:\/\/www.paysdesecrins.com\/nl\/#organization"},"potentialAction":[{"@type":"SearchAction","target":{"@type":"EntryPoint","urlTemplate":"https:\/\/www.paysdesecrins.com\/nl\/?s={search_term_string}"},"query-input":{"@type":"PropertyValueSpecification","valueRequired":true,"valueName":"search_term_string"}}],"inLanguage":"nl-NL"},{"@type":"Organization","@id":"https:\/\/www.paysdesecrins.com\/nl\/#organization","name":"Pays des \u00c9crins - Office de Tourisme","url":"https:\/\/www.paysdesecrins.com\/nl\/","logo":{"@type":"ImageObject","inLanguage":"nl-NL","@id":"https:\/\/www.paysdesecrins.com\/nl\/#\/schema\/logo\/image\/","url":"https:\/\/www.paysdesecrins.com\/wp-content\/uploads\/2025\/06\/devina-svg-1750845694.svg","contentUrl":"https:\/\/www.paysdesecrins.com\/wp-content\/uploads\/2025\/06\/devina-svg-1750845694.svg","caption":"Pays des \u00c9crins - Office de Tourisme"},"image":{"@id":"https:\/\/www.paysdesecrins.com\/nl\/#\/schema\/logo\/image\/"}}]}},"_links":{"self":[{"href":"https:\/\/www.paysdesecrins.com\/nl\/wp-json\/wp\/v2\/pages\/44286","targetHints":{"allow":["GET"]}}],"collection":[{"href":"https:\/\/www.paysdesecrins.com\/nl\/wp-json\/wp\/v2\/pages"}],"about":[{"href":"https:\/\/www.paysdesecrins.com\/nl\/wp-json\/wp\/v2\/types\/page"}],"author":[{"embeddable":true,"href":"https:\/\/www.paysdesecrins.com\/nl\/wp-json\/wp\/v2\/users\/9"}],"replies":[{"embeddable":true,"href":"https:\/\/www.paysdesecrins.com\/nl\/wp-json\/wp\/v2\/comments?post=44286"}],"version-history":[{"count":0,"href":"https:\/\/www.paysdesecrins.com\/nl\/wp-json\/wp\/v2\/pages\/44286\/revisions"}],"up":[{"embeddable":true,"href":"https:\/\/www.paysdesecrins.com\/nl\/wp-json\/wp\/v2\/pages\/44575"}],"wp:featuredmedia":[{"embeddable":true,"href":"https:\/\/www.paysdesecrins.com\/nl\/wp-json\/wp\/v2\/media\/41909"}],"wp:attachment":[{"href":"https:\/\/www.paysdesecrins.com\/nl\/wp-json\/wp\/v2\/media?parent=44286"}],"curies":[{"name":"wp","href":"https:\/\/api.w.org\/{rel}","templated":true}]}}