{"id":44548,"date":"2025-06-25T15:44:50","date_gmt":"2025-06-25T13:44:50","guid":{"rendered":"https:\/\/www.paysdesecrins.com\/ijsklimmen\/"},"modified":"2025-08-05T16:19:30","modified_gmt":"2025-08-05T14:19:30","slug":"ijsklimmen","status":"publish","type":"page","link":"https:\/\/www.paysdesecrins.com\/nl\/mijn-buitenactiviteiten\/ijsklimmen\/","title":{"rendered":"IJsklimmen"},"content":{"rendered":"    <div class=\"alignfull wp-block-ws-library-ws-header-interne\">\n\t    <div class=\"header-container\">\n\t        <div class=\"group-media has-image\">\n\t            \t                <img loading=\"lazy\" decoding=\"async\" width=\"1920\" height=\"800\" src=\"https:\/\/www.paysdesecrins.com\/wp-content\/uploads\/2025\/07\/21cascade-de-glacerogiervanrijn-1920x800.jpg\" alt=\"\" class=\"image_large_square wp-image-20122\" \/>\n\t            \t        <\/div>\n\t        <div class=\"group-content\">\n\t            <div class=\"title\">\n\t                <h1>\n\t                    IJsklimmen\t                    \t                <\/h1>\n\t            <\/div>\n\t        <\/div>\n\t    <\/div>\n\t    \n<div class=\"yoast-breadcrumbs\"><span><span><a href=\"https:\/\/www.paysdesecrins.com\/nl\/de-titel-van-het-huis\/\">Accueil<\/a><\/span>  <span><a href=\"https:\/\/www.paysdesecrins.com\/nl\/mijn-buitenactiviteiten\/\">Mijn buitenactiviteiten<\/a><\/span>  <span class=\"breadcrumb_last\" aria-current=\"page\">IJsklimmen<\/span><\/span><\/div>\n    <\/div>\n    \n<div class=\"wp-block-ws-library-ws-title aligncenter is-style-simple\"><h2><em>Het verticale avontuur <\/em>Mat!<\/h2><\/div>\n\n<p class=\"has-text-align-center\">Wil je ijsklimmen proberen? In het Pays des \u00c9crins ben je aan het juiste adres: het is een van &#8217;s werelds hotspots voor ijsklimmen, met meer dan 200 routes binnen het bereik van stijgijzers. Of je nu een beginner of een expert bent, er is altijd een lijn om te trekken&#8230; of om te planten.  <\/p>\n\n<div class=\"wp-block-ws-library-ws-video\"><div class=\"wrapper\"><div class=\"group-media\">\n<figure class=\"wp-block-embed is-type-video is-provider-youtube wp-block-embed-youtube\"><div class=\"wp-block-embed__wrapper\">\n<iframe loading=\"lazy\" title=\"Cascade de glace au Pays des \u00c9crins\" width=\"500\" height=\"281\" src=\"https:\/\/www.youtube.com\/embed\/2OsLrIPsChE?feature=oembed\" frameborder=\"0\" allow=\"accelerometer; autoplay; clipboard-write; encrypted-media; gyroscope; picture-in-picture; web-share\" referrerpolicy=\"strict-origin-when-cross-origin\" allowfullscreen><\/iframe>\n<\/div><\/figure>\n<\/div><\/div><\/div>\n\n<div class=\"wp-block-ws-library-ws-columns alignfull has-2-columns are-vertically-aligned-center layout-5050 is-style-background\">\n<div class=\"wp-block-ws-library-ws-column\"><div class=\"wrapper\">\n<div class=\"wp-block-ws-library-ws-image\"><div class=\"wrapper\"><div class=\"group-media\"><img decoding=\"async\" src=\"https:\/\/www.paysdesecrins.com\/wp-content\/uploads\/2025\/07\/2autresactivites-cascade-de-glace-iceclimbing-cascade-de-glace-vallon-du-fournelthibautblais-960x640.jpg\" alt=\"\" class=\"single_image ws-image-20142\"><div class=\"credits\">Thibaut BLAIS<\/div><\/div><p class=\"caption\"><\/p><\/div><\/div>\n<\/div><\/div>\n\n\n\n<div class=\"wp-block-ws-library-ws-column\"><div class=\"wrapper\">\n<div class=\"wp-block-ws-library-ws-title\"><h3>Waar klimmen? De must-see plekken   <\/h3><\/div>\n\n\n\n<ul class=\"wp-block-list\">\n<li>Vallon du Fournel: een echt ijzig labyrint, met 120 natuurlijke lijnen. Wild, stil, indrukwekkend. <\/li>\n<\/ul>\n\n\n\n<ul class=\"wp-block-list\">\n<li>Vallei van Freissini\u00e8res: toegankelijker, ideaal voor snelle vooruitgang. Esthetische lijnen, korte aanlooplijnen en een pure bergsfeer. <\/li>\n\n\n\n<li>IJstoren (Freissini\u00e8res): kunstmatige structuur perfect voor een begeleide start, zonder stress. Reserveren via het gemeentehuis. <\/li>\n<\/ul>\n<\/div><\/div>\n<\/div>\n\n<div class=\"wp-block-ws-library-ws-columns alignwide has-2-columns are-vertically-aligned-center layout-5050\">\n<div class=\"wp-block-ws-library-ws-column\"><div class=\"wrapper\">\n<div class=\"wp-block-ws-library-ws-image\"><div class=\"wrapper\"><div class=\"group-media\"><img decoding=\"async\" src=\"https:\/\/www.paysdesecrins.com\/wp-content\/uploads\/2025\/07\/2autresactivites-cascadedeglacethibautblais-neige-et-glace-au-fournel-13-427x640.jpg\" alt=\"\" class=\"single_image ws-image-20157\"><div class=\"credits\">Thibaut BLAIS<\/div><\/div><p class=\"caption\"><\/p><\/div><\/div>\n<\/div><\/div>\n\n\n\n<div class=\"wp-block-ws-library-ws-column\"><div class=\"wrapper\">\n<div class=\"wp-block-ws-library-ws-title aligncenter\"><h4>&nbsp;5 inleidende watervallen om te proberen met een gids  <\/h4><\/div>\n\n\n\n<ul class=\"wp-block-list\">\n<li><em>IJstoren<\/em> (Freissini\u00e8res)<\/li>\n\n\n\n<li><em>Fracastorus<\/em> (Freissini\u00e8res)<\/li>\n<\/ul>\n\n\n\n<ul class=\"wp-block-list\">\n<li><em>Clapouse<\/em> (Pelvoux)<\/li>\n<\/ul>\n\n\n\n<ul class=\"wp-block-list\">\n<li><em>Reus van de stormen<\/em> (L&#8217;Argenti\u00e8re-La Bess\u00e9e)<\/li>\n<\/ul>\n\n\n\n<ul class=\"wp-block-list\">\n<li><em>De terugtocht verslaan<\/em> (Fournel)<\/li>\n<\/ul>\n<\/div><\/div>\n<\/div>\n\n<div class=\"wp-block-ws-library-ws-columns alignwide has-2-columns are-vertically-aligned-center layout-5050 is-style-background\">\n<div class=\"wp-block-ws-library-ws-column\"><div class=\"wrapper\">\n<div class=\"wp-block-ws-library-ws-title\"><h2>Uitrusting en veiligheid  <\/h2><\/div>\n\n\n\n<p class=\"has-text-align-left\">Helm, harnas, technische stijgijzers, ijsbijlen, pinnen, dubbel touw&#8230; en lawinepieperkit voor de nadering. Controleer de weersomstandigheden voordat je vertrekt: ijs beweegt snel! Laat u voor het eerst begeleiden door een gids: u zult zien, het is even geruststellend als effectief.  <\/p>\n\n\n\n<p><strong>IJsklimmen \u00c9crins:<\/strong> elk jaar in januari in L&#8217;Argenti\u00e8re-La Bess\u00e9e laat het internationale ijsklimfestival het gebied trillen. Begeleide dagen, workshops, films, concerten, gl\u00fchwein&#8230; Alles is aanwezig.  <\/p>\n\n\n\n<p class=\"has-text-align-left\">Klaar om het ijs te breken? Boek je sessie of cursus en ontdek klimmen in een frosted versie. <\/p>\n<\/div><\/div>\n\n\n\n<div class=\"wp-block-ws-library-ws-column\"><div class=\"wrapper\">\n<div class=\"wp-block-ws-library-ws-image\"><div class=\"wrapper\"><div class=\"group-media\"><img decoding=\"async\" src=\"https:\/\/www.paysdesecrins.com\/wp-content\/uploads\/2025\/07\/2autresactivites-cascade-de-glacecascade-de-glace-pelvoux-13thibautblais-scaled.jpg\" alt=\"\" class=\"single_image ws-image-20137\"><div class=\"credits\">Thibaut BLAIS<\/div><\/div><p class=\"caption\"><\/p><\/div><\/div>\n<\/div><\/div>\n<\/div>\n<div id=\"listing_55d8e\" data-observer-wishlist data-attributes='listing-avance {\"selectedSelectionIds\":[\"188508\"],\"showMap\":true,\"isPaginated\":true,\"perPage\":6,\"isPortrait\":false,\"isImageContain\":false,\"showCommune\":true,\"defaultImage\":\"https:\\\/\\\/www.paysdesecrins.com\\\/wp-content\\\/uploads\\\/2025\\\/06\\\/cropped-paysdesecrins.png\",\"selectedFacets\":[],\"sortOrder\":\"random\",\"showType\":false,\"columnsCount\":\"2-3-3\",\"showActiveFacets\":false,\"showGeolocalisation\":false,\"isLimited\":false,\"season\":\"\",\"align\":\"wide\"}' class=\"ws-listing wp-block-ws-apidae-library-listing-avance alignwide\" data-map-id=\"map_55d8e\" data-locations-id=\"locations-data_55d8e\"><div class=\"listing-header\"><div class=\"toggle-container\"><button class=\"btn toggle-btn toggle-list\" data-target=\"list\">Lijst<\/button><button class=\"btn toggle-btn toggle-map\" data-target=\"map\">Kaart<\/button><button class=\"btn toggle-btn toggle-fulllist\" data-target=\"fulllist\" data-reverse=\"Toon kaart\">Verberg de kaart<\/button><\/div><\/div><div class=\"facetwp-template\"><div class=\"list-container active\"><div class=\"list-items\"><div class=\"item\" data-season=\"all-seasons\"><div class=\"card card-apidae card-avance\"><div class=\"group-actions\"><ws-wishlist data-type=\"flag\" data-action=\"add\" data-wish-id=\"626986\" data-wish-type=\"apidae\"><\/ws-wishlist><\/div><div class=\"group-media\"><div class=\"field-image\"><img decoding=\"async\" src=\"https:\/\/images.weserv.nl\/?url=https:\/\/static.apidae-tourisme.com\/filestore\/objets-touristiques\/images\/82\/247\/784210-diaporama.jpg&#038;w=350&#038;h=350&#038;fit=cover&#038;output=webp&#038;q=45\" alt=\"S\u00e9bastien Constant\"\/><\/div><\/div><div class=\"group-top\"><div class=\"field-commune\">L&#039;Argenti\u00e8re-la-Bess\u00e9e<\/div><ws-apidae-from-price data-apidae-id=\"626986\" ><\/ws-apidae-from-price><\/div><div class=\"group-content\"><div class=\"field-title\">S\u00e9bastien Constant<\/div><\/div><div class=\"field-link\" role=\"group\" aria-label=\"Lien vers le contenu\"><a href=\"https:\/\/www.paysdesecrins.com\/nl\/fiche\/sebastien-constant-5\/\" class=\"cardlink\" title=\"Lire plus : S\u00e9bastien Constant\" lang=\"nl_NL\">S\u00e9bastien Constant<\/a><\/div><\/div><\/div><div class=\"item\" data-season=\"all-seasons\"><div class=\"card card-apidae card-avance\"><div class=\"group-actions\"><ws-wishlist data-type=\"flag\" data-action=\"add\" data-wish-id=\"581348\" data-wish-type=\"apidae\"><\/ws-wishlist><\/div><div class=\"group-media\"><div class=\"field-image\"><img decoding=\"async\" src=\"https:\/\/images.weserv.nl\/?url=https:\/\/static.apidae-tourisme.com\/filestore\/objets-touristiques\/images\/173\/124\/687277-diaporama.jpg&#038;w=350&#038;h=350&#038;fit=cover&#038;output=webp&#038;q=45\" alt=\"Bureau des Guides des \u00c9crins\"\/><\/div><\/div><div class=\"group-top\"><div class=\"field-commune\">Vallouise-Pelvoux<\/div><ws-apidae-from-price data-apidae-id=\"581348\" ><\/ws-apidae-from-price><\/div><div class=\"group-content\"><div class=\"field-title\">Bureau des Guides des \u00c9crins<\/div><\/div><div class=\"field-link\" role=\"group\" aria-label=\"Lien vers le contenu\"><a href=\"https:\/\/www.paysdesecrins.com\/nl\/fiche\/bureau-des-guides-des-ecrins-3\/\" class=\"cardlink\" title=\"Lire plus : Bureau des Guides des \u00c9crins\" lang=\"nl_NL\">Bureau des Guides des \u00c9crins<\/a><\/div><\/div><\/div><div class=\"item\" data-season=\"all-seasons\"><div class=\"card card-apidae card-avance\"><div class=\"group-actions\"><ws-wishlist data-type=\"flag\" data-action=\"add\" data-wish-id=\"654089\" data-wish-type=\"apidae\"><\/ws-wishlist><\/div><div class=\"group-media\"><div class=\"field-image\"><img decoding=\"async\" src=\"https:\/\/images.weserv.nl\/?url=https:\/\/static.apidae-tourisme.com\/filestore\/objets-touristiques\/images\/190\/218\/32955070-diaporama.jpg&#038;w=350&#038;h=350&#038;fit=cover&#038;output=webp&#038;q=45\" alt=\"S\u00e9bastien Foissac\"\/><\/div><\/div><div class=\"group-top\"><div class=\"field-commune\">L&#039;Argenti\u00e8re-la-Bess\u00e9e<\/div><ws-apidae-from-price data-apidae-id=\"654089\" ><\/ws-apidae-from-price><\/div><div class=\"group-content\"><div class=\"field-title\">S\u00e9bastien Foissac<\/div><\/div><div class=\"field-link\" role=\"group\" aria-label=\"Lien vers le contenu\"><a href=\"https:\/\/www.paysdesecrins.com\/nl\/fiche\/sebastien-foissac-5\/\" class=\"cardlink\" title=\"Lire plus : S\u00e9bastien Foissac\" lang=\"nl_NL\">S\u00e9bastien Foissac<\/a><\/div><\/div><\/div><div class=\"item\" data-season=\"all-seasons\"><div class=\"card card-apidae card-avance\"><div class=\"group-actions\"><ws-wishlist data-type=\"flag\" data-action=\"add\" data-wish-id=\"4628180\" data-wish-type=\"apidae\"><\/ws-wishlist><\/div><div class=\"group-media\"><div class=\"field-image\"><img decoding=\"async\" src=\"https:\/\/images.weserv.nl\/?url=https:\/\/static.apidae-tourisme.com\/filestore\/objets-touristiques\/images\/203\/55\/9648075-diaporama.jpg&#038;w=350&#038;h=350&#038;fit=cover&#038;output=webp&#038;q=45\" alt=\"Ice fall\"\/><\/div><\/div><div class=\"group-top\"><div class=\"field-commune\">L&#039;Argenti\u00e8re-la-Bess\u00e9e<\/div><ws-apidae-from-price data-apidae-id=\"4628180\" ><\/ws-apidae-from-price><\/div><div class=\"group-content\"><div class=\"field-title\">Ice fall<\/div><\/div><div class=\"field-link\" role=\"group\" aria-label=\"Lien vers le contenu\"><a href=\"https:\/\/www.paysdesecrins.com\/nl\/fiche\/ice-fall-5\/\" class=\"cardlink\" title=\"Lire plus : Ice fall\" lang=\"nl_NL\">Ice fall<\/a><\/div><\/div><\/div><div class=\"item\" data-season=\"all-seasons\"><div class=\"card card-apidae card-avance\"><div class=\"group-actions\"><ws-wishlist data-type=\"flag\" data-action=\"add\" data-wish-id=\"643560\" data-wish-type=\"apidae\"><\/ws-wishlist><\/div><div class=\"group-media\"><div class=\"field-image\"><img decoding=\"async\" src=\"https:\/\/images.weserv.nl\/?url=https:\/\/static.apidae-tourisme.com\/filestore\/objets-touristiques\/images\/175\/205\/2149807-diaporama.jpg&#038;w=350&#038;h=350&#038;fit=cover&#038;output=webp&#038;q=45\" alt=\"Alpes Aventure\"\/><\/div><\/div><div class=\"group-top\"><div class=\"field-commune\">L&#039;Argenti\u00e8re-la-Bess\u00e9e<\/div><ws-apidae-from-price data-apidae-id=\"643560\" ><\/ws-apidae-from-price><\/div><div class=\"group-content\"><div class=\"field-title\">Alpes Aventure<\/div><\/div><div class=\"field-link\" role=\"group\" aria-label=\"Lien vers le contenu\"><a href=\"https:\/\/www.paysdesecrins.com\/nl\/fiche\/alpes-aventure-5\/\" class=\"cardlink\" title=\"Lire plus : Alpes Aventure\" lang=\"nl_NL\">Alpes Aventure<\/a><\/div><\/div><\/div><div class=\"item\" data-season=\"all-seasons\"><div class=\"card card-apidae card-avance\"><div class=\"group-actions\"><ws-wishlist data-type=\"flag\" data-action=\"add\" data-wish-id=\"642806\" data-wish-type=\"apidae\"><\/ws-wishlist><\/div><div class=\"group-media\"><div class=\"field-image\"><img decoding=\"async\" src=\"https:\/\/images.weserv.nl\/?url=https:\/\/static.apidae-tourisme.com\/filestore\/objets-touristiques\/images\/160\/205\/2149792-diaporama.jpg&#038;w=350&#038;h=350&#038;fit=cover&#038;output=webp&#038;q=45\" alt=\"Guillaume CHRISTIAN\"\/><\/div><\/div><div class=\"group-top\"><div class=\"field-commune\">L&#039;Argenti\u00e8re-la-Bess\u00e9e<\/div><ws-apidae-from-price data-apidae-id=\"642806\" ><\/ws-apidae-from-price><\/div><div class=\"group-content\"><div class=\"field-title\">Guillaume CHRISTIAN<\/div><\/div><div class=\"field-link\" role=\"group\" aria-label=\"Lien vers le contenu\"><a href=\"https:\/\/www.paysdesecrins.com\/nl\/fiche\/guillaume-christian-5\/\" class=\"cardlink\" title=\"Lire plus : Guillaume CHRISTIAN\" lang=\"nl_NL\">Guillaume CHRISTIAN<\/a><\/div><\/div><\/div><div class=\"item\" data-season=\"all-seasons\"><div class=\"card card-apidae card-avance\"><div class=\"group-actions\"><ws-wishlist data-type=\"flag\" data-action=\"add\" data-wish-id=\"5874638\" data-wish-type=\"apidae\"><\/ws-wishlist><\/div><div class=\"group-media\"><div class=\"field-image\"><img decoding=\"async\" src=\"https:\/\/images.weserv.nl\/?url=https:\/\/static.apidae-tourisme.com\/filestore\/objets-touristiques\/images\/242\/194\/10339058-diaporama.jpg&#038;w=350&#038;h=350&#038;fit=cover&#038;output=webp&#038;q=45\" alt=\"Alpineo\"\/><\/div><\/div><div class=\"group-top\"><div class=\"field-book\">Online te reserveren<\/div><div class=\"field-commune\">L&#039;Argenti\u00e8re-la-Bess\u00e9e<\/div><ws-apidae-from-price data-apidae-id=\"5874638\" ><\/ws-apidae-from-price><\/div><div class=\"group-content\"><div class=\"field-title\">Alpineo<\/div><\/div><div class=\"field-link\" role=\"group\" aria-label=\"Lien vers le contenu\"><a href=\"https:\/\/www.paysdesecrins.com\/nl\/fiche\/alpineo-5\/\" class=\"cardlink\" title=\"Lire plus : Alpineo\" lang=\"nl_NL\">Alpineo<\/a><\/div><\/div><\/div><div class=\"item\" data-season=\"all-seasons\"><div class=\"card card-apidae card-avance\"><div class=\"group-actions\"><ws-wishlist data-type=\"flag\" data-action=\"add\" data-wish-id=\"621959\" data-wish-type=\"apidae\"><\/ws-wishlist><\/div><div class=\"group-media\"><div class=\"field-image\"><img decoding=\"async\" src=\"https:\/\/images.weserv.nl\/?url=https:\/\/static.apidae-tourisme.com\/filestore\/objets-touristiques\/images\/88\/178\/8893016-diaporama.jpg&#038;w=350&#038;h=350&#038;fit=cover&#038;output=webp&#038;q=45\" alt=\"Roc \u00c9crins\"\/><\/div><\/div><div class=\"group-top\"><div class=\"field-book\">Online te reserveren<\/div><div class=\"field-commune\">L&#039;Argenti\u00e8re-la-Bess\u00e9e<\/div><ws-apidae-from-price data-apidae-id=\"621959\" ><\/ws-apidae-from-price><\/div><div class=\"group-content\"><div class=\"field-title\">Roc \u00c9crins<\/div><\/div><div class=\"field-link\" role=\"group\" aria-label=\"Lien vers le contenu\"><a href=\"https:\/\/www.paysdesecrins.com\/nl\/fiche\/roc-ecrins-4\/\" class=\"cardlink\" title=\"Lire plus : Roc \u00c9crins\" lang=\"nl_NL\">Roc \u00c9crins<\/a><\/div><\/div><\/div><div class=\"item\" data-season=\"all-seasons\"><div class=\"card card-apidae card-avance\"><div class=\"group-actions\"><ws-wishlist data-type=\"flag\" data-action=\"add\" data-wish-id=\"5047226\" data-wish-type=\"apidae\"><\/ws-wishlist><\/div><div class=\"group-media\"><div class=\"field-image\"><img decoding=\"async\" src=\"https:\/\/images.weserv.nl\/?url=https:\/\/static.apidae-tourisme.com\/filestore\/objets-touristiques\/images\/134\/7\/30082950-diaporama.jpg&#038;w=350&#038;h=350&#038;fit=cover&#038;output=webp&#038;q=45\" alt=\"Mathieu Gaillard Guide de Haute Montagne\"\/><\/div><\/div><div class=\"group-top\"><div class=\"field-commune\">L&#039;Argenti\u00e8re-la-Bess\u00e9e<\/div><ws-apidae-from-price data-apidae-id=\"5047226\" ><\/ws-apidae-from-price><\/div><div class=\"group-content\"><div class=\"field-title\">Mathieu Gaillard Guide de Haute Montagne<\/div><\/div><div class=\"field-link\" role=\"group\" aria-label=\"Lien vers le contenu\"><a href=\"https:\/\/www.paysdesecrins.com\/nl\/fiche\/mathieu-gaillard-guide-de-haute-montagne-5\/\" class=\"cardlink\" title=\"Lire plus : Mathieu Gaillard Guide de Haute Montagne\" lang=\"nl_NL\">Mathieu Gaillard Guide de Haute Montagne<\/a><\/div><\/div><\/div><div id=\"locations-data_55d8e\" style=\"display: none;\">{&quot;locations&quot;:[{&quot;lat&quot;:&quot;44.780433&quot;,&quot;lng&quot;:&quot;6.553736&quot;,&quot;title&quot;:&quot;S\\u00e9bastien Constant&quot;,&quot;permalink&quot;:&quot;https:\\\/\\\/www.paysdesecrins.com\\\/nl\\\/fiche\\\/sebastien-constant-5\\\/&quot;,&quot;type&quot;:&quot;commerce_et_service&quot;,&quot;commune&quot;:&quot;L&#039;Argenti\\u00e8re-la-Bess\\u00e9e&quot;,&quot;type_commerce&quot;:&quot;&quot;,&quot;image&quot;:&quot;https:\\\/\\\/static.apidae-tourisme.com\\\/filestore\\\/objets-touristiques\\\/images\\\/82\\\/247\\\/784210-diaporama.jpg&quot;,&quot;image_width&quot;:&quot;350&quot;,&quot;image_height&quot;:&quot;350&quot;,&quot;image_fit&quot;:&quot;cover&quot;},{&quot;lat&quot;:&quot;44.83928&quot;,&quot;lng&quot;:&quot;6.497067&quot;,&quot;title&quot;:&quot;Bureau des Guides des \\u00c9crins&quot;,&quot;permalink&quot;:&quot;https:\\\/\\\/www.paysdesecrins.com\\\/nl\\\/fiche\\\/bureau-des-guides-des-ecrins-3\\\/&quot;,&quot;type&quot;:&quot;commerce_et_service&quot;,&quot;commune&quot;:&quot;Vallouise-Pelvoux&quot;,&quot;type_commerce&quot;:&quot;&quot;,&quot;image&quot;:&quot;https:\\\/\\\/static.apidae-tourisme.com\\\/filestore\\\/objets-touristiques\\\/images\\\/173\\\/124\\\/687277-diaporama.jpg&quot;,&quot;image_width&quot;:&quot;350&quot;,&quot;image_height&quot;:&quot;350&quot;,&quot;image_fit&quot;:&quot;cover&quot;},{&quot;lat&quot;:&quot;44.789117&quot;,&quot;lng&quot;:&quot;6.547291&quot;,&quot;title&quot;:&quot;S\\u00e9bastien Foissac&quot;,&quot;permalink&quot;:&quot;https:\\\/\\\/www.paysdesecrins.com\\\/nl\\\/fiche\\\/sebastien-foissac-5\\\/&quot;,&quot;type&quot;:&quot;commerce_et_service&quot;,&quot;commune&quot;:&quot;L&#039;Argenti\\u00e8re-la-Bess\\u00e9e&quot;,&quot;type_commerce&quot;:&quot;&quot;,&quot;image&quot;:&quot;https:\\\/\\\/static.apidae-tourisme.com\\\/filestore\\\/objets-touristiques\\\/images\\\/190\\\/218\\\/32955070-diaporama.jpg&quot;,&quot;image_width&quot;:&quot;350&quot;,&quot;image_height&quot;:&quot;350&quot;,&quot;image_fit&quot;:&quot;cover&quot;},{&quot;lat&quot;:&quot;44.838914&quot;,&quot;lng&quot;:&quot;6.488633&quot;,&quot;title&quot;:&quot;Ice fall&quot;,&quot;permalink&quot;:&quot;https:\\\/\\\/www.paysdesecrins.com\\\/nl\\\/fiche\\\/ice-fall-5\\\/&quot;,&quot;type&quot;:&quot;commerce_et_service&quot;,&quot;commune&quot;:&quot;L&#039;Argenti\\u00e8re-la-Bess\\u00e9e&quot;,&quot;type_commerce&quot;:&quot;&quot;,&quot;image&quot;:&quot;https:\\\/\\\/static.apidae-tourisme.com\\\/filestore\\\/objets-touristiques\\\/images\\\/203\\\/55\\\/9648075-diaporama.jpg&quot;,&quot;image_width&quot;:&quot;350&quot;,&quot;image_height&quot;:&quot;350&quot;,&quot;image_fit&quot;:&quot;cover&quot;},{&quot;lat&quot;:&quot;44.793939&quot;,&quot;lng&quot;:&quot;6.557773&quot;,&quot;title&quot;:&quot;Alpes Aventure&quot;,&quot;permalink&quot;:&quot;https:\\\/\\\/www.paysdesecrins.com\\\/nl\\\/fiche\\\/alpes-aventure-5\\\/&quot;,&quot;type&quot;:&quot;commerce_et_service&quot;,&quot;commune&quot;:&quot;L&#039;Argenti\\u00e8re-la-Bess\\u00e9e&quot;,&quot;type_commerce&quot;:&quot;&quot;,&quot;image&quot;:&quot;https:\\\/\\\/static.apidae-tourisme.com\\\/filestore\\\/objets-touristiques\\\/images\\\/175\\\/205\\\/2149807-diaporama.jpg&quot;,&quot;image_width&quot;:&quot;350&quot;,&quot;image_height&quot;:&quot;350&quot;,&quot;image_fit&quot;:&quot;cover&quot;},{&quot;lat&quot;:&quot;44.793939&quot;,&quot;lng&quot;:&quot;6.557773&quot;,&quot;title&quot;:&quot;Guillaume CHRISTIAN&quot;,&quot;permalink&quot;:&quot;https:\\\/\\\/www.paysdesecrins.com\\\/nl\\\/fiche\\\/guillaume-christian-5\\\/&quot;,&quot;type&quot;:&quot;commerce_et_service&quot;,&quot;commune&quot;:&quot;L&#039;Argenti\\u00e8re-la-Bess\\u00e9e&quot;,&quot;type_commerce&quot;:&quot;&quot;,&quot;image&quot;:&quot;https:\\\/\\\/static.apidae-tourisme.com\\\/filestore\\\/objets-touristiques\\\/images\\\/160\\\/205\\\/2149792-diaporama.jpg&quot;,&quot;image_width&quot;:&quot;350&quot;,&quot;image_height&quot;:&quot;350&quot;,&quot;image_fit&quot;:&quot;cover&quot;},{&quot;lat&quot;:&quot;44.838914&quot;,&quot;lng&quot;:&quot;6.488633&quot;,&quot;title&quot;:&quot;Alpineo&quot;,&quot;permalink&quot;:&quot;https:\\\/\\\/www.paysdesecrins.com\\\/nl\\\/fiche\\\/alpineo-5\\\/&quot;,&quot;type&quot;:&quot;commerce_et_service&quot;,&quot;commune&quot;:&quot;L&#039;Argenti\\u00e8re-la-Bess\\u00e9e&quot;,&quot;type_commerce&quot;:&quot;&quot;,&quot;image&quot;:&quot;https:\\\/\\\/static.apidae-tourisme.com\\\/filestore\\\/objets-touristiques\\\/images\\\/242\\\/194\\\/10339058-diaporama.jpg&quot;,&quot;image_width&quot;:&quot;350&quot;,&quot;image_height&quot;:&quot;350&quot;,&quot;image_fit&quot;:&quot;cover&quot;},{&quot;lat&quot;:&quot;44.78946&quot;,&quot;lng&quot;:&quot;6.558928&quot;,&quot;title&quot;:&quot;Roc \\u00c9crins&quot;,&quot;permalink&quot;:&quot;https:\\\/\\\/www.paysdesecrins.com\\\/nl\\\/fiche\\\/roc-ecrins-4\\\/&quot;,&quot;type&quot;:&quot;commerce_et_service&quot;,&quot;commune&quot;:&quot;L&#039;Argenti\\u00e8re-la-Bess\\u00e9e&quot;,&quot;type_commerce&quot;:&quot;&quot;,&quot;image&quot;:&quot;https:\\\/\\\/static.apidae-tourisme.com\\\/filestore\\\/objets-touristiques\\\/images\\\/88\\\/178\\\/8893016-diaporama.jpg&quot;,&quot;image_width&quot;:&quot;350&quot;,&quot;image_height&quot;:&quot;350&quot;,&quot;image_fit&quot;:&quot;cover&quot;},{&quot;lat&quot;:&quot;44.793386&quot;,&quot;lng&quot;:&quot;6.559281&quot;,&quot;title&quot;:&quot;Mathieu Gaillard Guide de Haute Montagne&quot;,&quot;permalink&quot;:&quot;https:\\\/\\\/www.paysdesecrins.com\\\/nl\\\/fiche\\\/mathieu-gaillard-guide-de-haute-montagne-5\\\/&quot;,&quot;type&quot;:&quot;commerce_et_service&quot;,&quot;commune&quot;:&quot;L&#039;Argenti\\u00e8re-la-Bess\\u00e9e&quot;,&quot;type_commerce&quot;:&quot;&quot;,&quot;image&quot;:&quot;https:\\\/\\\/static.apidae-tourisme.com\\\/filestore\\\/objets-touristiques\\\/images\\\/134\\\/7\\\/30082950-diaporama.jpg&quot;,&quot;image_width&quot;:&quot;350&quot;,&quot;image_height&quot;:&quot;350&quot;,&quot;image_fit&quot;:&quot;cover&quot;}],&quot;center_lat&quot;:&quot;44.780433&quot;,&quot;center_lng&quot;:&quot;6.553736&quot;}<\/div><\/div><\/div><\/div><div class=\"map-marker\"><div id=\"map_55d8e\" class=\"map-container\" style=\"width: 100%; height: 450px;\"><\/div><\/div><\/div>\n<div class=\"wp-block-ws-library-ws-share\"><span class=\"share-subtitle\">Vond je deze pagina leuk?<\/span><span class=\"share-title\">Deel het!<\/span><button class=\"ws-share-button wp-element-button\">Deel deze pagina<\/button><\/div>\n","protected":false},"excerpt":{"rendered":"<p>Wil je ijsklimmen proberen? In het Pays des \u00c9crins ben je aan het juiste adres: het is een van &#8217;s [&hellip;]<\/p>\n","protected":false},"author":1,"featured_media":42418,"parent":44554,"menu_order":0,"comment_status":"closed","ping_status":"closed","template":"","meta":{"_thumbnail_id_2":0,"summer_excerpt":"","season":"","station":"","footnotes":""},"class_list":["post-44548","page","type-page","status-publish","has-post-thumbnail","hentry"],"yoast_head":"<!-- This site is optimized with the Yoast SEO plugin v27.3 - https:\/\/yoast.com\/product\/yoast-seo-wordpress\/ -->\n<title>IJsklimmen - Pays des \u00c9crins - Office de Tourisme<\/title>\n<meta name=\"robots\" content=\"index, follow, max-snippet:-1, max-image-preview:large, max-video-preview:-1\" \/>\n<link rel=\"canonical\" href=\"https:\/\/www.paysdesecrins.com\/nl\/mijn-buitenactiviteiten\/ijsklimmen\/\" \/>\n<meta property=\"og:locale\" content=\"nl_NL\" \/>\n<meta property=\"og:type\" content=\"article\" \/>\n<meta property=\"og:title\" content=\"IJsklimmen - Pays des \u00c9crins - Office de Tourisme\" \/>\n<meta property=\"og:description\" content=\"Wil je ijsklimmen proberen? In het Pays des \u00c9crins ben je aan het juiste adres: het is een van &#8217;s [&hellip;]\" \/>\n<meta property=\"og:url\" content=\"https:\/\/www.paysdesecrins.com\/nl\/mijn-buitenactiviteiten\/ijsklimmen\/\" \/>\n<meta property=\"og:site_name\" content=\"Pays des \u00c9crins - Office de Tourisme\" \/>\n<meta property=\"article:modified_time\" content=\"2025-08-05T14:19:30+00:00\" \/>\n<meta property=\"og:image\" content=\"https:\/\/www.paysdesecrins.com\/wp-content\/uploads\/2025\/07\/cascade-de-glace-pelvoux-4j-scaled.jpg\" \/>\n\t<meta property=\"og:image:width\" content=\"2560\" \/>\n\t<meta property=\"og:image:height\" content=\"1707\" \/>\n\t<meta property=\"og:image:type\" content=\"image\/jpeg\" \/>\n<meta name=\"twitter:card\" content=\"summary_large_image\" \/>\n<meta name=\"twitter:label1\" content=\"Geschatte leestijd\" \/>\n\t<meta name=\"twitter:data1\" content=\"1 minuut\" \/>\n<script type=\"application\/ld+json\" class=\"yoast-schema-graph\">{\"@context\":\"https:\\\/\\\/schema.org\",\"@graph\":[{\"@type\":\"WebPage\",\"@id\":\"https:\\\/\\\/www.paysdesecrins.com\\\/nl\\\/mijn-buitenactiviteiten\\\/ijsklimmen\\\/\",\"url\":\"https:\\\/\\\/www.paysdesecrins.com\\\/nl\\\/mijn-buitenactiviteiten\\\/ijsklimmen\\\/\",\"name\":\"IJsklimmen - Pays des \u00c9crins - Office de Tourisme\",\"isPartOf\":{\"@id\":\"https:\\\/\\\/www.paysdesecrins.com\\\/nl\\\/#website\"},\"primaryImageOfPage\":{\"@id\":\"https:\\\/\\\/www.paysdesecrins.com\\\/nl\\\/mijn-buitenactiviteiten\\\/ijsklimmen\\\/#primaryimage\"},\"image\":{\"@id\":\"https:\\\/\\\/www.paysdesecrins.com\\\/nl\\\/mijn-buitenactiviteiten\\\/ijsklimmen\\\/#primaryimage\"},\"thumbnailUrl\":\"https:\\\/\\\/www.paysdesecrins.com\\\/wp-content\\\/uploads\\\/2025\\\/07\\\/cascade-de-glace-pelvoux-4j-scaled.jpg\",\"datePublished\":\"2025-06-25T13:44:50+00:00\",\"dateModified\":\"2025-08-05T14:19:30+00:00\",\"breadcrumb\":{\"@id\":\"https:\\\/\\\/www.paysdesecrins.com\\\/nl\\\/mijn-buitenactiviteiten\\\/ijsklimmen\\\/#breadcrumb\"},\"inLanguage\":\"nl-NL\",\"potentialAction\":[{\"@type\":\"ReadAction\",\"target\":[\"https:\\\/\\\/www.paysdesecrins.com\\\/nl\\\/mijn-buitenactiviteiten\\\/ijsklimmen\\\/\"]}]},{\"@type\":\"ImageObject\",\"inLanguage\":\"nl-NL\",\"@id\":\"https:\\\/\\\/www.paysdesecrins.com\\\/nl\\\/mijn-buitenactiviteiten\\\/ijsklimmen\\\/#primaryimage\",\"url\":\"https:\\\/\\\/www.paysdesecrins.com\\\/wp-content\\\/uploads\\\/2025\\\/07\\\/cascade-de-glace-pelvoux-4j-scaled.jpg\",\"contentUrl\":\"https:\\\/\\\/www.paysdesecrins.com\\\/wp-content\\\/uploads\\\/2025\\\/07\\\/cascade-de-glace-pelvoux-4j-scaled.jpg\",\"width\":2560,\"height\":1707},{\"@type\":\"BreadcrumbList\",\"@id\":\"https:\\\/\\\/www.paysdesecrins.com\\\/nl\\\/mijn-buitenactiviteiten\\\/ijsklimmen\\\/#breadcrumb\",\"itemListElement\":[{\"@type\":\"ListItem\",\"position\":1,\"name\":\"Accueil\",\"item\":\"https:\\\/\\\/www.paysdesecrins.com\\\/nl\\\/de-titel-van-het-huis\\\/\"},{\"@type\":\"ListItem\",\"position\":2,\"name\":\"Mijn buitenactiviteiten\",\"item\":\"https:\\\/\\\/www.paysdesecrins.com\\\/nl\\\/mijn-buitenactiviteiten\\\/\"},{\"@type\":\"ListItem\",\"position\":3,\"name\":\"IJsklimmen\"}]},{\"@type\":\"WebSite\",\"@id\":\"https:\\\/\\\/www.paysdesecrins.com\\\/nl\\\/#website\",\"url\":\"https:\\\/\\\/www.paysdesecrins.com\\\/nl\\\/\",\"name\":\"Pays des \u00c9crins - Office de Tourisme\",\"description\":\"L&#039;esprit montagne\",\"publisher\":{\"@id\":\"https:\\\/\\\/www.paysdesecrins.com\\\/nl\\\/#organization\"},\"potentialAction\":[{\"@type\":\"SearchAction\",\"target\":{\"@type\":\"EntryPoint\",\"urlTemplate\":\"https:\\\/\\\/www.paysdesecrins.com\\\/nl\\\/?s={search_term_string}\"},\"query-input\":{\"@type\":\"PropertyValueSpecification\",\"valueRequired\":true,\"valueName\":\"search_term_string\"}}],\"inLanguage\":\"nl-NL\"},{\"@type\":\"Organization\",\"@id\":\"https:\\\/\\\/www.paysdesecrins.com\\\/nl\\\/#organization\",\"name\":\"Pays des \u00c9crins - Office de Tourisme\",\"url\":\"https:\\\/\\\/www.paysdesecrins.com\\\/nl\\\/\",\"logo\":{\"@type\":\"ImageObject\",\"inLanguage\":\"nl-NL\",\"@id\":\"https:\\\/\\\/www.paysdesecrins.com\\\/nl\\\/#\\\/schema\\\/logo\\\/image\\\/\",\"url\":\"https:\\\/\\\/www.paysdesecrins.com\\\/wp-content\\\/uploads\\\/2025\\\/06\\\/devina-svg-1750845694.svg\",\"contentUrl\":\"https:\\\/\\\/www.paysdesecrins.com\\\/wp-content\\\/uploads\\\/2025\\\/06\\\/devina-svg-1750845694.svg\",\"caption\":\"Pays des \u00c9crins - Office de Tourisme\"},\"image\":{\"@id\":\"https:\\\/\\\/www.paysdesecrins.com\\\/nl\\\/#\\\/schema\\\/logo\\\/image\\\/\"}}]}<\/script>\n<!-- \/ Yoast SEO plugin. -->","yoast_head_json":{"title":"IJsklimmen - Pays des \u00c9crins - Office de Tourisme","robots":{"index":"index","follow":"follow","max-snippet":"max-snippet:-1","max-image-preview":"max-image-preview:large","max-video-preview":"max-video-preview:-1"},"canonical":"https:\/\/www.paysdesecrins.com\/nl\/mijn-buitenactiviteiten\/ijsklimmen\/","og_locale":"nl_NL","og_type":"article","og_title":"IJsklimmen - Pays des \u00c9crins - Office de Tourisme","og_description":"Wil je ijsklimmen proberen? In het Pays des \u00c9crins ben je aan het juiste adres: het is een van &#8217;s [&hellip;]","og_url":"https:\/\/www.paysdesecrins.com\/nl\/mijn-buitenactiviteiten\/ijsklimmen\/","og_site_name":"Pays des \u00c9crins - Office de Tourisme","article_modified_time":"2025-08-05T14:19:30+00:00","og_image":[{"width":2560,"height":1707,"url":"https:\/\/www.paysdesecrins.com\/wp-content\/uploads\/2025\/07\/cascade-de-glace-pelvoux-4j-scaled.jpg","type":"image\/jpeg"}],"twitter_card":"summary_large_image","twitter_misc":{"Geschatte leestijd":"1 minuut"},"schema":{"@context":"https:\/\/schema.org","@graph":[{"@type":"WebPage","@id":"https:\/\/www.paysdesecrins.com\/nl\/mijn-buitenactiviteiten\/ijsklimmen\/","url":"https:\/\/www.paysdesecrins.com\/nl\/mijn-buitenactiviteiten\/ijsklimmen\/","name":"IJsklimmen - Pays des \u00c9crins - Office de Tourisme","isPartOf":{"@id":"https:\/\/www.paysdesecrins.com\/nl\/#website"},"primaryImageOfPage":{"@id":"https:\/\/www.paysdesecrins.com\/nl\/mijn-buitenactiviteiten\/ijsklimmen\/#primaryimage"},"image":{"@id":"https:\/\/www.paysdesecrins.com\/nl\/mijn-buitenactiviteiten\/ijsklimmen\/#primaryimage"},"thumbnailUrl":"https:\/\/www.paysdesecrins.com\/wp-content\/uploads\/2025\/07\/cascade-de-glace-pelvoux-4j-scaled.jpg","datePublished":"2025-06-25T13:44:50+00:00","dateModified":"2025-08-05T14:19:30+00:00","breadcrumb":{"@id":"https:\/\/www.paysdesecrins.com\/nl\/mijn-buitenactiviteiten\/ijsklimmen\/#breadcrumb"},"inLanguage":"nl-NL","potentialAction":[{"@type":"ReadAction","target":["https:\/\/www.paysdesecrins.com\/nl\/mijn-buitenactiviteiten\/ijsklimmen\/"]}]},{"@type":"ImageObject","inLanguage":"nl-NL","@id":"https:\/\/www.paysdesecrins.com\/nl\/mijn-buitenactiviteiten\/ijsklimmen\/#primaryimage","url":"https:\/\/www.paysdesecrins.com\/wp-content\/uploads\/2025\/07\/cascade-de-glace-pelvoux-4j-scaled.jpg","contentUrl":"https:\/\/www.paysdesecrins.com\/wp-content\/uploads\/2025\/07\/cascade-de-glace-pelvoux-4j-scaled.jpg","width":2560,"height":1707},{"@type":"BreadcrumbList","@id":"https:\/\/www.paysdesecrins.com\/nl\/mijn-buitenactiviteiten\/ijsklimmen\/#breadcrumb","itemListElement":[{"@type":"ListItem","position":1,"name":"Accueil","item":"https:\/\/www.paysdesecrins.com\/nl\/de-titel-van-het-huis\/"},{"@type":"ListItem","position":2,"name":"Mijn buitenactiviteiten","item":"https:\/\/www.paysdesecrins.com\/nl\/mijn-buitenactiviteiten\/"},{"@type":"ListItem","position":3,"name":"IJsklimmen"}]},{"@type":"WebSite","@id":"https:\/\/www.paysdesecrins.com\/nl\/#website","url":"https:\/\/www.paysdesecrins.com\/nl\/","name":"Pays des \u00c9crins - Office de Tourisme","description":"L&#039;esprit montagne","publisher":{"@id":"https:\/\/www.paysdesecrins.com\/nl\/#organization"},"potentialAction":[{"@type":"SearchAction","target":{"@type":"EntryPoint","urlTemplate":"https:\/\/www.paysdesecrins.com\/nl\/?s={search_term_string}"},"query-input":{"@type":"PropertyValueSpecification","valueRequired":true,"valueName":"search_term_string"}}],"inLanguage":"nl-NL"},{"@type":"Organization","@id":"https:\/\/www.paysdesecrins.com\/nl\/#organization","name":"Pays des \u00c9crins - Office de Tourisme","url":"https:\/\/www.paysdesecrins.com\/nl\/","logo":{"@type":"ImageObject","inLanguage":"nl-NL","@id":"https:\/\/www.paysdesecrins.com\/nl\/#\/schema\/logo\/image\/","url":"https:\/\/www.paysdesecrins.com\/wp-content\/uploads\/2025\/06\/devina-svg-1750845694.svg","contentUrl":"https:\/\/www.paysdesecrins.com\/wp-content\/uploads\/2025\/06\/devina-svg-1750845694.svg","caption":"Pays des \u00c9crins - Office de Tourisme"},"image":{"@id":"https:\/\/www.paysdesecrins.com\/nl\/#\/schema\/logo\/image\/"}}]}},"_links":{"self":[{"href":"https:\/\/www.paysdesecrins.com\/nl\/wp-json\/wp\/v2\/pages\/44548","targetHints":{"allow":["GET"]}}],"collection":[{"href":"https:\/\/www.paysdesecrins.com\/nl\/wp-json\/wp\/v2\/pages"}],"about":[{"href":"https:\/\/www.paysdesecrins.com\/nl\/wp-json\/wp\/v2\/types\/page"}],"author":[{"embeddable":true,"href":"https:\/\/www.paysdesecrins.com\/nl\/wp-json\/wp\/v2\/users\/1"}],"replies":[{"embeddable":true,"href":"https:\/\/www.paysdesecrins.com\/nl\/wp-json\/wp\/v2\/comments?post=44548"}],"version-history":[{"count":0,"href":"https:\/\/www.paysdesecrins.com\/nl\/wp-json\/wp\/v2\/pages\/44548\/revisions"}],"up":[{"embeddable":true,"href":"https:\/\/www.paysdesecrins.com\/nl\/wp-json\/wp\/v2\/pages\/44554"}],"wp:featuredmedia":[{"embeddable":true,"href":"https:\/\/www.paysdesecrins.com\/nl\/wp-json\/wp\/v2\/media\/42418"}],"wp:attachment":[{"href":"https:\/\/www.paysdesecrins.com\/nl\/wp-json\/wp\/v2\/media?parent=44548"}],"curies":[{"name":"wp","href":"https:\/\/api.w.org\/{rel}","templated":true}]}}