{"id":44575,"date":"2025-06-25T15:44:50","date_gmt":"2025-06-25T13:44:50","guid":{"rendered":"https:\/\/www.paysdesecrins.com\/berg\/"},"modified":"2026-01-16T15:50:14","modified_gmt":"2026-01-16T14:50:14","slug":"berg","status":"publish","type":"page","link":"https:\/\/www.paysdesecrins.com\/nl\/mijn-verlangen-om\/berg\/","title":{"rendered":"Mijn verlangen naar de bergen"},"content":{"rendered":"    <div class=\"alignfull wp-block-ws-library-ws-header-interne\" data-season=\"winter\">\n\t    <div class=\"header-container\">\n\t        <div class=\"group-media has-image\">\n\t            \t                <img loading=\"lazy\" decoding=\"async\" width=\"1200\" height=\"800\" src=\"https:\/\/www.paysdesecrins.com\/wp-content\/uploads\/2025\/07\/b6.jpg\" alt=\"\" class=\"image_large_square wp-image-51852\" srcset=\"https:\/\/www.paysdesecrins.com\/wp-content\/uploads\/2025\/07\/b6.jpg 1200w, https:\/\/www.paysdesecrins.com\/wp-content\/uploads\/2025\/07\/b6-300x200.jpg 300w, https:\/\/www.paysdesecrins.com\/wp-content\/uploads\/2025\/07\/b6-1024x683.jpg 1024w, https:\/\/www.paysdesecrins.com\/wp-content\/uploads\/2025\/07\/b6-768x512.jpg 768w, https:\/\/www.paysdesecrins.com\/wp-content\/uploads\/2025\/07\/b6-960x640.jpg 960w\" sizes=\"auto, (max-width: 1200px) 100vw, 1200px\" \/>\n\t            \t        <\/div>\n\t        <div class=\"group-content\">\n\t            <div class=\"title\">\n\t                <h1>\n\t                    Mijn verlangen naar de bergen\t                    \t                <\/h1>\n\t            <\/div>\n\t        <\/div>\n\t    <\/div>\n\t    \n<div class=\"yoast-breadcrumbs\"><span><span><a href=\"https:\/\/www.paysdesecrins.com\/nl\/de-titel-van-het-huis\/\">Accueil<\/a><\/span>  <span><a href=\"https:\/\/www.paysdesecrins.com\/nl\/mijn-verlangen-om\/\">Mijn verlangen om<\/a><\/span>  <span class=\"breadcrumb_last\" aria-current=\"page\">Mijn verlangen naar de bergen<\/span><\/span><\/div>\n    <\/div>\n        <div class=\"alignfull wp-block-ws-library-ws-header-interne\" data-season=\"summer\">\n\t    <div class=\"header-container\">\n\t        <div class=\"group-media has-image\">\n\t            \t                <img loading=\"lazy\" decoding=\"async\" width=\"1920\" height=\"800\" src=\"https:\/\/www.paysdesecrins.com\/wp-content\/uploads\/2025\/06\/h0a9608-scaled-1920x800.jpg\" alt=\"\" class=\"image_large_square wp-image-30\" \/>\n\t            \t        <\/div>\n\t        <div class=\"group-content\">\n\t            <div class=\"title\">\n\t                <h1>\n\t                    Mijn verlangen naar de bergen\t                    \t                <\/h1>\n\t            <\/div>\n\t        <\/div>\n\t    <\/div>\n\t    \n<div class=\"yoast-breadcrumbs\"><span><span><a href=\"https:\/\/www.paysdesecrins.com\/nl\/de-titel-van-het-huis\/\">Accueil<\/a><\/span>  <span><a href=\"https:\/\/www.paysdesecrins.com\/nl\/mijn-verlangen-om\/\">Mijn verlangen om<\/a><\/span>  <span class=\"breadcrumb_last\" aria-current=\"page\">Mijn verlangen naar de bergen<\/span><\/span><\/div>\n    <\/div>\n    \n<div class=\"wp-block-ws-library-ws-title aligncenter is-style-simple\"><h2><br><em>Mijn verlangen naar<\/em> de bergen<\/h2><\/div>\n\n<p class=\"has-text-align-center\" data-season=\"summer\">Hier leven we buiten. Of je hier nu bent om te <strong>klimmen<\/strong>, <strong>wandelen<\/strong>, <strong>trappen<\/strong>, <strong>peddelen<\/strong> of gewoon diep ademhalen, je bent hier aan het juiste adres. Dat is waar het bij de <strong>berggeest<\/strong> om draait: bewegen, versteld staan, eenvoudige maar intense momenten delen en je levend voelen. <\/p>\n\n<p class=\"has-text-align-center\" data-season=\"summer\">Tussen buitenactiviteiten, micro-avonturen op een steenworp afstand van uw accommodatie, natuurplekken die dichtslaan en evenementen die uw hart sneller doen kloppen, nodigt het Pays des \u00c9crins u uit om opnieuw in contact te komen met wat er echt toe doet. Klaar om je verlangens te volgen? <\/p>\n\n<p class=\"has-text-align-center\" data-season=\"winter\">Kom je om te <strong>ski\u00ebn<\/strong>, om <strong>in de sneeuw te wandelen<\/strong>, om bij het vuur te zitten of gewoon om de kou te voelen die in je wangen prikt? Perfect, dan ben je bij ons aan het juiste adres. <\/p>\n\n<p class=\"has-text-align-center\">De bergen in de winter zijn niet zomaar vakanties: het zijn <strong>vrienden,<\/strong> <strong>afdalingen<\/strong>, <strong>rustgevende stiltes<\/strong> , <strong>dichtslaande landschappen<\/strong> en eenvoudige momenten die goed voelen. <br\/>Je hoeft er geen ophef over te maken, het is er allemaal.<\/p>\n\n<p class=\"has-text-align-center\" data-season=\"winter\">Tussen de hellingen, sneeuwschoenwandelen, kleine verborgen restaurants, zonnebaden op het terras of lekker uitwaaien, heten <strong>Pelvoux-Vallouise<\/strong>, <strong>Puy Saint Vincent<\/strong> en <strong>Freissini\u00e8res <\/strong>u welkom van december tot april. Kom zoals je bent en laat je meeslepen. <\/p>\n\n<div class=\"wp-block-ws-library-ws-video\"><div class=\"wrapper\"><div class=\"group-media\">\n<figure class=\"wp-block-embed is-type-video is-provider-youtube wp-block-embed-youtube\" data-season=\"summer\"><div class=\"wp-block-embed__wrapper\">\n<iframe loading=\"lazy\" title=\"Le Pays des \u00c9crins : ta prochaine destination outdoor entre potes cet \u00e9t\u00e9 !\" width=\"500\" height=\"281\" src=\"https:\/\/www.youtube.com\/embed\/TZkVbCCc2X0?feature=oembed\" frameborder=\"0\" allow=\"accelerometer; autoplay; clipboard-write; encrypted-media; gyroscope; picture-in-picture; web-share\" referrerpolicy=\"strict-origin-when-cross-origin\" allowfullscreen><\/iframe>\n<\/div><\/figure>\n<\/div><\/div><\/div>\n\n<div class=\"wp-block-ws-library-ws-video\" data-season=\"winter\"><div class=\"wrapper\"><div class=\"group-media\">\n<figure class=\"wp-block-embed is-type-video is-provider-youtube wp-block-embed-youtube\" data-season=\"winter\"><div class=\"wp-block-embed__wrapper\">\n<iframe loading=\"lazy\" title=\"En qu\u00eate d&#039;adr\u00e9naline ou besoin s\u00e9r\u00e9nit\u00e9 ? \u00c0 chacun sa fa\u00e7on de vivre la montagne !\" width=\"500\" height=\"281\" src=\"https:\/\/www.youtube.com\/embed\/zvcVd79-ZgQ?feature=oembed\" frameborder=\"0\" allow=\"accelerometer; autoplay; clipboard-write; encrypted-media; gyroscope; picture-in-picture; web-share\" referrerpolicy=\"strict-origin-when-cross-origin\" allowfullscreen><\/iframe>\n<\/div><\/figure>\n<\/div><\/div><\/div>\n\n<div class=\"wp-block-ws-library-ws-title aligncenter\" data-season=\"summer\"><h3>Micro-avonturen in de zomer  <\/h3><\/div>\n<div class=\"alignwide wp-block-ws-library-ws-list-childs\" data-season=\"summer\"><div class=\"child-pages-list list-items list-2-3-4\"><div class=\"item\" data-season=\"all-seasons\"><div class=\"card card-child\"><div class=\"group-media\"><div class=\"field-image\"><img decoding=\"async\" width=\"400\" height=\"400\" src=\"https:\/\/www.paysdesecrins.com\/wp-content\/uploads\/2025\/07\/1685694568-367807256-400x400.jpeg\" class=\"winter all-seasons wp-post-image\" alt=\"\" loading=\"lazy\" data-season=\"all-seasons\" srcset=\"https:\/\/www.paysdesecrins.com\/wp-content\/uploads\/2025\/07\/1685694568-367807256-400x400.jpeg 400w, https:\/\/www.paysdesecrins.com\/wp-content\/uploads\/2025\/07\/1685694568-367807256-150x150.jpeg 150w, https:\/\/www.paysdesecrins.com\/wp-content\/uploads\/2025\/07\/1685694568-367807256-600x600.jpeg 600w, https:\/\/www.paysdesecrins.com\/wp-content\/uploads\/2025\/07\/1685694568-367807256-300x300.jpeg 300w, https:\/\/www.paysdesecrins.com\/wp-content\/uploads\/2025\/07\/1685694568-367807256-570x570.jpeg 570w\" sizes=\"auto, (max-width: 400px) 100vw, 400px\" \/><\/div><\/div><div class=\"group-content\"><span class=\"field-title\">Tussen moeder en dochter op de Glacier Blanc<\/span><\/div><div class=\"field-link\"><a href=\"https:\/\/www.paysdesecrins.com\/nl\/mijn-verlangen-om\/berg\/tussen-moeder-en-dochter-op-de-glacier-blanc\/\" class=\"cardlink\">Voir plus<\/a><\/div><\/div><\/div><div class=\"item\" data-season=\"all-seasons\"><div class=\"card card-child\"><div class=\"group-media\"><div class=\"field-image\"><img decoding=\"async\" width=\"400\" height=\"400\" src=\"https:\/\/www.paysdesecrins.com\/wp-content\/uploads\/2025\/07\/bivouac-au-lac-faravel-et-boucle-des-3-lacs-13-1-400x400.jpg\" class=\"winter all-seasons wp-post-image\" alt=\"\" loading=\"lazy\" data-season=\"all-seasons\" srcset=\"https:\/\/www.paysdesecrins.com\/wp-content\/uploads\/2025\/07\/bivouac-au-lac-faravel-et-boucle-des-3-lacs-13-1-400x400.jpg 400w, https:\/\/www.paysdesecrins.com\/wp-content\/uploads\/2025\/07\/bivouac-au-lac-faravel-et-boucle-des-3-lacs-13-1-150x150.jpg 150w, https:\/\/www.paysdesecrins.com\/wp-content\/uploads\/2025\/07\/bivouac-au-lac-faravel-et-boucle-des-3-lacs-13-1-600x600.jpg 600w, https:\/\/www.paysdesecrins.com\/wp-content\/uploads\/2025\/07\/bivouac-au-lac-faravel-et-boucle-des-3-lacs-13-1-300x300.jpg 300w, https:\/\/www.paysdesecrins.com\/wp-content\/uploads\/2025\/07\/bivouac-au-lac-faravel-et-boucle-des-3-lacs-13-1-570x570.jpg 570w\" sizes=\"auto, (max-width: 400px) 100vw, 400px\" \/><\/div><\/div><div class=\"group-content\"><span class=\"field-title\">Wandelen en bivak in Freissini\u00e8res<\/span><\/div><div class=\"field-link\"><a href=\"https:\/\/www.paysdesecrins.com\/nl\/mijn-verlangen-om\/berg\/wandelen-en-bivak-in-freissinieres\/\" class=\"cardlink\">Voir plus<\/a><\/div><\/div><\/div><div class=\"item\" data-season=\"all-seasons\"><div class=\"card card-child\"><div class=\"group-media\"><div class=\"field-image\"><img decoding=\"async\" width=\"400\" height=\"400\" src=\"https:\/\/www.paysdesecrins.com\/wp-content\/uploads\/2025\/07\/et-si-nous-allions-rencontrer-le-mont-pelvoux-1683900006-400x400.jpg\" class=\"winter all-seasons wp-post-image\" alt=\"\" loading=\"lazy\" data-season=\"all-seasons\" srcset=\"https:\/\/www.paysdesecrins.com\/wp-content\/uploads\/2025\/07\/et-si-nous-allions-rencontrer-le-mont-pelvoux-1683900006-400x400.jpg 400w, https:\/\/www.paysdesecrins.com\/wp-content\/uploads\/2025\/07\/et-si-nous-allions-rencontrer-le-mont-pelvoux-1683900006-150x150.jpg 150w, https:\/\/www.paysdesecrins.com\/wp-content\/uploads\/2025\/07\/et-si-nous-allions-rencontrer-le-mont-pelvoux-1683900006-300x300.jpg 300w\" sizes=\"auto, (max-width: 400px) 100vw, 400px\" \/><\/div><\/div><div class=\"group-content\"><span class=\"field-title\">De Mont Pelvoux ontdekken<\/span><\/div><div class=\"field-link\"><a href=\"https:\/\/www.paysdesecrins.com\/nl\/mijn-verlangen-om\/berg\/de-mont-pelvoux-ontdekken\/\" class=\"cardlink\">Voir plus<\/a><\/div><\/div><\/div><div class=\"item\" data-season=\"all-seasons\"><div class=\"card card-child\"><div class=\"group-media\"><div class=\"field-image\"><img decoding=\"async\" width=\"400\" height=\"400\" src=\"https:\/\/www.paysdesecrins.com\/wp-content\/uploads\/2025\/07\/capture-decran-2025-07-25-a-104653-400x400.png\" class=\"winter all-seasons wp-post-image\" alt=\"\" loading=\"lazy\" data-season=\"all-seasons\" srcset=\"https:\/\/www.paysdesecrins.com\/wp-content\/uploads\/2025\/07\/capture-decran-2025-07-25-a-104653-400x400.png 400w, https:\/\/www.paysdesecrins.com\/wp-content\/uploads\/2025\/07\/capture-decran-2025-07-25-a-104653-150x150.png 150w, https:\/\/www.paysdesecrins.com\/wp-content\/uploads\/2025\/07\/capture-decran-2025-07-25-a-104653-300x300.png 300w\" sizes=\"auto, (max-width: 400px) 100vw, 400px\" \/><\/div><\/div><div class=\"group-content\"><span class=\"field-title\">Twee dagen avontuur in het Pays des \u00c9crins<\/span><\/div><div class=\"field-link\"><a href=\"https:\/\/www.paysdesecrins.com\/nl\/mijn-verlangen-om\/berg\/twee-dagen-avontuur-in-het-pays-des-ecrins\/\" class=\"cardlink\">Voir plus<\/a><\/div><\/div><\/div><div class=\"item\" data-season=\"all-seasons\"><div class=\"card card-child\"><div class=\"group-media\"><div class=\"field-image\"><img decoding=\"async\" width=\"400\" height=\"400\" src=\"https:\/\/www.paysdesecrins.com\/wp-content\/uploads\/2025\/08\/aile3-1-400x400.jpg\" class=\"winter all-seasons wp-post-image\" alt=\"\" loading=\"lazy\" data-season=\"all-seasons\" srcset=\"https:\/\/www.paysdesecrins.com\/wp-content\/uploads\/2025\/08\/aile3-1-400x400.jpg 400w, https:\/\/www.paysdesecrins.com\/wp-content\/uploads\/2025\/08\/aile3-1-150x150.jpg 150w, https:\/\/www.paysdesecrins.com\/wp-content\/uploads\/2025\/08\/aile3-1-600x600.jpg 600w, https:\/\/www.paysdesecrins.com\/wp-content\/uploads\/2025\/08\/aile3-1-300x300.jpg 300w, https:\/\/www.paysdesecrins.com\/wp-content\/uploads\/2025\/08\/aile3-1-570x570.jpg 570w\" sizes=\"auto, (max-width: 400px) 100vw, 400px\" \/><\/div><\/div><div class=\"group-content\"><span class=\"field-title\">Een dagje uit voor koppels in Ailefroide<\/span><\/div><div class=\"field-link\"><a href=\"https:\/\/www.paysdesecrins.com\/nl\/mijn-verlangen-om\/berg\/een-dagje-uit-in-ailefroide\/\" class=\"cardlink\">Voir plus<\/a><\/div><\/div><\/div><div class=\"item\" data-season=\"all-seasons\"><div class=\"card card-child\"><div class=\"group-media\"><div class=\"field-image\"><img decoding=\"async\" width=\"400\" height=\"400\" src=\"https:\/\/www.paysdesecrins.com\/wp-content\/uploads\/2025\/07\/1681827665-84422455-1-400x400.jpg\" class=\"winter all-seasons wp-post-image\" alt=\"\" loading=\"lazy\" data-season=\"all-seasons\" srcset=\"https:\/\/www.paysdesecrins.com\/wp-content\/uploads\/2025\/07\/1681827665-84422455-1-400x400.jpg 400w, https:\/\/www.paysdesecrins.com\/wp-content\/uploads\/2025\/07\/1681827665-84422455-1-150x150.jpg 150w, https:\/\/www.paysdesecrins.com\/wp-content\/uploads\/2025\/07\/1681827665-84422455-1-600x600.jpg 600w, https:\/\/www.paysdesecrins.com\/wp-content\/uploads\/2025\/07\/1681827665-84422455-1-300x300.jpg 300w, https:\/\/www.paysdesecrins.com\/wp-content\/uploads\/2025\/07\/1681827665-84422455-1-570x570.jpg 570w\" sizes=\"auto, (max-width: 400px) 100vw, 400px\" \/><\/div><\/div><div class=\"group-content\"><span class=\"field-title\">D\u00f4me des \u00c9crins en Roche Faurio op skitochten!<\/span><\/div><div class=\"field-link\"><a href=\"https:\/\/www.paysdesecrins.com\/nl\/mijn-verlangen-om\/berg\/dome-des-ecrins-en-roche-faurio-op-skitochten\/\" class=\"cardlink\">Voir plus<\/a><\/div><\/div><\/div><div class=\"item\" data-season=\"all-seasons\"><div class=\"card card-child\"><div class=\"group-media\"><div class=\"field-image\"><img decoding=\"async\" width=\"400\" height=\"400\" src=\"https:\/\/www.paysdesecrins.com\/wp-content\/uploads\/2025\/07\/171ski-rando-pre-de-madame-carle-en-ski-23-400x400.jpg\" class=\"winter all-seasons wp-post-image\" alt=\"\" loading=\"lazy\" data-season=\"all-seasons\" srcset=\"https:\/\/www.paysdesecrins.com\/wp-content\/uploads\/2025\/07\/171ski-rando-pre-de-madame-carle-en-ski-23-400x400.jpg 400w, https:\/\/www.paysdesecrins.com\/wp-content\/uploads\/2025\/07\/171ski-rando-pre-de-madame-carle-en-ski-23-150x150.jpg 150w, https:\/\/www.paysdesecrins.com\/wp-content\/uploads\/2025\/07\/171ski-rando-pre-de-madame-carle-en-ski-23-600x600.jpg 600w, https:\/\/www.paysdesecrins.com\/wp-content\/uploads\/2025\/07\/171ski-rando-pre-de-madame-carle-en-ski-23-300x300.jpg 300w, https:\/\/www.paysdesecrins.com\/wp-content\/uploads\/2025\/07\/171ski-rando-pre-de-madame-carle-en-ski-23-570x570.jpg 570w\" sizes=\"auto, (max-width: 400px) 100vw, 400px\" \/><\/div><\/div><div class=\"group-content\"><span class=\"field-title\">Doe in mei wat je wilt!<\/span><\/div><div class=\"field-link\"><a href=\"https:\/\/www.paysdesecrins.com\/nl\/mijn-verlangen-om\/berg\/doe-in-mei-wat-je-wilt\/\" class=\"cardlink\">Voir plus<\/a><\/div><\/div><\/div><div class=\"item\" data-season=\"all-seasons\"><div class=\"card card-child\"><div class=\"group-media\"><div class=\"field-image\"><img decoding=\"async\" width=\"400\" height=\"400\" src=\"https:\/\/www.paysdesecrins.com\/wp-content\/uploads\/2025\/07\/1674817584-1084275632-1-400x400.jpg\" class=\"winter all-seasons wp-post-image\" alt=\"\" loading=\"lazy\" data-season=\"all-seasons\" srcset=\"https:\/\/www.paysdesecrins.com\/wp-content\/uploads\/2025\/07\/1674817584-1084275632-1-400x400.jpg 400w, https:\/\/www.paysdesecrins.com\/wp-content\/uploads\/2025\/07\/1674817584-1084275632-1-150x150.jpg 150w, https:\/\/www.paysdesecrins.com\/wp-content\/uploads\/2025\/07\/1674817584-1084275632-1-600x600.jpg 600w, https:\/\/www.paysdesecrins.com\/wp-content\/uploads\/2025\/07\/1674817584-1084275632-1-300x300.jpg 300w, https:\/\/www.paysdesecrins.com\/wp-content\/uploads\/2025\/07\/1674817584-1084275632-1-570x570.jpg 570w\" sizes=\"auto, (max-width: 400px) 100vw, 400px\" \/><\/div><\/div><div class=\"group-content\"><span class=\"field-title\">Ontdekking van een nacht in een toevluchtsoord<\/span><\/div><div class=\"field-link\"><a href=\"https:\/\/www.paysdesecrins.com\/nl\/mijn-verlangen-om\/berg\/ontdekking-van-een-nacht-in-een-toevluchtsoord\/\" class=\"cardlink\">Voir plus<\/a><\/div><\/div><\/div><div class=\"item\" data-season=\"all-seasons\"><div class=\"card card-child\"><div class=\"group-media\"><div class=\"field-image\"><img decoding=\"async\" width=\"400\" height=\"400\" src=\"https:\/\/www.paysdesecrins.com\/wp-content\/uploads\/2025\/07\/bivouac-a-la-cabane-de-faravel-106-400x400.jpg\" class=\"winter all-seasons wp-post-image\" alt=\"\" loading=\"lazy\" data-season=\"all-seasons\" srcset=\"https:\/\/www.paysdesecrins.com\/wp-content\/uploads\/2025\/07\/bivouac-a-la-cabane-de-faravel-106-400x400.jpg 400w, https:\/\/www.paysdesecrins.com\/wp-content\/uploads\/2025\/07\/bivouac-a-la-cabane-de-faravel-106-150x150.jpg 150w, https:\/\/www.paysdesecrins.com\/wp-content\/uploads\/2025\/07\/bivouac-a-la-cabane-de-faravel-106-600x600.jpg 600w, https:\/\/www.paysdesecrins.com\/wp-content\/uploads\/2025\/07\/bivouac-a-la-cabane-de-faravel-106-300x300.jpg 300w, https:\/\/www.paysdesecrins.com\/wp-content\/uploads\/2025\/07\/bivouac-a-la-cabane-de-faravel-106-570x570.jpg 570w\" sizes=\"auto, (max-width: 400px) 100vw, 400px\" \/><\/div><\/div><div class=\"group-content\"><span class=\"field-title\">Een tijdloze avond met vrienden<\/span><\/div><div class=\"field-link\"><a href=\"https:\/\/www.paysdesecrins.com\/nl\/mijn-verlangen-om\/berg\/een-avondje-uit-de-tijd\/\" class=\"cardlink\">Voir plus<\/a><\/div><\/div><\/div><div class=\"item\" data-season=\"all-seasons\"><div class=\"card card-child\"><div class=\"group-media\"><div class=\"field-image\"><img decoding=\"async\" width=\"400\" height=\"400\" src=\"https:\/\/www.paysdesecrins.com\/wp-content\/uploads\/2025\/07\/9inclusion-1-400x400.jpg\" class=\"winter all-seasons wp-post-image\" alt=\"\" loading=\"lazy\" data-season=\"all-seasons\" srcset=\"https:\/\/www.paysdesecrins.com\/wp-content\/uploads\/2025\/07\/9inclusion-1-400x400.jpg 400w, https:\/\/www.paysdesecrins.com\/wp-content\/uploads\/2025\/07\/9inclusion-1-150x150.jpg 150w, https:\/\/www.paysdesecrins.com\/wp-content\/uploads\/2025\/07\/9inclusion-1-600x600.jpg 600w, https:\/\/www.paysdesecrins.com\/wp-content\/uploads\/2025\/07\/9inclusion-1-300x300.jpg 300w, https:\/\/www.paysdesecrins.com\/wp-content\/uploads\/2025\/07\/9inclusion-1-570x570.jpg 570w\" sizes=\"auto, (max-width: 400px) 100vw, 400px\" \/><\/div><\/div><div class=\"group-content\"><span class=\"field-title\">Een fietstocht als geen ander<\/span><\/div><div class=\"field-link\"><a href=\"https:\/\/www.paysdesecrins.com\/nl\/mijn-verlangen-om\/berg\/een-fietstocht-als-geen-ander\/\" class=\"cardlink\">Voir plus<\/a><\/div><\/div><\/div><div class=\"item\" data-season=\"all-seasons\"><div class=\"card card-child\"><div class=\"group-media\"><div class=\"field-image\"><img decoding=\"async\" width=\"400\" height=\"400\" src=\"https:\/\/www.paysdesecrins.com\/wp-content\/uploads\/2025\/07\/18vtt-vttvae-itine-rance-bouchier-geo-400x400.jpg\" class=\"winter all-seasons wp-post-image\" alt=\"\" loading=\"lazy\" data-season=\"all-seasons\" srcset=\"https:\/\/www.paysdesecrins.com\/wp-content\/uploads\/2025\/07\/18vtt-vttvae-itine-rance-bouchier-geo-400x400.jpg 400w, https:\/\/www.paysdesecrins.com\/wp-content\/uploads\/2025\/07\/18vtt-vttvae-itine-rance-bouchier-geo-150x150.jpg 150w, https:\/\/www.paysdesecrins.com\/wp-content\/uploads\/2025\/07\/18vtt-vttvae-itine-rance-bouchier-geo-600x600.jpg 600w, https:\/\/www.paysdesecrins.com\/wp-content\/uploads\/2025\/07\/18vtt-vttvae-itine-rance-bouchier-geo-300x300.jpg 300w, https:\/\/www.paysdesecrins.com\/wp-content\/uploads\/2025\/07\/18vtt-vttvae-itine-rance-bouchier-geo-570x570.jpg 570w\" sizes=\"auto, (max-width: 400px) 100vw, 400px\" \/><\/div><\/div><div class=\"group-content\"><span class=\"field-title\">Een autoloze week<\/span><\/div><div class=\"field-link\"><a href=\"https:\/\/www.paysdesecrins.com\/nl\/mijn-verlangen-om\/berg\/een-autoloze-week\/\" class=\"cardlink\">Voir plus<\/a><\/div><\/div><\/div><div class=\"item\" data-season=\"all-seasons\"><div class=\"card card-child\"><div class=\"group-media\"><div class=\"field-image\"><img decoding=\"async\" width=\"400\" height=\"400\" src=\"https:\/\/www.paysdesecrins.com\/wp-content\/uploads\/2025\/07\/bivouac-pic-du-glacier-d-a-5-400x400.jpg\" class=\"winter all-seasons wp-post-image\" alt=\"\" loading=\"lazy\" data-season=\"all-seasons\" srcset=\"https:\/\/www.paysdesecrins.com\/wp-content\/uploads\/2025\/07\/bivouac-pic-du-glacier-d-a-5-400x400.jpg 400w, https:\/\/www.paysdesecrins.com\/wp-content\/uploads\/2025\/07\/bivouac-pic-du-glacier-d-a-5-150x150.jpg 150w, https:\/\/www.paysdesecrins.com\/wp-content\/uploads\/2025\/07\/bivouac-pic-du-glacier-d-a-5-600x600.jpg 600w, https:\/\/www.paysdesecrins.com\/wp-content\/uploads\/2025\/07\/bivouac-pic-du-glacier-d-a-5-300x300.jpg 300w, https:\/\/www.paysdesecrins.com\/wp-content\/uploads\/2025\/07\/bivouac-pic-du-glacier-d-a-5-570x570.jpg 570w\" sizes=\"auto, (max-width: 400px) 100vw, 400px\" \/><\/div><\/div><div class=\"group-content\"><span class=\"field-title\">3 meisjes in opkomst van Roche Faurio!<\/span><\/div><div class=\"field-link\"><a href=\"https:\/\/www.paysdesecrins.com\/nl\/mijn-verlangen-om\/berg\/3-meisjes-in-opkomst-van-roche-faurio\/\" class=\"cardlink\">Voir plus<\/a><\/div><\/div><\/div><div class=\"item\" data-season=\"all-seasons\"><div class=\"card card-child\"><div class=\"group-media\"><div class=\"field-image\"><img decoding=\"async\" width=\"400\" height=\"400\" src=\"https:\/\/www.paysdesecrins.com\/wp-content\/uploads\/2025\/07\/refuge-des-e-crins-glacier-400x400.webp\" class=\"winter all-seasons wp-post-image\" alt=\"\" loading=\"lazy\" data-season=\"all-seasons\" srcset=\"https:\/\/www.paysdesecrins.com\/wp-content\/uploads\/2025\/07\/refuge-des-e-crins-glacier-400x400.webp 400w, https:\/\/www.paysdesecrins.com\/wp-content\/uploads\/2025\/07\/refuge-des-e-crins-glacier-150x150.webp 150w, https:\/\/www.paysdesecrins.com\/wp-content\/uploads\/2025\/07\/refuge-des-e-crins-glacier-600x600.webp 600w, https:\/\/www.paysdesecrins.com\/wp-content\/uploads\/2025\/07\/refuge-des-e-crins-glacier-300x300.webp 300w, https:\/\/www.paysdesecrins.com\/wp-content\/uploads\/2025\/07\/refuge-des-e-crins-glacier-570x570.webp 570w\" sizes=\"auto, (max-width: 400px) 100vw, 400px\" \/><\/div><\/div><div class=\"group-content\"><span class=\"field-title\">De \u00c9crins aan de kant van de refuge<\/span><\/div><div class=\"field-link\"><a href=\"https:\/\/www.paysdesecrins.com\/nl\/mijn-verlangen-om\/berg\/de-ecrins-aan-de-kant-van-de-refuge\/\" class=\"cardlink\">Voir plus<\/a><\/div><\/div><\/div><\/div><\/div>\n<div class=\"wp-block-ws-library-ws-title aligncenter\" data-season=\"winter\"><h3>WINTER MICRO-AVONTUUR<\/h3><\/div>\n<div class=\"alignwide wp-block-ws-library-ws-list-childs\" data-season=\"winter\"><div class=\"child-pages-list list-items list-2-3-4\"><div class=\"item\" data-season=\"all-seasons\"><div class=\"card card-child\"><div class=\"group-media\"><div class=\"field-image\"><img decoding=\"async\" width=\"400\" height=\"400\" src=\"https:\/\/www.paysdesecrins.com\/wp-content\/uploads\/2025\/07\/1685694568-367807256-400x400.jpeg\" class=\"winter all-seasons wp-post-image\" alt=\"\" loading=\"lazy\" data-season=\"all-seasons\" srcset=\"https:\/\/www.paysdesecrins.com\/wp-content\/uploads\/2025\/07\/1685694568-367807256-400x400.jpeg 400w, https:\/\/www.paysdesecrins.com\/wp-content\/uploads\/2025\/07\/1685694568-367807256-150x150.jpeg 150w, https:\/\/www.paysdesecrins.com\/wp-content\/uploads\/2025\/07\/1685694568-367807256-600x600.jpeg 600w, https:\/\/www.paysdesecrins.com\/wp-content\/uploads\/2025\/07\/1685694568-367807256-300x300.jpeg 300w, https:\/\/www.paysdesecrins.com\/wp-content\/uploads\/2025\/07\/1685694568-367807256-570x570.jpeg 570w\" sizes=\"auto, (max-width: 400px) 100vw, 400px\" \/><\/div><\/div><div class=\"group-content\"><span class=\"field-title\">Tussen moeder en dochter op de Glacier Blanc<\/span><\/div><div class=\"field-link\"><a href=\"https:\/\/www.paysdesecrins.com\/nl\/mijn-verlangen-om\/berg\/tussen-moeder-en-dochter-op-de-glacier-blanc\/\" class=\"cardlink\">Voir plus<\/a><\/div><\/div><\/div><div class=\"item\" data-season=\"all-seasons\"><div class=\"card card-child\"><div class=\"group-media\"><div class=\"field-image\"><img decoding=\"async\" width=\"400\" height=\"400\" src=\"https:\/\/www.paysdesecrins.com\/wp-content\/uploads\/2025\/07\/bivouac-au-lac-faravel-et-boucle-des-3-lacs-13-1-400x400.jpg\" class=\"winter all-seasons wp-post-image\" alt=\"\" loading=\"lazy\" data-season=\"all-seasons\" srcset=\"https:\/\/www.paysdesecrins.com\/wp-content\/uploads\/2025\/07\/bivouac-au-lac-faravel-et-boucle-des-3-lacs-13-1-400x400.jpg 400w, https:\/\/www.paysdesecrins.com\/wp-content\/uploads\/2025\/07\/bivouac-au-lac-faravel-et-boucle-des-3-lacs-13-1-150x150.jpg 150w, https:\/\/www.paysdesecrins.com\/wp-content\/uploads\/2025\/07\/bivouac-au-lac-faravel-et-boucle-des-3-lacs-13-1-600x600.jpg 600w, https:\/\/www.paysdesecrins.com\/wp-content\/uploads\/2025\/07\/bivouac-au-lac-faravel-et-boucle-des-3-lacs-13-1-300x300.jpg 300w, https:\/\/www.paysdesecrins.com\/wp-content\/uploads\/2025\/07\/bivouac-au-lac-faravel-et-boucle-des-3-lacs-13-1-570x570.jpg 570w\" sizes=\"auto, (max-width: 400px) 100vw, 400px\" \/><\/div><\/div><div class=\"group-content\"><span class=\"field-title\">Wandelen en bivak in Freissini\u00e8res<\/span><\/div><div class=\"field-link\"><a href=\"https:\/\/www.paysdesecrins.com\/nl\/mijn-verlangen-om\/berg\/wandelen-en-bivak-in-freissinieres\/\" class=\"cardlink\">Voir plus<\/a><\/div><\/div><\/div><div class=\"item\" data-season=\"all-seasons\"><div class=\"card card-child\"><div class=\"group-media\"><div class=\"field-image\"><img decoding=\"async\" width=\"400\" height=\"400\" src=\"https:\/\/www.paysdesecrins.com\/wp-content\/uploads\/2025\/07\/et-si-nous-allions-rencontrer-le-mont-pelvoux-1683900006-400x400.jpg\" class=\"winter all-seasons wp-post-image\" alt=\"\" loading=\"lazy\" data-season=\"all-seasons\" srcset=\"https:\/\/www.paysdesecrins.com\/wp-content\/uploads\/2025\/07\/et-si-nous-allions-rencontrer-le-mont-pelvoux-1683900006-400x400.jpg 400w, https:\/\/www.paysdesecrins.com\/wp-content\/uploads\/2025\/07\/et-si-nous-allions-rencontrer-le-mont-pelvoux-1683900006-150x150.jpg 150w, https:\/\/www.paysdesecrins.com\/wp-content\/uploads\/2025\/07\/et-si-nous-allions-rencontrer-le-mont-pelvoux-1683900006-300x300.jpg 300w\" sizes=\"auto, (max-width: 400px) 100vw, 400px\" \/><\/div><\/div><div class=\"group-content\"><span class=\"field-title\">De Mont Pelvoux ontdekken<\/span><\/div><div class=\"field-link\"><a href=\"https:\/\/www.paysdesecrins.com\/nl\/mijn-verlangen-om\/berg\/de-mont-pelvoux-ontdekken\/\" class=\"cardlink\">Voir plus<\/a><\/div><\/div><\/div><div class=\"item\" data-season=\"all-seasons\"><div class=\"card card-child\"><div class=\"group-media\"><div class=\"field-image\"><img decoding=\"async\" width=\"400\" height=\"400\" src=\"https:\/\/www.paysdesecrins.com\/wp-content\/uploads\/2025\/07\/capture-decran-2025-07-25-a-104653-400x400.png\" class=\"winter all-seasons wp-post-image\" alt=\"\" loading=\"lazy\" data-season=\"all-seasons\" srcset=\"https:\/\/www.paysdesecrins.com\/wp-content\/uploads\/2025\/07\/capture-decran-2025-07-25-a-104653-400x400.png 400w, https:\/\/www.paysdesecrins.com\/wp-content\/uploads\/2025\/07\/capture-decran-2025-07-25-a-104653-150x150.png 150w, https:\/\/www.paysdesecrins.com\/wp-content\/uploads\/2025\/07\/capture-decran-2025-07-25-a-104653-300x300.png 300w\" sizes=\"auto, (max-width: 400px) 100vw, 400px\" \/><\/div><\/div><div class=\"group-content\"><span class=\"field-title\">Twee dagen avontuur in het Pays des \u00c9crins<\/span><\/div><div class=\"field-link\"><a href=\"https:\/\/www.paysdesecrins.com\/nl\/mijn-verlangen-om\/berg\/twee-dagen-avontuur-in-het-pays-des-ecrins\/\" class=\"cardlink\">Voir plus<\/a><\/div><\/div><\/div><div class=\"item\" data-season=\"all-seasons\"><div class=\"card card-child\"><div class=\"group-media\"><div class=\"field-image\"><img decoding=\"async\" width=\"400\" height=\"400\" src=\"https:\/\/www.paysdesecrins.com\/wp-content\/uploads\/2025\/08\/aile3-1-400x400.jpg\" class=\"winter all-seasons wp-post-image\" alt=\"\" loading=\"lazy\" data-season=\"all-seasons\" srcset=\"https:\/\/www.paysdesecrins.com\/wp-content\/uploads\/2025\/08\/aile3-1-400x400.jpg 400w, https:\/\/www.paysdesecrins.com\/wp-content\/uploads\/2025\/08\/aile3-1-150x150.jpg 150w, https:\/\/www.paysdesecrins.com\/wp-content\/uploads\/2025\/08\/aile3-1-600x600.jpg 600w, https:\/\/www.paysdesecrins.com\/wp-content\/uploads\/2025\/08\/aile3-1-300x300.jpg 300w, https:\/\/www.paysdesecrins.com\/wp-content\/uploads\/2025\/08\/aile3-1-570x570.jpg 570w\" sizes=\"auto, (max-width: 400px) 100vw, 400px\" \/><\/div><\/div><div class=\"group-content\"><span class=\"field-title\">Een dagje uit voor koppels in Ailefroide<\/span><\/div><div class=\"field-link\"><a href=\"https:\/\/www.paysdesecrins.com\/nl\/mijn-verlangen-om\/berg\/een-dagje-uit-in-ailefroide\/\" class=\"cardlink\">Voir plus<\/a><\/div><\/div><\/div><div class=\"item\" data-season=\"all-seasons\"><div class=\"card card-child\"><div class=\"group-media\"><div class=\"field-image\"><img decoding=\"async\" width=\"400\" height=\"400\" src=\"https:\/\/www.paysdesecrins.com\/wp-content\/uploads\/2025\/07\/1681827665-84422455-1-400x400.jpg\" class=\"winter all-seasons wp-post-image\" alt=\"\" loading=\"lazy\" data-season=\"all-seasons\" srcset=\"https:\/\/www.paysdesecrins.com\/wp-content\/uploads\/2025\/07\/1681827665-84422455-1-400x400.jpg 400w, https:\/\/www.paysdesecrins.com\/wp-content\/uploads\/2025\/07\/1681827665-84422455-1-150x150.jpg 150w, https:\/\/www.paysdesecrins.com\/wp-content\/uploads\/2025\/07\/1681827665-84422455-1-600x600.jpg 600w, https:\/\/www.paysdesecrins.com\/wp-content\/uploads\/2025\/07\/1681827665-84422455-1-300x300.jpg 300w, https:\/\/www.paysdesecrins.com\/wp-content\/uploads\/2025\/07\/1681827665-84422455-1-570x570.jpg 570w\" sizes=\"auto, (max-width: 400px) 100vw, 400px\" \/><\/div><\/div><div class=\"group-content\"><span class=\"field-title\">D\u00f4me des \u00c9crins en Roche Faurio op skitochten!<\/span><\/div><div class=\"field-link\"><a href=\"https:\/\/www.paysdesecrins.com\/nl\/mijn-verlangen-om\/berg\/dome-des-ecrins-en-roche-faurio-op-skitochten\/\" class=\"cardlink\">Voir plus<\/a><\/div><\/div><\/div><div class=\"item\" data-season=\"all-seasons\"><div class=\"card card-child\"><div class=\"group-media\"><div class=\"field-image\"><img decoding=\"async\" width=\"400\" height=\"400\" src=\"https:\/\/www.paysdesecrins.com\/wp-content\/uploads\/2025\/07\/171ski-rando-pre-de-madame-carle-en-ski-23-400x400.jpg\" class=\"winter all-seasons wp-post-image\" alt=\"\" loading=\"lazy\" data-season=\"all-seasons\" srcset=\"https:\/\/www.paysdesecrins.com\/wp-content\/uploads\/2025\/07\/171ski-rando-pre-de-madame-carle-en-ski-23-400x400.jpg 400w, https:\/\/www.paysdesecrins.com\/wp-content\/uploads\/2025\/07\/171ski-rando-pre-de-madame-carle-en-ski-23-150x150.jpg 150w, https:\/\/www.paysdesecrins.com\/wp-content\/uploads\/2025\/07\/171ski-rando-pre-de-madame-carle-en-ski-23-600x600.jpg 600w, https:\/\/www.paysdesecrins.com\/wp-content\/uploads\/2025\/07\/171ski-rando-pre-de-madame-carle-en-ski-23-300x300.jpg 300w, https:\/\/www.paysdesecrins.com\/wp-content\/uploads\/2025\/07\/171ski-rando-pre-de-madame-carle-en-ski-23-570x570.jpg 570w\" sizes=\"auto, (max-width: 400px) 100vw, 400px\" \/><\/div><\/div><div class=\"group-content\"><span class=\"field-title\">Doe in mei wat je wilt!<\/span><\/div><div class=\"field-link\"><a href=\"https:\/\/www.paysdesecrins.com\/nl\/mijn-verlangen-om\/berg\/doe-in-mei-wat-je-wilt\/\" class=\"cardlink\">Voir plus<\/a><\/div><\/div><\/div><div class=\"item\" data-season=\"all-seasons\"><div class=\"card card-child\"><div class=\"group-media\"><div class=\"field-image\"><img decoding=\"async\" width=\"400\" height=\"400\" src=\"https:\/\/www.paysdesecrins.com\/wp-content\/uploads\/2025\/07\/1674817584-1084275632-1-400x400.jpg\" class=\"winter all-seasons wp-post-image\" alt=\"\" loading=\"lazy\" data-season=\"all-seasons\" srcset=\"https:\/\/www.paysdesecrins.com\/wp-content\/uploads\/2025\/07\/1674817584-1084275632-1-400x400.jpg 400w, https:\/\/www.paysdesecrins.com\/wp-content\/uploads\/2025\/07\/1674817584-1084275632-1-150x150.jpg 150w, https:\/\/www.paysdesecrins.com\/wp-content\/uploads\/2025\/07\/1674817584-1084275632-1-600x600.jpg 600w, https:\/\/www.paysdesecrins.com\/wp-content\/uploads\/2025\/07\/1674817584-1084275632-1-300x300.jpg 300w, https:\/\/www.paysdesecrins.com\/wp-content\/uploads\/2025\/07\/1674817584-1084275632-1-570x570.jpg 570w\" sizes=\"auto, (max-width: 400px) 100vw, 400px\" \/><\/div><\/div><div class=\"group-content\"><span class=\"field-title\">Ontdekking van een nacht in een toevluchtsoord<\/span><\/div><div class=\"field-link\"><a href=\"https:\/\/www.paysdesecrins.com\/nl\/mijn-verlangen-om\/berg\/ontdekking-van-een-nacht-in-een-toevluchtsoord\/\" class=\"cardlink\">Voir plus<\/a><\/div><\/div><\/div><div class=\"item\" data-season=\"all-seasons\"><div class=\"card card-child\"><div class=\"group-media\"><div class=\"field-image\"><img decoding=\"async\" width=\"400\" height=\"400\" src=\"https:\/\/www.paysdesecrins.com\/wp-content\/uploads\/2025\/07\/bivouac-a-la-cabane-de-faravel-106-400x400.jpg\" class=\"winter all-seasons wp-post-image\" alt=\"\" loading=\"lazy\" data-season=\"all-seasons\" srcset=\"https:\/\/www.paysdesecrins.com\/wp-content\/uploads\/2025\/07\/bivouac-a-la-cabane-de-faravel-106-400x400.jpg 400w, https:\/\/www.paysdesecrins.com\/wp-content\/uploads\/2025\/07\/bivouac-a-la-cabane-de-faravel-106-150x150.jpg 150w, https:\/\/www.paysdesecrins.com\/wp-content\/uploads\/2025\/07\/bivouac-a-la-cabane-de-faravel-106-600x600.jpg 600w, https:\/\/www.paysdesecrins.com\/wp-content\/uploads\/2025\/07\/bivouac-a-la-cabane-de-faravel-106-300x300.jpg 300w, https:\/\/www.paysdesecrins.com\/wp-content\/uploads\/2025\/07\/bivouac-a-la-cabane-de-faravel-106-570x570.jpg 570w\" sizes=\"auto, (max-width: 400px) 100vw, 400px\" \/><\/div><\/div><div class=\"group-content\"><span class=\"field-title\">Een tijdloze avond met vrienden<\/span><\/div><div class=\"field-link\"><a href=\"https:\/\/www.paysdesecrins.com\/nl\/mijn-verlangen-om\/berg\/een-avondje-uit-de-tijd\/\" class=\"cardlink\">Voir plus<\/a><\/div><\/div><\/div><div class=\"item\" data-season=\"all-seasons\"><div class=\"card card-child\"><div class=\"group-media\"><div class=\"field-image\"><img decoding=\"async\" width=\"400\" height=\"400\" src=\"https:\/\/www.paysdesecrins.com\/wp-content\/uploads\/2025\/07\/9inclusion-1-400x400.jpg\" class=\"winter all-seasons wp-post-image\" alt=\"\" loading=\"lazy\" data-season=\"all-seasons\" srcset=\"https:\/\/www.paysdesecrins.com\/wp-content\/uploads\/2025\/07\/9inclusion-1-400x400.jpg 400w, https:\/\/www.paysdesecrins.com\/wp-content\/uploads\/2025\/07\/9inclusion-1-150x150.jpg 150w, https:\/\/www.paysdesecrins.com\/wp-content\/uploads\/2025\/07\/9inclusion-1-600x600.jpg 600w, https:\/\/www.paysdesecrins.com\/wp-content\/uploads\/2025\/07\/9inclusion-1-300x300.jpg 300w, https:\/\/www.paysdesecrins.com\/wp-content\/uploads\/2025\/07\/9inclusion-1-570x570.jpg 570w\" sizes=\"auto, (max-width: 400px) 100vw, 400px\" \/><\/div><\/div><div class=\"group-content\"><span class=\"field-title\">Een fietstocht als geen ander<\/span><\/div><div class=\"field-link\"><a href=\"https:\/\/www.paysdesecrins.com\/nl\/mijn-verlangen-om\/berg\/een-fietstocht-als-geen-ander\/\" class=\"cardlink\">Voir plus<\/a><\/div><\/div><\/div><div class=\"item\" data-season=\"all-seasons\"><div class=\"card card-child\"><div class=\"group-media\"><div class=\"field-image\"><img decoding=\"async\" width=\"400\" height=\"400\" src=\"https:\/\/www.paysdesecrins.com\/wp-content\/uploads\/2025\/07\/18vtt-vttvae-itine-rance-bouchier-geo-400x400.jpg\" class=\"winter all-seasons wp-post-image\" alt=\"\" loading=\"lazy\" data-season=\"all-seasons\" srcset=\"https:\/\/www.paysdesecrins.com\/wp-content\/uploads\/2025\/07\/18vtt-vttvae-itine-rance-bouchier-geo-400x400.jpg 400w, https:\/\/www.paysdesecrins.com\/wp-content\/uploads\/2025\/07\/18vtt-vttvae-itine-rance-bouchier-geo-150x150.jpg 150w, https:\/\/www.paysdesecrins.com\/wp-content\/uploads\/2025\/07\/18vtt-vttvae-itine-rance-bouchier-geo-600x600.jpg 600w, https:\/\/www.paysdesecrins.com\/wp-content\/uploads\/2025\/07\/18vtt-vttvae-itine-rance-bouchier-geo-300x300.jpg 300w, https:\/\/www.paysdesecrins.com\/wp-content\/uploads\/2025\/07\/18vtt-vttvae-itine-rance-bouchier-geo-570x570.jpg 570w\" sizes=\"auto, (max-width: 400px) 100vw, 400px\" \/><\/div><\/div><div class=\"group-content\"><span class=\"field-title\">Een autoloze week<\/span><\/div><div class=\"field-link\"><a href=\"https:\/\/www.paysdesecrins.com\/nl\/mijn-verlangen-om\/berg\/een-autoloze-week\/\" class=\"cardlink\">Voir plus<\/a><\/div><\/div><\/div><div class=\"item\" data-season=\"all-seasons\"><div class=\"card card-child\"><div class=\"group-media\"><div class=\"field-image\"><img decoding=\"async\" width=\"400\" height=\"400\" src=\"https:\/\/www.paysdesecrins.com\/wp-content\/uploads\/2025\/07\/bivouac-pic-du-glacier-d-a-5-400x400.jpg\" class=\"winter all-seasons wp-post-image\" alt=\"\" loading=\"lazy\" data-season=\"all-seasons\" srcset=\"https:\/\/www.paysdesecrins.com\/wp-content\/uploads\/2025\/07\/bivouac-pic-du-glacier-d-a-5-400x400.jpg 400w, https:\/\/www.paysdesecrins.com\/wp-content\/uploads\/2025\/07\/bivouac-pic-du-glacier-d-a-5-150x150.jpg 150w, https:\/\/www.paysdesecrins.com\/wp-content\/uploads\/2025\/07\/bivouac-pic-du-glacier-d-a-5-600x600.jpg 600w, https:\/\/www.paysdesecrins.com\/wp-content\/uploads\/2025\/07\/bivouac-pic-du-glacier-d-a-5-300x300.jpg 300w, https:\/\/www.paysdesecrins.com\/wp-content\/uploads\/2025\/07\/bivouac-pic-du-glacier-d-a-5-570x570.jpg 570w\" sizes=\"auto, (max-width: 400px) 100vw, 400px\" \/><\/div><\/div><div class=\"group-content\"><span class=\"field-title\">3 meisjes in opkomst van Roche Faurio!<\/span><\/div><div class=\"field-link\"><a href=\"https:\/\/www.paysdesecrins.com\/nl\/mijn-verlangen-om\/berg\/3-meisjes-in-opkomst-van-roche-faurio\/\" class=\"cardlink\">Voir plus<\/a><\/div><\/div><\/div><div class=\"item\" data-season=\"all-seasons\"><div class=\"card card-child\"><div class=\"group-media\"><div class=\"field-image\"><img decoding=\"async\" width=\"400\" height=\"400\" src=\"https:\/\/www.paysdesecrins.com\/wp-content\/uploads\/2025\/07\/refuge-des-e-crins-glacier-400x400.webp\" class=\"winter all-seasons wp-post-image\" alt=\"\" loading=\"lazy\" data-season=\"all-seasons\" srcset=\"https:\/\/www.paysdesecrins.com\/wp-content\/uploads\/2025\/07\/refuge-des-e-crins-glacier-400x400.webp 400w, https:\/\/www.paysdesecrins.com\/wp-content\/uploads\/2025\/07\/refuge-des-e-crins-glacier-150x150.webp 150w, https:\/\/www.paysdesecrins.com\/wp-content\/uploads\/2025\/07\/refuge-des-e-crins-glacier-600x600.webp 600w, https:\/\/www.paysdesecrins.com\/wp-content\/uploads\/2025\/07\/refuge-des-e-crins-glacier-300x300.webp 300w, https:\/\/www.paysdesecrins.com\/wp-content\/uploads\/2025\/07\/refuge-des-e-crins-glacier-570x570.webp 570w\" sizes=\"auto, (max-width: 400px) 100vw, 400px\" \/><\/div><\/div><div class=\"group-content\"><span class=\"field-title\">De \u00c9crins aan de kant van de refuge<\/span><\/div><div class=\"field-link\"><a href=\"https:\/\/www.paysdesecrins.com\/nl\/mijn-verlangen-om\/berg\/de-ecrins-aan-de-kant-van-de-refuge\/\" class=\"cardlink\">Voir plus<\/a><\/div><\/div><\/div><\/div><\/div>\n<div style=\"height:100px\" aria-hidden=\"true\" class=\"wp-block-spacer\"><\/div>\n\n<div class=\"wp-block-ws-library-ws-title aligncenter is-style-simple\"><h3><em>Accommodatie<\/em> OPENLUCHT<\/h3><\/div>\n\n<p>We hebben voor u de accommodaties van het buitentype gegroepeerd: accommodaties met toezicht, uitrusting ter plaatse of die ideaal gelegen zijn op een GR. Perfect om direct voor de deur op avontuur te gaan! <\/p>\n<div id=\"listing_c5118\" data-observer-wishlist data-attributes='listing-avance {\"selectedSelectionIds\":[\"191179\"],\"defaultImage\":\"https:\\\/\\\/www.paysdesecrins.com\\\/wp-content\\\/uploads\\\/2025\\\/06\\\/paysdesecrins.png\",\"isLimited\":true,\"isPaginated\":true,\"perPage\":4,\"isPortrait\":false,\"isImageContain\":false,\"showCommune\":true,\"selectedFacets\":[],\"showMap\":false,\"sortOrder\":\"random\",\"showType\":false,\"columnsCount\":\"2-3-3\",\"showActiveFacets\":false,\"showGeolocalisation\":false,\"season\":\"\",\"align\":\"wide\"}' class=\"ws-listing wp-block-ws-apidae-library-listing-avance alignwide\" data-map-id=\"map_c5118\" data-locations-id=\"locations-data_c5118\"><div class=\"facetwp-template\"><div class=\"list-container active\"><div class=\"list-items\"><div class=\"item\" data-season=\"all-seasons\"><div class=\"card card-apidae card-avance\"><div class=\"group-actions\"><ws-wishlist data-type=\"flag\" data-action=\"add\" data-wish-id=\"227362\" data-wish-type=\"apidae\"><\/ws-wishlist><\/div><div class=\"group-media\"><div class=\"field-image\"><img decoding=\"async\" src=\"https:\/\/images.weserv.nl\/?url=https:\/\/static.apidae-tourisme.com\/filestore\/objets-touristiques\/images\/93\/230\/9365085-diaporama.jpg&#038;w=350&#038;h=350&#038;fit=cover&#038;output=webp&#038;q=45\" alt=\"Refuge du Glacier Blanc\"\/><\/div><\/div><div class=\"group-top\"><div class=\"field-commune\">Vallouise-Pelvoux<\/div><ws-apidae-from-price data-apidae-id=\"227362\" ><\/ws-apidae-from-price><\/div><div class=\"group-content\"><div class=\"field-title\">Refuge du Glacier Blanc<\/div><\/div><div class=\"field-link\" role=\"group\" aria-label=\"Lien vers le contenu\"><a href=\"https:\/\/www.paysdesecrins.com\/nl\/fiche\/refuge-du-glacier-blanc-3\/\" class=\"cardlink\" title=\"Lire plus : Refuge du Glacier Blanc\" lang=\"nl_NL\">Refuge du Glacier Blanc<\/a><\/div><\/div><\/div><div class=\"item\" data-season=\"all-seasons\"><div class=\"card card-apidae card-avance\"><div class=\"group-actions\"><ws-wishlist data-type=\"flag\" data-action=\"add\" data-wish-id=\"226712\" data-wish-type=\"apidae\"><\/ws-wishlist><\/div><div class=\"group-media\"><div class=\"field-image\"><img decoding=\"async\" src=\"https:\/\/images.weserv.nl\/?url=https:\/\/static.apidae-tourisme.com\/filestore\/objets-touristiques\/images\/233\/56\/8861929-diaporama.jpg&#038;w=350&#038;h=350&#038;fit=cover&#038;output=webp&#038;q=45\" alt=\"Gite Le\u00ef Mendi\"\/><\/div><\/div><div class=\"group-top\"><div class=\"field-book\">Online te reserveren<\/div><div class=\"field-commune\">Vallouise-Pelvoux<\/div><ws-apidae-from-price data-apidae-id=\"226712\" ><\/ws-apidae-from-price><\/div><div class=\"group-content\"><div class=\"field-title\">Gite Le\u00ef Mendi<\/div><\/div><div class=\"field-link\" role=\"group\" aria-label=\"Lien vers le contenu\"><a href=\"https:\/\/www.paysdesecrins.com\/nl\/fiche\/gite-lei-mendi-4\/\" class=\"cardlink\" title=\"Lire plus : Gite Le\u00ef Mendi\" lang=\"nl_NL\">Gite Le\u00ef Mendi<\/a><\/div><\/div><\/div><div class=\"item\" data-season=\"all-seasons\"><div class=\"card card-apidae card-avance\"><div class=\"group-actions\"><ws-wishlist data-type=\"flag\" data-action=\"add\" data-wish-id=\"6726721\" data-wish-type=\"apidae\"><\/ws-wishlist><\/div><div class=\"group-media\"><div class=\"field-image\"><img decoding=\"async\" src=\"https:\/\/images.weserv.nl\/?url=https:\/\/static.apidae-tourisme.com\/filestore\/objets-touristiques\/images\/95\/195\/19841887-diaporama.jpg&#038;w=350&#038;h=350&#038;fit=cover&#038;output=webp&#038;q=45\" alt=\"G\u00eete Mountivity\"\/><\/div><\/div><div class=\"group-top\"><div class=\"field-commune\">Vallouise-Pelvoux<\/div><ws-apidae-from-price data-apidae-id=\"6726721\" ><\/ws-apidae-from-price><\/div><div class=\"group-content\"><div class=\"field-title\">G\u00eete Mountivity<\/div><\/div><div class=\"field-link\" role=\"group\" aria-label=\"Lien vers le contenu\"><a href=\"https:\/\/www.paysdesecrins.com\/nl\/fiche\/gite-mountivity-5\/\" class=\"cardlink\" title=\"Lire plus : G\u00eete Mountivity\" lang=\"nl_NL\">G\u00eete Mountivity<\/a><\/div><\/div><\/div><div class=\"item\" data-season=\"all-seasons\"><div class=\"card card-apidae card-avance\"><div class=\"group-actions\"><ws-wishlist data-type=\"flag\" data-action=\"add\" data-wish-id=\"619038\" data-wish-type=\"apidae\"><\/ws-wishlist><\/div><div class=\"group-media\"><div class=\"field-image\"><img decoding=\"async\" src=\"https:\/\/images.weserv.nl\/?url=https:\/\/static.apidae-tourisme.com\/filestore\/objets-touristiques\/images\/48\/237\/31255856-diaporama.jpg&#038;w=350&#038;h=350&#038;fit=cover&#038;output=webp&#038;q=45\" alt=\"Refuge de l&#8217;Oriol\"\/><\/div><\/div><div class=\"group-top\"><div class=\"field-commune\">Saint-Martin-de-Queyri\u00e8res<\/div><ws-apidae-from-price data-apidae-id=\"619038\" ><\/ws-apidae-from-price><\/div><div class=\"group-content\"><div class=\"field-title\">Refuge de l&#8217;Oriol<\/div><\/div><div class=\"field-link\" role=\"group\" aria-label=\"Lien vers le contenu\"><a href=\"https:\/\/www.paysdesecrins.com\/nl\/fiche\/refuge-de-loriol-5\/\" class=\"cardlink\" title=\"Lire plus : Refuge de l&#8217;Oriol\" lang=\"nl_NL\">Refuge de l&#8217;Oriol<\/a><\/div><\/div><\/div><div id=\"locations-data_c5118\" style=\"display: none;\">{&quot;locations&quot;:[{&quot;lat&quot;:&quot;44.937545&quot;,&quot;lng&quot;:&quot;6.41164&quot;,&quot;title&quot;:&quot;Refuge du Glacier Blanc&quot;,&quot;permalink&quot;:&quot;https:\\\/\\\/www.paysdesecrins.com\\\/nl\\\/fiche\\\/refuge-du-glacier-blanc-3\\\/&quot;,&quot;type&quot;:&quot;hebergement_collectif&quot;,&quot;commune&quot;:&quot;Vallouise-Pelvoux&quot;,&quot;type_commerce&quot;:&quot;&quot;,&quot;image&quot;:&quot;https:\\\/\\\/static.apidae-tourisme.com\\\/filestore\\\/objets-touristiques\\\/images\\\/93\\\/230\\\/9365085-diaporama.jpg&quot;,&quot;image_width&quot;:&quot;350&quot;,&quot;image_height&quot;:&quot;350&quot;,&quot;image_fit&quot;:&quot;cover&quot;},{&quot;lat&quot;:&quot;44.884381&quot;,&quot;lng&quot;:&quot;6.45265&quot;,&quot;title&quot;:&quot;Gite Le\\u00ef Mendi&quot;,&quot;permalink&quot;:&quot;https:\\\/\\\/www.paysdesecrins.com\\\/nl\\\/fiche\\\/gite-lei-mendi-4\\\/&quot;,&quot;type&quot;:&quot;hebergement_collectif&quot;,&quot;commune&quot;:&quot;Vallouise-Pelvoux&quot;,&quot;type_commerce&quot;:&quot;&quot;,&quot;image&quot;:&quot;https:\\\/\\\/static.apidae-tourisme.com\\\/filestore\\\/objets-touristiques\\\/images\\\/233\\\/56\\\/8861929-diaporama.jpg&quot;,&quot;image_width&quot;:&quot;350&quot;,&quot;image_height&quot;:&quot;350&quot;,&quot;image_fit&quot;:&quot;cover&quot;},{&quot;lat&quot;:&quot;44.858226&quot;,&quot;lng&quot;:&quot;6.492676&quot;,&quot;title&quot;:&quot;G\\u00eete Mountivity&quot;,&quot;permalink&quot;:&quot;https:\\\/\\\/www.paysdesecrins.com\\\/nl\\\/fiche\\\/gite-mountivity-5\\\/&quot;,&quot;type&quot;:&quot;hebergement_collectif&quot;,&quot;commune&quot;:&quot;Vallouise-Pelvoux&quot;,&quot;type_commerce&quot;:&quot;&quot;,&quot;image&quot;:&quot;https:\\\/\\\/static.apidae-tourisme.com\\\/filestore\\\/objets-touristiques\\\/images\\\/95\\\/195\\\/19841887-diaporama.jpg&quot;,&quot;image_width&quot;:&quot;350&quot;,&quot;image_height&quot;:&quot;350&quot;,&quot;image_fit&quot;:&quot;cover&quot;},{&quot;lat&quot;:&quot;44.79699&quot;,&quot;lng&quot;:&quot;6.59379&quot;,&quot;title&quot;:&quot;Refuge de l&#8217;Oriol&quot;,&quot;permalink&quot;:&quot;https:\\\/\\\/www.paysdesecrins.com\\\/nl\\\/fiche\\\/refuge-de-loriol-5\\\/&quot;,&quot;type&quot;:&quot;hebergement_collectif&quot;,&quot;commune&quot;:&quot;Saint-Martin-de-Queyri\\u00e8res&quot;,&quot;type_commerce&quot;:&quot;&quot;,&quot;image&quot;:&quot;https:\\\/\\\/static.apidae-tourisme.com\\\/filestore\\\/objets-touristiques\\\/images\\\/48\\\/237\\\/31255856-diaporama.jpg&quot;,&quot;image_width&quot;:&quot;350&quot;,&quot;image_height&quot;:&quot;350&quot;,&quot;image_fit&quot;:&quot;cover&quot;}],&quot;center_lat&quot;:&quot;44.937545&quot;,&quot;center_lng&quot;:&quot;6.41164&quot;}<\/div><\/div><div class=\"ws-apidae-pager\" data-type=\"pager\"><div class=\"custom-pager\"><a class=\"facetwp-page first active\" data-page=\"1\" href=\"\/nl\/wp-json\/wp\/v2\/pages\/44575?paged_c5118=1#listing_c5118\">1<\/a><a class=\"facetwp-page \" data-page=\"2\" href=\"\/nl\/wp-json\/wp\/v2\/pages\/44575?paged_c5118=2#listing_c5118\">2<\/a><span class=\"facetwp-separator\">\u2026<\/span><a class=\"facetwp-page \" data-page=\"4\" href=\"\/nl\/wp-json\/wp\/v2\/pages\/44575?paged_c5118=4#listing_c5118\">4<\/a><a class=\"facetwp-page next\" data-page=\"2\" href=\"\/nl\/wp-json\/wp\/v2\/pages\/44575?paged_c5118=2#listing_c5118\">\u203a<\/a><\/div><\/div><\/div><\/div><\/div>\n<div style=\"height:100px\" aria-hidden=\"true\" class=\"wp-block-spacer\"><\/div>\n\n<div class=\"wp-block-ws-library-ws-title aligncenter is-style-simple\"><h3><em>Gebeurtenissen<\/em> OPENLUCHT<\/h3><\/div>\n<div id=\"listing_b1f00\" data-observer-wishlist data-attributes='listing-agenda {\"selectedSelectionIds\":[\"191202\"],\"defaultImage\":\"https:\\\/\\\/www.paysdesecrins.com\\\/wp-content\\\/uploads\\\/2025\\\/07\\\/08-05-23-fete-de-vallouise-64-scaled.jpg\",\"isPaginated\":true,\"perPage\":6,\"isPortrait\":false,\"isImageContain\":false,\"showCommune\":true,\"selectedFacets\":[],\"showType\":false,\"columnsCount\":\"2-3-3\",\"showActiveFacets\":false,\"isLimited\":false,\"showDateSearch\":false,\"season\":\"\",\"align\":\"wide\"}' class=\"ws-listing wp-block-ws-apidae-library-listing-agenda alignwide\" data-map-id=\"map_b1f00\" data-locations-id=\"locations-data_b1f00\"><div class=\"facetwp-template\"><div class=\"list-container active\"><div class=\"list-items\"><div class=\"item\" data-season=\"all-seasons\"><div class=\"card card-apidae card-agenda\"><div class=\"group-actions\"><ws-wishlist data-type=\"flag\" data-action=\"add\" data-wish-id=\"7072113\" data-wish-type=\"apidae\"><\/ws-wishlist><\/div><div class=\"group-media\"><div class=\"field-image\"><img decoding=\"async\" src=\"https:\/\/images.weserv.nl\/?url=https:\/\/static.apidae-tourisme.com\/filestore\/objets-touristiques\/images\/193\/249\/40303041-diaporama.png&#038;w=350&#038;h=350&#038;fit=cover&#038;output=webp&#038;q=45\" alt=\"Enduro du Bois de France &gt; course de VTT\"\/><\/div><\/div><div class=\"group-top\"><div class=\"field-commune\">L&#039;Argenti\u00e8re-la-Bess\u00e9e<\/div><ws-apidae-from-price data-apidae-id=\"7072113\" ><\/ws-apidae-from-price><div class=\"group-dates\"><div class=\"field-dates\">31 <span class=\"month\">mei<\/span><\/div><\/div><\/div><div class=\"group-content\"><div class=\"field-title\">Enduro du Bois de France &gt; course de VTT<\/div><\/div><div class=\"field-link\" role=\"group\" aria-label=\"Lien vers le contenu\"><a href=\"https:\/\/www.paysdesecrins.com\/nl\/fiche\/enduro-du-bois-de-france-course-de-vtt-5\/\" class=\"cardlink\" title=\"Lire plus : Enduro du Bois de France &gt; course de VTT\" lang=\"nl_NL\">Enduro du Bois de France &gt; course de VTT<\/a><\/div><\/div><\/div><div class=\"item\" data-season=\"all-seasons\"><div class=\"card card-apidae card-agenda\"><div class=\"group-actions\"><ws-wishlist data-type=\"flag\" data-action=\"add\" data-wish-id=\"522637\" data-wish-type=\"apidae\"><\/ws-wishlist><\/div><div class=\"group-media\"><div class=\"field-image\"><img decoding=\"async\" src=\"https:\/\/images.weserv.nl\/?url=https:\/\/static.apidae-tourisme.com\/filestore\/objets-touristiques\/images\/165\/88\/5593253-diaporama.jpg&#038;w=350&#038;h=350&#038;fit=cover&#038;output=webp&#038;q=45\" alt=\"19\u00e8me \u00e9dition du Grand Trail des \u00c9crins\"\/><\/div><\/div><div class=\"group-top\"><div class=\"field-commune\">Vallouise-Pelvoux<\/div><ws-apidae-from-price data-apidae-id=\"522637\" ><\/ws-apidae-from-price><div class=\"group-dates\"><div class=\"field-dates\">20 <span class=\"month\">juni<\/span><\/div><\/div><\/div><div class=\"group-content\"><div class=\"field-title\">19\u00e8me \u00e9dition du Grand Trail des \u00c9crins<\/div><\/div><div class=\"field-link\" role=\"group\" aria-label=\"Lien vers le contenu\"><a href=\"https:\/\/www.paysdesecrins.com\/nl\/fiche\/19eme-edition-du-grand-trail-des-ecrins-5\/\" class=\"cardlink\" title=\"Lire plus : 19\u00e8me \u00e9dition du Grand Trail des \u00c9crins\" lang=\"nl_NL\">19\u00e8me \u00e9dition du Grand Trail des \u00c9crins<\/a><\/div><\/div><\/div><div class=\"item\" data-season=\"all-seasons\"><div class=\"card card-apidae card-agenda\"><div class=\"group-actions\"><ws-wishlist data-type=\"flag\" data-action=\"add\" data-wish-id=\"6968044\" data-wish-type=\"apidae\"><\/ws-wishlist><\/div><div class=\"group-media\"><div class=\"field-image\"><img decoding=\"async\" src=\"https:\/\/images.weserv.nl\/?url=https:\/\/www.paysdesecrins.com\/wp-content\/uploads\/2025\/07\/08-05-23-fete-de-vallouise-64-scaled.jpg&#038;w=350&#038;h=350&#038;fit=cover&#038;output=webp&#038;q=45\" alt=\"Shape &amp; Ride\"\/><\/div><\/div><div class=\"group-top\"><div class=\"field-commune\">Puy-Saint-Vincent<\/div><ws-apidae-from-price data-apidae-id=\"6968044\" ><\/ws-apidae-from-price><div class=\"group-dates\"><div class=\"field-dates\">26 <span class=\"month\">juni<\/span><\/div><\/div><\/div><div class=\"group-content\"><div class=\"field-title\">Shape &amp; Ride<\/div><\/div><div class=\"field-link\" role=\"group\" aria-label=\"Lien vers le contenu\"><a href=\"https:\/\/www.paysdesecrins.com\/nl\/fiche\/shape-ride-5\/\" class=\"cardlink\" title=\"Lire plus : Shape &amp; Ride\" lang=\"nl_NL\">Shape &amp; Ride<\/a><\/div><\/div><\/div><div class=\"item\" data-season=\"all-seasons\"><div class=\"card card-apidae card-agenda\"><div class=\"group-actions\"><ws-wishlist data-type=\"flag\" data-action=\"add\" data-wish-id=\"6914242\" data-wish-type=\"apidae\"><\/ws-wishlist><\/div><div class=\"group-media\"><div class=\"field-image\"><img decoding=\"async\" src=\"https:\/\/images.weserv.nl\/?url=https:\/\/static.apidae-tourisme.com\/filestore\/objets-touristiques\/images\/75\/24\/41097291-diaporama.jpg&#038;w=350&#038;h=350&#038;fit=cover&#038;output=webp&#038;q=45\" alt=\"Ailefroide \u2013 3\u00e8mes rencontres autour de la montagne\"\/><\/div><\/div><div class=\"group-top\"><div class=\"field-commune\">Vallouise-Pelvoux<\/div><ws-apidae-from-price data-apidae-id=\"6914242\" ><\/ws-apidae-from-price><div class=\"group-dates\"><div class=\"field-dates\">11 <span class=\"month\">juli<\/span><\/div><\/div><\/div><div class=\"group-content\"><div class=\"field-title\">Ailefroide \u2013 3\u00e8mes rencontres autour de la montagne<\/div><\/div><div class=\"field-link\" role=\"group\" aria-label=\"Lien vers le contenu\"><a href=\"https:\/\/www.paysdesecrins.com\/nl\/fiche\/ailefroide-3emes-rencontres-autour-de-la-montagne-5\/\" class=\"cardlink\" title=\"Lire plus : Ailefroide \u2013 3\u00e8mes rencontres autour de la montagne\" lang=\"nl_NL\">Ailefroide \u2013 3\u00e8mes rencontres autour de la montagne<\/a><\/div><\/div><\/div><div class=\"item\" data-season=\"all-seasons\"><div class=\"card card-apidae card-agenda\"><div class=\"group-actions\"><ws-wishlist data-type=\"flag\" data-action=\"add\" data-wish-id=\"7433654\" data-wish-type=\"apidae\"><\/ws-wishlist><\/div><div class=\"group-media\"><div class=\"field-image\"><img decoding=\"async\" src=\"https:\/\/images.weserv.nl\/?url=https:\/\/static.apidae-tourisme.com\/filestore\/objets-touristiques\/images\/29\/234\/38791709-diaporama.jpg&#038;w=350&#038;h=350&#038;fit=cover&#038;output=webp&#038;q=45\" alt=\"Tout \u00e0 Blocs 2026\"\/><\/div><\/div><div class=\"group-top\"><div class=\"field-commune\">L&#039;Argenti\u00e8re-la-Bess\u00e9e<\/div><ws-apidae-from-price data-apidae-id=\"7433654\" ><\/ws-apidae-from-price><div class=\"group-dates\"><div class=\"field-dates\">Du 20 au 25 <span class=\"month\">juli<\/span><\/div><\/div><\/div><div class=\"group-content\"><div class=\"field-title\">Tout \u00e0 Blocs 2026<\/div><\/div><div class=\"field-link\" role=\"group\" aria-label=\"Lien vers le contenu\"><a href=\"https:\/\/www.paysdesecrins.com\/nl\/fiche\/tout-a-blocs-2026-5\/\" class=\"cardlink\" title=\"Lire plus : Tout \u00e0 Blocs 2026\" lang=\"nl_NL\">Tout \u00e0 Blocs 2026<\/a><\/div><\/div><\/div><div class=\"item\" data-season=\"all-seasons\"><div class=\"card card-apidae card-agenda\"><div class=\"group-actions\"><ws-wishlist data-type=\"flag\" data-action=\"add\" data-wish-id=\"841476\" data-wish-type=\"apidae\"><\/ws-wishlist><\/div><div class=\"group-media\"><div class=\"field-image\"><img decoding=\"async\" src=\"https:\/\/images.weserv.nl\/?url=https:\/\/static.apidae-tourisme.com\/filestore\/objets-touristiques\/images\/115\/5\/10290547-diaporama.jpg&#038;w=350&#038;h=350&#038;fit=cover&#038;output=webp&#038;q=45\" alt=\"39\u00e8me D\u00e9fi de La Vallouise\"\/><\/div><\/div><div class=\"group-top\"><div class=\"field-commune\">Vallouise-Pelvoux<\/div><ws-apidae-from-price data-apidae-id=\"841476\" ><\/ws-apidae-from-price><div class=\"group-dates\"><div class=\"field-dates\">26 <span class=\"month\">juli<\/span><\/div><\/div><\/div><div class=\"group-content\"><div class=\"field-title\">39\u00e8me D\u00e9fi de La Vallouise<\/div><\/div><div class=\"field-link\" role=\"group\" aria-label=\"Lien vers le contenu\"><a href=\"https:\/\/www.paysdesecrins.com\/nl\/fiche\/39eme-defi-de-la-vallouise-5\/\" class=\"cardlink\" title=\"Lire plus : 39\u00e8me D\u00e9fi de La Vallouise\" lang=\"nl_NL\">39\u00e8me D\u00e9fi de La Vallouise<\/a><\/div><\/div><\/div><div class=\"item\" data-season=\"all-seasons\"><div class=\"card card-apidae card-agenda\"><div class=\"group-actions\"><ws-wishlist data-type=\"flag\" data-action=\"add\" data-wish-id=\"523554\" data-wish-type=\"apidae\"><\/ws-wishlist><\/div><div class=\"group-media\"><div class=\"field-image\"><img decoding=\"async\" src=\"https:\/\/images.weserv.nl\/?url=https:\/\/static.apidae-tourisme.com\/filestore\/objets-touristiques\/images\/179\/66\/18694835-diaporama.jpg&#038;w=350&#038;h=350&#038;fit=cover&#038;output=webp&#038;q=45\" alt=\"F\u00eate des Guides et Accompagnateurs des \u00c9crins\"\/><\/div><\/div><div class=\"group-top\"><div class=\"field-commune\">Vallouise-Pelvoux<\/div><ws-apidae-from-price data-apidae-id=\"523554\" ><\/ws-apidae-from-price><div class=\"group-dates\"><div class=\"field-dates\">6 <span class=\"month\">augustus<\/span><\/div><\/div><\/div><div class=\"group-content\"><div class=\"field-title\">F\u00eate des Guides et Accompagnateurs des \u00c9crins<\/div><\/div><div class=\"field-link\" role=\"group\" aria-label=\"Lien vers le contenu\"><a href=\"https:\/\/www.paysdesecrins.com\/nl\/fiche\/fete-des-guides-et-accompagnateurs-des-ecrins-5\/\" class=\"cardlink\" title=\"Lire plus : F\u00eate des Guides et Accompagnateurs des \u00c9crins\" lang=\"nl_NL\">F\u00eate des Guides et Accompagnateurs des \u00c9crins<\/a><\/div><\/div><\/div><\/div><\/div><\/div><\/div>\n<div class=\"wp-block-ws-library-ws-title aligncenter is-style-simple\" data-season=\"allseasons\"><h3><em>VIDEO &#8216;S<\/em> OPENLUCHT<\/h3><\/div>\n\n<div class=\"wp-block-ws-library-ws-columns alignwide has-2-columns are-vertically-aligned-center layout-5050\" data-season=\"summer\">\n<div class=\"wp-block-ws-library-ws-column\"><div class=\"wrapper\">\n<div class=\"wp-block-ws-library-ws-video\"><div class=\"wrapper\"><div class=\"group-media\">\n<figure class=\"wp-block-embed is-type-video is-provider-youtube wp-block-embed-youtube\"><div class=\"wp-block-embed__wrapper\">\n<iframe loading=\"lazy\" title=\"Tour du Pays des \u00e9crins\" width=\"500\" height=\"281\" src=\"https:\/\/www.youtube.com\/embed\/shj16J9X_CY?feature=oembed\" frameborder=\"0\" allow=\"accelerometer; autoplay; clipboard-write; encrypted-media; gyroscope; picture-in-picture; web-share\" referrerpolicy=\"strict-origin-when-cross-origin\" allowfullscreen><\/iframe>\n<\/div><\/figure>\n<\/div><\/div><\/div>\n<\/div><\/div>\n\n\n\n<div class=\"wp-block-ws-library-ws-column\"><div class=\"wrapper\">\n<div class=\"wp-block-ws-library-ws-video\"><div class=\"wrapper\"><div class=\"group-media\">\n<figure class=\"wp-block-embed is-type-video is-provider-youtube wp-block-embed-youtube\"><div class=\"wp-block-embed__wrapper\">\n<iframe loading=\"lazy\" title=\"Le Pays des \u00c9crins \u00e0 v\u00e9lo\" width=\"500\" height=\"281\" src=\"https:\/\/www.youtube.com\/embed\/5uYyw6DtE-U?feature=oembed\" frameborder=\"0\" allow=\"accelerometer; autoplay; clipboard-write; encrypted-media; gyroscope; picture-in-picture; web-share\" referrerpolicy=\"strict-origin-when-cross-origin\" allowfullscreen><\/iframe>\n<\/div><\/figure>\n<\/div><\/div><\/div>\n<\/div><\/div>\n<\/div>\n\n<div class=\"wp-block-ws-library-ws-columns alignwide has-2-columns are-vertically-aligned-center layout-5050\" data-season=\"summer\">\n<div class=\"wp-block-ws-library-ws-column\"><div class=\"wrapper\">\n<div class=\"wp-block-ws-library-ws-video\"><div class=\"wrapper\"><div class=\"group-media\">\n<figure class=\"wp-block-embed is-type-video is-provider-youtube wp-block-embed-youtube\"><div class=\"wp-block-embed__wrapper\">\n<iframe loading=\"lazy\" title=\"Eaux-vives dans le Pays des \u00c9crins\" width=\"500\" height=\"281\" src=\"https:\/\/www.youtube.com\/embed\/ORTuVW7T9Vg?feature=oembed\" frameborder=\"0\" allow=\"accelerometer; autoplay; clipboard-write; encrypted-media; gyroscope; picture-in-picture; web-share\" referrerpolicy=\"strict-origin-when-cross-origin\" allowfullscreen><\/iframe>\n<\/div><\/figure>\n<\/div><\/div><\/div>\n<\/div><\/div>\n\n\n\n<div class=\"wp-block-ws-library-ws-column\"><div class=\"wrapper\">\n<div class=\"wp-block-ws-library-ws-video\"><div class=\"wrapper\"><div class=\"group-media\">\n<figure class=\"wp-block-embed is-type-video is-provider-youtube wp-block-embed-youtube\"><div class=\"wp-block-embed__wrapper\">\n<iframe loading=\"lazy\" title=\"Escalade au Pays des \u00c9crins\" width=\"500\" height=\"281\" src=\"https:\/\/www.youtube.com\/embed\/kWdNC0AEE0Y?feature=oembed\" frameborder=\"0\" allow=\"accelerometer; autoplay; clipboard-write; encrypted-media; gyroscope; picture-in-picture; web-share\" referrerpolicy=\"strict-origin-when-cross-origin\" allowfullscreen><\/iframe>\n<\/div><\/figure>\n<\/div><\/div><\/div>\n<\/div><\/div>\n<\/div>\n\n<div class=\"wp-block-ws-library-ws-columns alignwide has-2-columns are-vertically-aligned-center layout-5050\" data-season=\"winter\">\n<div class=\"wp-block-ws-library-ws-column\"><div class=\"wrapper\">\n<div class=\"wp-block-ws-library-ws-video\"><div class=\"wrapper\"><div class=\"group-media\">\n<figure class=\"wp-block-embed is-type-video is-provider-youtube wp-block-embed-youtube\" data-season=\"winter\"><div class=\"wp-block-embed__wrapper\">\n<iframe loading=\"lazy\" title=\"Freeride Pelvoux\" width=\"500\" height=\"281\" src=\"https:\/\/www.youtube.com\/embed\/CUy0l7nEJeY?feature=oembed\" frameborder=\"0\" allow=\"accelerometer; autoplay; clipboard-write; encrypted-media; gyroscope; picture-in-picture; web-share\" referrerpolicy=\"strict-origin-when-cross-origin\" allowfullscreen><\/iframe>\n<\/div><\/figure>\n<\/div><\/div><\/div>\n<\/div><\/div>\n\n\n\n<div class=\"wp-block-ws-library-ws-column\"><div class=\"wrapper\">\n<div class=\"wp-block-ws-library-ws-video\"><div class=\"wrapper\"><div class=\"group-media\">\n<figure class=\"wp-block-embed is-type-video is-provider-youtube wp-block-embed-youtube\"><div class=\"wp-block-embed__wrapper\">\n<iframe loading=\"lazy\" title=\"Ouverture Puy Saint Vincent\" width=\"500\" height=\"281\" src=\"https:\/\/www.youtube.com\/embed\/AUSpZBWrxpw?feature=oembed\" frameborder=\"0\" allow=\"accelerometer; autoplay; clipboard-write; encrypted-media; gyroscope; picture-in-picture; web-share\" referrerpolicy=\"strict-origin-when-cross-origin\" allowfullscreen><\/iframe>\n<\/div><\/figure>\n<\/div><\/div><\/div>\n<\/div><\/div>\n<\/div>\n\n<div class=\"wp-block-ws-library-ws-columns alignwide has-2-columns are-vertically-aligned-center layout-5050\" data-season=\"winter\">\n<div class=\"wp-block-ws-library-ws-column\"><div class=\"wrapper\">\n<div class=\"wp-block-ws-library-ws-video\"><div class=\"wrapper\"><div class=\"group-media\">\n<figure class=\"wp-block-embed is-type-video is-provider-youtube wp-block-embed-youtube\" data-season=\"winter\"><div class=\"wp-block-embed__wrapper\">\n<iframe loading=\"lazy\" title=\"Une journ\u00e9e de ski de randonn\u00e9e \u00e0 La Blanche, Pelvoux-Vallouise | Aventures en montagne\" width=\"500\" height=\"281\" src=\"https:\/\/www.youtube.com\/embed\/TnGWjS6d1c8?feature=oembed\" frameborder=\"0\" allow=\"accelerometer; autoplay; clipboard-write; encrypted-media; gyroscope; picture-in-picture; web-share\" referrerpolicy=\"strict-origin-when-cross-origin\" allowfullscreen><\/iframe>\n<\/div><\/figure>\n<\/div><\/div><\/div>\n<\/div><\/div>\n\n\n\n<div class=\"wp-block-ws-library-ws-column\"><div class=\"wrapper\">\n<div class=\"wp-block-ws-library-ws-video\" data-season=\"winter\"><div class=\"wrapper\"><div class=\"group-media\">\n<figure class=\"wp-block-embed is-type-video is-provider-youtube wp-block-embed-youtube\"><div class=\"wp-block-embed__wrapper\">\n<iframe loading=\"lazy\" title=\"Aventure hivernale magique avec Traineau Dingo \u00e0 Freissini\u00e8res, au coeur du Pays des \u00c9crins\" width=\"500\" height=\"281\" src=\"https:\/\/www.youtube.com\/embed\/M-02D-1PFX0?feature=oembed\" frameborder=\"0\" allow=\"accelerometer; autoplay; clipboard-write; encrypted-media; gyroscope; picture-in-picture; web-share\" referrerpolicy=\"strict-origin-when-cross-origin\" allowfullscreen><\/iframe>\n<\/div><\/figure>\n<\/div><\/div><\/div>\n<\/div><\/div>\n<\/div>\n\n<div class=\"wp-block-ws-library-ws-button has-text-align-center is-style-bevel\"><a href=\"https:\/\/www.youtube.com\/user\/paysdesecrins\/videos\" class=\"wp-block-button__link wp-element-button btn\">  Alle outdoor video&#8217;s<\/a><\/div>\n","protected":false},"excerpt":{"rendered":"<p>Hier leven we buiten. Of je hier nu bent om te klimmen, wandelen, trappen, peddelen of gewoon diep ademhalen, je [&hellip;]<\/p>\n","protected":false},"author":1,"featured_media":90,"parent":44579,"menu_order":0,"comment_status":"closed","ping_status":"closed","template":"","meta":{"_thumbnail_id_2":29,"summer_excerpt":"","season":"","station":"","footnotes":""},"class_list":["post-44575","page","type-page","status-publish","has-post-thumbnail","hentry"],"yoast_head":"<!-- This site is optimized with the Yoast SEO plugin v27.3 - https:\/\/yoast.com\/product\/yoast-seo-wordpress\/ -->\n<title>Mijn verlangen naar de bergen - Pays des \u00c9crins - Office de Tourisme<\/title>\n<meta name=\"robots\" content=\"index, follow, max-snippet:-1, max-image-preview:large, max-video-preview:-1\" \/>\n<link rel=\"canonical\" href=\"https:\/\/www.paysdesecrins.com\/nl\/mijn-verlangen-om\/berg\/\" \/>\n<meta property=\"og:locale\" content=\"nl_NL\" \/>\n<meta property=\"og:type\" content=\"article\" \/>\n<meta property=\"og:title\" content=\"Mijn verlangen naar de bergen - Pays des \u00c9crins - Office de Tourisme\" \/>\n<meta property=\"og:description\" content=\"Hier leven we buiten. Of je hier nu bent om te klimmen, wandelen, trappen, peddelen of gewoon diep ademhalen, je [&hellip;]\" \/>\n<meta property=\"og:url\" content=\"https:\/\/www.paysdesecrins.com\/nl\/mijn-verlangen-om\/berg\/\" \/>\n<meta property=\"og:site_name\" content=\"Pays des \u00c9crins - Office de Tourisme\" \/>\n<meta property=\"article:modified_time\" content=\"2026-01-16T14:50:14+00:00\" \/>\n<meta property=\"og:image\" content=\"https:\/\/www.paysdesecrins.com\/wp-content\/uploads\/2025\/06\/h0a9608-scaled.jpg\" \/>\n\t<meta property=\"og:image:width\" content=\"2560\" \/>\n\t<meta property=\"og:image:height\" content=\"1708\" \/>\n\t<meta property=\"og:image:type\" content=\"image\/jpeg\" \/>\n<meta name=\"twitter:card\" content=\"summary_large_image\" \/>\n<meta name=\"twitter:label1\" content=\"Geschatte leestijd\" \/>\n\t<meta name=\"twitter:data1\" content=\"2 minuten\" \/>\n<script type=\"application\/ld+json\" class=\"yoast-schema-graph\">{\"@context\":\"https:\\\/\\\/schema.org\",\"@graph\":[{\"@type\":\"WebPage\",\"@id\":\"https:\\\/\\\/www.paysdesecrins.com\\\/nl\\\/mijn-verlangen-om\\\/berg\\\/\",\"url\":\"https:\\\/\\\/www.paysdesecrins.com\\\/nl\\\/mijn-verlangen-om\\\/berg\\\/\",\"name\":\"Mijn verlangen naar de bergen - Pays des \u00c9crins - Office de Tourisme\",\"isPartOf\":{\"@id\":\"https:\\\/\\\/www.paysdesecrins.com\\\/nl\\\/#website\"},\"primaryImageOfPage\":{\"@id\":\"https:\\\/\\\/www.paysdesecrins.com\\\/nl\\\/mijn-verlangen-om\\\/berg\\\/#primaryimage\"},\"image\":{\"@id\":\"https:\\\/\\\/www.paysdesecrins.com\\\/nl\\\/mijn-verlangen-om\\\/berg\\\/#primaryimage\"},\"thumbnailUrl\":\"https:\\\/\\\/www.paysdesecrins.com\\\/wp-content\\\/uploads\\\/2025\\\/06\\\/h0a9608-scaled.jpg\",\"datePublished\":\"2025-06-25T13:44:50+00:00\",\"dateModified\":\"2026-01-16T14:50:14+00:00\",\"breadcrumb\":{\"@id\":\"https:\\\/\\\/www.paysdesecrins.com\\\/nl\\\/mijn-verlangen-om\\\/berg\\\/#breadcrumb\"},\"inLanguage\":\"nl-NL\",\"potentialAction\":[{\"@type\":\"ReadAction\",\"target\":[\"https:\\\/\\\/www.paysdesecrins.com\\\/nl\\\/mijn-verlangen-om\\\/berg\\\/\"]}]},{\"@type\":\"ImageObject\",\"inLanguage\":\"nl-NL\",\"@id\":\"https:\\\/\\\/www.paysdesecrins.com\\\/nl\\\/mijn-verlangen-om\\\/berg\\\/#primaryimage\",\"url\":\"https:\\\/\\\/www.paysdesecrins.com\\\/wp-content\\\/uploads\\\/2025\\\/06\\\/h0a9608-scaled.jpg\",\"contentUrl\":\"https:\\\/\\\/www.paysdesecrins.com\\\/wp-content\\\/uploads\\\/2025\\\/06\\\/h0a9608-scaled.jpg\",\"width\":2560,\"height\":1708,\"caption\":\"Les cr\u00e9dits photo\"},{\"@type\":\"BreadcrumbList\",\"@id\":\"https:\\\/\\\/www.paysdesecrins.com\\\/nl\\\/mijn-verlangen-om\\\/berg\\\/#breadcrumb\",\"itemListElement\":[{\"@type\":\"ListItem\",\"position\":1,\"name\":\"Accueil\",\"item\":\"https:\\\/\\\/www.paysdesecrins.com\\\/nl\\\/de-titel-van-het-huis\\\/\"},{\"@type\":\"ListItem\",\"position\":2,\"name\":\"Mijn verlangen om\",\"item\":\"https:\\\/\\\/www.paysdesecrins.com\\\/nl\\\/mijn-verlangen-om\\\/\"},{\"@type\":\"ListItem\",\"position\":3,\"name\":\"Mijn verlangen naar de bergen\"}]},{\"@type\":\"WebSite\",\"@id\":\"https:\\\/\\\/www.paysdesecrins.com\\\/nl\\\/#website\",\"url\":\"https:\\\/\\\/www.paysdesecrins.com\\\/nl\\\/\",\"name\":\"Pays des \u00c9crins - Office de Tourisme\",\"description\":\"L&#039;esprit montagne\",\"publisher\":{\"@id\":\"https:\\\/\\\/www.paysdesecrins.com\\\/nl\\\/#organization\"},\"potentialAction\":[{\"@type\":\"SearchAction\",\"target\":{\"@type\":\"EntryPoint\",\"urlTemplate\":\"https:\\\/\\\/www.paysdesecrins.com\\\/nl\\\/?s={search_term_string}\"},\"query-input\":{\"@type\":\"PropertyValueSpecification\",\"valueRequired\":true,\"valueName\":\"search_term_string\"}}],\"inLanguage\":\"nl-NL\"},{\"@type\":\"Organization\",\"@id\":\"https:\\\/\\\/www.paysdesecrins.com\\\/nl\\\/#organization\",\"name\":\"Pays des \u00c9crins - Office de Tourisme\",\"url\":\"https:\\\/\\\/www.paysdesecrins.com\\\/nl\\\/\",\"logo\":{\"@type\":\"ImageObject\",\"inLanguage\":\"nl-NL\",\"@id\":\"https:\\\/\\\/www.paysdesecrins.com\\\/nl\\\/#\\\/schema\\\/logo\\\/image\\\/\",\"url\":\"https:\\\/\\\/www.paysdesecrins.com\\\/wp-content\\\/uploads\\\/2025\\\/06\\\/devina-svg-1750845694.svg\",\"contentUrl\":\"https:\\\/\\\/www.paysdesecrins.com\\\/wp-content\\\/uploads\\\/2025\\\/06\\\/devina-svg-1750845694.svg\",\"caption\":\"Pays des \u00c9crins - Office de Tourisme\"},\"image\":{\"@id\":\"https:\\\/\\\/www.paysdesecrins.com\\\/nl\\\/#\\\/schema\\\/logo\\\/image\\\/\"}}]}<\/script>\n<!-- \/ Yoast SEO plugin. -->","yoast_head_json":{"title":"Mijn verlangen naar de bergen - Pays des \u00c9crins - Office de Tourisme","robots":{"index":"index","follow":"follow","max-snippet":"max-snippet:-1","max-image-preview":"max-image-preview:large","max-video-preview":"max-video-preview:-1"},"canonical":"https:\/\/www.paysdesecrins.com\/nl\/mijn-verlangen-om\/berg\/","og_locale":"nl_NL","og_type":"article","og_title":"Mijn verlangen naar de bergen - Pays des \u00c9crins - Office de Tourisme","og_description":"Hier leven we buiten. Of je hier nu bent om te klimmen, wandelen, trappen, peddelen of gewoon diep ademhalen, je [&hellip;]","og_url":"https:\/\/www.paysdesecrins.com\/nl\/mijn-verlangen-om\/berg\/","og_site_name":"Pays des \u00c9crins - Office de Tourisme","article_modified_time":"2026-01-16T14:50:14+00:00","og_image":[{"width":2560,"height":1708,"url":"https:\/\/www.paysdesecrins.com\/wp-content\/uploads\/2025\/06\/h0a9608-scaled.jpg","type":"image\/jpeg"}],"twitter_card":"summary_large_image","twitter_misc":{"Geschatte leestijd":"2 minuten"},"schema":{"@context":"https:\/\/schema.org","@graph":[{"@type":"WebPage","@id":"https:\/\/www.paysdesecrins.com\/nl\/mijn-verlangen-om\/berg\/","url":"https:\/\/www.paysdesecrins.com\/nl\/mijn-verlangen-om\/berg\/","name":"Mijn verlangen naar de bergen - Pays des \u00c9crins - Office de Tourisme","isPartOf":{"@id":"https:\/\/www.paysdesecrins.com\/nl\/#website"},"primaryImageOfPage":{"@id":"https:\/\/www.paysdesecrins.com\/nl\/mijn-verlangen-om\/berg\/#primaryimage"},"image":{"@id":"https:\/\/www.paysdesecrins.com\/nl\/mijn-verlangen-om\/berg\/#primaryimage"},"thumbnailUrl":"https:\/\/www.paysdesecrins.com\/wp-content\/uploads\/2025\/06\/h0a9608-scaled.jpg","datePublished":"2025-06-25T13:44:50+00:00","dateModified":"2026-01-16T14:50:14+00:00","breadcrumb":{"@id":"https:\/\/www.paysdesecrins.com\/nl\/mijn-verlangen-om\/berg\/#breadcrumb"},"inLanguage":"nl-NL","potentialAction":[{"@type":"ReadAction","target":["https:\/\/www.paysdesecrins.com\/nl\/mijn-verlangen-om\/berg\/"]}]},{"@type":"ImageObject","inLanguage":"nl-NL","@id":"https:\/\/www.paysdesecrins.com\/nl\/mijn-verlangen-om\/berg\/#primaryimage","url":"https:\/\/www.paysdesecrins.com\/wp-content\/uploads\/2025\/06\/h0a9608-scaled.jpg","contentUrl":"https:\/\/www.paysdesecrins.com\/wp-content\/uploads\/2025\/06\/h0a9608-scaled.jpg","width":2560,"height":1708,"caption":"Les cr\u00e9dits photo"},{"@type":"BreadcrumbList","@id":"https:\/\/www.paysdesecrins.com\/nl\/mijn-verlangen-om\/berg\/#breadcrumb","itemListElement":[{"@type":"ListItem","position":1,"name":"Accueil","item":"https:\/\/www.paysdesecrins.com\/nl\/de-titel-van-het-huis\/"},{"@type":"ListItem","position":2,"name":"Mijn verlangen om","item":"https:\/\/www.paysdesecrins.com\/nl\/mijn-verlangen-om\/"},{"@type":"ListItem","position":3,"name":"Mijn verlangen naar de bergen"}]},{"@type":"WebSite","@id":"https:\/\/www.paysdesecrins.com\/nl\/#website","url":"https:\/\/www.paysdesecrins.com\/nl\/","name":"Pays des \u00c9crins - Office de Tourisme","description":"L&#039;esprit montagne","publisher":{"@id":"https:\/\/www.paysdesecrins.com\/nl\/#organization"},"potentialAction":[{"@type":"SearchAction","target":{"@type":"EntryPoint","urlTemplate":"https:\/\/www.paysdesecrins.com\/nl\/?s={search_term_string}"},"query-input":{"@type":"PropertyValueSpecification","valueRequired":true,"valueName":"search_term_string"}}],"inLanguage":"nl-NL"},{"@type":"Organization","@id":"https:\/\/www.paysdesecrins.com\/nl\/#organization","name":"Pays des \u00c9crins - Office de Tourisme","url":"https:\/\/www.paysdesecrins.com\/nl\/","logo":{"@type":"ImageObject","inLanguage":"nl-NL","@id":"https:\/\/www.paysdesecrins.com\/nl\/#\/schema\/logo\/image\/","url":"https:\/\/www.paysdesecrins.com\/wp-content\/uploads\/2025\/06\/devina-svg-1750845694.svg","contentUrl":"https:\/\/www.paysdesecrins.com\/wp-content\/uploads\/2025\/06\/devina-svg-1750845694.svg","caption":"Pays des \u00c9crins - Office de Tourisme"},"image":{"@id":"https:\/\/www.paysdesecrins.com\/nl\/#\/schema\/logo\/image\/"}}]}},"_links":{"self":[{"href":"https:\/\/www.paysdesecrins.com\/nl\/wp-json\/wp\/v2\/pages\/44575","targetHints":{"allow":["GET"]}}],"collection":[{"href":"https:\/\/www.paysdesecrins.com\/nl\/wp-json\/wp\/v2\/pages"}],"about":[{"href":"https:\/\/www.paysdesecrins.com\/nl\/wp-json\/wp\/v2\/types\/page"}],"author":[{"embeddable":true,"href":"https:\/\/www.paysdesecrins.com\/nl\/wp-json\/wp\/v2\/users\/1"}],"replies":[{"embeddable":true,"href":"https:\/\/www.paysdesecrins.com\/nl\/wp-json\/wp\/v2\/comments?post=44575"}],"version-history":[{"count":5,"href":"https:\/\/www.paysdesecrins.com\/nl\/wp-json\/wp\/v2\/pages\/44575\/revisions"}],"predecessor-version":[{"id":112061,"href":"https:\/\/www.paysdesecrins.com\/nl\/wp-json\/wp\/v2\/pages\/44575\/revisions\/112061"}],"up":[{"embeddable":true,"href":"https:\/\/www.paysdesecrins.com\/nl\/wp-json\/wp\/v2\/pages\/44579"}],"wp:featuredmedia":[{"embeddable":true,"href":"https:\/\/www.paysdesecrins.com\/nl\/wp-json\/wp\/v2\/media\/90"}],"wp:attachment":[{"href":"https:\/\/www.paysdesecrins.com\/nl\/wp-json\/wp\/v2\/media?parent=44575"}],"curies":[{"name":"wp","href":"https:\/\/api.w.org\/{rel}","templated":true}]}}