{"id":45037,"date":"2025-06-25T15:44:51","date_gmt":"2025-06-25T13:44:51","guid":{"rendered":"https:\/\/www.paysdesecrins.com\/mijn-resort-mijn-dorp\/puy-saint-vincent\/"},"modified":"2025-08-13T15:10:26","modified_gmt":"2025-08-13T13:10:26","slug":"puy-saint-vincent","status":"publish","type":"page","link":"https:\/\/www.paysdesecrins.com\/nl\/mijn-resort-mijn-dorp\/puy-saint-vincent\/","title":{"rendered":"Puy-Saint-Vincent"},"content":{"rendered":"    <div class=\"alignfull wp-block-ws-library-ws-header-interne\" data-season=\"winter\">\n\t    <div class=\"header-container\">\n\t        <div class=\"group-media has-image\">\n\t            \t                <img loading=\"lazy\" decoding=\"async\" width=\"1920\" height=\"800\" src=\"https:\/\/www.paysdesecrins.com\/wp-content\/uploads\/2025\/07\/puy-saint-vincent-ski-2901-11-1920x800.jpg\" alt=\"\" class=\"image_large_square wp-image-29755\" \/>\n\t            \t        <\/div>\n\t        <div class=\"group-content\">\n\t            <div class=\"title\">\n\t                <h1>\n\t                    Puy-Saint-Vincent\t                    \t                <\/h1>\n\t            <\/div>\n\t        <\/div>\n\t    <\/div>\n\t    \n<div class=\"yoast-breadcrumbs\"><span><span><a href=\"https:\/\/www.paysdesecrins.com\/nl\/de-titel-van-het-huis\/\">Accueil<\/a><\/span>  <span><a href=\"https:\/\/www.paysdesecrins.com\/nl\/ma-station-mon-village\/\">Mijn resort, mijn dorp<\/a><\/span>  <span class=\"breadcrumb_last\" aria-current=\"page\">Puy-Saint-Vincent<\/span><\/span><\/div>\n    <\/div>\n        <div class=\"alignfull wp-block-ws-library-ws-header-interne\" data-season=\"summer\">\n\t    <div class=\"header-container\">\n\t        <div class=\"group-media has-image\">\n\t            \t                <img loading=\"lazy\" decoding=\"async\" width=\"1920\" height=\"800\" src=\"https:\/\/www.paysdesecrins.com\/wp-content\/uploads\/2025\/07\/19villages-psv-tete24-04-1920x800.jpg\" alt=\"\" class=\"image_large_square wp-image-22016\" \/>\n\t            \t        <\/div>\n\t        <div class=\"group-content\">\n\t            <div class=\"title\">\n\t                <h1>\n\t                    Puy-Saint-Vincent\t                    \t                <\/h1>\n\t            <\/div>\n\t        <\/div>\n\t    <\/div>\n\t    \n<div class=\"yoast-breadcrumbs\"><span><span><a href=\"https:\/\/www.paysdesecrins.com\/nl\/de-titel-van-het-huis\/\">Accueil<\/a><\/span>  <span><a href=\"https:\/\/www.paysdesecrins.com\/nl\/ma-station-mon-village\/\">Mijn resort, mijn dorp<\/a><\/span>  <span class=\"breadcrumb_last\" aria-current=\"page\">Puy-Saint-Vincent<\/span><\/span><\/div>\n    <\/div>\n    \n<div class=\"wp-block-ws-library-ws-list-pictos alignwide\" data-season=\"winter\">\n<div class=\"wp-block-ws-library-ws-text-icon ws-text-icon\"><div class=\"group-media\"><div class=\"field-image\"><img decoding=\"async\" src=\"https:\/\/www.paysdesecrins.com\/wp-content\/uploads\/2025\/07\/meteo-1.svg\" alt=\"\" class=\"wp-image-48629 size-90x90\"><\/div><\/div><div class=\"group-content\"><p class=\"field-description\">Weersvoorspelling<\/p><\/div><a href=\"https:\/\/www.paysdesecrins.com\/nl\/weer-puy-saint-vincent\/\" class=\"cardlink\" target=\"_blank\">Lees meer<\/a><\/div>\n\n\n\n<div class=\"wp-block-ws-library-ws-text-icon ws-text-icon\"><div class=\"group-media\"><div class=\"field-image\"><img decoding=\"async\" src=\"https:\/\/www.paysdesecrins.com\/wp-content\/uploads\/2025\/07\/webcam-1.svg\" alt=\"\" class=\"wp-image-48654 size-90x90\"><\/div><\/div><div class=\"group-content\"><p class=\"field-description\">Webcam<\/p><\/div><a href=\"https:\/\/www.paysdesecrins.com\/nl\/webcams-puy-saint-vincent\/\" class=\"cardlink\">Lees meer<\/a><\/div>\n\n\n\n<div class=\"wp-block-ws-library-ws-text-icon ws-text-icon\"><div class=\"group-media\"><div class=\"field-image\"><img decoding=\"async\" src=\"https:\/\/www.paysdesecrins.com\/wp-content\/uploads\/2025\/07\/infosneige.svg\" alt=\"\" class=\"wp-image-48634 size-90x90\"><\/div><\/div><div class=\"group-content\"><p class=\"field-description\">Sneeuw nieuws<\/p><\/div><a href=\"https:\/\/bulletin.lumiplan.pro\/displayAll.php?station=puy-saint-vincent&amp;region=alpes&amp;pays=france&amp;lang=fr\" class=\"cardlink\">Lees meer<\/a><\/div>\n\n\n\n<div class=\"wp-block-ws-library-ws-text-icon ws-text-icon\"><div class=\"group-media\"><div class=\"field-image\"><img decoding=\"async\" src=\"https:\/\/www.paysdesecrins.com\/wp-content\/uploads\/2025\/07\/infosroute.svg\" alt=\"\" class=\"wp-image-48639 size-90x90\"><\/div><\/div><div class=\"group-content\"><p class=\"field-description\">Route-informatie<\/p><\/div><a href=\"https:\/\/www.paysdesecrins.com\/acces-et-navettes\/route-bus\/\" class=\"cardlink\">Lees meer<\/a><\/div>\n\n\n\n<div class=\"wp-block-ws-library-ws-text-icon ws-text-icon\"><div class=\"group-media\"><div class=\"field-image\"><img decoding=\"async\" src=\"https:\/\/www.paysdesecrins.com\/wp-content\/uploads\/2025\/07\/carte.svg\" alt=\"\" class=\"wp-image-48644 size-90x90\"><\/div><\/div><div class=\"group-content\"><p class=\"field-description\">KAART<\/p><\/div><a href=\"https:\/\/lumiplay.link\/interactive-map\/Puy-Saint-Vincent\/fr?uuid=0\" class=\"cardlink\">Lees meer<\/a><\/div>\n\n\n\n<div class=\"wp-block-ws-library-ws-text-icon ws-text-icon\"><div class=\"group-media\"><div class=\"field-image\"><img decoding=\"async\" src=\"https:\/\/www.paysdesecrins.com\/wp-content\/uploads\/2025\/07\/ski-1.svg\" alt=\"\" class=\"wp-image-48649 size-90x90\"><\/div><\/div><div class=\"group-content\"><p class=\"field-description\">Langlaufen plan<\/p><\/div><a href=\"https:\/\/puystvincent.appsenso.eu\/fr\/plan-des-pistes-fond\" class=\"cardlink\">Lees meer<\/a><\/div>\n\n\n\n<div class=\"wp-block-ws-library-ws-text-icon ws-text-icon\"><div class=\"group-media\"><div class=\"field-image\"><img decoding=\"async\" src=\"https:\/\/www.paysdesecrins.com\/wp-content\/uploads\/2025\/07\/ski.svg\" alt=\"\" class=\"wp-image-26794 size-90x90\"><\/div><\/div><div class=\"group-content\"><p class=\"field-description\">Skipassen<\/p><\/div><a href=\"https:\/\/www.puysaintvincent.com\/forfait-ski\" class=\"cardlink\">Lees meer<\/a><\/div>\n<\/div>\n\n<div class=\"wp-block-ws-library-ws-list-pictos alignwide\" data-season=\"summer\">\n<div class=\"wp-block-ws-library-ws-text-icon ws-text-icon\"><div class=\"group-media\"><div class=\"field-image\"><img decoding=\"async\" src=\"https:\/\/www.paysdesecrins.com\/wp-content\/uploads\/2025\/07\/webcam-1.svg\" alt=\"\" class=\"wp-image-48654 size-90x90\"><\/div><\/div><div class=\"group-content\"><p class=\"field-description\">Webcam<\/p><\/div><a href=\"https:\/\/www.paysdesecrins.com\/nl\/webcams-puy-saint-vincent\/\" class=\"cardlink\">Lees meer<\/a><\/div>\n\n\n\n<div class=\"wp-block-ws-library-ws-text-icon ws-text-icon\"><div class=\"group-media\"><div class=\"field-image\"><img decoding=\"async\" src=\"https:\/\/www.paysdesecrins.com\/wp-content\/uploads\/2025\/07\/infosroute.svg\" alt=\"\" class=\"wp-image-48639 size-90x90\"><\/div><\/div><div class=\"group-content\"><p class=\"field-description\">Route-informatie<\/p><\/div><a href=\"https:\/\/www.paysdesecrins.com\/acces-et-navettes\/route-bus\/\" class=\"cardlink\">Lees meer<\/a><\/div>\n\n\n\n<div class=\"wp-block-ws-library-ws-text-icon ws-text-icon\"><div class=\"group-media\"><div class=\"field-image\"><img decoding=\"async\" src=\"https:\/\/www.paysdesecrins.com\/wp-content\/uploads\/2025\/07\/map.svg\" alt=\"\" class=\"wp-image-26809 size-90x90\"><\/div><\/div><div class=\"group-content\"><p class=\"field-description\">MTB-KAART<\/p><\/div><a href=\"https:\/\/www.puysaintvincent.bike\/sites\/default\/files\/images\/psvpanneauplandespistesvttsitewebt2024.jpg\" class=\"cardlink\">Lees meer<\/a><\/div>\n\n\n\n<div class=\"wp-block-ws-library-ws-text-icon ws-text-icon\"><div class=\"group-media\"><div class=\"field-image\"><img decoding=\"async\" src=\"https:\/\/www.paysdesecrins.com\/wp-content\/uploads\/2025\/07\/ski.svg\" alt=\"\" class=\"wp-image-26794 size-90x90\"><\/div><\/div><div class=\"group-content\"><p class=\"field-description\">Mountainbike pakketten<\/p><\/div><a href=\"https:\/\/www.puysaintvincent.com\/voir-activites-puy-saint-vincent?type_activite=66\" class=\"cardlink\">Lees meer<\/a><\/div>\n<\/div>\n\n<div class=\"wp-block-ws-library-ws-title aligncenter is-style-simple has-color-2-color\"><h2><em>Een familieresort<\/em> Met uitzicht op de toppen van de \u00c9crins<\/h2><\/div>\n\n<p class=\"has-text-align-center\" data-season=\"summer\">Het <strong>skioord Puy Saint Vincent<\/strong> , gelegen tussen 1.400 en 2.700 m, bestaat uit drie gehuchten (Le Puy, Les Alberts en Les Pr\u00e9s) die in de zomer <strong>een breed scala aan buitenactiviteiten<\/strong> bieden. Sensatiezoekers kunnen genieten van het <strong>bikepark<\/strong>, <strong>de via ferrata<\/strong> of <strong>boomklimmen<\/strong>, terwijl anderen de wandelpaden nemen om panorama&#8217;s van de Durance-vallei en de toppen van de \u00c9crins te bewonderen. Voor momenten van ontspanning garanderen het zwembad, de bioscoop en het multi-activiteitencomplex <em><strong>Le Panoramic<\/strong><\/em> al het comfort van een familieresort, een combinatie van avontuur en gezelligheid in een ongerepte natuurlijke omgeving.  <\/p>\n\n<p class=\"has-text-align-center\" data-season=\"winter\">Puy Saint Vincent, gelegen in het hart van de \u00c9crins, strekt zich uit van 1.400 tot 2.700 m boven de zeespiegel in een <strong>ongerepte en familiale omgeving<\/strong>. Het is een resort op mensenmaat en biedt alle <strong>essenti\u00eble diensten<\/strong> \u2013 warme accommodatie, lokale winkels, alpenrestaurants en entertainment \u2013 voor een <strong>comfortabel en authentiek<\/strong> winterverblijf. Voor momenten van ontspanning garanderen de bioscoop en het multi-activiteitencomplex <em><strong>Le Panoramic<\/strong><\/em> al het comfort van een familieresort, waarbij avontuur en gezelligheid worden gecombineerd met een adembenemend uitzicht op de Vallouise en de emblematische toppen van de \u00c9crins.  <\/p>\n\n<div class=\"wp-block-ws-library-ws-button has-text-align-center is-style-outline\"><a href=\"https:\/\/www.paysdesecrins.com\/nl\/ik-kies\/toegang-en-shuttles\/\" class=\"wp-block-button__link wp-element-button btn\">  Toegang en shuttles<\/a><\/div>\n\n<div style=\"height:20px\" aria-hidden=\"true\" class=\"wp-block-spacer\"><\/div>\n\n<div class=\"wp-block-ws-library-ws-title aligncenter is-style-default has-color-2-color\"><h2><em>Ik wil<\/em> Zoek uit<\/h2><\/div>\n<div class=\"alignwide wp-block-ws-library-ws-list-childs\"><div class=\"child-pages-list list-items list-2-3-4\"><div class=\"item\" data-season=\"all-seasons\"><div class=\"card card-child\"><div class=\"group-media\"><div class=\"field-image\"><img decoding=\"async\" width=\"400\" height=\"400\" src=\"https:\/\/www.paysdesecrins.com\/wp-content\/uploads\/2025\/07\/img-2008-400x400.jpg\" class=\"winter all-seasons wp-post-image\" alt=\"\" loading=\"lazy\" data-season=\"all-seasons\" srcset=\"https:\/\/www.paysdesecrins.com\/wp-content\/uploads\/2025\/07\/img-2008-400x400.jpg 400w, https:\/\/www.paysdesecrins.com\/wp-content\/uploads\/2025\/07\/img-2008-150x150.jpg 150w, https:\/\/www.paysdesecrins.com\/wp-content\/uploads\/2025\/07\/img-2008-600x600.jpg 600w, https:\/\/www.paysdesecrins.com\/wp-content\/uploads\/2025\/07\/img-2008-300x300.jpg 300w, https:\/\/www.paysdesecrins.com\/wp-content\/uploads\/2025\/07\/img-2008-570x570.jpg 570w\" sizes=\"auto, (max-width: 400px) 100vw, 400px\" \/><\/div><\/div><div class=\"group-content\"><span class=\"field-title\">Entertainment in Puy Saint Vincent<\/span><\/div><div class=\"field-link\"><a href=\"https:\/\/www.paysdesecrins.com\/nl\/mijn-resort-mijn-dorp\/puy-saint-vincent\/animaties\/\" class=\"cardlink\">Voir plus<\/a><\/div><\/div><\/div><div class=\"item\" data-season=\"all-seasons\"><div class=\"card card-child\"><div class=\"group-media\"><div class=\"field-image\"><img decoding=\"async\" width=\"400\" height=\"400\" src=\"https:\/\/www.paysdesecrins.com\/wp-content\/uploads\/2025\/07\/07-15-25-maison-du-miel-33-400x400.jpg\" class=\"winter all-seasons wp-post-image\" alt=\"\" loading=\"lazy\" data-season=\"all-seasons\" srcset=\"https:\/\/www.paysdesecrins.com\/wp-content\/uploads\/2025\/07\/07-15-25-maison-du-miel-33-400x400.jpg 400w, https:\/\/www.paysdesecrins.com\/wp-content\/uploads\/2025\/07\/07-15-25-maison-du-miel-33-150x150.jpg 150w, https:\/\/www.paysdesecrins.com\/wp-content\/uploads\/2025\/07\/07-15-25-maison-du-miel-33-600x600.jpg 600w, https:\/\/www.paysdesecrins.com\/wp-content\/uploads\/2025\/07\/07-15-25-maison-du-miel-33-300x300.jpg 300w, https:\/\/www.paysdesecrins.com\/wp-content\/uploads\/2025\/07\/07-15-25-maison-du-miel-33-570x570.jpg 570w\" sizes=\"auto, (max-width: 400px) 100vw, 400px\" \/><\/div><\/div><div class=\"group-content\"><span class=\"field-title\">Uitrusting en winkels in Puy Saint Vincent<\/span><\/div><div class=\"field-link\"><a href=\"https:\/\/www.paysdesecrins.com\/nl\/mijn-resort-mijn-dorp\/puy-saint-vincent\/apparatuur-en-winkels\/\" class=\"cardlink\">Voir plus<\/a><\/div><\/div><\/div><div class=\"item\" data-season=\"all-seasons\"><div class=\"card card-child\"><div class=\"group-media\"><div class=\"field-image\"><img decoding=\"async\" width=\"400\" height=\"400\" src=\"https:\/\/www.paysdesecrins.com\/wp-content\/uploads\/2025\/09\/cdm-ski-alpi-day-2-16-400x400.jpg\" class=\"winter wp-post-image\" alt=\"\" loading=\"lazy\" data-season=\"winter\" srcset=\"https:\/\/www.paysdesecrins.com\/wp-content\/uploads\/2025\/09\/cdm-ski-alpi-day-2-16-400x400.jpg 400w, https:\/\/www.paysdesecrins.com\/wp-content\/uploads\/2025\/09\/cdm-ski-alpi-day-2-16-150x150.jpg 150w, https:\/\/www.paysdesecrins.com\/wp-content\/uploads\/2025\/09\/cdm-ski-alpi-day-2-16-600x600.jpg 600w, https:\/\/www.paysdesecrins.com\/wp-content\/uploads\/2025\/09\/cdm-ski-alpi-day-2-16-300x300.jpg 300w, https:\/\/www.paysdesecrins.com\/wp-content\/uploads\/2025\/09\/cdm-ski-alpi-day-2-16-570x570.jpg 570w, https:\/\/www.paysdesecrins.com\/wp-content\/uploads\/2025\/09\/cdm-ski-alpi-day-2-16-480x480.jpg 480w\" sizes=\"auto, (max-width: 400px) 100vw, 400px\" \/><img loading=\"lazy\" decoding=\"async\" width=\"400\" height=\"400\" src=\"https:\/\/www.paysdesecrins.com\/wp-content\/uploads\/2025\/07\/dsc03588-400x400.jpg\" class=\"vivaldi-thumb summer\" alt=\"\" data-season=\"summer\" srcset=\"https:\/\/www.paysdesecrins.com\/wp-content\/uploads\/2025\/07\/dsc03588-400x400.jpg 400w, https:\/\/www.paysdesecrins.com\/wp-content\/uploads\/2025\/07\/dsc03588-150x150.jpg 150w, https:\/\/www.paysdesecrins.com\/wp-content\/uploads\/2025\/07\/dsc03588-600x600.jpg 600w, https:\/\/www.paysdesecrins.com\/wp-content\/uploads\/2025\/07\/dsc03588-300x300.jpg 300w, https:\/\/www.paysdesecrins.com\/wp-content\/uploads\/2025\/07\/dsc03588-570x570.jpg 570w, https:\/\/www.paysdesecrins.com\/wp-content\/uploads\/2025\/07\/dsc03588-scaled-480x480.jpg 480w\" sizes=\"auto, (max-width: 400px) 100vw, 400px\" \/><\/div><\/div><div class=\"group-content\"><span class=\"field-title\">Evenementen in Puy Saint Vincent<\/span><\/div><div class=\"field-link\"><a href=\"https:\/\/www.paysdesecrins.com\/nl\/mijn-resort-mijn-dorp\/puy-saint-vincent\/gebeurtenissen\/\" class=\"cardlink\">Voir plus<\/a><\/div><\/div><\/div><div class=\"item\" data-season=\"all-seasons\"><div class=\"card card-child\"><div class=\"group-media\"><div class=\"field-image\"><img decoding=\"async\" width=\"400\" height=\"400\" src=\"https:\/\/www.paysdesecrins.com\/wp-content\/uploads\/2025\/08\/freeride-puy-st-vincent-13-400x400.jpg\" class=\"winter wp-post-image\" alt=\"\" loading=\"lazy\" data-season=\"winter\" srcset=\"https:\/\/www.paysdesecrins.com\/wp-content\/uploads\/2025\/08\/freeride-puy-st-vincent-13-400x400.jpg 400w, https:\/\/www.paysdesecrins.com\/wp-content\/uploads\/2025\/08\/freeride-puy-st-vincent-13-150x150.jpg 150w, https:\/\/www.paysdesecrins.com\/wp-content\/uploads\/2025\/08\/freeride-puy-st-vincent-13-600x600.jpg 600w, https:\/\/www.paysdesecrins.com\/wp-content\/uploads\/2025\/08\/freeride-puy-st-vincent-13-300x300.jpg 300w, https:\/\/www.paysdesecrins.com\/wp-content\/uploads\/2025\/08\/freeride-puy-st-vincent-13-570x570.jpg 570w\" sizes=\"auto, (max-width: 400px) 100vw, 400px\" \/><img loading=\"lazy\" decoding=\"async\" width=\"400\" height=\"400\" src=\"https:\/\/www.paysdesecrins.com\/wp-content\/uploads\/2025\/08\/dsc04846-400x400.jpg\" class=\"vivaldi-thumb summer\" alt=\"\" data-season=\"summer\" srcset=\"https:\/\/www.paysdesecrins.com\/wp-content\/uploads\/2025\/08\/dsc04846-400x400.jpg 400w, https:\/\/www.paysdesecrins.com\/wp-content\/uploads\/2025\/08\/dsc04846-150x150.jpg 150w, https:\/\/www.paysdesecrins.com\/wp-content\/uploads\/2025\/08\/dsc04846-600x600.jpg 600w, https:\/\/www.paysdesecrins.com\/wp-content\/uploads\/2025\/08\/dsc04846-300x300.jpg 300w, https:\/\/www.paysdesecrins.com\/wp-content\/uploads\/2025\/08\/dsc04846-570x570.jpg 570w, https:\/\/www.paysdesecrins.com\/wp-content\/uploads\/2025\/08\/dsc04846-scaled-480x480.jpg 480w\" sizes=\"auto, (max-width: 400px) 100vw, 400px\" \/><\/div><\/div><div class=\"group-content\"><span class=\"field-title\">Activiteiten in Puy Saint Vincent<\/span><\/div><div class=\"field-link\"><a href=\"https:\/\/www.paysdesecrins.com\/nl\/mijn-resort-mijn-dorp\/puy-saint-vincent\/activiteiten-3\/\" class=\"cardlink\">Voir plus<\/a><\/div><\/div><\/div><div class=\"item\" data-season=\"all-seasons\"><div class=\"card card-child\"><div class=\"group-media\"><div class=\"field-image\"><img decoding=\"async\" width=\"400\" height=\"400\" src=\"https:\/\/www.paysdesecrins.com\/wp-content\/uploads\/2025\/07\/img-0739-400x400.jpg\" class=\"winter all-seasons wp-post-image\" alt=\"\" loading=\"lazy\" data-season=\"all-seasons\" srcset=\"https:\/\/www.paysdesecrins.com\/wp-content\/uploads\/2025\/07\/img-0739-400x400.jpg 400w, https:\/\/www.paysdesecrins.com\/wp-content\/uploads\/2025\/07\/img-0739-150x150.jpg 150w, https:\/\/www.paysdesecrins.com\/wp-content\/uploads\/2025\/07\/img-0739-600x600.jpg 600w, https:\/\/www.paysdesecrins.com\/wp-content\/uploads\/2025\/07\/img-0739-300x300.jpg 300w, https:\/\/www.paysdesecrins.com\/wp-content\/uploads\/2025\/07\/img-0739-570x570.jpg 570w\" sizes=\"auto, (max-width: 400px) 100vw, 400px\" \/><\/div><\/div><div class=\"group-content\"><span class=\"field-title\">Culturele en erfgoedactiviteiten in Puy Saint Vincent<\/span><\/div><div class=\"field-link\"><a href=\"https:\/\/www.paysdesecrins.com\/nl\/mijn-resort-mijn-dorp\/puy-saint-vincent\/culturele-activiteiten-en-erfgoed\/\" class=\"cardlink\">Voir plus<\/a><\/div><\/div><\/div><div class=\"item\" data-season=\"all-seasons\"><div class=\"card card-child\"><div class=\"group-media\"><div class=\"field-image\"><img decoding=\"async\" width=\"400\" height=\"400\" src=\"https:\/\/www.paysdesecrins.com\/wp-content\/uploads\/2025\/07\/img-0136-400x400.jpg\" class=\"winter all-seasons wp-post-image\" alt=\"\" loading=\"lazy\" data-season=\"all-seasons\" srcset=\"https:\/\/www.paysdesecrins.com\/wp-content\/uploads\/2025\/07\/img-0136-400x400.jpg 400w, https:\/\/www.paysdesecrins.com\/wp-content\/uploads\/2025\/07\/img-0136-150x150.jpg 150w, https:\/\/www.paysdesecrins.com\/wp-content\/uploads\/2025\/07\/img-0136-600x600.jpg 600w, https:\/\/www.paysdesecrins.com\/wp-content\/uploads\/2025\/07\/img-0136-300x300.jpg 300w, https:\/\/www.paysdesecrins.com\/wp-content\/uploads\/2025\/07\/img-0136-570x570.jpg 570w\" sizes=\"auto, (max-width: 400px) 100vw, 400px\" \/><\/div><\/div><div class=\"group-content\"><span class=\"field-title\">Restaurants in Puy Saint Vincent<\/span><\/div><div class=\"field-link\"><a href=\"https:\/\/www.paysdesecrins.com\/nl\/mijn-resort-mijn-dorp\/puy-saint-vincent\/restaurants\/\" class=\"cardlink\">Voir plus<\/a><\/div><\/div><\/div><div class=\"item\" data-season=\"all-seasons\"><div class=\"card card-child\"><div class=\"group-media\"><div class=\"field-image\"><img decoding=\"async\" width=\"400\" height=\"400\" src=\"https:\/\/www.paysdesecrins.com\/wp-content\/uploads\/2025\/07\/dsc00169-400x400.jpg\" class=\"winter all-seasons wp-post-image\" alt=\"\" loading=\"lazy\" data-season=\"all-seasons\" srcset=\"https:\/\/www.paysdesecrins.com\/wp-content\/uploads\/2025\/07\/dsc00169-400x400.jpg 400w, https:\/\/www.paysdesecrins.com\/wp-content\/uploads\/2025\/07\/dsc00169-150x150.jpg 150w, https:\/\/www.paysdesecrins.com\/wp-content\/uploads\/2025\/07\/dsc00169-600x600.jpg 600w, https:\/\/www.paysdesecrins.com\/wp-content\/uploads\/2025\/07\/dsc00169-300x300.jpg 300w, https:\/\/www.paysdesecrins.com\/wp-content\/uploads\/2025\/07\/dsc00169-570x570.jpg 570w\" sizes=\"auto, (max-width: 400px) 100vw, 400px\" \/><\/div><\/div><div class=\"group-content\"><span class=\"field-title\">Noords gebied van Puy Saint Vincent<\/span><\/div><div class=\"field-link\"><a href=\"https:\/\/www.paysdesecrins.com\/nl\/mijn-resort-mijn-dorp\/puy-saint-vincent\/noords-gebied-van-puy-saint-vincent\/\" class=\"cardlink\">Voir plus<\/a><\/div><\/div><\/div><div class=\"item\" data-season=\"all-seasons\"><div class=\"card card-child\"><div class=\"group-media\"><div class=\"field-image\"><img decoding=\"async\" width=\"400\" height=\"400\" src=\"https:\/\/www.paysdesecrins.com\/wp-content\/uploads\/2025\/08\/premie-res-neiges-puy-saint-vincent-31-400x400.jpg\" class=\"winter wp-post-image\" alt=\"\" loading=\"lazy\" data-season=\"winter\" srcset=\"https:\/\/www.paysdesecrins.com\/wp-content\/uploads\/2025\/08\/premie-res-neiges-puy-saint-vincent-31-400x400.jpg 400w, https:\/\/www.paysdesecrins.com\/wp-content\/uploads\/2025\/08\/premie-res-neiges-puy-saint-vincent-31-150x150.jpg 150w, https:\/\/www.paysdesecrins.com\/wp-content\/uploads\/2025\/08\/premie-res-neiges-puy-saint-vincent-31-600x600.jpg 600w, https:\/\/www.paysdesecrins.com\/wp-content\/uploads\/2025\/08\/premie-res-neiges-puy-saint-vincent-31-300x300.jpg 300w, https:\/\/www.paysdesecrins.com\/wp-content\/uploads\/2025\/08\/premie-res-neiges-puy-saint-vincent-31-570x570.jpg 570w\" sizes=\"auto, (max-width: 400px) 100vw, 400px\" \/><img loading=\"lazy\" decoding=\"async\" width=\"400\" height=\"400\" src=\"https:\/\/www.paysdesecrins.com\/wp-content\/uploads\/2025\/07\/ambiance-au-vallon-de-narreyroux-13-400x400.jpg\" class=\"vivaldi-thumb summer\" alt=\"\" data-season=\"summer\" srcset=\"https:\/\/www.paysdesecrins.com\/wp-content\/uploads\/2025\/07\/ambiance-au-vallon-de-narreyroux-13-400x400.jpg 400w, https:\/\/www.paysdesecrins.com\/wp-content\/uploads\/2025\/07\/ambiance-au-vallon-de-narreyroux-13-150x150.jpg 150w, https:\/\/www.paysdesecrins.com\/wp-content\/uploads\/2025\/07\/ambiance-au-vallon-de-narreyroux-13-600x600.jpg 600w, https:\/\/www.paysdesecrins.com\/wp-content\/uploads\/2025\/07\/ambiance-au-vallon-de-narreyroux-13-300x300.jpg 300w, https:\/\/www.paysdesecrins.com\/wp-content\/uploads\/2025\/07\/ambiance-au-vallon-de-narreyroux-13-570x570.jpg 570w, https:\/\/www.paysdesecrins.com\/wp-content\/uploads\/2025\/07\/ambiance-au-vallon-de-narreyroux-13-scaled-480x480.jpg 480w\" sizes=\"auto, (max-width: 400px) 100vw, 400px\" \/><\/div><\/div><div class=\"group-content\"><span class=\"field-title\">Alle overnachtingen in: Puy Saint Vincent<\/span><\/div><div class=\"field-link\"><a href=\"https:\/\/www.paysdesecrins.com\/nl\/mijn-resort-mijn-dorp\/puy-saint-vincent\/alle-accommodaties-3\/\" class=\"cardlink\">Voir plus<\/a><\/div><\/div><\/div><\/div><\/div>\n<div style=\"height:60px\" aria-hidden=\"true\" class=\"wp-block-spacer\"><\/div>\n\n<div class=\"wp-block-ws-library-ws-title aligncenter\" data-season=\"summer\"><h2><em>Ontdek de<\/em> Fietsenstalling<\/h2><\/div>\n\n<div class=\"wp-block-ws-library-ws-title aligncenter\" data-season=\"winter\"><h2><em>Ontdek de<\/em> Skigebied<\/h2><\/div>\n\n<p class=\"has-text-align-center\" data-season=\"winter\">Het skigebied Puy Saint Vincent heeft <strong>35 pistes<\/strong> met in totaal <strong>75 km aan afdalingen<\/strong>, bediend door <strong>11 moderne skiliften<\/strong> . Van de groene pistes die toegankelijk zijn voor beginnende ski\u00ebrs tot de meest technische zwarte, waaronder een <strong>snowpark<\/strong> en <strong>een boardercross<\/strong>, er is voor elk wat wils. Met meer dan de helft van het gebied gelegen boven 2.000 m boven de zeespiegel en profiterend van een noordelijke ligging aan de rand van het \u00c9crins-massief, zorgt het resort voor <strong>kwaliteitssneeuw van december tot april<\/strong>. Daarnaast zijn er 25 km geprepareerde nordic trails, ideaal voor langlaufen en activiteiten zoals hondenslee\u00ebn en fatbiken, allemaal onderbroken door uitzicht op de Durance-vallei, de Mont Pelvoux en de Glacier Blanc.   <\/p>\n\n<p class=\"has-text-align-center\" data-season=\"summer\">Het <strong>Puy Saint Vincent Bike-park<\/strong> strekt zich uit over bijna <strong>900 m hoogteverschil<\/strong> en bestaat uit <strong>zeven paden<\/strong> die worden bediend door <strong>twee afneembare stoeltjesliften met 6 zitplaatsen<\/strong> die geschikt zijn voor mountainbiken, en zo een snelle en veilige toegang tot de top bieden. U vindt er een groene (&#8220;Family Trail&#8221;) die ideaal is voor beginners vanaf 6 jaar, twee blauwe (&#8220;Easy Going&#8221; en &#8220;Cool Forest&#8221;) om vertrouwen te winnen, evenals vier rode (&#8220;Flowy Line&#8221;, &#8220;La Trace&#8221;, &#8220;Canada Draille&#8221; en &#8220;La Traversouille&#8221;) en een zwarte (&#8220;La Tamarack&#8221;) ontworpen door meer ervaren ruiters. Het Bike Park is geopend van zaterdag 16 juli tot zondag 31 augustus van 9.15 tot 16.30 uur en biedt een natuurlijke omgeving waar elke rijder vindt wat hij of zij zoekt.  <\/p>\n\n<div class=\"wp-block-ws-library-ws-button has-text-align-center is-style-outline\"><a href=\"https:\/\/www.puysaintvincent.com\" class=\"wp-block-button__link wp-element-button btn\">  Lees meer +<\/a><\/div>\n\n<div class=\"wp-block-ws-library-ws-banner alignfull\" data-season=\"summer\"><div class=\"wrapper\"><div class=\"group-media\"><img loading=\"lazy\" decoding=\"async\" width=\"2560\" height=\"1707\" src=\"https:\/\/www.paysdesecrins.com\/wp-content\/uploads\/2025\/07\/181velo-vtt-dsc04924-scaled.jpg\" alt=\"\" class=\"single_image wp-image-21773\" srcset=\"https:\/\/www.paysdesecrins.com\/wp-content\/uploads\/2025\/07\/181velo-vtt-dsc04924-scaled.jpg 2560w, https:\/\/www.paysdesecrins.com\/wp-content\/uploads\/2025\/07\/181velo-vtt-dsc04924-scaled-300x200.jpg 300w, https:\/\/www.paysdesecrins.com\/wp-content\/uploads\/2025\/07\/181velo-vtt-dsc04924-scaled-1024x683.jpg 1024w, https:\/\/www.paysdesecrins.com\/wp-content\/uploads\/2025\/07\/181velo-vtt-dsc04924-scaled-768x512.jpg 768w, https:\/\/www.paysdesecrins.com\/wp-content\/uploads\/2025\/07\/181velo-vtt-dsc04924-scaled-1536x1024.jpg 1536w, https:\/\/www.paysdesecrins.com\/wp-content\/uploads\/2025\/07\/181velo-vtt-dsc04924-scaled-2048x1366.jpg 2048w, https:\/\/www.paysdesecrins.com\/wp-content\/uploads\/2025\/07\/181velo-vtt-dsc04924-scaled-960x640.jpg 960w\" sizes=\"auto, (max-width: 2560px) 100vw, 2560px\" \/><\/div>\n<div class=\"group-content\"><div class=\"wp-block-ws-library-ws-title\"><h2>Openingsperiode van het Bike Park<\/h2><\/div><p>Geniet deze zomer van zaterdag 5 juli tot en met zondag 31 augustus van 9.15 tot 16.30 uur van het Bike Park.<\/p><\/div>\n\n\n\n\n<\/div><\/div>\n\n<div class=\"wp-block-ws-library-ws-banner alignfull\" data-season=\"winter\"><div class=\"wrapper\"><div class=\"group-media\"><img loading=\"lazy\" decoding=\"async\" width=\"2560\" height=\"1300\" src=\"https:\/\/www.paysdesecrins.com\/wp-content\/uploads\/2025\/07\/puy-saint-vincent-ski-2901-5-scaled-e1753169170775.jpg\" alt=\"\" class=\"single_image wp-image-29750\" srcset=\"https:\/\/www.paysdesecrins.com\/wp-content\/uploads\/2025\/07\/puy-saint-vincent-ski-2901-5-scaled-e1753169170775.jpg 2560w, https:\/\/www.paysdesecrins.com\/wp-content\/uploads\/2025\/07\/puy-saint-vincent-ski-2901-5-scaled-e1753169170775-300x152.jpg 300w, https:\/\/www.paysdesecrins.com\/wp-content\/uploads\/2025\/07\/puy-saint-vincent-ski-2901-5-scaled-e1753169170775-1024x520.jpg 1024w, https:\/\/www.paysdesecrins.com\/wp-content\/uploads\/2025\/07\/puy-saint-vincent-ski-2901-5-scaled-e1753169170775-768x390.jpg 768w, https:\/\/www.paysdesecrins.com\/wp-content\/uploads\/2025\/07\/puy-saint-vincent-ski-2901-5-scaled-e1753169170775-1536x780.jpg 1536w, https:\/\/www.paysdesecrins.com\/wp-content\/uploads\/2025\/07\/puy-saint-vincent-ski-2901-5-scaled-e1753169170775-2048x1040.jpg 2048w, https:\/\/www.paysdesecrins.com\/wp-content\/uploads\/2025\/07\/puy-saint-vincent-ski-2901-5-scaled-e1753169170775-960x488.jpg 960w\" sizes=\"auto, (max-width: 2560px) 100vw, 2560px\" \/><div class=\"credits\">Marc Grivaux<\/div><\/div>\n<div class=\"group-content\"><div class=\"wp-block-ws-library-ws-title\"><h2>Openingsperiode van het resort<\/h2><\/div><p>Geniet deze winter van zaterdag 13 december 2025 tot en met zondag 6 april 2026 van de pistes van Puy Saint Vincent.<\/p><\/div>\n\n\n\n\n<\/div><\/div>\n\n<div class=\"wp-block-group alignfull group-espritoutdoor has-global-padding is-layout-constrained wp-block-group-is-layout-constrained\">\n<div class=\"wp-block-group alignwide is-layout-flow wp-block-group-is-layout-flow\">\n<div class=\"wp-block-ws-library-ws-title has-color-1-color\"><h2><em>Ervaringen<\/em><br>Voor alle stijlen<\/h2><\/div>\n\n\n\n<p class=\"has-text-align-left\" data-season=\"summer\">In Puy Saint Vincent kunt u genieten van de bergen en uw wensen de vrije loop laten: sensatie op het bikepark en de mountainbikeroutes of panoramische wandelingen die toegankelijk zijn vanaf de skiliften, elke dag wordt onderbroken door avontuur en de euforie van het buitenleven.<\/p>\n\n\n\n<p class=\"has-text-align-left\" data-season=\"winter\">In Puy Saint Vincent kunt u de winterse sfeer opsnuiven en uw wensen de vrije loop laten: geniet van de skipistes van het resort, verken de bossen op sneeuwschoenen of ga langlaufen naar het Plateau des T\u00eates. Het is aan jou om te kiezen hoe je van de bergen geniet! <\/p>\n\n\n<div class=\"alignwide wp-block-ws-library-ws-list-content\" data-season=\"winter\"><div class=\"list-items splide\" data-splide=\"{&quot;type&quot;:&quot;loop&quot;,&quot;heightRatio&quot;:&quot;auto&quot;,&quot;perPage&quot;:3,&quot;perMove&quot;:1,&quot;drag&quot;:true,&quot;arrows&quot;:true,&quot;pagination&quot;:0,&quot;autoplay&quot;:false,&quot;gap&quot;:&quot;15px&quot;,&quot;breakpoints&quot;:{&quot;1200&quot;:{&quot;perPage&quot;:3},&quot;992&quot;:{&quot;perPage&quot;:2},&quot;768&quot;:{&quot;destroy&quot;:true}}}\"><div class=\"splide__track\"><div class=\"splide__list\"><div class=\"splide__slide\"><div class=\"item\" data-season=\"\"><div class=\"card  card-page\"><div class=\"group-media\"><div class=\"field-image\"><img loading=\"lazy\" decoding=\"async\" width=\"300\" height=\"450\" src=\"https:\/\/www.paysdesecrins.com\/wp-content\/uploads\/2025\/07\/12-29-24-mushing-addict-84-300x450.jpg\" class=\"winter all-seasons wp-post-image\" alt=\"\" data-season=\"all-seasons\" srcset=\"https:\/\/www.paysdesecrins.com\/wp-content\/uploads\/2025\/07\/12-29-24-mushing-addict-84-300x450.jpg 300w, https:\/\/www.paysdesecrins.com\/wp-content\/uploads\/2025\/07\/12-29-24-mushing-addict-84-390x585.jpg 390w\" sizes=\"auto, (max-width: 300px) 100vw, 300px\" \/><\/div><\/div><div class=\"group-content\"><div class=\"field-title\">Hondenslee\u00ebn<\/div><\/div><div class=\"field-link\" role=\"group\" aria-label=\"Lien vers le contenu\"><a href=\"https:\/\/www.paysdesecrins.com\/nl\/mijn-buitenactiviteiten\/hondensleeen\/\" class=\"cardlink\" title=\"Lire plus : Hondenslee\u00ebn\" lang=\"nl_NL\">Hondenslee\u00ebn<\/a><\/div><\/div><\/div><\/div><div class=\"splide__slide\"><div class=\"item\" data-season=\"\"><div class=\"card  card-page\"><div class=\"group-media\"><div class=\"field-image\"><img loading=\"lazy\" decoding=\"async\" width=\"300\" height=\"450\" src=\"https:\/\/www.paysdesecrins.com\/wp-content\/uploads\/2025\/07\/img-0784-300x450.jpg\" class=\"winter all-seasons wp-post-image\" alt=\"\" data-season=\"all-seasons\" srcset=\"https:\/\/www.paysdesecrins.com\/wp-content\/uploads\/2025\/07\/img-0784-300x450.jpg 300w, https:\/\/www.paysdesecrins.com\/wp-content\/uploads\/2025\/07\/img-0784-390x585.jpg 390w\" sizes=\"auto, (max-width: 300px) 100vw, 300px\" \/><\/div><\/div><div class=\"group-content\"><div class=\"field-title\">Fatbike<\/div><\/div><div class=\"field-link\" role=\"group\" aria-label=\"Lien vers le contenu\"><a href=\"https:\/\/www.paysdesecrins.com\/nl\/mijn-buitenactiviteiten\/fatbike\/\" class=\"cardlink\" title=\"Lire plus : Fatbike\" lang=\"nl_NL\">Fatbike<\/a><\/div><\/div><\/div><\/div><div class=\"splide__slide\"><div class=\"item\" data-season=\"\"><div class=\"card  card-page\"><div class=\"group-media\"><div class=\"field-image\"><img loading=\"lazy\" decoding=\"async\" width=\"300\" height=\"450\" src=\"https:\/\/www.paysdesecrins.com\/wp-content\/uploads\/2025\/08\/itine-rance-en-raquettes-23-300x450.jpg\" class=\"winter all-seasons wp-post-image\" alt=\"\" data-season=\"all-seasons\" srcset=\"https:\/\/www.paysdesecrins.com\/wp-content\/uploads\/2025\/08\/itine-rance-en-raquettes-23-300x450.jpg 300w, https:\/\/www.paysdesecrins.com\/wp-content\/uploads\/2025\/08\/itine-rance-en-raquettes-23-390x585.jpg 390w\" sizes=\"auto, (max-width: 300px) 100vw, 300px\" \/><\/div><\/div><div class=\"group-content\"><div class=\"field-title\">Heb je zin in een poolavontuur?<\/div><\/div><div class=\"field-link\" role=\"group\" aria-label=\"Lien vers le contenu\"><a href=\"https:\/\/www.paysdesecrins.com\/nl\/heb-je-zin-in-een-poolavontuur\/\" class=\"cardlink\" title=\"Lire plus : Heb je zin in een poolavontuur?\" lang=\"nl_NL\">Heb je zin in een poolavontuur?<\/a><\/div><\/div><\/div><\/div><\/div><\/div><\/div><\/div>\n\n<div class=\"alignwide wp-block-ws-library-ws-list-content\" data-season=\"summer\"><div class=\"list-items splide\" data-splide=\"{&quot;type&quot;:&quot;loop&quot;,&quot;heightRatio&quot;:&quot;auto&quot;,&quot;perPage&quot;:3,&quot;perMove&quot;:1,&quot;drag&quot;:true,&quot;arrows&quot;:true,&quot;pagination&quot;:0,&quot;autoplay&quot;:false,&quot;gap&quot;:&quot;15px&quot;,&quot;breakpoints&quot;:{&quot;1200&quot;:{&quot;perPage&quot;:3},&quot;992&quot;:{&quot;perPage&quot;:2},&quot;768&quot;:{&quot;destroy&quot;:true}}}\"><div class=\"splide__track\"><div class=\"splide__list\"><div class=\"splide__slide\"><div class=\"item\" data-season=\"\"><div class=\"card  card-page\"><div class=\"group-media\"><div class=\"field-image\"><img loading=\"lazy\" decoding=\"async\" width=\"300\" height=\"450\" src=\"https:\/\/www.paysdesecrins.com\/wp-content\/uploads\/2025\/08\/narreyroux-en-raquettes-40-300x450.jpg\" class=\"winter wp-post-image\" alt=\"\" data-season=\"winter\" srcset=\"https:\/\/www.paysdesecrins.com\/wp-content\/uploads\/2025\/08\/narreyroux-en-raquettes-40-300x450.jpg 300w, https:\/\/www.paysdesecrins.com\/wp-content\/uploads\/2025\/08\/narreyroux-en-raquettes-40-390x585.jpg 390w\" sizes=\"auto, (max-width: 300px) 100vw, 300px\" \/><img loading=\"lazy\" decoding=\"async\" width=\"300\" height=\"450\" src=\"https:\/\/www.paysdesecrins.com\/wp-content\/uploads\/2025\/07\/dsc01900-300x450.jpg\" class=\"vivaldi-thumb summer\" alt=\"\" data-season=\"summer\" srcset=\"https:\/\/www.paysdesecrins.com\/wp-content\/uploads\/2025\/07\/dsc01900-300x450.jpg 300w, https:\/\/www.paysdesecrins.com\/wp-content\/uploads\/2025\/07\/dsc01900-390x585.jpg 390w\" sizes=\"auto, (max-width: 300px) 100vw, 300px\" \/><\/div><\/div><div class=\"group-content\"><div class=\"field-title\">Kanton Narreyroux<\/div><\/div><div class=\"field-link\" role=\"group\" aria-label=\"Lien vers le contenu\"><a href=\"https:\/\/www.paysdesecrins.com\/nl\/ik-kies\/bezienswaardigheden-die-u-niet-mag-missen\/kanton-narreyroux\/\" class=\"cardlink\" title=\"Lire plus : Kanton Narreyroux\" lang=\"nl_NL\">Kanton Narreyroux<\/a><\/div><\/div><\/div><\/div><div class=\"splide__slide\"><div class=\"item\" data-season=\"\"><div class=\"card  card-page\"><div class=\"group-media\"><div class=\"field-image\"><img loading=\"lazy\" decoding=\"async\" width=\"300\" height=\"200\" src=\"https:\/\/www.paysdesecrins.com\/wp-content\/uploads\/2025\/06\/bivouac-au-tuckett-65.jpg\" class=\"winter all-seasons wp-post-image\" alt=\"\" data-season=\"all-seasons\" srcset=\"https:\/\/www.paysdesecrins.com\/wp-content\/uploads\/2025\/06\/bivouac-au-tuckett-65.jpg 1600w, https:\/\/www.paysdesecrins.com\/wp-content\/uploads\/2025\/06\/bivouac-au-tuckett-65-300x200.jpg 300w, https:\/\/www.paysdesecrins.com\/wp-content\/uploads\/2025\/06\/bivouac-au-tuckett-65-1024x683.jpg 1024w, https:\/\/www.paysdesecrins.com\/wp-content\/uploads\/2025\/06\/bivouac-au-tuckett-65-768x512.jpg 768w, https:\/\/www.paysdesecrins.com\/wp-content\/uploads\/2025\/06\/bivouac-au-tuckett-65-1536x1024.jpg 1536w, https:\/\/www.paysdesecrins.com\/wp-content\/uploads\/2025\/06\/bivouac-au-tuckett-65-960x640.jpg 960w\" sizes=\"auto, (max-width: 300px) 100vw, 300px\" \/><\/div><\/div><div class=\"group-content\"><div class=\"field-title\">Meren op grote hoogte<\/div><\/div><div class=\"field-link\" role=\"group\" aria-label=\"Lien vers le contenu\"><a href=\"https:\/\/www.paysdesecrins.com\/nl\/ik-kies\/bezienswaardigheden-die-u-niet-mag-missen\/meren-op-grote-hoogte\/\" class=\"cardlink\" title=\"Lire plus : Meren op grote hoogte\" lang=\"nl_NL\">Meren op grote hoogte<\/a><\/div><\/div><\/div><\/div><div class=\"splide__slide\"><div class=\"item\" data-season=\"\"><div class=\"card  card-page\"><div class=\"group-media\"><div class=\"field-image\"><img loading=\"lazy\" decoding=\"async\" width=\"300\" height=\"450\" src=\"https:\/\/www.paysdesecrins.com\/wp-content\/uploads\/2025\/07\/21autresactivites-cascade-de-glacecascade-de-glace-pelvoux-9thibautblais-300x450.jpg\" class=\"winter wp-post-image\" alt=\"\" data-season=\"winter\" srcset=\"https:\/\/www.paysdesecrins.com\/wp-content\/uploads\/2025\/07\/21autresactivites-cascade-de-glacecascade-de-glace-pelvoux-9thibautblais-300x450.jpg 300w, https:\/\/www.paysdesecrins.com\/wp-content\/uploads\/2025\/07\/21autresactivites-cascade-de-glacecascade-de-glace-pelvoux-9thibautblais-390x585.jpg 390w\" sizes=\"auto, (max-width: 300px) 100vw, 300px\" \/><img loading=\"lazy\" decoding=\"async\" width=\"300\" height=\"450\" src=\"https:\/\/www.paysdesecrins.com\/wp-content\/uploads\/2025\/07\/16sitesdexception-chardonsbleuschardon24-14-300x450.jpg\" class=\"vivaldi-thumb summer\" alt=\"\" data-season=\"summer\" srcset=\"https:\/\/www.paysdesecrins.com\/wp-content\/uploads\/2025\/07\/16sitesdexception-chardonsbleuschardon24-14-300x450.jpg 300w, https:\/\/www.paysdesecrins.com\/wp-content\/uploads\/2025\/07\/16sitesdexception-chardonsbleuschardon24-14-200x300.jpg 200w, https:\/\/www.paysdesecrins.com\/wp-content\/uploads\/2025\/07\/16sitesdexception-chardonsbleuschardon24-14-683x1024.jpg 683w, https:\/\/www.paysdesecrins.com\/wp-content\/uploads\/2025\/07\/16sitesdexception-chardonsbleuschardon24-14-768x1152.jpg 768w, https:\/\/www.paysdesecrins.com\/wp-content\/uploads\/2025\/07\/16sitesdexception-chardonsbleuschardon24-14-1024x1536.jpg 1024w, https:\/\/www.paysdesecrins.com\/wp-content\/uploads\/2025\/07\/16sitesdexception-chardonsbleuschardon24-14-1365x2048.jpg 1365w, https:\/\/www.paysdesecrins.com\/wp-content\/uploads\/2025\/07\/16sitesdexception-chardonsbleuschardon24-14-427x640.jpg 427w, https:\/\/www.paysdesecrins.com\/wp-content\/uploads\/2025\/07\/16sitesdexception-chardonsbleuschardon24-14-390x585.jpg 390w, https:\/\/www.paysdesecrins.com\/wp-content\/uploads\/2025\/07\/16sitesdexception-chardonsbleuschardon24-14-scaled.jpg 1707w\" sizes=\"auto, (max-width: 300px) 100vw, 300px\" \/><\/div><\/div><div class=\"group-content\"><div class=\"field-title\">Vallon du Fournel<\/div><\/div><div class=\"field-link\" role=\"group\" aria-label=\"Lien vers le contenu\"><a href=\"https:\/\/www.paysdesecrins.com\/nl\/ik-kies\/bezienswaardigheden-die-u-niet-mag-missen\/vallon-du-fournel\/\" class=\"cardlink\" title=\"Lire plus : Vallon du Fournel\" lang=\"nl_NL\">Vallon du Fournel<\/a><\/div><\/div><\/div><\/div><div class=\"splide__slide\"><div class=\"item\" data-season=\"\"><div class=\"card  card-page\"><div class=\"group-media\"><div class=\"field-image\"><img loading=\"lazy\" decoding=\"async\" width=\"300\" height=\"450\" src=\"https:\/\/www.paysdesecrins.com\/wp-content\/uploads\/2025\/07\/9inclusion-1-300x450.jpg\" class=\"winter all-seasons wp-post-image\" alt=\"\" data-season=\"all-seasons\" srcset=\"https:\/\/www.paysdesecrins.com\/wp-content\/uploads\/2025\/07\/9inclusion-1-300x450.jpg 300w, https:\/\/www.paysdesecrins.com\/wp-content\/uploads\/2025\/07\/9inclusion-1-390x585.jpg 390w\" sizes=\"auto, (max-width: 300px) 100vw, 300px\" \/><\/div><\/div><div class=\"group-content\"><div class=\"field-title\">Een fietstocht als geen ander<\/div><\/div><div class=\"field-link\" role=\"group\" aria-label=\"Lien vers le contenu\"><a href=\"https:\/\/www.paysdesecrins.com\/nl\/mijn-verlangen-om\/berg\/een-fietstocht-als-geen-ander\/\" class=\"cardlink\" title=\"Lire plus : Een fietstocht als geen ander\" lang=\"nl_NL\">Een fietstocht als geen ander<\/a><\/div><\/div><\/div><\/div><\/div><\/div><\/div><\/div>\n\n\n<div class=\"wp-block-ws-library-ws-button has-text-align-center is-style-outline\"><a href=\"https:\/\/www.paysdesecrins.com\/nl\/63848-2\/\" class=\"wp-block-button__link wp-element-button btn\">  Alle ervaringen<\/a><\/div>\n<\/div>\n<\/div>\n\n<div class=\"wp-block-ws-library-ws-columns alignwide has-2-columns are-vertically-aligned-center layout-5050 is-style-background\" data-season=\"winter\">\n<div class=\"wp-block-ws-library-ws-column\"><div class=\"wrapper\">\n<div class=\"wp-block-ws-library-ws-title\"><h2><em>Puy Saint Vincent <\/em>Noords gebied<\/h2><\/div>\n\n\n\n<p>Het Noordse gebied Puy Saint Vincent strekt zich uit over bijna 25 km langlaufloipes en biedt ongeveer 30 km gemarkeerde routes voor sneeuwschoenwandelen en skitochten, met routes die geschikt zijn voor zowel beginners als meer ervaren ski\u00ebrs.  <\/p>\n\n\n\n<p>Gelegen rond het Nordic chalet in de Pr\u00e9s-sector (1.400 m), is het direct te voet of via de Pr\u00e9s-stoeltjeslift vanuit het resort bereikbaar en is het elke dag van het winterseizoen geopend van 9 tot 17 uur.  <\/p>\n\n\n\n<p>De paden, die regelmatig worden onderhouden, hebben een verscheidenheid aan profielen \u2013 ontdekkingslussen in het bos, meer aanhoudende beklimmingen naar de omringende panorama&#8217;s \u2013 en profiteren van de follow-up van federale instructeurs voor persoonlijk advies.  <\/p>\n\n\n\n<p>Voor een andere ervaring kunt u ook proeven van de geneugten van <strong>mountainbiken in de sneeuw<\/strong>, met fietsen met extra grote banden die op dezelfde geprepareerde routes rijden.<\/p>\n\n\n\n<div class=\"wp-block-ws-library-ws-button has-text-align-left\"><a href=\"https:\/\/www.paysdesecrins.com\/nl\/mijn-resort-mijn-dorp\/puy-saint-vincent\/noords-gebied-van-puy-saint-vincent\/\" class=\"wp-block-button__link wp-element-button btn\">  Meer informatie +<\/a><\/div>\n<\/div><\/div>\n\n\n\n<div class=\"wp-block-ws-library-ws-column\"><div class=\"wrapper\">\n<div class=\"wp-block-ws-library-ws-image\"><div class=\"wrapper\"><div class=\"group-media\"><img decoding=\"async\" src=\"https:\/\/www.paysdesecrins.com\/wp-content\/uploads\/2025\/07\/dsc00169-960x640.jpg\" alt=\"\" class=\"single_image ws-image-50503\"><div class=\"credits\"><\/div><\/div><p class=\"caption\"><\/p><\/div><\/div>\n<\/div><\/div>\n<\/div>\n\n<div class=\"wp-block-ws-library-ws-columns alignwide has-2-columns are-vertically-aligned-center layout-5050 is-style-default\" data-season=\"summer\">\n<div class=\"wp-block-ws-library-ws-column\"><div class=\"wrapper\">\n<div class=\"wp-block-ws-library-ws-title\"><h2>Panoramisch <em>complex met meerdere activiteiten <\/em><\/h2><\/div>\n\n\n\n<p>Het Panoramisch Complex, ingehuldigd in juli 2024 bij de ingang van Station 1.600, is verdeeld in vier niveaus gewijd aan vrije tijd, sport, cultuur en entertainment. Het is toegankelijk via een loopbrug vanaf het sneeuwfront en biedt: <\/p>\n\n\n\n<ul class=\"wp-block-list\">\n<li><strong>Panoramische ijsbaan<\/strong> met uitzicht op de vallei van Vallouise, open voor alle leeftijden,<\/li>\n\n\n\n<li>Moderne <strong>bowlingbaan<\/strong> met 4 banen uitgerust met hellingen en goten voor kinderen,<\/li>\n\n\n\n<li><strong>Bouldermuur<\/strong> , geschikt voor zowel beginners als ervaren klimmers,<\/li>\n\n\n\n<li><strong>Concertzaal<\/strong> met 270 zitplaatsen, ontworpen voor een optimale akoestiek tijdens concerten of vertoningen,<\/li>\n\n\n\n<li><strong>Speelruimte<\/strong> met biljart, tafelvoetbal en arcademachines om de geneugten af te wisselen.<\/li>\n<\/ul>\n\n\n\n<p>Le Panoramic is het hele jaar door geopend en biedt een leuk en vriendelijk intermezzo voor jong en oud, ideaal als aanvulling op buitenactiviteiten  <\/p>\n\n\n\n<div class=\"wp-block-ws-library-ws-button has-text-align-left is-style-outline\"><a href=\"https:\/\/complexepanoramic.fr\" class=\"wp-block-button__link wp-element-button btn\">  Lees meer +<\/a><\/div>\n<\/div><\/div>\n\n\n\n<div class=\"wp-block-ws-library-ws-column\"><div class=\"wrapper\">\n<div class=\"wp-block-ws-library-ws-image\"><div class=\"wrapper\"><div class=\"group-media\"><img decoding=\"async\" src=\"https:\/\/www.paysdesecrins.com\/wp-content\/uploads\/2025\/07\/dsc05453-960x640.jpg\" alt=\"\" class=\"single_image ws-image-42490\"><div class=\"credits\"><\/div><\/div><p class=\"caption\"><\/p><\/div><\/div>\n<\/div><\/div>\n<\/div>\n\n<div style=\"height:60px\" aria-hidden=\"true\" class=\"wp-block-spacer\"><\/div>\n\n<div class=\"wp-block-ws-library-ws-columns alignwide has-2-columns are-vertically-aligned-center layout-5050 is-style-background\" data-season=\"summer\">\n<div class=\"wp-block-ws-library-ws-column\"><div class=\"wrapper\">\n<div class=\"wp-block-ws-library-ws-image\" data-season=\"summer\"><div class=\"wrapper\"><div class=\"group-media\"><img decoding=\"async\" src=\"https:\/\/www.paysdesecrins.com\/wp-content\/uploads\/2025\/07\/col-de-la-pousterle-7-960x640.jpg\" alt=\"\" class=\"single_image ws-image-42603\"><div class=\"credits\"><\/div><\/div><p class=\"caption\"><\/p><\/div><\/div>\n<\/div><\/div>\n\n\n\n<div class=\"wp-block-ws-library-ws-column\"><div class=\"wrapper\">\n<div class=\"wp-block-ws-library-ws-title\" data-season=\"summer\"><h3>De + van Puy-Saint-Vincent<\/h3><\/div>\n\n\n\n<ul class=\"wp-block-list\">\n<li>Een compleet en toegankelijk <strong>Bike Park<\/strong><\/li>\n\n\n\n<li>Een uitgebreid netwerk van<strong> <\/strong><strong>wandelpaden <\/strong><\/li>\n\n\n\n<li>Gevarieerde <strong>buitenactiviteiten <\/strong><\/li>\n\n\n\n<li>Een prachtige <strong>recreatievoorziening<\/strong><\/li>\n\n\n\n<li>Een vriendelijke en familiale <strong>sfeer<\/strong><\/li>\n\n\n\n<li>Een ideaal vertrekpunt om het <strong>Nationaal Park \u00c9crins te<\/strong> ontdekken<\/li>\n<\/ul>\n<\/div><\/div>\n<\/div>\n\n<div class=\"wp-block-ws-library-ws-columns alignwide has-2-columns are-vertically-aligned-center layout-5050 is-style-default\" data-season=\"winter\">\n<div class=\"wp-block-ws-library-ws-column\"><div class=\"wrapper\">\n<div class=\"wp-block-ws-library-ws-image\"><div class=\"wrapper\"><div class=\"group-media\"><img decoding=\"async\" src=\"https:\/\/www.paysdesecrins.com\/wp-content\/uploads\/2025\/07\/dsc05453-960x640.jpg\" alt=\"\" class=\"single_image ws-image-42490\"><div class=\"credits\"><\/div><\/div><p class=\"caption\"><\/p><\/div><\/div>\n<\/div><\/div>\n\n\n\n<div class=\"wp-block-ws-library-ws-column\"><div class=\"wrapper\">\n<div class=\"wp-block-ws-library-ws-title\"><h2>Panoramisch <em>complex met meerdere activiteiten <\/em><\/h2><\/div>\n\n\n\n<p>Het Panoramisch Complex, ingehuldigd in juli 2024 bij de ingang van Station 1.600, is verdeeld in vier niveaus gewijd aan vrije tijd, sport, cultuur en entertainment. Het is toegankelijk via een loopbrug vanaf het sneeuwfront en biedt: <\/p>\n\n\n\n<ul class=\"wp-block-list\">\n<li><strong>Panoramische ijsbaan<\/strong> met uitzicht op de vallei van Vallouise, open voor alle leeftijden,<\/li>\n\n\n\n<li>Moderne <strong>bowlingbaan<\/strong> met 4 banen uitgerust met hellingen en goten voor kinderen,<\/li>\n\n\n\n<li><strong>Bouldermuur<\/strong> , geschikt voor zowel beginners als ervaren klimmers,<\/li>\n\n\n\n<li><strong>Concertzaal<\/strong> met 270 zitplaatsen, ontworpen voor een optimale akoestiek tijdens concerten of vertoningen,<\/li>\n\n\n\n<li><strong>Speelruimte<\/strong> met biljart, tafelvoetbal en arcademachines om de geneugten af te wisselen.<\/li>\n<\/ul>\n\n\n\n<p>Le Panoramic is het hele jaar door geopend en biedt een leuk en vriendelijk intermezzo voor jong en oud, ideaal als aanvulling op buitenactiviteiten  <\/p>\n<\/div><\/div>\n<\/div>\n\n<div style=\"height:60px\" aria-hidden=\"true\" class=\"wp-block-spacer\"><\/div>\n\n<div class=\"wp-block-ws-library-ws-columns alignwide has-2-columns are-vertically-aligned-center layout-5050 is-style-background\" data-season=\"winter\">\n<div class=\"wp-block-ws-library-ws-column\"><div class=\"wrapper\">\n<div class=\"wp-block-ws-library-ws-image\" data-season=\"winter\"><div class=\"wrapper\"><div class=\"group-media\"><img decoding=\"async\" src=\"https:\/\/www.paysdesecrins.com\/wp-content\/uploads\/2025\/07\/17ski-rogiervanrijn-stationdepuysaintvincent-960x640.jpg\" alt=\"\" class=\"single_image ws-image-21628\"><div class=\"credits\">Rogier VANRIJN<\/div><\/div><p class=\"caption\"><\/p><\/div><\/div>\n<\/div><\/div>\n\n\n\n<div class=\"wp-block-ws-library-ws-column\"><div class=\"wrapper\">\n<div class=\"wp-block-ws-library-ws-title\" data-season=\"winter\"><h3>De + van Puy-Saint-Vincent<\/h3><\/div>\n\n\n\n<ul class=\"wp-block-list\">\n<li>Betrouwbare sneeuwbedekking dankzij de hoogte<\/li>\n\n\n\n<li>Een gevarieerd en vooruitstrevend skigebied<\/li>\n\n\n\n<li>Drie hoogteniveaus voor gemakkelijke toegankelijkheid<\/li>\n\n\n\n<li>Een vriendelijke en familiale sfeer<\/li>\n\n\n\n<li>Een veelheid aan activiteiten in zomer en winter<\/li>\n\n\n\n<li>Galaxy pass en uitgebreide toegang tot de skioorden Serre-Chevalier, Montgen\u00e8vre, Les 2 Alpes, L&#8217;Alpe d&#8217;huez, Sestriere en Pelvoux-Vallousie<\/li>\n\n\n\n<li>Dicht bij het Nationaal Park \u00c9crins<\/li>\n<\/ul>\n<\/div><\/div>\n<\/div>\n\n<div style=\"height:60px\" aria-hidden=\"true\" class=\"wp-block-spacer\"><\/div>\n\n<div class=\"wp-block-group alignfull group-home-festif has-global-padding is-layout-constrained wp-block-group-is-layout-constrained\">\n<div class=\"wp-block-ws-library-ws-title aligncenter is-style-default has-color-3-color\"><h3><em>De feeststemming,<\/em> de animaties en evenementen<\/h3><\/div>\n\n\n<div class=\"alignwide wp-block-ws-apidae-library-ws-apidae-temps-forts\"><div class=\"simple-template\"><div class=\"wrapper\"><div class=\"content-left\"><div class=\"list-items\"><div class=\"item\" data-season=\"all-seasons\"><div class=\"card card-apidae card-temps-forts\"><div class=\"group-actions\"><ws-wishlist data-type=\"flag\" data-action=\"add\" data-wish-id=\"7659951\" data-wish-type=\"apidae\"><\/ws-wishlist><\/div><div class=\"group-media\"><div class=\"field-image\"><img decoding=\"async\" src=\"https:\/\/images.weserv.nl\/?url=https:\/\/static.apidae-tourisme.com\/filestore\/objets-touristiques\/images\/142\/156\/37657742-diaporama.jpg&#038;w=650&#038;h=650&#038;fit=cover&#038;output=webp&#038;q=45\" alt=\"Exposition de peintures &#8220;La mer dans tous ses \u00e9tats&#8221;\"\/><\/div><\/div><div class=\"group-top\"><div class=\"field-commune\">Puy-Saint-Vincent<\/div><ws-apidae-from-price data-apidae-id=\"7659951\" ><\/ws-apidae-from-price><div class=\"group-dates\"><div class=\"field-dates\">Du 4 <span class=\"month\">mei<\/span> au 29 <span class=\"month\">juni<\/span><\/div><\/div><\/div><div class=\"group-content\"><div class=\"field-title\">Exposition de peintures &#8220;La mer dans tous ses \u00e9tats&#8221;<\/div><\/div><div class=\"field-link\" role=\"group\" aria-label=\"Lien vers le contenu\"><a href=\"https:\/\/www.paysdesecrins.com\/nl\/fiche\/exposition-de-peintures-la-mer-dans-tous-ses-etats-5\/\" class=\"cardlink\" title=\"Lire plus : Exposition de peintures &#8220;La mer dans tous ses \u00e9tats&#8221;\" lang=\"nl_NL\">Exposition de peintures &#8220;La mer dans tous ses \u00e9tats&#8221;<\/a><\/div><\/div><\/div><\/div><\/div><div class=\"content-right\"><div class=\"list-items\"><div class=\"item\" data-season=\"all-seasons\"><div class=\"card card-apidae card-temps-forts\"><div class=\"group-actions\"><ws-wishlist data-type=\"flag\" data-action=\"add\" data-wish-id=\"7661724\" data-wish-type=\"apidae\"><\/ws-wishlist><\/div><div class=\"group-media\"><div class=\"field-image\"><img decoding=\"async\" src=\"https:\/\/images.weserv.nl\/?url=https:\/\/static.apidae-tourisme.com\/filestore\/objets-touristiques\/images\/9\/197\/37537033-diaporama.jpg&#038;w=650&#038;h=650&#038;fit=cover&#038;output=webp&#038;q=45\" alt=\"Soir\u00e9e d&#8217;\u00e9coute partag\u00e9e N\u00b05 &#8220;Ma m\u00e8re l&#8217;Oye&#8221; de Ravel\"\/><\/div><\/div><div class=\"group-top\"><div class=\"field-commune\">Puy-Saint-Vincent<\/div><ws-apidae-from-price data-apidae-id=\"7661724\" ><\/ws-apidae-from-price><div class=\"group-dates\"><div class=\"field-dates\">23 <span class=\"month\">mei<\/span><\/div><\/div><\/div><div class=\"group-content\"><div class=\"field-title\">Soir\u00e9e d&#8217;\u00e9coute partag\u00e9e N\u00b05 &#8220;Ma m\u00e8re l&#8217;Oye&#8221; de Ravel<\/div><\/div><div class=\"field-link\" role=\"group\" aria-label=\"Lien vers le contenu\"><a href=\"https:\/\/www.paysdesecrins.com\/nl\/fiche\/soiree-decoute-partagee-n5-ma-mere-loye-de-ravel-5\/\" class=\"cardlink\" title=\"Lire plus : Soir\u00e9e d&#8217;\u00e9coute partag\u00e9e N\u00b05 &#8220;Ma m\u00e8re l&#8217;Oye&#8221; de Ravel\" lang=\"nl_NL\">Soir\u00e9e d&#8217;\u00e9coute partag\u00e9e N\u00b05 &#8220;Ma m\u00e8re l&#8217;Oye&#8221; de Ravel<\/a><\/div><\/div><\/div><div class=\"item\" data-season=\"all-seasons\"><div class=\"card card-apidae card-temps-forts\"><div class=\"group-actions\"><ws-wishlist data-type=\"flag\" data-action=\"add\" data-wish-id=\"7661808\" data-wish-type=\"apidae\"><\/ws-wishlist><\/div><div class=\"group-media\"><div class=\"field-image\"><img decoding=\"async\" src=\"https:\/\/images.weserv.nl\/?url=https:\/\/static.apidae-tourisme.com\/filestore\/objets-touristiques\/images\/40\/198\/37537320-diaporama.jpg&#038;w=650&#038;h=650&#038;fit=cover&#038;output=webp&#038;q=45\" alt=\"Soir\u00e9e d&#8217;\u00e9coute partage\u00e9 N\u00b06 &#8220;Schostakovitch&#8221;, le 8\u00e8me quatuor\"\/><\/div><\/div><div class=\"group-top\"><div class=\"field-commune\">Puy-Saint-Vincent<\/div><ws-apidae-from-price data-apidae-id=\"7661808\" ><\/ws-apidae-from-price><div class=\"group-dates\"><div class=\"field-dates\">20 <span class=\"month\">juni<\/span><\/div><\/div><\/div><div class=\"group-content\"><div class=\"field-title\">Soir\u00e9e d&#8217;\u00e9coute partage\u00e9 N\u00b06 &#8220;Schostakovitch&#8221;, le 8\u00e8me quatuor<\/div><\/div><div class=\"field-link\" role=\"group\" aria-label=\"Lien vers le contenu\"><a href=\"https:\/\/www.paysdesecrins.com\/nl\/fiche\/soiree-decoute-partagee-n6-schostakovitch-le-8eme-quatuor-5\/\" class=\"cardlink\" title=\"Lire plus : Soir\u00e9e d&#8217;\u00e9coute partage\u00e9 N\u00b06 &#8220;Schostakovitch&#8221;, le 8\u00e8me quatuor\" lang=\"nl_NL\">Soir\u00e9e d&#8217;\u00e9coute partage\u00e9 N\u00b06 &#8220;Schostakovitch&#8221;, le 8\u00e8me quatuor<\/a><\/div><\/div><\/div><div class=\"item\" data-season=\"all-seasons\"><div class=\"card card-apidae card-temps-forts\"><div class=\"group-actions\"><ws-wishlist data-type=\"flag\" data-action=\"add\" data-wish-id=\"7751349\" data-wish-type=\"apidae\"><\/ws-wishlist><\/div><div class=\"group-media\"><div class=\"field-image\"><img decoding=\"async\" src=\"https:\/\/images.weserv.nl\/?url=https:\/\/static.apidae-tourisme.com\/filestore\/objets-touristiques\/images\/187\/66\/40714939-diaporama.jpg&#038;w=650&#038;h=650&#038;fit=cover&#038;output=webp&#038;q=45\" alt=\"FESTIVAL MUSIQUES EN ECRINS \u2013 Concert : Pascal Amoyel, une le\u00e7on de Piano avec Chopin\"\/><\/div><\/div><div class=\"group-top\"><div class=\"field-commune\">Puy-Saint-Vincent<\/div><ws-apidae-from-price data-apidae-id=\"7751349\" ><\/ws-apidae-from-price><div class=\"group-dates\"><div class=\"field-dates\">3 <span class=\"month\">augustus<\/span><\/div><\/div><\/div><div class=\"group-content\"><div class=\"field-title\">FESTIVAL MUSIQUES EN ECRINS \u2013 Concert : Pascal Amoyel, une le\u00e7on de Piano avec Chopin<\/div><\/div><div class=\"field-link\" role=\"group\" aria-label=\"Lien vers le contenu\"><a href=\"https:\/\/www.paysdesecrins.com\/nl\/fiche\/festival-musiques-en-ecrins-concert-pascal-amoyel-une-lecon-de-piano-avec-chopin-5\/\" class=\"cardlink\" title=\"Lire plus : FESTIVAL MUSIQUES EN ECRINS \u2013 Concert : Pascal Amoyel, une le\u00e7on de Piano avec Chopin\" lang=\"nl_NL\">FESTIVAL MUSIQUES EN ECRINS \u2013 Concert : Pascal Amoyel, une le\u00e7on de Piano avec Chopin<\/a><\/div><\/div><\/div><div class=\"item\" data-season=\"all-seasons\"><div class=\"card card-apidae card-temps-forts\"><div class=\"group-actions\"><ws-wishlist data-type=\"flag\" data-action=\"add\" data-wish-id=\"5808379\" data-wish-type=\"apidae\"><\/ws-wishlist><\/div><div class=\"group-media\"><div class=\"field-image\"><img decoding=\"async\" src=\"https:\/\/images.weserv.nl\/?url=https:\/\/static.apidae-tourisme.com\/filestore\/objets-touristiques\/images\/42\/216\/41015338-diaporama.jpg&#038;w=650&#038;h=650&#038;fit=cover&#038;output=webp&#038;q=45\" alt=\"FESTIVAL DE JAZZ\"\/><\/div><\/div><div class=\"group-top\"><div class=\"field-commune\">Puy-Saint-Vincent<\/div><ws-apidae-from-price data-apidae-id=\"5808379\" ><\/ws-apidae-from-price><div class=\"group-dates\"><div class=\"field-dates\">Du 3 au 7 <span class=\"month\">augustus<\/span><\/div><\/div><\/div><div class=\"group-content\"><div class=\"field-title\">FESTIVAL DE JAZZ<\/div><\/div><div class=\"field-link\" role=\"group\" aria-label=\"Lien vers le contenu\"><a href=\"https:\/\/www.paysdesecrins.com\/nl\/fiche\/festival-de-jazz-5\/\" class=\"cardlink\" title=\"Lire plus : FESTIVAL DE JAZZ\" lang=\"nl_NL\">FESTIVAL DE JAZZ<\/a><\/div><\/div><\/div><\/div><\/div><\/div><\/div><div class=\"group-content\">\n\n<div class=\"wp-block-ws-library-ws-button has-text-align-left\"><a href=\"https:\/\/www.paysdesecrins.com\/nl\/alle-evenementen-voor-puy-saint-vincent\/\" class=\"wp-block-button__link wp-element-button btn\">  Alle hoogtepunten<\/a><\/div>\n\n\n\n<div class=\"wp-block-ws-library-ws-button has-text-align-left\"><a href=\"https:\/\/www.paysdesecrins.com\/nl\/alle-activiteiten-in-puy-saint-vincent\/\" class=\"wp-block-button__link wp-element-button btn\">  Alle agenda&#8217;s<\/a><\/div>\n\n<\/div><\/div><\/div><\/div>\n\n<div style=\"height:60px\" aria-hidden=\"true\" class=\"wp-block-spacer\"><\/div>\n\n<div class=\"wp-block-ws-library-ws-title aligncenter is-style-default has-color-2-color\" data-season=\"winter\"><h2><span style=\"color: rgb(230, 1, 126); font-family: Helvetica, \"Trebuchet MS\", Helvetica, sans-serif; font-size: 0.6em; font-weight: 700; letter-spacing: -0.1px;\">In Puy-Saint-Vincent, ontmoeting met de sneeuw<\/span><br>Het bewijs in beeld<\/h2><\/div>\n\n<div class=\"wp-block-ws-library-ws-title aligncenter is-style-default has-color-2-color\" data-season=\"summer\"><h3><br><em>Puy-Saint-Vincent, land van buitensporten<\/em><br>Het bewijs in beeld<\/h3><\/div>\n\n<div class=\"wp-block-ws-library-ws-slider alignwide\" data-season=\"winter\"><div class=\"splide\" data-splide=\"{\"type\":\"slide\",\"heightRatio\":\"auto\",\"perPage\":4,\"perMove\":1,\"drag\":true,\"pagination\":0,\"autoplay\":false,\"gap\":\"15px\",\"breakpoints\":{\"450\":{\"perPage\":1},\"768\":{\"perPage\":2},\"992\":{\"perPage\":3},\"1200\":{\"perPage\":4}}}\"><div class=\"splide__track\"><div class=\"splide__list\"><div class=\"splide__slide\"><a href=\"https:\/\/www.paysdesecrins.com\/wp-content\/uploads\/2025\/07\/17ski-rogiervanrijn-stationdepuysaintvincent-scaled.jpg\" data-glightbox=\"true\" class=\"lightbox-trigger\"><img decoding=\"async\" src=\"https:\/\/www.paysdesecrins.com\/wp-content\/uploads\/2025\/07\/17ski-rogiervanrijn-stationdepuysaintvincent-400x400.jpg\" alt=\"\"><\/a><\/div><div class=\"splide__slide\"><a href=\"https:\/\/www.paysdesecrins.com\/wp-content\/uploads\/2025\/07\/17ski-rogiervanrijn-puysaintvincent-dsc08796-scaled.jpg\" data-glightbox=\"true\" class=\"lightbox-trigger\"><img decoding=\"async\" src=\"https:\/\/www.paysdesecrins.com\/wp-content\/uploads\/2025\/07\/17ski-rogiervanrijn-puysaintvincent-dsc08796-400x400.jpg\" alt=\"\"><\/a><\/div><div class=\"splide__slide\"><a href=\"https:\/\/www.paysdesecrins.com\/wp-content\/uploads\/2025\/07\/21autresactivites-fatbike-puy-st-vincent-pou-1-scaled.jpg\" data-glightbox=\"true\" class=\"lightbox-trigger\"><img decoding=\"async\" src=\"https:\/\/www.paysdesecrins.com\/wp-content\/uploads\/2025\/07\/21autresactivites-fatbike-puy-st-vincent-pou-1-scaled.jpg\" alt=\"\"><\/a><\/div><div class=\"splide__slide\"><a href=\"https:\/\/www.paysdesecrins.com\/wp-content\/uploads\/2025\/07\/2autresactivites-fatbike-puy-st-vincent-pou-1-2-scaled.jpg\" data-glightbox=\"true\" class=\"lightbox-trigger\"><img decoding=\"async\" src=\"https:\/\/www.paysdesecrins.com\/wp-content\/uploads\/2025\/07\/2autresactivites-fatbike-puy-st-vincent-pou-1-2-400x400.jpg\" alt=\"\"><\/a><\/div><div class=\"splide__slide\"><a href=\"https:\/\/www.paysdesecrins.com\/wp-content\/uploads\/2025\/07\/171ski-rogiervanrijn-puysaintvincent-dsc08459-scaled.jpg\" data-glightbox=\"true\" class=\"lightbox-trigger\"><img decoding=\"async\" src=\"https:\/\/www.paysdesecrins.com\/wp-content\/uploads\/2025\/07\/171ski-rogiervanrijn-puysaintvincent-dsc08459-400x400.jpg\" alt=\"\"><\/a><\/div><div class=\"splide__slide\"><a href=\"https:\/\/www.paysdesecrins.com\/wp-content\/uploads\/2025\/07\/141partageactivites-groupe-apartagerenfamillefatbike-puy-st-vincent-pou-scaled.jpg\" data-glightbox=\"true\" class=\"lightbox-trigger\"><img decoding=\"async\" src=\"https:\/\/www.paysdesecrins.com\/wp-content\/uploads\/2025\/07\/141partageactivites-groupe-apartagerenfamillefatbike-puy-st-vincent-pou-400x400.jpg\" alt=\"\"><\/a><\/div><\/div><\/div><\/div><\/div>\n\n<div class=\"wp-block-ws-library-ws-slider alignwide\" data-season=\"summer\"><div class=\"splide\" data-splide=\"{\"type\":\"slide\",\"heightRatio\":\"auto\",\"perPage\":4,\"perMove\":1,\"drag\":true,\"pagination\":0,\"autoplay\":false,\"gap\":\"15px\",\"breakpoints\":{\"450\":{\"perPage\":1},\"768\":{\"perPage\":2},\"992\":{\"perPage\":3},\"1200\":{\"perPage\":4}}}\"><div class=\"splide__track\"><div class=\"splide__list\"><div class=\"splide__slide\"><a href=\"https:\/\/www.paysdesecrins.com\/wp-content\/uploads\/2025\/07\/181vtt-bike-park-amp-vtt-lac-du-thibautblais-scaled.jpg\" data-glightbox=\"true\" class=\"lightbox-trigger\"><img decoding=\"async\" src=\"https:\/\/www.paysdesecrins.com\/wp-content\/uploads\/2025\/07\/181vtt-bike-park-amp-vtt-lac-du-thibautblais-400x400.jpg\" alt=\"\"><\/a><\/div><div class=\"splide__slide\"><a href=\"https:\/\/www.paysdesecrins.com\/wp-content\/uploads\/2025\/07\/181velo-vtt-dsc04924-scaled.jpg\" data-glightbox=\"true\" class=\"lightbox-trigger\"><img decoding=\"async\" src=\"https:\/\/www.paysdesecrins.com\/wp-content\/uploads\/2025\/07\/181velo-vtt-dsc04924-scaled.jpg\" alt=\"\"><\/a><\/div><div class=\"splide__slide\"><a href=\"https:\/\/www.paysdesecrins.com\/wp-content\/uploads\/2025\/07\/181velo-scaled.jpg\" data-glightbox=\"true\" class=\"lightbox-trigger\"><img decoding=\"async\" src=\"https:\/\/www.paysdesecrins.com\/wp-content\/uploads\/2025\/07\/181velo-400x400.jpg\" alt=\"\"><\/a><\/div><div class=\"splide__slide\"><a href=\"https:\/\/www.paysdesecrins.com\/wp-content\/uploads\/2025\/07\/dsc05453-scaled.jpg\" data-glightbox=\"true\" class=\"lightbox-trigger\"><img decoding=\"async\" src=\"https:\/\/www.paysdesecrins.com\/wp-content\/uploads\/2025\/07\/dsc05453-400x400.jpg\" alt=\"\"><\/a><\/div><div class=\"splide__slide\"><a href=\"https:\/\/www.paysdesecrins.com\/wp-content\/uploads\/2025\/07\/18vtt-bike-parkdsc08590-scaled.jpg\" data-glightbox=\"true\" class=\"lightbox-trigger\"><img decoding=\"async\" src=\"https:\/\/www.paysdesecrins.com\/wp-content\/uploads\/2025\/07\/18vtt-bike-parkdsc08590-400x400.jpg\" alt=\"\"><\/a><\/div><div class=\"splide__slide\"><a href=\"https:\/\/www.paysdesecrins.com\/wp-content\/uploads\/2025\/07\/18vtt-bike-parkdsc08500-scaled.jpg\" data-glightbox=\"true\" class=\"lightbox-trigger\"><img decoding=\"async\" src=\"https:\/\/www.paysdesecrins.com\/wp-content\/uploads\/2025\/07\/18vtt-bike-parkdsc08500-400x400.jpg\" alt=\"\"><\/a><\/div><div class=\"splide__slide\"><a href=\"https:\/\/www.paysdesecrins.com\/wp-content\/uploads\/2025\/07\/18vtt-bike-park-psv-rogiervanrijn-scaled.jpg\" data-glightbox=\"true\" class=\"lightbox-trigger\"><img decoding=\"async\" src=\"https:\/\/www.paysdesecrins.com\/wp-content\/uploads\/2025\/07\/18vtt-bike-park-psv-rogiervanrijn-400x400.jpg\" alt=\"\"><\/a><\/div><div class=\"splide__slide\"><a href=\"https:\/\/www.paysdesecrins.com\/wp-content\/uploads\/2025\/07\/181vtt-bike-park-jordansarrou-psv-rogiervanrijn-scaled.jpg\" data-glightbox=\"true\" class=\"lightbox-trigger\"><img decoding=\"async\" src=\"https:\/\/www.paysdesecrins.com\/wp-content\/uploads\/2025\/07\/181vtt-bike-park-jordansarrou-psv-rogiervanrijn-400x400.jpg\" alt=\"\"><\/a><\/div><\/div><\/div><\/div><\/div>\n\n<div class=\"wp-block-ws-library-ws-title aligncenter\"><h2><em>Wij zorgen voor alles,<\/em> u geniet<\/h2><\/div>\n\n<p class=\"has-text-align-center\">Ontdek onze all-inclusive verblijven en laat ons uw onderdompeling in de bergen organiseren: accommodatie, begeleide activiteiten en lokale ervaringen worden voor u verzameld. Kies uw formule, van een verjongend weekend tot een week vol avontuur, en profiteer ten volle van de landschappen, de knowhow en de gezelligheid zonder u ergens zorgen over te maken. <\/p>\n<div class=\"alignwide wp-block-ws-library-ws-list-content\"><div class=\"list-items\"><div class=\"item\" data-season=\"all-seasons\"><div class=\"card  card-page\"><div class=\"group-media\"><div class=\"field-image\"><img loading=\"lazy\" decoding=\"async\" width=\"300\" height=\"450\" src=\"https:\/\/www.paysdesecrins.com\/wp-content\/uploads\/2025\/08\/photos-kinaphoto-pelvoux-journe-e-1-2025-hd66-300x450.jpg\" class=\"winter wp-post-image\" alt=\"\" data-season=\"winter\" srcset=\"https:\/\/www.paysdesecrins.com\/wp-content\/uploads\/2025\/08\/photos-kinaphoto-pelvoux-journe-e-1-2025-hd66-300x450.jpg 300w, https:\/\/www.paysdesecrins.com\/wp-content\/uploads\/2025\/08\/photos-kinaphoto-pelvoux-journe-e-1-2025-hd66-390x585.jpg 390w\" sizes=\"auto, (max-width: 300px) 100vw, 300px\" \/><img loading=\"lazy\" decoding=\"async\" width=\"300\" height=\"450\" src=\"https:\/\/www.paysdesecrins.com\/wp-content\/uploads\/2025\/07\/dsc01515-300x450.jpg\" class=\"vivaldi-thumb summer\" alt=\"\" data-season=\"summer\" srcset=\"https:\/\/www.paysdesecrins.com\/wp-content\/uploads\/2025\/07\/dsc01515-300x450.jpg 300w, https:\/\/www.paysdesecrins.com\/wp-content\/uploads\/2025\/07\/dsc01515-390x585.jpg 390w\" sizes=\"auto, (max-width: 300px) 100vw, 300px\" \/><\/div><\/div><div class=\"group-content\"><div class=\"field-title\">Al onze verblijven<\/div><\/div><div class=\"field-link\" role=\"group\" aria-label=\"Lien vers le contenu\"><a href=\"https:\/\/www.paysdesecrins.com\/nl\/blijft\/\" class=\"cardlink\" title=\"Lire plus : Al onze verblijven\" lang=\"nl_NL\">Al onze verblijven<\/a><\/div><\/div><\/div><\/div><\/div>\n<div class=\"wp-block-ws-library-ws-button has-text-align-center\"><a href=\"https:\/\/www.paysdesecrins.com\/nl\/blijft\/#\/categories\" class=\"wp-block-button__link wp-element-button btn\">  Ontdek all-inclusive verblijven<\/a><\/div>\n\n<div style=\"height:60px\" aria-hidden=\"true\" class=\"wp-block-spacer\"><\/div>\n\n<div class=\"wp-block-ws-library-ws-share\"><span class=\"share-subtitle\">Vond je deze pagina leuk?<\/span><span class=\"share-title\">Deel het!<\/span><button class=\"ws-share-button wp-element-button\">Deel deze pagina<\/button><\/div>\n","protected":false},"excerpt":{"rendered":"<p>Het skioord Puy Saint Vincent , gelegen tussen 1.400 en 2.700 m, bestaat uit drie gehuchten (Le Puy, Les Alberts [&hellip;]<\/p>\n","protected":false},"author":1,"featured_media":22017,"parent":44506,"menu_order":0,"comment_status":"closed","ping_status":"closed","template":"","meta":{"_thumbnail_id_2":0,"summer_excerpt":"","season":"","station":"psv","footnotes":""},"class_list":["post-45037","page","type-page","status-publish","has-post-thumbnail","hentry"],"yoast_head":"<!-- This site is optimized with the Yoast SEO plugin v27.3 - https:\/\/yoast.com\/product\/yoast-seo-wordpress\/ -->\n<title>Puy-Saint-Vincent - Pays des \u00c9crins - Office de Tourisme<\/title>\n<meta name=\"robots\" content=\"index, follow, max-snippet:-1, max-image-preview:large, max-video-preview:-1\" \/>\n<link rel=\"canonical\" href=\"https:\/\/www.paysdesecrins.com\/nl\/mijn-resort-mijn-dorp\/puy-saint-vincent\/\" \/>\n<meta property=\"og:locale\" content=\"nl_NL\" \/>\n<meta property=\"og:type\" content=\"article\" \/>\n<meta property=\"og:title\" content=\"Puy-Saint-Vincent - Pays des \u00c9crins - Office de Tourisme\" \/>\n<meta property=\"og:description\" content=\"Het skioord Puy Saint Vincent , gelegen tussen 1.400 en 2.700 m, bestaat uit drie gehuchten (Le Puy, Les Alberts [&hellip;]\" \/>\n<meta property=\"og:url\" content=\"https:\/\/www.paysdesecrins.com\/nl\/mijn-resort-mijn-dorp\/puy-saint-vincent\/\" \/>\n<meta property=\"og:site_name\" content=\"Pays des \u00c9crins - Office de Tourisme\" \/>\n<meta property=\"article:modified_time\" content=\"2025-08-13T13:10:26+00:00\" \/>\n<meta property=\"og:image\" content=\"https:\/\/www.paysdesecrins.com\/wp-content\/uploads\/2025\/07\/19villages-psv-tete24-04-scaled.jpg\" \/>\n\t<meta property=\"og:image:width\" content=\"2560\" \/>\n\t<meta property=\"og:image:height\" content=\"1707\" \/>\n\t<meta property=\"og:image:type\" content=\"image\/jpeg\" \/>\n<meta name=\"twitter:card\" content=\"summary_large_image\" \/>\n<meta name=\"twitter:label1\" content=\"Geschatte leestijd\" \/>\n\t<meta name=\"twitter:data1\" content=\"6 minuten\" \/>\n<script type=\"application\/ld+json\" class=\"yoast-schema-graph\">{\"@context\":\"https:\\\/\\\/schema.org\",\"@graph\":[{\"@type\":\"WebPage\",\"@id\":\"https:\\\/\\\/www.paysdesecrins.com\\\/nl\\\/mijn-resort-mijn-dorp\\\/puy-saint-vincent\\\/\",\"url\":\"https:\\\/\\\/www.paysdesecrins.com\\\/nl\\\/mijn-resort-mijn-dorp\\\/puy-saint-vincent\\\/\",\"name\":\"Puy-Saint-Vincent - Pays des \u00c9crins - Office de Tourisme\",\"isPartOf\":{\"@id\":\"https:\\\/\\\/www.paysdesecrins.com\\\/nl\\\/#website\"},\"primaryImageOfPage\":{\"@id\":\"https:\\\/\\\/www.paysdesecrins.com\\\/nl\\\/mijn-resort-mijn-dorp\\\/puy-saint-vincent\\\/#primaryimage\"},\"image\":{\"@id\":\"https:\\\/\\\/www.paysdesecrins.com\\\/nl\\\/mijn-resort-mijn-dorp\\\/puy-saint-vincent\\\/#primaryimage\"},\"thumbnailUrl\":\"https:\\\/\\\/www.paysdesecrins.com\\\/wp-content\\\/uploads\\\/2025\\\/07\\\/19villages-psv-tete24-04-scaled.jpg\",\"datePublished\":\"2025-06-25T13:44:51+00:00\",\"dateModified\":\"2025-08-13T13:10:26+00:00\",\"breadcrumb\":{\"@id\":\"https:\\\/\\\/www.paysdesecrins.com\\\/nl\\\/mijn-resort-mijn-dorp\\\/puy-saint-vincent\\\/#breadcrumb\"},\"inLanguage\":\"nl-NL\",\"potentialAction\":[{\"@type\":\"ReadAction\",\"target\":[\"https:\\\/\\\/www.paysdesecrins.com\\\/nl\\\/mijn-resort-mijn-dorp\\\/puy-saint-vincent\\\/\"]}]},{\"@type\":\"ImageObject\",\"inLanguage\":\"nl-NL\",\"@id\":\"https:\\\/\\\/www.paysdesecrins.com\\\/nl\\\/mijn-resort-mijn-dorp\\\/puy-saint-vincent\\\/#primaryimage\",\"url\":\"https:\\\/\\\/www.paysdesecrins.com\\\/wp-content\\\/uploads\\\/2025\\\/07\\\/19villages-psv-tete24-04-scaled.jpg\",\"contentUrl\":\"https:\\\/\\\/www.paysdesecrins.com\\\/wp-content\\\/uploads\\\/2025\\\/07\\\/19villages-psv-tete24-04-scaled.jpg\",\"width\":2560,\"height\":1707},{\"@type\":\"BreadcrumbList\",\"@id\":\"https:\\\/\\\/www.paysdesecrins.com\\\/nl\\\/mijn-resort-mijn-dorp\\\/puy-saint-vincent\\\/#breadcrumb\",\"itemListElement\":[{\"@type\":\"ListItem\",\"position\":1,\"name\":\"Accueil\",\"item\":\"https:\\\/\\\/www.paysdesecrins.com\\\/nl\\\/de-titel-van-het-huis\\\/\"},{\"@type\":\"ListItem\",\"position\":2,\"name\":\"Mijn resort, mijn dorp\",\"item\":\"https:\\\/\\\/www.paysdesecrins.com\\\/nl\\\/ma-station-mon-village\\\/\"},{\"@type\":\"ListItem\",\"position\":3,\"name\":\"Puy-Saint-Vincent\"}]},{\"@type\":\"WebSite\",\"@id\":\"https:\\\/\\\/www.paysdesecrins.com\\\/nl\\\/#website\",\"url\":\"https:\\\/\\\/www.paysdesecrins.com\\\/nl\\\/\",\"name\":\"Pays des \u00c9crins - Office de Tourisme\",\"description\":\"L&#039;esprit montagne\",\"publisher\":{\"@id\":\"https:\\\/\\\/www.paysdesecrins.com\\\/nl\\\/#organization\"},\"potentialAction\":[{\"@type\":\"SearchAction\",\"target\":{\"@type\":\"EntryPoint\",\"urlTemplate\":\"https:\\\/\\\/www.paysdesecrins.com\\\/nl\\\/?s={search_term_string}\"},\"query-input\":{\"@type\":\"PropertyValueSpecification\",\"valueRequired\":true,\"valueName\":\"search_term_string\"}}],\"inLanguage\":\"nl-NL\"},{\"@type\":\"Organization\",\"@id\":\"https:\\\/\\\/www.paysdesecrins.com\\\/nl\\\/#organization\",\"name\":\"Pays des \u00c9crins - Office de Tourisme\",\"url\":\"https:\\\/\\\/www.paysdesecrins.com\\\/nl\\\/\",\"logo\":{\"@type\":\"ImageObject\",\"inLanguage\":\"nl-NL\",\"@id\":\"https:\\\/\\\/www.paysdesecrins.com\\\/nl\\\/#\\\/schema\\\/logo\\\/image\\\/\",\"url\":\"https:\\\/\\\/www.paysdesecrins.com\\\/wp-content\\\/uploads\\\/2025\\\/06\\\/devina-svg-1750845694.svg\",\"contentUrl\":\"https:\\\/\\\/www.paysdesecrins.com\\\/wp-content\\\/uploads\\\/2025\\\/06\\\/devina-svg-1750845694.svg\",\"caption\":\"Pays des \u00c9crins - Office de Tourisme\"},\"image\":{\"@id\":\"https:\\\/\\\/www.paysdesecrins.com\\\/nl\\\/#\\\/schema\\\/logo\\\/image\\\/\"}}]}<\/script>\n<!-- \/ Yoast SEO plugin. -->","yoast_head_json":{"title":"Puy-Saint-Vincent - Pays des \u00c9crins - Office de Tourisme","robots":{"index":"index","follow":"follow","max-snippet":"max-snippet:-1","max-image-preview":"max-image-preview:large","max-video-preview":"max-video-preview:-1"},"canonical":"https:\/\/www.paysdesecrins.com\/nl\/mijn-resort-mijn-dorp\/puy-saint-vincent\/","og_locale":"nl_NL","og_type":"article","og_title":"Puy-Saint-Vincent - Pays des \u00c9crins - Office de Tourisme","og_description":"Het skioord Puy Saint Vincent , gelegen tussen 1.400 en 2.700 m, bestaat uit drie gehuchten (Le Puy, Les Alberts [&hellip;]","og_url":"https:\/\/www.paysdesecrins.com\/nl\/mijn-resort-mijn-dorp\/puy-saint-vincent\/","og_site_name":"Pays des \u00c9crins - Office de Tourisme","article_modified_time":"2025-08-13T13:10:26+00:00","og_image":[{"width":2560,"height":1707,"url":"https:\/\/www.paysdesecrins.com\/wp-content\/uploads\/2025\/07\/19villages-psv-tete24-04-scaled.jpg","type":"image\/jpeg"}],"twitter_card":"summary_large_image","twitter_misc":{"Geschatte leestijd":"6 minuten"},"schema":{"@context":"https:\/\/schema.org","@graph":[{"@type":"WebPage","@id":"https:\/\/www.paysdesecrins.com\/nl\/mijn-resort-mijn-dorp\/puy-saint-vincent\/","url":"https:\/\/www.paysdesecrins.com\/nl\/mijn-resort-mijn-dorp\/puy-saint-vincent\/","name":"Puy-Saint-Vincent - Pays des \u00c9crins - Office de Tourisme","isPartOf":{"@id":"https:\/\/www.paysdesecrins.com\/nl\/#website"},"primaryImageOfPage":{"@id":"https:\/\/www.paysdesecrins.com\/nl\/mijn-resort-mijn-dorp\/puy-saint-vincent\/#primaryimage"},"image":{"@id":"https:\/\/www.paysdesecrins.com\/nl\/mijn-resort-mijn-dorp\/puy-saint-vincent\/#primaryimage"},"thumbnailUrl":"https:\/\/www.paysdesecrins.com\/wp-content\/uploads\/2025\/07\/19villages-psv-tete24-04-scaled.jpg","datePublished":"2025-06-25T13:44:51+00:00","dateModified":"2025-08-13T13:10:26+00:00","breadcrumb":{"@id":"https:\/\/www.paysdesecrins.com\/nl\/mijn-resort-mijn-dorp\/puy-saint-vincent\/#breadcrumb"},"inLanguage":"nl-NL","potentialAction":[{"@type":"ReadAction","target":["https:\/\/www.paysdesecrins.com\/nl\/mijn-resort-mijn-dorp\/puy-saint-vincent\/"]}]},{"@type":"ImageObject","inLanguage":"nl-NL","@id":"https:\/\/www.paysdesecrins.com\/nl\/mijn-resort-mijn-dorp\/puy-saint-vincent\/#primaryimage","url":"https:\/\/www.paysdesecrins.com\/wp-content\/uploads\/2025\/07\/19villages-psv-tete24-04-scaled.jpg","contentUrl":"https:\/\/www.paysdesecrins.com\/wp-content\/uploads\/2025\/07\/19villages-psv-tete24-04-scaled.jpg","width":2560,"height":1707},{"@type":"BreadcrumbList","@id":"https:\/\/www.paysdesecrins.com\/nl\/mijn-resort-mijn-dorp\/puy-saint-vincent\/#breadcrumb","itemListElement":[{"@type":"ListItem","position":1,"name":"Accueil","item":"https:\/\/www.paysdesecrins.com\/nl\/de-titel-van-het-huis\/"},{"@type":"ListItem","position":2,"name":"Mijn resort, mijn dorp","item":"https:\/\/www.paysdesecrins.com\/nl\/ma-station-mon-village\/"},{"@type":"ListItem","position":3,"name":"Puy-Saint-Vincent"}]},{"@type":"WebSite","@id":"https:\/\/www.paysdesecrins.com\/nl\/#website","url":"https:\/\/www.paysdesecrins.com\/nl\/","name":"Pays des \u00c9crins - Office de Tourisme","description":"L&#039;esprit montagne","publisher":{"@id":"https:\/\/www.paysdesecrins.com\/nl\/#organization"},"potentialAction":[{"@type":"SearchAction","target":{"@type":"EntryPoint","urlTemplate":"https:\/\/www.paysdesecrins.com\/nl\/?s={search_term_string}"},"query-input":{"@type":"PropertyValueSpecification","valueRequired":true,"valueName":"search_term_string"}}],"inLanguage":"nl-NL"},{"@type":"Organization","@id":"https:\/\/www.paysdesecrins.com\/nl\/#organization","name":"Pays des \u00c9crins - Office de Tourisme","url":"https:\/\/www.paysdesecrins.com\/nl\/","logo":{"@type":"ImageObject","inLanguage":"nl-NL","@id":"https:\/\/www.paysdesecrins.com\/nl\/#\/schema\/logo\/image\/","url":"https:\/\/www.paysdesecrins.com\/wp-content\/uploads\/2025\/06\/devina-svg-1750845694.svg","contentUrl":"https:\/\/www.paysdesecrins.com\/wp-content\/uploads\/2025\/06\/devina-svg-1750845694.svg","caption":"Pays des \u00c9crins - Office de Tourisme"},"image":{"@id":"https:\/\/www.paysdesecrins.com\/nl\/#\/schema\/logo\/image\/"}}]}},"_links":{"self":[{"href":"https:\/\/www.paysdesecrins.com\/nl\/wp-json\/wp\/v2\/pages\/45037","targetHints":{"allow":["GET"]}}],"collection":[{"href":"https:\/\/www.paysdesecrins.com\/nl\/wp-json\/wp\/v2\/pages"}],"about":[{"href":"https:\/\/www.paysdesecrins.com\/nl\/wp-json\/wp\/v2\/types\/page"}],"author":[{"embeddable":true,"href":"https:\/\/www.paysdesecrins.com\/nl\/wp-json\/wp\/v2\/users\/1"}],"replies":[{"embeddable":true,"href":"https:\/\/www.paysdesecrins.com\/nl\/wp-json\/wp\/v2\/comments?post=45037"}],"version-history":[{"count":2,"href":"https:\/\/www.paysdesecrins.com\/nl\/wp-json\/wp\/v2\/pages\/45037\/revisions"}],"predecessor-version":[{"id":93458,"href":"https:\/\/www.paysdesecrins.com\/nl\/wp-json\/wp\/v2\/pages\/45037\/revisions\/93458"}],"up":[{"embeddable":true,"href":"https:\/\/www.paysdesecrins.com\/nl\/wp-json\/wp\/v2\/pages\/44506"}],"wp:featuredmedia":[{"embeddable":true,"href":"https:\/\/www.paysdesecrins.com\/nl\/wp-json\/wp\/v2\/media\/22017"}],"wp:attachment":[{"href":"https:\/\/www.paysdesecrins.com\/nl\/wp-json\/wp\/v2\/media?parent=45037"}],"curies":[{"name":"wp","href":"https:\/\/api.w.org\/{rel}","templated":true}]}}