{"id":45146,"date":"2025-06-27T15:09:28","date_gmt":"2025-06-27T13:09:28","guid":{"rendered":"https:\/\/www.paysdesecrins.com\/sitemap\/"},"modified":"2025-08-07T14:01:51","modified_gmt":"2025-08-07T12:01:51","slug":"sitemap","status":"publish","type":"page","link":"https:\/\/www.paysdesecrins.com\/nl\/sitemap\/","title":{"rendered":"Sitemap"},"content":{"rendered":"    <div class=\"alignfull wp-block-ws-library-ws-header-interne\">\n\t    <div class=\"header-container\">\n\t        <div class=\"group-media has-image\">\n\t            \t                <img loading=\"lazy\" decoding=\"async\" width=\"1920\" height=\"800\" src=\"https:\/\/www.paysdesecrins.com\/wp-content\/uploads\/2025\/08\/lacpalluel-03-1920x800.jpg\" alt=\"\" class=\"image_large_square wp-image-71765\" \/>\n\t            \t        <\/div>\n\t        <div class=\"group-content\">\n\t            <div class=\"title\">\n\t                <h1>\n\t                    Sitemap\t                    \t                <\/h1>\n\t            <\/div>\n\t        <\/div>\n\t    <\/div>\n\t    \n<div class=\"yoast-breadcrumbs\"><span><span><a href=\"https:\/\/www.paysdesecrins.com\/nl\/de-titel-van-het-huis\/\">Accueil<\/a><\/span>  <span class=\"breadcrumb_last\" aria-current=\"page\">Sitemap<\/span><\/span><\/div>\n    <\/div>\n    \n<p>Overzicht van de hoofdpagina&#8217;s van de website:  <\/p>\n<div class=\"ws-sitemap\"><style>.ws-sitemap span[class*=\"apidae\"] { background-color: yellow; }<\/style><h3>Berichten<\/h3><ul><li><a href=\"https:\/\/www.paysdesecrins.com\/nl\/de-10-mooiste-wandelingen-in-de-juwelen\/\">De 10 mooiste wandelingen in de Juwelen<\/a><\/li><li><a href=\"https:\/\/www.paysdesecrins.com\/nl\/de-top-10-buitenactiviteiten\/\">De top 10 buitenactiviteiten voor zomer\/winter<\/a><\/li><li><a href=\"https:\/\/www.paysdesecrins.com\/nl\/hoe-bereid-je-je-nacht-in-een-berghut-en-je-bergwandelingen-voor\/\">Hoe bereid je je nacht in een berghut en je bergwandelingen voor?<\/a><\/li><li><a href=\"https:\/\/www.paysdesecrins.com\/nl\/toerskien-in-het-voorjaar\/\">Toerski\u00ebn in het voorjaar<\/a><\/li><li><a href=\"https:\/\/www.paysdesecrins.com\/nl\/zwerven-in-de-juwelen\/\">Roaming in de instellingen<\/a><\/li><li><a href=\"https:\/\/www.paysdesecrins.com\/nl\/herfst-in-de-koffers\/\">Herfst in de koffers<\/a><\/li><li><a href=\"https:\/\/www.paysdesecrins.com\/nl\/top-10-routes-in-de-ecrins\/\">Top 10 routes in de \u00c9crins<\/a><\/li><li><a href=\"https:\/\/www.paysdesecrins.com\/nl\/top-10-rivieren-in-het-pays-des-ecrins\/\">top 10 rivieren in het Pays des Ecrins<\/a><\/li><li><a href=\"https:\/\/www.paysdesecrins.com\/nl\/martin-kern-ambassadeur-van-het-pays-des-ecrins\/\">Martin KERN, ambassadeur van het Pays des \u00c9crins<\/a><\/li><li><a href=\"https:\/\/www.paysdesecrins.com\/nl\/geologie-in-de-juwelen\/\">Geologie in de gevallen<\/a><\/li><li><a href=\"https:\/\/www.paysdesecrins.com\/nl\/een-overvloedige-en-unieke-fauna-en-flora\/\">Een overvloedige en unieke fauna en flora<\/a><\/li><li><a href=\"https:\/\/www.paysdesecrins.com\/nl\/top-10-mountainbikeroutes-in-de-hoge-alpen\/\">Top 10 mountainbikeroutes in de hoge alpen<\/a><\/li><li><a href=\"https:\/\/www.paysdesecrins.com\/nl\/top-10-buitenactiviteiten\/\">Top 10 buitenactiviteiten<\/a><\/li><li><a href=\"https:\/\/www.paysdesecrins.com\/nl\/winter-in-het-pays-des-ecrins\/\">Winter in het Pays des \u00c9crins<\/a><\/li><li><a href=\"https:\/\/www.paysdesecrins.com\/nl\/laat-je-adviseren\/\">Laat je adviseren<\/a><\/li><li><a href=\"https:\/\/www.paysdesecrins.com\/nl\/kant-en-klare-aanbiedingen\/\">Kant-en-klare aanbiedingen<\/a><\/li><li><a href=\"https:\/\/www.paysdesecrins.com\/nl\/zomer-in-het-pays-des-ecrins\/\">Zomer in het Pays des \u00c9crins<\/a><\/li><li><a href=\"https:\/\/www.paysdesecrins.com\/nl\/we-hebben-het-voor-u-getest-een-dagje-uit-met-het-gezin-in-het-pays-des-ecrins\/\">We hebben het voor u getest: een dagje uit met het gezin in het Pays des \u00c9crins<\/a><\/li><li><a href=\"https:\/\/www.paysdesecrins.com\/nl\/de-ecrins-door-de-seizoenen-heen-wanneer-is-de-beste-tijd-om-te-komen\/\">De \u00c9crins door de seizoenen heen: wanneer is de beste tijd om te komen?<\/a><\/li><li><a href=\"https:\/\/www.paysdesecrins.com\/nl\/beleef-de-bergen-op-een-andere-manier-langzaam-toerisme-en-opgeschorte-momenten\/\">Beleef de bergen op een andere manier: langzaam toerisme en opgeschorte momenten<\/a><\/li><\/ul><h3>Pagina&#039;s<\/h3><ul><li><a href=\"https:\/\/www.paysdesecrins.com\/nl\/eenvoudige-en-2-delige-pagina\/\">TESt - Eenvoudige en 2-delige pagina!<\/a><\/li><li><a href=\"https:\/\/www.paysdesecrins.com\/nl\/spreekt-een-wild-avontuur-je-aan\/\">Spreekt een wild avontuur je aan?<\/a><\/li><li><a href=\"https:\/\/www.paysdesecrins.com\/nl\/mijn-buitenactiviteiten\/\">Mijn buitenactiviteiten<\/a><ul><li><a href=\"https:\/\/www.paysdesecrins.com\/nl\/mijn-buitenactiviteiten\/hondensleeen\/\">Hondenslee\u00ebn<\/a><\/li><li><a href=\"https:\/\/www.paysdesecrins.com\/nl\/mijn-buitenactiviteiten\/ijsklimmen\/\">IJsklimmen<\/a><\/li><li><a href=\"https:\/\/www.paysdesecrins.com\/nl\/mijn-buitenactiviteiten\/wandelen-en-trailrunning\/\">Wandelen en trailrunning<\/a><\/li><li><a href=\"https:\/\/www.paysdesecrins.com\/nl\/mijn-buitenactiviteiten\/ski\/\">Ski<\/a><\/li><li><a href=\"https:\/\/www.paysdesecrins.com\/nl\/mijn-buitenactiviteiten\/paraglider\/\">Paraglider<\/a><\/li><li><a href=\"https:\/\/www.paysdesecrins.com\/nl\/mijn-buitenactiviteiten\/mountainbike\/\">Mountainbike<\/a><\/li><li><a href=\"https:\/\/www.paysdesecrins.com\/nl\/mijn-buitenactiviteiten\/zomer-in-het-pays-des-ecrins\/\">Zomer in het Pays des \u00c9crins<\/a><\/li><li><a href=\"https:\/\/www.paysdesecrins.com\/nl\/mijn-buitenactiviteiten\/via-ferrata-boomklimmen-en-boomklimmen\/\">Via ferrata, boomklimmen en boomklimmen<\/a><\/li><li><a href=\"https:\/\/www.paysdesecrins.com\/nl\/mijn-buitenactiviteiten\/winter-in-het-land-van-de-ecrins\/\">Winter in het land van de \u00c9crins<\/a><\/li><li><a href=\"https:\/\/www.paysdesecrins.com\/nl\/mijn-buitenactiviteiten\/paardrijden\/\">Paardrijden<\/a><\/li><li><a href=\"https:\/\/www.paysdesecrins.com\/nl\/mijn-buitenactiviteiten\/outdoor-routes\/\">Outdoor routes<\/a><\/li><li><a href=\"https:\/\/www.paysdesecrins.com\/nl\/mijn-buitenactiviteiten\/fiets\/\">Fiets<\/a><\/li><li><a href=\"https:\/\/www.paysdesecrins.com\/nl\/mijn-buitenactiviteiten\/alle-routes\/\">Alle routes<\/a><\/li><li><a href=\"https:\/\/www.paysdesecrins.com\/nl\/mijn-buitenactiviteiten\/wateren\/\">Wateren<\/a><\/li><li><a href=\"https:\/\/www.paysdesecrins.com\/nl\/mijn-buitenactiviteiten\/roaming\/\">Roaming<\/a><\/li><li><a href=\"https:\/\/www.paysdesecrins.com\/nl\/mijn-buitenactiviteiten\/wandelen-en-trailrunning-2\/\">Wandelen en parcours<\/a><ul><li><a href=\"https:\/\/www.paysdesecrins.com\/nl\/mijn-buitenactiviteiten\/wandelen-en-trailrunning-2\/het-meer-van-entre-les-aygues\/\">Bivak met z&#039;n twee\u00ebn aan het Hemelvaartmeer<\/a><\/li><\/ul><\/li><li><a href=\"https:\/\/www.paysdesecrins.com\/nl\/mijn-buitenactiviteiten\/insluiting\/\">Insluiting<\/a><\/li><li><a href=\"https:\/\/www.paysdesecrins.com\/nl\/mijn-buitenactiviteiten\/escalatie\/\">Escalatie<\/a><\/li><li><a href=\"https:\/\/www.paysdesecrins.com\/nl\/mijn-buitenactiviteiten\/fatbike\/\">Fatbike<\/a><\/li><li><a href=\"https:\/\/www.paysdesecrins.com\/nl\/mijn-buitenactiviteiten\/klimmen-en-bergbeklimmen\/\">Klimmen en bergbeklimmen<\/a><\/li><\/ul><\/li><li><a href=\"https:\/\/www.paysdesecrins.com\/nl\/alle-activiteiten-in-puy-saint-vincent\/\">Alle activiteiten in Puy Saint Vincent<\/a><\/li><li><a href=\"https:\/\/www.paysdesecrins.com\/nl\/alle-activiteiten-in-vallouise-pelvoux\/\">Alle activiteiten in Vallouise-Pelvoux<\/a><\/li><li><a href=\"https:\/\/www.paysdesecrins.com\/nl\/mijn-verlangen-om\/\">Mijn verlangen om<\/a><ul><li><a href=\"https:\/\/www.paysdesecrins.com\/nl\/mijn-verlangen-om\/ontdekking\/\">Mijn verlangen naar Discovery<\/a><ul><li><a href=\"https:\/\/www.paysdesecrins.com\/nl\/mijn-verlangen-om\/ontdekking\/de-muurschilderingen-van-het-pays-des-ecrins\/\">De muurschilderingen van het Pays des \u00c9crins<\/a><\/li><li><a href=\"https:\/\/www.paysdesecrins.com\/nl\/mijn-verlangen-om\/ontdekking\/een-pony-en-klimdag-voor-kinderen\/\">Een pony- en klimdag voor kinderen<\/a><\/li><li><a href=\"https:\/\/www.paysdesecrins.com\/nl\/mijn-verlangen-om\/ontdekking\/de-zilvermijn-van-fournel-in-het-pays-des-ecrins\/\">De zilvermijn van Fournel in het Pays des \u00c9crins<\/a><\/li><li><a href=\"https:\/\/www.paysdesecrins.com\/nl\/mijn-verlangen-om\/ontdekking\/geschiedenis-workshop\/\">De Workshop Geschiedenis<\/a><\/li><li><a href=\"https:\/\/www.paysdesecrins.com\/nl\/mijn-verlangen-om\/ontdekking\/de-geschiedenis-van-het-bergbeklimmen\/\">De geschiedenis van het bergbeklimmen<\/a><\/li><li><a href=\"https:\/\/www.paysdesecrins.com\/nl\/mijn-verlangen-om\/ontdekking\/de-geschiedenis-van-argentiere-la-bessee\/\">De geschiedenis van Argenti\u00e8re-la-Bess\u00e9e<\/a><\/li><li><a href=\"https:\/\/www.paysdesecrins.com\/nl\/mijn-verlangen-om\/ontdekking\/de-klok-van-vigneaux\/\">De klok van Vigneaux<\/a><\/li><li><a href=\"https:\/\/www.paysdesecrins.com\/nl\/mijn-verlangen-om\/ontdekking\/bossen-en-houtbewerking\/\">Bossen en houtbewerking<\/a><\/li><li><a href=\"https:\/\/www.paysdesecrins.com\/nl\/mijn-verlangen-om\/ontdekking\/irrigatiekanalen\/\">Irrigatiekanalen<\/a><\/li><li><a href=\"https:\/\/www.paysdesecrins.com\/nl\/mijn-verlangen-om\/ontdekking\/pennen\/\">Pennen<\/a><\/li><li><a href=\"https:\/\/www.paysdesecrins.com\/nl\/mijn-verlangen-om\/ontdekking\/familieavontuur-in-de-juwelen\/\">Familie-avontuur in de \u00c9crins<\/a><\/li><li><a href=\"https:\/\/www.paysdesecrins.com\/nl\/mijn-verlangen-om\/ontdekking\/het-archief-van-het-pays-des-ecrins\/\">Het archief van het Pays des \u00c9crins<\/a><\/li><li><a href=\"https:\/\/www.paysdesecrins.com\/nl\/mijn-verlangen-om\/ontdekking\/augmented-reality-rondleiding\/\">Augmented reality rondleiding<\/a><\/li><li><a href=\"https:\/\/www.paysdesecrins.com\/nl\/mijn-verlangen-om\/ontdekking\/archeologie-en-prehistorie-in-het-pays-des-ecrins\/\">Archeologie en prehistorie in het Pays des \u00c9crins<\/a><\/li><li><a href=\"https:\/\/www.paysdesecrins.com\/nl\/mijn-verlangen-om\/ontdekking\/de-hautes-alpes-erfgoedtoepassing-van-het-pays-des-ecrins\/\">De Hautes-Alpes erfgoedtoepassing van het Pays des \u00c9crins<\/a><\/li><li><a href=\"https:\/\/www.paysdesecrins.com\/nl\/mijn-verlangen-om\/ontdekking\/familie-avontuur-in-ailefroide\/\">Ga op avontuur met vrienden in Ailefroide<\/a><\/li><li><a href=\"https:\/\/www.paysdesecrins.com\/nl\/mijn-verlangen-om\/ontdekking\/de-legende-van-de-weide-van-madame-carle\/\">De legende van de weide van Madame Carle<\/a><\/li><li><a href=\"https:\/\/www.paysdesecrins.com\/nl\/mijn-verlangen-om\/ontdekking\/de-waldenzen-van-het-pays-des-ecrins\/\">De Waldenzen van het Pays des \u00c9crins<\/a><\/li><li><a href=\"https:\/\/www.paysdesecrins.com\/nl\/mijn-verlangen-om\/ontdekking\/familie-uitje-naar-de-berghut-bans\/\">Familie-uitje naar de berghut Bans<\/a><\/li><li><a href=\"https:\/\/www.paysdesecrins.com\/nl\/mijn-verlangen-om\/ontdekking\/sundials\/\">Sundials<\/a><\/li><li><a href=\"https:\/\/www.paysdesecrins.com\/nl\/mijn-verlangen-om\/ontdekking\/het-maison-du-parc\/\">Het Maison du Parc<\/a><\/li><li><a href=\"https:\/\/www.paysdesecrins.com\/nl\/mijn-verlangen-om\/ontdekking\/nabijgelegen\/\">Nabijgelegen<\/a><\/li><li><a href=\"https:\/\/www.paysdesecrins.com\/nl\/mijn-verlangen-om\/ontdekking\/kerken-en-kapellen\/\">Kerken en kapellen<\/a><\/li><li><a href=\"https:\/\/www.paysdesecrins.com\/nl\/mijn-verlangen-om\/ontdekking\/de-bibliotheken-van-het-pays-des-ecrins\/\">De bibliotheken van het Pays des \u00c9crins<\/a><\/li><li><a href=\"https:\/\/www.paysdesecrins.com\/nl\/mijn-verlangen-om\/ontdekking\/gastronomie-in-ecrins\/\">Gastronomie in \u00c9crins<\/a><\/li><\/ul><\/li><li><a href=\"https:\/\/www.paysdesecrins.com\/nl\/mijn-verlangen-om\/delen\/\">Mijn verlangen om te delen<\/a><\/li><li><a href=\"https:\/\/www.paysdesecrins.com\/nl\/mijn-verlangen-om\/44571-2\/\">Mijn verlangen naar ontspanning<\/a><ul><li><a href=\"https:\/\/www.paysdesecrins.com\/nl\/mijn-verlangen-om\/44571-2\/avontuur-welzijn-en-verjonging\/\">Avontuur, welzijn en verjonging<\/a><\/li><li><a href=\"https:\/\/www.paysdesecrins.com\/nl\/mijn-verlangen-om\/44571-2\/welzijn-en-ontspanning-in-la-roche-de-rame\/\">Welzijn en ontspanning in La Roche-de-Rame<\/a><\/li><li><a href=\"https:\/\/www.paysdesecrins.com\/nl\/mijn-verlangen-om\/44571-2\/het-natuurzwembad-van-ailefroide\/\">Het natuurzwembad van Ailefroide<\/a><\/li><li><a href=\"https:\/\/www.paysdesecrins.com\/nl\/mijn-verlangen-om\/44571-2\/de-vallei-van-de-onde-en-zijn-rivier\/\">De vallei van de Onde en zijn rivier<\/a><\/li><li><a href=\"https:\/\/www.paysdesecrins.com\/nl\/mijn-verlangen-om\/44571-2\/het-meer-van-roche-de-rame\/\">Het meer van Roche-de-Rame<\/a><\/li><li><a href=\"https:\/\/www.paysdesecrins.com\/nl\/mijn-verlangen-om\/44571-2\/meer-van-argentiere-la-bessee\/\">Meer van Argenti\u00e8re-La-Bess\u00e9e<\/a><\/li><li><a href=\"https:\/\/www.paysdesecrins.com\/nl\/mijn-verlangen-om\/44571-2\/la-biaysse-in-freissinieres\/\">La Biaysse in Freissini\u00e8res<\/a><\/li><li><a href=\"https:\/\/www.paysdesecrins.com\/nl\/mijn-verlangen-om\/44571-2\/welzijn-tussen-microhaakjes\/\">Welzijn tussen microhaakjes<\/a><\/li><\/ul><\/li><li><a href=\"https:\/\/www.paysdesecrins.com\/nl\/mijn-verlangen-om\/berg\/\">Mijn verlangen naar de bergen<\/a><ul><li><a href=\"https:\/\/www.paysdesecrins.com\/nl\/mijn-verlangen-om\/berg\/tussen-moeder-en-dochter-op-de-glacier-blanc\/\">Tussen moeder en dochter op de Glacier Blanc<\/a><\/li><li><a href=\"https:\/\/www.paysdesecrins.com\/nl\/mijn-verlangen-om\/berg\/wandelen-en-bivak-in-freissinieres\/\">Wandelen en bivak in Freissini\u00e8res<\/a><\/li><li><a href=\"https:\/\/www.paysdesecrins.com\/nl\/mijn-verlangen-om\/berg\/de-mont-pelvoux-ontdekken\/\">De Mont Pelvoux ontdekken<\/a><\/li><li><a href=\"https:\/\/www.paysdesecrins.com\/nl\/mijn-verlangen-om\/berg\/twee-dagen-avontuur-in-het-pays-des-ecrins\/\">Twee dagen avontuur in het Pays des \u00c9crins<\/a><\/li><li><a href=\"https:\/\/www.paysdesecrins.com\/nl\/mijn-verlangen-om\/berg\/een-dagje-uit-in-ailefroide\/\">Een dagje uit voor koppels in Ailefroide<\/a><\/li><li><a href=\"https:\/\/www.paysdesecrins.com\/nl\/mijn-verlangen-om\/berg\/dome-des-ecrins-en-roche-faurio-op-skitochten\/\">D\u00f4me des \u00c9crins en Roche Faurio op skitochten!<\/a><\/li><li><a href=\"https:\/\/www.paysdesecrins.com\/nl\/mijn-verlangen-om\/berg\/doe-in-mei-wat-je-wilt\/\">Doe in mei wat je wilt!<\/a><\/li><li><a href=\"https:\/\/www.paysdesecrins.com\/nl\/mijn-verlangen-om\/berg\/ontdekking-van-een-nacht-in-een-toevluchtsoord\/\">Ontdekking van een nacht in een toevluchtsoord<\/a><\/li><li><a href=\"https:\/\/www.paysdesecrins.com\/nl\/mijn-verlangen-om\/berg\/een-avondje-uit-de-tijd\/\">Een tijdloze avond met vrienden<\/a><\/li><li><a href=\"https:\/\/www.paysdesecrins.com\/nl\/mijn-verlangen-om\/berg\/een-fietstocht-als-geen-ander\/\">Een fietstocht als geen ander<\/a><\/li><li><a href=\"https:\/\/www.paysdesecrins.com\/nl\/mijn-verlangen-om\/berg\/een-autoloze-week\/\">Een autoloze week<\/a><\/li><li><a href=\"https:\/\/www.paysdesecrins.com\/nl\/mijn-verlangen-om\/berg\/3-meisjes-in-opkomst-van-roche-faurio\/\">3 meisjes in opkomst van Roche Faurio!<\/a><\/li><li><a href=\"https:\/\/www.paysdesecrins.com\/nl\/mijn-verlangen-om\/berg\/de-ecrins-aan-de-kant-van-de-refuge\/\">De \u00c9crins aan de kant van de refuge<\/a><\/li><\/ul><\/li><\/ul><\/li><li><a href=\"https:\/\/www.paysdesecrins.com\/nl\/alle-evenementen-in-vallouise-pelvoux\/\">Alle evenementen in Vallouise-Pelvoux<\/a><\/li><li><a href=\"https:\/\/www.paysdesecrins.com\/nl\/\">De berggeest<\/a><\/li><li><a href=\"https:\/\/www.paysdesecrins.com\/nl\/ik-kies\/\">Ik kies<\/a><ul><li><a href=\"https:\/\/www.paysdesecrins.com\/nl\/ik-kies\/activiteiten-en-materialen\/\">Activiteiten en materialen<\/a><ul><li><a href=\"https:\/\/www.paysdesecrins.com\/nl\/ik-kies\/activiteiten-en-materialen\/activiteiten\/\">Activiteiten<\/a><\/li><li><a href=\"https:\/\/www.paysdesecrins.com\/nl\/ik-kies\/activiteiten-en-materialen\/hardware\/\">Hardware<\/a><\/li><\/ul><\/li><li><a href=\"https:\/\/www.paysdesecrins.com\/nl\/ik-kies\/accommodatie-2\/\">Accommodatie<\/a><ul><li><a href=\"https:\/\/www.paysdesecrins.com\/nl\/ik-kies\/accommodatie-2\/tussenstop-en-verblijf-huisjes\/\">Tussenstop en verblijf huisjes<\/a><\/li><li><a href=\"https:\/\/www.paysdesecrins.com\/nl\/ik-kies\/accommodatie-2\/bed-en-ontbijt\/\">Bed en ontbijt<\/a><\/li><li><a href=\"https:\/\/www.paysdesecrins.com\/nl\/ik-kies\/accommodatie-2\/schuilplaatsen\/\">Schuilplaatsen<\/a><\/li><li><a href=\"https:\/\/www.paysdesecrins.com\/nl\/ik-kies\/accommodatie-2\/hotels\/\">Hotels<\/a><\/li><li><a href=\"https:\/\/www.paysdesecrins.com\/nl\/ik-kies\/accommodatie-2\/kamperen-2\/\">Campings<\/a><\/li><li><a href=\"https:\/\/www.paysdesecrins.com\/nl\/ik-kies\/accommodatie-2\/makelaarskantoor\/\">Makelaarskantoor<\/a><\/li><li><a href=\"https:\/\/www.paysdesecrins.com\/nl\/ik-kies\/accommodatie-2\/camperplaats-2\/\">Camperplaats<\/a><\/li><li><a href=\"https:\/\/www.paysdesecrins.com\/nl\/ik-kies\/accommodatie-2\/verhuur-van-vakantiehuisjes\/\">Verhuur van vakantiehuisjes<\/a><\/li><li><a href=\"https:\/\/www.paysdesecrins.com\/nl\/ik-kies\/accommodatie-2\/concierge\/\">Conci\u00ebrge<\/a><\/li><li><a href=\"https:\/\/www.paysdesecrins.com\/nl\/ik-kies\/accommodatie-2\/verhuur-van-appartementen\/\">Verhuur van appartementen<\/a><\/li><li><a href=\"https:\/\/www.paysdesecrins.com\/nl\/ik-kies\/accommodatie-2\/kolom-pagina\/\">Kolom pagina<\/a><\/li><\/ul><\/li><li><a href=\"https:\/\/www.paysdesecrins.com\/nl\/ik-kies\/accommodatie-en-restaurants\/\">Accommodatie en restaurants<\/a><ul><li><a href=\"https:\/\/www.paysdesecrins.com\/nl\/ik-kies\/accommodatie-en-restaurants\/accommodatie\/\">Accommodatie<\/a><\/li><li><a href=\"https:\/\/www.paysdesecrins.com\/nl\/ik-kies\/accommodatie-en-restaurants\/restaurants\/\">Restaurants<\/a><\/li><\/ul><\/li><li><a href=\"https:\/\/www.paysdesecrins.com\/nl\/ik-kies\/toegang-en-shuttles\/\">Toegang en vervoer<\/a><ul><li><a href=\"https:\/\/www.paysdesecrins.com\/nl\/ik-kies\/toegang-en-shuttles\/trein\/\">Trein<\/a><\/li><li><a href=\"https:\/\/www.paysdesecrins.com\/nl\/ik-kies\/toegang-en-shuttles\/het-autovrije-pays-des-ecrins-vertrekkend-vanaf-het-treinstation-argentiere-les-ecrins\/\">Het autovrije Pays des \u00c9crins, vertrekkend vanaf het station Argenti\u00e8re les \u00c9crins<\/a><\/li><li><a href=\"https:\/\/www.paysdesecrins.com\/nl\/ik-kies\/toegang-en-shuttles\/vliegtuig\/\">Vliegtuig<\/a><\/li><li><a href=\"https:\/\/www.paysdesecrins.com\/nl\/ik-kies\/toegang-en-shuttles\/weg-bus\/\">Weg\/Bus<\/a><\/li><li><a href=\"https:\/\/www.paysdesecrins.com\/nl\/ik-kies\/toegang-en-shuttles\/in-situ\/\">In situ<\/a><\/li><\/ul><\/li><li><a href=\"https:\/\/www.paysdesecrins.com\/nl\/ik-kies\/welzijn-en-verjonging\/\">Welzijn en verjonging<\/a><\/li><li><a href=\"https:\/\/www.paysdesecrins.com\/nl\/ik-kies\/bezienswaardigheden-die-u-niet-mag-missen\/\">Bezienswaardigheden die u niet mag missen<\/a><ul><li><a href=\"https:\/\/www.paysdesecrins.com\/nl\/ik-kies\/bezienswaardigheden-die-u-niet-mag-missen\/meren-op-grote-hoogte\/\">Meren op grote hoogte<\/a><\/li><li><a href=\"https:\/\/www.paysdesecrins.com\/nl\/ik-kies\/bezienswaardigheden-die-u-niet-mag-missen\/eychauda-vallei-nationaal-park-ecrins\/\">Vallon de l&#039;Eychauda<\/a><\/li><li><a href=\"https:\/\/www.paysdesecrins.com\/nl\/ik-kies\/bezienswaardigheden-die-u-niet-mag-missen\/koude-knoflook-nationaal-park-ecrins\/\">Ailefroide - Nationaal Park Ecrins<\/a><\/li><li><a href=\"https:\/\/www.paysdesecrins.com\/nl\/ik-kies\/bezienswaardigheden-die-u-niet-mag-missen\/vallon-du-fournel\/\">Vallon du Fournel<\/a><\/li><li><a href=\"https:\/\/www.paysdesecrins.com\/nl\/ik-kies\/bezienswaardigheden-die-u-niet-mag-missen\/kanton-narreyroux\/\">Kanton Narreyroux<\/a><\/li><li><a href=\"https:\/\/www.paysdesecrins.com\/nl\/ik-kies\/bezienswaardigheden-die-u-niet-mag-missen\/la-vallouise-les-vigneaux\/\">La Vallouise - Les Vigneaux<\/a><\/li><li><a href=\"https:\/\/www.paysdesecrins.com\/nl\/ik-kies\/bezienswaardigheden-die-u-niet-mag-missen\/entraygues-vallei\/\">Entraygues-vallei<\/a><\/li><li><a href=\"https:\/\/www.paysdesecrins.com\/nl\/ik-kies\/bezienswaardigheden-die-u-niet-mag-missen\/blauwe-distelreservaat\/\">Blauwe Distelreservaat<\/a><\/li><li><a href=\"https:\/\/www.paysdesecrins.com\/nl\/ik-kies\/bezienswaardigheden-die-u-niet-mag-missen\/slaapzaal\/\">Slaapzaal<\/a><\/li><li><a href=\"https:\/\/www.paysdesecrins.com\/nl\/ik-kies\/bezienswaardigheden-die-u-niet-mag-missen\/pre-de-madame-carle-parc-national-des-ecrins\/\">Pr\u00e9 de Madame Carle - Nationaal Park \u00c9crins<\/a><\/li><li><a href=\"https:\/\/www.paysdesecrins.com\/nl\/ik-kies\/bezienswaardigheden-die-u-niet-mag-missen\/barre-des-ecrins\/\">Barre des \u00c9crins<\/a><\/li><li><a href=\"https:\/\/www.paysdesecrins.com\/nl\/ik-kies\/bezienswaardigheden-die-u-niet-mag-missen\/witte-gletsjer\/\">Witte gletsjer<\/a><\/li><li><a href=\"https:\/\/www.paysdesecrins.com\/nl\/ik-kies\/bezienswaardigheden-die-u-niet-mag-missen\/de-vallei-van-de-golf\/\">De Vallei van de golf<\/a><\/li><\/ul><\/li><li><a href=\"https:\/\/www.paysdesecrins.com\/nl\/ik-kies\/winkels-en-diensten\/\">Winkels en diensten<\/a><ul><li><a href=\"https:\/\/www.paysdesecrins.com\/nl\/ik-kies\/winkels-en-diensten\/winkels\/\">Winkels<\/a><\/li><li><a href=\"https:\/\/www.paysdesecrins.com\/nl\/ik-kies\/winkels-en-diensten\/diensten\/\">Diensten<\/a><\/li><\/ul><\/li><li><a href=\"https:\/\/www.paysdesecrins.com\/nl\/ik-kies\/culturele-activiteiten-en-erfgoed\/\">CULTURELE ACTIVITEITEN EN ERFGOED<\/a><\/li><\/ul><\/li><li><a href=\"https:\/\/www.paysdesecrins.com\/nl\/wijnstokken-telen-in-het-pays-des-ecrins\/\">Wijnstokken telen in het Pays des \u00c9crins<\/a><\/li><li><a href=\"https:\/\/www.paysdesecrins.com\/nl\/de-heksenjacht\/\">De heksenjacht<\/a><\/li><li><a href=\"https:\/\/www.paysdesecrins.com\/nl\/blijft-2\/\">Blijft<\/a><\/li><li><a href=\"https:\/\/www.paysdesecrins.com\/nl\/alle-evenementen-voor-puy-saint-vincent\/\">Alle evenementen voor Puy Saint Vincent<\/a><\/li><li><a href=\"https:\/\/www.paysdesecrins.com\/nl\/weer-puy-saint-vincent\/\">Weer Puy Saint Vincent<\/a><\/li><li><a href=\"https:\/\/www.paysdesecrins.com\/nl\/webcams-puy-saint-vincent\/\">Webcams Puy Saint Vincent<\/a><\/li><li><a href=\"https:\/\/www.paysdesecrins.com\/nl\/groepen\/\">Receptie balies<\/a><\/li><li><a href=\"https:\/\/www.paysdesecrins.com\/nl\/winter-uitrusting\/\">Winter uitrusting<\/a><\/li><li><a href=\"https:\/\/www.paysdesecrins.com\/nl\/63848-2\/\">Alle ervaringen<\/a><\/li><li><a href=\"https:\/\/www.paysdesecrins.com\/nl\/grote-evenementen-in-het-pays-des-ecrins\/\">Grote evenementen in het Pays des Ecrins<\/a><ul><li><a href=\"https:\/\/www.paysdesecrins.com\/nl\/grote-evenementen-in-het-pays-des-ecrins\/festival-atout-de-brassens-juli\/\">Festival atout de Brassens - juli<\/a><\/li><li><a href=\"https:\/\/www.paysdesecrins.com\/nl\/grote-evenementen-in-het-pays-des-ecrins\/gereserveerde-passen-juni\/\">Gereserveerde passen - juni<\/a><\/li><li><a href=\"https:\/\/www.paysdesecrins.com\/nl\/grote-evenementen-in-het-pays-des-ecrins\/vorm-en-rit-juni\/\">Shape &amp; Ride - juni<\/a><\/li><li><a href=\"https:\/\/www.paysdesecrins.com\/nl\/grote-evenementen-in-het-pays-des-ecrins\/pre-opening-van-het-bikepark-juni\/\">Pre-opening van het Bike Park - juni<\/a><\/li><li><a href=\"https:\/\/www.paysdesecrins.com\/nl\/grote-evenementen-in-het-pays-des-ecrins\/frankrijk-kampioenschap-mountainbike-trial-juni\/\">Frankrijk Kampioenschap Mountainbike Trial - juni<\/a><\/li><li><a href=\"https:\/\/www.paysdesecrins.com\/nl\/grote-evenementen-in-het-pays-des-ecrins\/festival-reisdagboek-juli\/\">Festival &quot;Carnet de Voyage&quot; - juli<\/a><\/li><li><a href=\"https:\/\/www.paysdesecrins.com\/nl\/grote-evenementen-in-het-pays-des-ecrins\/vallouise-challenge-juli\/\">Vallouise Challenge - juli<\/a><\/li><li><a href=\"https:\/\/www.paysdesecrins.com\/nl\/grote-evenementen-in-het-pays-des-ecrins\/wandel-en-vliegwedstrijd-september\/\">Wandel- en vliegwedstrijd - september<\/a><\/li><li><a href=\"https:\/\/www.paysdesecrins.com\/nl\/grote-evenementen-in-het-pays-des-ecrins\/alpen-epic-puy-saint-vincent-juni\/\">Alpen Epic - Juni<\/a><\/li><li><a href=\"https:\/\/www.paysdesecrins.com\/nl\/grote-evenementen-in-het-pays-des-ecrins\/vallouise-festival-augustus\/\">Vallouise Festival - augustus<\/a><\/li><li><a href=\"https:\/\/www.paysdesecrins.com\/nl\/grote-evenementen-in-het-pays-des-ecrins\/de-bedevaart-september\/\">De Bedevaart - September<\/a><\/li><li><a href=\"https:\/\/www.paysdesecrins.com\/nl\/grote-evenementen-in-het-pays-des-ecrins\/paragliding-afstand-competitie-juni\/\">Paragliding Afstand Competitie - Juni<\/a><\/li><li><a href=\"https:\/\/www.paysdesecrins.com\/nl\/grote-evenementen-in-het-pays-des-ecrins\/klimmer-juni\/\">Klimmers - juni<\/a><\/li><li><a href=\"https:\/\/www.paysdesecrins.com\/nl\/grote-evenementen-in-het-pays-des-ecrins\/festival-musiques-en-ecrins-augustus\/\">Festival Musiques en Ecrins - Augustus<\/a><\/li><li><a href=\"https:\/\/www.paysdesecrins.com\/nl\/grote-evenementen-in-het-pays-des-ecrins\/festival-van-gidsen-en-gidsen-in-ecrins-juli\/\">Festival van de gidsen en gidsen van de \u00c9crins - juli<\/a><\/li><li><a href=\"https:\/\/www.paysdesecrins.com\/nl\/grote-evenementen-in-het-pays-des-ecrins\/muziekfestival-les-envoyageurs-augustus\/\">Muziekfestival Les Envoyageurs - augustus<\/a><\/li><li><a href=\"https:\/\/www.paysdesecrins.com\/nl\/grote-evenementen-in-het-pays-des-ecrins\/alpen-epic-juni\/\">Grand Trail des \u00e9crins - juni<\/a><\/li><li><a href=\"https:\/\/www.paysdesecrins.com\/nl\/grote-evenementen-in-het-pays-des-ecrins\/bijeenkomsten-rond-de-berg-ailefroide-juli\/\">Bijeenkomsten rond de bergen in Ailefroide - juli<\/a><\/li><li><a href=\"https:\/\/www.paysdesecrins.com\/nl\/grote-evenementen-in-het-pays-des-ecrins\/grand-trail-des-ecrins-juni\/\">Grand Trail des Ecrins - juni<\/a><\/li><li><a href=\"https:\/\/www.paysdesecrins.com\/nl\/grote-evenementen-in-het-pays-des-ecrins\/wereld-sneeuwdagen-januari\/\">Wereld Sneeuwdagen - januari<\/a><\/li><li><a href=\"https:\/\/www.paysdesecrins.com\/nl\/grote-evenementen-in-het-pays-des-ecrins\/separti-mei\/\">Sep&#039;arti - mei<\/a><\/li><li><a href=\"https:\/\/www.paysdesecrins.com\/nl\/grote-evenementen-in-het-pays-des-ecrins\/trail-de-la-haute-durance-mei\/\">Trail de la Haute Durance - mei<\/a><\/li><li><a href=\"https:\/\/www.paysdesecrins.com\/nl\/grote-evenementen-in-het-pays-des-ecrins\/frankrijk-kampioenschap-mountainbike-trial\/\">De Grote Wandeling - Januari<\/a><\/li><li><a href=\"https:\/\/www.paysdesecrins.com\/nl\/grote-evenementen-in-het-pays-des-ecrins\/franse-kajak-cross-cup-april\/\">Kajak Cross Frankrijk Cup - April<\/a><\/li><li><a href=\"https:\/\/www.paysdesecrins.com\/nl\/grote-evenementen-in-het-pays-des-ecrins\/bedevaartspad-loopt-juni\/\">Bedevaart trailrunning - juli<\/a><\/li><li><a href=\"https:\/\/www.paysdesecrins.com\/nl\/grote-evenementen-in-het-pays-des-ecrins\/lawine-spel-januari\/\">Lawine Spel - Januari<\/a><\/li><li><a href=\"https:\/\/www.paysdesecrins.com\/nl\/grote-evenementen-in-het-pays-des-ecrins\/pottenbakkersmarkt\/\">Pottenbakkersmarkt - juli<\/a><\/li><li><a href=\"https:\/\/www.paysdesecrins.com\/nl\/grote-evenementen-in-het-pays-des-ecrins\/alpen-epic-juni-2\/\">Alpen Epic juni<\/a><\/li><li><a href=\"https:\/\/www.paysdesecrins.com\/nl\/grote-evenementen-in-het-pays-des-ecrins\/animatie-en-evenementen\/\">Animatie en evenementen<\/a><ul><li><a href=\"https:\/\/www.paysdesecrins.com\/nl\/grote-evenementen-in-het-pays-des-ecrins\/animatie-en-evenementen\/grote-evenementen-in-het-land-van-de-juwelen\/\">Grote evenementen in het land van de juwelen<\/a><\/li><li><a href=\"https:\/\/www.paysdesecrins.com\/nl\/grote-evenementen-in-het-pays-des-ecrins\/animatie-en-evenementen\/evenementen-in-het-pays-des-ecrins\/\">Activiteiten in het Pays des \u00c9crins<\/a><\/li><\/ul><\/li><li><a href=\"https:\/\/www.paysdesecrins.com\/nl\/grote-evenementen-in-het-pays-des-ecrins\/alpen-epic-juni-5\/\">Alpen Epic juni<\/a><\/li><li><a href=\"https:\/\/www.paysdesecrins.com\/nl\/grote-evenementen-in-het-pays-des-ecrins\/alpen-epic-juni-3\/\">Alpen Epic juni<\/a><\/li><li><a href=\"https:\/\/www.paysdesecrins.com\/nl\/grote-evenementen-in-het-pays-des-ecrins\/alpen-epic-juni-4\/\">Alpen Epic juni<\/a><\/li><li><a href=\"https:\/\/www.paysdesecrins.com\/nl\/grote-evenementen-in-het-pays-des-ecrins\/alpeasy-juni\/\">Alp&#039;Easy - juni<\/a><\/li><li><a href=\"https:\/\/www.paysdesecrins.com\/nl\/grote-evenementen-in-het-pays-des-ecrins\/testivol-pelvoux-vallouise-januari\/\">Testivol - Pelvoux - Vallouise - januari<\/a><\/li><li><a href=\"https:\/\/www.paysdesecrins.com\/nl\/grote-evenementen-in-het-pays-des-ecrins\/de-grote-wandeling-januari\/\">De grote wandeling - januari<\/a><\/li><li><a href=\"https:\/\/www.paysdesecrins.com\/nl\/grote-evenementen-in-het-pays-des-ecrins\/frankrijk-kampioenschap-mountainbike-trial-juni-2\/\">Frankrijk Kampioenschap Mountainbike Trial - juni<\/a><\/li><li><a href=\"https:\/\/www.paysdesecrins.com\/nl\/grote-evenementen-in-het-pays-des-ecrins\/frankrijk-kampioenschap-mountainbike-trial-juni-3\/\">Frankrijk Kampioenschap Mountainbike Trial - juni<\/a><\/li><li><a href=\"https:\/\/www.paysdesecrins.com\/nl\/grote-evenementen-in-het-pays-des-ecrins\/alpen-epic-juni-8\/\">Alpen Epic juni<\/a><\/li><li><a href=\"https:\/\/www.paysdesecrins.com\/nl\/grote-evenementen-in-het-pays-des-ecrins\/alpen-epic-juni-7\/\">Alpen Epic juni<\/a><\/li><li><a href=\"https:\/\/www.paysdesecrins.com\/nl\/grote-evenementen-in-het-pays-des-ecrins\/alpen-epic-juni-6\/\">Alpen Epic juni<\/a><\/li><li><a href=\"https:\/\/www.paysdesecrins.com\/nl\/grote-evenementen-in-het-pays-des-ecrins\/pure-ski-vintage-april\/\">Pure Ski Vintage - April<\/a><\/li><li><a href=\"https:\/\/www.paysdesecrins.com\/nl\/grote-evenementen-in-het-pays-des-ecrins\/alpen-epic-juni-9\/\">Alpen Epic juni<\/a><\/li><li><a href=\"https:\/\/www.paysdesecrins.com\/nl\/grote-evenementen-in-het-pays-des-ecrins\/alpen-epic-juni-10\/\">Alpen Epic juni<\/a><\/li><li><a href=\"https:\/\/www.paysdesecrins.com\/nl\/grote-evenementen-in-het-pays-des-ecrins\/alpen-epic-juni-11\/\">Alpen Epic juni<\/a><\/li><li><a href=\"https:\/\/www.paysdesecrins.com\/nl\/grote-evenementen-in-het-pays-des-ecrins\/alpen-epic-juni-12\/\">Alpen Epic juni<\/a><\/li><li><a href=\"https:\/\/www.paysdesecrins.com\/nl\/grote-evenementen-in-het-pays-des-ecrins\/alpen-epic-juni-13\/\">Alpen Epic juni<\/a><\/li><li><a href=\"https:\/\/www.paysdesecrins.com\/nl\/grote-evenementen-in-het-pays-des-ecrins\/alpen-epic-juni-14\/\">Alpen Epic juni<\/a><\/li><li><a href=\"https:\/\/www.paysdesecrins.com\/nl\/grote-evenementen-in-het-pays-des-ecrins\/bfk-juni\/\">BFK - Juni<\/a><\/li><li><a href=\"https:\/\/www.paysdesecrins.com\/nl\/grote-evenementen-in-het-pays-des-ecrins\/alpen-epic-juni-15\/\">Alpen Epic juni<\/a><\/li><li><a href=\"https:\/\/www.paysdesecrins.com\/nl\/grote-evenementen-in-het-pays-des-ecrins\/alpen-epic-juni-16\/\">Alpen Epic juni<\/a><\/li><li><a href=\"https:\/\/www.paysdesecrins.com\/nl\/grote-evenementen-in-het-pays-des-ecrins\/alpen-epic-juni-17\/\">Alpen Epic juni<\/a><\/li><li><a href=\"https:\/\/www.paysdesecrins.com\/nl\/grote-evenementen-in-het-pays-des-ecrins\/alpen-epic-juni-18\/\">Alpen Epic juni<\/a><\/li><li><a href=\"https:\/\/www.paysdesecrins.com\/nl\/grote-evenementen-in-het-pays-des-ecrins\/festival-autour-de-brassens-juli\/\">Festival Autour de Brassens - juli<\/a><\/li><li><a href=\"https:\/\/www.paysdesecrins.com\/nl\/grote-evenementen-in-het-pays-des-ecrins\/boulderen-juli\/\">Boulderen - juli<\/a><\/li><li><a href=\"https:\/\/www.paysdesecrins.com\/nl\/grote-evenementen-in-het-pays-des-ecrins\/alpen-epic-juni-19\/\">Alpen Epic juni<\/a><\/li><li><a href=\"https:\/\/www.paysdesecrins.com\/nl\/grote-evenementen-in-het-pays-des-ecrins\/storytelling-festival-juli\/\">Storytelling Festival - juli<\/a><\/li><li><a href=\"https:\/\/www.paysdesecrins.com\/nl\/grote-evenementen-in-het-pays-des-ecrins\/frankrijk-xc-kampioenschap-mountainbike-juni\/\">Frankrijk Mountain Bike XC Championship - juni<\/a><\/li><\/ul><\/li><li><a href=\"https:\/\/www.paysdesecrins.com\/nl\/zwemmen-in-de-ecrins\/\">Zwemmen in de \u00c9crins<\/a><\/li><li><a href=\"https:\/\/www.paysdesecrins.com\/nl\/wonen\/\">WONEN<\/a><\/li><li><a href=\"https:\/\/www.paysdesecrins.com\/nl\/60792-2\/\">Webcams Vallouise-Pelvoux<\/a><\/li><li><a href=\"https:\/\/www.paysdesecrins.com\/nl\/het-pays-des-ecrins-duurzaam-van-aard\/\">Het Pays des \u00c9crins, duurzaam van aard<\/a><\/li><li><a href=\"https:\/\/www.paysdesecrins.com\/nl\/45949-2\/\">Geschiedenis van het bergbeklimmen<\/a><\/li><li><a href=\"https:\/\/www.paysdesecrins.com\/nl\/het-nationaal-park-ecrins\/\">Het Nationaal Park \u00c9crins<\/a><\/li><li><a href=\"https:\/\/www.paysdesecrins.com\/nl\/insluiting\/\">Insluiting<\/a><\/li><li><a href=\"https:\/\/www.paysdesecrins.com\/nl\/bergbeklimmen-dorpen\/\">Bergbeklimmen dorpen<\/a><\/li><li><a href=\"https:\/\/www.paysdesecrins.com\/nl\/pelvoux-vallouise-volgens-tony-lamiche\/\">Pelvoux-Vallouise volgens Tony LAMICHE<\/a><\/li><li><a href=\"https:\/\/www.paysdesecrins.com\/nl\/johan-charron\/\">Johan Charron<\/a><\/li><li><a href=\"https:\/\/www.paysdesecrins.com\/nl\/de-rehutten-van-het-pays-des-ecrins\/\">De rehutten van het Pays des \u00c9crins<\/a><\/li><li><a href=\"https:\/\/www.paysdesecrins.com\/nl\/portret-claude-albrand\/\">Portret Claude Albrand<\/a><\/li><li><a href=\"https:\/\/www.paysdesecrins.com\/nl\/test-lijst\/\">Test lijst<\/a><\/li><li><a href=\"https:\/\/www.paysdesecrins.com\/nl\/algemene-verkoopsvoorwaarden\/\">Algemene verkoopsvoorwaarden<\/a><\/li><li><a href=\"https:\/\/www.paysdesecrins.com\/nl\/ambacht\/\">Ambacht<\/a><\/li><li><a href=\"https:\/\/www.paysdesecrins.com\/nl\/schrijf-u-in-voor-onze-nieuwsbrieven\/\">Schrijf u in voor onze nieuwsbrieven!<\/a><\/li><li><a href=\"https:\/\/www.paysdesecrins.com\/nl\/meer-informatie-nodig\/\">Meer informatie nodig?<\/a><\/li><li><a href=\"https:\/\/www.paysdesecrins.com\/nl\/een-nacht-onder-de-sterren-van-dormillouse\/\">Een nacht onder de sterren van Dormillouse<\/a><\/li><li><a href=\"https:\/\/www.paysdesecrins.com\/nl\/pelsjagers-op-het-spoor-van-de-dieren-van-het-pays-des-ecrins\/\">Pelsjagers op het spoor van de dieren van het Pays des \u00c9crins<\/a><\/li><li><a href=\"https:\/\/www.paysdesecrins.com\/nl\/heb-je-zin-in-een-poolavontuur\/\">Heb je zin in een poolavontuur?<\/a><\/li><li><a href=\"https:\/\/www.paysdesecrins.com\/nl\/toerskien-in-pelvoux-vallouise\/\">Toerski\u00ebn in Pelvoux-Vallouise<\/a><\/li><li><a href=\"https:\/\/www.paysdesecrins.com\/nl\/weer-vallouise-pelvoux\/\">Weer - Vallouise Pelvoux<\/a><\/li><li><a href=\"https:\/\/www.paysdesecrins.com\/nl\/noordse-activiteiten-voor-de-kleintjes\/\">Het Pays des \u00c9crins met het gezin<\/a><\/li><li><a href=\"https:\/\/www.paysdesecrins.com\/nl\/activiteiten-9\/\">Activiteiten<\/a><\/li><li><a href=\"https:\/\/www.paysdesecrins.com\/nl\/accommodatie\/\">Accommodatie<\/a><\/li><li><a href=\"https:\/\/www.paysdesecrins.com\/nl\/blog\/\">Blog<\/a><\/li><li><a href=\"https:\/\/www.paysdesecrins.com\/nl\/mijn-resort-mijn-dorp\/\">Mijn resort, mijn dorp<\/a><ul><li><a href=\"https:\/\/www.paysdesecrins.com\/nl\/mijn-resort-mijn-dorp\/champcella\/\">Champcella<\/a><ul><li><a href=\"https:\/\/www.paysdesecrins.com\/nl\/mijn-resort-mijn-dorp\/champcella\/gebeurtenis\/\">Gebeurtenissen<\/a><\/li><li><a href=\"https:\/\/www.paysdesecrins.com\/nl\/mijn-resort-mijn-dorp\/champcella\/culturele-activiteiten-en-erfgoed-2\/\">Culturele activiteiten en erfgoed<\/a><\/li><li><a href=\"https:\/\/www.paysdesecrins.com\/nl\/mijn-resort-mijn-dorp\/champcella\/animatie\/\">Animaties<\/a><\/li><li><a href=\"https:\/\/www.paysdesecrins.com\/nl\/mijn-resort-mijn-dorp\/champcella\/activiteiten-8\/\">Activiteiten<\/a><\/li><li><a href=\"https:\/\/www.paysdesecrins.com\/nl\/mijn-resort-mijn-dorp\/champcella\/alle-accommodaties-7\/\">Alle accommodaties<\/a><ul><li><a href=\"https:\/\/www.paysdesecrins.com\/nl\/mijn-resort-mijn-dorp\/champcella\/alle-accommodaties-7\/tussenstop-en-verblijf-huisjes-2\/\">Tussenstop en verblijf huisjes<\/a><\/li><li><a href=\"https:\/\/www.paysdesecrins.com\/nl\/mijn-resort-mijn-dorp\/champcella\/alle-accommodaties-7\/verhuur-van-vakantiehuisjes\/\">Verhuur van vakantiehuisjes<\/a><\/li><li><a href=\"https:\/\/www.paysdesecrins.com\/nl\/mijn-resort-mijn-dorp\/champcella\/alle-accommodaties-7\/verhuur-van-appartementen\/\">Verhuur van appartementen<\/a><\/li><\/ul><\/li><\/ul><\/li><li><a href=\"https:\/\/www.paysdesecrins.com\/nl\/mijn-resort-mijn-dorp\/la-roche-de-rame\/\">La Roche-de-rame<\/a><ul><li><a href=\"https:\/\/www.paysdesecrins.com\/nl\/mijn-resort-mijn-dorp\/la-roche-de-rame\/activiteiten-4\/\">Activiteiten<\/a><\/li><li><a href=\"https:\/\/www.paysdesecrins.com\/nl\/mijn-resort-mijn-dorp\/la-roche-de-rame\/alle-accommodaties-4\/\">Alle accommodaties<\/a><ul><li><a href=\"https:\/\/www.paysdesecrins.com\/nl\/mijn-resort-mijn-dorp\/la-roche-de-rame\/alle-accommodaties-4\/kamperen\/\">Kamperen<\/a><\/li><li><a href=\"https:\/\/www.paysdesecrins.com\/nl\/mijn-resort-mijn-dorp\/la-roche-de-rame\/alle-accommodaties-4\/verhuur-van-appartementen\/\">Verhuur van appartementen<\/a><\/li><\/ul><\/li><li><a href=\"https:\/\/www.paysdesecrins.com\/nl\/mijn-resort-mijn-dorp\/la-roche-de-rame\/diensten-postkantoren-artsen-kinderdagverblijven-enz\/\">Diensten (postkantoren, artsen, kinderdagverblijven, enz.)<\/a><\/li><li><a href=\"https:\/\/www.paysdesecrins.com\/nl\/mijn-resort-mijn-dorp\/la-roche-de-rame\/uitrusting-winkels-winkels-winkels\/\">Uitrusting, Winkels (winkels, winkels...)<\/a><\/li><li><a href=\"https:\/\/www.paysdesecrins.com\/nl\/mijn-resort-mijn-dorp\/la-roche-de-rame\/gebeurtenis\/\">Gebeurtenissen<\/a><\/li><li><a href=\"https:\/\/www.paysdesecrins.com\/nl\/mijn-resort-mijn-dorp\/la-roche-de-rame\/animatie\/\">Animaties<\/a><\/li><li><a href=\"https:\/\/www.paysdesecrins.com\/nl\/mijn-resort-mijn-dorp\/la-roche-de-rame\/culturele-activiteiten-en-erfgoed-2\/\">Culturele activiteiten en erfgoed<\/a><\/li><li><a href=\"https:\/\/www.paysdesecrins.com\/nl\/mijn-resort-mijn-dorp\/la-roche-de-rame\/restaurants\/\">Restaurants<\/a><\/li><\/ul><\/li><li><a href=\"https:\/\/www.paysdesecrins.com\/nl\/mijn-resort-mijn-dorp\/freissinieres-dormillouse\/\">Freissini\u00e8res<\/a><ul><li><a href=\"https:\/\/www.paysdesecrins.com\/nl\/mijn-resort-mijn-dorp\/freissinieres-dormillouse\/activiteiten\/\">Outdooractiviteiten in Freissini\u00e8res<\/a><\/li><li><a href=\"https:\/\/www.paysdesecrins.com\/nl\/mijn-resort-mijn-dorp\/freissinieres-dormillouse\/alle-accommodaties\/\">Vakantie in Freissini\u00e8res<\/a><ul><li><a href=\"https:\/\/www.paysdesecrins.com\/nl\/mijn-resort-mijn-dorp\/freissinieres-dormillouse\/alle-accommodaties\/kamperen\/\">Kamperen<\/a><\/li><li><a href=\"https:\/\/www.paysdesecrins.com\/nl\/mijn-resort-mijn-dorp\/freissinieres-dormillouse\/alle-accommodaties\/camperplaats\/\">Camperplaats<\/a><\/li><li><a href=\"https:\/\/www.paysdesecrins.com\/nl\/mijn-resort-mijn-dorp\/freissinieres-dormillouse\/alle-accommodaties\/bed-breakfast\/\">Bed  Breakfast<\/a><\/li><li><a href=\"https:\/\/www.paysdesecrins.com\/nl\/mijn-resort-mijn-dorp\/freissinieres-dormillouse\/alle-accommodaties\/tussenstop-en-verblijf-huisjes\/\">Tussenstop en verblijf huisjes<\/a><\/li><li><a href=\"https:\/\/www.paysdesecrins.com\/nl\/mijn-resort-mijn-dorp\/freissinieres-dormillouse\/alle-accommodaties\/verhuur-van-appartementen\/\">Verhuur van appartementen<\/a><\/li><li><a href=\"https:\/\/www.paysdesecrins.com\/nl\/mijn-resort-mijn-dorp\/freissinieres-dormillouse\/alle-accommodaties\/verhuur-van-vakantiehuisjes\/\">Verhuur van vakantiehuisjes<\/a><\/li><li><a href=\"https:\/\/www.paysdesecrins.com\/nl\/mijn-resort-mijn-dorp\/freissinieres-dormillouse\/alle-accommodaties\/hotels\/\">Hotels<\/a><\/li><\/ul><\/li><li><a href=\"https:\/\/www.paysdesecrins.com\/nl\/mijn-resort-mijn-dorp\/freissinieres-dormillouse\/diensten-postkantoren-artsen-kinderdagverblijven-enz\/\">Diensten (postkantoren, artsen, kinderdagverblijven, enz.)<\/a><\/li><li><a href=\"https:\/\/www.paysdesecrins.com\/nl\/mijn-resort-mijn-dorp\/freissinieres-dormillouse\/uitrusting-winkels-winkels-winkels\/\">Uitrusting en winkels in Freissini\u00e8res<\/a><\/li><li><a href=\"https:\/\/www.paysdesecrins.com\/nl\/mijn-resort-mijn-dorp\/freissinieres-dormillouse\/gebeurtenis\/\">Evenement in Freissini\u00e8res<\/a><\/li><li><a href=\"https:\/\/www.paysdesecrins.com\/nl\/mijn-resort-mijn-dorp\/freissinieres-dormillouse\/animatie\/\">Activiteiten in Freissini\u00e8res<\/a><\/li><li><a href=\"https:\/\/www.paysdesecrins.com\/nl\/mijn-resort-mijn-dorp\/freissinieres-dormillouse\/culturele-activiteiten-en-erfgoed\/\">Culturele activiteiten en erfgoed in Freissini\u00e8res<\/a><\/li><li><a href=\"https:\/\/www.paysdesecrins.com\/nl\/mijn-resort-mijn-dorp\/freissinieres-dormillouse\/restaurants\/\">Restaurants in Freissini\u00e8res<\/a><\/li><\/ul><\/li><li><a href=\"https:\/\/www.paysdesecrins.com\/nl\/mijn-resort-mijn-dorp\/saint-martin-de-queyrieres\/\">Saint-Martin-de-queyri\u00e8res<\/a><ul><li><a href=\"https:\/\/www.paysdesecrins.com\/nl\/mijn-resort-mijn-dorp\/saint-martin-de-queyrieres\/activiteiten-5\/\">Activiteiten<\/a><\/li><li><a href=\"https:\/\/www.paysdesecrins.com\/nl\/mijn-resort-mijn-dorp\/saint-martin-de-queyrieres\/alle-accommodaties-5\/\">Alle accommodaties<\/a><ul><li><a href=\"https:\/\/www.paysdesecrins.com\/nl\/mijn-resort-mijn-dorp\/saint-martin-de-queyrieres\/alle-accommodaties-5\/bed-breakfast\/\">Bed  Breakfast<\/a><\/li><li><a href=\"https:\/\/www.paysdesecrins.com\/nl\/mijn-resort-mijn-dorp\/saint-martin-de-queyrieres\/alle-accommodaties-5\/kamperen\/\">Campings<\/a><\/li><li><a href=\"https:\/\/www.paysdesecrins.com\/nl\/mijn-resort-mijn-dorp\/saint-martin-de-queyrieres\/alle-accommodaties-5\/tussenstop-en-verblijf-huisjes\/\">Tussenstop en verblijf huisjes<\/a><\/li><li><a href=\"https:\/\/www.paysdesecrins.com\/nl\/mijn-resort-mijn-dorp\/saint-martin-de-queyrieres\/alle-accommodaties-5\/verhuur-van-vakantiehuisjes\/\">Verhuur van vakantiehuisjes<\/a><\/li><\/ul><\/li><li><a href=\"https:\/\/www.paysdesecrins.com\/nl\/mijn-resort-mijn-dorp\/saint-martin-de-queyrieres\/diensten-postkantoren-artsen-kinderdagverblijven-enz\/\">Diensten (postkantoren, artsen, kinderdagverblijven, enz.)<\/a><\/li><li><a href=\"https:\/\/www.paysdesecrins.com\/nl\/mijn-resort-mijn-dorp\/saint-martin-de-queyrieres\/uitrusting-winkels-winkels-winkels\/\">Uitrusting, Winkels (winkels, winkels...)<\/a><\/li><li><a href=\"https:\/\/www.paysdesecrins.com\/nl\/mijn-resort-mijn-dorp\/saint-martin-de-queyrieres\/animatie\/\">Animatie<\/a><\/li><li><a href=\"https:\/\/www.paysdesecrins.com\/nl\/mijn-resort-mijn-dorp\/saint-martin-de-queyrieres\/restaurants\/\">Restaurants<\/a><\/li><li><a href=\"https:\/\/www.paysdesecrins.com\/nl\/mijn-resort-mijn-dorp\/saint-martin-de-queyrieres\/culturele-activiteiten-en-erfgoed-2\/\">Culturele activiteiten en erfgoed<\/a><\/li><\/ul><\/li><li><a href=\"https:\/\/www.paysdesecrins.com\/nl\/mijn-resort-mijn-dorp\/pelvoux-vallouise-ailefroide\/\">Vallouise-Pelvoux<\/a><ul><li><a href=\"https:\/\/www.paysdesecrins.com\/nl\/mijn-resort-mijn-dorp\/pelvoux-vallouise-ailefroide\/activiteiten-2\/\">Activiteiten in Vallouise-Pelvoux<\/a><\/li><li><a href=\"https:\/\/www.paysdesecrins.com\/nl\/mijn-resort-mijn-dorp\/pelvoux-vallouise-ailefroide\/vallouise-noords-gebied\/\">Vallouise Noords gebied<\/a><\/li><li><a href=\"https:\/\/www.paysdesecrins.com\/nl\/mijn-resort-mijn-dorp\/pelvoux-vallouise-ailefroide\/alle-accommodaties-2\/\">Alle woningen in Vallouise-Pelvoux<\/a><ul><li><a href=\"https:\/\/www.paysdesecrins.com\/nl\/mijn-resort-mijn-dorp\/pelvoux-vallouise-ailefroide\/alle-accommodaties-2\/tussenstop-en-verblijf-huisjes\/\">Tussenstop en verblijf huisjes<\/a><\/li><li><a href=\"https:\/\/www.paysdesecrins.com\/nl\/mijn-resort-mijn-dorp\/pelvoux-vallouise-ailefroide\/alle-accommodaties-2\/camperplaats\/\">Camperplaats<\/a><\/li><li><a href=\"https:\/\/www.paysdesecrins.com\/nl\/mijn-resort-mijn-dorp\/pelvoux-vallouise-ailefroide\/alle-accommodaties-2\/kamperen\/\">Kamperen<\/a><\/li><li><a href=\"https:\/\/www.paysdesecrins.com\/nl\/mijn-resort-mijn-dorp\/pelvoux-vallouise-ailefroide\/alle-accommodaties-2\/bed-breakfast\/\">Bed  Breakfast<\/a><\/li><li><a href=\"https:\/\/www.paysdesecrins.com\/nl\/mijn-resort-mijn-dorp\/pelvoux-vallouise-ailefroide\/alle-accommodaties-2\/verhuur-van-vakantiehuisjes\/\">Verhuur van vakantiehuisjes<\/a><\/li><li><a href=\"https:\/\/www.paysdesecrins.com\/nl\/mijn-resort-mijn-dorp\/pelvoux-vallouise-ailefroide\/alle-accommodaties-2\/makelaarskantoor\/\">Makelaarskantoor<\/a><\/li><li><a href=\"https:\/\/www.paysdesecrins.com\/nl\/mijn-resort-mijn-dorp\/pelvoux-vallouise-ailefroide\/alle-accommodaties-2\/verhuur-van-appartementen\/\">Verhuur van appartementen<\/a><\/li><li><a href=\"https:\/\/www.paysdesecrins.com\/nl\/mijn-resort-mijn-dorp\/pelvoux-vallouise-ailefroide\/alle-accommodaties-2\/hotels\/\">Hotels<\/a><\/li><\/ul><\/li><li><a href=\"https:\/\/www.paysdesecrins.com\/nl\/mijn-resort-mijn-dorp\/pelvoux-vallouise-ailefroide\/diensten-postkantoren-artsen-kinderdagverblijven-enz\/\">Diensten in Vallouise-Pelvoux<\/a><\/li><li><a href=\"https:\/\/www.paysdesecrins.com\/nl\/mijn-resort-mijn-dorp\/pelvoux-vallouise-ailefroide\/uitrusting-winkels-winkels-winkels\/\">Uitrusting en verhuur in Vallouise-Pelvoux<\/a><\/li><li><a href=\"https:\/\/www.paysdesecrins.com\/nl\/mijn-resort-mijn-dorp\/pelvoux-vallouise-ailefroide\/animatie\/\">Activiteiten in Vallouise-Pelvoux<\/a><\/li><li><a href=\"https:\/\/www.paysdesecrins.com\/nl\/mijn-resort-mijn-dorp\/pelvoux-vallouise-ailefroide\/gebeurtenis\/\">Evenementen in Vallouise-Pelvoux<\/a><\/li><li><a href=\"https:\/\/www.paysdesecrins.com\/nl\/mijn-resort-mijn-dorp\/pelvoux-vallouise-ailefroide\/culturele-activiteiten-en-erfgoed\/\">Culturele activiteiten en erfgoed in Vallouise-Pelvoux<\/a><\/li><li><a href=\"https:\/\/www.paysdesecrins.com\/nl\/mijn-resort-mijn-dorp\/pelvoux-vallouise-ailefroide\/restaurants\/\">Alle restaurants in Vallouise-Pelvoux en Ailefroide<\/a><\/li><\/ul><\/li><li><a href=\"https:\/\/www.paysdesecrins.com\/nl\/mijn-resort-mijn-dorp\/de-vigneaux\/\">De Vigneaux<\/a><ul><li><a href=\"https:\/\/www.paysdesecrins.com\/nl\/mijn-resort-mijn-dorp\/de-vigneaux\/activiteiten-6\/\">Activiteiten<\/a><\/li><li><a href=\"https:\/\/www.paysdesecrins.com\/nl\/mijn-resort-mijn-dorp\/de-vigneaux\/hotels\/\">Hotels<\/a><\/li><li><a href=\"https:\/\/www.paysdesecrins.com\/nl\/mijn-resort-mijn-dorp\/de-vigneaux\/uitrusting-winkels-winkels-winkels\/\">Uitrusting, Winkels (winkels, winkels...)<\/a><\/li><li><a href=\"https:\/\/www.paysdesecrins.com\/nl\/mijn-resort-mijn-dorp\/de-vigneaux\/alle-accommodaties-6\/\">Alle accommodaties<\/a><ul><li><a href=\"https:\/\/www.paysdesecrins.com\/nl\/mijn-resort-mijn-dorp\/de-vigneaux\/alle-accommodaties-6\/camperplaats\/\">Camperplaats<\/a><\/li><li><a href=\"https:\/\/www.paysdesecrins.com\/nl\/mijn-resort-mijn-dorp\/de-vigneaux\/alle-accommodaties-6\/kamperen\/\">Campings<\/a><\/li><li><a href=\"https:\/\/www.paysdesecrins.com\/nl\/mijn-resort-mijn-dorp\/de-vigneaux\/alle-accommodaties-6\/tussenstop-en-verblijf-huisjes\/\">Tussenstop en verblijf huisjes<\/a><\/li><li><a href=\"https:\/\/www.paysdesecrins.com\/nl\/mijn-resort-mijn-dorp\/de-vigneaux\/alle-accommodaties-6\/makelaarskantoor\/\">Makelaarskantoor<\/a><\/li><li><a href=\"https:\/\/www.paysdesecrins.com\/nl\/mijn-resort-mijn-dorp\/de-vigneaux\/alle-accommodaties-6\/bed-breakfast\/\">Bed  Breakfast<\/a><\/li><li><a href=\"https:\/\/www.paysdesecrins.com\/nl\/mijn-resort-mijn-dorp\/de-vigneaux\/alle-accommodaties-6\/verhuur-van-appartementen\/\">Verhuur van appartementen<\/a><\/li><li><a href=\"https:\/\/www.paysdesecrins.com\/nl\/mijn-resort-mijn-dorp\/de-vigneaux\/alle-accommodaties-6\/verhuur-van-vakantiehuisjes\/\">Verhuur van vakantiehuisjes<\/a><\/li><\/ul><\/li><li><a href=\"https:\/\/www.paysdesecrins.com\/nl\/mijn-resort-mijn-dorp\/de-vigneaux\/gebeurtenis\/\">Gebeurtenissen<\/a><\/li><li><a href=\"https:\/\/www.paysdesecrins.com\/nl\/mijn-resort-mijn-dorp\/de-vigneaux\/diensten-postkantoren-artsen-kinderdagverblijven-enz\/\">Diensten (postkantoren, artsen, kinderdagverblijven, enz.)<\/a><\/li><li><a href=\"https:\/\/www.paysdesecrins.com\/nl\/mijn-resort-mijn-dorp\/de-vigneaux\/animatie\/\">Animatie<\/a><\/li><li><a href=\"https:\/\/www.paysdesecrins.com\/nl\/mijn-resort-mijn-dorp\/de-vigneaux\/culturele-activiteiten-en-erfgoed-2\/\">Culturele activiteiten en erfgoed<\/a><\/li><li><a href=\"https:\/\/www.paysdesecrins.com\/nl\/mijn-resort-mijn-dorp\/de-vigneaux\/restaurants\/\">Restaurants<\/a><\/li><\/ul><\/li><li><a href=\"https:\/\/www.paysdesecrins.com\/nl\/mijn-resort-mijn-dorp\/puy-saint-vincent\/\">Puy-Saint-Vincent<\/a><ul><li><a href=\"https:\/\/www.paysdesecrins.com\/nl\/mijn-resort-mijn-dorp\/puy-saint-vincent\/animaties\/\">Entertainment in Puy Saint Vincent<\/a><\/li><li><a href=\"https:\/\/www.paysdesecrins.com\/nl\/mijn-resort-mijn-dorp\/puy-saint-vincent\/apparatuur-en-winkels\/\">Uitrusting en winkels in Puy Saint Vincent<\/a><\/li><li><a href=\"https:\/\/www.paysdesecrins.com\/nl\/mijn-resort-mijn-dorp\/puy-saint-vincent\/gebeurtenissen\/\">Evenementen in Puy Saint Vincent<\/a><\/li><li><a href=\"https:\/\/www.paysdesecrins.com\/nl\/mijn-resort-mijn-dorp\/puy-saint-vincent\/activiteiten-3\/\">Activiteiten in Puy Saint Vincent<\/a><\/li><li><a href=\"https:\/\/www.paysdesecrins.com\/nl\/mijn-resort-mijn-dorp\/puy-saint-vincent\/culturele-activiteiten-en-erfgoed\/\">Culturele en erfgoedactiviteiten in Puy Saint Vincent<\/a><\/li><li><a href=\"https:\/\/www.paysdesecrins.com\/nl\/mijn-resort-mijn-dorp\/puy-saint-vincent\/restaurants\/\">Restaurants in Puy Saint Vincent<\/a><\/li><li><a href=\"https:\/\/www.paysdesecrins.com\/nl\/mijn-resort-mijn-dorp\/puy-saint-vincent\/noords-gebied-van-puy-saint-vincent\/\">Noords gebied van Puy Saint Vincent<\/a><\/li><li><a href=\"https:\/\/www.paysdesecrins.com\/nl\/mijn-resort-mijn-dorp\/puy-saint-vincent\/alle-accommodaties-3\/\">Alle overnachtingen in: Puy Saint Vincent<\/a><ul><li><a href=\"https:\/\/www.paysdesecrins.com\/nl\/mijn-resort-mijn-dorp\/puy-saint-vincent\/alle-accommodaties-3\/camperplaats\/\">Camperplaats<\/a><\/li><li><a href=\"https:\/\/www.paysdesecrins.com\/nl\/mijn-resort-mijn-dorp\/puy-saint-vincent\/alle-accommodaties-3\/kamperen\/\">Kamperen<\/a><\/li><li><a href=\"https:\/\/www.paysdesecrins.com\/nl\/mijn-resort-mijn-dorp\/puy-saint-vincent\/alle-accommodaties-3\/tussenstop-en-verblijf-huisjes\/\">Tussenstop en verblijf huisjes<\/a><\/li><li><a href=\"https:\/\/www.paysdesecrins.com\/nl\/mijn-resort-mijn-dorp\/puy-saint-vincent\/alle-accommodaties-3\/bed-breakfast\/\">Bed  Breakfast<\/a><\/li><li><a href=\"https:\/\/www.paysdesecrins.com\/nl\/mijn-resort-mijn-dorp\/puy-saint-vincent\/alle-accommodaties-3\/concierge\/\">Conci\u00ebrge<\/a><\/li><li><a href=\"https:\/\/www.paysdesecrins.com\/nl\/mijn-resort-mijn-dorp\/puy-saint-vincent\/alle-accommodaties-3\/makelaarskantoor\/\">Makelaarskantoor<\/a><\/li><li><a href=\"https:\/\/www.paysdesecrins.com\/nl\/mijn-resort-mijn-dorp\/puy-saint-vincent\/alle-accommodaties-3\/verhuur-van-appartementen\/\">Verhuur van appartementen<\/a><\/li><li><a href=\"https:\/\/www.paysdesecrins.com\/nl\/mijn-resort-mijn-dorp\/puy-saint-vincent\/alle-accommodaties-3\/verhuur-van-vakantiehuisjes\/\">Verhuur van vakantiehuisjes<\/a><\/li><li><a href=\"https:\/\/www.paysdesecrins.com\/nl\/mijn-resort-mijn-dorp\/puy-saint-vincent\/alle-accommodaties-3\/hotels\/\">Hotels<\/a><\/li><\/ul><\/li><\/ul><\/li><li><a href=\"https:\/\/www.paysdesecrins.com\/nl\/mijn-resort-mijn-dorp\/largentiere-la-bessee\/\">L&#039;Argenti\u00e8re-la-Bess\u00e9e<\/a><ul><li><a href=\"https:\/\/www.paysdesecrins.com\/nl\/mijn-resort-mijn-dorp\/largentiere-la-bessee\/activiteiten-7\/\">Activiteiten<\/a><\/li><li><a href=\"https:\/\/www.paysdesecrins.com\/nl\/mijn-resort-mijn-dorp\/largentiere-la-bessee\/diensten-postkantoren-artsen-kinderdagverblijven-enz\/\">Diensten (postkantoren, artsen, kinderdagverblijven, enz.)<\/a><\/li><li><a href=\"https:\/\/www.paysdesecrins.com\/nl\/mijn-resort-mijn-dorp\/largentiere-la-bessee\/gebeurtenis\/\">Gebeurtenissen<\/a><\/li><li><a href=\"https:\/\/www.paysdesecrins.com\/nl\/mijn-resort-mijn-dorp\/largentiere-la-bessee\/uitrusting-winkels-winkels-winkels\/\">Uitrusting, Winkels (winkels, winkels...)<\/a><\/li><li><a href=\"https:\/\/www.paysdesecrins.com\/nl\/mijn-resort-mijn-dorp\/largentiere-la-bessee\/animatie\/\">Animatie - Test4<\/a><\/li><li><a href=\"https:\/\/www.paysdesecrins.com\/nl\/mijn-resort-mijn-dorp\/largentiere-la-bessee\/culturele-activiteiten-en-erfgoed\/\">Culturele activiteiten en erfgoed<\/a><\/li><li><a href=\"https:\/\/www.paysdesecrins.com\/nl\/mijn-resort-mijn-dorp\/largentiere-la-bessee\/restaurants\/\">Restaurants<\/a><\/li><li><a href=\"https:\/\/www.paysdesecrins.com\/nl\/mijn-resort-mijn-dorp\/largentiere-la-bessee\/alle-accommodaties-8\/\">Alle accommodaties<\/a><ul><li><a href=\"https:\/\/www.paysdesecrins.com\/nl\/mijn-resort-mijn-dorp\/largentiere-la-bessee\/alle-accommodaties-8\/camperplaats\/\">Camperplaats<\/a><\/li><li><a href=\"https:\/\/www.paysdesecrins.com\/nl\/mijn-resort-mijn-dorp\/largentiere-la-bessee\/alle-accommodaties-8\/kamperen\/\">Campings<\/a><\/li><li><a href=\"https:\/\/www.paysdesecrins.com\/nl\/mijn-resort-mijn-dorp\/largentiere-la-bessee\/alle-accommodaties-8\/tussenstop-en-verblijf-huisjes\/\">Tussenstop en verblijf huisjes<\/a><\/li><li><a href=\"https:\/\/www.paysdesecrins.com\/nl\/mijn-resort-mijn-dorp\/largentiere-la-bessee\/alle-accommodaties-8\/bed-breakfast\/\">Bed  Breakfast<\/a><\/li><li><a href=\"https:\/\/www.paysdesecrins.com\/nl\/mijn-resort-mijn-dorp\/largentiere-la-bessee\/alle-accommodaties-8\/makelaarskantoor-2\/\">Makelaarskantoor<\/a><\/li><li><a href=\"https:\/\/www.paysdesecrins.com\/nl\/mijn-resort-mijn-dorp\/largentiere-la-bessee\/alle-accommodaties-8\/verhuur-van-vakantiehuisjes\/\">Verhuur van vakantiehuisjes<\/a><\/li><li><a href=\"https:\/\/www.paysdesecrins.com\/nl\/mijn-resort-mijn-dorp\/largentiere-la-bessee\/alle-accommodaties-8\/verhuur-van-appartementen\/\">Verhuur van appartementen<\/a><\/li><li><a href=\"https:\/\/www.paysdesecrins.com\/nl\/mijn-resort-mijn-dorp\/largentiere-la-bessee\/alle-accommodaties-8\/hotels\/\">Hotels<\/a><\/li><\/ul><\/li><\/ul><\/li><\/ul><\/li><li><a href=\"https:\/\/www.paysdesecrins.com\/nl\/skipassen\/\">Skipassen<\/a><\/li><li><a href=\"https:\/\/www.paysdesecrins.com\/nl\/het-team-van-het-office-du-pays-des-ecrins\/\">Het team van het Office du Pays des \u00e9crins<\/a><\/li><li><a href=\"https:\/\/www.paysdesecrins.com\/nl\/cours-de-ski\/\">Cours de ski<\/a><\/li><li><a href=\"https:\/\/www.paysdesecrins.com\/nl\/tabbladen-testen\/\">Tabbladen testen<\/a><\/li><li><a href=\"https:\/\/www.paysdesecrins.com\/nl\/beleef-de-bergen-op-een-andere-manier-langzaam-toerisme-en-opgeschorte-momenten\/\">Beleef de bergen op een andere manier: langzaam toerisme en opgeschorte momenten<\/a><\/li><li><a href=\"https:\/\/www.paysdesecrins.com\/nl\/vragen\/\">Vragen<\/a><\/li><li><a href=\"https:\/\/www.paysdesecrins.com\/nl\/verhuur-van-apparatuur-2\/\">Verhuur van apparatuur<\/a><\/li><li><a href=\"https:\/\/www.paysdesecrins.com\/nl\/partners\/\">Partners<\/a><\/li><li><a href=\"https:\/\/www.paysdesecrins.com\/nl\/pagina-apidae\/\">Pagina APIDAE<\/a><\/li><li><a href=\"https:\/\/www.paysdesecrins.com\/nl\/internet-verblijf\/\">Ik ben er<\/a><\/li><li><a href=\"https:\/\/www.paysdesecrins.com\/nl\/test-lijst-2\/\">Test lijst<\/a><\/li><li><a href=\"https:\/\/www.paysdesecrins.com\/nl\/recensie-css-integratie-pagina\/\">[RECENSIE] CSS-integratie pagina<\/a><\/li><li><a href=\"https:\/\/www.paysdesecrins.com\/nl\/tabbladen-tests\/\">Tabbladen Tests<\/a><\/li><li><a href=\"https:\/\/www.paysdesecrins.com\/nl\/een-2-delige-studie\/\">Een 2-delige studie<\/a><\/li><li><a href=\"https:\/\/www.paysdesecrins.com\/nl\/pers-gebied\/\">Pers gebied<\/a><ul><li><a href=\"https:\/\/www.paysdesecrins.com\/nl\/pers-gebied\/bloggers-en-het-pays-des-ecrins\/\">Bloggers en het Pays des \u00c9crins<\/a><\/li><\/ul><\/li><li><a href=\"https:\/\/www.paysdesecrins.com\/nl\/blijft\/\">Al onze verblijven<\/a><ul><li><a href=\"https:\/\/www.paysdesecrins.com\/nl\/blijft\/blijft-3\/\">Zelfstandig verblijf<\/a><\/li><li><a href=\"https:\/\/www.paysdesecrins.com\/nl\/blijft\/begeleid-verblijf\/\">Begeleid verblijf<\/a><\/li><li><a href=\"https:\/\/www.paysdesecrins.com\/nl\/blijft\/professioneel-gebied\/\">Professioneel gebied<\/a><ul><li><a href=\"https:\/\/www.paysdesecrins.com\/nl\/blijft\/professioneel-gebied\/word-een-partner\/\">Word een partner<\/a><\/li><li><a href=\"https:\/\/www.paysdesecrins.com\/nl\/blijft\/professioneel-gebied\/luceo-incubator-voor-bedrijven\/\">LUCEO Incubator voor bedrijven<\/a><\/li><li><a href=\"https:\/\/www.paysdesecrins.com\/nl\/blijft\/professioneel-gebied\/online-marketing\/\">Online marketing<\/a><\/li><li><a href=\"https:\/\/www.paysdesecrins.com\/nl\/blijft\/professioneel-gebied\/accommodatie-en-informatie\/\">Accommodatie en informatie<\/a><\/li><li><a href=\"https:\/\/www.paysdesecrins.com\/nl\/blijft\/professioneel-gebied\/het-pays-des-ecrins-in-cijfers\/\">Het Pays des \u00c9crins in cijfers<\/a><\/li><\/ul><\/li><\/ul><\/li><li><a href=\"https:\/\/www.paysdesecrins.com\/nl\/complexe-pagina\/\">TEST - Complexe pagina<\/a><\/li><li><a href=\"https:\/\/www.paysdesecrins.com\/nl\/brochures\/\">Brochures<\/a><\/li><li><a href=\"https:\/\/www.paysdesecrins.com\/nl\/welzijn\/\">Welzijn<\/a><\/li><li><a href=\"https:\/\/www.paysdesecrins.com\/nl\/test-pagina\/\">Test pagina<\/a><\/li><li><a href=\"https:\/\/www.paysdesecrins.com\/nl\/verhuur-van-apparatuur\/\">Verhuur van apparatuur<\/a><\/li><li><a href=\"https:\/\/www.paysdesecrins.com\/nl\/neem-contact-met-ons-op\/\">Neem contact met ons op<\/a><\/li><\/ul><\/div>\n","protected":false},"excerpt":{"rendered":"<p>Overzicht van de hoofdpagina&#8217;s van de website:<\/p>\n","protected":false},"author":1,"featured_media":0,"parent":0,"menu_order":0,"comment_status":"closed","ping_status":"closed","template":"","meta":{"_thumbnail_id_2":0,"summer_excerpt":"","season":"","station":"","footnotes":""},"class_list":["post-45146","page","type-page","status-publish","hentry"],"yoast_head":"<!-- This site is optimized with the Yoast SEO plugin v27.3 - https:\/\/yoast.com\/product\/yoast-seo-wordpress\/ -->\n<title>Sitemap - Pays des \u00c9crins - Office de Tourisme<\/title>\n<meta name=\"robots\" content=\"noindex, follow\" \/>\n<meta property=\"og:locale\" content=\"nl_NL\" \/>\n<meta property=\"og:type\" content=\"article\" \/>\n<meta property=\"og:title\" content=\"Sitemap - Pays des \u00c9crins - Office de Tourisme\" \/>\n<meta property=\"og:description\" content=\"Overzicht van de hoofdpagina&#8217;s van de website:\" \/>\n<meta property=\"og:url\" content=\"https:\/\/www.paysdesecrins.com\/nl\/sitemap\/\" \/>\n<meta property=\"og:site_name\" content=\"Pays des \u00c9crins - Office de Tourisme\" \/>\n<meta property=\"article:modified_time\" content=\"2025-08-07T12:01:51+00:00\" \/>\n<meta name=\"twitter:card\" content=\"summary_large_image\" \/>\n<script type=\"application\/ld+json\" class=\"yoast-schema-graph\">{\"@context\":\"https:\\\/\\\/schema.org\",\"@graph\":[{\"@type\":\"WebPage\",\"@id\":\"https:\\\/\\\/www.paysdesecrins.com\\\/nl\\\/sitemap\\\/\",\"url\":\"https:\\\/\\\/www.paysdesecrins.com\\\/nl\\\/sitemap\\\/\",\"name\":\"Sitemap - Pays des \u00c9crins - Office de Tourisme\",\"isPartOf\":{\"@id\":\"https:\\\/\\\/www.paysdesecrins.com\\\/nl\\\/#website\"},\"datePublished\":\"2025-06-27T13:09:28+00:00\",\"dateModified\":\"2025-08-07T12:01:51+00:00\",\"breadcrumb\":{\"@id\":\"https:\\\/\\\/www.paysdesecrins.com\\\/nl\\\/sitemap\\\/#breadcrumb\"},\"inLanguage\":\"nl-NL\",\"potentialAction\":[{\"@type\":\"ReadAction\",\"target\":[\"https:\\\/\\\/www.paysdesecrins.com\\\/nl\\\/sitemap\\\/\"]}]},{\"@type\":\"BreadcrumbList\",\"@id\":\"https:\\\/\\\/www.paysdesecrins.com\\\/nl\\\/sitemap\\\/#breadcrumb\",\"itemListElement\":[{\"@type\":\"ListItem\",\"position\":1,\"name\":\"Accueil\",\"item\":\"https:\\\/\\\/www.paysdesecrins.com\\\/nl\\\/de-titel-van-het-huis\\\/\"},{\"@type\":\"ListItem\",\"position\":2,\"name\":\"Sitemap\"}]},{\"@type\":\"WebSite\",\"@id\":\"https:\\\/\\\/www.paysdesecrins.com\\\/nl\\\/#website\",\"url\":\"https:\\\/\\\/www.paysdesecrins.com\\\/nl\\\/\",\"name\":\"Pays des \u00c9crins - Office de Tourisme\",\"description\":\"L&#039;esprit montagne\",\"publisher\":{\"@id\":\"https:\\\/\\\/www.paysdesecrins.com\\\/nl\\\/#organization\"},\"potentialAction\":[{\"@type\":\"SearchAction\",\"target\":{\"@type\":\"EntryPoint\",\"urlTemplate\":\"https:\\\/\\\/www.paysdesecrins.com\\\/nl\\\/?s={search_term_string}\"},\"query-input\":{\"@type\":\"PropertyValueSpecification\",\"valueRequired\":true,\"valueName\":\"search_term_string\"}}],\"inLanguage\":\"nl-NL\"},{\"@type\":\"Organization\",\"@id\":\"https:\\\/\\\/www.paysdesecrins.com\\\/nl\\\/#organization\",\"name\":\"Pays des \u00c9crins - Office de Tourisme\",\"url\":\"https:\\\/\\\/www.paysdesecrins.com\\\/nl\\\/\",\"logo\":{\"@type\":\"ImageObject\",\"inLanguage\":\"nl-NL\",\"@id\":\"https:\\\/\\\/www.paysdesecrins.com\\\/nl\\\/#\\\/schema\\\/logo\\\/image\\\/\",\"url\":\"https:\\\/\\\/www.paysdesecrins.com\\\/wp-content\\\/uploads\\\/2025\\\/06\\\/devina-svg-1750845694.svg\",\"contentUrl\":\"https:\\\/\\\/www.paysdesecrins.com\\\/wp-content\\\/uploads\\\/2025\\\/06\\\/devina-svg-1750845694.svg\",\"caption\":\"Pays des \u00c9crins - Office de Tourisme\"},\"image\":{\"@id\":\"https:\\\/\\\/www.paysdesecrins.com\\\/nl\\\/#\\\/schema\\\/logo\\\/image\\\/\"}}]}<\/script>\n<!-- \/ Yoast SEO plugin. -->","yoast_head_json":{"title":"Sitemap - Pays des \u00c9crins - Office de Tourisme","robots":{"index":"noindex","follow":"follow"},"og_locale":"nl_NL","og_type":"article","og_title":"Sitemap - Pays des \u00c9crins - Office de Tourisme","og_description":"Overzicht van de hoofdpagina&#8217;s van de website:","og_url":"https:\/\/www.paysdesecrins.com\/nl\/sitemap\/","og_site_name":"Pays des \u00c9crins - Office de Tourisme","article_modified_time":"2025-08-07T12:01:51+00:00","twitter_card":"summary_large_image","schema":{"@context":"https:\/\/schema.org","@graph":[{"@type":"WebPage","@id":"https:\/\/www.paysdesecrins.com\/nl\/sitemap\/","url":"https:\/\/www.paysdesecrins.com\/nl\/sitemap\/","name":"Sitemap - Pays des \u00c9crins - Office de Tourisme","isPartOf":{"@id":"https:\/\/www.paysdesecrins.com\/nl\/#website"},"datePublished":"2025-06-27T13:09:28+00:00","dateModified":"2025-08-07T12:01:51+00:00","breadcrumb":{"@id":"https:\/\/www.paysdesecrins.com\/nl\/sitemap\/#breadcrumb"},"inLanguage":"nl-NL","potentialAction":[{"@type":"ReadAction","target":["https:\/\/www.paysdesecrins.com\/nl\/sitemap\/"]}]},{"@type":"BreadcrumbList","@id":"https:\/\/www.paysdesecrins.com\/nl\/sitemap\/#breadcrumb","itemListElement":[{"@type":"ListItem","position":1,"name":"Accueil","item":"https:\/\/www.paysdesecrins.com\/nl\/de-titel-van-het-huis\/"},{"@type":"ListItem","position":2,"name":"Sitemap"}]},{"@type":"WebSite","@id":"https:\/\/www.paysdesecrins.com\/nl\/#website","url":"https:\/\/www.paysdesecrins.com\/nl\/","name":"Pays des \u00c9crins - Office de Tourisme","description":"L&#039;esprit montagne","publisher":{"@id":"https:\/\/www.paysdesecrins.com\/nl\/#organization"},"potentialAction":[{"@type":"SearchAction","target":{"@type":"EntryPoint","urlTemplate":"https:\/\/www.paysdesecrins.com\/nl\/?s={search_term_string}"},"query-input":{"@type":"PropertyValueSpecification","valueRequired":true,"valueName":"search_term_string"}}],"inLanguage":"nl-NL"},{"@type":"Organization","@id":"https:\/\/www.paysdesecrins.com\/nl\/#organization","name":"Pays des \u00c9crins - Office de Tourisme","url":"https:\/\/www.paysdesecrins.com\/nl\/","logo":{"@type":"ImageObject","inLanguage":"nl-NL","@id":"https:\/\/www.paysdesecrins.com\/nl\/#\/schema\/logo\/image\/","url":"https:\/\/www.paysdesecrins.com\/wp-content\/uploads\/2025\/06\/devina-svg-1750845694.svg","contentUrl":"https:\/\/www.paysdesecrins.com\/wp-content\/uploads\/2025\/06\/devina-svg-1750845694.svg","caption":"Pays des \u00c9crins - Office de Tourisme"},"image":{"@id":"https:\/\/www.paysdesecrins.com\/nl\/#\/schema\/logo\/image\/"}}]}},"_links":{"self":[{"href":"https:\/\/www.paysdesecrins.com\/nl\/wp-json\/wp\/v2\/pages\/45146","targetHints":{"allow":["GET"]}}],"collection":[{"href":"https:\/\/www.paysdesecrins.com\/nl\/wp-json\/wp\/v2\/pages"}],"about":[{"href":"https:\/\/www.paysdesecrins.com\/nl\/wp-json\/wp\/v2\/types\/page"}],"author":[{"embeddable":true,"href":"https:\/\/www.paysdesecrins.com\/nl\/wp-json\/wp\/v2\/users\/1"}],"replies":[{"embeddable":true,"href":"https:\/\/www.paysdesecrins.com\/nl\/wp-json\/wp\/v2\/comments?post=45146"}],"version-history":[{"count":0,"href":"https:\/\/www.paysdesecrins.com\/nl\/wp-json\/wp\/v2\/pages\/45146\/revisions"}],"wp:attachment":[{"href":"https:\/\/www.paysdesecrins.com\/nl\/wp-json\/wp\/v2\/media?parent=45146"}],"curies":[{"name":"wp","href":"https:\/\/api.w.org\/{rel}","templated":true}]}}