{"id":45154,"date":"2025-06-25T15:44:53","date_gmt":"2025-06-25T13:44:53","guid":{"rendered":"https:\/\/www.paysdesecrins.com\/mijn-resort-mijn-dorp\/freissinieres-dormillouse\/"},"modified":"2026-01-16T15:21:19","modified_gmt":"2026-01-16T14:21:19","slug":"freissinieres-dormillouse","status":"publish","type":"page","link":"https:\/\/www.paysdesecrins.com\/nl\/mijn-resort-mijn-dorp\/freissinieres-dormillouse\/","title":{"rendered":"Freissini\u00e8res"},"content":{"rendered":"    <div class=\"alignfull wp-block-ws-library-ws-header-interne\" data-season=\"summer\">\n\t    <div class=\"header-container\">\n\t        <div class=\"group-media has-image\">\n\t            \t                <img decoding=\"async\" src=\"https:\/\/www.paysdesecrins.com\/wp-content\/uploads\/2025\/07\/vallon-de-chichin-1920x800.jpg\" alt=\"\" class=\"image_large_square wp-image-48601\" \/>\n\t            \t        <\/div>\n\t        <div class=\"group-content\">\n\t            <div class=\"title\">\n\t                <h1>\n\t                    Freissini\u00e8res\t                    \t                <\/h1>\n\t            <\/div>\n\t        <\/div>\n\t    <\/div>\n\t    \n<div class=\"yoast-breadcrumbs\"><span><span><a href=\"https:\/\/www.paysdesecrins.com\/nl\/de-titel-van-het-huis\/\">Accueil<\/a><\/span>  <span><a href=\"https:\/\/www.paysdesecrins.com\/nl\/ma-station-mon-village\/\">Mijn resort, mijn dorp<\/a><\/span>  <span class=\"breadcrumb_last\" aria-current=\"page\">Freissini\u00e8res<\/span><\/span><\/div>\n    <\/div>\n    \n\n    <div class=\"alignfull wp-block-ws-library-ws-header-interne\" data-season=\"winter\">\n\t    <div class=\"header-container\">\n\t        <div class=\"group-media has-image\">\n\t            \t                <img decoding=\"async\" src=\"https:\/\/www.paysdesecrins.com\/wp-content\/uploads\/2025\/07\/paysages-et-ski-autour-de-dormillouse-6-1920x800.jpg\" alt=\"\" class=\"image_large_square wp-image-48606\" \/>\n\t            \t        <\/div>\n\t        <div class=\"group-content\">\n\t            <div class=\"title\">\n\t                <h1>\n\t                    Freissini\u00e8res\t                    \t                <\/h1>\n\t            <\/div>\n\t        <\/div>\n\t    <\/div>\n\t    \n<div class=\"yoast-breadcrumbs\"><span><span><a href=\"https:\/\/www.paysdesecrins.com\/nl\/de-titel-van-het-huis\/\">Accueil<\/a><\/span>  <span><a href=\"https:\/\/www.paysdesecrins.com\/nl\/ma-station-mon-village\/\">Mijn resort, mijn dorp<\/a><\/span>  <span class=\"breadcrumb_last\" aria-current=\"page\">Freissini\u00e8res<\/span><\/span><\/div>\n    <\/div>\n    \n\n\n<div class=\"wp-block-ws-library-ws-list-pictos\">\n<div class=\"wp-block-ws-library-ws-text-icon ws-text-icon\"><div class=\"group-content\"><p class=\"field-description\"><\/p><\/div><\/div>\n<\/div>\n\n\n\n<div class=\"wp-block-ws-library-ws-title aligncenter is-style-simple\"><h2><em>Een authentieke vallei<\/em>In het hart van het Nationaal Park<\/h2><\/div>\n\n\n\n<p class=\"has-text-align-center\">Freissini\u00e8res strekt zich uit over 20 km hangende vallei langs de Biaysse, tussen 1.180 m en 1.780 m boven de zeespiegel, beschermd door een gordel van bergkammen met als hoogtepunt 3.200 m. De gemeente bestaat uit 13 gehuchten en biedt in alle seizoenen een ongerepte omgeving die bevorderlijk is voor wandelen, de ontdekking van talrijke watervallen en langlaufen. Dormillouse, gelegen op 1.800 m, is bereikbaar na 45 minuten lopen en het meest ge\u00efsoleerde dorp in Frankrijk, het hele jaar door.  <\/p>\n\n\n\n<div class=\"wp-block-ws-library-ws-button has-text-align-center is-style-outline\"><a href=\"https:\/\/www.paysdesecrins.com\/nl\/ik-kies\/toegang-en-shuttles\/\" class=\"wp-block-button__link wp-element-button btn\">  Toegang en shuttles<\/a><\/div>\n\n\n\n<div style=\"height:20px\" aria-hidden=\"true\" class=\"wp-block-spacer\"><\/div>\n\n\n\n<div class=\"wp-block-ws-library-ws-title aligncenter is-style-simple\"><h2>Ik wil ontdekken<\/h2><\/div>\n\n\n<div class=\"alignwide wp-block-ws-library-ws-list-childs\"><div class=\"child-pages-list list-items list-2-3-4\"><div class=\"item\" data-season=\"all-seasons\"><div class=\"card card-child\"><div class=\"group-media\"><div class=\"field-image\"><img decoding=\"async\" width=\"400\" height=\"400\" src=\"https:\/\/www.paysdesecrins.com\/wp-content\/uploads\/2025\/07\/21cascade-de-glacerogiervanrijn-400x400.jpg\" class=\"winter wp-post-image\" alt=\"\" loading=\"lazy\" data-season=\"winter\" srcset=\"https:\/\/www.paysdesecrins.com\/wp-content\/uploads\/2025\/07\/21cascade-de-glacerogiervanrijn-400x400.jpg 400w, https:\/\/www.paysdesecrins.com\/wp-content\/uploads\/2025\/07\/21cascade-de-glacerogiervanrijn-150x150.jpg 150w, https:\/\/www.paysdesecrins.com\/wp-content\/uploads\/2025\/07\/21cascade-de-glacerogiervanrijn-600x600.jpg 600w, https:\/\/www.paysdesecrins.com\/wp-content\/uploads\/2025\/07\/21cascade-de-glacerogiervanrijn-300x300.jpg 300w, https:\/\/www.paysdesecrins.com\/wp-content\/uploads\/2025\/07\/21cascade-de-glacerogiervanrijn-570x570.jpg 570w\" sizes=\"auto, (max-width: 400px) 100vw, 400px\" \/><img loading=\"lazy\" decoding=\"async\" width=\"400\" height=\"400\" src=\"https:\/\/www.paysdesecrins.com\/wp-content\/uploads\/2025\/07\/bivouac-au-lac-faravel-et-boucle-des-3-lacs-13-1-400x400.jpg\" class=\"vivaldi-thumb summer\" alt=\"\" data-season=\"summer\" srcset=\"https:\/\/www.paysdesecrins.com\/wp-content\/uploads\/2025\/07\/bivouac-au-lac-faravel-et-boucle-des-3-lacs-13-1-400x400.jpg 400w, https:\/\/www.paysdesecrins.com\/wp-content\/uploads\/2025\/07\/bivouac-au-lac-faravel-et-boucle-des-3-lacs-13-1-150x150.jpg 150w, https:\/\/www.paysdesecrins.com\/wp-content\/uploads\/2025\/07\/bivouac-au-lac-faravel-et-boucle-des-3-lacs-13-1-600x600.jpg 600w, https:\/\/www.paysdesecrins.com\/wp-content\/uploads\/2025\/07\/bivouac-au-lac-faravel-et-boucle-des-3-lacs-13-1-300x300.jpg 300w, https:\/\/www.paysdesecrins.com\/wp-content\/uploads\/2025\/07\/bivouac-au-lac-faravel-et-boucle-des-3-lacs-13-1-570x570.jpg 570w, https:\/\/www.paysdesecrins.com\/wp-content\/uploads\/2025\/07\/bivouac-au-lac-faravel-et-boucle-des-3-lacs-13-1-scaled-480x480.jpg 480w\" sizes=\"auto, (max-width: 400px) 100vw, 400px\" \/><\/div><\/div><div class=\"group-content\"><span class=\"field-title\">Outdooractiviteiten in Freissini\u00e8res<\/span><\/div><div class=\"field-link\"><a href=\"https:\/\/www.paysdesecrins.com\/nl\/mijn-resort-mijn-dorp\/freissinieres-dormillouse\/activiteiten\/\" class=\"cardlink\">Voir plus<\/a><\/div><\/div><\/div><div class=\"item\" data-season=\"all-seasons\"><div class=\"card card-child\"><div class=\"group-media\"><div class=\"field-image\"><img decoding=\"async\" width=\"400\" height=\"400\" src=\"https:\/\/www.paysdesecrins.com\/wp-content\/uploads\/2025\/07\/02-14-2024-refuge-oncle-emile-83-400x400.jpg\" class=\"winter all-seasons wp-post-image\" alt=\"\" loading=\"lazy\" data-season=\"all-seasons\" srcset=\"https:\/\/www.paysdesecrins.com\/wp-content\/uploads\/2025\/07\/02-14-2024-refuge-oncle-emile-83-400x400.jpg 400w, https:\/\/www.paysdesecrins.com\/wp-content\/uploads\/2025\/07\/02-14-2024-refuge-oncle-emile-83-150x150.jpg 150w, https:\/\/www.paysdesecrins.com\/wp-content\/uploads\/2025\/07\/02-14-2024-refuge-oncle-emile-83-600x600.jpg 600w, https:\/\/www.paysdesecrins.com\/wp-content\/uploads\/2025\/07\/02-14-2024-refuge-oncle-emile-83-300x300.jpg 300w, https:\/\/www.paysdesecrins.com\/wp-content\/uploads\/2025\/07\/02-14-2024-refuge-oncle-emile-83-570x570.jpg 570w\" sizes=\"auto, (max-width: 400px) 100vw, 400px\" \/><\/div><\/div><div class=\"group-content\"><span class=\"field-title\">Vakantie in Freissini\u00e8res<\/span><\/div><div class=\"field-link\"><a href=\"https:\/\/www.paysdesecrins.com\/nl\/mijn-resort-mijn-dorp\/freissinieres-dormillouse\/alle-accommodaties\/\" class=\"cardlink\">Voir plus<\/a><\/div><\/div><\/div><div class=\"item\" data-season=\"all-seasons\"><div class=\"card card-child\"><div class=\"group-media\"><div class=\"field-image is-default\"><img decoding=\"async\" src=\"https:\/\/www.paysdesecrins.com\/wp-content\/uploads\/2025\/06\/cropped-paysdesecrins-300x300.png\" alt=\"Pays des \u00c9crins - Office de Tourisme\" style=\"filter: grayscale(100%);\" loading=\"lazy\" \/><\/div><\/div><div class=\"group-content\"><span class=\"field-title\">Diensten (postkantoren, artsen, kinderdagverblijven, enz.)<\/span><\/div><div class=\"field-link\"><a href=\"https:\/\/www.paysdesecrins.com\/nl\/mijn-resort-mijn-dorp\/freissinieres-dormillouse\/diensten-postkantoren-artsen-kinderdagverblijven-enz\/\" class=\"cardlink\">Voir plus<\/a><\/div><\/div><\/div><div class=\"item\" data-season=\"all-seasons\"><div class=\"card card-child\"><div class=\"group-media\"><div class=\"field-image\"><img decoding=\"async\" width=\"400\" height=\"400\" src=\"https:\/\/www.paysdesecrins.com\/wp-content\/uploads\/2025\/07\/08-07-24-mets-et-spiritueux-50-400x400.jpg\" class=\"winter all-seasons wp-post-image\" alt=\"\" loading=\"lazy\" data-season=\"all-seasons\" srcset=\"https:\/\/www.paysdesecrins.com\/wp-content\/uploads\/2025\/07\/08-07-24-mets-et-spiritueux-50-400x400.jpg 400w, https:\/\/www.paysdesecrins.com\/wp-content\/uploads\/2025\/07\/08-07-24-mets-et-spiritueux-50-150x150.jpg 150w, https:\/\/www.paysdesecrins.com\/wp-content\/uploads\/2025\/07\/08-07-24-mets-et-spiritueux-50-600x600.jpg 600w, https:\/\/www.paysdesecrins.com\/wp-content\/uploads\/2025\/07\/08-07-24-mets-et-spiritueux-50-300x300.jpg 300w, https:\/\/www.paysdesecrins.com\/wp-content\/uploads\/2025\/07\/08-07-24-mets-et-spiritueux-50-570x570.jpg 570w\" sizes=\"auto, (max-width: 400px) 100vw, 400px\" \/><\/div><\/div><div class=\"group-content\"><span class=\"field-title\">Uitrusting en winkels in Freissini\u00e8res<\/span><\/div><div class=\"field-link\"><a href=\"https:\/\/www.paysdesecrins.com\/nl\/mijn-resort-mijn-dorp\/freissinieres-dormillouse\/uitrusting-winkels-winkels-winkels\/\" class=\"cardlink\">Voir plus<\/a><\/div><\/div><\/div><div class=\"item\" data-season=\"all-seasons\"><div class=\"card card-child\"><div class=\"group-media\"><div class=\"field-image\"><img decoding=\"async\" width=\"400\" height=\"400\" src=\"https:\/\/www.paysdesecrins.com\/wp-content\/uploads\/2025\/07\/07-07-24-fete-du-pain-65-400x400.jpg\" class=\"winter all-seasons wp-post-image\" alt=\"\" loading=\"lazy\" data-season=\"all-seasons\" srcset=\"https:\/\/www.paysdesecrins.com\/wp-content\/uploads\/2025\/07\/07-07-24-fete-du-pain-65-400x400.jpg 400w, https:\/\/www.paysdesecrins.com\/wp-content\/uploads\/2025\/07\/07-07-24-fete-du-pain-65-150x150.jpg 150w, https:\/\/www.paysdesecrins.com\/wp-content\/uploads\/2025\/07\/07-07-24-fete-du-pain-65-600x600.jpg 600w, https:\/\/www.paysdesecrins.com\/wp-content\/uploads\/2025\/07\/07-07-24-fete-du-pain-65-300x300.jpg 300w, https:\/\/www.paysdesecrins.com\/wp-content\/uploads\/2025\/07\/07-07-24-fete-du-pain-65-570x570.jpg 570w\" sizes=\"auto, (max-width: 400px) 100vw, 400px\" \/><\/div><\/div><div class=\"group-content\"><span class=\"field-title\">Evenement in Freissini\u00e8res<\/span><\/div><div class=\"field-link\"><a href=\"https:\/\/www.paysdesecrins.com\/nl\/mijn-resort-mijn-dorp\/freissinieres-dormillouse\/gebeurtenis\/\" class=\"cardlink\">Voir plus<\/a><\/div><\/div><\/div><div class=\"item\" data-season=\"all-seasons\"><div class=\"card card-child\"><div class=\"group-media\"><div class=\"field-image\"><img decoding=\"async\" width=\"400\" height=\"400\" src=\"https:\/\/www.paysdesecrins.com\/wp-content\/uploads\/2025\/07\/image-2-400x400.png\" class=\"winter wp-post-image\" alt=\"\" loading=\"lazy\" data-season=\"winter\" srcset=\"https:\/\/www.paysdesecrins.com\/wp-content\/uploads\/2025\/07\/image-2-400x400.png 400w, https:\/\/www.paysdesecrins.com\/wp-content\/uploads\/2025\/07\/image-2-150x150.png 150w, https:\/\/www.paysdesecrins.com\/wp-content\/uploads\/2025\/07\/image-2-600x600.png 600w, https:\/\/www.paysdesecrins.com\/wp-content\/uploads\/2025\/07\/image-2-480x480.png 480w\" sizes=\"auto, (max-width: 400px) 100vw, 400px\" \/><img loading=\"lazy\" decoding=\"async\" width=\"400\" height=\"400\" src=\"https:\/\/www.paysdesecrins.com\/wp-content\/uploads\/2025\/07\/19villages-lesvigneauximg-1654-400x400.jpg\" class=\"vivaldi-thumb summer\" alt=\"\" data-season=\"summer\" srcset=\"https:\/\/www.paysdesecrins.com\/wp-content\/uploads\/2025\/07\/19villages-lesvigneauximg-1654-400x400.jpg 400w, https:\/\/www.paysdesecrins.com\/wp-content\/uploads\/2025\/07\/19villages-lesvigneauximg-1654-150x150.jpg 150w, https:\/\/www.paysdesecrins.com\/wp-content\/uploads\/2025\/07\/19villages-lesvigneauximg-1654-600x600.jpg 600w, https:\/\/www.paysdesecrins.com\/wp-content\/uploads\/2025\/07\/19villages-lesvigneauximg-1654-300x300.jpg 300w, https:\/\/www.paysdesecrins.com\/wp-content\/uploads\/2025\/07\/19villages-lesvigneauximg-1654-570x570.jpg 570w, https:\/\/www.paysdesecrins.com\/wp-content\/uploads\/2025\/07\/19villages-lesvigneauximg-1654-scaled-480x480.jpg 480w\" sizes=\"auto, (max-width: 400px) 100vw, 400px\" \/><\/div><\/div><div class=\"group-content\"><span class=\"field-title\">Activiteiten in Freissini\u00e8res<\/span><\/div><div class=\"field-link\"><a href=\"https:\/\/www.paysdesecrins.com\/nl\/mijn-resort-mijn-dorp\/freissinieres-dormillouse\/animatie\/\" class=\"cardlink\">Voir plus<\/a><\/div><\/div><\/div><div class=\"item\" data-season=\"all-seasons\"><div class=\"card card-child\"><div class=\"group-media\"><div class=\"field-image\"><img decoding=\"async\" width=\"400\" height=\"400\" src=\"https:\/\/www.paysdesecrins.com\/wp-content\/uploads\/2025\/07\/paysages-et-ski-autour-de-dormillouse-6-400x400.jpg\" class=\"winter wp-post-image\" alt=\"\" loading=\"lazy\" data-season=\"winter\" srcset=\"https:\/\/www.paysdesecrins.com\/wp-content\/uploads\/2025\/07\/paysages-et-ski-autour-de-dormillouse-6-400x400.jpg 400w, https:\/\/www.paysdesecrins.com\/wp-content\/uploads\/2025\/07\/paysages-et-ski-autour-de-dormillouse-6-150x150.jpg 150w, https:\/\/www.paysdesecrins.com\/wp-content\/uploads\/2025\/07\/paysages-et-ski-autour-de-dormillouse-6-600x600.jpg 600w, https:\/\/www.paysdesecrins.com\/wp-content\/uploads\/2025\/07\/paysages-et-ski-autour-de-dormillouse-6-300x300.jpg 300w, https:\/\/www.paysdesecrins.com\/wp-content\/uploads\/2025\/07\/paysages-et-ski-autour-de-dormillouse-6-570x570.jpg 570w\" sizes=\"auto, (max-width: 400px) 100vw, 400px\" \/><img loading=\"lazy\" decoding=\"async\" width=\"400\" height=\"400\" src=\"https:\/\/www.paysdesecrins.com\/wp-content\/uploads\/2025\/07\/16sitesdexception-dormillouse-dormillouse-15-400x400.jpg\" class=\"vivaldi-thumb summer\" alt=\"\" data-season=\"summer\" srcset=\"https:\/\/www.paysdesecrins.com\/wp-content\/uploads\/2025\/07\/16sitesdexception-dormillouse-dormillouse-15-400x400.jpg 400w, https:\/\/www.paysdesecrins.com\/wp-content\/uploads\/2025\/07\/16sitesdexception-dormillouse-dormillouse-15-150x150.jpg 150w, https:\/\/www.paysdesecrins.com\/wp-content\/uploads\/2025\/07\/16sitesdexception-dormillouse-dormillouse-15-600x600.jpg 600w, https:\/\/www.paysdesecrins.com\/wp-content\/uploads\/2025\/07\/16sitesdexception-dormillouse-dormillouse-15-300x300.jpg 300w, https:\/\/www.paysdesecrins.com\/wp-content\/uploads\/2025\/07\/16sitesdexception-dormillouse-dormillouse-15-570x570.jpg 570w, https:\/\/www.paysdesecrins.com\/wp-content\/uploads\/2025\/07\/16sitesdexception-dormillouse-dormillouse-15-scaled-480x480.jpg 480w\" sizes=\"auto, (max-width: 400px) 100vw, 400px\" \/><\/div><\/div><div class=\"group-content\"><span class=\"field-title\">Culturele activiteiten en erfgoed in Freissini\u00e8res<\/span><\/div><div class=\"field-link\"><a href=\"https:\/\/www.paysdesecrins.com\/nl\/mijn-resort-mijn-dorp\/freissinieres-dormillouse\/culturele-activiteiten-en-erfgoed\/\" class=\"cardlink\">Voir plus<\/a><\/div><\/div><\/div><div class=\"item\" data-season=\"all-seasons\"><div class=\"card card-child\"><div class=\"group-media\"><div class=\"field-image\"><img decoding=\"async\" width=\"400\" height=\"400\" src=\"https:\/\/www.paysdesecrins.com\/wp-content\/uploads\/2025\/07\/08-07-24-mets-et-spiritueux-41-400x400.jpg\" class=\"winter all-seasons wp-post-image\" alt=\"\" loading=\"lazy\" data-season=\"all-seasons\" srcset=\"https:\/\/www.paysdesecrins.com\/wp-content\/uploads\/2025\/07\/08-07-24-mets-et-spiritueux-41-400x400.jpg 400w, https:\/\/www.paysdesecrins.com\/wp-content\/uploads\/2025\/07\/08-07-24-mets-et-spiritueux-41-150x150.jpg 150w, https:\/\/www.paysdesecrins.com\/wp-content\/uploads\/2025\/07\/08-07-24-mets-et-spiritueux-41-600x600.jpg 600w, https:\/\/www.paysdesecrins.com\/wp-content\/uploads\/2025\/07\/08-07-24-mets-et-spiritueux-41-300x300.jpg 300w, https:\/\/www.paysdesecrins.com\/wp-content\/uploads\/2025\/07\/08-07-24-mets-et-spiritueux-41-570x570.jpg 570w\" sizes=\"auto, (max-width: 400px) 100vw, 400px\" \/><\/div><\/div><div class=\"group-content\"><span class=\"field-title\">Restaurants in Freissini\u00e8res<\/span><\/div><div class=\"field-link\"><a href=\"https:\/\/www.paysdesecrins.com\/nl\/mijn-resort-mijn-dorp\/freissinieres-dormillouse\/restaurants\/\" class=\"cardlink\">Voir plus<\/a><\/div><\/div><\/div><\/div><\/div>\n\n\n<div style=\"height:20px\" aria-hidden=\"true\" class=\"wp-block-spacer\"><\/div>\n\n\n\n<div class=\"wp-block-ws-library-ws-title aligncenter\"><h2>DORMILLOUSE<\/h2><\/div>\n\n\n\n<p class=\"has-text-align-center\">Dormillouse is een tijdloos gehucht op <strong>ongeveer 1.700 m hoogte<\/strong>, de enige permanent bewoonde plaats <strong>in het hart van het Nationaal Park \u00c9crins<\/strong>. Het is alleen te voet bereikbaar via een pad (reken in de zomer op een uur klimmen vanaf de parkeerplaats van Cascades), waardoor het <strong>een intiem en bewaard gebleven toevluchtsoord<\/strong> is. De traditionele architectuur, aangepast aan de helling en lawines, getuigt van een voorouderlijke knowhow van installatie in het hooggebergte; er is ook een <strong>geschiedenis<\/strong> die wordt gekenmerkt door het verzet van de Waldenzen en de inzet van pastoor F\u00e9lix Neff in de negentiende eeuw, die daar predikte en bijdroeg aan het gemeenschapsleven. Dormillouse is de thuisbasis van <strong>twee emblematische berghutten<\/strong> \u2013 de <strong>Refuge de l&#8217;Oncle \u00c9mile<\/strong> (op 1.727 m) en de <strong>Refuge de l&#8217;\u00c9cole<\/strong> \u2013 waarmee u de onderdompeling kunt verlengen, en dient als <strong>startpunt voor de beroemde lus van de meren Faravel en Palluel<\/strong> met panorama&#8217;s van de bergweiden en de vallei. Dit stille heiligdom combineert erfgoed, rauwe natuur en authentieke gastvrijheid.    <\/p>\n\n\n\n<div class=\"wp-block-ws-library-ws-button has-text-align-center\"><a href=\"https:\/\/www.paysdesecrins.com\/sites-incontournables\/dormillouse\/\" class=\"wp-block-button__link wp-element-button btn\">  Ontdek dormillouse<\/a><\/div>\n\n\n\n<div class=\"wp-block-ws-library-ws-banner alignfull\" data-season=\"summer\"><div class=\"wrapper\"><div class=\"group-media\"><img loading=\"lazy\" decoding=\"async\" width=\"1600\" height=\"480\" src=\"https:\/\/www.paysdesecrins.com\/wp-content\/uploads\/2025\/08\/couleurs-d-automne-a-dormillouse-14-1600x480.jpg\" alt=\"\" class=\"single_image wp-image-67897\"><\/div><\/div><\/div>\n\n\n\n<div class=\"wp-block-ws-library-ws-banner alignfull\" data-season=\"winter\"><div class=\"wrapper\"><div class=\"group-media\"><img loading=\"lazy\" decoding=\"async\" width=\"1600\" height=\"480\" src=\"https:\/\/www.paysdesecrins.com\/wp-content\/uploads\/2025\/08\/paysages-et-ski-autour-de-dormillouse-57-1600x480.jpg\" alt=\"\" class=\"single_image wp-image-67902\"><\/div><\/div><\/div>\n\n\n\n<div style=\"height:20px\" aria-hidden=\"true\" class=\"wp-block-spacer\"><\/div>\n\n\n\n<div class=\"wp-block-group alignfull group-espritoutdoor has-global-padding is-layout-constrained wp-block-group-is-layout-constrained\">\n<div class=\"wp-block-group alignwide is-layout-flow wp-block-group-is-layout-flow\">\n<div class=\"wp-block-ws-library-ws-title\"><h3><em>Ervaringen<\/em> <br>voor alle stijlen<\/h3><\/div>\n\n\n\n<p>In Freissini\u00e8res kunt u op avontuur gaan: ontdek de hooggelegen meren en zet uw bivak op onder de sterrenhemel, breng een authentieke nacht door in een berghut bij kaarslicht, verken de vallei op de fiets of deel leuke momenten met uw gezin op paden die zijn gemarkeerd met natuurworkshops en erfgoedontdekkingen.<\/p>\n\n\n<div class=\"alignwide wp-block-ws-library-ws-list-content\" data-season=\"summer\"><div class=\"list-items\"><div class=\"item\" data-season=\"all-seasons\"><div class=\"card  card-page\"><div class=\"group-media\"><div class=\"field-image\"><img loading=\"lazy\" decoding=\"async\" width=\"300\" height=\"450\" src=\"https:\/\/www.paysdesecrins.com\/wp-content\/uploads\/2025\/07\/paysages-et-ski-autour-de-dormillouse-81-1-300x450.jpg\" class=\"winter wp-post-image\" alt=\"\" data-season=\"winter\" srcset=\"https:\/\/www.paysdesecrins.com\/wp-content\/uploads\/2025\/07\/paysages-et-ski-autour-de-dormillouse-81-1-300x450.jpg 300w, https:\/\/www.paysdesecrins.com\/wp-content\/uploads\/2025\/07\/paysages-et-ski-autour-de-dormillouse-81-1-390x585.jpg 390w\" sizes=\"auto, (max-width: 300px) 100vw, 300px\" \/><img loading=\"lazy\" decoding=\"async\" width=\"300\" height=\"450\" src=\"https:\/\/www.paysdesecrins.com\/wp-content\/uploads\/2025\/07\/img-5651-300x450.jpg\" class=\"vivaldi-thumb summer\" alt=\"\" data-season=\"summer\" srcset=\"https:\/\/www.paysdesecrins.com\/wp-content\/uploads\/2025\/07\/img-5651-300x450.jpg 300w, https:\/\/www.paysdesecrins.com\/wp-content\/uploads\/2025\/07\/img-5651-390x585.jpg 390w\" sizes=\"auto, (max-width: 300px) 100vw, 300px\" \/><\/div><\/div><div class=\"group-content\"><div class=\"field-title\">Slaapzaal<\/div><\/div><div class=\"field-link\" role=\"group\" aria-label=\"Lien vers le contenu\"><a href=\"https:\/\/www.paysdesecrins.com\/nl\/ik-kies\/bezienswaardigheden-die-u-niet-mag-missen\/slaapzaal\/\" class=\"cardlink\" title=\"Lire plus : Slaapzaal\" lang=\"nl_NL\">Slaapzaal<\/a><\/div><\/div><\/div><div class=\"item\" data-season=\"all-seasons\"><div class=\"card  card-page\"><div class=\"group-media\"><div class=\"field-image\"><img loading=\"lazy\" decoding=\"async\" width=\"300\" height=\"450\" src=\"https:\/\/www.paysdesecrins.com\/wp-content\/uploads\/2025\/07\/bivouac-au-lac-faravel-et-boucle-des-3-lacs-13-1-300x450.jpg\" class=\"winter all-seasons wp-post-image\" alt=\"\" data-season=\"all-seasons\" srcset=\"https:\/\/www.paysdesecrins.com\/wp-content\/uploads\/2025\/07\/bivouac-au-lac-faravel-et-boucle-des-3-lacs-13-1-300x450.jpg 300w, https:\/\/www.paysdesecrins.com\/wp-content\/uploads\/2025\/07\/bivouac-au-lac-faravel-et-boucle-des-3-lacs-13-1-390x585.jpg 390w\" sizes=\"auto, (max-width: 300px) 100vw, 300px\" \/><\/div><\/div><div class=\"group-content\"><div class=\"field-title\">Wandelen en bivak in Freissini\u00e8res<\/div><\/div><div class=\"field-link\" role=\"group\" aria-label=\"Lien vers le contenu\"><a href=\"https:\/\/www.paysdesecrins.com\/nl\/mijn-verlangen-om\/berg\/wandelen-en-bivak-in-freissinieres\/\" class=\"cardlink\" title=\"Lire plus : Wandelen en bivak in Freissini\u00e8res\" lang=\"nl_NL\">Wandelen en bivak in Freissini\u00e8res<\/a><\/div><\/div><\/div><div class=\"item\" data-season=\"all-seasons\"><div class=\"card  card-page\"><div class=\"group-media\"><div class=\"field-image\"><img loading=\"lazy\" decoding=\"async\" width=\"300\" height=\"450\" src=\"https:\/\/www.paysdesecrins.com\/wp-content\/uploads\/2025\/07\/dsc05066-300x450.webp\" class=\"winter all-seasons wp-post-image\" alt=\"\" data-season=\"all-seasons\" srcset=\"https:\/\/www.paysdesecrins.com\/wp-content\/uploads\/2025\/07\/dsc05066-300x450.webp 300w, https:\/\/www.paysdesecrins.com\/wp-content\/uploads\/2025\/07\/dsc05066-390x585.webp 390w\" sizes=\"auto, (max-width: 300px) 100vw, 300px\" \/><\/div><\/div><div class=\"group-content\"><div class=\"field-title\">Familie-avontuur in de \u00c9crins<\/div><\/div><div class=\"field-link\" role=\"group\" aria-label=\"Lien vers le contenu\"><a href=\"https:\/\/www.paysdesecrins.com\/nl\/mijn-verlangen-om\/ontdekking\/familieavontuur-in-de-juwelen\/\" class=\"cardlink\" title=\"Lire plus : Familie-avontuur in de \u00c9crins\" lang=\"nl_NL\">Familie-avontuur in de \u00c9crins<\/a><\/div><\/div><\/div><div class=\"item\" data-season=\"all-seasons\"><div class=\"card  card-page\"><div class=\"group-media\"><div class=\"field-image\"><img loading=\"lazy\" decoding=\"async\" width=\"300\" height=\"450\" src=\"https:\/\/www.paysdesecrins.com\/wp-content\/uploads\/2025\/07\/171ski-rando-pre-de-madame-carle-en-ski-23-300x450.jpg\" class=\"winter all-seasons wp-post-image\" alt=\"\" data-season=\"all-seasons\" srcset=\"https:\/\/www.paysdesecrins.com\/wp-content\/uploads\/2025\/07\/171ski-rando-pre-de-madame-carle-en-ski-23-300x450.jpg 300w, https:\/\/www.paysdesecrins.com\/wp-content\/uploads\/2025\/07\/171ski-rando-pre-de-madame-carle-en-ski-23-390x585.jpg 390w\" sizes=\"auto, (max-width: 300px) 100vw, 300px\" \/><\/div><\/div><div class=\"group-content\"><div class=\"field-title\">Doe in mei wat je wilt!<\/div><\/div><div class=\"field-link\" role=\"group\" aria-label=\"Lien vers le contenu\"><a href=\"https:\/\/www.paysdesecrins.com\/nl\/mijn-verlangen-om\/berg\/doe-in-mei-wat-je-wilt\/\" class=\"cardlink\" title=\"Lire plus : Doe in mei wat je wilt!\" lang=\"nl_NL\">Doe in mei wat je wilt!<\/a><\/div><\/div><\/div><\/div><\/div>\n\n<div class=\"alignwide wp-block-ws-library-ws-list-content\" data-season=\"winter\"><div class=\"list-items\"><div class=\"item\" data-season=\"all-seasons\"><div class=\"card  card-page\"><div class=\"group-media\"><div class=\"field-image\"><img loading=\"lazy\" decoding=\"async\" width=\"300\" height=\"450\" src=\"https:\/\/www.paysdesecrins.com\/wp-content\/uploads\/2025\/07\/171ski-rando-bivouac-a-la-cabane-de-faravel-61-300x450.jpg\" class=\"winter all-seasons wp-post-image\" alt=\"\" data-season=\"all-seasons\" srcset=\"https:\/\/www.paysdesecrins.com\/wp-content\/uploads\/2025\/07\/171ski-rando-bivouac-a-la-cabane-de-faravel-61-300x450.jpg 300w, https:\/\/www.paysdesecrins.com\/wp-content\/uploads\/2025\/07\/171ski-rando-bivouac-a-la-cabane-de-faravel-61-390x585.jpg 390w\" sizes=\"auto, (max-width: 300px) 100vw, 300px\" \/><\/div><\/div><div class=\"group-content\"><div class=\"field-title\">Een nacht onder de sterren van Dormillouse<\/div><\/div><div class=\"field-link\" role=\"group\" aria-label=\"Lien vers le contenu\"><a href=\"https:\/\/www.paysdesecrins.com\/nl\/een-nacht-onder-de-sterren-van-dormillouse\/\" class=\"cardlink\" title=\"Lire plus : Een nacht onder de sterren van Dormillouse\" lang=\"nl_NL\">Een nacht onder de sterren van Dormillouse<\/a><\/div><\/div><\/div><div class=\"item\" data-season=\"all-seasons\"><div class=\"card  card-page\"><div class=\"group-media\"><div class=\"field-image\"><img loading=\"lazy\" decoding=\"async\" width=\"300\" height=\"450\" src=\"https:\/\/www.paysdesecrins.com\/wp-content\/uploads\/2025\/07\/bivouac-a-la-cabane-de-faravel-106-300x450.jpg\" class=\"winter all-seasons wp-post-image\" alt=\"\" data-season=\"all-seasons\" srcset=\"https:\/\/www.paysdesecrins.com\/wp-content\/uploads\/2025\/07\/bivouac-a-la-cabane-de-faravel-106-300x450.jpg 300w, https:\/\/www.paysdesecrins.com\/wp-content\/uploads\/2025\/07\/bivouac-a-la-cabane-de-faravel-106-390x585.jpg 390w\" sizes=\"auto, (max-width: 300px) 100vw, 300px\" \/><\/div><\/div><div class=\"group-content\"><div class=\"field-title\">Een tijdloze avond met vrienden<\/div><\/div><div class=\"field-link\" role=\"group\" aria-label=\"Lien vers le contenu\"><a href=\"https:\/\/www.paysdesecrins.com\/nl\/mijn-verlangen-om\/berg\/een-avondje-uit-de-tijd\/\" class=\"cardlink\" title=\"Lire plus : Een tijdloze avond met vrienden\" lang=\"nl_NL\">Een tijdloze avond met vrienden<\/a><\/div><\/div><\/div><\/div><\/div>\n\n\n<div class=\"wp-block-ws-library-ws-button has-text-align-center\"><a href=\"https:\/\/www.paysdesecrins.com\/nl\/63848-2\/\" class=\"wp-block-button__link wp-element-button btn\">  Alle ervaringen<\/a><\/div>\n<\/div>\n<\/div>\n\n\n\n<div class=\"wp-block-ws-library-ws-columns alignfull has-2-columns are-vertically-aligned-center layout-5050 is-style-background\" data-season=\"winter\">\n<div class=\"wp-block-ws-library-ws-column\"><div class=\"wrapper\">\n<div class=\"wp-block-ws-library-ws-title is-style-default\"><h2><em>Noords gebied van<\/em> Freissini\u00e8res<\/h2><\/div>\n\n\n\n<p class=\"has-text-align-left\">De Noordse site van Freissini\u00e8res verwelkomt u de hele winter om te genieten van de geneugten van ski\u00ebn, ski\u00ebn op uitgestrekte vlaktes en in een groot karaktervol bos langs de Biaysse, waar natuur en rust elkaar ontmoeten. Deze site heeft meer dan 20 km aan pistes, alle niveaus. <\/p>\n\n\n\n<ul class=\"wp-block-list\">\n<li><strong>Ontdekkings- en opwarmingslus<\/strong> : vlakke en brede routes op de grote vlaktes, perfect voor initiatie of om aan de techniek in klassiek te werken.<\/li>\n\n\n\n<li><strong>Tussenliggende routes<\/strong> : licht heuvelachtige stukken die afwisselen tussen bospassages en open stukken, ideaal om de inspanning te vari\u00ebren zonder al te veeleisend te zijn.<\/li>\n\n\n\n<li><strong>Lange ritten<\/strong> : Mogelijkheid om verschillende lussen met elkaar te verbinden om de 15-20 km ski\u00ebn te bereiken, gebruikmakend van de rustige omgeving en het algehele zachte profiel van het gebied, waardoor het een populair terrein is voor uithoudingsvermogen en schaatsen.<\/li>\n<\/ul>\n\n\n\n<p>De verzorging wordt over het algemeen op dinsdag- en vrijdagavond uitgevoerd om de kwaliteit van de baan te garanderen, en de toestand van de pistes kan in realtime worden geraadpleegd via de middelen van het Scandinavische gebied.<\/p>\n\n\n\n<p>De site werkt met een vrijwillig deelnamesysteem: passen worden verkocht in de Nordic Hut (dag voor volwassenen \u20ac 7, kind \u20ac 5) en geven toegang tot het hele onderhouden netwerk.<\/p>\n\n\n\n<div class=\"wp-block-ws-library-ws-title is-style-simple\"><h3>Contact<\/h3><\/div>\n\n\n\n<p class=\"has-text-align-left\">Telefoon : 06 67 14 78 75<br>Mail: <a>cascade@freissinieres.fr<\/a><br>Plaats: cascade.freissinieres.fr <\/p>\n<\/div><\/div>\n\n\n\n<div class=\"wp-block-ws-library-ws-column\"><div class=\"wrapper\">\n<div class=\"wp-block-ws-library-ws-image\"><div class=\"wrapper\"><div class=\"group-media\"><img decoding=\"async\" src=\"https:\/\/www.paysdesecrins.com\/wp-content\/uploads\/2025\/07\/paysages-et-ski-autour-de-dormillouse-73-960x640.jpg\" alt=\"\" class=\"single_image ws-image-30421\"\/><div class=\"credits\"><\/div><\/div><p class=\"caption\"><\/p><\/div><\/div>\n<\/div><\/div>\n<\/div>\n\n\n\n<div style=\"height:51px\" aria-hidden=\"true\" class=\"wp-block-spacer\"><\/div>\n\n\n\n<div class=\"wp-block-ws-library-ws-title aligncenter\" data-season=\"winter\"><h2>IJsklimmen<\/h2><\/div>\n\n\n\n<p class=\"has-text-align-center\" data-season=\"winter\">In Freissini\u00e8res staat het beroemde <strong>ijsklimmen<\/strong>, een kunstmatige toren van 18 meter bedekt met ijs waar je kunt leren of vooruitgang kunt boeken in ijsklimmen en dry-tooling, onder toezicht van gidsen of zelfstandig voor ervaren beoefenaars (relais uitgerust, uitrusting vereist, verzekering aanbevolen). Het werkt in de winter, meestal van december tot maart, afhankelijk van de sneeuwcondities, en biedt introductiesessies in de avond (dinsdag en vrijdag) met prijzen rond de \u20ac 50 voor volwassenen en \u20ac 40 voor junioren; De toegang kan gratis zijn onder begeleiding van een gids in bepaalde configuraties. De toegang is vanaf de parkeerplaats voor het stadhuis, en het wordt sterk aanbevolen om te reserveren of om veiligheidsredenen begeleid te worden.  <\/p>\n\n\n\n<div class=\"wp-block-ws-library-ws-button has-text-align-center\" data-season=\"winter\"><a href=\"https:\/\/cascade.freissinieres.fr\" class=\"wp-block-button__link wp-element-button btn\">  Meer informatie +<\/a><\/div>\n\n\n\n<div class=\"wp-block-ws-library-ws-image\" data-season=\"winter\"><div class=\"wrapper\"><div class=\"group-media\"><img decoding=\"async\" src=\"https:\/\/www.paysdesecrins.com\/wp-content\/uploads\/2025\/07\/2autresactivites-cascadedeglacerogiervanrijndsc01982-2-960x640.jpg\" alt=\"\" class=\"single_image ws-image-20152\"\/><div class=\"credits\">Rogier VANRIJN<\/div><\/div><p class=\"caption\"><\/p><\/div><\/div>\n\n\n\n<div style=\"height:51px\" aria-hidden=\"true\" class=\"wp-block-spacer\"><\/div>\n\n\n\n<div class=\"wp-block-ws-library-ws-columns alignfull has-2-columns are-vertically-aligned-center layout-5050 is-style-background\" data-season=\"winter\">\n<div class=\"wp-block-ws-library-ws-column\"><div class=\"wrapper\">\n<div class=\"wp-block-ws-library-ws-image\"><div class=\"wrapper\"><div class=\"group-media\"><img decoding=\"async\" src=\"https:\/\/www.paysdesecrins.com\/wp-content\/uploads\/2025\/07\/17ski-rando-paysages-et-ski-autour-de-dormillouse-6-960x640.jpg\" alt=\"\" class=\"single_image ws-image-21693\"\/><div class=\"credits\"><\/div><\/div><p class=\"caption\"><\/p><\/div><\/div>\n<\/div><\/div>\n\n\n\n<div class=\"wp-block-ws-library-ws-column\"><div class=\"wrapper\">\n<div class=\"wp-block-ws-library-ws-title\"><h2>De + van Freissini\u00e8res<\/h2><\/div>\n\n\n\n<ul class=\"wp-block-list\">\n<li><strong>Intiem en goed onderhouden Scandinavisch gebied<\/strong> : lussen op vlaktes en open plekken, klassieke en skatingtrails, met regelmatige verzorging en een conditie die kan worden geraadpleegd.<\/li>\n\n\n\n<li><strong>Grote verscheidenheid aan profielen<\/strong> : ontdekking, tussen- en lange cursussen die initiatie, uithoudingsvermogen of contemplatief glijden in een rustige omgeving mogelijk maken.<\/li>\n\n\n\n<li><strong>IJsklimmen \/ ijsklimmen<\/strong> : kunstmatige toren en natuurgebieden die bekend staan om het leren of trainen in ijsklimmen, toezicht mogelijk, originele ervaring.<\/li>\n\n\n\n<li><strong>&#8220;Far North&#8221; sfeer met hondenslee\u00ebn<\/strong> (in de nabijgelegen vallei en in de buurt) en aanvullende avontuurlijke winteractiviteiten.<\/li>\n\n\n\n<li><strong>Langlaufen, sneeuwschoenwandelen en voetgangerspaden bestaan naast elkaar<\/strong> in dezelfde ruimte met aangepaste markeringen en wederzijds respect voor de gebruikers.<\/li>\n\n\n\n<li><strong>Wintertoegang tot Dormillouse per sneeuwschoen-<\/strong> <strong>en skitocht: <\/strong> beklimming van ongeveer 1 uur en 30 minuten, adembenemend landschap en een onvergelijkbare natuurervaring (lawinezones, gids aanbevolen).<\/li>\n\n\n\n<li><strong>Winterpanorama&#8217;s van de vallei en de met sneeuw bedekte bergtoppen<\/strong> : een natuurlijke omgeving die het gevoel van afzondering en onderdompeling accentueert.<\/li>\n<\/ul>\n<\/div><\/div>\n<\/div>\n\n\n\n<div class=\"wp-block-ws-library-ws-columns alignfull has-2-columns are-vertically-aligned-center layout-5050 is-style-background\" data-season=\"summer\">\n<div class=\"wp-block-ws-library-ws-column\"><div class=\"wrapper\">\n<div class=\"wp-block-ws-library-ws-image\"><div class=\"wrapper\"><div class=\"group-media\"><img decoding=\"async\" src=\"https:\/\/www.paysdesecrins.com\/wp-content\/uploads\/2025\/07\/151rando-famille-dsc04908dsc05038-1-960x640.jpg\" alt=\"\" class=\"single_image ws-image-21052\"\/><div class=\"credits\"><\/div><\/div><p class=\"caption\"><\/p><\/div><\/div>\n<\/div><\/div>\n\n\n\n<div class=\"wp-block-ws-library-ws-column\"><div class=\"wrapper\">\n<div class=\"wp-block-ws-library-ws-title\"><h2>De + van Freissini\u00e8res<\/h2><\/div>\n\n\n\n<ul class=\"wp-block-list\">\n<li><strong>Ongerepte en wilde omgeving<\/strong> : beschutte vallei, lariksbos, panorama&#8217;s van de bergkammen van \u00c9crins, zeer natuurlijke sfeer ver van de massastromen.<\/li>\n\n\n\n<li><strong>Een netwerk van gevarieerde wandelingen<\/strong> : gemakkelijke lussen (bijv. &#8220;Balade de Monsieur&#8221;), meer uitdagende routes zoals de grote ronde van Freissini\u00e8res \/ Randoland, circuits naar Dormillouse of de meren van Palluel en Faravel.<\/li>\n\n\n\n<li><strong>Toegang tot Dormillouse te voet<\/strong> : uniek hooggelegen gehucht van het \u00c9crins National Park, bereikbaar in ~1 uur lopen, met een onderdompeling in erfgoed en landschap.  <\/li>\n\n\n\n<li><strong>Thematische paden en ontdekking van het gebied<\/strong> : mogelijkheid om natuur, geschiedenis en fauna\/flora te combineren dankzij de Randoland-routes en educatieve lussen.<\/li>\n\n\n\n<li><strong>Rust en lage opkomst<\/strong> : ideaal voor wie op zoek is naar ontsnapping, rust en een echte verademing in de bergen.  <\/li>\n\n\n\n<li><strong>Nabijheid van kleine authentieke bergdorpjes<\/strong> : menselijke omgeving met gehuchten verspreid langs de Biaysse, lokaal welkom.<\/li>\n<\/ul>\n<\/div><\/div>\n<\/div>\n\n\n\n<div style=\"height:51px\" aria-hidden=\"true\" class=\"wp-block-spacer\"><\/div>\n\n\n\n<div class=\"wp-block-group alignfull group-home-festif has-global-padding is-layout-constrained wp-block-group-is-layout-constrained\">\n<div class=\"wp-block-ws-library-ws-title aligncenter has-color-3-color\"><h2><em>Voorraad aanleggen <\/em><br>vermaak<\/h2><\/div>\n\n\n<div class=\"alignwide wp-block-ws-apidae-library-ws-apidae-temps-forts\"><div class=\"simple-template\"><div class=\"wrapper\"><div class=\"content-left\"><div class=\"list-items\"><div class=\"item\" data-season=\"all-seasons\"><div class=\"card card-apidae card-temps-forts\"><div class=\"group-actions\"><ws-wishlist data-type=\"flag\" data-action=\"add\" data-wish-id=\"5823310\" data-wish-type=\"apidae\"><\/ws-wishlist><\/div><div class=\"group-media\"><div class=\"field-image\"><img decoding=\"async\" src=\"https:\/\/images.weserv.nl\/?url=https:\/\/static.apidae-tourisme.com\/filestore\/objets-touristiques\/images\/45\/188\/9944109-diaporama.jpg&#038;w=650&#038;h=650&#038;fit=cover&#038;output=webp&#038;q=45\" alt=\"F\u00eate du pain\"\/><\/div><\/div><div class=\"group-top\"><div class=\"field-commune\">Freissini\u00e8res<\/div><ws-apidae-from-price data-apidae-id=\"5823310\" ><\/ws-apidae-from-price><div class=\"group-dates\"><div class=\"field-dates\">Du 3 au 5 <span class=\"month\">juli<\/span><\/div><\/div><\/div><div class=\"group-content\"><div class=\"field-title\">F\u00eate du pain<\/div><\/div><div class=\"field-link\" role=\"group\" aria-label=\"Lien vers le contenu\"><a href=\"https:\/\/www.paysdesecrins.com\/nl\/fiche\/fete-du-pain-4\/\" class=\"cardlink\" title=\"Lire plus : F\u00eate du pain\" lang=\"nl_NL\">F\u00eate du pain<\/a><\/div><\/div><\/div><\/div><\/div><div class=\"content-right\"><div class=\"list-items\"><div class=\"item\" data-season=\"all-seasons\"><div class=\"card card-apidae card-temps-forts\"><div class=\"group-actions\"><ws-wishlist data-type=\"flag\" data-action=\"add\" data-wish-id=\"7809856\" data-wish-type=\"apidae\"><\/ws-wishlist><\/div><div class=\"group-media\"><div class=\"field-image\"><img decoding=\"async\" src=\"https:\/\/images.weserv.nl\/?url=https:\/\/static.apidae-tourisme.com\/filestore\/objets-touristiques\/images\/88\/11\/41093976-diaporama.jpg&#038;w=650&#038;h=650&#038;fit=cover&#038;output=webp&#038;q=45\" alt=\"F\u00eate de la Sainte Marie Madeleine\"\/><\/div><\/div><div class=\"group-top\"><div class=\"field-commune\">Freissini\u00e8res<\/div><ws-apidae-from-price data-apidae-id=\"7809856\" ><\/ws-apidae-from-price><div class=\"group-dates\"><div class=\"field-dates\">Du 17 au 19 <span class=\"month\">juli<\/span><\/div><\/div><\/div><div class=\"group-content\"><div class=\"field-title\">F\u00eate de la Sainte Marie Madeleine<\/div><\/div><div class=\"field-link\" role=\"group\" aria-label=\"Lien vers le contenu\"><a href=\"https:\/\/www.paysdesecrins.com\/nl\/fiche\/fete-de-la-sainte-marie-madeleine-5\/\" class=\"cardlink\" title=\"Lire plus : F\u00eate de la Sainte Marie Madeleine\" lang=\"nl_NL\">F\u00eate de la Sainte Marie Madeleine<\/a><\/div><\/div><\/div><div class=\"item\" data-season=\"all-seasons\"><div class=\"card card-apidae card-temps-forts\"><div class=\"group-actions\"><ws-wishlist data-type=\"flag\" data-action=\"add\" data-wish-id=\"7726877\" data-wish-type=\"apidae\"><\/ws-wishlist><\/div><div class=\"group-media\"><div class=\"field-image\"><img decoding=\"async\" src=\"https:\/\/images.weserv.nl\/?url=https:\/\/static.apidae-tourisme.com\/filestore\/objets-touristiques\/images\/146\/122\/39025298-diaporama.jpg&#038;w=650&#038;h=650&#038;fit=cover&#038;output=webp&#038;q=45\" alt=\"Repr\u00e9sentation th\u00e9\u00e2trale &#8220;Bartim\u00e9e un cri dans la houle&#8221;\"\/><\/div><\/div><div class=\"group-top\"><div class=\"field-commune\">Freissini\u00e8res<\/div><ws-apidae-from-price data-apidae-id=\"7726877\" ><\/ws-apidae-from-price><div class=\"group-dates\"><div class=\"field-dates\">2 <span class=\"month\">augustus<\/span><\/div><\/div><\/div><div class=\"group-content\"><div class=\"field-title\">Repr\u00e9sentation th\u00e9\u00e2trale &#8220;Bartim\u00e9e un cri dans la houle&#8221;<\/div><\/div><div class=\"field-link\" role=\"group\" aria-label=\"Lien vers le contenu\"><a href=\"https:\/\/www.paysdesecrins.com\/nl\/fiche\/representation-theatrale-bartimee-un-cri-dans-la-houle-5\/\" class=\"cardlink\" title=\"Lire plus : Repr\u00e9sentation th\u00e9\u00e2trale &#8220;Bartim\u00e9e un cri dans la houle&#8221;\" lang=\"nl_NL\">Repr\u00e9sentation th\u00e9\u00e2trale &#8220;Bartim\u00e9e un cri dans la houle&#8221;<\/a><\/div><\/div><\/div><\/div><\/div><\/div><\/div><div class=\"group-content\">\n\n<div class=\"wp-block-ws-library-ws-button has-text-align-left\"><a href=\"https:\/\/www.paysdesecrins.com\/nl\/ik-kies\/animatie-en-evenementen\/grote-evenementen-in-het-land-van-de-juwelen\/\" class=\"wp-block-button__link wp-element-button btn\">  Alle hoogtepunten<\/a><\/div>\n\n\n\n<div class=\"wp-block-ws-library-ws-button has-text-align-left\"><a href=\"https:\/\/www.paysdesecrins.com\/nl\/ik-kies\/animatie-en-evenementen\/evenementen-in-het-pays-des-ecrins\/\" class=\"wp-block-button__link wp-element-button btn\">  Alle agenda&#8217;s<\/a><\/div>\n\n<\/div><\/div><\/div><\/div>\n\n\n\n<div style=\"height:51px\" aria-hidden=\"true\" class=\"wp-block-spacer\"><\/div>\n\n\n\n<div class=\"wp-block-ws-library-ws-title aligncenter\" data-season=\"winter\"><h3><em>In Freissini\u00e8res Dormillouse, ontmoet de sneeuw!<\/em><br>  Het bewijs in beeld<\/h3><\/div>\n\n\n\n<div class=\"wp-block-ws-library-ws-slider alignwide\" data-season=\"winter\"><div class=\"splide\" data-splide=\"{\"type\":\"slide\",\"heightRatio\":\"auto\",\"perPage\":4,\"perMove\":1,\"drag\":true,\"pagination\":0,\"autoplay\":false,\"gap\":\"15px\",\"breakpoints\":{\"450\":{\"perPage\":1},\"768\":{\"perPage\":2},\"992\":{\"perPage\":3},\"1200\":{\"perPage\":4}}}\"><div class=\"splide__track\"><div class=\"splide__list\"><div class=\"splide__slide\"><a href=\"https:\/\/www.paysdesecrins.com\/wp-content\/uploads\/2025\/07\/paysages-et-ski-autour-de-dormillouse-79-scaled.jpg\" data-glightbox=\"true\" class=\"lightbox-trigger\"><img decoding=\"async\" src=\"https:\/\/www.paysdesecrins.com\/wp-content\/uploads\/2025\/07\/paysages-et-ski-autour-de-dormillouse-79-400x400.jpg\" alt=\"\"><\/a><\/div><div class=\"splide__slide\"><a href=\"https:\/\/www.paysdesecrins.com\/wp-content\/uploads\/2025\/07\/paysages-et-ski-autour-de-dormillouse-78-scaled.jpg\" data-glightbox=\"true\" class=\"lightbox-trigger\"><img decoding=\"async\" src=\"https:\/\/www.paysdesecrins.com\/wp-content\/uploads\/2025\/07\/paysages-et-ski-autour-de-dormillouse-78-400x400.jpg\" alt=\"\"><\/a><\/div><div class=\"splide__slide\"><a href=\"https:\/\/www.paysdesecrins.com\/wp-content\/uploads\/2025\/07\/paysages-et-ski-autour-de-dormillouse-73-scaled.jpg\" data-glightbox=\"true\" class=\"lightbox-trigger\"><img decoding=\"async\" src=\"https:\/\/www.paysdesecrins.com\/wp-content\/uploads\/2025\/07\/paysages-et-ski-autour-de-dormillouse-73-400x400.jpg\" alt=\"\"><\/a><\/div><div class=\"splide__slide\"><a href=\"https:\/\/www.paysdesecrins.com\/wp-content\/uploads\/2025\/07\/paysages-et-ski-autour-de-dormillouse-9-scaled.jpg\" data-glightbox=\"true\" class=\"lightbox-trigger\"><img decoding=\"async\" src=\"https:\/\/www.paysdesecrins.com\/wp-content\/uploads\/2025\/07\/paysages-et-ski-autour-de-dormillouse-9-400x400.jpg\" alt=\"\"><\/a><\/div><div class=\"splide__slide\"><a href=\"https:\/\/www.paysdesecrins.com\/wp-content\/uploads\/2025\/07\/17ski-rando-paysages-et-ski-autour-de-dormillouse-6-scaled.jpg\" data-glightbox=\"true\" class=\"lightbox-trigger\"><img decoding=\"async\" src=\"https:\/\/www.paysdesecrins.com\/wp-content\/uploads\/2025\/07\/17ski-rando-paysages-et-ski-autour-de-dormillouse-6-400x400.jpg\" alt=\"\"><\/a><\/div><\/div><\/div><\/div><\/div>\n\n\n\n<div class=\"wp-block-ws-library-ws-title aligncenter\" data-season=\"summer\"><h3><em>Een authentiek en bewaard gebleven kader<\/em><br> Het bewijs in beeld<\/h3><\/div>\n\n\n\n<div class=\"wp-block-ws-library-ws-slider alignwide\" data-season=\"summer\"><div class=\"splide\" data-splide=\"{\"type\":\"slide\",\"heightRatio\":\"auto\",\"perPage\":4,\"perMove\":1,\"drag\":true,\"pagination\":0,\"autoplay\":false,\"gap\":\"15px\",\"breakpoints\":{\"450\":{\"perPage\":1},\"768\":{\"perPage\":2},\"992\":{\"perPage\":3},\"1200\":{\"perPage\":4}}}\"><div class=\"splide__track\"><div class=\"splide__list\"><div class=\"splide__slide\"><a href=\"https:\/\/www.paysdesecrins.com\/wp-content\/uploads\/2025\/07\/16sitesdexception-dormillouse-dormillouse-15-scaled.jpg\" data-glightbox=\"true\" class=\"lightbox-trigger\"><img decoding=\"async\" src=\"https:\/\/www.paysdesecrins.com\/wp-content\/uploads\/2025\/07\/16sitesdexception-dormillouse-dormillouse-15-400x400.jpg\" alt=\"\"><\/a><\/div><div class=\"splide__slide\"><a href=\"https:\/\/www.paysdesecrins.com\/wp-content\/uploads\/2025\/07\/16sitesdexception-lacs-randonnee-rogiervanrijn-lac-fangeas-dsc05046-scaled.jpg\" data-glightbox=\"true\" class=\"lightbox-trigger\"><img decoding=\"async\" src=\"https:\/\/www.paysdesecrins.com\/wp-content\/uploads\/2025\/07\/16sitesdexception-lacs-randonnee-rogiervanrijn-lac-fangeas-dsc05046-400x400.jpg\" alt=\"\"><\/a><\/div><div class=\"splide__slide\"><a href=\"https:\/\/www.paysdesecrins.com\/wp-content\/uploads\/2025\/07\/161dormillouse-bivouac-au-lac-faravel-et-boucle-des-3-lacs-62-scaled.jpg\" data-glightbox=\"true\" class=\"lightbox-trigger\"><img decoding=\"async\" src=\"https:\/\/www.paysdesecrins.com\/wp-content\/uploads\/2025\/07\/161dormillouse-bivouac-au-lac-faravel-et-boucle-des-3-lacs-62-400x400.jpg\" alt=\"\"><\/a><\/div><div class=\"splide__slide\"><a href=\"https:\/\/www.paysdesecrins.com\/wp-content\/uploads\/2025\/07\/glacier-noir-randonnee-thibaut-blais-27-grande-1-400x400.jpeg\" data-glightbox=\"true\" class=\"lightbox-trigger\"><img decoding=\"async\" src=\"https:\/\/www.paysdesecrins.com\/wp-content\/uploads\/2025\/07\/glacier-noir-randonnee-thibaut-blais-27-grande-1-400x400.jpeg\" alt=\"\"><\/a><\/div><\/div><\/div><\/div><\/div>\n\n\n\n<div class=\"wp-block-ws-library-ws-title aligncenter\"><h2><em>Wij zorgen voor alles,<\/em> u geniet<\/h2><\/div>\n\n\n\n<p class=\"has-text-align-center\">Ontdek onze all-inclusive verblijven en laat ons uw onderdompeling in de bergen organiseren: accommodatie, begeleide activiteiten en lokale ervaringen worden voor u verzameld. Kies uw formule, van een verjongend weekend tot een week vol avontuur, en profiteer ten volle van de landschappen, de knowhow en de gezelligheid zonder u ergens zorgen over te maken. <\/p>\n\n\n<div class=\"alignwide wp-block-ws-library-ws-list-content\"><div class=\"list-items\"><div class=\"item\" data-season=\"all-seasons\"><div class=\"card  card-page\"><div class=\"group-media\"><div class=\"field-image\"><img loading=\"lazy\" decoding=\"async\" width=\"300\" height=\"450\" src=\"https:\/\/www.paysdesecrins.com\/wp-content\/uploads\/2025\/08\/photos-kinaphoto-pelvoux-journe-e-1-2025-hd66-300x450.jpg\" class=\"winter wp-post-image\" alt=\"\" data-season=\"winter\" srcset=\"https:\/\/www.paysdesecrins.com\/wp-content\/uploads\/2025\/08\/photos-kinaphoto-pelvoux-journe-e-1-2025-hd66-300x450.jpg 300w, https:\/\/www.paysdesecrins.com\/wp-content\/uploads\/2025\/08\/photos-kinaphoto-pelvoux-journe-e-1-2025-hd66-390x585.jpg 390w\" sizes=\"auto, (max-width: 300px) 100vw, 300px\" \/><img loading=\"lazy\" decoding=\"async\" width=\"300\" height=\"450\" src=\"https:\/\/www.paysdesecrins.com\/wp-content\/uploads\/2025\/07\/dsc01515-300x450.jpg\" class=\"vivaldi-thumb summer\" alt=\"\" data-season=\"summer\" srcset=\"https:\/\/www.paysdesecrins.com\/wp-content\/uploads\/2025\/07\/dsc01515-300x450.jpg 300w, https:\/\/www.paysdesecrins.com\/wp-content\/uploads\/2025\/07\/dsc01515-390x585.jpg 390w\" sizes=\"auto, (max-width: 300px) 100vw, 300px\" \/><\/div><\/div><div class=\"group-content\"><div class=\"field-title\">Al onze verblijven<\/div><\/div><div class=\"field-link\" role=\"group\" aria-label=\"Lien vers le contenu\"><a href=\"https:\/\/www.paysdesecrins.com\/nl\/blijft\/\" class=\"cardlink\" title=\"Lire plus : Al onze verblijven\" lang=\"nl_NL\">Al onze verblijven<\/a><\/div><\/div><\/div><\/div><\/div>\n\n\n<div class=\"wp-block-ws-library-ws-button has-text-align-center\"><a href=\"https:\/\/www.paysdesecrins.com\/nl\/blijft\/#\/categories\" class=\"wp-block-button__link wp-element-button btn\">  Ontdek all-inclusive verblijven<\/a><\/div>\n\n\n\n<div style=\"height:100px\" aria-hidden=\"true\" class=\"wp-block-spacer\"><\/div>\n\n\n\n<div class=\"wp-block-ws-library-ws-share\"><span class=\"share-subtitle\">Vond je deze pagina leuk?<\/span><span class=\"share-title\">Deel het!<\/span><button class=\"ws-share-button wp-element-button\">Deel deze pagina<\/button><\/div>\n","protected":false},"excerpt":{"rendered":"<p>Freissini\u00e8res strekt zich uit over 20 km hangende vallei langs de Biaysse, tussen 1.180 m en 1.780 m boven de [&hellip;]<\/p>\n","protected":false},"author":1,"featured_media":65562,"parent":44506,"menu_order":0,"comment_status":"closed","ping_status":"closed","template":"","meta":{"_thumbnail_id_2":0,"summer_excerpt":"","season":"","station":"freiss","footnotes":""},"class_list":["post-45154","page","type-page","status-publish","has-post-thumbnail","hentry"],"yoast_head":"<!-- This site is optimized with the Yoast SEO plugin v27.3 - https:\/\/yoast.com\/product\/yoast-seo-wordpress\/ -->\n<title>Freissini\u00e8res - Pays des \u00c9crins - Office de Tourisme<\/title>\n<meta name=\"robots\" content=\"index, follow, max-snippet:-1, max-image-preview:large, max-video-preview:-1\" \/>\n<link rel=\"canonical\" href=\"https:\/\/www.paysdesecrins.com\/nl\/mijn-resort-mijn-dorp\/freissinieres-dormillouse\/\" \/>\n<meta property=\"og:locale\" content=\"nl_NL\" \/>\n<meta property=\"og:type\" content=\"article\" \/>\n<meta property=\"og:title\" content=\"Freissini\u00e8res - Pays des \u00c9crins - Office de Tourisme\" \/>\n<meta property=\"og:description\" content=\"Freissini\u00e8res strekt zich uit over 20 km hangende vallei langs de Biaysse, tussen 1.180 m en 1.780 m boven de [&hellip;]\" \/>\n<meta property=\"og:url\" content=\"https:\/\/www.paysdesecrins.com\/nl\/mijn-resort-mijn-dorp\/freissinieres-dormillouse\/\" \/>\n<meta property=\"og:site_name\" content=\"Pays des \u00c9crins - Office de Tourisme\" \/>\n<meta property=\"article:modified_time\" content=\"2026-01-16T14:21:19+00:00\" \/>\n<meta property=\"og:image\" content=\"https:\/\/www.paysdesecrins.com\/wp-content\/uploads\/2025\/08\/dsc00229-1-scaled.jpg\" \/>\n\t<meta property=\"og:image:width\" content=\"2560\" \/>\n\t<meta property=\"og:image:height\" content=\"1707\" \/>\n\t<meta property=\"og:image:type\" content=\"image\/jpeg\" \/>\n<meta name=\"twitter:card\" content=\"summary_large_image\" \/>\n<meta name=\"twitter:label1\" content=\"Geschatte leestijd\" \/>\n\t<meta name=\"twitter:data1\" content=\"9 minuten\" \/>\n<script type=\"application\/ld+json\" class=\"yoast-schema-graph\">{\"@context\":\"https:\\\/\\\/schema.org\",\"@graph\":[{\"@type\":\"WebPage\",\"@id\":\"https:\\\/\\\/www.paysdesecrins.com\\\/nl\\\/mijn-resort-mijn-dorp\\\/freissinieres-dormillouse\\\/\",\"url\":\"https:\\\/\\\/www.paysdesecrins.com\\\/nl\\\/mijn-resort-mijn-dorp\\\/freissinieres-dormillouse\\\/\",\"name\":\"Freissini\u00e8res - Pays des \u00c9crins - Office de Tourisme\",\"isPartOf\":{\"@id\":\"https:\\\/\\\/www.paysdesecrins.com\\\/nl\\\/#website\"},\"primaryImageOfPage\":{\"@id\":\"https:\\\/\\\/www.paysdesecrins.com\\\/nl\\\/mijn-resort-mijn-dorp\\\/freissinieres-dormillouse\\\/#primaryimage\"},\"image\":{\"@id\":\"https:\\\/\\\/www.paysdesecrins.com\\\/nl\\\/mijn-resort-mijn-dorp\\\/freissinieres-dormillouse\\\/#primaryimage\"},\"thumbnailUrl\":\"https:\\\/\\\/www.paysdesecrins.com\\\/wp-content\\\/uploads\\\/2025\\\/08\\\/dsc00229-1-scaled.jpg\",\"datePublished\":\"2025-06-25T13:44:53+00:00\",\"dateModified\":\"2026-01-16T14:21:19+00:00\",\"breadcrumb\":{\"@id\":\"https:\\\/\\\/www.paysdesecrins.com\\\/nl\\\/mijn-resort-mijn-dorp\\\/freissinieres-dormillouse\\\/#breadcrumb\"},\"inLanguage\":\"nl-NL\",\"potentialAction\":[{\"@type\":\"ReadAction\",\"target\":[\"https:\\\/\\\/www.paysdesecrins.com\\\/nl\\\/mijn-resort-mijn-dorp\\\/freissinieres-dormillouse\\\/\"]}]},{\"@type\":\"ImageObject\",\"inLanguage\":\"nl-NL\",\"@id\":\"https:\\\/\\\/www.paysdesecrins.com\\\/nl\\\/mijn-resort-mijn-dorp\\\/freissinieres-dormillouse\\\/#primaryimage\",\"url\":\"https:\\\/\\\/www.paysdesecrins.com\\\/wp-content\\\/uploads\\\/2025\\\/08\\\/dsc00229-1-scaled.jpg\",\"contentUrl\":\"https:\\\/\\\/www.paysdesecrins.com\\\/wp-content\\\/uploads\\\/2025\\\/08\\\/dsc00229-1-scaled.jpg\",\"width\":2560,\"height\":1707},{\"@type\":\"BreadcrumbList\",\"@id\":\"https:\\\/\\\/www.paysdesecrins.com\\\/nl\\\/mijn-resort-mijn-dorp\\\/freissinieres-dormillouse\\\/#breadcrumb\",\"itemListElement\":[{\"@type\":\"ListItem\",\"position\":1,\"name\":\"Accueil\",\"item\":\"https:\\\/\\\/www.paysdesecrins.com\\\/nl\\\/de-titel-van-het-huis\\\/\"},{\"@type\":\"ListItem\",\"position\":2,\"name\":\"Mijn resort, mijn dorp\",\"item\":\"https:\\\/\\\/www.paysdesecrins.com\\\/nl\\\/ma-station-mon-village\\\/\"},{\"@type\":\"ListItem\",\"position\":3,\"name\":\"Freissini\u00e8res\"}]},{\"@type\":\"WebSite\",\"@id\":\"https:\\\/\\\/www.paysdesecrins.com\\\/nl\\\/#website\",\"url\":\"https:\\\/\\\/www.paysdesecrins.com\\\/nl\\\/\",\"name\":\"Pays des \u00c9crins - Office de Tourisme\",\"description\":\"L&#039;esprit montagne\",\"publisher\":{\"@id\":\"https:\\\/\\\/www.paysdesecrins.com\\\/nl\\\/#organization\"},\"potentialAction\":[{\"@type\":\"SearchAction\",\"target\":{\"@type\":\"EntryPoint\",\"urlTemplate\":\"https:\\\/\\\/www.paysdesecrins.com\\\/nl\\\/?s={search_term_string}\"},\"query-input\":{\"@type\":\"PropertyValueSpecification\",\"valueRequired\":true,\"valueName\":\"search_term_string\"}}],\"inLanguage\":\"nl-NL\"},{\"@type\":\"Organization\",\"@id\":\"https:\\\/\\\/www.paysdesecrins.com\\\/nl\\\/#organization\",\"name\":\"Pays des \u00c9crins - Office de Tourisme\",\"url\":\"https:\\\/\\\/www.paysdesecrins.com\\\/nl\\\/\",\"logo\":{\"@type\":\"ImageObject\",\"inLanguage\":\"nl-NL\",\"@id\":\"https:\\\/\\\/www.paysdesecrins.com\\\/nl\\\/#\\\/schema\\\/logo\\\/image\\\/\",\"url\":\"https:\\\/\\\/www.paysdesecrins.com\\\/wp-content\\\/uploads\\\/2025\\\/06\\\/devina-svg-1750845694.svg\",\"contentUrl\":\"https:\\\/\\\/www.paysdesecrins.com\\\/wp-content\\\/uploads\\\/2025\\\/06\\\/devina-svg-1750845694.svg\",\"caption\":\"Pays des \u00c9crins - Office de Tourisme\"},\"image\":{\"@id\":\"https:\\\/\\\/www.paysdesecrins.com\\\/nl\\\/#\\\/schema\\\/logo\\\/image\\\/\"}}]}<\/script>\n<!-- \/ Yoast SEO plugin. -->","yoast_head_json":{"title":"Freissini\u00e8res - Pays des \u00c9crins - Office de Tourisme","robots":{"index":"index","follow":"follow","max-snippet":"max-snippet:-1","max-image-preview":"max-image-preview:large","max-video-preview":"max-video-preview:-1"},"canonical":"https:\/\/www.paysdesecrins.com\/nl\/mijn-resort-mijn-dorp\/freissinieres-dormillouse\/","og_locale":"nl_NL","og_type":"article","og_title":"Freissini\u00e8res - Pays des \u00c9crins - Office de Tourisme","og_description":"Freissini\u00e8res strekt zich uit over 20 km hangende vallei langs de Biaysse, tussen 1.180 m en 1.780 m boven de [&hellip;]","og_url":"https:\/\/www.paysdesecrins.com\/nl\/mijn-resort-mijn-dorp\/freissinieres-dormillouse\/","og_site_name":"Pays des \u00c9crins - Office de Tourisme","article_modified_time":"2026-01-16T14:21:19+00:00","og_image":[{"width":2560,"height":1707,"url":"https:\/\/www.paysdesecrins.com\/wp-content\/uploads\/2025\/08\/dsc00229-1-scaled.jpg","type":"image\/jpeg"}],"twitter_card":"summary_large_image","twitter_misc":{"Geschatte leestijd":"9 minuten"},"schema":{"@context":"https:\/\/schema.org","@graph":[{"@type":"WebPage","@id":"https:\/\/www.paysdesecrins.com\/nl\/mijn-resort-mijn-dorp\/freissinieres-dormillouse\/","url":"https:\/\/www.paysdesecrins.com\/nl\/mijn-resort-mijn-dorp\/freissinieres-dormillouse\/","name":"Freissini\u00e8res - Pays des \u00c9crins - Office de Tourisme","isPartOf":{"@id":"https:\/\/www.paysdesecrins.com\/nl\/#website"},"primaryImageOfPage":{"@id":"https:\/\/www.paysdesecrins.com\/nl\/mijn-resort-mijn-dorp\/freissinieres-dormillouse\/#primaryimage"},"image":{"@id":"https:\/\/www.paysdesecrins.com\/nl\/mijn-resort-mijn-dorp\/freissinieres-dormillouse\/#primaryimage"},"thumbnailUrl":"https:\/\/www.paysdesecrins.com\/wp-content\/uploads\/2025\/08\/dsc00229-1-scaled.jpg","datePublished":"2025-06-25T13:44:53+00:00","dateModified":"2026-01-16T14:21:19+00:00","breadcrumb":{"@id":"https:\/\/www.paysdesecrins.com\/nl\/mijn-resort-mijn-dorp\/freissinieres-dormillouse\/#breadcrumb"},"inLanguage":"nl-NL","potentialAction":[{"@type":"ReadAction","target":["https:\/\/www.paysdesecrins.com\/nl\/mijn-resort-mijn-dorp\/freissinieres-dormillouse\/"]}]},{"@type":"ImageObject","inLanguage":"nl-NL","@id":"https:\/\/www.paysdesecrins.com\/nl\/mijn-resort-mijn-dorp\/freissinieres-dormillouse\/#primaryimage","url":"https:\/\/www.paysdesecrins.com\/wp-content\/uploads\/2025\/08\/dsc00229-1-scaled.jpg","contentUrl":"https:\/\/www.paysdesecrins.com\/wp-content\/uploads\/2025\/08\/dsc00229-1-scaled.jpg","width":2560,"height":1707},{"@type":"BreadcrumbList","@id":"https:\/\/www.paysdesecrins.com\/nl\/mijn-resort-mijn-dorp\/freissinieres-dormillouse\/#breadcrumb","itemListElement":[{"@type":"ListItem","position":1,"name":"Accueil","item":"https:\/\/www.paysdesecrins.com\/nl\/de-titel-van-het-huis\/"},{"@type":"ListItem","position":2,"name":"Mijn resort, mijn dorp","item":"https:\/\/www.paysdesecrins.com\/nl\/ma-station-mon-village\/"},{"@type":"ListItem","position":3,"name":"Freissini\u00e8res"}]},{"@type":"WebSite","@id":"https:\/\/www.paysdesecrins.com\/nl\/#website","url":"https:\/\/www.paysdesecrins.com\/nl\/","name":"Pays des \u00c9crins - Office de Tourisme","description":"L&#039;esprit montagne","publisher":{"@id":"https:\/\/www.paysdesecrins.com\/nl\/#organization"},"potentialAction":[{"@type":"SearchAction","target":{"@type":"EntryPoint","urlTemplate":"https:\/\/www.paysdesecrins.com\/nl\/?s={search_term_string}"},"query-input":{"@type":"PropertyValueSpecification","valueRequired":true,"valueName":"search_term_string"}}],"inLanguage":"nl-NL"},{"@type":"Organization","@id":"https:\/\/www.paysdesecrins.com\/nl\/#organization","name":"Pays des \u00c9crins - Office de Tourisme","url":"https:\/\/www.paysdesecrins.com\/nl\/","logo":{"@type":"ImageObject","inLanguage":"nl-NL","@id":"https:\/\/www.paysdesecrins.com\/nl\/#\/schema\/logo\/image\/","url":"https:\/\/www.paysdesecrins.com\/wp-content\/uploads\/2025\/06\/devina-svg-1750845694.svg","contentUrl":"https:\/\/www.paysdesecrins.com\/wp-content\/uploads\/2025\/06\/devina-svg-1750845694.svg","caption":"Pays des \u00c9crins - Office de Tourisme"},"image":{"@id":"https:\/\/www.paysdesecrins.com\/nl\/#\/schema\/logo\/image\/"}}]}},"_links":{"self":[{"href":"https:\/\/www.paysdesecrins.com\/nl\/wp-json\/wp\/v2\/pages\/45154","targetHints":{"allow":["GET"]}}],"collection":[{"href":"https:\/\/www.paysdesecrins.com\/nl\/wp-json\/wp\/v2\/pages"}],"about":[{"href":"https:\/\/www.paysdesecrins.com\/nl\/wp-json\/wp\/v2\/types\/page"}],"author":[{"embeddable":true,"href":"https:\/\/www.paysdesecrins.com\/nl\/wp-json\/wp\/v2\/users\/1"}],"replies":[{"embeddable":true,"href":"https:\/\/www.paysdesecrins.com\/nl\/wp-json\/wp\/v2\/comments?post=45154"}],"version-history":[{"count":3,"href":"https:\/\/www.paysdesecrins.com\/nl\/wp-json\/wp\/v2\/pages\/45154\/revisions"}],"predecessor-version":[{"id":166475,"href":"https:\/\/www.paysdesecrins.com\/nl\/wp-json\/wp\/v2\/pages\/45154\/revisions\/166475"}],"up":[{"embeddable":true,"href":"https:\/\/www.paysdesecrins.com\/nl\/wp-json\/wp\/v2\/pages\/44506"}],"wp:featuredmedia":[{"embeddable":true,"href":"https:\/\/www.paysdesecrins.com\/nl\/wp-json\/wp\/v2\/media\/65562"}],"wp:attachment":[{"href":"https:\/\/www.paysdesecrins.com\/nl\/wp-json\/wp\/v2\/media?parent=45154"}],"curies":[{"name":"wp","href":"https:\/\/api.w.org\/{rel}","templated":true}]}}