{"id":45194,"date":"2025-06-25T15:44:52","date_gmt":"2025-06-25T13:44:52","guid":{"rendered":"https:\/\/www.paysdesecrins.com\/mijn-resort-mijn-dorp\/pelvoux-vallouise-ailefroide\/"},"modified":"2025-08-13T15:12:42","modified_gmt":"2025-08-13T13:12:42","slug":"pelvoux-vallouise-ailefroide","status":"publish","type":"page","link":"https:\/\/www.paysdesecrins.com\/nl\/mijn-resort-mijn-dorp\/pelvoux-vallouise-ailefroide\/","title":{"rendered":"Vallouise-Pelvoux"},"content":{"rendered":"    <div class=\"alignfull wp-block-ws-library-ws-header-interne\" data-season=\"summer\">\n\t    <div class=\"header-container\">\n\t        <div class=\"group-media has-image\">\n\t            \t                <img loading=\"lazy\" decoding=\"async\" width=\"1920\" height=\"800\" src=\"https:\/\/www.paysdesecrins.com\/wp-content\/uploads\/2025\/07\/lever-de-soleil-sur-la-cre-te-du-bel-serre-entre-la-blanche-et-la-rouya-14-1920x800.jpg\" alt=\"\" class=\"image_large_square wp-image-45004\" \/>\n\t            \t        <\/div>\n\t        <div class=\"group-content\">\n\t            <div class=\"title\">\n\t                <h1>\n\t                    Vallouise-Pelvoux\t                    \t                <\/h1>\n\t            <\/div>\n\t        <\/div>\n\t    <\/div>\n\t    \n<div class=\"yoast-breadcrumbs\"><span><span><a href=\"https:\/\/www.paysdesecrins.com\/nl\/de-titel-van-het-huis\/\">Accueil<\/a><\/span>  <span><a href=\"https:\/\/www.paysdesecrins.com\/nl\/ma-station-mon-village\/\">Mijn resort, mijn dorp<\/a><\/span>  <span class=\"breadcrumb_last\" aria-current=\"page\">Vallouise-Pelvoux<\/span><\/span><\/div>\n    <\/div>\n        <div class=\"alignfull wp-block-ws-library-ws-header-interne\" data-season=\"winter\">\n\t    <div class=\"header-container\">\n\t        <div class=\"group-media has-image\">\n\t            \t                <img loading=\"lazy\" decoding=\"async\" width=\"1920\" height=\"800\" src=\"https:\/\/www.paysdesecrins.com\/wp-content\/uploads\/2025\/07\/bivouac-a-su-sommet-de-la-blanche-5-1920x800.jpg\" alt=\"\" class=\"image_large_square wp-image-44994\" \/>\n\t            \t        <\/div>\n\t        <div class=\"group-content\">\n\t            <div class=\"title\">\n\t                <h1>\n\t                    Vallouise-pelvoux\t                    \t                <\/h1>\n\t            <\/div>\n\t        <\/div>\n\t    <\/div>\n\t    \n<div class=\"yoast-breadcrumbs\"><span><span><a href=\"https:\/\/www.paysdesecrins.com\/nl\/de-titel-van-het-huis\/\">Accueil<\/a><\/span>  <span><a href=\"https:\/\/www.paysdesecrins.com\/nl\/ma-station-mon-village\/\">Mijn resort, mijn dorp<\/a><\/span>  <span class=\"breadcrumb_last\" aria-current=\"page\">Vallouise-Pelvoux<\/span><\/span><\/div>\n    <\/div>\n    \n<div class=\"wp-block-ws-library-ws-list-pictos\" data-season=\"summer\">\n<div class=\"wp-block-ws-library-ws-text-icon ws-text-icon\"><div class=\"group-media\"><div class=\"field-image\"><img decoding=\"async\" src=\"https:\/\/www.paysdesecrins.com\/wp-content\/uploads\/2025\/07\/webcam.svg\" alt=\"\" class=\"wp-image-26804 size-90x90\"><\/div><\/div><div class=\"group-content\"><p class=\"field-description\">Webcam<\/p><\/div><a href=\"https:\/\/www.paysdesecrins.com\/nl\/60792-2\/\" class=\"cardlink\">Lees meer<\/a><\/div>\n\n\n\n<div class=\"wp-block-ws-library-ws-text-icon ws-text-icon\"><div class=\"group-media\"><div class=\"field-image\"><img decoding=\"async\" src=\"https:\/\/www.paysdesecrins.com\/wp-content\/uploads\/2025\/07\/meteo.svg\" alt=\"\" class=\"wp-image-26817 size-90x90\"><\/div><\/div><div class=\"group-content\"><p class=\"field-description\">Weersvoorspelling<\/p><\/div><a href=\"https:\/\/www.paysdesecrins.com\/nl\/weer-vallouise-pelvoux\/\" class=\"cardlink\">Lees meer<\/a><\/div>\n\n\n\n<div class=\"wp-block-ws-library-ws-text-icon ws-text-icon\"><div class=\"group-media\"><div class=\"field-image\"><img decoding=\"async\" src=\"https:\/\/www.paysdesecrins.com\/wp-content\/uploads\/2025\/07\/ski.svg\" alt=\"\" class=\"wp-image-26794 size-90x90\"><\/div><\/div><div class=\"group-content\"><p class=\"field-description\">Skipassen<br>Werktuiglijk<\/p><\/div><a href=\"https:\/\/ski-pelvoux.axess.shop\/fr\/Products\/Tickets\/\" class=\"cardlink\" target=\"_blank\">Lees meer<\/a><\/div>\n\n\n\n<div class=\"wp-block-ws-library-ws-text-icon ws-text-icon\"><div class=\"group-media\"><div class=\"field-image\"><img decoding=\"async\" src=\"https:\/\/www.paysdesecrins.com\/wp-content\/uploads\/2025\/07\/map.svg\" alt=\"\" class=\"wp-image-26809 size-90x90\"><\/div><\/div><div class=\"group-content\"><p class=\"field-description\">Kaart van de WANDELINGEN<br>EN activiteiten<\/p><\/div><a href=\"https:\/\/app-v4.avizi.fr\/fichiers\/preview\/687f5d3568cfa\/39473-3839\" class=\"cardlink\" target=\"_blank\">Lees meer<\/a><\/div>\n<\/div>\n\n<div class=\"wp-block-ws-library-ws-list-pictos\" data-season=\"winter\">\n<div class=\"wp-block-ws-library-ws-text-icon ws-text-icon\"><div class=\"group-media\"><div class=\"field-image\"><img decoding=\"async\" src=\"https:\/\/www.paysdesecrins.com\/wp-content\/uploads\/2025\/07\/webcam.svg\" alt=\"\" class=\"wp-image-26804 size-90x90\"><\/div><\/div><div class=\"group-content\"><p class=\"field-description\">Webcam<\/p><\/div><a href=\"https:\/\/www.paysdesecrins.com\/nl\/60792-2\/\" class=\"cardlink\">Lees meer<\/a><\/div>\n\n\n\n<div class=\"wp-block-ws-library-ws-text-icon ws-text-icon\"><div class=\"group-media\"><div class=\"field-image\"><img decoding=\"async\" src=\"https:\/\/www.paysdesecrins.com\/wp-content\/uploads\/2025\/07\/meteo.svg\" alt=\"\" class=\"wp-image-26817 size-90x90\"><\/div><\/div><div class=\"group-content\"><p class=\"field-description\">Weersvoorspelling<\/p><\/div><a href=\"https:\/\/www.paysdesecrins.com\/nl\/weer-vallouise-pelvoux\/\" class=\"cardlink\">Lees meer<\/a><\/div>\n\n\n\n<div class=\"wp-block-ws-library-ws-text-icon ws-text-icon\"><div class=\"group-media\"><div class=\"field-image\"><img decoding=\"async\" src=\"https:\/\/www.paysdesecrins.com\/wp-content\/uploads\/2025\/07\/ski.svg\" alt=\"\" class=\"wp-image-26794 size-90x90\"><\/div><\/div><div class=\"group-content\"><p class=\"field-description\">Skipassen<br>Werktuiglijk<\/p><\/div><a href=\"https:\/\/ski-pelvoux.axess.shop\/fr\/Products\/Tickets\/\" class=\"cardlink\" target=\"_blank\">Lees meer<\/a><\/div>\n\n\n\n<div class=\"wp-block-ws-library-ws-text-icon ws-text-icon\"><div class=\"group-media\"><div class=\"field-image\"><img decoding=\"async\" src=\"https:\/\/www.paysdesecrins.com\/wp-content\/uploads\/2025\/07\/map.svg\" alt=\"\" class=\"wp-image-26809 size-90x90\"><\/div><\/div><div class=\"group-content\"><p class=\"field-description\">ROUTEKAART<\/p><\/div><a href=\"https:\/\/www.ski-pelvoux.com\/wp-content\/uploads\/2024\/12\/pelvoux-vallouise-2024-plan-pistes-a4-web-compresse.pdf\" class=\"cardlink\" target=\"_blank\">Lees meer<\/a><\/div>\n<\/div>\n\n<div class=\"wp-block-ws-library-ws-title aligncenter is-style-simple\" data-season=\"summer\"><h2><em>De speeltuin van <\/em>Liefhebbers van de bergen  <\/h2><\/div>\n\n<div class=\"wp-block-ws-library-ws-title aligncenter is-style-simple\" data-season=\"winter\"><h2><em>De speeltuin van <\/em>Liefhebbers van de bergen  <\/h2><\/div>\n\n<p class=\"has-text-align-center\" data-season=\"summer\">Gelegen op een hoogte van 1.250 m, omvat de dorpsbadplaats Pelvoux-Vallouise de gehuchten Pelvoux, Vallouise en Ailefroide, gelabeld als &#8220;Bergbeklimmersdorp&#8221; in het hart van het Nationaal Park \u00c9crins. In de zomer vinden sportliefhebbers en gezinnen wat ze zoeken tussen panoramische wandelingen naar de Glacier Blanc, via ferrata, mountainbiketochten, paraglidingvluchten of raften. Liefhebbers van bergbeklimmen kunnen vanuit Ailefroide vertrekken op de klassieke gletsjer- en rotsachtige routes, onder begeleiding van de gidsen van de \u00c9crins. Aan de voet van duizend jaar oude bergtoppen en gletsjers is de sfeer warm en authentiek en nodigt u uit om het lokale erfgoed te ontdekken en nieuwe energie op te doen midden in de natuur.   <\/p>\n\n<p class=\"has-text-align-center\" data-season=\"winter\">Vallouise-Pelvoux ligt tussen 1.250 en 2.300 m boven de zeespiegel en biedt 25 km gemarkeerde pistes die worden bediend door zeven skiliften, geschikt voor ski\u00ebrs van alle niveaus. Liefhebbers van skitochten kunnen de stoeltjeslift Pr\u00e9ron nemen om op de route naar La Blanche (2.953 m) te komen, met zijn 1.138 m hoogteverschil naar beneden. In de winter blijft de startplaats Vallouise-Pelvoux bereikbaar met een stoeltjeslift, waardoor paragliders een directe vlucht over de Vallouise kunnen maken met een uniek panorama op de toppen van de \u00c9crins. Tussen de toppen van de \u00c9crins en de vriendelijke dorpssfeer onderscheidt Vallouise-pelvoux zich door zijn eenvoudige en authentieke geest.   <\/p>\n\n<div class=\"wp-block-group is-content-justification-center is-nowrap is-layout-flex wp-container-core-group-is-layout-23441af8 wp-block-group-is-layout-flex\">\n<div class=\"wp-block-ws-library-ws-button has-text-align-center\"><a href=\"https:\/\/www.ski-pelvoux.com\" class=\"wp-block-button__link wp-element-button btn\">  Website van het vakantieverblijf<\/a><\/div>\n\n\n\n<div class=\"wp-block-ws-library-ws-button has-text-align-center is-style-outline\"><a href=\"https:\/\/www.paysdesecrins.com\/nl\/ik-kies\/toegang-en-shuttles\/\" class=\"wp-block-button__link wp-element-button btn\">  Toegang en shuttles<\/a><\/div>\n<\/div>\n\n<div style=\"height:20px\" aria-hidden=\"true\" class=\"wp-block-spacer\"><\/div>\n\n<div class=\"wp-block-ws-library-ws-title aligncenter is-style-simple\"><h3><em>Ik wil<\/em> Zoek uit<\/h3><\/div>\n<div class=\"alignwide wp-block-ws-library-ws-list-childs\" data-season=\"allseasons\"><div class=\"child-pages-list list-items list-2-3-4\"><div class=\"item\" data-season=\"all-seasons\"><div class=\"card card-child\"><div class=\"group-media\"><div class=\"field-image\"><img decoding=\"async\" width=\"400\" height=\"400\" src=\"https:\/\/www.paysdesecrins.com\/wp-content\/uploads\/2025\/07\/dsc00189-400x400.jpg\" class=\"winter wp-post-image\" alt=\"\" loading=\"lazy\" data-season=\"winter\" srcset=\"https:\/\/www.paysdesecrins.com\/wp-content\/uploads\/2025\/07\/dsc00189-400x400.jpg 400w, https:\/\/www.paysdesecrins.com\/wp-content\/uploads\/2025\/07\/dsc00189-150x150.jpg 150w, https:\/\/www.paysdesecrins.com\/wp-content\/uploads\/2025\/07\/dsc00189-600x600.jpg 600w, https:\/\/www.paysdesecrins.com\/wp-content\/uploads\/2025\/07\/dsc00189-300x300.jpg 300w, https:\/\/www.paysdesecrins.com\/wp-content\/uploads\/2025\/07\/dsc00189-570x570.jpg 570w\" sizes=\"auto, (max-width: 400px) 100vw, 400px\" \/><img loading=\"lazy\" decoding=\"async\" width=\"400\" height=\"400\" src=\"https:\/\/www.paysdesecrins.com\/wp-content\/uploads\/2025\/07\/51rafting-eauxvives-rafting-dsc09298-scaled-400x400.jpg\" class=\"vivaldi-thumb summer\" alt=\"\" data-season=\"summer\" srcset=\"https:\/\/www.paysdesecrins.com\/wp-content\/uploads\/2025\/07\/51rafting-eauxvives-rafting-dsc09298-scaled-400x400.jpg 400w, https:\/\/www.paysdesecrins.com\/wp-content\/uploads\/2025\/07\/51rafting-eauxvives-rafting-dsc09298-scaled-150x150.jpg 150w, https:\/\/www.paysdesecrins.com\/wp-content\/uploads\/2025\/07\/51rafting-eauxvives-rafting-dsc09298-scaled-600x600.jpg 600w, https:\/\/www.paysdesecrins.com\/wp-content\/uploads\/2025\/07\/51rafting-eauxvives-rafting-dsc09298-scaled-300x300.jpg 300w, https:\/\/www.paysdesecrins.com\/wp-content\/uploads\/2025\/07\/51rafting-eauxvives-rafting-dsc09298-scaled-570x570.jpg 570w, https:\/\/www.paysdesecrins.com\/wp-content\/uploads\/2025\/07\/51rafting-eauxvives-rafting-dsc09298-scaled-480x480.jpg 480w\" sizes=\"auto, (max-width: 400px) 100vw, 400px\" \/><\/div><\/div><div class=\"group-content\"><span class=\"field-title\">Activiteiten in Vallouise-Pelvoux<\/span><\/div><div class=\"field-link\"><a href=\"https:\/\/www.paysdesecrins.com\/nl\/mijn-resort-mijn-dorp\/pelvoux-vallouise-ailefroide\/activiteiten-2\/\" class=\"cardlink\">Voir plus<\/a><\/div><\/div><\/div><div class=\"item\" data-season=\"all-seasons\"><div class=\"card card-child\"><div class=\"group-media\"><div class=\"field-image\"><img decoding=\"async\" width=\"400\" height=\"400\" src=\"https:\/\/www.paysdesecrins.com\/wp-content\/uploads\/2025\/11\/dsc06314-400x400.jpg\" class=\"winter all-seasons wp-post-image\" alt=\"\" loading=\"lazy\" data-season=\"all-seasons\" srcset=\"https:\/\/www.paysdesecrins.com\/wp-content\/uploads\/2025\/11\/dsc06314-400x400.jpg 400w, https:\/\/www.paysdesecrins.com\/wp-content\/uploads\/2025\/11\/dsc06314-150x150.jpg 150w, https:\/\/www.paysdesecrins.com\/wp-content\/uploads\/2025\/11\/dsc06314-600x600.jpg 600w, https:\/\/www.paysdesecrins.com\/wp-content\/uploads\/2025\/11\/dsc06314-300x300.jpg 300w, https:\/\/www.paysdesecrins.com\/wp-content\/uploads\/2025\/11\/dsc06314-570x570.jpg 570w, https:\/\/www.paysdesecrins.com\/wp-content\/uploads\/2025\/11\/dsc06314-480x480.jpg 480w\" sizes=\"auto, (max-width: 400px) 100vw, 400px\" \/><\/div><\/div><div class=\"group-content\"><span class=\"field-title\">Vallouise Noords gebied<\/span><\/div><div class=\"field-link\"><a href=\"https:\/\/www.paysdesecrins.com\/nl\/mijn-resort-mijn-dorp\/pelvoux-vallouise-ailefroide\/vallouise-noords-gebied\/\" class=\"cardlink\">Voir plus<\/a><\/div><\/div><\/div><div class=\"item\" data-season=\"all-seasons\"><div class=\"card card-child\"><div class=\"group-media\"><div class=\"field-image\"><img decoding=\"async\" width=\"400\" height=\"400\" src=\"https:\/\/www.paysdesecrins.com\/wp-content\/uploads\/2025\/07\/cdm-ski-alpi-1-1-400x400.jpg\" class=\"winter wp-post-image\" alt=\"\" loading=\"lazy\" data-season=\"winter\" srcset=\"https:\/\/www.paysdesecrins.com\/wp-content\/uploads\/2025\/07\/cdm-ski-alpi-1-1-400x400.jpg 400w, https:\/\/www.paysdesecrins.com\/wp-content\/uploads\/2025\/07\/cdm-ski-alpi-1-1-150x150.jpg 150w, https:\/\/www.paysdesecrins.com\/wp-content\/uploads\/2025\/07\/cdm-ski-alpi-1-1-600x600.jpg 600w, https:\/\/www.paysdesecrins.com\/wp-content\/uploads\/2025\/07\/cdm-ski-alpi-1-1-300x300.jpg 300w, https:\/\/www.paysdesecrins.com\/wp-content\/uploads\/2025\/07\/cdm-ski-alpi-1-1-570x570.jpg 570w\" sizes=\"auto, (max-width: 400px) 100vw, 400px\" \/><img loading=\"lazy\" decoding=\"async\" width=\"400\" height=\"400\" src=\"https:\/\/www.paysdesecrins.com\/wp-content\/uploads\/2025\/07\/img-6208-2-400x400.jpg\" class=\"vivaldi-thumb summer\" alt=\"\" data-season=\"summer\" srcset=\"https:\/\/www.paysdesecrins.com\/wp-content\/uploads\/2025\/07\/img-6208-2-400x400.jpg 400w, https:\/\/www.paysdesecrins.com\/wp-content\/uploads\/2025\/07\/img-6208-2-150x150.jpg 150w, https:\/\/www.paysdesecrins.com\/wp-content\/uploads\/2025\/07\/img-6208-2-600x600.jpg 600w, https:\/\/www.paysdesecrins.com\/wp-content\/uploads\/2025\/07\/img-6208-2-300x300.jpg 300w, https:\/\/www.paysdesecrins.com\/wp-content\/uploads\/2025\/07\/img-6208-2-570x570.jpg 570w, https:\/\/www.paysdesecrins.com\/wp-content\/uploads\/2025\/07\/img-6208-2-scaled-480x480.jpg 480w\" sizes=\"auto, (max-width: 400px) 100vw, 400px\" \/><\/div><\/div><div class=\"group-content\"><span class=\"field-title\">Alle woningen in Vallouise-Pelvoux<\/span><\/div><div class=\"field-link\"><a href=\"https:\/\/www.paysdesecrins.com\/nl\/mijn-resort-mijn-dorp\/pelvoux-vallouise-ailefroide\/alle-accommodaties-2\/\" class=\"cardlink\">Voir plus<\/a><\/div><\/div><\/div><div class=\"item\" data-season=\"all-seasons\"><div class=\"card card-child\"><div class=\"group-media\"><div class=\"field-image\"><img decoding=\"async\" width=\"400\" height=\"400\" src=\"https:\/\/www.paysdesecrins.com\/wp-content\/uploads\/2025\/08\/paysages-et-ski-autour-de-dormillouse-7-400x400.jpg\" class=\"winter wp-post-image\" alt=\"\" loading=\"lazy\" data-season=\"winter\" srcset=\"https:\/\/www.paysdesecrins.com\/wp-content\/uploads\/2025\/08\/paysages-et-ski-autour-de-dormillouse-7-400x400.jpg 400w, https:\/\/www.paysdesecrins.com\/wp-content\/uploads\/2025\/08\/paysages-et-ski-autour-de-dormillouse-7-150x150.jpg 150w, https:\/\/www.paysdesecrins.com\/wp-content\/uploads\/2025\/08\/paysages-et-ski-autour-de-dormillouse-7-600x600.jpg 600w, https:\/\/www.paysdesecrins.com\/wp-content\/uploads\/2025\/08\/paysages-et-ski-autour-de-dormillouse-7-300x300.jpg 300w, https:\/\/www.paysdesecrins.com\/wp-content\/uploads\/2025\/08\/paysages-et-ski-autour-de-dormillouse-7-570x570.jpg 570w\" sizes=\"auto, (max-width: 400px) 100vw, 400px\" \/><img loading=\"lazy\" decoding=\"async\" width=\"400\" height=\"400\" src=\"https:\/\/www.paysdesecrins.com\/wp-content\/uploads\/2025\/07\/h0a1330-400x400.jpg\" class=\"vivaldi-thumb summer\" alt=\"\" data-season=\"summer\" srcset=\"https:\/\/www.paysdesecrins.com\/wp-content\/uploads\/2025\/07\/h0a1330-400x400.jpg 400w, https:\/\/www.paysdesecrins.com\/wp-content\/uploads\/2025\/07\/h0a1330-150x150.jpg 150w, https:\/\/www.paysdesecrins.com\/wp-content\/uploads\/2025\/07\/h0a1330-600x600.jpg 600w, https:\/\/www.paysdesecrins.com\/wp-content\/uploads\/2025\/07\/h0a1330-300x300.jpg 300w, https:\/\/www.paysdesecrins.com\/wp-content\/uploads\/2025\/07\/h0a1330-570x570.jpg 570w, https:\/\/www.paysdesecrins.com\/wp-content\/uploads\/2025\/07\/h0a1330-scaled-480x480.jpg 480w\" sizes=\"auto, (max-width: 400px) 100vw, 400px\" \/><\/div><\/div><div class=\"group-content\"><span class=\"field-title\">Diensten in Vallouise-Pelvoux<\/span><\/div><div class=\"field-link\"><a href=\"https:\/\/www.paysdesecrins.com\/nl\/mijn-resort-mijn-dorp\/pelvoux-vallouise-ailefroide\/diensten-postkantoren-artsen-kinderdagverblijven-enz\/\" class=\"cardlink\">Voir plus<\/a><\/div><\/div><\/div><div class=\"item\" data-season=\"all-seasons\"><div class=\"card card-child\"><div class=\"group-media\"><div class=\"field-image\"><img decoding=\"async\" width=\"400\" height=\"400\" src=\"https:\/\/www.paysdesecrins.com\/wp-content\/uploads\/2025\/08\/freeride-puy-st-vincent-13-400x400.jpg\" class=\"winter wp-post-image\" alt=\"\" loading=\"lazy\" data-season=\"winter\" srcset=\"https:\/\/www.paysdesecrins.com\/wp-content\/uploads\/2025\/08\/freeride-puy-st-vincent-13-400x400.jpg 400w, https:\/\/www.paysdesecrins.com\/wp-content\/uploads\/2025\/08\/freeride-puy-st-vincent-13-150x150.jpg 150w, https:\/\/www.paysdesecrins.com\/wp-content\/uploads\/2025\/08\/freeride-puy-st-vincent-13-600x600.jpg 600w, https:\/\/www.paysdesecrins.com\/wp-content\/uploads\/2025\/08\/freeride-puy-st-vincent-13-300x300.jpg 300w, https:\/\/www.paysdesecrins.com\/wp-content\/uploads\/2025\/08\/freeride-puy-st-vincent-13-570x570.jpg 570w\" sizes=\"auto, (max-width: 400px) 100vw, 400px\" \/><img loading=\"lazy\" decoding=\"async\" width=\"400\" height=\"400\" src=\"https:\/\/www.paysdesecrins.com\/wp-content\/uploads\/2025\/07\/1712931269-1464380290-400x400.jpg\" class=\"vivaldi-thumb summer\" alt=\"\" data-season=\"summer\" srcset=\"https:\/\/www.paysdesecrins.com\/wp-content\/uploads\/2025\/07\/1712931269-1464380290-400x400.jpg 400w, https:\/\/www.paysdesecrins.com\/wp-content\/uploads\/2025\/07\/1712931269-1464380290-150x150.jpg 150w, https:\/\/www.paysdesecrins.com\/wp-content\/uploads\/2025\/07\/1712931269-1464380290-600x600.jpg 600w, https:\/\/www.paysdesecrins.com\/wp-content\/uploads\/2025\/07\/1712931269-1464380290-300x300.jpg 300w, https:\/\/www.paysdesecrins.com\/wp-content\/uploads\/2025\/07\/1712931269-1464380290-570x570.jpg 570w, https:\/\/www.paysdesecrins.com\/wp-content\/uploads\/2025\/07\/1712931269-1464380290-480x480.jpg 480w\" sizes=\"auto, (max-width: 400px) 100vw, 400px\" \/><\/div><\/div><div class=\"group-content\"><span class=\"field-title\">Uitrusting en verhuur in Vallouise-Pelvoux<\/span><\/div><div class=\"field-link\"><a href=\"https:\/\/www.paysdesecrins.com\/nl\/mijn-resort-mijn-dorp\/pelvoux-vallouise-ailefroide\/uitrusting-winkels-winkels-winkels\/\" class=\"cardlink\">Voir plus<\/a><\/div><\/div><\/div><div class=\"item\" data-season=\"all-seasons\"><div class=\"card card-child\"><div class=\"group-media\"><div class=\"field-image\"><img decoding=\"async\" width=\"400\" height=\"400\" src=\"https:\/\/www.paysdesecrins.com\/wp-content\/uploads\/2025\/07\/img-2982-400x400.jpg\" class=\"winter wp-post-image\" alt=\"\" loading=\"lazy\" data-season=\"winter\" srcset=\"https:\/\/www.paysdesecrins.com\/wp-content\/uploads\/2025\/07\/img-2982-400x400.jpg 400w, https:\/\/www.paysdesecrins.com\/wp-content\/uploads\/2025\/07\/img-2982-150x150.jpg 150w, https:\/\/www.paysdesecrins.com\/wp-content\/uploads\/2025\/07\/img-2982-600x600.jpg 600w, https:\/\/www.paysdesecrins.com\/wp-content\/uploads\/2025\/07\/img-2982-300x300.jpg 300w, https:\/\/www.paysdesecrins.com\/wp-content\/uploads\/2025\/07\/img-2982-570x570.jpg 570w\" sizes=\"auto, (max-width: 400px) 100vw, 400px\" \/><img loading=\"lazy\" decoding=\"async\" width=\"400\" height=\"400\" src=\"https:\/\/www.paysdesecrins.com\/wp-content\/uploads\/2025\/07\/07-08-24-thats-my-girls-36-400x400.jpg\" class=\"vivaldi-thumb summer\" alt=\"\" data-season=\"summer\" srcset=\"https:\/\/www.paysdesecrins.com\/wp-content\/uploads\/2025\/07\/07-08-24-thats-my-girls-36-400x400.jpg 400w, https:\/\/www.paysdesecrins.com\/wp-content\/uploads\/2025\/07\/07-08-24-thats-my-girls-36-150x150.jpg 150w, https:\/\/www.paysdesecrins.com\/wp-content\/uploads\/2025\/07\/07-08-24-thats-my-girls-36-600x600.jpg 600w, https:\/\/www.paysdesecrins.com\/wp-content\/uploads\/2025\/07\/07-08-24-thats-my-girls-36-300x300.jpg 300w, https:\/\/www.paysdesecrins.com\/wp-content\/uploads\/2025\/07\/07-08-24-thats-my-girls-36-570x570.jpg 570w, https:\/\/www.paysdesecrins.com\/wp-content\/uploads\/2025\/07\/07-08-24-thats-my-girls-36-scaled-480x480.jpg 480w\" sizes=\"auto, (max-width: 400px) 100vw, 400px\" \/><\/div><\/div><div class=\"group-content\"><span class=\"field-title\">Activiteiten in Vallouise-Pelvoux<\/span><\/div><div class=\"field-link\"><a href=\"https:\/\/www.paysdesecrins.com\/nl\/mijn-resort-mijn-dorp\/pelvoux-vallouise-ailefroide\/animatie\/\" class=\"cardlink\">Voir plus<\/a><\/div><\/div><\/div><div class=\"item\" data-season=\"all-seasons\"><div class=\"card card-child\"><div class=\"group-media\"><div class=\"field-image\"><img decoding=\"async\" width=\"400\" height=\"400\" src=\"https:\/\/www.paysdesecrins.com\/wp-content\/uploads\/2025\/07\/dsc03991-1-400x400.jpg\" class=\"winter wp-post-image\" alt=\"\" loading=\"lazy\" data-season=\"winter\" srcset=\"https:\/\/www.paysdesecrins.com\/wp-content\/uploads\/2025\/07\/dsc03991-1-400x400.jpg 400w, https:\/\/www.paysdesecrins.com\/wp-content\/uploads\/2025\/07\/dsc03991-1-150x150.jpg 150w, https:\/\/www.paysdesecrins.com\/wp-content\/uploads\/2025\/07\/dsc03991-1-600x600.jpg 600w, https:\/\/www.paysdesecrins.com\/wp-content\/uploads\/2025\/07\/dsc03991-1-300x300.jpg 300w, https:\/\/www.paysdesecrins.com\/wp-content\/uploads\/2025\/07\/dsc03991-1-570x570.jpg 570w\" sizes=\"auto, (max-width: 400px) 100vw, 400px\" \/><img loading=\"lazy\" decoding=\"async\" width=\"400\" height=\"400\" src=\"https:\/\/www.paysdesecrins.com\/wp-content\/uploads\/2025\/07\/07-29-24-musique-en-ecrins-47-400x400.jpg\" class=\"vivaldi-thumb summer\" alt=\"\" data-season=\"summer\" srcset=\"https:\/\/www.paysdesecrins.com\/wp-content\/uploads\/2025\/07\/07-29-24-musique-en-ecrins-47-400x400.jpg 400w, https:\/\/www.paysdesecrins.com\/wp-content\/uploads\/2025\/07\/07-29-24-musique-en-ecrins-47-150x150.jpg 150w, https:\/\/www.paysdesecrins.com\/wp-content\/uploads\/2025\/07\/07-29-24-musique-en-ecrins-47-600x600.jpg 600w, https:\/\/www.paysdesecrins.com\/wp-content\/uploads\/2025\/07\/07-29-24-musique-en-ecrins-47-300x300.jpg 300w, https:\/\/www.paysdesecrins.com\/wp-content\/uploads\/2025\/07\/07-29-24-musique-en-ecrins-47-570x570.jpg 570w, https:\/\/www.paysdesecrins.com\/wp-content\/uploads\/2025\/07\/07-29-24-musique-en-ecrins-47-scaled-480x480.jpg 480w\" sizes=\"auto, (max-width: 400px) 100vw, 400px\" \/><\/div><\/div><div class=\"group-content\"><span class=\"field-title\">Evenementen in Vallouise-Pelvoux<\/span><\/div><div class=\"field-link\"><a href=\"https:\/\/www.paysdesecrins.com\/nl\/mijn-resort-mijn-dorp\/pelvoux-vallouise-ailefroide\/gebeurtenis\/\" class=\"cardlink\">Voir plus<\/a><\/div><\/div><\/div><div class=\"item\" data-season=\"all-seasons\"><div class=\"card card-child\"><div class=\"group-media\"><div class=\"field-image\"><img decoding=\"async\" width=\"400\" height=\"400\" src=\"https:\/\/www.paysdesecrins.com\/wp-content\/uploads\/2025\/07\/191hiver-villages-vallouise-sous-la-neige-6-400x400.jpg\" class=\"winter wp-post-image\" alt=\"\" loading=\"lazy\" data-season=\"winter\" srcset=\"https:\/\/www.paysdesecrins.com\/wp-content\/uploads\/2025\/07\/191hiver-villages-vallouise-sous-la-neige-6-400x400.jpg 400w, https:\/\/www.paysdesecrins.com\/wp-content\/uploads\/2025\/07\/191hiver-villages-vallouise-sous-la-neige-6-150x150.jpg 150w, https:\/\/www.paysdesecrins.com\/wp-content\/uploads\/2025\/07\/191hiver-villages-vallouise-sous-la-neige-6-600x600.jpg 600w, https:\/\/www.paysdesecrins.com\/wp-content\/uploads\/2025\/07\/191hiver-villages-vallouise-sous-la-neige-6-300x300.jpg 300w, https:\/\/www.paysdesecrins.com\/wp-content\/uploads\/2025\/07\/191hiver-villages-vallouise-sous-la-neige-6-570x570.jpg 570w\" sizes=\"auto, (max-width: 400px) 100vw, 400px\" \/><img loading=\"lazy\" decoding=\"async\" width=\"400\" height=\"400\" src=\"https:\/\/www.paysdesecrins.com\/wp-content\/uploads\/2025\/07\/vallouise-alpesphotographiescom-100-400x400.jpg\" class=\"vivaldi-thumb summer\" alt=\"\" data-season=\"summer\" srcset=\"https:\/\/www.paysdesecrins.com\/wp-content\/uploads\/2025\/07\/vallouise-alpesphotographiescom-100-400x400.jpg 400w, https:\/\/www.paysdesecrins.com\/wp-content\/uploads\/2025\/07\/vallouise-alpesphotographiescom-100-150x150.jpg 150w, https:\/\/www.paysdesecrins.com\/wp-content\/uploads\/2025\/07\/vallouise-alpesphotographiescom-100-600x600.jpg 600w, https:\/\/www.paysdesecrins.com\/wp-content\/uploads\/2025\/07\/vallouise-alpesphotographiescom-100-300x300.jpg 300w, https:\/\/www.paysdesecrins.com\/wp-content\/uploads\/2025\/07\/vallouise-alpesphotographiescom-100-570x570.jpg 570w, https:\/\/www.paysdesecrins.com\/wp-content\/uploads\/2025\/07\/vallouise-alpesphotographiescom-100-scaled-480x480.jpg 480w\" sizes=\"auto, (max-width: 400px) 100vw, 400px\" \/><\/div><\/div><div class=\"group-content\"><span class=\"field-title\">Culturele activiteiten en erfgoed in Vallouise-Pelvoux<\/span><\/div><div class=\"field-link\"><a href=\"https:\/\/www.paysdesecrins.com\/nl\/mijn-resort-mijn-dorp\/pelvoux-vallouise-ailefroide\/culturele-activiteiten-en-erfgoed\/\" class=\"cardlink\">Voir plus<\/a><\/div><\/div><\/div><div class=\"item\" data-season=\"all-seasons\"><div class=\"card card-child\"><div class=\"group-media\"><div class=\"field-image\"><img decoding=\"async\" width=\"400\" height=\"400\" src=\"https:\/\/www.paysdesecrins.com\/wp-content\/uploads\/2025\/07\/03-08-25-ailechaude-76-400x400.jpg\" class=\"winter all-seasons wp-post-image\" alt=\"\" loading=\"lazy\" data-season=\"all-seasons\" srcset=\"https:\/\/www.paysdesecrins.com\/wp-content\/uploads\/2025\/07\/03-08-25-ailechaude-76-400x400.jpg 400w, https:\/\/www.paysdesecrins.com\/wp-content\/uploads\/2025\/07\/03-08-25-ailechaude-76-150x150.jpg 150w, https:\/\/www.paysdesecrins.com\/wp-content\/uploads\/2025\/07\/03-08-25-ailechaude-76-600x600.jpg 600w, https:\/\/www.paysdesecrins.com\/wp-content\/uploads\/2025\/07\/03-08-25-ailechaude-76-300x300.jpg 300w, https:\/\/www.paysdesecrins.com\/wp-content\/uploads\/2025\/07\/03-08-25-ailechaude-76-570x570.jpg 570w\" sizes=\"auto, (max-width: 400px) 100vw, 400px\" \/><\/div><\/div><div class=\"group-content\"><span class=\"field-title\">Alle restaurants in Vallouise-Pelvoux en Ailefroide<\/span><\/div><div class=\"field-link\"><a href=\"https:\/\/www.paysdesecrins.com\/nl\/mijn-resort-mijn-dorp\/pelvoux-vallouise-ailefroide\/restaurants\/\" class=\"cardlink\">Voir plus<\/a><\/div><\/div><\/div><\/div><\/div>\n<div style=\"height:60px\" aria-hidden=\"true\" class=\"wp-block-spacer\"><\/div>\n\n<div class=\"wp-block-ws-library-ws-title aligncenter is-style-default has-color-3-color\" data-season=\"winter\"><h3><em>Het station van <\/em>Pelvoux-Vallouise<\/h3><\/div>\n\n<div class=\"wp-block-ws-library-ws-title aligncenter is-style-default has-color-3-color\" data-season=\"summer\"><h3><em>Het hoogtebereik van<\/em>Pelvoux-Vallouise<\/h3><\/div>\n\n<p class=\"has-text-align-center\" data-season=\"summer\">Het hooggelegen gebied Pelvoux-Vallouise, gelegen aan de rand <strong>van het Nationaal Park \u00c9crins<\/strong>, stijgt tot 2.300 m en biedt meer dan <strong>30 km bewegwijzerde paden<\/strong>, van gezinswandelingen tot meer sportieve routes tot gletsjermeren en uitzichtpunten. Op de top van het resort verwelkomt een <strong>startplaats<\/strong> autonome paragliders of tandem-paragliders voor vluchten over de Vallouise en de mythische toppen van de \u00c9crins. Aan de toegangszijde geven wandelarrangementen toegang tot de wandelroutes en andere<strong> pakketten voor paragliding<\/strong> maken meerdere beklimmingen per dag mogelijk. Tot slot nodigt een zwembad aan de voet van de pistes u uit om te ontspannen na de inspanning, in een vriendelijke dorpsomgeving.   <\/p>\n\n<p class=\"has-text-align-center\" data-season=\"winter\">Pelvoux-Vallouise is een <strong>gezinsvriendelijk<\/strong> resort op mensenmaat waar ski\u00ebn en andere bergactiviteiten samengaan met dezelfde hellingen.<strong> Gelegen in het<strong> Nationaal Park \u00c9crins<\/strong>, biedt het u een ongewone omgeving die tot <strong>2.300 m boven de zeespiegel<\/strong> uitsteekt, met 7 skiliften (1 touwlift, 4 skiliften, 2 stoeltjesliften voor 4 personen) en 18 pistes (2 groene, 9 blauwe, 5 rode, 2 zwarte) voor <strong>25 km ski\u00ebn<\/strong>. Of u nu een beginner of een ervaren ski\u00ebr bent, u vindt pistes op uw niveau. <strong>Liefhebbers van skitochten<\/strong> kunnen kiezen voor een speciale skipas en aansluiten op de gemarkeerde route naar La Blanche, terwijl <strong>35 km nordic trails<\/strong> in de vallei wachten op langlaufliefhebbers. Om de geneugten te vari\u00ebren, kiest u voor <strong>hondenslee\u00ebn<\/strong> of <strong>Snooc<\/strong>. Een keer per week kunt u met de verlichte baan de dag verlengen met<strong> nachtsessies<\/strong>. Tot slot bieden een <strong>bergrestaurant <\/strong>en een <strong>panoramische picknickplaats<\/strong> een welkome onderbreking op dit landgoed waar authenticiteit en natuur de sleutelwoorden blijven.<\/strong>      <\/p>\n\n<div class=\"wp-block-ws-library-ws-button has-text-align-center\"><a href=\"https:\/\/www.ski-pelvoux.com\" class=\"wp-block-button__link wp-element-button btn\">  Boek mijn arrangement<\/a><\/div>\n\n<div class=\"wp-block-ws-library-ws-banner alignwide\" data-season=\"winter\"><div class=\"wrapper\"><div class=\"group-media\"><img loading=\"lazy\" decoding=\"async\" width=\"1920\" height=\"480\" src=\"https:\/\/www.paysdesecrins.com\/wp-content\/uploads\/2025\/07\/171ski-alpin-psv-photos-kinaphoto-psv-journee-2-2025-hd49-1920x480.jpg\" alt=\"\" class=\"single_image wp-image-21561\"><\/div>\n<div class=\"group-content\"><div class=\"wp-block-ws-library-ws-title\"><h2>Openingstermijn<\/h2><\/div><p>Deze winter is het resort geopend vanaf <strong>zondag 21 december 2025<\/strong>.<\/p><\/div>\n\n\n\n\n<\/div><\/div>\n\n<div class=\"wp-block-ws-library-ws-banner alignwide\" data-season=\"summer\"><div class=\"wrapper\"><div class=\"group-media\"><img loading=\"lazy\" decoding=\"async\" width=\"2560\" height=\"1707\" src=\"https:\/\/www.paysdesecrins.com\/wp-content\/uploads\/2025\/07\/du-lac-de-puy-aillaud-au-be-lvede-re-des-trois-refuges-13-scaled.jpg\" alt=\"\" class=\"single_image wp-image-45038\" srcset=\"https:\/\/www.paysdesecrins.com\/wp-content\/uploads\/2025\/07\/du-lac-de-puy-aillaud-au-be-lvede-re-des-trois-refuges-13-scaled.jpg 2560w, https:\/\/www.paysdesecrins.com\/wp-content\/uploads\/2025\/07\/du-lac-de-puy-aillaud-au-be-lvede-re-des-trois-refuges-13-scaled-300x200.jpg 300w, https:\/\/www.paysdesecrins.com\/wp-content\/uploads\/2025\/07\/du-lac-de-puy-aillaud-au-be-lvede-re-des-trois-refuges-13-scaled-1024x683.jpg 1024w, https:\/\/www.paysdesecrins.com\/wp-content\/uploads\/2025\/07\/du-lac-de-puy-aillaud-au-be-lvede-re-des-trois-refuges-13-scaled-768x512.jpg 768w, https:\/\/www.paysdesecrins.com\/wp-content\/uploads\/2025\/07\/du-lac-de-puy-aillaud-au-be-lvede-re-des-trois-refuges-13-scaled-1536x1024.jpg 1536w, https:\/\/www.paysdesecrins.com\/wp-content\/uploads\/2025\/07\/du-lac-de-puy-aillaud-au-be-lvede-re-des-trois-refuges-13-scaled-2048x1366.jpg 2048w, https:\/\/www.paysdesecrins.com\/wp-content\/uploads\/2025\/07\/du-lac-de-puy-aillaud-au-be-lvede-re-des-trois-refuges-13-scaled-960x640.jpg 960w\" sizes=\"auto, (max-width: 2560px) 100vw, 2560px\" \/><\/div>\n<div class=\"group-content\"><div class=\"wp-block-ws-library-ws-title\"><h2>Openingstermijn<\/h2><\/div><p class=\"has-text-align-left\">Deze zomer is het hooggelegen gebied geopend van <strong>zaterdag 8 juli tot en met zondag 29 augustus 2025<\/strong>.<\/p><\/div>\n\n\n\n\n<\/div><\/div>\n\n<div class=\"wp-block-group alignfull group-espritoutdoor has-global-padding is-layout-constrained wp-block-group-is-layout-constrained\">\n<div class=\"wp-block-group alignwide has-global-padding is-layout-constrained wp-block-group-is-layout-constrained\">\n<div class=\"wp-block-ws-library-ws-title\"><h3><em>Ervaringen<\/em> <br>voor alle stijlen<\/h3><\/div>\n\n\n\n<p class=\"has-text-align-left\" data-season=\"summer\">In Pelvoux-Vallouise kunt u uw wensen de vrije loop laten: maak een gezinswandeling naar de hooggelegen meren, win hoogte op de emblematische routes van de \u00c9crins of stijg op in een paraglider om over de gletsjers te vliegen. Nieuwsgierigen naar de natuur kunnen zich wagen aan het gebied van Entre-les-Aygues en de natuur observeren, terwijl sensatiezoekers zich kunnen wagen aan via ferrata of klimmen op de kliffen en rotsblokken van Ailefroide. Iedereen vindt er de ervaring die bij hem past om volop te genieten van de zomer in de bergen!  <\/p>\n\n\n\n<p data-season=\"winter\">In Pelvoux-Vallouise kunt u uw wensen de vrije loop laten: geniet van de skipistes, trek uw huid aan en ga skitochten maken of probeer andere soorten ski\u00ebn zoals Snooc. Sensatiezoekers kunnen de vallei verkennen per hondenslee of genieten van een nieuw gezichtspunt door te paragliden. Tussen inspanning, ontdekking en gezelligheid vindt iedereen zijn avontuur om ten volle te genieten van de winter in de bergen!  <\/p>\n\n\n<div class=\"alignwide wp-block-ws-library-ws-list-content\" data-season=\"summer\"><div class=\"list-items splide\" data-splide=\"{&quot;type&quot;:&quot;loop&quot;,&quot;heightRatio&quot;:&quot;auto&quot;,&quot;perPage&quot;:3,&quot;perMove&quot;:1,&quot;drag&quot;:true,&quot;arrows&quot;:true,&quot;pagination&quot;:0,&quot;autoplay&quot;:false,&quot;gap&quot;:&quot;15px&quot;,&quot;breakpoints&quot;:{&quot;1200&quot;:{&quot;perPage&quot;:3},&quot;992&quot;:{&quot;perPage&quot;:2},&quot;768&quot;:{&quot;destroy&quot;:true}}}\"><div class=\"splide__track\"><div class=\"splide__list\"><div class=\"splide__slide\"><div class=\"item\" data-season=\"\"><div class=\"card  card-page\"><div class=\"group-media\"><div class=\"field-image\"><img loading=\"lazy\" decoding=\"async\" width=\"300\" height=\"450\" src=\"https:\/\/www.paysdesecrins.com\/wp-content\/uploads\/2025\/07\/171ski-rando-pre-de-madame-carle-en-ski-23-300x450.jpg\" class=\"winter all-seasons wp-post-image\" alt=\"\" data-season=\"all-seasons\" srcset=\"https:\/\/www.paysdesecrins.com\/wp-content\/uploads\/2025\/07\/171ski-rando-pre-de-madame-carle-en-ski-23-300x450.jpg 300w, https:\/\/www.paysdesecrins.com\/wp-content\/uploads\/2025\/07\/171ski-rando-pre-de-madame-carle-en-ski-23-390x585.jpg 390w\" sizes=\"auto, (max-width: 300px) 100vw, 300px\" \/><\/div><\/div><div class=\"group-content\"><div class=\"field-title\">Doe in mei wat je wilt!<\/div><\/div><div class=\"field-link\" role=\"group\" aria-label=\"Lien vers le contenu\"><a href=\"https:\/\/www.paysdesecrins.com\/nl\/mijn-verlangen-om\/berg\/doe-in-mei-wat-je-wilt\/\" class=\"cardlink\" title=\"Lire plus : Doe in mei wat je wilt!\" lang=\"nl_NL\">Doe in mei wat je wilt!<\/a><\/div><\/div><\/div><\/div><div class=\"splide__slide\"><div class=\"item\" data-season=\"\"><div class=\"card  card-page\"><div class=\"group-media\"><div class=\"field-image\"><img loading=\"lazy\" decoding=\"async\" width=\"300\" height=\"450\" src=\"https:\/\/www.paysdesecrins.com\/wp-content\/uploads\/2025\/07\/ailefroide-ailechaude-80-300x450.jpg\" class=\"winter wp-post-image\" alt=\"\" data-season=\"winter\" srcset=\"https:\/\/www.paysdesecrins.com\/wp-content\/uploads\/2025\/07\/ailefroide-ailechaude-80-300x450.jpg 300w, https:\/\/www.paysdesecrins.com\/wp-content\/uploads\/2025\/07\/ailefroide-ailechaude-80-200x300.jpg 200w, https:\/\/www.paysdesecrins.com\/wp-content\/uploads\/2025\/07\/ailefroide-ailechaude-80-683x1024.jpg 683w, https:\/\/www.paysdesecrins.com\/wp-content\/uploads\/2025\/07\/ailefroide-ailechaude-80-768x1151.jpg 768w, https:\/\/www.paysdesecrins.com\/wp-content\/uploads\/2025\/07\/ailefroide-ailechaude-80-1025x1536.jpg 1025w, https:\/\/www.paysdesecrins.com\/wp-content\/uploads\/2025\/07\/ailefroide-ailechaude-80-1366x2048.jpg 1366w, https:\/\/www.paysdesecrins.com\/wp-content\/uploads\/2025\/07\/ailefroide-ailechaude-80-427x640.jpg 427w, https:\/\/www.paysdesecrins.com\/wp-content\/uploads\/2025\/07\/ailefroide-ailechaude-80-390x585.jpg 390w, https:\/\/www.paysdesecrins.com\/wp-content\/uploads\/2025\/07\/ailefroide-ailechaude-80-scaled.jpg 1708w\" sizes=\"auto, (max-width: 300px) 100vw, 300px\" \/><img loading=\"lazy\" decoding=\"async\" width=\"300\" height=\"450\" src=\"https:\/\/www.paysdesecrins.com\/wp-content\/uploads\/2025\/07\/ailefroide-300x450.jpg\" class=\"vivaldi-thumb summer\" alt=\"\" data-season=\"summer\" srcset=\"https:\/\/www.paysdesecrins.com\/wp-content\/uploads\/2025\/07\/ailefroide-300x450.jpg 300w, https:\/\/www.paysdesecrins.com\/wp-content\/uploads\/2025\/07\/ailefroide-390x585.jpg 390w\" sizes=\"auto, (max-width: 300px) 100vw, 300px\" \/><\/div><\/div><div class=\"group-content\"><div class=\"field-title\">Koude knoflook <strong>\u2013 Nationaal park Ecrins<\/strong><\/div><\/div><div class=\"field-link\" role=\"group\" aria-label=\"Lien vers le contenu\"><a href=\"https:\/\/www.paysdesecrins.com\/nl\/ik-kies\/bezienswaardigheden-die-u-niet-mag-missen\/koude-knoflook-nationaal-park-ecrins\/\" class=\"cardlink\" title=\"Lire plus : Koude knoflook - Nationaal park Ecrins\" lang=\"nl_NL\">Koude knoflook \u2013 Nationaal park Ecrins<\/a><\/div><\/div><\/div><\/div><div class=\"splide__slide\"><div class=\"item\" data-season=\"\"><div class=\"card  card-page\"><div class=\"group-media\"><div class=\"field-image\"><img loading=\"lazy\" decoding=\"async\" width=\"300\" height=\"450\" src=\"https:\/\/www.paysdesecrins.com\/wp-content\/uploads\/2025\/07\/bivouac-pic-du-glacier-d-a-5-300x450.jpg\" class=\"winter all-seasons wp-post-image\" alt=\"\" data-season=\"all-seasons\" srcset=\"https:\/\/www.paysdesecrins.com\/wp-content\/uploads\/2025\/07\/bivouac-pic-du-glacier-d-a-5-300x450.jpg 300w, https:\/\/www.paysdesecrins.com\/wp-content\/uploads\/2025\/07\/bivouac-pic-du-glacier-d-a-5-390x585.jpg 390w\" sizes=\"auto, (max-width: 300px) 100vw, 300px\" \/><\/div><\/div><div class=\"group-content\"><div class=\"field-title\">3 meisjes in opkomst van Roche Faurio!<\/div><\/div><div class=\"field-link\" role=\"group\" aria-label=\"Lien vers le contenu\"><a href=\"https:\/\/www.paysdesecrins.com\/nl\/mijn-verlangen-om\/berg\/3-meisjes-in-opkomst-van-roche-faurio\/\" class=\"cardlink\" title=\"Lire plus : 3 meisjes in opkomst van Roche Faurio!\" lang=\"nl_NL\">3 meisjes in opkomst van Roche Faurio!<\/a><\/div><\/div><\/div><\/div><div class=\"splide__slide\"><div class=\"item\" data-season=\"\"><div class=\"card  card-page\"><div class=\"group-media\"><div class=\"field-image\"><img loading=\"lazy\" decoding=\"async\" width=\"300\" height=\"450\" src=\"https:\/\/www.paysdesecrins.com\/wp-content\/uploads\/2025\/07\/161sitesdexception-glacierblanc-bivouac-pic-du-glacier-d-a-2-300x450.jpg\" class=\"winter all-seasons wp-post-image\" alt=\"\" data-season=\"all-seasons\" srcset=\"https:\/\/www.paysdesecrins.com\/wp-content\/uploads\/2025\/07\/161sitesdexception-glacierblanc-bivouac-pic-du-glacier-d-a-2-300x450.jpg 300w, https:\/\/www.paysdesecrins.com\/wp-content\/uploads\/2025\/07\/161sitesdexception-glacierblanc-bivouac-pic-du-glacier-d-a-2-390x585.jpg 390w\" sizes=\"auto, (max-width: 300px) 100vw, 300px\" \/><\/div><\/div><div class=\"group-content\"><div class=\"field-title\">Witte gletsjer<\/div><\/div><div class=\"field-link\" role=\"group\" aria-label=\"Lien vers le contenu\"><a href=\"https:\/\/www.paysdesecrins.com\/nl\/ik-kies\/bezienswaardigheden-die-u-niet-mag-missen\/witte-gletsjer\/\" class=\"cardlink\" title=\"Lire plus : Witte gletsjer\" lang=\"nl_NL\">Witte gletsjer<\/a><\/div><\/div><\/div><\/div><div class=\"splide__slide\"><div class=\"item\" data-season=\"\"><div class=\"card  card-page\"><div class=\"group-media\"><div class=\"field-image\"><img loading=\"lazy\" decoding=\"async\" width=\"300\" height=\"450\" src=\"https:\/\/www.paysdesecrins.com\/wp-content\/uploads\/2025\/07\/1674817584-1084275632-1-300x450.jpg\" class=\"winter all-seasons wp-post-image\" alt=\"\" data-season=\"all-seasons\" srcset=\"https:\/\/www.paysdesecrins.com\/wp-content\/uploads\/2025\/07\/1674817584-1084275632-1-300x450.jpg 300w, https:\/\/www.paysdesecrins.com\/wp-content\/uploads\/2025\/07\/1674817584-1084275632-1-390x585.jpg 390w\" sizes=\"auto, (max-width: 300px) 100vw, 300px\" \/><\/div><\/div><div class=\"group-content\"><div class=\"field-title\">Ontdekking van een nacht in een toevluchtsoord<\/div><\/div><div class=\"field-link\" role=\"group\" aria-label=\"Lien vers le contenu\"><a href=\"https:\/\/www.paysdesecrins.com\/nl\/mijn-verlangen-om\/berg\/ontdekking-van-een-nacht-in-een-toevluchtsoord\/\" class=\"cardlink\" title=\"Lire plus : Ontdekking van een nacht in een toevluchtsoord\" lang=\"nl_NL\">Ontdekking van een nacht in een toevluchtsoord<\/a><\/div><\/div><\/div><\/div><div class=\"splide__slide\"><div class=\"item\" data-season=\"\"><div class=\"card  card-page\"><div class=\"group-media\"><div class=\"field-image\"><img loading=\"lazy\" decoding=\"async\" width=\"300\" height=\"450\" src=\"https:\/\/www.paysdesecrins.com\/wp-content\/uploads\/2025\/07\/dsc05066-300x450.webp\" class=\"winter all-seasons wp-post-image\" alt=\"\" data-season=\"all-seasons\" srcset=\"https:\/\/www.paysdesecrins.com\/wp-content\/uploads\/2025\/07\/dsc05066-300x450.webp 300w, https:\/\/www.paysdesecrins.com\/wp-content\/uploads\/2025\/07\/dsc05066-390x585.webp 390w\" sizes=\"auto, (max-width: 300px) 100vw, 300px\" \/><\/div><\/div><div class=\"group-content\"><div class=\"field-title\">Familie-avontuur in de \u00c9crins<\/div><\/div><div class=\"field-link\" role=\"group\" aria-label=\"Lien vers le contenu\"><a href=\"https:\/\/www.paysdesecrins.com\/nl\/mijn-verlangen-om\/ontdekking\/familieavontuur-in-de-juwelen\/\" class=\"cardlink\" title=\"Lire plus : Familie-avontuur in de \u00c9crins\" lang=\"nl_NL\">Familie-avontuur in de \u00c9crins<\/a><\/div><\/div><\/div><\/div><div class=\"splide__slide\"><div class=\"item\" data-season=\"\"><div class=\"card  card-page\"><div class=\"group-media\"><div class=\"field-image\"><img loading=\"lazy\" decoding=\"async\" width=\"300\" height=\"450\" src=\"https:\/\/www.paysdesecrins.com\/wp-content\/uploads\/2025\/07\/18vtt-vttvae-itine-rance-bouchier-geo-300x450.jpg\" class=\"winter all-seasons wp-post-image\" alt=\"\" data-season=\"all-seasons\" srcset=\"https:\/\/www.paysdesecrins.com\/wp-content\/uploads\/2025\/07\/18vtt-vttvae-itine-rance-bouchier-geo-300x450.jpg 300w, https:\/\/www.paysdesecrins.com\/wp-content\/uploads\/2025\/07\/18vtt-vttvae-itine-rance-bouchier-geo-390x585.jpg 390w\" sizes=\"auto, (max-width: 300px) 100vw, 300px\" \/><\/div><\/div><div class=\"group-content\"><div class=\"field-title\">Een autoloze week<\/div><\/div><div class=\"field-link\" role=\"group\" aria-label=\"Lien vers le contenu\"><a href=\"https:\/\/www.paysdesecrins.com\/nl\/mijn-verlangen-om\/berg\/een-autoloze-week\/\" class=\"cardlink\" title=\"Lire plus : Een autoloze week\" lang=\"nl_NL\">Een autoloze week<\/a><\/div><\/div><\/div><\/div><div class=\"splide__slide\"><div class=\"item\" data-season=\"\"><div class=\"card  card-page\"><div class=\"group-media\"><div class=\"field-image\"><img loading=\"lazy\" decoding=\"async\" width=\"300\" height=\"450\" src=\"https:\/\/www.paysdesecrins.com\/wp-content\/uploads\/2025\/08\/01-29-25-balade-dans-la-neige-33-300x450.jpg\" class=\"winter wp-post-image\" alt=\"\" data-season=\"winter\" srcset=\"https:\/\/www.paysdesecrins.com\/wp-content\/uploads\/2025\/08\/01-29-25-balade-dans-la-neige-33-300x450.jpg 300w, https:\/\/www.paysdesecrins.com\/wp-content\/uploads\/2025\/08\/01-29-25-balade-dans-la-neige-33-390x585.jpg 390w\" sizes=\"auto, (max-width: 300px) 100vw, 300px\" \/><img loading=\"lazy\" decoding=\"async\" width=\"300\" height=\"450\" src=\"https:\/\/www.paysdesecrins.com\/wp-content\/uploads\/2025\/08\/dsc08691-300x450.jpg\" class=\"vivaldi-thumb summer\" alt=\"\" data-season=\"summer\" srcset=\"https:\/\/www.paysdesecrins.com\/wp-content\/uploads\/2025\/08\/dsc08691-300x450.jpg 300w, https:\/\/www.paysdesecrins.com\/wp-content\/uploads\/2025\/08\/dsc08691-200x300.jpg 200w, https:\/\/www.paysdesecrins.com\/wp-content\/uploads\/2025\/08\/dsc08691-683x1024.jpg 683w, https:\/\/www.paysdesecrins.com\/wp-content\/uploads\/2025\/08\/dsc08691-768x1152.jpg 768w, https:\/\/www.paysdesecrins.com\/wp-content\/uploads\/2025\/08\/dsc08691-1024x1536.jpg 1024w, https:\/\/www.paysdesecrins.com\/wp-content\/uploads\/2025\/08\/dsc08691-1365x2048.jpg 1365w, https:\/\/www.paysdesecrins.com\/wp-content\/uploads\/2025\/08\/dsc08691-427x640.jpg 427w, https:\/\/www.paysdesecrins.com\/wp-content\/uploads\/2025\/08\/dsc08691-390x585.jpg 390w, https:\/\/www.paysdesecrins.com\/wp-content\/uploads\/2025\/08\/dsc08691-scaled.jpg 1707w\" sizes=\"auto, (max-width: 300px) 100vw, 300px\" \/><\/div><\/div><div class=\"group-content\"><div class=\"field-title\">Het Pays des \u00c9crins met het gezin<\/div><\/div><div class=\"field-link\" role=\"group\" aria-label=\"Lien vers le contenu\"><a href=\"https:\/\/www.paysdesecrins.com\/nl\/noordse-activiteiten-voor-de-kleintjes\/\" class=\"cardlink\" title=\"Lire plus : Het Pays des \u00c9crins met het gezin\" lang=\"nl_NL\">Het Pays des \u00c9crins met het gezin<\/a><\/div><\/div><\/div><\/div><\/div><\/div><\/div><\/div>\n\n<div class=\"alignwide wp-block-ws-library-ws-list-content\" data-season=\"winter\"><div class=\"list-items\"><div class=\"item\" data-season=\"all-seasons\"><div class=\"card  card-page\"><div class=\"group-media\"><div class=\"field-image\"><img loading=\"lazy\" decoding=\"async\" width=\"300\" height=\"450\" src=\"https:\/\/www.paysdesecrins.com\/wp-content\/uploads\/2025\/07\/vallouise-alpesphotographiescom-72-300x450.jpg\" class=\"winter all-seasons wp-post-image\" alt=\"\" data-season=\"all-seasons\" srcset=\"https:\/\/www.paysdesecrins.com\/wp-content\/uploads\/2025\/07\/vallouise-alpesphotographiescom-72-300x450.jpg 300w, https:\/\/www.paysdesecrins.com\/wp-content\/uploads\/2025\/07\/vallouise-alpesphotographiescom-72-390x585.jpg 390w\" sizes=\"auto, (max-width: 300px) 100vw, 300px\" \/><\/div><\/div><div class=\"group-content\"><div class=\"field-title\">Bergbeklimmen dorpen<\/div><\/div><div class=\"field-link\" role=\"group\" aria-label=\"Lien vers le contenu\"><a href=\"https:\/\/www.paysdesecrins.com\/nl\/bergbeklimmen-dorpen\/\" class=\"cardlink\" title=\"Lire plus : Bergbeklimmen dorpen\" lang=\"nl_NL\">Bergbeklimmen dorpen<\/a><\/div><\/div><\/div><div class=\"item\" data-season=\"all-seasons\"><div class=\"card  card-page\"><div class=\"group-media\"><div class=\"field-image\"><img loading=\"lazy\" decoding=\"async\" width=\"300\" height=\"450\" src=\"https:\/\/www.paysdesecrins.com\/wp-content\/uploads\/2025\/07\/12-29-24-mushing-addict-84-300x450.jpg\" class=\"winter all-seasons wp-post-image\" alt=\"\" data-season=\"all-seasons\" srcset=\"https:\/\/www.paysdesecrins.com\/wp-content\/uploads\/2025\/07\/12-29-24-mushing-addict-84-300x450.jpg 300w, https:\/\/www.paysdesecrins.com\/wp-content\/uploads\/2025\/07\/12-29-24-mushing-addict-84-390x585.jpg 390w\" sizes=\"auto, (max-width: 300px) 100vw, 300px\" \/><\/div><\/div><div class=\"group-content\"><div class=\"field-title\">Hondenslee\u00ebn<\/div><\/div><div class=\"field-link\" role=\"group\" aria-label=\"Lien vers le contenu\"><a href=\"https:\/\/www.paysdesecrins.com\/nl\/mijn-buitenactiviteiten\/hondensleeen\/\" class=\"cardlink\" title=\"Lire plus : Hondenslee\u00ebn\" lang=\"nl_NL\">Hondenslee\u00ebn<\/a><\/div><\/div><\/div><\/div><\/div>\n\n\n<div class=\"wp-block-ws-library-ws-button has-text-align-center\"><a href=\"https:\/\/www.paysdesecrins.com\/nl\/63848-2\/\" class=\"wp-block-button__link wp-element-button btn\">  Alle ervaringen<\/a><\/div>\n<\/div>\n\n\n\n<div style=\"height:40px\" aria-hidden=\"true\" class=\"wp-block-spacer\"><\/div>\n\n\n\n<div class=\"wp-block-ws-library-ws-title aligncenter\"><h2><em>Ailefroide, land van<\/em>klimmen en bergbeklimmen<\/h2><\/div>\n\n\n\n<p class=\"has-text-align-center\">Ailefroide is een emblematisch gehucht aan de voet van de Mont Pelvoux, het laatste dorp in de Vallouise-vallei en de toegangspoort tot grote bergsportraces in het \u00c9crins-massief. De naam, &#8220;Alpe froide&#8221;, herinnert ons eraan dat de zon in de winter discreter is, maar het is vooral in de zomer dat de site trilt: een mekka voor klimmen (historische multi-pitch routes en bergpaden) en bergbeklimmen, het herbergt het gidsenkantoor dat in 1957 werd opgericht en dient als startpunt voor de Pelvoux-retralies,  du S\u00e9l\u00e9 of de Pr\u00e9 de Madame Carle. Er zijn ook toegankelijke wandellussen, met panorama&#8217;s tussen lariksen en granieten muren, waardoor het een essenti\u00eble uitvalsbasis is voor diegenen die de omliggende toppen en gletsjers willen verkennen.    <\/p>\n\n\n\n<div class=\"wp-block-ws-library-ws-button has-text-align-center is-style-outline\"><a href=\"https:\/\/www.paysdesecrins.com\/sites-incontournables\/ailefroide-parc-national-des-ecrins\/\" class=\"wp-block-button__link wp-element-button btn\">  Lees meer +<\/a><\/div>\n<\/div>\n\n<div class=\"wp-block-ws-library-ws-columns alignfull has-2-columns are-vertically-aligned-center layout-5050 is-style-background\" data-season=\"winter\">\n<div class=\"wp-block-ws-library-ws-column\"><div class=\"wrapper\">\n<div class=\"wp-block-ws-library-ws-title\"><h2>Vallouise Noords gebied<\/h2><\/div>\n\n\n\n<p>Gelegen tussen 1.085 m en 1.300 m boven de zeespiegel, biedt het skigebied Nordic en <strong>Vallouise<\/strong> <strong>dagelijks 35 km geprepareerde loipes<\/strong> voor klassiek langlaufen en schaatsen, verdeeld over vier sectoren (La Vallouise, L&#8217;Onde, Pelvoux en Les Vigneaux) met lange regelmatige routes in het hart van de Onde-vallei en met uitzicht op de toppen van de Pelvoux. Deze site is toegankelijk vanaf het Maison du Parc National des \u00c9crins en omvat ook sneeuwschoenroutes, een biatlongebied en een leuk parcours voor kinderen, dit alles in een uitzonderlijke natuurlijke omgeving. <\/p>\n\n\n\n<div class=\"wp-block-ws-library-ws-button has-text-align-left\"><a href=\"https:\/\/www.paysdesecrins.com\/nl\/mijn-resort-mijn-dorp\/pelvoux-vallouise-ailefroide\/vallouise-noords-gebied\/\" class=\"wp-block-button__link wp-element-button btn\">  Lees meer +<\/a><\/div>\n<\/div><\/div>\n\n\n\n<div class=\"wp-block-ws-library-ws-column\"><div class=\"wrapper\">\n<div class=\"wp-block-ws-library-ws-image\"><div class=\"wrapper\"><div class=\"group-media\"><img decoding=\"async\" src=\"https:\/\/www.paysdesecrins.com\/wp-content\/uploads\/2025\/07\/dsc01950-960x640.jpg\" alt=\"\" class=\"single_image ws-image-45172\"><div class=\"credits\"><\/div><\/div><p class=\"caption\"><\/p><\/div><\/div>\n<\/div><\/div>\n<\/div>\n\n<div class=\"wp-block-ws-library-ws-columns alignwide has-2-columns are-vertically-aligned-center layout-5050 is-style-default\" data-season=\"winter\">\n<div class=\"wp-block-ws-library-ws-column\"><div class=\"wrapper\">\n<div class=\"wp-block-ws-library-ws-image\"><div class=\"wrapper\"><div class=\"group-media\"><img decoding=\"async\" src=\"https:\/\/www.paysdesecrins.com\/wp-content\/uploads\/2025\/07\/bivouac-a-su-sommet-de-la-blanche-5-960x640.jpg\" alt=\"\" class=\"single_image ws-image-44994\"><div class=\"credits\"><\/div><\/div><p class=\"caption\"><\/p><\/div><\/div>\n<\/div><\/div>\n\n\n\n<div class=\"wp-block-ws-library-ws-column\"><div class=\"wrapper\">\n<div class=\"wp-block-ws-library-ws-title\"><h3>De + van Vallouise-pelvoux<\/h3><\/div>\n\n\n\n<ul class=\"wp-block-list\">\n<li>Gebied op mensenmaat met 7 skiliften en 18 pistes voor 25 km ski\u00ebn<\/li>\n\n\n\n<li>Uitzonderlijk panorama van de Vallouise vanaf 2.300 m<\/li>\n\n\n\n<li>Speciale skitourpas met toegang tot La Blanche<\/li>\n\n\n\n<li>Bergrestaurant en panoramische picknickplaats<\/li>\n\n\n\n<li>Noords netwerk van 35 km langlaufloipes die toegankelijk zijn vanuit het resort<\/li>\n\n\n\n<li>Hondenslee\u00ebn en Snooc om de sneeuw op een andere manier te ontdekken<\/li>\n\n\n\n<li>Verlichte nachtbaan om de afdalingen na zonsondergang te verlengen<\/li>\n<\/ul>\n<\/div><\/div>\n<\/div>\n\n<div class=\"wp-block-ws-library-ws-columns alignwide has-2-columns are-vertically-aligned-center layout-5050 is-style-background\" data-season=\"summer\">\n<div class=\"wp-block-ws-library-ws-column\"><div class=\"wrapper\">\n<div class=\"wp-block-ws-library-ws-image\"><div class=\"wrapper\"><div class=\"group-media\"><img decoding=\"async\" src=\"https:\/\/www.paysdesecrins.com\/wp-content\/uploads\/2025\/07\/du-lac-de-puy-aillaud-au-be-lvede-re-des-trois-refuges-13-scaled.jpg\" alt=\"\" class=\"single_image ws-image-45038\"><div class=\"credits\"><\/div><\/div><p class=\"caption\"><\/p><\/div><\/div>\n<\/div><\/div>\n\n\n\n<div class=\"wp-block-ws-library-ws-column\"><div class=\"wrapper\">\n<div class=\"wp-block-ws-library-ws-title\"><h3>De + van Vallouise-pelvoux<\/h3><\/div>\n\n\n\n<ul class=\"wp-block-list\">\n<li>Bewegwijzerde paden op meer dan 30 km routes, van familiewandelingen tot circuits tot hooggelegen meren<\/li>\n\n\n\n<li>Startplaats voor paragliding bovenaan de stoeltjeslift van Cr\u00eate met speciale passen voor meerdere vluchten per dag<\/li>\n\n\n\n<li>Gemeentelijk zwembad aan de voet van de pistes voor een verfrissende pauze<\/li>\n\n\n\n<li>Snelle toegang tot Ailefroide voor een verscheidenheid aan sensaties<\/li>\n\n\n\n<li>Raften en kajakken aan de voet van het resort voor wildwaterliefhebbers<\/li>\n\n\n\n<li>Speeltuinen en zomeranimatie voor gezinnen<\/li>\n<\/ul>\n<\/div><\/div>\n<\/div>\n\n<div style=\"height:100px\" aria-hidden=\"true\" class=\"wp-block-spacer\"><\/div>\n\n<div class=\"wp-block-group alignfull group-home-festif has-global-padding is-layout-constrained wp-block-group-is-layout-constrained\">\n<div class=\"wp-block-ws-library-ws-title aligncenter has-color-3-color\"><h3><em>De feestelijke sfeer van <\/em>entertainment en evenementen<\/h3><\/div>\n\n\n<div class=\"alignwide wp-block-ws-apidae-library-ws-apidae-temps-forts\"><div class=\"simple-template\"><div class=\"wrapper\"><div class=\"content-left\"><div class=\"list-items\"><div class=\"item\" data-season=\"all-seasons\"><div class=\"card card-apidae card-temps-forts\"><div class=\"group-actions\"><ws-wishlist data-type=\"flag\" data-action=\"add\" data-wish-id=\"7781907\" data-wish-type=\"apidae\"><\/ws-wishlist><\/div><div class=\"group-media\"><div class=\"field-image\"><img decoding=\"async\" src=\"https:\/\/images.weserv.nl\/?url=https:\/\/static.apidae-tourisme.com\/filestore\/objets-touristiques\/images\/58\/220\/40492090-diaporama.png&#038;w=650&#038;h=650&#038;fit=cover&#038;output=webp&#038;q=45\" alt=\"Exposition &#8220;Les mouvements de la Terre&#8221;\"\/><\/div><\/div><div class=\"group-top\"><div class=\"field-commune\">Vallouise-Pelvoux<\/div><ws-apidae-from-price data-apidae-id=\"7781907\" ><\/ws-apidae-from-price><div class=\"group-dates\"><div class=\"field-dates\">Du 3 au 27 <span class=\"month\">mei<\/span><\/div><\/div><\/div><div class=\"group-content\"><div class=\"field-title\">Exposition &#8220;Les mouvements de la Terre&#8221;<\/div><\/div><div class=\"field-link\" role=\"group\" aria-label=\"Lien vers le contenu\"><a href=\"https:\/\/www.paysdesecrins.com\/nl\/fiche\/exposition-les-mouvements-de-la-terre-5\/\" class=\"cardlink\" title=\"Lire plus : Exposition &#8220;Les mouvements de la Terre&#8221;\" lang=\"nl_NL\">Exposition &#8220;Les mouvements de la Terre&#8221;<\/a><\/div><\/div><\/div><\/div><\/div><div class=\"content-right\"><div class=\"list-items\"><div class=\"item\" data-season=\"all-seasons\"><div class=\"card card-apidae card-temps-forts\"><div class=\"group-actions\"><ws-wishlist data-type=\"flag\" data-action=\"add\" data-wish-id=\"7602920\" data-wish-type=\"apidae\"><\/ws-wishlist><\/div><div class=\"group-media\"><div class=\"field-image\"><img decoding=\"async\" src=\"https:\/\/images.weserv.nl\/?url=https:\/\/static.apidae-tourisme.com\/filestore\/objets-touristiques\/images\/251\/35\/38282235-diaporama.jpg&#038;w=650&#038;h=650&#038;fit=cover&#038;output=webp&#038;q=45\" alt=\"Exposition : &#8220;Lumi\u00e8res en Ecrins&#8221;\"\/><\/div><\/div><div class=\"group-top\"><div class=\"field-commune\">Vallouise-Pelvoux<\/div><ws-apidae-from-price data-apidae-id=\"7602920\" ><\/ws-apidae-from-price><div class=\"group-dates\"><div class=\"field-dates\">Du 3 <span class=\"month\">mei<\/span> au 30 <span class=\"month\">september<\/span><\/div><\/div><\/div><div class=\"group-content\"><div class=\"field-title\">Exposition : &#8220;Lumi\u00e8res en Ecrins&#8221;<\/div><\/div><div class=\"field-link\" role=\"group\" aria-label=\"Lien vers le contenu\"><a href=\"https:\/\/www.paysdesecrins.com\/nl\/fiche\/exposition-lumieres-en-ecrins-5\/\" class=\"cardlink\" title=\"Lire plus : Exposition : &#8220;Lumi\u00e8res en Ecrins&#8221;\" lang=\"nl_NL\">Exposition : &#8220;Lumi\u00e8res en Ecrins&#8221;<\/a><\/div><\/div><\/div><div class=\"item\" data-season=\"all-seasons\"><div class=\"card card-apidae card-temps-forts\"><div class=\"group-actions\"><ws-wishlist data-type=\"flag\" data-action=\"add\" data-wish-id=\"7590492\" data-wish-type=\"apidae\"><\/ws-wishlist><\/div><div class=\"group-media\"><div class=\"field-image\"><img decoding=\"async\" src=\"https:\/\/images.weserv.nl\/?url=https:\/\/static.apidae-tourisme.com\/filestore\/objets-touristiques\/images\/231\/35\/38282215-diaporama.jpg&#038;w=650&#038;h=650&#038;fit=cover&#038;output=webp&#038;q=45\" alt=\"Exposition : Les patrimoines de la Vallouise\"\/><\/div><\/div><div class=\"group-top\"><div class=\"field-commune\">Vallouise-Pelvoux<\/div><ws-apidae-from-price data-apidae-id=\"7590492\" ><\/ws-apidae-from-price><div class=\"group-dates\"><div class=\"field-dates\">Du 3 <span class=\"month\">mei<\/span> au 15 <span class=\"month\">november<\/span><\/div><\/div><\/div><div class=\"group-content\"><div class=\"field-title\">Exposition : Les patrimoines de la Vallouise<\/div><\/div><div class=\"field-link\" role=\"group\" aria-label=\"Lien vers le contenu\"><a href=\"https:\/\/www.paysdesecrins.com\/nl\/fiche\/exposition-les-patrimoines-de-la-vallouise-5\/\" class=\"cardlink\" title=\"Lire plus : Exposition : Les patrimoines de la Vallouise\" lang=\"nl_NL\">Exposition : Les patrimoines de la Vallouise<\/a><\/div><\/div><\/div><div class=\"item\" data-season=\"all-seasons\"><div class=\"card card-apidae card-temps-forts\"><div class=\"group-actions\"><ws-wishlist data-type=\"flag\" data-action=\"add\" data-wish-id=\"7123935\" data-wish-type=\"apidae\"><\/ws-wishlist><\/div><div class=\"group-media\"><div class=\"field-image\"><img decoding=\"async\" src=\"https:\/\/images.weserv.nl\/?url=https:\/\/static.apidae-tourisme.com\/filestore\/objets-touristiques\/images\/124\/169\/41134460-diaporama.jpg&#038;w=650&#038;h=650&#038;fit=cover&#038;output=webp&#038;q=45\" alt=\"Le sentier des lutins\"\/><\/div><\/div><div class=\"group-top\"><div class=\"field-commune\">Vallouise-Pelvoux<\/div><ws-apidae-from-price data-apidae-id=\"7123935\" ><\/ws-apidae-from-price><div class=\"group-dates\"><div class=\"field-dates\">Du 3 <span class=\"month\">mei<\/span> au 16 <span class=\"month\">mei<\/span> 2027<\/div><\/div><\/div><div class=\"group-content\"><div class=\"field-title\">Le sentier des lutins<\/div><\/div><div class=\"field-link\" role=\"group\" aria-label=\"Lien vers le contenu\"><a href=\"https:\/\/www.paysdesecrins.com\/nl\/fiche\/le-sentier-des-lutins-5\/\" class=\"cardlink\" title=\"Lire plus : Le sentier des lutins\" lang=\"nl_NL\">Le sentier des lutins<\/a><\/div><\/div><\/div><div class=\"item\" data-season=\"all-seasons\"><div class=\"card card-apidae card-temps-forts\"><div class=\"group-actions\"><ws-wishlist data-type=\"flag\" data-action=\"add\" data-wish-id=\"581981\" data-wish-type=\"apidae\"><\/ws-wishlist><\/div><div class=\"group-media\"><div class=\"field-image\"><img decoding=\"async\" src=\"https:\/\/images.weserv.nl\/?url=https:\/\/static.apidae-tourisme.com\/filestore\/objets-touristiques\/images\/239\/54\/4011759-diaporama.jpg&#038;w=650&#038;h=650&#038;fit=cover&#038;output=webp&#038;q=45\" alt=\"March\u00e9 de Vallouise\"\/><\/div><\/div><div class=\"group-top\"><div class=\"field-commune\">Vallouise-Pelvoux<\/div><ws-apidae-from-price data-apidae-id=\"581981\" ><\/ws-apidae-from-price><div class=\"group-dates\"><div class=\"field-dates\">Du 7 <span class=\"month\">mei<\/span> au 27 <span class=\"month\">april<\/span> 2028<\/div><\/div><\/div><div class=\"group-content\"><div class=\"field-title\">March\u00e9 de Vallouise<\/div><\/div><div class=\"field-link\" role=\"group\" aria-label=\"Lien vers le contenu\"><a href=\"https:\/\/www.paysdesecrins.com\/nl\/fiche\/marche-de-vallouise-4\/\" class=\"cardlink\" title=\"Lire plus : March\u00e9 de Vallouise\" lang=\"nl_NL\">March\u00e9 de Vallouise<\/a><\/div><\/div><\/div><\/div><\/div><\/div><\/div><div class=\"group-content\">\n\n<div class=\"wp-block-ws-library-ws-button has-text-align-left is-style-default\"><a href=\"https:\/\/www.paysdesecrins.com\/nl\/alle-evenementen-in-vallouise-pelvoux\/\" class=\"wp-block-button__link wp-element-button btn\">  Alle hoogtepunten van Vallouise-Pelvoux<\/a><\/div>\n\n\n\n<div class=\"wp-block-ws-library-ws-button has-text-align-left is-style-default\"><a href=\"https:\/\/www.paysdesecrins.com\/nl\/alle-activiteiten-in-vallouise-pelvoux\/\" class=\"wp-block-button__link wp-element-button btn\">  Alle agenda&#8217;s van Vallouise-Pelvoux<\/a><\/div>\n\n<\/div><\/div><\/div><\/div>\n\n<div style=\"height:72px\" aria-hidden=\"true\" class=\"wp-block-spacer\"><\/div>\n\n<div class=\"wp-block-ws-library-ws-title aligncenter\" data-season=\"winter\"><h3><em>In Vallouise-Pelvoux ontmoeting met de sneeuw, <\/em><br>Het bewijs in beeld<\/h3><\/div>\n\n<div class=\"wp-block-ws-library-ws-title aligncenter\" data-season=\"summer\"><h3><em>Een land van buitensporten <\/em><br>Het bewijs in beeld<\/h3><\/div>\n\n<div class=\"wp-block-ws-library-ws-slider alignwide\" data-season=\"winter\"><div class=\"splide\" data-splide=\"{\"type\":\"slide\",\"heightRatio\":\"auto\",\"perPage\":4,\"perMove\":1,\"drag\":true,\"pagination\":0,\"autoplay\":false,\"gap\":\"15px\",\"breakpoints\":{\"450\":{\"perPage\":1},\"768\":{\"perPage\":2},\"992\":{\"perPage\":3},\"1200\":{\"perPage\":4}}}\"><div class=\"splide__track\"><div class=\"splide__list\"><div class=\"splide__slide\"><a href=\"https:\/\/www.paysdesecrins.com\/wp-content\/uploads\/2025\/07\/ski-de-randonne-e-et-paysages-combe-du-riou-pre-de-mme-carle-ailefroide-mont-pelvoux-15-scaled.jpg\" data-glightbox=\"true\" class=\"lightbox-trigger\"><img decoding=\"async\" src=\"https:\/\/www.paysdesecrins.com\/wp-content\/uploads\/2025\/07\/ski-de-randonne-e-et-paysages-combe-du-riou-pre-de-mme-carle-ailefroide-mont-pelvoux-15-400x400.jpg\" alt=\"\"><\/a><\/div><div class=\"splide__slide\"><a href=\"https:\/\/www.paysdesecrins.com\/wp-content\/uploads\/2025\/06\/photos-kinaphoto-pelvoux-journee-1-2025-hd2-scaled.jpg\" data-glightbox=\"true\" class=\"lightbox-trigger\"><img decoding=\"async\" src=\"https:\/\/www.paysdesecrins.com\/wp-content\/uploads\/2025\/06\/photos-kinaphoto-pelvoux-journee-1-2025-hd2-scaled.jpg\" alt=\"\"><\/a><\/div><div class=\"splide__slide\"><a href=\"https:\/\/www.paysdesecrins.com\/wp-content\/uploads\/2025\/07\/pelvoux-vallouise-selon-tony-lamiche-1716469024-400x400.jpg\" data-glightbox=\"true\" class=\"lightbox-trigger\"><img decoding=\"async\" src=\"https:\/\/www.paysdesecrins.com\/wp-content\/uploads\/2025\/07\/pelvoux-vallouise-selon-tony-lamiche-1716469024-400x400.jpg\" alt=\"\"><\/a><\/div><div class=\"splide__slide\"><a href=\"https:\/\/www.paysdesecrins.com\/wp-content\/uploads\/2025\/07\/17ski-alpin-psv-photos-kinaphoto-psv-journee-2-2025-hd4-scaled.jpg\" data-glightbox=\"true\" class=\"lightbox-trigger\"><img decoding=\"async\" src=\"https:\/\/www.paysdesecrins.com\/wp-content\/uploads\/2025\/07\/17ski-alpin-psv-photos-kinaphoto-psv-journee-2-2025-hd4-400x400.jpg\" alt=\"\"><\/a><\/div><\/div><\/div><\/div><\/div>\n\n<div class=\"wp-block-ws-library-ws-slider alignwide\" data-season=\"summer\"><div class=\"splide\" data-splide=\"{\"type\":\"slide\",\"heightRatio\":\"auto\",\"perPage\":4,\"perMove\":1,\"drag\":true,\"pagination\":0,\"autoplay\":false,\"gap\":\"15px\",\"breakpoints\":{\"450\":{\"perPage\":1},\"768\":{\"perPage\":2},\"992\":{\"perPage\":3},\"1200\":{\"perPage\":4}}}\"><div class=\"splide__track\"><div class=\"splide__list\"><div class=\"splide__slide\"><a href=\"https:\/\/www.paysdesecrins.com\/wp-content\/uploads\/2025\/07\/du-lac-de-puy-aillaud-au-be-lvede-re-des-trois-refuges-13-scaled.jpg\" data-glightbox=\"true\" class=\"lightbox-trigger\"><img decoding=\"async\" src=\"https:\/\/www.paysdesecrins.com\/wp-content\/uploads\/2025\/07\/du-lac-de-puy-aillaud-au-be-lvede-re-des-trois-refuges-13-scaled.jpg\" alt=\"\"><\/a><\/div><div class=\"splide__slide\"><a href=\"https:\/\/www.paysdesecrins.com\/wp-content\/uploads\/2025\/07\/lever-de-soleil-sur-la-cre-te-du-bel-serre-entre-la-blanche-et-la-rouya-14-scaled.jpg\" data-glightbox=\"true\" class=\"lightbox-trigger\"><img decoding=\"async\" src=\"https:\/\/www.paysdesecrins.com\/wp-content\/uploads\/2025\/07\/lever-de-soleil-sur-la-cre-te-du-bel-serre-entre-la-blanche-et-la-rouya-14-400x400.jpg\" alt=\"\"><\/a><\/div><div class=\"splide__slide\"><a href=\"https:\/\/www.paysdesecrins.com\/wp-content\/uploads\/2025\/07\/15randonnee-randonne-e-glacier-noir-12-scaled.jpg\" data-glightbox=\"true\" class=\"lightbox-trigger\"><img decoding=\"async\" src=\"https:\/\/www.paysdesecrins.com\/wp-content\/uploads\/2025\/07\/15randonnee-randonne-e-glacier-noir-12-scaled.jpg\" alt=\"\"><\/a><\/div><div class=\"splide__slide\"><a href=\"https:\/\/www.paysdesecrins.com\/wp-content\/uploads\/2025\/07\/151microaventureclairelac-palluel-et-grand-pinier-48-scaled.jpg\" data-glightbox=\"true\" class=\"lightbox-trigger\"><img decoding=\"async\" src=\"https:\/\/www.paysdesecrins.com\/wp-content\/uploads\/2025\/07\/151microaventureclairelac-palluel-et-grand-pinier-48-400x400.jpg\" alt=\"\"><\/a><\/div><\/div><\/div><\/div><\/div>\n\n<div style=\"height:72px\" aria-hidden=\"true\" class=\"wp-block-spacer\"><\/div>\n\n<div class=\"wp-block-ws-library-ws-title aligncenter\"><h2><em>Wij zorgen voor alles,<\/em> u geniet<\/h2><\/div>\n\n<p class=\"has-text-align-center\">Ontdek onze all-inclusive verblijven en laat ons uw onderdompeling in de bergen organiseren: accommodatie, begeleide activiteiten en lokale ervaringen worden voor u verzameld. Kies uw formule, van een verjongend weekend tot een week vol avontuur, en profiteer ten volle van de landschappen, de knowhow en de gezelligheid zonder u ergens zorgen over te maken. <\/p>\n<div class=\"alignwide wp-block-ws-library-ws-list-content\"><div class=\"list-items\"><div class=\"item\" data-season=\"all-seasons\"><div class=\"card  card-page\"><div class=\"group-media\"><div class=\"field-image\"><img loading=\"lazy\" decoding=\"async\" width=\"300\" height=\"450\" src=\"https:\/\/www.paysdesecrins.com\/wp-content\/uploads\/2025\/08\/photos-kinaphoto-pelvoux-journe-e-1-2025-hd66-300x450.jpg\" class=\"winter wp-post-image\" alt=\"\" data-season=\"winter\" srcset=\"https:\/\/www.paysdesecrins.com\/wp-content\/uploads\/2025\/08\/photos-kinaphoto-pelvoux-journe-e-1-2025-hd66-300x450.jpg 300w, https:\/\/www.paysdesecrins.com\/wp-content\/uploads\/2025\/08\/photos-kinaphoto-pelvoux-journe-e-1-2025-hd66-390x585.jpg 390w\" sizes=\"auto, (max-width: 300px) 100vw, 300px\" \/><img loading=\"lazy\" decoding=\"async\" width=\"300\" height=\"450\" src=\"https:\/\/www.paysdesecrins.com\/wp-content\/uploads\/2025\/07\/dsc01515-300x450.jpg\" class=\"vivaldi-thumb summer\" alt=\"\" data-season=\"summer\" srcset=\"https:\/\/www.paysdesecrins.com\/wp-content\/uploads\/2025\/07\/dsc01515-300x450.jpg 300w, https:\/\/www.paysdesecrins.com\/wp-content\/uploads\/2025\/07\/dsc01515-390x585.jpg 390w\" sizes=\"auto, (max-width: 300px) 100vw, 300px\" \/><\/div><\/div><div class=\"group-content\"><div class=\"field-title\">Al onze verblijven<\/div><\/div><div class=\"field-link\" role=\"group\" aria-label=\"Lien vers le contenu\"><a href=\"https:\/\/www.paysdesecrins.com\/nl\/blijft\/\" class=\"cardlink\" title=\"Lire plus : Al onze verblijven\" lang=\"nl_NL\">Al onze verblijven<\/a><\/div><\/div><\/div><\/div><\/div>\n<div class=\"wp-block-ws-library-ws-button has-text-align-center\"><a href=\"https:\/\/www.paysdesecrins.com\/nl\/blijft\/#\/categories\" class=\"wp-block-button__link wp-element-button btn\">  Ontdek all-inclusive verblijven<\/a><\/div>\n\n<div style=\"height:72px\" aria-hidden=\"true\" class=\"wp-block-spacer\"><\/div>\n\n<div class=\"wp-block-ws-library-ws-share\"><span class=\"share-subtitle\">Vond je deze pagina leuk?<\/span><span class=\"share-title\">Deel het!<\/span><button class=\"ws-share-button wp-element-button\">Deel deze pagina<\/button><\/div>\n","protected":false},"excerpt":{"rendered":"<p>Gelegen op een hoogte van 1.250 m, omvat de dorpsbadplaats Pelvoux-Vallouise de gehuchten Pelvoux, Vallouise en Ailefroide, gelabeld als &#8220;Bergbeklimmersdorp&#8221; [&hellip;]<\/p>\n","protected":false},"author":1,"featured_media":65677,"parent":44506,"menu_order":0,"comment_status":"closed","ping_status":"closed","template":"","meta":{"_thumbnail_id_2":0,"summer_excerpt":"","season":"","station":"pelvoux","footnotes":""},"class_list":["post-45194","page","type-page","status-publish","has-post-thumbnail","hentry"],"yoast_head":"<!-- This site is optimized with the Yoast SEO plugin v27.3 - https:\/\/yoast.com\/product\/yoast-seo-wordpress\/ -->\n<title>Vallouise-Pelvoux - Pays des \u00c9crins - Office de Tourisme<\/title>\n<meta name=\"robots\" content=\"index, follow, max-snippet:-1, max-image-preview:large, max-video-preview:-1\" \/>\n<link rel=\"canonical\" href=\"https:\/\/www.paysdesecrins.com\/nl\/mijn-resort-mijn-dorp\/pelvoux-vallouise-ailefroide\/\" \/>\n<meta property=\"og:locale\" content=\"nl_NL\" \/>\n<meta property=\"og:type\" content=\"article\" \/>\n<meta property=\"og:title\" content=\"Vallouise-Pelvoux - Pays des \u00c9crins - Office de Tourisme\" \/>\n<meta property=\"og:description\" content=\"Gelegen op een hoogte van 1.250 m, omvat de dorpsbadplaats Pelvoux-Vallouise de gehuchten Pelvoux, Vallouise en Ailefroide, gelabeld als &#8220;Bergbeklimmersdorp&#8221; [&hellip;]\" \/>\n<meta property=\"og:url\" content=\"https:\/\/www.paysdesecrins.com\/nl\/mijn-resort-mijn-dorp\/pelvoux-vallouise-ailefroide\/\" \/>\n<meta property=\"og:site_name\" content=\"Pays des \u00c9crins - Office de Tourisme\" \/>\n<meta property=\"article:modified_time\" content=\"2025-08-13T13:12:42+00:00\" \/>\n<meta property=\"og:image\" content=\"https:\/\/www.paysdesecrins.com\/wp-content\/uploads\/2025\/08\/paysages-depuis-la-monte-e-de-la-croix-de-la-salcette-2-scaled.jpg\" \/>\n\t<meta property=\"og:image:width\" content=\"2560\" \/>\n\t<meta property=\"og:image:height\" content=\"1975\" \/>\n\t<meta property=\"og:image:type\" content=\"image\/jpeg\" \/>\n<meta name=\"twitter:card\" content=\"summary_large_image\" \/>\n<meta name=\"twitter:label1\" content=\"Geschatte leestijd\" \/>\n\t<meta name=\"twitter:data1\" content=\"6 minuten\" \/>\n<script type=\"application\/ld+json\" class=\"yoast-schema-graph\">{\"@context\":\"https:\\\/\\\/schema.org\",\"@graph\":[{\"@type\":\"WebPage\",\"@id\":\"https:\\\/\\\/www.paysdesecrins.com\\\/nl\\\/mijn-resort-mijn-dorp\\\/pelvoux-vallouise-ailefroide\\\/\",\"url\":\"https:\\\/\\\/www.paysdesecrins.com\\\/nl\\\/mijn-resort-mijn-dorp\\\/pelvoux-vallouise-ailefroide\\\/\",\"name\":\"Vallouise-Pelvoux - Pays des \u00c9crins - Office de Tourisme\",\"isPartOf\":{\"@id\":\"https:\\\/\\\/www.paysdesecrins.com\\\/nl\\\/#website\"},\"primaryImageOfPage\":{\"@id\":\"https:\\\/\\\/www.paysdesecrins.com\\\/nl\\\/mijn-resort-mijn-dorp\\\/pelvoux-vallouise-ailefroide\\\/#primaryimage\"},\"image\":{\"@id\":\"https:\\\/\\\/www.paysdesecrins.com\\\/nl\\\/mijn-resort-mijn-dorp\\\/pelvoux-vallouise-ailefroide\\\/#primaryimage\"},\"thumbnailUrl\":\"https:\\\/\\\/www.paysdesecrins.com\\\/wp-content\\\/uploads\\\/2025\\\/08\\\/paysages-depuis-la-monte-e-de-la-croix-de-la-salcette-2-scaled.jpg\",\"datePublished\":\"2025-06-25T13:44:52+00:00\",\"dateModified\":\"2025-08-13T13:12:42+00:00\",\"breadcrumb\":{\"@id\":\"https:\\\/\\\/www.paysdesecrins.com\\\/nl\\\/mijn-resort-mijn-dorp\\\/pelvoux-vallouise-ailefroide\\\/#breadcrumb\"},\"inLanguage\":\"nl-NL\",\"potentialAction\":[{\"@type\":\"ReadAction\",\"target\":[\"https:\\\/\\\/www.paysdesecrins.com\\\/nl\\\/mijn-resort-mijn-dorp\\\/pelvoux-vallouise-ailefroide\\\/\"]}]},{\"@type\":\"ImageObject\",\"inLanguage\":\"nl-NL\",\"@id\":\"https:\\\/\\\/www.paysdesecrins.com\\\/nl\\\/mijn-resort-mijn-dorp\\\/pelvoux-vallouise-ailefroide\\\/#primaryimage\",\"url\":\"https:\\\/\\\/www.paysdesecrins.com\\\/wp-content\\\/uploads\\\/2025\\\/08\\\/paysages-depuis-la-monte-e-de-la-croix-de-la-salcette-2-scaled.jpg\",\"contentUrl\":\"https:\\\/\\\/www.paysdesecrins.com\\\/wp-content\\\/uploads\\\/2025\\\/08\\\/paysages-depuis-la-monte-e-de-la-croix-de-la-salcette-2-scaled.jpg\",\"width\":2560,\"height\":1975},{\"@type\":\"BreadcrumbList\",\"@id\":\"https:\\\/\\\/www.paysdesecrins.com\\\/nl\\\/mijn-resort-mijn-dorp\\\/pelvoux-vallouise-ailefroide\\\/#breadcrumb\",\"itemListElement\":[{\"@type\":\"ListItem\",\"position\":1,\"name\":\"Accueil\",\"item\":\"https:\\\/\\\/www.paysdesecrins.com\\\/nl\\\/de-titel-van-het-huis\\\/\"},{\"@type\":\"ListItem\",\"position\":2,\"name\":\"Mijn resort, mijn dorp\",\"item\":\"https:\\\/\\\/www.paysdesecrins.com\\\/nl\\\/ma-station-mon-village\\\/\"},{\"@type\":\"ListItem\",\"position\":3,\"name\":\"Vallouise-Pelvoux\"}]},{\"@type\":\"WebSite\",\"@id\":\"https:\\\/\\\/www.paysdesecrins.com\\\/nl\\\/#website\",\"url\":\"https:\\\/\\\/www.paysdesecrins.com\\\/nl\\\/\",\"name\":\"Pays des \u00c9crins - Office de Tourisme\",\"description\":\"L&#039;esprit montagne\",\"publisher\":{\"@id\":\"https:\\\/\\\/www.paysdesecrins.com\\\/nl\\\/#organization\"},\"potentialAction\":[{\"@type\":\"SearchAction\",\"target\":{\"@type\":\"EntryPoint\",\"urlTemplate\":\"https:\\\/\\\/www.paysdesecrins.com\\\/nl\\\/?s={search_term_string}\"},\"query-input\":{\"@type\":\"PropertyValueSpecification\",\"valueRequired\":true,\"valueName\":\"search_term_string\"}}],\"inLanguage\":\"nl-NL\"},{\"@type\":\"Organization\",\"@id\":\"https:\\\/\\\/www.paysdesecrins.com\\\/nl\\\/#organization\",\"name\":\"Pays des \u00c9crins - Office de Tourisme\",\"url\":\"https:\\\/\\\/www.paysdesecrins.com\\\/nl\\\/\",\"logo\":{\"@type\":\"ImageObject\",\"inLanguage\":\"nl-NL\",\"@id\":\"https:\\\/\\\/www.paysdesecrins.com\\\/nl\\\/#\\\/schema\\\/logo\\\/image\\\/\",\"url\":\"https:\\\/\\\/www.paysdesecrins.com\\\/wp-content\\\/uploads\\\/2025\\\/06\\\/devina-svg-1750845694.svg\",\"contentUrl\":\"https:\\\/\\\/www.paysdesecrins.com\\\/wp-content\\\/uploads\\\/2025\\\/06\\\/devina-svg-1750845694.svg\",\"caption\":\"Pays des \u00c9crins - Office de Tourisme\"},\"image\":{\"@id\":\"https:\\\/\\\/www.paysdesecrins.com\\\/nl\\\/#\\\/schema\\\/logo\\\/image\\\/\"}}]}<\/script>\n<!-- \/ Yoast SEO plugin. -->","yoast_head_json":{"title":"Vallouise-Pelvoux - Pays des \u00c9crins - Office de Tourisme","robots":{"index":"index","follow":"follow","max-snippet":"max-snippet:-1","max-image-preview":"max-image-preview:large","max-video-preview":"max-video-preview:-1"},"canonical":"https:\/\/www.paysdesecrins.com\/nl\/mijn-resort-mijn-dorp\/pelvoux-vallouise-ailefroide\/","og_locale":"nl_NL","og_type":"article","og_title":"Vallouise-Pelvoux - Pays des \u00c9crins - Office de Tourisme","og_description":"Gelegen op een hoogte van 1.250 m, omvat de dorpsbadplaats Pelvoux-Vallouise de gehuchten Pelvoux, Vallouise en Ailefroide, gelabeld als &#8220;Bergbeklimmersdorp&#8221; [&hellip;]","og_url":"https:\/\/www.paysdesecrins.com\/nl\/mijn-resort-mijn-dorp\/pelvoux-vallouise-ailefroide\/","og_site_name":"Pays des \u00c9crins - Office de Tourisme","article_modified_time":"2025-08-13T13:12:42+00:00","og_image":[{"width":2560,"height":1975,"url":"https:\/\/www.paysdesecrins.com\/wp-content\/uploads\/2025\/08\/paysages-depuis-la-monte-e-de-la-croix-de-la-salcette-2-scaled.jpg","type":"image\/jpeg"}],"twitter_card":"summary_large_image","twitter_misc":{"Geschatte leestijd":"6 minuten"},"schema":{"@context":"https:\/\/schema.org","@graph":[{"@type":"WebPage","@id":"https:\/\/www.paysdesecrins.com\/nl\/mijn-resort-mijn-dorp\/pelvoux-vallouise-ailefroide\/","url":"https:\/\/www.paysdesecrins.com\/nl\/mijn-resort-mijn-dorp\/pelvoux-vallouise-ailefroide\/","name":"Vallouise-Pelvoux - Pays des \u00c9crins - Office de Tourisme","isPartOf":{"@id":"https:\/\/www.paysdesecrins.com\/nl\/#website"},"primaryImageOfPage":{"@id":"https:\/\/www.paysdesecrins.com\/nl\/mijn-resort-mijn-dorp\/pelvoux-vallouise-ailefroide\/#primaryimage"},"image":{"@id":"https:\/\/www.paysdesecrins.com\/nl\/mijn-resort-mijn-dorp\/pelvoux-vallouise-ailefroide\/#primaryimage"},"thumbnailUrl":"https:\/\/www.paysdesecrins.com\/wp-content\/uploads\/2025\/08\/paysages-depuis-la-monte-e-de-la-croix-de-la-salcette-2-scaled.jpg","datePublished":"2025-06-25T13:44:52+00:00","dateModified":"2025-08-13T13:12:42+00:00","breadcrumb":{"@id":"https:\/\/www.paysdesecrins.com\/nl\/mijn-resort-mijn-dorp\/pelvoux-vallouise-ailefroide\/#breadcrumb"},"inLanguage":"nl-NL","potentialAction":[{"@type":"ReadAction","target":["https:\/\/www.paysdesecrins.com\/nl\/mijn-resort-mijn-dorp\/pelvoux-vallouise-ailefroide\/"]}]},{"@type":"ImageObject","inLanguage":"nl-NL","@id":"https:\/\/www.paysdesecrins.com\/nl\/mijn-resort-mijn-dorp\/pelvoux-vallouise-ailefroide\/#primaryimage","url":"https:\/\/www.paysdesecrins.com\/wp-content\/uploads\/2025\/08\/paysages-depuis-la-monte-e-de-la-croix-de-la-salcette-2-scaled.jpg","contentUrl":"https:\/\/www.paysdesecrins.com\/wp-content\/uploads\/2025\/08\/paysages-depuis-la-monte-e-de-la-croix-de-la-salcette-2-scaled.jpg","width":2560,"height":1975},{"@type":"BreadcrumbList","@id":"https:\/\/www.paysdesecrins.com\/nl\/mijn-resort-mijn-dorp\/pelvoux-vallouise-ailefroide\/#breadcrumb","itemListElement":[{"@type":"ListItem","position":1,"name":"Accueil","item":"https:\/\/www.paysdesecrins.com\/nl\/de-titel-van-het-huis\/"},{"@type":"ListItem","position":2,"name":"Mijn resort, mijn dorp","item":"https:\/\/www.paysdesecrins.com\/nl\/ma-station-mon-village\/"},{"@type":"ListItem","position":3,"name":"Vallouise-Pelvoux"}]},{"@type":"WebSite","@id":"https:\/\/www.paysdesecrins.com\/nl\/#website","url":"https:\/\/www.paysdesecrins.com\/nl\/","name":"Pays des \u00c9crins - Office de Tourisme","description":"L&#039;esprit montagne","publisher":{"@id":"https:\/\/www.paysdesecrins.com\/nl\/#organization"},"potentialAction":[{"@type":"SearchAction","target":{"@type":"EntryPoint","urlTemplate":"https:\/\/www.paysdesecrins.com\/nl\/?s={search_term_string}"},"query-input":{"@type":"PropertyValueSpecification","valueRequired":true,"valueName":"search_term_string"}}],"inLanguage":"nl-NL"},{"@type":"Organization","@id":"https:\/\/www.paysdesecrins.com\/nl\/#organization","name":"Pays des \u00c9crins - Office de Tourisme","url":"https:\/\/www.paysdesecrins.com\/nl\/","logo":{"@type":"ImageObject","inLanguage":"nl-NL","@id":"https:\/\/www.paysdesecrins.com\/nl\/#\/schema\/logo\/image\/","url":"https:\/\/www.paysdesecrins.com\/wp-content\/uploads\/2025\/06\/devina-svg-1750845694.svg","contentUrl":"https:\/\/www.paysdesecrins.com\/wp-content\/uploads\/2025\/06\/devina-svg-1750845694.svg","caption":"Pays des \u00c9crins - Office de Tourisme"},"image":{"@id":"https:\/\/www.paysdesecrins.com\/nl\/#\/schema\/logo\/image\/"}}]}},"_links":{"self":[{"href":"https:\/\/www.paysdesecrins.com\/nl\/wp-json\/wp\/v2\/pages\/45194","targetHints":{"allow":["GET"]}}],"collection":[{"href":"https:\/\/www.paysdesecrins.com\/nl\/wp-json\/wp\/v2\/pages"}],"about":[{"href":"https:\/\/www.paysdesecrins.com\/nl\/wp-json\/wp\/v2\/types\/page"}],"author":[{"embeddable":true,"href":"https:\/\/www.paysdesecrins.com\/nl\/wp-json\/wp\/v2\/users\/1"}],"replies":[{"embeddable":true,"href":"https:\/\/www.paysdesecrins.com\/nl\/wp-json\/wp\/v2\/comments?post=45194"}],"version-history":[{"count":2,"href":"https:\/\/www.paysdesecrins.com\/nl\/wp-json\/wp\/v2\/pages\/45194\/revisions"}],"predecessor-version":[{"id":93487,"href":"https:\/\/www.paysdesecrins.com\/nl\/wp-json\/wp\/v2\/pages\/45194\/revisions\/93487"}],"up":[{"embeddable":true,"href":"https:\/\/www.paysdesecrins.com\/nl\/wp-json\/wp\/v2\/pages\/44506"}],"wp:featuredmedia":[{"embeddable":true,"href":"https:\/\/www.paysdesecrins.com\/nl\/wp-json\/wp\/v2\/media\/65677"}],"wp:attachment":[{"href":"https:\/\/www.paysdesecrins.com\/nl\/wp-json\/wp\/v2\/media?parent=45194"}],"curies":[{"name":"wp","href":"https:\/\/api.w.org\/{rel}","templated":true}]}}