{"id":45249,"date":"2025-06-25T15:44:50","date_gmt":"2025-06-25T13:44:50","guid":{"rendered":"https:\/\/www.paysdesecrins.com\/mijn-buitenactiviteiten\/paraglider\/"},"modified":"2025-08-01T11:26:41","modified_gmt":"2025-08-01T09:26:41","slug":"paraglider","status":"publish","type":"page","link":"https:\/\/www.paysdesecrins.com\/nl\/mijn-buitenactiviteiten\/paraglider\/","title":{"rendered":"Paraglider"},"content":{"rendered":"    <div class=\"alignfull wp-block-ws-library-ws-header-interne\" data-season=\"summer\">\n\t    <div class=\"header-container\">\n\t        <div class=\"group-media has-image\">\n\t            \t                <img loading=\"lazy\" decoding=\"async\" width=\"1920\" height=\"800\" src=\"https:\/\/www.paysdesecrins.com\/wp-content\/uploads\/2025\/07\/vol-dedistance-competitio-4-3-1920x800.jpg\" alt=\"\" class=\"image_large_square wp-image-50210\" \/>\n\t            \t        <\/div>\n\t        <div class=\"group-content\">\n\t            <div class=\"title\">\n\t                <h1>\n\t                    Paraglider\t                    \t                <\/h1>\n\t            <\/div>\n\t        <\/div>\n\t    <\/div>\n\t    \n<div class=\"yoast-breadcrumbs\"><span><span><a href=\"https:\/\/www.paysdesecrins.com\/nl\/de-titel-van-het-huis\/\">Accueil<\/a><\/span>  <span><a href=\"https:\/\/www.paysdesecrins.com\/nl\/mijn-buitenactiviteiten\/\">Mijn buitenactiviteiten<\/a><\/span>  <span class=\"breadcrumb_last\" aria-current=\"page\">Paraglider<\/span><\/span><\/div>\n    <\/div>\n        <div class=\"alignfull wp-block-ws-library-ws-header-interne\" data-season=\"winter\">\n\t    <div class=\"header-container\">\n\t        <div class=\"group-media has-image\">\n\t            \t                <img loading=\"lazy\" decoding=\"async\" width=\"1920\" height=\"800\" src=\"https:\/\/www.paysdesecrins.com\/wp-content\/uploads\/2025\/07\/dsc00613-1920x800.jpg\" alt=\"\" class=\"image_large_square wp-image-48701\" \/>\n\t            \t        <\/div>\n\t        <div class=\"group-content\">\n\t            <div class=\"title\">\n\t                <h1>\n\t                    Paraglider\t                    \t                <\/h1>\n\t            <\/div>\n\t        <\/div>\n\t    <\/div>\n\t    \n<div class=\"yoast-breadcrumbs\"><span><span><a href=\"https:\/\/www.paysdesecrins.com\/nl\/de-titel-van-het-huis\/\">Accueil<\/a><\/span>  <span><a href=\"https:\/\/www.paysdesecrins.com\/nl\/mijn-buitenactiviteiten\/\">Mijn buitenactiviteiten<\/a><\/span>  <span class=\"breadcrumb_last\" aria-current=\"page\">Paraglider<\/span><\/span><\/div>\n    <\/div>\n    \n<div class=\"wp-block-ws-library-ws-title aligncenter is-style-simple\"><h2><em>Gratis vlucht<\/em>Boven de \u00c9crins<\/h2><\/div>\n\n<p class=\"has-text-align-center\">Het Pays des \u00c9crins, gelegen aan de poort van het Nationaal Park \u00c9crins, profiteert van een uitzonderlijk microklimaat waardoor het meer dan 300 dagen zon per jaar heeft. De vallei van Vallouise, beschermd tegen de heersende winden dankzij de ori\u00ebntatie loodrecht op de Durance, biedt stabiele omstandigheden voor vrije vlucht, ideaal voor zowel beginners als voor ervaren piloten die langeafstandslanglaufen willen uitproberen. <\/p>\n\n<div class=\"wp-block-ws-library-ws-video\"><div class=\"wrapper\"><div class=\"group-media\">\n<figure class=\"wp-block-embed is-type-video is-provider-youtube wp-block-embed-youtube\"><div class=\"wp-block-embed__wrapper\">\n<iframe loading=\"lazy\" title=\"Parapente dans les \u00c9crins\" width=\"500\" height=\"281\" src=\"https:\/\/www.youtube.com\/embed\/74fUFLFlswA?feature=oembed\" frameborder=\"0\" allow=\"accelerometer; autoplay; clipboard-write; encrypted-media; gyroscope; picture-in-picture; web-share\" referrerpolicy=\"strict-origin-when-cross-origin\" allowfullscreen><\/iframe>\n<\/div><\/figure>\n<\/div><\/div><\/div>\n\n<div class=\"wp-block-ws-library-ws-columns alignfull has-2-columns are-vertically-aligned-center layout-5050 is-style-background\" data-season=\"summer\">\n<div class=\"wp-block-ws-library-ws-column\"><div class=\"wrapper\">\n<div class=\"wp-block-ws-library-ws-title\"><h2><em>Vallouise-Pelvoux<\/em> Opstijgen vanaf La Cr\u00eate (2.300 m)<\/h2><\/div>\n\n\n\n<p>De site van La Cr\u00eate is het hele jaar door toegankelijk via de stoeltjeslift Pelvoux-Vallouise en stelt u in staat om snel op hoogte te komen. Zodra de eerste zonnestralen verschijnen, vormen zich thermische stijgingen die de tandemboten in de winter over de besneeuwde bergkammen en in de zomer over de bloemrijke bergweiden stuwen. Deze snelle start garandeert een langdurige vlucht over het massief, met een adembenemend uitzicht op de gletsjers en wilde valleien.    <br\/><br\/>Hieronder heeft de site van Puy-Aillaud (Champ-Cort\u00e8s) een offici\u00eble landingszone, te voet of met de auto bereikbaar vanuit Vallouise. Het is erg populair voor inleidende cursussen en leent zich ook voor de eerste kruisvluchten zodra de wind gaat liggen, en biedt een veilige grond om autonomie te krijgen <\/p>\n<\/div><\/div>\n\n\n\n<div class=\"wp-block-ws-library-ws-column\"><div class=\"wrapper\">\n<div class=\"wp-block-ws-library-ws-image\"><div class=\"wrapper\"><div class=\"group-media\"><img decoding=\"async\" src=\"https:\/\/www.paysdesecrins.com\/wp-content\/uploads\/2025\/07\/1autresactivites-stageparapent-vol-de-distance-competitio-3-960x640.jpg\" alt=\"\" class=\"single_image ws-image-18451\"><div class=\"credits\"><\/div><\/div><p class=\"caption\"><\/p><\/div><\/div>\n<\/div><\/div>\n<\/div>\n\n<div class=\"wp-block-ws-library-ws-columns alignfull has-2-columns are-vertically-aligned-center layout-5050 is-style-background\" data-season=\"winter\">\n<div class=\"wp-block-ws-library-ws-column\"><div class=\"wrapper\">\n<div class=\"wp-block-ws-library-ws-title\"><h2><em>Vallouise-Pelvoux<\/em> Opstijgen vanaf La Cr\u00eate (2.300 m)<\/h2><\/div>\n\n\n\n<p>De site van La Cr\u00eate is het hele jaar door toegankelijk via de stoeltjeslift Pelvoux-Vallouise en stelt u in staat om snel op hoogte te komen. Zodra de eerste zonnestralen verschijnen, vormen zich thermische stijgingen die de tandemboten in de winter over de besneeuwde bergkammen en in de zomer over de bloemrijke bergweiden stuwen. Deze snelle start garandeert een langdurige vlucht over het massief, met een adembenemend uitzicht op de gletsjers en wilde valleien.    <br\/><br\/>Hieronder heeft de site van Puy-Aillaud (Champ-Cort\u00e8s) een offici\u00eble landingszone, te voet of met de auto bereikbaar vanuit Vallouise. Het is erg populair voor inleidende cursussen en leent zich ook voor de eerste kruisvluchten zodra de wind gaat liggen, en biedt een veilige grond om autonomie te krijgen <\/p>\n<\/div><\/div>\n\n\n\n<div class=\"wp-block-ws-library-ws-column\"><div class=\"wrapper\">\n<div class=\"wp-block-ws-library-ws-image\"><div class=\"wrapper\"><div class=\"group-media\"><img decoding=\"async\" src=\"https:\/\/www.paysdesecrins.com\/wp-content\/uploads\/2025\/07\/dsc00764-960x640.jpg\" alt=\"\" class=\"single_image ws-image-48713\"><div class=\"credits\">Rogier Van Rijn<\/div><\/div><p class=\"caption\"><\/p><\/div><\/div>\n<\/div><\/div>\n<\/div>\n\n<div class=\"wp-block-ws-library-ws-title aligncenter\"><h2><em>De juwelen<\/em> Een Travers\u00e9e op groot formaat<\/h2><\/div>\n\n<p class=\"has-text-align-center\">Wanneer de omstandigheden optimaal zijn, kunnen ervaren piloten verreikende routes overwegen, vliegend over de D\u00f4me des \u00c9crins (4.015 m) of de Pelvoux (3.946 m). Deze veeleisende routes bieden de intensiteit van een echte luchtexpeditie en onthullen de berg in al zijn verticaliteit en onmetelijkheid. <\/p>\n\n<div class=\"wp-block-ws-library-ws-slider alignwide\" data-season=\"summer\"><div class=\"splide\" data-splide=\"{\"type\":\"slide\",\"heightRatio\":\"auto\",\"perPage\":4,\"perMove\":1,\"drag\":true,\"pagination\":0,\"autoplay\":false,\"gap\":\"15px\",\"breakpoints\":{\"450\":{\"perPage\":1},\"768\":{\"perPage\":2},\"992\":{\"perPage\":3},\"1200\":{\"perPage\":4}}}\"><div class=\"splide__track\"><div class=\"splide__list\"><div class=\"splide__slide\"><a href=\"https:\/\/www.paysdesecrins.com\/wp-content\/uploads\/2025\/07\/1autresactivites-stageparapentdsc06182rogiervanrijn-scaled.jpg\" data-glightbox=\"true\" class=\"lightbox-trigger\"><img decoding=\"async\" src=\"https:\/\/www.paysdesecrins.com\/wp-content\/uploads\/2025\/07\/1autresactivites-stageparapentdsc06182rogiervanrijn-400x400.jpg\" alt=\"\"><\/a><\/div><div class=\"splide__slide\"><a href=\"https:\/\/www.paysdesecrins.com\/wp-content\/uploads\/2025\/07\/dsc05755-scaled.jpg\" data-glightbox=\"true\" class=\"lightbox-trigger\"><img decoding=\"async\" src=\"https:\/\/www.paysdesecrins.com\/wp-content\/uploads\/2025\/07\/dsc05755-400x400.jpg\" alt=\"\"><\/a><\/div><div class=\"splide__slide\"><a href=\"https:\/\/www.paysdesecrins.com\/wp-content\/uploads\/2025\/07\/1autresactivites-stageparapent-vol-de-distance-competitio-3-scaled.jpg\" data-glightbox=\"true\" class=\"lightbox-trigger\"><img decoding=\"async\" src=\"https:\/\/www.paysdesecrins.com\/wp-content\/uploads\/2025\/07\/1autresactivites-stageparapent-vol-de-distance-competitio-3-400x400.jpg\" alt=\"\"><\/a><\/div><div class=\"splide__slide\"><a href=\"https:\/\/www.paysdesecrins.com\/wp-content\/uploads\/2025\/07\/1autresactivites-parapente-dsc01949-scaled.jpg\" data-glightbox=\"true\" class=\"lightbox-trigger\"><img decoding=\"async\" src=\"https:\/\/www.paysdesecrins.com\/wp-content\/uploads\/2025\/07\/1autresactivites-parapente-dsc01949-400x400.jpg\" alt=\"\"><\/a><\/div><div class=\"splide__slide\"><a href=\"https:\/\/www.paysdesecrins.com\/wp-content\/uploads\/2025\/07\/1autresactivites-parapentdsc05640-scaled.jpg\" data-glightbox=\"true\" class=\"lightbox-trigger\"><img decoding=\"async\" src=\"https:\/\/www.paysdesecrins.com\/wp-content\/uploads\/2025\/07\/1autresactivites-parapentdsc05640-400x400.jpg\" alt=\"\"><\/a><\/div><\/div><\/div><\/div><\/div>\n\n<div class=\"wp-block-ws-library-ws-slider alignwide\" data-season=\"winter\"><div class=\"splide\" data-splide=\"{\"type\":\"slide\",\"heightRatio\":\"auto\",\"perPage\":4,\"perMove\":1,\"drag\":true,\"pagination\":0,\"autoplay\":false,\"gap\":\"15px\",\"breakpoints\":{\"450\":{\"perPage\":1},\"768\":{\"perPage\":2},\"992\":{\"perPage\":3},\"1200\":{\"perPage\":4}}}\"><div class=\"splide__track\"><div class=\"splide__list\"><div class=\"splide__slide\"><a href=\"https:\/\/www.paysdesecrins.com\/wp-content\/uploads\/2025\/07\/1autresactivites-parapentdsc05640-scaled.jpg\" data-glightbox=\"true\" class=\"lightbox-trigger\"><img decoding=\"async\" src=\"https:\/\/www.paysdesecrins.com\/wp-content\/uploads\/2025\/07\/1autresactivites-parapentdsc05640-400x400.jpg\" alt=\"\"><\/a><\/div><div class=\"splide__slide\"><a href=\"https:\/\/www.paysdesecrins.com\/wp-content\/uploads\/2025\/07\/dsc00321-scaled.jpg\" data-glightbox=\"true\" class=\"lightbox-trigger\"><img decoding=\"async\" src=\"https:\/\/www.paysdesecrins.com\/wp-content\/uploads\/2025\/07\/dsc00321-400x400.jpg\" alt=\"\"><\/a><\/div><div class=\"splide__slide\"><a href=\"https:\/\/www.paysdesecrins.com\/wp-content\/uploads\/2025\/07\/dsc00935-scaled.jpg\" data-glightbox=\"true\" class=\"lightbox-trigger\"><img decoding=\"async\" src=\"https:\/\/www.paysdesecrins.com\/wp-content\/uploads\/2025\/07\/dsc00935-400x400.jpg\" alt=\"\"><\/a><\/div><div class=\"splide__slide\"><a href=\"https:\/\/www.paysdesecrins.com\/wp-content\/uploads\/2025\/07\/dsc01186-scaled.jpg\" data-glightbox=\"true\" class=\"lightbox-trigger\"><img decoding=\"async\" src=\"https:\/\/www.paysdesecrins.com\/wp-content\/uploads\/2025\/07\/dsc01186-400x400.jpg\" alt=\"\"><\/a><\/div><div class=\"splide__slide\"><a href=\"https:\/\/www.paysdesecrins.com\/wp-content\/uploads\/2025\/07\/dsc09736-scaled.jpg\" data-glightbox=\"true\" class=\"lightbox-trigger\"><img decoding=\"async\" src=\"https:\/\/www.paysdesecrins.com\/wp-content\/uploads\/2025\/07\/dsc09736-400x400.jpg\" alt=\"\"><\/a><\/div><div class=\"splide__slide\"><a href=\"https:\/\/www.paysdesecrins.com\/wp-content\/uploads\/2025\/07\/dsc09626-scaled.jpg\" data-glightbox=\"true\" class=\"lightbox-trigger\"><img decoding=\"async\" src=\"https:\/\/www.paysdesecrins.com\/wp-content\/uploads\/2025\/07\/dsc09626-400x400.jpg\" alt=\"\"><\/a><\/div><div class=\"splide__slide\"><a href=\"https:\/\/www.paysdesecrins.com\/wp-content\/uploads\/2025\/07\/dsc00764-scaled.jpg\" data-glightbox=\"true\" class=\"lightbox-trigger\"><img decoding=\"async\" src=\"https:\/\/www.paysdesecrins.com\/wp-content\/uploads\/2025\/07\/dsc00764-400x400.jpg\" alt=\"\"><\/a><\/div><div class=\"splide__slide\"><a href=\"https:\/\/www.paysdesecrins.com\/wp-content\/uploads\/2025\/07\/dsc00613-scaled.jpg\" data-glightbox=\"true\" class=\"lightbox-trigger\"><img decoding=\"async\" src=\"https:\/\/www.paysdesecrins.com\/wp-content\/uploads\/2025\/07\/dsc00613-400x400.jpg\" alt=\"\"><\/a><\/div><\/div><\/div><\/div><\/div>\n\n<div class=\"wp-block-ws-library-ws-title is-style-default\"><h2><em>Aan de tandemzijde,<\/em> begeleide vluchten<\/h2><\/div>\n\n<p>Aan de tandemzijde worden verschillende formules aangeboden: van de eerste ontdekking tot de exploitatie van de liften om de vlucht te verlengen van 45 minuten tot 2 uur, inclusief de wintervlucht vanuit het resort (1.000 m hoogteverschil in skivlucht). Deze diensten worden aangeboden door FFVL-gecertificeerde scholen en zijn toegankelijk vanaf 6 jaar, in alle veiligheid.   <\/p>\n\n<div class=\"wp-block-ws-library-ws-image\" data-season=\"winter\"><div class=\"wrapper\"><div class=\"group-media\"><img decoding=\"async\" src=\"https:\/\/www.paysdesecrins.com\/wp-content\/uploads\/2025\/07\/dsc09626-960x640.jpg\" alt=\"\" class=\"single_image ws-image-48728\"><div class=\"credits\">Rogier Van Rijn<\/div><\/div><p class=\"caption\"><\/p><\/div><\/div>\n\n<div class=\"wp-block-ws-library-ws-columns alignfull has-2-columns are-vertically-aligned-center layout-5050 is-style-background\" data-season=\"summer\">\n<div class=\"wp-block-ws-library-ws-column\"><div class=\"wrapper\">\n<div class=\"wp-block-ws-library-ws-image\"><div class=\"wrapper\"><div class=\"group-media\"><img decoding=\"async\" src=\"https:\/\/www.paysdesecrins.com\/wp-content\/uploads\/2025\/07\/dsc05755-960x640.jpg\" alt=\"\" class=\"single_image ws-image-41859\"><div class=\"credits\"><\/div><\/div><p class=\"caption\"><\/p><\/div><\/div>\n<\/div><\/div>\n\n\n\n<div class=\"wp-block-ws-library-ws-column\"><div class=\"wrapper\">\n<div class=\"wp-block-ws-library-ws-title\"><h2><em>Paragliding en bergbeklimmen,<\/em> emotie bij zonsopgang<\/h2><\/div>\n\n\n\n<p>Kies voor een buitengewone ervaring voor tandem-bergbeklimmen met Pollen Parapente. Na een wandeling naar de berghut vertrek je bij het aanbreken van de dag vanaf de top en geniet je van een magische start voorbij 2.200 m. Tussen fysieke inspanning en intense sensaties combineren deze ochtendvluchten de rust van de hoogte met de sensatie van het opstijgen.  <\/p>\n<\/div><\/div>\n<\/div>\n\n<div style=\"height:60px\" aria-hidden=\"true\" class=\"wp-block-spacer\"><\/div>\n\n<div class=\"wp-block-ws-library-ws-title aligncenter\"><h2><em>Boek je vlucht<\/em> Aanbieders van paragliding<\/h2><\/div>\n\n<p class=\"has-text-align-center\">Klaar om je eigen route uit te stippelen in de luchtstromen van de \u00c9crins? Raadpleeg de lijst met gecertificeerde dienstverleners en boek vandaag nog uw vlucht zo dicht mogelijk bij de toppen. Ga op pad om de lucht te veroveren en laat u meeslepen door de wind van de Vallouise!  <\/p>\n<div id=\"listing_382d9\" data-observer-wishlist data-attributes='listing-avance {\"selectedSelectionIds\":[\"188517\"],\"defaultImage\":\"https:\\\/\\\/www.paysdesecrins.com\\\/wp-content\\\/uploads\\\/2025\\\/06\\\/paysdesecrins.png\",\"showMap\":true,\"isPaginated\":true,\"perPage\":3,\"isPortrait\":false,\"isImageContain\":false,\"showCommune\":true,\"selectedFacets\":[],\"sortOrder\":\"random\",\"showType\":false,\"columnsCount\":\"2-3-3\",\"showActiveFacets\":false,\"showGeolocalisation\":false,\"isLimited\":false,\"season\":\"\",\"align\":\"wide\"}' class=\"ws-listing wp-block-ws-apidae-library-listing-avance alignwide\" data-map-id=\"map_382d9\" data-locations-id=\"locations-data_382d9\"><div class=\"listing-header\"><div class=\"toggle-container\"><button class=\"btn toggle-btn toggle-list\" data-target=\"list\">Lijst<\/button><button class=\"btn toggle-btn toggle-map\" data-target=\"map\">Kaart<\/button><button class=\"btn toggle-btn toggle-fulllist\" data-target=\"fulllist\" data-reverse=\"Toon kaart\">Verberg de kaart<\/button><\/div><\/div><div class=\"facetwp-template\"><div class=\"list-container active\"><div class=\"list-items\"><div class=\"item\" data-season=\"all-seasons\"><div class=\"card card-apidae card-avance\"><div class=\"group-actions\"><ws-wishlist data-type=\"flag\" data-action=\"add\" data-wish-id=\"919090\" data-wish-type=\"apidae\"><\/ws-wishlist><\/div><div class=\"group-media\"><div class=\"field-image\"><img decoding=\"async\" src=\"https:\/\/images.weserv.nl\/?url=https:\/\/static.apidae-tourisme.com\/filestore\/objets-touristiques\/images\/151\/67\/15745943-diaporama.jpg&#038;w=350&#038;h=350&#038;fit=cover&#038;output=webp&#038;q=45\" alt=\"Esprit Parapente\"\/><\/div><\/div><div class=\"group-top\"><div class=\"field-commune\">Puy-Saint-Vincent<\/div><ws-apidae-from-price data-apidae-id=\"919090\" ><\/ws-apidae-from-price><\/div><div class=\"group-content\"><div class=\"field-title\">Esprit Parapente<\/div><\/div><div class=\"field-link\" role=\"group\" aria-label=\"Lien vers le contenu\"><a href=\"https:\/\/www.paysdesecrins.com\/nl\/fiche\/esprit-parapente-5\/\" class=\"cardlink\" title=\"Lire plus : Esprit Parapente\" lang=\"nl_NL\">Esprit Parapente<\/a><\/div><\/div><\/div><div class=\"item\" data-season=\"all-seasons\"><div class=\"card card-apidae card-avance\"><div class=\"group-actions\"><ws-wishlist data-type=\"flag\" data-action=\"add\" data-wish-id=\"583314\" data-wish-type=\"apidae\"><\/ws-wishlist><\/div><div class=\"group-media\"><div class=\"field-image\"><img decoding=\"async\" src=\"https:\/\/images.weserv.nl\/?url=https:\/\/static.apidae-tourisme.com\/filestore\/objets-touristiques\/images\/107\/167\/3450731-diaporama.png&#038;w=350&#038;h=350&#038;fit=cover&#038;output=webp&#038;q=45\" alt=\"Parapente &#8220;Pollen&#8221;\"\/><\/div><\/div><div class=\"group-top\"><div class=\"field-commune\">Vallouise-Pelvoux<\/div><ws-apidae-from-price data-apidae-id=\"583314\" ><\/ws-apidae-from-price><\/div><div class=\"group-content\"><div class=\"field-title\">Parapente &#8220;Pollen&#8221;<\/div><\/div><div class=\"field-link\" role=\"group\" aria-label=\"Lien vers le contenu\"><a href=\"https:\/\/www.paysdesecrins.com\/nl\/fiche\/parapente-pollen-3\/\" class=\"cardlink\" title=\"Lire plus : Parapente &#8220;Pollen&#8221;\" lang=\"nl_NL\">Parapente &#8220;Pollen&#8221;<\/a><\/div><\/div><\/div><div id=\"locations-data_382d9\" style=\"display: none;\">{&quot;locations&quot;:[{&quot;lat&quot;:&quot;44.792924&quot;,&quot;lng&quot;:&quot;6.559093&quot;,&quot;title&quot;:&quot;Esprit Parapente&quot;,&quot;permalink&quot;:&quot;https:\\\/\\\/www.paysdesecrins.com\\\/nl\\\/fiche\\\/esprit-parapente-5\\\/&quot;,&quot;type&quot;:&quot;commerce_et_service&quot;,&quot;commune&quot;:&quot;Puy-Saint-Vincent&quot;,&quot;type_commerce&quot;:&quot;&quot;,&quot;image&quot;:&quot;https:\\\/\\\/static.apidae-tourisme.com\\\/filestore\\\/objets-touristiques\\\/images\\\/151\\\/67\\\/15745943-diaporama.jpg&quot;,&quot;image_width&quot;:&quot;350&quot;,&quot;image_height&quot;:&quot;350&quot;,&quot;image_fit&quot;:&quot;cover&quot;},{&quot;lat&quot;:&quot;44.83929&quot;,&quot;lng&quot;:&quot;6.492212&quot;,&quot;title&quot;:&quot;Parapente &#8220;Pollen&#8221;&quot;,&quot;permalink&quot;:&quot;https:\\\/\\\/www.paysdesecrins.com\\\/nl\\\/fiche\\\/parapente-pollen-3\\\/&quot;,&quot;type&quot;:&quot;commerce_et_service&quot;,&quot;commune&quot;:&quot;Vallouise-Pelvoux&quot;,&quot;type_commerce&quot;:&quot;&quot;,&quot;image&quot;:&quot;https:\\\/\\\/static.apidae-tourisme.com\\\/filestore\\\/objets-touristiques\\\/images\\\/107\\\/167\\\/3450731-diaporama.png&quot;,&quot;image_width&quot;:&quot;350&quot;,&quot;image_height&quot;:&quot;350&quot;,&quot;image_fit&quot;:&quot;cover&quot;}],&quot;center_lat&quot;:&quot;44.792924&quot;,&quot;center_lng&quot;:&quot;6.559093&quot;}<\/div><\/div><\/div><\/div><div class=\"map-marker\"><div id=\"map_382d9\" class=\"map-container\" style=\"width: 100%; height: 450px;\"><\/div><\/div><\/div>\n<div class=\"wp-block-ws-library-ws-share\"><span class=\"share-subtitle\">Vond je deze pagina leuk?<\/span><span class=\"share-title\">Deel het!<\/span><button class=\"ws-share-button wp-element-button\">Deel deze pagina<\/button><\/div>\n","protected":false},"excerpt":{"rendered":"<p>Het Pays des \u00c9crins, gelegen aan de poort van het Nationaal Park \u00c9crins, profiteert van een uitzonderlijk microklimaat waardoor het [&hellip;]<\/p>\n","protected":false},"author":1,"featured_media":42473,"parent":44554,"menu_order":0,"comment_status":"closed","ping_status":"closed","template":"","meta":{"_thumbnail_id_2":0,"summer_excerpt":"","season":"","station":"","footnotes":""},"class_list":["post-45249","page","type-page","status-publish","has-post-thumbnail","hentry"],"yoast_head":"<!-- This site is optimized with the Yoast SEO plugin v27.3 - https:\/\/yoast.com\/product\/yoast-seo-wordpress\/ -->\n<title>Paraglider - Pays des \u00c9crins - Office de Tourisme<\/title>\n<meta name=\"robots\" content=\"index, follow, max-snippet:-1, max-image-preview:large, max-video-preview:-1\" \/>\n<link rel=\"canonical\" href=\"https:\/\/www.paysdesecrins.com\/nl\/mijn-buitenactiviteiten\/paraglider\/\" \/>\n<meta property=\"og:locale\" content=\"nl_NL\" \/>\n<meta property=\"og:type\" content=\"article\" \/>\n<meta property=\"og:title\" content=\"Paraglider - Pays des \u00c9crins - Office de Tourisme\" \/>\n<meta property=\"og:description\" content=\"Het Pays des \u00c9crins, gelegen aan de poort van het Nationaal Park \u00c9crins, profiteert van een uitzonderlijk microklimaat waardoor het [&hellip;]\" \/>\n<meta property=\"og:url\" content=\"https:\/\/www.paysdesecrins.com\/nl\/mijn-buitenactiviteiten\/paraglider\/\" \/>\n<meta property=\"og:site_name\" content=\"Pays des \u00c9crins - Office de Tourisme\" \/>\n<meta property=\"article:modified_time\" content=\"2025-08-01T09:26:41+00:00\" \/>\n<meta property=\"og:image\" content=\"https:\/\/www.paysdesecrins.com\/wp-content\/uploads\/2025\/07\/vol-dedistance-competitio-4-2-scaled.jpg\" \/>\n\t<meta property=\"og:image:width\" content=\"2560\" \/>\n\t<meta property=\"og:image:height\" content=\"1707\" \/>\n\t<meta property=\"og:image:type\" content=\"image\/jpeg\" \/>\n<meta name=\"twitter:card\" content=\"summary_large_image\" \/>\n<meta name=\"twitter:label1\" content=\"Geschatte leestijd\" \/>\n\t<meta name=\"twitter:data1\" content=\"3 minuten\" \/>\n<script type=\"application\/ld+json\" class=\"yoast-schema-graph\">{\"@context\":\"https:\\\/\\\/schema.org\",\"@graph\":[{\"@type\":\"WebPage\",\"@id\":\"https:\\\/\\\/www.paysdesecrins.com\\\/nl\\\/mijn-buitenactiviteiten\\\/paraglider\\\/\",\"url\":\"https:\\\/\\\/www.paysdesecrins.com\\\/nl\\\/mijn-buitenactiviteiten\\\/paraglider\\\/\",\"name\":\"Paraglider - Pays des \u00c9crins - Office de Tourisme\",\"isPartOf\":{\"@id\":\"https:\\\/\\\/www.paysdesecrins.com\\\/nl\\\/#website\"},\"primaryImageOfPage\":{\"@id\":\"https:\\\/\\\/www.paysdesecrins.com\\\/nl\\\/mijn-buitenactiviteiten\\\/paraglider\\\/#primaryimage\"},\"image\":{\"@id\":\"https:\\\/\\\/www.paysdesecrins.com\\\/nl\\\/mijn-buitenactiviteiten\\\/paraglider\\\/#primaryimage\"},\"thumbnailUrl\":\"https:\\\/\\\/www.paysdesecrins.com\\\/wp-content\\\/uploads\\\/2025\\\/07\\\/vol-dedistance-competitio-4-2-scaled.jpg\",\"datePublished\":\"2025-06-25T13:44:50+00:00\",\"dateModified\":\"2025-08-01T09:26:41+00:00\",\"breadcrumb\":{\"@id\":\"https:\\\/\\\/www.paysdesecrins.com\\\/nl\\\/mijn-buitenactiviteiten\\\/paraglider\\\/#breadcrumb\"},\"inLanguage\":\"nl-NL\",\"potentialAction\":[{\"@type\":\"ReadAction\",\"target\":[\"https:\\\/\\\/www.paysdesecrins.com\\\/nl\\\/mijn-buitenactiviteiten\\\/paraglider\\\/\"]}]},{\"@type\":\"ImageObject\",\"inLanguage\":\"nl-NL\",\"@id\":\"https:\\\/\\\/www.paysdesecrins.com\\\/nl\\\/mijn-buitenactiviteiten\\\/paraglider\\\/#primaryimage\",\"url\":\"https:\\\/\\\/www.paysdesecrins.com\\\/wp-content\\\/uploads\\\/2025\\\/07\\\/vol-dedistance-competitio-4-2-scaled.jpg\",\"contentUrl\":\"https:\\\/\\\/www.paysdesecrins.com\\\/wp-content\\\/uploads\\\/2025\\\/07\\\/vol-dedistance-competitio-4-2-scaled.jpg\",\"width\":2560,\"height\":1707},{\"@type\":\"BreadcrumbList\",\"@id\":\"https:\\\/\\\/www.paysdesecrins.com\\\/nl\\\/mijn-buitenactiviteiten\\\/paraglider\\\/#breadcrumb\",\"itemListElement\":[{\"@type\":\"ListItem\",\"position\":1,\"name\":\"Accueil\",\"item\":\"https:\\\/\\\/www.paysdesecrins.com\\\/nl\\\/de-titel-van-het-huis\\\/\"},{\"@type\":\"ListItem\",\"position\":2,\"name\":\"Mijn buitenactiviteiten\",\"item\":\"https:\\\/\\\/www.paysdesecrins.com\\\/nl\\\/mijn-buitenactiviteiten\\\/\"},{\"@type\":\"ListItem\",\"position\":3,\"name\":\"Paraglider\"}]},{\"@type\":\"WebSite\",\"@id\":\"https:\\\/\\\/www.paysdesecrins.com\\\/nl\\\/#website\",\"url\":\"https:\\\/\\\/www.paysdesecrins.com\\\/nl\\\/\",\"name\":\"Pays des \u00c9crins - Office de Tourisme\",\"description\":\"L&#039;esprit montagne\",\"publisher\":{\"@id\":\"https:\\\/\\\/www.paysdesecrins.com\\\/nl\\\/#organization\"},\"potentialAction\":[{\"@type\":\"SearchAction\",\"target\":{\"@type\":\"EntryPoint\",\"urlTemplate\":\"https:\\\/\\\/www.paysdesecrins.com\\\/nl\\\/?s={search_term_string}\"},\"query-input\":{\"@type\":\"PropertyValueSpecification\",\"valueRequired\":true,\"valueName\":\"search_term_string\"}}],\"inLanguage\":\"nl-NL\"},{\"@type\":\"Organization\",\"@id\":\"https:\\\/\\\/www.paysdesecrins.com\\\/nl\\\/#organization\",\"name\":\"Pays des \u00c9crins - Office de Tourisme\",\"url\":\"https:\\\/\\\/www.paysdesecrins.com\\\/nl\\\/\",\"logo\":{\"@type\":\"ImageObject\",\"inLanguage\":\"nl-NL\",\"@id\":\"https:\\\/\\\/www.paysdesecrins.com\\\/nl\\\/#\\\/schema\\\/logo\\\/image\\\/\",\"url\":\"https:\\\/\\\/www.paysdesecrins.com\\\/wp-content\\\/uploads\\\/2025\\\/06\\\/devina-svg-1750845694.svg\",\"contentUrl\":\"https:\\\/\\\/www.paysdesecrins.com\\\/wp-content\\\/uploads\\\/2025\\\/06\\\/devina-svg-1750845694.svg\",\"caption\":\"Pays des \u00c9crins - Office de Tourisme\"},\"image\":{\"@id\":\"https:\\\/\\\/www.paysdesecrins.com\\\/nl\\\/#\\\/schema\\\/logo\\\/image\\\/\"}}]}<\/script>\n<!-- \/ Yoast SEO plugin. -->","yoast_head_json":{"title":"Paraglider - Pays des \u00c9crins - Office de Tourisme","robots":{"index":"index","follow":"follow","max-snippet":"max-snippet:-1","max-image-preview":"max-image-preview:large","max-video-preview":"max-video-preview:-1"},"canonical":"https:\/\/www.paysdesecrins.com\/nl\/mijn-buitenactiviteiten\/paraglider\/","og_locale":"nl_NL","og_type":"article","og_title":"Paraglider - Pays des \u00c9crins - Office de Tourisme","og_description":"Het Pays des \u00c9crins, gelegen aan de poort van het Nationaal Park \u00c9crins, profiteert van een uitzonderlijk microklimaat waardoor het [&hellip;]","og_url":"https:\/\/www.paysdesecrins.com\/nl\/mijn-buitenactiviteiten\/paraglider\/","og_site_name":"Pays des \u00c9crins - Office de Tourisme","article_modified_time":"2025-08-01T09:26:41+00:00","og_image":[{"width":2560,"height":1707,"url":"https:\/\/www.paysdesecrins.com\/wp-content\/uploads\/2025\/07\/vol-dedistance-competitio-4-2-scaled.jpg","type":"image\/jpeg"}],"twitter_card":"summary_large_image","twitter_misc":{"Geschatte leestijd":"3 minuten"},"schema":{"@context":"https:\/\/schema.org","@graph":[{"@type":"WebPage","@id":"https:\/\/www.paysdesecrins.com\/nl\/mijn-buitenactiviteiten\/paraglider\/","url":"https:\/\/www.paysdesecrins.com\/nl\/mijn-buitenactiviteiten\/paraglider\/","name":"Paraglider - Pays des \u00c9crins - Office de Tourisme","isPartOf":{"@id":"https:\/\/www.paysdesecrins.com\/nl\/#website"},"primaryImageOfPage":{"@id":"https:\/\/www.paysdesecrins.com\/nl\/mijn-buitenactiviteiten\/paraglider\/#primaryimage"},"image":{"@id":"https:\/\/www.paysdesecrins.com\/nl\/mijn-buitenactiviteiten\/paraglider\/#primaryimage"},"thumbnailUrl":"https:\/\/www.paysdesecrins.com\/wp-content\/uploads\/2025\/07\/vol-dedistance-competitio-4-2-scaled.jpg","datePublished":"2025-06-25T13:44:50+00:00","dateModified":"2025-08-01T09:26:41+00:00","breadcrumb":{"@id":"https:\/\/www.paysdesecrins.com\/nl\/mijn-buitenactiviteiten\/paraglider\/#breadcrumb"},"inLanguage":"nl-NL","potentialAction":[{"@type":"ReadAction","target":["https:\/\/www.paysdesecrins.com\/nl\/mijn-buitenactiviteiten\/paraglider\/"]}]},{"@type":"ImageObject","inLanguage":"nl-NL","@id":"https:\/\/www.paysdesecrins.com\/nl\/mijn-buitenactiviteiten\/paraglider\/#primaryimage","url":"https:\/\/www.paysdesecrins.com\/wp-content\/uploads\/2025\/07\/vol-dedistance-competitio-4-2-scaled.jpg","contentUrl":"https:\/\/www.paysdesecrins.com\/wp-content\/uploads\/2025\/07\/vol-dedistance-competitio-4-2-scaled.jpg","width":2560,"height":1707},{"@type":"BreadcrumbList","@id":"https:\/\/www.paysdesecrins.com\/nl\/mijn-buitenactiviteiten\/paraglider\/#breadcrumb","itemListElement":[{"@type":"ListItem","position":1,"name":"Accueil","item":"https:\/\/www.paysdesecrins.com\/nl\/de-titel-van-het-huis\/"},{"@type":"ListItem","position":2,"name":"Mijn buitenactiviteiten","item":"https:\/\/www.paysdesecrins.com\/nl\/mijn-buitenactiviteiten\/"},{"@type":"ListItem","position":3,"name":"Paraglider"}]},{"@type":"WebSite","@id":"https:\/\/www.paysdesecrins.com\/nl\/#website","url":"https:\/\/www.paysdesecrins.com\/nl\/","name":"Pays des \u00c9crins - Office de Tourisme","description":"L&#039;esprit montagne","publisher":{"@id":"https:\/\/www.paysdesecrins.com\/nl\/#organization"},"potentialAction":[{"@type":"SearchAction","target":{"@type":"EntryPoint","urlTemplate":"https:\/\/www.paysdesecrins.com\/nl\/?s={search_term_string}"},"query-input":{"@type":"PropertyValueSpecification","valueRequired":true,"valueName":"search_term_string"}}],"inLanguage":"nl-NL"},{"@type":"Organization","@id":"https:\/\/www.paysdesecrins.com\/nl\/#organization","name":"Pays des \u00c9crins - Office de Tourisme","url":"https:\/\/www.paysdesecrins.com\/nl\/","logo":{"@type":"ImageObject","inLanguage":"nl-NL","@id":"https:\/\/www.paysdesecrins.com\/nl\/#\/schema\/logo\/image\/","url":"https:\/\/www.paysdesecrins.com\/wp-content\/uploads\/2025\/06\/devina-svg-1750845694.svg","contentUrl":"https:\/\/www.paysdesecrins.com\/wp-content\/uploads\/2025\/06\/devina-svg-1750845694.svg","caption":"Pays des \u00c9crins - Office de Tourisme"},"image":{"@id":"https:\/\/www.paysdesecrins.com\/nl\/#\/schema\/logo\/image\/"}}]}},"_links":{"self":[{"href":"https:\/\/www.paysdesecrins.com\/nl\/wp-json\/wp\/v2\/pages\/45249","targetHints":{"allow":["GET"]}}],"collection":[{"href":"https:\/\/www.paysdesecrins.com\/nl\/wp-json\/wp\/v2\/pages"}],"about":[{"href":"https:\/\/www.paysdesecrins.com\/nl\/wp-json\/wp\/v2\/types\/page"}],"author":[{"embeddable":true,"href":"https:\/\/www.paysdesecrins.com\/nl\/wp-json\/wp\/v2\/users\/1"}],"replies":[{"embeddable":true,"href":"https:\/\/www.paysdesecrins.com\/nl\/wp-json\/wp\/v2\/comments?post=45249"}],"version-history":[{"count":0,"href":"https:\/\/www.paysdesecrins.com\/nl\/wp-json\/wp\/v2\/pages\/45249\/revisions"}],"up":[{"embeddable":true,"href":"https:\/\/www.paysdesecrins.com\/nl\/wp-json\/wp\/v2\/pages\/44554"}],"wp:featuredmedia":[{"embeddable":true,"href":"https:\/\/www.paysdesecrins.com\/nl\/wp-json\/wp\/v2\/media\/42473"}],"wp:attachment":[{"href":"https:\/\/www.paysdesecrins.com\/nl\/wp-json\/wp\/v2\/media?parent=45249"}],"curies":[{"name":"wp","href":"https:\/\/api.w.org\/{rel}","templated":true}]}}