{"id":45273,"date":"2025-07-21T13:45:18","date_gmt":"2025-07-21T11:45:18","guid":{"rendered":"https:\/\/www.paysdesecrins.com\/culturele-activiteiten-en-erfgoed\/"},"modified":"2025-08-13T18:17:58","modified_gmt":"2025-08-13T16:17:58","slug":"culturele-activiteiten-en-erfgoed","status":"publish","type":"page","link":"https:\/\/www.paysdesecrins.com\/nl\/ik-kies\/culturele-activiteiten-en-erfgoed\/","title":{"rendered":"CULTURELE ACTIVITEITEN EN ERFGOED"},"content":{"rendered":"    <div class=\"alignfull wp-block-ws-library-ws-header-interne\" data-season=\"summer\">\n\t    <div class=\"header-container\">\n\t        <div class=\"group-media has-image\">\n\t            \t                <img loading=\"lazy\" decoding=\"async\" width=\"1920\" height=\"800\" src=\"https:\/\/www.paysdesecrins.com\/wp-content\/uploads\/2025\/07\/vallouise-alpesphotographiescom-1920x800.jpg\" alt=\"\" class=\"image_large_square wp-image-30001\" \/>\n\t            \t        <\/div>\n\t        <div class=\"group-content\">\n\t            <div class=\"title\">\n\t                <h1>\n\t                    Culturele activiteiten en erfgoed\t                    \t                <\/h1>\n\t            <\/div>\n\t        <\/div>\n\t    <\/div>\n\t    \n<div class=\"yoast-breadcrumbs\"><span><span><a href=\"https:\/\/www.paysdesecrins.com\/nl\/de-titel-van-het-huis\/\">Accueil<\/a><\/span>  <span><a href=\"https:\/\/www.paysdesecrins.com\/nl\/ik-kies\/\">Ik kies<\/a><\/span>  <span class=\"breadcrumb_last\" aria-current=\"page\">CULTURELE ACTIVITEITEN EN ERFGOED<\/span><\/span><\/div>\n    <\/div>\n        <div class=\"alignfull wp-block-ws-library-ws-header-interne\" data-season=\"winter\">\n\t    <div class=\"header-container\">\n\t        <div class=\"group-media has-image\">\n\t            \t                <img loading=\"lazy\" decoding=\"async\" width=\"1920\" height=\"800\" src=\"https:\/\/www.paysdesecrins.com\/wp-content\/uploads\/2025\/07\/valle-e-de-la-vallouise-au-lever-de-soleil-apre-s-la-neige-2-1920x800.jpg\" alt=\"\" class=\"image_large_square wp-image-30469\" \/>\n\t            \t        <\/div>\n\t        <div class=\"group-content\">\n\t            <div class=\"title\">\n\t                <h1>\n\t                    CULTURELE ACTIVITEITEN EN ERFGOED\t                    \t                <\/h1>\n\t            <\/div>\n\t        <\/div>\n\t    <\/div>\n\t    \n<div class=\"yoast-breadcrumbs\"><span><span><a href=\"https:\/\/www.paysdesecrins.com\/nl\/de-titel-van-het-huis\/\">Accueil<\/a><\/span>  <span><a href=\"https:\/\/www.paysdesecrins.com\/nl\/ik-kies\/\">Ik kies<\/a><\/span>  <span class=\"breadcrumb_last\" aria-current=\"page\">CULTURELE ACTIVITEITEN EN ERFGOED<\/span><\/span><\/div>\n    <\/div>\n    \n<div class=\"wp-block-ws-library-ws-title\"><h2><em>Culturele activiteiten<\/em> en erfgoed<\/h2><\/div>\n\n<p>Welkom in een gebied dat rijk is aan natuurlijk en cultureel erfgoed. Hier kunt u slenteren tussen geplaveide straatjes en kapellen, afdalen in de oude zilvermijnen voordat u verrast wordt door een jazzconcert of een kamermuziekfestival in een romaanse kerk; we juichen de transhumance toe, we delen een drankje met een houtdraaier en we genieten van de berghoning terwijl de vestingwerken van Vauban over de vallei waken.   <\/p>\n\n<p>Hier wordt niet nagedacht over erfgoed, maar geleefd: elke ontmoeting, elke steen, elke noot vertelt een verhaal aan de voet van de gletsjers.<\/p>\n\n<div class=\"wp-block-ws-library-ws-tabs alignfull\"><ul class=\"tabs-titles\"><li class=\"tab-title is-active\" data-tab-index=\"0\">ACCOMPAGNATEURS<\/li><li class=\"tab-title\" data-tab-index=\"1\">SORTIES<\/li><li class=\"tab-title\" data-tab-index=\"2\">PATRIMOINE CULTUREL<\/li><\/ul><div class=\"tabs-list\">\n<div class=\"wp-block-ws-library-ws-tab\" style=\"display:none\"><p class=\"tab-title\">ACCOMPAGNATEURS<\/p><div class=\"tab-content\"><div id=\"listing_70c65\" data-observer-wishlist data-attributes='listing-avance {\"selectedSelectionIds\":[\"191169\"],\"isLimited\":true,\"perPage\":3,\"isPortrait\":false,\"isImageContain\":false,\"showCommune\":true,\"defaultImage\":\"https:\\\/\\\/www.paysdesecrins.com\\\/wp-content\\\/uploads\\\/2025\\\/06\\\/cropped-paysdesecrins.png\",\"selectedFacets\":[],\"showMap\":false,\"sortOrder\":\"random\",\"showType\":false,\"columnsCount\":\"2-3-3\",\"showActiveFacets\":false,\"showGeolocalisation\":false,\"isPaginated\":false,\"season\":\"\",\"align\":\"wide\"}' class=\"ws-listing wp-block-ws-apidae-library-listing-avance alignwide\" data-map-id=\"map_70c65\" data-locations-id=\"locations-data_70c65\"><div class=\"facetwp-template\"><div class=\"list-container active\"><div class=\"list-items\"><div class=\"item\" data-season=\"all-seasons\"><div class=\"card card-apidae card-avance\"><div class=\"group-actions\"><ws-wishlist data-type=\"flag\" data-action=\"add\" data-wish-id=\"7429219\" data-wish-type=\"apidae\"><\/ws-wishlist><\/div><div class=\"group-media\"><div class=\"field-image\"><img decoding=\"async\" src=\"https:\/\/images.weserv.nl\/?url=https:\/\/static.apidae-tourisme.com\/filestore\/objets-touristiques\/images\/210\/86\/32331474-diaporama.jpg&#038;w=350&#038;h=350&#038;fit=cover&#038;output=webp&#038;q=45\" alt=\"Randonn\u00e9es \u00e0 Dormillouse  avec Sarah CIESLAR, Accompagnatrice en montagne\"\/><\/div><\/div><div class=\"group-top\"><div class=\"field-commune\">L&#039;Argenti\u00e8re-la-Bess\u00e9e<\/div><ws-apidae-from-price data-apidae-id=\"7429219\" ><\/ws-apidae-from-price><\/div><div class=\"group-content\"><div class=\"field-title\">Randonn\u00e9es \u00e0 Dormillouse  avec Sarah CIESLAR, Accompagnatrice en montagne<\/div><\/div><div class=\"field-link\" role=\"group\" aria-label=\"Lien vers le contenu\"><a href=\"https:\/\/www.paysdesecrins.com\/nl\/fiche\/randonnees-a-dormillouse-avec-sarah-cieslar-accompagnatrice-en-montagne-5\/\" class=\"cardlink\" title=\"Lire plus : Randonn\u00e9es \u00e0 Dormillouse  avec Sarah CIESLAR, Accompagnatrice en montagne\" lang=\"nl_NL\">Randonn\u00e9es \u00e0 Dormillouse  avec Sarah CIESLAR, Accompagnatrice en montagne<\/a><\/div><\/div><\/div><div class=\"item\" data-season=\"all-seasons\"><div class=\"card card-apidae card-avance\"><div class=\"group-actions\"><ws-wishlist data-type=\"flag\" data-action=\"add\" data-wish-id=\"582103\" data-wish-type=\"apidae\"><\/ws-wishlist><\/div><div class=\"group-media\"><div class=\"field-image\"><img decoding=\"async\" src=\"https:\/\/images.weserv.nl\/?url=https:\/\/static.apidae-tourisme.com\/filestore\/objets-touristiques\/images\/24\/175\/8957720-diaporama.jpg&#038;w=350&#038;h=350&#038;fit=cover&#038;output=webp&#038;q=45\" alt=\"Astro-Rando : M\u00e9diateur Scientifique en Astronomie et d&#8217;Education \u00e0 l&#8217;Environnement. Plan\u00e9tarium, T\u00e9lescopes, Ateliers\"\/><\/div><\/div><div class=\"group-top\"><div class=\"field-commune\">Vallouise-Pelvoux<\/div><ws-apidae-from-price data-apidae-id=\"582103\" ><\/ws-apidae-from-price><\/div><div class=\"group-content\"><div class=\"field-title\">Astro-Rando : M\u00e9diateur Scientifique en Astronomie et d&#8217;Education \u00e0 l&#8217;Environnement. Plan\u00e9tarium, T\u00e9lescopes, Ateliers<\/div><\/div><div class=\"field-link\" role=\"group\" aria-label=\"Lien vers le contenu\"><a href=\"https:\/\/www.paysdesecrins.com\/nl\/fiche\/astro-rando-mediateur-scientifique-en-astronomie-et-deducation-a-lenvironnement-planetarium-telescopes-ateliers-4\/\" class=\"cardlink\" title=\"Lire plus : Astro-Rando : M\u00e9diateur Scientifique en Astronomie et d&#8217;Education \u00e0 l&#8217;Environnement. Plan\u00e9tarium, T\u00e9lescopes, Ateliers\" lang=\"nl_NL\">Astro-Rando : M\u00e9diateur Scientifique en Astronomie et d&#8217;Education \u00e0 l&#8217;Environnement. Plan\u00e9tarium, T\u00e9lescopes, Ateliers<\/a><\/div><\/div><\/div><div class=\"item\" data-season=\"all-seasons\"><div class=\"card card-apidae card-avance\"><div class=\"group-actions\"><ws-wishlist data-type=\"flag\" data-action=\"add\" data-wish-id=\"4877391\" data-wish-type=\"apidae\"><\/ws-wishlist><\/div><div class=\"group-media\"><div class=\"field-image\"><img decoding=\"async\" src=\"https:\/\/images.weserv.nl\/?url=https:\/\/static.apidae-tourisme.com\/filestore\/objets-touristiques\/images\/148\/103\/3368852-diaporama.jpg&#038;w=350&#038;h=350&#038;fit=cover&#038;output=webp&#038;q=45\" alt=\"L&#8217;Atelier d&#8217;Histoire\"\/><\/div><\/div><div class=\"group-top\"><div class=\"field-book\">Online te reserveren<\/div><div class=\"field-commune\">L&#039;Argenti\u00e8re-la-Bess\u00e9e<\/div><ws-apidae-from-price data-apidae-id=\"4877391\" ><\/ws-apidae-from-price><\/div><div class=\"group-content\"><div class=\"field-title\">L&#8217;Atelier d&#8217;Histoire<\/div><\/div><div class=\"field-link\" role=\"group\" aria-label=\"Lien vers le contenu\"><a href=\"https:\/\/www.paysdesecrins.com\/nl\/fiche\/latelier-dhistoire-2\/\" class=\"cardlink\" title=\"Lire plus : L&#8217;Atelier d&#8217;Histoire\" lang=\"nl_NL\">L&#8217;Atelier d&#8217;Histoire<\/a><\/div><\/div><\/div><div id=\"locations-data_70c65\" style=\"display: none;\">{&quot;locations&quot;:[{&quot;lat&quot;:&quot;44.733202&quot;,&quot;lng&quot;:&quot;6.449386&quot;,&quot;title&quot;:&quot;Randonn\\u00e9es \\u00e0 Dormillouse  avec Sarah CIESLAR, Accompagnatrice en montagne&quot;,&quot;permalink&quot;:&quot;https:\\\/\\\/www.paysdesecrins.com\\\/nl\\\/fiche\\\/randonnees-a-dormillouse-avec-sarah-cieslar-accompagnatrice-en-montagne-5\\\/&quot;,&quot;type&quot;:&quot;commerce_et_service&quot;,&quot;commune&quot;:&quot;L&#039;Argenti\\u00e8re-la-Bess\\u00e9e&quot;,&quot;type_commerce&quot;:&quot;&quot;,&quot;image&quot;:&quot;https:\\\/\\\/static.apidae-tourisme.com\\\/filestore\\\/objets-touristiques\\\/images\\\/210\\\/86\\\/32331474-diaporama.jpg&quot;,&quot;image_width&quot;:&quot;350&quot;,&quot;image_height&quot;:&quot;350&quot;,&quot;image_fit&quot;:&quot;cover&quot;},{&quot;lat&quot;:&quot;44.838951&quot;,&quot;lng&quot;:&quot;6.492533&quot;,&quot;title&quot;:&quot;Astro-Rando : M\\u00e9diateur Scientifique en Astronomie et d&#8217;Education \\u00e0 l&#8217;Environnement. Plan\\u00e9tarium, T\\u00e9lescopes, Ateliers&quot;,&quot;permalink&quot;:&quot;https:\\\/\\\/www.paysdesecrins.com\\\/nl\\\/fiche\\\/astro-rando-mediateur-scientifique-en-astronomie-et-deducation-a-lenvironnement-planetarium-telescopes-ateliers-4\\\/&quot;,&quot;type&quot;:&quot;commerce_et_service&quot;,&quot;commune&quot;:&quot;Vallouise-Pelvoux&quot;,&quot;type_commerce&quot;:&quot;&quot;,&quot;image&quot;:&quot;https:\\\/\\\/static.apidae-tourisme.com\\\/filestore\\\/objets-touristiques\\\/images\\\/24\\\/175\\\/8957720-diaporama.jpg&quot;,&quot;image_width&quot;:&quot;350&quot;,&quot;image_height&quot;:&quot;350&quot;,&quot;image_fit&quot;:&quot;cover&quot;},{&quot;lat&quot;:&quot;44.792924&quot;,&quot;lng&quot;:&quot;6.559093&quot;,&quot;title&quot;:&quot;L&#8217;Atelier d&#8217;Histoire&quot;,&quot;permalink&quot;:&quot;https:\\\/\\\/www.paysdesecrins.com\\\/nl\\\/fiche\\\/latelier-dhistoire-2\\\/&quot;,&quot;type&quot;:&quot;commerce_et_service&quot;,&quot;commune&quot;:&quot;L&#039;Argenti\\u00e8re-la-Bess\\u00e9e&quot;,&quot;type_commerce&quot;:&quot;&quot;,&quot;image&quot;:&quot;https:\\\/\\\/static.apidae-tourisme.com\\\/filestore\\\/objets-touristiques\\\/images\\\/148\\\/103\\\/3368852-diaporama.jpg&quot;,&quot;image_width&quot;:&quot;350&quot;,&quot;image_height&quot;:&quot;350&quot;,&quot;image_fit&quot;:&quot;cover&quot;}],&quot;center_lat&quot;:&quot;44.733202&quot;,&quot;center_lng&quot;:&quot;6.449386&quot;}<\/div><\/div><\/div><\/div><\/div><\/div><\/div>\n\n\n\n<div class=\"wp-block-ws-library-ws-tab\" style=\"display:none\"><p class=\"tab-title\">SORTIES<\/p><div class=\"tab-content\"><div id=\"listing_dcdb7\" data-observer-wishlist data-attributes='listing-avance {\"selectedSelectionIds\":[\"191172\"],\"perPage\":3,\"isPortrait\":false,\"isImageContain\":false,\"showCommune\":true,\"defaultImage\":\"https:\\\/\\\/www.paysdesecrins.com\\\/wp-content\\\/uploads\\\/2025\\\/06\\\/cropped-paysdesecrins.png\",\"selectedFacets\":[],\"showMap\":false,\"sortOrder\":\"random\",\"showType\":false,\"columnsCount\":\"2-3-3\",\"showActiveFacets\":false,\"showGeolocalisation\":false,\"isLimited\":false,\"isPaginated\":false,\"season\":\"\",\"align\":\"wide\"}' class=\"ws-listing wp-block-ws-apidae-library-listing-avance alignwide\" data-map-id=\"map_dcdb7\" data-locations-id=\"locations-data_dcdb7\"><div class=\"facetwp-template\"><div class=\"list-container active\"><p class=\"error ws-apidae-empty-list\">Geen toeristische attracties in zicht. Misschien doet onze site een dutje&#8230; <\/p><\/div><\/div><\/div><\/div><\/div>\n\n\n\n<div class=\"wp-block-ws-library-ws-tab\" style=\"display:none\"><p class=\"tab-title\">PATRIMOINE CULTUREL<\/p><div class=\"tab-content\"><div id=\"listing_161a9\" data-observer-wishlist data-attributes='listing-avance {\"selectedSelectionIds\":[\"191173\"],\"isLimited\":true,\"perPage\":3,\"isPortrait\":false,\"isImageContain\":false,\"showCommune\":true,\"defaultImage\":\"https:\\\/\\\/www.paysdesecrins.com\\\/wp-content\\\/uploads\\\/2025\\\/06\\\/cropped-paysdesecrins.png\",\"selectedFacets\":[],\"showMap\":false,\"sortOrder\":\"random\",\"showType\":false,\"columnsCount\":\"2-3-3\",\"showActiveFacets\":false,\"showGeolocalisation\":false,\"isPaginated\":false,\"season\":\"\",\"align\":\"wide\"}' class=\"ws-listing wp-block-ws-apidae-library-listing-avance alignwide\" data-map-id=\"map_161a9\" data-locations-id=\"locations-data_161a9\"><div class=\"facetwp-template\"><div class=\"list-container active\"><div class=\"list-items\"><div class=\"item\" data-season=\"all-seasons\"><div class=\"card card-apidae card-avance\"><div class=\"group-actions\"><ws-wishlist data-type=\"flag\" data-action=\"add\" data-wish-id=\"225168\" data-wish-type=\"apidae\"><\/ws-wishlist><\/div><div class=\"group-media\"><div class=\"field-image\"><img decoding=\"async\" src=\"https:\/\/images.weserv.nl\/?url=https:\/\/static.apidae-tourisme.com\/filestore\/objets-touristiques\/images\/158\/111\/4222878-diaporama.jpg&#038;w=350&#038;h=350&#038;fit=cover&#038;output=webp&#038;q=45\" alt=\"Chapelle Saint Romain\"\/><\/div><\/div><div class=\"group-top\"><div class=\"field-commune\">Puy-Saint-Vincent<\/div><ws-apidae-from-price data-apidae-id=\"225168\" ><\/ws-apidae-from-price><\/div><div class=\"group-content\"><div class=\"field-title\">Chapelle Saint Romain<\/div><\/div><div class=\"field-link\" role=\"group\" aria-label=\"Lien vers le contenu\"><a href=\"https:\/\/www.paysdesecrins.com\/nl\/fiche\/chapelle-saint-romain-5\/\" class=\"cardlink\" title=\"Lire plus : Chapelle Saint Romain\" lang=\"nl_NL\">Chapelle Saint Romain<\/a><\/div><\/div><\/div><div class=\"item\" data-season=\"all-seasons\"><div class=\"card card-apidae card-avance\"><div class=\"group-actions\"><ws-wishlist data-type=\"flag\" data-action=\"add\" data-wish-id=\"6313327\" data-wish-type=\"apidae\"><\/ws-wishlist><\/div><div class=\"group-media\"><div class=\"field-image\"><img decoding=\"async\" src=\"https:\/\/images.weserv.nl\/?url=https:\/\/static.apidae-tourisme.com\/filestore\/objets-touristiques\/images\/91\/241\/15069531-diaporama.jpg&#038;w=350&#038;h=350&#038;fit=cover&#038;output=webp&#038;q=45\" alt=\"Chapelle Saint-Roch\"\/><\/div><\/div><div class=\"group-top\"><div class=\"field-commune\">La Roche-de-Rame<\/div><ws-apidae-from-price data-apidae-id=\"6313327\" ><\/ws-apidae-from-price><\/div><div class=\"group-content\"><div class=\"field-title\">Chapelle Saint-Roch<\/div><\/div><div class=\"field-link\" role=\"group\" aria-label=\"Lien vers le contenu\"><a href=\"https:\/\/www.paysdesecrins.com\/nl\/fiche\/chapelle-saint-roch-6\/\" class=\"cardlink\" title=\"Lire plus : Chapelle Saint-Roch\" lang=\"nl_NL\">Chapelle Saint-Roch<\/a><\/div><\/div><\/div><div class=\"item\" data-season=\"all-seasons\"><div class=\"card card-apidae card-avance\"><div class=\"group-actions\"><ws-wishlist data-type=\"flag\" data-action=\"add\" data-wish-id=\"582798\" data-wish-type=\"apidae\"><\/ws-wishlist><\/div><div class=\"group-media\"><div class=\"field-image\"><img decoding=\"async\" src=\"https:\/\/images.weserv.nl\/?url=https:\/\/static.apidae-tourisme.com\/filestore\/objets-touristiques\/images\/51\/239\/9957171-diaporama.jpg&#038;w=350&#038;h=350&#038;fit=cover&#038;output=webp&#038;q=45\" alt=\"Village des Vigneaux\"\/><\/div><\/div><div class=\"group-top\"><div class=\"field-commune\">Les Vigneaux<\/div><ws-apidae-from-price data-apidae-id=\"582798\" ><\/ws-apidae-from-price><\/div><div class=\"group-content\"><div class=\"field-title\">Village des Vigneaux<\/div><\/div><div class=\"field-link\" role=\"group\" aria-label=\"Lien vers le contenu\"><a href=\"https:\/\/www.paysdesecrins.com\/nl\/fiche\/village-des-vigneaux-4\/\" class=\"cardlink\" title=\"Lire plus : Village des Vigneaux\" lang=\"nl_NL\">Village des Vigneaux<\/a><\/div><\/div><\/div><div id=\"locations-data_161a9\" style=\"display: none;\">{&quot;locations&quot;:[{&quot;lat&quot;:&quot;44.834283&quot;,&quot;lng&quot;:&quot;6.484503&quot;,&quot;title&quot;:&quot;Chapelle Saint Romain&quot;,&quot;permalink&quot;:&quot;https:\\\/\\\/www.paysdesecrins.com\\\/nl\\\/fiche\\\/chapelle-saint-romain-5\\\/&quot;,&quot;type&quot;:&quot;patrimoine_culturel&quot;,&quot;commune&quot;:&quot;Puy-Saint-Vincent&quot;,&quot;type_commerce&quot;:&quot;&quot;,&quot;image&quot;:&quot;https:\\\/\\\/static.apidae-tourisme.com\\\/filestore\\\/objets-touristiques\\\/images\\\/158\\\/111\\\/4222878-diaporama.jpg&quot;,&quot;image_width&quot;:&quot;350&quot;,&quot;image_height&quot;:&quot;350&quot;,&quot;image_fit&quot;:&quot;cover&quot;},{&quot;lat&quot;:&quot;44.761838&quot;,&quot;lng&quot;:&quot;6.575317&quot;,&quot;title&quot;:&quot;Chapelle Saint-Roch&quot;,&quot;permalink&quot;:&quot;https:\\\/\\\/www.paysdesecrins.com\\\/nl\\\/fiche\\\/chapelle-saint-roch-6\\\/&quot;,&quot;type&quot;:&quot;patrimoine_culturel&quot;,&quot;commune&quot;:&quot;La Roche-de-Rame&quot;,&quot;type_commerce&quot;:&quot;&quot;,&quot;image&quot;:&quot;https:\\\/\\\/static.apidae-tourisme.com\\\/filestore\\\/objets-touristiques\\\/images\\\/91\\\/241\\\/15069531-diaporama.jpg&quot;,&quot;image_width&quot;:&quot;350&quot;,&quot;image_height&quot;:&quot;350&quot;,&quot;image_fit&quot;:&quot;cover&quot;},{&quot;lat&quot;:&quot;44.823653&quot;,&quot;lng&quot;:&quot;6.544051&quot;,&quot;title&quot;:&quot;Village des Vigneaux&quot;,&quot;permalink&quot;:&quot;https:\\\/\\\/www.paysdesecrins.com\\\/nl\\\/fiche\\\/village-des-vigneaux-4\\\/&quot;,&quot;type&quot;:&quot;patrimoine_culturel&quot;,&quot;commune&quot;:&quot;Les Vigneaux&quot;,&quot;type_commerce&quot;:&quot;&quot;,&quot;image&quot;:&quot;https:\\\/\\\/static.apidae-tourisme.com\\\/filestore\\\/objets-touristiques\\\/images\\\/51\\\/239\\\/9957171-diaporama.jpg&quot;,&quot;image_width&quot;:&quot;350&quot;,&quot;image_height&quot;:&quot;350&quot;,&quot;image_fit&quot;:&quot;cover&quot;}],&quot;center_lat&quot;:&quot;44.834283&quot;,&quot;center_lng&quot;:&quot;6.484503&quot;}<\/div><\/div><\/div><\/div><\/div><\/div><\/div>\n<\/div><\/div>\n\n<div class=\"wp-block-ws-library-ws-video\"><div class=\"wrapper\"><div class=\"group-media\">\n<figure class=\"wp-block-embed is-type-video is-provider-youtube wp-block-embed-youtube\"><div class=\"wp-block-embed__wrapper\">\n<iframe loading=\"lazy\" title=\"Les visites ludiques du patrimoine du Pays des \u00c9crins\" width=\"500\" height=\"281\" src=\"https:\/\/www.youtube.com\/embed\/Uxip1REqWI0?feature=oembed\" frameborder=\"0\" allow=\"accelerometer; autoplay; clipboard-write; encrypted-media; gyroscope; picture-in-picture; web-share\" referrerpolicy=\"strict-origin-when-cross-origin\" allowfullscreen><\/iframe>\n<\/div><\/figure>\n<\/div><\/div><\/div>\n\n<div class=\"wp-block-ws-library-ws-share\"><span class=\"share-subtitle\">Vond je deze pagina leuk?<\/span><span class=\"share-title\">Deel het!<\/span><button class=\"ws-share-button wp-element-button\">Deel deze pagina<\/button><\/div>\n","protected":false},"excerpt":{"rendered":"<p>Welkom in een gebied dat rijk is aan natuurlijk en cultureel erfgoed. Hier kunt u slenteren tussen geplaveide straatjes en [&hellip;]<\/p>\n","protected":false},"author":4,"featured_media":30002,"parent":45608,"menu_order":0,"comment_status":"closed","ping_status":"closed","template":"","meta":{"_thumbnail_id_2":0,"summer_excerpt":"","season":"","station":"","footnotes":""},"class_list":["post-45273","page","type-page","status-publish","has-post-thumbnail","hentry"],"yoast_head":"<!-- This site is optimized with the Yoast SEO plugin v27.3 - https:\/\/yoast.com\/product\/yoast-seo-wordpress\/ -->\n<title>CULTURELE ACTIVITEITEN EN ERFGOED - Pays des \u00c9crins - Office de Tourisme<\/title>\n<meta name=\"robots\" content=\"index, follow, max-snippet:-1, max-image-preview:large, max-video-preview:-1\" \/>\n<link rel=\"canonical\" href=\"https:\/\/www.paysdesecrins.com\/nl\/ik-kies\/culturele-activiteiten-en-erfgoed\/\" \/>\n<meta property=\"og:locale\" content=\"nl_NL\" \/>\n<meta property=\"og:type\" content=\"article\" \/>\n<meta property=\"og:title\" content=\"CULTURELE ACTIVITEITEN EN ERFGOED - Pays des \u00c9crins - Office de Tourisme\" \/>\n<meta property=\"og:description\" content=\"Welkom in een gebied dat rijk is aan natuurlijk en cultureel erfgoed. Hier kunt u slenteren tussen geplaveide straatjes en [&hellip;]\" \/>\n<meta property=\"og:url\" content=\"https:\/\/www.paysdesecrins.com\/nl\/ik-kies\/culturele-activiteiten-en-erfgoed\/\" \/>\n<meta property=\"og:site_name\" content=\"Pays des \u00c9crins - Office de Tourisme\" \/>\n<meta property=\"article:modified_time\" content=\"2025-08-13T16:17:58+00:00\" \/>\n<meta property=\"og:image\" content=\"https:\/\/www.paysdesecrins.com\/wp-content\/uploads\/2025\/07\/vallouise-alpesphotographiescom-scaled.jpg\" \/>\n\t<meta property=\"og:image:width\" content=\"2560\" \/>\n\t<meta property=\"og:image:height\" content=\"1708\" \/>\n\t<meta property=\"og:image:type\" content=\"image\/jpeg\" \/>\n<meta name=\"twitter:card\" content=\"summary_large_image\" \/>\n<meta name=\"twitter:label1\" content=\"Geschatte leestijd\" \/>\n\t<meta name=\"twitter:data1\" content=\"1 minuut\" \/>\n<script type=\"application\/ld+json\" class=\"yoast-schema-graph\">{\"@context\":\"https:\\\/\\\/schema.org\",\"@graph\":[{\"@type\":\"WebPage\",\"@id\":\"https:\\\/\\\/www.paysdesecrins.com\\\/nl\\\/ik-kies\\\/culturele-activiteiten-en-erfgoed\\\/\",\"url\":\"https:\\\/\\\/www.paysdesecrins.com\\\/nl\\\/ik-kies\\\/culturele-activiteiten-en-erfgoed\\\/\",\"name\":\"CULTURELE ACTIVITEITEN EN ERFGOED - Pays des \u00c9crins - Office de Tourisme\",\"isPartOf\":{\"@id\":\"https:\\\/\\\/www.paysdesecrins.com\\\/nl\\\/#website\"},\"primaryImageOfPage\":{\"@id\":\"https:\\\/\\\/www.paysdesecrins.com\\\/nl\\\/ik-kies\\\/culturele-activiteiten-en-erfgoed\\\/#primaryimage\"},\"image\":{\"@id\":\"https:\\\/\\\/www.paysdesecrins.com\\\/nl\\\/ik-kies\\\/culturele-activiteiten-en-erfgoed\\\/#primaryimage\"},\"thumbnailUrl\":\"https:\\\/\\\/www.paysdesecrins.com\\\/wp-content\\\/uploads\\\/2025\\\/07\\\/vallouise-alpesphotographiescom-scaled.jpg\",\"datePublished\":\"2025-07-21T11:45:18+00:00\",\"dateModified\":\"2025-08-13T16:17:58+00:00\",\"breadcrumb\":{\"@id\":\"https:\\\/\\\/www.paysdesecrins.com\\\/nl\\\/ik-kies\\\/culturele-activiteiten-en-erfgoed\\\/#breadcrumb\"},\"inLanguage\":\"nl-NL\",\"potentialAction\":[{\"@type\":\"ReadAction\",\"target\":[\"https:\\\/\\\/www.paysdesecrins.com\\\/nl\\\/ik-kies\\\/culturele-activiteiten-en-erfgoed\\\/\"]}]},{\"@type\":\"ImageObject\",\"inLanguage\":\"nl-NL\",\"@id\":\"https:\\\/\\\/www.paysdesecrins.com\\\/nl\\\/ik-kies\\\/culturele-activiteiten-en-erfgoed\\\/#primaryimage\",\"url\":\"https:\\\/\\\/www.paysdesecrins.com\\\/wp-content\\\/uploads\\\/2025\\\/07\\\/vallouise-alpesphotographiescom-scaled.jpg\",\"contentUrl\":\"https:\\\/\\\/www.paysdesecrins.com\\\/wp-content\\\/uploads\\\/2025\\\/07\\\/vallouise-alpesphotographiescom-scaled.jpg\",\"width\":2560,\"height\":1708,\"caption\":\"Shooting dans le cadre des Villlages d'alpinisme\"},{\"@type\":\"BreadcrumbList\",\"@id\":\"https:\\\/\\\/www.paysdesecrins.com\\\/nl\\\/ik-kies\\\/culturele-activiteiten-en-erfgoed\\\/#breadcrumb\",\"itemListElement\":[{\"@type\":\"ListItem\",\"position\":1,\"name\":\"Accueil\",\"item\":\"https:\\\/\\\/www.paysdesecrins.com\\\/nl\\\/de-titel-van-het-huis\\\/\"},{\"@type\":\"ListItem\",\"position\":2,\"name\":\"Ik kies\",\"item\":\"https:\\\/\\\/www.paysdesecrins.com\\\/nl\\\/ik-kies\\\/\"},{\"@type\":\"ListItem\",\"position\":3,\"name\":\"CULTURELE ACTIVITEITEN EN ERFGOED\"}]},{\"@type\":\"WebSite\",\"@id\":\"https:\\\/\\\/www.paysdesecrins.com\\\/nl\\\/#website\",\"url\":\"https:\\\/\\\/www.paysdesecrins.com\\\/nl\\\/\",\"name\":\"Pays des \u00c9crins - Office de Tourisme\",\"description\":\"L&#039;esprit montagne\",\"publisher\":{\"@id\":\"https:\\\/\\\/www.paysdesecrins.com\\\/nl\\\/#organization\"},\"potentialAction\":[{\"@type\":\"SearchAction\",\"target\":{\"@type\":\"EntryPoint\",\"urlTemplate\":\"https:\\\/\\\/www.paysdesecrins.com\\\/nl\\\/?s={search_term_string}\"},\"query-input\":{\"@type\":\"PropertyValueSpecification\",\"valueRequired\":true,\"valueName\":\"search_term_string\"}}],\"inLanguage\":\"nl-NL\"},{\"@type\":\"Organization\",\"@id\":\"https:\\\/\\\/www.paysdesecrins.com\\\/nl\\\/#organization\",\"name\":\"Pays des \u00c9crins - Office de Tourisme\",\"url\":\"https:\\\/\\\/www.paysdesecrins.com\\\/nl\\\/\",\"logo\":{\"@type\":\"ImageObject\",\"inLanguage\":\"nl-NL\",\"@id\":\"https:\\\/\\\/www.paysdesecrins.com\\\/nl\\\/#\\\/schema\\\/logo\\\/image\\\/\",\"url\":\"https:\\\/\\\/www.paysdesecrins.com\\\/wp-content\\\/uploads\\\/2025\\\/06\\\/devina-svg-1750845694.svg\",\"contentUrl\":\"https:\\\/\\\/www.paysdesecrins.com\\\/wp-content\\\/uploads\\\/2025\\\/06\\\/devina-svg-1750845694.svg\",\"caption\":\"Pays des \u00c9crins - Office de Tourisme\"},\"image\":{\"@id\":\"https:\\\/\\\/www.paysdesecrins.com\\\/nl\\\/#\\\/schema\\\/logo\\\/image\\\/\"}}]}<\/script>\n<!-- \/ Yoast SEO plugin. -->","yoast_head_json":{"title":"CULTURELE ACTIVITEITEN EN ERFGOED - Pays des \u00c9crins - Office de Tourisme","robots":{"index":"index","follow":"follow","max-snippet":"max-snippet:-1","max-image-preview":"max-image-preview:large","max-video-preview":"max-video-preview:-1"},"canonical":"https:\/\/www.paysdesecrins.com\/nl\/ik-kies\/culturele-activiteiten-en-erfgoed\/","og_locale":"nl_NL","og_type":"article","og_title":"CULTURELE ACTIVITEITEN EN ERFGOED - Pays des \u00c9crins - Office de Tourisme","og_description":"Welkom in een gebied dat rijk is aan natuurlijk en cultureel erfgoed. Hier kunt u slenteren tussen geplaveide straatjes en [&hellip;]","og_url":"https:\/\/www.paysdesecrins.com\/nl\/ik-kies\/culturele-activiteiten-en-erfgoed\/","og_site_name":"Pays des \u00c9crins - Office de Tourisme","article_modified_time":"2025-08-13T16:17:58+00:00","og_image":[{"width":2560,"height":1708,"url":"https:\/\/www.paysdesecrins.com\/wp-content\/uploads\/2025\/07\/vallouise-alpesphotographiescom-scaled.jpg","type":"image\/jpeg"}],"twitter_card":"summary_large_image","twitter_misc":{"Geschatte leestijd":"1 minuut"},"schema":{"@context":"https:\/\/schema.org","@graph":[{"@type":"WebPage","@id":"https:\/\/www.paysdesecrins.com\/nl\/ik-kies\/culturele-activiteiten-en-erfgoed\/","url":"https:\/\/www.paysdesecrins.com\/nl\/ik-kies\/culturele-activiteiten-en-erfgoed\/","name":"CULTURELE ACTIVITEITEN EN ERFGOED - Pays des \u00c9crins - Office de Tourisme","isPartOf":{"@id":"https:\/\/www.paysdesecrins.com\/nl\/#website"},"primaryImageOfPage":{"@id":"https:\/\/www.paysdesecrins.com\/nl\/ik-kies\/culturele-activiteiten-en-erfgoed\/#primaryimage"},"image":{"@id":"https:\/\/www.paysdesecrins.com\/nl\/ik-kies\/culturele-activiteiten-en-erfgoed\/#primaryimage"},"thumbnailUrl":"https:\/\/www.paysdesecrins.com\/wp-content\/uploads\/2025\/07\/vallouise-alpesphotographiescom-scaled.jpg","datePublished":"2025-07-21T11:45:18+00:00","dateModified":"2025-08-13T16:17:58+00:00","breadcrumb":{"@id":"https:\/\/www.paysdesecrins.com\/nl\/ik-kies\/culturele-activiteiten-en-erfgoed\/#breadcrumb"},"inLanguage":"nl-NL","potentialAction":[{"@type":"ReadAction","target":["https:\/\/www.paysdesecrins.com\/nl\/ik-kies\/culturele-activiteiten-en-erfgoed\/"]}]},{"@type":"ImageObject","inLanguage":"nl-NL","@id":"https:\/\/www.paysdesecrins.com\/nl\/ik-kies\/culturele-activiteiten-en-erfgoed\/#primaryimage","url":"https:\/\/www.paysdesecrins.com\/wp-content\/uploads\/2025\/07\/vallouise-alpesphotographiescom-scaled.jpg","contentUrl":"https:\/\/www.paysdesecrins.com\/wp-content\/uploads\/2025\/07\/vallouise-alpesphotographiescom-scaled.jpg","width":2560,"height":1708,"caption":"Shooting dans le cadre des Villlages d'alpinisme"},{"@type":"BreadcrumbList","@id":"https:\/\/www.paysdesecrins.com\/nl\/ik-kies\/culturele-activiteiten-en-erfgoed\/#breadcrumb","itemListElement":[{"@type":"ListItem","position":1,"name":"Accueil","item":"https:\/\/www.paysdesecrins.com\/nl\/de-titel-van-het-huis\/"},{"@type":"ListItem","position":2,"name":"Ik kies","item":"https:\/\/www.paysdesecrins.com\/nl\/ik-kies\/"},{"@type":"ListItem","position":3,"name":"CULTURELE ACTIVITEITEN EN ERFGOED"}]},{"@type":"WebSite","@id":"https:\/\/www.paysdesecrins.com\/nl\/#website","url":"https:\/\/www.paysdesecrins.com\/nl\/","name":"Pays des \u00c9crins - Office de Tourisme","description":"L&#039;esprit montagne","publisher":{"@id":"https:\/\/www.paysdesecrins.com\/nl\/#organization"},"potentialAction":[{"@type":"SearchAction","target":{"@type":"EntryPoint","urlTemplate":"https:\/\/www.paysdesecrins.com\/nl\/?s={search_term_string}"},"query-input":{"@type":"PropertyValueSpecification","valueRequired":true,"valueName":"search_term_string"}}],"inLanguage":"nl-NL"},{"@type":"Organization","@id":"https:\/\/www.paysdesecrins.com\/nl\/#organization","name":"Pays des \u00c9crins - Office de Tourisme","url":"https:\/\/www.paysdesecrins.com\/nl\/","logo":{"@type":"ImageObject","inLanguage":"nl-NL","@id":"https:\/\/www.paysdesecrins.com\/nl\/#\/schema\/logo\/image\/","url":"https:\/\/www.paysdesecrins.com\/wp-content\/uploads\/2025\/06\/devina-svg-1750845694.svg","contentUrl":"https:\/\/www.paysdesecrins.com\/wp-content\/uploads\/2025\/06\/devina-svg-1750845694.svg","caption":"Pays des \u00c9crins - Office de Tourisme"},"image":{"@id":"https:\/\/www.paysdesecrins.com\/nl\/#\/schema\/logo\/image\/"}}]}},"_links":{"self":[{"href":"https:\/\/www.paysdesecrins.com\/nl\/wp-json\/wp\/v2\/pages\/45273","targetHints":{"allow":["GET"]}}],"collection":[{"href":"https:\/\/www.paysdesecrins.com\/nl\/wp-json\/wp\/v2\/pages"}],"about":[{"href":"https:\/\/www.paysdesecrins.com\/nl\/wp-json\/wp\/v2\/types\/page"}],"author":[{"embeddable":true,"href":"https:\/\/www.paysdesecrins.com\/nl\/wp-json\/wp\/v2\/users\/4"}],"replies":[{"embeddable":true,"href":"https:\/\/www.paysdesecrins.com\/nl\/wp-json\/wp\/v2\/comments?post=45273"}],"version-history":[{"count":2,"href":"https:\/\/www.paysdesecrins.com\/nl\/wp-json\/wp\/v2\/pages\/45273\/revisions"}],"predecessor-version":[{"id":95117,"href":"https:\/\/www.paysdesecrins.com\/nl\/wp-json\/wp\/v2\/pages\/45273\/revisions\/95117"}],"up":[{"embeddable":true,"href":"https:\/\/www.paysdesecrins.com\/nl\/wp-json\/wp\/v2\/pages\/45608"}],"wp:featuredmedia":[{"embeddable":true,"href":"https:\/\/www.paysdesecrins.com\/nl\/wp-json\/wp\/v2\/media\/30002"}],"wp:attachment":[{"href":"https:\/\/www.paysdesecrins.com\/nl\/wp-json\/wp\/v2\/media?parent=45273"}],"curies":[{"name":"wp","href":"https:\/\/api.w.org\/{rel}","templated":true}]}}