{"id":45553,"date":"2025-06-27T15:09:36","date_gmt":"2025-06-27T13:09:36","guid":{"rendered":"https:\/\/www.paysdesecrins.com\/recensie-css-integratie-pagina\/"},"modified":"2025-07-28T15:50:11","modified_gmt":"2025-07-28T13:50:11","slug":"recensie-css-integratie-pagina","status":"publish","type":"page","link":"https:\/\/www.paysdesecrins.com\/nl\/recensie-css-integratie-pagina\/","title":{"rendered":"[RECENSIE] CSS-integratie pagina"},"content":{"rendered":"\n<h2 class=\"wp-block-heading\">Een voorbeeld van een titel van niveau 2<\/h2>\n\n<h2 class=\"wp-block-heading\">Een voorbeeld van een titel van niveau 2<br\/><strong>in 2 delen<\/strong><\/h2>\n\n<h2 class=\"wp-block-heading\">Een titel van niveau 3<\/h2>\n\n<h2 class=\"wp-block-heading\">Een titel van niveau 3<br\/><strong>in 2 delen<\/strong><\/h2>\n\n<h4 class=\"wp-block-heading\">Een titel van niveau 4<\/h4>\n\n<h4 class=\"wp-block-heading\">Een titel van niveau 4<br\/><strong>in 2 delen<\/strong><\/h4>\n\n<hr class=\"wp-block-separator has-alpha-channel-opacity\"\/>\n\n<p>Lorem ipsum dolor sit amet, consectetur adipiscing elit. Nam vitae congue quam, dictum pellentesque lacus. <strong>Donec vitae diam nec quam congue<\/strong> vulputate ac a quam. Sed eget orci metus. Vivamus viverra dolor velit, eget elementum nisi pulvinar at. Duis fringilla elit non accumsan pulvinar. Curabitur dolor arcu, convallis sed mattis sed, condimentum at ante. <em>Sed nulla ante<\/em>, gravida ac eleifend nec, tincidunt ut diam. Ut eu libero nec mauris maximus lobortis. <a href=\"https:\/\/www.google.fr\" data-type=\"link\" data-id=\"https:\/\/www.google.fr\">Donec vel eleifend erat<\/a>, at aliquet enim. Etiam scelerisque urna a tortor faucibus luctus. Nulla facilisi. Suspendisse nec libero sed urna suscipit porttitor.         <\/p>\n\n<p>In tempus, nibh a eleifend porttitor, odio risus faucibus quam, eget consequat turpis nulla in velit. Donec nisl turpis, dapibus sit amet purus sed, ornare pretium quam. Etiam malesuada fringilla lorem quis fringilla. Donec facilisis justo a efficitur pharetra!   <\/p>\n\n<hr class=\"wp-block-separator has-alpha-channel-opacity\"\/>\n\n<ul class=\"wp-block-list\">\n<li>Een lijst met opsommingstekens<\/li>\n\n\n\n<li>met tekst\n<ul class=\"wp-block-list\">\n<li>Voorbeeld<\/li>\n\n\n\n<li>en inkepingen<\/li>\n\n\n\n<li>totdat\n<ul class=\"wp-block-list\">\n<li>3 niveaus<\/li>\n\n\n\n<li>maximum<\/li>\n<\/ul>\n<\/li>\n<\/ul>\n<\/li>\n\n\n\n<li>en een item aan het einde van de lijst<\/li>\n<\/ul>\n\n<hr class=\"wp-block-separator has-alpha-channel-opacity\"\/>\n\n<ol class=\"wp-block-list\">\n<li>Een lijst met opsommingstekens<\/li>\n\n\n\n<li>met tekst\n<ol class=\"wp-block-list\">\n<li>Voorbeeld<\/li>\n\n\n\n<li>en inkepingen<\/li>\n\n\n\n<li>totdat\n<ol class=\"wp-block-list\">\n<li>3 niveaus<\/li>\n\n\n\n<li>maximum<\/li>\n<\/ol>\n<\/li>\n<\/ol>\n<\/li>\n\n\n\n<li>en een item aan het einde van de lijst<\/li>\n<\/ol>\n\n<hr class=\"wp-block-separator has-alpha-channel-opacity\"\/>\n\n<div class=\"wp-block-ws-library-ws-button has-text-align-left\"><a href=\"\" class=\"wp-block-button__link wp-element-button btn\">  Een mooie knop<\/a><\/div>\n\n<div class=\"wp-block-ws-library-ws-button has-text-align-left\"><a href=\"\" class=\"wp-block-button__link wp-element-button btn icon-search btn-icon\"><span class=\"icon\"><\/span>  Een knop met een icoontje<\/a><\/div>\n\n<hr class=\"wp-block-separator has-alpha-channel-opacity\"\/>\n\n<div class=\"wp-block-ws-library-ws-image\"><div class=\"wrapper\"><div class=\"group-media\"><a href=\"https:\/\/gutenberg.websenso.fr\/wp-content\/uploads\/2025\/01\/Piscine-du-Palais-des-Sports-%C2%A9Gilles-Baron-1-1-scaled.jpg\" data-glightbox=\"true\" class=\"lightbox-trigger\"><img decoding=\"async\" src=\"https:\/\/gutenberg.websenso.fr\/wp-content\/uploads\/2025\/01\/Piscine-du-Palais-des-Sports-%C2%A9Gilles-Baron-1-1-scaled-960x640.jpg\" alt=\"\" class=\"single_image ws-image-155\"><\/a><div class=\"credits\">\u00a9 Foto credits<\/div><\/div><p class=\"caption\">Zwembad van het Palais des Sports<\/p><\/div><\/div>\n\n<hr class=\"wp-block-separator has-alpha-channel-opacity\"\/>\n\n<div class=\"wp-block-ws-library-ws-video\"><div class=\"wrapper\"><div class=\"group-media\">\n<figure class=\"wp-block-video video-block\"><video controls=\"\" src=\"https:\/\/gutenberg.websenso.fr\/wp-content\/uploads\/2025\/01\/file_example_MP4_480_1_5MG.mp4\"><\/video><figcaption class=\"wp-element-caption\">Een legende<\/figcaption><\/figure>\n<\/div><\/div><\/div>\n\n<div class=\"wp-block-ws-library-ws-documents\">\n<div class=\"wp-block-ws-library-ws-document\"><a href=\"https:\/\/gutenberg.websenso.fr\/wp-content\/uploads\/2025\/01\/sample-1.pdf\" target=\"_blank\" rel=\"noopener noreferrer\" class=\"link-document\">De titel van mijn PDF-document<\/a><\/div>\n\n\n\n<div class=\"wp-block-ws-library-ws-document\"><a href=\"https:\/\/gutenberg.websenso.fr\/wp-content\/uploads\/2025\/01\/sample-1.pdf\" target=\"_blank\" rel=\"noopener noreferrer\" class=\"link-document\">De titel van mijn PDF-document<\/a><\/div>\n\n\n\n<div class=\"wp-block-ws-library-ws-document\"><a href=\"https:\/\/gutenberg.websenso.fr\/wp-content\/uploads\/2025\/01\/sample-1.pdf\" target=\"_blank\" rel=\"noopener noreferrer\" class=\"link-document\">De titel van mijn PDF-document<\/a><\/div>\n<\/div>\n\n<hr class=\"wp-block-separator has-alpha-channel-opacity\"\/>\n\n<div class=\"wp-block-ws-library-ws-featured-content\">\n<div class=\"wp-block-ws-library-ws-title\"><h2>De titel van mijn aanbevolen inhoud<\/h2><\/div>\n\n\n\n<p>Odio risus faucibus quam, eget consequat turpis nulla in velit. Donec nisl turpis, dapibus sit amet purus sed, ornare pretium quam. <strong>Etiam malesuada fringilla lorem quis<\/strong> fringilla. Donec facilisis justo a efficitur pharetra!  <\/p>\n\n\n\n<div class=\"wp-block-ws-library-ws-button has-text-align-left\"><a href=\"\" class=\"wp-block-button__link wp-element-button btn color-very-light-turquoise icon-other btn-icon\"><span class=\"icon\"><\/span>  Een oproep tot actie<\/a><\/div>\n<\/div>\n\n<hr class=\"wp-block-separator has-alpha-channel-opacity\"\/>\n\n<div class=\"wp-block-ws-library-ws-banner alignwide\"><div class=\"wrapper\"><div class=\"group-media\"><img decoding=\"async\" src=\"https:\/\/gutenberg.websenso.fr\/wp-content\/uploads\/2025\/01\/ski-de-fond-Gilles-Baron-3-scaled-1920x480.jpg\" alt=\"\" class=\"single_image wp-image-164\"><\/div>\n<div class=\"group-content\"><p>Duis fringilla elit non accumsan pulvinar. Curabitur dolor arcu, convallis sed mattis sed, condimentum at ante. <em>Sed nulla ante<\/em>, gravida ac eleifend nec, tincidunt ut diam. Ut eu libero nec mauris maximus lobortis. Bij aliquet enim. Etiam scelerisque urna a tortor faucibus luctus. Nulla facilisi. Suspendisse nec libero sed urna suscipit porttitor.      <\/p><\/div>\n<\/div><\/div>\n\n<hr class=\"wp-block-separator has-alpha-channel-opacity\"\/>\n<div class=\"wp-block-ws-library-ws-faq\"><div class=\"faq-categories\"><div class=\"faq-switcher\"><ul class=\"list-switch\"><\/ul><\/div><div class=\"faq-items\"><\/div><\/div><\/div><script>\n\n    <\/script>\n<hr class=\"wp-block-separator has-alpha-channel-opacity\"\/>\n\n<div class=\"wp-block-ws-library-ws-columns alignwide has-2-columns are-vertically-aligned-center layout-5050\">\n<div class=\"wp-block-ws-library-ws-column\"><div class=\"wrapper\">\n<div class=\"wp-block-ws-library-ws-title\"><h2>At aliquet enim<\/h2><\/div>\n\n\n\n<p>Ut eu libero nec mauris maximus lobortis. Bij aliquet enim. Etiam scelerisque urna a tortor faucibus luctus. Nulla facilisi. Suspendisse nec libero sed urna suscipit porttitor.    <\/p>\n\n\n\n<p>Bij aliquet enim. Etiam scelerisque urna a tortor faucibus luctus. Nulla facilisi.    <strong>Suspendisse nec libero sed urna suscipit porttitor.<\/strong><\/p>\n\n\n\n<div class=\"wp-block-ws-library-ws-button has-text-align-left\"><a href=\"\" class=\"wp-block-button__link wp-element-button btn\">  Een oproep tot actie!<\/a><\/div>\n<\/div><\/div>\n\n\n\n<div class=\"wp-block-ws-library-ws-column\"><div class=\"wrapper\">\n<div class=\"wp-block-ws-library-ws-image\"><div class=\"wrapper\"><div class=\"group-media\"><a href=\"https:\/\/gutenberg.websenso.fr\/wp-content\/uploads\/2025\/01\/Orcieres-invite-les-enfants-%C2%A9-Gilles-Baron-1-scaled.jpg\" data-glightbox=\"true\" class=\"lightbox-trigger\"><img decoding=\"async\" src=\"https:\/\/gutenberg.websenso.fr\/wp-content\/uploads\/2025\/01\/Orcieres-invite-les-enfants-%C2%A9-Gilles-Baron-1-scaled-960x640.jpg\" alt=\"\" class=\"single_image ws-image-153\"><\/a><div class=\"credits\"><\/div><\/div><p class=\"caption\"><\/p><\/div><\/div>\n<\/div><\/div>\n<\/div>\n\n<div class=\"wp-block-ws-library-ws-columns alignwide has-2-columns are-vertically-aligned-center layout-4060\">\n<div class=\"wp-block-ws-library-ws-column\"><div class=\"wrapper\">\n<div class=\"wp-block-ws-library-ws-image\"><div class=\"wrapper\"><div class=\"group-media\"><a href=\"https:\/\/gutenberg.websenso.fr\/wp-content\/uploads\/2025\/01\/concert-Aldebert-Gilles-Baron-2-1-scaled.jpg\" data-glightbox=\"true\" class=\"lightbox-trigger\"><img decoding=\"async\" src=\"https:\/\/gutenberg.websenso.fr\/wp-content\/uploads\/2025\/01\/concert-Aldebert-Gilles-Baron-2-1-scaled-960x640.jpg\" alt=\"\" class=\"single_image ws-image-157\"><\/a><div class=\"credits\"><\/div><\/div><p class=\"caption\"><\/p><\/div><\/div>\n<\/div><\/div>\n\n\n\n<div class=\"wp-block-ws-library-ws-column\"><div class=\"wrapper\">\n<div class=\"wp-block-ws-library-ws-title\"><h2>De titel van een groot evenement<\/h2><\/div>\n\n\n\n<p>Ut eu libero nec mauris maximus lobortis. Bij aliquet enim. Etiam scelerisque urna a tortor faucibus luctus. Nulla facilisi. Suspendisse nec libero sed urna suscipit porttitor.    <\/p>\n\n\n\n<p>Bij aliquet enim. Etiam scelerisque urna a tortor faucibus luctus. Nulla facilisi.    <strong>Suspendisse nec libero sed urna suscipit porttitor.<\/strong><\/p>\n\n\n\n<div class=\"wp-block-ws-library-ws-button has-text-align-left\"><a href=\"\" class=\"wp-block-button__link wp-element-button btn\">  Een oproep tot actie!<\/a><\/div>\n<\/div><\/div>\n<\/div>\n\n<div class=\"wp-block-ws-library-ws-columns alignwide has-2-columns are-vertically-aligned-center layout-4060\">\n<div class=\"wp-block-ws-library-ws-column\"><div class=\"wrapper\">\n<div class=\"wp-block-ws-library-ws-title\"><h2>De titel van een groot evenement<\/h2><\/div>\n\n\n\n<p>Ut eu libero nec mauris maximus lobortis. Bij aliquet enim. Etiam scelerisque urna a tortor faucibus luctus. Nulla facilisi. Suspendisse nec libero sed urna suscipit porttitor.    <\/p>\n\n\n\n<p>Bij aliquet enim. Etiam scelerisque urna a tortor faucibus luctus. Nulla facilisi.    <strong>Suspendisse nec libero sed urna suscipit porttitor.<\/strong><\/p>\n\n\n\n<div class=\"wp-block-ws-library-ws-button has-text-align-left\"><a href=\"\" class=\"wp-block-button__link wp-element-button btn\">  Een oproep tot actie!<\/a><\/div>\n<\/div><\/div>\n\n\n\n<div class=\"wp-block-ws-library-ws-column\"><div class=\"wrapper\">\n<div class=\"wp-block-ws-library-ws-image\"><div class=\"wrapper\"><div class=\"group-media\"><a href=\"https:\/\/gutenberg.websenso.fr\/wp-content\/uploads\/2025\/01\/Rando-en-motoneige-Gilles-Baron-1-scaled.jpg\" data-glightbox=\"true\" class=\"lightbox-trigger\"><img decoding=\"async\" src=\"https:\/\/gutenberg.websenso.fr\/wp-content\/uploads\/2025\/01\/Rando-en-motoneige-Gilles-Baron-1-scaled-960x640.jpg\" alt=\"\" class=\"single_image ws-image-156\"><\/a><div class=\"credits\">test<\/div><\/div><p class=\"caption\">test<\/p><\/div><\/div>\n<\/div><\/div>\n<\/div>\n\n<div class=\"wp-block-ws-library-ws-columns alignwide has-2-columns are-vertically-aligned-center layout-5050\">\n<div class=\"wp-block-ws-library-ws-column\"><div class=\"wrapper\">\n<div class=\"wp-block-ws-library-ws-image\"><div class=\"wrapper\"><div class=\"group-media\"><a href=\"https:\/\/gutenberg.websenso.fr\/wp-content\/uploads\/2025\/01\/Tyrolienne-%C2%A9-Gilles-Baron-1-scaled.jpg\" data-glightbox=\"true\" class=\"lightbox-trigger\"><img decoding=\"async\" src=\"https:\/\/gutenberg.websenso.fr\/wp-content\/uploads\/2025\/01\/Tyrolienne-%C2%A9-Gilles-Baron-1-960x640.jpg\" alt=\"\" class=\"single_image ws-image-150\"><\/a><div class=\"credits\"><\/div><\/div><p class=\"caption\"><\/p><\/div><\/div>\n<\/div><\/div>\n\n\n\n<div class=\"wp-block-ws-library-ws-column\"><div class=\"wrapper\">\n<div class=\"wp-block-ws-library-ws-title\"><h2>De titel van een groot evenement<\/h2><\/div>\n\n\n\n<p>Ut eu libero nec mauris maximus lobortis. Bij aliquet enim. Etiam scelerisque urna a tortor faucibus luctus. Nulla facilisi. Suspendisse nec libero sed urna suscipit porttitor.    <\/p>\n\n\n\n<p>Bij aliquet enim. Etiam scelerisque urna a tortor faucibus luctus. Nulla facilisi.    <strong>Suspendisse nec libero sed urna suscipit porttitor.<\/strong><\/p>\n\n\n\n<div class=\"wp-block-ws-library-ws-button has-text-align-left\"><a href=\"\" class=\"wp-block-button__link wp-element-button btn\">  Een oproep tot actie!<\/a><\/div>\n<\/div><\/div>\n<\/div>\n\n<hr class=\"wp-block-separator has-alpha-channel-opacity\"\/>\n\n<div class=\"wp-block-ws-library-ws-accordion has-3-items are-vertically-aligned-undefined\">\n<div class=\"wp-block-ws-library-ws-accordion-item\"><div class=\"wrapper\"><details class=\"accordion-item\"><summary class=\"accordion-title\"><span class=\"icon\"><\/span><p>Le titre de mon accord\u00e9on<\/p><\/summary>\n<p>Nam id mi elementum, eleifend augue ut, fermentum mauris. In auctor volutpat nibh, at facilisis leo feugiat non. Donec euismod imperdiet gravida. Nullam eu blandit orci. Donec semper urna arcu, eget feugiat ex finibus at. Duis facilisis turpis <strong>sed tellus porta, vitae consequat diam mattis<\/strong>. Donec molestie lacus quis euismod imperdiet. Sed sed risus orci.       <\/p>\n<\/details><\/div><\/div>\n\n\n\n<div class=\"wp-block-ws-library-ws-accordion-item\"><div class=\"wrapper\"><details class=\"accordion-item\"><summary class=\"accordion-title\"><span class=\"icon\"><\/span><p>Un titre pour un deuxi\u00e8me \u00e9l\u00e9ment<\/p><\/summary>\n<p>Nullam eu blandit orci. Donec semper urna arcu, eget feugiat ex finibus at. Duis facilisis turpis <strong>sed tellus porta, vitae consequat diam mattis<\/strong>. Donec molestie lacus quis euismod imperdiet. Sed sed risus orci.    <\/p>\n<\/details><\/div><\/div>\n\n\n\n<div class=\"wp-block-ws-library-ws-accordion-item\"><div class=\"wrapper\"><details class=\"accordion-item\"><summary class=\"accordion-title\"><span class=\"icon\"><\/span><p>Lorem ipsum dolor sit amet<\/p><\/summary>\n<p>Nullam eu blandit orci. Donec semper urna arcu, eget feugiat ex finibus at. Duis facilisis turpis <strong>sed tellus porta, vitae consequat diam mattis<\/strong>. Donec molestie lacus quis euismod imperdiet. Sed sed risus orci.    <\/p>\n<\/details><\/div><\/div>\n<\/div>\n\n<hr class=\"wp-block-separator has-alpha-channel-opacity\"\/>\n<div class=\"alignwide wp-block-ws-library-ws-list-childs\"><\/div>\n<hr class=\"wp-block-separator has-alpha-channel-opacity\"\/>\n\n<div class=\"wp-block-ws-library-ws-slider alignwide\"><div class=\"splide\" data-splide=\"{\"type\":\"loop\",\"heightRatio\":\"auto\",\"perPage\":4,\"perMove\":1,\"drag\":true,\"arrows\":true,\"pagination\":0,\"autoplay\":false,\"gap\":\"15px\",\"breakpoints\":{\"768\":{\"perPage\":1},\"992\":{\"perPage\":2},\"1200\":{\"perPage\":3}},\"classes\":{\"prev\":\"btn btn-slider btn-prev\",\"next\":\"btn btn-slider btn-next\"}}\"><div class=\"splide__track\"><div class=\"splide__list\"><div class=\"splide__slide\"><a href=\"https:\/\/gutenberg.websenso.fr\/wp-content\/uploads\/2025\/01\/Tyrolienne-%C2%A9-Gilles-Baron-1-scaled.jpg\" data-glightbox=\"true\" class=\"lightbox-trigger\"><img decoding=\"async\" src=\"https:\/\/gutenberg.websenso.fr\/wp-content\/uploads\/2025\/01\/Tyrolienne-%C2%A9-Gilles-Baron-1-1024x683.jpg\" alt=\"\"><\/a><\/div><div class=\"splide__slide\"><a href=\"https:\/\/gutenberg.websenso.fr\/wp-content\/uploads\/2025\/01\/Repas-de-specialites-%C2%A9-Gilles-Baron-1-scaled.jpg\" data-glightbox=\"true\" class=\"lightbox-trigger\"><img decoding=\"async\" src=\"https:\/\/gutenberg.websenso.fr\/wp-content\/uploads\/2025\/01\/Repas-de-specialites-%C2%A9-Gilles-Baron-1-scaled-1024x683.jpg\" alt=\"\"><\/a><\/div><div class=\"splide__slide\"><a href=\"https:\/\/gutenberg.websenso.fr\/wp-content\/uploads\/2025\/01\/concert-Aldebert-Gilles-Baron-2-1-scaled.jpg\" data-glightbox=\"true\" class=\"lightbox-trigger\"><img decoding=\"async\" src=\"https:\/\/gutenberg.websenso.fr\/wp-content\/uploads\/2025\/01\/concert-Aldebert-Gilles-Baron-2-1-scaled-1024x683.jpg\" alt=\"\"><\/a><\/div><div class=\"splide__slide\"><a href=\"https:\/\/gutenberg.websenso.fr\/wp-content\/uploads\/2025\/01\/Rando-en-motoneige-Gilles-Baron-1-scaled.jpg\" data-glightbox=\"true\" class=\"lightbox-trigger\"><img decoding=\"async\" src=\"https:\/\/gutenberg.websenso.fr\/wp-content\/uploads\/2025\/01\/Rando-en-motoneige-Gilles-Baron-1-scaled-1024x681.jpg\" alt=\"\"><\/a><\/div><div class=\"splide__slide\"><a href=\"https:\/\/gutenberg.websenso.fr\/wp-content\/uploads\/2025\/01\/Repas-restaurant-%C2%A9-Gilles-Baron-1-scaled.jpg\" data-glightbox=\"true\" class=\"lightbox-trigger\"><img decoding=\"async\" src=\"https:\/\/gutenberg.websenso.fr\/wp-content\/uploads\/2025\/01\/Repas-restaurant-%C2%A9-Gilles-Baron-1-scaled-1024x683.jpg\" alt=\"\"><\/a><\/div><\/div><\/div><\/div><\/div>\n\n<hr class=\"wp-block-separator has-alpha-channel-opacity\"\/>\n<div class=\"alignwide wp-block-ws-library-ws-list-content\"><div class=\"list-items\"><div class=\"item\" data-season=\"all-seasons\"><div class=\"card  card-page\"><div class=\"group-media\"><\/div><div class=\"group-content\"><div class=\"field-title\">Neem contact met ons op<\/div><\/div><div class=\"field-link\" role=\"group\" aria-label=\"Lien vers le contenu\"><a href=\"https:\/\/www.paysdesecrins.com\/nl\/neem-contact-met-ons-op\/\" class=\"cardlink\" title=\"Lire plus : Neem contact met ons op\" lang=\"nl_NL\">Neem contact met ons op<\/a><\/div><\/div><\/div><div class=\"item\" data-season=\"all-seasons\"><div class=\"card  card-page\"><div class=\"group-media\"><div class=\"field-image\"><img loading=\"lazy\" decoding=\"async\" width=\"300\" height=\"450\" src=\"https:\/\/www.paysdesecrins.com\/wp-content\/uploads\/2025\/08\/pure-ski-vintage-13jpg-300x450.jpg\" class=\"winter all-seasons wp-post-image\" alt=\"\" data-season=\"all-seasons\" srcset=\"https:\/\/www.paysdesecrins.com\/wp-content\/uploads\/2025\/08\/pure-ski-vintage-13jpg-300x450.jpg 300w, https:\/\/www.paysdesecrins.com\/wp-content\/uploads\/2025\/08\/pure-ski-vintage-13jpg-390x585.jpg 390w\" sizes=\"auto, (max-width: 300px) 100vw, 300px\" \/><\/div><\/div><div class=\"group-content\"><div class=\"field-title\">Skilessen<\/div><\/div><div class=\"field-link\" role=\"group\" aria-label=\"Lien vers le contenu\"><a href=\"https:\/\/www.paysdesecrins.com\/nl\/cours-de-ski\/\" class=\"cardlink\" title=\"Lire plus : Skilessen\" lang=\"nl_NL\">Skilessen<\/a><\/div><\/div><\/div><div class=\"item\" data-season=\"all-seasons\"><div class=\"card  card-page\"><div class=\"group-media\"><div class=\"field-image\"><img loading=\"lazy\" decoding=\"async\" width=\"300\" height=\"450\" src=\"https:\/\/www.paysdesecrins.com\/wp-content\/uploads\/2025\/07\/171ski-alpin-psv-photos-kinaphoto-psv-journee-2-2025-hd49-300x450.jpg\" class=\"winter all-seasons wp-post-image\" alt=\"\" data-season=\"all-seasons\" srcset=\"https:\/\/www.paysdesecrins.com\/wp-content\/uploads\/2025\/07\/171ski-alpin-psv-photos-kinaphoto-psv-journee-2-2025-hd49-300x450.jpg 300w, https:\/\/www.paysdesecrins.com\/wp-content\/uploads\/2025\/07\/171ski-alpin-psv-photos-kinaphoto-psv-journee-2-2025-hd49-390x585.jpg 390w\" sizes=\"auto, (max-width: 300px) 100vw, 300px\" \/><\/div><\/div><div class=\"group-content\"><div class=\"field-title\">Skipassen<\/div><\/div><div class=\"field-link\" role=\"group\" aria-label=\"Lien vers le contenu\"><a href=\"https:\/\/www.paysdesecrins.com\/nl\/skipassen\/\" class=\"cardlink\" title=\"Lire plus : Skipassen\" lang=\"nl_NL\">Skipassen<\/a><\/div><\/div><\/div><\/div><\/div>\n<hr class=\"wp-block-separator has-alpha-channel-opacity\"\/>\n\n<div class=\"wp-block-ws-library-ws-list-pictos\">\n<div class=\"wp-block-ws-library-ws-text-icon ws-text-icon\"><div class=\"group-media\"><div class=\"field-image\"><img decoding=\"async\" src=\"https:\/\/gutenberg.websenso.fr\/wp-content\/uploads\/2025\/05\/leaf.svg\" alt=\"\" class=\"wp-image-458 size-90x90\"><\/div><\/div><div class=\"group-content\"><p class=\"field-description\">100% natuurlijk<\/p><\/div><\/div>\n\n\n\n<div class=\"wp-block-ws-library-ws-text-icon ws-text-icon\"><div class=\"group-media\"><div class=\"field-image\"><img decoding=\"async\" src=\"https:\/\/gutenberg.websenso.fr\/wp-content\/uploads\/2025\/05\/instagram.svg\" alt=\"\" class=\"wp-image-459 size-90x90\"><\/div><\/div><div class=\"group-content\"><p class=\"field-description\">Inloggen<\/p><\/div><\/div>\n\n\n\n<div class=\"wp-block-ws-library-ws-text-icon ws-text-icon\"><div class=\"group-media\"><div class=\"field-image\"><img decoding=\"async\" src=\"https:\/\/gutenberg.websenso.fr\/wp-content\/uploads\/2025\/05\/layer.svg\" alt=\"\" class=\"wp-image-460 size-90x90\"><\/div><\/div><div class=\"group-content\"><p class=\"field-description\">Meerlaags<\/p><\/div><\/div>\n\n\n\n<div class=\"wp-block-ws-library-ws-text-icon ws-text-icon\"><div class=\"group-media\"><div class=\"field-image\"><img decoding=\"async\" src=\"https:\/\/gutenberg.websenso.fr\/wp-content\/uploads\/2025\/05\/search-alt-1-svgrepo-com-1.svg\" alt=\"\" class=\"wp-image-461 size-90x90\"><\/div><\/div><div class=\"group-content\"><p class=\"field-description\">Ingebouwde zoekfunctie<\/p><\/div><\/div>\n\n\n\n<div class=\"wp-block-ws-library-ws-text-icon ws-text-icon\"><div class=\"group-media\"><div class=\"field-image\"><img decoding=\"async\" src=\"https:\/\/gutenberg.websenso.fr\/wp-content\/uploads\/2025\/05\/handicap.svg\" alt=\"\" class=\"wp-image-462 size-90x90\"><\/div><\/div><div class=\"group-content\"><p class=\"field-description\">Toegankelijkheid voor mensen met beperkte mobiliteit<\/p><\/div><\/div>\n\n\n\n<div class=\"wp-block-ws-library-ws-text-icon ws-text-icon\"><div class=\"group-media\"><div class=\"field-image\"><img decoding=\"async\" src=\"https:\/\/gutenberg.websenso.fr\/wp-content\/uploads\/2025\/05\/pin-1.svg\" alt=\"\" class=\"wp-image-463 size-90x90\"><\/div><\/div><div class=\"group-content\"><p class=\"field-description\">Real-time locatie<\/p><\/div><\/div>\n<\/div>\n\n<hr class=\"wp-block-separator has-alpha-channel-opacity\"\/>\n\n<div class=\"wp-block-ws-library-ws-socialwall\"><div data-selection=\"198907\" id=\"ws-socialwall\" data-design=\"29\">Het laden van de sociale muur &#8230;<\/div><script src=\"https:\/\/social-wall.websenso.com\/socialwall3.0.js\" defer><\/script><\/div>\n\n<hr class=\"wp-block-separator has-alpha-channel-opacity\"\/>\n\n<div class=\"wp-block-ws-library-ws-share\"><span class=\"share-subtitle\">Vond je deze pagina leuk?<\/span><span class=\"share-title\">Deel het!<\/span><button class=\"ws-share-button wp-element-button\">Deel deze pagina<\/button><\/div>\n\n<p><\/p>\n","protected":false},"excerpt":{"rendered":"<p>Een voorbeeld van een titel van niveau 2 Een voorbeeld van een titel van niveau 2in 2 delen Een titel [&hellip;]<\/p>\n","protected":false},"author":1,"featured_media":0,"parent":0,"menu_order":0,"comment_status":"closed","ping_status":"closed","template":"","meta":{"_thumbnail_id_2":0,"summer_excerpt":"","season":"","station":"","footnotes":""},"class_list":["post-45553","page","type-page","status-publish","hentry"],"yoast_head":"<!-- This site is optimized with the Yoast SEO plugin v27.3 - https:\/\/yoast.com\/product\/yoast-seo-wordpress\/ -->\n<title>[RECENSIE] CSS-integratie pagina - Pays des \u00c9crins - Office de Tourisme<\/title>\n<meta name=\"robots\" content=\"index, follow, max-snippet:-1, max-image-preview:large, max-video-preview:-1\" \/>\n<link rel=\"canonical\" href=\"https:\/\/www.paysdesecrins.com\/nl\/recensie-css-integratie-pagina\/\" \/>\n<meta property=\"og:locale\" content=\"nl_NL\" \/>\n<meta property=\"og:type\" content=\"article\" \/>\n<meta property=\"og:title\" content=\"[RECENSIE] CSS-integratie pagina - Pays des \u00c9crins - Office de Tourisme\" \/>\n<meta property=\"og:description\" content=\"Een voorbeeld van een titel van niveau 2 Een voorbeeld van een titel van niveau 2in 2 delen Een titel [&hellip;]\" \/>\n<meta property=\"og:url\" content=\"https:\/\/www.paysdesecrins.com\/nl\/recensie-css-integratie-pagina\/\" \/>\n<meta property=\"og:site_name\" content=\"Pays des \u00c9crins - Office de Tourisme\" \/>\n<meta property=\"article:modified_time\" content=\"2025-07-28T13:50:11+00:00\" \/>\n<meta property=\"og:image\" content=\"https:\/\/gutenberg.websenso.fr\/wp-content\/uploads\/2025\/01\/Piscine-du-Palais-des-Sports-%C2%A9Gilles-Baron-1-1-scaled-960x640.jpg\" \/>\n<meta name=\"twitter:card\" content=\"summary_large_image\" \/>\n<meta name=\"twitter:label1\" content=\"Geschatte leestijd\" \/>\n\t<meta name=\"twitter:data1\" content=\"4 minuten\" \/>\n<script type=\"application\/ld+json\" class=\"yoast-schema-graph\">{\"@context\":\"https:\\\/\\\/schema.org\",\"@graph\":[{\"@type\":\"WebPage\",\"@id\":\"https:\\\/\\\/www.paysdesecrins.com\\\/nl\\\/recensie-css-integratie-pagina\\\/\",\"url\":\"https:\\\/\\\/www.paysdesecrins.com\\\/nl\\\/recensie-css-integratie-pagina\\\/\",\"name\":\"[RECENSIE] CSS-integratie pagina - Pays des \u00c9crins - Office de Tourisme\",\"isPartOf\":{\"@id\":\"https:\\\/\\\/www.paysdesecrins.com\\\/nl\\\/#website\"},\"primaryImageOfPage\":{\"@id\":\"https:\\\/\\\/www.paysdesecrins.com\\\/nl\\\/recensie-css-integratie-pagina\\\/#primaryimage\"},\"image\":{\"@id\":\"https:\\\/\\\/www.paysdesecrins.com\\\/nl\\\/recensie-css-integratie-pagina\\\/#primaryimage\"},\"thumbnailUrl\":\"https:\\\/\\\/gutenberg.websenso.fr\\\/wp-content\\\/uploads\\\/2025\\\/01\\\/Piscine-du-Palais-des-Sports-%C2%A9Gilles-Baron-1-1-scaled-960x640.jpg\",\"datePublished\":\"2025-06-27T13:09:36+00:00\",\"dateModified\":\"2025-07-28T13:50:11+00:00\",\"breadcrumb\":{\"@id\":\"https:\\\/\\\/www.paysdesecrins.com\\\/nl\\\/recensie-css-integratie-pagina\\\/#breadcrumb\"},\"inLanguage\":\"nl-NL\",\"potentialAction\":[{\"@type\":\"ReadAction\",\"target\":[\"https:\\\/\\\/www.paysdesecrins.com\\\/nl\\\/recensie-css-integratie-pagina\\\/\"]}]},{\"@type\":\"ImageObject\",\"inLanguage\":\"nl-NL\",\"@id\":\"https:\\\/\\\/www.paysdesecrins.com\\\/nl\\\/recensie-css-integratie-pagina\\\/#primaryimage\",\"url\":\"https:\\\/\\\/gutenberg.websenso.fr\\\/wp-content\\\/uploads\\\/2025\\\/01\\\/Piscine-du-Palais-des-Sports-%C2%A9Gilles-Baron-1-1-scaled-960x640.jpg\",\"contentUrl\":\"https:\\\/\\\/gutenberg.websenso.fr\\\/wp-content\\\/uploads\\\/2025\\\/01\\\/Piscine-du-Palais-des-Sports-%C2%A9Gilles-Baron-1-1-scaled-960x640.jpg\"},{\"@type\":\"BreadcrumbList\",\"@id\":\"https:\\\/\\\/www.paysdesecrins.com\\\/nl\\\/recensie-css-integratie-pagina\\\/#breadcrumb\",\"itemListElement\":[{\"@type\":\"ListItem\",\"position\":1,\"name\":\"Accueil\",\"item\":\"https:\\\/\\\/www.paysdesecrins.com\\\/nl\\\/de-titel-van-het-huis\\\/\"},{\"@type\":\"ListItem\",\"position\":2,\"name\":\"[RECENSIE] CSS-integratie pagina\"}]},{\"@type\":\"WebSite\",\"@id\":\"https:\\\/\\\/www.paysdesecrins.com\\\/nl\\\/#website\",\"url\":\"https:\\\/\\\/www.paysdesecrins.com\\\/nl\\\/\",\"name\":\"Pays des \u00c9crins - Office de Tourisme\",\"description\":\"L&#039;esprit montagne\",\"publisher\":{\"@id\":\"https:\\\/\\\/www.paysdesecrins.com\\\/nl\\\/#organization\"},\"potentialAction\":[{\"@type\":\"SearchAction\",\"target\":{\"@type\":\"EntryPoint\",\"urlTemplate\":\"https:\\\/\\\/www.paysdesecrins.com\\\/nl\\\/?s={search_term_string}\"},\"query-input\":{\"@type\":\"PropertyValueSpecification\",\"valueRequired\":true,\"valueName\":\"search_term_string\"}}],\"inLanguage\":\"nl-NL\"},{\"@type\":\"Organization\",\"@id\":\"https:\\\/\\\/www.paysdesecrins.com\\\/nl\\\/#organization\",\"name\":\"Pays des \u00c9crins - Office de Tourisme\",\"url\":\"https:\\\/\\\/www.paysdesecrins.com\\\/nl\\\/\",\"logo\":{\"@type\":\"ImageObject\",\"inLanguage\":\"nl-NL\",\"@id\":\"https:\\\/\\\/www.paysdesecrins.com\\\/nl\\\/#\\\/schema\\\/logo\\\/image\\\/\",\"url\":\"https:\\\/\\\/www.paysdesecrins.com\\\/wp-content\\\/uploads\\\/2025\\\/06\\\/devina-svg-1750845694.svg\",\"contentUrl\":\"https:\\\/\\\/www.paysdesecrins.com\\\/wp-content\\\/uploads\\\/2025\\\/06\\\/devina-svg-1750845694.svg\",\"caption\":\"Pays des \u00c9crins - Office de Tourisme\"},\"image\":{\"@id\":\"https:\\\/\\\/www.paysdesecrins.com\\\/nl\\\/#\\\/schema\\\/logo\\\/image\\\/\"}}]}<\/script>\n<!-- \/ Yoast SEO plugin. -->","yoast_head_json":{"title":"[RECENSIE] CSS-integratie pagina - Pays des \u00c9crins - Office de Tourisme","robots":{"index":"index","follow":"follow","max-snippet":"max-snippet:-1","max-image-preview":"max-image-preview:large","max-video-preview":"max-video-preview:-1"},"canonical":"https:\/\/www.paysdesecrins.com\/nl\/recensie-css-integratie-pagina\/","og_locale":"nl_NL","og_type":"article","og_title":"[RECENSIE] CSS-integratie pagina - Pays des \u00c9crins - Office de Tourisme","og_description":"Een voorbeeld van een titel van niveau 2 Een voorbeeld van een titel van niveau 2in 2 delen Een titel [&hellip;]","og_url":"https:\/\/www.paysdesecrins.com\/nl\/recensie-css-integratie-pagina\/","og_site_name":"Pays des \u00c9crins - Office de Tourisme","article_modified_time":"2025-07-28T13:50:11+00:00","og_image":[{"url":"https:\/\/gutenberg.websenso.fr\/wp-content\/uploads\/2025\/01\/Piscine-du-Palais-des-Sports-%C2%A9Gilles-Baron-1-1-scaled-960x640.jpg","type":"","width":"","height":""}],"twitter_card":"summary_large_image","twitter_misc":{"Geschatte leestijd":"4 minuten"},"schema":{"@context":"https:\/\/schema.org","@graph":[{"@type":"WebPage","@id":"https:\/\/www.paysdesecrins.com\/nl\/recensie-css-integratie-pagina\/","url":"https:\/\/www.paysdesecrins.com\/nl\/recensie-css-integratie-pagina\/","name":"[RECENSIE] CSS-integratie pagina - Pays des \u00c9crins - Office de Tourisme","isPartOf":{"@id":"https:\/\/www.paysdesecrins.com\/nl\/#website"},"primaryImageOfPage":{"@id":"https:\/\/www.paysdesecrins.com\/nl\/recensie-css-integratie-pagina\/#primaryimage"},"image":{"@id":"https:\/\/www.paysdesecrins.com\/nl\/recensie-css-integratie-pagina\/#primaryimage"},"thumbnailUrl":"https:\/\/gutenberg.websenso.fr\/wp-content\/uploads\/2025\/01\/Piscine-du-Palais-des-Sports-%C2%A9Gilles-Baron-1-1-scaled-960x640.jpg","datePublished":"2025-06-27T13:09:36+00:00","dateModified":"2025-07-28T13:50:11+00:00","breadcrumb":{"@id":"https:\/\/www.paysdesecrins.com\/nl\/recensie-css-integratie-pagina\/#breadcrumb"},"inLanguage":"nl-NL","potentialAction":[{"@type":"ReadAction","target":["https:\/\/www.paysdesecrins.com\/nl\/recensie-css-integratie-pagina\/"]}]},{"@type":"ImageObject","inLanguage":"nl-NL","@id":"https:\/\/www.paysdesecrins.com\/nl\/recensie-css-integratie-pagina\/#primaryimage","url":"https:\/\/gutenberg.websenso.fr\/wp-content\/uploads\/2025\/01\/Piscine-du-Palais-des-Sports-%C2%A9Gilles-Baron-1-1-scaled-960x640.jpg","contentUrl":"https:\/\/gutenberg.websenso.fr\/wp-content\/uploads\/2025\/01\/Piscine-du-Palais-des-Sports-%C2%A9Gilles-Baron-1-1-scaled-960x640.jpg"},{"@type":"BreadcrumbList","@id":"https:\/\/www.paysdesecrins.com\/nl\/recensie-css-integratie-pagina\/#breadcrumb","itemListElement":[{"@type":"ListItem","position":1,"name":"Accueil","item":"https:\/\/www.paysdesecrins.com\/nl\/de-titel-van-het-huis\/"},{"@type":"ListItem","position":2,"name":"[RECENSIE] CSS-integratie pagina"}]},{"@type":"WebSite","@id":"https:\/\/www.paysdesecrins.com\/nl\/#website","url":"https:\/\/www.paysdesecrins.com\/nl\/","name":"Pays des \u00c9crins - Office de Tourisme","description":"L&#039;esprit montagne","publisher":{"@id":"https:\/\/www.paysdesecrins.com\/nl\/#organization"},"potentialAction":[{"@type":"SearchAction","target":{"@type":"EntryPoint","urlTemplate":"https:\/\/www.paysdesecrins.com\/nl\/?s={search_term_string}"},"query-input":{"@type":"PropertyValueSpecification","valueRequired":true,"valueName":"search_term_string"}}],"inLanguage":"nl-NL"},{"@type":"Organization","@id":"https:\/\/www.paysdesecrins.com\/nl\/#organization","name":"Pays des \u00c9crins - Office de Tourisme","url":"https:\/\/www.paysdesecrins.com\/nl\/","logo":{"@type":"ImageObject","inLanguage":"nl-NL","@id":"https:\/\/www.paysdesecrins.com\/nl\/#\/schema\/logo\/image\/","url":"https:\/\/www.paysdesecrins.com\/wp-content\/uploads\/2025\/06\/devina-svg-1750845694.svg","contentUrl":"https:\/\/www.paysdesecrins.com\/wp-content\/uploads\/2025\/06\/devina-svg-1750845694.svg","caption":"Pays des \u00c9crins - Office de Tourisme"},"image":{"@id":"https:\/\/www.paysdesecrins.com\/nl\/#\/schema\/logo\/image\/"}}]}},"_links":{"self":[{"href":"https:\/\/www.paysdesecrins.com\/nl\/wp-json\/wp\/v2\/pages\/45553","targetHints":{"allow":["GET"]}}],"collection":[{"href":"https:\/\/www.paysdesecrins.com\/nl\/wp-json\/wp\/v2\/pages"}],"about":[{"href":"https:\/\/www.paysdesecrins.com\/nl\/wp-json\/wp\/v2\/types\/page"}],"author":[{"embeddable":true,"href":"https:\/\/www.paysdesecrins.com\/nl\/wp-json\/wp\/v2\/users\/1"}],"replies":[{"embeddable":true,"href":"https:\/\/www.paysdesecrins.com\/nl\/wp-json\/wp\/v2\/comments?post=45553"}],"version-history":[{"count":0,"href":"https:\/\/www.paysdesecrins.com\/nl\/wp-json\/wp\/v2\/pages\/45553\/revisions"}],"wp:attachment":[{"href":"https:\/\/www.paysdesecrins.com\/nl\/wp-json\/wp\/v2\/media?parent=45553"}],"curies":[{"name":"wp","href":"https:\/\/api.w.org\/{rel}","templated":true}]}}