{"id":45798,"date":"2025-06-25T15:44:51","date_gmt":"2025-06-25T13:44:51","guid":{"rendered":"https:\/\/www.paysdesecrins.com\/mijn-buitenactiviteiten\/fiets\/"},"modified":"2025-08-06T16:58:55","modified_gmt":"2025-08-06T14:58:55","slug":"fiets","status":"publish","type":"page","link":"https:\/\/www.paysdesecrins.com\/nl\/mijn-buitenactiviteiten\/fiets\/","title":{"rendered":"Fiets"},"content":{"rendered":"    <div class=\"alignfull wp-block-ws-library-ws-header-interne\">\n\t    <div class=\"header-container\">\n\t        <div class=\"group-media has-image\">\n\t            \t                <img decoding=\"async\" src=\"https:\/\/www.paysdesecrins.com\/wp-content\/uploads\/2025\/07\/181velo-vtt-dsc04924-1920x800.jpg\" alt=\"\" class=\"image_large_square wp-image-21773\" \/>\n\t            \t        <\/div>\n\t        <div class=\"group-content\">\n\t            <div class=\"title\">\n\t                <h1>\n\t                    Fiets\t                    \t                <\/h1>\n\t            <\/div>\n\t        <\/div>\n\t    <\/div>\n\t    \n<div class=\"yoast-breadcrumbs\"><span><span><a href=\"https:\/\/www.paysdesecrins.com\/nl\/de-titel-van-het-huis\/\">Accueil<\/a><\/span>  <span><a href=\"https:\/\/www.paysdesecrins.com\/nl\/mijn-buitenactiviteiten\/\">Mijn buitenactiviteiten<\/a><\/span>  <span class=\"breadcrumb_last\" aria-current=\"page\">Fiets<\/span><\/span><\/div>\n    <\/div>\n    \n<div class=\"wp-block-ws-library-ws-title aligncenter is-style-simple\" data-season=\"allseasons\"><h2><em>Paden en stroming <\/em>Op weg naar 220 km vrijheid<\/h2><\/div>\n\n<p class=\"has-text-align-center\" data-season=\"allseasons\">Het Pays des \u00c9crins biedt een uitgebreid mountainbike- en e-mountainbikenetwerk van 220 km bewegwijzerde paden, verdeeld over 28 circuits die voor iedereen toegankelijk zijn: van zachte reli\u00ebfs tot meer aanhoudende hellingen, elk profiel vindt zijn speeltuin. Langs de valleien en bergkammen onthult de diversiteit van de landschappen lariksbossen, bloemrijke bergweiden en panorama&#8217;s van de gletsjers.   <\/p>\n\n<div class=\"wp-block-ws-library-ws-video\"><div class=\"wrapper\"><div class=\"group-media\">\n<figure class=\"wp-block-embed is-type-video is-provider-youtube wp-block-embed-youtube\"><div class=\"wp-block-embed__wrapper\">\n<iframe loading=\"lazy\" title=\"Le Pays des \u00c9crins \u00e0 v\u00e9lo\" width=\"500\" height=\"281\" src=\"https:\/\/www.youtube.com\/embed\/5uYyw6DtE-U?feature=oembed\" frameborder=\"0\" allow=\"accelerometer; autoplay; clipboard-write; encrypted-media; gyroscope; picture-in-picture; web-share\" referrerpolicy=\"strict-origin-when-cross-origin\" allowfullscreen><\/iframe>\n<\/div><\/figure>\n<\/div><\/div><\/div>\n\n<div class=\"wp-block-ws-library-ws-title aligncenter\" data-season=\"allseasons\"><h2><em>Drie valleien,<\/em> drie sferen<\/h2><\/div>\n\n<div class=\"wp-block-ws-library-ws-columns alignwide has-2-columns are-vertically-aligned-center layout-5050\" data-season=\"allseasons\">\n<div class=\"wp-block-ws-library-ws-column\"><div class=\"wrapper\">\n<div class=\"wp-block-ws-library-ws-image\"><div class=\"wrapper\"><div class=\"group-media\"><img decoding=\"async\" src=\"https:\/\/www.paysdesecrins.com\/wp-content\/uploads\/2025\/07\/dsc06732-960x640.jpg\" alt=\"\" class=\"single_image ws-image-29884\"><div class=\"credits\"><\/div><\/div><p class=\"caption\"><\/p><\/div><\/div>\n<\/div><\/div>\n\n\n\n<div class=\"wp-block-ws-library-ws-column\"><div class=\"wrapper\">\n<div class=\"wp-block-ws-library-ws-title\"><h3><em>Vallouise-Pelvoux<\/em> singletracks en balkonpaden<\/h3><\/div>\n\n\n\n<p class=\"has-text-align-left\">Rond Vallouise-Pelvoux doorkruisen de routes met het FFC-label kreupelhout en ravijnen, met hoogteverschillen tot 900 m. De routes vari\u00ebren van enkele kilometers voor initiatie tot langere lussen voor ervaren mountainbikers. <\/p>\n\n\n\n<div class=\"wp-block-ws-library-ws-button has-text-align-left\"><a href=\"https:\/\/rando.paysdesecrins.com\/search?practices=2\" class=\"wp-block-button__link wp-element-button btn\">  Alle mountainbike routes<\/a><\/div>\n<\/div><\/div>\n<\/div>\n\n<div class=\"wp-block-ws-library-ws-columns alignfull has-2-columns are-vertically-aligned-center layout-5050 is-style-background\" data-season=\"allseasons\">\n<div class=\"wp-block-ws-library-ws-column\"><div class=\"wrapper\">\n<div class=\"wp-block-ws-library-ws-title\"><h3><em>Puy Saint Vincent<\/em> Bikepark en Enduro mountainbike<\/h3><\/div>\n\n\n\n<p>Op een hoogte van 1.600 m biedt het Puy Saint Vincent Bike Park twee afneembare stoeltjesliften en zeven pistes voor alle niveaus. Van de groene die perfect is voor beginners tot de zwarte die gereserveerd is voor de meest ervaren, de modules van hout en wall-rides accentueren een bewaard gebleven omgeving, terwijl het hoogteverschil van 900 m zorgt voor aanhoudende afdalingen wanneer het resort open is, van juli tot eind augustus. <\/p>\n\n\n\n<div class=\"wp-block-ws-library-ws-button has-text-align-left\"><a href=\"https:\/\/www.puysaintvincent.com\" class=\"wp-block-button__link wp-element-button btn\">  Meer informatie +<\/a><\/div>\n<\/div><\/div>\n\n\n\n<div class=\"wp-block-ws-library-ws-column\"><div class=\"wrapper\">\n<div class=\"wp-block-ws-library-ws-image\"><div class=\"wrapper\"><div class=\"group-media\"><img decoding=\"async\" src=\"https:\/\/www.paysdesecrins.com\/wp-content\/uploads\/2025\/07\/18vtt-bike-park-psv-rogiervanrijn-960x640.jpg\" alt=\"\" class=\"single_image ws-image-21859\"><div class=\"credits\">Rogier VANRIJN<\/div><\/div><p class=\"caption\"><\/p><\/div><\/div>\n<\/div><\/div>\n<\/div>\n\n<div class=\"wp-block-ws-library-ws-columns alignwide has-2-columns are-vertically-aligned-center layout-5050\">\n<div class=\"wp-block-ws-library-ws-column\"><div class=\"wrapper\">\n<div class=\"wp-block-ws-library-ws-image\"><div class=\"wrapper\"><div class=\"group-media\"><img decoding=\"async\" src=\"https:\/\/www.paysdesecrins.com\/wp-content\/uploads\/2025\/07\/dsc08235-2-2-960x640.jpg\" alt=\"\" class=\"single_image ws-image-29920\"><div class=\"credits\"><\/div><\/div><p class=\"caption\"><\/p><\/div><\/div>\n<\/div><\/div>\n\n\n\n<div class=\"wp-block-ws-library-ws-column\"><div class=\"wrapper\">\n<div class=\"wp-block-ws-library-ws-title\"><h3><em>Freissini\u00e8res<\/em> , schaduwrijke lussen en rivieren<\/h3><\/div>\n\n\n\n<p>De paden rond Freissini\u00e8res bieden zes schaduwrijke lussen, tussen 6 en 22 km, ideaal bij warm weer. Deze routes slingeren langs beekjes en door bossen en weiden, met uitzicht op watervallen en traditionele gehuchten in de vallei. Hun speelse karakter maakt ze tot een avontuurlijke speeltuin voor mountainbikers die op zoek zijn naar een rustige ontsnapping.  <\/p>\n\n\n\n<div class=\"wp-block-ws-library-ws-button has-text-align-left\"><a href=\"https:\/\/rando.paysdesecrins.com\/search?practices=2\" class=\"wp-block-button__link wp-element-button btn\">  Alle mountainbike routes<\/a><\/div>\n<\/div><\/div>\n<\/div>\n\n<div class=\"wp-block-ws-library-ws-title aligncenter\" data-season=\"allseasons\"><h3><em><br><\/em><br><em>De grote ronde van de \u00c9crins<\/em> Zwerven over lange afstanden<\/h3><\/div>\n\n<p class=\"has-text-align-center\" data-season=\"allseasons\">Voor de liefhebbers van rondreizen is de Grand Tour des \u00c9crins een Grande Travers\u00e9e VTT-FFC van bijna 388 km over 11 dagen. Deze ambitieuze route gaat rond de zeven perifere valleien van het nationale park, afwisselend langs passen, wilde valleien en uitzichten op de toppen met als hoogtepunt meer dan 4.000 m. <\/p>\n\n<div class=\"wp-block-ws-library-ws-slider alignwide\"><div class=\"splide\" data-splide=\"{\"type\":\"slide\",\"heightRatio\":\"auto\",\"perPage\":4,\"perMove\":1,\"drag\":true,\"pagination\":0,\"autoplay\":false,\"gap\":\"15px\",\"breakpoints\":{\"450\":{\"perPage\":1},\"768\":{\"perPage\":2},\"992\":{\"perPage\":3},\"1200\":{\"perPage\":4}}}\"><div class=\"splide__track\"><div class=\"splide__list\"><div class=\"splide__slide\"><a href=\"https:\/\/www.paysdesecrins.com\/wp-content\/uploads\/2025\/07\/18vtt-bike-park-psv-rogiervanrijn-scaled.jpg\" data-glightbox=\"true\" class=\"lightbox-trigger\"><img decoding=\"async\" src=\"https:\/\/www.paysdesecrins.com\/wp-content\/uploads\/2025\/07\/18vtt-bike-park-psv-rogiervanrijn-400x400.jpg\" alt=\"\"><\/a><\/div><div class=\"splide__slide\"><a href=\"https:\/\/www.paysdesecrins.com\/wp-content\/uploads\/2025\/07\/18veloderoute-dsc00820-1-400x400.jpg\" data-glightbox=\"true\" class=\"lightbox-trigger\"><img decoding=\"async\" src=\"https:\/\/www.paysdesecrins.com\/wp-content\/uploads\/2025\/07\/18veloderoute-dsc00820-1-400x400.jpg\" alt=\"\"><\/a><\/div><div class=\"splide__slide\"><a href=\"https:\/\/www.paysdesecrins.com\/wp-content\/uploads\/2025\/07\/18veloderoute-dsc00234-400x400.jpg\" data-glightbox=\"true\" class=\"lightbox-trigger\"><img decoding=\"async\" src=\"https:\/\/www.paysdesecrins.com\/wp-content\/uploads\/2025\/07\/18veloderoute-dsc00234-400x400.jpg\" alt=\"\"><\/a><\/div><div class=\"splide__slide\"><a href=\"https:\/\/www.paysdesecrins.com\/wp-content\/uploads\/2025\/07\/18vtt-vtt-geotrek-parcours-17-2jp-scaled.jpg\" data-glightbox=\"true\" class=\"lightbox-trigger\"><img decoding=\"async\" src=\"https:\/\/www.paysdesecrins.com\/wp-content\/uploads\/2025\/07\/18vtt-vtt-geotrek-parcours-17-2jp-400x400.jpg\" alt=\"\"><\/a><\/div><div class=\"splide__slide\"><a href=\"https:\/\/www.paysdesecrins.com\/wp-content\/uploads\/2025\/07\/18microaventureoutdoor-dsc09621-scaled.jpg\" data-glightbox=\"true\" class=\"lightbox-trigger\"><img decoding=\"async\" src=\"https:\/\/www.paysdesecrins.com\/wp-content\/uploads\/2025\/07\/18microaventureoutdoor-dsc09621-400x400.jpg\" alt=\"\"><\/a><\/div><div class=\"splide__slide\"><a href=\"https:\/\/www.paysdesecrins.com\/wp-content\/uploads\/2025\/07\/18microaventureoutdoor-dsc04993-2-scaled.jpg\" data-glightbox=\"true\" class=\"lightbox-trigger\"><img decoding=\"async\" src=\"https:\/\/www.paysdesecrins.com\/wp-content\/uploads\/2025\/07\/18microaventureoutdoor-dsc04993-2-400x400.jpg\" alt=\"\"><\/a><\/div><div class=\"splide__slide\"><a href=\"https:\/\/www.paysdesecrins.com\/wp-content\/uploads\/2025\/07\/181vtt-bike-park-amp-vtt-lac-du-thibautblais-scaled.jpg\" data-glightbox=\"true\" class=\"lightbox-trigger\"><img decoding=\"async\" src=\"https:\/\/www.paysdesecrins.com\/wp-content\/uploads\/2025\/07\/181vtt-bike-park-amp-vtt-lac-du-thibautblais-400x400.jpg\" alt=\"\"><\/a><\/div><\/div><\/div><\/div><\/div>\n\n<div class=\"wp-block-ws-library-ws-title\"><h2><em>Boek uw uitje<\/em> Aanbieders van mountainbike-services<\/h2><\/div>\n\n<p class=\"has-text-align-center\" data-season=\"winter\">Klaar om op je mountainbike of e-MTB te stappen? Plan uw volgende uitje op twee wielen met een van onze dienstverleners! <\/p>\n<div id=\"listing_04ec6\" data-observer-wishlist data-attributes='listing-avance {\"selectedSelectionIds\":[\"188520\"],\"defaultImage\":\"https:\\\/\\\/www.paysdesecrins.com\\\/wp-content\\\/uploads\\\/2025\\\/06\\\/paysdesecrins.png\",\"showMap\":true,\"isPaginated\":true,\"perPage\":3,\"isPortrait\":false,\"isImageContain\":false,\"showCommune\":true,\"selectedFacets\":[],\"sortOrder\":\"random\",\"showType\":false,\"columnsCount\":\"2-3-3\",\"showActiveFacets\":false,\"showGeolocalisation\":false,\"isLimited\":false,\"season\":\"\",\"align\":\"wide\"}' class=\"ws-listing wp-block-ws-apidae-library-listing-avance alignwide\" data-map-id=\"map_04ec6\" data-locations-id=\"locations-data_04ec6\"><div class=\"listing-header\"><div class=\"toggle-container\"><button class=\"btn toggle-btn toggle-list\" data-target=\"list\">Lijst<\/button><button class=\"btn toggle-btn toggle-map\" data-target=\"map\">Kaart<\/button><button class=\"btn toggle-btn toggle-fulllist\" data-target=\"fulllist\" data-reverse=\"Toon kaart\">Verberg de kaart<\/button><\/div><\/div><div class=\"facetwp-template\"><div class=\"list-container active\"><div class=\"list-items\"><div class=\"item\" data-season=\"all-seasons\"><div class=\"card card-apidae card-avance\"><div class=\"group-actions\"><ws-wishlist data-type=\"flag\" data-action=\"add\" data-wish-id=\"643560\" data-wish-type=\"apidae\"><\/ws-wishlist><\/div><div class=\"group-media\"><div class=\"field-image\"><img decoding=\"async\" src=\"https:\/\/images.weserv.nl\/?url=https:\/\/static.apidae-tourisme.com\/filestore\/objets-touristiques\/images\/175\/205\/2149807-diaporama.jpg&#038;w=350&#038;h=350&#038;fit=cover&#038;output=webp&#038;q=45\" alt=\"Alpes Aventure\"\/><\/div><\/div><div class=\"group-top\"><div class=\"field-commune\">L&#039;Argenti\u00e8re-la-Bess\u00e9e<\/div><ws-apidae-from-price data-apidae-id=\"643560\" ><\/ws-apidae-from-price><\/div><div class=\"group-content\"><div class=\"field-title\">Alpes Aventure<\/div><\/div><div class=\"field-link\" role=\"group\" aria-label=\"Lien vers le contenu\"><a href=\"https:\/\/www.paysdesecrins.com\/nl\/fiche\/alpes-aventure-5\/\" class=\"cardlink\" title=\"Lire plus : Alpes Aventure\" lang=\"nl_NL\">Alpes Aventure<\/a><\/div><\/div><\/div><div class=\"item\" data-season=\"all-seasons\"><div class=\"card card-apidae card-avance\"><div class=\"group-actions\"><ws-wishlist data-type=\"flag\" data-action=\"add\" data-wish-id=\"581835\" data-wish-type=\"apidae\"><\/ws-wishlist><\/div><div class=\"group-media\"><div class=\"field-image\"><img decoding=\"async\" src=\"https:\/\/images.weserv.nl\/?url=https:\/\/static.apidae-tourisme.com\/filestore\/objets-touristiques\/images\/220\/167\/698332-diaporama.jpg&#038;w=350&#038;h=350&#038;fit=cover&#038;output=webp&#038;q=45\" alt=\"Tiki Bike Centre de V\u00e9lo du pays des Ecrins\"\/><\/div><\/div><div class=\"group-top\"><div class=\"field-commune\">Vallouise-Pelvoux<\/div><ws-apidae-from-price data-apidae-id=\"581835\" ><\/ws-apidae-from-price><\/div><div class=\"group-content\"><div class=\"field-title\">Tiki Bike Centre de V\u00e9lo du pays des Ecrins<\/div><\/div><div class=\"field-link\" role=\"group\" aria-label=\"Lien vers le contenu\"><a href=\"https:\/\/www.paysdesecrins.com\/nl\/fiche\/tiki-bike-centre-de-velo-du-pays-des-ecrins-5\/\" class=\"cardlink\" title=\"Lire plus : Tiki Bike Centre de V\u00e9lo du pays des Ecrins\" lang=\"nl_NL\">Tiki Bike Centre de V\u00e9lo du pays des Ecrins<\/a><\/div><\/div><\/div><div class=\"item\" data-season=\"all-seasons\"><div class=\"card card-apidae card-avance\"><div class=\"group-actions\"><ws-wishlist data-type=\"flag\" data-action=\"add\" data-wish-id=\"704131\" data-wish-type=\"apidae\"><\/ws-wishlist><\/div><div class=\"group-media\"><div class=\"field-image\"><img decoding=\"async\" src=\"https:\/\/images.weserv.nl\/?url=https:\/\/static.apidae-tourisme.com\/filestore\/objets-touristiques\/images\/223\/71\/3622879-diaporama.jpg&#038;w=350&#038;h=350&#038;fit=cover&#038;output=webp&#038;q=45\" alt=\"Local V\u00e9lo \u2013 Puy Saint Vincent\"\/><\/div><\/div><div class=\"group-top\"><div class=\"field-commune\">Puy-Saint-Vincent<\/div><ws-apidae-from-price data-apidae-id=\"704131\" ><\/ws-apidae-from-price><\/div><div class=\"group-content\"><div class=\"field-title\">Local V\u00e9lo \u2013 Puy Saint Vincent<\/div><\/div><div class=\"field-link\" role=\"group\" aria-label=\"Lien vers le contenu\"><a href=\"https:\/\/www.paysdesecrins.com\/nl\/fiche\/local-velo-puy-saint-vincent-3\/\" class=\"cardlink\" title=\"Lire plus : Local V\u00e9lo \u2013 Puy Saint Vincent\" lang=\"nl_NL\">Local V\u00e9lo \u2013 Puy Saint Vincent<\/a><\/div><\/div><\/div><div class=\"item\" data-season=\"all-seasons\"><div class=\"card card-apidae card-avance\"><div class=\"group-actions\"><ws-wishlist data-type=\"flag\" data-action=\"add\" data-wish-id=\"642806\" data-wish-type=\"apidae\"><\/ws-wishlist><\/div><div class=\"group-media\"><div class=\"field-image\"><img decoding=\"async\" src=\"https:\/\/images.weserv.nl\/?url=https:\/\/static.apidae-tourisme.com\/filestore\/objets-touristiques\/images\/160\/205\/2149792-diaporama.jpg&#038;w=350&#038;h=350&#038;fit=cover&#038;output=webp&#038;q=45\" alt=\"Guillaume CHRISTIAN\"\/><\/div><\/div><div class=\"group-top\"><div class=\"field-commune\">L&#039;Argenti\u00e8re-la-Bess\u00e9e<\/div><ws-apidae-from-price data-apidae-id=\"642806\" ><\/ws-apidae-from-price><\/div><div class=\"group-content\"><div class=\"field-title\">Guillaume CHRISTIAN<\/div><\/div><div class=\"field-link\" role=\"group\" aria-label=\"Lien vers le contenu\"><a href=\"https:\/\/www.paysdesecrins.com\/nl\/fiche\/guillaume-christian-5\/\" class=\"cardlink\" title=\"Lire plus : Guillaume CHRISTIAN\" lang=\"nl_NL\">Guillaume CHRISTIAN<\/a><\/div><\/div><\/div><div class=\"item\" data-season=\"all-seasons\"><div class=\"card card-apidae card-avance\"><div class=\"group-actions\"><ws-wishlist data-type=\"flag\" data-action=\"add\" data-wish-id=\"579660\" data-wish-type=\"apidae\"><\/ws-wishlist><\/div><div class=\"group-media\"><div class=\"field-image\"><img decoding=\"async\" src=\"https:\/\/images.weserv.nl\/?url=https:\/\/static.apidae-tourisme.com\/filestore\/objets-touristiques\/images\/112\/113\/684400-diaporama.jpg&#038;w=350&#038;h=350&#038;fit=cover&#038;output=webp&#038;q=45\" alt=\"VTT &#8221; Vallouise Free Bike&#8221;\"\/><\/div><\/div><div class=\"group-top\"><div class=\"field-commune\">Vallouise-Pelvoux<\/div><ws-apidae-from-price data-apidae-id=\"579660\" ><\/ws-apidae-from-price><\/div><div class=\"group-content\"><div class=\"field-title\">VTT &#8221; Vallouise Free Bike&#8221;<\/div><\/div><div class=\"field-link\" role=\"group\" aria-label=\"Lien vers le contenu\"><a href=\"https:\/\/www.paysdesecrins.com\/nl\/fiche\/vtt-vallouise-free-bike-4\/\" class=\"cardlink\" title=\"Lire plus : VTT &#8221; Vallouise Free Bike&#8221;\" lang=\"nl_NL\">VTT &#8221; Vallouise Free Bike&#8221;<\/a><\/div><\/div><\/div><div class=\"item\" data-season=\"all-seasons\"><div class=\"card card-apidae card-avance\"><div class=\"group-actions\"><ws-wishlist data-type=\"flag\" data-action=\"add\" data-wish-id=\"5940808\" data-wish-type=\"apidae\"><\/ws-wishlist><\/div><div class=\"group-media\"><div class=\"field-image\"><img decoding=\"async\" src=\"https:\/\/images.weserv.nl\/?url=https:\/\/static.apidae-tourisme.com\/filestore\/objets-touristiques\/images\/92\/20\/13243484-diaporama.jpg&#038;w=350&#038;h=350&#038;fit=cover&#038;output=webp&#038;q=45\" alt=\"Watogla Adventures\"\/><\/div><\/div><div class=\"group-top\"><div class=\"field-book\">Online te reserveren<\/div><div class=\"field-commune\">Vallouise-Pelvoux<\/div><ws-apidae-from-price data-apidae-id=\"5940808\" ><\/ws-apidae-from-price><\/div><div class=\"group-content\"><div class=\"field-title\">Watogla Adventures<\/div><\/div><div class=\"field-link\" role=\"group\" aria-label=\"Lien vers le contenu\"><a href=\"https:\/\/www.paysdesecrins.com\/nl\/fiche\/watogla-adventures-5\/\" class=\"cardlink\" title=\"Lire plus : Watogla Adventures\" lang=\"nl_NL\">Watogla Adventures<\/a><\/div><\/div><\/div><div class=\"item\" data-season=\"all-seasons\"><div class=\"card card-apidae card-avance\"><div class=\"group-actions\"><ws-wishlist data-type=\"flag\" data-action=\"add\" data-wish-id=\"7220754\" data-wish-type=\"apidae\"><\/ws-wishlist><\/div><div class=\"group-media\"><div class=\"field-image\"><img decoding=\"async\" src=\"https:\/\/images.weserv.nl\/?url=https:\/\/static.apidae-tourisme.com\/filestore\/objets-touristiques\/images\/112\/205\/28364144-diaporama.jpg&#038;w=350&#038;h=350&#038;fit=cover&#038;output=webp&#038;q=45\" alt=\"Cycl&#8217;eau Aventure\"\/><\/div><\/div><div class=\"group-top\"><div class=\"field-commune\">L&#039;Argenti\u00e8re-la-Bess\u00e9e<\/div><ws-apidae-from-price data-apidae-id=\"7220754\" ><\/ws-apidae-from-price><\/div><div class=\"group-content\"><div class=\"field-title\">Cycl&#8217;eau Aventure<\/div><\/div><div class=\"field-link\" role=\"group\" aria-label=\"Lien vers le contenu\"><a href=\"https:\/\/www.paysdesecrins.com\/nl\/fiche\/cycleau-aventure-5\/\" class=\"cardlink\" title=\"Lire plus : Cycl&#8217;eau Aventure\" lang=\"nl_NL\">Cycl&#8217;eau Aventure<\/a><\/div><\/div><\/div><div id=\"locations-data_04ec6\" style=\"display: none;\">{&quot;locations&quot;:[{&quot;lat&quot;:&quot;44.793939&quot;,&quot;lng&quot;:&quot;6.557773&quot;,&quot;title&quot;:&quot;Alpes Aventure&quot;,&quot;permalink&quot;:&quot;https:\\\/\\\/www.paysdesecrins.com\\\/nl\\\/fiche\\\/alpes-aventure-5\\\/&quot;,&quot;type&quot;:&quot;commerce_et_service&quot;,&quot;commune&quot;:&quot;L&#039;Argenti\\u00e8re-la-Bess\\u00e9e&quot;,&quot;type_commerce&quot;:&quot;&quot;,&quot;image&quot;:&quot;https:\\\/\\\/static.apidae-tourisme.com\\\/filestore\\\/objets-touristiques\\\/images\\\/175\\\/205\\\/2149807-diaporama.jpg&quot;,&quot;image_width&quot;:&quot;350&quot;,&quot;image_height&quot;:&quot;350&quot;,&quot;image_fit&quot;:&quot;cover&quot;},{&quot;lat&quot;:&quot;44.839949&quot;,&quot;lng&quot;:&quot;6.494684&quot;,&quot;title&quot;:&quot;Tiki Bike Centre de V\\u00e9lo du pays des Ecrins&quot;,&quot;permalink&quot;:&quot;https:\\\/\\\/www.paysdesecrins.com\\\/nl\\\/fiche\\\/tiki-bike-centre-de-velo-du-pays-des-ecrins-5\\\/&quot;,&quot;type&quot;:&quot;commerce_et_service&quot;,&quot;commune&quot;:&quot;Vallouise-Pelvoux&quot;,&quot;type_commerce&quot;:&quot;&quot;,&quot;image&quot;:&quot;https:\\\/\\\/static.apidae-tourisme.com\\\/filestore\\\/objets-touristiques\\\/images\\\/220\\\/167\\\/698332-diaporama.jpg&quot;,&quot;image_width&quot;:&quot;350&quot;,&quot;image_height&quot;:&quot;350&quot;,&quot;image_fit&quot;:&quot;cover&quot;},{&quot;lat&quot;:&quot;44.826953&quot;,&quot;lng&quot;:&quot;6.497147&quot;,&quot;title&quot;:&quot;Local V\\u00e9lo \\u2013 Puy Saint Vincent&quot;,&quot;permalink&quot;:&quot;https:\\\/\\\/www.paysdesecrins.com\\\/nl\\\/fiche\\\/local-velo-puy-saint-vincent-3\\\/&quot;,&quot;type&quot;:&quot;commerce_et_service&quot;,&quot;commune&quot;:&quot;Puy-Saint-Vincent&quot;,&quot;type_commerce&quot;:&quot;&quot;,&quot;image&quot;:&quot;https:\\\/\\\/static.apidae-tourisme.com\\\/filestore\\\/objets-touristiques\\\/images\\\/223\\\/71\\\/3622879-diaporama.jpg&quot;,&quot;image_width&quot;:&quot;350&quot;,&quot;image_height&quot;:&quot;350&quot;,&quot;image_fit&quot;:&quot;cover&quot;},{&quot;lat&quot;:&quot;44.793939&quot;,&quot;lng&quot;:&quot;6.557773&quot;,&quot;title&quot;:&quot;Guillaume CHRISTIAN&quot;,&quot;permalink&quot;:&quot;https:\\\/\\\/www.paysdesecrins.com\\\/nl\\\/fiche\\\/guillaume-christian-5\\\/&quot;,&quot;type&quot;:&quot;commerce_et_service&quot;,&quot;commune&quot;:&quot;L&#039;Argenti\\u00e8re-la-Bess\\u00e9e&quot;,&quot;type_commerce&quot;:&quot;&quot;,&quot;image&quot;:&quot;https:\\\/\\\/static.apidae-tourisme.com\\\/filestore\\\/objets-touristiques\\\/images\\\/160\\\/205\\\/2149792-diaporama.jpg&quot;,&quot;image_width&quot;:&quot;350&quot;,&quot;image_height&quot;:&quot;350&quot;,&quot;image_fit&quot;:&quot;cover&quot;},{&quot;lat&quot;:&quot;44.846704&quot;,&quot;lng&quot;:&quot;6.488418&quot;,&quot;title&quot;:&quot;VTT &#8221; Vallouise Free Bike&#8221;&quot;,&quot;permalink&quot;:&quot;https:\\\/\\\/www.paysdesecrins.com\\\/nl\\\/fiche\\\/vtt-vallouise-free-bike-4\\\/&quot;,&quot;type&quot;:&quot;commerce_et_service&quot;,&quot;commune&quot;:&quot;Vallouise-Pelvoux&quot;,&quot;type_commerce&quot;:&quot;&quot;,&quot;image&quot;:&quot;https:\\\/\\\/static.apidae-tourisme.com\\\/filestore\\\/objets-touristiques\\\/images\\\/112\\\/113\\\/684400-diaporama.jpg&quot;,&quot;image_width&quot;:&quot;350&quot;,&quot;image_height&quot;:&quot;350&quot;,&quot;image_fit&quot;:&quot;cover&quot;},{&quot;lat&quot;:&quot;44.846532&quot;,&quot;lng&quot;:&quot;6.48816&quot;,&quot;title&quot;:&quot;Watogla Adventures&quot;,&quot;permalink&quot;:&quot;https:\\\/\\\/www.paysdesecrins.com\\\/nl\\\/fiche\\\/watogla-adventures-5\\\/&quot;,&quot;type&quot;:&quot;commerce_et_service&quot;,&quot;commune&quot;:&quot;Vallouise-Pelvoux&quot;,&quot;type_commerce&quot;:&quot;&quot;,&quot;image&quot;:&quot;https:\\\/\\\/static.apidae-tourisme.com\\\/filestore\\\/objets-touristiques\\\/images\\\/92\\\/20\\\/13243484-diaporama.jpg&quot;,&quot;image_width&quot;:&quot;350&quot;,&quot;image_height&quot;:&quot;350&quot;,&quot;image_fit&quot;:&quot;cover&quot;},{&quot;lat&quot;:&quot;44.790347&quot;,&quot;lng&quot;:&quot;6.557874&quot;,&quot;title&quot;:&quot;Cycl&#8217;eau Aventure&quot;,&quot;permalink&quot;:&quot;https:\\\/\\\/www.paysdesecrins.com\\\/nl\\\/fiche\\\/cycleau-aventure-5\\\/&quot;,&quot;type&quot;:&quot;commerce_et_service&quot;,&quot;commune&quot;:&quot;L&#039;Argenti\\u00e8re-la-Bess\\u00e9e&quot;,&quot;type_commerce&quot;:&quot;&quot;,&quot;image&quot;:&quot;https:\\\/\\\/static.apidae-tourisme.com\\\/filestore\\\/objets-touristiques\\\/images\\\/112\\\/205\\\/28364144-diaporama.jpg&quot;,&quot;image_width&quot;:&quot;350&quot;,&quot;image_height&quot;:&quot;350&quot;,&quot;image_fit&quot;:&quot;cover&quot;}],&quot;center_lat&quot;:&quot;44.793939&quot;,&quot;center_lng&quot;:&quot;6.557773&quot;}<\/div><\/div><\/div><\/div><div class=\"map-marker\"><div id=\"map_04ec6\" class=\"map-container\" style=\"width: 100%; height: 450px;\"><\/div><\/div><\/div>\n<div class=\"wp-block-ws-library-ws-share\"><span class=\"share-subtitle\">Vond je deze pagina leuk?<\/span><span class=\"share-title\">Deel het!<\/span><button class=\"ws-share-button wp-element-button\">Deel deze pagina<\/button><\/div>\n","protected":false},"excerpt":{"rendered":"<p>Het Pays des \u00c9crins biedt een uitgebreid mountainbike- en e-mountainbikenetwerk van 220 km bewegwijzerde paden, verdeeld over 28 circuits die [&hellip;]<\/p>\n","protected":false},"author":1,"featured_media":42511,"parent":44554,"menu_order":0,"comment_status":"closed","ping_status":"closed","template":"","meta":{"_thumbnail_id_2":0,"summer_excerpt":"","season":"","station":"","footnotes":""},"class_list":["post-45798","page","type-page","status-publish","has-post-thumbnail","hentry"],"yoast_head":"<!-- This site is optimized with the Yoast SEO plugin v27.3 - https:\/\/yoast.com\/product\/yoast-seo-wordpress\/ -->\n<title>Fiets - Pays des \u00c9crins - Office de Tourisme<\/title>\n<meta name=\"robots\" content=\"index, follow, max-snippet:-1, max-image-preview:large, max-video-preview:-1\" \/>\n<link rel=\"canonical\" href=\"https:\/\/www.paysdesecrins.com\/nl\/mijn-buitenactiviteiten\/fiets\/\" \/>\n<meta property=\"og:locale\" content=\"nl_NL\" \/>\n<meta property=\"og:type\" content=\"article\" \/>\n<meta property=\"og:title\" content=\"Fiets - Pays des \u00c9crins - Office de Tourisme\" \/>\n<meta property=\"og:description\" content=\"Het Pays des \u00c9crins biedt een uitgebreid mountainbike- en e-mountainbikenetwerk van 220 km bewegwijzerde paden, verdeeld over 28 circuits die [&hellip;]\" \/>\n<meta property=\"og:url\" content=\"https:\/\/www.paysdesecrins.com\/nl\/mijn-buitenactiviteiten\/fiets\/\" \/>\n<meta property=\"og:site_name\" content=\"Pays des \u00c9crins - Office de Tourisme\" \/>\n<meta property=\"article:modified_time\" content=\"2025-08-06T14:58:55+00:00\" \/>\n<meta property=\"og:image\" content=\"https:\/\/www.paysdesecrins.com\/wp-content\/uploads\/2025\/07\/dsc03189-scaled.jpg\" \/>\n\t<meta property=\"og:image:width\" content=\"2560\" \/>\n\t<meta property=\"og:image:height\" content=\"1707\" \/>\n\t<meta property=\"og:image:type\" content=\"image\/jpeg\" \/>\n<meta name=\"twitter:card\" content=\"summary_large_image\" \/>\n<meta name=\"twitter:label1\" content=\"Geschatte leestijd\" \/>\n\t<meta name=\"twitter:data1\" content=\"2 minuten\" \/>\n<script type=\"application\/ld+json\" class=\"yoast-schema-graph\">{\"@context\":\"https:\\\/\\\/schema.org\",\"@graph\":[{\"@type\":\"WebPage\",\"@id\":\"https:\\\/\\\/www.paysdesecrins.com\\\/nl\\\/mijn-buitenactiviteiten\\\/fiets\\\/\",\"url\":\"https:\\\/\\\/www.paysdesecrins.com\\\/nl\\\/mijn-buitenactiviteiten\\\/fiets\\\/\",\"name\":\"Fiets - Pays des \u00c9crins - Office de Tourisme\",\"isPartOf\":{\"@id\":\"https:\\\/\\\/www.paysdesecrins.com\\\/nl\\\/#website\"},\"primaryImageOfPage\":{\"@id\":\"https:\\\/\\\/www.paysdesecrins.com\\\/nl\\\/mijn-buitenactiviteiten\\\/fiets\\\/#primaryimage\"},\"image\":{\"@id\":\"https:\\\/\\\/www.paysdesecrins.com\\\/nl\\\/mijn-buitenactiviteiten\\\/fiets\\\/#primaryimage\"},\"thumbnailUrl\":\"https:\\\/\\\/www.paysdesecrins.com\\\/wp-content\\\/uploads\\\/2025\\\/07\\\/dsc03189-scaled.jpg\",\"datePublished\":\"2025-06-25T13:44:51+00:00\",\"dateModified\":\"2025-08-06T14:58:55+00:00\",\"breadcrumb\":{\"@id\":\"https:\\\/\\\/www.paysdesecrins.com\\\/nl\\\/mijn-buitenactiviteiten\\\/fiets\\\/#breadcrumb\"},\"inLanguage\":\"nl-NL\",\"potentialAction\":[{\"@type\":\"ReadAction\",\"target\":[\"https:\\\/\\\/www.paysdesecrins.com\\\/nl\\\/mijn-buitenactiviteiten\\\/fiets\\\/\"]}]},{\"@type\":\"ImageObject\",\"inLanguage\":\"nl-NL\",\"@id\":\"https:\\\/\\\/www.paysdesecrins.com\\\/nl\\\/mijn-buitenactiviteiten\\\/fiets\\\/#primaryimage\",\"url\":\"https:\\\/\\\/www.paysdesecrins.com\\\/wp-content\\\/uploads\\\/2025\\\/07\\\/dsc03189-scaled.jpg\",\"contentUrl\":\"https:\\\/\\\/www.paysdesecrins.com\\\/wp-content\\\/uploads\\\/2025\\\/07\\\/dsc03189-scaled.jpg\",\"width\":2560,\"height\":1707},{\"@type\":\"BreadcrumbList\",\"@id\":\"https:\\\/\\\/www.paysdesecrins.com\\\/nl\\\/mijn-buitenactiviteiten\\\/fiets\\\/#breadcrumb\",\"itemListElement\":[{\"@type\":\"ListItem\",\"position\":1,\"name\":\"Accueil\",\"item\":\"https:\\\/\\\/www.paysdesecrins.com\\\/nl\\\/de-titel-van-het-huis\\\/\"},{\"@type\":\"ListItem\",\"position\":2,\"name\":\"Mijn buitenactiviteiten\",\"item\":\"https:\\\/\\\/www.paysdesecrins.com\\\/nl\\\/mijn-buitenactiviteiten\\\/\"},{\"@type\":\"ListItem\",\"position\":3,\"name\":\"Fiets\"}]},{\"@type\":\"WebSite\",\"@id\":\"https:\\\/\\\/www.paysdesecrins.com\\\/nl\\\/#website\",\"url\":\"https:\\\/\\\/www.paysdesecrins.com\\\/nl\\\/\",\"name\":\"Pays des \u00c9crins - Office de Tourisme\",\"description\":\"L&#039;esprit montagne\",\"publisher\":{\"@id\":\"https:\\\/\\\/www.paysdesecrins.com\\\/nl\\\/#organization\"},\"potentialAction\":[{\"@type\":\"SearchAction\",\"target\":{\"@type\":\"EntryPoint\",\"urlTemplate\":\"https:\\\/\\\/www.paysdesecrins.com\\\/nl\\\/?s={search_term_string}\"},\"query-input\":{\"@type\":\"PropertyValueSpecification\",\"valueRequired\":true,\"valueName\":\"search_term_string\"}}],\"inLanguage\":\"nl-NL\"},{\"@type\":\"Organization\",\"@id\":\"https:\\\/\\\/www.paysdesecrins.com\\\/nl\\\/#organization\",\"name\":\"Pays des \u00c9crins - Office de Tourisme\",\"url\":\"https:\\\/\\\/www.paysdesecrins.com\\\/nl\\\/\",\"logo\":{\"@type\":\"ImageObject\",\"inLanguage\":\"nl-NL\",\"@id\":\"https:\\\/\\\/www.paysdesecrins.com\\\/nl\\\/#\\\/schema\\\/logo\\\/image\\\/\",\"url\":\"https:\\\/\\\/www.paysdesecrins.com\\\/wp-content\\\/uploads\\\/2025\\\/06\\\/devina-svg-1750845694.svg\",\"contentUrl\":\"https:\\\/\\\/www.paysdesecrins.com\\\/wp-content\\\/uploads\\\/2025\\\/06\\\/devina-svg-1750845694.svg\",\"caption\":\"Pays des \u00c9crins - Office de Tourisme\"},\"image\":{\"@id\":\"https:\\\/\\\/www.paysdesecrins.com\\\/nl\\\/#\\\/schema\\\/logo\\\/image\\\/\"}}]}<\/script>\n<!-- \/ Yoast SEO plugin. -->","yoast_head_json":{"title":"Fiets - Pays des \u00c9crins - Office de Tourisme","robots":{"index":"index","follow":"follow","max-snippet":"max-snippet:-1","max-image-preview":"max-image-preview:large","max-video-preview":"max-video-preview:-1"},"canonical":"https:\/\/www.paysdesecrins.com\/nl\/mijn-buitenactiviteiten\/fiets\/","og_locale":"nl_NL","og_type":"article","og_title":"Fiets - Pays des \u00c9crins - Office de Tourisme","og_description":"Het Pays des \u00c9crins biedt een uitgebreid mountainbike- en e-mountainbikenetwerk van 220 km bewegwijzerde paden, verdeeld over 28 circuits die [&hellip;]","og_url":"https:\/\/www.paysdesecrins.com\/nl\/mijn-buitenactiviteiten\/fiets\/","og_site_name":"Pays des \u00c9crins - Office de Tourisme","article_modified_time":"2025-08-06T14:58:55+00:00","og_image":[{"width":2560,"height":1707,"url":"https:\/\/www.paysdesecrins.com\/wp-content\/uploads\/2025\/07\/dsc03189-scaled.jpg","type":"image\/jpeg"}],"twitter_card":"summary_large_image","twitter_misc":{"Geschatte leestijd":"2 minuten"},"schema":{"@context":"https:\/\/schema.org","@graph":[{"@type":"WebPage","@id":"https:\/\/www.paysdesecrins.com\/nl\/mijn-buitenactiviteiten\/fiets\/","url":"https:\/\/www.paysdesecrins.com\/nl\/mijn-buitenactiviteiten\/fiets\/","name":"Fiets - Pays des \u00c9crins - Office de Tourisme","isPartOf":{"@id":"https:\/\/www.paysdesecrins.com\/nl\/#website"},"primaryImageOfPage":{"@id":"https:\/\/www.paysdesecrins.com\/nl\/mijn-buitenactiviteiten\/fiets\/#primaryimage"},"image":{"@id":"https:\/\/www.paysdesecrins.com\/nl\/mijn-buitenactiviteiten\/fiets\/#primaryimage"},"thumbnailUrl":"https:\/\/www.paysdesecrins.com\/wp-content\/uploads\/2025\/07\/dsc03189-scaled.jpg","datePublished":"2025-06-25T13:44:51+00:00","dateModified":"2025-08-06T14:58:55+00:00","breadcrumb":{"@id":"https:\/\/www.paysdesecrins.com\/nl\/mijn-buitenactiviteiten\/fiets\/#breadcrumb"},"inLanguage":"nl-NL","potentialAction":[{"@type":"ReadAction","target":["https:\/\/www.paysdesecrins.com\/nl\/mijn-buitenactiviteiten\/fiets\/"]}]},{"@type":"ImageObject","inLanguage":"nl-NL","@id":"https:\/\/www.paysdesecrins.com\/nl\/mijn-buitenactiviteiten\/fiets\/#primaryimage","url":"https:\/\/www.paysdesecrins.com\/wp-content\/uploads\/2025\/07\/dsc03189-scaled.jpg","contentUrl":"https:\/\/www.paysdesecrins.com\/wp-content\/uploads\/2025\/07\/dsc03189-scaled.jpg","width":2560,"height":1707},{"@type":"BreadcrumbList","@id":"https:\/\/www.paysdesecrins.com\/nl\/mijn-buitenactiviteiten\/fiets\/#breadcrumb","itemListElement":[{"@type":"ListItem","position":1,"name":"Accueil","item":"https:\/\/www.paysdesecrins.com\/nl\/de-titel-van-het-huis\/"},{"@type":"ListItem","position":2,"name":"Mijn buitenactiviteiten","item":"https:\/\/www.paysdesecrins.com\/nl\/mijn-buitenactiviteiten\/"},{"@type":"ListItem","position":3,"name":"Fiets"}]},{"@type":"WebSite","@id":"https:\/\/www.paysdesecrins.com\/nl\/#website","url":"https:\/\/www.paysdesecrins.com\/nl\/","name":"Pays des \u00c9crins - Office de Tourisme","description":"L&#039;esprit montagne","publisher":{"@id":"https:\/\/www.paysdesecrins.com\/nl\/#organization"},"potentialAction":[{"@type":"SearchAction","target":{"@type":"EntryPoint","urlTemplate":"https:\/\/www.paysdesecrins.com\/nl\/?s={search_term_string}"},"query-input":{"@type":"PropertyValueSpecification","valueRequired":true,"valueName":"search_term_string"}}],"inLanguage":"nl-NL"},{"@type":"Organization","@id":"https:\/\/www.paysdesecrins.com\/nl\/#organization","name":"Pays des \u00c9crins - Office de Tourisme","url":"https:\/\/www.paysdesecrins.com\/nl\/","logo":{"@type":"ImageObject","inLanguage":"nl-NL","@id":"https:\/\/www.paysdesecrins.com\/nl\/#\/schema\/logo\/image\/","url":"https:\/\/www.paysdesecrins.com\/wp-content\/uploads\/2025\/06\/devina-svg-1750845694.svg","contentUrl":"https:\/\/www.paysdesecrins.com\/wp-content\/uploads\/2025\/06\/devina-svg-1750845694.svg","caption":"Pays des \u00c9crins - Office de Tourisme"},"image":{"@id":"https:\/\/www.paysdesecrins.com\/nl\/#\/schema\/logo\/image\/"}}]}},"_links":{"self":[{"href":"https:\/\/www.paysdesecrins.com\/nl\/wp-json\/wp\/v2\/pages\/45798","targetHints":{"allow":["GET"]}}],"collection":[{"href":"https:\/\/www.paysdesecrins.com\/nl\/wp-json\/wp\/v2\/pages"}],"about":[{"href":"https:\/\/www.paysdesecrins.com\/nl\/wp-json\/wp\/v2\/types\/page"}],"author":[{"embeddable":true,"href":"https:\/\/www.paysdesecrins.com\/nl\/wp-json\/wp\/v2\/users\/1"}],"replies":[{"embeddable":true,"href":"https:\/\/www.paysdesecrins.com\/nl\/wp-json\/wp\/v2\/comments?post=45798"}],"version-history":[{"count":0,"href":"https:\/\/www.paysdesecrins.com\/nl\/wp-json\/wp\/v2\/pages\/45798\/revisions"}],"up":[{"embeddable":true,"href":"https:\/\/www.paysdesecrins.com\/nl\/wp-json\/wp\/v2\/pages\/44554"}],"wp:featuredmedia":[{"embeddable":true,"href":"https:\/\/www.paysdesecrins.com\/nl\/wp-json\/wp\/v2\/media\/42511"}],"wp:attachment":[{"href":"https:\/\/www.paysdesecrins.com\/nl\/wp-json\/wp\/v2\/media?parent=45798"}],"curies":[{"name":"wp","href":"https:\/\/api.w.org\/{rel}","templated":true}]}}