{"id":45851,"date":"2025-07-24T13:56:48","date_gmt":"2025-07-24T11:56:48","guid":{"rendered":"https:\/\/www.paysdesecrins.com\/mijn-verlangen-om\/ontdekking\/de-geschiedenis-van-argentiere-la-bessee\/"},"modified":"2025-08-05T14:12:54","modified_gmt":"2025-08-05T12:12:54","slug":"de-geschiedenis-van-argentiere-la-bessee","status":"publish","type":"page","link":"https:\/\/www.paysdesecrins.com\/nl\/mijn-verlangen-om\/ontdekking\/de-geschiedenis-van-argentiere-la-bessee\/","title":{"rendered":"De geschiedenis van Argenti\u00e8re-la-Bess\u00e9e"},"content":{"rendered":"    <div class=\"alignfull wp-block-ws-library-ws-header-interne\">\n\t    <div class=\"header-container\">\n\t        <div class=\"group-media has-image\">\n\t            \t                <img loading=\"lazy\" decoding=\"async\" width=\"1920\" height=\"800\" src=\"https:\/\/www.paysdesecrins.com\/wp-content\/uploads\/2025\/08\/argentiere-la-bessee-25-1920x800.jpg\" alt=\"\" class=\"image_large_square wp-image-64708\" \/>\n\t            \t        <\/div>\n\t        <div class=\"group-content\">\n\t            <div class=\"title\">\n\t                <h1>\n\t                    De geschiedenis van Argenti\u00e8re-la-Bess\u00e9e\t                    \t                <\/h1>\n\t            <\/div>\n\t        <\/div>\n\t    <\/div>\n\t    \n<div class=\"yoast-breadcrumbs\"><span><span><a href=\"https:\/\/www.paysdesecrins.com\/nl\/de-titel-van-het-huis\/\">Accueil<\/a><\/span>  <span><a href=\"https:\/\/www.paysdesecrins.com\/nl\/mijn-verlangen-om\/\">Mijn verlangen om<\/a><\/span>  <span><a href=\"https:\/\/www.paysdesecrins.com\/nl\/mijn-verlangen-om\/ontdekking\/\">Mijn verlangen naar Discovery<\/a><\/span>  <span class=\"breadcrumb_last\" aria-current=\"page\">De geschiedenis van Argenti\u00e8re-la-Bess\u00e9e<\/span><\/span><\/div>\n    <\/div>\n    \n<div class=\"wp-block-ws-library-ws-title aligncenter is-style-simple\"><h2>Van zilverader tot wit water<\/h2><\/div>\n\n<p class=\"has-text-align-center\">L&#8217;Argenti\u00e8re-la-Bess\u00e9e is het verhaal van een bergdorp dat nooit is gestopt zichzelf opnieuw uit te vinden. Eerst een land van mijnwerkers, daarna een mekka van waterkracht en industrie, nu is het een bestemming die zich richt op de natuur&#8230; zonder zijn verleden te verloochenen. <br\/><\/p>\n\n<div class=\"wp-block-ws-library-ws-columns alignwide has-2-columns are-vertically-aligned-center layout-5050 is-style-background\">\n<div class=\"wp-block-ws-library-ws-column\"><div class=\"wrapper\">\n<div class=\"wp-block-ws-library-ws-title\"><h3>De zilvermijn<\/h3><\/div>\n\n\n\n<p class=\"has-text-align-center\"><strong>Het begon allemaal ondergronds<\/strong>, in de tiende eeuw: zilverhoudend lood werd gewonnen in de Fournel-vallei. De galerijen, doorsneden met een vlam, dalen af tot 150 m. Mijnkarren, rails en middeleeuwse graffiti getuigen van een hard maar ingenieus tijdperk. Tegenwoordig kan de <strong>zilvermijn<\/strong> worden bezocht in begeleide onderdompeling. Toen de ader aan het einde van de negentiende eeuw opraakte, <strong>nam het water het over<\/strong>. In 1910 ontwierp ingenieur Gilbert Planche <strong>afsluiters<\/strong>. In 1913 leverde een waterkrachtcentrale een aluminiumfabriek. In 1921 trok Pechiney erin: arbeiderswoningen, lokale festivals, een bioscoop en de beroemde <strong>klokkentoren<\/strong>, die nog steeds overeind staat, accentueren het dagelijkse leven van de fabrieksstad.      <br\/><br\/><\/p>\n<\/div><\/div>\n\n\n\n<div class=\"wp-block-ws-library-ws-column\"><div class=\"wrapper\">\n<div class=\"wp-block-ws-library-ws-image\"><div class=\"wrapper\"><div class=\"group-media\"><img decoding=\"async\" src=\"https:\/\/www.paysdesecrins.com\/wp-content\/uploads\/2025\/07\/41decouverte-activites-culturelles-thibautblais-minedargent-shooting-avec-famille-134-1-427x640.jpg\" alt=\"\" class=\"single_image ws-image-18021\"><div class=\"credits\">Thibaut BLAIS<\/div><\/div><p class=\"caption\"><\/p><\/div><\/div>\n<\/div><\/div>\n<\/div>\n\n<p class=\"has-text-align-center\"><strong>Sluiting van de industriesite in 1985<\/strong> ? Ja, maar geen einde aan het verhaal. Het dorp vindt zichzelf opnieuw uit rond erfgoed en het buitenleven: <strong>erfgoedpad<\/strong>, <strong>museum<\/strong>, <strong>augmented reality-app<\/strong>, <strong>internationaal wildwaterstadion<\/strong>&#8230; L&#8217;Argenti\u00e8re wordt een speeltuin, maar ook een plaats van herinnering.  <br\/><\/p>\n\n<div class=\"wp-block-ws-library-ws-image\"><div class=\"wrapper\"><div class=\"group-media\"><img decoding=\"async\" src=\"https:\/\/www.paysdesecrins.com\/wp-content\/uploads\/2025\/07\/41histoiredelargentiere-la-bessee28-960x640.jpg\" alt=\"\" class=\"single_image ws-image-18106\"><div class=\"credits\"><\/div><\/div><p class=\"caption\"><\/p><\/div><\/div>\n\n<p class=\"has-text-align-center\">Of je nu nieuwsgierig bent naar geschiedenis of een liefhebber bent van wildwater, L&#8217;Argenti\u00e8re heeft iets om je te verrassen.<br\/><\/p>\n\n<div class=\"wp-block-ws-library-ws-columns alignwide has-2-columns are-vertically-aligned-center layout-5050 is-style-background\">\n<div class=\"wp-block-ws-library-ws-column\"><div class=\"wrapper\">\n<div class=\"wp-block-ws-library-ws-image\"><div class=\"wrapper\"><div class=\"group-media\"><img decoding=\"async\" src=\"https:\/\/www.paysdesecrins.com\/wp-content\/uploads\/2025\/07\/dsc05941-960x640.jpg\" alt=\"\" class=\"single_image ws-image-41823\"><div class=\"credits\"><\/div><\/div><p class=\"caption\"><\/p><\/div><\/div>\n<\/div><\/div>\n\n\n\n<div class=\"wp-block-ws-library-ws-column\"><div class=\"wrapper\">\n<div class=\"wp-block-ws-library-ws-title\"><h3><strong>Wat is er te zien en te doen in L&#8217;Argenti\u00e8re-la-Bess\u00e9e:<\/strong><\/h3><\/div>\n\n\n\n<ul class=\"wp-block-list\">\n<li><em>Zilvermijn van Fournel \u2013 Rondleiding<\/em> (1u30)<\/li>\n\n\n\n<li> <em>Klokkentoren \u2013 Eenmalige<\/em> bezoeken in de zomer<\/li>\n\n\n\n<li> <em>Mus\u00e9e des Claux<\/em> \u2013 Archieven, maquettes, immersieve zaal<\/li>\n\n\n\n<li><em>Heritage Trail<\/em> \u2013 lus van 2 km (gratis boekje)<\/li>\n\n\n\n<li> <em>LegendR-app<\/em> \u2013 Augmented reality-tour<\/li>\n\n\n\n<li><em>Gemakkelijk bereikbaar met de trein<\/em>, shuttle naar de sites in de zomer<\/li>\n<\/ul>\n<\/div><\/div>\n<\/div>\n\n<div class=\"wp-block-ws-library-ws-share\"><span class=\"share-subtitle\">Vond je deze pagina leuk?<\/span><span class=\"share-title\">Deel het!<\/span><button class=\"ws-share-button wp-element-button\">Deel deze pagina<\/button><\/div>\n","protected":false},"excerpt":{"rendered":"<p>L&#8217;Argenti\u00e8re-la-Bess\u00e9e is het verhaal van een bergdorp dat nooit is gestopt zichzelf opnieuw uit te vinden. Eerst een land van [&hellip;]<\/p>\n","protected":false},"author":4,"featured_media":64709,"parent":44558,"menu_order":0,"comment_status":"closed","ping_status":"closed","template":"","meta":{"_thumbnail_id_2":0,"summer_excerpt":"","season":"","station":"","footnotes":""},"class_list":["post-45851","page","type-page","status-publish","has-post-thumbnail","hentry"],"yoast_head":"<!-- This site is optimized with the Yoast SEO plugin v27.3 - https:\/\/yoast.com\/product\/yoast-seo-wordpress\/ -->\n<title>De geschiedenis van Argenti\u00e8re-la-Bess\u00e9e - Pays des \u00c9crins - Office de Tourisme<\/title>\n<meta name=\"robots\" content=\"index, follow, max-snippet:-1, max-image-preview:large, max-video-preview:-1\" \/>\n<link rel=\"canonical\" href=\"https:\/\/www.paysdesecrins.com\/nl\/mijn-verlangen-om\/ontdekking\/de-geschiedenis-van-argentiere-la-bessee\/\" \/>\n<meta property=\"og:locale\" content=\"nl_NL\" \/>\n<meta property=\"og:type\" content=\"article\" \/>\n<meta property=\"og:title\" content=\"De geschiedenis van Argenti\u00e8re-la-Bess\u00e9e - Pays des \u00c9crins - Office de Tourisme\" \/>\n<meta property=\"og:description\" content=\"L&#8217;Argenti\u00e8re-la-Bess\u00e9e is het verhaal van een bergdorp dat nooit is gestopt zichzelf opnieuw uit te vinden. Eerst een land van [&hellip;]\" \/>\n<meta property=\"og:url\" content=\"https:\/\/www.paysdesecrins.com\/nl\/mijn-verlangen-om\/ontdekking\/de-geschiedenis-van-argentiere-la-bessee\/\" \/>\n<meta property=\"og:site_name\" content=\"Pays des \u00c9crins - Office de Tourisme\" \/>\n<meta property=\"article:modified_time\" content=\"2025-08-05T12:12:54+00:00\" \/>\n<meta property=\"og:image\" content=\"https:\/\/www.paysdesecrins.com\/wp-content\/uploads\/2025\/08\/argentiere-la-bessee-25-scaled.jpg\" \/>\n\t<meta property=\"og:image:width\" content=\"2560\" \/>\n\t<meta property=\"og:image:height\" content=\"1707\" \/>\n\t<meta property=\"og:image:type\" content=\"image\/jpeg\" \/>\n<meta name=\"twitter:card\" content=\"summary_large_image\" \/>\n<meta name=\"twitter:label1\" content=\"Geschatte leestijd\" \/>\n\t<meta name=\"twitter:data1\" content=\"1 minuut\" \/>\n<script type=\"application\/ld+json\" class=\"yoast-schema-graph\">{\"@context\":\"https:\\\/\\\/schema.org\",\"@graph\":[{\"@type\":\"WebPage\",\"@id\":\"https:\\\/\\\/www.paysdesecrins.com\\\/nl\\\/mijn-verlangen-om\\\/ontdekking\\\/de-geschiedenis-van-argentiere-la-bessee\\\/\",\"url\":\"https:\\\/\\\/www.paysdesecrins.com\\\/nl\\\/mijn-verlangen-om\\\/ontdekking\\\/de-geschiedenis-van-argentiere-la-bessee\\\/\",\"name\":\"De geschiedenis van Argenti\u00e8re-la-Bess\u00e9e - Pays des \u00c9crins - Office de Tourisme\",\"isPartOf\":{\"@id\":\"https:\\\/\\\/www.paysdesecrins.com\\\/nl\\\/#website\"},\"primaryImageOfPage\":{\"@id\":\"https:\\\/\\\/www.paysdesecrins.com\\\/nl\\\/mijn-verlangen-om\\\/ontdekking\\\/de-geschiedenis-van-argentiere-la-bessee\\\/#primaryimage\"},\"image\":{\"@id\":\"https:\\\/\\\/www.paysdesecrins.com\\\/nl\\\/mijn-verlangen-om\\\/ontdekking\\\/de-geschiedenis-van-argentiere-la-bessee\\\/#primaryimage\"},\"thumbnailUrl\":\"https:\\\/\\\/www.paysdesecrins.com\\\/wp-content\\\/uploads\\\/2025\\\/08\\\/argentiere-la-bessee-25-scaled.jpg\",\"datePublished\":\"2025-07-24T11:56:48+00:00\",\"dateModified\":\"2025-08-05T12:12:54+00:00\",\"breadcrumb\":{\"@id\":\"https:\\\/\\\/www.paysdesecrins.com\\\/nl\\\/mijn-verlangen-om\\\/ontdekking\\\/de-geschiedenis-van-argentiere-la-bessee\\\/#breadcrumb\"},\"inLanguage\":\"nl-NL\",\"potentialAction\":[{\"@type\":\"ReadAction\",\"target\":[\"https:\\\/\\\/www.paysdesecrins.com\\\/nl\\\/mijn-verlangen-om\\\/ontdekking\\\/de-geschiedenis-van-argentiere-la-bessee\\\/\"]}]},{\"@type\":\"ImageObject\",\"inLanguage\":\"nl-NL\",\"@id\":\"https:\\\/\\\/www.paysdesecrins.com\\\/nl\\\/mijn-verlangen-om\\\/ontdekking\\\/de-geschiedenis-van-argentiere-la-bessee\\\/#primaryimage\",\"url\":\"https:\\\/\\\/www.paysdesecrins.com\\\/wp-content\\\/uploads\\\/2025\\\/08\\\/argentiere-la-bessee-25-scaled.jpg\",\"contentUrl\":\"https:\\\/\\\/www.paysdesecrins.com\\\/wp-content\\\/uploads\\\/2025\\\/08\\\/argentiere-la-bessee-25-scaled.jpg\",\"width\":2560,\"height\":1707},{\"@type\":\"BreadcrumbList\",\"@id\":\"https:\\\/\\\/www.paysdesecrins.com\\\/nl\\\/mijn-verlangen-om\\\/ontdekking\\\/de-geschiedenis-van-argentiere-la-bessee\\\/#breadcrumb\",\"itemListElement\":[{\"@type\":\"ListItem\",\"position\":1,\"name\":\"Accueil\",\"item\":\"https:\\\/\\\/www.paysdesecrins.com\\\/nl\\\/de-titel-van-het-huis\\\/\"},{\"@type\":\"ListItem\",\"position\":2,\"name\":\"Mijn verlangen om\",\"item\":\"https:\\\/\\\/www.paysdesecrins.com\\\/nl\\\/mijn-verlangen-om\\\/\"},{\"@type\":\"ListItem\",\"position\":3,\"name\":\"Mijn verlangen naar Discovery\",\"item\":\"https:\\\/\\\/www.paysdesecrins.com\\\/nl\\\/mijn-verlangen-om\\\/ontdekking\\\/\"},{\"@type\":\"ListItem\",\"position\":4,\"name\":\"De geschiedenis van Argenti\u00e8re-la-Bess\u00e9e\"}]},{\"@type\":\"WebSite\",\"@id\":\"https:\\\/\\\/www.paysdesecrins.com\\\/nl\\\/#website\",\"url\":\"https:\\\/\\\/www.paysdesecrins.com\\\/nl\\\/\",\"name\":\"Pays des \u00c9crins - Office de Tourisme\",\"description\":\"L&#039;esprit montagne\",\"publisher\":{\"@id\":\"https:\\\/\\\/www.paysdesecrins.com\\\/nl\\\/#organization\"},\"potentialAction\":[{\"@type\":\"SearchAction\",\"target\":{\"@type\":\"EntryPoint\",\"urlTemplate\":\"https:\\\/\\\/www.paysdesecrins.com\\\/nl\\\/?s={search_term_string}\"},\"query-input\":{\"@type\":\"PropertyValueSpecification\",\"valueRequired\":true,\"valueName\":\"search_term_string\"}}],\"inLanguage\":\"nl-NL\"},{\"@type\":\"Organization\",\"@id\":\"https:\\\/\\\/www.paysdesecrins.com\\\/nl\\\/#organization\",\"name\":\"Pays des \u00c9crins - Office de Tourisme\",\"url\":\"https:\\\/\\\/www.paysdesecrins.com\\\/nl\\\/\",\"logo\":{\"@type\":\"ImageObject\",\"inLanguage\":\"nl-NL\",\"@id\":\"https:\\\/\\\/www.paysdesecrins.com\\\/nl\\\/#\\\/schema\\\/logo\\\/image\\\/\",\"url\":\"https:\\\/\\\/www.paysdesecrins.com\\\/wp-content\\\/uploads\\\/2025\\\/06\\\/devina-svg-1750845694.svg\",\"contentUrl\":\"https:\\\/\\\/www.paysdesecrins.com\\\/wp-content\\\/uploads\\\/2025\\\/06\\\/devina-svg-1750845694.svg\",\"caption\":\"Pays des \u00c9crins - Office de Tourisme\"},\"image\":{\"@id\":\"https:\\\/\\\/www.paysdesecrins.com\\\/nl\\\/#\\\/schema\\\/logo\\\/image\\\/\"}}]}<\/script>\n<!-- \/ Yoast SEO plugin. -->","yoast_head_json":{"title":"De geschiedenis van Argenti\u00e8re-la-Bess\u00e9e - Pays des \u00c9crins - Office de Tourisme","robots":{"index":"index","follow":"follow","max-snippet":"max-snippet:-1","max-image-preview":"max-image-preview:large","max-video-preview":"max-video-preview:-1"},"canonical":"https:\/\/www.paysdesecrins.com\/nl\/mijn-verlangen-om\/ontdekking\/de-geschiedenis-van-argentiere-la-bessee\/","og_locale":"nl_NL","og_type":"article","og_title":"De geschiedenis van Argenti\u00e8re-la-Bess\u00e9e - Pays des \u00c9crins - Office de Tourisme","og_description":"L&#8217;Argenti\u00e8re-la-Bess\u00e9e is het verhaal van een bergdorp dat nooit is gestopt zichzelf opnieuw uit te vinden. Eerst een land van [&hellip;]","og_url":"https:\/\/www.paysdesecrins.com\/nl\/mijn-verlangen-om\/ontdekking\/de-geschiedenis-van-argentiere-la-bessee\/","og_site_name":"Pays des \u00c9crins - Office de Tourisme","article_modified_time":"2025-08-05T12:12:54+00:00","og_image":[{"width":2560,"height":1707,"url":"https:\/\/www.paysdesecrins.com\/wp-content\/uploads\/2025\/08\/argentiere-la-bessee-25-scaled.jpg","type":"image\/jpeg"}],"twitter_card":"summary_large_image","twitter_misc":{"Geschatte leestijd":"1 minuut"},"schema":{"@context":"https:\/\/schema.org","@graph":[{"@type":"WebPage","@id":"https:\/\/www.paysdesecrins.com\/nl\/mijn-verlangen-om\/ontdekking\/de-geschiedenis-van-argentiere-la-bessee\/","url":"https:\/\/www.paysdesecrins.com\/nl\/mijn-verlangen-om\/ontdekking\/de-geschiedenis-van-argentiere-la-bessee\/","name":"De geschiedenis van Argenti\u00e8re-la-Bess\u00e9e - Pays des \u00c9crins - Office de Tourisme","isPartOf":{"@id":"https:\/\/www.paysdesecrins.com\/nl\/#website"},"primaryImageOfPage":{"@id":"https:\/\/www.paysdesecrins.com\/nl\/mijn-verlangen-om\/ontdekking\/de-geschiedenis-van-argentiere-la-bessee\/#primaryimage"},"image":{"@id":"https:\/\/www.paysdesecrins.com\/nl\/mijn-verlangen-om\/ontdekking\/de-geschiedenis-van-argentiere-la-bessee\/#primaryimage"},"thumbnailUrl":"https:\/\/www.paysdesecrins.com\/wp-content\/uploads\/2025\/08\/argentiere-la-bessee-25-scaled.jpg","datePublished":"2025-07-24T11:56:48+00:00","dateModified":"2025-08-05T12:12:54+00:00","breadcrumb":{"@id":"https:\/\/www.paysdesecrins.com\/nl\/mijn-verlangen-om\/ontdekking\/de-geschiedenis-van-argentiere-la-bessee\/#breadcrumb"},"inLanguage":"nl-NL","potentialAction":[{"@type":"ReadAction","target":["https:\/\/www.paysdesecrins.com\/nl\/mijn-verlangen-om\/ontdekking\/de-geschiedenis-van-argentiere-la-bessee\/"]}]},{"@type":"ImageObject","inLanguage":"nl-NL","@id":"https:\/\/www.paysdesecrins.com\/nl\/mijn-verlangen-om\/ontdekking\/de-geschiedenis-van-argentiere-la-bessee\/#primaryimage","url":"https:\/\/www.paysdesecrins.com\/wp-content\/uploads\/2025\/08\/argentiere-la-bessee-25-scaled.jpg","contentUrl":"https:\/\/www.paysdesecrins.com\/wp-content\/uploads\/2025\/08\/argentiere-la-bessee-25-scaled.jpg","width":2560,"height":1707},{"@type":"BreadcrumbList","@id":"https:\/\/www.paysdesecrins.com\/nl\/mijn-verlangen-om\/ontdekking\/de-geschiedenis-van-argentiere-la-bessee\/#breadcrumb","itemListElement":[{"@type":"ListItem","position":1,"name":"Accueil","item":"https:\/\/www.paysdesecrins.com\/nl\/de-titel-van-het-huis\/"},{"@type":"ListItem","position":2,"name":"Mijn verlangen om","item":"https:\/\/www.paysdesecrins.com\/nl\/mijn-verlangen-om\/"},{"@type":"ListItem","position":3,"name":"Mijn verlangen naar Discovery","item":"https:\/\/www.paysdesecrins.com\/nl\/mijn-verlangen-om\/ontdekking\/"},{"@type":"ListItem","position":4,"name":"De geschiedenis van Argenti\u00e8re-la-Bess\u00e9e"}]},{"@type":"WebSite","@id":"https:\/\/www.paysdesecrins.com\/nl\/#website","url":"https:\/\/www.paysdesecrins.com\/nl\/","name":"Pays des \u00c9crins - Office de Tourisme","description":"L&#039;esprit montagne","publisher":{"@id":"https:\/\/www.paysdesecrins.com\/nl\/#organization"},"potentialAction":[{"@type":"SearchAction","target":{"@type":"EntryPoint","urlTemplate":"https:\/\/www.paysdesecrins.com\/nl\/?s={search_term_string}"},"query-input":{"@type":"PropertyValueSpecification","valueRequired":true,"valueName":"search_term_string"}}],"inLanguage":"nl-NL"},{"@type":"Organization","@id":"https:\/\/www.paysdesecrins.com\/nl\/#organization","name":"Pays des \u00c9crins - Office de Tourisme","url":"https:\/\/www.paysdesecrins.com\/nl\/","logo":{"@type":"ImageObject","inLanguage":"nl-NL","@id":"https:\/\/www.paysdesecrins.com\/nl\/#\/schema\/logo\/image\/","url":"https:\/\/www.paysdesecrins.com\/wp-content\/uploads\/2025\/06\/devina-svg-1750845694.svg","contentUrl":"https:\/\/www.paysdesecrins.com\/wp-content\/uploads\/2025\/06\/devina-svg-1750845694.svg","caption":"Pays des \u00c9crins - Office de Tourisme"},"image":{"@id":"https:\/\/www.paysdesecrins.com\/nl\/#\/schema\/logo\/image\/"}}]}},"_links":{"self":[{"href":"https:\/\/www.paysdesecrins.com\/nl\/wp-json\/wp\/v2\/pages\/45851","targetHints":{"allow":["GET"]}}],"collection":[{"href":"https:\/\/www.paysdesecrins.com\/nl\/wp-json\/wp\/v2\/pages"}],"about":[{"href":"https:\/\/www.paysdesecrins.com\/nl\/wp-json\/wp\/v2\/types\/page"}],"author":[{"embeddable":true,"href":"https:\/\/www.paysdesecrins.com\/nl\/wp-json\/wp\/v2\/users\/4"}],"replies":[{"embeddable":true,"href":"https:\/\/www.paysdesecrins.com\/nl\/wp-json\/wp\/v2\/comments?post=45851"}],"version-history":[{"count":0,"href":"https:\/\/www.paysdesecrins.com\/nl\/wp-json\/wp\/v2\/pages\/45851\/revisions"}],"up":[{"embeddable":true,"href":"https:\/\/www.paysdesecrins.com\/nl\/wp-json\/wp\/v2\/pages\/44558"}],"wp:featuredmedia":[{"embeddable":true,"href":"https:\/\/www.paysdesecrins.com\/nl\/wp-json\/wp\/v2\/media\/64709"}],"wp:attachment":[{"href":"https:\/\/www.paysdesecrins.com\/nl\/wp-json\/wp\/v2\/media?parent=45851"}],"curies":[{"name":"wp","href":"https:\/\/api.w.org\/{rel}","templated":true}]}}