{"id":45949,"date":"2025-07-24T10:05:57","date_gmt":"2025-07-24T08:05:57","guid":{"rendered":"https:\/\/www.paysdesecrins.com\/45949-2\/"},"modified":"2025-07-29T18:51:54","modified_gmt":"2025-07-29T16:51:54","slug":"45949-2","status":"publish","type":"page","link":"https:\/\/www.paysdesecrins.com\/nl\/45949-2\/","title":{"rendered":"Geschiedenis van het bergbeklimmen"},"content":{"rendered":"    <div class=\"alignfull wp-block-ws-library-ws-header-interne\">\n\t    <div class=\"header-container\">\n\t        <div class=\"group-media has-image\">\n\t            \t                <img loading=\"lazy\" decoding=\"async\" width=\"1920\" height=\"800\" src=\"https:\/\/www.paysdesecrins.com\/wp-content\/uploads\/2025\/07\/81escalade-alpinisme-alpinisme-agneau-noir-par-le-pre-de-mme-carle-20-1920x800.jpg\" alt=\"\" class=\"image_large_square wp-image-20252\" \/>\n\t            \t        <\/div>\n\t        <div class=\"group-content\">\n\t            <div class=\"title\">\n\t                <h1>\n\t                    Geschiedenis van het bergbeklimmen  \t                    \t                <\/h1>\n\t            <\/div>\n\t        <\/div>\n\t    <\/div>\n\t    \n<div class=\"yoast-breadcrumbs\"><span><span><a href=\"https:\/\/www.paysdesecrins.com\/nl\/de-titel-van-het-huis\/\">Accueil<\/a><\/span>  <span class=\"breadcrumb_last\" aria-current=\"page\">Geschiedenis van het bergbeklimmen<\/span><\/span><\/div>\n    <\/div>\n    \n<div class=\"wp-block-ws-library-ws-title aligncenter is-style-simple\"><h2><em>In een podcastgesprek<\/em>Geschiedenis van het bergbeklimmen <strong>: van klompen tot stijgijzers<\/strong><\/h2><\/div>\n\n<p class=\"has-text-align-left\">V\u00f3\u00f3r touwen en ijsbijlen waren het de herders die voorop liepen, passen en valleien overstaken in hoeven, om nog maar te zwijgen van heldendaden. Toen, in de achttiende eeuw, namen wetenschappers het over: geologen, glaciologen, botanici&#8230; Ze mikken niet op de toppen, maar observeren, noteren, in kaart brengen.   <br\/>De geest van exploratie wordt gelanceerd.<\/p>\n\n<p>De echte trigger? 1864. Edward Whymper, een Britse bergbeklimmer, beklom de Barre des \u00c9crins (4.102 m) met lokale gidsen. Hij publiceerde zijn verhaal in Londen: de \u00c9crins werden een &#8220;kleine Himalaya&#8221; voor Europese klimmers. William Coolidge volgde, die mythische grote routes volgde: de Pelvoux, de Grande Ruine, de Coolidge-gang&#8230;  <\/p>\n\n<p>Tussen 1870 en 1914 was het de gouden eeuw. Bergbeklimmen wordt een kwestie van prestaties en prestige. De Franse Alpenclub ontwikkelde de eerste berghutten: Glacier Blanc, Temple \u00c9crins, C\u00e9zanne&#8230; En in 1877 viel de Meije uiteindelijk. Dan is het tijd voor de amateurs: droom je van een 3000? Het is binnen het bereik van schoenplaatjes (en goed getrainde benen).    <\/p>\n\n<p>Jaren 1980: een nieuw leven in Ailefroide, waar Jean-Michel Cambon grootschalige plezierklimroutes opende, toegankelijk maar veeleisend. Tegenwoordig combineert de \u00c9crins klassiek bergbeklimmen, sportklimmen, ski\u00ebn op steile hellingen en paden op grote hoogte. De geest blijft hetzelfde: avontuur, nederigheid en respect voor de bergen.  <\/p>\n\n<div class=\"wp-block-ws-library-ws-slider alignwide\"><div class=\"splide\" data-splide=\"{\"type\":\"slide\",\"heightRatio\":\"auto\",\"perPage\":4,\"perMove\":1,\"drag\":true,\"pagination\":0,\"autoplay\":false,\"gap\":\"2px\",\"breakpoints\":{\"450\":{\"perPage\":1},\"768\":{\"perPage\":2},\"992\":{\"perPage\":3},\"1200\":{\"perPage\":4}}}\"><div class=\"splide__track\"><div class=\"splide__list\"><div class=\"splide__slide\"><a href=\"https:\/\/www.paysdesecrins.com\/wp-content\/uploads\/2025\/07\/8escalade-alpinisme-alpinisme-refuge-du-glacier-blanc-et-4-1-scaled.jpg\" data-glightbox=\"true\" class=\"lightbox-trigger\"><img decoding=\"async\" src=\"https:\/\/www.paysdesecrins.com\/wp-content\/uploads\/2025\/07\/8escalade-alpinisme-alpinisme-refuge-du-glacier-blanc-et-4-1-400x400.jpg\" alt=\"\"><\/a><\/div><div class=\"splide__slide\"><a href=\"https:\/\/www.paysdesecrins.com\/wp-content\/uploads\/2025\/07\/8escalade-alpinisme-la-barre-des-e-crins-depui-3thibautblais-scaled.jpg\" data-glightbox=\"true\" class=\"lightbox-trigger\"><img decoding=\"async\" src=\"https:\/\/www.paysdesecrins.com\/wp-content\/uploads\/2025\/07\/8escalade-alpinisme-la-barre-des-e-crins-depui-3thibautblais-400x400.jpg\" alt=\"\"><\/a><\/div><div class=\"splide__slide\"><a href=\"https:\/\/www.paysdesecrins.com\/wp-content\/uploads\/2025\/07\/thibautblais-glacier-blanc-famille-thibaut-blais-46-scaled.jpg\" data-glightbox=\"true\" class=\"lightbox-trigger\"><img decoding=\"async\" src=\"https:\/\/www.paysdesecrins.com\/wp-content\/uploads\/2025\/07\/thibautblais-glacier-blanc-famille-thibaut-blais-46-400x400.jpg\" alt=\"\"><\/a><\/div><div class=\"splide__slide\"><a href=\"https:\/\/www.paysdesecrins.com\/wp-content\/uploads\/2025\/07\/glacier-blanc-famille-thibaut-blais-37-scaled.jpg\" data-glightbox=\"true\" class=\"lightbox-trigger\"><img decoding=\"async\" src=\"https:\/\/www.paysdesecrins.com\/wp-content\/uploads\/2025\/07\/glacier-blanc-famille-thibaut-blais-37-400x400.jpg\" alt=\"\"><\/a><\/div><div class=\"splide__slide\"><a href=\"https:\/\/www.paysdesecrins.com\/wp-content\/uploads\/2025\/07\/thibautblais-glacier-blanc-famille-thibaut-blais-30-1-scaled.jpg\" data-glightbox=\"true\" class=\"lightbox-trigger\"><img decoding=\"async\" src=\"https:\/\/www.paysdesecrins.com\/wp-content\/uploads\/2025\/07\/thibautblais-glacier-blanc-famille-thibaut-blais-30-1-400x400.jpg\" alt=\"\"><\/a><\/div><div class=\"splide__slide\"><a href=\"https:\/\/www.paysdesecrins.com\/wp-content\/uploads\/2025\/07\/8escaladealpinisme-h0a3502-scaled.jpg\" data-glightbox=\"true\" class=\"lightbox-trigger\"><img decoding=\"async\" src=\"https:\/\/www.paysdesecrins.com\/wp-content\/uploads\/2025\/07\/8escaladealpinisme-h0a3502-400x400.jpg\" alt=\"\"><\/a><\/div><\/div><\/div><\/div><\/div>\n\n<hr class=\"wp-block-separator has-alpha-channel-opacity\"\/>\n\n<p><strong>Waar herbeleef je de geschiedenis van het bergbeklimmen in de \u00c9crins?<\/strong><\/p>\n\n<ul class=\"wp-block-list\">\n<li>Ailefroide en Pr\u00e9 de Madame Carle \u2013 Meeslepende rondleiding met verhalen, video&#8217;s en augmented reality ( <em>LegendR-app<\/em>)<\/li>\n\n\n\n<li>Bibliotheek van L&#8217;Argenti\u00e8re-la-Bess\u00e9e \u2013 Originele notitieboekjes van Whymper, oude verhalen, topos uit die tijd<\/li>\n\n\n\n<li>Augmented reality-headsets verkrijgbaar bij het VVV-kantoor \u2013 gratis app om te downloaden<\/li>\n\n\n\n<li>Dompel u onder in de wereld van het hooggebergte in het hart van het \u00c9crins-massief in de Hautes-Alpes. Verschillende thema&#8217;s komen aan bod zoals cartografie, de ervaring van een hooggebergtegids, de 1e beklimming van de Barre des \u00c9crins&#8230;   <br\/>Verschillende sprekers hosten deze podcast: Claude Albrand, Philippe Bourdeau, Michel Tailland, Jacques Mille, Jean-Marc Barfety.  <br\/>Vind deze aflevering zonder verder uitstel.<br\/><br\/>De \u00c9crins zijn niet te vertellen, ze worden geleefd. Is het jouw beurt om het over te nemen? <\/li>\n<\/ul>\n\n<div class=\"wp-block-ws-library-ws-button has-text-align-center is-style-outline\"><a href=\"https:\/\/www.paysdesecrins.com\/sites\/ot-paysdesecrins\/files\/content\/files\/podcast_barre_des_ecrins_otcpe-master_v1_0.mp3\" class=\"wp-block-button__link wp-element-button btn\">  Podcast &#8220;Geschiedenis van het bergbeklimmen&#8221;<\/a><\/div>\n\n<div class=\"wp-block-ws-library-ws-share\"><span class=\"share-subtitle\">Vond je deze pagina leuk?<\/span><span class=\"share-title\">Deel het!<\/span><button class=\"ws-share-button wp-element-button\">Deel deze pagina<\/button><\/div>\n","protected":false},"excerpt":{"rendered":"<p>V\u00f3\u00f3r touwen en ijsbijlen waren het de herders die voorop liepen, passen en valleien overstaken in hoeven, om nog maar [&hellip;]<\/p>\n","protected":false},"author":4,"featured_media":0,"parent":0,"menu_order":0,"comment_status":"closed","ping_status":"closed","template":"","meta":{"_thumbnail_id_2":0,"summer_excerpt":"","season":"","station":"","footnotes":""},"class_list":["post-45949","page","type-page","status-publish","hentry"],"yoast_head":"<!-- This site is optimized with the Yoast SEO plugin v27.3 - https:\/\/yoast.com\/product\/yoast-seo-wordpress\/ -->\n<title>Geschiedenis van het bergbeklimmen - Pays des \u00c9crins - Office de Tourisme<\/title>\n<meta name=\"robots\" content=\"index, follow, max-snippet:-1, max-image-preview:large, max-video-preview:-1\" \/>\n<link rel=\"canonical\" href=\"https:\/\/www.paysdesecrins.com\/nl\/45949-2\/\" \/>\n<meta property=\"og:locale\" content=\"nl_NL\" \/>\n<meta property=\"og:type\" content=\"article\" \/>\n<meta property=\"og:title\" content=\"Geschiedenis van het bergbeklimmen - Pays des \u00c9crins - Office de Tourisme\" \/>\n<meta property=\"og:description\" content=\"V\u00f3\u00f3r touwen en ijsbijlen waren het de herders die voorop liepen, passen en valleien overstaken in hoeven, om nog maar [&hellip;]\" \/>\n<meta property=\"og:url\" content=\"https:\/\/www.paysdesecrins.com\/nl\/45949-2\/\" \/>\n<meta property=\"og:site_name\" content=\"Pays des \u00c9crins - Office de Tourisme\" \/>\n<meta property=\"article:modified_time\" content=\"2025-07-29T16:51:54+00:00\" \/>\n<meta property=\"og:image\" content=\"https:\/\/www.paysdesecrins.com\/wp-content\/uploads\/2025\/07\/8escalade-alpinisme-alpinisme-refuge-du-glacier-blanc-et-4-1-400x400.jpg\" \/>\n<meta name=\"twitter:card\" content=\"summary_large_image\" \/>\n<meta name=\"twitter:label1\" content=\"Geschatte leestijd\" \/>\n\t<meta name=\"twitter:data1\" content=\"2 minuten\" \/>\n<script type=\"application\/ld+json\" class=\"yoast-schema-graph\">{\"@context\":\"https:\\\/\\\/schema.org\",\"@graph\":[{\"@type\":\"WebPage\",\"@id\":\"https:\\\/\\\/www.paysdesecrins.com\\\/nl\\\/45949-2\\\/\",\"url\":\"https:\\\/\\\/www.paysdesecrins.com\\\/nl\\\/45949-2\\\/\",\"name\":\"Geschiedenis van het bergbeklimmen - Pays des \u00c9crins - Office de Tourisme\",\"isPartOf\":{\"@id\":\"https:\\\/\\\/www.paysdesecrins.com\\\/nl\\\/#website\"},\"primaryImageOfPage\":{\"@id\":\"https:\\\/\\\/www.paysdesecrins.com\\\/nl\\\/45949-2\\\/#primaryimage\"},\"image\":{\"@id\":\"https:\\\/\\\/www.paysdesecrins.com\\\/nl\\\/45949-2\\\/#primaryimage\"},\"thumbnailUrl\":\"https:\\\/\\\/www.paysdesecrins.com\\\/wp-content\\\/uploads\\\/2025\\\/07\\\/8escalade-alpinisme-alpinisme-refuge-du-glacier-blanc-et-4-1-400x400.jpg\",\"datePublished\":\"2025-07-24T08:05:57+00:00\",\"dateModified\":\"2025-07-29T16:51:54+00:00\",\"breadcrumb\":{\"@id\":\"https:\\\/\\\/www.paysdesecrins.com\\\/nl\\\/45949-2\\\/#breadcrumb\"},\"inLanguage\":\"nl-NL\",\"potentialAction\":[{\"@type\":\"ReadAction\",\"target\":[\"https:\\\/\\\/www.paysdesecrins.com\\\/nl\\\/45949-2\\\/\"]}]},{\"@type\":\"ImageObject\",\"inLanguage\":\"nl-NL\",\"@id\":\"https:\\\/\\\/www.paysdesecrins.com\\\/nl\\\/45949-2\\\/#primaryimage\",\"url\":\"https:\\\/\\\/www.paysdesecrins.com\\\/wp-content\\\/uploads\\\/2025\\\/07\\\/8escalade-alpinisme-alpinisme-refuge-du-glacier-blanc-et-4-1-400x400.jpg\",\"contentUrl\":\"https:\\\/\\\/www.paysdesecrins.com\\\/wp-content\\\/uploads\\\/2025\\\/07\\\/8escalade-alpinisme-alpinisme-refuge-du-glacier-blanc-et-4-1-400x400.jpg\"},{\"@type\":\"BreadcrumbList\",\"@id\":\"https:\\\/\\\/www.paysdesecrins.com\\\/nl\\\/45949-2\\\/#breadcrumb\",\"itemListElement\":[{\"@type\":\"ListItem\",\"position\":1,\"name\":\"Accueil\",\"item\":\"https:\\\/\\\/www.paysdesecrins.com\\\/nl\\\/de-titel-van-het-huis\\\/\"},{\"@type\":\"ListItem\",\"position\":2,\"name\":\"Geschiedenis van het bergbeklimmen\"}]},{\"@type\":\"WebSite\",\"@id\":\"https:\\\/\\\/www.paysdesecrins.com\\\/nl\\\/#website\",\"url\":\"https:\\\/\\\/www.paysdesecrins.com\\\/nl\\\/\",\"name\":\"Pays des \u00c9crins - Office de Tourisme\",\"description\":\"L&#039;esprit montagne\",\"publisher\":{\"@id\":\"https:\\\/\\\/www.paysdesecrins.com\\\/nl\\\/#organization\"},\"potentialAction\":[{\"@type\":\"SearchAction\",\"target\":{\"@type\":\"EntryPoint\",\"urlTemplate\":\"https:\\\/\\\/www.paysdesecrins.com\\\/nl\\\/?s={search_term_string}\"},\"query-input\":{\"@type\":\"PropertyValueSpecification\",\"valueRequired\":true,\"valueName\":\"search_term_string\"}}],\"inLanguage\":\"nl-NL\"},{\"@type\":\"Organization\",\"@id\":\"https:\\\/\\\/www.paysdesecrins.com\\\/nl\\\/#organization\",\"name\":\"Pays des \u00c9crins - Office de Tourisme\",\"url\":\"https:\\\/\\\/www.paysdesecrins.com\\\/nl\\\/\",\"logo\":{\"@type\":\"ImageObject\",\"inLanguage\":\"nl-NL\",\"@id\":\"https:\\\/\\\/www.paysdesecrins.com\\\/nl\\\/#\\\/schema\\\/logo\\\/image\\\/\",\"url\":\"https:\\\/\\\/www.paysdesecrins.com\\\/wp-content\\\/uploads\\\/2025\\\/06\\\/devina-svg-1750845694.svg\",\"contentUrl\":\"https:\\\/\\\/www.paysdesecrins.com\\\/wp-content\\\/uploads\\\/2025\\\/06\\\/devina-svg-1750845694.svg\",\"caption\":\"Pays des \u00c9crins - Office de Tourisme\"},\"image\":{\"@id\":\"https:\\\/\\\/www.paysdesecrins.com\\\/nl\\\/#\\\/schema\\\/logo\\\/image\\\/\"}}]}<\/script>\n<!-- \/ Yoast SEO plugin. -->","yoast_head_json":{"title":"Geschiedenis van het bergbeklimmen - Pays des \u00c9crins - Office de Tourisme","robots":{"index":"index","follow":"follow","max-snippet":"max-snippet:-1","max-image-preview":"max-image-preview:large","max-video-preview":"max-video-preview:-1"},"canonical":"https:\/\/www.paysdesecrins.com\/nl\/45949-2\/","og_locale":"nl_NL","og_type":"article","og_title":"Geschiedenis van het bergbeklimmen - Pays des \u00c9crins - Office de Tourisme","og_description":"V\u00f3\u00f3r touwen en ijsbijlen waren het de herders die voorop liepen, passen en valleien overstaken in hoeven, om nog maar [&hellip;]","og_url":"https:\/\/www.paysdesecrins.com\/nl\/45949-2\/","og_site_name":"Pays des \u00c9crins - Office de Tourisme","article_modified_time":"2025-07-29T16:51:54+00:00","og_image":[{"url":"https:\/\/www.paysdesecrins.com\/wp-content\/uploads\/2025\/07\/8escalade-alpinisme-alpinisme-refuge-du-glacier-blanc-et-4-1-400x400.jpg","type":"","width":"","height":""}],"twitter_card":"summary_large_image","twitter_misc":{"Geschatte leestijd":"2 minuten"},"schema":{"@context":"https:\/\/schema.org","@graph":[{"@type":"WebPage","@id":"https:\/\/www.paysdesecrins.com\/nl\/45949-2\/","url":"https:\/\/www.paysdesecrins.com\/nl\/45949-2\/","name":"Geschiedenis van het bergbeklimmen - Pays des \u00c9crins - Office de Tourisme","isPartOf":{"@id":"https:\/\/www.paysdesecrins.com\/nl\/#website"},"primaryImageOfPage":{"@id":"https:\/\/www.paysdesecrins.com\/nl\/45949-2\/#primaryimage"},"image":{"@id":"https:\/\/www.paysdesecrins.com\/nl\/45949-2\/#primaryimage"},"thumbnailUrl":"https:\/\/www.paysdesecrins.com\/wp-content\/uploads\/2025\/07\/8escalade-alpinisme-alpinisme-refuge-du-glacier-blanc-et-4-1-400x400.jpg","datePublished":"2025-07-24T08:05:57+00:00","dateModified":"2025-07-29T16:51:54+00:00","breadcrumb":{"@id":"https:\/\/www.paysdesecrins.com\/nl\/45949-2\/#breadcrumb"},"inLanguage":"nl-NL","potentialAction":[{"@type":"ReadAction","target":["https:\/\/www.paysdesecrins.com\/nl\/45949-2\/"]}]},{"@type":"ImageObject","inLanguage":"nl-NL","@id":"https:\/\/www.paysdesecrins.com\/nl\/45949-2\/#primaryimage","url":"https:\/\/www.paysdesecrins.com\/wp-content\/uploads\/2025\/07\/8escalade-alpinisme-alpinisme-refuge-du-glacier-blanc-et-4-1-400x400.jpg","contentUrl":"https:\/\/www.paysdesecrins.com\/wp-content\/uploads\/2025\/07\/8escalade-alpinisme-alpinisme-refuge-du-glacier-blanc-et-4-1-400x400.jpg"},{"@type":"BreadcrumbList","@id":"https:\/\/www.paysdesecrins.com\/nl\/45949-2\/#breadcrumb","itemListElement":[{"@type":"ListItem","position":1,"name":"Accueil","item":"https:\/\/www.paysdesecrins.com\/nl\/de-titel-van-het-huis\/"},{"@type":"ListItem","position":2,"name":"Geschiedenis van het bergbeklimmen"}]},{"@type":"WebSite","@id":"https:\/\/www.paysdesecrins.com\/nl\/#website","url":"https:\/\/www.paysdesecrins.com\/nl\/","name":"Pays des \u00c9crins - Office de Tourisme","description":"L&#039;esprit montagne","publisher":{"@id":"https:\/\/www.paysdesecrins.com\/nl\/#organization"},"potentialAction":[{"@type":"SearchAction","target":{"@type":"EntryPoint","urlTemplate":"https:\/\/www.paysdesecrins.com\/nl\/?s={search_term_string}"},"query-input":{"@type":"PropertyValueSpecification","valueRequired":true,"valueName":"search_term_string"}}],"inLanguage":"nl-NL"},{"@type":"Organization","@id":"https:\/\/www.paysdesecrins.com\/nl\/#organization","name":"Pays des \u00c9crins - Office de Tourisme","url":"https:\/\/www.paysdesecrins.com\/nl\/","logo":{"@type":"ImageObject","inLanguage":"nl-NL","@id":"https:\/\/www.paysdesecrins.com\/nl\/#\/schema\/logo\/image\/","url":"https:\/\/www.paysdesecrins.com\/wp-content\/uploads\/2025\/06\/devina-svg-1750845694.svg","contentUrl":"https:\/\/www.paysdesecrins.com\/wp-content\/uploads\/2025\/06\/devina-svg-1750845694.svg","caption":"Pays des \u00c9crins - Office de Tourisme"},"image":{"@id":"https:\/\/www.paysdesecrins.com\/nl\/#\/schema\/logo\/image\/"}}]}},"_links":{"self":[{"href":"https:\/\/www.paysdesecrins.com\/nl\/wp-json\/wp\/v2\/pages\/45949","targetHints":{"allow":["GET"]}}],"collection":[{"href":"https:\/\/www.paysdesecrins.com\/nl\/wp-json\/wp\/v2\/pages"}],"about":[{"href":"https:\/\/www.paysdesecrins.com\/nl\/wp-json\/wp\/v2\/types\/page"}],"author":[{"embeddable":true,"href":"https:\/\/www.paysdesecrins.com\/nl\/wp-json\/wp\/v2\/users\/4"}],"replies":[{"embeddable":true,"href":"https:\/\/www.paysdesecrins.com\/nl\/wp-json\/wp\/v2\/comments?post=45949"}],"version-history":[{"count":0,"href":"https:\/\/www.paysdesecrins.com\/nl\/wp-json\/wp\/v2\/pages\/45949\/revisions"}],"wp:attachment":[{"href":"https:\/\/www.paysdesecrins.com\/nl\/wp-json\/wp\/v2\/media?parent=45949"}],"curies":[{"name":"wp","href":"https:\/\/api.w.org\/{rel}","templated":true}]}}