{"id":45958,"date":"2025-07-24T09:43:42","date_gmt":"2025-07-24T07:43:42","guid":{"rendered":"https:\/\/www.paysdesecrins.com\/bergbeklimmen-dorpen\/"},"modified":"2025-08-07T15:03:58","modified_gmt":"2025-08-07T13:03:58","slug":"bergbeklimmen-dorpen","status":"publish","type":"page","link":"https:\/\/www.paysdesecrins.com\/nl\/bergbeklimmen-dorpen\/","title":{"rendered":"Bergbeklimmen dorpen"},"content":{"rendered":"    <div class=\"alignfull wp-block-ws-library-ws-header-interne\">\n\t    <div class=\"header-container\">\n\t        <div class=\"group-media has-image\">\n\t            \t                <img loading=\"lazy\" decoding=\"async\" width=\"1920\" height=\"800\" src=\"https:\/\/www.paysdesecrins.com\/wp-content\/uploads\/2025\/07\/ailefroide-1920x800.jpg\" alt=\"\" class=\"image_large_square wp-image-29948\" \/>\n\t            \t        <\/div>\n\t        <div class=\"group-content\">\n\t            <div class=\"title\">\n\t                <h1>\n\t                    Bergbeklimmen dorpen\t                    \t                <\/h1>\n\t            <\/div>\n\t        <\/div>\n\t    <\/div>\n\t    \n<div class=\"yoast-breadcrumbs\"><span><span><a href=\"https:\/\/www.paysdesecrins.com\/nl\/de-titel-van-het-huis\/\">Accueil<\/a><\/span>  <span class=\"breadcrumb_last\" aria-current=\"page\">Bergbeklimmen dorpen<\/span><\/span><\/div>\n    <\/div>\n    \n<div class=\"wp-block-ws-library-ws-title aligncenter is-style-simple\"><h2><em>Bergbeklimmen dorpen<\/em>Juwelendoosjes<\/h2><\/div>\n\n<p class=\"has-text-align-left\">Het label &#8220;<strong>Bergdorpen<\/strong>&#8221; dat aan de gemeente <strong>Vallouise-Pelvoux<\/strong> is toegekend, heeft tot doel het bergbeklimmen in de \u00c9crins te promoten en opnieuw te betoveren en zo de alpiene tradities door te geven aan nieuwe generaties en tegelijkertijd het bewustzijn van de kwetsbaarheid van de natuurlijke omgeving te vergroten.  <\/p>\n\n<p>Bergbeklimmen staat nu <strong>op de lijst van immaterieel cultureel erfgoed van UNESCO<\/strong>. Ons grondgebied heeft ervan geprofiteerd dankzij de beroemde toppen in Vallouise (Barre des \u00c9crins, D\u00f4me des \u00c9crins, Roche Faurio, les Agneaux, de Ailefroide orientale&#8230;) en ook dankzij de zeer sterke aanwezigheid van de <strong>geschiedenis van het bergbeklimmen<\/strong> op het grondgebied van het Pays des \u00c9crins.   <\/p>\n\n<p class=\"has-text-align-left\"><strong>Ailefroide<\/strong>, een echt <strong>basiskamp<\/strong> voor klimmen en bergbeklimmen, zal u verleiden met zijn authenticiteit, charme en rust in het hart van de bergen en het Nationaal Park \u00c9crins.<\/p>\n\n<div class=\"wp-block-ws-library-ws-columns alignwide has-2-columns are-vertically-aligned-center layout-5050 is-style-background\">\n<div class=\"wp-block-ws-library-ws-column\"><div class=\"wrapper\">\n<div class=\"wp-block-ws-library-ws-title\"><h3><em>Het Pays des \u00c9crins,<\/em> een land van bergbeklimmen<\/h3><\/div>\n\n\n\n<p>Het Pays des \u00c9crins is van oudsher een<strong> land van hoge bergen<\/strong> . Het massief is technisch en alleen al de trappen die de prestigieuze toppen naderen, zijn fantastische wandelingen. <strong>Barre des \u00c9crins<\/strong>, <strong>Roche Faurio<\/strong>, <strong>D\u00f4me des \u00c9crins<\/strong>,&#8230; het Pays des \u00c9crins is een <strong>land van bergbeklimmen <\/strong>bij uitstek&#8230; Meer informatie over <strong>skitochten rond de berghutten in het voorjaar<\/strong> en <strong>bergbeklimmen in de \u00c9crins<\/strong> vindt u op deze link.    <\/p>\n\n\n\n<p>Hier is het het enige massief in Frankrijk waar u kunt evolueren in het <strong>hooggebergte<\/strong> (4.102 m) in het hart van een <strong>beschermd gebied<\/strong> dankzij het <strong>Nationaal Park \u00c9crins<\/strong>. Dit voordeel garandeert u om te evolueren in een omgeving met ongerepte landschappen en waarin fauna en flora zich in overvloed kunnen ontwikkelen.   <\/p>\n\n\n\n<p>De <strong>geschiedenis van het alpinisme is goed verankerd <\/strong>in het gebied, vandaar de naam &#8220;land van het bergbeklimmen&#8221; die deel uitmaakt van het <a href=\"https:\/\/www.ffcam.fr\/terre-d-alpinisme-ffcam.html\" target=\"_blank\" rel=\"noreferrer noopener\"><strong>FFCAM-project<\/strong><\/a>. Het doel is om deze geschiedenis voort te zetten, het bergbeklimmen bekend te maken bij jongeren en zo de bergsportgemeenschap te laten groeien. <\/p>\n\n\n\n<p>Vind de 3 podcasts die zijn gemaakt rond bergbeklimmersdorpen (ongeveer 20 minuten) over verschillende thema&#8217;s:  <\/p>\n\n\n\n<ul class=\"wp-block-list\">\n<li><a href=\"https:\/\/www.slate.fr\/audio\/regarde-en-haut\/tous-au-sommet-1\" target=\"_blank\" rel=\"noreferrer noopener\">Alles aan de top<\/a><\/li>\n\n\n\n<li><a href=\"https:\/\/www.slate.fr\/audio\/regarde-en-haut\/villages-en-haut-2\" target=\"_blank\" rel=\"noreferrer noopener\">Dorpen van bovenaf<\/a><\/li>\n\n\n\n<li><a href=\"https:\/\/www.slate.fr\/audio\/regarde-en-haut\/nature-fragile-3\" target=\"_blank\" rel=\"noreferrer noopener\">Kwetsbare natuur<\/a><\/li>\n<\/ul>\n\n\n\n<p>U kunt ook het boek &#8220;<a href=\"https:\/\/www.glenat.com\/beaux-livres-montagne\/villages-dalpinisme-des-ecrins-9782344051245\" target=\"_blank\" rel=\"noreferrer noopener\">Villages d&#8217;alpinisme des \u00c9crins&#8221; kopen bij Gl\u00e9nat editions.<\/a> Het is te koop in boekhandels, op internet en in de huizen van het \u00c9crins National Park.  <\/p>\n<\/div><\/div>\n\n\n\n<div class=\"wp-block-ws-library-ws-column\"><div class=\"wrapper\">\n<div class=\"wp-block-ws-library-ws-image\"><div class=\"wrapper\"><div class=\"group-media\"><img decoding=\"async\" src=\"https:\/\/www.paysdesecrins.com\/wp-content\/uploads\/2025\/07\/2080801582-1679060576.jpg\" alt=\"\" class=\"single_image ws-image-37441\"><div class=\"credits\"><\/div><\/div><p class=\"caption\"><\/p><\/div><\/div>\n<\/div><\/div>\n<\/div>\n\n<div class=\"wp-block-ws-library-ws-slider alignfull\"><div class=\"splide\" data-splide=\"{\"type\":\"slide\",\"heightRatio\":\"auto\",\"perPage\":4,\"perMove\":1,\"drag\":true,\"pagination\":0,\"autoplay\":false,\"gap\":\"15px\",\"breakpoints\":{\"450\":{\"perPage\":1},\"768\":{\"perPage\":2},\"992\":{\"perPage\":3},\"1200\":{\"perPage\":4}}}\"><div class=\"splide__track\"><div class=\"splide__list\"><div class=\"splide__slide\"><a href=\"https:\/\/www.paysdesecrins.com\/wp-content\/uploads\/2025\/07\/1682585568-508967110-400x400.jpg\" data-glightbox=\"true\" class=\"lightbox-trigger\"><img decoding=\"async\" src=\"https:\/\/www.paysdesecrins.com\/wp-content\/uploads\/2025\/07\/1682585568-508967110-400x400.jpg\" alt=\"\"><\/a><\/div><div class=\"splide__slide\"><a href=\"https:\/\/www.paysdesecrins.com\/wp-content\/uploads\/2025\/07\/1682585568-1182817379-400x400.jpg\" data-glightbox=\"true\" class=\"lightbox-trigger\"><img decoding=\"async\" src=\"https:\/\/www.paysdesecrins.com\/wp-content\/uploads\/2025\/07\/1682585568-1182817379-400x400.jpg\" alt=\"\"><\/a><\/div><div class=\"splide__slide\"><a href=\"https:\/\/www.paysdesecrins.com\/wp-content\/uploads\/2025\/07\/1682585684-1253332757-400x400.jpg\" data-glightbox=\"true\" class=\"lightbox-trigger\"><img decoding=\"async\" src=\"https:\/\/www.paysdesecrins.com\/wp-content\/uploads\/2025\/07\/1682585684-1253332757-400x400.jpg\" alt=\"\"><\/a><\/div><div class=\"splide__slide\"><a href=\"https:\/\/www.paysdesecrins.com\/wp-content\/uploads\/2025\/07\/1682585684-549175391-400x400.jpg\" data-glightbox=\"true\" class=\"lightbox-trigger\"><img decoding=\"async\" src=\"https:\/\/www.paysdesecrins.com\/wp-content\/uploads\/2025\/07\/1682585684-549175391-400x400.jpg\" alt=\"\"><\/a><\/div><\/div><\/div><\/div><\/div>\n\n<div class=\"wp-block-ws-library-ws-title\"><h3><em>Bergsportscholen<\/em> in de \u00c9crins<\/h3><\/div>\n\n<p>Dankzij het werk van de <strong>gidsen en het gidsenbureau van \u00c9crins<\/strong> is op <strong>Ailefroide<\/strong> een <strong>terrein van de boulderschool<\/strong> gemarkeerd en bewegwijzerd, evenals de kleine rotsachtige loop van de <strong>bergkam Pic des Aupillous<\/strong>.Deze sectoren zijn bewegwijzerd om jongere generaties en beginners gemakkelijker toegang te geven tot bergbeklimmen. <\/p>\n\n<p>Dit zijn de 2 sites die voor dit doel zijn opgezet in de gemeente Vallouise-Pelvoux in het kader van dit project:<\/p>\n\n<ul class=\"wp-block-list\">\n<li>de bouldersite <strong>Ailefroide <\/strong>op de weg die naar de berghut S\u00e9l\u00e9 leidt<\/li>\n\n\n\n<li>de <strong>Pic des Aupillous bergkam <\/strong>boven de berghut Bans in de Entraygues-vallei<\/li>\n<\/ul>\n\n<p>Andere klimscholen zijn ook beschikbaar in de omgeving in Champcella, Ailefroide, Saint-Martin-de-Queyri\u00e8res (Rocher Baron), Prelle en Argenti\u00e8re La-Bess\u00e9e.  <\/p>\n\n<p>Op deze sites kunnen beginners de technieken van het klimmen leren om vervolgens hun <strong>eerste bergsportrace<\/strong> te kunnen oefenen.<\/p>\n\n<p>U vindt alle locaties van de klimscholen in de \u00c9crins in de gids &#8220;ESCALADE BRIANCON CLIMBS 2022&#8221;.<\/p>\n\n<p>U kunt het &#8220;Topoboekje bergdorpen&#8221; hieronder downloaden en in papieren versie vinden in onze VVV-kantoren.<\/p>\n\n<div class=\"wp-block-ws-library-ws-documents\">\n<div class=\"wp-block-ws-library-ws-document\"><a href=\"https:\/\/www.paysdesecrins.com\/wp-content\/uploads\/2025\/07\/livret-topo-villages-alpinisme-ok-light.pdf\" target=\"_blank\" rel=\"noopener noreferrer\" class=\"link-document\">Boekje: Topo bergbeklimmersdorpen van de \u00c9crins<\/a><\/div>\n<\/div>\n\n<div class=\"wp-block-ws-library-ws-slider alignfull\"><div class=\"splide\" data-splide=\"{\"type\":\"slide\",\"heightRatio\":\"auto\",\"perPage\":4,\"perMove\":1,\"drag\":true,\"pagination\":0,\"autoplay\":false,\"gap\":\"15px\",\"breakpoints\":{\"450\":{\"perPage\":1},\"768\":{\"perPage\":2},\"992\":{\"perPage\":3},\"1200\":{\"perPage\":4}}}\"><div class=\"splide__track\"><div class=\"splide__list\"><div class=\"splide__slide\"><a href=\"https:\/\/www.paysdesecrins.com\/wp-content\/uploads\/2025\/07\/1682585568-1830260856-400x400.jpg\" data-glightbox=\"true\" class=\"lightbox-trigger\"><img decoding=\"async\" src=\"https:\/\/www.paysdesecrins.com\/wp-content\/uploads\/2025\/07\/1682585568-1830260856-400x400.jpg\" alt=\"\"><\/a><\/div><div class=\"splide__slide\"><a href=\"https:\/\/www.paysdesecrins.com\/wp-content\/uploads\/2025\/07\/1682585568-1929484564-400x400.jpg\" data-glightbox=\"true\" class=\"lightbox-trigger\"><img decoding=\"async\" src=\"https:\/\/www.paysdesecrins.com\/wp-content\/uploads\/2025\/07\/1682585568-1929484564-400x400.jpg\" alt=\"\"><\/a><\/div><div class=\"splide__slide\"><a href=\"https:\/\/www.paysdesecrins.com\/wp-content\/uploads\/2025\/07\/1682585568-2054800602-400x400.jpg\" data-glightbox=\"true\" class=\"lightbox-trigger\"><img decoding=\"async\" src=\"https:\/\/www.paysdesecrins.com\/wp-content\/uploads\/2025\/07\/1682585568-2054800602-400x400.jpg\" alt=\"\"><\/a><\/div><div class=\"splide__slide\"><a href=\"https:\/\/www.paysdesecrins.com\/wp-content\/uploads\/2025\/07\/k7a9235-1-scaled.jpg\" data-glightbox=\"true\" class=\"lightbox-trigger\"><img decoding=\"async\" src=\"https:\/\/www.paysdesecrins.com\/wp-content\/uploads\/2025\/07\/k7a9235-1-400x400.jpg\" alt=\"\"><\/a><\/div><\/div><\/div><\/div><\/div>\n\n<div class=\"wp-block-ws-library-ws-columns alignwide has-2-columns are-vertically-aligned-center layout-5050 is-style-background\">\n<div class=\"wp-block-ws-library-ws-column\"><div class=\"wrapper\">\n<div class=\"wp-block-ws-library-ws-image\"><div class=\"wrapper\"><div class=\"group-media\"><img decoding=\"async\" src=\"https:\/\/www.paysdesecrins.com\/wp-content\/uploads\/2025\/07\/16sitesdexception-predemadamecarle-refuge-du-glacier-blanc-et-des-ecrins-en-ski-29-960x640.jpg\" alt=\"\" class=\"single_image ws-image-21515\"><div class=\"credits\"><\/div><\/div><p class=\"caption\"><\/p><\/div><\/div>\n<\/div><\/div>\n\n\n\n<div class=\"wp-block-ws-library-ws-column\"><div class=\"wrapper\">\n<div class=\"wp-block-ws-library-ws-title\"><h3><em>Bergbeklimmen Toeren<\/em><\/h3><\/div>\n\n\n\n<p><strong>De juwelen<br\/><\/strong>Wilt u <strong>het \u00c9crins-massief ontdekken<\/strong> via <strong>een bergtocht<\/strong>? Welkom in de <a href=\"https:\/\/www.hautes-alpes.net\/fr\/economie.html\" target=\"_blank\" rel=\"noreferrer noopener\"><strong>Hautes-Alpes<\/strong><\/a>, wij bieden aan om u te begeleiden bij dit prachtige project door u te laten profiteren van onze kennis van het massief, zodat uw verblijf een echt succes wordt.<br\/>Neem contact met ons op via <a href=\"mailto:reservation@paysdesecrins.com\" target=\"_blank\" rel=\"noreferrer noopener\">reservation@paysdesecrins.com<\/a> of 06 30 83 37 65 <\/p>\n\n\n\n<p><strong>Bergsportraces in de \u00c9crins<br\/><\/strong>Wilt u <strong>een bergbeklimmerstocht maken <\/strong>in het <strong>\u00c9crins-massief<\/strong>? Neem contact op met een van de partners van het kantoor en\/of raadpleeg het all-inclusive verblijf dat door onze partners rond bergbeklimmen wordt aangeboden.   <\/p>\n<\/div><\/div>\n<\/div>\n\n<div class=\"wp-block-ws-library-ws-video\"><div class=\"wrapper\"><div class=\"group-media\">\n<figure class=\"wp-block-embed is-type-video is-provider-youtube wp-block-embed-youtube\"><div class=\"wp-block-embed__wrapper\">\n<iframe loading=\"lazy\" title=\"Alpinisme au Pays des \u00c9crins\" width=\"500\" height=\"281\" src=\"https:\/\/www.youtube.com\/embed\/njz6V_fjYHU?feature=oembed\" frameborder=\"0\" allow=\"accelerometer; autoplay; clipboard-write; encrypted-media; gyroscope; picture-in-picture; web-share\" referrerpolicy=\"strict-origin-when-cross-origin\" allowfullscreen><\/iframe>\n<\/div><\/figure>\n<\/div><\/div><\/div>\n\n<div class=\"wp-block-ws-library-ws-title\"><h3><em>Rondleiding door de <\/em>Bergbeklimmersdorpen van de \u00c9crins<\/h3><\/div>\n\n<p>Een massief en 7 dorpen om te ontdekken rond bergbeklimmen. Deze dorpen zijn echte basiskampen, vertrekpunten voor grote bergsportraces naar emblematische toppen. Het zijn plaatsen van voorbereiding op avontuur, wandelen of wandelen, naar een van de bijzonderheden van het massief: een top, een waterval of een spectaculair uitzichtpunt. Naar de bergbeklimmersdorpen van de \u00c9crins gaan is een beetje als je loskoppelen van de samenleving en weer in contact komen met de natuur in de bergen. Dit zijn plaatsen waar gezelligheid en delen de weerspiegeling zijn van de identiteit en tradities van de bergen    <\/p>\n\n<p>Vanuit het <strong>bergbeklimmersdorp Vallouise-Pelvoux en Ailefroide<\/strong> kunt u een auto- en wandeltocht maken naar elke site, rond de <strong>7 bergbeklimmersdorpen van de \u00c9crins<\/strong>.<\/p>\n\n<p>Hier zijn de andere etappes die profiteren van het<strong> label &#8220;Bergdorpen&#8221; <\/strong>en waarop u prachtige plaatsen zult ontdekken door middel van <strong>wandelingen die voor iedereen toegankelijk<\/strong> zijn of door <strong>middel van hooggebergteraces <\/strong>onder begeleiding van een gids:<\/p>\n\n<ul class=\"wp-block-list\">\n<li><strong>Vallouise-Pelvoux en Ailfroide<\/strong> met de <strong>Pr\u00e9 de Madame Carle <\/strong>en zijn beroemde legende, de Glacier Blanc en de Glacier Noir, de klimlocaties van Ailefroide;  <\/li>\n\n\n\n<li><strong>Le Casset <\/strong>in de gemeente<strong> Le Mon\u00eatier-les-Bains <\/strong>met het vertrek naar<strong> de valleien van de Grand en Petit Tabuc, <\/strong>met een van de toegangen tot<strong> de top van de Agneaux, het meer van de douche en de R\u00e9ou d&#8217;Arsine, de via-ferrata van de Aiguillette du Lauzet en de Col du Lautaret;<\/strong><\/li>\n\n\n\n<li><strong>Villar d&#8217;Ar\u00e8ne <\/strong>met de beroemde <strong>Alpentuin van de Col du Lautaret en het meer van Pontet; <\/strong> <\/li>\n\n\n\n<li><strong>La Grave met zijn beroemde mythische toppen, zijn kabelbaan, de Girose-gletsjer, het plateau van Emparis, de baars van het Chazelet-observatorium;  <\/strong><\/li>\n\n\n\n<li><strong>Saint-Christophe-en-Oisans en La B\u00e9rarde; de Pisse-waterval en de Valsenestre-vallei;<\/strong><\/li>\n\n\n\n<li><strong>Le D\u00e9sert-en-Valjouffrey <\/strong>met de niet te missen<strong> &#8220;Hameau du d\u00e9sert&#8221;<\/strong> ;  <\/li>\n\n\n\n<li><strong>La Chapelle-en-Valgaudemar <\/strong>met<strong> de Gionerbnay refuge, de waterval van de sluier van de bruid, het meer van Lauzon en de Oulles du diable.<\/strong><br\/><\/li>\n<\/ul>\n\n<div class=\"wp-block-ws-library-ws-slider alignfull\"><div class=\"splide\" data-splide=\"{\"type\":\"slide\",\"heightRatio\":\"auto\",\"perPage\":4,\"perMove\":1,\"drag\":true,\"pagination\":0,\"autoplay\":false,\"gap\":\"15px\",\"breakpoints\":{\"450\":{\"perPage\":1},\"768\":{\"perPage\":2},\"992\":{\"perPage\":3},\"1200\":{\"perPage\":4}}}\"><div class=\"splide__track\"><div class=\"splide__list\"><div class=\"splide__slide\"><a href=\"https:\/\/www.paysdesecrins.com\/wp-content\/uploads\/2025\/07\/1682585568-216337896-400x400.jpg\" data-glightbox=\"true\" class=\"lightbox-trigger\"><img decoding=\"async\" src=\"https:\/\/www.paysdesecrins.com\/wp-content\/uploads\/2025\/07\/1682585568-216337896-400x400.jpg\" alt=\"\"><\/a><\/div><div class=\"splide__slide\"><a href=\"https:\/\/www.paysdesecrins.com\/wp-content\/uploads\/2025\/07\/1682585568-559502705-400x400.jpg\" data-glightbox=\"true\" class=\"lightbox-trigger\"><img decoding=\"async\" src=\"https:\/\/www.paysdesecrins.com\/wp-content\/uploads\/2025\/07\/1682585568-559502705-400x400.jpg\" alt=\"\"><\/a><\/div><div class=\"splide__slide\"><a href=\"https:\/\/www.paysdesecrins.com\/wp-content\/uploads\/2025\/07\/1682585568-1291081519-400x400.jpg\" data-glightbox=\"true\" class=\"lightbox-trigger\"><img decoding=\"async\" src=\"https:\/\/www.paysdesecrins.com\/wp-content\/uploads\/2025\/07\/1682585568-1291081519-400x400.jpg\" alt=\"\"><\/a><\/div><div class=\"splide__slide\"><a href=\"https:\/\/www.paysdesecrins.com\/wp-content\/uploads\/2025\/07\/pre-de-madame-carle-en-ski-11-scaled.jpg\" data-glightbox=\"true\" class=\"lightbox-trigger\"><img decoding=\"async\" src=\"https:\/\/www.paysdesecrins.com\/wp-content\/uploads\/2025\/07\/pre-de-madame-carle-en-ski-11-400x400.jpg\" alt=\"\"><\/a><\/div><\/div><\/div><\/div><\/div>\n\n<p>Ontdek deze <strong>plaatsen van overdracht<\/strong> waar de <strong>cultuur van het bergbeklimmen<\/strong> al generaties lang leeft.<\/p>\n\n<p>Elk dorp is uniek en bestaat uit zijn natuurlijke omgeving. Terwijl u <strong>ronddwaalt,<\/strong> zult u versteld staan van de eenvoudige schoonheid van rieten daken, lariksbekleding, gewelven, arcades, ge\u00efsoleerde kelders, oude gekapte tufsteen of blauwe hardsteen, fonteinen en wasplaatsen, molens en ovens. U zult de frisheid van de geplaveide straatjes waarderen, onderbroken door bescheiden religieuze gebouwen.    <\/p>\n\n<p>De bergbeklimmersdorpen van de \u00c9crins, geplant in het hooggebergte, liggen in de frontlinie van de opwarming van de <strong>aarde<\/strong> : terugtrekkende gletsjers, rotsverschuivingen, erosie, hevige overstromingen, verandering van vegetatie&#8230; Bovenal liggen ze op loopafstand van een ongelooflijke biodiversiteit. Meer dan <strong>4.500 dier- en plantensoorten <\/strong>zijn er geregistreerd, zoals de steenbok, de gems, de sneeuwhoen, de lammergier, enkele discrete en bedreigde insecten zoals de bergsprinkhaan, natuurlijk coniferen, de <strong>koningin van de Alpen <\/strong>of 4 soorten genepi, waaronder de uiterst zeldzame <strong>gletsjer genepi.<\/strong>  <\/p>\n\n<div class=\"wp-block-ws-library-ws-button has-text-align-center is-style-outline\"><a href=\"https:\/\/www.paysdesecrins.com\/nl\/ik-kies\/animatie-en-evenementen\/grote-evenementen-in-het-land-van-de-juwelen\/\" class=\"wp-block-button__link wp-element-button btn\">  Alle gebeurtenissen van het land van de juwelen<\/a><\/div>\n\n<div class=\"wp-block-ws-library-ws-share\"><span class=\"share-subtitle\">Vond je deze pagina leuk?<\/span><span class=\"share-title\">Deel het!<\/span><button class=\"ws-share-button wp-element-button\">Deel deze pagina<\/button><\/div>\n","protected":false},"excerpt":{"rendered":"<p>Het label &#8220;Bergdorpen&#8221; dat aan de gemeente Vallouise-Pelvoux is toegekend, heeft tot doel het bergbeklimmen in de \u00c9crins te promoten [&hellip;]<\/p>\n","protected":false},"author":4,"featured_media":29992,"parent":0,"menu_order":0,"comment_status":"closed","ping_status":"closed","template":"","meta":{"_thumbnail_id_2":0,"summer_excerpt":"","season":"","station":"","footnotes":""},"class_list":["post-45958","page","type-page","status-publish","has-post-thumbnail","hentry"],"yoast_head":"<!-- This site is optimized with the Yoast SEO plugin v27.3 - https:\/\/yoast.com\/product\/yoast-seo-wordpress\/ -->\n<title>Bergbeklimmen dorpen - Pays des \u00c9crins - Office de Tourisme<\/title>\n<meta name=\"robots\" content=\"index, follow, max-snippet:-1, max-image-preview:large, max-video-preview:-1\" \/>\n<link rel=\"canonical\" href=\"https:\/\/www.paysdesecrins.com\/nl\/bergbeklimmen-dorpen\/\" \/>\n<meta property=\"og:locale\" content=\"nl_NL\" \/>\n<meta property=\"og:type\" content=\"article\" \/>\n<meta property=\"og:title\" content=\"Bergbeklimmen dorpen - Pays des \u00c9crins - Office de Tourisme\" \/>\n<meta property=\"og:description\" content=\"Het label &#8220;Bergdorpen&#8221; dat aan de gemeente Vallouise-Pelvoux is toegekend, heeft tot doel het bergbeklimmen in de \u00c9crins te promoten [&hellip;]\" \/>\n<meta property=\"og:url\" content=\"https:\/\/www.paysdesecrins.com\/nl\/bergbeklimmen-dorpen\/\" \/>\n<meta property=\"og:site_name\" content=\"Pays des \u00c9crins - Office de Tourisme\" \/>\n<meta property=\"article:modified_time\" content=\"2025-08-07T13:03:58+00:00\" \/>\n<meta property=\"og:image\" content=\"https:\/\/www.paysdesecrins.com\/wp-content\/uploads\/2025\/07\/vallouise-alpesphotographiescom-72-scaled.jpg\" \/>\n\t<meta property=\"og:image:width\" content=\"2560\" \/>\n\t<meta property=\"og:image:height\" content=\"1708\" \/>\n\t<meta property=\"og:image:type\" content=\"image\/jpeg\" \/>\n<meta name=\"twitter:card\" content=\"summary_large_image\" \/>\n<meta name=\"twitter:label1\" content=\"Geschatte leestijd\" \/>\n\t<meta name=\"twitter:data1\" content=\"6 minuten\" \/>\n<script type=\"application\/ld+json\" class=\"yoast-schema-graph\">{\"@context\":\"https:\\\/\\\/schema.org\",\"@graph\":[{\"@type\":\"WebPage\",\"@id\":\"https:\\\/\\\/www.paysdesecrins.com\\\/nl\\\/bergbeklimmen-dorpen\\\/\",\"url\":\"https:\\\/\\\/www.paysdesecrins.com\\\/nl\\\/bergbeklimmen-dorpen\\\/\",\"name\":\"Bergbeklimmen dorpen - Pays des \u00c9crins - Office de Tourisme\",\"isPartOf\":{\"@id\":\"https:\\\/\\\/www.paysdesecrins.com\\\/nl\\\/#website\"},\"primaryImageOfPage\":{\"@id\":\"https:\\\/\\\/www.paysdesecrins.com\\\/nl\\\/bergbeklimmen-dorpen\\\/#primaryimage\"},\"image\":{\"@id\":\"https:\\\/\\\/www.paysdesecrins.com\\\/nl\\\/bergbeklimmen-dorpen\\\/#primaryimage\"},\"thumbnailUrl\":\"https:\\\/\\\/www.paysdesecrins.com\\\/wp-content\\\/uploads\\\/2025\\\/07\\\/vallouise-alpesphotographiescom-72-scaled.jpg\",\"datePublished\":\"2025-07-24T07:43:42+00:00\",\"dateModified\":\"2025-08-07T13:03:58+00:00\",\"breadcrumb\":{\"@id\":\"https:\\\/\\\/www.paysdesecrins.com\\\/nl\\\/bergbeklimmen-dorpen\\\/#breadcrumb\"},\"inLanguage\":\"nl-NL\",\"potentialAction\":[{\"@type\":\"ReadAction\",\"target\":[\"https:\\\/\\\/www.paysdesecrins.com\\\/nl\\\/bergbeklimmen-dorpen\\\/\"]}]},{\"@type\":\"ImageObject\",\"inLanguage\":\"nl-NL\",\"@id\":\"https:\\\/\\\/www.paysdesecrins.com\\\/nl\\\/bergbeklimmen-dorpen\\\/#primaryimage\",\"url\":\"https:\\\/\\\/www.paysdesecrins.com\\\/wp-content\\\/uploads\\\/2025\\\/07\\\/vallouise-alpesphotographiescom-72-scaled.jpg\",\"contentUrl\":\"https:\\\/\\\/www.paysdesecrins.com\\\/wp-content\\\/uploads\\\/2025\\\/07\\\/vallouise-alpesphotographiescom-72-scaled.jpg\",\"width\":2560,\"height\":1708,\"caption\":\"Shooting dans le cadre des Villlages d'alpinisme\"},{\"@type\":\"BreadcrumbList\",\"@id\":\"https:\\\/\\\/www.paysdesecrins.com\\\/nl\\\/bergbeklimmen-dorpen\\\/#breadcrumb\",\"itemListElement\":[{\"@type\":\"ListItem\",\"position\":1,\"name\":\"Accueil\",\"item\":\"https:\\\/\\\/www.paysdesecrins.com\\\/nl\\\/de-titel-van-het-huis\\\/\"},{\"@type\":\"ListItem\",\"position\":2,\"name\":\"Bergbeklimmen dorpen\"}]},{\"@type\":\"WebSite\",\"@id\":\"https:\\\/\\\/www.paysdesecrins.com\\\/nl\\\/#website\",\"url\":\"https:\\\/\\\/www.paysdesecrins.com\\\/nl\\\/\",\"name\":\"Pays des \u00c9crins - Office de Tourisme\",\"description\":\"L&#039;esprit montagne\",\"publisher\":{\"@id\":\"https:\\\/\\\/www.paysdesecrins.com\\\/nl\\\/#organization\"},\"potentialAction\":[{\"@type\":\"SearchAction\",\"target\":{\"@type\":\"EntryPoint\",\"urlTemplate\":\"https:\\\/\\\/www.paysdesecrins.com\\\/nl\\\/?s={search_term_string}\"},\"query-input\":{\"@type\":\"PropertyValueSpecification\",\"valueRequired\":true,\"valueName\":\"search_term_string\"}}],\"inLanguage\":\"nl-NL\"},{\"@type\":\"Organization\",\"@id\":\"https:\\\/\\\/www.paysdesecrins.com\\\/nl\\\/#organization\",\"name\":\"Pays des \u00c9crins - Office de Tourisme\",\"url\":\"https:\\\/\\\/www.paysdesecrins.com\\\/nl\\\/\",\"logo\":{\"@type\":\"ImageObject\",\"inLanguage\":\"nl-NL\",\"@id\":\"https:\\\/\\\/www.paysdesecrins.com\\\/nl\\\/#\\\/schema\\\/logo\\\/image\\\/\",\"url\":\"https:\\\/\\\/www.paysdesecrins.com\\\/wp-content\\\/uploads\\\/2025\\\/06\\\/devina-svg-1750845694.svg\",\"contentUrl\":\"https:\\\/\\\/www.paysdesecrins.com\\\/wp-content\\\/uploads\\\/2025\\\/06\\\/devina-svg-1750845694.svg\",\"caption\":\"Pays des \u00c9crins - Office de Tourisme\"},\"image\":{\"@id\":\"https:\\\/\\\/www.paysdesecrins.com\\\/nl\\\/#\\\/schema\\\/logo\\\/image\\\/\"}}]}<\/script>\n<!-- \/ Yoast SEO plugin. -->","yoast_head_json":{"title":"Bergbeklimmen dorpen - Pays des \u00c9crins - Office de Tourisme","robots":{"index":"index","follow":"follow","max-snippet":"max-snippet:-1","max-image-preview":"max-image-preview:large","max-video-preview":"max-video-preview:-1"},"canonical":"https:\/\/www.paysdesecrins.com\/nl\/bergbeklimmen-dorpen\/","og_locale":"nl_NL","og_type":"article","og_title":"Bergbeklimmen dorpen - Pays des \u00c9crins - Office de Tourisme","og_description":"Het label &#8220;Bergdorpen&#8221; dat aan de gemeente Vallouise-Pelvoux is toegekend, heeft tot doel het bergbeklimmen in de \u00c9crins te promoten [&hellip;]","og_url":"https:\/\/www.paysdesecrins.com\/nl\/bergbeklimmen-dorpen\/","og_site_name":"Pays des \u00c9crins - Office de Tourisme","article_modified_time":"2025-08-07T13:03:58+00:00","og_image":[{"width":2560,"height":1708,"url":"https:\/\/www.paysdesecrins.com\/wp-content\/uploads\/2025\/07\/vallouise-alpesphotographiescom-72-scaled.jpg","type":"image\/jpeg"}],"twitter_card":"summary_large_image","twitter_misc":{"Geschatte leestijd":"6 minuten"},"schema":{"@context":"https:\/\/schema.org","@graph":[{"@type":"WebPage","@id":"https:\/\/www.paysdesecrins.com\/nl\/bergbeklimmen-dorpen\/","url":"https:\/\/www.paysdesecrins.com\/nl\/bergbeklimmen-dorpen\/","name":"Bergbeklimmen dorpen - Pays des \u00c9crins - Office de Tourisme","isPartOf":{"@id":"https:\/\/www.paysdesecrins.com\/nl\/#website"},"primaryImageOfPage":{"@id":"https:\/\/www.paysdesecrins.com\/nl\/bergbeklimmen-dorpen\/#primaryimage"},"image":{"@id":"https:\/\/www.paysdesecrins.com\/nl\/bergbeklimmen-dorpen\/#primaryimage"},"thumbnailUrl":"https:\/\/www.paysdesecrins.com\/wp-content\/uploads\/2025\/07\/vallouise-alpesphotographiescom-72-scaled.jpg","datePublished":"2025-07-24T07:43:42+00:00","dateModified":"2025-08-07T13:03:58+00:00","breadcrumb":{"@id":"https:\/\/www.paysdesecrins.com\/nl\/bergbeklimmen-dorpen\/#breadcrumb"},"inLanguage":"nl-NL","potentialAction":[{"@type":"ReadAction","target":["https:\/\/www.paysdesecrins.com\/nl\/bergbeklimmen-dorpen\/"]}]},{"@type":"ImageObject","inLanguage":"nl-NL","@id":"https:\/\/www.paysdesecrins.com\/nl\/bergbeklimmen-dorpen\/#primaryimage","url":"https:\/\/www.paysdesecrins.com\/wp-content\/uploads\/2025\/07\/vallouise-alpesphotographiescom-72-scaled.jpg","contentUrl":"https:\/\/www.paysdesecrins.com\/wp-content\/uploads\/2025\/07\/vallouise-alpesphotographiescom-72-scaled.jpg","width":2560,"height":1708,"caption":"Shooting dans le cadre des Villlages d'alpinisme"},{"@type":"BreadcrumbList","@id":"https:\/\/www.paysdesecrins.com\/nl\/bergbeklimmen-dorpen\/#breadcrumb","itemListElement":[{"@type":"ListItem","position":1,"name":"Accueil","item":"https:\/\/www.paysdesecrins.com\/nl\/de-titel-van-het-huis\/"},{"@type":"ListItem","position":2,"name":"Bergbeklimmen dorpen"}]},{"@type":"WebSite","@id":"https:\/\/www.paysdesecrins.com\/nl\/#website","url":"https:\/\/www.paysdesecrins.com\/nl\/","name":"Pays des \u00c9crins - Office de Tourisme","description":"L&#039;esprit montagne","publisher":{"@id":"https:\/\/www.paysdesecrins.com\/nl\/#organization"},"potentialAction":[{"@type":"SearchAction","target":{"@type":"EntryPoint","urlTemplate":"https:\/\/www.paysdesecrins.com\/nl\/?s={search_term_string}"},"query-input":{"@type":"PropertyValueSpecification","valueRequired":true,"valueName":"search_term_string"}}],"inLanguage":"nl-NL"},{"@type":"Organization","@id":"https:\/\/www.paysdesecrins.com\/nl\/#organization","name":"Pays des \u00c9crins - Office de Tourisme","url":"https:\/\/www.paysdesecrins.com\/nl\/","logo":{"@type":"ImageObject","inLanguage":"nl-NL","@id":"https:\/\/www.paysdesecrins.com\/nl\/#\/schema\/logo\/image\/","url":"https:\/\/www.paysdesecrins.com\/wp-content\/uploads\/2025\/06\/devina-svg-1750845694.svg","contentUrl":"https:\/\/www.paysdesecrins.com\/wp-content\/uploads\/2025\/06\/devina-svg-1750845694.svg","caption":"Pays des \u00c9crins - Office de Tourisme"},"image":{"@id":"https:\/\/www.paysdesecrins.com\/nl\/#\/schema\/logo\/image\/"}}]}},"_links":{"self":[{"href":"https:\/\/www.paysdesecrins.com\/nl\/wp-json\/wp\/v2\/pages\/45958","targetHints":{"allow":["GET"]}}],"collection":[{"href":"https:\/\/www.paysdesecrins.com\/nl\/wp-json\/wp\/v2\/pages"}],"about":[{"href":"https:\/\/www.paysdesecrins.com\/nl\/wp-json\/wp\/v2\/types\/page"}],"author":[{"embeddable":true,"href":"https:\/\/www.paysdesecrins.com\/nl\/wp-json\/wp\/v2\/users\/4"}],"replies":[{"embeddable":true,"href":"https:\/\/www.paysdesecrins.com\/nl\/wp-json\/wp\/v2\/comments?post=45958"}],"version-history":[{"count":0,"href":"https:\/\/www.paysdesecrins.com\/nl\/wp-json\/wp\/v2\/pages\/45958\/revisions"}],"wp:featuredmedia":[{"embeddable":true,"href":"https:\/\/www.paysdesecrins.com\/nl\/wp-json\/wp\/v2\/media\/29992"}],"wp:attachment":[{"href":"https:\/\/www.paysdesecrins.com\/nl\/wp-json\/wp\/v2\/media?parent=45958"}],"curies":[{"name":"wp","href":"https:\/\/api.w.org\/{rel}","templated":true}]}}