{"id":45962,"date":"2025-07-24T09:32:38","date_gmt":"2025-07-24T07:32:38","guid":{"rendered":"https:\/\/www.paysdesecrins.com\/pelvoux-vallouise-volgens-tony-lamiche\/"},"modified":"2025-07-28T16:03:27","modified_gmt":"2025-07-28T14:03:27","slug":"pelvoux-vallouise-volgens-tony-lamiche","status":"publish","type":"page","link":"https:\/\/www.paysdesecrins.com\/nl\/pelvoux-vallouise-volgens-tony-lamiche\/","title":{"rendered":"Pelvoux-Vallouise volgens Tony LAMICHE"},"content":{"rendered":"    <div class=\"alignfull wp-block-ws-library-ws-header-interne\">\n\t    <div class=\"header-container\">\n\t        <div class=\"group-media has-image\">\n\t            \t                <img loading=\"lazy\" decoding=\"async\" width=\"1920\" height=\"800\" src=\"https:\/\/www.paysdesecrins.com\/wp-content\/uploads\/2025\/07\/h0a5655-1920x800.jpg\" alt=\"\" class=\"image_large_square wp-image-42567\" \/>\n\t            \t        <\/div>\n\t        <div class=\"group-content\">\n\t            <div class=\"title\">\n\t                <h1>\n\t                    Pelvoux-Vallouise volgens Tony LAMICHE\t                    \t                <\/h1>\n\t            <\/div>\n\t        <\/div>\n\t    <\/div>\n\t    \n<div class=\"yoast-breadcrumbs\"><span><span><a href=\"https:\/\/www.paysdesecrins.com\/nl\/de-titel-van-het-huis\/\">Accueil<\/a><\/span>  <span class=\"breadcrumb_last\" aria-current=\"page\">Pelvoux-Vallouise volgens Tony LAMICHE<\/span><\/span><\/div>\n    <\/div>\n    \n<div class=\"wp-block-ws-library-ws-title aligncenter is-style-simple\"><h2><em>Tony LAMICHE<\/em>Professionele ski\u00ebr en berggids<\/h2><\/div>\n\n<p class=\"has-text-align-center\">Tony komt oorspronkelijk uit <strong>L&#8217;Argenti\u00e8re-la-Bess\u00e9e en<\/strong> bracht zijn jeugd door met wandelen in de bergen van het <strong>Pays des \u00c9crins<\/strong>.<\/p>\n\n<p class=\"has-text-align-center\">Een passie voor het buitenleven die hij voor het eerst ontwikkelde door klimmen op hoog niveau te beoefenen, en vervolgens, in zijn twintiger jaren, wendde hij zich tot off-ski\u00ebn en ski\u00ebn op steile hellingen. <strong>Professioneel ski\u00ebr en klimmer<\/strong>, berggids en instructeur, <strong>de \u00c9crins zijn land<\/strong>, zijn land van spel en werk.<\/p>\n\n<div class=\"wp-block-ws-library-ws-columns alignwide has-2-columns are-vertically-aligned-center layout-5050 is-style-background\">\n<div class=\"wp-block-ws-library-ws-column\"><div class=\"wrapper\">\n<div class=\"wp-block-ws-library-ws-title\"><h3>Zijn wandeling?<\/h3><\/div>\n\n\n\n<p>Zonder aarzeling, de Blanche en zijn top die bijna 3000 meter boven de zeespiegel ligt.<\/p>\n\n\n\n<p>&#8220;Pelvoux-Vallouise is een idyllische plek, perfect om nieuwe energie op te doen. In de zomer zijn alle buitenactiviteiten binnen handbereik en in de winter biedt het resort een enorm off-gebied waar u deze wilde vallei volledig kunt ontdekken. \u00bb<\/p>\n<\/div><\/div>\n\n\n\n<div class=\"wp-block-ws-library-ws-column\"><div class=\"wrapper\">\n<div class=\"wp-block-ws-library-ws-image\"><div class=\"wrapper\"><div class=\"group-media\"><img decoding=\"async\" src=\"https:\/\/www.paysdesecrins.com\/wp-content\/uploads\/2025\/07\/1716468177-341904612-960x640.jpg\" alt=\"\" class=\"single_image ws-image-40986\"><div class=\"credits\"><\/div><\/div><p class=\"caption\"><\/p><\/div><\/div>\n<\/div><\/div>\n<\/div>\n\n<div class=\"wp-block-ws-library-ws-title\"><h3>Zijn favoriete nummer?<\/h3><\/div>\n\n<p>Per se een off-route: de<strong>noordelijke corridor van La Rouya<\/strong>.  <\/p>\n\n<div class=\"wp-block-ws-library-ws-quote\"><blockquote class=\"quote-container quote-align-undefined\"><p class=\"quote-content\">&#8220;De tijd nemen in de bergen is de beste manier om de plaats te ontdekken. Wandelen of ski\u00ebn langs dezelfde routes stelt je ook in staat om de hoeken van de berg te leren kennen. \u00bb<\/p><footer><cite class=\"quote-subcontent\">Tony LAMICHE<\/cite><\/footer><\/blockquote><\/div>\n\n<div class=\"wp-block-ws-library-ws-slider alignwide\"><div class=\"splide\" data-splide=\"{\"type\":\"slide\",\"heightRatio\":\"auto\",\"perPage\":4,\"perMove\":1,\"drag\":true,\"pagination\":0,\"autoplay\":false,\"gap\":\"2px\",\"breakpoints\":{\"450\":{\"perPage\":1},\"768\":{\"perPage\":2},\"992\":{\"perPage\":3},\"1200\":{\"perPage\":4}}}\"><div class=\"splide__track\"><div class=\"splide__list\"><div class=\"splide__slide\"><a href=\"https:\/\/www.paysdesecrins.com\/wp-content\/uploads\/2025\/07\/1716468177-1617324556-1-400x400.jpg\" data-glightbox=\"true\" class=\"lightbox-trigger\"><img decoding=\"async\" src=\"https:\/\/www.paysdesecrins.com\/wp-content\/uploads\/2025\/07\/1716468177-1617324556-1-400x400.jpg\" alt=\"\"><\/a><\/div><div class=\"splide__slide\"><a href=\"https:\/\/www.paysdesecrins.com\/wp-content\/uploads\/2025\/07\/1716469561-383259116-400x400.jpg\" data-glightbox=\"true\" class=\"lightbox-trigger\"><img decoding=\"async\" src=\"https:\/\/www.paysdesecrins.com\/wp-content\/uploads\/2025\/07\/1716469561-383259116-400x400.jpg\" alt=\"\"><\/a><\/div><\/div><\/div><\/div><\/div>\n\n<div class=\"wp-block-ws-library-ws-share\"><span class=\"share-subtitle\">Vond je deze pagina leuk?<\/span><span class=\"share-title\">Deel het!<\/span><button class=\"ws-share-button wp-element-button\">Deel deze pagina<\/button><\/div>\n","protected":false},"excerpt":{"rendered":"<p>Tony komt oorspronkelijk uit L&#8217;Argenti\u00e8re-la-Bess\u00e9e en bracht zijn jeugd door met wandelen in de bergen van het Pays des \u00c9crins. [&hellip;]<\/p>\n","protected":false},"author":4,"featured_media":36966,"parent":0,"menu_order":0,"comment_status":"closed","ping_status":"closed","template":"","meta":{"_thumbnail_id_2":0,"summer_excerpt":"","season":"","station":"","footnotes":""},"class_list":["post-45962","page","type-page","status-publish","has-post-thumbnail","hentry"],"yoast_head":"<!-- This site is optimized with the Yoast SEO plugin v27.3 - https:\/\/yoast.com\/product\/yoast-seo-wordpress\/ -->\n<title>Pelvoux-Vallouise volgens Tony LAMICHE - Pays des \u00c9crins - Office de Tourisme<\/title>\n<meta name=\"robots\" content=\"index, follow, max-snippet:-1, max-image-preview:large, max-video-preview:-1\" \/>\n<link rel=\"canonical\" href=\"https:\/\/www.paysdesecrins.com\/nl\/pelvoux-vallouise-volgens-tony-lamiche\/\" \/>\n<meta property=\"og:locale\" content=\"nl_NL\" \/>\n<meta property=\"og:type\" content=\"article\" \/>\n<meta property=\"og:title\" content=\"Pelvoux-Vallouise volgens Tony LAMICHE - Pays des \u00c9crins - Office de Tourisme\" \/>\n<meta property=\"og:description\" content=\"Tony komt oorspronkelijk uit L&#8217;Argenti\u00e8re-la-Bess\u00e9e en bracht zijn jeugd door met wandelen in de bergen van het Pays des \u00c9crins. [&hellip;]\" \/>\n<meta property=\"og:url\" content=\"https:\/\/www.paysdesecrins.com\/nl\/pelvoux-vallouise-volgens-tony-lamiche\/\" \/>\n<meta property=\"og:site_name\" content=\"Pays des \u00c9crins - Office de Tourisme\" \/>\n<meta property=\"article:modified_time\" content=\"2025-07-28T14:03:27+00:00\" \/>\n<meta property=\"og:image\" content=\"https:\/\/www.paysdesecrins.com\/wp-content\/uploads\/2025\/07\/pelvoux-vallouise-selon-tony-lamiche-1716469024.jpg\" \/>\n\t<meta property=\"og:image:width\" content=\"1920\" \/>\n\t<meta property=\"og:image:height\" content=\"480\" \/>\n\t<meta property=\"og:image:type\" content=\"image\/jpeg\" \/>\n<meta name=\"twitter:card\" content=\"summary_large_image\" \/>\n<meta name=\"twitter:label1\" content=\"Geschatte leestijd\" \/>\n\t<meta name=\"twitter:data1\" content=\"1 minuut\" \/>\n<script type=\"application\/ld+json\" class=\"yoast-schema-graph\">{\"@context\":\"https:\\\/\\\/schema.org\",\"@graph\":[{\"@type\":\"WebPage\",\"@id\":\"https:\\\/\\\/www.paysdesecrins.com\\\/nl\\\/pelvoux-vallouise-volgens-tony-lamiche\\\/\",\"url\":\"https:\\\/\\\/www.paysdesecrins.com\\\/nl\\\/pelvoux-vallouise-volgens-tony-lamiche\\\/\",\"name\":\"Pelvoux-Vallouise volgens Tony LAMICHE - Pays des \u00c9crins - Office de Tourisme\",\"isPartOf\":{\"@id\":\"https:\\\/\\\/www.paysdesecrins.com\\\/nl\\\/#website\"},\"primaryImageOfPage\":{\"@id\":\"https:\\\/\\\/www.paysdesecrins.com\\\/nl\\\/pelvoux-vallouise-volgens-tony-lamiche\\\/#primaryimage\"},\"image\":{\"@id\":\"https:\\\/\\\/www.paysdesecrins.com\\\/nl\\\/pelvoux-vallouise-volgens-tony-lamiche\\\/#primaryimage\"},\"thumbnailUrl\":\"https:\\\/\\\/www.paysdesecrins.com\\\/wp-content\\\/uploads\\\/2025\\\/07\\\/pelvoux-vallouise-selon-tony-lamiche-1716469024.jpg\",\"datePublished\":\"2025-07-24T07:32:38+00:00\",\"dateModified\":\"2025-07-28T14:03:27+00:00\",\"breadcrumb\":{\"@id\":\"https:\\\/\\\/www.paysdesecrins.com\\\/nl\\\/pelvoux-vallouise-volgens-tony-lamiche\\\/#breadcrumb\"},\"inLanguage\":\"nl-NL\",\"potentialAction\":[{\"@type\":\"ReadAction\",\"target\":[\"https:\\\/\\\/www.paysdesecrins.com\\\/nl\\\/pelvoux-vallouise-volgens-tony-lamiche\\\/\"]}]},{\"@type\":\"ImageObject\",\"inLanguage\":\"nl-NL\",\"@id\":\"https:\\\/\\\/www.paysdesecrins.com\\\/nl\\\/pelvoux-vallouise-volgens-tony-lamiche\\\/#primaryimage\",\"url\":\"https:\\\/\\\/www.paysdesecrins.com\\\/wp-content\\\/uploads\\\/2025\\\/07\\\/pelvoux-vallouise-selon-tony-lamiche-1716469024.jpg\",\"contentUrl\":\"https:\\\/\\\/www.paysdesecrins.com\\\/wp-content\\\/uploads\\\/2025\\\/07\\\/pelvoux-vallouise-selon-tony-lamiche-1716469024.jpg\",\"width\":1920,\"height\":480},{\"@type\":\"BreadcrumbList\",\"@id\":\"https:\\\/\\\/www.paysdesecrins.com\\\/nl\\\/pelvoux-vallouise-volgens-tony-lamiche\\\/#breadcrumb\",\"itemListElement\":[{\"@type\":\"ListItem\",\"position\":1,\"name\":\"Accueil\",\"item\":\"https:\\\/\\\/www.paysdesecrins.com\\\/nl\\\/de-titel-van-het-huis\\\/\"},{\"@type\":\"ListItem\",\"position\":2,\"name\":\"Pelvoux-Vallouise volgens Tony LAMICHE\"}]},{\"@type\":\"WebSite\",\"@id\":\"https:\\\/\\\/www.paysdesecrins.com\\\/nl\\\/#website\",\"url\":\"https:\\\/\\\/www.paysdesecrins.com\\\/nl\\\/\",\"name\":\"Pays des \u00c9crins - Office de Tourisme\",\"description\":\"L&#039;esprit montagne\",\"publisher\":{\"@id\":\"https:\\\/\\\/www.paysdesecrins.com\\\/nl\\\/#organization\"},\"potentialAction\":[{\"@type\":\"SearchAction\",\"target\":{\"@type\":\"EntryPoint\",\"urlTemplate\":\"https:\\\/\\\/www.paysdesecrins.com\\\/nl\\\/?s={search_term_string}\"},\"query-input\":{\"@type\":\"PropertyValueSpecification\",\"valueRequired\":true,\"valueName\":\"search_term_string\"}}],\"inLanguage\":\"nl-NL\"},{\"@type\":\"Organization\",\"@id\":\"https:\\\/\\\/www.paysdesecrins.com\\\/nl\\\/#organization\",\"name\":\"Pays des \u00c9crins - Office de Tourisme\",\"url\":\"https:\\\/\\\/www.paysdesecrins.com\\\/nl\\\/\",\"logo\":{\"@type\":\"ImageObject\",\"inLanguage\":\"nl-NL\",\"@id\":\"https:\\\/\\\/www.paysdesecrins.com\\\/nl\\\/#\\\/schema\\\/logo\\\/image\\\/\",\"url\":\"https:\\\/\\\/www.paysdesecrins.com\\\/wp-content\\\/uploads\\\/2025\\\/06\\\/devina-svg-1750845694.svg\",\"contentUrl\":\"https:\\\/\\\/www.paysdesecrins.com\\\/wp-content\\\/uploads\\\/2025\\\/06\\\/devina-svg-1750845694.svg\",\"caption\":\"Pays des \u00c9crins - Office de Tourisme\"},\"image\":{\"@id\":\"https:\\\/\\\/www.paysdesecrins.com\\\/nl\\\/#\\\/schema\\\/logo\\\/image\\\/\"}}]}<\/script>\n<!-- \/ Yoast SEO plugin. -->","yoast_head_json":{"title":"Pelvoux-Vallouise volgens Tony LAMICHE - Pays des \u00c9crins - Office de Tourisme","robots":{"index":"index","follow":"follow","max-snippet":"max-snippet:-1","max-image-preview":"max-image-preview:large","max-video-preview":"max-video-preview:-1"},"canonical":"https:\/\/www.paysdesecrins.com\/nl\/pelvoux-vallouise-volgens-tony-lamiche\/","og_locale":"nl_NL","og_type":"article","og_title":"Pelvoux-Vallouise volgens Tony LAMICHE - Pays des \u00c9crins - Office de Tourisme","og_description":"Tony komt oorspronkelijk uit L&#8217;Argenti\u00e8re-la-Bess\u00e9e en bracht zijn jeugd door met wandelen in de bergen van het Pays des \u00c9crins. [&hellip;]","og_url":"https:\/\/www.paysdesecrins.com\/nl\/pelvoux-vallouise-volgens-tony-lamiche\/","og_site_name":"Pays des \u00c9crins - Office de Tourisme","article_modified_time":"2025-07-28T14:03:27+00:00","og_image":[{"width":1920,"height":480,"url":"https:\/\/www.paysdesecrins.com\/wp-content\/uploads\/2025\/07\/pelvoux-vallouise-selon-tony-lamiche-1716469024.jpg","type":"image\/jpeg"}],"twitter_card":"summary_large_image","twitter_misc":{"Geschatte leestijd":"1 minuut"},"schema":{"@context":"https:\/\/schema.org","@graph":[{"@type":"WebPage","@id":"https:\/\/www.paysdesecrins.com\/nl\/pelvoux-vallouise-volgens-tony-lamiche\/","url":"https:\/\/www.paysdesecrins.com\/nl\/pelvoux-vallouise-volgens-tony-lamiche\/","name":"Pelvoux-Vallouise volgens Tony LAMICHE - Pays des \u00c9crins - Office de Tourisme","isPartOf":{"@id":"https:\/\/www.paysdesecrins.com\/nl\/#website"},"primaryImageOfPage":{"@id":"https:\/\/www.paysdesecrins.com\/nl\/pelvoux-vallouise-volgens-tony-lamiche\/#primaryimage"},"image":{"@id":"https:\/\/www.paysdesecrins.com\/nl\/pelvoux-vallouise-volgens-tony-lamiche\/#primaryimage"},"thumbnailUrl":"https:\/\/www.paysdesecrins.com\/wp-content\/uploads\/2025\/07\/pelvoux-vallouise-selon-tony-lamiche-1716469024.jpg","datePublished":"2025-07-24T07:32:38+00:00","dateModified":"2025-07-28T14:03:27+00:00","breadcrumb":{"@id":"https:\/\/www.paysdesecrins.com\/nl\/pelvoux-vallouise-volgens-tony-lamiche\/#breadcrumb"},"inLanguage":"nl-NL","potentialAction":[{"@type":"ReadAction","target":["https:\/\/www.paysdesecrins.com\/nl\/pelvoux-vallouise-volgens-tony-lamiche\/"]}]},{"@type":"ImageObject","inLanguage":"nl-NL","@id":"https:\/\/www.paysdesecrins.com\/nl\/pelvoux-vallouise-volgens-tony-lamiche\/#primaryimage","url":"https:\/\/www.paysdesecrins.com\/wp-content\/uploads\/2025\/07\/pelvoux-vallouise-selon-tony-lamiche-1716469024.jpg","contentUrl":"https:\/\/www.paysdesecrins.com\/wp-content\/uploads\/2025\/07\/pelvoux-vallouise-selon-tony-lamiche-1716469024.jpg","width":1920,"height":480},{"@type":"BreadcrumbList","@id":"https:\/\/www.paysdesecrins.com\/nl\/pelvoux-vallouise-volgens-tony-lamiche\/#breadcrumb","itemListElement":[{"@type":"ListItem","position":1,"name":"Accueil","item":"https:\/\/www.paysdesecrins.com\/nl\/de-titel-van-het-huis\/"},{"@type":"ListItem","position":2,"name":"Pelvoux-Vallouise volgens Tony LAMICHE"}]},{"@type":"WebSite","@id":"https:\/\/www.paysdesecrins.com\/nl\/#website","url":"https:\/\/www.paysdesecrins.com\/nl\/","name":"Pays des \u00c9crins - Office de Tourisme","description":"L&#039;esprit montagne","publisher":{"@id":"https:\/\/www.paysdesecrins.com\/nl\/#organization"},"potentialAction":[{"@type":"SearchAction","target":{"@type":"EntryPoint","urlTemplate":"https:\/\/www.paysdesecrins.com\/nl\/?s={search_term_string}"},"query-input":{"@type":"PropertyValueSpecification","valueRequired":true,"valueName":"search_term_string"}}],"inLanguage":"nl-NL"},{"@type":"Organization","@id":"https:\/\/www.paysdesecrins.com\/nl\/#organization","name":"Pays des \u00c9crins - Office de Tourisme","url":"https:\/\/www.paysdesecrins.com\/nl\/","logo":{"@type":"ImageObject","inLanguage":"nl-NL","@id":"https:\/\/www.paysdesecrins.com\/nl\/#\/schema\/logo\/image\/","url":"https:\/\/www.paysdesecrins.com\/wp-content\/uploads\/2025\/06\/devina-svg-1750845694.svg","contentUrl":"https:\/\/www.paysdesecrins.com\/wp-content\/uploads\/2025\/06\/devina-svg-1750845694.svg","caption":"Pays des \u00c9crins - Office de Tourisme"},"image":{"@id":"https:\/\/www.paysdesecrins.com\/nl\/#\/schema\/logo\/image\/"}}]}},"_links":{"self":[{"href":"https:\/\/www.paysdesecrins.com\/nl\/wp-json\/wp\/v2\/pages\/45962","targetHints":{"allow":["GET"]}}],"collection":[{"href":"https:\/\/www.paysdesecrins.com\/nl\/wp-json\/wp\/v2\/pages"}],"about":[{"href":"https:\/\/www.paysdesecrins.com\/nl\/wp-json\/wp\/v2\/types\/page"}],"author":[{"embeddable":true,"href":"https:\/\/www.paysdesecrins.com\/nl\/wp-json\/wp\/v2\/users\/4"}],"replies":[{"embeddable":true,"href":"https:\/\/www.paysdesecrins.com\/nl\/wp-json\/wp\/v2\/comments?post=45962"}],"version-history":[{"count":0,"href":"https:\/\/www.paysdesecrins.com\/nl\/wp-json\/wp\/v2\/pages\/45962\/revisions"}],"wp:featuredmedia":[{"embeddable":true,"href":"https:\/\/www.paysdesecrins.com\/nl\/wp-json\/wp\/v2\/media\/36966"}],"wp:attachment":[{"href":"https:\/\/www.paysdesecrins.com\/nl\/wp-json\/wp\/v2\/media?parent=45962"}],"curies":[{"name":"wp","href":"https:\/\/api.w.org\/{rel}","templated":true}]}}