{"id":46021,"date":"2025-07-23T15:20:01","date_gmt":"2025-07-23T13:20:01","guid":{"rendered":"https:\/\/www.paysdesecrins.com\/noordse-activiteiten-voor-de-kleintjes\/"},"modified":"2025-11-07T13:26:01","modified_gmt":"2025-11-07T12:26:01","slug":"noordse-activiteiten-voor-de-kleintjes","status":"publish","type":"page","link":"https:\/\/www.paysdesecrins.com\/nl\/noordse-activiteiten-voor-de-kleintjes\/","title":{"rendered":"Het Pays des \u00c9crins met het gezin"},"content":{"rendered":"    <div class=\"alignfull wp-block-ws-library-ws-header-interne\" data-season=\"summer\">\n\t    <div class=\"header-container\">\n\t        <div class=\"group-media has-image\">\n\t            \t                <img loading=\"lazy\" decoding=\"async\" width=\"1920\" height=\"800\" src=\"https:\/\/www.paysdesecrins.com\/wp-content\/uploads\/2025\/08\/dsc05676-1920x800.jpg\" alt=\"\" class=\"image_large_square wp-image-64496\" \/>\n\t            \t        <\/div>\n\t        <div class=\"group-content\">\n\t            <div class=\"title\">\n\t                <h1>\n\t                    Het Pays des \u00c9crins met het gezin\t                    \t                <\/h1>\n\t            <\/div>\n\t        <\/div>\n\t    <\/div>\n\t    \n<div class=\"yoast-breadcrumbs\"><span><span><a href=\"https:\/\/www.paysdesecrins.com\/nl\/de-titel-van-het-huis\/\">Accueil<\/a><\/span>  <span class=\"breadcrumb_last\" aria-current=\"page\">Het Pays des \u00c9crins met het gezin<\/span><\/span><\/div>\n    <\/div>\n        <div class=\"alignfull wp-block-ws-library-ws-header-interne\" data-season=\"winter\">\n\t    <div class=\"header-container\">\n\t        <div class=\"group-media has-image\">\n\t            \t                <img loading=\"lazy\" decoding=\"async\" width=\"1920\" height=\"800\" src=\"https:\/\/www.paysdesecrins.com\/wp-content\/uploads\/2025\/08\/01-29-25-balade-dans-la-neige-33-1920x800.jpg\" alt=\"\" class=\"image_large_square wp-image-64569\" \/>\n\t            \t        <\/div>\n\t        <div class=\"group-content\">\n\t            <div class=\"title\">\n\t                <h1>\n\t                    Het Pays des \u00c9crins met het gezin\t                    \t                <\/h1>\n\t            <\/div>\n\t        <\/div>\n\t    <\/div>\n\t    \n<div class=\"yoast-breadcrumbs\"><span><span><a href=\"https:\/\/www.paysdesecrins.com\/nl\/de-titel-van-het-huis\/\">Accueil<\/a><\/span>  <span class=\"breadcrumb_last\" aria-current=\"page\">Het Pays des \u00c9crins met het gezin<\/span><\/span><\/div>\n    <\/div>\n    \n<div class=\"wp-block-ws-library-ws-title aligncenter is-style-simple\" data-season=\"allseasons\"><h2><em>Micro-avontuur<\/em>Gezinsactiviteiten in het Pays des Ecrins<\/h2><\/div>\n\n<p class=\"has-text-align-center\" data-season=\"summer\">Hier bewegen we allemaal samen. Het Pays des \u00c9crins biedt eenvoudige idee\u00ebn die zijn aangepast aan elke leeftijd, met lokale professionals om toezicht te houden wanneer dat nodig is. Hieronder een <strong>zomerversie<\/strong> met voorbeelden van activiteiten en dienstverleners in de omgeving.  <\/p>\n\n<p class=\"has-text-align-center\" data-season=\"winter\">Hier bewegen we allemaal samen. Het Pays des \u00c9crins biedt eenvoudige idee\u00ebn die zijn aangepast aan elke leeftijd, met lokale professionals om toezicht te houden wanneer dat nodig is. Hieronder een <strong>winterversie<\/strong> met voorbeelden van activiteiten en dienstverleners in de omgeving.  <\/p>\n\n<div class=\"wp-block-ws-library-ws-columns alignwide has-2-columns are-vertically-aligned-center layout-5050 is-style-background\" data-season=\"summer\">\n<div class=\"wp-block-ws-library-ws-column\"><div class=\"wrapper\">\n<div class=\"wp-block-ws-library-ws-title\"><h3>Geboorte &gt; 1 jaar  <\/h3><\/div>\n\n\n\n<ul class=\"wp-block-list\">\n<li>Mijn ouders nemen me mee voor wandelingen, beschermen me tegen de zon, geven me vaak een drankje!<\/li>\n\n\n\n<li>Ik blijf in de valleien, ik hou nog niet van de hoogte, het doet pijn aan mijn oren<\/li>\n<\/ul>\n<\/div><\/div>\n\n\n\n<div class=\"wp-block-ws-library-ws-column\"><div class=\"wrapper\">\n<div class=\"wp-block-ws-library-ws-image\" data-season=\"summer\"><div class=\"wrapper\"><div class=\"group-media\"><img decoding=\"async\" src=\"https:\/\/www.paysdesecrins.com\/wp-content\/uploads\/2025\/08\/img-0400-960x640.jpg\" alt=\"\" class=\"single_image ws-image-74368\"><div class=\"credits\"><\/div><\/div><p class=\"caption\"><\/p><\/div><\/div>\n<\/div><\/div>\n<\/div>\n\n<div class=\"wp-block-ws-library-ws-columns alignwide has-2-columns are-vertically-aligned-center layout-5050 is-style-background\" data-season=\"winter\">\n<div class=\"wp-block-ws-library-ws-column\"><div class=\"wrapper\">\n<div class=\"wp-block-ws-library-ws-title\"><h3>Geboorte &gt; 1 jaar  <\/h3><\/div>\n\n\n\n<ul class=\"wp-block-list\">\n<li>Ik laat me meenemen voor een slee- of pulkatocht (van 6 maanden tot 6-7 jaar) in het Scandinavische gebied van Vallouise-Pelvoux-Les Vigneaux. Comfortabel ge\u00efnstalleerd in mijn pulka, uitgeleend door het Chalet nordique de Vallouise, ben ik mama en papa die (bijna) ski\u00ebn alsof er niets gebeurd is!   <\/li>\n\n\n\n<li>Dankzij de ouderenpas van het skioord Pelvoux-Vallouise + jong kind(eren) jonger dan 3 jaar, kunnen mama en papa afwisselend ski\u00ebn (tegen een lage prijs op dezelfde pas) en om de beurt op mij passen!<\/li>\n<\/ul>\n<\/div><\/div>\n\n\n\n<div class=\"wp-block-ws-library-ws-column\"><div class=\"wrapper\">\n<div class=\"wp-block-ws-library-ws-image\" data-season=\"winter\"><div class=\"wrapper\"><div class=\"group-media\"><img decoding=\"async\" src=\"https:\/\/www.paysdesecrins.com\/wp-content\/uploads\/2025\/08\/img-3309-960x640.jpg\" alt=\"\" class=\"single_image ws-image-61096\"><div class=\"credits\"><\/div><\/div><p class=\"caption\"><\/p><\/div><\/div>\n<\/div><\/div>\n<\/div>\n\n<div class=\"wp-block-ws-library-ws-columns alignwide has-2-columns are-vertically-aligned-center layout-5050 is-style-background\" data-season=\"winter\">\n<div class=\"wp-block-ws-library-ws-column\"><div class=\"wrapper\">\n<div class=\"wp-block-ws-library-ws-image\"><div class=\"wrapper\"><div class=\"group-media\"><img decoding=\"async\" src=\"https:\/\/www.paysdesecrins.com\/wp-content\/uploads\/2025\/08\/img-7265-960x640.jpg\" alt=\"\" class=\"single_image ws-image-74312\"><div class=\"credits\"><\/div><\/div><p class=\"caption\"><\/p><\/div><\/div>\n<\/div><\/div>\n\n\n\n<div class=\"wp-block-ws-library-ws-column\"><div class=\"wrapper\">\n<div class=\"wp-block-ws-library-ws-title\"><h3>Vanaf 1 jaar  <\/h3><\/div>\n\n\n\n<ul class=\"wp-block-list\">\n<li data-season=\"winter\">Ik kan naar de speelgoedbibliotheek gaan met mijn broers, zussen, vrienden, vriendinnen die jonger zijn dan 6 jaar, een volwassene begeleidt ons en speelt met ons! \u2022 We zijn vergeten boeken mee te nemen! Gelukkig is er een bibliotheek in L&#8217;Argenti\u00e8re-La Bess\u00e9e, Vallouise en Puy Saint Vincent!   <br\/><\/li>\n<\/ul>\n<\/div><\/div>\n<\/div>\n\n<div class=\"wp-block-ws-library-ws-columns alignwide has-2-columns are-vertically-aligned-center layout-5050 is-style-background\" data-season=\"summer\">\n<div class=\"wp-block-ws-library-ws-column\"><div class=\"wrapper\">\n<div class=\"wp-block-ws-library-ws-image\"><div class=\"wrapper\"><div class=\"group-media\"><img decoding=\"async\" src=\"https:\/\/www.paysdesecrins.com\/wp-content\/uploads\/2025\/08\/dsc09033-2-960x640.jpg\" alt=\"\" class=\"single_image ws-image-63829\"><div class=\"credits\"><\/div><\/div><p class=\"caption\"><\/p><\/div><\/div>\n<\/div><\/div>\n\n\n\n<div class=\"wp-block-ws-library-ws-column\"><div class=\"wrapper\">\n<div class=\"wp-block-ws-library-ws-title\"><h3>Vanaf 1 jaar  <\/h3><\/div>\n\n\n\n<ul class=\"wp-block-list\">\n<li>Zwemmen in het Lac de la Roche-de-Rame of in de zwembaden van het Pays des \u00c9crins!<\/li>\n\n\n\n<li>Ik ga voor een fietstocht: in de aanhanger van de elektrische fiets, of in het babyzitje!<\/li>\n<\/ul>\n<\/div><\/div>\n<\/div>\n\n<div class=\"wp-block-ws-library-ws-columns alignwide has-2-columns are-vertically-aligned-center layout-5050 is-style-background\" data-season=\"summer\">\n<div class=\"wp-block-ws-library-ws-column\"><div class=\"wrapper\">\n<div class=\"wp-block-ws-library-ws-title is-style-simple\"><h3>Vanaf 2 jaar  <\/h3><\/div>\n\n\n\n<ul class=\"wp-block-list\">\n<li>Ik ga me vermaken op de vele speeltuinen in het Pays des \u00c9crins<\/li>\n\n\n\n<li>Geweldig, ik ga in juli naar de schapen op weg naar de bergweiden, er is er ook een in augustus!<\/li>\n\n\n\n<li>Ik ga de hoogte in met de skiliften en mijn oren doen geen pijn meer!<\/li>\n<\/ul>\n<\/div><\/div>\n\n\n\n<div class=\"wp-block-ws-library-ws-column\"><div class=\"wrapper\">\n<div class=\"wp-block-ws-library-ws-image\"><div class=\"wrapper\"><div class=\"group-media\"><img decoding=\"async\" src=\"https:\/\/www.paysdesecrins.com\/wp-content\/uploads\/2025\/08\/07-19-23-montee-en-alpage-26-960x640.jpg\" alt=\"\" class=\"single_image ws-image-74378\"><div class=\"credits\"><\/div><\/div><p class=\"caption\"><\/p><\/div><\/div>\n<\/div><\/div>\n<\/div>\n\n<div class=\"wp-block-ws-library-ws-columns alignwide has-2-columns are-vertically-aligned-center layout-5050 is-style-background\" data-season=\"winter\">\n<div class=\"wp-block-ws-library-ws-column\"><div class=\"wrapper\">\n<div class=\"wp-block-ws-library-ws-title is-style-simple\"><h3>Vanaf 2 jaar  <\/h3><\/div>\n\n\n\n<ul class=\"wp-block-list\">\n<li>Mijn ouders nemen me mee op een hondensleedoop met hen (station Puy Saint Vincent)  <\/li>\n\n\n\n<li>Ik ben 2 en een half jaar oud en ik ontdek de sensaties van glijden in de sneeuwtuin! (Station Puy Saint Vincent) <\/li>\n\n\n\n<li>Weer op het goede spoor komen is nog een beetje moeilijk, ik laat me meeslepen&#8230; En we hebben veel plezier als we met een grote van een slee afgaan!  <\/li>\n\n\n\n<li>Vandaag ga ik de boei ontdekken die door een paard wordt getrokken in Vallouise!  <\/li>\n\n\n\n<li>We gaan op bezoek bij de boerderij van de ezel die bubbelt in Vallouise \u2013 Pelvoux Nadat ik de schattige ezels heb geaaid en de boerderijdieren heb ontdekt, kan ik hun zeep in de vorm van een ezel snijden en ermee vertrekken. Het is leuk Kinderen moeten worden begeleid door een volwassene. (workshop van 2 tot 6 jaar)    <\/li>\n<\/ul>\n<\/div><\/div>\n\n\n\n<div class=\"wp-block-ws-library-ws-column\"><div class=\"wrapper\">\n<div class=\"wp-block-ws-library-ws-image\"><div class=\"wrapper\"><div class=\"group-media\"><img decoding=\"async\" src=\"https:\/\/www.paysdesecrins.com\/wp-content\/uploads\/2025\/08\/02-14-2024-carnaval-23-427x640.jpg\" alt=\"\" class=\"single_image ws-image-74307\"><div class=\"credits\"><\/div><\/div><p class=\"caption\"><\/p><\/div><\/div>\n<\/div><\/div>\n<\/div>\n\n<div class=\"wp-block-ws-library-ws-columns alignwide has-2-columns are-vertically-aligned-center layout-5050 is-style-background\" data-season=\"summer\">\n<div class=\"wp-block-ws-library-ws-column\"><div class=\"wrapper\">\n<div class=\"wp-block-ws-library-ws-image\"><div class=\"wrapper\"><div class=\"group-media\"><img decoding=\"async\" src=\"https:\/\/www.paysdesecrins.com\/wp-content\/uploads\/2025\/07\/8escalade-alpinisme-ecoledescalade-dsc03709-960x640.jpg\" alt=\"\" class=\"single_image ws-image-20322\"><div class=\"credits\"><\/div><\/div><p class=\"caption\"><\/p><\/div><\/div>\n<\/div><\/div>\n\n\n\n<div class=\"wp-block-ws-library-ws-column\"><div class=\"wrapper\">\n<div class=\"wp-block-ws-library-ws-title\"><h3>Vanaf 3 jaar  <\/h3><\/div>\n\n\n\n<ul class=\"wp-block-list\">\n<li>Ik ga picknicken bij La Pousterle, morgen is het een hapje bij Madame Carle&#8217;s Pr\u00e9!<\/li>\n\n\n\n<li>Nu doe ik korte wandelingen: het circuit van de grachten van Puy Saint Vincent<\/li>\n\n\n\n<li>Ik kan puzzelen en het ontdekkingsparcours afleggen in La Maison du Parc des \u00c9crins<\/li>\n\n\n\n<li>Ik ga naar de show tijdens de zomerfestivals!<\/li>\n\n\n\n<li>Een dorpsfeest ?&#8230; Het Gidsenfestival ?&#8230; Er zijn zeker animaties voor mij!<\/li>\n\n\n\n<li>Zullen we klimmen? Voor mij wordt het 3+ bij &#8220;Baby-klimmen&#8221; <br\/><br\/><\/li>\n<\/ul>\n<\/div><\/div>\n<\/div>\n\n<div class=\"wp-block-ws-library-ws-columns alignwide has-2-columns are-vertically-aligned-center layout-5050 is-style-background\" data-season=\"winter\">\n<div class=\"wp-block-ws-library-ws-column\"><div class=\"wrapper\">\n<div class=\"wp-block-ws-library-ws-image\"><div class=\"wrapper\"><div class=\"group-media\"><img decoding=\"async\" src=\"https:\/\/www.paysdesecrins.com\/wp-content\/uploads\/2025\/07\/21autresactivites-mushing-babychiensdetraineaux-rogiervanrijn-960x640.jpg\" alt=\"\" class=\"single_image ws-image-20092\"><div class=\"credits\">Rogier VANRIJN<\/div><\/div><p class=\"caption\"><\/p><\/div><\/div>\n<\/div><\/div>\n\n\n\n<div class=\"wp-block-ws-library-ws-column\"><div class=\"wrapper\">\n<div class=\"wp-block-ws-library-ws-title\"><h3>Vanaf 3 jaar  <\/h3><\/div>\n\n\n\n<ul class=\"wp-block-list\">\n<li>Ik hou van honden, ik ga babyslee\u00ebn (van 3 tot 7 jaar) (Pelvoux-Vallouise resort) \u2022 Ik neem mijn eerste skilessen en langlauflessen \u2022 Ik bezoek het dorp Igloo Pelvoo en ik neem deel aan de activiteiten! (Station Pelvoux-Vallouise) \u2022 <br\/><\/li>\n<\/ul>\n<\/div><\/div>\n<\/div>\n\n<div class=\"wp-block-ws-library-ws-columns alignwide has-2-columns are-vertically-aligned-center layout-5050 is-style-background\" data-season=\"summer\">\n<div class=\"wp-block-ws-library-ws-column\"><div class=\"wrapper\">\n<div class=\"wp-block-ws-library-ws-title is-style-simple\"><h3>Vanaf 4 jaar  <\/h3><\/div>\n\n\n\n<ul class=\"wp-block-list\">\n<li>Ik ga wandelen met alpaca&#8217;s, ze zijn super zacht!<\/li>\n\n\n\n<li>Mijn eerste Via Ferrata in de Gorges de la Durance<\/li>\n\n\n\n<li>Ik kan onder begeleiding mountainbiketochten maken en ze lenen me een geweldige fiets!<\/li>\n\n\n\n<li>Het Boomklimpark heeft een circuit voor mij gepland!<\/li>\n\n\n\n<li>Papa neemt me mee naar een inleidende meditatieworkshop&#8230; Hij zei dat het goed voelde!<\/li>\n\n\n\n<li>Vandaag zijn het pony&#8217;s!<\/li>\n\n\n\n<li>Ik ga proberen om alle speurtochten in het Pays des \u00c9crins te doen, er zijn er genoeg!<\/li>\n\n\n\n<li>Ik kan de garage van de sneeuwruimers in de resorts bezoeken, moet ik me eerst registreren?  <\/li>\n\n\n\n<li>Vanavond gaan we naar de boerderij, we gaan groenten of kaas kopen, honing  <\/li>\n<\/ul>\n<\/div><\/div>\n\n\n\n<div class=\"wp-block-ws-library-ws-column\"><div class=\"wrapper\">\n<div class=\"wp-block-ws-library-ws-image\"><div class=\"wrapper\"><div class=\"group-media\"><img decoding=\"async\" src=\"https:\/\/www.paysdesecrins.com\/wp-content\/uploads\/2025\/08\/07-30-23-fete-des-guides-12-960x640.jpg\" alt=\"\" class=\"single_image ws-image-74373\"><div class=\"credits\"><\/div><\/div><p class=\"caption\"><\/p><\/div><\/div>\n<\/div><\/div>\n<\/div>\n\n<div class=\"wp-block-ws-library-ws-columns alignwide has-2-columns are-vertically-aligned-center layout-5050 is-style-background\" data-season=\"winter\">\n<div class=\"wp-block-ws-library-ws-column\"><div class=\"wrapper\">\n<div class=\"wp-block-ws-library-ws-title is-style-simple\"><h3>Vanaf 4 jaar  <\/h3><\/div>\n\n\n\n<ul class=\"wp-block-list\">\n<li>Ik vind het heerlijk om samen met mijn ouders naar een restaurant te gaan om de traditionele koolworst met aardappelen te eten!<\/li>\n\n\n\n<li>  \u2022 Vandaag gaan we naar het Maison du Parc national des \u00c9crins in Vallouise! Er is altijd wel een tentoonstelling of een film te zien! <\/li>\n\n\n\n<li>  \u2022 Proef vandaag in het honinghuis: het wordt peperkoek en warme chocolademelk voor mij en een liefdevolle gedachte voor de bijen!<\/li>\n<\/ul>\n<\/div><\/div>\n\n\n\n<div class=\"wp-block-ws-library-ws-column\"><div class=\"wrapper\">\n<div class=\"wp-block-ws-library-ws-image\" data-season=\"winter\"><div class=\"wrapper\"><div class=\"group-media\"><img decoding=\"async\" src=\"https:\/\/www.paysdesecrins.com\/wp-content\/uploads\/2025\/08\/07-15-25-maison-du-miel-62-960x640.jpg\" alt=\"\" class=\"single_image ws-image-74302\"><div class=\"credits\"><\/div><\/div><p class=\"caption\"><\/p><\/div><\/div>\n<\/div><\/div>\n<\/div>\n\n<div class=\"wp-block-ws-library-ws-columns alignwide has-2-columns are-vertically-aligned-center layout-5050 is-style-background\" data-season=\"summer\">\n<div class=\"wp-block-ws-library-ws-column\"><div class=\"wrapper\">\n<div class=\"wp-block-ws-library-ws-image\"><div class=\"wrapper\"><div class=\"group-media\"><img decoding=\"async\" src=\"https:\/\/www.paysdesecrins.com\/wp-content\/uploads\/2025\/07\/111microaventureenfants-dsc04908-minedargentshooting-avec-famille-49-2-960x640.jpg\" alt=\"\" class=\"single_image ws-image-20678\"><div class=\"credits\"><\/div><\/div><p class=\"caption\"><\/p><\/div><\/div>\n<\/div><\/div>\n\n\n\n<div class=\"wp-block-ws-library-ws-column\"><div class=\"wrapper\">\n<div class=\"wp-block-ws-library-ws-title\"><h3>Vanaf 5 jaar  <\/h3><\/div>\n\n\n\n<ul class=\"wp-block-list\">\n<li>Geweldig, ik kan nu de Zilvermijn en het Mijnmuseum bezoeken!<\/li>\n\n\n\n<li>Ik ontdekte het Maison du Parc national des \u00c9crins, de tentoonstellingen, de films&#8230;<\/li>\n\n\n\n<li>Ik ga paragliden proberen&#8230; met een instructeur!<\/li>\n\n\n\n<li>Ik hou van markten, mijn ouders kopen me een klein souvenir of iets lekkers!<\/li>\n\n\n\n<li>Ik kan goed zwemmen en ben niet bang voor water: ik ga raften met een gids!<br\/><\/li>\n<\/ul>\n<\/div><\/div>\n<\/div>\n\n<div class=\"wp-block-ws-library-ws-columns alignwide has-2-columns are-vertically-aligned-center layout-5050 is-style-background\" data-season=\"winter\">\n<div class=\"wp-block-ws-library-ws-column\"><div class=\"wrapper\">\n<div class=\"wp-block-ws-library-ws-image\"><div class=\"wrapper\"><div class=\"group-media\"><img decoding=\"async\" src=\"https:\/\/www.paysdesecrins.com\/wp-content\/uploads\/2025\/08\/dsc09510-1-960x640.jpg\" alt=\"\" class=\"single_image ws-image-74317\"><div class=\"credits\"><\/div><\/div><p class=\"caption\"><\/p><\/div><\/div>\n<\/div><\/div>\n\n\n\n<div class=\"wp-block-ws-library-ws-column\"><div class=\"wrapper\">\n<div class=\"wp-block-ws-library-ws-title\"><h3>Vanaf 6 jaar  <\/h3><\/div>\n\n\n\n<ul class=\"wp-block-list\">\n<li>  Gepassioneerd door astronomie, ga ik het sterrenbeeld Orion observeren vanuit de g\u00eete Le Pas du Loup, het lijkt erop dat het een nevel als knie heeft&#8230;  <\/li>\n\n\n\n<li>  \u2022 Ik kan nu snowboardles nemen!  <\/li>\n\n\n\n<li>\u2022 Meer dan een uur slee\u00ebn&#8230; Alleen maar bergafwaarts, te doen met familie of vrienden?! Wauw, ik heb een helm en een volwassene nodig om me te vergezellen! (Puy Saint Vincent resort) \u2022 Ik ben een persoon met beperkte mobiliteit en ik wil graag de op: ik zal een skischool vragen, ze hebben me zeker iets te bieden!    <\/li>\n\n\n\n<li>\u2022 Vandaag niet ski\u00ebn: ik ga leren hoe ik een kom moet draaien met Johann\u00e8s, de pottenbakker uit L&#8217;Argenti\u00e8re-La Bess\u00e9e!  <\/li>\n\n\n\n<li>  \u2022 De Miniclub biedt een breed scala aan activiteiten. Ik heb me aangemeld voor een trapperstocht met mijn 8-jarige broer en mijn neef die al 11 jaar oud is!   <\/li>\n\n\n\n<li>  \u2022 Ik heb mijn eerste sneeuwvlok voor de ESF, mijn kristal voor de ESI: ik kan deelnemen aan de lantaarnafdaling in Pelvoux-Vallouise!  <\/li>\n\n\n\n<li>  \u2022 Morgen ga ik samen met mama en papa het skijo\u00ebren in Vallouise ontdekken!  <\/li>\n\n\n\n<li data-season=\"winter\">  \u2022 Ik kan nu gaan paragliden! (station Pelvoux-Vallouise) in een tandem   <br\/><\/li>\n<\/ul>\n<\/div><\/div>\n<\/div>\n\n<div class=\"wp-block-ws-library-ws-columns alignwide has-2-columns are-vertically-aligned-center layout-5050 is-style-background\" data-season=\"summer\">\n<div class=\"wp-block-ws-library-ws-column\"><div class=\"wrapper\">\n<div class=\"wp-block-ws-library-ws-title is-style-simple\"><h3>Vanaf 7 jaar  <\/h3><\/div>\n\n\n\n<ul class=\"wp-block-list\">\n<li>Nu ben ik meer dan 1,25 m lang en kan ik in mijn eentje de stoeltjeslift nemen!<\/li>\n\n\n\n<li>Vannacht zijn er geen wolken, ik ga de sterren observeren&#8230; Ik droom ervan om Andromeda te zien!<\/li>\n\n\n\n<li>Ik wil graag in bomen klimmen, ik vind het heerlijk om neer te strijken, is dat mogelijk? Ja, en nog veel meer! <\/li>\n\n\n\n<li>Ik hou van wandelen (400 m hoogteverschil), vooral als er een doel is voor de wandeling: een meer, dieren&#8230; Een traktatie in een toevluchtsoord?!<\/li>\n\n\n\n<li>Ik kan een lasergame doen met mijn neven en nichten, vrienden en vriendinnen!<\/li>\n<\/ul>\n<\/div><\/div>\n\n\n\n<div class=\"wp-block-ws-library-ws-column\"><div class=\"wrapper\">\n<div class=\"wp-block-ws-library-ws-image\" data-season=\"summer\"><div class=\"wrapper\"><div class=\"group-media\"><img decoding=\"async\" src=\"https:\/\/www.paysdesecrins.com\/wp-content\/uploads\/2025\/07\/dsc00047-960x640.jpg\" alt=\"\" class=\"single_image ws-image-29905\"><div class=\"credits\"><\/div><\/div><p class=\"caption\"><\/p><\/div><\/div>\n<\/div><\/div>\n<\/div>\n\n<div class=\"wp-block-ws-library-ws-columns alignwide has-2-columns are-vertically-aligned-center layout-5050 is-style-background\" data-season=\"winter\">\n<div class=\"wp-block-ws-library-ws-column\"><div class=\"wrapper\">\n<div class=\"wp-block-ws-library-ws-image\"><div class=\"wrapper\"><div class=\"group-media\"><img decoding=\"async\" src=\"https:\/\/www.paysdesecrins.com\/wp-content\/uploads\/2025\/08\/img-9727-960x640.jpg\" alt=\"\" class=\"single_image ws-image-74322\"><div class=\"credits\"><\/div><\/div><p class=\"caption\"><\/p><\/div><\/div>\n<\/div><\/div>\n\n\n\n<div class=\"wp-block-ws-library-ws-column\"><div class=\"wrapper\">\n<div class=\"wp-block-ws-library-ws-title\"><h3>Vanaf 8 jaar  <\/h3><\/div>\n\n\n\n<ul class=\"wp-block-list\">\n<li>Ik ben dol op sledehonden, ik ga naar de &#8220;kinderslee&#8221; in priv\u00e9lessen!  <\/li>\n\n\n\n<li>  \u2022 Ik ben 1,25 m lang, ik kan de stoeltjeslift alleen nemen.  <\/li>\n\n\n\n<li>  \u2022 Ik heb gehoord over &#8220;nieuw glijden&#8221;: snooc, scooter!  <\/li>\n\n\n\n<li>  \u2022 Ik hou van de natuur, ik ga naar het Maison du Parc national des \u00c9crins, ik kan leren de sporen van dieren in de sneeuw te herkennen.  <\/li>\n\n\n\n<li>\u2022 Ik zag Martin Fourcade op tv, ik hou van langlaufen! Deze winter wil ik biatlon proberen, we schieten met een lasergeweer&#8230; Ik ga mijn ouders vragen om contact op te nemen met de skischolen! \u2022    <\/li>\n<\/ul>\n<\/div><\/div>\n<\/div>\n\n<div class=\"wp-block-ws-library-ws-columns alignwide has-2-columns are-vertically-aligned-center layout-5050 is-style-background\" data-season=\"winter\">\n<div class=\"wp-block-ws-library-ws-column\"><div class=\"wrapper\">\n<div class=\"wp-block-ws-library-ws-title is-style-simple\"><h3>Vanaf 9 jaar  <\/h3><\/div>\n\n\n\n<ul class=\"wp-block-list\">\n<li>Ik weeg 30 kilo en ik ben mijn derde skister gepasseerd: ik kan paragliden! (Station Puy Saint Vincent) \u2022 Geweldig! Vandaag ga ik mijn nieuwe langlaufski&#8217;s proberen en skihockey proberen met mijn vrienden. Bovendien leent het Scandinavische chalet in Vallouise mij de uitrusting!     <\/li>\n\n\n\n<li>\u2022 \u2022 Ik ben meer dan 1,40 m lang, ik zou graag de &#8220;fat-bike&#8221; willen proberen, het is een elektrisch ondersteunde fiets met grote banden om in de sneeuw te rijden! (Station Puy Saint Vincent) \u2022   <\/li>\n<\/ul>\n<\/div><\/div>\n\n\n\n<div class=\"wp-block-ws-library-ws-column\"><div class=\"wrapper\">\n<div class=\"wp-block-ws-library-ws-image\"><div class=\"wrapper\"><div class=\"group-media\"><img decoding=\"async\" src=\"https:\/\/www.paysdesecrins.com\/wp-content\/uploads\/2025\/08\/img-0784-960x640.jpg\" alt=\"\" class=\"single_image ws-image-74357\"><div class=\"credits\"><\/div><\/div><p class=\"caption\"><\/p><\/div><\/div>\n<\/div><\/div>\n<\/div>\n\n<div class=\"wp-block-ws-library-ws-columns alignwide has-2-columns are-vertically-aligned-center layout-5050 is-style-background\" data-season=\"winter\">\n<div class=\"wp-block-ws-library-ws-column\"><div class=\"wrapper\">\n<div class=\"wp-block-ws-library-ws-image\"><div class=\"wrapper\"><div class=\"group-media\"><img decoding=\"async\" src=\"https:\/\/www.paysdesecrins.com\/wp-content\/uploads\/2025\/08\/freeride-puy-st-vincent-13-960x640.jpg\" alt=\"\" class=\"single_image ws-image-74362\"><div class=\"credits\"><\/div><\/div><p class=\"caption\"><\/p><\/div><\/div>\n<\/div><\/div>\n\n\n\n<div class=\"wp-block-ws-library-ws-column\"><div class=\"wrapper\">\n<div class=\"wp-block-ws-library-ws-title\"><h3>Vanaf 12 jaar  <\/h3><\/div>\n\n\n\n<ul class=\"wp-block-list\">\n<li>Hardlopen geeft me een goed gevoel, ik hou ervan! Vanavond ga ik voor het eerst een nachtrit in de sneeuw maken: ik neem mijn hoofdlamp mee!   <\/li>\n\n\n\n<li>\u2022 Ik ben een expert in ski\u00ebn, de rode pistes schrikken me niet af: ik wil nieuwe sensaties ontdekken, snowkiten, freestyle, freeride&#8230; Ik weet niet wat ik moet kiezen: ik ga naar de skischolen, zij kunnen me adviseren! \u2022   <\/li>\n<\/ul>\n<\/div><\/div>\n<\/div>\n\n<div class=\"wp-block-ws-library-ws-slider alignwide\" data-season=\"winter\"><div class=\"splide\" data-splide=\"{\"type\":\"slide\",\"heightRatio\":\"auto\",\"perPage\":4,\"perMove\":1,\"drag\":true,\"pagination\":0,\"autoplay\":false,\"gap\":\"15px\",\"breakpoints\":{\"450\":{\"perPage\":1},\"768\":{\"perPage\":2},\"992\":{\"perPage\":3},\"1200\":{\"perPage\":4}}}\"><div class=\"splide__track\"><div class=\"splide__list\"><div class=\"splide__slide\"><a href=\"https:\/\/www.paysdesecrins.com\/wp-content\/uploads\/2025\/07\/bivouac-a-la-cabane-de-faravel-106-scaled.jpg\" data-glightbox=\"true\" class=\"lightbox-trigger\"><img decoding=\"async\" src=\"https:\/\/www.paysdesecrins.com\/wp-content\/uploads\/2025\/07\/bivouac-a-la-cabane-de-faravel-106-400x400.jpg\" alt=\"\"><\/a><\/div><div class=\"splide__slide\"><a href=\"https:\/\/www.paysdesecrins.com\/wp-content\/uploads\/2025\/07\/17ski-rando-bivouac-a-la-cabane-de-faravel-119-scaled.jpg\" data-glightbox=\"true\" class=\"lightbox-trigger\"><img decoding=\"async\" src=\"https:\/\/www.paysdesecrins.com\/wp-content\/uploads\/2025\/07\/17ski-rando-bivouac-a-la-cabane-de-faravel-119-400x400.jpg\" alt=\"\"><\/a><\/div><div class=\"splide__slide\"><a href=\"https:\/\/www.paysdesecrins.com\/wp-content\/uploads\/2025\/07\/bivouac-a-la-cabane-de-faravel-83-scaled.jpg\" data-glightbox=\"true\" class=\"lightbox-trigger\"><img decoding=\"async\" src=\"https:\/\/www.paysdesecrins.com\/wp-content\/uploads\/2025\/07\/bivouac-a-la-cabane-de-faravel-83-400x400.jpg\" alt=\"\"><\/a><\/div><\/div><\/div><\/div><\/div>\n\n<div class=\"wp-block-ws-library-ws-slider alignwide\" data-season=\"summer\"><div class=\"splide\" data-splide=\"{\"type\":\"slide\",\"heightRatio\":\"auto\",\"perPage\":4,\"perMove\":1,\"drag\":true,\"pagination\":0,\"autoplay\":false,\"gap\":\"15px\",\"breakpoints\":{\"450\":{\"perPage\":1},\"768\":{\"perPage\":2},\"992\":{\"perPage\":3},\"1200\":{\"perPage\":4}}}\"><div class=\"splide__track\"><div class=\"splide__list\"><div class=\"splide__slide\"><a href=\"https:\/\/www.paysdesecrins.com\/wp-content\/uploads\/2025\/07\/191villages-oriol-de-queyrieres-saint-martin-de-queyrieres14-2-scaled.jpg\" data-glightbox=\"true\" class=\"lightbox-trigger\"><img decoding=\"async\" src=\"https:\/\/www.paysdesecrins.com\/wp-content\/uploads\/2025\/07\/191villages-oriol-de-queyrieres-saint-martin-de-queyrieres14-2-400x400.jpg\" alt=\"\"><\/a><\/div><div class=\"splide__slide\"><a href=\"https:\/\/www.paysdesecrins.com\/wp-content\/uploads\/2025\/08\/dsc01824-enhanced-nr-1-scaled.jpg\" data-glightbox=\"true\" class=\"lightbox-trigger\"><img decoding=\"async\" src=\"https:\/\/www.paysdesecrins.com\/wp-content\/uploads\/2025\/08\/dsc01824-enhanced-nr-1-400x400.jpg\" alt=\"\"><\/a><\/div><div class=\"splide__slide\"><a href=\"https:\/\/www.paysdesecrins.com\/wp-content\/uploads\/2025\/08\/alpage-du-clot-des-amandiers-depuis-ratie-re3-scaled.jpg\" data-glightbox=\"true\" class=\"lightbox-trigger\"><img decoding=\"async\" src=\"https:\/\/www.paysdesecrins.com\/wp-content\/uploads\/2025\/08\/alpage-du-clot-des-amandiers-depuis-ratie-re3-400x400.jpg\" alt=\"\"><\/a><\/div><\/div><\/div><\/div><\/div>\n\n<div class=\"wp-block-ws-library-ws-share\"><span class=\"share-subtitle\">Vond je deze pagina leuk?<\/span><span class=\"share-title\">Deel het!<\/span><button class=\"ws-share-button wp-element-button\">Deel deze pagina<\/button><\/div>\n\n<div class=\"wp-block-ws-library-ws-columns alignwide has-2-columns are-vertically-aligned-center layout-5050\">\n<div class=\"wp-block-ws-library-ws-column\"><div class=\"wrapper\">\n<p><\/p>\n<\/div><\/div>\n\n\n\n<div class=\"wp-block-ws-library-ws-column\"><div class=\"wrapper\">\n<p><\/p>\n<\/div><\/div>\n<\/div>\n","protected":false},"excerpt":{"rendered":"<p>Hier bewegen we allemaal samen. Het Pays des \u00c9crins biedt eenvoudige idee\u00ebn die zijn aangepast aan elke leeftijd, met lokale [&hellip;]<\/p>\n","protected":false},"author":4,"featured_media":64570,"parent":0,"menu_order":0,"comment_status":"closed","ping_status":"closed","template":"","meta":{"_thumbnail_id_2":64520,"summer_excerpt":"","season":"","station":"pelvoux","footnotes":""},"class_list":["post-46021","page","type-page","status-publish","has-post-thumbnail","hentry"],"yoast_head":"<!-- This site is optimized with the Yoast SEO plugin v27.3 - https:\/\/yoast.com\/product\/yoast-seo-wordpress\/ -->\n<title>Het Pays des \u00c9crins met het gezin - Pays des \u00c9crins - Office de Tourisme<\/title>\n<meta name=\"robots\" content=\"index, follow, max-snippet:-1, max-image-preview:large, max-video-preview:-1\" \/>\n<link rel=\"canonical\" href=\"https:\/\/www.paysdesecrins.com\/nl\/noordse-activiteiten-voor-de-kleintjes\/\" \/>\n<meta property=\"og:locale\" content=\"nl_NL\" \/>\n<meta property=\"og:type\" content=\"article\" \/>\n<meta property=\"og:title\" content=\"Het Pays des \u00c9crins met het gezin - Pays des \u00c9crins - Office de Tourisme\" \/>\n<meta property=\"og:description\" content=\"Hier bewegen we allemaal samen. Het Pays des \u00c9crins biedt eenvoudige idee\u00ebn die zijn aangepast aan elke leeftijd, met lokale [&hellip;]\" \/>\n<meta property=\"og:url\" content=\"https:\/\/www.paysdesecrins.com\/nl\/noordse-activiteiten-voor-de-kleintjes\/\" \/>\n<meta property=\"og:site_name\" content=\"Pays des \u00c9crins - Office de Tourisme\" \/>\n<meta property=\"article:modified_time\" content=\"2025-11-07T12:26:01+00:00\" \/>\n<meta property=\"og:image\" content=\"https:\/\/www.paysdesecrins.com\/wp-content\/uploads\/2025\/08\/01-29-25-balade-dans-la-neige-33-scaled.jpg\" \/>\n\t<meta property=\"og:image:width\" content=\"2560\" \/>\n\t<meta property=\"og:image:height\" content=\"1707\" \/>\n\t<meta property=\"og:image:type\" content=\"image\/jpeg\" \/>\n<meta name=\"twitter:card\" content=\"summary_large_image\" \/>\n<meta name=\"twitter:label1\" content=\"Geschatte leestijd\" \/>\n\t<meta name=\"twitter:data1\" content=\"7 minuten\" \/>\n<script type=\"application\/ld+json\" class=\"yoast-schema-graph\">{\"@context\":\"https:\\\/\\\/schema.org\",\"@graph\":[{\"@type\":\"WebPage\",\"@id\":\"https:\\\/\\\/www.paysdesecrins.com\\\/nl\\\/noordse-activiteiten-voor-de-kleintjes\\\/\",\"url\":\"https:\\\/\\\/www.paysdesecrins.com\\\/nl\\\/noordse-activiteiten-voor-de-kleintjes\\\/\",\"name\":\"Het Pays des \u00c9crins met het gezin - Pays des \u00c9crins - Office de Tourisme\",\"isPartOf\":{\"@id\":\"https:\\\/\\\/www.paysdesecrins.com\\\/nl\\\/#website\"},\"primaryImageOfPage\":{\"@id\":\"https:\\\/\\\/www.paysdesecrins.com\\\/nl\\\/noordse-activiteiten-voor-de-kleintjes\\\/#primaryimage\"},\"image\":{\"@id\":\"https:\\\/\\\/www.paysdesecrins.com\\\/nl\\\/noordse-activiteiten-voor-de-kleintjes\\\/#primaryimage\"},\"thumbnailUrl\":\"https:\\\/\\\/www.paysdesecrins.com\\\/wp-content\\\/uploads\\\/2025\\\/08\\\/01-29-25-balade-dans-la-neige-33-scaled.jpg\",\"datePublished\":\"2025-07-23T13:20:01+00:00\",\"dateModified\":\"2025-11-07T12:26:01+00:00\",\"breadcrumb\":{\"@id\":\"https:\\\/\\\/www.paysdesecrins.com\\\/nl\\\/noordse-activiteiten-voor-de-kleintjes\\\/#breadcrumb\"},\"inLanguage\":\"nl-NL\",\"potentialAction\":[{\"@type\":\"ReadAction\",\"target\":[\"https:\\\/\\\/www.paysdesecrins.com\\\/nl\\\/noordse-activiteiten-voor-de-kleintjes\\\/\"]}]},{\"@type\":\"ImageObject\",\"inLanguage\":\"nl-NL\",\"@id\":\"https:\\\/\\\/www.paysdesecrins.com\\\/nl\\\/noordse-activiteiten-voor-de-kleintjes\\\/#primaryimage\",\"url\":\"https:\\\/\\\/www.paysdesecrins.com\\\/wp-content\\\/uploads\\\/2025\\\/08\\\/01-29-25-balade-dans-la-neige-33-scaled.jpg\",\"contentUrl\":\"https:\\\/\\\/www.paysdesecrins.com\\\/wp-content\\\/uploads\\\/2025\\\/08\\\/01-29-25-balade-dans-la-neige-33-scaled.jpg\",\"width\":2560,\"height\":1707},{\"@type\":\"BreadcrumbList\",\"@id\":\"https:\\\/\\\/www.paysdesecrins.com\\\/nl\\\/noordse-activiteiten-voor-de-kleintjes\\\/#breadcrumb\",\"itemListElement\":[{\"@type\":\"ListItem\",\"position\":1,\"name\":\"Accueil\",\"item\":\"https:\\\/\\\/www.paysdesecrins.com\\\/nl\\\/de-titel-van-het-huis\\\/\"},{\"@type\":\"ListItem\",\"position\":2,\"name\":\"Het Pays des \u00c9crins met het gezin\"}]},{\"@type\":\"WebSite\",\"@id\":\"https:\\\/\\\/www.paysdesecrins.com\\\/nl\\\/#website\",\"url\":\"https:\\\/\\\/www.paysdesecrins.com\\\/nl\\\/\",\"name\":\"Pays des \u00c9crins - Office de Tourisme\",\"description\":\"L&#039;esprit montagne\",\"publisher\":{\"@id\":\"https:\\\/\\\/www.paysdesecrins.com\\\/nl\\\/#organization\"},\"potentialAction\":[{\"@type\":\"SearchAction\",\"target\":{\"@type\":\"EntryPoint\",\"urlTemplate\":\"https:\\\/\\\/www.paysdesecrins.com\\\/nl\\\/?s={search_term_string}\"},\"query-input\":{\"@type\":\"PropertyValueSpecification\",\"valueRequired\":true,\"valueName\":\"search_term_string\"}}],\"inLanguage\":\"nl-NL\"},{\"@type\":\"Organization\",\"@id\":\"https:\\\/\\\/www.paysdesecrins.com\\\/nl\\\/#organization\",\"name\":\"Pays des \u00c9crins - Office de Tourisme\",\"url\":\"https:\\\/\\\/www.paysdesecrins.com\\\/nl\\\/\",\"logo\":{\"@type\":\"ImageObject\",\"inLanguage\":\"nl-NL\",\"@id\":\"https:\\\/\\\/www.paysdesecrins.com\\\/nl\\\/#\\\/schema\\\/logo\\\/image\\\/\",\"url\":\"https:\\\/\\\/www.paysdesecrins.com\\\/wp-content\\\/uploads\\\/2025\\\/06\\\/devina-svg-1750845694.svg\",\"contentUrl\":\"https:\\\/\\\/www.paysdesecrins.com\\\/wp-content\\\/uploads\\\/2025\\\/06\\\/devina-svg-1750845694.svg\",\"caption\":\"Pays des \u00c9crins - Office de Tourisme\"},\"image\":{\"@id\":\"https:\\\/\\\/www.paysdesecrins.com\\\/nl\\\/#\\\/schema\\\/logo\\\/image\\\/\"}}]}<\/script>\n<!-- \/ Yoast SEO plugin. -->","yoast_head_json":{"title":"Het Pays des \u00c9crins met het gezin - Pays des \u00c9crins - Office de Tourisme","robots":{"index":"index","follow":"follow","max-snippet":"max-snippet:-1","max-image-preview":"max-image-preview:large","max-video-preview":"max-video-preview:-1"},"canonical":"https:\/\/www.paysdesecrins.com\/nl\/noordse-activiteiten-voor-de-kleintjes\/","og_locale":"nl_NL","og_type":"article","og_title":"Het Pays des \u00c9crins met het gezin - Pays des \u00c9crins - Office de Tourisme","og_description":"Hier bewegen we allemaal samen. Het Pays des \u00c9crins biedt eenvoudige idee\u00ebn die zijn aangepast aan elke leeftijd, met lokale [&hellip;]","og_url":"https:\/\/www.paysdesecrins.com\/nl\/noordse-activiteiten-voor-de-kleintjes\/","og_site_name":"Pays des \u00c9crins - Office de Tourisme","article_modified_time":"2025-11-07T12:26:01+00:00","og_image":[{"width":2560,"height":1707,"url":"https:\/\/www.paysdesecrins.com\/wp-content\/uploads\/2025\/08\/01-29-25-balade-dans-la-neige-33-scaled.jpg","type":"image\/jpeg"}],"twitter_card":"summary_large_image","twitter_misc":{"Geschatte leestijd":"7 minuten"},"schema":{"@context":"https:\/\/schema.org","@graph":[{"@type":"WebPage","@id":"https:\/\/www.paysdesecrins.com\/nl\/noordse-activiteiten-voor-de-kleintjes\/","url":"https:\/\/www.paysdesecrins.com\/nl\/noordse-activiteiten-voor-de-kleintjes\/","name":"Het Pays des \u00c9crins met het gezin - Pays des \u00c9crins - Office de Tourisme","isPartOf":{"@id":"https:\/\/www.paysdesecrins.com\/nl\/#website"},"primaryImageOfPage":{"@id":"https:\/\/www.paysdesecrins.com\/nl\/noordse-activiteiten-voor-de-kleintjes\/#primaryimage"},"image":{"@id":"https:\/\/www.paysdesecrins.com\/nl\/noordse-activiteiten-voor-de-kleintjes\/#primaryimage"},"thumbnailUrl":"https:\/\/www.paysdesecrins.com\/wp-content\/uploads\/2025\/08\/01-29-25-balade-dans-la-neige-33-scaled.jpg","datePublished":"2025-07-23T13:20:01+00:00","dateModified":"2025-11-07T12:26:01+00:00","breadcrumb":{"@id":"https:\/\/www.paysdesecrins.com\/nl\/noordse-activiteiten-voor-de-kleintjes\/#breadcrumb"},"inLanguage":"nl-NL","potentialAction":[{"@type":"ReadAction","target":["https:\/\/www.paysdesecrins.com\/nl\/noordse-activiteiten-voor-de-kleintjes\/"]}]},{"@type":"ImageObject","inLanguage":"nl-NL","@id":"https:\/\/www.paysdesecrins.com\/nl\/noordse-activiteiten-voor-de-kleintjes\/#primaryimage","url":"https:\/\/www.paysdesecrins.com\/wp-content\/uploads\/2025\/08\/01-29-25-balade-dans-la-neige-33-scaled.jpg","contentUrl":"https:\/\/www.paysdesecrins.com\/wp-content\/uploads\/2025\/08\/01-29-25-balade-dans-la-neige-33-scaled.jpg","width":2560,"height":1707},{"@type":"BreadcrumbList","@id":"https:\/\/www.paysdesecrins.com\/nl\/noordse-activiteiten-voor-de-kleintjes\/#breadcrumb","itemListElement":[{"@type":"ListItem","position":1,"name":"Accueil","item":"https:\/\/www.paysdesecrins.com\/nl\/de-titel-van-het-huis\/"},{"@type":"ListItem","position":2,"name":"Het Pays des \u00c9crins met het gezin"}]},{"@type":"WebSite","@id":"https:\/\/www.paysdesecrins.com\/nl\/#website","url":"https:\/\/www.paysdesecrins.com\/nl\/","name":"Pays des \u00c9crins - Office de Tourisme","description":"L&#039;esprit montagne","publisher":{"@id":"https:\/\/www.paysdesecrins.com\/nl\/#organization"},"potentialAction":[{"@type":"SearchAction","target":{"@type":"EntryPoint","urlTemplate":"https:\/\/www.paysdesecrins.com\/nl\/?s={search_term_string}"},"query-input":{"@type":"PropertyValueSpecification","valueRequired":true,"valueName":"search_term_string"}}],"inLanguage":"nl-NL"},{"@type":"Organization","@id":"https:\/\/www.paysdesecrins.com\/nl\/#organization","name":"Pays des \u00c9crins - Office de Tourisme","url":"https:\/\/www.paysdesecrins.com\/nl\/","logo":{"@type":"ImageObject","inLanguage":"nl-NL","@id":"https:\/\/www.paysdesecrins.com\/nl\/#\/schema\/logo\/image\/","url":"https:\/\/www.paysdesecrins.com\/wp-content\/uploads\/2025\/06\/devina-svg-1750845694.svg","contentUrl":"https:\/\/www.paysdesecrins.com\/wp-content\/uploads\/2025\/06\/devina-svg-1750845694.svg","caption":"Pays des \u00c9crins - Office de Tourisme"},"image":{"@id":"https:\/\/www.paysdesecrins.com\/nl\/#\/schema\/logo\/image\/"}}]}},"_links":{"self":[{"href":"https:\/\/www.paysdesecrins.com\/nl\/wp-json\/wp\/v2\/pages\/46021","targetHints":{"allow":["GET"]}}],"collection":[{"href":"https:\/\/www.paysdesecrins.com\/nl\/wp-json\/wp\/v2\/pages"}],"about":[{"href":"https:\/\/www.paysdesecrins.com\/nl\/wp-json\/wp\/v2\/types\/page"}],"author":[{"embeddable":true,"href":"https:\/\/www.paysdesecrins.com\/nl\/wp-json\/wp\/v2\/users\/4"}],"replies":[{"embeddable":true,"href":"https:\/\/www.paysdesecrins.com\/nl\/wp-json\/wp\/v2\/comments?post=46021"}],"version-history":[{"count":2,"href":"https:\/\/www.paysdesecrins.com\/nl\/wp-json\/wp\/v2\/pages\/46021\/revisions"}],"predecessor-version":[{"id":82569,"href":"https:\/\/www.paysdesecrins.com\/nl\/wp-json\/wp\/v2\/pages\/46021\/revisions\/82569"}],"wp:featuredmedia":[{"embeddable":true,"href":"https:\/\/www.paysdesecrins.com\/nl\/wp-json\/wp\/v2\/media\/64570"}],"wp:attachment":[{"href":"https:\/\/www.paysdesecrins.com\/nl\/wp-json\/wp\/v2\/media?parent=46021"}],"curies":[{"name":"wp","href":"https:\/\/api.w.org\/{rel}","templated":true}]}}