{"id":47418,"date":"2025-07-24T13:51:16","date_gmt":"2025-07-24T11:51:16","guid":{"rendered":"https:\/\/www.paysdesecrins.com\/mijn-verlangen-om\/ontdekking\/de-legende-van-de-weide-van-madame-carle\/"},"modified":"2025-07-28T16:37:41","modified_gmt":"2025-07-28T14:37:41","slug":"de-legende-van-de-weide-van-madame-carle","status":"publish","type":"page","link":"https:\/\/www.paysdesecrins.com\/nl\/mijn-verlangen-om\/ontdekking\/de-legende-van-de-weide-van-madame-carle\/","title":{"rendered":"De legende van de weide van Madame Carle"},"content":{"rendered":"    <div class=\"alignfull wp-block-ws-library-ws-header-interne\">\n\t    <div class=\"header-container\">\n\t        <div class=\"group-media has-image\">\n\t            \t                <img loading=\"lazy\" decoding=\"async\" width=\"1920\" height=\"800\" src=\"https:\/\/www.paysdesecrins.com\/wp-content\/uploads\/2025\/07\/4decouverte-activites-culturelles-pre-pre-de-mme-carle-e-te-2jp-1920x800.jpg\" alt=\"\" class=\"image_large_square wp-image-18201\" \/>\n\t            \t        <\/div>\n\t        <div class=\"group-content\">\n\t            <div class=\"title\">\n\t                <h1>\n\t                    De legende van de weide van Madame Carle\t                    \t                <\/h1>\n\t            <\/div>\n\t        <\/div>\n\t    <\/div>\n\t    \n<div class=\"yoast-breadcrumbs\"><span><span><a href=\"https:\/\/www.paysdesecrins.com\/nl\/de-titel-van-het-huis\/\">Accueil<\/a><\/span>  <span><a href=\"https:\/\/www.paysdesecrins.com\/nl\/mijn-verlangen-om\/\">Mijn verlangen om<\/a><\/span>  <span><a href=\"https:\/\/www.paysdesecrins.com\/nl\/mijn-verlangen-om\/ontdekking\/\">Mijn verlangen naar Discovery<\/a><\/span>  <span class=\"breadcrumb_last\" aria-current=\"page\">De legende van de weide van Madame Carle<\/span><\/span><\/div>\n    <\/div>\n    \n<div class=\"wp-block-ws-library-ws-title aligncenter is-style-simple\"><h2>Tussen gletsjers, wandelen en alpenlegende  <\/h2><\/div>\n\n<p class=\"has-text-align-center\">Welkom in <strong>de Pr\u00e9 de Madame Carle<\/strong>, een must-see plek in het Pays des \u00c9crins. Op een hoogte van 1.874 m stuwt dit gletsjerketeldal u voor de reuzen van rotsen en ijs: de Pelvoux, de Glacier Blanc, de morenen&#8230; Het is hier dat het bergbeklimmen een vlucht neemt, maar ook dat wandelen op alle niveaus wordt ervaren. In het verleden bedekte een enorme gletsjer het hele terrein. Tegenwoordig kun je in \u00e9\u00e9n oogopslag de geschiedenis van het landschap lezen: gletsjerterugtrekking, rotsbars, fouten. En als bonus? Discrete alpenflora, marmotten in een hinderlaag en een paar kauwkreten als je goed luistert.    <br\/><\/p>\n\n<div class=\"wp-block-ws-library-ws-columns alignwide has-2-columns are-vertically-aligned-center layout-5050 is-style-background\">\n<div class=\"wp-block-ws-library-ws-column\"><div class=\"wrapper\">\n<div class=\"wp-block-ws-library-ws-title\"><h3>Dingen om ter plaatse te doen<\/h3><\/div>\n\n\n\n<ul class=\"wp-block-list\">\n<li> <em>Ontdekkingspad<\/em> \u2013 gemakkelijke lus van 45 minuten met geologie-, fauna- en florapanelen<\/li>\n\n\n\n<li><em>Wandeling naar de Refuge du Glacier Blanc<\/em> \u2013 2 uur klimmen (+600 m), een essentieel vertrek naar het hooggebergte<\/li>\n\n\n\n<li><em>Liggende leestafels<\/em> \u2013 om alles in \u00e9\u00e9n oogopslag te begrijpen<\/li>\n\n\n\n<li> <em>Bereikbaarheid<\/em> : betaald parkeren, Vallouise \u2194 Pr\u00e9 de Madame Carle-shuttle in de zomer, waterpunt beschikbaar.  <\/li>\n<\/ul>\n<\/div><\/div>\n\n\n\n<div class=\"wp-block-ws-library-ws-column\"><div class=\"wrapper\">\n<div class=\"wp-block-ws-library-ws-image\"><div class=\"wrapper\"><div class=\"group-media\"><img decoding=\"async\" src=\"https:\/\/www.paysdesecrins.com\/wp-content\/uploads\/2025\/07\/1652885979-919835082-618x640.jpg\" alt=\"\" class=\"single_image ws-image-41947\"><div class=\"credits\"><\/div><\/div><p class=\"caption\"><\/p><\/div><\/div>\n<\/div><\/div>\n<\/div>\n\n<div class=\"wp-block-ws-library-ws-title aligncenter is-style-default\"><h3>En de beroemde &#8220;Madame Carle&#8221;?<\/h3><\/div>\n\n<p class=\"has-text-align-center\">  Geen romantisch drama of moordzuchtige ezel. Het echte verhaal is dat van <strong>Fran\u00e7oise de Brun<\/strong>, weduwe van Jean Carle, een notabele uit Grenoble, die in de zestiende eeuw alleen de zomerweiden beheerde. Een invloedrijke en onafhankelijke vrouw. De &#8220;Pr\u00e9 de Madame&#8221; is dan ook als eerbetoon naar haar vernoemd \u2014 en het is allesbehalve een trieste legende.   <\/p>\n\n<ul class=\"wp-block-list\">\n<li> <em>Download de Hautes-Alpes Heritage-app<\/em> om uw bezoek te verrijken<\/li>\n\n\n\n<li><em>Zomershuttle<\/em> vanuit Vallouise<\/li>\n\n\n\n<li><em>Veterschoenen?<\/em>  Daar gaan we!<\/li>\n<\/ul>\n\n<p class=\"has-text-align-center\">Le Pr\u00e9 de Madame Carle is het begin van het avontuur. Het is aan jou. <\/p>\n\n<div class=\"wp-block-ws-library-ws-image\"><div class=\"wrapper\"><div class=\"group-media\"><img decoding=\"async\" src=\"https:\/\/www.paysdesecrins.com\/wp-content\/uploads\/2025\/07\/4decouverte-activites-culturelles-peinture-960x640.jpg\" alt=\"\" class=\"single_image ws-image-18196\"><div class=\"credits\"><\/div><\/div><p class=\"caption\"><\/p><\/div><\/div>\n\n<div class=\"wp-block-ws-library-ws-share\"><span class=\"share-subtitle\">Vond je deze pagina leuk?<\/span><span class=\"share-title\">Deel het!<\/span><button class=\"ws-share-button wp-element-button\">Deel deze pagina<\/button><\/div>\n","protected":false},"excerpt":{"rendered":"<p>Welkom in de Pr\u00e9 de Madame Carle, een must-see plek in het Pays des \u00c9crins. Op een hoogte van 1.874 [&hellip;]<\/p>\n","protected":false},"author":4,"featured_media":18202,"parent":44558,"menu_order":0,"comment_status":"closed","ping_status":"closed","template":"","meta":{"_thumbnail_id_2":0,"summer_excerpt":"","season":"","station":"","footnotes":""},"class_list":["post-47418","page","type-page","status-publish","has-post-thumbnail","hentry"],"yoast_head":"<!-- This site is optimized with the Yoast SEO plugin v27.3 - https:\/\/yoast.com\/product\/yoast-seo-wordpress\/ -->\n<title>De legende van de weide van Madame Carle - Pays des \u00c9crins - Office de Tourisme<\/title>\n<meta name=\"robots\" content=\"index, follow, max-snippet:-1, max-image-preview:large, max-video-preview:-1\" \/>\n<link rel=\"canonical\" href=\"https:\/\/www.paysdesecrins.com\/nl\/mijn-verlangen-om\/ontdekking\/de-legende-van-de-weide-van-madame-carle\/\" \/>\n<meta property=\"og:locale\" content=\"nl_NL\" \/>\n<meta property=\"og:type\" content=\"article\" \/>\n<meta property=\"og:title\" content=\"De legende van de weide van Madame Carle - Pays des \u00c9crins - Office de Tourisme\" \/>\n<meta property=\"og:description\" content=\"Welkom in de Pr\u00e9 de Madame Carle, een must-see plek in het Pays des \u00c9crins. Op een hoogte van 1.874 [&hellip;]\" \/>\n<meta property=\"og:url\" content=\"https:\/\/www.paysdesecrins.com\/nl\/mijn-verlangen-om\/ontdekking\/de-legende-van-de-weide-van-madame-carle\/\" \/>\n<meta property=\"og:site_name\" content=\"Pays des \u00c9crins - Office de Tourisme\" \/>\n<meta property=\"article:modified_time\" content=\"2025-07-28T14:37:41+00:00\" \/>\n<meta property=\"og:image\" content=\"https:\/\/www.paysdesecrins.com\/wp-content\/uploads\/2025\/07\/4decouverte-activites-culturelles-pre-pre-de-mme-carle-e-te-2jp-scaled.jpg\" \/>\n\t<meta property=\"og:image:width\" content=\"2560\" \/>\n\t<meta property=\"og:image:height\" content=\"1707\" \/>\n\t<meta property=\"og:image:type\" content=\"image\/jpeg\" \/>\n<meta name=\"twitter:card\" content=\"summary_large_image\" \/>\n<meta name=\"twitter:label1\" content=\"Geschatte leestijd\" \/>\n\t<meta name=\"twitter:data1\" content=\"1 minuut\" \/>\n<script type=\"application\/ld+json\" class=\"yoast-schema-graph\">{\"@context\":\"https:\\\/\\\/schema.org\",\"@graph\":[{\"@type\":\"WebPage\",\"@id\":\"https:\\\/\\\/www.paysdesecrins.com\\\/nl\\\/mijn-verlangen-om\\\/ontdekking\\\/de-legende-van-de-weide-van-madame-carle\\\/\",\"url\":\"https:\\\/\\\/www.paysdesecrins.com\\\/nl\\\/mijn-verlangen-om\\\/ontdekking\\\/de-legende-van-de-weide-van-madame-carle\\\/\",\"name\":\"De legende van de weide van Madame Carle - Pays des \u00c9crins - Office de Tourisme\",\"isPartOf\":{\"@id\":\"https:\\\/\\\/www.paysdesecrins.com\\\/nl\\\/#website\"},\"primaryImageOfPage\":{\"@id\":\"https:\\\/\\\/www.paysdesecrins.com\\\/nl\\\/mijn-verlangen-om\\\/ontdekking\\\/de-legende-van-de-weide-van-madame-carle\\\/#primaryimage\"},\"image\":{\"@id\":\"https:\\\/\\\/www.paysdesecrins.com\\\/nl\\\/mijn-verlangen-om\\\/ontdekking\\\/de-legende-van-de-weide-van-madame-carle\\\/#primaryimage\"},\"thumbnailUrl\":\"https:\\\/\\\/www.paysdesecrins.com\\\/wp-content\\\/uploads\\\/2025\\\/07\\\/4decouverte-activites-culturelles-pre-pre-de-mme-carle-e-te-2jp-scaled.jpg\",\"datePublished\":\"2025-07-24T11:51:16+00:00\",\"dateModified\":\"2025-07-28T14:37:41+00:00\",\"breadcrumb\":{\"@id\":\"https:\\\/\\\/www.paysdesecrins.com\\\/nl\\\/mijn-verlangen-om\\\/ontdekking\\\/de-legende-van-de-weide-van-madame-carle\\\/#breadcrumb\"},\"inLanguage\":\"nl-NL\",\"potentialAction\":[{\"@type\":\"ReadAction\",\"target\":[\"https:\\\/\\\/www.paysdesecrins.com\\\/nl\\\/mijn-verlangen-om\\\/ontdekking\\\/de-legende-van-de-weide-van-madame-carle\\\/\"]}]},{\"@type\":\"ImageObject\",\"inLanguage\":\"nl-NL\",\"@id\":\"https:\\\/\\\/www.paysdesecrins.com\\\/nl\\\/mijn-verlangen-om\\\/ontdekking\\\/de-legende-van-de-weide-van-madame-carle\\\/#primaryimage\",\"url\":\"https:\\\/\\\/www.paysdesecrins.com\\\/wp-content\\\/uploads\\\/2025\\\/07\\\/4decouverte-activites-culturelles-pre-pre-de-mme-carle-e-te-2jp-scaled.jpg\",\"contentUrl\":\"https:\\\/\\\/www.paysdesecrins.com\\\/wp-content\\\/uploads\\\/2025\\\/07\\\/4decouverte-activites-culturelles-pre-pre-de-mme-carle-e-te-2jp-scaled.jpg\",\"width\":2560,\"height\":1707},{\"@type\":\"BreadcrumbList\",\"@id\":\"https:\\\/\\\/www.paysdesecrins.com\\\/nl\\\/mijn-verlangen-om\\\/ontdekking\\\/de-legende-van-de-weide-van-madame-carle\\\/#breadcrumb\",\"itemListElement\":[{\"@type\":\"ListItem\",\"position\":1,\"name\":\"Accueil\",\"item\":\"https:\\\/\\\/www.paysdesecrins.com\\\/nl\\\/de-titel-van-het-huis\\\/\"},{\"@type\":\"ListItem\",\"position\":2,\"name\":\"Mijn verlangen om\",\"item\":\"https:\\\/\\\/www.paysdesecrins.com\\\/nl\\\/mijn-verlangen-om\\\/\"},{\"@type\":\"ListItem\",\"position\":3,\"name\":\"Mijn verlangen naar Discovery\",\"item\":\"https:\\\/\\\/www.paysdesecrins.com\\\/nl\\\/mijn-verlangen-om\\\/ontdekking\\\/\"},{\"@type\":\"ListItem\",\"position\":4,\"name\":\"De legende van de weide van Madame Carle\"}]},{\"@type\":\"WebSite\",\"@id\":\"https:\\\/\\\/www.paysdesecrins.com\\\/nl\\\/#website\",\"url\":\"https:\\\/\\\/www.paysdesecrins.com\\\/nl\\\/\",\"name\":\"Pays des \u00c9crins - Office de Tourisme\",\"description\":\"L&#039;esprit montagne\",\"publisher\":{\"@id\":\"https:\\\/\\\/www.paysdesecrins.com\\\/nl\\\/#organization\"},\"potentialAction\":[{\"@type\":\"SearchAction\",\"target\":{\"@type\":\"EntryPoint\",\"urlTemplate\":\"https:\\\/\\\/www.paysdesecrins.com\\\/nl\\\/?s={search_term_string}\"},\"query-input\":{\"@type\":\"PropertyValueSpecification\",\"valueRequired\":true,\"valueName\":\"search_term_string\"}}],\"inLanguage\":\"nl-NL\"},{\"@type\":\"Organization\",\"@id\":\"https:\\\/\\\/www.paysdesecrins.com\\\/nl\\\/#organization\",\"name\":\"Pays des \u00c9crins - Office de Tourisme\",\"url\":\"https:\\\/\\\/www.paysdesecrins.com\\\/nl\\\/\",\"logo\":{\"@type\":\"ImageObject\",\"inLanguage\":\"nl-NL\",\"@id\":\"https:\\\/\\\/www.paysdesecrins.com\\\/nl\\\/#\\\/schema\\\/logo\\\/image\\\/\",\"url\":\"https:\\\/\\\/www.paysdesecrins.com\\\/wp-content\\\/uploads\\\/2025\\\/06\\\/devina-svg-1750845694.svg\",\"contentUrl\":\"https:\\\/\\\/www.paysdesecrins.com\\\/wp-content\\\/uploads\\\/2025\\\/06\\\/devina-svg-1750845694.svg\",\"caption\":\"Pays des \u00c9crins - Office de Tourisme\"},\"image\":{\"@id\":\"https:\\\/\\\/www.paysdesecrins.com\\\/nl\\\/#\\\/schema\\\/logo\\\/image\\\/\"}}]}<\/script>\n<!-- \/ Yoast SEO plugin. -->","yoast_head_json":{"title":"De legende van de weide van Madame Carle - Pays des \u00c9crins - Office de Tourisme","robots":{"index":"index","follow":"follow","max-snippet":"max-snippet:-1","max-image-preview":"max-image-preview:large","max-video-preview":"max-video-preview:-1"},"canonical":"https:\/\/www.paysdesecrins.com\/nl\/mijn-verlangen-om\/ontdekking\/de-legende-van-de-weide-van-madame-carle\/","og_locale":"nl_NL","og_type":"article","og_title":"De legende van de weide van Madame Carle - Pays des \u00c9crins - Office de Tourisme","og_description":"Welkom in de Pr\u00e9 de Madame Carle, een must-see plek in het Pays des \u00c9crins. Op een hoogte van 1.874 [&hellip;]","og_url":"https:\/\/www.paysdesecrins.com\/nl\/mijn-verlangen-om\/ontdekking\/de-legende-van-de-weide-van-madame-carle\/","og_site_name":"Pays des \u00c9crins - Office de Tourisme","article_modified_time":"2025-07-28T14:37:41+00:00","og_image":[{"width":2560,"height":1707,"url":"https:\/\/www.paysdesecrins.com\/wp-content\/uploads\/2025\/07\/4decouverte-activites-culturelles-pre-pre-de-mme-carle-e-te-2jp-scaled.jpg","type":"image\/jpeg"}],"twitter_card":"summary_large_image","twitter_misc":{"Geschatte leestijd":"1 minuut"},"schema":{"@context":"https:\/\/schema.org","@graph":[{"@type":"WebPage","@id":"https:\/\/www.paysdesecrins.com\/nl\/mijn-verlangen-om\/ontdekking\/de-legende-van-de-weide-van-madame-carle\/","url":"https:\/\/www.paysdesecrins.com\/nl\/mijn-verlangen-om\/ontdekking\/de-legende-van-de-weide-van-madame-carle\/","name":"De legende van de weide van Madame Carle - Pays des \u00c9crins - Office de Tourisme","isPartOf":{"@id":"https:\/\/www.paysdesecrins.com\/nl\/#website"},"primaryImageOfPage":{"@id":"https:\/\/www.paysdesecrins.com\/nl\/mijn-verlangen-om\/ontdekking\/de-legende-van-de-weide-van-madame-carle\/#primaryimage"},"image":{"@id":"https:\/\/www.paysdesecrins.com\/nl\/mijn-verlangen-om\/ontdekking\/de-legende-van-de-weide-van-madame-carle\/#primaryimage"},"thumbnailUrl":"https:\/\/www.paysdesecrins.com\/wp-content\/uploads\/2025\/07\/4decouverte-activites-culturelles-pre-pre-de-mme-carle-e-te-2jp-scaled.jpg","datePublished":"2025-07-24T11:51:16+00:00","dateModified":"2025-07-28T14:37:41+00:00","breadcrumb":{"@id":"https:\/\/www.paysdesecrins.com\/nl\/mijn-verlangen-om\/ontdekking\/de-legende-van-de-weide-van-madame-carle\/#breadcrumb"},"inLanguage":"nl-NL","potentialAction":[{"@type":"ReadAction","target":["https:\/\/www.paysdesecrins.com\/nl\/mijn-verlangen-om\/ontdekking\/de-legende-van-de-weide-van-madame-carle\/"]}]},{"@type":"ImageObject","inLanguage":"nl-NL","@id":"https:\/\/www.paysdesecrins.com\/nl\/mijn-verlangen-om\/ontdekking\/de-legende-van-de-weide-van-madame-carle\/#primaryimage","url":"https:\/\/www.paysdesecrins.com\/wp-content\/uploads\/2025\/07\/4decouverte-activites-culturelles-pre-pre-de-mme-carle-e-te-2jp-scaled.jpg","contentUrl":"https:\/\/www.paysdesecrins.com\/wp-content\/uploads\/2025\/07\/4decouverte-activites-culturelles-pre-pre-de-mme-carle-e-te-2jp-scaled.jpg","width":2560,"height":1707},{"@type":"BreadcrumbList","@id":"https:\/\/www.paysdesecrins.com\/nl\/mijn-verlangen-om\/ontdekking\/de-legende-van-de-weide-van-madame-carle\/#breadcrumb","itemListElement":[{"@type":"ListItem","position":1,"name":"Accueil","item":"https:\/\/www.paysdesecrins.com\/nl\/de-titel-van-het-huis\/"},{"@type":"ListItem","position":2,"name":"Mijn verlangen om","item":"https:\/\/www.paysdesecrins.com\/nl\/mijn-verlangen-om\/"},{"@type":"ListItem","position":3,"name":"Mijn verlangen naar Discovery","item":"https:\/\/www.paysdesecrins.com\/nl\/mijn-verlangen-om\/ontdekking\/"},{"@type":"ListItem","position":4,"name":"De legende van de weide van Madame Carle"}]},{"@type":"WebSite","@id":"https:\/\/www.paysdesecrins.com\/nl\/#website","url":"https:\/\/www.paysdesecrins.com\/nl\/","name":"Pays des \u00c9crins - Office de Tourisme","description":"L&#039;esprit montagne","publisher":{"@id":"https:\/\/www.paysdesecrins.com\/nl\/#organization"},"potentialAction":[{"@type":"SearchAction","target":{"@type":"EntryPoint","urlTemplate":"https:\/\/www.paysdesecrins.com\/nl\/?s={search_term_string}"},"query-input":{"@type":"PropertyValueSpecification","valueRequired":true,"valueName":"search_term_string"}}],"inLanguage":"nl-NL"},{"@type":"Organization","@id":"https:\/\/www.paysdesecrins.com\/nl\/#organization","name":"Pays des \u00c9crins - Office de Tourisme","url":"https:\/\/www.paysdesecrins.com\/nl\/","logo":{"@type":"ImageObject","inLanguage":"nl-NL","@id":"https:\/\/www.paysdesecrins.com\/nl\/#\/schema\/logo\/image\/","url":"https:\/\/www.paysdesecrins.com\/wp-content\/uploads\/2025\/06\/devina-svg-1750845694.svg","contentUrl":"https:\/\/www.paysdesecrins.com\/wp-content\/uploads\/2025\/06\/devina-svg-1750845694.svg","caption":"Pays des \u00c9crins - Office de Tourisme"},"image":{"@id":"https:\/\/www.paysdesecrins.com\/nl\/#\/schema\/logo\/image\/"}}]}},"_links":{"self":[{"href":"https:\/\/www.paysdesecrins.com\/nl\/wp-json\/wp\/v2\/pages\/47418","targetHints":{"allow":["GET"]}}],"collection":[{"href":"https:\/\/www.paysdesecrins.com\/nl\/wp-json\/wp\/v2\/pages"}],"about":[{"href":"https:\/\/www.paysdesecrins.com\/nl\/wp-json\/wp\/v2\/types\/page"}],"author":[{"embeddable":true,"href":"https:\/\/www.paysdesecrins.com\/nl\/wp-json\/wp\/v2\/users\/4"}],"replies":[{"embeddable":true,"href":"https:\/\/www.paysdesecrins.com\/nl\/wp-json\/wp\/v2\/comments?post=47418"}],"version-history":[{"count":0,"href":"https:\/\/www.paysdesecrins.com\/nl\/wp-json\/wp\/v2\/pages\/47418\/revisions"}],"up":[{"embeddable":true,"href":"https:\/\/www.paysdesecrins.com\/nl\/wp-json\/wp\/v2\/pages\/44558"}],"wp:featuredmedia":[{"embeddable":true,"href":"https:\/\/www.paysdesecrins.com\/nl\/wp-json\/wp\/v2\/media\/18202"}],"wp:attachment":[{"href":"https:\/\/www.paysdesecrins.com\/nl\/wp-json\/wp\/v2\/media?parent=47418"}],"curies":[{"name":"wp","href":"https:\/\/api.w.org\/{rel}","templated":true}]}}