{"id":47431,"date":"2025-07-28T16:35:15","date_gmt":"2025-07-28T14:35:15","guid":{"rendered":"https:\/\/www.paysdesecrins.com\/toegang-en-shuttles\/het-autovrije-pays-des-ecrins-vertrekkend-vanaf-het-treinstation-argentiere-les-ecrins\/"},"modified":"2025-08-07T15:06:43","modified_gmt":"2025-08-07T13:06:43","slug":"het-autovrije-pays-des-ecrins-vertrekkend-vanaf-het-treinstation-argentiere-les-ecrins","status":"publish","type":"page","link":"https:\/\/www.paysdesecrins.com\/nl\/ik-kies\/toegang-en-shuttles\/het-autovrije-pays-des-ecrins-vertrekkend-vanaf-het-treinstation-argentiere-les-ecrins\/","title":{"rendered":"Het autovrije Pays des \u00c9crins, vertrekkend vanaf het station Argenti\u00e8re les \u00c9crins"},"content":{"rendered":"    <div class=\"alignfull wp-block-ws-library-ws-header-interne\">\n\t    <div class=\"header-container\">\n\t        <div class=\"group-media has-image\">\n\t            \t                <img loading=\"lazy\" decoding=\"async\" width=\"1920\" height=\"800\" src=\"https:\/\/www.paysdesecrins.com\/wp-content\/uploads\/2025\/07\/bivouac-et-trail-cre-te-de-rougnoux-133-1-1-1920x800.jpg\" alt=\"\" class=\"image_large_square wp-image-48669\" \/>\n\t            \t        <\/div>\n\t        <div class=\"group-content\">\n\t            <div class=\"title\">\n\t                <h1>\n\t                    Het autovrije Pays des \u00c9crins, vertrekkend vanaf het station Argenti\u00e8re les \u00c9crins\t                    \t                <\/h1>\n\t            <\/div>\n\t        <\/div>\n\t    <\/div>\n\t    \n<div class=\"yoast-breadcrumbs\"><span><span><a href=\"https:\/\/www.paysdesecrins.com\/nl\/de-titel-van-het-huis\/\">Accueil<\/a><\/span>  <span><a href=\"https:\/\/www.paysdesecrins.com\/nl\/ik-kies\/\">Ik kies<\/a><\/span>  <span><a href=\"https:\/\/www.paysdesecrins.com\/nl\/ik-kies\/toegang-en-shuttles\/\">Toegang en vervoer<\/a><\/span>  <span class=\"breadcrumb_last\" aria-current=\"page\">Het autovrije Pays des \u00c9crins, vertrekkend vanaf het station Argenti\u00e8re les \u00c9crins<\/span><\/span><\/div>\n    <\/div>\n    \n<div class=\"wp-block-ws-library-ws-title aligncenter is-style-simple\"><h2>Hoe kom je in het Pays des \u00c9crins zonder auto?<\/h2><\/div>\n\n<p class=\"has-text-align-center\"><strong>Studenten<\/strong> of<strong> young professionals<\/strong> zonder auto? Maak je je zorgen om naar de bergen te gaan met <strong>een zo laag mogelijke ecologische voetafdruk<\/strong> ? De mooiste toppen van de \u00c9crins ontdekken zonder auto, met <strong>ecologisch verantwoorde praktijken<\/strong>, is nu mogelijk!  <\/p>\n\n<p>De stad Argenti\u00e8re-la-Bess\u00e9e, de toegangspoort tot het <strong>Pays des \u00c9crins<\/strong>, wordt bediend door <strong>treinen <\/strong>uit <strong>Valence<\/strong>, <strong>Marseille, Parijs <\/strong>of <strong>Gap<\/strong> of <strong>Grenoble <\/strong>(shuttle van Grenoble naar Brian\u00e7on en vervolgens trein van Brian\u00e7on naar Argenti\u00e8re). Het is ook mogelijk om het Pays des \u00c9crins te bereiken met de <strong>TGV<\/strong>, via het station van <strong>Oulx<\/strong>. Tot slot, voor de liefhebbers van <strong>nachttreinen<\/strong>, rijdt een van de laatste nachttreinen in Frankrijk regelmatig tussen <strong>Parijs <\/strong>en <strong>Brian\u00e7on<\/strong>, met een stop in L&#8217;Argenti\u00e8re.  <\/p>\n\n<div class=\"wp-block-ws-library-ws-columns alignwide has-2-columns are-vertically-aligned-center layout-5050 is-style-background\">\n<div class=\"wp-block-ws-library-ws-column\"><div class=\"wrapper\">\n<div class=\"wp-block-ws-library-ws-title\"><h3><strong>Met gemak door het gebied reizen<\/strong><\/h3><\/div>\n\n\n\n<p class=\"has-text-align-left\">Van daaruit <strong>brengen shuttles u <\/strong>naar La<strong> Vallouise<\/strong>, de badplaats<strong> Puy-Saint-Vincent<\/strong> en het gehucht <strong>Ailefroide<\/strong>. Gedurende de zomer vertrekken deze shuttles om<strong> 7.20 uur<\/strong>, <strong>9.05 uur<\/strong>, <strong>14.50 uur<\/strong> en <strong>19 uur<\/strong>. Vind deze shuttles op deze link.    <\/p>\n\n\n\n<p>U heeft ook de mogelijkheid om elektrisch ondersteunde fietsen te huren voor de duur van uw verblijf, door contact op te nemen met onze activiteitenaanbieder 60-40.<\/p>\n\n\n\n<p>U vindt er ook plaatsen om de accu&#8217;s van uw elektrische fiets op te laden.  <\/p>\n\n\n\n<p>Voor liefhebbers van <strong>alternatief vervoer<\/strong> zijn er veel <strong>carpools <\/strong>beschikbaar door het hele land, vooral vanuit Grenoble.<\/p>\n<\/div><\/div>\n\n\n\n<div class=\"wp-block-ws-library-ws-column\"><div class=\"wrapper\">\n<div class=\"wp-block-ws-library-ws-image\"><div class=\"wrapper\"><div class=\"group-media\"><img decoding=\"async\" src=\"https:\/\/www.paysdesecrins.com\/wp-content\/uploads\/2025\/07\/1596546037-1771779768-952x640.jpg\" alt=\"\" class=\"single_image ws-image-47134\"><div class=\"credits\"><\/div><\/div><p class=\"caption\"><\/p><\/div><\/div>\n<\/div><\/div>\n<\/div>\n\n<div class=\"wp-block-ws-library-ws-title\"><h3><em>Welke activiteiten<\/em>zijn toegankelijk zonder auto&#8217;s?<\/h3><\/div>\n\n<p class=\"has-text-align-left\">Veel <strong>wandelingen<\/strong>, voor <strong>een dag <\/strong>of voor <strong>rondreizen<\/strong>, <strong>beginnen vanuit<\/strong> L&#8217;Argenti\u00e8re, voor alle <strong>niveaus <\/strong>en alle <strong>praktijken<\/strong>.<\/p>\n\n<p>Voor liefhebbers van <strong>meerdaags wandelen<\/strong> heeft het Pays des \u00c9crins drie speciale routes voorbereid, in <strong>3<\/strong>, <strong>6 <\/strong>en <strong>7 <\/strong>dagen die u kunt starten in L&#8217;Argenti\u00e8re:<\/p>\n\n<ul class=\"wp-block-list\">\n<li><a href=\"https:\/\/rando.paysdesecrins.com\/a-pied\/tour-du-pays-des-ecrins-en-3-jours\/\" target=\"_blank\" rel=\"noreferrer noopener\">De rondleiding door het Pays des \u00c9crins in 3 dagen <\/a>(vertrek vanaf het station)<\/li>\n\n\n\n<li><a href=\"https:\/\/rando.paysdesecrins.com\/a-pied\/tour-du-pays-des-ecrins-en-6-jours\/\" target=\"_blank\" rel=\"noreferrer noopener\">De rondleiding door het Pays des \u00c9crins in 6 dagen <\/a>(vertrek vanaf het station)<\/li>\n\n\n\n<li><a href=\"https:\/\/rando.paysdesecrins.com\/a-pied\/tour-du-pays-des-ecrins-en-7-jours\/\" target=\"_blank\" rel=\"noreferrer noopener\">De tocht door het Pays des \u00c9crins in 7 dagen <\/a>(vanaf het station)<\/li>\n\n\n\n<li><a href=\"https:\/\/rando.paysdesecrins.com\/vtt\/traversee-du-pays-des-ecrins-en-vtt\/\" target=\"_blank\" rel=\"noreferrer noopener\">Het Pays des \u00c9crins oversteken met de mountainbike <\/a>(vertrek vanaf het station van Brian\u00e7on)<\/li>\n<\/ul>\n\n<p>Het is ook mogelijk om <a href=\"https:\/\/rando.paysdesecrins.com\/a-pied\/gr54-tour-de-loisans-et-des-ecrins-depuis-largentiere-la-bessee\/\" target=\"_blank\" rel=\"noreferrer noopener\">vanuit L&#8217;Argenti\u00e8re<\/a> deel te nemen aan de GR54 om <strong>het hele \u00c9crins-massief te ontdekken<\/strong>, tijdens deze prachtige wandeling die <strong>ongeveer tien dagen<\/strong> duurt.<\/p>\n\n<p>Als u wilt <strong>opwarmen <\/strong>voordat u een langere wandeling gaat maken, of als u hier maar een paar dagen bent, profiteer dan van deze <strong>korte wandelingen die<\/strong> gemakkelijk bereikbaar zijn vanuit L&#8217;Argenti\u00e8re, nog steeds zonder auto:<\/p>\n\n<ul class=\"wp-block-list\">\n<li><a href=\"https:\/\/rando.paysdesecrins.com\/a-pied\/le-sentier-des-mineurs\/\" target=\"_blank\" rel=\"noreferrer noopener\">The Miners&#8217; Trail<\/a> (3u30, 384 m hoogteverschil, vanaf het station)<\/li>\n\n\n\n<li><a href=\"https:\/\/rando.paysdesecrins.com\/a-pied\/sentier-thematique-balade-du-circuit-industriel\/\" target=\"_blank\" rel=\"noreferrer noopener\">Wandeling van het industri\u00eble circuit<\/a> (1u30, vertrek aan het VVV-kantoor, 5 minuten van het station)<\/li>\n\n\n\n<li><a href=\"https:\/\/rando.paysdesecrins.com\/a-pied\/randoland-largentiere-la-bessee\/\" target=\"_blank\" rel=\"noreferrer noopener\">Randoland L&#8217;Argenti\u00e8re<\/a> (2 uur, vertrek vanaf de Chapelle Saint Jean, 5 minuten van het station)<\/li>\n\n\n\n<li><a href=\"https:\/\/rando.paysdesecrins.com\/a-pied\/la-voie-verte-de-largentiere-la-bessee\/\" target=\"_blank\" rel=\"noreferrer noopener\">De groene weg van Argenti\u00e8re<\/a> (1 uur, vertrek vanaf het VVV-kantoor, 5 minuten van het station)<\/li>\n\n\n\n<li><a href=\"https:\/\/rando.paysdesecrins.com\/trek\/973179-Parcours-n17---Les-Chardons-Bleus\" target=\"_blank\" rel=\"noreferrer noopener\">Les Chardons Bleus (mountainbiken<\/a> , 3u30, 675 m hoogteverschil, vanaf de kiosk, 5 minuten van het station)<\/li>\n\n\n\n<li><a href=\"https:\/\/rando.paysdesecrins.com\/trek\/972259-Parcours-n16---Le-Tour-des-Tetes\" target=\"_blank\" rel=\"noreferrer noopener\">De Tour des T\u00eates<\/a> (mountainbiken, 3u15, 871 m hoogteverschil, vertrek bij de kiosk, 5 minuten van het station)<\/li>\n\n\n\n<li><a href=\"https:\/\/rando.paysdesecrins.com\/trek\/970522-Parcours-n18---Les-Eyssuches\" target=\"_blank\" rel=\"noreferrer noopener\">Les Eyssuches (mountainbiken<\/a> , 1u45, 287m hoogteverschil, vertrek bij de kiosk, 5 minuten van het station)<\/li>\n\n\n\n<li><a href=\"https:\/\/rando.paysdesecrins.com\/trail\/kilometre-vertical-de-largentiere-la-bessee\/\" target=\"_blank\" rel=\"noreferrer noopener\">Verticale kilometer van Argenti\u00e8re<\/a> (Trail, 1u30, 1054m hoogteverschil, vanaf de Turbine-rotonde, 5 minuten van het station)<\/li>\n\n\n\n<li><a href=\"https:\/\/rando.paysdesecrins.com\/trail\/les-tetes-par-la-pignee-parcours-trail-n23\/\" target=\"_blank\" rel=\"noreferrer noopener\">Les T\u00eates par la Pign\u00e9e<\/a> (Trail, 5 uur, 1084 m hoogteverschil vanaf de Turbine-rotonde, 5 minuten van het station)<\/li>\n\n\n\n<li><a href=\"https:\/\/rando.paysdesecrins.com\/trail\/autour-des-mines-parcours-trail-n22\/\" target=\"_blank\" rel=\"noreferrer noopener\">Rond de mijnen<\/a> (Trail, 3u, 425m hoogteverschil, vanaf de Turbine-rotonde, 5 minuten van het station)<\/li>\n<\/ul>\n\n<div class=\"wp-block-ws-library-ws-slider alignwide\"><div class=\"splide\" data-splide=\"{\"type\":\"slide\",\"heightRatio\":\"auto\",\"perPage\":4,\"perMove\":1,\"drag\":true,\"pagination\":0,\"autoplay\":false,\"gap\":\"15px\",\"breakpoints\":{\"450\":{\"perPage\":1},\"768\":{\"perPage\":2},\"992\":{\"perPage\":3},\"1200\":{\"perPage\":4}}}\"><div class=\"splide__track\"><div class=\"splide__list\"><div class=\"splide__slide\"><a href=\"https:\/\/www.paysdesecrins.com\/wp-content\/uploads\/2025\/07\/1596546330-1499666308-400x400.jpg\" data-glightbox=\"true\" class=\"lightbox-trigger\"><img decoding=\"async\" src=\"https:\/\/www.paysdesecrins.com\/wp-content\/uploads\/2025\/07\/1596546330-1499666308-400x400.jpg\" alt=\"\"><\/a><\/div><div class=\"splide__slide\"><a href=\"https:\/\/www.paysdesecrins.com\/wp-content\/uploads\/2025\/07\/1596547019-1518864867-400x400.jpg\" data-glightbox=\"true\" class=\"lightbox-trigger\"><img decoding=\"async\" src=\"https:\/\/www.paysdesecrins.com\/wp-content\/uploads\/2025\/07\/1596547019-1518864867-400x400.jpg\" alt=\"\"><\/a><\/div><div class=\"splide__slide\"><a href=\"https:\/\/www.paysdesecrins.com\/wp-content\/uploads\/2025\/07\/1596546330-507823710-400x400.jpg\" data-glightbox=\"true\" class=\"lightbox-trigger\"><img decoding=\"async\" src=\"https:\/\/www.paysdesecrins.com\/wp-content\/uploads\/2025\/07\/1596546330-507823710-400x400.jpg\" alt=\"\"><\/a><\/div><\/div><\/div><\/div><\/div>\n\n<div class=\"wp-block-ws-library-ws-share\"><span class=\"share-subtitle\">Vond je deze pagina leuk?<\/span><span class=\"share-title\">Deel het!<\/span><button class=\"ws-share-button wp-element-button\">Deel deze pagina<\/button><\/div>\n","protected":false},"excerpt":{"rendered":"<p>Studenten of young professionals zonder auto? Maak je je zorgen om naar de bergen te gaan met een zo laag [&hellip;]<\/p>\n","protected":false},"author":9,"featured_media":48670,"parent":45936,"menu_order":0,"comment_status":"closed","ping_status":"closed","template":"","meta":{"_thumbnail_id_2":0,"summer_excerpt":"","season":"","station":"","footnotes":""},"class_list":["post-47431","page","type-page","status-publish","has-post-thumbnail","hentry"],"yoast_head":"<!-- This site is optimized with the Yoast SEO plugin v27.3 - https:\/\/yoast.com\/product\/yoast-seo-wordpress\/ -->\n<title>Het autovrije Pays des \u00c9crins, vertrekkend vanaf het station Argenti\u00e8re les \u00c9crins - Pays des \u00c9crins - Office de Tourisme<\/title>\n<meta name=\"robots\" content=\"index, follow, max-snippet:-1, max-image-preview:large, max-video-preview:-1\" \/>\n<link rel=\"canonical\" href=\"https:\/\/www.paysdesecrins.com\/nl\/ik-kies\/toegang-en-shuttles\/het-autovrije-pays-des-ecrins-vertrekkend-vanaf-het-treinstation-argentiere-les-ecrins\/\" \/>\n<meta property=\"og:locale\" content=\"nl_NL\" \/>\n<meta property=\"og:type\" content=\"article\" \/>\n<meta property=\"og:title\" content=\"Het autovrije Pays des \u00c9crins, vertrekkend vanaf het station Argenti\u00e8re les \u00c9crins - Pays des \u00c9crins - Office de Tourisme\" \/>\n<meta property=\"og:description\" content=\"Studenten of young professionals zonder auto? Maak je je zorgen om naar de bergen te gaan met een zo laag [&hellip;]\" \/>\n<meta property=\"og:url\" content=\"https:\/\/www.paysdesecrins.com\/nl\/ik-kies\/toegang-en-shuttles\/het-autovrije-pays-des-ecrins-vertrekkend-vanaf-het-treinstation-argentiere-les-ecrins\/\" \/>\n<meta property=\"og:site_name\" content=\"Pays des \u00c9crins - Office de Tourisme\" \/>\n<meta property=\"article:modified_time\" content=\"2025-08-07T13:06:43+00:00\" \/>\n<meta property=\"og:image\" content=\"https:\/\/www.paysdesecrins.com\/wp-content\/uploads\/2025\/07\/bivouac-et-trail-cre-te-de-rougnoux-133-1-1-scaled.jpg\" \/>\n\t<meta property=\"og:image:width\" content=\"2560\" \/>\n\t<meta property=\"og:image:height\" content=\"1707\" \/>\n\t<meta property=\"og:image:type\" content=\"image\/jpeg\" \/>\n<meta name=\"twitter:card\" content=\"summary_large_image\" \/>\n<meta name=\"twitter:label1\" content=\"Geschatte leestijd\" \/>\n\t<meta name=\"twitter:data1\" content=\"3 minuten\" \/>\n<script type=\"application\/ld+json\" class=\"yoast-schema-graph\">{\"@context\":\"https:\\\/\\\/schema.org\",\"@graph\":[{\"@type\":\"WebPage\",\"@id\":\"https:\\\/\\\/www.paysdesecrins.com\\\/nl\\\/ik-kies\\\/toegang-en-shuttles\\\/het-autovrije-pays-des-ecrins-vertrekkend-vanaf-het-treinstation-argentiere-les-ecrins\\\/\",\"url\":\"https:\\\/\\\/www.paysdesecrins.com\\\/nl\\\/ik-kies\\\/toegang-en-shuttles\\\/het-autovrije-pays-des-ecrins-vertrekkend-vanaf-het-treinstation-argentiere-les-ecrins\\\/\",\"name\":\"Het autovrije Pays des \u00c9crins, vertrekkend vanaf het station Argenti\u00e8re les \u00c9crins - Pays des \u00c9crins - Office de Tourisme\",\"isPartOf\":{\"@id\":\"https:\\\/\\\/www.paysdesecrins.com\\\/nl\\\/#website\"},\"primaryImageOfPage\":{\"@id\":\"https:\\\/\\\/www.paysdesecrins.com\\\/nl\\\/ik-kies\\\/toegang-en-shuttles\\\/het-autovrije-pays-des-ecrins-vertrekkend-vanaf-het-treinstation-argentiere-les-ecrins\\\/#primaryimage\"},\"image\":{\"@id\":\"https:\\\/\\\/www.paysdesecrins.com\\\/nl\\\/ik-kies\\\/toegang-en-shuttles\\\/het-autovrije-pays-des-ecrins-vertrekkend-vanaf-het-treinstation-argentiere-les-ecrins\\\/#primaryimage\"},\"thumbnailUrl\":\"https:\\\/\\\/www.paysdesecrins.com\\\/wp-content\\\/uploads\\\/2025\\\/07\\\/bivouac-et-trail-cre-te-de-rougnoux-133-1-1-scaled.jpg\",\"datePublished\":\"2025-07-28T14:35:15+00:00\",\"dateModified\":\"2025-08-07T13:06:43+00:00\",\"breadcrumb\":{\"@id\":\"https:\\\/\\\/www.paysdesecrins.com\\\/nl\\\/ik-kies\\\/toegang-en-shuttles\\\/het-autovrije-pays-des-ecrins-vertrekkend-vanaf-het-treinstation-argentiere-les-ecrins\\\/#breadcrumb\"},\"inLanguage\":\"nl-NL\",\"potentialAction\":[{\"@type\":\"ReadAction\",\"target\":[\"https:\\\/\\\/www.paysdesecrins.com\\\/nl\\\/ik-kies\\\/toegang-en-shuttles\\\/het-autovrije-pays-des-ecrins-vertrekkend-vanaf-het-treinstation-argentiere-les-ecrins\\\/\"]}]},{\"@type\":\"ImageObject\",\"inLanguage\":\"nl-NL\",\"@id\":\"https:\\\/\\\/www.paysdesecrins.com\\\/nl\\\/ik-kies\\\/toegang-en-shuttles\\\/het-autovrije-pays-des-ecrins-vertrekkend-vanaf-het-treinstation-argentiere-les-ecrins\\\/#primaryimage\",\"url\":\"https:\\\/\\\/www.paysdesecrins.com\\\/wp-content\\\/uploads\\\/2025\\\/07\\\/bivouac-et-trail-cre-te-de-rougnoux-133-1-1-scaled.jpg\",\"contentUrl\":\"https:\\\/\\\/www.paysdesecrins.com\\\/wp-content\\\/uploads\\\/2025\\\/07\\\/bivouac-et-trail-cre-te-de-rougnoux-133-1-1-scaled.jpg\",\"width\":2560,\"height\":1707},{\"@type\":\"BreadcrumbList\",\"@id\":\"https:\\\/\\\/www.paysdesecrins.com\\\/nl\\\/ik-kies\\\/toegang-en-shuttles\\\/het-autovrije-pays-des-ecrins-vertrekkend-vanaf-het-treinstation-argentiere-les-ecrins\\\/#breadcrumb\",\"itemListElement\":[{\"@type\":\"ListItem\",\"position\":1,\"name\":\"Accueil\",\"item\":\"https:\\\/\\\/www.paysdesecrins.com\\\/nl\\\/de-titel-van-het-huis\\\/\"},{\"@type\":\"ListItem\",\"position\":2,\"name\":\"Ik kies\",\"item\":\"https:\\\/\\\/www.paysdesecrins.com\\\/nl\\\/ik-kies\\\/\"},{\"@type\":\"ListItem\",\"position\":3,\"name\":\"Toegang en vervoer\",\"item\":\"https:\\\/\\\/www.paysdesecrins.com\\\/nl\\\/ik-kies\\\/toegang-en-shuttles\\\/\"},{\"@type\":\"ListItem\",\"position\":4,\"name\":\"Het autovrije Pays des \u00c9crins, vertrekkend vanaf het station Argenti\u00e8re les \u00c9crins\"}]},{\"@type\":\"WebSite\",\"@id\":\"https:\\\/\\\/www.paysdesecrins.com\\\/nl\\\/#website\",\"url\":\"https:\\\/\\\/www.paysdesecrins.com\\\/nl\\\/\",\"name\":\"Pays des \u00c9crins - Office de Tourisme\",\"description\":\"L&#039;esprit montagne\",\"publisher\":{\"@id\":\"https:\\\/\\\/www.paysdesecrins.com\\\/nl\\\/#organization\"},\"potentialAction\":[{\"@type\":\"SearchAction\",\"target\":{\"@type\":\"EntryPoint\",\"urlTemplate\":\"https:\\\/\\\/www.paysdesecrins.com\\\/nl\\\/?s={search_term_string}\"},\"query-input\":{\"@type\":\"PropertyValueSpecification\",\"valueRequired\":true,\"valueName\":\"search_term_string\"}}],\"inLanguage\":\"nl-NL\"},{\"@type\":\"Organization\",\"@id\":\"https:\\\/\\\/www.paysdesecrins.com\\\/nl\\\/#organization\",\"name\":\"Pays des \u00c9crins - Office de Tourisme\",\"url\":\"https:\\\/\\\/www.paysdesecrins.com\\\/nl\\\/\",\"logo\":{\"@type\":\"ImageObject\",\"inLanguage\":\"nl-NL\",\"@id\":\"https:\\\/\\\/www.paysdesecrins.com\\\/nl\\\/#\\\/schema\\\/logo\\\/image\\\/\",\"url\":\"https:\\\/\\\/www.paysdesecrins.com\\\/wp-content\\\/uploads\\\/2025\\\/06\\\/devina-svg-1750845694.svg\",\"contentUrl\":\"https:\\\/\\\/www.paysdesecrins.com\\\/wp-content\\\/uploads\\\/2025\\\/06\\\/devina-svg-1750845694.svg\",\"caption\":\"Pays des \u00c9crins - Office de Tourisme\"},\"image\":{\"@id\":\"https:\\\/\\\/www.paysdesecrins.com\\\/nl\\\/#\\\/schema\\\/logo\\\/image\\\/\"}}]}<\/script>\n<!-- \/ Yoast SEO plugin. -->","yoast_head_json":{"title":"Het autovrije Pays des \u00c9crins, vertrekkend vanaf het station Argenti\u00e8re les \u00c9crins - Pays des \u00c9crins - Office de Tourisme","robots":{"index":"index","follow":"follow","max-snippet":"max-snippet:-1","max-image-preview":"max-image-preview:large","max-video-preview":"max-video-preview:-1"},"canonical":"https:\/\/www.paysdesecrins.com\/nl\/ik-kies\/toegang-en-shuttles\/het-autovrije-pays-des-ecrins-vertrekkend-vanaf-het-treinstation-argentiere-les-ecrins\/","og_locale":"nl_NL","og_type":"article","og_title":"Het autovrije Pays des \u00c9crins, vertrekkend vanaf het station Argenti\u00e8re les \u00c9crins - Pays des \u00c9crins - Office de Tourisme","og_description":"Studenten of young professionals zonder auto? Maak je je zorgen om naar de bergen te gaan met een zo laag [&hellip;]","og_url":"https:\/\/www.paysdesecrins.com\/nl\/ik-kies\/toegang-en-shuttles\/het-autovrije-pays-des-ecrins-vertrekkend-vanaf-het-treinstation-argentiere-les-ecrins\/","og_site_name":"Pays des \u00c9crins - Office de Tourisme","article_modified_time":"2025-08-07T13:06:43+00:00","og_image":[{"width":2560,"height":1707,"url":"https:\/\/www.paysdesecrins.com\/wp-content\/uploads\/2025\/07\/bivouac-et-trail-cre-te-de-rougnoux-133-1-1-scaled.jpg","type":"image\/jpeg"}],"twitter_card":"summary_large_image","twitter_misc":{"Geschatte leestijd":"3 minuten"},"schema":{"@context":"https:\/\/schema.org","@graph":[{"@type":"WebPage","@id":"https:\/\/www.paysdesecrins.com\/nl\/ik-kies\/toegang-en-shuttles\/het-autovrije-pays-des-ecrins-vertrekkend-vanaf-het-treinstation-argentiere-les-ecrins\/","url":"https:\/\/www.paysdesecrins.com\/nl\/ik-kies\/toegang-en-shuttles\/het-autovrije-pays-des-ecrins-vertrekkend-vanaf-het-treinstation-argentiere-les-ecrins\/","name":"Het autovrije Pays des \u00c9crins, vertrekkend vanaf het station Argenti\u00e8re les \u00c9crins - Pays des \u00c9crins - Office de Tourisme","isPartOf":{"@id":"https:\/\/www.paysdesecrins.com\/nl\/#website"},"primaryImageOfPage":{"@id":"https:\/\/www.paysdesecrins.com\/nl\/ik-kies\/toegang-en-shuttles\/het-autovrije-pays-des-ecrins-vertrekkend-vanaf-het-treinstation-argentiere-les-ecrins\/#primaryimage"},"image":{"@id":"https:\/\/www.paysdesecrins.com\/nl\/ik-kies\/toegang-en-shuttles\/het-autovrije-pays-des-ecrins-vertrekkend-vanaf-het-treinstation-argentiere-les-ecrins\/#primaryimage"},"thumbnailUrl":"https:\/\/www.paysdesecrins.com\/wp-content\/uploads\/2025\/07\/bivouac-et-trail-cre-te-de-rougnoux-133-1-1-scaled.jpg","datePublished":"2025-07-28T14:35:15+00:00","dateModified":"2025-08-07T13:06:43+00:00","breadcrumb":{"@id":"https:\/\/www.paysdesecrins.com\/nl\/ik-kies\/toegang-en-shuttles\/het-autovrije-pays-des-ecrins-vertrekkend-vanaf-het-treinstation-argentiere-les-ecrins\/#breadcrumb"},"inLanguage":"nl-NL","potentialAction":[{"@type":"ReadAction","target":["https:\/\/www.paysdesecrins.com\/nl\/ik-kies\/toegang-en-shuttles\/het-autovrije-pays-des-ecrins-vertrekkend-vanaf-het-treinstation-argentiere-les-ecrins\/"]}]},{"@type":"ImageObject","inLanguage":"nl-NL","@id":"https:\/\/www.paysdesecrins.com\/nl\/ik-kies\/toegang-en-shuttles\/het-autovrije-pays-des-ecrins-vertrekkend-vanaf-het-treinstation-argentiere-les-ecrins\/#primaryimage","url":"https:\/\/www.paysdesecrins.com\/wp-content\/uploads\/2025\/07\/bivouac-et-trail-cre-te-de-rougnoux-133-1-1-scaled.jpg","contentUrl":"https:\/\/www.paysdesecrins.com\/wp-content\/uploads\/2025\/07\/bivouac-et-trail-cre-te-de-rougnoux-133-1-1-scaled.jpg","width":2560,"height":1707},{"@type":"BreadcrumbList","@id":"https:\/\/www.paysdesecrins.com\/nl\/ik-kies\/toegang-en-shuttles\/het-autovrije-pays-des-ecrins-vertrekkend-vanaf-het-treinstation-argentiere-les-ecrins\/#breadcrumb","itemListElement":[{"@type":"ListItem","position":1,"name":"Accueil","item":"https:\/\/www.paysdesecrins.com\/nl\/de-titel-van-het-huis\/"},{"@type":"ListItem","position":2,"name":"Ik kies","item":"https:\/\/www.paysdesecrins.com\/nl\/ik-kies\/"},{"@type":"ListItem","position":3,"name":"Toegang en vervoer","item":"https:\/\/www.paysdesecrins.com\/nl\/ik-kies\/toegang-en-shuttles\/"},{"@type":"ListItem","position":4,"name":"Het autovrije Pays des \u00c9crins, vertrekkend vanaf het station Argenti\u00e8re les \u00c9crins"}]},{"@type":"WebSite","@id":"https:\/\/www.paysdesecrins.com\/nl\/#website","url":"https:\/\/www.paysdesecrins.com\/nl\/","name":"Pays des \u00c9crins - Office de Tourisme","description":"L&#039;esprit montagne","publisher":{"@id":"https:\/\/www.paysdesecrins.com\/nl\/#organization"},"potentialAction":[{"@type":"SearchAction","target":{"@type":"EntryPoint","urlTemplate":"https:\/\/www.paysdesecrins.com\/nl\/?s={search_term_string}"},"query-input":{"@type":"PropertyValueSpecification","valueRequired":true,"valueName":"search_term_string"}}],"inLanguage":"nl-NL"},{"@type":"Organization","@id":"https:\/\/www.paysdesecrins.com\/nl\/#organization","name":"Pays des \u00c9crins - Office de Tourisme","url":"https:\/\/www.paysdesecrins.com\/nl\/","logo":{"@type":"ImageObject","inLanguage":"nl-NL","@id":"https:\/\/www.paysdesecrins.com\/nl\/#\/schema\/logo\/image\/","url":"https:\/\/www.paysdesecrins.com\/wp-content\/uploads\/2025\/06\/devina-svg-1750845694.svg","contentUrl":"https:\/\/www.paysdesecrins.com\/wp-content\/uploads\/2025\/06\/devina-svg-1750845694.svg","caption":"Pays des \u00c9crins - Office de Tourisme"},"image":{"@id":"https:\/\/www.paysdesecrins.com\/nl\/#\/schema\/logo\/image\/"}}]}},"_links":{"self":[{"href":"https:\/\/www.paysdesecrins.com\/nl\/wp-json\/wp\/v2\/pages\/47431","targetHints":{"allow":["GET"]}}],"collection":[{"href":"https:\/\/www.paysdesecrins.com\/nl\/wp-json\/wp\/v2\/pages"}],"about":[{"href":"https:\/\/www.paysdesecrins.com\/nl\/wp-json\/wp\/v2\/types\/page"}],"author":[{"embeddable":true,"href":"https:\/\/www.paysdesecrins.com\/nl\/wp-json\/wp\/v2\/users\/9"}],"replies":[{"embeddable":true,"href":"https:\/\/www.paysdesecrins.com\/nl\/wp-json\/wp\/v2\/comments?post=47431"}],"version-history":[{"count":0,"href":"https:\/\/www.paysdesecrins.com\/nl\/wp-json\/wp\/v2\/pages\/47431\/revisions"}],"up":[{"embeddable":true,"href":"https:\/\/www.paysdesecrins.com\/nl\/wp-json\/wp\/v2\/pages\/45936"}],"wp:featuredmedia":[{"embeddable":true,"href":"https:\/\/www.paysdesecrins.com\/nl\/wp-json\/wp\/v2\/media\/48670"}],"wp:attachment":[{"href":"https:\/\/www.paysdesecrins.com\/nl\/wp-json\/wp\/v2\/media?parent=47431"}],"curies":[{"name":"wp","href":"https:\/\/api.w.org\/{rel}","templated":true}]}}