{"id":48845,"date":"2025-07-29T11:11:10","date_gmt":"2025-07-29T09:11:10","guid":{"rendered":"https:\/\/www.paysdesecrins.com\/toegang-en-shuttles\/in-situ\/"},"modified":"2025-11-17T10:03:35","modified_gmt":"2025-11-17T09:03:35","slug":"in-situ","status":"publish","type":"page","link":"https:\/\/www.paysdesecrins.com\/nl\/ik-kies\/toegang-en-shuttles\/in-situ\/","title":{"rendered":"In situ"},"content":{"rendered":"    <div class=\"alignfull wp-block-ws-library-ws-header-interne\" data-season=\"summer\">\n\t    <div class=\"header-container\">\n\t        <div class=\"group-media has-image\">\n\t            \t                <img loading=\"lazy\" decoding=\"async\" width=\"1920\" height=\"800\" src=\"https:\/\/www.paysdesecrins.com\/wp-content\/uploads\/2025\/07\/ambiance-village-ailefroid-2-1920x800.jpg\" alt=\"\" class=\"image_large_square wp-image-48838\" \/>\n\t            \t        <\/div>\n\t        <div class=\"group-content\">\n\t            <div class=\"title\">\n\t                <h1>\n\t                    In situ\t                    \t                <\/h1>\n\t            <\/div>\n\t        <\/div>\n\t    <\/div>\n\t    \n<div class=\"yoast-breadcrumbs\"><span><span><a href=\"https:\/\/www.paysdesecrins.com\/nl\/de-titel-van-het-huis\/\">Accueil<\/a><\/span>  <span><a href=\"https:\/\/www.paysdesecrins.com\/nl\/ik-kies\/\">Ik kies<\/a><\/span>  <span><a href=\"https:\/\/www.paysdesecrins.com\/nl\/ik-kies\/toegang-en-shuttles\/\">Toegang en vervoer<\/a><\/span>  <span class=\"breadcrumb_last\" aria-current=\"page\">In situ<\/span><\/span><\/div>\n    <\/div>\n        <div class=\"alignfull wp-block-ws-library-ws-header-interne\" data-season=\"winter\">\n\t    <div class=\"header-container\">\n\t        <div class=\"group-media has-image\">\n\t            \t                <img loading=\"lazy\" decoding=\"async\" width=\"1436\" height=\"800\" src=\"https:\/\/www.paysdesecrins.com\/wp-content\/uploads\/2025\/07\/capture-decran-2025-07-29-a-110556-1436x800.png\" alt=\"\" class=\"image_large_square wp-image-48827\" \/>\n\t            \t        <\/div>\n\t        <div class=\"group-content\">\n\t            <div class=\"title\">\n\t                <h1>\n\t                    In situ\t                    \t                <\/h1>\n\t            <\/div>\n\t        <\/div>\n\t    <\/div>\n\t    \n<div class=\"yoast-breadcrumbs\"><span><span><a href=\"https:\/\/www.paysdesecrins.com\/nl\/de-titel-van-het-huis\/\">Accueil<\/a><\/span>  <span><a href=\"https:\/\/www.paysdesecrins.com\/nl\/ik-kies\/\">Ik kies<\/a><\/span>  <span><a href=\"https:\/\/www.paysdesecrins.com\/nl\/ik-kies\/toegang-en-shuttles\/\">Toegang en vervoer<\/a><\/span>  <span class=\"breadcrumb_last\" aria-current=\"page\">In situ<\/span><\/span><\/div>\n    <\/div>\n    \n<div class=\"wp-block-ws-library-ws-title aligncenter is-style-simple\"><h2>Vind het vervoer ter plaatse om u naar de verschillende gemeenten van het Pays des \u00c9crins te brengen<\/h2><\/div>\n\n<div class=\"wp-block-ws-library-ws-image\"><div class=\"wrapper\"><div class=\"group-media\"><img decoding=\"async\" src=\"https:\/\/www.paysdesecrins.com\/wp-content\/uploads\/2025\/08\/plan-acces-pays-des-ecrins-905x640.png\" alt=\"\" class=\"single_image ws-image-91894\"><div class=\"credits\"><\/div><\/div><p class=\"caption\"><\/p><\/div><\/div>\n\n<div class=\"wp-block-ws-library-ws-columns alignwide has-2-columns are-vertically-aligned-center layout-5050 is-style-background\">\n<div class=\"wp-block-ws-library-ws-column\"><div class=\"wrapper\">\n<div class=\"wp-block-ws-library-ws-title\"><h3>reis gemakkelijk in het Pays des \u00c9crins<\/h3><\/div>\n\n\n\n<p>Het Pays des \u00c9crins biedt verschillende pendeldiensten om uw reis tussen de verschillende resorts en dorpen in de omgeving te vergemakkelijken. Of u nu op zomer- of wintervakantie bent, met deze vervoersdiensten kunt u ten volle genieten van uw verblijf zonder dat u zich zorgen hoeft te maken over de auto.   <strong>De dienstregeling van de pendeldienst wordt voor elk seizoen bijgewerkt om zich aan te passen aan de behoeften van reizigers en de lokale omstandigheden.<\/strong>  Hier zijn de verschillende beschikbare shuttles en hun kenmerken.<\/p>\n<\/div><\/div>\n\n\n\n<div class=\"wp-block-ws-library-ws-column\"><div class=\"wrapper\">\n<div class=\"wp-block-ws-library-ws-image\"><div class=\"wrapper\"><div class=\"group-media\"><img decoding=\"async\" src=\"https:\/\/www.paysdesecrins.com\/wp-content\/uploads\/2025\/07\/dsc01656-1-960x640.png\" alt=\"\" class=\"single_image ws-image-48875\"><div class=\"credits\"><\/div><\/div><p class=\"caption\"><\/p><\/div><\/div>\n<\/div><\/div>\n<\/div>\n\n<div class=\"wp-block-ws-library-ws-title\"><h3><em>De <strong><strong>reguliere<\/strong><\/strong> shuttle, <\/em>Het hele jaar door<\/h3><\/div>\n\n<p><strong>L&#8217;Argenti\u00e8re-La Bess\u00e9e \u2013 Pelvoux-Vallouise<br\/><\/strong>Deze shuttle rijdt zowel in de zomer als in de winter en stelt u in staat om de belangrijkste bezienswaardigheden van de Vallouise te bereiken. Ideaal voor wandelaars in de zomer en ski\u00ebrs in de winter, het verbindt het treinstation Argenti\u00e8re-la-Bess\u00e9e met de verschillende gemeenten in de vallei, tot aan het stadhuis van Pelvoux-Vallouise, om uw reis eenvoudig en aangenaam te maken.   <strong>Hieronder vindt u de dienstregeling van de reguliere shuttle.<\/strong> <\/p>\n\n<div class=\"wp-block-ws-library-ws-documents\">\n<div class=\"wp-block-ws-library-ws-document\"><a href=\"https:\/\/www.paysdesecrins.com\/wp-content\/uploads\/2025\/07\/20250414100152672.pdf\" target=\"_blank\" rel=\"noopener noreferrer\" class=\"link-document\">Dienstregelingen-regulier-shuttle-l&#8217;argenti\u00e8re-la-bess\u00e9e-Vallouise-Pelvoux<\/a><\/div>\n<\/div>\n\n<hr class=\"wp-block-separator has-alpha-channel-opacity\"\/>\n\n<div class=\"wp-block-ws-library-ws-title\"><h3><em><strong>De<\/strong><\/em><strong><strong><strong>pendeldienst tussen de resorts \u2013 Zomer<\/strong><\/strong><\/strong><\/h3><\/div>\n\n<p>L&#8217;Argenti\u00e8re-La Bess\u00e9e \u2013 Les Vigneaux \u2013 Vallouise-Pelvoux \u2013 Puy Saint Vincent (1400 \u2013 1600)<br\/>Tijdens het <strong>zomerseizoen<\/strong> zorgt de pendeldienst tussen het resort voor een verbinding tussen het station Argenti\u00e8re-la Bess\u00e9e, de gemeenten en de verschillende hooggelegen gebieden van het Pays des \u00c9crins. Hiermee kunt u gemakkelijk alle gemeenten van de Vallouise en onze twee hooggelegen gebieden (Puy Saint Vincent en Pelvoux-Vallouise) bereiken.   <strong>Hieronder vindt u de dienstregeling van de pendeldienst tussen de resorts.<\/strong><\/p>\n\n<div class=\"wp-block-ws-library-ws-documents\">\n<div class=\"wp-block-ws-library-ws-document\"><a href=\"https:\/\/www.paysdesecrins.com\/wp-content\/uploads\/2025\/08\/543-largentiere-psv-ete-2025.pdf\" target=\"_blank\" rel=\"noopener noreferrer\" class=\"link-document\">Shuttle Zou 543 \u2013 L&#8217;Argenti\u00e8re \u2013 Vallouise \u2013 Puy Saint Vincent<\/a><\/div>\n\n\n\n<div class=\"wp-block-ws-library-ws-document\"><a href=\"https:\/\/www.paysdesecrins.com\/wp-content\/uploads\/2025\/07\/ccpe-transport-depliant-a4.pdf\" target=\"_blank\" rel=\"noopener noreferrer\" class=\"link-document\">Estibus-Pays-des-\u00c9crins-zomer-2025<\/a><\/div>\n\n\n\n<div class=\"wp-block-ws-library-ws-document\"><a href=\"https:\/\/www.paysdesecrins.com\/wp-content\/uploads\/2025\/07\/estibus-entre-aygues.pdf\" target=\"_blank\" rel=\"noopener noreferrer\" class=\"link-document\">Estibus_entre-les-aygues<\/a><\/div>\n<\/div>\n\n<hr class=\"wp-block-separator has-alpha-channel-opacity\"\/>\n\n<div class=\"wp-block-ws-library-ws-title\"><h3><em><strong><strong>Het Pays des \u00c9crins<\/strong><\/strong><\/em><strong><strong><strong>Met de taxi<\/strong><\/strong><\/strong><\/h3><\/div>\n\n<p>L&#8217;Argenti\u00e8re-La Bess\u00e9e \u2013 Les Vigneaux \u2013 Vallouise-Pelvoux \u2013 Puy Saint Vincent (1400 \u2013 1600)<br\/>Als u de voorkeur geeft aan een meer persoonlijke vervoersservice of buiten de shuttle-uren wilt reizen, zijn er verschillende taxibedrijven beschikbaar in het Pays des \u00c9crins. U kunt contact met hen opnemen om uw reis te regelen.   <\/p>\n\n<div class=\"wp-block-ws-library-ws-documents\">\n<div class=\"wp-block-ws-library-ws-document\"><a href=\"https:\/\/www.paysdesecrins.com\/wp-content\/uploads\/2025\/07\/taxis-2025.pdf\" target=\"_blank\" rel=\"noopener noreferrer\" class=\"link-document\">taxis_2025<\/a><\/div>\n<\/div>\n\n<div class=\"wp-block-ws-library-ws-columns alignwide has-2-columns are-vertically-aligned-center layout-5050 is-style-background\">\n<div class=\"wp-block-ws-library-ws-column\"><div class=\"wrapper\">\n<div class=\"wp-block-ws-library-ws-title\"><h3><strong>Het autovrije Pays des \u00c9crins<\/strong><\/h3><\/div>\n\n\n\n<p><strong>Studenten<\/strong> of<strong> young professionals<\/strong> zonder auto? Maak je je zorgen om naar de bergen te gaan met <strong>een zo laag mogelijke ecologische voetafdruk<\/strong> ? De mooiste toppen van de \u00c9crins ontdekken zonder auto, met <strong>ecologisch verantwoorde praktijken<\/strong>, is nu mogelijk! <a href=\"https:\/\/www.paysdesecrins.com\/acces-et-navettes\/le-pays-des-ecrins-sans-voitures-au-depart-de-la-gare-de-largentiere-les-ecrins\/\" target=\"_blank\" rel=\"noreferrer noopener\">Alle informatie hier<\/a>.<br\/>Mogelijkheid tot fietsverhuur bij Argenti\u00e8re la Bess\u00e9e, Vallouise-Pelvoux en Puy Saint Vincent.    <br\/><br\/>Ik handel voor de planeet door hier mijn ecologische voetafdruk <a href=\"https:\/\/agirpourlatransition.ademe.fr\/particuliers\/bureau\/deplacements\/calculer-emissions-carbone-trajets\" target=\"_blank\" rel=\"noreferrer noopener\">te<\/a> berekenen en\/of <a href=\"https:\/\/nosgestesclimat.fr\/\" target=\"_blank\" rel=\"noreferrer noopener\">hier<\/a> te compenseren.<\/p>\n<\/div><\/div>\n\n\n\n<div class=\"wp-block-ws-library-ws-column\"><div class=\"wrapper\">\n<div class=\"wp-block-ws-library-ws-image\"><div class=\"wrapper\"><div class=\"group-media\"><img decoding=\"async\" src=\"https:\/\/www.paysdesecrins.com\/wp-content\/uploads\/2025\/07\/1596546037-434450263-1-960x640.jpg\" alt=\"\" class=\"single_image ws-image-48772\"><div class=\"credits\"><\/div><\/div><p class=\"caption\"><\/p><\/div><\/div>\n<\/div><\/div>\n<\/div>\n\n<div class=\"wp-block-ws-library-ws-share\"><span class=\"share-subtitle\">Vond je deze pagina leuk?<\/span><span class=\"share-title\">Deel het!<\/span><button class=\"ws-share-button wp-element-button\">Deel deze pagina<\/button><\/div>\n","protected":false},"excerpt":{"rendered":"<p>L&#8217;Argenti\u00e8re-La Bess\u00e9e \u2013 Pelvoux-VallouiseDeze shuttle rijdt zowel in de zomer als in de winter en stelt u in staat om [&hellip;]<\/p>\n","protected":false},"author":9,"featured_media":72624,"parent":45936,"menu_order":0,"comment_status":"closed","ping_status":"closed","template":"","meta":{"_thumbnail_id_2":31260,"summer_excerpt":"","season":"","station":"","footnotes":""},"class_list":["post-48845","page","type-page","status-publish","has-post-thumbnail","hentry"],"yoast_head":"<!-- This site is optimized with the Yoast SEO plugin v27.3 - https:\/\/yoast.com\/product\/yoast-seo-wordpress\/ -->\n<title>In situ - Pays des \u00c9crins - Office de Tourisme<\/title>\n<meta name=\"robots\" content=\"index, follow, max-snippet:-1, max-image-preview:large, max-video-preview:-1\" \/>\n<link rel=\"canonical\" href=\"https:\/\/www.paysdesecrins.com\/nl\/ik-kies\/toegang-en-shuttles\/in-situ\/\" \/>\n<meta property=\"og:locale\" content=\"nl_NL\" \/>\n<meta property=\"og:type\" content=\"article\" \/>\n<meta property=\"og:title\" content=\"In situ - Pays des \u00c9crins - Office de Tourisme\" \/>\n<meta property=\"og:description\" content=\"L&#8217;Argenti\u00e8re-La Bess\u00e9e \u2013 Pelvoux-VallouiseDeze shuttle rijdt zowel in de zomer als in de winter en stelt u in staat om [&hellip;]\" \/>\n<meta property=\"og:url\" content=\"https:\/\/www.paysdesecrins.com\/nl\/ik-kies\/toegang-en-shuttles\/in-situ\/\" \/>\n<meta property=\"og:site_name\" content=\"Pays des \u00c9crins - Office de Tourisme\" \/>\n<meta property=\"article:modified_time\" content=\"2025-11-17T09:03:35+00:00\" \/>\n<meta property=\"og:image\" content=\"https:\/\/www.paysdesecrins.com\/wp-content\/uploads\/2025\/08\/aile1.jpg\" \/>\n\t<meta property=\"og:image:width\" content=\"1200\" \/>\n\t<meta property=\"og:image:height\" content=\"899\" \/>\n\t<meta property=\"og:image:type\" content=\"image\/jpeg\" \/>\n<meta name=\"twitter:card\" content=\"summary_large_image\" \/>\n<meta name=\"twitter:label1\" content=\"Geschatte leestijd\" \/>\n\t<meta name=\"twitter:data1\" content=\"2 minuten\" \/>\n<script type=\"application\/ld+json\" class=\"yoast-schema-graph\">{\"@context\":\"https:\\\/\\\/schema.org\",\"@graph\":[{\"@type\":\"WebPage\",\"@id\":\"https:\\\/\\\/www.paysdesecrins.com\\\/nl\\\/ik-kies\\\/toegang-en-shuttles\\\/in-situ\\\/\",\"url\":\"https:\\\/\\\/www.paysdesecrins.com\\\/nl\\\/ik-kies\\\/toegang-en-shuttles\\\/in-situ\\\/\",\"name\":\"In situ - Pays des \u00c9crins - Office de Tourisme\",\"isPartOf\":{\"@id\":\"https:\\\/\\\/www.paysdesecrins.com\\\/nl\\\/#website\"},\"primaryImageOfPage\":{\"@id\":\"https:\\\/\\\/www.paysdesecrins.com\\\/nl\\\/ik-kies\\\/toegang-en-shuttles\\\/in-situ\\\/#primaryimage\"},\"image\":{\"@id\":\"https:\\\/\\\/www.paysdesecrins.com\\\/nl\\\/ik-kies\\\/toegang-en-shuttles\\\/in-situ\\\/#primaryimage\"},\"thumbnailUrl\":\"https:\\\/\\\/www.paysdesecrins.com\\\/wp-content\\\/uploads\\\/2025\\\/08\\\/aile1.jpg\",\"datePublished\":\"2025-07-29T09:11:10+00:00\",\"dateModified\":\"2025-11-17T09:03:35+00:00\",\"breadcrumb\":{\"@id\":\"https:\\\/\\\/www.paysdesecrins.com\\\/nl\\\/ik-kies\\\/toegang-en-shuttles\\\/in-situ\\\/#breadcrumb\"},\"inLanguage\":\"nl-NL\",\"potentialAction\":[{\"@type\":\"ReadAction\",\"target\":[\"https:\\\/\\\/www.paysdesecrins.com\\\/nl\\\/ik-kies\\\/toegang-en-shuttles\\\/in-situ\\\/\"]}]},{\"@type\":\"ImageObject\",\"inLanguage\":\"nl-NL\",\"@id\":\"https:\\\/\\\/www.paysdesecrins.com\\\/nl\\\/ik-kies\\\/toegang-en-shuttles\\\/in-situ\\\/#primaryimage\",\"url\":\"https:\\\/\\\/www.paysdesecrins.com\\\/wp-content\\\/uploads\\\/2025\\\/08\\\/aile1.jpg\",\"contentUrl\":\"https:\\\/\\\/www.paysdesecrins.com\\\/wp-content\\\/uploads\\\/2025\\\/08\\\/aile1.jpg\",\"width\":1200,\"height\":899},{\"@type\":\"BreadcrumbList\",\"@id\":\"https:\\\/\\\/www.paysdesecrins.com\\\/nl\\\/ik-kies\\\/toegang-en-shuttles\\\/in-situ\\\/#breadcrumb\",\"itemListElement\":[{\"@type\":\"ListItem\",\"position\":1,\"name\":\"Accueil\",\"item\":\"https:\\\/\\\/www.paysdesecrins.com\\\/nl\\\/de-titel-van-het-huis\\\/\"},{\"@type\":\"ListItem\",\"position\":2,\"name\":\"Ik kies\",\"item\":\"https:\\\/\\\/www.paysdesecrins.com\\\/nl\\\/ik-kies\\\/\"},{\"@type\":\"ListItem\",\"position\":3,\"name\":\"Toegang en vervoer\",\"item\":\"https:\\\/\\\/www.paysdesecrins.com\\\/nl\\\/ik-kies\\\/toegang-en-shuttles\\\/\"},{\"@type\":\"ListItem\",\"position\":4,\"name\":\"In situ\"}]},{\"@type\":\"WebSite\",\"@id\":\"https:\\\/\\\/www.paysdesecrins.com\\\/nl\\\/#website\",\"url\":\"https:\\\/\\\/www.paysdesecrins.com\\\/nl\\\/\",\"name\":\"Pays des \u00c9crins - Office de Tourisme\",\"description\":\"L&#039;esprit montagne\",\"publisher\":{\"@id\":\"https:\\\/\\\/www.paysdesecrins.com\\\/nl\\\/#organization\"},\"potentialAction\":[{\"@type\":\"SearchAction\",\"target\":{\"@type\":\"EntryPoint\",\"urlTemplate\":\"https:\\\/\\\/www.paysdesecrins.com\\\/nl\\\/?s={search_term_string}\"},\"query-input\":{\"@type\":\"PropertyValueSpecification\",\"valueRequired\":true,\"valueName\":\"search_term_string\"}}],\"inLanguage\":\"nl-NL\"},{\"@type\":\"Organization\",\"@id\":\"https:\\\/\\\/www.paysdesecrins.com\\\/nl\\\/#organization\",\"name\":\"Pays des \u00c9crins - Office de Tourisme\",\"url\":\"https:\\\/\\\/www.paysdesecrins.com\\\/nl\\\/\",\"logo\":{\"@type\":\"ImageObject\",\"inLanguage\":\"nl-NL\",\"@id\":\"https:\\\/\\\/www.paysdesecrins.com\\\/nl\\\/#\\\/schema\\\/logo\\\/image\\\/\",\"url\":\"https:\\\/\\\/www.paysdesecrins.com\\\/wp-content\\\/uploads\\\/2025\\\/06\\\/devina-svg-1750845694.svg\",\"contentUrl\":\"https:\\\/\\\/www.paysdesecrins.com\\\/wp-content\\\/uploads\\\/2025\\\/06\\\/devina-svg-1750845694.svg\",\"caption\":\"Pays des \u00c9crins - Office de Tourisme\"},\"image\":{\"@id\":\"https:\\\/\\\/www.paysdesecrins.com\\\/nl\\\/#\\\/schema\\\/logo\\\/image\\\/\"}}]}<\/script>\n<!-- \/ Yoast SEO plugin. -->","yoast_head_json":{"title":"In situ - Pays des \u00c9crins - Office de Tourisme","robots":{"index":"index","follow":"follow","max-snippet":"max-snippet:-1","max-image-preview":"max-image-preview:large","max-video-preview":"max-video-preview:-1"},"canonical":"https:\/\/www.paysdesecrins.com\/nl\/ik-kies\/toegang-en-shuttles\/in-situ\/","og_locale":"nl_NL","og_type":"article","og_title":"In situ - Pays des \u00c9crins - Office de Tourisme","og_description":"L&#8217;Argenti\u00e8re-La Bess\u00e9e \u2013 Pelvoux-VallouiseDeze shuttle rijdt zowel in de zomer als in de winter en stelt u in staat om [&hellip;]","og_url":"https:\/\/www.paysdesecrins.com\/nl\/ik-kies\/toegang-en-shuttles\/in-situ\/","og_site_name":"Pays des \u00c9crins - Office de Tourisme","article_modified_time":"2025-11-17T09:03:35+00:00","og_image":[{"width":1200,"height":899,"url":"https:\/\/www.paysdesecrins.com\/wp-content\/uploads\/2025\/08\/aile1.jpg","type":"image\/jpeg"}],"twitter_card":"summary_large_image","twitter_misc":{"Geschatte leestijd":"2 minuten"},"schema":{"@context":"https:\/\/schema.org","@graph":[{"@type":"WebPage","@id":"https:\/\/www.paysdesecrins.com\/nl\/ik-kies\/toegang-en-shuttles\/in-situ\/","url":"https:\/\/www.paysdesecrins.com\/nl\/ik-kies\/toegang-en-shuttles\/in-situ\/","name":"In situ - Pays des \u00c9crins - Office de Tourisme","isPartOf":{"@id":"https:\/\/www.paysdesecrins.com\/nl\/#website"},"primaryImageOfPage":{"@id":"https:\/\/www.paysdesecrins.com\/nl\/ik-kies\/toegang-en-shuttles\/in-situ\/#primaryimage"},"image":{"@id":"https:\/\/www.paysdesecrins.com\/nl\/ik-kies\/toegang-en-shuttles\/in-situ\/#primaryimage"},"thumbnailUrl":"https:\/\/www.paysdesecrins.com\/wp-content\/uploads\/2025\/08\/aile1.jpg","datePublished":"2025-07-29T09:11:10+00:00","dateModified":"2025-11-17T09:03:35+00:00","breadcrumb":{"@id":"https:\/\/www.paysdesecrins.com\/nl\/ik-kies\/toegang-en-shuttles\/in-situ\/#breadcrumb"},"inLanguage":"nl-NL","potentialAction":[{"@type":"ReadAction","target":["https:\/\/www.paysdesecrins.com\/nl\/ik-kies\/toegang-en-shuttles\/in-situ\/"]}]},{"@type":"ImageObject","inLanguage":"nl-NL","@id":"https:\/\/www.paysdesecrins.com\/nl\/ik-kies\/toegang-en-shuttles\/in-situ\/#primaryimage","url":"https:\/\/www.paysdesecrins.com\/wp-content\/uploads\/2025\/08\/aile1.jpg","contentUrl":"https:\/\/www.paysdesecrins.com\/wp-content\/uploads\/2025\/08\/aile1.jpg","width":1200,"height":899},{"@type":"BreadcrumbList","@id":"https:\/\/www.paysdesecrins.com\/nl\/ik-kies\/toegang-en-shuttles\/in-situ\/#breadcrumb","itemListElement":[{"@type":"ListItem","position":1,"name":"Accueil","item":"https:\/\/www.paysdesecrins.com\/nl\/de-titel-van-het-huis\/"},{"@type":"ListItem","position":2,"name":"Ik kies","item":"https:\/\/www.paysdesecrins.com\/nl\/ik-kies\/"},{"@type":"ListItem","position":3,"name":"Toegang en vervoer","item":"https:\/\/www.paysdesecrins.com\/nl\/ik-kies\/toegang-en-shuttles\/"},{"@type":"ListItem","position":4,"name":"In situ"}]},{"@type":"WebSite","@id":"https:\/\/www.paysdesecrins.com\/nl\/#website","url":"https:\/\/www.paysdesecrins.com\/nl\/","name":"Pays des \u00c9crins - Office de Tourisme","description":"L&#039;esprit montagne","publisher":{"@id":"https:\/\/www.paysdesecrins.com\/nl\/#organization"},"potentialAction":[{"@type":"SearchAction","target":{"@type":"EntryPoint","urlTemplate":"https:\/\/www.paysdesecrins.com\/nl\/?s={search_term_string}"},"query-input":{"@type":"PropertyValueSpecification","valueRequired":true,"valueName":"search_term_string"}}],"inLanguage":"nl-NL"},{"@type":"Organization","@id":"https:\/\/www.paysdesecrins.com\/nl\/#organization","name":"Pays des \u00c9crins - Office de Tourisme","url":"https:\/\/www.paysdesecrins.com\/nl\/","logo":{"@type":"ImageObject","inLanguage":"nl-NL","@id":"https:\/\/www.paysdesecrins.com\/nl\/#\/schema\/logo\/image\/","url":"https:\/\/www.paysdesecrins.com\/wp-content\/uploads\/2025\/06\/devina-svg-1750845694.svg","contentUrl":"https:\/\/www.paysdesecrins.com\/wp-content\/uploads\/2025\/06\/devina-svg-1750845694.svg","caption":"Pays des \u00c9crins - Office de Tourisme"},"image":{"@id":"https:\/\/www.paysdesecrins.com\/nl\/#\/schema\/logo\/image\/"}}]}},"_links":{"self":[{"href":"https:\/\/www.paysdesecrins.com\/nl\/wp-json\/wp\/v2\/pages\/48845","targetHints":{"allow":["GET"]}}],"collection":[{"href":"https:\/\/www.paysdesecrins.com\/nl\/wp-json\/wp\/v2\/pages"}],"about":[{"href":"https:\/\/www.paysdesecrins.com\/nl\/wp-json\/wp\/v2\/types\/page"}],"author":[{"embeddable":true,"href":"https:\/\/www.paysdesecrins.com\/nl\/wp-json\/wp\/v2\/users\/9"}],"replies":[{"embeddable":true,"href":"https:\/\/www.paysdesecrins.com\/nl\/wp-json\/wp\/v2\/comments?post=48845"}],"version-history":[{"count":5,"href":"https:\/\/www.paysdesecrins.com\/nl\/wp-json\/wp\/v2\/pages\/48845\/revisions"}],"predecessor-version":[{"id":131552,"href":"https:\/\/www.paysdesecrins.com\/nl\/wp-json\/wp\/v2\/pages\/48845\/revisions\/131552"}],"up":[{"embeddable":true,"href":"https:\/\/www.paysdesecrins.com\/nl\/wp-json\/wp\/v2\/pages\/45936"}],"wp:featuredmedia":[{"embeddable":true,"href":"https:\/\/www.paysdesecrins.com\/nl\/wp-json\/wp\/v2\/media\/72624"}],"wp:attachment":[{"href":"https:\/\/www.paysdesecrins.com\/nl\/wp-json\/wp\/v2\/media?parent=48845"}],"curies":[{"name":"wp","href":"https:\/\/api.w.org\/{rel}","templated":true}]}}